{"id":569,"date":"2026-04-20T14:02:52","date_gmt":"2026-04-20T12:02:52","guid":{"rendered":"https:\/\/ensemble-paroissial-reynies.fr\/?page_id=569"},"modified":"2026-04-20T14:02:56","modified_gmt":"2026-04-20T12:02:56","slug":"funerailles","status":"publish","type":"page","link":"https:\/\/ensemble-paroissial-reynies.fr\/?page_id=569","title":{"rendered":"Fun\u00e9railles"},"content":{"rendered":"\n<p>Vous venez de perdre un proche et vous souhaitez demander \u00e0 l\u2019\u00c9glise un temps de c\u00e9l\u00e9bration et de pri\u00e8re selon le d\u00e9sir de votre d\u00e9funt ou vos convictions personnelles. C\u2019est pourquoi nous pouvons confier votre d\u00e9funt \u00e0 la mis\u00e9ricorde de Dieu, c\u2019est-\u00e0-dire \u00e0 son amour sans limite. Quelque que soit sa vie, son histoire, toute personne humaine est aim\u00e9e de Dieu et a du prix \u00e0 ses yeux, et comme nous le lisons dans l\u2019\u00c9vangile&nbsp;: \u00ab&nbsp;Dans la maison de mon P\u00e8re, il y a de nombreuses demeures&nbsp;\u00bb (<a href=\"https:\/\/www.aelf.org\/bible\/Jn\/14\">Jn 14, 2<\/a>).<\/p>\n\n\n\n<p><strong>Indiquez \u00e0 l&rsquo;op\u00e9rateur fun\u00e9raire<\/strong> (pompes fun\u00e8bres) auquel vous allez vous adresser pour organiser l&rsquo;inhumation ou la cr\u00e9mation, <strong>que vous souhaitez une c\u00e9l\u00e9bration religieuse<\/strong>. Le conseiller fun\u00e9raire prendra directement contact avec le pr\u00eatre ou le diacre. Vous serez ensuite contact\u00e9 par un la\u00efc de l&rsquo;\u00e9quipe fun\u00e9railles de la paroisse pour pr\u00e9parer avec vous la c\u00e9l\u00e9bration. Une rencontre de pr\u00e9paration de la c\u00e9l\u00e9bration d\u2019obs\u00e8ques est toujours propos\u00e9e avec les familles pour la rendre plus personnelle. Lors de cette rencontre, vous pourrez choisir la parole de Dieu qui vous touche, un geste de lumi\u00e8re, des intentions de pri\u00e8re universelle, et r\u00e9fl\u00e9chir aux t\u00e9moignages<\/p>\n\n\n\n<hr class=\"wp-block-separator has-alpha-channel-opacity\"\/>\n\n\n<style>#wplp_widget_2247 .wplp_listposts .wplp-mh-post-card .wplp-mh-post-image a:before {background-color: rgba(65,159,253,0.2);}#wplp_widget_2247 .wplp_listposts .wplp-mh-post-card:hover .wplp-mh-post-image a:before {background-color: transparent;}<\/style><div class=\"wplp_outside wplp_widget_2247\" style=\"max-width:100%;\"><span class=\"wpcu_block_title\">Fun\u00e9railles<\/span><div id=\"wplp_widget_2247\" class=\"wplp_widget_material-horizontal wplp_container vertical material-horizontal pro cols3\" data-theme=\"material-horizontal\" data-post=\"2247\" style=\"\" data-max-elts=\"1\" data-per-page=\"10\"><div class=\"wplp_listposts fy-flex-container fy-flex-gutter-medium js-reveal-container\"><div class=\"postno_1 material-horizontal wplp-mh-post-column wplp-mh-flex-column-100 li-item-id\" data-post=\"1480\"><article id=\"post-1480\" class=\"wplp-mh-post-category wplp-mh-post-card js-reveal wplp-mh-post-side revealed\"><div class=\"wplp-mh-flex-container wplp-mh-flex-container-stretch wplp-mh-flex-gutter-0\"><div class=\"wplp-mh-post-image-column wplp-mh-flex-column-100\">\n                <figure class=\"wplp-mh-post-image\">\n                    <a href=\"https:\/\/ensemble-paroissial-reynies.fr\/?p=1480\"  title=\"Aucune c\u00e9r\u00e9monie de fun\u00e9railles n&rsquo;est pr\u00e9vue dans nos \u00e9glises louons le Seigneur\" class=\"wplp-mh-image-link\" tabindex=\"-1\">\n                        <div class=\"wplp-mh-image wplp-mh-image-responsive wplp-mh-image-landscape\" style=\"background: url('https:\/\/ensemble-paroissial-reynies.fr\/wp-content\/uploads\/images\/icones\/bible_17441978i-150x150.png');\"><\/div>\n                        <div class=\"wplp-mh-loading\"><div class=\"wplp-mh-spinner\"><\/div><\/div>\n                        <span class=\"wplp-mh-hide\">\n                            <span style=\"max-height:3.9em\" class=\"line_limit\">Aucune c\u00e9r\u00e9monie de fun\u00e9railles n&rsquo;est pr\u00e9vue dans nos \u00e9glises louons le Seigneur<\/span>\n                        <\/span>\n                    <\/a>\n                <\/figure>\n            <\/div><div class=\"wplp-mh-post-content-column wplp-mh-flex-column-100\">\n            <div class=\"wplp-mh-post-container\">\n                <header class=\"wplp-mh-post-header\">\n                    <div class=\"wplp-mh-flex-container wplp-mh-flex-container-center wplp-mh-flex-gutter-small\"><div class=\"wplp-mh-flex-column-auto wplp-mh-pd-0\">\n            <div class=\"wplp-mh-post-terms wplp-mh-post-categories\">Fun\u00e9railles<\/div>\n        <\/div>\n                    <\/div><h2 itemprop=\"name headline\">\n                <a href=\"https:\/\/ensemble-paroissial-reynies.fr\/?p=1480\"  title=\"Aucune c\u00e9r\u00e9monie de fun\u00e9railles n&rsquo;est pr\u00e9vue dans nos \u00e9glises louons le Seigneur\" itemprop=\"url\"> <span style=\"max-height:3.9em\" class=\"line_limit\">Aucune c\u00e9r\u00e9monie de fun\u00e9railles n&rsquo;est pr\u00e9vue dans nos \u00e9glises louons le Seigneur<\/span> <\/a>\n            <\/h2>\n                <\/header><div class=\"wplp-mh-post-excerpt\" itemprop=\"description\">\n                <a href=\"https:\/\/ensemble-paroissial-reynies.fr\/?p=1480\"  title=\"Aucune c\u00e9r\u00e9monie de fun\u00e9railles n&rsquo;est pr\u00e9vue dans nos \u00e9glises louons le Seigneur\" itemprop=\"url\"><span style=\"max-height:2.8em\" class=\"line_limit\">Nous n&rsquo;avons ce jour aucune c\u00e9r\u00e9monie de fun\u00e9railles dans l&rsquo;agenda. Remercions le Seigneur et demandons lui de garder notre communaut\u00e9 en paix.<\/span><span style=\"margin-left:3px; max-height:2.8em\" class=\"line_limit\"> [...]<\/span><\/a>\n            <\/div>\n                <footer class=\"wplp-mh-post-footer\">\n                    <div class=\"wplp-mh-flex-container wplp-mh-flex-container-center wplp-mh-flex-gutter-small\">\n                        <div class=\"wplp-mh-flex-column-auto wplp-mh-flex-grow-2 wplp-mh-pd-0\">\n                            <div class=\"wplp-mh-post-meta\">\n                                <ul>\n                                    <li class=\"wplp-mh-post-meta-date\"><a href=\"https:\/\/ensemble-paroissial-reynies.fr\/?p=1480\" >\n                <time class=\"published\" itemprop=\"datePublished\"> 24\/04\/2026 <\/time>\n            <\/a><\/li>\n                                <\/ul>\n                            <\/div>\n                        <\/div>\n                        <div class=\"wplp-mh-flex-column-auto\"><div class=\"wplp-mh-post-button\">\n                <a href=\"https:\/\/ensemble-paroissial-reynies.fr\/?p=1480\"  class=\"wplp-mh-button wplp-mh-button-bordered wplp-mh-button-icon wplp-mh-button-icon-right\"><span>Lire la suite...<\/span> <svg class=\"icon\" width=\"24\" height=\"24\" version=\"1.1\" xmlns=\"http:\/\/www.w3.org\/2000\/svg\" viewBox=\"0 0 24 24\"> <polygon class=\"shape\" points=\"18.5,7.6 17.8,8.3 21.5,12 13,12 13,13 21.5,13 17.8,16.7 18.5,17.4 23.4,12.5\"><\/polygon> <\/svg><\/a>\n            <\/div><\/div>\n                    <\/div>\n                <\/footer>\n            <\/div>\n        <\/div><\/div><\/article><\/div><\/div><\/div><\/div>\n\n\n\n<hr class=\"wp-block-separator has-alpha-channel-opacity\"\/>\n\n\n\n<h2 class=\"wp-block-heading has-text-color has-link-color has-large-font-size wp-elements-c8d2d250f993fdf49fb5ffdddc45f29e\" style=\"color:#ac2a2a\">Les d\u00e9funts de nos paroisses<\/h2>\n\n\n\n<div class=\"wp-block-buttons is-layout-flex wp-block-buttons-is-layout-flex\">\n<div class=\"wp-block-button is-style-outline is-style-outline--1\"><a class=\"wp-block-button__link has-base-3-color has-contrast-2-background-color has-text-color has-background has-link-color wp-element-button\" href=\"https:\/\/ensemble-paroissial-reynies.fr\/?page_id=569\/#funan2026\">Ann\u00e9e 2026<\/a><\/div>\n\n\n\n<div class=\"wp-block-button is-style-outline is-style-outline--2\"><a class=\"wp-block-button__link has-base-3-color has-contrast-2-background-color has-text-color has-background has-link-color wp-element-button\" href=\"https:\/\/ensemble-paroissial-reynies.fr\/?page_id=569\/#funan2025\">Ann\u00e9e 2025<\/a><\/div>\n\n\n\n<div class=\"wp-block-button is-style-outline is-style-outline--3\"><a class=\"wp-block-button__link has-base-3-color has-contrast-2-background-color has-text-color has-background has-link-color wp-element-button\" href=\"https:\/\/ensemble-paroissial-reynies.fr\/?page_id=569\/#funan2024\">Ann\u00e9e 2024<\/a><\/div>\n\n\n\n<div class=\"wp-block-button is-style-outline is-style-outline--4\"><a class=\"wp-block-button__link has-base-3-color has-contrast-2-background-color has-text-color has-background has-link-color wp-element-button\" href=\"https:\/\/ensemble-paroissial-reynies.fr\/?page_id=569\/#funan2023\">Ann\u00e9e 2023<\/a><\/div>\n\n\n\n<div class=\"wp-block-button is-style-outline is-style-outline--5\"><a class=\"wp-block-button__link has-base-3-color has-contrast-2-background-color has-text-color has-background has-link-color wp-element-button\" href=\"https:\/\/ensemble-paroissial-reynies.fr\/?page_id=569\/#funan2022\">Ann\u00e9e 2022<\/a><\/div>\n\n\n\n<div class=\"wp-block-button is-style-outline is-style-outline--6\"><a class=\"wp-block-button__link has-base-3-color has-contrast-2-background-color has-text-color has-background has-link-color wp-element-button\" href=\"https:\/\/ensemble-paroissial-reynies.fr\/?page_id=569\/#funan2021\">Ann\u00e9e 2021<\/a><\/div>\n\n\n\n<div class=\"wp-block-button is-style-outline is-style-outline--7\"><a class=\"wp-block-button__link has-base-3-color has-contrast-2-background-color has-text-color has-background has-link-color wp-element-button\" href=\"https:\/\/ensemble-paroissial-reynies.fr\/?page_id=569\/#funan2020\">Ann\u00e9e 2020<\/a><\/div>\n\n\n\n<div class=\"wp-block-button is-style-outline is-style-outline--8\"><a class=\"wp-block-button__link has-base-3-color has-contrast-2-background-color has-text-color has-background has-link-color wp-element-button\" href=\"https:\/\/ensemble-paroissial-reynies.fr\/?page_id=569\/#funan2019\">Ann\u00e9e 2019<\/a><\/div>\n<\/div>\n\n\n\n<hr class=\"wp-block-separator has-alpha-channel-opacity\"\/>\n\n\n\n<h5 class=\"wp-block-heading has-text-color has-link-color wp-elements-1390bbffbb7c91f4a16936159759aea0\" id=\"funan2026\" style=\"color:#d54141\"><strong>Ann\u00e9e 2026<\/strong><\/h5>\n\n\n\n<hr class=\"wp-block-separator has-alpha-channel-opacity\"\/>\n\n\n\n<h6 class=\"wp-block-heading has-global-color-8-color has-text-color has-link-color wp-elements-14e4addc0a1ecb8deea18e0084c58772\" id=\"semaine-du-30-janvier-au-5-fevrier\"><strong>Semaine du 19 au 25 avril 2026<\/strong><\/h6>\n\n\n\n<p>Vendredi 24 avril en l&rsquo;\u00e9glise de Bressols<br>Fun\u00e9railles de madame Caterina CARDETTI<\/p>\n\n\n\n<p>Mercredi 22 avril en l&rsquo;\u00e9glise de Corbarieu<br>Fun\u00e9railles de madame Jeannine FALBA<\/p>\n\n\n\n<hr class=\"wp-block-separator has-alpha-channel-opacity\"\/>\n\n\n\n<h6 class=\"wp-block-heading has-global-color-8-color has-text-color has-link-color wp-elements-9bd5bca6dcac3d7d274ac9d101cf0889\" id=\"semaine-du-30-janvier-au-5-fevrier\"><strong>Semaine du 12 au 18 avril 2026<\/strong><\/h6>\n\n\n\n<p>Vendredi 17 avril en l&rsquo;\u00e9glise de Orgueil<br>Fun\u00e9railles de monsieur Michel BELTRAMI<\/p>\n\n\n\n<p>Mercredi 15 avril en l&rsquo;\u00e9glise de Bressols<br>Fun\u00e9railles de madame \u00c9liane S\u00c9GU\u00c9LA<\/p>\n\n\n\n<p>Mardi 14 avril en l&rsquo;\u00e9glise de Corbarieu<br>Fun\u00e9railles de monsieur Christian CANTALOUBE<\/p>\n\n\n\n<hr class=\"wp-block-separator has-alpha-channel-opacity\"\/>\n\n\n\n<h6 class=\"wp-block-heading has-global-color-8-color has-text-color has-link-color wp-elements-7e2cda724836bda76aa736da13307d1f\" id=\"semaine-du-30-janvier-au-5-fevrier\"><strong>Semaine du 05 au 11 avril 2026<\/strong><\/h6>\n\n\n\n<p>Vendredi 10 avril en l&rsquo;\u00e9glise de Villebrumier<br>Fun\u00e9railles de madame Denise MORENO<\/p>\n\n\n\n<p>Jeudi 9 avril en l&rsquo;\u00e9glise de Labastide-Saint-Pierre<br>Fun\u00e9railles de madame Denise TOUGNE<\/p>\n\n\n\n<hr class=\"wp-block-separator has-alpha-channel-opacity\"\/>\n\n\n\n<h6 class=\"wp-block-heading has-global-color-8-color has-text-color has-link-color wp-elements-21b301d4b0a62aa0e688f1bb67c08979\" id=\"semaine-du-30-janvier-au-5-fevrier\"><strong>Semaine du 29 mars au 04 avril 2026<\/strong><\/h6>\n\n\n\n<p>Jeudi 2 avril en l&rsquo;\u00e9glise de Bressols<br>Fun\u00e9railles de madame Nathalie LAMANA<\/p>\n\n\n\n<p>Lundi 30 mars en l&rsquo;\u00e9glise de Saint-Nauphary<br>Fun\u00e9railles de monsieur Denis LAGARDE<\/p>\n\n\n\n<hr class=\"wp-block-separator has-alpha-channel-opacity\"\/>\n\n\n\n<h6 class=\"wp-block-heading has-global-color-8-color has-text-color has-link-color wp-elements-7e157ef199e02f30556dec43fe3af2ea\" id=\"semaine-du-30-janvier-au-5-fevrier\"><strong>Semaine du 22 au 28 mars 2026<\/strong><\/h6>\n\n\n\n<p>Vendredi 27 mars en l&rsquo;\u00e9glise d&rsquo;Orgueil<br>Fun\u00e9railles de monsieur Guy BONZOM<\/p>\n\n\n\n<p>Mercredi 25 mars en l&rsquo;\u00e9glise de Villebrumier<br>Fun\u00e9railles de madame Ang\u00e8le RINALDI<\/p>\n\n\n\n<p>Mercredi 25 mars en l&rsquo;\u00e9glise de Labastide-Saint-Pierre<br>Fun\u00e9railles de monsieur Louis CONTRASTIN<\/p>\n\n\n\n<p>Mardi 24 mars en l&rsquo;\u00e9glise de Villebrumier<br>Fun\u00e9railles de madame Marie-Claude CROUZAT suivies de l&rsquo;inhumation au cimeti\u00e8re de Nohic<\/p>\n\n\n\n<hr class=\"wp-block-separator has-alpha-channel-opacity\"\/>\n\n\n\n<h6 class=\"wp-block-heading has-global-color-8-color has-text-color has-link-color wp-elements-d2f6efd40781f3990fbb88dc4c2b102e\" id=\"semaine-du-30-janvier-au-5-fevrier\"><strong>Semaine du 15 au 21 mars 2026<\/strong><\/h6>\n\n\n\n<p>Samedi 21 mars en l&rsquo;\u00e9glise d&rsquo;Orgueil<br>Fun\u00e9railles de monsieur Jean BELLOCQ<\/p>\n\n\n\n<p>Vendredi 20 mars en l&rsquo;\u00e9glise de Saint-Nauphary<br>Fun\u00e9railles de monsieur Francis PECHARMAN<\/p>\n\n\n\n<p>Mardi 17 mars en l&rsquo;\u00e9glise de Corbarieu<br>Fun\u00e9railles de monsieur Pierre JACQUES<\/p>\n\n\n\n<hr class=\"wp-block-separator has-alpha-channel-opacity\"\/>\n\n\n\n<h6 class=\"wp-block-heading has-global-color-8-color has-text-color has-link-color wp-elements-65365d820c39b4bcc8d0b5e58989bfba\" id=\"semaine-du-30-janvier-au-5-fevrier\"><strong>Semaine du 8 au 14 mars 2026<\/strong><\/h6>\n\n\n\n<p>Jeudi 12 mars en l&rsquo;\u00e9glise de Labastide-Saint-Pierre<br>Fun\u00e9railles de madame Brigitte DOUTRELEN<\/p>\n\n\n\n<hr class=\"wp-block-separator has-alpha-channel-opacity\"\/>\n\n\n\n<h6 class=\"wp-block-heading has-global-color-8-color has-text-color has-link-color wp-elements-68924edd799ef61c48e0e9198a13458c\" id=\"semaine-du-30-janvier-au-5-fevrier\"><strong>Semaine du 1er au 7 mars 2026<\/strong><\/h6>\n\n\n\n<p>Jeudi 5 mars en l&rsquo;\u00e9glise de Nohic<br>Fun\u00e9railles de madame Georgette LAFFON<\/p>\n\n\n\n<hr class=\"wp-block-separator has-alpha-channel-opacity\"\/>\n\n\n\n<h6 class=\"wp-block-heading has-global-color-8-color has-text-color has-link-color wp-elements-7efa63f85142fb2418c10f1845adc19b\" id=\"semaine-du-30-janvier-au-5-fevrier\"><strong>Semaine du 22 au 28 f\u00e9vrier 2026<\/strong><\/h6>\n\n\n\n<p>Mercredi 25 f\u00e9vrier en l&rsquo;\u00e9glise de Corbarieu<br>Fun\u00e9railles de madame Victorine BALLARI<\/p>\n\n\n\n<p>Mercredi 24 f\u00e9vrier en l&rsquo;\u00e9glise de Corbarieu<br>Fun\u00e9railles de madame Christiane CHANABE<\/p>\n\n\n\n<hr class=\"wp-block-separator has-alpha-channel-opacity\"\/>\n\n\n\n<h6 class=\"wp-block-heading has-global-color-8-color has-text-color has-link-color wp-elements-860c1eb50939a0a7949122ba65cf7cad\" id=\"semaine-du-30-janvier-au-5-fevrier\"><strong>Semaine du 15 au 21 f\u00e9vrier 2026<\/strong><\/h6>\n\n\n\n<p>Vendredi 20 f\u00e9vrier en l&rsquo;\u00e9glise de Labastide-Saint-Pierre<br>Fun\u00e9railles de monsieur Marc LLORENS<\/p>\n\n\n\n<p>Jeudi 19 f\u00e9vrier f\u00e9vrier en l&rsquo;\u00e9glise de Labastide-Saint-Pierre (inhumation dans le 47)<br>Fun\u00e9railles de madame Alice SALLES<\/p>\n\n\n\n<hr class=\"wp-block-separator has-alpha-channel-opacity\"\/>\n\n\n\n<h6 class=\"wp-block-heading has-global-color-8-color has-text-color has-link-color wp-elements-31bfaa1770ac3177f462bcb1f250eb35\" id=\"semaine-du-30-janvier-au-5-fevrier\"><strong>Semaine du 1er au 7 f\u00e9vrier 2026<\/strong><\/h6>\n\n\n\n<p>Lundi 2 f\u00e9vrier en l&rsquo;\u00e9glise de Bressols<br>Fun\u00e9railles de monsieur Andr\u00e9 MAHIEU<\/p>\n\n\n\n<hr class=\"wp-block-separator has-alpha-channel-opacity\"\/>\n\n\n\n<h6 class=\"wp-block-heading has-global-color-8-color has-text-color has-link-color wp-elements-59cd4788bced251d8207054b387959b4\" id=\"semaine-du-30-janvier-au-5-fevrier\"><strong>Semaine du 25 au 30 janvier 2026<\/strong><\/h6>\n\n\n\n<p>Vendredi 30 janvier en l&rsquo;\u00e9glise de Bressols<br>Fun\u00e9railles de monsieur Joseph Andr\u00e9 LEMOUZY<\/p>\n\n\n\n<p>Vendredi 30 janvier en l&rsquo;\u00e9glise de Nohic<br>Fun\u00e9railles de madame Marie ALONSO<\/p>\n\n\n\n<p>Lundi 26 janvier en l&rsquo;\u00e9glise de Reyni\u00e8s<br>Fun\u00e9railles de Monsieur Andr\u00e9 MONTIEL suivie de l&rsquo;inhumation au cimeti\u00e8re de Villemur-sur-Tarn (31)<\/p>\n\n\n\n<hr class=\"wp-block-separator has-alpha-channel-opacity\"\/>\n\n\n\n<h6 class=\"wp-block-heading has-global-color-8-color has-text-color has-link-color wp-elements-46f792e7da66195c0da1fccb8662c163\" id=\"semaine-du-30-janvier-au-5-fevrier\"><strong>Semaine du 18 au 24 janvier 2026<\/strong><\/h6>\n\n\n\n<p>Samedi 24 janvier &#8211; Maison fun\u00e9raire Farr\u00e9 Desvals<br>B\u00e9n\u00e9diction madame Andr\u00e9e LE BESCOND d&rsquo;Orgueil<\/p>\n\n\n\n<p>Mardi 20 janvier en l&rsquo;\u00e9glise de Labastide-Saint-Pierre<br>Fun\u00e9railles de madame Anunciacio De J\u00e9sus SANTOS<\/p>\n\n\n\n<p>Lundi 19 janvier en l&rsquo;\u00e9glise de Orgueil<br>Fun\u00e9railles de monsieur Ren\u00e9 BARRI\u00c8RE<\/p>\n\n\n\n<hr class=\"wp-block-separator has-alpha-channel-opacity\"\/>\n\n\n\n<h6 class=\"wp-block-heading has-global-color-8-color has-text-color has-link-color wp-elements-0b466f0f93d4cb45336dd2b8023b847b\" id=\"semaine-du-30-janvier-au-5-fevrier\"><strong>Semaine du 11 au 17 janvier 2026<\/strong><\/h6>\n\n\n\n<p>Jeudi 15 janvier en l&rsquo;\u00e9glise de Saint-Nauphary<br>Fun\u00e9railles de madame Marie-Claire BERTRAND<\/p>\n\n\n\n<p>Jeudi 15 janvier en l&rsquo;\u00e9glise de Orgueil<br>Fun\u00e9railles de monsieur Robert GENTA<\/p>\n\n\n\n<hr class=\"wp-block-separator has-alpha-channel-opacity\"\/>\n\n\n\n<h6 class=\"wp-block-heading has-global-color-8-color has-text-color has-link-color wp-elements-3eeb8bab798a864325fa925adbeda7ad\" id=\"semaine-du-30-janvier-au-5-fevrier\"><strong>Semaine du 04 au 10 janvier 2026<\/strong><\/h6>\n\n\n\n<p>Vendredi 9 janvier en l&rsquo;\u00e9glise de Labastide-Saint-Pierre<br>Fun\u00e9railles de madame Marguerite ARMENGOL<\/p>\n\n\n\n<p>Jeudi 8 janvier en l&rsquo;\u00e9glise de Bressols<br>Fun\u00e9railles de monsieur Andr\u00e9 FRAYSSE<\/p>\n\n\n\n<p>Mercredi 7 janvier en l&rsquo;\u00e9glise de Bressols<br>Fun\u00e9railles de monsieur Serge BERTA\u00cfNA<\/p>\n\n\n\n<hr class=\"wp-block-separator has-alpha-channel-opacity\"\/>\n\n\n\n<h5 class=\"wp-block-heading has-text-color has-link-color wp-elements-dd36b0c100fa3055ea3c5d04e46e8122\" id=\"funan2025\" style=\"color:#d54141\"><strong>Ann\u00e9e 2025<\/strong><\/h5>\n\n\n\n<hr class=\"wp-block-separator has-alpha-channel-opacity\"\/>\n\n\n\n<h6 class=\"wp-block-heading has-global-color-8-color has-text-color has-link-color wp-elements-3b45d71d6fbcab36d8184ac971d8c3ad\" id=\"semaine-du-30-janvier-au-5-fevrier\"><strong>Semaine du 21 au 27 d\u00e9cembre<\/strong><\/h6>\n\n\n\n<p>Samedi 27 d\u00e9cembre en l&rsquo;\u00e9glise de Reyni\u00e8s<br>Fun\u00e9railles de Madame Anne Marie De SEGUIN De REYNI\u00c8S<\/p>\n\n\n\n<p>Mercredi 24 d\u00e9cembre en l&rsquo;\u00e9glise de Saint-Nauphary<br>Fun\u00e9railles de madame Martine MARIE<\/p>\n\n\n\n<p>Mardi 23 d\u00e9cembre en l&rsquo;\u00e9glise de Labastide-Saint-Pierre<br>Fun\u00e9railles de madame Gabri\u00e8le GRACZYK<\/p>\n\n\n\n<p>Mardi 23 d\u00e9cembre en l&rsquo;\u00e9glise de Bressols<br>Fun\u00e9railles de monsieur Abel REYNES<\/p>\n\n\n\n<hr class=\"wp-block-separator has-alpha-channel-opacity\"\/>\n\n\n\n<h6 class=\"wp-block-heading has-global-color-8-color has-text-color has-link-color wp-elements-7505f4cf95a28bf7b79fb1a25f0af041\" id=\"semaine-du-30-janvier-au-5-fevrier\"><strong>Semaine du 14 au 20 d\u00e9cembre<\/strong><\/h6>\n\n\n\n<p>Jeudi 18 d\u00e9cembre en l&rsquo;\u00e9glise de Bressols<br>Fun\u00e9railles de monsieur Jean DONADIO<\/p>\n\n\n\n<hr class=\"wp-block-separator has-alpha-channel-opacity\"\/>\n\n\n\n<h6 class=\"wp-block-heading has-global-color-8-color has-text-color has-link-color wp-elements-53e6dc07c59b431554aa729235543d54\" id=\"semaine-du-30-janvier-au-5-fevrier\"><strong>Semaine du 7 au 13 d\u00e9cembre<\/strong><\/h6>\n\n\n\n<p>Mardi 9 d\u00e9cembre en l&rsquo;\u00e9glise de Villebrumier<br>Fun\u00e9railles de monsieur Alain BARTHELEMY<\/p>\n\n\n\n<hr class=\"wp-block-separator has-alpha-channel-opacity\"\/>\n\n\n\n<h6 class=\"wp-block-heading has-global-color-8-color has-text-color has-link-color wp-elements-d6f62e719f497d76f36620d5ea4f8d32\" id=\"semaine-du-30-janvier-au-5-fevrier\"><strong>Semaine du 30 novembre au 6 d\u00e9cembre<\/strong><\/h6>\n\n\n\n<p>Lundi 1er d\u00e9cembre en l&rsquo;\u00e9glise de Bressols<br>Fun\u00e9railles de monsieur Claude GIAMPORCARO<\/p>\n\n\n\n<hr class=\"wp-block-separator has-alpha-channel-opacity\"\/>\n\n\n\n<h6 class=\"wp-block-heading has-global-color-8-color has-text-color has-link-color wp-elements-0cbf2ff456875f3badb05743d9eeda51\" id=\"semaine-du-30-janvier-au-5-fevrier\"><strong>Semaine du 23 au 29 novembre<\/strong><\/h6>\n\n\n\n<p>Vendredi 28 novembre en l&rsquo;\u00e9glise de Villebrumier<br>Fun\u00e9railles de monsieur Guy VERHNES<\/p>\n\n\n\n<p>Vendredi 28 novembre en l&rsquo;\u00e9glise de Saint-Nauphary<br>Fun\u00e9railles de madame Claudine SANTOS<\/p>\n\n\n\n<p>Mercredi 26 novembre en l&rsquo;\u00e9glise de Villebrumier<br>Fun\u00e9railles de monsieur Raymond ABEILHOU<\/p>\n\n\n\n<hr class=\"wp-block-separator has-alpha-channel-opacity\"\/>\n\n\n\n<h6 class=\"wp-block-heading has-global-color-8-color has-text-color has-link-color wp-elements-7b727337f6cb88ebefae8b656147e4d4\" id=\"semaine-du-30-janvier-au-5-fevrier\"><strong>Semaine du 16 au 22 novembre<\/strong><\/h6>\n\n\n\n<p>Vendredi 21 novembre en l&rsquo;\u00e9glise de Saint-Nauphary<br>Fun\u00e9railles de monsieur Raymond ROUSSEIL<\/p>\n\n\n\n<p>Mercredi 19 novembre en l&rsquo;\u00e9glise de Labastide-Saint-Pierre<br>Fun\u00e9railles de madame Chantal DUSSON suivie de l&rsquo;inhumation au cimeti\u00e8re de la commune<\/p>\n\n\n\n<p>Mardi 18 novembre en l&rsquo;\u00e9glise de Labastide-Saint-Pierre<br>fun\u00e9railles de monsieur Bernard VIGNOLLES suivie de l&rsquo;inhumation dans le cimeti\u00e8re de la commune<\/p>\n\n\n\n<hr class=\"wp-block-separator has-alpha-channel-opacity\"\/>\n\n\n\n<h6 class=\"wp-block-heading has-global-color-8-color has-text-color has-link-color wp-elements-618dcd844ac0a0f5d8f6bbcc700d7339\" id=\"semaine-du-30-janvier-au-5-fevrier\"><strong>Semaine du 9 au 15 novembre<\/strong><\/h6>\n\n\n\n<p>Jeudi 13 novembre en l&rsquo;\u00e9glise de Orgueil<br>fun\u00e9railles de monsieur Ren\u00e9 BOUZIGUES<\/p>\n\n\n\n<p>Mercredi 12 novembre en l&rsquo;\u00e9glise de Bressols<br>fun\u00e9railles de madame Marie Th\u00e9r\u00e8se PICHON<\/p>\n\n\n\n<hr class=\"wp-block-separator has-alpha-channel-opacity\"\/>\n\n\n\n<h6 class=\"wp-block-heading has-global-color-8-color has-text-color has-link-color wp-elements-bc9954b900e57e58b527b0ffcb7d080e\" id=\"semaine-du-30-janvier-au-5-fevrier\"><strong>Semaine du 2 au 8 novembre<\/strong><\/h6>\n\n\n\n<p>Vendredi 7 novembre en l&rsquo;\u00e9glise de Reyni\u00e8s<br>fun\u00e9railles de Monsieur Marian LIWARA suivies de l&rsquo;inhumation au cimeti\u00e8re de la commune<\/p>\n\n\n\n<p>Mercredi 5 novembre en l&rsquo;\u00e9glise de Labastide-Saint-Pierre<br>Fun\u00e9railles de madame Rosario GARCIA<\/p>\n\n\n\n<p>Mardi 4 novembre en l&rsquo;\u00e9glise de Villebrumier<br>Fun\u00e9railles de madame Ginette SAHUC suivie de l&rsquo;inhumation au cimeti\u00e8re de la commune<\/p>\n\n\n\n<hr class=\"wp-block-separator has-alpha-channel-opacity\"\/>\n\n\n\n<h6 class=\"wp-block-heading has-global-color-8-color has-text-color has-link-color wp-elements-f753999a11782d6eae61ead38d8b691d\" id=\"semaine-du-30-janvier-au-5-fevrier\"><strong>Semaine du 19 au 26 octobre<\/strong><\/h6>\n\n\n\n<p>Mercredi 22 octobre au cimeti\u00e8re de Moulis<br>Accueil et inhumation de madame Josiane BOUTEILLE<\/p>\n\n\n\n<p>Lundi 20 octobre en l&rsquo;\u00e9glise de Saint-Nauphary<br>Fun\u00e9railles de madame Josette DURAND<\/p>\n\n\n\n<hr class=\"wp-block-separator has-alpha-channel-opacity\"\/>\n\n\n\n<h6 class=\"wp-block-heading has-global-color-8-color has-text-color has-link-color wp-elements-93df72a93e5a99a2861396c52ad9e825\" id=\"semaine-du-30-janvier-au-5-fevrier\"><strong>Semaine du 12 au 18 octobre<\/strong><\/h6>\n\n\n\n<p>Vendredi 17 octobre en l&rsquo;\u00e9glise de Labastide-Saint-Pierre<br>Fun\u00e9railles de madame Lucienne BEND\u00c8GES suivies de l&rsquo;inhumation au cimeti\u00e8re de la commune<\/p>\n\n\n\n<p>Jeudi 16 octobre en l&rsquo;\u00e9glise de Saint-Nauphary<br>Fun\u00e9railles de madame Ghislaine RIGOIS suivies de l&rsquo;inhumation au cimeti\u00e8re de la commune<\/p>\n\n\n\n<hr class=\"wp-block-separator has-alpha-channel-opacity\"\/>\n\n\n\n<h6 class=\"wp-block-heading has-global-color-8-color has-text-color has-link-color wp-elements-89d0ec98a04b1e25cb48bf96e90333d4\" id=\"semaine-du-30-janvier-au-5-fevrier\"><strong>Semaine du 5 au 11 octobre<\/strong><\/h6>\n\n\n\n<p>Vendredi 10 octobre en l&rsquo;\u00e9glise de Labastide-Saint-Pierre<br>Fun\u00e9railles de monsieur Jason LENESTOUR<\/p>\n\n\n\n<p>Mercredi 8 octobre en l&rsquo;\u00e9glise de Reyni\u00e8s<br>Fun\u00e9railles de Madame Jacqueline ABEILHOU suivies de l&rsquo;inhumation au cimeti\u00e8re de la commune<\/p>\n\n\n\n<p>Lundi 6 octobre en l&rsquo;\u00e9glise de Labastide-Saint-Pierre<br>Fun\u00e9railles de monsieur Bernard MUSTEL suivies de l&rsquo;inhumation au cimeti\u00e8re de la commune<\/p>\n\n\n\n<hr class=\"wp-block-separator has-alpha-channel-opacity\"\/>\n\n\n\n<h6 class=\"wp-block-heading has-global-color-8-color has-text-color has-link-color wp-elements-ef7e4de5d876d7173c180a90566b372a\" id=\"semaine-du-30-janvier-au-5-fevrier\"><strong>Semaine du 28 septembre au 4 octobre<\/strong><\/h6>\n\n\n\n<p>Jeudi 2 octobre en l&rsquo;\u00e9glise de Bressols<br>Fun\u00e9railles de madame Marie-Rose VIVALDA<\/p>\n\n\n\n<p>Lundi 29 septembre en l&rsquo;\u00e9glise de Charros<br>Fun\u00e9railles de madame \u00c9liane TOURIOL<\/p>\n\n\n\n<hr class=\"wp-block-separator has-alpha-channel-opacity\"\/>\n\n\n\n<h6 class=\"wp-block-heading has-global-color-8-color has-text-color has-link-color wp-elements-154638bf245e786f6dae31f1603faf7e\" id=\"semaine-du-30-janvier-au-5-fevrier\"><strong>Semaine du 21 au 27 septembre<\/strong><\/h6>\n\n\n\n<p>Vendredi 26 septembre en l&rsquo;\u00e9glise de Labastide-Saint-Pierre<br>Fun\u00e9railles de monsieur Christian BARTHE<\/p>\n\n\n\n<hr class=\"wp-block-separator has-alpha-channel-opacity\"\/>\n\n\n\n<h6 class=\"wp-block-heading has-global-color-8-color has-text-color has-link-color wp-elements-a54a5d161cf9adc223d7d3df3b47e567\" id=\"semaine-du-30-janvier-au-5-fevrier\"><strong>Semaine du 14 au 20 septembre<\/strong><\/h6>\n\n\n\n<p>Lundi 15 septembre en l&rsquo;\u00e9glise de Labastide-Saint-Pierre<br>Fun\u00e9railles de madame Dani\u00e8le MALBREIL suivies de l&rsquo;inhumation dans le cimeti\u00e8re de la commune<\/p>\n\n\n\n<hr class=\"wp-block-separator has-alpha-channel-opacity\"\/>\n\n\n\n<h6 class=\"wp-block-heading has-global-color-8-color has-text-color has-link-color wp-elements-543eae4cd26b883a5a3aaa9107016871\" id=\"semaine-du-30-janvier-au-5-fevrier\"><strong>Semaine du 24 au 30 ao\u00fbt<\/strong><\/h6>\n\n\n\n<p>Jeudi 28 ao\u00fbt en l&rsquo;\u00e9glise de Nohic<br>fun\u00e9railles de madame Fulvia PENDARIES<\/p>\n\n\n\n<hr class=\"wp-block-separator has-alpha-channel-opacity\"\/>\n\n\n\n<h6 class=\"wp-block-heading has-global-color-8-color has-text-color has-link-color wp-elements-9f07d80c2ebe10ae56cbe10a548eba60\" id=\"semaine-du-30-janvier-au-5-fevrier\"><strong>Semaine du 17 au 23 ao\u00fbt<\/strong><\/h6>\n\n\n\n<p>Vendredi 22 ao\u00fbt en l&rsquo;\u00e9glise de Saint-Nauphary<br>fun\u00e9railles de madame Monique NONORGUES suivies de l&rsquo;inhumation au cimeti\u00e8re de la commune<\/p>\n\n\n\n<p>Mercredi 20 ao\u00fbt en l&rsquo;\u00e9glise de Reyni\u00e8s<br>fun\u00e9railles de Madame Georgette DE MARI suivie de l&rsquo;inhumation au cimeti\u00e8re de la commune<\/p>\n\n\n\n<hr class=\"wp-block-separator has-alpha-channel-opacity\"\/>\n\n\n\n<h6 class=\"wp-block-heading has-global-color-8-color has-text-color has-link-color wp-elements-776bbc1a84e1b9f0757949ae352aeee4\" id=\"semaine-du-30-janvier-au-5-fevrier\"><strong>Semaine du 27 juillet au 2 ao\u00fbt<\/strong><\/h6>\n\n\n\n<p>Mardi 29 juillet en l&rsquo;\u00e9glise de Reyni\u00e8s<br>Fun\u00e9railles de Madame Mich\u00e8le LESCURE<\/p>\n\n\n\n<hr class=\"wp-block-separator has-alpha-channel-opacity\"\/>\n\n\n\n<h6 class=\"wp-block-heading has-global-color-8-color has-text-color has-link-color wp-elements-f8ed856e7b01157586d20edac5169c01\" id=\"semaine-du-30-janvier-au-5-fevrier\"><strong>Semaine du 20 au 26 juillet<\/strong><\/h6>\n\n\n\n<p>Mercredi 23 juillet en l&rsquo;\u00e9glise de Labastide-Saint-Pierre<br>Fun\u00e9railles de madame GARCES suivies de l&rsquo;inhumation dans le cimeti\u00e8re de la commune<\/p>\n\n\n\n<p>Mardi 22 juillet en l&rsquo;\u00e9glise de Reyni\u00e8s<br>Fun\u00e9railles de Monsieur Gilbert ALAUZET suivies de l&rsquo;inhumation au cimeti\u00e8re de la commune<\/p>\n\n\n\n<hr class=\"wp-block-separator has-alpha-channel-opacity\"\/>\n\n\n\n<h6 class=\"wp-block-heading has-global-color-8-color has-text-color has-link-color wp-elements-6e3d7f0dbea815de8789b7067e6ea575\" id=\"semaine-du-30-janvier-au-5-fevrier\"><strong>Semaine du 13 au 19 juillet<\/strong><\/h6>\n\n\n\n<p>Vendredi 18 juillet en l&rsquo;\u00e9glise de Labastide-Saint-Pierre<br>Fun\u00e9railles de madame Jeannine FAURY suivies de l&rsquo;inhumation dans le cimeti\u00e8re de la commune<\/p>\n\n\n\n<hr class=\"wp-block-separator has-alpha-channel-opacity\"\/>\n\n\n\n<h6 class=\"wp-block-heading has-global-color-8-color has-text-color has-link-color wp-elements-793200edb5e2206dcae13d395e677ab6\" id=\"semaine-du-30-janvier-au-5-fevrier\"><strong>Semaine du 6 au 12 juillet<\/strong><\/h6>\n\n\n\n<p>Jeudi 10 juillet en l&rsquo;\u00e9glise de Orgueil<br>Fun\u00e9railles de madame Gis\u00e8le DELON suivies de l&rsquo;inhumation au cimeti\u00e8re de Nohic<\/p>\n\n\n\n<hr class=\"wp-block-separator has-alpha-channel-opacity\"\/>\n\n\n\n<h6 class=\"wp-block-heading has-global-color-8-color has-text-color has-link-color wp-elements-050686fcb13fa426a8babc30eaa1dff8\" id=\"semaine-du-30-janvier-au-5-fevrier\"><strong>Semaine du 29 juin au 5 juillet<\/strong><\/h6>\n\n\n\n<p>Vendredi 4 juillet en l&rsquo;\u00e9glise de Bressols<br>Fun\u00e9railles de madame Odile LASAGNA<\/p>\n\n\n\n<p>Mardi 1er juillet en l&rsquo;\u00e9glise de Corbarieu<br>Fun\u00e9railles de monsieur Henri BONOTTO<\/p>\n\n\n\n<hr class=\"wp-block-separator has-alpha-channel-opacity\"\/>\n\n\n\n<h6 class=\"wp-block-heading has-global-color-8-color has-text-color has-link-color wp-elements-ecc6b743abebd4663e1394db242acb96\" id=\"semaine-du-30-janvier-au-5-fevrier\"><strong>Semaine du 22 au 28 juin<\/strong><\/h6>\n\n\n\n<p>Mardi 24 juin en l&rsquo;\u00e9glise de Bressols<br>Fun\u00e9railles de madame Odette DAURES<\/p>\n\n\n\n<hr class=\"wp-block-separator has-alpha-channel-opacity\"\/>\n\n\n\n<h6 class=\"wp-block-heading has-global-color-8-color has-text-color has-link-color wp-elements-cf5431cb146a073347c1bbc6e2c469b2\" id=\"semaine-du-30-janvier-au-5-fevrier\"><strong>Semaine du 15 au 21 juin<\/strong><\/h6>\n\n\n\n<p>Samedi 21 juin en l&rsquo;\u00e9glise de Saint-Nauphary<br>Fun\u00e9railles de Fun\u00e9railles de monsieur Francis TUFFAL<\/p>\n\n\n\n<p>Jeudi 19 juin en l&rsquo;\u00e9glise de Labastide-Saint-Pierre<br>Fun\u00e9railles de madame Irma VIVIER suivies de l&rsquo;inhumation au cimeti\u00e8re de la commune de Nohic<\/p>\n\n\n\n<p>Lundi 16 juin en l&rsquo;\u00e9glise de Orgueil<br>Fun\u00e9railles de madame Marie Th\u00e9r\u00e8se GHELLER suivies de l&rsquo;inhumation au cimeti\u00e8re de la commune<\/p>\n\n\n\n<hr class=\"wp-block-separator has-alpha-channel-opacity\"\/>\n\n\n\n<h6 class=\"wp-block-heading has-global-color-8-color has-text-color has-link-color wp-elements-24a9f34ac2fcb0dd8287b6fe9e47d5a3\" id=\"semaine-du-30-janvier-au-5-fevrier\"><strong>Semaine du <\/strong>8 au 14 juin<\/h6>\n\n\n\n<p>Mardi 10 juin en l&rsquo;\u00e9glise de Villebrumier<br>Fun\u00e9railles de madame Rosalie BREGAL suivies de l&rsquo;inhumation au cimeti\u00e8re de la commune<\/p>\n\n\n\n<hr class=\"wp-block-separator has-alpha-channel-opacity\"\/>\n\n\n\n<h6 class=\"wp-block-heading has-global-color-8-color has-text-color has-link-color wp-elements-e574d32d997967625aea521c32088647\" id=\"semaine-du-30-janvier-au-5-fevrier\"><strong>Semaine du <\/strong>15 au 31 mai<\/h6>\n\n\n\n<p>Samedi 31 mai en l&rsquo;\u00e9glise de Saint-Nauphary<br>Fun\u00e9railles de monsieur Pascal BASELGA<\/p>\n\n\n\n<p>Lundi 26 mai en l&rsquo;\u00e9glise de Reyni\u00e8s<br>Fun\u00e9railles de madame Marie Madeleine TR\u00c9GAN suivies de l&rsquo;inhumation au cimeti\u00e8re de Nohic<\/p>\n\n\n\n<hr class=\"wp-block-separator has-alpha-channel-opacity\"\/>\n\n\n\n<h6 class=\"wp-block-heading has-global-color-8-color has-text-color has-link-color wp-elements-da3155a958e23cfffe5332d344343ef5\" id=\"semaine-du-30-janvier-au-5-fevrier\"><strong>Semaine du <\/strong>18 au 24 mai<\/h6>\n\n\n\n<p>Vendredi 23 mai en l&rsquo;\u00e9glise de Labastide-Saint-Pierre<br>Fun\u00e9railles de madame Jeanne BONNEFON suivies de l&rsquo;inhumation dans le cimeti\u00e8re de la commune<\/p>\n\n\n\n<p>Lundi 19 mai en l&rsquo;\u00e9glise de Saint-Nauphary<br>Fun\u00e9railles de monsieur Jean-Pierre DESVALS<\/p>\n\n\n\n<hr class=\"wp-block-separator has-alpha-channel-opacity\"\/>\n\n\n\n<h6 class=\"wp-block-heading has-global-color-8-color has-text-color has-link-color wp-elements-dff796829529558b68ff0d5d38f3ed7c\" id=\"semaine-du-30-janvier-au-5-fevrier\"><strong>Semaine du <\/strong>11 au 17 mai<\/h6>\n\n\n\n<p>Mardi 13 mai en l&rsquo;\u00e9glise de Orgueil (pour Nohic)<br>Fun\u00e9railles de madame Marie Madeleine TOKARCZYK<\/p>\n\n\n\n<hr class=\"wp-block-separator has-alpha-channel-opacity\"\/>\n\n\n\n<h6 class=\"wp-block-heading has-global-color-8-color has-text-color has-link-color wp-elements-bf22735cac56610763bb6e8bc128b9ee\" id=\"semaine-du-30-janvier-au-5-fevrier\"><strong>Semaine du <\/strong>4 au 10 mai<\/h6>\n\n\n\n<p>Vendredi 9 mai en l&rsquo;\u00e9glise de Labastide-Saint-Pierre<br>Fun\u00e9railles de madame Colette PEZ\u00c9<\/p>\n\n\n\n<p>Mercredi 7 mai en l&rsquo;\u00e9glise de Orgueil suivies de l&rsquo;inhumation au cimeti\u00e8re de Nohic<br>Fun\u00e9railles de madame Laure JUBERT<\/p>\n\n\n\n<hr class=\"wp-block-separator has-alpha-channel-opacity\"\/>\n\n\n\n<h6 class=\"wp-block-heading has-global-color-8-color has-text-color has-link-color wp-elements-97c9f6433dd4ac42831d9b2346513c94\" id=\"semaine-du-30-janvier-au-5-fevrier\"><strong>Semaine du <\/strong>20 au 27 avril<\/h6>\n\n\n\n<p>Mardi 22 avril en l&rsquo;\u00e9glise de Corbarieu<br>Fun\u00e9railles de madame Vincenta NAVARRO<\/p>\n\n\n\n<hr class=\"wp-block-separator has-alpha-channel-opacity\"\/>\n\n\n\n<h6 class=\"wp-block-heading has-global-color-8-color has-text-color has-link-color wp-elements-b60e9bb72acfbf94e9c96ed71fbe071e\" id=\"semaine-du-30-janvier-au-5-fevrier\"><strong>Semaine du <\/strong>13 au 19 avril<\/h6>\n\n\n\n<p>Jeudi 17 avril en l&rsquo;\u00e9glise de Labastide-Saint-Pierre<br>Fun\u00e9railles de monsieur Jean Claude DURAND suivies de l&rsquo;inhumation au cimeti\u00e8re de la commune<\/p>\n\n\n\n<hr class=\"wp-block-separator has-alpha-channel-opacity\"\/>\n\n\n\n<h6 class=\"wp-block-heading has-global-color-8-color has-text-color has-link-color wp-elements-aeabcdb82206022355b702cb83973819\" id=\"semaine-du-30-janvier-au-5-fevrier\"><strong>Semaine du <\/strong>6 au 12 avril<\/h6>\n\n\n\n<p>Vendredi 11 avril en l&rsquo;\u00e9glise de Villebrumier<br>Fun\u00e9railles de monsieur Michel BRUGNARA suivies de l&rsquo;inhumation au cimeti\u00e8re de la commune<\/p>\n\n\n\n<hr class=\"wp-block-separator has-alpha-channel-opacity\"\/>\n\n\n\n<h6 class=\"wp-block-heading has-global-color-8-color has-text-color has-link-color wp-elements-4b0b69679700e3afda912d31f9e7be84\" id=\"semaine-du-30-janvier-au-5-fevrier\"><strong>Semaine du 30 mars<\/strong> au 5 avril<\/h6>\n\n\n\n<p>Jeudi 3 avril en l&rsquo;\u00e9glise de Brial<br>Fun\u00e9railles de madame Lucie ONNO<\/p>\n\n\n\n<hr class=\"wp-block-separator has-alpha-channel-opacity\"\/>\n\n\n\n<h6 class=\"wp-block-heading has-global-color-8-color has-text-color has-link-color wp-elements-1fd235042f7cff96c22d2bca378c560b\" id=\"semaine-du-30-janvier-au-5-fevrier\"><strong>Semaine du 16 au 22 mars<\/strong><\/h6>\n\n\n\n<p>Vendredi 21 mars en l&rsquo;\u00e9glise de Bressols<br>Fun\u00e9railles de madame Jocelyne CHARTIER<\/p>\n\n\n\n<p>Jeudi 20 mars en l&rsquo;\u00e9glise de Corbarieu<br>Fun\u00e9railles de madame Christine FRAUCIEL<\/p>\n\n\n\n<p>Mercredi 19 mars en l&rsquo;\u00e9glise de Reyni\u00e8s<br>Fun\u00e9railles de madame Francine VERDELLET suivies de l&rsquo;inhumation au cimeti\u00e8re de Moulis<\/p>\n\n\n\n<p>Mardi 18 mars en l&rsquo;\u00e9glise de Labastide-Saint-Pierre<br>Fun\u00e9railles de madame Marie DALCERRI suivies de l&rsquo;inhumation au cimeti\u00e8re de Terre Cabade \u00e0 Toulouse (31)<\/p>\n\n\n\n<hr class=\"wp-block-separator has-alpha-channel-opacity\"\/>\n\n\n\n<h6 class=\"wp-block-heading has-global-color-8-color has-text-color has-link-color wp-elements-2a11058ffdae46b0c7f5543f554c6ae8\" id=\"semaine-du-30-janvier-au-5-fevrier\"><strong>Semaine du 9 au 15 mars<\/strong><\/h6>\n\n\n\n<p>Vendredi 14 mars en l&rsquo;\u00e9glise de Saint-Nauphary<br>Fun\u00e9railles de monsieur Jean-Claude LACASSIN<\/p>\n\n\n\n<p>Vendredi 14 mars en l&rsquo;\u00e9glise de Bressols<br>Fun\u00e9railles de madame Josette SABATI\u00c9 suivies de l&rsquo;inhumation au nouveau cimeti\u00e8re<\/p>\n\n\n\n<p>Mercredi 12 mars en l&rsquo;\u00e9glise de Reyni\u00e8s<br>Fun\u00e9railles de monsieur Roger VERDELLET suivies de l&rsquo;inhumation au cimeti\u00e8re de Moulis<\/p>\n\n\n\n<p>Mercredi 12 mars en l&rsquo;\u00e9glise de Reyni\u00e8s<br>Fun\u00e9railles de Fun\u00e9railles de monsieur Claude BAZEAU (paroisse de Villebrumier)<\/p>\n\n\n\n<p>Mardi 11 mars en l&rsquo;\u00e9glise de Villebrumier<br>Fun\u00e9railles de madame Gis\u00e8le LAVAL<\/p>\n\n\n\n<hr class=\"wp-block-separator has-alpha-channel-opacity\"\/>\n\n\n\n<h6 class=\"wp-block-heading has-global-color-8-color has-text-color has-link-color wp-elements-e96327a65b53aa053515c5211feffe96\" id=\"semaine-du-30-janvier-au-5-fevrier\"><strong>Semaine du 2 au  8 mars<\/strong><\/h6>\n\n\n\n<p>Jeudi 6 mars en l&rsquo;\u00e9glise de Labastide-Saint-Pierre<br>Fun\u00e9railles de madame Simone PAILHOUS<\/p>\n\n\n\n<hr class=\"wp-block-separator has-alpha-channel-opacity\"\/>\n\n\n\n<h6 class=\"wp-block-heading has-global-color-8-color has-text-color has-link-color wp-elements-f963a1679d4abd0372f030ca7a95a92a\" id=\"semaine-du-30-janvier-au-5-fevrier\"><strong>Semaine du 23 f\u00e9vrier au  1er mars<\/strong><\/h6>\n\n\n\n<p>Samedi 1er mars en l&rsquo;\u00e9glise de Saint-Nauphary<br>Fun\u00e9railles de madame Andr\u00e9e PAUL<\/p>\n\n\n\n<p>Mercredi 26 f\u00e9vrier en l&rsquo;\u00e9glise de Labastide-Saint-Pierre<br>Fun\u00e9railles de madame Fran\u00e7oise BOUMOUTOFF<\/p>\n\n\n\n<p>Mardi 25 f\u00e9vrier en l&rsquo;\u00e9glise de Orgueil<br>Fun\u00e9railles de monsieur Jean-Louis MALFR\u00c9<\/p>\n\n\n\n<hr class=\"wp-block-separator has-alpha-channel-opacity\"\/>\n\n\n\n<h6 class=\"wp-block-heading has-global-color-8-color has-text-color has-link-color wp-elements-292b3db866b81b9cfdf9ef5602550f10\" id=\"semaine-du-30-janvier-au-5-fevrier\"><strong>Semaine du 16 au  22 f\u00e9vrier 2025<\/strong><\/h6>\n\n\n\n<p>Mercredi 19 f\u00e9vrier en l&rsquo;\u00e9glise de Bressols<br>Fun\u00e9railles de monsieur Jos\u00e9 POUJET<\/p>\n\n\n\n<hr class=\"wp-block-separator has-alpha-channel-opacity\"\/>\n\n\n\n<h6 class=\"wp-block-heading has-global-color-8-color has-text-color has-link-color wp-elements-9d48460f88685b8b16d7a321f8e1969d\" id=\"semaine-du-30-janvier-au-5-fevrier\"><strong>Semaine du 9 au  15 f\u00e9vrier 2025<\/strong><\/h6>\n\n\n\n<p>Samedi 15 f\u00e9vrier en l&rsquo;\u00e9glise de Labastide-Saint-Pierre<br>Fun\u00e9railles de monsieur Paul LE FUR suivies de l&rsquo;inhumation au cimeti\u00e8re de Nohic<\/p>\n\n\n\n<p>Jeudi 13 f\u00e9vrier en l&rsquo;\u00e9glise de Charros<br>Fun\u00e9railles de monsieur Jean-Claude BRINGER<\/p>\n\n\n\n<p>Mercredi 12 f\u00e9vrier en l&rsquo;\u00e9glise de Labastide-Saint-Pierre<br>Fun\u00e9railles de monsieur Didier PAYOUX<\/p>\n\n\n\n<p>Mardi 11 f\u00e9vrier en l&rsquo;\u00e9glise de Corbarieu<br>Fun\u00e9railles de madame Danielle SIGRIST<\/p>\n\n\n\n<hr class=\"wp-block-separator has-alpha-channel-opacity\"\/>\n\n\n\n<h6 class=\"wp-block-heading has-global-color-8-color has-text-color has-link-color wp-elements-9d3941f8c3f08f066a7a2587e3609e0a\" id=\"semaine-du-30-janvier-au-5-fevrier\"><strong>Semaine du 2 au  8 f\u00e9vrier 2025<\/strong><\/h6>\n\n\n\n<p>Mardi 4 f\u00e9vrier en l&rsquo;\u00e9glise de Villebrumier<br>Fun\u00e9railles de monsieur Jean SAHUC<\/p>\n\n\n\n<hr class=\"wp-block-separator has-alpha-channel-opacity\"\/>\n\n\n\n<h6 class=\"wp-block-heading has-global-color-8-color has-text-color has-link-color wp-elements-f8ed5981777891f80361fc6af48dfbdb\" id=\"semaine-du-30-janvier-au-5-fevrier\"><strong>Semaine du 26 au 31 janvier 2025<\/strong><\/h6>\n\n\n\n<p>Vendredi 31 janvier en l&rsquo;\u00e9glise de Bressols<br>Fun\u00e9railles de monsieur Ren\u00e9 FOISSAC<\/p>\n\n\n\n<p>Vendredi 31 janvier en l&rsquo;\u00e9glise de Varennes<br>Fun\u00e9railles de madame Liliane VERN<\/p>\n\n\n\n<hr class=\"wp-block-separator has-alpha-channel-opacity\"\/>\n\n\n\n<h6 class=\"wp-block-heading has-global-color-8-color has-text-color has-link-color wp-elements-8008b02305b0e302e0c4d6a24b070df6\" id=\"semaine-du-30-janvier-au-5-fevrier\"><strong>Semaine du 19 au 25 janvier 2025<\/strong><\/h6>\n\n\n\n<p>Vendredi 24 janvier en l&rsquo;\u00e9glise de Bressols<br>Fun\u00e9railles de monsieur Tadd\u00e9o ALBERTINI<\/p>\n\n\n\n<hr class=\"wp-block-separator has-alpha-channel-opacity\"\/>\n\n\n\n<h6 class=\"wp-block-heading has-global-color-8-color has-text-color has-link-color wp-elements-e8e98ba74c490e1b41fe20e6c4bde030\" id=\"semaine-du-30-janvier-au-5-fevrier\"><strong>Semaine du 12 au 18 janvier 2025<\/strong><\/h6>\n\n\n\n<p>Mercredi 15 janvier en l&rsquo;\u00e9glise de Corbarieu<br>Fun\u00e9railles de monsieur Andr\u00e9 GAUTHIER<\/p>\n\n\n\n<hr class=\"wp-block-separator has-alpha-channel-opacity\"\/>\n\n\n\n<h6 class=\"wp-block-heading has-global-color-8-color has-text-color has-link-color wp-elements-22544d8c942dd0e5e0c0620647c17000\" id=\"semaine-du-30-janvier-au-5-fevrier\"><strong>Semaine du 5 au 11 janvier 2025<\/strong><\/h6>\n\n\n\n<p>Vendredi 10 janvier en l&rsquo;\u00e9glise de Saint-Nauphary<br>Fun\u00e9railles de monsieur Fernand DAURIAC<\/p>\n\n\n\n<p>Mercredi 8 janvier en l&rsquo;\u00e9glise de Brial<br>Fun\u00e9railles de madame Jacqueline MARRE<\/p>\n\n\n\n<p>Lundi 6 janvier en l&rsquo;\u00e9glise de Reyni\u00e8s<br>Fun\u00e9railles de madame Simone LACOSTE<\/p>\n\n\n\n<hr class=\"wp-block-separator has-alpha-channel-opacity\"\/>\n\n\n\n<h5 class=\"wp-block-heading has-text-color has-link-color wp-elements-212bb4f66cfd1cc0ffc642649f7aa7ac\" id=\"funan2024\" style=\"color:#d54141\"><strong>Ann\u00e9e 2024<\/strong><\/h5>\n\n\n\n<h6 class=\"wp-block-heading has-global-color-8-color has-text-color has-link-color wp-elements-7b7d016b6ecc7ec3562e94962b76b382\" id=\"semaine-du-30-janvier-au-5-fevrier\"><strong>Semaine du 29 d\u00e9cembre 2024 au 4 janvier 2025<\/strong><\/h6>\n\n\n\n<p>Mardi 31 d\u00e9cembre en l&rsquo;\u00e9glise de Reyni\u00e8s suivies de l&rsquo;inhumation au cimeti\u00e8re de Nohic<br>Fun\u00e9railles de monsieur Maurice VILLAESCUSA<\/p>\n\n\n\n<p>Lundi 30 d\u00e9cembre en l&rsquo;\u00e9glise de Reyni\u00e8s<br>Fun\u00e9railles de monsieur Roger ORIES<\/p>\n\n\n\n<h6 class=\"wp-block-heading has-global-color-8-color has-text-color has-link-color wp-elements-dc905193ce11fdf15bd7935e2449cddf\" id=\"semaine-du-30-janvier-au-5-fevrier\"><strong>Semaine du 15 au 21 d\u00e9cembre<\/strong><\/h6>\n\n\n\n<p>Vendredi 20 d\u00e9cembre en l&rsquo;\u00e9glise de Labastide-Saint-Pierre<br>Fun\u00e9railles de madame Jacqueline FRAZAO<\/p>\n\n\n\n<p>Jeudi 19 d\u00e9cembre en l&rsquo;\u00e9glise de Labastide-Saint-Pierre<br>Fun\u00e9railles de madame Nathalie LEMANN<\/p>\n\n\n\n<hr class=\"wp-block-separator has-alpha-channel-opacity\"\/>\n\n\n\n<h6 class=\"wp-block-heading has-global-color-8-color has-text-color has-link-color wp-elements-67c382e2ff4193c59d3b2f67a74300f9\" id=\"semaine-du-30-janvier-au-5-fevrier\"><strong>Semaine du 8 au 14 d\u00e9cembre<\/strong><\/h6>\n\n\n\n<p>Jeudi 12 d\u00e9cembre en l&rsquo;\u00e9glise de Saint-Nauphary<br>Fun\u00e9railles de madame Yvette RAUJOL<\/p>\n\n\n\n<p>Lundi 9 d\u00e9cembre en l&rsquo;\u00e9glise de Corbarieu<br>Fun\u00e9railles de monsieur Antoine LESTIEU<\/p>\n\n\n\n<hr class=\"wp-block-separator has-alpha-channel-opacity\"\/>\n\n\n\n<h6 class=\"wp-block-heading has-global-color-8-color has-text-color has-link-color wp-elements-667b93f9a1e2ff428f4b55ffd28f9555\" id=\"semaine-du-30-janvier-au-5-fevrier\"><strong>Semaine du 1er au 7 d\u00e9cembre<\/strong><\/h6>\n\n\n\n<p>Vendredi 6 d\u00e9cembre en l&rsquo;\u00e9glise de Orgueil<br>Fun\u00e9railles de Madame Gis\u00e8le VIALANET<\/p>\n\n\n\n<p>Vendredi 6 d\u00e9cembre en l&rsquo;\u00e9glise de Labastide-Saint-Pierre<br>Fun\u00e9railles de monsieur Roger FERRUA<\/p>\n\n\n\n<p>Jeudi 5 d\u00e9cembre en l&rsquo;\u00e9glise de Reyni\u00e8s<br>Fun\u00e9railles de monsieur Guy ABEILHOU<\/p>\n\n\n\n<p>Mercredi 4 d\u00e9cembre en l&rsquo;\u00e9glise de Bressols<br>Fun\u00e9railles de monsieur Michel RINKLIN<\/p>\n\n\n\n<hr class=\"wp-block-separator has-alpha-channel-opacity\"\/>\n\n\n\n<h6 class=\"wp-block-heading has-global-color-8-color has-text-color has-link-color wp-elements-3fd5259dffc263bda85461e7bfc15770\" id=\"semaine-du-30-janvier-au-5-fevrier\"><strong>Semaine du 24 au 30 novembre<\/strong><\/h6>\n\n\n\n<p>Mercredi 27 novembre en l&rsquo;\u00e9glise de Reyni\u00e8s<br>Fun\u00e9railles de monsieur Laurent PANERO<\/p>\n\n\n\n<p>Lundi 25 novembre en l&rsquo;\u00e9glise de Labastide-Saint-Pierre<br>Fun\u00e9railles de Monsieur Michel BALANDRA<\/p>\n\n\n\n<hr class=\"wp-block-separator has-alpha-channel-opacity\"\/>\n\n\n\n<h6 class=\"wp-block-heading has-global-color-8-color has-text-color has-link-color wp-elements-5200144f82af696d8ecf8dbeb4a63b9e\" id=\"semaine-du-30-janvier-au-5-fevrier\"><strong>Semaine du 17 au 23 novembre<\/strong><\/h6>\n\n\n\n<p>Vendredi 22 novembre en l&rsquo;\u00e9glise de Orgueil<br>Fun\u00e9railles de Monsieur Yves MACABIAU (paroisse de Nohic) suivies de l&rsquo;inhumation au cimeti\u00e8re de Montbeton<\/p>\n\n\n\n<p>Jeudi 21 novembre en l&rsquo;\u00e9glise de Bressols<br>Fun\u00e9railles de monsieur Serge DOLZAN<\/p>\n\n\n\n<p>Mercredi 20 novembre en l&rsquo;\u00e9glise de Bressols<br>Fun\u00e9railles de madame Paulette MUSCAT<\/p>\n\n\n\n<hr class=\"wp-block-separator has-alpha-channel-opacity\"\/>\n\n\n\n<h6 class=\"wp-block-heading has-global-color-8-color has-text-color has-link-color wp-elements-52511ae504bc0e4d6c055a77bb0c7595\" id=\"semaine-du-30-janvier-au-5-fevrier\"><strong>Semaine du 10 au 16 novembre<\/strong><\/h6>\n\n\n\n<p>Jeudi 14 novembre en l&rsquo;\u00e9glise<strong> <\/strong>de Corbarieu<br>Fun\u00e9railles de madame \u00c9velyne ITI\u00c9<\/p>\n\n\n\n<p>Jeudi 14 novembre en l&rsquo;\u00e9glise<strong> <\/strong>de Labastide-Saint-Pierre<br>Fun\u00e9railles de monsieur Charles POUSSET<\/p>\n\n\n\n<hr class=\"wp-block-separator has-alpha-channel-opacity\"\/>\n\n\n\n<h6 class=\"wp-block-heading has-global-color-8-color has-text-color has-link-color wp-elements-48e46f7c57aeacd254a23aad3db7f038\" id=\"semaine-du-30-janvier-au-5-fevrier\"><strong>Semaine du 27 octobre au 2 novembre<\/strong><\/h6>\n\n\n\n<p>Mardi 29 octobre en l&rsquo;\u00e9glise<strong> <\/strong>de Reyni\u00e8s<br>Fun\u00e9railles de Monsieur Raymond DARIUS suivies de l&rsquo;inhumation au cimeti\u00e8re de Nohic<\/p>\n\n\n\n<p>Lundi 28 octobre en l&rsquo;\u00e9glise<strong> <\/strong>de Labastide-Saint-Pierre<br>Fun\u00e9railles de  Monsieur Jacques ARNAUD<\/p>\n\n\n\n<hr class=\"wp-block-separator has-alpha-channel-opacity\"\/>\n\n\n\n<h6 class=\"wp-block-heading has-global-color-8-color has-text-color has-link-color wp-elements-5f5970f8e7dc8da8cbe9ae9e29e1a042\" id=\"semaine-du-30-janvier-au-5-fevrier\"><strong>Semaine du 20 au 26 octobre<\/strong><\/h6>\n\n\n\n<p>Mercredi 23 octobre en l&rsquo;\u00e9glise<strong> <\/strong>d&rsquo;Orgueil<br>Fun\u00e9railles de Madame Laurence CAMBON<\/p>\n\n\n\n<hr class=\"wp-block-separator has-alpha-channel-opacity\"\/>\n\n\n\n<h6 class=\"wp-block-heading has-global-color-8-color has-text-color has-link-color wp-elements-56c449cb7ef7c2783b1688d349d8eead\" id=\"semaine-du-30-janvier-au-5-fevrier\"><strong>Semaine du 12 au 19 octobre<\/strong><\/h6>\n\n\n\n<p>Mercredi 16 octobre en l&rsquo;\u00e9glise<strong> <\/strong>de Saint-Nauphary<br>Fun\u00e9railles de monsieur R\u00e9gis DERENCOURT<\/p>\n\n\n\n<p>Mardi 15 octobre en l&rsquo;\u00e9glise<strong> <\/strong>d&rsquo;Orgueil<br>Fun\u00e9railles de Madame Ren\u00e9e VIATG\u00c9 suivies de l&rsquo;inhumation au cimeti\u00e8re de Nohic<\/p>\n\n\n\n<hr class=\"wp-block-separator has-alpha-channel-opacity\"\/>\n\n\n\n<h6 class=\"wp-block-heading has-global-color-8-color has-text-color has-link-color wp-elements-c9d6d1d660f247c6ca56102d54a010d9\" id=\"semaine-du-30-janvier-au-5-fevrier\"><strong>Semaine du 6 au 12 octobre<\/strong><\/h6>\n\n\n\n<p>Vendredi 11 octobre en l&rsquo;\u00e9glise<strong> <\/strong>de Labastide-Saint-Pierre<br>Fun\u00e9railles de madame Odile JOURDAN<\/p>\n\n\n\n<p>Jeudi 10 octobre en l&rsquo;\u00e9glise<strong> <\/strong>de Bressols<br>Fun\u00e9railles de monsieur No\u00ebl ABRATE<\/p>\n\n\n\n<p>Mercredi 9 octobre en l&rsquo;\u00e9glise<strong> <\/strong>de Villebrumier<br>Fun\u00e9railles de monsieur Michel PY-LEBRUN<\/p>\n\n\n\n<p>Mardi 8 octobre en l&rsquo;\u00e9glise<strong> <\/strong>de Saint-Nauphary<br>Fun\u00e9railles de madame Jeanine KOHLER<\/p>\n\n\n\n<hr class=\"wp-block-separator has-alpha-channel-opacity\"\/>\n\n\n\n<h6 class=\"wp-block-heading has-global-color-8-color has-text-color has-link-color wp-elements-bc3a43fee88c2fca3b6d7085caa04871\" id=\"semaine-du-30-janvier-au-5-fevrier\"><strong>Semaine du 29 septembre au 5 octobre<\/strong><\/h6>\n\n\n\n<p>Vendredi 4 octobre en l&rsquo;\u00e9glise<strong> <\/strong>de Corbarieu<br>Fun\u00e9railles de monsieur Jacques MICHELETTO<\/p>\n\n\n\n<p>Jeudi 3 octobre en l&rsquo;\u00e9glise<strong> <\/strong>de Bressols<br>Fun\u00e9railles de madame Roseline MEUX<\/p>\n\n\n\n<hr class=\"wp-block-separator has-alpha-channel-opacity\"\/>\n\n\n\n<h6 class=\"wp-block-heading has-global-color-8-color has-text-color has-link-color wp-elements-27eb36bd8c4e62024af76a5480e91010\" id=\"semaine-du-30-janvier-au-5-fevrier\"><strong>Semaine du 22 au 28 septembre<\/strong><\/h6>\n\n\n\n<p>Samedi 28 septembre c\u00e9r\u00e9monie au cr\u00e9matorium de Montauban pour monsieur Francis VIOLA, lundi 30 septembre inhumation cendres cimeti\u00e8re Saint-Nauphary<\/p>\n\n\n\n<p>Mardi 24 septembre en l&rsquo;\u00e9glise<strong> <\/strong>de Labastide-Saint-Pierre<br>Fun\u00e9railles de madame Marie REINHARD<\/p>\n\n\n\n<hr class=\"wp-block-separator has-alpha-channel-opacity\"\/>\n\n\n\n<h6 class=\"wp-block-heading has-global-color-8-color has-text-color has-link-color wp-elements-4baf70de33c579268c3ba731a751fd7d\" id=\"semaine-du-30-janvier-au-5-fevrier\">Semaine du 15 au 21 septembre<\/h6>\n\n\n\n<p>Mercredi 18 septembre en l\u2019\u00e9glise<strong>&nbsp;<\/strong>de Corbarieu<br>Fun\u00e9railles de monsieur Roger ESTABE<\/p>\n\n\n\n<p>Mardi 17 septembre en l\u2019\u00e9glise<strong>&nbsp;<\/strong>de Orgueil<br>Fun\u00e9railles de madame Monique FIJAC suivies de l\u2019inhumation au cimeti\u00e8re de Nohic<\/p>\n\n\n\n<hr class=\"wp-block-separator has-alpha-channel-opacity\"\/>\n\n\n\n<h6 class=\"wp-block-heading has-global-color-8-color has-text-color has-link-color wp-elements-1e4680d7c48e2123459664c4fd5ebbfc\" id=\"semaine-du-30-janvier-au-5-fevrier\">Semaine du 8 au 14 septembre<\/h6>\n\n\n\n<p>Vendredi 13 septembre en l\u2019\u00e9glise<strong>&nbsp;<\/strong>de Orgueil<br>Fun\u00e9railles de madame Lucienne IMP\u00c9RIALE<\/p>\n\n\n\n<p>Mercredi 11 septembre en l\u2019\u00e9glise<strong>&nbsp;<\/strong>de Saint-Nauphary<br>Fun\u00e9railles de madame Jeanne RIGOUSTE<\/p>\n\n\n\n<hr class=\"wp-block-separator has-alpha-channel-opacity\"\/>\n\n\n\n<h6 class=\"wp-block-heading has-global-color-8-color has-text-color has-link-color wp-elements-b2a290987cd8c4b472c31b2747ddf42c\" id=\"semaine-du-30-janvier-au-5-fevrier\">Semaine du 1er au 7 septembre<\/h6>\n\n\n\n<p>Vendredi 6 septembre en l\u2019\u00e9glise<strong>&nbsp;<\/strong>de Bressols<br>Fun\u00e9railles de madame Sylvy PETTITI<\/p>\n\n\n\n<p>Jeudi 5 septembre en l\u2019\u00e9glise<strong>&nbsp;<\/strong>de Bressols<br>Fun\u00e9railles de madame Odette CRABI\u00c9<\/p>\n\n\n\n<hr class=\"wp-block-separator has-alpha-channel-opacity\"\/>\n\n\n\n<h6 class=\"wp-block-heading has-global-color-8-color has-text-color has-link-color wp-elements-e2092b977985a76392e2eb1e07167a58\" id=\"semaine-du-30-janvier-au-5-fevrier\">Semaine du 25 au 31 ao\u00fbt<\/h6>\n\n\n\n<p>Vendredi 30 ao\u00fbt en l\u2019\u00e9glise<strong>&nbsp;<\/strong>d\u2019Orgueil suivies de l\u2019inhumation au cimeti\u00e8re de Nohic<br>Fun\u00e9railles de monsieur \u00c9tienne GROUSSAC<\/p>\n\n\n\n<p>Mercredi 28 ao\u00fbt en l\u2019\u00e9glise<strong>&nbsp;<\/strong>de Saint-Nauphary<br>Fun\u00e9railles de madame Monique DERENCOURT<\/p>\n\n\n\n<hr class=\"wp-block-separator has-alpha-channel-opacity\"\/>\n\n\n\n<h6 class=\"wp-block-heading has-global-color-8-color has-text-color has-link-color wp-elements-7bd185b5362d9d473fa64342f5853d62\" id=\"semaine-du-30-janvier-au-5-fevrier\">Semaine du 11 au 17 ao\u00fbt<\/h6>\n\n\n\n<p>Mardi 13 ao\u00fbt en l&rsquo;\u00e9glise<strong> <\/strong>de Villebrumier<br>Fun\u00e9railles de monsieur Robert TREGAN<\/p>\n\n\n\n<hr class=\"wp-block-separator has-alpha-channel-opacity\"\/>\n\n\n\n<h6 class=\"wp-block-heading has-global-color-8-color has-text-color has-link-color wp-elements-7e63efaac573386cb9a69038c980a77e\" id=\"semaine-du-30-janvier-au-5-fevrier\">Semaine du 4 au 10 ao\u00fbt<\/h6>\n\n\n\n<p>Vendredi 9 ao\u00fbt en l&rsquo;\u00e9glise<strong> <\/strong>de Labastide-Saint-Pierre<br>Fun\u00e9railles de madame Jacqueline SABA<\/p>\n\n\n\n<p>Jeudi 8 ao\u00fbt en l&rsquo;\u00e9glise<strong> <\/strong>de Reyni\u00e8s<br>Fun\u00e9railles de monsieur Jos\u00e9 BONNET <\/p>\n\n\n\n<p>Mardi  6 ao\u00fbt en l&rsquo;\u00e9glise<strong> <\/strong>de Bressols<br>Fun\u00e9railles de madame Carole MOUAICI <\/p>\n\n\n\n<hr class=\"wp-block-separator has-alpha-channel-opacity\"\/>\n\n\n\n<h6 class=\"wp-block-heading has-global-color-8-color has-text-color has-link-color wp-elements-be499bc09929fa71899bd01e294a35f3\" id=\"semaine-du-30-janvier-au-5-fevrier\">Semaine du 28 juillet au 3 ao\u00fbt<\/h6>\n\n\n\n<p>Mardi  30 juillet en l&rsquo;\u00e9glise<strong> <\/strong>de Orgueil<br>Fun\u00e9railles de  Monsieur \u00c9lie DELRIEU<\/p>\n\n\n\n<hr class=\"wp-block-separator has-alpha-channel-opacity\"\/>\n\n\n\n<h6 class=\"wp-block-heading has-global-color-8-color has-text-color has-link-color wp-elements-51e33d0bf6388fc3ef7c7b173688c4b1\" id=\"semaine-du-30-janvier-au-5-fevrier\">Semaine du 21 au 27 juillet<\/h6>\n\n\n\n<p>Jeudi 25 juillet en l&rsquo;\u00e9glise<strong> <\/strong>de Orgueil<br>Fun\u00e9railles de  Monsieur Georges N\u00c9GRI\u00c9<\/p>\n\n\n\n<p>Lundi 22 juillet en l&rsquo;\u00e9glise<strong> <\/strong>de Labastide-Saint-Pierre<br>Fun\u00e9railles de  Madame Marie LENESTOUR<\/p>\n\n\n\n<hr class=\"wp-block-separator has-alpha-channel-opacity\"\/>\n\n\n\n<h6 class=\"wp-block-heading has-global-color-8-color has-text-color has-link-color wp-elements-1b40aba359342502e16eb1fa5c2458fb\" id=\"semaine-du-30-janvier-au-5-fevrier\">Semaine du 7 au 13 juillet<\/h6>\n\n\n\n<p>Vendredi 12 juillet en l&rsquo;\u00e9glise<strong> <\/strong>de Charros<br>Fun\u00e9railles de  Madame Henriette JOURDES<\/p>\n\n\n\n<p>Vendredi 12 juillet en l&rsquo;\u00e9glise<strong> <\/strong>de Varennes<br>Fun\u00e9railles de  Monsieur Jos\u00e9 SINCHET<\/p>\n\n\n\n<p>Lundi 8 juillet en l&rsquo;\u00e9glise<strong> <\/strong>de Bressols<br>Fun\u00e9railles de  Madame Th\u00e9r\u00e8se LAGARD<\/p>\n\n\n\n<p>Lundi 8 juillet en l&rsquo;\u00e9glise<strong> <\/strong>de Bressols, paroisse de Brial<br>Fun\u00e9railles de  Madame Marthe LABORDERIE<\/p>\n\n\n\n<hr class=\"wp-block-separator has-alpha-channel-opacity\"\/>\n\n\n\n<h6 class=\"wp-block-heading has-global-color-8-color has-text-color has-link-color wp-elements-91c8a480ff0a57640574e7eae2be4037\" id=\"semaine-du-30-janvier-au-5-fevrier\">Semaine du 30 juin au 6 juillet<\/h6>\n\n\n\n<p>Vendredi 5 juillet en l&rsquo;\u00e9glise<strong> <\/strong>de Bressols<br>Fun\u00e9railles de  Madame Anne Marie DELGA<\/p>\n\n\n\n<hr class=\"wp-block-separator has-alpha-channel-opacity\"\/>\n\n\n\n<h6 class=\"wp-block-heading has-global-color-8-color has-text-color has-link-color wp-elements-4cf7938bd8155f28678ecdcec67119cf\" id=\"semaine-du-30-janvier-au-5-fevrier\">Semaine du 23 au 29 juin<\/h6>\n\n\n\n<p>Mardi 25 juin en l&rsquo;\u00e9glise<strong> <\/strong>de Reyni\u00e8s<br>Fun\u00e9railles de  Madame Marie Th\u00e9r\u00e8se QUEREILHAC<\/p>\n\n\n\n<hr class=\"wp-block-separator has-alpha-channel-opacity\"\/>\n\n\n\n<h6 class=\"wp-block-heading has-global-color-8-color has-text-color has-link-color wp-elements-00b754d64fda821a53dc87d856f3a8f1\" id=\"semaine-du-30-janvier-au-5-fevrier\">Semaine du 16 au 22 juin<\/h6>\n\n\n\n<p>Lundi 17 juin en l&rsquo;\u00e9glise<strong> <\/strong>de Labastide-Saint-Pierre<br>Fun\u00e9railles de  Madame Jeanine FERNANDEZ<\/p>\n\n\n\n<hr class=\"wp-block-separator has-alpha-channel-opacity\"\/>\n\n\n\n<h6 class=\"wp-block-heading has-global-color-8-color has-text-color has-link-color wp-elements-23063431fa2dcb3513ba4bdd5ddef738\" id=\"semaine-du-30-janvier-au-5-fevrier\">Semaine du 9 au 15 juin<\/h6>\n\n\n\n<p>Mardi 11 juin en l&rsquo;\u00e9glise<strong> <\/strong>de Corbarieu<br>Fun\u00e9railles de  Monsieur Andr\u00e9 CONSTANS<\/p>\n\n\n\n<p>Lundi 10 juin en l&rsquo;\u00e9glise<strong> <\/strong>de Reyni\u00e8s<br>Fun\u00e9railles de  Madame Monique LEVADE<\/p>\n\n\n\n<p>Lundi 10 juin en l&rsquo;\u00e9glise<strong> <\/strong>de Charros, commune de Saint-Nauphary<br>Fun\u00e9railles de  Monsieur L\u00e9on BRINGER<\/p>\n\n\n\n<hr class=\"wp-block-separator has-alpha-channel-opacity\"\/>\n\n\n\n<h6 class=\"wp-block-heading has-global-color-8-color has-text-color has-link-color wp-elements-4f61c628886389d9cdc5b5bb62971a31\" id=\"semaine-du-30-janvier-au-5-fevrier\">Semaine du 2 au 8 juin<\/h6>\n\n\n\n<p>Vendredi 7 juin en l&rsquo;\u00e9glise<strong> <\/strong>de Labastide-Saint-Pierre<br>Fun\u00e9railles de  Madame Ginette RODOLPHE<\/p>\n\n\n\n<p>Vendredi 7 juin en l&rsquo;\u00e9glise<strong> <\/strong>de Brial<br>Fun\u00e9railles de  Monsieur Fr\u00e9d\u00e9ric LAGARDE<\/p>\n\n\n\n<p>Lundi 3 juin en l&rsquo;\u00e9glise<strong> <\/strong>de Corbarieu<br>Fun\u00e9railles de  Monsieur Ferruccio BORTOLUSSI<\/p>\n\n\n\n<hr class=\"wp-block-separator has-alpha-channel-opacity\"\/>\n\n\n\n<h6 class=\"wp-block-heading has-global-color-8-color has-text-color has-link-color wp-elements-c19ebc5e79fe06d4e726a82b6a56c713\" id=\"semaine-du-30-janvier-au-5-fevrier\">Semaine du 26 mai au 1er juin<\/h6>\n\n\n\n<p>Jeudi 30 mai en l&rsquo;\u00e9glise<strong> <\/strong>de Charros<br>Fun\u00e9railles de  Madame V\u00e9ronique FRANCONNE<\/p>\n\n\n\n<p>Mardi 28 mai en l&rsquo;\u00e9glise<strong> <\/strong>de Reyni\u00e8s<br>Fun\u00e9railles de  Monsieur Francis COGOREUX<\/p>\n\n\n\n<hr class=\"wp-block-separator has-alpha-channel-opacity\"\/>\n\n\n\n<h6 class=\"wp-block-heading has-global-color-8-color has-text-color has-link-color wp-elements-db8cec435ef7f2220ba58a421d67fd33\" id=\"semaine-du-30-janvier-au-5-fevrier\">Semaine du 19 au 25 mai<\/h6>\n\n\n\n<p>Vendredi 24 mai en l&rsquo;\u00e9glise<strong> <\/strong>de Orgueil pour la Paroisse de Nohic (inhumation au cimeti\u00e8re de Nohic)<br>Fun\u00e9railles de  Monsieur Mario LONGATO<\/p>\n\n\n\n<hr class=\"wp-block-separator has-alpha-channel-opacity\"\/>\n\n\n\n<h6 class=\"wp-block-heading has-global-color-8-color has-text-color has-link-color wp-elements-73bf46b51059099a7b274628e07de408\" id=\"semaine-du-30-janvier-au-5-fevrier\">Semaine du 12 au 18 mai<\/h6>\n\n\n\n<p>Mercredi 15 mai en l&rsquo;\u00e9glise<strong> <\/strong>de Saint-Nauphary<br>Fun\u00e9railles de  Monsieur G\u00e9rard OUSTRI\u00c8RES<\/p>\n\n\n\n<hr class=\"wp-block-separator has-alpha-channel-opacity\"\/>\n\n\n\n<h6 class=\"wp-block-heading has-global-color-8-color has-text-color has-link-color wp-elements-2995f5c9a367827df28ed5ff799f7ac0\" id=\"semaine-du-30-janvier-au-5-fevrier\">Semaine du 5 au 11 mai<\/h6>\n\n\n\n<p>Mardi 7 mai en l&rsquo;\u00e9glise<strong> <\/strong>de Varennes<br>Fun\u00e9railles de  Madame Sylvie GIBERT<\/p>\n\n\n\n<hr class=\"wp-block-separator has-alpha-channel-opacity\"\/>\n\n\n\n<h6 class=\"wp-block-heading has-global-color-8-color has-text-color has-link-color wp-elements-0fa454b509337f6e813b443de5c98bae\" id=\"semaine-du-30-janvier-au-5-fevrier\">Semaine du 28 avril au 4 mai<\/h6>\n\n\n\n<p>Mardi 30 avril en l&rsquo;\u00e9glise<strong> <\/strong>de Brial<br>Fun\u00e9railles de  Madame Yvette CLAMENS<\/p>\n\n\n\n<hr class=\"wp-block-separator has-alpha-channel-opacity\"\/>\n\n\n\n<h6 class=\"wp-block-heading has-global-color-8-color has-text-color has-link-color wp-elements-1dd3d85195b038d22d238c37fd619c9a\" id=\"semaine-du-30-janvier-au-5-fevrier\">Semaine du 14 au 20 avril<\/h6>\n\n\n\n<p>Jeudi 17 avril en l&rsquo;\u00e9glise<strong> <\/strong>de Bressols<br>Fun\u00e9railles de  Madame Margherita ABRATE<\/p>\n\n\n\n<p>Lundi 15 avril en l&rsquo;\u00e9glise<strong> <\/strong>de Labastide-Saint-Pierre<br>Fun\u00e9railles de  Madame Jacqueline SOUQUE<\/p>\n\n\n\n<hr class=\"wp-block-separator has-alpha-channel-opacity\"\/>\n\n\n\n<h6 class=\"wp-block-heading has-global-color-8-color has-text-color has-link-color wp-elements-5fc93e3f532772802a9c1f3755726649\" id=\"semaine-du-30-janvier-au-5-fevrier\">Semaine du 7 au 13 avril<\/h6>\n\n\n\n<p>Vendredi 12 avril en l&rsquo;\u00e9glise<strong> <\/strong>de Reyni\u00e8s, suivies de l&rsquo;inhumation au cimeti\u00e8re de Nohic<br>Fun\u00e9railles de  Madame Marie MOUYSSET <\/p>\n\n\n\n<p>Jeudi 11 avril en l&rsquo;\u00e9glise<strong> <\/strong>de Labastide-Saint-Pierre<br>Fun\u00e9railles de  Madame Marie Laure FLOREANI <\/p>\n\n\n\n<p>Lundi 8 avril en l&rsquo;\u00e9glise<strong> <\/strong>d&rsquo;Orgueil pour la paroisse de Nohic<br>Fun\u00e9railles de  Monsieur Lucien TR\u00c9VISAN <\/p>\n\n\n\n<hr class=\"wp-block-separator has-alpha-channel-opacity\"\/>\n\n\n\n<h6 class=\"wp-block-heading has-global-color-8-color has-text-color has-link-color wp-elements-6b31989e8810c795ea7e57eac9dc5af9\" id=\"semaine-du-30-janvier-au-5-fevrier\">Semaine du 31 mars au 6 avril<\/h6>\n\n\n\n<p>Jeudi 4 avril en l&rsquo;\u00e9glise<strong> <\/strong>de Corbarieu<br>Fun\u00e9railles de  Madame Monique DULOUBE<\/p>\n\n\n\n<p>Jeudi 4 avril en l&rsquo;\u00e9glise<strong> <\/strong>de Corbarieu<br>Fun\u00e9railles de  Madame Denise THOMAS<\/p>\n\n\n\n<hr class=\"wp-block-separator has-alpha-channel-opacity\"\/>\n\n\n\n<h6 class=\"wp-block-heading has-global-color-8-color has-text-color has-link-color wp-elements-27b5370568304a0deb6f88d61764b4e2\" id=\"semaine-du-30-janvier-au-5-fevrier\">Semaine du 24 au 30 mars<\/h6>\n\n\n\n<p>Samedi 30 mars  en l&rsquo;\u00e9glise<strong> <\/strong>de Bressols<br>Fun\u00e9railles de  Monsieur Fabrice GARRABET<\/p>\n\n\n\n<p>Mercredi 27 mars  en l&rsquo;\u00e9glise<strong> <\/strong>de Labastide-Saint-Pierre<br>Fun\u00e9railles de  Monsieur Jean-Claude LUCAS<\/p>\n\n\n\n<p>Mardi 26 mars en l&rsquo;\u00e9glise<strong> <\/strong>de Corbarieu<br>Fun\u00e9railles de  Monsieur Jean BILLARD<\/p>\n\n\n\n<hr class=\"wp-block-separator has-alpha-channel-opacity\"\/>\n\n\n\n<h6 class=\"wp-block-heading has-global-color-8-color has-text-color has-link-color wp-elements-b408390c5fc435602c84ab50fddc6048\" id=\"semaine-du-30-janvier-au-5-fevrier\">Semaine du 10 au 16 mars<\/h6>\n\n\n\n<p>Vendredi 15 mars en l&rsquo;\u00e9glise<strong> <\/strong>de Bressols<br>Fun\u00e9railles de  Madame H\u00e9l\u00e8ne CASTAING<\/p>\n\n\n\n<hr class=\"wp-block-separator has-alpha-channel-opacity\"\/>\n\n\n\n<h6 class=\"wp-block-heading has-global-color-8-color has-text-color has-link-color wp-elements-3c4118b27dd314c1b5ad4aa83a142e82\" id=\"semaine-du-30-janvier-au-5-fevrier\">Semaine du 2 au 9 mars<\/h6>\n\n\n\n<p>Vendredi 8 mars en l&rsquo;\u00e9glise<strong> <\/strong>de Saint-Nauphary<br>Fun\u00e9railles de  Madame Solange BERNAT<\/p>\n\n\n\n<p>Vendredi 8 mars en l&rsquo;\u00e9glise<strong> <\/strong>de Brial<br>Fun\u00e9railles de  Monsieur \u00c9douard  LESCURE<\/p>\n\n\n\n<p>Lundi 4 mars en l&rsquo;\u00e9glise<strong> <\/strong>d&rsquo;Orgueil pour la Paroisse de Nohic<br>Fun\u00e9railles de  Madame Yvelyne GUILLEMOT<\/p>\n\n\n\n<hr class=\"wp-block-separator has-alpha-channel-opacity\"\/>\n\n\n\n<h6 class=\"wp-block-heading has-global-color-8-color has-text-color has-link-color wp-elements-f5978411b500171dee8bfd696a4d3506\" id=\"semaine-du-30-janvier-au-5-fevrier\">Semaine du 18 au 24 f\u00e9vrier<\/h6>\n\n\n\n<p>Vendredi 23 f\u00e9vrier en l&rsquo;\u00e9glise<strong> <\/strong>de Labastide-Saint-Pierre<br>Fun\u00e9railles de  Madame Lydie BOY\u00c9<\/p>\n\n\n\n<p>Jeudi 22 f\u00e9vrier en l&rsquo;\u00e9glise<strong> <\/strong>de Saint-Nauphary<br>Fun\u00e9railles de  Madame Aline FRAYRES<\/p>\n\n\n\n<p>Jeudi 22 f\u00e9vrier en l&rsquo;\u00e9glise<strong> <\/strong>de Saint-Nauphary<br>Fun\u00e9railles de  Madame Viviane BLONDEL-MARTY<\/p>\n\n\n\n<hr class=\"wp-block-separator has-alpha-channel-opacity\"\/>\n\n\n\n<h6 class=\"wp-block-heading has-global-color-8-color has-text-color has-link-color wp-elements-6e9ad57db15a7e53fbd1c34202defab0\" id=\"semaine-du-30-janvier-au-5-fevrier\">Semaine du 11 au 17 f\u00e9vrier<\/h6>\n\n\n\n<p>Jeudi 15 f\u00e9vrier en l&rsquo;\u00e9glise<strong> <\/strong>de Bressols<br>Fun\u00e9railles de  Madame Lucette FRAYSSE<\/p>\n\n\n\n<hr class=\"wp-block-separator has-alpha-channel-opacity\"\/>\n\n\n\n<h6 class=\"wp-block-heading has-global-color-8-color has-text-color has-link-color wp-elements-c29643df050e18e296ec7a29f81bcef5\" id=\"semaine-du-30-janvier-au-5-fevrier\">Semaine du 4 au 10 f\u00e9vrier<\/h6>\n\n\n\n<p>Mercredi 7 f\u00e9vrier en l&rsquo;\u00e9glise<strong> <\/strong>de Saint-Nauphary<br>Fun\u00e9railles de  Monsieur Michel RIVI\u00c8RE<\/p>\n\n\n\n<hr class=\"wp-block-separator has-alpha-channel-opacity\"\/>\n\n\n\n<h6 class=\"wp-block-heading has-global-color-8-color has-text-color has-link-color wp-elements-fe042dc813d73b4484cb8effe388da3a\" id=\"semaine-du-30-janvier-au-5-fevrier\">Semaine du 28 janvier au 3 f\u00e9vrier<\/h6>\n\n\n\n<p>Mercredi 31 janvier en l&rsquo;\u00e9glise<strong> <\/strong>de Bressols<br>Fun\u00e9railles de  Monsieur Rolland CALVEZ<\/p>\n\n\n\n<hr class=\"wp-block-separator has-alpha-channel-opacity\"\/>\n\n\n\n<h6 class=\"wp-block-heading has-global-color-8-color has-text-color has-link-color wp-elements-3e80b0e5fa3b56e681cef94625c53317\" id=\"semaine-du-30-janvier-au-5-fevrier\">Semaine du 21  au 27 janvier 2024<\/h6>\n\n\n\n<p>Lundi 22 janvier en l&rsquo;\u00e9glise<strong> <\/strong>d&rsquo;Orgueil<br>Fun\u00e9railles de  Monsieur Pierre BUZENAC<\/p>\n\n\n\n<hr class=\"wp-block-separator has-alpha-channel-opacity\"\/>\n\n\n\n<h6 class=\"wp-block-heading has-global-color-8-color has-text-color has-link-color wp-elements-aed528d99dfd74bb1f8b9dfce887256e\" id=\"semaine-du-30-janvier-au-5-fevrier\">Semaine du 7  au 13 janvier 2024<\/h6>\n\n\n\n<p>Vendredi 12 janvier en l&rsquo;\u00e9glise<strong> <\/strong>de Labastide-Saint-Pierre<br>Fun\u00e9railles de  Madame Josette LAPALU<\/p>\n\n\n\n<p>Jeudi 11 janvier en l&rsquo;\u00e9glise<strong> <\/strong>de Labastide-Saint-Pierre<br>Fun\u00e9railles de  Monsieur Robert BRUGNARA<\/p>\n\n\n\n<p>Jeudi 11 janvier en l&rsquo;\u00e9glise<strong> <\/strong>de Bressols<br>Fun\u00e9railles de  Monsieur Pierre COURAL<\/p>\n\n\n\n<hr class=\"wp-block-separator has-alpha-channel-opacity\"\/>\n\n\n\n<h5 class=\"wp-block-heading has-text-color has-link-color wp-elements-44918e36c5e48182b5cd88230b4f80dc\" id=\"funan2023\" style=\"color:#d54141\"><strong>Ann\u00e9e 2023<\/strong><\/h5>\n\n\n\n<hr class=\"wp-block-separator has-alpha-channel-opacity\"\/>\n\n\n\n<h6 class=\"wp-block-heading has-global-color-8-color has-text-color has-link-color wp-elements-55fb273af16dbc3dadcc01fdc88cdfcc\" id=\"semaine-du-30-janvier-au-5-fevrier\">Semaine du 31 d\u00e9cembre au 6 janvier 2024<\/h6>\n\n\n\n<p>Vendredi 5 janvier en l&rsquo;\u00e9glise<strong> <\/strong>de Labastide-Saint-Pierre<br>Fun\u00e9railles de  Monsieur Felipe POLO-CALVO<\/p>\n\n\n\n<p>Vendredi 5 janvier en l&rsquo;\u00e9glise<strong> <\/strong>de  Saint-Nauphary<br>Fun\u00e9railles de  Madame Henriette CUMERLATO<\/p>\n\n\n\n<p>Jeudi 4 janvier en l&rsquo;\u00e9glise<strong> <\/strong>de  Corbarieu<br>Fun\u00e9railles de  Madame Josette LINARD<\/p>\n\n\n\n<p>Mercredi 3 janvier en l&rsquo;\u00e9glise<strong> <\/strong>de  Labastide-Saint-Pierre<br>Fun\u00e9railles de  Monsieur Patrice DESINTEBIN<\/p>\n\n\n\n<hr class=\"wp-block-separator has-alpha-channel-opacity\"\/>\n\n\n\n<h6 class=\"wp-block-heading has-global-color-8-color has-text-color has-link-color wp-elements-0ed48db50ad6aa6e47e3526061ef49a6\" id=\"semaine-du-30-janvier-au-5-fevrier\">Semaine du 24 au 30 d\u00e9cembre<\/h6>\n\n\n\n<p>Vendredi 29 d\u00e9cembre en l&rsquo;\u00e9glise<strong> <\/strong>de  Reyni\u00e8s<br>Fun\u00e9railles de  Monsieur Andr\u00e9 TOUSSAINT<\/p>\n\n\n\n<p>Vendredi 29 d\u00e9cembre en l&rsquo;\u00e9glise<strong> <\/strong>de  Bressols<br>Fun\u00e9railles de  Monsieur Jean Claude ALZONNE<\/p>\n\n\n\n<p>Jeudi 28 d\u00e9cembre en l&rsquo;\u00e9glise<strong> <\/strong>de  Labastide-Saint-Pierre<br>Fun\u00e9railles de  Monsieur Francis BONNEFON<\/p>\n\n\n\n<hr class=\"wp-block-separator has-alpha-channel-opacity\"\/>\n\n\n\n<h6 class=\"wp-block-heading has-global-color-8-color has-text-color has-link-color wp-elements-97fa9f48aa0df9c047df4215c4c74f09\" id=\"semaine-du-30-janvier-au-5-fevrier\">Semaine du 10 au 16 d\u00e9cembre<\/h6>\n\n\n\n<p>Lundi 18 d\u00e9cembre en l&rsquo;\u00e9glise<strong> <\/strong>de  Labastide-Saint-Pierre<br>Fun\u00e9railles de  Madame Lucie ROM\u00c9<\/p>\n\n\n\n<hr class=\"wp-block-separator has-alpha-channel-opacity\"\/>\n\n\n\n<h6 class=\"wp-block-heading has-global-color-8-color has-text-color has-link-color wp-elements-97fa9f48aa0df9c047df4215c4c74f09\" id=\"semaine-du-30-janvier-au-5-fevrier\">Semaine du 10 au 16 d\u00e9cembre<\/h6>\n\n\n\n<p>Jeudi 14 d\u00e9cembre en l&rsquo;\u00e9glise<strong> <\/strong>de  Bressols<br>Fun\u00e9railles de  Monsieur \u00c9ric COLLA<\/p>\n\n\n\n<p>Mardi 12 d\u00e9cembre en l&rsquo;\u00e9glise<strong> <\/strong>de Reyni\u00e8s<br>Fun\u00e9railles de  Madame Marie Claude LUVISUTTO<\/p>\n\n\n\n<p>Lundi 11 d\u00e9cembre en l&rsquo;\u00e9glise<strong> <\/strong>de Bressols<br>Fun\u00e9railles de  Madame Muriel PELLEGRINO<\/p>\n\n\n\n<hr class=\"wp-block-separator has-alpha-channel-opacity\"\/>\n\n\n\n<h6 class=\"wp-block-heading has-global-color-8-color has-text-color has-link-color wp-elements-bb5557a8ae1fb55fe9e39f85784bc283\" id=\"semaine-du-30-janvier-au-5-fevrier\">Semaine du 3 au 9 d\u00e9cembre<\/h6>\n\n\n\n<p>Vendredi 8 d\u00e9cembre en l&rsquo;\u00e9glise<strong> <\/strong>de Bressols<br>Fun\u00e9railles de  Monsieur G\u00e9rard DJENANE<\/p>\n\n\n\n<p>Mercredi 6 d\u00e9cembre en l&rsquo;\u00e9glise<strong> <\/strong>de Saint-Nauphary<br>Fun\u00e9railles de  Monsieur Marcel BERNAT<\/p>\n\n\n\n<hr class=\"wp-block-separator has-alpha-channel-opacity\"\/>\n\n\n\n<h6 class=\"wp-block-heading has-global-color-8-color has-text-color has-link-color wp-elements-56bfd57dc47a3cdf359f9eedf7b012a2\" id=\"semaine-du-30-janvier-au-5-fevrier\">Semaine du 26 novembre au 2 d\u00e9cembre<\/h6>\n\n\n\n<p>Jeudi 30 novembre \u00e0 14h30 en l&rsquo;\u00e9glise<strong> <\/strong>de Bressols<br>Fun\u00e9railles de  Madame Jacqueline MATHOU<\/p>\n\n\n\n<p>Jeudi 30 novembre \u00e0 11h00 en l&rsquo;\u00e9glise<strong> <\/strong>de Brial<br>Fun\u00e9railles de  Monsieur Roger COUTURON<\/p>\n\n\n\n<p>Mercredi 29 novembre \u00e0 14h00 en l&rsquo;\u00e9glise<strong> <\/strong>de Saint-Nauphary<br>Fun\u00e9railles de  Madame Simone DELCASS\u00c9<\/p>\n\n\n\n<p>Mardi 28 novembre \u00e0 10h30 en l&rsquo;\u00e9glise<strong> <\/strong>de Corbarieu<br>Fun\u00e9railles de  Madame Am\u00e9lie SCHIEVENE<\/p>\n\n\n\n<p>Mardi 28 novembre \u00e0 10h30 en l&rsquo;\u00e9glise<strong> <\/strong>de Villebrumier suivies de l&rsquo;inhumation au cimeti\u00e8re de Verlhac-Tescou<br>Fun\u00e9railles de  Monsieur Gabriel JEAN<\/p>\n\n\n\n<p>Lundi 27  novembre \u00e0 15h00 en l&rsquo;\u00e9glise<strong> <\/strong>de Bressols suivies de l&rsquo;inhumation au cimeti\u00e8re de Saint-Sulpice-la-Pointe<br>Fun\u00e9railles de  Madame Jacqueline DELRIEU<\/p>\n\n\n\n<hr class=\"wp-block-separator has-alpha-channel-opacity\"\/>\n\n\n\n<h6 class=\"wp-block-heading has-global-color-8-color has-text-color has-link-color wp-elements-db02b67c69dac750732beb2c7ed7602e\" id=\"semaine-du-30-janvier-au-5-fevrier\">Semaine du 19 au 25 novembre<\/h6>\n\n\n\n<p>Mardi 21 novembre \u00e0 15h00 en l&rsquo;\u00e9glise<strong> <\/strong>de Saint-Nauphary<br>Fun\u00e9railles de  Monsieur Andr\u00e9 DOUAT<\/p>\n\n\n\n<p>Lundi 20 novembre \u00e0 10h30 en l&rsquo;\u00e9glise<strong> <\/strong>d&rsquo;Orgueil<br>Fun\u00e9railles de  Monsieur Marc SAULLE<\/p>\n\n\n\n<hr class=\"wp-block-separator has-alpha-channel-opacity\"\/>\n\n\n\n<h6 class=\"wp-block-heading has-global-color-8-color has-text-color has-link-color wp-elements-e90b4b946853787bdb2e1297ad8f82a5\" id=\"semaine-du-30-janvier-au-5-fevrier\">Semaine du 5 au 11 novembre<\/h6>\n\n\n\n<p>Mercredi 8 novembre \u00e0 15h00 en l&rsquo;\u00e9glise<strong> <\/strong>d&rsquo;Orgueil<br>Fun\u00e9railles de  Madame Annie CAPELLINI<\/p>\n\n\n\n<p>Mercredi 8 novembre \u00e0 10h30 en l&rsquo;\u00e9glise<strong> <\/strong>de Labastide-Saint-Pierre<br>Fun\u00e9railles de  Madame Odette VACQUIER<\/p>\n\n\n\n<hr class=\"wp-block-separator has-alpha-channel-opacity\"\/>\n\n\n\n<h6 class=\"wp-block-heading has-global-color-8-color has-text-color has-link-color wp-elements-7a2dce20735d55226fdd35ae63b79da1\" id=\"semaine-du-30-janvier-au-5-fevrier\">Semaine du 29 octobre au 4 novembre<\/h6>\n\n\n\n<p>Jeudi 2 novembre \u00e0 15h00 en l&rsquo;\u00e9glise<strong> <\/strong>de Varennes<br>Fun\u00e9railles de  Madame Th\u00e9r\u00e8se DURIEZ<\/p>\n\n\n\n<p>Mardi 31 octobre \u00e0 15h00 en l&rsquo;\u00e9glise<strong> <\/strong>d&rsquo;Orgueil, inhumation dans le cimeti\u00e8re de Nohic<br>Fun\u00e9railles de  Madame Christiane GARCIA<\/p>\n\n\n\n<hr class=\"wp-block-separator has-alpha-channel-opacity\"\/>\n\n\n\n<h6 class=\"wp-block-heading\" id=\"semaine-du-30-janvier-au-5-fevrier\">Semaine du 15 au 21 octobre<\/h6>\n\n\n\n<p>Jeudi 19 octobre \u00e0 10h30 en l&rsquo;\u00e9glise<strong> <\/strong>de Villebrumier<br>Fun\u00e9railles de  Monsieur Marc COLLIN<\/p>\n\n\n\n<p>Mardi 17 octobre \u00e0 10h00 en l&rsquo;\u00e9glise<strong> <\/strong>de Reyni\u00e8s, inhumation dans le cimeti\u00e8re de Nohic<br>Fun\u00e9railles de  Monsieur Patrick GARRIGUES<\/p>\n\n\n\n<hr class=\"wp-block-separator has-alpha-channel-opacity\"\/>\n\n\n\n<h6 class=\"wp-block-heading\" id=\"semaine-du-30-janvier-au-5-fevrier\">Semaine du 8 au 14 octobre<\/h6>\n\n\n\n<p>Vendredi 13 octobre \u00e0 15h00 en l&rsquo;\u00e9glise<strong> <\/strong>de Brial<br>Fun\u00e9railles de  Madame Odette ORLIAC<\/p>\n\n\n\n<p>Mardi 10 octobre \u00e0 10h00 en l&rsquo;\u00e9glise<strong> <\/strong>de Corbarieu<br>Fun\u00e9railles de  Monsieur Yannick LEPOIX<\/p>\n\n\n\n<hr class=\"wp-block-separator has-alpha-channel-opacity\"\/>\n\n\n\n<h6 class=\"wp-block-heading\" id=\"semaine-du-30-janvier-au-5-fevrier\">Semaine du 1er au 7 octobre<\/h6>\n\n\n\n<p>Vendredi 6 octobre \u00e0 15h00 en l&rsquo;\u00e9glise<strong> <\/strong>d&rsquo;Orgueil<br>Fun\u00e9railles de  Monsieur Francisco FERNANDEZ<\/p>\n\n\n\n<hr class=\"wp-block-separator has-alpha-channel-opacity\"\/>\n\n\n\n<h6 class=\"wp-block-heading\" id=\"semaine-du-30-janvier-au-5-fevrier\">Semaine du 17 au 23 septembre<\/h6>\n\n\n\n<p>Jeudi 21 septembre \u00e0 10h00 en l&rsquo;\u00e9glise<strong> <\/strong>de Labastide-Saint-Pierre<br>Fun\u00e9railles de  Monsieur G\u00e9rard VIGNI\u00c9<\/p>\n\n\n\n<p>Mardi 19 septembre \u00e0 15h00 en l&rsquo;\u00e9glise<strong> <\/strong>de Labastide-Saint-Pierre<br>Fun\u00e9railles de  Madame Andr\u00e9e LOPES<\/p>\n\n\n\n<hr class=\"wp-block-separator has-alpha-channel-opacity\"\/>\n\n\n\n<h6 class=\"wp-block-heading\" id=\"semaine-du-30-janvier-au-5-fevrier\">Semaine du 11 au 16 septembre<\/h6>\n\n\n\n<p>Jeudi 14 septembre \u00e0 15h00 en l&rsquo;\u00e9glise<strong> <\/strong>d\u00a0\u00bbOrgueil<br>Fun\u00e9railles de  Madame Solange TOMAS<\/p>\n\n\n\n<p>Mercredi 13 septembre \u00e0 11h00 en l&rsquo;\u00e9glise<strong> <\/strong>de Varennes<br>Fun\u00e9railles de  Madame Lydie DE GRANDIS<\/p>\n\n\n\n<hr class=\"wp-block-separator has-alpha-channel-opacity\"\/>\n\n\n\n<h6 class=\"wp-block-heading\" id=\"semaine-du-30-janvier-au-5-fevrier\">Semaine du 27 ao\u00fbt au 2 septembre<\/h6>\n\n\n\n<p>Vendredi 1er septembre \u00e0 10h30 en l&rsquo;\u00e9glise<strong> <\/strong>de Villebrumier<br>Fun\u00e9railles de  Madame Madeleine RAYNAL<\/p>\n\n\n\n<p>Mardi 29  ao\u00fbt \u00e0 10h30 en l&rsquo;\u00e9glise<strong> <\/strong>de Labastide-Saint-Pierre<br>Fun\u00e9railles de  Madame Marine PAYOUX<\/p>\n\n\n\n<hr class=\"wp-block-separator has-alpha-channel-opacity\"\/>\n\n\n\n<h6 class=\"wp-block-heading\" id=\"semaine-du-30-janvier-au-5-fevrier\">Semaine du 20 au 26 ao\u00fbt<\/h6>\n\n\n\n<p>Jeudi 24  ao\u00fbt \u00e0 10h30 en l&rsquo;\u00e9glise<strong> <\/strong>de Reyni\u00e8s<br>Fun\u00e9railles de  Madame Albine CHAMBARON<\/p>\n\n\n\n<hr class=\"wp-block-separator has-alpha-channel-opacity\"\/>\n\n\n\n<h6 class=\"wp-block-heading\" id=\"semaine-du-30-janvier-au-5-fevrier\">Semaine du 13 au 19 ao\u00fbt<\/h6>\n\n\n\n<p>Lundi 14  ao\u00fbt \u00e0 15h00 en l&rsquo;\u00e9glise<strong> <\/strong>de Bressols<br>Fun\u00e9railles de  Madame Mireille LINAS<\/p>\n\n\n\n<hr class=\"wp-block-separator has-alpha-channel-opacity\"\/>\n\n\n\n<h6 class=\"wp-block-heading\" id=\"semaine-du-30-janvier-au-5-fevrier\">Semaine du 6 au 12 ao\u00fbt<\/h6>\n\n\n\n<p>Jeudi 10  ao\u00fbt \u00e0 16h00 en l&rsquo;\u00e9glise<strong> <\/strong>de Bressols<br>Fun\u00e9railles de  Madame Olga GAILLARD<\/p>\n\n\n\n<p>Lundi 7  ao\u00fbt \u00e0 10h00 en l&rsquo;\u00e9glise<strong> <\/strong>de Corbarieu<br>Fun\u00e9railles de  Monsieur Jean Pierre VACCARI<\/p>\n\n\n\n<p>Lundi 7  ao\u00fbt \u00e0 15h00 en l&rsquo;\u00e9glise<strong> <\/strong>de Labastide-Saint-Pierre<br>Fun\u00e9railles de  Monsieur Andr\u00e9 LATOU<\/p>\n\n\n\n<hr class=\"wp-block-separator has-alpha-channel-opacity\"\/>\n\n\n\n<h6 class=\"wp-block-heading\" id=\"semaine-du-30-janvier-au-5-fevrier\">Semaine du 30 juillet au 5 ao\u00fbt<\/h6>\n\n\n\n<p>Jeudi 3 ao\u00fbt \u00e0 11h00 en l&rsquo;\u00e9glise<strong> <\/strong>de Reyni\u00e8s suivies de ,l&rsquo;inhumation au cimeti\u00e8re de Labastide-Saint-Pierre<br>Fun\u00e9railles de  Madame Georgette SAVOYE<\/p>\n\n\n\n<p>Mercredi 2 ao\u00fbt \u00e0 11h00 en l&rsquo;\u00e9glise<strong> <\/strong>de Reyni\u00e8s<br>Fun\u00e9railles de  Monsieur Jean-Yves DIGREGORIO<\/p>\n\n\n\n<hr class=\"wp-block-separator has-alpha-channel-opacity\"\/>\n\n\n\n<h6 class=\"wp-block-heading\" id=\"semaine-du-30-janvier-au-5-fevrier\">Semaine du 13 au 29 juillet<\/h6>\n\n\n\n<p>Vendredi 28  juillet \u00e0 10h30 en l&rsquo;\u00e9glise<strong> <\/strong>de Bressols<br>Fun\u00e9railles de  Madame Annie BAUREL<\/p>\n\n\n\n<hr class=\"wp-block-separator has-alpha-channel-opacity\"\/>\n\n\n\n<h6 class=\"wp-block-heading\" id=\"semaine-du-30-janvier-au-5-fevrier\">Semaine du 16 au 22 juillet<\/h6>\n\n\n\n<p>Lundi 17  juillet \u00e0 15h00 en l&rsquo;\u00e9glise<strong> <\/strong>de Labastide-Saint-Pierre<br>Fun\u00e9railles de  Monsieur Jean Pierre ZANIN<\/p>\n\n\n\n<hr class=\"wp-block-separator has-alpha-channel-opacity\"\/>\n\n\n\n<h6 class=\"wp-block-heading\" id=\"semaine-du-30-janvier-au-5-fevrier\">Semaine du 9 au 15 juillet<\/h6>\n\n\n\n<p>Mercredi 12  juillet \u00e0 10h30 en l&rsquo;\u00e9glise<strong> <\/strong>de Labastide-Saint-Pierre<br>Fun\u00e9railles de  Monsieur Antoine ARRAEZ<\/p>\n\n\n\n<hr class=\"wp-block-separator has-alpha-channel-opacity\"\/>\n\n\n\n<h6 class=\"wp-block-heading\" id=\"semaine-du-30-janvier-au-5-fevrier\">Semaine du 2 au 8 juillet<\/h6>\n\n\n\n<p>Vendredi 7 juillet \u00e0 10h30 en l&rsquo;\u00e9glise<strong> <\/strong>de Labastide-Saint-Pierre<br>Fun\u00e9railles de  Monsieur Henri PRUNET<\/p>\n\n\n\n<hr class=\"wp-block-separator has-alpha-channel-opacity\"\/>\n\n\n\n<h6 class=\"wp-block-heading\" id=\"semaine-du-30-janvier-au-5-fevrier\">Semaine du 18 au 24 juin<\/h6>\n\n\n\n<p>Vendredi 23 juin \u00e0 15h00 en l&rsquo;\u00e9glise<strong> <\/strong>de Bressols<br>Fun\u00e9railles de  Madame Jeannine ASTOUL<\/p>\n\n\n\n<hr class=\"wp-block-separator has-alpha-channel-opacity\"\/>\n\n\n\n<h6 class=\"wp-block-heading\" id=\"semaine-du-30-janvier-au-5-fevrier\">Semaine du 4 au 10 juin<\/h6>\n\n\n\n<p>Lundi 5 juin \u00e0 14h30 en l&rsquo;\u00e9glise<strong> <\/strong>de Varennes<br>Fun\u00e9railles de  Madame Marie Laure FREYCENET<\/p>\n\n\n\n<p>Lundi 5 juin \u00e0 10h30 en l&rsquo;\u00e9glise<strong> <\/strong>de Corbarieu<br>Fun\u00e9railles de  Monsieur Edmond CAILLAN<\/p>\n\n\n\n<hr class=\"wp-block-separator has-alpha-channel-opacity\"\/>\n\n\n\n<h6 class=\"wp-block-heading\" id=\"semaine-du-30-janvier-au-5-fevrier\">Semaine du 28 mai au 3 juin<\/h6>\n\n\n\n<p>Jeudi 1er juin \u00e0 10h30 en l&rsquo;\u00e9glise<strong> <\/strong>de Labastide-Saint-Pierre<br>Fun\u00e9railles de  Madame Maria MARTY<\/p>\n\n\n\n<hr class=\"wp-block-separator has-alpha-channel-opacity\"\/>\n\n\n\n<h6 class=\"wp-block-heading\" id=\"semaine-du-30-janvier-au-5-fevrier\">Semaine du 21 au 27 mai<\/h6>\n\n\n\n<p>Lundi 22 mai \u00e0 15h00 en l&rsquo;\u00e9glise<strong> <\/strong>de Reyni\u00e8s suivies de l&rsquo;inhumation au cimeti\u00e8re de Varennes<br>Fun\u00e9railles de  Madame Aline GUIRAO<\/p>\n\n\n\n<hr class=\"wp-block-separator has-alpha-channel-opacity\"\/>\n\n\n\n<h6 class=\"wp-block-heading\" id=\"semaine-du-30-janvier-au-5-fevrier\">Semaine du 14 au 20 mai<\/h6>\n\n\n\n<p>Vendredi 19 mai \u00e0 10h30 en l&rsquo;\u00e9glise<strong> <\/strong>de Labastide-Saint-Pierre<br>Fun\u00e9railles de  Monsieur Balthazard PIZZO<\/p>\n\n\n\n<p>Mardi 16 mai \u00e0 10h00 en l&rsquo;\u00e9glise<strong> <\/strong>de Labastide-Saint-Pierre<br>Fun\u00e9railles de  Madame Christiane GALAN<\/p>\n\n\n\n<hr class=\"wp-block-separator has-alpha-channel-opacity\"\/>\n\n\n\n<h6 class=\"wp-block-heading\" id=\"semaine-du-30-janvier-au-5-fevrier\">Semaine du 30 avril au 6 mai<\/h6>\n\n\n\n<p>Jeudi 4 mai \u00e0 15h00 en l&rsquo;\u00e9glise<strong> <\/strong>de Labastide-Saint-Pierre<br>Fun\u00e9railles de  Madame Paulette BONNIN<\/p>\n\n\n\n<p>Mercredi 3 mai \u00e0 10h00 en l&rsquo;\u00e9glise<strong> <\/strong>de Villebrumier<br>Fun\u00e9railles de  Madame Brigitte LIAGRE<\/p>\n\n\n\n<hr class=\"wp-block-separator has-alpha-channel-opacity\"\/>\n\n\n\n<h6 class=\"wp-block-heading\" id=\"semaine-du-30-janvier-au-5-fevrier\">Semaine du 23 au 29 avril<\/h6>\n\n\n\n<p>Jeudi 27 avril \u00e0 15h00 en l&rsquo;\u00e9glise<strong> <\/strong>de Brial<br>Fun\u00e9railles de  Madame Simone BLANDINO<\/p>\n\n\n\n<p>Mercredi 26 avril \u00e0 15h00 en l&rsquo;\u00e9glise<strong> <\/strong>de Labastide-Saint-Pierre<br>Fun\u00e9railles de  Monsieur Alain BILLOIR<\/p>\n\n\n\n<hr class=\"wp-block-separator has-alpha-channel-opacity\"\/>\n\n\n\n<h6 class=\"wp-block-heading\" id=\"semaine-du-30-janvier-au-5-fevrier\">Semaine du 16 au 22 avril<\/h6>\n\n\n\n<p>Mardi 18 avril \u00e0 15h00 en l&rsquo;\u00e9glise<strong> <\/strong>d&rsquo;Orgueil &#8211; Inhumation dans le cimeti\u00e8re de Nohic<br>Fun\u00e9railles de  Monsieur \u00c9mile MONTEILLET<\/p>\n\n\n\n<hr class=\"wp-block-separator has-alpha-channel-opacity\"\/>\n\n\n\n<h6 class=\"wp-block-heading\" id=\"semaine-du-30-janvier-au-5-fevrier\">Semaine du 9 au 15 avril<\/h6>\n\n\n\n<p>Jeudi 12 avril \u00e0 10h30 en l&rsquo;\u00e9glise<strong> <\/strong>de Labastide-Saint-Pierre<br>Fun\u00e9railles de  Madame Marie Louise GARY<\/p>\n\n\n\n<hr class=\"wp-block-separator has-alpha-channel-opacity\"\/>\n\n\n\n<h6 class=\"wp-block-heading\" id=\"semaine-du-30-janvier-au-5-fevrier\">Semaine du 2 au 8 avril<\/h6>\n\n\n\n<p>Vendredi  7 avril \u00e0 10h00 en l&rsquo;\u00e9glise<strong> <\/strong>de Brial<br>Fun\u00e9railles de  Madame Lucette CARDETTI<\/p>\n\n\n\n<p>Mercredi 5 avril \u00e0 09h45 en l&rsquo;\u00e9glise<strong> <\/strong>de Reyni\u00e8s<br>Fun\u00e9railles de  Madame Marie C\u00e9cile MAHMOUDI<\/p>\n\n\n\n<hr class=\"wp-block-separator has-alpha-channel-opacity\"\/>\n\n\n\n<h6 class=\"wp-block-heading\" id=\"semaine-du-30-janvier-au-5-fevrier\">Semaine du 19 au 25 mars<\/h6>\n\n\n\n<p>Vendredi 24 mars \u00e0 15h00 en l&rsquo;\u00e9glise<strong> <\/strong>de Labastide-Saint-Pierre<br>Fun\u00e9railles de  Monsieur Georges CARBONEL<\/p>\n\n\n\n<hr class=\"wp-block-separator has-alpha-channel-opacity\"\/>\n\n\n\n<h6 class=\"wp-block-heading\" id=\"semaine-du-30-janvier-au-5-fevrier\">Semaine du 12 au 18 mars<\/h6>\n\n\n\n<p>Mercredi 15 mars \u00e0 10h30 en l&rsquo;\u00e9glise<strong> <\/strong>de Corbarieu<br>Fun\u00e9railles de  Madame Mado URBANSKI<\/p>\n\n\n\n<hr class=\"wp-block-separator has-alpha-channel-opacity\"\/>\n\n\n\n<h6 class=\"wp-block-heading\" id=\"semaine-du-30-janvier-au-5-fevrier\">Semaine du 5 au 11 mars<\/h6>\n\n\n\n<p>Jeudi 9 mars \u00e0 10h30 en l&rsquo;\u00e9glise<strong> <\/strong>de Villebrumier<br>Fun\u00e9railles de  Monsieur Jean-Luc AUBRY<\/p>\n\n\n\n<hr class=\"wp-block-separator has-alpha-channel-opacity\"\/>\n\n\n\n<h6 class=\"wp-block-heading\" id=\"semaine-du-30-janvier-au-5-fevrier\">Semaine du 28 f\u00e9vrier au 4 mars<\/h6>\n\n\n\n<p>Jeudi 2 mars \u00e0 11h00 en l&rsquo;\u00e9glise<strong> <\/strong>de Corbarieu<br>Fun\u00e9railles de  Monsieur Jean-Pierre ANDRIOLO<\/p>\n\n\n\n<hr class=\"wp-block-separator has-alpha-channel-opacity\"\/>\n\n\n\n<h6 class=\"wp-block-heading\" id=\"semaine-du-30-janvier-au-5-fevrier\">Semaine du 19 au 25 f\u00e9vrier<\/h6>\n\n\n\n<p>Vendredi 24 f\u00e9vrier \u00e0 10h00 en l&rsquo;\u00e9glise de Bressols<br>Fun\u00e9railles de  Madame Marthe DESBALS<\/p>\n\n\n\n<hr class=\"wp-block-separator has-alpha-channel-opacity\"\/>\n\n\n\n<h6 class=\"wp-block-heading\" id=\"semaine-du-30-janvier-au-5-fevrier\">Semaine du 29 janvier au 4 f\u00e9vrier<\/h6>\n\n\n\n<p>Lundi 6 f\u00e9vrier \u00e0 10h30 en l&rsquo;\u00e9glise de Bressols<br>Fun\u00e9railles de  Monsieur Maurice VIGUIER<\/p>\n\n\n\n<p>Mardi 31  janvier \u00e0 15h00 en l&rsquo;\u00e9glise de Brial<br>Fun\u00e9railles de  Monsieur Joseph ONNO<\/p>\n\n\n\n<hr class=\"wp-block-separator has-alpha-channel-opacity\"\/>\n\n\n\n<h6 class=\"wp-block-heading\" id=\"semaine-du-30-janvier-au-5-fevrier\">Semaine du 8 au 14 janvier<\/h6>\n\n\n\n<p>Mardi 10  janvier \u00e0 10h30 en l&rsquo;\u00e9glise de Villebrumier<br>Fun\u00e9railles de  Madame Mar\u00e8se CAUSSADE<\/p>\n\n\n\n<hr class=\"wp-block-separator has-alpha-channel-opacity\"\/>\n\n\n\n<h6 class=\"wp-block-heading\" id=\"semaine-du-30-janvier-au-5-fevrier\">Semaine du 1er au 7 janvier<\/h6>\n\n\n\n<p>Jeudi 5 janvier \u00e0 15h00 en l&rsquo;\u00e9glise de Corbarieu<br>Fun\u00e9railles de  Monsieur Robert DULOUBE<\/p>\n\n\n\n<p>Jeudi 5 janvier \u00e0 15h00 en l&rsquo;\u00e9glise d&rsquo;Orgueil<br>Fun\u00e9railles de  Monsieur Michel SIMONIN<\/p>\n\n\n\n<p>Jeudi 5 janvier \u00e0 10h30 en l&rsquo;\u00e9glise de <strong>Rey<\/strong>n<strong>i\u00e8s<\/strong>, suivie de l&rsquo;inhumation au cimeti\u00e8re d&rsquo;Orgueil<br>Fun\u00e9railles de  Monsieur Michel SOULI\u00c9<\/p>\n\n\n\n<hr class=\"wp-block-separator has-alpha-channel-opacity\"\/>\n\n\n\n<h5 class=\"wp-block-heading has-text-color has-link-color wp-elements-58ef596aa3bd19cdc6efa7eae1810cfa\" id=\"funan2022\" style=\"color:#d54141\"><strong>Ann\u00e9e 2022<\/strong><\/h5>\n\n\n\n<hr class=\"wp-block-separator has-alpha-channel-opacity\"\/>\n\n\n\n<h6 class=\"wp-block-heading\" id=\"semaine-du-30-janvier-au-5-fevrier\">Semaine du 18 au 24 d\u00e9cembre<\/h6>\n\n\n\n<p>Mercredi 21 d\u00e9cembre \u00e0 10h30 en l&rsquo;\u00e9glise de Reyn<strong>i\u00e8s<\/strong><br>Fun\u00e9railles de  Monsieur Roger MALFRE<\/p>\n\n\n\n<p>Mardi 20 d\u00e9cembre \u00e0 15h00 en l&rsquo;\u00e9glise de Labastide-Saint-Pierre<br>Fun\u00e9railles de Madame Lucienne MUSTEL<\/p>\n\n\n\n<p>Mardi 20 d\u00e9cembre \u00e0 10h30 en l&rsquo;\u00e9glise de Labastide-Saint-Pierre<br>Fun\u00e9railles de Monsieur Jacques SANCHEZ<\/p>\n\n\n\n<p>Lundi 19 d\u00e9cembre \u00e0 10h00 en l&rsquo;\u00e9glise de Reyni\u00e8s &#8211; Pour la paroisse de Nohic<br>Fun\u00e9railles de  Madame Fernande BENASSAC<\/p>\n\n\n\n<hr class=\"wp-block-separator has-alpha-channel-opacity\"\/>\n\n\n\n<h6 class=\"wp-block-heading\" id=\"semaine-du-30-janvier-au-5-fevrier\">Semaine du 11 au 17 d\u00e9cembre<\/h6>\n\n\n\n<p>Jeudi 14 d\u00e9cembre \u00e0 15h00 en l&rsquo;\u00e9glise de Corbarieu<br>Fun\u00e9railles de monsieur  Monsieur Philippe GOMBERT<\/p>\n\n\n\n<p>Lundi 12 d\u00e9cembre \u00e0 15h00 en l&rsquo;\u00e9glise de Bressols<br>Fun\u00e9railles de monsieur  Madame \u00c9va VERP<\/p>\n\n\n\n<hr class=\"wp-block-separator has-alpha-channel-opacity\"\/>\n\n\n\n<h6 class=\"wp-block-heading\" id=\"semaine-du-30-janvier-au-5-fevrier\">Semaine du 4 au 10 d\u00e9cembre<\/h6>\n\n\n\n<p>Jeudi 8 d\u00e9cembre \u00e0 10h00 en l&rsquo;\u00e9glise de Labastide-Saint-Pierre<br>Fun\u00e9railles de monsieur  Madame Simone VIGUI\u00c9<\/p>\n\n\n\n<hr class=\"wp-block-separator has-alpha-channel-opacity\"\/>\n\n\n\n<h6 class=\"wp-block-heading\" id=\"semaine-du-30-janvier-au-5-fevrier\">Semaine du 20 au 26 novembre<\/h6>\n\n\n\n<p><strong>Mardi 29 novembre<\/strong> \u00e0 15h00 en l&rsquo;\u00e9glise de <strong>Labastide-Saint-Pierre<\/strong><br>Fun\u00e9railles de monsieur  <strong><strong>Monsieur Henry LARTIGUE<\/strong><\/strong><\/p>\n\n\n\n<hr class=\"wp-block-separator has-alpha-channel-opacity\"\/>\n\n\n\n<h6 class=\"wp-block-heading\" id=\"semaine-du-30-janvier-au-5-fevrier\">Semaine du 20 au 26 novembre<\/h6>\n\n\n\n<p>Mercredi 23 novembre \u00e0 15h00 en l&rsquo;\u00e9glise de Reyni\u00e8s<br>Fun\u00e9railles de monsieur  Monsieur Jean-Luc LESCRAINIER <\/p>\n\n\n\n<hr class=\"wp-block-separator has-alpha-channel-opacity\"\/>\n\n\n\n<h6 class=\"wp-block-heading\" id=\"semaine-du-30-janvier-au-5-fevrier\">Semaine du 6 au 12 novembre<\/h6>\n\n\n\n<p>Mercredi 9 novembre \u00e0 15h00 en l&rsquo;\u00e9glise de Bressols<br>Fun\u00e9railles de monsieur  Madame Marguerite MOREL&nbsp;<\/p>\n\n\n\n<p>Mardi 8 novembre \u00e0 15h00 en l&rsquo;\u00e9glise de Reyni\u00e8s<br>Fun\u00e9railles de monsieur  Monsieur Konrad PRZYRACKI&nbsp;suivies de l\u2019inhumation au&nbsp;<a href=\"https:\/\/www.diocese-montauban.fr\/grand-montauban\/paroisses\/reynies\/les-eglises-et-chapelles\/nohic-eglise-saint-saturnin\/\" target=\"_blank\" rel=\"noreferrer noopener\">cimeti\u00e8re de Nohic<\/a><\/p>\n\n\n\n<hr class=\"wp-block-separator has-alpha-channel-opacity\"\/>\n\n\n\n<h6 class=\"wp-block-heading\" id=\"semaine-du-30-janvier-au-5-fevrier\">Semaine du 30 octobre au 5 novembre<\/h6>\n\n\n\n<p>Lundi 31 octobre \u00e0 15h00 en l&rsquo;\u00e9glise de Labastide-Saint-Pierre<br>Fun\u00e9railles de monsieur  Jean Jacques ROUX<\/p>\n\n\n\n<hr class=\"wp-block-separator has-alpha-channel-opacity\"\/>\n\n\n\n<h6 class=\"wp-block-heading\" id=\"semaine-du-30-janvier-au-5-fevrier\">Semaine du 23 au 29 octobre<\/h6>\n\n\n\n<p>Mercredi 26 octobre \u00e0 10h00 en l&rsquo;\u00e9glise de Reyni\u00e8s<br>Fun\u00e9railles de madame  Monique COFFIGNAL<\/p>\n\n\n\n<hr class=\"wp-block-separator has-alpha-channel-opacity\"\/>\n\n\n\n<h6 class=\"wp-block-heading\" id=\"semaine-du-30-janvier-au-5-fevrier\">Semaine du 16 au 22 octobre<\/h6>\n\n\n\n<p>Vendredi 21 octobre \u00e0 16h30 en l&rsquo;\u00e9glise de Villebrumier<br>Fun\u00e9railles de monsieur  Jean CATHALA<\/p>\n\n\n\n<p>Vendredi 21 octobre \u00e0 15h00 en l&rsquo;\u00e9glise de Bressols<br>Fun\u00e9railles de monsieur  Yvan CHARLOT<\/p>\n\n\n\n<p>Mardi 18 octobre \u00e0 150h00 en l&rsquo;\u00e9glise de Villebrumier<br>Fun\u00e9railles de madame  Aurore FOURNIER<\/p>\n\n\n\n<hr class=\"wp-block-separator has-css-opacity\"\/>\n\n\n\n<h6 class=\"wp-block-heading\" id=\"semaine-du-30-janvier-au-5-fevrier\">Semaine du 9 au 15 octobre<\/h6>\n\n\n\n<p>Mercredi 12 octobre \u00e0 10h00 en l&rsquo;\u00e9glise de Reyni\u00e8s<br>Fun\u00e9railles de madame  Andr\u00e9e TOUSSAINT<\/p>\n\n\n\n<p>Mardi 11 octobre \u00e0 15h00 en l&rsquo;\u00e9glise de Labastide-Saint-Pierre<br>Fun\u00e9railles de madame  Nicole PADI\u00c9<\/p>\n\n\n\n<hr class=\"wp-block-separator has-css-opacity\"\/>\n\n\n\n<h6 class=\"wp-block-heading\" id=\"semaine-du-30-janvier-au-5-fevrier\">Semaine du 2 au 8 octobre<\/h6>\n\n\n\n<p>Vendredi 7 octobre \u00e0 15h00 en l&rsquo;\u00e9glise de Bressols<br>Fun\u00e9railles de madame  Adriana LAGUILLE<\/p>\n\n\n\n<hr class=\"wp-block-separator has-css-opacity\"\/>\n\n\n\n<h6 class=\"wp-block-heading\" id=\"semaine-du-30-janvier-au-5-fevrier\">Semaine du 25 septembre au 1er octobre<\/h6>\n\n\n\n<p>Mardi 27 septembre \u00e0 14h30 en l&rsquo;\u00e9glise de Reyni\u00e8s<br>Fun\u00e9railles de madame  Chantal SYNAVE<\/p>\n\n\n\n<hr class=\"wp-block-separator has-css-opacity\"\/>\n\n\n\n<h6 class=\"wp-block-heading\" id=\"semaine-du-30-janvier-au-5-fevrier\">Semaine du 18 au 24 septembre<\/h6>\n\n\n\n<p>Mercredi 21 septembre \u00e0 10h00 en l&rsquo;\u00e9glise de Labastide-Saint-Pierre<br>Fun\u00e9railles de madame  Henriette ALMAYRAC<\/p>\n\n\n\n<hr class=\"wp-block-separator has-css-opacity\"\/>\n\n\n\n<h6 class=\"wp-block-heading\" id=\"semaine-du-30-janvier-au-5-fevrier\">Semaine du 11 au 17 septembre<\/h6>\n\n\n\n<p>Lundi 12 septembre \u00e0 14h00 en l&rsquo;\u00e9glise de Labastide-Saint-Pierre<br>Fun\u00e9railles de monsieur  Philippe NOUVEL<\/p>\n\n\n\n<hr class=\"wp-block-separator has-css-opacity\"\/>\n\n\n\n<h6 class=\"wp-block-heading\" id=\"semaine-du-30-janvier-au-5-fevrier\">Semaine du 4 au 10 septembre<\/h6>\n\n\n\n<p>Lundi 5 septembre \u00e0 10h30 en l&rsquo;\u00e9glise de Labastide-Saint-Pierre<br>Fun\u00e9railles de monsieur  Christian PAGNI\u00c9<\/p>\n\n\n\n<hr class=\"wp-block-separator has-css-opacity\"\/>\n\n\n\n<h6 class=\"wp-block-heading\" id=\"semaine-du-30-janvier-au-5-fevrier\">Semaine du 28 ao\u00fbt au 3 septembre<\/h6>\n\n\n\n<p>Mercredi 31 ao\u00fbt \u00e0 10h00 en l&rsquo;\u00e9glise d&rsquo; Orgueil<br>Fun\u00e9railles de monsieur  Georges DAGOS<\/p>\n\n\n\n<p>Mardi 30 ao\u00fbt \u00e0 15h00 en l&rsquo;\u00e9glise d&rsquo; Orgueil, pour la paroisse de Nohic<br>Fun\u00e9railles de monsieur  Manuel Navarro<\/p>\n\n\n\n<hr class=\"wp-block-separator has-css-opacity\"\/>\n\n\n\n<h6 class=\"wp-block-heading\" id=\"semaine-du-30-janvier-au-5-fevrier\">Semaine du 21 au 27 ao\u00fbt<\/h6>\n\n\n\n<p>Vendredi 26 ao\u00fbt \u00e0 14h30 en l&rsquo;\u00e9glise de  Bressols<br>Fun\u00e9railles de monsieur  \u00c9mile LORENT<\/p>\n\n\n\n<p>Mercredi 24 ao\u00fbt \u00e0 14h00 en l&rsquo;\u00e9glise de  Labastide-Saint-Pierre<br>Fun\u00e9railles de madame  Nicole NOUVEL<\/p>\n\n\n\n<p>Mardi 23 ao\u00fbt \u00e0 15h00 en l&rsquo;\u00e9glise de  Bressols<br>Fun\u00e9railles de monsieur  Jean GINESTE<\/p>\n\n\n\n<hr class=\"wp-block-separator has-css-opacity\"\/>\n\n\n\n<h6 class=\"wp-block-heading\" id=\"semaine-du-30-janvier-au-5-fevrier\">Semaine du 15 au 20 ao\u00fbt<\/h6>\n\n\n\n<p>Vendredi 19 ao\u00fbt \u00e0 14h30 en l&rsquo;\u00e9glise de  Labastide-Saint-Pierre<br>Fun\u00e9railles de monsieur  Antoine GARCIA<\/p>\n\n\n\n<p>Mercredi 18 ao\u00fbt \u00e0 10h00 en l&rsquo;\u00e9glise d&rsquo; Orgueil<br>Fun\u00e9railles de madame  Gyslaine BOUZIGUES<\/p>\n\n\n\n<p>Mercredi 17 ao\u00fbt \u00e0 15h00 en l&rsquo;\u00e9glise de  Labastide-Saint-Pierre<br>Fun\u00e9railles de madame  Adolfina VANZETTO<\/p>\n\n\n\n<p>Mardi 16 ao\u00fbt \u00e0 14h30 en l&rsquo;\u00e9glise de  Reyni\u00e8s<br>Fun\u00e9railles de madame  Jeanne DUPUY<\/p>\n\n\n\n<p>Mardi 16 ao\u00fbt \u00e0 09h30 en l&rsquo;\u00e9glise de  Labastide-Saint-Pierre<br>Fun\u00e9railles de madame  Isabelle NEGRE<\/p>\n\n\n\n<hr class=\"wp-block-separator has-css-opacity\"\/>\n\n\n\n<h6 class=\"wp-block-heading\" id=\"semaine-du-30-janvier-au-5-fevrier\">Semaine du 7 au 14 ao\u00fbt<\/h6>\n\n\n\n<p>Mardi 9 ao\u00fbt \u00e0 16h00 en l&rsquo;\u00e9glise de  Bressols<br>Fun\u00e9railles de madame  Laura RAMALHO<\/p>\n\n\n\n<hr class=\"wp-block-separator has-css-opacity\"\/>\n\n\n\n<h6 class=\"wp-block-heading\" id=\"semaine-du-30-janvier-au-5-fevrier\">Semaine du 24 au 31 juillet<\/h6>\n\n\n\n<p>Vendredi 29 juillet \u00e0 14h30 en l&rsquo;\u00e9glise de  Bressols<br>Fun\u00e9railles de monsieur Michel BOULERAND<\/p>\n\n\n\n<p>Vendredi 29 juillet \u00e0 10h00 en l&rsquo;\u00e9glise de  Bressols<br>Fun\u00e9railles de madame Berthe CHARLOT<\/p>\n\n\n\n<p>Jeudi 28 juillet \u00e0 14h30 en l&rsquo;\u00e9glise de  Corbarieu<br>Fun\u00e9railles de madame Bruna CAPPELLI<\/p>\n\n\n\n<p>Mercredi 27 juillet \u00e0 15h00 en l&rsquo;\u00e9glise de  Varennes<br>Fun\u00e9railles de madame Juliette TAILLEFER<\/p>\n\n\n\n<p>Mercredi 27 juillet \u00e0 10h30 en l&rsquo;\u00e9glise de  Corbarieu<br>Fun\u00e9railles de monsieur Denis URBENSKI<\/p>\n\n\n\n<p>Lundi 25 juillet \u00e0 09h00 en l&rsquo;\u00e9glise de  Villebrumier<br>Fun\u00e9railles de monsieur Jean Charles PIZZINI<\/p>\n\n\n\n<hr class=\"wp-block-separator has-css-opacity\"\/>\n\n\n\n<h6 class=\"wp-block-heading\" id=\"semaine-du-30-janvier-au-5-fevrier\">Semaine du 17 au 23 juillet<\/h6>\n\n\n\n<p>Mercredi 20 juillet \u00e0 10h00 en l&rsquo;\u00e9glise de  Reyni\u00e8s<br>Fun\u00e9railles de monsieur Louis AILHAS<\/p>\n\n\n\n<p>Lundi 18 juillet \u00e0 08h45 en l&rsquo;\u00e9glise de  Labastide-Saint-Pierre<br>Fun\u00e9railles de madame Marie GARCIA<\/p>\n\n\n\n<hr class=\"wp-block-separator has-css-opacity\"\/>\n\n\n\n<h6 class=\"wp-block-heading\" id=\"semaine-du-30-janvier-au-5-fevrier\">Semaine du 10 au 16 juillet<\/h6>\n\n\n\n<p>Mercredi 13 juillet \u00e0 09h30 en l&rsquo;\u00e9glise d&rsquo; Orgueil<br>Fun\u00e9railles de monsieur Michel MUNIZ<\/p>\n\n\n\n<hr class=\"wp-block-separator has-css-opacity\"\/>\n\n\n\n<h6 class=\"wp-block-heading\" id=\"semaine-du-30-janvier-au-5-fevrier\">Semaine du 3 au 9 juillet<\/h6>\n\n\n\n<p>Jeudi 7 juillet \u00e0 10h00 en l&rsquo;\u00e9glise de Labastide-Saint-Pierre<br>Fun\u00e9railles de madame Josette LEVADE<\/p>\n\n\n\n<p>Mercredi 6 juillet \u00e0 15h30 en l&rsquo;\u00e9glise de Reyni\u00e8s<br>Fun\u00e9railles de monsieur Robert VIGOUROUX<\/p>\n\n\n\n<hr class=\"wp-block-separator has-css-opacity\"\/>\n\n\n\n<h6 class=\"wp-block-heading\" id=\"semaine-du-30-janvier-au-5-fevrier\">Semaine du  26 juin au 2 juillet<\/h6>\n\n\n\n<p>Jeudi 30 juin \u00e0 10h00 en l&rsquo;\u00e9glise de Reyni\u00e8s, inhumation dans le cimeti\u00e8re d&rsquo;Orgueil<br>Fun\u00e9railles de monsieur Ghislain ALEXANDRE<\/p>\n\n\n\n<p>Mercredi 29 juin \u00e0 10h00 en l&rsquo;\u00e9glise de Labastide-Saint-Pierre, inhumation dans le cimeti\u00e8re d&rsquo;Orgueil<br>Fun\u00e9railles de monsieur Fran\u00e7ois PATAN\u00c9<\/p>\n\n\n\n<hr class=\"wp-block-separator has-css-opacity\"\/>\n\n\n\n<h6 class=\"wp-block-heading\" id=\"semaine-du-30-janvier-au-5-fevrier\">Semaine du  19 au 25 juin<\/h6>\n\n\n\n<p>Samedi 25 juin \u00e0 09h30 en l&rsquo;\u00e9glise de Bressols<br>Fun\u00e9railles de monsieur Yves CAUDAL<\/p>\n\n\n\n<p>Vendredi 24 juin \u00e0 10h00 en l&rsquo;\u00e9glise de Labastide-Saint-Pierre<br>Fun\u00e9railles de monsieur Fernand BELLOC<\/p>\n\n\n\n<hr class=\"wp-block-separator has-css-opacity\"\/>\n\n\n\n<h6 class=\"wp-block-heading\" id=\"semaine-du-30-janvier-au-5-fevrier\">Semaine du  12 au 18 juin<\/h6>\n\n\n\n<p>Samedi 18 juin \u00e0 10h00 en l&rsquo;\u00e9glise de Bressols<br>Fun\u00e9railles de monsieur Paul BEUNARDEAU<\/p>\n\n\n\n<p>Vendredi 17 juin \u00e0 10h00 en l&rsquo;\u00e9glise de Villebrumier<br>Fun\u00e9railles de monsieur G\u00e9rard POUYDEBAT<\/p>\n\n\n\n<p>Lundi 13 juin \u00e0 14h30 en l&rsquo;\u00e9glise de Reyni\u00e8s<br>Fun\u00e9railles de madame Andr\u00e9e ROBERT<\/p>\n\n\n\n<hr class=\"wp-block-separator has-css-opacity\"\/>\n\n\n\n<h6 class=\"wp-block-heading\" id=\"semaine-du-30-janvier-au-5-fevrier\">Semaine du  5 au 11 juin<\/h6>\n\n\n\n<p>Jeudi 9 juin \u00e0 10h30 en l&rsquo;\u00e9glise de Villebrumier<br>Fun\u00e9railles de monsieur G\u00e9rard BOUCH\u00c9<\/p>\n\n\n\n<p>Mercredi 8  juin \u00e0   en l&rsquo;\u00e9glise de Varennes<br>Fun\u00e9railles de madame Th\u00e9r\u00e8se VIGOUREUX<\/p>\n\n\n\n<hr class=\"wp-block-separator has-css-opacity\"\/>\n\n\n\n<h6 class=\"wp-block-heading\" id=\"semaine-du-30-janvier-au-5-fevrier\">Semaine du  29 mai au 4 juin<\/h6>\n\n\n\n<p>Vendredi 3 juin \u00e0 14h00 en l&rsquo;\u00e9glise de Bressols<br>Fun\u00e9railles de monsieur Guy BENOIT<\/p>\n\n\n\n<hr class=\"wp-block-separator has-css-opacity\"\/>\n\n\n\n<h6 class=\"wp-block-heading\" id=\"semaine-du-30-janvier-au-5-fevrier\">Semaine du  22 au 28 mai<\/h6>\n\n\n\n<p>Lundi 23 mai \u00e0 10h00 en l&rsquo;\u00e9glise de Villebrumier<br>Fun\u00e9railles de monsieur Marcel PROTO<\/p>\n\n\n\n<hr class=\"wp-block-separator has-css-opacity\"\/>\n\n\n\n<h6 class=\"wp-block-heading\" id=\"semaine-du-30-janvier-au-5-fevrier\">Semaine du  8 au 14 mai<\/h6>\n\n\n\n<p>Jeudi 12 mai \u00e0 10h30 en l&rsquo;\u00e9glise de Varennes<br>Fun\u00e9railles de madame Andr\u00e9e NICOULE<\/p>\n\n\n\n<p>Mercredi 11 mai \u00e0 14h30 en l&rsquo;\u00e9glise d&rsquo; Orgueil<br>Fun\u00e9railles de madame Odette SIMONIN<\/p>\n\n\n\n<p>Mercredi 11 mai \u00e0 10h00 en l&rsquo;\u00e9glise de Corbarieu <br>Fun\u00e9railles de madame Maria SCHIEVEN<\/p>\n\n\n\n<p>Mardi 10 mai \u00e0 15h00 en l&rsquo;\u00e9glise de Labastide-Saint-Pierre<br>Fun\u00e9railles de madame Jeannette DUTEIL<\/p>\n\n\n\n<hr class=\"wp-block-separator has-css-opacity\"\/>\n\n\n\n<h6 class=\"wp-block-heading\" id=\"semaine-du-30-janvier-au-5-fevrier\">Semaine du 1er au 7 mai<\/h6>\n\n\n\n<p>Mercredi 4 mai \u00e0 10h00 en l&rsquo;\u00e9glise d&rsquo; Orgueil suivies de l&rsquo;inhumation dans le cimeti\u00e8re de Reyni\u00e8s<br>Fun\u00e9railles de monsieur Fernand LANDREVIE<\/p>\n\n\n\n<hr class=\"wp-block-separator has-css-opacity\"\/>\n\n\n\n<h6 class=\"wp-block-heading\" id=\"semaine-du-30-janvier-au-5-fevrier\">Semaine du 24 au 30 avril<\/h6>\n\n\n\n<p>Vendredi 29 avril \u00e0 15h30 en l&rsquo;\u00e9glise de Reyni\u00e8s<br>Fun\u00e9railles de monsieur Ren\u00e9 TONEGUZZO<\/p>\n\n\n\n<p>Jeudi 28 avril \u00e0 15h30 en l&rsquo;\u00e9glise de Bressols<br>Fun\u00e9railles de madame Gis\u00e8le BOYER<\/p>\n\n\n\n<p>Lundi 25 avril \u00e0 15h00 en l&rsquo;\u00e9glise de Reyni\u00e8s<br>Fun\u00e9railles de monsieur Christian DELSOL<\/p>\n\n\n\n<p>Lundi 25 avril \u00e0 10h30 en l&rsquo;\u00e9glise de Bressols<br>Fun\u00e9railles de monsieur Roger DEHOUCK<\/p>\n\n\n\n<hr class=\"wp-block-separator has-css-opacity\"\/>\n\n\n\n<h6 class=\"wp-block-heading\" id=\"semaine-du-30-janvier-au-5-fevrier\">Semaine du 17 au 23 avril<\/h6>\n\n\n\n<p>Vendredi 22  avril \u00e0 09h30 en l&rsquo;\u00e9glise d&rsquo; Orgueil<br>Fun\u00e9railles de monsieur Pierre BELBEZE<\/p>\n\n\n\n<hr class=\"wp-block-separator has-css-opacity\"\/>\n\n\n\n<h6 class=\"wp-block-heading\" id=\"semaine-du-30-janvier-au-5-fevrier\">Semaine du 10 au 16 avril<\/h6>\n\n\n\n<p>Mardi 12  avril \u00e0 10h00 en l&rsquo;\u00e9glise de Bressols<br>Fun\u00e9railles de madame Fedora RINALDI<\/p>\n\n\n\n<hr class=\"wp-block-separator has-css-opacity\"\/>\n\n\n\n<h6 class=\"wp-block-heading\" id=\"semaine-du-30-janvier-au-5-fevrier\">Semaine du 3 au 9 avril<\/h6>\n\n\n\n<p>Vendredi 8 avril \u00e0 14h00 en l&rsquo;\u00e9glise de Labastide-Saint-Pierre<br>Fun\u00e9railles de madame Jeanine CHIBRAC<\/p>\n\n\n\n<hr class=\"wp-block-separator has-css-opacity\"\/>\n\n\n\n<h6 class=\"wp-block-heading\" id=\"semaine-du-30-janvier-au-5-fevrier\">Semaine du 27 mars au 2 avril<\/h6>\n\n\n\n<p>Jeudi 31 mars \u00e0 10h30 en l&rsquo;\u00e9glise de Bressols<br>Fun\u00e9railles de madame L\u00e9a CAZALS<\/p>\n\n\n\n<p>Mardi 29 mars \u00e0 14h30 en l&rsquo;\u00e9glise de Bressols<br>Fun\u00e9railles de madame Josette COLS<\/p>\n\n\n\n<hr class=\"wp-block-separator has-css-opacity\"\/>\n\n\n\n<h6 class=\"wp-block-heading\" id=\"semaine-du-30-janvier-au-5-fevrier\">Semaine du 13 au 19 mars<\/h6>\n\n\n\n<p>Jeudi 17 mars \u00e0 10h30 en l&rsquo;\u00e9glise de Corbarieu<br>Fun\u00e9railles de monsieur Rino FASAN<\/p>\n\n\n\n<p>Mercredi 16 mars \u00e0 14h00 en l&rsquo;\u00e9glise de Corbarieu<br>Fun\u00e9railles de madame Gabrielle LETTERIE<\/p>\n\n\n\n<p>Mardi 15 mars \u00e0 15h00 en l&rsquo;\u00e9glise de Reyni\u00e8s<br>Fun\u00e9railles de monsieur Andr\u00e9 CARRAT<\/p>\n\n\n\n<p>Mardi 15 mars \u00e0 15h00 en l&rsquo;\u00e9glise de Varennes<br>Fun\u00e9railles de monsieur Raymond POUGET<\/p>\n\n\n\n<p>Mardi 15 mars \u00e0 10h30 en l&rsquo;\u00e9glise de Corbarieu<br>Fun\u00e9railles de madame Madelaine DELFAU<\/p>\n\n\n\n<hr class=\"wp-block-separator has-css-opacity\"\/>\n\n\n\n<h6 class=\"wp-block-heading\" id=\"semaine-du-30-janvier-au-5-fevrier\">Semaine du 6 au 12 mars<\/h6>\n\n\n\n<p>Vendredi 11 mars \u00e0 10h30 en l&rsquo;\u00e9glise de Villebrumier<br>Fun\u00e9railles de madame Juliette GRZESKOWIAK<\/p>\n\n\n\n<p>Jeudi 10 mars \u00e0 14h00 en l&rsquo;\u00e9glise de Labastide-Saint-Pierre<br>Fun\u00e9railles de monsieur Jean Claude CROS<\/p>\n\n\n\n<p>Lundi 7 mars \u00e0 15h00 en l&rsquo;\u00e9glise de Villebrumier<br>Fun\u00e9railles de madame Yvette PROTO<\/p>\n\n\n\n<p>Lundi 7 mars \u00e0 10h00 en l&rsquo;\u00e9glise de Labastide-Saint-Pierre<br>Fun\u00e9railles de monsieur Adolphe MIEULET<\/p>\n\n\n\n<hr class=\"wp-block-separator has-css-opacity\"\/>\n\n\n\n<h6 class=\"wp-block-heading\" id=\"semaine-du-30-janvier-au-5-fevrier\">Semaine du 20 au 26 f\u00e9vrier<\/h6>\n\n\n\n<p>Mercredi 23  f\u00e9vrier \u00e0 14h30 en l&rsquo;\u00e9glise de Brial<br>Fun\u00e9railles de madame Val\u00e9ria NICODEMO<\/p>\n\n\n\n<p>Mardi 22 f\u00e9vrier \u00e0 10h30 en l&rsquo;\u00e9glise de Labastide-Saint-Pierre<br>Fun\u00e9railles de monsieur Joseph MORENO<\/p>\n\n\n\n<hr class=\"wp-block-separator has-css-opacity\"\/>\n\n\n\n<h6 class=\"wp-block-heading\" id=\"semaine-du-30-janvier-au-5-fevrier\">Semaine du 13 au 19 f\u00e9vrier<\/h6>\n\n\n\n<p>Jeudi 17 f\u00e9vrier \u00e0 17h15 en l&rsquo;\u00e9glise de Bressols<br>Fun\u00e9railles de madame Ang\u00e8le DOVAL<\/p>\n\n\n\n<p><strong>Mercredi <\/strong>1<strong>6 f\u00e9vrier<\/strong> \u00e0 10h00 en l&rsquo;\u00e9glise de Labastide-Saint-Pierre<br>Fun\u00e9railles de monsieur Jean-Marie FOURNIER<\/p>\n\n\n\n<hr class=\"wp-block-separator has-css-opacity\"\/>\n\n\n\n<h6 class=\"wp-block-heading\" id=\"semaine-du-30-janvier-au-5-fevrier\">Semaine du 6 au 12 f\u00e9vrier<\/h6>\n\n\n\n<p>Jeudi 10 f\u00e9vrier \u00e0 15h00 en l&rsquo;\u00e9glise de Villebrumier<br>Fun\u00e9railles de madame Th\u00e9r\u00e8se VIALARD<\/p>\n\n\n\n<hr class=\"wp-block-separator has-css-opacity\"\/>\n\n\n\n<h6 class=\"wp-block-heading\" id=\"semaine-du-30-janvier-au-5-fevrier\">Semaine du 30 janvier au 5 f\u00e9vrier<\/h6>\n\n\n\n<p>Jeudi 3 f\u00e9vrier \u00e0 11h00 en l&rsquo;\u00e9glise de Bressols<br>Fun\u00e9railles de madame Isabelle BERTRAND<\/p>\n\n\n\n<p>Jeudi 3 f\u00e9vrier \u00e0 9h30 en l&rsquo;\u00e9glise de Corbarieu<br>Fun\u00e9railles de madame Maria ANGELERIE<\/p>\n\n\n\n<p>Mardi 1er f\u00e9vrier \u00e0 10h00 en l&rsquo;\u00e9glise d&rsquo;Orgueil<br>Fun\u00e9railles de monsieur G\u00e9rard SALOMON<\/p>\n\n\n\n<hr class=\"wp-block-separator has-css-opacity\"\/>\n\n\n\n<h6 class=\"wp-block-heading\" id=\"semaine-du-23-au-29-janvier-2022\">Semaine du 23 au 29 janvier 2022<\/h6>\n\n\n\n<p>Samedi 29 janvier 2022 \u00e0 10h30 en l&rsquo;\u00e9glise de Bressols<br>Fun\u00e9railles de monsieur Oreste LUCARELLO<\/p>\n\n\n\n<p>Mercredi 26 janvier 2022 \u00e0 14h30 en l&rsquo;\u00e9glise de Brial<br>Fun\u00e9railles de madame  Maryse ROCH<\/p>\n\n\n\n<hr class=\"wp-block-separator has-css-opacity\"\/>\n\n\n\n<h6 class=\"wp-block-heading\" id=\"semaine-du-16-au-22-janvier-2022\">Semaine du 16 au 22 janvier 2022<\/h6>\n\n\n\n<p>Mardi 18 janvier 2022 \u00e0 15h00 en l&rsquo;\u00e9glise de Labastide-Saint-Pierre<br>Fun\u00e9railles de madame  Genevi\u00e8ve GAYDE<\/p>\n\n\n\n<hr class=\"wp-block-separator has-css-opacity\"\/>\n\n\n\n<h6 class=\"wp-block-heading\" id=\"semaine-du-9-au-15-janvier-2022\">Semaine du 9 au 15 janvier 2022<\/h6>\n\n\n\n<p>Mercredi 12 janvier 2022 \u00e0 15h00 en l&rsquo;\u00e9glise de Labastide-Saint-Pierre<br>Fun\u00e9railles de monsieur  Georges BENDEGES<\/p>\n\n\n\n<p>Mercredi 12 janvier 2022 \u00e0 10h30 en l&rsquo;\u00e9glise de <strong>Bressols<\/strong><br>Fun\u00e9railles de madame  Jacqueline REJULSKI<\/p>\n\n\n\n<hr class=\"wp-block-separator has-css-opacity\"\/>\n\n\n\n<h6 class=\"wp-block-heading\" id=\"semaine-du-2-au-8-janvier-2022\">Semaine du 2 au 8 janvier 2022<\/h6>\n\n\n\n<p>Jeudi 6 janvier 2022 \u00e0 14h30 en l&rsquo;\u00e9glise de Orgueil<br>Fun\u00e9railles de monsieur  \u00c9ric VOLPE<\/p>\n\n\n\n<hr class=\"wp-block-separator has-css-opacity\"\/>\n\n\n\n<h5 class=\"wp-block-heading has-text-color has-link-color wp-elements-12d1610189d7b5132b5605855fa719cd\" id=\"funan2021\" style=\"color:#d54141\"><strong>Ann\u00e9e 2021<\/strong><\/h5>\n\n\n\n<hr class=\"wp-block-separator has-css-opacity\"\/>\n\n\n\n<h6 class=\"wp-block-heading\" id=\"semaine-du-25-decembre-2021-au-1er-janvier-2022\">Semaine du 25 d\u00e9cembre 2021 au 1er janvier 2022<\/h6>\n\n\n\n<p>Vendredi 31 d\u00e9cembre 2021 \u00e0 15h00 en l&rsquo;\u00e9glise de Labastide-Saint-Pierre<br>Fun\u00e9railles de monsieur  Patrick VERNIER<\/p>\n\n\n\n<p>Mercredi 29 d\u00e9cembre 2021 \u00e0 15h00 en l&rsquo;\u00e9glise de Corbarieu<br>Fun\u00e9railles de madame  Yolande FOUQUESOLLE<\/p>\n\n\n\n<p>Mercredi 29 d\u00e9cembre 2021 \u00e0 10h30 en l&rsquo;\u00e9glise de Labastide-Saint-Pierre<br>Fun\u00e9railles de monsieur  Pierre CALVET<\/p>\n\n\n\n<p>Lundi 27 d\u00e9cembre 2021 \u00e0 15h00 en l&rsquo;\u00e9glise de Labastide-Saint-Pierre<br>Fun\u00e9railles de monsieur  Fran\u00e7ois GUIRADO<\/p>\n\n\n\n<hr class=\"wp-block-separator has-css-opacity is-style-wide\"\/>\n\n\n\n<h6 class=\"wp-block-heading\" id=\"semaine-du-19-au-24-decembre-2021\">Semaine du 19 au 24 d\u00e9cembre 2021<\/h6>\n\n\n\n<p>Jeudi 23 d\u00e9cembre 2021 \u00e0 14h30 en l&rsquo;\u00e9glise de Varennes<br>Fun\u00e9railles de monsieur  Mario DE GRANDIS<\/p>\n\n\n\n<hr class=\"wp-block-separator has-css-opacity\"\/>\n\n\n\n<h6 class=\"wp-block-heading\" id=\"semaine-du-12-au-18-decembre-2021\">Semaine du 12 au 18 d\u00e9cembre 2021<\/h6>\n\n\n\n<p>Jeudi 16 d\u00e9cembre 2021 \u00e0 15h30 en l&rsquo;\u00e9glise de Villebrumier<br>Fun\u00e9railles de monsieur  \u00c9tienne ASTOUL<\/p>\n\n\n\n<p>Lundi 13 d\u00e9cembre 2021 \u00e0 10h30 en l&rsquo;\u00e9glise de Reyni\u00e8s<br>Fun\u00e9railles du P\u00e8re \u00c9mile TALLAGNON, Messe pr\u00e9sid\u00e9e par Monseigneur Bernard GINOUX<\/p>\n\n\n\n<hr class=\"wp-block-separator has-css-opacity\"\/>\n\n\n\n<h6 class=\"wp-block-heading\" id=\"semaine-du-5-au-11-decembre-2021\">Semaine du 5 au 11 d\u00e9cembre 2021<\/h6>\n\n\n\n<p>Mercredi 8 d\u00e9cembre 2021 \u00e0 15h00 en l&rsquo;\u00e9glise de Brial<br>Fun\u00e9railles de Monsieur Bernard SERIEYS<\/p>\n\n\n\n<hr class=\"wp-block-separator has-css-opacity\"\/>\n\n\n\n<h6 class=\"wp-block-heading\" id=\"semaine-du-28-novembre-au-4-decembre-2021\">Semaine du 28 novembre au 4 d\u00e9cembre 2021<\/h6>\n\n\n\n<p>Vendredi 3 d\u00e9cembre 2021 \u00e0 14h30 en l&rsquo;\u00e9glise de Bressols<br>Fun\u00e9railles de Madame Raymonde CARGNINO<\/p>\n\n\n\n<hr class=\"wp-block-separator has-css-opacity\"\/>\n\n\n\n<h6 class=\"wp-block-heading\" id=\"semaine-du-21-au-27-novembre-2021\">Semaine du 21 au 27 novembre 2021<\/h6>\n\n\n\n<p><strong>Vendredi 26 novembre 2021<\/strong> \u00e0 10h00 en l&rsquo;\u00e9glise d&rsquo;<strong>Orgueil<\/strong><br>Fun\u00e9railles de Madame Pierrette CLAUDEL<\/p>\n\n\n\n<hr class=\"wp-block-separator has-css-opacity\"\/>\n\n\n\n<h6 class=\"wp-block-heading\" id=\"semaine-du-14-au-20-novembre-2021\">Semaine du 14 au 20 novembre 2021<\/h6>\n\n\n\n<p>Vendredi 19 novembre 2021 \u00e0 14h30 en l&rsquo;\u00e9glise de Brial<br>Fun\u00e9railles de Monsieur Aim\u00e9 ALAR\u00c7ON<\/p>\n\n\n\n<p>Mardi 16 novembre 2021 \u00e0 15h00 en l&rsquo;\u00e9glise d&rsquo;Orgueil<br>Fun\u00e9railles de Madame Marcelle LAFFON<\/p>\n\n\n\n<p>Lundi 15 novembre 2021 \u00e0 10h00 en l&rsquo;\u00e9glise de Labastide-Saint-Pierre<br>Fun\u00e9railles de Monsieur Claude GALAN<\/p>\n\n\n\n<hr class=\"wp-block-separator has-css-opacity\"\/>\n\n\n\n<h6 class=\"wp-block-heading\" id=\"semaine-du-7-au-13-novembre-2021\">Semaine du 7 au 13 novembre 2021<\/h6>\n\n\n\n<p>Mardi 9 novembre 2021 \u00e0 15h00 en l&rsquo;\u00e9glise de Reyni\u00e8s, suivies de l&rsquo;inhumation dans le cimeti\u00e8re de Nohic<br>Fun\u00e9railles de Madame Colette BOUSSAC<\/p>\n\n\n\n<hr class=\"wp-block-separator has-css-opacity\"\/>\n\n\n\n<h6 class=\"wp-block-heading\" id=\"semaine-du-31-octobre-au-6-novembre-2021\">Semaine du 31 octobre au 6 novembre 2021<\/h6>\n\n\n\n<p>Mercredi 3 novembre 2021 \u00e0 16h00 en l&rsquo;\u00e9glise de Labastide-Saint-Pierre<br>Fun\u00e9railles de Monsieur Joseph FENECH<\/p>\n\n\n\n<p>Mardi 2 novembre 2021 \u00e0 15h00 en l&rsquo;\u00e9glise de Labastide-Saint-Pierre<br>Fun\u00e9railles de Madame Ernestine BELDA<\/p>\n\n\n\n<hr class=\"wp-block-separator has-css-opacity\"\/>\n\n\n\n<h6 class=\"wp-block-heading\" id=\"semaine-du-24-au-30-octobre-2021\">Semaine du 24 au 30 octobre 2021<\/h6>\n\n\n\n<p>Vendredi 29 octobre 2021 \u00e0 15h00 en l&rsquo;\u00e9glise d&rsquo; Orgueil<br>Fun\u00e9railles de Monsieur Jos\u00e9 PEDRICO, suivies de l&rsquo;inhumation au cimeti\u00e8re de Nohic<\/p>\n\n\n\n<p>Vendredi 29 octobre 2021 \u00e0 10h00 en l&rsquo;\u00e9glise de Corbarieu<br>Fun\u00e9railles de Monsieur Pierre BONNEFOUS<\/p>\n\n\n\n<hr class=\"wp-block-separator has-css-opacity\"\/>\n\n\n\n<h6 class=\"wp-block-heading\" id=\"semaine-du-17-au-23-octobre-2021\">Semaine du 17 au 23 octobre 2021<\/h6>\n\n\n\n<p>Mardi 19 octobre 2021 \u00e0 10h30 en l&rsquo;\u00e9glise de Labastide-Saint-Pierre<br>Fun\u00e9railles de Madame Francette BLENGINO<\/p>\n\n\n\n<p>Lundi 18 octobre 2021 \u00e0 10h30 en l&rsquo;\u00e9glise de Labastide-Saint-Pierre<br>Fun\u00e9railles de Madame Huguette TORRENT<\/p>\n\n\n\n<hr class=\"wp-block-separator has-css-opacity\"\/>\n\n\n\n<h6 class=\"wp-block-heading\" id=\"semaine-du-10-au-16-octobre-2021\">Semaine du 10 au 16 octobre 2021<\/h6>\n\n\n\n<p>Mercredi 13 octobre 2021 \u00e0 15h00 en l&rsquo;\u00e9glise de Corbarieu<br>Fun\u00e9railles de Monsieur  Jean TRONCHET<\/p>\n\n\n\n<hr class=\"wp-block-separator has-css-opacity\"\/>\n\n\n\n<h6 class=\"wp-block-heading\" id=\"semaine-du-3-au-9-octobre-2021\">Semaine du 3 au 9 octobre 2021<\/h6>\n\n\n\n<p>Lundi 4 octobre 2021 \u00e0 16h00 en l&rsquo;\u00e9glise de Labastide-Saint-Pierre<br>Fun\u00e9railles de Monsieur  Giovanni IMPERIAL<\/p>\n\n\n\n<p>Lundi 4 octobre 2021 \u00e0 10h00 en l&rsquo;\u00e9glise de Reyni\u00e8s<br>Fun\u00e9railles de Monsieur  Christian LIWARA<\/p>\n\n\n\n<p>Lundi 4 octobre 2021 \u00e0 10h00 en l&rsquo;\u00e9glise de Bressols<br>Fun\u00e9railles de Monsieur  Jos\u00e9 CARDIOSO<\/p>\n\n\n\n<hr class=\"wp-block-separator has-css-opacity\"\/>\n\n\n\n<h6 class=\"wp-block-heading\" id=\"semaine-du-26-septembre-au-2-octobre-2021\">Semaine du 26 septembre au 2 octobre 2021<\/h6>\n\n\n\n<p><strong>Vendredi 1er octobre 2021<\/strong> \u00e0 10h00 en l&rsquo;\u00e9glise de <strong>Bressols<\/strong><br>Fun\u00e9railles de <strong>Monsieur Jean Baptiste BARBER<\/strong><\/p>\n\n\n\n<p>Jeudi 30 septembre 2021 \u00e0 15h00 en l&rsquo;\u00e9glise de Reyni\u00e8s<br>Fun\u00e9railles de Madame Gis\u00e8le LANSINAT<\/p>\n\n\n\n<p>Mercredi 29 septembre 2021 \u00e0 15h00 en l&rsquo;\u00e9glise de Reyni\u00e8s<br>Fun\u00e9railles de Madame H\u00e9l\u00e9na Zofia JORGA<\/p>\n\n\n\n<p>Mardi 28 septembre 2021 \u00e0 10h00 en l&rsquo;\u00e9glise d&rsquo;Orgueil<br>Fun\u00e9railles de Monsieur Claude ENJALBERT<\/p>\n\n\n\n<hr class=\"wp-block-separator has-css-opacity\"\/>\n\n\n\n<h6 class=\"wp-block-heading\" id=\"semaine-du-19-au-25-septembre-2021\">Semaine du 19 au 25 septembre 2021<\/h6>\n\n\n\n<p>Jeudi 23 septembre 2021 \u00e0 10h00 en l&rsquo;\u00e9glise de Villebrumier<br>Fun\u00e9railles de Monsieur Dominique RAYNAL<\/p>\n\n\n\n<p>Lundi 20 septembre 2021 \u00e0 14h15 en l&rsquo;\u00e9glise de Labastide-Saint-Pierre<br>Fun\u00e9railles de Madame Annie BLUMHOFER<\/p>\n\n\n\n<hr class=\"wp-block-separator has-css-opacity\"\/>\n\n\n\n<h6 class=\"wp-block-heading\" id=\"semaine-du-12-au-18-septembre-2021\">Semaine du 12 au 18 septembre 2021<\/h6>\n\n\n\n<p>Mercredi 15 septembre 2021 \u00e0 10h00 en l&rsquo;\u00e9glise de Reyni\u00e8s<br>Fun\u00e9railles de Monsieur Giovanni TINAZZI<\/p>\n\n\n\n<p>Mardi 14 septembre 2021 \u00e0 10h00 en l&rsquo;\u00e9glise de Corbarieu<br>Fun\u00e9railles de Madame Raymonde ROSSIT<\/p>\n\n\n\n<hr class=\"wp-block-separator has-css-opacity\"\/>\n\n\n\n<h6 class=\"wp-block-heading\" id=\"semaine-du-5-au-11-septembre-2021\">Semaine du 5 au 11 septembre 2021<\/h6>\n\n\n\n<p>Vendredi 10 septembre 2021 \u00e0 9h00 en l&rsquo;\u00e9glise de Corbarieu<br>Fun\u00e9railles de Madame Andr\u00e9e BILLARD<\/p>\n\n\n\n<hr class=\"wp-block-separator has-css-opacity\"\/>\n\n\n\n<h6 class=\"wp-block-heading\" id=\"semaine-du-29-aout-au-4-septembre-2021\">Semaine du 29 ao\u00fbt au 4 septembre 2021<\/h6>\n\n\n\n<p>Samedi 4<strong> <\/strong>septembre 2021 \u00e0 9h30 en l&rsquo;\u00e9glise de <strong>Corbarieu<\/strong><br>Fun\u00e9railles de Madame Jacqueline MATTHIEU<\/p>\n\n\n\n<p>Lundi 30  ao\u00fbt 2021 \u00e0 10h00 en l&rsquo;\u00e9glise de Villebrumier<br>Fun\u00e9railles de Madame Jos\u00e9e BISCARRO<\/p>\n\n\n\n<hr class=\"wp-block-separator has-css-opacity\"\/>\n\n\n\n<h6 class=\"wp-block-heading\" id=\"semaine-du-08-au-14-aout-2021\">Semaine du 08 au 14 ao\u00fbt 2021<\/h6>\n\n\n\n<p>Mardi 17  ao\u00fbt 2<strong>021<\/strong> \u00e0 10h00 en l&rsquo;\u00e9glise d&rsquo;<strong>Orgueil<\/strong> (pour la paroisse de Nohic)<br>Fun\u00e9railles de Madame Alice SEGATO<\/p>\n\n\n\n<p>Vendredi 13  ao\u00fbt 2021 \u00e0 10h00 en l&rsquo;\u00e9glise de Reyni\u00e8s<br>Fun\u00e9railles de Madame Germaine MOLINES<\/p>\n\n\n\n<p>Mercredi 11  ao\u00fbt 2021 \u00e0 10h30 en l&rsquo;\u00e9glise de Varennes<br>Fun\u00e9railles de Madame Janine VACQUI\u00c9<\/p>\n\n\n\n<p>Lundi 9 ao\u00fbt 2021 \u00e0 10h00 en l&rsquo;\u00e9glise de Labastide-Saint-Pierre<br>Fun\u00e9railles de Monsieur Jean BAUBIL<\/p>\n\n\n\n<hr class=\"wp-block-separator has-css-opacity\"\/>\n\n\n\n<h6 class=\"wp-block-heading\" id=\"semaine-du-25-au-31-juillet-2021\">Semaine du 25 au 31 juillet 2021<\/h6>\n\n\n\n<p>Lundi 26 juillet 2021 \u00e0 10h00 en l&rsquo;\u00e9glise de Corbarieu<br>Fun\u00e9railles de Monsieur Ang\u00e9lo Ren\u00e9 FISTAROL<\/p>\n\n\n\n<hr class=\"wp-block-separator has-css-opacity\"\/>\n\n\n\n<h6 class=\"wp-block-heading\" id=\"semaine-du-4-au-10-juillet-2021\">Semaine du 4 au 10 juillet 2021<\/h6>\n\n\n\n<p>Jeudi 8 juillet 2021 \u00e0 10h30 en l&rsquo;\u00e9glise de Reyni\u00e8s<br>Fun\u00e9railles de monsieur Joseph DE MARI<\/p>\n\n\n\n<p>Mercredi 7 juillet 2021  en l&rsquo;\u00e9glise de Varennes<br>Fun\u00e9railles de madame Ida ALMENDROS<\/p>\n\n\n\n<p>Mardi 6 juillet 2021 \u00e0 10h30 en l&rsquo;\u00e9glise de Reyni\u00e8s<br>Fun\u00e9railles de monsieur Jean-Marie ABEILHOU<\/p>\n\n\n\n<hr class=\"wp-block-separator has-css-opacity\"\/>\n\n\n\n<h6 class=\"wp-block-heading\" id=\"semaine-du-28-juin-au-3-juillet-2021\">Semaine du 28  juin au 3 juillet 2021<\/h6>\n\n\n\n<p>Vendredi 2 juillet 2021 \u00e0 15h00 en l&rsquo;\u00e9glise de Labastide-Saint-Pierre<br>Fun\u00e9railles de madame Paulette COUDERC<\/p>\n\n\n\n<p>Jeudi 1er juillet 2021 \u00e0 10h30 en l&rsquo;\u00e9glise de Brial<br>Fun\u00e9railles de monsieur  Fran\u00e7ois BOURDETTE<\/p>\n\n\n\n<p>Lundi 28 juin 2021 \u00e0 10h00 en l&rsquo;\u00e9glise de Corbarieu<br>Fun\u00e9railles de monsieur Gilles FREVILLE<\/p>\n\n\n\n<hr class=\"wp-block-separator has-css-opacity\"\/>\n\n\n\n<h6 class=\"wp-block-heading\" id=\"semaine-du-20-au-27-juin-2021\">Semaine du 20 au 27 juin 2021<\/h6>\n\n\n\n<p>Vendredi 25 juin 2021 \u00e0 16h00 en l&rsquo;\u00e9glise de Villebrumier<br>Fun\u00e9railles de monsieur Joseph ROUX<\/p>\n\n\n\n<p>Vendredi 25 juin 2021 \u00e0 08h00 en l&rsquo;\u00e9glise d&rsquo;Orgueil<br>Fun\u00e9railles de monsieur Michel GUIRGUY<\/p>\n\n\n\n<p>Lundi 21 juin 2021 \u00e0 16h00 en l&rsquo;\u00e9glise de Bressols<br>Fun\u00e9railles de madame Raymonde BOYER<\/p>\n\n\n\n<hr class=\"wp-block-separator has-css-opacity\"\/>\n\n\n\n<h6 class=\"wp-block-heading\" id=\"semaine-du-13-au-19-juin-2021\">Semaine du 13 au 19 juin 2021<\/h6>\n\n\n\n<p>Vendredi 18 juin 2021 \u00e0 10h00 en l&rsquo;\u00e9glise de Bressols<br>Fun\u00e9railles de madame Monique LASALLE<\/p>\n\n\n\n<p>Jeudi 17  juin 2021 \u00e0 9h30 en l&rsquo;\u00e9glise de Labastide-Saint-Pierre<br>Fun\u00e9railles de madame Monique ZANIN<\/p>\n\n\n\n<p>Mardi 15 juin 2021 \u00e0 10h30 en l&rsquo;\u00e9glise de <strong>Labastide-Saint-Pierre<\/strong><br>Fun\u00e9railles de monsieur Gabriel MOULIN<\/p>\n\n\n\n<hr class=\"wp-block-separator has-css-opacity\"\/>\n\n\n\n<h6 class=\"wp-block-heading\" id=\"semaine-du-30-mai-au-5-juin-2021\">SEMAINE DU 30 MAI au 5 juin 2021<\/h6>\n\n\n\n<p>Lundi 31 mai 2021 \u00e0 15h00 en l&rsquo;\u00e9glise de <strong>Reyni\u00e8s<\/strong><br>Fun\u00e9railles de madame C\u00e9cile CLAMENS<\/p>\n\n\n\n<hr class=\"wp-block-separator has-css-opacity\"\/>\n\n\n\n<h6 class=\"wp-block-heading\" id=\"semaine-du-23-au-29-mai-2021\">Semaine du 23 au 29 mai 2021<\/h6>\n\n\n\n<p>Vendredi 28 mai 2021 en l&rsquo;\u00e9glise de Corbarieu<br>Fun\u00e9railles de madame Juliette GABEL<\/p>\n\n\n\n<p>Mercredi 26 mai 2021  en l&rsquo;\u00e9glise de Bressols<br>Fun\u00e9railles de monsieur Charles MUSCAT<\/p>\n\n\n\n<p>Mercredi 26  mai 2021 \u00e0 10h30 en l&rsquo;\u00e9glise de Labastide-Saint-Pierre<br>Fun\u00e9railles de monsieur Simon COUDERC<\/p>\n\n\n\n<hr class=\"wp-block-separator has-css-opacity\"\/>\n\n\n\n<h6 class=\"wp-block-heading\" id=\"semaine-du-16-au-22-mai-2021\">SEMAINE DU 16 AU 22 MAI 2021<\/h6>\n\n\n\n<p>Samedi 22 mai 2021 \u00e0 15h00 en l&rsquo;\u00e9glise de Varennes<br>Fun\u00e9railles de madame Fran\u00e7oise LALA<\/p>\n\n\n\n<p>Mercredi 19 mai 2021 \u00e0 15h00 en l&rsquo;\u00e9glise de Reyni\u00e8s<br>Fun\u00e9railles de monsieur Lucien MILHAU<\/p>\n\n\n\n<p>Mardi 18 mai 2021 \u00e0 15h00 en l&rsquo;\u00e9glise de Varennes<br>Fun\u00e9railles de monsieur Guy POUSERGUES<\/p>\n\n\n\n<hr class=\"wp-block-separator has-text-color has-noir-color has-css-opacity has-noir-background-color has-background is-style-wide\"\/>\n\n\n\n<h6 class=\"wp-block-heading\" id=\"semaine-du-9-au-15-mai-2021\">Semaine du 9 au 15 mai 2021<\/h6>\n\n\n\n<p>Vendredi 14 mai 2021 \u00e0 10h30 en l&rsquo;\u00e9glise de Labastide-Saint-Pierre<br>Fun\u00e9railles de monsieur Jean ROBIN<\/p>\n\n\n\n<p>Lundi 10 mai 2021<strong> <\/strong>\u00e0 10h30 en l&rsquo;\u00e9glise de Bressols<br>Fun\u00e9railles de madame L\u00fcba FAUR\u00c9<\/p>\n\n\n\n<hr class=\"wp-block-separator has-text-color has-noir-color has-css-opacity has-noir-background-color has-background\"\/>\n\n\n\n<h6 class=\"wp-block-heading\" id=\"semaine-du-1er-au-8-mai-2021\">Semaine du 1er au 8 mai 2021<\/h6>\n\n\n\n<p>      Vendredi 7 mai 2021 \u00e0 14h30 en l&rsquo;\u00e9glise de Villebrumier<br>                  Fun\u00e9railles de madame Michelle BLANC<\/p>\n\n\n\n<p>       Lundi 3 mai 2021 \u00e0 15h00 en l&rsquo;\u00e9glise de Labastide-Saint-Pierre<br>                   Fun\u00e9railles de monsieur Armand ZULIAN<\/p>\n\n\n\n<hr class=\"wp-block-separator has-text-color has-noir-color has-css-opacity has-noir-background-color has-background is-style-wide\"\/>\n\n\n\n<p class=\"has-medium-font-size\">Semaine du 25 avril au 1er mai 2021<\/p>\n\n\n\n<p>     Lundi 26 avril 2021&nbsp;\u00e0 15h00 en l&rsquo;\u00e9glise d&rsquo;Orgueil<\/p>\n\n\n\n<p>                   fun\u00e9railles de&nbsp;madame Yvonne VIALARD<strong>&nbsp;<\/strong>suivies de l&rsquo;inhumation au cimeti\u00e8re de Nohic<\/p>\n\n\n\n<hr class=\"wp-block-separator has-css-opacity\"\/>\n\n\n\n<p class=\"has-medium-font-size\">Semaine du 18 au 24 avril 2021<\/p>\n\n\n\n<p>Mardi 20 avril 2021&nbsp;\u00e0 15h00 en l&rsquo;\u00e9glise d&rsquo;Orgueil<\/p>\n\n\n\n<p>fun\u00e9railles de&nbsp;monsieur Claude VIEU<\/p>\n\n\n\n<hr class=\"wp-block-separator has-css-opacity\"\/>\n\n\n\n<p>Mardi 13 avril 2021 \u00e0 12h15 en l&rsquo;\u00e9glise de Reyni\u00e8s<\/p>\n\n\n\n<p>fun\u00e9railles de monsieur Jean Fran\u00e7ois MAUR\u00c9<\/p>\n\n\n\n<hr class=\"wp-block-separator has-css-opacity\"\/>\n\n\n\n<p>Vendredi 2 avril 2021 \u00e0 10h30 en l&rsquo;\u00e9glise d&rsquo;Orgueil<\/p>\n\n\n\n<p>fun\u00e9railles de madame Madeleine CHARPIGNY n\u00e9e MASS\u00c9<\/p>\n\n\n\n<p>Mercredi 31 mars 2021 \u00e0 10h30 en l&rsquo;\u00e9glise de Labastide-Saint-Pierre<\/p>\n\n\n\n<p>fun\u00e9railles de monsieur Paolino GUTTIERREZ<\/p>\n\n\n\n<p>Mardi 30 mars 2021 \u00e0 10h30 en l&rsquo;\u00e9glise de Villebrumier<\/p>\n\n\n\n<p>fun\u00e9railles de madame Fran\u00e7oise DELHOMMEAU<\/p>\n\n\n\n<hr class=\"wp-block-separator has-css-opacity\"\/>\n\n\n\n<p>Semaine du 21 au 27 mars 2021<\/p>\n\n\n\n<p>Mercredi 24 mars 2021 en l&rsquo;\u00e9glise de Bressols<\/p>\n\n\n\n<p>fun\u00e9railles de madame Maylis BESNARD<\/p>\n\n\n\n<hr class=\"wp-block-separator has-css-opacity\"\/>\n\n\n\n<p>Semaine du 7 au 13 mars 2021<\/p>\n\n\n\n<p>Vendredi 12 mars 2021 \u00e0 15h00 en l&rsquo;\u00e9glise d&rsquo;Orgueil<\/p>\n\n\n\n<p>fun\u00e9railles de madame Angeles FERNANDEZ<\/p>\n\n\n\n<p>Jeudi 11 mars 2021 \u00e0 15h00 en l&rsquo;\u00e9glise de Villebrumier<\/p>\n\n\n\n<p>fun\u00e9railles de madame Antonietta TAILLADE&nbsp;<\/p>\n\n\n\n<p>Jeudi 11 mars 2021 \u00e0 10h30 en l&rsquo;\u00e9glise de Villebrumier<\/p>\n\n\n\n<p>fun\u00e9railles de madame Yvonne VIGUI\u00c9<\/p>\n\n\n\n<p>Lundi 8 mars 2021 \u00e0 14h30 en l&rsquo;\u00e9glise d&rsquo;Orgueil<\/p>\n\n\n\n<p>fun\u00e9railles de madame Pascale LABIT<\/p>\n\n\n\n<hr class=\"wp-block-separator has-css-opacity\"\/>\n\n\n\n<p>Semaine du 28 f\u00e9vrier au 5 mars 2021<\/p>\n\n\n\n<p>Vendredi 5 mars 2021 \u00e0 15h00 en l&rsquo;\u00e9glise d&rsquo;Orgueil<\/p>\n\n\n\n<p>fun\u00e9railles de monsieur Max HASHOLDER<\/p>\n\n\n\n<hr class=\"wp-block-separator has-css-opacity\"\/>\n\n\n\n<p>Semaine du 14 au 20 f\u00e9vrier 2021<\/p>\n\n\n\n<p>Samedi 20 f\u00e9vrier 2021 en l&rsquo;\u00e9glise de Varennes<\/p>\n\n\n\n<p>fun\u00e9railles de monsieur Patrick ACHOUR<\/p>\n\n\n\n<p>Vendredi 19 f\u00e9vrier 2021 \u00e0 15h00 en l&rsquo;\u00e9glise de Corbarieu<\/p>\n\n\n\n<p>fun\u00e9railles de madame Gabrielle PONS<\/p>\n\n\n\n<p>Vendredi 19 f\u00e9vrier 2021 \u00e0 10h30 en l&rsquo;\u00e9glise d&rsquo;Orgueil<\/p>\n\n\n\n<p>fun\u00e9railles de monsieur Joseph (Guiseppe) BRUN<\/p>\n\n\n\n<p>Jeudi 18 f\u00e9vrier 2021 \u00e0 10h30 en l&rsquo;\u00e9glise de Brial<\/p>\n\n\n\n<p>fun\u00e9railles de madame Ang\u00e9la GINESTET<\/p>\n\n\n\n<p>Mercredi 17 f\u00e9vrier 2021 \u00e0 15h00 en l&rsquo;\u00e9glise de Reyni\u00e8s<\/p>\n\n\n\n<p>fun\u00e9railles de madame Denise DELPORTE&nbsp;<\/p>\n\n\n\n<p>Mardi 16 f\u00e9vrier 2021 \u00e0 10h00 en l&rsquo;\u00e9glise de Labastide-Saint-Pierre<\/p>\n\n\n\n<p>fun\u00e9railles de monsieur Georges INAUD<\/p>\n\n\n\n<hr class=\"wp-block-separator has-css-opacity\"\/>\n\n\n\n<p>Semaine du 7 au 13 f\u00e9vrier 2021<\/p>\n\n\n\n<p>Vendredi 12 f\u00e9vrier 2021 \u00e0 15h00 en l&rsquo;\u00e9glise de Reyni\u00e8s suivies de l&rsquo;inhumation au cimeti\u00e8re de Nohic<\/p>\n\n\n\n<p>fun\u00e9railles de monsieur Henri TR\u00c9GAN<\/p>\n\n\n\n<p>fun\u00e9railles de&nbsp;madame Nicole SOUL\u00c9<\/p>\n\n\n\n<p>&nbsp;Mardi 9 f\u00e9vrier 2021&nbsp;en l&rsquo;\u00e9glise de&nbsp;Labastide-Saint-Pierre<\/p>\n\n\n\n<p>fun\u00e9railles de&nbsp;monsieur Jean Luc LEFEVRE<\/p>\n\n\n\n<hr class=\"wp-block-separator has-css-opacity\"\/>\n\n\n\n<p><strong>Semaine du 31 janvier au 6 f\u00e9vrier 2021<\/strong><\/p>\n\n\n\n<p>Vendredi 5 f\u00e9vrier 2021 \u00e0 10h30&nbsp;en l&rsquo;\u00e9glise de Villebrumier<\/p>\n\n\n\n<p>fun\u00e9railles de madame Marie Claudine PROTO<\/p>\n\n\n\n<p>Mardi 2 f\u00e9vrier 2021 \u00e0 10h30 en l&rsquo;\u00e9glise de Bressols<\/p>\n\n\n\n<p>fun\u00e9railles de madame Dominique CRABI\u00c9<\/p>\n\n\n\n<hr class=\"wp-block-separator has-css-opacity\"\/>\n\n\n\n<p>Semaine du 24 au 30 janvier 2021<\/p>\n\n\n\n<p>Mardi 26 janvier 2021 \u00e0 15h00 en l&rsquo;\u00e9glise d&rsquo;Orgueil<\/p>\n\n\n\n<p>fun\u00e9railles de monsieur Charles FAUCONI\u00c9<\/p>\n\n\n\n<p>Mardi 26 janvier 2021 \u00e0 10h00 en l&rsquo;\u00e9glise de Bressols<\/p>\n\n\n\n<p>fun\u00e9railles de madame Jacqueline LUCARELO<\/p>\n\n\n\n<hr class=\"wp-block-separator has-css-opacity\"\/>\n\n\n\n<p>Semaine du 17 au 23 janvier 2021<\/p>\n\n\n\n<p>Lundi 18 janvier 2021 \u00e0 15h00 en l&rsquo;\u00e9glise de Brial<\/p>\n\n\n\n<p>fun\u00e9railles de madame Jeannette ARBUS<\/p>\n\n\n\n<hr class=\"wp-block-separator has-css-opacity\"\/>\n\n\n\n<p>Semaine du 10 au 16 janvier 2021<\/p>\n\n\n\n<p>Jeudi 14 janvier 2021 \u00e0 15h00 en l&rsquo;\u00e9glise de Bressols<\/p>\n\n\n\n<p>fun\u00e9railles de madame Odette CAUDAL<\/p>\n\n\n\n<p>Jeudi 14 janvier 2021 \u00e0 10h00 en l&rsquo;\u00e9glise de Corbarieu<\/p>\n\n\n\n<p>fun\u00e9railles de monsieur St\u00e9phane CARR\u00c9<\/p>\n\n\n\n<p>Mercredi 13 janvier 2021 \u00e0 15h00 en l&rsquo;\u00e9glise de Varennes<\/p>\n\n\n\n<p>fun\u00e9railles de madame Hughette SAINTE MARIE<\/p>\n\n\n\n<p>Mercredi 13 janvier 2021 \u00e0 09h30 en l&rsquo;\u00e9glise de Bressols (inhumation au cimeti\u00e8re de Blaye (33)<\/p>\n\n\n\n<p>fun\u00e9railles de madame Marie Marthe ROBERT<\/p>\n\n\n\n<p>Mardi 12 janvier 2021 \u00e0 14h30 en l&rsquo;\u00e9glise de Labastide-Saint-Pierre<\/p>\n\n\n\n<p>fun\u00e9railles de madame Lucie GUTIERREZ<\/p>\n\n\n\n<p>Mardi 12 janvier 2021 \u00e0 10h30 en l&rsquo;\u00e9glise d&rsquo;Orgueil<\/p>\n\n\n\n<p>fun\u00e9railles de monsieur Denis VERDIER<\/p>\n\n\n\n<hr class=\"wp-block-separator has-css-opacity\"\/>\n\n\n\n<p>Semaine du 3 au 9 janvier 2021<\/p>\n\n\n\n<p>Samedi 9 janvier 2021&nbsp;&nbsp;\u00e0 16h00 en l&rsquo;\u00e9glise de&nbsp;Reyni\u00e8s<\/p>\n\n\n\n<p>fun\u00e9railles de madame Colette GEMIN<\/p>\n\n\n\n<hr class=\"wp-block-separator has-css-opacity\"\/>\n\n\n\n<h5 class=\"wp-block-heading has-text-color has-link-color wp-elements-8387d87d8a1cf7c57cbc519544d9e73f\" id=\"funan2020\" style=\"color:#d54141\"><strong>Ann\u00e9e 2020<\/strong><\/h5>\n\n\n\n<hr class=\"wp-block-separator has-css-opacity\"\/>\n\n\n\n<p>Semaine du 29 d\u00e9cembre 2020 au 2 janvier 2021<\/p>\n\n\n\n<p>Mardi 29 d\u00e9cembre 2020 \u00e0 15h00 en l&rsquo;\u00e9glise de Reyni\u00e8s<\/p>\n\n\n\n<p>fun\u00e9railles de monsieur Jean Charles BERTRAND<\/p>\n\n\n\n<hr class=\"wp-block-separator has-css-opacity\"\/>\n\n\n\n<p>Semaine du 20 au 26 d\u00e9cembre 2020<\/p>\n\n\n\n<p>Lundi 21 d\u00e9cembre 2020 en l&rsquo;\u00e9glise de Corbarieu<\/p>\n\n\n\n<p>fun\u00e9railles de madame Raymonde MORI\u00c8RES<\/p>\n\n\n\n<p>Mardi 21 d\u00e9cembre 2020 en l&rsquo;\u00e9glise d&rsquo;Orgueil suivies de l&rsquo;inhulation au cimeti\u00e8re de Nohic<\/p>\n\n\n\n<p>fun\u00e9railles de madame Marie DELPECH<\/p>\n\n\n\n<hr class=\"wp-block-separator has-css-opacity\"\/>\n\n\n\n<p>Semaine du 13 au 20 d\u00e9cembre 2020<\/p>\n\n\n\n<p>Lundi 14 d\u00e9cembre 2020 en l&rsquo;\u00e9glise de Labastide-Saint-Pierre<\/p>\n\n\n\n<p>fun\u00e9railles de monsieur Ren\u00e9 LANCINI<\/p>\n\n\n\n<hr class=\"wp-block-separator has-css-opacity\"\/>\n\n\n\n<p>Semaine du 5 au 12 d\u00e9cembre 2020&nbsp;<\/p>\n\n\n\n<p>Vendredi 11 d\u00e9cembre 2020 en l&rsquo;\u00e9glise de Brial<\/p>\n\n\n\n<p>fun\u00e9railles de monsieur Lucien BIANCHI<\/p>\n\n\n\n<hr class=\"wp-block-separator has-css-opacity\"\/>\n\n\n\n<p>Semaine du 29 novembre au 5 d\u00e9cembre 2020<\/p>\n\n\n\n<p>Vendredi 5 d\u00e9cembre 2020 \u00e0 15h00 en l&rsquo;\u00e9glise de Labastide-Saint-Pierre<\/p>\n\n\n\n<p>fun\u00e9railles de monsieur Jean-Paul ROGEON<\/p>\n\n\n\n<p>Lundi 30 novembre 2020 \u00e0 15h00 en l&rsquo;\u00e9glise de Labastide-Saint-Pierre<\/p>\n\n\n\n<p>fun\u00e9railles de monsieur Francis VEYRAC<\/p>\n\n\n\n<hr class=\"wp-block-separator has-css-opacity\"\/>\n\n\n\n<p>Semaine du 22 au 28 novembre 2020<\/p>\n\n\n\n<p>Lundi 23 novembre 2020 \u00e0 15h00 en l&rsquo;\u00e9glise de Bressols<\/p>\n\n\n\n<p>fun\u00e9railles de madame Rina BOURETTE<\/p>\n\n\n\n<hr class=\"wp-block-separator has-css-opacity\"\/>\n\n\n\n<p>Semaine du 15 au 22 novembre 2020<\/p>\n\n\n\n<p>Lundi 16 novembre 2020 \u00e0 15h00 en l&rsquo;\u00e9glise de Labastide-Saint-Pierre<\/p>\n\n\n\n<p>fun\u00e9railles de monsieur Michel MUSTEL<\/p>\n\n\n\n<hr class=\"wp-block-separator has-css-opacity\"\/>\n\n\n\n<p>Semaine du 1er au 7 novembre 2020<\/p>\n\n\n\n<p>Samedi 7 novembre 2020 \u00e0 10h30 en l&rsquo;\u00e9glise de Bressols<\/p>\n\n\n\n<p>fun\u00e9railles de madame Anne Marie PROUHA suivies de l&rsquo;inhumation dans le cimeti\u00e8re ancien<\/p>\n\n\n\n<p>Vendredi 6 novembre 2020 \u00e0 15h00&nbsp; en l&rsquo;\u00e9glise de Varennes<\/p>\n\n\n\n<p>fun\u00e9railles de monsieur Alban PENDARIES<\/p>\n\n\n\n<hr class=\"wp-block-separator has-css-opacity\"\/>\n\n\n\n<p>Semaine du 25 au 31 octobre 2020<\/p>\n\n\n\n<p>Mercredi 28 octobre \u00e0 14h00 en l&rsquo;\u00e9glise de Labastide-Saint-Pierre<\/p>\n\n\n\n<p>fun\u00e9railles de madame Martine MASSIP<\/p>\n\n\n\n<hr class=\"wp-block-separator has-css-opacity\"\/>\n\n\n\n<p>Semaine du 18 au 24 octobre 2020<\/p>\n\n\n\n<p>Samedi 24 octobre \u00e0 10h30 en l&rsquo;\u00e9glise de Labastide-Saint-Pierre<\/p>\n\n\n\n<p>fun\u00e9railles de madame Rosa GONCALVES<\/p>\n\n\n\n<p>Jeudi 22 octobre \u00e0 14h30 en l&rsquo;\u00e9glise de Labastide-Saint-Pierre<\/p>\n\n\n\n<p>fun\u00e9railles de madame Janine ROUSSEL&nbsp;<\/p>\n\n\n\n<hr class=\"wp-block-separator has-css-opacity\"\/>\n\n\n\n<p>Semaine du 11 au 17 octobre 2020<\/p>\n\n\n\n<p>Mercredi 14 octobre \u00e0 14h30 en l&rsquo;\u00e9glise de Labastide-Saint-Pierre<\/p>\n\n\n\n<p>fun\u00e9railles de madame Paulette GALVADA suivie de l&rsquo;inhumation au cimeti\u00e8re de Cugnaux (31)<\/p>\n\n\n\n<p>Mardi 13 octobre \u00e0 10h30 en l&rsquo;\u00e9glise de Labastide-Saint-Pierre<\/p>\n\n\n\n<p>fun\u00e9railles de monsieur Jean GAYDE<\/p>\n\n\n\n<p>Lundi&nbsp;12 octobre \u00e0 10h30 en l&rsquo;\u00e9glise de Villebrumier<\/p>\n\n\n\n<p>fun\u00e9railles de madame Colette ORLHIAC<\/p>\n\n\n\n<hr class=\"wp-block-separator has-css-opacity\"\/>\n\n\n\n<p>Semaine du 4 au 10 octobre 2020<\/p>\n\n\n\n<p>Mercredi 7 octobre \u00e0 10h00 en l&rsquo;\u00e9glise de Villebrumier<\/p>\n\n\n\n<p>fun\u00e9railles de monsieur Christian TEYSSEYRE<\/p>\n\n\n\n<p>Mardi 6 octobre en l&rsquo;\u00e9glise de Labastide-Saint-Pierre<\/p>\n\n\n\n<p>fun\u00e9railles de monsieur Jean PENDARIE<\/p>\n\n\n\n<hr class=\"wp-block-separator has-css-opacity\"\/>\n\n\n\n<p>Semaine du 27 septembre au 3 octobre 2020<\/p>\n\n\n\n<p>Lundi 28 septembre \u00e0 15h00 en l&rsquo;\u00e9glise de Villebrumier<\/p>\n\n\n\n<p>fun\u00e9railles de monsieur Christian JAMME<\/p>\n\n\n\n<hr class=\"wp-block-separator has-css-opacity\"\/>\n\n\n\n<p>Semaine du 20 au 26 septembre 2020<\/p>\n\n\n\n<p>Vendredi 25 septembre \u00e0 15h00 en l&rsquo;\u00e9glise de Varennes<\/p>\n\n\n\n<p>fun\u00e9railles de monsieur Albert MOUQUOT<\/p>\n\n\n\n<p>Jeudi 24 septembre \u00e0 10h30 en l&rsquo;\u00e9glise d&rsquo;Orgueil<\/p>\n\n\n\n<p>fun\u00e9railles de madame Julienne N\u00c8GRE<\/p>\n\n\n\n<hr class=\"wp-block-separator has-css-opacity\"\/>\n\n\n\n<p>Semaine du 13 au 19 septembre 2020<\/p>\n\n\n\n<p>Samedi 19 septembre \u00e0 10h30 en l&rsquo;\u00e9glise d&rsquo;Orgueil suivie de l&rsquo;inhumation au cimeti\u00e8re de Nohic<\/p>\n\n\n\n<p>fun\u00e9railles de madame Reine SOULDADI\u00c9<\/p>\n\n\n\n<p>Vendredi 18 septembre \u00e0 10h30 en l&rsquo;\u00e9glise de Labastide-Saint-Pierre<\/p>\n\n\n\n<p>fun\u00e9railles de monsieur Daniel MONGET<\/p>\n\n\n\n<p>Jeudi 17 septembre \u00e0 10h30 en l&rsquo;\u00e9glise de Labastide-Saint-Pierre<\/p>\n\n\n\n<p>fun\u00e9railles de madame Suzanne DESINVETIN<\/p>\n\n\n\n<hr class=\"wp-block-separator has-css-opacity\"\/>\n\n\n\n<p>Semaine du 6 au 12 septembre 2020<\/p>\n\n\n\n<p>Vendredi 11 septembre \u00e0 15h00 en l&rsquo;\u00e9glise d&rsquo;Orgueil suivie de l&rsquo;inhumation au cimeti\u00e8re de Nohic<\/p>\n\n\n\n<p>fun\u00e9railles de monsieur F\u00e9lix BO\u00cfTA<\/p>\n\n\n\n<p>Mercredi 9 septembre \u00e0 en l&rsquo;\u00e9glise de Corbarieu<\/p>\n\n\n\n<p>fun\u00e9railles de monsieur Dominique LETTER<\/p>\n\n\n\n<p>Lundi 7 septembre \u00e0 15h30 en l&rsquo;\u00e9glise de Labastide-Saint-Pierre<\/p>\n\n\n\n<p>fun\u00e9railles de monsieur DANGEAIX<\/p>\n\n\n\n<hr class=\"wp-block-separator has-css-opacity\"\/>\n\n\n\n<p>Semaine du 30 ao\u00fbt au 5 septembre 2020<\/p>\n\n\n\n<p>Mercredi 2 septembre \u00e0 15h00 en l&rsquo;\u00e9glise d&rsquo;Orgueil suivies de l&rsquo;inhumation au cimeti\u00e8re de Nohic<\/p>\n\n\n\n<p>fun\u00e9railles de monsieur Daniel SIMON<\/p>\n\n\n\n<p>Mercredi 2 septembre \u00e0 10h30 en l&rsquo;\u00e9glise d&rsquo;Orgueil suivies de l&rsquo;inhumation au cimeti\u00e8re de Nohic<\/p>\n\n\n\n<p>fun\u00e9railles de monsieur Pierre COURCI\u00c8RES<\/p>\n\n\n\n<p>Mardi 1er septembre&nbsp;\u00e0 10h30 en l&rsquo;\u00e9glise de Corbarieu<\/p>\n\n\n\n<p>fun\u00e9railles de madame Dominica ROSSIT<\/p>\n\n\n\n<hr class=\"wp-block-separator has-css-opacity\"\/>\n\n\n\n<p>Semaine du 23 au 29 ao\u00fbt 2020<\/p>\n\n\n\n<p>Mercredi 26 ao\u00fbt en l&rsquo;\u00e9glise de Bressols<\/p>\n\n\n\n<p>fun\u00e9railles de madame Th\u00e9r\u00e8se BONDIOLI<\/p>\n\n\n\n<hr class=\"wp-block-separator has-css-opacity\"\/>\n\n\n\n<p>Semaine du 9 au 15 ao\u00fbt 2020<\/p>\n\n\n\n<p>Mercredi 12 ao\u00fbt en l&rsquo;\u00e9glise d&rsquo;Orgueil suivies de l&rsquo;inhuation au cimeti\u00e8re de Nohic<\/p>\n\n\n\n<p>fun\u00e9railles de monsieur Marcel COUDERC<\/p>\n\n\n\n<hr class=\"wp-block-separator has-css-opacity\"\/>\n\n\n\n<p>Semaine du 2 au 8 ao\u00fbt 2020<\/p>\n\n\n\n<p>Mardi 4 ao\u00fbt en l&rsquo;\u00e9glise de Corbarieu<\/p>\n\n\n\n<p>fun\u00e9railles de madame Yvette MOMM\u00c9JA<\/p>\n\n\n\n<hr class=\"wp-block-separator has-css-opacity\"\/>\n\n\n\n<p>Semaine du 25 juillet au 1er ao\u00fbt 2020<\/p>\n\n\n\n<p>Jeudi 30 juillet en l&rsquo;\u00e9glise de Labastide-Saint-Pierre<\/p>\n\n\n\n<p>fun\u00e9railles de monsieur Yves CAGNAC<\/p>\n\n\n\n<p>Mercredi 29 juillet en l&rsquo;\u00e9glise d&rsquo;Orgueil suivie de l&rsquo;inhumation au cimeti\u00e8re de Nohic<\/p>\n\n\n\n<p>fun\u00e9railles de madame Fidela NAVARRO<\/p>\n\n\n\n<p>Mardi 28 juillet en l&rsquo;\u00e9glise de Corbarieu<\/p>\n\n\n\n<p>fun\u00e9railles de madame Yvette TACCON<\/p>\n\n\n\n<hr class=\"wp-block-separator has-css-opacity\"\/>\n\n\n\n<p>Semaine du 19 au 25 juillet 2020<\/p>\n\n\n\n<p>Vendredi 24 juillet en l&rsquo;\u00e9glise de Bressols<\/p>\n\n\n\n<p>fun\u00e9railles de monsieur Yvon CARSENAC<\/p>\n\n\n\n<p>Mardi 21 juillet \u00e0 10h30 en l&rsquo;\u00e9glise de Brial<\/p>\n\n\n\n<p>fun\u00e9railles de madame Lucette GINESTET<\/p>\n\n\n\n<p>Lundi 20 juillet&nbsp;\u00e0 14h30 en l&rsquo;\u00e9glise d&rsquo;Orgueil<\/p>\n\n\n\n<p>fun\u00e9railles de monsieur Aim\u00e9 MARTY suivies de l&rsquo;inhumation au cimeti\u00e8re de Nohic<\/p>\n\n\n\n<hr class=\"wp-block-separator has-css-opacity\"\/>\n\n\n\n<p>Semaine du 12 au 18 juillet 2020<\/p>\n\n\n\n<p>Jeudi 16 juillet en l&rsquo;\u00e9glise de Corbarieu<\/p>\n\n\n\n<p>fun\u00e9railles de madame Pierrette LAPEYRE<\/p>\n\n\n\n<hr class=\"wp-block-separator has-css-opacity\"\/>\n\n\n\n<p>Semaine du 5 au 11 juillet 2020<\/p>\n\n\n\n<p>Vendredi 10 juillet \u00e0 10h30 en l&rsquo;\u00e9glise de Corbarieu<\/p>\n\n\n\n<p>fun\u00e9railles de madame Antoinette BONNOTTO<\/p>\n\n\n\n<hr class=\"wp-block-separator has-css-opacity\"\/>\n\n\n\n<p>Semaine du 28 juin au 4 juillet 2020<\/p>\n\n\n\n<p>Mercredi 1er juillet \u00e0 10h30 en l&rsquo;\u00e9glise de Reyni\u00e8s<\/p>\n\n\n\n<p>fun\u00e9railles de madame Simone ROUMAGNAC<\/p>\n\n\n\n<hr class=\"wp-block-separator has-css-opacity\"\/>\n\n\n\n<p>Semaine du 21 au 27 juin 2020<\/p>\n\n\n\n<p>Labastide-Saint-Pierre<\/p>\n\n\n\n<p>fun\u00e9railles de madame Maria AUSSET<\/p>\n\n\n\n<p>Corbarieu<\/p>\n\n\n\n<p>fun\u00e9railles de madame C\u00e9cile BESSART<\/p>\n\n\n\n<hr class=\"wp-block-separator has-css-opacity\"\/>\n\n\n\n<p>Semaine du 7 au 13 juin 2020<\/p>\n\n\n\n<p>Mardi 9 juin \u00e0 15h00 en l&rsquo;\u00e9glise d&rsquo;Orgueil<\/p>\n\n\n\n<p>fun\u00e9railles de madame Jeanne POUJOL<\/p>\n\n\n\n<hr class=\"wp-block-separator has-css-opacity\"\/>\n\n\n\n<p>Semaine du 31 mai au 6 juin 2020<\/p>\n\n\n\n<p>Mardi 2 juin \u00e0 10h30 en l&rsquo;\u00e9glise de Corbarieu<\/p>\n\n\n\n<p>fun\u00e9railles de monsieur Henri CALLIAN<\/p>\n\n\n\n<hr class=\"wp-block-separator has-css-opacity\"\/>\n\n\n\n<p>Semaine du 24 au 30 mai 2020<\/p>\n\n\n\n<p>Vendredi 29 mai \u00e0 15h30 en l&rsquo;\u00e9glise de Bressols<\/p>\n\n\n\n<p>fun\u00e9railles de monsieur Serge LE GALL<\/p>\n\n\n\n<p>Vendredi 29 mai \u00e0 11h00 en l&rsquo;\u00e9glise de Villebrumier<\/p>\n\n\n\n<p>fun\u00e9railles de madame Claude BREGAL<\/p>\n\n\n\n<p>Jeudi 28 mai \u00e0 10h30 en l&rsquo;\u00e9glise de Labastide-Saint-Pierre<\/p>\n\n\n\n<p>fun\u00e9railles de monsieur Gabriel ANNEMOND<\/p>\n\n\n\n<p>Jeudi 28 mai \u00e0 15h00 en l&rsquo;\u00e9glise de Corbarieu<\/p>\n\n\n\n<p>fun\u00e9railles de monsieur Raymond FAVAREL<\/p>\n\n\n\n<hr class=\"wp-block-separator has-css-opacity\"\/>\n\n\n\n<p>Semaine du 3 au 7 mai 2020<\/p>\n\n\n\n<p>Samedi 9 mai \u00e0 10h30 en l&rsquo;\u00e9glise de Labastide-Saint-Pierre<\/p>\n\n\n\n<p>fun\u00e9railles de madame Colette BLOUET<\/p>\n\n\n\n<p>Mercredi 6 mai \u00e0 15h30 en l&rsquo;\u00e9glise de Corbarieu<\/p>\n\n\n\n<p>fun\u00e9railles de madame Simonne LAFON<\/p>\n\n\n\n<hr class=\"wp-block-separator has-css-opacity\"\/>\n\n\n\n<p>Semaine du 26 avril au 2 mai 2020<\/p>\n\n\n\n<p>Lundi 27 avril \u00e0 14h30 en l&rsquo;\u00e9glise d&rsquo;Orgueil<\/p>\n\n\n\n<p>fun\u00e9railles de madame Marguerite BURGUI\u00c8RE suivies de l&rsquo;inhumation au cimeti\u00e8re de Nohic<\/p>\n\n\n\n<hr class=\"wp-block-separator has-css-opacity\"\/>\n\n\n\n<p>Semaine du 5 au 11 avril 2020<\/p>\n\n\n\n<p>Jeudi 9 avril \u00e0 10h30 \u00e0 Labastide-Saint-Pierre<\/p>\n\n\n\n<p>fun\u00e9railles de monsieur Andr\u00e9 VAYSSE<\/p>\n\n\n\n<p>Mardi 7 avril \u00e0 Reyni\u00e8s<\/p>\n\n\n\n<p>fun\u00e9railles de madame Odette COUDERC<\/p>\n\n\n\n<hr class=\"wp-block-separator has-css-opacity\"\/>\n\n\n\n<p>Semaine du 30 mars au 4 avril 2020<\/p>\n\n\n\n<p>Samedi 4 avril \u00e0 Corbarieu<\/p>\n\n\n\n<p>fun\u00e9railles de monsieur Michel DELBOUYS<\/p>\n\n\n\n<hr class=\"wp-block-separator has-css-opacity\"\/>\n\n\n\n<p>Semaine du 15 au 21 mars 2020<\/p>\n\n\n\n<p>Mardi 17 mars \u00e0 11h00 en l&rsquo;\u00e9glise de Bressols<\/p>\n\n\n\n<p>fun\u00e9railles de madame \u00c9milienne LORTAL<\/p>\n\n\n\n<hr class=\"wp-block-separator has-css-opacity\"\/>\n\n\n\n<p>Semaine du 1er au 7 mars 2020<\/p>\n\n\n\n<p>Lundi 2 mars \u00e0 15h00 en l&rsquo;\u00e9glise de Labastide-Saint-Pierre<\/p>\n\n\n\n<p>fun\u00e9railles de madame Brigitte CALVET<\/p>\n\n\n\n<p>Lundi 2 mars \u00e0 10h30 en l&rsquo;\u00e9glise de Labastide-Saint-Pierre<\/p>\n\n\n\n<p>fun\u00e9railles de madame Marguerite SALUSSO<\/p>\n\n\n\n<hr class=\"wp-block-separator has-css-opacity\"\/>\n\n\n\n<p>Semaine du 23 f\u00e9vrier au 29 f\u00e9vrier 2020<\/p>\n\n\n\n<p>Samedi 29 f\u00e9vrier \u00e0 10h00 en l&rsquo;\u00e9glise de Bressols<\/p>\n\n\n\n<p>fun\u00e9railles de Quentin<\/p>\n\n\n\n<p>Vendredi 28 f\u00e9vrier \u00e0 15h30 en l&rsquo;\u00e9glise de Labastide-Saint-Pierre<\/p>\n\n\n\n<p>fun\u00e9railles de madame Genevi\u00e8ve CRESPEL<\/p>\n\n\n\n<p>Vendredi 28 f\u00e9vrier&nbsp;\u00e0 15h00 en l&rsquo;\u00e9glise de Brial<\/p>\n\n\n\n<p>fun\u00e9railles de monsieur Maurie FRAYSSE<\/p>\n\n\n\n<p>Mardi 25 f\u00e9vrier \u00e0 10h00 en l&rsquo;\u00e9glise de Labastide-Saint-Pierre<\/p>\n\n\n\n<p>fun\u00e9railles de madame D\u00e9sir\u00e9e LICCARDI<\/p>\n\n\n\n<p>Mardi 25 f\u00e9vrier en l&rsquo;\u00e9glise de Bressols<\/p>\n\n\n\n<p>fun\u00e9railles de madame Marie Th\u00e9r\u00e8se SENGES<\/p>\n\n\n\n<hr class=\"wp-block-separator has-css-opacity\"\/>\n\n\n\n<p>Semaine du 16 f\u00e9vrier au 22 f\u00e9vrier 2020<\/p>\n\n\n\n<p>Vendredi 21 f\u00e9vrier \u00e0 15h00 en l&rsquo;\u00e9glise d&rsquo;Orgueil suivi de l&rsquo;inhulation au cimeti\u00e8re de Nohic<\/p>\n\n\n\n<p>fun\u00e9railles de monsieur Jean BURGUIERE<\/p>\n\n\n\n<hr class=\"wp-block-separator has-css-opacity\"\/>\n\n\n\n<p>Semaine du 2 f\u00e9vrier au 8 f\u00e9vrier 2020<\/p>\n\n\n\n<p><br>Vendredi 7 f\u00e9vrier \u00e0 15h00 en l&rsquo;\u00e9glise de Labastide-Saint-Pierre<\/p>\n\n\n\n<p>fun\u00e9railles de madame Mireille PATAN\u00c9<\/p>\n\n\n\n<p>Jeudi 6 f\u00e9vrier \u00e0 10h30 en l&rsquo;\u00e9glise de Corbarieu<\/p>\n\n\n\n<p>fun\u00e9railles de monsieur Igino SCHIEVENE<\/p>\n\n\n\n<hr class=\"wp-block-separator has-css-opacity\"\/>\n\n\n\n<p>Semaine du 27 janvier au 1er f\u00e9vrier 2020<\/p>\n\n\n\n<p>Vendredi 31 janvier \u00e0 10h30 en l&rsquo;\u00e9glise d&rsquo;Orgueil suivies de l&rsquo;inhumation dans le cimeti\u00e8re de Nohic<\/p>\n\n\n\n<p>Fun\u00e9railles de madame Georgette GUINDANI<\/p>\n\n\n\n<p>Mercredi 29 janvier \u00e0 10h30 en l&rsquo;\u00e9glise d&rsquo;Orgueil<\/p>\n\n\n\n<p>Fun\u00e9railles de madame Ren\u00e9e GUINDANI<\/p>\n\n\n\n<p>Mardi 28 janvier \u00e0 14h30 en l&rsquo;\u00e9glise d&rsquo;Orgueil<\/p>\n\n\n\n<p>Fun\u00e9railles de monsieur Christian THOMAS<\/p>\n\n\n\n<p>Lundi 27 janvier en l&rsquo;\u00e9glise de Bressols<\/p>\n\n\n\n<p>Fun\u00e9railles de madame Chantal BOURRAQUI<\/p>\n\n\n\n<hr class=\"wp-block-separator has-css-opacity\"\/>\n\n\n\n<p>Semaine du 19 au 26 janvier 2020<\/p>\n\n\n\n<p>Samedi 25 janvier en l&rsquo;\u00e9glise de Villebrumier<\/p>\n\n\n\n<p>Fun\u00e9railles de madame Eus\u00e9bia ARROYO<\/p>\n\n\n\n<p>Mercredi 22 janvier \u00e0 11h00 en l&rsquo;\u00e9glise de Corbarieu<\/p>\n\n\n\n<p>Fun\u00e9railles de monsieur Claude BLANCHARD<\/p>\n\n\n\n<hr class=\"wp-block-separator has-css-opacity\"\/>\n\n\n\n<p>Semaine du 12 au 18 janvier 2020<\/p>\n\n\n\n<p>Samedi 18 janvier \u00e0 10h30 en l&rsquo;\u00e9glise de Labastide-Saint-Pierre<\/p>\n\n\n\n<p>Fun\u00e9railles de monsieur Robert PESQU\u00c9<\/p>\n\n\n\n<p>&nbsp;Jeudi 16 janvier \u00e0 15h00 en l&rsquo;\u00e9glise de Labastide-Saint-Pierre<\/p>\n\n\n\n<p>Fun\u00e9railles de monsieur Fabien DELBREIL<\/p>\n\n\n\n<hr class=\"wp-block-separator has-css-opacity\"\/>\n\n\n\n<p>Semaine du 5 au 11 janvier 2020<\/p>\n\n\n\n<p>Mardi 7 janvier \u00e0 10h00 en l&rsquo;\u00e9glise d&rsquo;Orgueil<\/p>\n\n\n\n<p>Fun\u00e9railles de monsieur Georges MIR suivies de l&rsquo;inhumation dans le cimeti\u00e8re de Nohic<\/p>\n\n\n\n<p>Lundi 6 janvier \u00e0 15h00 en l&rsquo;\u00e9glise d&rsquo;Orgueil<\/p>\n\n\n\n<p>Fun\u00e9railles de monsieur Georges BOUZIGUES<\/p>\n\n\n\n<hr class=\"wp-block-separator has-css-opacity\"\/>\n\n\n\n<p>Semaine du 29 d\u00e9cembre 2019 au 4 janvier 2020<\/p>\n\n\n\n<p>Jeudi 2 janvier \u00e0 10h00 en l&rsquo;\u00e9glise de Bressols<\/p>\n\n\n\n<p>Fun\u00e9railles de monsieur Claude AXMANN<\/p>\n\n\n\n<hr class=\"wp-block-separator has-css-opacity\"\/>\n\n\n\n<h5 class=\"wp-block-heading has-text-color has-link-color wp-elements-1fab326766863df2b32af22481b1a095\" id=\"funan2019\" style=\"color:#d54141\">Ann\u00e9e 2019<\/h5>\n\n\n\n<hr class=\"wp-block-separator has-css-opacity\"\/>\n\n\n\n<p>&nbsp;Semaine du 22 au 28 d\u00e9cembre 2019<\/p>\n\n\n\n<p>Mardi 24 d\u00e9cembre \u00e0 10h30 en l&rsquo;\u00e9glise d&rsquo;Orgueil<\/p>\n\n\n\n<p>Fun\u00e9railles de monsieur Adrien AGUI\u00c8RE<\/p>\n\n\n\n<p>Jeudi 26 d\u00e9cembre \u00e0 14h30 en l&rsquo;\u00e9glise de Labastide-Saint-Pierre<\/p>\n\n\n\n<p>Fun\u00e9railles de monsieur Jos\u00e9 GARCIA<\/p>\n\n\n\n<p>Jeudi 26 d\u00e9cembre \u00e0 15h00 en l&rsquo;\u00e9glise de Varennes<\/p>\n\n\n\n<p>Fun\u00e9railles de monsieur Andr\u00e9 BOUISSIERES<\/p>\n\n\n\n<hr class=\"wp-block-separator has-css-opacity\"\/>\n\n\n\n<p>Semaine du 8 au 14 d\u00e9cembre 2019<\/p>\n\n\n\n<p>Mardi 10 d\u00e9cembre \u00e0 15h30 en l&rsquo;\u00e9glise d&rsquo;Orgueil<\/p>\n\n\n\n<p>Fun\u00e9railles de madame Marthe MOLINI\u00c9 n\u00e9e MOISSET<\/p>\n\n\n\n<p>Mardi 10 d\u00e9cembre \u00e0 la chapelle de la maison de retraite de Villebrumier<\/p>\n\n\n\n<p>Fun\u00e9railles de madame \u00c9liette BOUSQUET<\/p>\n\n\n\n<hr class=\"wp-block-separator has-css-opacity\"\/>\n\n\n\n<p>Semaine du 10 au 16 novembre 2019<\/p>\n\n\n\n<p>Vendredi 15 novembre \u00e0 10h30 en l&rsquo;\u00e9glise de Bressols<\/p>\n\n\n\n<p>Fun\u00e9railles de madame Juliette BOUTY n\u00e9e ORLIAC<\/p>\n\n\n\n<hr class=\"wp-block-separator has-css-opacity\"\/>\n\n\n\n<p>Semaine du 10 au 16 novembre 2019<\/p>\n\n\n\n<p>Mercredi 6 novembre \u00e0 11h00 en l&rsquo;\u00e9glise de Corbarieu<\/p>\n\n\n\n<p>Fun\u00e9railles de monsieur Muriel CONSTANS<\/p>\n\n\n\n<hr class=\"wp-block-separator has-css-opacity\"\/>\n\n\n\n<p>Semaine du 27 octobre au 2 novembre 2019<\/p>\n\n\n\n<p>Lundi 28 octobre \u00e0 15h30 en l&rsquo;\u00e9glise de Reyni\u00e8s<\/p>\n\n\n\n<p>Fun\u00e9railles de madame Paule CLAMENS n\u00e9e BOUZIGUES<\/p>\n\n\n\n<hr class=\"wp-block-separator has-css-opacity\"\/>\n\n\n\n<p>Semaine du 20 au 26 octobre 2019<\/p>\n\n\n\n<p>Mardi 22 octobre \u00e0 15h00 en l&rsquo;\u00e9glise d&rsquo;Orgueil<\/p>\n\n\n\n<p>Fun\u00e9railles de madame Yvonne RAMOND suivies de l&rsquo;inhumation au cimeti\u00e8re de Nohic<\/p>\n\n\n\n<p>Lundi 21 octobre \u00e0 15h30 en l&rsquo;\u00e9glise de Corbarieu<\/p>\n\n\n\n<p>Fun\u00e9railles de monsieur Lucien ROSSIT<\/p>\n\n\n\n<hr class=\"wp-block-separator has-css-opacity\"\/>\n\n\n\n<p>Semaine du 29 septembre au 5 octobre 2019<\/p>\n\n\n\n<p>Mardi 1er octobre \u00e0 10h30 en l&rsquo;\u00e9glise de Labastide-Saint-Pierre<\/p>\n\n\n\n<p>Fun\u00e9railles de madame Marina FARONA, 97 ans<\/p>\n\n\n\n<hr class=\"wp-block-separator has-css-opacity\"\/>\n\n\n\n<p>Semaine du 22 au 28 septembre 2019<\/p>\n\n\n\n<p>Mercredi 25 septembre \u00e0 15h00 en l&rsquo;\u00e9glise de Labastide-Saint-Pierre<\/p>\n\n\n\n<p>Fun\u00e9railles de monsieur Georges LABOUYSSE<\/p>\n\n\n\n<p>Lundi 23 septembre \u00e0 10h30 en l&rsquo;\u00e9glise de Corbarieu<\/p>\n\n\n\n<p>Fun\u00e9railles de monsieur St\u00e9phane LESTIEU<\/p>\n\n\n\n<hr class=\"wp-block-separator has-css-opacity\"\/>\n\n\n\n<p>Semaine du 15 au 21 septembre 2019<\/p>\n\n\n\n<p>Samedi 21 septembre \u00e0 15h00 en l&rsquo;\u00e9glise d&rsquo;Orgueil (pour la paroisse de Nohic)<\/p>\n\n\n\n<p>Fun\u00e9railles de monsieur Pierre V\u00c9DEILH\u00c9<\/p>\n\n\n\n<p>Mercredi 18 septembre \u00e0 14h30&nbsp;en l&rsquo;\u00e9glise de Bressols<\/p>\n\n\n\n<p>Fun\u00e9railles de madame Anna CENTOMO, 92 ans<\/p>\n\n\n\n<p>Mardi 17 septembre \u00e0 10h00 en l&rsquo;\u00e9glise de Labastide-Saint-Pierre<\/p>\n\n\n\n<p>Fun\u00e9railles de madame Josette ROUX, 88 ans<\/p>\n\n\n\n<hr class=\"wp-block-separator has-css-opacity\"\/>\n\n\n\n<p>Semaine du 25 au 31 ao\u00fbt 2019<\/p>\n\n\n\n<p>Vendredi 30 ao\u00fbt \u00e0 15h30 en l&rsquo;\u00e9glise de Labastide-Saint-Pierre<\/p>\n\n\n\n<p>Fun\u00e9railles de monsieur Jacques VINCENT<\/p>\n\n\n\n<p>Mardi 27 ao\u00fbt \u00e0 15h00 en l&rsquo;\u00e9glise de Corbarieu<\/p>\n\n\n\n<p>Fun\u00e9railles de monsieur Michel THIERRY<\/p>\n\n\n\n<hr class=\"wp-block-separator has-css-opacity\"\/>\n\n\n\n<p>Semaine du 18 au 24 ao\u00fbt 2019<\/p>\n\n\n\n<p>Samedi 24 ao\u00fbt \u00e0 11h00 en l&rsquo;\u00e9glise de Belmontet<\/p>\n\n\n\n<p>Fun\u00e9railles de madame C\u00e9cile LAVAL<\/p>\n\n\n\n<p>Mardi 20 ao\u00fbt \u00e0 10h00 en l&rsquo;\u00e9glise de Villebrumier<\/p>\n\n\n\n<p>Fun\u00e9railles de monsieur Georges FABRA&nbsp;<\/p>\n\n\n\n<hr class=\"wp-block-separator has-css-opacity\"\/>\n\n\n\n<p>Semaine du 11 au 17 ao\u00fbt 2019<\/p>\n\n\n\n<p>Vendredi 16 ao\u00fbt \u00e0 09h30 en l&rsquo;\u00e9glise de Reyni\u00e8s<\/p>\n\n\n\n<p>Fun\u00e9railles de madame Gis\u00e8le CONTARD<\/p>\n\n\n\n<p>Mercredi 14 ao\u00fbt \u00e0 15h00 en l&rsquo;\u00e9glise de Varennes<\/p>\n\n\n\n<p>Fun\u00e9railles de madame Raymonde MOUQUOT, 88 ans<\/p>\n\n\n\n<hr class=\"wp-block-separator has-css-opacity\"\/>\n\n\n\n<p>Semaine du 4 au 10 ao\u00fbt 2019<\/p>\n\n\n\n<p>Lundi 5 ao\u00fbt \u00e0 10h00 en l&rsquo;\u00e9glise de Corbarieu<\/p>\n\n\n\n<p>Fun\u00e9railles de monsieur Pierre LAFAGE, 87 ans<\/p>\n\n\n\n<hr class=\"wp-block-separator has-css-opacity\"\/>\n\n\n\n<p>Semaine du 28 juillet au 4 ao\u00fbt 2019<\/p>\n\n\n\n<p>Vendredi 2 ao\u00fbt \u00e0 16h30 au cimeti\u00e8re de Reyni\u00e8s<\/p>\n\n\n\n<p>accompagnement (b\u00e9n\u00e9diction et pri\u00e8re) de madame Lucia BRESSANGES, 89 ans<\/p>\n\n\n\n<p>Jeudi 1er ao\u00fbt \u00e0 10h00 en l&rsquo;\u00e9glise de Bressols<\/p>\n\n\n\n<p>fun\u00e9railles de madame Solange DONADIO, 88 ans<\/p>\n\n\n\n<p>&nbsp;Lundi 29 juillet \u00e0 10h30 en l&rsquo;\u00e9glise d&rsquo;Orgueil<\/p>\n\n\n\n<p>fun\u00e9railles de monsieur Henri PRZYRACKI (suivies de l&rsquo;inhumation au cimeti\u00e8re de Nohic)<\/p>\n\n\n\n<hr class=\"wp-block-separator has-css-opacity\"\/>\n\n\n\n<p>Semaine du 21 au 27 juillet 2019<\/p>\n\n\n\n<p>Vendredi 26 \u00e0 14h30 en l&rsquo;\u00e9glise de La Salvetat<\/p>\n\n\n\n<p>fun\u00e9railles de madame Andr\u00e9e PIEULHET, 91 ans<\/p>\n\n\n\n<p>Vendredi 26 \u00e0 10h00 en l&rsquo;\u00e9glise de Corbarieu<\/p>\n\n\n\n<p>fun\u00e9railles de monsieur Patrick DUDZINSKI, 65 ans&nbsp;<\/p>\n\n\n\n<p>Mercredi 24 \u00e0 11h30 en l&rsquo;\u00e9glise de La Salvetat<\/p>\n\n\n\n<p>fun\u00e9railles de monsieur Raoul PEYTEVY&nbsp;<\/p>\n\n\n\n<p>Mercredi 24 \u00e0 10h00 en l&rsquo;\u00e9glise de Verlhac-Tescou<\/p>\n\n\n\n<p>fun\u00e9railles de monsieur Herv\u00e9 ESCALETTE&nbsp;<\/p>\n\n\n\n<hr class=\"wp-block-separator has-css-opacity\"\/>\n\n\n\n<p>Semaine du 14 au 20 juillet 2019<\/p>\n\n\n\n<p>Vendredi 19 \u00e0 10h00 en l&rsquo;\u00e9glise de Labastide-Saint-Pierre<\/p>\n\n\n\n<p>fun\u00e9railles de monsieur Riccardo VANZETTO, 92 ans<\/p>\n\n\n\n<p>Jeudi 18 \u00e0 10h00 en l&rsquo;\u00e9glise de Bressols<\/p>\n\n\n\n<p>fun\u00e9railles de madame Josette CONSTANTIN, 67 ans<\/p>\n\n\n\n<hr class=\"wp-block-separator has-css-opacity\"\/>\n\n\n\n<p>Semaine du 07 au 13 juillet 2019<\/p>\n\n\n\n<p>Samedi 13 \u00e0 09h30 \u00e0 la maison de retraite&nbsp;de Villebrumier&nbsp;<\/p>\n\n\n\n<p>fun\u00e9railles&nbsp; de monsieur G\u00e9rard Alban BRIAN, suivies de l&rsquo;inhumation dans le cimeti\u00e8re de Corbarieu<\/p>\n\n\n\n<p>Mardi 9 \u00e0 10h00 au cimeti\u00e8re de Villebrumier<\/p>\n\n\n\n<p>fun\u00e9railles (c\u00e9r\u00e9monie civile) de monsieur Christian MONTET, 67 ans<\/p>\n\n\n\n<p>Lundi 8 \u00e0 09h30&nbsp;en l&rsquo;\u00e9glise de Labastide-Saint-Pierre<\/p>\n\n\n\n<p>fun\u00e9railles de madame Mercede Tecla STECCA n\u00e9e PANDOLFO, 95 ans&nbsp;<\/p>\n\n\n\n<hr class=\"wp-block-separator has-css-opacity\"\/>\n\n\n\n<p>Semaine du 30 juin au 06 juillet 2019<\/p>\n\n\n\n<p>Mercredi 3 \u00e0 10h00 en l&rsquo;\u00e9glise de Brial<\/p>\n\n\n\n<p>fun\u00e9railles de monsieur Jean Pierre GORRE, 71 ans<\/p>\n\n\n\n<p>Lundi 1er \u00e0 10h00 en l&rsquo;\u00e9glise de Labastide-Saint-Pierre<\/p>\n\n\n\n<p>fun\u00e9railles de madame Andr\u00e9e BOYER<\/p>\n\n\n\n<p>Lundi 1er \u00e0 15h00 en l&rsquo;\u00e9glise de Varennes<\/p>\n\n\n\n<p>fun\u00e9railles de madame Marie Rose ROUQUETTE<\/p>\n\n\n\n<hr class=\"wp-block-separator has-css-opacity\"\/>\n\n\n\n<p>Semaine du 16 juin au 22 juin 2019<\/p>\n\n\n\n<p>Mercredi 19 \u00e0 10h00 en l&rsquo;\u00e9glise de&nbsp;Labastide-Saint-Pierre<\/p>\n\n\n\n<p>fun\u00e9railles de madame Paulette LACAZE<\/p>\n\n\n\n<p>Lundi 17 \u00e0 14h30 en l&rsquo;\u00e9glise d&rsquo;Orgueil<\/p>\n\n\n\n<p>fun\u00e9railles de monsieur Gilbert VERDIER<\/p>\n\n\n\n<hr class=\"wp-block-separator has-css-opacity\"\/>\n\n\n\n<p>Semaine du 9 juin au 15 juin 2019<\/p>\n\n\n\n<p>Samedi 15 \u00e0 15h00 en l&rsquo;\u00e9glise de Reyni\u00e8s<\/p>\n\n\n\n<p>fun\u00e9railles de madame Clara VIGOUROUX n\u00e9e Luvisotto, 94 ans<\/p>\n\n\n\n<p>Vendredi 14 \u00e0 10h30 en l&rsquo;\u00e9glise d&rsquo;Orgueil<\/p>\n\n\n\n<p>fun\u00e9railles de monsieur Francis LIENARD suivies de l&rsquo;inhumation au cimeti\u00e8re de Nohic<\/p>\n\n\n\n<p>Jeudi 13 \u00e0 10h00 en l&rsquo;\u00e9glise de Moulis<\/p>\n\n\n\n<p>fun\u00e9railles de madame C\u00e9cile TIRBAKH n\u00e9e M\u00dcLLER, 93 ans<\/p>\n\n\n\n<p>Jeudi 13 \u00e0 11h00&nbsp;en l&rsquo;\u00e9glise d&rsquo;Orgueil<\/p>\n\n\n\n<p>fun\u00e9railles de madame Sylvia LACOMBE<\/p>\n\n\n\n<p>Jeudi 13 \u00e0 15h00 en l&rsquo;\u00e9glise de Brial<\/p>\n\n\n\n<p>fun\u00e9railles de monsieur Alphonse CURTOLO, 91 ans<\/p>\n\n\n\n<hr class=\"wp-block-separator has-css-opacity\"\/>\n\n\n\n<p>Semaine du 2 juin au 8 juin 2019<\/p>\n\n\n\n<p>Mardi 4 \u00e0 10h30 en l&rsquo;\u00e9glise de Bressols<\/p>\n\n\n\n<p>fun\u00e9railles de monsieur \u00c9tienne FORTUNEL<\/p>\n\n\n\n<p>Lundi 3 \u00e0 10h30 en l&rsquo;\u00e9glise de Reyni\u00e8s<\/p>\n\n\n\n<p>fun\u00e9railles de madame Denise BONNET<\/p>\n\n\n\n<hr class=\"wp-block-separator has-css-opacity\"\/>\n\n\n\n<p>Semaine du 26 mai au 2 juin 2019<\/p>\n\n\n\n<p>Mercredi 29 \u00e0 14h30 en l&rsquo;\u00e9glise de Villebrumier<\/p>\n\n\n\n<p>fun\u00e9railles de monsieur Jean BRUGNARA, 56 ans&nbsp;<\/p>\n\n\n\n<p>Mardi 28 \u00e0 15h00 en l&rsquo;\u00e9glise d&rsquo;Orgueil<\/p>\n\n\n\n<p>fun\u00e9railles de monsieur Guy ESTEVES, 52 ans<\/p>\n\n\n\n<p>Lundi 27 \u00e0 10h30&nbsp;en l&rsquo;\u00e9glise de Verlhac-Tescou<\/p>\n\n\n\n<p>fun\u00e9railles de monsieur Louis BOUDET<\/p>\n\n\n\n<hr class=\"wp-block-separator has-css-opacity\"\/>\n\n\n\n<p>Semaine du 13 au 19 mai 2019<\/p>\n\n\n\n<p>Mardi 14 \u00e0 10h15 en l&rsquo;\u00e9glise de Reyni\u00e8s<\/p>\n\n\n\n<p>fun\u00e9railles de madame Nadine LALLEMAND<\/p>\n\n\n\n<hr class=\"wp-block-separator has-css-opacity\"\/>\n\n\n\n<p>Semaine du 28 avril au 05 mai 2019<\/p>\n\n\n\n<p>Mardi 30 \u00e0 15h00 en l&rsquo;\u00e9glise de Bressols<\/p>\n\n\n\n<p>fun\u00e9railles de monsieur Andr\u00e9 DESSEAUX, 70 ans<\/p>\n\n\n\n<p>Lundi 29 \u00e0 14h30 en l&rsquo;\u00e9glise de Bressols<\/p>\n\n\n\n<p>fun\u00e9railles de madame Giuseppina VIGATO, 87 ans<\/p>\n\n\n\n<hr class=\"wp-block-separator has-css-opacity\"\/>\n\n\n\n<p>Semaine du 07 au 13 avril 2019<\/p>\n\n\n\n<p>Mardi 9 \u00e0 14h30 en l&rsquo;\u00e9glise de Labastide-Saint-Pierre<\/p>\n\n\n\n<p>fun\u00e9railles de madame Julienne GUY, 88 ans<\/p>\n\n\n\n<hr class=\"wp-block-separator has-css-opacity\"\/>\n\n\n\n<p>Semaine du 31 mars au 06 avril 2019<\/p>\n\n\n\n<p>Vendredi 5 \u00e0 15h00 en l&rsquo;\u00e9glise de Bressols<\/p>\n\n\n\n<p>fun\u00e9railles de madame Josette BOUYSSOU, 88 ans<\/p>\n\n\n\n<p>Jeudi 4 \u00e0 14h30 en l&rsquo;\u00e9glise de Labastide-Saint-Pierre<\/p>\n\n\n\n<p>fun\u00e9railles de monsieur \u00c9tienne MURET, 77 ans<\/p>\n\n\n\n<p>Jeudi 4 \u00e0 10h30 en l&rsquo;\u00e9glise de Bressols<\/p>\n\n\n\n<p>fun\u00e9railles de madame \u00c9lise HEMBERT<\/p>\n\n\n\n<p>Jeudi 4 \u00e0 10h30 en l&rsquo;\u00e9glise de Reyni\u00e8s<\/p>\n\n\n\n<p>fun\u00e9railles de monsieur Sergio TINAZZI, 96 ans<\/p>\n\n\n\n<p>Mardi 2&nbsp; 15h00 en l&rsquo;\u00e9glise de Villebrumier<\/p>\n\n\n\n<p>fun\u00e9railles de madame Jeannine LACROUX, 87 ans<\/p>\n\n\n\n<hr class=\"wp-block-separator has-css-opacity\"\/>\n\n\n\n<p>Semaine du 24 au 30 mars 2019<\/p>\n\n\n\n<p>Jeudi 28 mars 10h30 en l&rsquo;\u00e9glise de Bressols<\/p>\n\n\n\n<p>fun\u00e9railles de monsieur Claude LAFLORENTIE<\/p>\n\n\n\n<hr class=\"wp-block-separator has-css-opacity\"\/>\n\n\n\n<p>Semaine du 17 au 23 mars 2019<\/p>\n\n\n\n<hr class=\"wp-block-separator has-css-opacity\"\/>\n\n\n\n<p>Semaine du 10 au 16 mars 2019<\/p>\n\n\n\n<p>Samedi 16 mars 10h30 \u00e9glise de Labastide-Saint-Pierre<\/p>\n\n\n\n<p>Fun\u00e9railles de madame Danielle AUGIAS, 81 ans<\/p>\n\n\n\n<p>Vendredi 15 mars 15h00 \u00e9glise de Labastide-Saint-Pierre<\/p>\n\n\n\n<p>Fun\u00e9railles de monsieur Louis ROM\u00c9, 89 ans<\/p>\n\n\n\n<p>Jeudi 14 mars 15h00 \u00e9glise d&rsquo;Orgueil<\/p>\n\n\n\n<p>Fun\u00e9railles de madame Florinda CONTI n\u00e9e GHELLER, 94 ans<\/p>\n\n\n\n<hr class=\"wp-block-separator has-css-opacity\"\/>\n\n\n\n<p>Semaine du 4 au 10 mars 2019<\/p>\n\n\n\n<p>Vendredi 8 mars 10h30 \u00e9glise de Bressols<\/p>\n\n\n\n<p>Fun\u00e9railles de madame Angelina BATTISTIN, 91 ans<\/p>\n\n\n\n<p>Vendredi 8 mars 15h00 \u00e9glise de Bressols<\/p>\n\n\n\n<p>Fun\u00e9railles de monsieur Jean MOREL, 93 ans&nbsp;<\/p>\n\n\n\n<hr class=\"wp-block-separator has-css-opacity\"\/>\n\n\n\n<p>Semaine du 24 f\u00e9vrier au 2 mars 2019<\/p>\n\n\n\n<p>Vendredi 1er mars 10h30 \u00e9glise de Labastide-Saint-Pierre<\/p>\n\n\n\n<p>Fun\u00e9railles de madame Maria AUDO, 90 ans<\/p>\n\n\n\n<p>Mardi 26 f\u00e9vrier 15h00 \u00e9glise de Nohic<\/p>\n\n\n\n<p>Fun\u00e9railles de monsieur Jean MOUYSSET, 88 ans<\/p>\n\n\n\n<p>Lundi 25 f\u00e9vrier 15h00 \u00e9glise de Reyni\u00e8s<\/p>\n\n\n\n<p>Fun\u00e9railles de monsieur Henri DESCHENES, 92 ans<\/p>\n\n\n\n<hr class=\"wp-block-separator has-css-opacity\"\/>\n\n\n\n<p>Semaine du 17 au 23 f\u00e9vrier 2019<\/p>\n\n\n\n<p>Lundi 18 f\u00e9vrier 15h00 \u00e9glise de Labastide-Saint-Pierre<\/p>\n\n\n\n<p>Fun\u00e9railles de madame Jeanne LIBERT, 87 ans<\/p>\n\n\n\n<hr class=\"wp-block-separator has-css-opacity\"\/>\n\n\n\n<p>Semaine du 10 au 16 f\u00e9vrier 2019<\/p>\n\n\n\n<p>Jeudi 14 f\u00e9vrier 15h00 \u00e9glise de Nohic<\/p>\n\n\n\n<p>Fun\u00e9railles de madame Maria DIAS n\u00e9e GUEDES, 80 ans<\/p>\n\n\n\n<p>Jeudi 14 f\u00e9vrier&nbsp; &nbsp; &nbsp; &nbsp; &nbsp; &nbsp;\u00e9glise de Nohic<\/p>\n\n\n\n<p>Fun\u00e9railles de monsieur Jean Claude LANGLOIS<\/p>\n\n\n\n<hr class=\"wp-block-separator has-css-opacity\"\/>\n\n\n\n<p class=\"has-global-color-8-color has-text-color has-link-color wp-elements-09257d281d45a165d9e0c8f586fa5697\">Semaine du 04 au 09&nbsp; f\u00e9vrier 2919<\/p>\n\n\n\n<p>Lundi 4 f\u00e9vrier 10h00 \u00e9glise de Labastide-Saint-Pierre<\/p>\n\n\n\n<p>Fun\u00e9railles de madame Jeannine FOURCADE, 80 ans<\/p>\n\n\n\n<p>Mardi 5 f\u00e9vrier 10h30 \u00e9glise de Corbarieu<\/p>\n\n\n\n<p>Fun\u00e9railles de madame Marthe SIM\u00c9ON n\u00e9e GRANGI\u00c9, 91 ans<\/p>\n\n\n\n<p>Mardi 5 f\u00e9vrier 14h30 \u00e9glise de Labastide-Saint-Pierre<\/p>\n\n\n\n<p>Fun\u00e9railles de monsieur Fran\u00e7ois NOUAILLES, 62 ans<\/p>\n\n\n\n<p>Jeudi 7 f\u00e9vrier 15h00 \u00e9glise de Bressols<\/p>\n\n\n\n<p>Fun\u00e9railles de madame Gis\u00e8le VERDI\u00c9 n\u00e9e LOUBET, 90 ans<\/p>\n\n\n\n<hr class=\"wp-block-separator has-css-opacity\"\/>\n\n\n\n<p class=\"has-global-color-8-color has-text-color has-link-color wp-elements-153261e7c1686c939cd3e1d7f625ebf6\"><strong>Semaine du 20\/au 25\/01\/2019<\/strong><\/p>\n\n\n\n<p>Mercredi 23 janvier 15h00 \u00e9glise de Labastide-Saint-Pierre<\/p>\n\n\n\n<p>Fun\u00e9railles de madame Paule N\u00c8GRE, 89 ans<\/p>\n\n\n\n<p>Jeudi 24 janvier 10h00 \u00e9glise de Bressols<\/p>\n\n\n\n<p>Fun\u00e9railles de monsieur Georges DELRIEU, 85 ans <\/p>\n\n\n\n<hr class=\"wp-block-separator has-alpha-channel-opacity\"\/>\n\n\n\n<p><\/p>\n","protected":false},"excerpt":{"rendered":"<p>Vous venez de perdre un proche et vous souhaitez demander \u00e0 l\u2019\u00c9glise un temps de c\u00e9l\u00e9bration et de pri\u00e8re selon le d\u00e9sir de votre d\u00e9funt ou vos convictions personnelles. C\u2019est pourquoi nous pouvons confier votre d\u00e9funt \u00e0 la mis\u00e9ricorde de Dieu, c\u2019est-\u00e0-dire \u00e0 son amour sans limite. Quelque que soit sa vie, son histoire, toute &#8230; <a title=\"Aucune c\u00e9r\u00e9monie de fun\u00e9railles n&rsquo;est pr\u00e9vue dans nos \u00e9glises louons le Seigneur\" class=\"read-more\" href=\"https:\/\/ensemble-paroissial-reynies.fr\/?p=1480\" aria-label=\"En savoir plus sur Aucune c\u00e9r\u00e9monie de fun\u00e9railles n&rsquo;est pr\u00e9vue dans nos \u00e9glises louons le Seigneur\">Lire la suite<\/a><\/p>\n","protected":false},"author":1,"featured_media":0,"parent":419,"menu_order":5,"comment_status":"closed","ping_status":"closed","template":"","meta":{"_eb_attr":"","pgc_sgb_lightbox_settings":"","footnotes":""},"class_list":["post-569","page","type-page","status-publish","hentry"],"yoast_head":"<!-- This site is optimized with the Yoast SEO plugin v27.5 - https:\/\/yoast.com\/product\/yoast-seo-wordpress\/ -->\n<title>Fun\u00e9railles - Ensemble paroissial de Reyni\u00e8s<\/title>\n<meta name=\"description\" content=\"Ensemble paroissial de Reyni\u00e8s - Ensemble paroissial de Reyni\u00e8s\" \/>\n<meta name=\"robots\" content=\"index, follow, max-snippet:-1, max-image-preview:large, max-video-preview:-1\" \/>\n<link rel=\"canonical\" href=\"https:\/\/ensemble-paroissial-reynies.fr\/?page_id=569\" \/>\n<meta property=\"og:locale\" content=\"fr_FR\" \/>\n<meta property=\"og:type\" content=\"article\" \/>\n<meta property=\"og:title\" content=\"Fun\u00e9railles - Ensemble paroissial de Reyni\u00e8s\" \/>\n<meta property=\"og:description\" content=\"Ensemble paroissial de Reyni\u00e8s - Ensemble paroissial de Reyni\u00e8s\" \/>\n<meta property=\"og:url\" content=\"https:\/\/ensemble-paroissial-reynies.fr\/?page_id=569\" \/>\n<meta property=\"og:site_name\" content=\"Ensemble paroissial de Reyni\u00e8s\" \/>\n<meta property=\"article:modified_time\" content=\"2026-04-20T12:02:56+00:00\" \/>\n<meta name=\"twitter:card\" content=\"summary_large_image\" \/>\n<meta name=\"twitter:label1\" content=\"Dur\u00e9e de lecture estim\u00e9e\" \/>\n\t<meta name=\"twitter:data1\" content=\"58 minutes\" \/>\n<script type=\"application\/ld+json\" class=\"yoast-schema-graph\">{\"@context\":\"https:\\\/\\\/schema.org\",\"@graph\":[{\"@type\":\"WebPage\",\"@id\":\"https:\\\/\\\/ensemble-paroissial-reynies.fr\\\/?page_id=569\",\"url\":\"https:\\\/\\\/ensemble-paroissial-reynies.fr\\\/?page_id=569\",\"name\":\"Fun\u00e9railles - Ensemble paroissial de Reyni\u00e8s\",\"isPartOf\":{\"@id\":\"https:\\\/\\\/ensemble-paroissial-reynies.fr\\\/#website\"},\"datePublished\":\"2026-04-20T12:02:52+00:00\",\"dateModified\":\"2026-04-20T12:02:56+00:00\",\"description\":\"Ensemble paroissial de Reyni\u00e8s - Ensemble paroissial de Reyni\u00e8s\",\"breadcrumb\":{\"@id\":\"https:\\\/\\\/ensemble-paroissial-reynies.fr\\\/?page_id=569#breadcrumb\"},\"inLanguage\":\"fr-FR\",\"potentialAction\":[{\"@type\":\"ReadAction\",\"target\":[\"https:\\\/\\\/ensemble-paroissial-reynies.fr\\\/?page_id=569\"]}]},{\"@type\":\"BreadcrumbList\",\"@id\":\"https:\\\/\\\/ensemble-paroissial-reynies.fr\\\/?page_id=569#breadcrumb\",\"itemListElement\":[{\"@type\":\"ListItem\",\"position\":1,\"name\":\"Home\",\"item\":\"https:\\\/\\\/ensemble-paroissial-reynies.fr\\\/\"},{\"@type\":\"ListItem\",\"position\":2,\"name\":\"Accueil\",\"item\":\"https:\\\/\\\/ensemble-paroissial-reynies.fr\\\/\"},{\"@type\":\"ListItem\",\"position\":3,\"name\":\"Vie chr\u00e9tienne\",\"item\":\"https:\\\/\\\/ensemble-paroissial-reynies.fr\\\/?page_id=419\"},{\"@type\":\"ListItem\",\"position\":4,\"name\":\"Fun\u00e9railles\"}]},{\"@type\":\"WebSite\",\"@id\":\"https:\\\/\\\/ensemble-paroissial-reynies.fr\\\/#website\",\"url\":\"https:\\\/\\\/ensemble-paroissial-reynies.fr\\\/\",\"name\":\"Ensemble paroissial de Reyni\u00e8s\",\"description\":\"\",\"publisher\":{\"@id\":\"https:\\\/\\\/ensemble-paroissial-reynies.fr\\\/#organization\"},\"alternateName\":\"EPReyni\u00e8s\",\"potentialAction\":[{\"@type\":\"SearchAction\",\"target\":{\"@type\":\"EntryPoint\",\"urlTemplate\":\"https:\\\/\\\/ensemble-paroissial-reynies.fr\\\/?s={search_term_string}\"},\"query-input\":{\"@type\":\"PropertyValueSpecification\",\"valueRequired\":true,\"valueName\":\"search_term_string\"}}],\"inLanguage\":\"fr-FR\"},{\"@type\":\"Organization\",\"@id\":\"https:\\\/\\\/ensemble-paroissial-reynies.fr\\\/#organization\",\"name\":\"Ensemble paroissial de Reyni\u00e8s\",\"alternateName\":\"EPReyni\u00e8s\",\"url\":\"https:\\\/\\\/ensemble-paroissial-reynies.fr\\\/\",\"logo\":{\"@type\":\"ImageObject\",\"inLanguage\":\"fr-FR\",\"@id\":\"https:\\\/\\\/ensemble-paroissial-reynies.fr\\\/#\\\/schema\\\/logo\\\/image\\\/\",\"url\":\"https:\\\/\\\/ensemble-paroissial-reynies.fr\\\/wp-content\\\/uploads\\\/paroisse\\\/nouveau-logo-catechisme-paroisse-07-2023.jpg\",\"contentUrl\":\"https:\\\/\\\/ensemble-paroissial-reynies.fr\\\/wp-content\\\/uploads\\\/paroisse\\\/nouveau-logo-catechisme-paroisse-07-2023.jpg\",\"width\":666,\"height\":698,\"caption\":\"Ensemble paroissial de Reyni\u00e8s\"},\"image\":{\"@id\":\"https:\\\/\\\/ensemble-paroissial-reynies.fr\\\/#\\\/schema\\\/logo\\\/image\\\/\"}}]}<\/script>\n<!-- \/ Yoast SEO plugin. -->","yoast_head_json":{"title":"Fun\u00e9railles - Ensemble paroissial de Reyni\u00e8s","description":"Ensemble paroissial de Reyni\u00e8s - Ensemble paroissial de Reyni\u00e8s","robots":{"index":"index","follow":"follow","max-snippet":"max-snippet:-1","max-image-preview":"max-image-preview:large","max-video-preview":"max-video-preview:-1"},"canonical":"https:\/\/ensemble-paroissial-reynies.fr\/?page_id=569","og_locale":"fr_FR","og_type":"article","og_title":"Fun\u00e9railles - Ensemble paroissial de Reyni\u00e8s","og_description":"Ensemble paroissial de Reyni\u00e8s - Ensemble paroissial de Reyni\u00e8s","og_url":"https:\/\/ensemble-paroissial-reynies.fr\/?page_id=569","og_site_name":"Ensemble paroissial de Reyni\u00e8s","article_modified_time":"2026-04-20T12:02:56+00:00","twitter_card":"summary_large_image","twitter_misc":{"Dur\u00e9e de lecture estim\u00e9e":"58 minutes"},"schema":{"@context":"https:\/\/schema.org","@graph":[{"@type":"WebPage","@id":"https:\/\/ensemble-paroissial-reynies.fr\/?page_id=569","url":"https:\/\/ensemble-paroissial-reynies.fr\/?page_id=569","name":"Fun\u00e9railles - Ensemble paroissial de Reyni\u00e8s","isPartOf":{"@id":"https:\/\/ensemble-paroissial-reynies.fr\/#website"},"datePublished":"2026-04-20T12:02:52+00:00","dateModified":"2026-04-20T12:02:56+00:00","description":"Ensemble paroissial de Reyni\u00e8s - Ensemble paroissial de Reyni\u00e8s","breadcrumb":{"@id":"https:\/\/ensemble-paroissial-reynies.fr\/?page_id=569#breadcrumb"},"inLanguage":"fr-FR","potentialAction":[{"@type":"ReadAction","target":["https:\/\/ensemble-paroissial-reynies.fr\/?page_id=569"]}]},{"@type":"BreadcrumbList","@id":"https:\/\/ensemble-paroissial-reynies.fr\/?page_id=569#breadcrumb","itemListElement":[{"@type":"ListItem","position":1,"name":"Home","item":"https:\/\/ensemble-paroissial-reynies.fr\/"},{"@type":"ListItem","position":2,"name":"Accueil","item":"https:\/\/ensemble-paroissial-reynies.fr\/"},{"@type":"ListItem","position":3,"name":"Vie chr\u00e9tienne","item":"https:\/\/ensemble-paroissial-reynies.fr\/?page_id=419"},{"@type":"ListItem","position":4,"name":"Fun\u00e9railles"}]},{"@type":"WebSite","@id":"https:\/\/ensemble-paroissial-reynies.fr\/#website","url":"https:\/\/ensemble-paroissial-reynies.fr\/","name":"Ensemble paroissial de Reyni\u00e8s","description":"","publisher":{"@id":"https:\/\/ensemble-paroissial-reynies.fr\/#organization"},"alternateName":"EPReyni\u00e8s","potentialAction":[{"@type":"SearchAction","target":{"@type":"EntryPoint","urlTemplate":"https:\/\/ensemble-paroissial-reynies.fr\/?s={search_term_string}"},"query-input":{"@type":"PropertyValueSpecification","valueRequired":true,"valueName":"search_term_string"}}],"inLanguage":"fr-FR"},{"@type":"Organization","@id":"https:\/\/ensemble-paroissial-reynies.fr\/#organization","name":"Ensemble paroissial de Reyni\u00e8s","alternateName":"EPReyni\u00e8s","url":"https:\/\/ensemble-paroissial-reynies.fr\/","logo":{"@type":"ImageObject","inLanguage":"fr-FR","@id":"https:\/\/ensemble-paroissial-reynies.fr\/#\/schema\/logo\/image\/","url":"https:\/\/ensemble-paroissial-reynies.fr\/wp-content\/uploads\/paroisse\/nouveau-logo-catechisme-paroisse-07-2023.jpg","contentUrl":"https:\/\/ensemble-paroissial-reynies.fr\/wp-content\/uploads\/paroisse\/nouveau-logo-catechisme-paroisse-07-2023.jpg","width":666,"height":698,"caption":"Ensemble paroissial de Reyni\u00e8s"},"image":{"@id":"https:\/\/ensemble-paroissial-reynies.fr\/#\/schema\/logo\/image\/"}}]}},"featured_image_src":null,"featured_image_src_square":null,"_links":{"self":[{"href":"https:\/\/ensemble-paroissial-reynies.fr\/index.php?rest_route=\/wp\/v2\/pages\/569","targetHints":{"allow":["GET"]}}],"collection":[{"href":"https:\/\/ensemble-paroissial-reynies.fr\/index.php?rest_route=\/wp\/v2\/pages"}],"about":[{"href":"https:\/\/ensemble-paroissial-reynies.fr\/index.php?rest_route=\/wp\/v2\/types\/page"}],"author":[{"embeddable":true,"href":"https:\/\/ensemble-paroissial-reynies.fr\/index.php?rest_route=\/wp\/v2\/users\/1"}],"replies":[{"embeddable":true,"href":"https:\/\/ensemble-paroissial-reynies.fr\/index.php?rest_route=%2Fwp%2Fv2%2Fcomments&post=569"}],"version-history":[{"count":11,"href":"https:\/\/ensemble-paroissial-reynies.fr\/index.php?rest_route=\/wp\/v2\/pages\/569\/revisions"}],"predecessor-version":[{"id":4879,"href":"https:\/\/ensemble-paroissial-reynies.fr\/index.php?rest_route=\/wp\/v2\/pages\/569\/revisions\/4879"}],"up":[{"embeddable":true,"href":"https:\/\/ensemble-paroissial-reynies.fr\/index.php?rest_route=\/wp\/v2\/pages\/419"}],"wp:attachment":[{"href":"https:\/\/ensemble-paroissial-reynies.fr\/index.php?rest_route=%2Fwp%2Fv2%2Fmedia&parent=569"}],"curies":[{"name":"wp","href":"https:\/\/api.w.org\/{rel}","templated":true}]}}