{"id":507,"date":"2025-08-28T11:05:33","date_gmt":"2025-08-28T09:05:33","guid":{"rendered":"https:\/\/ensemble-paroissial-reynies.fr\/?page_id=507"},"modified":"2025-10-30T22:50:00","modified_gmt":"2025-10-30T21:50:00","slug":"catechese","status":"publish","type":"page","link":"https:\/\/ensemble-paroissial-reynies.fr\/?page_id=507","title":{"rendered":"Cat\u00e9ch\u00e8se"},"content":{"rendered":"<style><\/style><div class=\"wplp_outside wplp_widget_2244\" style=\"max-width:100%;\"><div id=\"wplp_widget_2244\" class=\"wplp_widget_default wplp_container vertical swiper wplp-swiper default cols3\" data-theme=\"default\" data-post=\"2244\" style=\"\" data-max-elts=\"4\" data-per-page=\"10\"><div class=\"wplp_listposts swiper-wrapper\" id=\"default_2244\" style=\"width: 100%;\" ><div class=\"swiper-slide\" style=\"\"><div class=\"insideframe\"><div id=\"wplp_box_top_2244_2286\" class=\"wpcu-front-box top equalHeightImg\" ><div class=\"wplp-box-item\"><a href=\"https:\/\/ensemble-paroissial-reynies.fr\/?p=2286\"  class=\"title\"><span style=\"height:1.24em\" class=\"line_limit\">Caf\u00e9 KT du dimanche<\/span><\/a><\/div><\/div><div id=\"wplp_box_left_2244_2286\" class=\"wpcu-front-box left wpcu-custom-position\" ><div class=\"wplp-box-item\"><\/div><\/div><div id=\"wplp_box_right_2244_2286\" class=\"wpcu-front-box right wpcu-custom-position\" ><div class=\"wplp-box-item\"><\/div><\/div><div id=\"wplp_box_bottom_2244_2286\" class=\"wpcu-front-box bottom \" ><div class=\"wplp-box-item\"><a href=\"https:\/\/ensemble-paroissial-reynies.fr\/?p=2286\"  class=\"text\"><span style=\"max-height:2.8em\" class=\"line_limit\">Et si on (RE) commen\u00e7ait\u2026. En tant qu\u2019adulte&nbsp;!On se pose souvent la question de Dieu, mais on est bien souvent ignorant sur les contenus de notre religion.Transmis aux enfants d\u00e8s le plus jeune \u00e2ge, la connaissance de la foi s\u2019\u00e9tiole souvent au fil des ann\u00e9es. Par manque d&rsquo;enseignement religieux, les adultes ne peuvent pas toujours &#8230; Lire la suite<\/span><span style=\"margin-left:3px; max-height:2.8em\" class=\"line_limit\"> [...]<\/span><\/a><span class=\"custom_fields\">\n<!-- WPLP Unknown field: Custom_Fields -->\n<\/span><a href=\"https:\/\/ensemble-paroissial-reynies.fr\/?p=2286\"  class=\"read-more\">Read more...<\/a><\/div><\/div><\/div><\/div><div class=\"swiper-slide\" style=\"\"><div class=\"insideframe\"><div id=\"wplp_box_top_2244_4469\" class=\"wpcu-front-box top equalHeightImg\" ><div class=\"wplp-box-item\"><a href=\"https:\/\/ensemble-paroissial-reynies.fr\/?p=4469\"  class=\"title\"><span style=\"height:1.24em\" class=\"line_limit\">Les enfants du KT sont all\u00e9s \u00e0 la rencontre de leurs ain\u00e9s<\/span><\/a><\/div><\/div><div id=\"wplp_box_left_2244_4469\" class=\"wpcu-front-box left wpcu-custom-position\" ><div class=\"wplp-box-item\"><\/div><\/div><div id=\"wplp_box_right_2244_4469\" class=\"wpcu-front-box right wpcu-custom-position\" ><div class=\"wplp-box-item\"><\/div><\/div><div id=\"wplp_box_bottom_2244_4469\" class=\"wpcu-front-box bottom \" ><div class=\"wplp-box-item\"><a href=\"https:\/\/ensemble-paroissial-reynies.fr\/?p=4469\"  class=\"text\"><span style=\"max-height:2.8em\" class=\"line_limit\">Le samedi 13 d\u00e9cembre 2025 les enfants du KT sont all\u00e9s \u00e0 la rencontre des ain\u00e9es en se rendant \u00e0 la Clinique La Pin\u00e8de de Saint-Nauphary et \u00e0 l&rsquo;EHPAD Les Ch\u00eanes Verts de Villebrumier. Cette rencontre des enfants du KT avec les ain\u00e9s \u00e0 Villebrumier a donn\u00e9 lieu \u00e0 un article dans la D\u00e9p\u00eache du &#8230; Lire la suite<\/span><span style=\"margin-left:3px; max-height:2.8em\" class=\"line_limit\"> [...]<\/span><\/a><span class=\"custom_fields\">\n<!-- WPLP Unknown field: Custom_Fields -->\n<\/span><a href=\"https:\/\/ensemble-paroissial-reynies.fr\/?p=4469\"  class=\"read-more\">Read more...<\/a><\/div><\/div><\/div><\/div><div class=\"swiper-slide\" style=\"\"><div class=\"insideframe\"><div id=\"wplp_box_top_2244_3645\" class=\"wpcu-front-box top equalHeightImg\" ><div class=\"wplp-box-item\"><a href=\"https:\/\/ensemble-paroissial-reynies.fr\/?p=3645\"  class=\"title\"><span style=\"height:1.24em\" class=\"line_limit\">Temps fort KT du 15 mars 2025<\/span><\/a><\/div><\/div><div id=\"wplp_box_left_2244_3645\" class=\"wpcu-front-box left wpcu-custom-position\" ><div class=\"wplp-box-item\"><\/div><\/div><div id=\"wplp_box_right_2244_3645\" class=\"wpcu-front-box right wpcu-custom-position\" ><div class=\"wplp-box-item\"><\/div><\/div><div id=\"wplp_box_bottom_2244_3645\" class=\"wpcu-front-box bottom \" ><div class=\"wplp-box-item\"><a href=\"https:\/\/ensemble-paroissial-reynies.fr\/?p=3645\"  class=\"text\"><span style=\"max-height:2.8em\" class=\"line_limit\">Le samedi 15 mars les \u00e9quipes du KT avaient propos\u00e9 un temps fort aux enfants du cat\u00e9chisme, \u00e0 leurs parents et \u00e0 tous les paroissiens. Le th\u00e8me parfaitement adapt\u00e9 au temps du Car\u00eame \u00e9tait Pardon et Adoration : A 14h00 les enfants se sont donc retrouv\u00e9s \u00e0 la Maison paroissiale. On leur a expliqu\u00e9 ce &#8230; Lire la suite<\/span><span style=\"margin-left:3px; max-height:2.8em\" class=\"line_limit\"> [...]<\/span><\/a><span class=\"custom_fields\">\n<!-- WPLP Unknown field: Custom_Fields -->\n<\/span><a href=\"https:\/\/ensemble-paroissial-reynies.fr\/?p=3645\"  class=\"read-more\">Read more...<\/a><\/div><\/div><\/div><\/div><div class=\"swiper-slide\" style=\"\"><div class=\"insideframe\"><div id=\"wplp_box_top_2244_2874\" class=\"wpcu-front-box top equalHeightImg\" ><div class=\"wplp-box-item\"><a href=\"https:\/\/ensemble-paroissial-reynies.fr\/?p=2874\"  class=\"title\"><span style=\"height:1.24em\" class=\"line_limit\">Photos et r\u00e9sum\u00e9 du spectacle cat\u00e9chisme du 7 d\u00e9cembre 2024<\/span><\/a><\/div><\/div><div id=\"wplp_box_left_2244_2874\" class=\"wpcu-front-box left wpcu-custom-position\" ><div class=\"wplp-box-item\"><\/div><\/div><div id=\"wplp_box_right_2244_2874\" class=\"wpcu-front-box right wpcu-custom-position\" ><div class=\"wplp-box-item\"><\/div><\/div><div id=\"wplp_box_bottom_2244_2874\" class=\"wpcu-front-box bottom \" ><div class=\"wplp-box-item\"><a href=\"https:\/\/ensemble-paroissial-reynies.fr\/?p=2874\"  class=\"text\"><span style=\"max-height:2.8em\" class=\"line_limit\">(si vous cliquez sur une photo vous la verrez en grande taille) Les enfants du cat\u00e9chisme nous avaient donn\u00e9 rendez vous \u00e0 16h00 le samedi 7 d\u00e9cembre 2024 \u00e0 la salle des f\u00eates de Reyni\u00e8s pour nous pr\u00e9senter un spectacle. Qu&rsquo;allions nous voir ? Qu&rsquo;avaient ils pr\u00e9par\u00e9 pour que nous rentrions enchant\u00e9s dans le temps &#8230; Lire la suite<\/span><span style=\"margin-left:3px; max-height:2.8em\" class=\"line_limit\"> [...]<\/span><\/a><span class=\"custom_fields\">\n<!-- WPLP Unknown field: Custom_Fields -->\n<\/span><a href=\"https:\/\/ensemble-paroissial-reynies.fr\/?p=2874\"  class=\"read-more\">Read more...<\/a><\/div><\/div><\/div><\/div><\/div><div class=\"swiper-button-next\"><\/div><div class=\"swiper-button-prev\"><\/div><div class=\"swiper-pagination\"><\/div><\/div><\/div>\n\n\n\n<hr class=\"wp-block-separator has-alpha-channel-opacity\"\/>\n\n\n\n<h3 class=\"wp-block-heading\">Inscriptions Cat\u00e9chisme ann\u00e9e 2025-2026<\/h3>\n\n\n\n<p>Pourquoi inscrire mon enfant au cat\u00e9chisme et \u00e0 l\u2019\u00e9veil \u00e0 la Foi&nbsp;? Qu\u2019est ce que cela lui apportera&nbsp;?<br>Inscrire votre enfant \u00e0 l\u2018\u00e9veil \u00e0 la Foi et au cat\u00e9chisme, c\u2019est lui permettre de rencontrer J\u00e9sus et de d\u00e9couvrir que Dieu aime chacun d\u2019entre nous.<br>C\u2019est aussi lui donner l\u2019occasion de r\u00e9fl\u00e9chir sur lui-m\u00eame, le monde et Dieu avec d\u2019autres chr\u00e9tiens&nbsp;: enfants, adultes, cat\u00e9chistes, pr\u00eatres, .. <\/p>\n\n\n\n<hr class=\"wp-block-separator has-alpha-channel-opacity\"\/>\n\n\n\n<p class=\"has-medium-font-size\"><strong>Pour les parents des cat\u00e9chis\u00e9s<\/strong> : <a href=\"https:\/\/ensemble-paroissial-reynies.fr\/?p=2286\">Le caf\u00e9 KT du dimanche<\/a><\/p>\n\n\n\n<hr class=\"wp-block-separator has-alpha-channel-opacity\"\/>\n\n\n\n<p class=\"has-medium-font-size\"><em><strong>Fiche de renseignement <\/strong>pour l\u2019inscription au cat\u00e9chisme \u00e0 t\u00e9l\u00e9charger&nbsp;<\/em>: au format&nbsp;<a href=\"https:\/\/ensemble-paroissial-reynies.fr\/wp-content\/uploads\/paroisse\/KT\/Fiche-inscription-KT-10-10-2024.pdf\" target=\"_blank\" rel=\"noopener\" title=\"Fiche inscription KT \u2013 10-10-2024\">PDF<\/a><\/p>\n\n\n\n<hr class=\"wp-block-separator has-alpha-channel-opacity\"\/>\n\n\n\n<div class=\"wp-block-buttons is-layout-flex wp-block-buttons-is-layout-flex\">\n<div class=\"wp-block-button is-style-fill\"><a class=\"wp-block-button__link has-base-3-color has-accent-background-color has-text-color has-background has-link-color has-custom-font-size wp-element-button\" href=\"https:\/\/www.diocese-montauban.fr\/services\/pole-evangelisation-jeunes\/\" style=\"border-radius:18px;font-size:16px\">Lien vers le P\u00f4le \u00c9vang\u00e9lisation Jeunes du dioc\u00e8se (Aum\u00f4neries, \u00e9tudiants, groupes, ..)<\/a><\/div>\n<\/div>\n\n\n\n<div style=\"height:14px\" aria-hidden=\"true\" class=\"wp-block-spacer\"><\/div>\n\n\n\n<div class=\"wp-block-buttons is-layout-flex wp-block-buttons-is-layout-flex\">\n<div class=\"wp-block-button is-style-outline is-style-outline--1\"><a class=\"wp-block-button__link has-base-3-color has-accent-background-color has-text-color has-background has-link-color wp-element-button\" href=\"https:\/\/www.diocese-montauban.fr\/services\/catechumenat-des-adultes\/\" style=\"border-radius:23px\">Cat\u00e9chum\u00e9nat des adultes<\/a><\/div>\n<\/div>\n\n\n\n<hr class=\"wp-block-separator has-alpha-channel-opacity\"\/>\n","protected":false},"excerpt":{"rendered":"<p>Inscriptions Cat\u00e9chisme ann\u00e9e 2025-2026 Pourquoi inscrire mon enfant au cat\u00e9chisme et \u00e0 l\u2019\u00e9veil \u00e0 la Foi&nbsp;? Qu\u2019est ce que cela lui apportera&nbsp;?Inscrire votre enfant \u00e0 l\u2018\u00e9veil \u00e0 la Foi et au cat\u00e9chisme, c\u2019est lui permettre de rencontrer J\u00e9sus et de d\u00e9couvrir que Dieu aime chacun d\u2019entre nous.C\u2019est aussi lui donner l\u2019occasion de r\u00e9fl\u00e9chir sur lui-m\u00eame, &#8230; <a title=\"Photos et r\u00e9sum\u00e9 du spectacle cat\u00e9chisme du 7 d\u00e9cembre 2024\" class=\"read-more\" href=\"https:\/\/ensemble-paroissial-reynies.fr\/?p=2874\" aria-label=\"En savoir plus sur Photos et r\u00e9sum\u00e9 du spectacle cat\u00e9chisme du 7 d\u00e9cembre 2024\">Lire la suite<\/a><\/p>\n","protected":false},"author":1,"featured_media":0,"parent":419,"menu_order":3,"comment_status":"closed","ping_status":"closed","template":"","meta":{"_eb_attr":"","pgc_sgb_lightbox_settings":"","footnotes":""},"class_list":["post-507","page","type-page","status-publish","hentry"],"yoast_head":"<!-- This site is optimized with the Yoast SEO plugin v27.5 - https:\/\/yoast.com\/product\/yoast-seo-wordpress\/ -->\n<title>Cat\u00e9ch\u00e8se - Ensemble paroissial de Reyni\u00e8s<\/title>\n<meta name=\"description\" content=\"Ensemble paroissial de Reyni\u00e8s - Ensemble paroissial de Reyni\u00e8s\" \/>\n<meta name=\"robots\" content=\"index, follow, max-snippet:-1, max-image-preview:large, max-video-preview:-1\" \/>\n<link rel=\"canonical\" href=\"https:\/\/ensemble-paroissial-reynies.fr\/?page_id=507\" \/>\n<meta property=\"og:locale\" content=\"fr_FR\" \/>\n<meta property=\"og:type\" content=\"article\" \/>\n<meta property=\"og:title\" content=\"Cat\u00e9ch\u00e8se - Ensemble paroissial de Reyni\u00e8s\" \/>\n<meta property=\"og:description\" content=\"Ensemble paroissial de Reyni\u00e8s - Ensemble paroissial de Reyni\u00e8s\" \/>\n<meta property=\"og:url\" content=\"https:\/\/ensemble-paroissial-reynies.fr\/?page_id=507\" \/>\n<meta property=\"og:site_name\" content=\"Ensemble paroissial de Reyni\u00e8s\" \/>\n<meta property=\"article:modified_time\" content=\"2025-10-30T21:50:00+00:00\" \/>\n<meta name=\"twitter:card\" content=\"summary_large_image\" \/>\n<meta name=\"twitter:label1\" content=\"Dur\u00e9e de lecture estim\u00e9e\" \/>\n\t<meta name=\"twitter:data1\" content=\"1 minute\" \/>\n<script type=\"application\/ld+json\" class=\"yoast-schema-graph\">{\"@context\":\"https:\\\/\\\/schema.org\",\"@graph\":[{\"@type\":\"WebPage\",\"@id\":\"https:\\\/\\\/ensemble-paroissial-reynies.fr\\\/?page_id=507\",\"url\":\"https:\\\/\\\/ensemble-paroissial-reynies.fr\\\/?page_id=507\",\"name\":\"Cat\u00e9ch\u00e8se - Ensemble paroissial de Reyni\u00e8s\",\"isPartOf\":{\"@id\":\"https:\\\/\\\/ensemble-paroissial-reynies.fr\\\/#website\"},\"datePublished\":\"2025-08-28T09:05:33+00:00\",\"dateModified\":\"2025-10-30T21:50:00+00:00\",\"description\":\"Ensemble paroissial de Reyni\u00e8s - Ensemble paroissial de Reyni\u00e8s\",\"breadcrumb\":{\"@id\":\"https:\\\/\\\/ensemble-paroissial-reynies.fr\\\/?page_id=507#breadcrumb\"},\"inLanguage\":\"fr-FR\",\"potentialAction\":[{\"@type\":\"ReadAction\",\"target\":[\"https:\\\/\\\/ensemble-paroissial-reynies.fr\\\/?page_id=507\"]}]},{\"@type\":\"BreadcrumbList\",\"@id\":\"https:\\\/\\\/ensemble-paroissial-reynies.fr\\\/?page_id=507#breadcrumb\",\"itemListElement\":[{\"@type\":\"ListItem\",\"position\":1,\"name\":\"Home\",\"item\":\"https:\\\/\\\/ensemble-paroissial-reynies.fr\\\/\"},{\"@type\":\"ListItem\",\"position\":2,\"name\":\"Accueil\",\"item\":\"https:\\\/\\\/ensemble-paroissial-reynies.fr\\\/\"},{\"@type\":\"ListItem\",\"position\":3,\"name\":\"Vie chr\u00e9tienne\",\"item\":\"https:\\\/\\\/ensemble-paroissial-reynies.fr\\\/?page_id=419\"},{\"@type\":\"ListItem\",\"position\":4,\"name\":\"Cat\u00e9ch\u00e8se\"}]},{\"@type\":\"WebSite\",\"@id\":\"https:\\\/\\\/ensemble-paroissial-reynies.fr\\\/#website\",\"url\":\"https:\\\/\\\/ensemble-paroissial-reynies.fr\\\/\",\"name\":\"Ensemble paroissial de Reyni\u00e8s\",\"description\":\"\",\"publisher\":{\"@id\":\"https:\\\/\\\/ensemble-paroissial-reynies.fr\\\/#organization\"},\"alternateName\":\"EPReyni\u00e8s\",\"potentialAction\":[{\"@type\":\"SearchAction\",\"target\":{\"@type\":\"EntryPoint\",\"urlTemplate\":\"https:\\\/\\\/ensemble-paroissial-reynies.fr\\\/?s={search_term_string}\"},\"query-input\":{\"@type\":\"PropertyValueSpecification\",\"valueRequired\":true,\"valueName\":\"search_term_string\"}}],\"inLanguage\":\"fr-FR\"},{\"@type\":\"Organization\",\"@id\":\"https:\\\/\\\/ensemble-paroissial-reynies.fr\\\/#organization\",\"name\":\"Ensemble paroissial de Reyni\u00e8s\",\"alternateName\":\"EPReyni\u00e8s\",\"url\":\"https:\\\/\\\/ensemble-paroissial-reynies.fr\\\/\",\"logo\":{\"@type\":\"ImageObject\",\"inLanguage\":\"fr-FR\",\"@id\":\"https:\\\/\\\/ensemble-paroissial-reynies.fr\\\/#\\\/schema\\\/logo\\\/image\\\/\",\"url\":\"https:\\\/\\\/ensemble-paroissial-reynies.fr\\\/wp-content\\\/uploads\\\/paroisse\\\/nouveau-logo-catechisme-paroisse-07-2023.jpg\",\"contentUrl\":\"https:\\\/\\\/ensemble-paroissial-reynies.fr\\\/wp-content\\\/uploads\\\/paroisse\\\/nouveau-logo-catechisme-paroisse-07-2023.jpg\",\"width\":666,\"height\":698,\"caption\":\"Ensemble paroissial de Reyni\u00e8s\"},\"image\":{\"@id\":\"https:\\\/\\\/ensemble-paroissial-reynies.fr\\\/#\\\/schema\\\/logo\\\/image\\\/\"}}]}<\/script>\n<!-- \/ Yoast SEO plugin. -->","yoast_head_json":{"title":"Cat\u00e9ch\u00e8se - Ensemble paroissial de Reyni\u00e8s","description":"Ensemble paroissial de Reyni\u00e8s - Ensemble paroissial de Reyni\u00e8s","robots":{"index":"index","follow":"follow","max-snippet":"max-snippet:-1","max-image-preview":"max-image-preview:large","max-video-preview":"max-video-preview:-1"},"canonical":"https:\/\/ensemble-paroissial-reynies.fr\/?page_id=507","og_locale":"fr_FR","og_type":"article","og_title":"Cat\u00e9ch\u00e8se - Ensemble paroissial de Reyni\u00e8s","og_description":"Ensemble paroissial de Reyni\u00e8s - Ensemble paroissial de Reyni\u00e8s","og_url":"https:\/\/ensemble-paroissial-reynies.fr\/?page_id=507","og_site_name":"Ensemble paroissial de Reyni\u00e8s","article_modified_time":"2025-10-30T21:50:00+00:00","twitter_card":"summary_large_image","twitter_misc":{"Dur\u00e9e de lecture estim\u00e9e":"1 minute"},"schema":{"@context":"https:\/\/schema.org","@graph":[{"@type":"WebPage","@id":"https:\/\/ensemble-paroissial-reynies.fr\/?page_id=507","url":"https:\/\/ensemble-paroissial-reynies.fr\/?page_id=507","name":"Cat\u00e9ch\u00e8se - Ensemble paroissial de Reyni\u00e8s","isPartOf":{"@id":"https:\/\/ensemble-paroissial-reynies.fr\/#website"},"datePublished":"2025-08-28T09:05:33+00:00","dateModified":"2025-10-30T21:50:00+00:00","description":"Ensemble paroissial de Reyni\u00e8s - Ensemble paroissial de Reyni\u00e8s","breadcrumb":{"@id":"https:\/\/ensemble-paroissial-reynies.fr\/?page_id=507#breadcrumb"},"inLanguage":"fr-FR","potentialAction":[{"@type":"ReadAction","target":["https:\/\/ensemble-paroissial-reynies.fr\/?page_id=507"]}]},{"@type":"BreadcrumbList","@id":"https:\/\/ensemble-paroissial-reynies.fr\/?page_id=507#breadcrumb","itemListElement":[{"@type":"ListItem","position":1,"name":"Home","item":"https:\/\/ensemble-paroissial-reynies.fr\/"},{"@type":"ListItem","position":2,"name":"Accueil","item":"https:\/\/ensemble-paroissial-reynies.fr\/"},{"@type":"ListItem","position":3,"name":"Vie chr\u00e9tienne","item":"https:\/\/ensemble-paroissial-reynies.fr\/?page_id=419"},{"@type":"ListItem","position":4,"name":"Cat\u00e9ch\u00e8se"}]},{"@type":"WebSite","@id":"https:\/\/ensemble-paroissial-reynies.fr\/#website","url":"https:\/\/ensemble-paroissial-reynies.fr\/","name":"Ensemble paroissial de Reyni\u00e8s","description":"","publisher":{"@id":"https:\/\/ensemble-paroissial-reynies.fr\/#organization"},"alternateName":"EPReyni\u00e8s","potentialAction":[{"@type":"SearchAction","target":{"@type":"EntryPoint","urlTemplate":"https:\/\/ensemble-paroissial-reynies.fr\/?s={search_term_string}"},"query-input":{"@type":"PropertyValueSpecification","valueRequired":true,"valueName":"search_term_string"}}],"inLanguage":"fr-FR"},{"@type":"Organization","@id":"https:\/\/ensemble-paroissial-reynies.fr\/#organization","name":"Ensemble paroissial de Reyni\u00e8s","alternateName":"EPReyni\u00e8s","url":"https:\/\/ensemble-paroissial-reynies.fr\/","logo":{"@type":"ImageObject","inLanguage":"fr-FR","@id":"https:\/\/ensemble-paroissial-reynies.fr\/#\/schema\/logo\/image\/","url":"https:\/\/ensemble-paroissial-reynies.fr\/wp-content\/uploads\/paroisse\/nouveau-logo-catechisme-paroisse-07-2023.jpg","contentUrl":"https:\/\/ensemble-paroissial-reynies.fr\/wp-content\/uploads\/paroisse\/nouveau-logo-catechisme-paroisse-07-2023.jpg","width":666,"height":698,"caption":"Ensemble paroissial de Reyni\u00e8s"},"image":{"@id":"https:\/\/ensemble-paroissial-reynies.fr\/#\/schema\/logo\/image\/"}}]}},"featured_image_src":null,"featured_image_src_square":null,"_links":{"self":[{"href":"https:\/\/ensemble-paroissial-reynies.fr\/index.php?rest_route=\/wp\/v2\/pages\/507","targetHints":{"allow":["GET"]}}],"collection":[{"href":"https:\/\/ensemble-paroissial-reynies.fr\/index.php?rest_route=\/wp\/v2\/pages"}],"about":[{"href":"https:\/\/ensemble-paroissial-reynies.fr\/index.php?rest_route=\/wp\/v2\/types\/page"}],"author":[{"embeddable":true,"href":"https:\/\/ensemble-paroissial-reynies.fr\/index.php?rest_route=\/wp\/v2\/users\/1"}],"replies":[{"embeddable":true,"href":"https:\/\/ensemble-paroissial-reynies.fr\/index.php?rest_route=%2Fwp%2Fv2%2Fcomments&post=507"}],"version-history":[{"count":0,"href":"https:\/\/ensemble-paroissial-reynies.fr\/index.php?rest_route=\/wp\/v2\/pages\/507\/revisions"}],"up":[{"embeddable":true,"href":"https:\/\/ensemble-paroissial-reynies.fr\/index.php?rest_route=\/wp\/v2\/pages\/419"}],"wp:attachment":[{"href":"https:\/\/ensemble-paroissial-reynies.fr\/index.php?rest_route=%2Fwp%2Fv2%2Fmedia&parent=507"}],"curies":[{"name":"wp","href":"https:\/\/api.w.org\/{rel}","templated":true}]}}