{"id":270,"date":"2024-12-22T11:21:12","date_gmt":"2024-12-22T10:21:12","guid":{"rendered":"https:\/\/ensemble-paroissial-reynies.fr\/?page_id=270"},"modified":"2024-12-22T13:36:50","modified_gmt":"2024-12-22T12:36:50","slug":"mentions-legales","status":"publish","type":"page","link":"https:\/\/ensemble-paroissial-reynies.fr\/?page_id=270","title":{"rendered":"Mentions l\u00e9gales"},"content":{"rendered":"\n<hr class=\"wp-block-separator has-alpha-channel-opacity\"\/>\n\n\n\n<h4 class=\"wp-block-heading has-medium-font-size\"><em>Mentions l\u00e9gales et conditions de respect de la vie priv\u00e9e des visiteurs du site internet de l\u2019ensemble paroissial de Reyni\u00e8s.<\/em><\/h4>\n\n\n\n<h2 class=\"wp-block-heading\">Editeur du site<\/h2>\n\n\n\n<p><strong>Ensemble paroissial de Reyni\u00e8s<br>Responsable \u00e9ditorial :&nbsp;&nbsp;cur\u00e9&nbsp;<\/strong>de l&rsquo;ensemble paroissial de Reyni\u00e8s, P\u00e8re Herman BORO<\/p>\n\n\n\n<ul class=\"wp-block-list\">\n<li>2460 Route de Reyni\u00e8s 82370 Corbarieu<\/li>\n\n\n\n<li>Tel : 05 63 64 66 83<\/li>\n<\/ul>\n\n\n\n<h2 class=\"wp-block-heading\">Conception et maintenance<\/h2>\n\n\n\n<ul class=\"wp-block-list\">\n<li>Jacques VILLAIN<\/li>\n\n\n\n<li>Contact : contact@ensemble-paroissial-reynies.fr <\/li>\n<\/ul>\n\n\n\n<h2 class=\"wp-block-heading\">Site con\u00e7u avec WordPress<\/h2>\n\n\n\n<ul class=\"wp-block-list\">\n<li>Logiciel libre distribu\u00e9 sous licence publique g\u00e9n\u00e9rale&nbsp;GPLv2&nbsp;(<em>General Public License<\/em>), derni\u00e8re version.<\/li>\n\n\n\n<li><a href=\"https:\/\/fr.wordpress.org\/\" target=\"_blank\" rel=\"noreferrer noopener\">WordPress<\/a><\/li>\n\n\n\n<li>Les pages r\u00e9alis\u00e9es avec le CMS WordPress utilisent le th\u00e8me <a href=\"https:\/\/generatepress.com\/theme\/\">GeneratePress<\/a><\/li>\n<\/ul>\n\n\n\n<h2 class=\"wp-block-heading\">H\u00e9bergeur :&nbsp;Ligne Web Service<\/h2>\n\n\n\n<ul class=\"wp-block-list\">\n<li>LWS (Ligne Web Services)<\/li>\n\n\n\n<li>Soci\u00e9t\u00e9 au capital de 500 000 Euros &#8211; RCS Paris B 851 993 683<\/li>\n\n\n\n<li>10 rue Penthi\u00e8vre, 75008 Paris, France<\/li>\n\n\n\n<li><a href=\"https:\/\/www.lws.fr\" target=\"_blank\" rel=\"noreferrer noopener\">https:\/\/www.lws.fr<\/a><\/li>\n<\/ul>\n\n\n\n<h2 class=\"wp-block-heading\">Respect de la vie priv\u00e9e<\/h2>\n\n\n\n<p>Ce site peut collecter vos donn\u00e9es via des formulaires de contact et utiliser des\u00a0<em>cookies<\/em>, des fichiers plac\u00e9s sur votre ordinateur, pour aider \u00e0 analyser l\u2019utilisation du site par ses visiteurs. <\/p>\n\n\n\n<p>Les statistiques d&rsquo;utilisation du site sont collect\u00e9es \u00e0 l&rsquo;aide de la version gratuite de l&rsquo;extension (Plugin) Worpdress WPStatitics (<a href=\"https:\/\/fr.wordpress.org\/plugins\/wp-statistics\/\" target=\"_blank\" rel=\"noreferrer noopener\">https:\/\/fr.wordpress.org\/plugins\/wp-statistics\/<\/a> ) qui n&rsquo;utilise pas de cookies et est compliant avec la RGPD. Les donn\u00e9es collect\u00e9es sont stock\u00e9es dans l&rsquo;environnement WordPress et ne contiennent aucune donn\u00e9e personnelle, l&rsquo;adresse IP du visiteur est anonymis\u00e9e lors de la capture des donn\u00e9es avant d&rsquo;\u00eatre stock\u00e9e rendant impossible toute identification.<\/p>\n\n\n\n<h2 class=\"wp-block-heading\">Protection des donn\u00e9es personnelles<br><a href=\"https:\/\/notredameversailles.fr\/contact\/\"><\/a><\/h2>\n\n\n\n<p>Vos coordonn\u00e9es transmises via les formulaires du site sont conserv\u00e9es par traitement informatique uniquement pour maintenir un lien d\u2019information des activit\u00e9s paroissiales et dioc\u00e9saines et ne sont ni divulgu\u00e9es ni partag\u00e9es avec d\u2019autres organismes.<\/p>\n\n\n\n<p>Conform\u00e9ment \u00e0 la loi \u201cInformatique et Libert\u00e9s\u201d du 6 janvier 1978 modifi\u00e9e et au R\u00e8glement Europ\u00e9en du 17 avril 2016, nous nous engageons \u00e0 vous garantir le droit d\u2019acc\u00e8s, d\u2019information, de rectification, d\u2019opposition et de suppression des informations qui vous concernent.<\/p>\n\n\n\n<p>Les adresses mail transmises via le formulaire pr\u00e9sent sur la page d&rsquo;accueil pour recevoir le bulletin paroissial mensuel sont g\u00e9r\u00e9es par la plate-forme marketing Mailchimp (<a href=\"https:\/\/mailchimp.com\/fr\" target=\"_blank\" rel=\"noreferrer noopener\">https:\/\/mailchimp.com\/fr<\/a> ) via un compte ouvert par l&rsquo;Ensemble paroissial de Reyni\u00e8s (plan standard gratuit), elles ne peuvent \u00eatre utilis\u00e9es que par ce compte et ne sont divulgu\u00e9es \u00e0 aucune autre entit\u00e9. La soci\u00e9t\u00e9 Mailchimp bas\u00e9e aux \u00c9tats-Unis d&rsquo;Am\u00e9rique respecte la RGPD (<a href=\"https:\/\/mailchimp.com\/fr\/gdpr\/\" target=\"_blank\" rel=\"noreferrer noopener\">https:\/\/mailchimp.com\/fr\/gdpr\/<\/a> )<\/p>\n\n\n\n<p>Si vous d\u00e9sirez exercer vos droits ou ne plus recevoir de courrier de notre part, vous pouvez nous \u00e9crire \u00e0 : sainteannedereynies@gmail.com.<\/p>\n\n\n\n<p>Les notifications du site sont g\u00e9r\u00e9es par la solution OneSignal (<a href=\"https:\/\/www.onesignal.com\" target=\"_blank\" rel=\"noreferrer noopener\">https:\/\/www.onesignal.com<\/a> ) via un compte gratuit ouvert par l&rsquo;Ensemble paroissial de Reyni\u00e8s. L&rsquo;information collect\u00e9e pour recevoir les notifications lors de publication d&rsquo;articles ou de mises \u00e0 jour de pages\/articles du site internet  ne sont utilisables que via ce compte et ne servent qu&rsquo;\u00e0 pousser des notifications, vous pouvez \u00e0 tout moment vous d\u00e9sinscrire des notifications.<\/p>\n\n\n\n<h2 class=\"wp-block-heading\">Propri\u00e9t\u00e9s intellectuelles<\/h2>\n\n\n\n<p>De mani\u00e8re g\u00e9n\u00e9rale, les textes, les informations, les photos, apparaissant sur le Site sont la propri\u00e9t\u00e9 de l\u2019ensemble paroissial de Reyni\u00e8s et sont prot\u00e9g\u00e9es \u00e0 ce titre par les dispositions du Code de la propri\u00e9t\u00e9 intellectuelle.<\/p>\n\n\n\n<hr class=\"wp-block-separator has-alpha-channel-opacity\"\/>\n","protected":false},"excerpt":{"rendered":"<p>Mentions l\u00e9gales et conditions de respect de la vie priv\u00e9e des visiteurs du site internet de l\u2019ensemble paroissial de Reyni\u00e8s. Editeur du site Ensemble paroissial de Reyni\u00e8sResponsable \u00e9ditorial :&nbsp;&nbsp;cur\u00e9&nbsp;de l&rsquo;ensemble paroissial de Reyni\u00e8s, P\u00e8re Herman BORO Conception et maintenance Site con\u00e7u avec WordPress H\u00e9bergeur :&nbsp;Ligne Web Service Respect de la vie priv\u00e9e Ce site peut &#8230; <a title=\"Mentions l\u00e9gales\" class=\"read-more\" href=\"https:\/\/ensemble-paroissial-reynies.fr\/?page_id=270\" aria-label=\"En savoir plus sur Mentions l\u00e9gales\">Lire la suite<\/a><\/p>\n","protected":false},"author":1,"featured_media":0,"parent":77,"menu_order":90,"comment_status":"closed","ping_status":"closed","template":"","meta":{"_eb_attr":"","pgc_sgb_lightbox_settings":"","footnotes":""},"class_list":["post-270","page","type-page","status-publish"],"yoast_head":"<!-- This site is optimized with the Yoast SEO plugin v27.5 - https:\/\/yoast.com\/product\/yoast-seo-wordpress\/ -->\n<title>Mentions l\u00e9gales - Ensemble paroissial de Reyni\u00e8s<\/title>\n<meta name=\"description\" content=\"Ensemble paroissial de Reyni\u00e8s - Ensemble paroissial de Reyni\u00e8s\" \/>\n<meta name=\"robots\" content=\"index, follow, max-snippet:-1, max-image-preview:large, max-video-preview:-1\" \/>\n<link rel=\"canonical\" href=\"https:\/\/ensemble-paroissial-reynies.fr\/?page_id=270\" \/>\n<meta property=\"og:locale\" content=\"fr_FR\" \/>\n<meta property=\"og:type\" content=\"article\" \/>\n<meta property=\"og:title\" content=\"Mentions l\u00e9gales - Ensemble paroissial de Reyni\u00e8s\" \/>\n<meta property=\"og:description\" content=\"Ensemble paroissial de Reyni\u00e8s - Ensemble paroissial de Reyni\u00e8s\" \/>\n<meta property=\"og:url\" content=\"https:\/\/ensemble-paroissial-reynies.fr\/?page_id=270\" \/>\n<meta property=\"og:site_name\" content=\"Ensemble paroissial de Reyni\u00e8s\" \/>\n<meta property=\"article:modified_time\" content=\"2024-12-22T12:36:50+00:00\" \/>\n<meta name=\"twitter:card\" content=\"summary_large_image\" \/>\n<meta name=\"twitter:label1\" content=\"Dur\u00e9e de lecture estim\u00e9e\" \/>\n\t<meta name=\"twitter:data1\" content=\"3 minutes\" \/>\n<script type=\"application\/ld+json\" class=\"yoast-schema-graph\">{\"@context\":\"https:\\\/\\\/schema.org\",\"@graph\":[{\"@type\":\"WebPage\",\"@id\":\"https:\\\/\\\/ensemble-paroissial-reynies.fr\\\/?page_id=270\",\"url\":\"https:\\\/\\\/ensemble-paroissial-reynies.fr\\\/?page_id=270\",\"name\":\"Mentions l\u00e9gales - Ensemble paroissial de Reyni\u00e8s\",\"isPartOf\":{\"@id\":\"https:\\\/\\\/ensemble-paroissial-reynies.fr\\\/#website\"},\"datePublished\":\"2024-12-22T10:21:12+00:00\",\"dateModified\":\"2024-12-22T12:36:50+00:00\",\"description\":\"Ensemble paroissial de Reyni\u00e8s - Ensemble paroissial de Reyni\u00e8s\",\"breadcrumb\":{\"@id\":\"https:\\\/\\\/ensemble-paroissial-reynies.fr\\\/?page_id=270#breadcrumb\"},\"inLanguage\":\"fr-FR\",\"potentialAction\":[{\"@type\":\"ReadAction\",\"target\":[\"https:\\\/\\\/ensemble-paroissial-reynies.fr\\\/?page_id=270\"]}]},{\"@type\":\"BreadcrumbList\",\"@id\":\"https:\\\/\\\/ensemble-paroissial-reynies.fr\\\/?page_id=270#breadcrumb\",\"itemListElement\":[{\"@type\":\"ListItem\",\"position\":1,\"name\":\"Home\",\"item\":\"https:\\\/\\\/ensemble-paroissial-reynies.fr\\\/\"},{\"@type\":\"ListItem\",\"position\":2,\"name\":\"Accueil\",\"item\":\"https:\\\/\\\/ensemble-paroissial-reynies.fr\\\/\"},{\"@type\":\"ListItem\",\"position\":3,\"name\":\"Mentions l\u00e9gales\"}]},{\"@type\":\"WebSite\",\"@id\":\"https:\\\/\\\/ensemble-paroissial-reynies.fr\\\/#website\",\"url\":\"https:\\\/\\\/ensemble-paroissial-reynies.fr\\\/\",\"name\":\"Ensemble paroissial de Reyni\u00e8s\",\"description\":\"\",\"publisher\":{\"@id\":\"https:\\\/\\\/ensemble-paroissial-reynies.fr\\\/#organization\"},\"alternateName\":\"EPReyni\u00e8s\",\"potentialAction\":[{\"@type\":\"SearchAction\",\"target\":{\"@type\":\"EntryPoint\",\"urlTemplate\":\"https:\\\/\\\/ensemble-paroissial-reynies.fr\\\/?s={search_term_string}\"},\"query-input\":{\"@type\":\"PropertyValueSpecification\",\"valueRequired\":true,\"valueName\":\"search_term_string\"}}],\"inLanguage\":\"fr-FR\"},{\"@type\":\"Organization\",\"@id\":\"https:\\\/\\\/ensemble-paroissial-reynies.fr\\\/#organization\",\"name\":\"Ensemble paroissial de Reyni\u00e8s\",\"alternateName\":\"EPReyni\u00e8s\",\"url\":\"https:\\\/\\\/ensemble-paroissial-reynies.fr\\\/\",\"logo\":{\"@type\":\"ImageObject\",\"inLanguage\":\"fr-FR\",\"@id\":\"https:\\\/\\\/ensemble-paroissial-reynies.fr\\\/#\\\/schema\\\/logo\\\/image\\\/\",\"url\":\"https:\\\/\\\/ensemble-paroissial-reynies.fr\\\/wp-content\\\/uploads\\\/paroisse\\\/nouveau-logo-catechisme-paroisse-07-2023.jpg\",\"contentUrl\":\"https:\\\/\\\/ensemble-paroissial-reynies.fr\\\/wp-content\\\/uploads\\\/paroisse\\\/nouveau-logo-catechisme-paroisse-07-2023.jpg\",\"width\":666,\"height\":698,\"caption\":\"Ensemble paroissial de Reyni\u00e8s\"},\"image\":{\"@id\":\"https:\\\/\\\/ensemble-paroissial-reynies.fr\\\/#\\\/schema\\\/logo\\\/image\\\/\"}}]}<\/script>\n<!-- \/ Yoast SEO plugin. -->","yoast_head_json":{"title":"Mentions l\u00e9gales - Ensemble paroissial de Reyni\u00e8s","description":"Ensemble paroissial de Reyni\u00e8s - Ensemble paroissial de Reyni\u00e8s","robots":{"index":"index","follow":"follow","max-snippet":"max-snippet:-1","max-image-preview":"max-image-preview:large","max-video-preview":"max-video-preview:-1"},"canonical":"https:\/\/ensemble-paroissial-reynies.fr\/?page_id=270","og_locale":"fr_FR","og_type":"article","og_title":"Mentions l\u00e9gales - Ensemble paroissial de Reyni\u00e8s","og_description":"Ensemble paroissial de Reyni\u00e8s - Ensemble paroissial de Reyni\u00e8s","og_url":"https:\/\/ensemble-paroissial-reynies.fr\/?page_id=270","og_site_name":"Ensemble paroissial de Reyni\u00e8s","article_modified_time":"2024-12-22T12:36:50+00:00","twitter_card":"summary_large_image","twitter_misc":{"Dur\u00e9e de lecture estim\u00e9e":"3 minutes"},"schema":{"@context":"https:\/\/schema.org","@graph":[{"@type":"WebPage","@id":"https:\/\/ensemble-paroissial-reynies.fr\/?page_id=270","url":"https:\/\/ensemble-paroissial-reynies.fr\/?page_id=270","name":"Mentions l\u00e9gales - Ensemble paroissial de Reyni\u00e8s","isPartOf":{"@id":"https:\/\/ensemble-paroissial-reynies.fr\/#website"},"datePublished":"2024-12-22T10:21:12+00:00","dateModified":"2024-12-22T12:36:50+00:00","description":"Ensemble paroissial de Reyni\u00e8s - Ensemble paroissial de Reyni\u00e8s","breadcrumb":{"@id":"https:\/\/ensemble-paroissial-reynies.fr\/?page_id=270#breadcrumb"},"inLanguage":"fr-FR","potentialAction":[{"@type":"ReadAction","target":["https:\/\/ensemble-paroissial-reynies.fr\/?page_id=270"]}]},{"@type":"BreadcrumbList","@id":"https:\/\/ensemble-paroissial-reynies.fr\/?page_id=270#breadcrumb","itemListElement":[{"@type":"ListItem","position":1,"name":"Home","item":"https:\/\/ensemble-paroissial-reynies.fr\/"},{"@type":"ListItem","position":2,"name":"Accueil","item":"https:\/\/ensemble-paroissial-reynies.fr\/"},{"@type":"ListItem","position":3,"name":"Mentions l\u00e9gales"}]},{"@type":"WebSite","@id":"https:\/\/ensemble-paroissial-reynies.fr\/#website","url":"https:\/\/ensemble-paroissial-reynies.fr\/","name":"Ensemble paroissial de Reyni\u00e8s","description":"","publisher":{"@id":"https:\/\/ensemble-paroissial-reynies.fr\/#organization"},"alternateName":"EPReyni\u00e8s","potentialAction":[{"@type":"SearchAction","target":{"@type":"EntryPoint","urlTemplate":"https:\/\/ensemble-paroissial-reynies.fr\/?s={search_term_string}"},"query-input":{"@type":"PropertyValueSpecification","valueRequired":true,"valueName":"search_term_string"}}],"inLanguage":"fr-FR"},{"@type":"Organization","@id":"https:\/\/ensemble-paroissial-reynies.fr\/#organization","name":"Ensemble paroissial de Reyni\u00e8s","alternateName":"EPReyni\u00e8s","url":"https:\/\/ensemble-paroissial-reynies.fr\/","logo":{"@type":"ImageObject","inLanguage":"fr-FR","@id":"https:\/\/ensemble-paroissial-reynies.fr\/#\/schema\/logo\/image\/","url":"https:\/\/ensemble-paroissial-reynies.fr\/wp-content\/uploads\/paroisse\/nouveau-logo-catechisme-paroisse-07-2023.jpg","contentUrl":"https:\/\/ensemble-paroissial-reynies.fr\/wp-content\/uploads\/paroisse\/nouveau-logo-catechisme-paroisse-07-2023.jpg","width":666,"height":698,"caption":"Ensemble paroissial de Reyni\u00e8s"},"image":{"@id":"https:\/\/ensemble-paroissial-reynies.fr\/#\/schema\/logo\/image\/"}}]}},"featured_image_src":null,"featured_image_src_square":null,"_links":{"self":[{"href":"https:\/\/ensemble-paroissial-reynies.fr\/index.php?rest_route=\/wp\/v2\/pages\/270","targetHints":{"allow":["GET"]}}],"collection":[{"href":"https:\/\/ensemble-paroissial-reynies.fr\/index.php?rest_route=\/wp\/v2\/pages"}],"about":[{"href":"https:\/\/ensemble-paroissial-reynies.fr\/index.php?rest_route=\/wp\/v2\/types\/page"}],"author":[{"embeddable":true,"href":"https:\/\/ensemble-paroissial-reynies.fr\/index.php?rest_route=\/wp\/v2\/users\/1"}],"replies":[{"embeddable":true,"href":"https:\/\/ensemble-paroissial-reynies.fr\/index.php?rest_route=%2Fwp%2Fv2%2Fcomments&post=270"}],"version-history":[{"count":0,"href":"https:\/\/ensemble-paroissial-reynies.fr\/index.php?rest_route=\/wp\/v2\/pages\/270\/revisions"}],"up":[{"embeddable":true,"href":"https:\/\/ensemble-paroissial-reynies.fr\/index.php?rest_route=\/wp\/v2\/pages\/77"}],"wp:attachment":[{"href":"https:\/\/ensemble-paroissial-reynies.fr\/index.php?rest_route=%2Fwp%2Fv2%2Fmedia&parent=270"}],"curies":[{"name":"wp","href":"https:\/\/api.w.org\/{rel}","templated":true}]}}