{"id":218,"date":"2025-07-23T12:56:13","date_gmt":"2025-07-23T10:56:13","guid":{"rendered":"https:\/\/ensemble-paroissial-reynies.fr\/?page_id=218"},"modified":"2026-04-23T13:38:34","modified_gmt":"2026-04-23T11:38:34","slug":"orgueil-eglise-saint-ferreol","status":"publish","type":"page","link":"https:\/\/ensemble-paroissial-reynies.fr\/?page_id=218","title":{"rendered":"Orgueil &#8211; \u00c9glise saint Ferr\u00e9ol"},"content":{"rendered":"\n<div class=\"wp-block-media-text is-stacked-on-mobile\" style=\"grid-template-columns:15% auto\"><figure class=\"wp-block-media-text__media\"><a href=\"https:\/\/ensemble-paroissial-reynies.fr\/wp-content\/uploads\/eglise_orgueil\/DSC06658-rotated.jpg\"><img loading=\"lazy\" decoding=\"async\" width=\"960\" height=\"1280\" src=\"https:\/\/ensemble-paroissial-reynies.fr\/wp-content\/uploads\/eglise_orgueil\/DSC06658-rotated.jpg\" alt=\"\" class=\"wp-image-160 size-full\" srcset=\"https:\/\/ensemble-paroissial-reynies.fr\/wp-content\/uploads\/eglise_orgueil\/DSC06658-rotated.jpg 960w, https:\/\/ensemble-paroissial-reynies.fr\/wp-content\/uploads\/eglise_orgueil\/DSC06658-225x300.jpg 225w, https:\/\/ensemble-paroissial-reynies.fr\/wp-content\/uploads\/eglise_orgueil\/DSC06658-768x1024.jpg 768w\" sizes=\"auto, (max-width: 960px) 100vw, 960px\" \/><\/a><\/figure><div class=\"wp-block-media-text__content\">\n<p>L\u2019\u00e9glise est en plein centre du bourg , une petite porte lat\u00e9rale est situ\u00e9e cot\u00e9 de la mairie. Pour vous garer prenez la rue du Bourg (juste apr\u00e8s la mairie \u00e0 gauche en venant de Labastide-Saint-Pierre), longez la place de la mairie et utilisez le parking de la salle des f\u00eates qui est juste derri\u00e8re l\u2019\u00e9glise.&nbsp;<\/p>\n<\/div><\/div>\n\n\n\n<p>Les prochaines Messes dans cette \u00e9glise : cliquez <a href=\"https:\/\/ensemble-paroissial-reynies.fr\/?page_id=239\" target=\"_blank\" rel=\"noopener\" title=\"Orgueil \u2013 Messes\">ICI<\/a><\/p>\n\n\n\n<hr class=\"wp-block-separator has-alpha-channel-opacity\"\/>\n\n\n\n<pre class=\"wp-block-preformatted has-base-background-color has-background has-medium-font-size\"><strong>\u00c9glise Saint-Ferr\u00e9ol<\/strong><br>353 Grand Rue 82370 Orgueil, France<br>coordonn\u00e9es GPS : 43.904809 , 1.410457<br><em>Comment venir ? Cliquez <a href=\"https:\/\/www.google.fr\/maps\/dir\/\/43.904809,1.410457\/@43.904809,1.4078767,17z?entry=ttu&amp;g_ep=EgoyMDI0MTAyOS4wIKXMDSoASAFQAw%3D%3D\" target=\"_blank\" rel=\"noreferrer noopener\">ICI<\/a><\/em><br><\/pre>\n\n\n\n<div class=\"wp-block-group is-nowrap is-layout-flex wp-container-core-group-is-layout-ad2f72ca wp-block-group-is-layout-flex\">\n<figure class=\"wp-block-image size-full is-resized\"><img loading=\"lazy\" decoding=\"async\" width=\"960\" height=\"1280\" src=\"https:\/\/ensemble-paroissial-reynies.fr\/wp-content\/uploads\/eglise_orgueil\/DSC06659-rotated.jpg\" alt=\"\" class=\"wp-image-51\" style=\"width:331px;height:auto\" srcset=\"https:\/\/ensemble-paroissial-reynies.fr\/wp-content\/uploads\/eglise_orgueil\/DSC06659-rotated.jpg 960w, https:\/\/ensemble-paroissial-reynies.fr\/wp-content\/uploads\/eglise_orgueil\/DSC06659-225x300.jpg 225w, https:\/\/ensemble-paroissial-reynies.fr\/wp-content\/uploads\/eglise_orgueil\/DSC06659-768x1024.jpg 768w\" sizes=\"auto, (max-width: 960px) 100vw, 960px\" \/><\/figure>\n\n\n\n<iframe loading=\"lazy\" width=\"600\" height=\"800\" frameborder=\"0\" scrolling=\"no\" marginheight=\"0\" marginwidth=\"0\" sandbox=\"allow-forms allow-scripts allow-same-origin\" src=\"https:\/\/www.geoportail.gouv.fr\/embed\/visu.html?c=1.4110921014517417,43.904890694045775&#038;z=18&#038;l0=ORTHOIMAGERY.ORTHOPHOTOS::GEOPORTAIL:OGC:WMTS(1;h)&#038;l1=GEOGRAPHICALGRIDSYSTEMS.MAPS.BDUNI.J1::GEOPORTAIL:OGC:WMTS(1)&#038;d2=3934237(1)&#038;permalink=yes\" allowfullscreen><\/iframe>\n<\/div>\n\n\n\n<div style=\"height:12px\" aria-hidden=\"true\" class=\"wp-block-spacer\"><\/div>\n\n\n\n<hr class=\"wp-block-separator has-alpha-channel-opacity\"\/>\n\n\n<style>#wplp_widget_4070 .wplp_listposts .wplp-mh-post-card .wplp-mh-post-image a:before {background-color: rgba(10,96,189,0.2);}#wplp_widget_4070 .wplp_listposts .wplp-mh-post-card:hover .wplp-mh-post-image a:before {background-color: transparent;}<\/style><div class=\"wplp_outside wplp_widget_4070\" style=\"max-width:100%;\"><span class=\"wpcu_block_title\">\u00c9glise Orgueil<\/span><div id=\"wplp_widget_4070\" class=\"wplp_widget_material-horizontal wplp_container vertical material-horizontal pro cols3\" data-theme=\"material-horizontal\" data-post=\"4070\" style=\"\" data-max-elts=\"3\" data-per-page=\"10\"><div class=\"wplp_listposts fy-flex-container fy-flex-gutter-medium js-reveal-container\"><div class=\"postno_1 material-horizontal wplp-mh-post-column wplp-mh-flex-column-100 li-item-id\" data-post=\"293\"><article id=\"post-293\" class=\"wplp-mh-post-category wplp-mh-post-card js-reveal wplp-mh-post-side revealed\"><div class=\"wplp-mh-flex-container wplp-mh-flex-container-stretch wplp-mh-flex-gutter-0\"><div class=\"wplp-mh-post-image-column wplp-mh-flex-column-100\">\n                <figure class=\"wplp-mh-post-image\">\n                    <a href=\"https:\/\/ensemble-paroissial-reynies.fr\/?page_id=293\"  title=\"Saint Ferr\u00e9ol\" class=\"wplp-mh-image-link\" tabindex=\"-1\">\n                        <div class=\"wplp-mh-image wplp-mh-image-responsive wplp-mh-image-landscape\" style=\"background: url('https:\/\/ensemble-paroissial-reynies.fr\/wp-content\/uploads\/wplp_default_img_20250723104819-150x120.jpg');\"><\/div>\n                        <div class=\"wplp-mh-loading\"><div class=\"wplp-mh-spinner\"><\/div><\/div>\n                        <span class=\"wplp-mh-hide\">\n                            <span style=\"max-height:2.6em\" class=\"line_limit\">Saint Ferr\u00e9ol<\/span>\n                        <\/span>\n                    <\/a>\n                <\/figure>\n            <\/div><div class=\"wplp-mh-post-content-column wplp-mh-flex-column-100\">\n            <div class=\"wplp-mh-post-container\">\n                <header class=\"wplp-mh-post-header\">\n                    <div class=\"wplp-mh-flex-container wplp-mh-flex-container-center wplp-mh-flex-gutter-small\"><div class=\"wplp-mh-flex-column-auto wplp-mh-pd-0\">\n            <div class=\"wplp-mh-post-terms wplp-mh-post-categories\"><\/div>\n        <\/div>\n                    <\/div><h2 itemprop=\"name headline\">\n                <a href=\"https:\/\/ensemble-paroissial-reynies.fr\/?page_id=293\"  title=\"Saint Ferr\u00e9ol\" itemprop=\"url\"> <span style=\"max-height:2.6em\" class=\"line_limit\">Saint Ferr\u00e9ol<\/span> <\/a>\n            <\/h2>\n                <\/header><div class=\"wplp-mh-post-excerpt\" itemprop=\"description\">\n                <a href=\"https:\/\/ensemble-paroissial-reynies.fr\/?page_id=293\"  title=\"Saint Ferr\u00e9ol\" itemprop=\"url\"><span style=\"max-height:5.6em\" class=\"line_limit\">Cliquez sur l&rsquo;image<\/span><span style=\"margin-left:3px; max-height:5.6em\" class=\"line_limit\"> [...]<\/span><\/a>\n            <\/div>\n                <footer class=\"wplp-mh-post-footer\">\n                    <div class=\"wplp-mh-flex-container wplp-mh-flex-container-center wplp-mh-flex-gutter-small\">\n                        <div class=\"wplp-mh-flex-column-auto wplp-mh-flex-grow-2 wplp-mh-pd-0\">\n                            <div class=\"wplp-mh-post-meta\">\n                                <ul>\n                                    <li class=\"wplp-mh-post-meta-date\"><span><time class=\"published\" itemprop=\"datePublished\"> 02\/08\/2024 <\/time><\/span><\/li>\n                                <\/ul>\n                            <\/div>\n                        <\/div>\n                        <div class=\"wplp-mh-flex-column-auto\"><div class=\"wplp-mh-post-button\">\n                <a href=\"https:\/\/ensemble-paroissial-reynies.fr\/?page_id=293\"  class=\"wplp-mh-button wplp-mh-button-bordered wplp-mh-button-icon wplp-mh-button-icon-right\"><span>Lire la suite...<\/span> <svg class=\"icon\" width=\"24\" height=\"24\" version=\"1.1\" xmlns=\"http:\/\/www.w3.org\/2000\/svg\" viewBox=\"0 0 24 24\"> <polygon class=\"shape\" points=\"18.5,7.6 17.8,8.3 21.5,12 13,12 13,13 21.5,13 17.8,16.7 18.5,17.4 23.4,12.5\"><\/polygon> <\/svg><\/a>\n            <\/div><\/div>\n                    <\/div>\n                <\/footer>\n            <\/div>\n        <\/div><\/div><\/article><\/div><div class=\"postno_2 material-horizontal wplp-mh-post-column wplp-mh-flex-column-100 li-item-id\" data-post=\"11\"><article id=\"post-11\" class=\"wplp-mh-post-category wplp-mh-post-card js-reveal wplp-mh-post-side revealed\"><div class=\"wplp-mh-flex-container wplp-mh-flex-container-stretch wplp-mh-flex-gutter-0\"><div class=\"wplp-mh-post-content-column wplp-mh-flex-column-100\">\n            <div class=\"wplp-mh-post-container\">\n                <header class=\"wplp-mh-post-header\">\n                    <div class=\"wplp-mh-flex-container wplp-mh-flex-container-center wplp-mh-flex-gutter-small\"><div class=\"wplp-mh-flex-column-auto wplp-mh-pd-0\">\n            <div class=\"wplp-mh-post-terms wplp-mh-post-categories\"><\/div>\n        <\/div>\n                    <\/div><h2 itemprop=\"name headline\">\n                <a href=\"https:\/\/ensemble-paroissial-reynies.fr\/?page_id=11\"  title=\"L&rsquo;int\u00e9rieur de l&rsquo;\u00e9glise d&rsquo;Orgueil\" itemprop=\"url\"> <span style=\"max-height:2.6em\" class=\"line_limit\">L&rsquo;int\u00e9rieur de l&rsquo;\u00e9glise d&rsquo;Orgueil<\/span> <\/a>\n            <\/h2>\n                <\/header><div class=\"wplp-mh-post-excerpt\" itemprop=\"description\">\n                <a href=\"https:\/\/ensemble-paroissial-reynies.fr\/?page_id=11\"  title=\"L&rsquo;int\u00e9rieur de l&rsquo;\u00e9glise d&rsquo;Orgueil\" itemprop=\"url\"><span style=\"max-height:5.6em\" class=\"line_limit\">Le choeur de l&rsquo;\u00e9glise\nCliquez sur les photos pour les agrandir et passer en mode diaporama\n\n\n\nLe choeur de l&rsquo;\u00e9glise a \u00e9t\u00e9 r\u00e9nov\u00e9 en 2012, les vitraux du choeur ont \u00e9t\u00e9 restaur\u00e9s en 2014\n\n\n\n\t\n\t\n\t\n\tle choeur vers 1910            Le Choeur avant la restaurationLe choeur apr\u00e8s la restaurationLe Choeur &#8211; 10\/2024Plafond du choeurLe Grand autelLe Grand autelSanctus Syrus (Saint Cyr et sainte Juliette)Sanctus Johann\u00e8s Baptista (Saint Jean Baptiste)           Saint Ferr\u00e9ol     Sanctus Emmanuel         \n\n\n\n\n\n\n\nLa chapelle de la Vierge\nCliquez sur les photos pour les agrandir et passer en mode diaporama\n\n\n\n\t\n\t\n\t\n\tVirgo Immacula (Vierge immacul\u00e9e)Autel de la chapelle de la ViergeSainte BernadetteSainte Th\u00e9r\u00e8se de l&rsquo;Enfant J\u00e9susNotre-Dame de LourdesSainte BernadetteSainte Germaine\n\n\n\n\n\n\n\nLa chapelle saint Joseph\nCliquez sur les photos pour les agrandir et passer en mode diaporama\n\n\n\n\t\n\t\n\t\n\tSanctus Joseph (Saint Joseph)Autel de la chapelle saint JosephSacr\u00e9 Coeur de J\u00e9susSaint-PierreSaint JosephSaint JosephSaint Vianney Cur\u00e9 d&rsquo;ArsSainte Jeanne d&rsquo;Arc\n\n\n\n\n\n\n\nLa nef\nCliquez sur les photos pour les agrandir et passer en mode diaporama\n\n\n\n\n\t\n\t\n\t\n\tNef &#8211; Cot\u00e9 chapelle saint JosephLa NefNef &#8211; Cot\u00e9 chapelle de la ViergeSantus Alphonsus maria de Ligorio (Saint-Alphonse Marie de Ligori)Saint PaulSaint Antoine de PadoueLe Christ couronn\u00e9 d&rsquo;\u00e9pinesSaint JudeSaint PierreVitrail \u00e0 la m\u00e9moire de Jean Bourgade\n\n\n\n\n\n\nLe chemin de croix\nCliquez sur les photos pour les agrandir et passer en mode diaporama\n\n\n\n\t\n\t\n\t\n\tJ\u00e9sus est condamn\u00e9 \u00e0 mortJ\u00e9sus est charg\u00e9 de sa croixJ\u00e9sus tombe pour la 1re foisJ\u00e9sus rencontre sa m\u00e8reJ\u00e9sus re\u00e7oit l&rsquo;aide du Cyr\u00e9n\u00e9enJ\u00e9sus imprime sa face sur un lingeJ\u00e9sus tombe pour la 2e foisJ\u00e9sus console les Filles d&rsquo;Isra\u00eblJ\u00e9sus tombe pour la 3e foisJ\u00e9sus est d\u00e9pouill\u00e9 de ses v\u00eatementsJ\u00e9sus est clou\u00e9 sur la CroixJ\u00e9sus meurt sur la CroixJ\u00e9sus est remis \u00e0 sa m\u00e8reJ\u00e9sus est mis dans le s\u00e9pulcre<\/span><span style=\"margin-left:3px; max-height:5.6em\" class=\"line_limit\"> [...]<\/span><\/a>\n            <\/div>\n                <footer class=\"wplp-mh-post-footer\">\n                    <div class=\"wplp-mh-flex-container wplp-mh-flex-container-center wplp-mh-flex-gutter-small\">\n                        <div class=\"wplp-mh-flex-column-auto wplp-mh-flex-grow-2 wplp-mh-pd-0\">\n                            <div class=\"wplp-mh-post-meta\">\n                                <ul>\n                                    <li class=\"wplp-mh-post-meta-date\"><span><time class=\"published\" itemprop=\"datePublished\"> 26\/07\/2024 <\/time><\/span><\/li>\n                                <\/ul>\n                            <\/div>\n                        <\/div>\n                        <div class=\"wplp-mh-flex-column-auto\"><div class=\"wplp-mh-post-button\">\n                <a href=\"https:\/\/ensemble-paroissial-reynies.fr\/?page_id=11\"  class=\"wplp-mh-button wplp-mh-button-bordered wplp-mh-button-icon wplp-mh-button-icon-right\"><span>Lire la suite...<\/span> <svg class=\"icon\" width=\"24\" height=\"24\" version=\"1.1\" xmlns=\"http:\/\/www.w3.org\/2000\/svg\" viewBox=\"0 0 24 24\"> <polygon class=\"shape\" points=\"18.5,7.6 17.8,8.3 21.5,12 13,12 13,13 21.5,13 17.8,16.7 18.5,17.4 23.4,12.5\"><\/polygon> <\/svg><\/a>\n            <\/div><\/div>\n                    <\/div>\n                <\/footer>\n            <\/div>\n        <\/div><div class=\"wplp-mh-post-image-column wplp-mh-flex-column-100\">\n                <figure class=\"wplp-mh-post-image\">\n                    <a href=\"https:\/\/ensemble-paroissial-reynies.fr\/?page_id=11\"  title=\"L&rsquo;int\u00e9rieur de l&rsquo;\u00e9glise d&rsquo;Orgueil\" class=\"wplp-mh-image-link\" tabindex=\"-1\">\n                        <div class=\"wplp-mh-image wplp-mh-image-responsive wplp-mh-image-landscape\" style=\"background: url('https:\/\/ensemble-paroissial-reynies.fr\/wp-content\/uploads\/eglise_orgueil\/eglise_choeur_l-150x150.jpg');\"><\/div>\n                        <div class=\"wplp-mh-loading\"><div class=\"wplp-mh-spinner\"><\/div><\/div>\n                        <span class=\"wplp-mh-hide\">\n                            <span style=\"max-height:2.6em\" class=\"line_limit\">L&rsquo;int\u00e9rieur de l&rsquo;\u00e9glise d&rsquo;Orgueil<\/span>\n                        <\/span>\n                    <\/a>\n                <\/figure>\n            <\/div><\/div><\/article><\/div><div class=\"postno_3 material-horizontal wplp-mh-post-column wplp-mh-flex-column-100 li-item-id\" data-post=\"230\"><article id=\"post-230\" class=\"wplp-mh-post-category wplp-mh-post-card js-reveal wplp-mh-post-side revealed\"><div class=\"wplp-mh-flex-container wplp-mh-flex-container-stretch wplp-mh-flex-gutter-0\"><div class=\"wplp-mh-post-image-column wplp-mh-flex-column-100\">\n                <figure class=\"wplp-mh-post-image\">\n                    <a href=\"https:\/\/ensemble-paroissial-reynies.fr\/?page_id=230\"  title=\"Historique \u00e9glise Saint-Ferr\u00e9ol\" class=\"wplp-mh-image-link\" tabindex=\"-1\">\n                        <div class=\"wplp-mh-image wplp-mh-image-responsive wplp-mh-image-landscape\" style=\"background: url('https:\/\/ensemble-paroissial-reynies.fr\/wp-content\/uploads\/wplp_default_img_20250723104819-150x120.jpg');\"><\/div>\n                        <div class=\"wplp-mh-loading\"><div class=\"wplp-mh-spinner\"><\/div><\/div>\n                        <span class=\"wplp-mh-hide\">\n                            <span style=\"max-height:2.6em\" class=\"line_limit\">Historique \u00e9glise Saint-Ferr\u00e9ol<\/span>\n                        <\/span>\n                    <\/a>\n                <\/figure>\n            <\/div><div class=\"wplp-mh-post-content-column wplp-mh-flex-column-100\">\n            <div class=\"wplp-mh-post-container\">\n                <header class=\"wplp-mh-post-header\">\n                    <div class=\"wplp-mh-flex-container wplp-mh-flex-container-center wplp-mh-flex-gutter-small\"><div class=\"wplp-mh-flex-column-auto wplp-mh-pd-0\">\n            <div class=\"wplp-mh-post-terms wplp-mh-post-categories\"><\/div>\n        <\/div>\n                    <\/div><h2 itemprop=\"name headline\">\n                <a href=\"https:\/\/ensemble-paroissial-reynies.fr\/?page_id=230\"  title=\"Historique \u00e9glise Saint-Ferr\u00e9ol\" itemprop=\"url\"> <span style=\"max-height:2.6em\" class=\"line_limit\">Historique \u00e9glise Saint-Ferr\u00e9ol<\/span> <\/a>\n            <\/h2>\n                <\/header><div class=\"wplp-mh-post-excerpt\" itemprop=\"description\">\n                <a href=\"https:\/\/ensemble-paroissial-reynies.fr\/?page_id=230\"  title=\"Historique \u00e9glise Saint-Ferr\u00e9ol\" itemprop=\"url\"><span style=\"max-height:5.6em\" class=\"line_limit\"><\/span><\/a>\n            <\/div>\n                <footer class=\"wplp-mh-post-footer\">\n                    <div class=\"wplp-mh-flex-container wplp-mh-flex-container-center wplp-mh-flex-gutter-small\">\n                        <div class=\"wplp-mh-flex-column-auto wplp-mh-flex-grow-2 wplp-mh-pd-0\">\n                            <div class=\"wplp-mh-post-meta\">\n                                <ul>\n                                    <li class=\"wplp-mh-post-meta-date\"><span><time class=\"published\" itemprop=\"datePublished\"> 31\/07\/2024 <\/time><\/span><\/li>\n                                <\/ul>\n                            <\/div>\n                        <\/div>\n                        <div class=\"wplp-mh-flex-column-auto\"><div class=\"wplp-mh-post-button\">\n                <a href=\"https:\/\/ensemble-paroissial-reynies.fr\/?page_id=230\"  class=\"wplp-mh-button wplp-mh-button-bordered wplp-mh-button-icon wplp-mh-button-icon-right\"><span>Lire la suite...<\/span> <svg class=\"icon\" width=\"24\" height=\"24\" version=\"1.1\" xmlns=\"http:\/\/www.w3.org\/2000\/svg\" viewBox=\"0 0 24 24\"> <polygon class=\"shape\" points=\"18.5,7.6 17.8,8.3 21.5,12 13,12 13,13 21.5,13 17.8,16.7 18.5,17.4 23.4,12.5\"><\/polygon> <\/svg><\/a>\n            <\/div><\/div>\n                    <\/div>\n                <\/footer>\n            <\/div>\n        <\/div><\/div><\/article><\/div><\/div><\/div><\/div>\n\n\n\n<hr class=\"wp-block-separator has-alpha-channel-opacity\"\/>\n","protected":false},"excerpt":{"rendered":"<p>L\u2019\u00e9glise est en plein centre du bourg , une petite porte lat\u00e9rale est situ\u00e9e cot\u00e9 de la mairie. Pour vous garer prenez la rue du Bourg (juste apr\u00e8s la mairie \u00e0 gauche en venant de Labastide-Saint-Pierre), longez la place de la mairie et utilisez le parking de la salle des f\u00eates qui est juste derri\u00e8re &#8230; <a title=\"Historique \u00e9glise Saint-Ferr\u00e9ol\" class=\"read-more\" href=\"https:\/\/ensemble-paroissial-reynies.fr\/?page_id=230\" aria-label=\"En savoir plus sur Historique \u00e9glise Saint-Ferr\u00e9ol\">Lire la suite<\/a><\/p>\n","protected":false},"author":1,"featured_media":0,"parent":2,"menu_order":6,"comment_status":"closed","ping_status":"closed","template":"","meta":{"_eb_attr":"","pgc_sgb_lightbox_settings":"","footnotes":""},"class_list":["post-218","page","type-page","status-publish"],"yoast_head":"<!-- This site is optimized with the Yoast SEO plugin v27.5 - https:\/\/yoast.com\/product\/yoast-seo-wordpress\/ -->\n<title>Orgueil - \u00c9glise saint Ferr\u00e9ol - Ensemble paroissial de Reyni\u00e8s<\/title>\n<meta name=\"description\" content=\"Ensemble paroissial de Reyni\u00e8s - Ensemble paroissial de Reyni\u00e8s\" \/>\n<meta name=\"robots\" content=\"index, follow, max-snippet:-1, max-image-preview:large, max-video-preview:-1\" \/>\n<link rel=\"canonical\" href=\"https:\/\/ensemble-paroissial-reynies.fr\/?page_id=218\" \/>\n<meta property=\"og:locale\" content=\"fr_FR\" \/>\n<meta property=\"og:type\" content=\"article\" \/>\n<meta property=\"og:title\" content=\"Orgueil - \u00c9glise saint Ferr\u00e9ol - Ensemble paroissial de Reyni\u00e8s\" \/>\n<meta property=\"og:description\" content=\"Ensemble paroissial de Reyni\u00e8s - Ensemble paroissial de Reyni\u00e8s\" \/>\n<meta property=\"og:url\" content=\"https:\/\/ensemble-paroissial-reynies.fr\/?page_id=218\" \/>\n<meta property=\"og:site_name\" content=\"Ensemble paroissial de Reyni\u00e8s\" \/>\n<meta property=\"article:modified_time\" content=\"2026-04-23T11:38:34+00:00\" \/>\n<meta property=\"og:image\" content=\"https:\/\/ensemble-paroissial-reynies.fr\/wp-content\/uploads\/eglise_orgueil\/DSC06658-rotated.jpg\" \/>\n\t<meta property=\"og:image:width\" content=\"960\" \/>\n\t<meta property=\"og:image:height\" content=\"1280\" \/>\n\t<meta property=\"og:image:type\" content=\"image\/jpeg\" \/>\n<meta name=\"twitter:card\" content=\"summary_large_image\" \/>\n<meta name=\"twitter:label1\" content=\"Dur\u00e9e de lecture estim\u00e9e\" \/>\n\t<meta name=\"twitter:data1\" content=\"1 minute\" \/>\n<script type=\"application\/ld+json\" class=\"yoast-schema-graph\">{\"@context\":\"https:\\\/\\\/schema.org\",\"@graph\":[{\"@type\":\"WebPage\",\"@id\":\"https:\\\/\\\/ensemble-paroissial-reynies.fr\\\/?page_id=218\",\"url\":\"https:\\\/\\\/ensemble-paroissial-reynies.fr\\\/?page_id=218\",\"name\":\"Orgueil - \u00c9glise saint Ferr\u00e9ol - Ensemble paroissial de Reyni\u00e8s\",\"isPartOf\":{\"@id\":\"https:\\\/\\\/ensemble-paroissial-reynies.fr\\\/#website\"},\"primaryImageOfPage\":{\"@id\":\"https:\\\/\\\/ensemble-paroissial-reynies.fr\\\/?page_id=218#primaryimage\"},\"image\":{\"@id\":\"https:\\\/\\\/ensemble-paroissial-reynies.fr\\\/?page_id=218#primaryimage\"},\"thumbnailUrl\":\"https:\\\/\\\/ensemble-paroissial-reynies.fr\\\/wp-content\\\/uploads\\\/eglise_orgueil\\\/DSC06658-rotated.jpg\",\"datePublished\":\"2025-07-23T10:56:13+00:00\",\"dateModified\":\"2026-04-23T11:38:34+00:00\",\"description\":\"Ensemble paroissial de Reyni\u00e8s - Ensemble paroissial de Reyni\u00e8s\",\"breadcrumb\":{\"@id\":\"https:\\\/\\\/ensemble-paroissial-reynies.fr\\\/?page_id=218#breadcrumb\"},\"inLanguage\":\"fr-FR\",\"potentialAction\":[{\"@type\":\"ReadAction\",\"target\":[\"https:\\\/\\\/ensemble-paroissial-reynies.fr\\\/?page_id=218\"]}]},{\"@type\":\"ImageObject\",\"inLanguage\":\"fr-FR\",\"@id\":\"https:\\\/\\\/ensemble-paroissial-reynies.fr\\\/?page_id=218#primaryimage\",\"url\":\"https:\\\/\\\/ensemble-paroissial-reynies.fr\\\/wp-content\\\/uploads\\\/eglise_orgueil\\\/DSC06658-rotated.jpg\",\"contentUrl\":\"https:\\\/\\\/ensemble-paroissial-reynies.fr\\\/wp-content\\\/uploads\\\/eglise_orgueil\\\/DSC06658-rotated.jpg\"},{\"@type\":\"BreadcrumbList\",\"@id\":\"https:\\\/\\\/ensemble-paroissial-reynies.fr\\\/?page_id=218#breadcrumb\",\"itemListElement\":[{\"@type\":\"ListItem\",\"position\":1,\"name\":\"Home\",\"item\":\"https:\\\/\\\/ensemble-paroissial-reynies.fr\\\/\"},{\"@type\":\"ListItem\",\"position\":2,\"name\":\"Accueil\",\"item\":\"https:\\\/\\\/ensemble-paroissial-reynies.fr\\\/\"},{\"@type\":\"ListItem\",\"position\":3,\"name\":\"D\u00e9couvrir l&#8217;Ensemble Paroissial\",\"item\":\"https:\\\/\\\/ensemble-paroissial-reynies.fr\\\/?page_id=535\"},{\"@type\":\"ListItem\",\"position\":4,\"name\":\"Nos \u00c9glises et Chapelles\",\"item\":\"https:\\\/\\\/ensemble-paroissial-reynies.fr\\\/?page_id=2\"},{\"@type\":\"ListItem\",\"position\":5,\"name\":\"Orgueil &#8211; \u00c9glise saint Ferr\u00e9ol\"}]},{\"@type\":\"WebSite\",\"@id\":\"https:\\\/\\\/ensemble-paroissial-reynies.fr\\\/#website\",\"url\":\"https:\\\/\\\/ensemble-paroissial-reynies.fr\\\/\",\"name\":\"Ensemble paroissial de Reyni\u00e8s\",\"description\":\"\",\"publisher\":{\"@id\":\"https:\\\/\\\/ensemble-paroissial-reynies.fr\\\/#organization\"},\"alternateName\":\"EPReyni\u00e8s\",\"potentialAction\":[{\"@type\":\"SearchAction\",\"target\":{\"@type\":\"EntryPoint\",\"urlTemplate\":\"https:\\\/\\\/ensemble-paroissial-reynies.fr\\\/?s={search_term_string}\"},\"query-input\":{\"@type\":\"PropertyValueSpecification\",\"valueRequired\":true,\"valueName\":\"search_term_string\"}}],\"inLanguage\":\"fr-FR\"},{\"@type\":\"Organization\",\"@id\":\"https:\\\/\\\/ensemble-paroissial-reynies.fr\\\/#organization\",\"name\":\"Ensemble paroissial de Reyni\u00e8s\",\"alternateName\":\"EPReyni\u00e8s\",\"url\":\"https:\\\/\\\/ensemble-paroissial-reynies.fr\\\/\",\"logo\":{\"@type\":\"ImageObject\",\"inLanguage\":\"fr-FR\",\"@id\":\"https:\\\/\\\/ensemble-paroissial-reynies.fr\\\/#\\\/schema\\\/logo\\\/image\\\/\",\"url\":\"https:\\\/\\\/ensemble-paroissial-reynies.fr\\\/wp-content\\\/uploads\\\/paroisse\\\/nouveau-logo-catechisme-paroisse-07-2023.jpg\",\"contentUrl\":\"https:\\\/\\\/ensemble-paroissial-reynies.fr\\\/wp-content\\\/uploads\\\/paroisse\\\/nouveau-logo-catechisme-paroisse-07-2023.jpg\",\"width\":666,\"height\":698,\"caption\":\"Ensemble paroissial de Reyni\u00e8s\"},\"image\":{\"@id\":\"https:\\\/\\\/ensemble-paroissial-reynies.fr\\\/#\\\/schema\\\/logo\\\/image\\\/\"}}]}<\/script>\n<!-- \/ Yoast SEO plugin. -->","yoast_head_json":{"title":"Orgueil - \u00c9glise saint Ferr\u00e9ol - Ensemble paroissial de Reyni\u00e8s","description":"Ensemble paroissial de Reyni\u00e8s - Ensemble paroissial de Reyni\u00e8s","robots":{"index":"index","follow":"follow","max-snippet":"max-snippet:-1","max-image-preview":"max-image-preview:large","max-video-preview":"max-video-preview:-1"},"canonical":"https:\/\/ensemble-paroissial-reynies.fr\/?page_id=218","og_locale":"fr_FR","og_type":"article","og_title":"Orgueil - \u00c9glise saint Ferr\u00e9ol - Ensemble paroissial de Reyni\u00e8s","og_description":"Ensemble paroissial de Reyni\u00e8s - Ensemble paroissial de Reyni\u00e8s","og_url":"https:\/\/ensemble-paroissial-reynies.fr\/?page_id=218","og_site_name":"Ensemble paroissial de Reyni\u00e8s","article_modified_time":"2026-04-23T11:38:34+00:00","og_image":[{"width":960,"height":1280,"url":"https:\/\/ensemble-paroissial-reynies.fr\/wp-content\/uploads\/eglise_orgueil\/DSC06658-rotated.jpg","type":"image\/jpeg"}],"twitter_card":"summary_large_image","twitter_misc":{"Dur\u00e9e de lecture estim\u00e9e":"1 minute"},"schema":{"@context":"https:\/\/schema.org","@graph":[{"@type":"WebPage","@id":"https:\/\/ensemble-paroissial-reynies.fr\/?page_id=218","url":"https:\/\/ensemble-paroissial-reynies.fr\/?page_id=218","name":"Orgueil - \u00c9glise saint Ferr\u00e9ol - Ensemble paroissial de Reyni\u00e8s","isPartOf":{"@id":"https:\/\/ensemble-paroissial-reynies.fr\/#website"},"primaryImageOfPage":{"@id":"https:\/\/ensemble-paroissial-reynies.fr\/?page_id=218#primaryimage"},"image":{"@id":"https:\/\/ensemble-paroissial-reynies.fr\/?page_id=218#primaryimage"},"thumbnailUrl":"https:\/\/ensemble-paroissial-reynies.fr\/wp-content\/uploads\/eglise_orgueil\/DSC06658-rotated.jpg","datePublished":"2025-07-23T10:56:13+00:00","dateModified":"2026-04-23T11:38:34+00:00","description":"Ensemble paroissial de Reyni\u00e8s - Ensemble paroissial de Reyni\u00e8s","breadcrumb":{"@id":"https:\/\/ensemble-paroissial-reynies.fr\/?page_id=218#breadcrumb"},"inLanguage":"fr-FR","potentialAction":[{"@type":"ReadAction","target":["https:\/\/ensemble-paroissial-reynies.fr\/?page_id=218"]}]},{"@type":"ImageObject","inLanguage":"fr-FR","@id":"https:\/\/ensemble-paroissial-reynies.fr\/?page_id=218#primaryimage","url":"https:\/\/ensemble-paroissial-reynies.fr\/wp-content\/uploads\/eglise_orgueil\/DSC06658-rotated.jpg","contentUrl":"https:\/\/ensemble-paroissial-reynies.fr\/wp-content\/uploads\/eglise_orgueil\/DSC06658-rotated.jpg"},{"@type":"BreadcrumbList","@id":"https:\/\/ensemble-paroissial-reynies.fr\/?page_id=218#breadcrumb","itemListElement":[{"@type":"ListItem","position":1,"name":"Home","item":"https:\/\/ensemble-paroissial-reynies.fr\/"},{"@type":"ListItem","position":2,"name":"Accueil","item":"https:\/\/ensemble-paroissial-reynies.fr\/"},{"@type":"ListItem","position":3,"name":"D\u00e9couvrir l&#8217;Ensemble Paroissial","item":"https:\/\/ensemble-paroissial-reynies.fr\/?page_id=535"},{"@type":"ListItem","position":4,"name":"Nos \u00c9glises et Chapelles","item":"https:\/\/ensemble-paroissial-reynies.fr\/?page_id=2"},{"@type":"ListItem","position":5,"name":"Orgueil &#8211; \u00c9glise saint Ferr\u00e9ol"}]},{"@type":"WebSite","@id":"https:\/\/ensemble-paroissial-reynies.fr\/#website","url":"https:\/\/ensemble-paroissial-reynies.fr\/","name":"Ensemble paroissial de Reyni\u00e8s","description":"","publisher":{"@id":"https:\/\/ensemble-paroissial-reynies.fr\/#organization"},"alternateName":"EPReyni\u00e8s","potentialAction":[{"@type":"SearchAction","target":{"@type":"EntryPoint","urlTemplate":"https:\/\/ensemble-paroissial-reynies.fr\/?s={search_term_string}"},"query-input":{"@type":"PropertyValueSpecification","valueRequired":true,"valueName":"search_term_string"}}],"inLanguage":"fr-FR"},{"@type":"Organization","@id":"https:\/\/ensemble-paroissial-reynies.fr\/#organization","name":"Ensemble paroissial de Reyni\u00e8s","alternateName":"EPReyni\u00e8s","url":"https:\/\/ensemble-paroissial-reynies.fr\/","logo":{"@type":"ImageObject","inLanguage":"fr-FR","@id":"https:\/\/ensemble-paroissial-reynies.fr\/#\/schema\/logo\/image\/","url":"https:\/\/ensemble-paroissial-reynies.fr\/wp-content\/uploads\/paroisse\/nouveau-logo-catechisme-paroisse-07-2023.jpg","contentUrl":"https:\/\/ensemble-paroissial-reynies.fr\/wp-content\/uploads\/paroisse\/nouveau-logo-catechisme-paroisse-07-2023.jpg","width":666,"height":698,"caption":"Ensemble paroissial de Reyni\u00e8s"},"image":{"@id":"https:\/\/ensemble-paroissial-reynies.fr\/#\/schema\/logo\/image\/"}}]}},"featured_image_src":null,"featured_image_src_square":null,"_links":{"self":[{"href":"https:\/\/ensemble-paroissial-reynies.fr\/index.php?rest_route=\/wp\/v2\/pages\/218","targetHints":{"allow":["GET"]}}],"collection":[{"href":"https:\/\/ensemble-paroissial-reynies.fr\/index.php?rest_route=\/wp\/v2\/pages"}],"about":[{"href":"https:\/\/ensemble-paroissial-reynies.fr\/index.php?rest_route=\/wp\/v2\/types\/page"}],"author":[{"embeddable":true,"href":"https:\/\/ensemble-paroissial-reynies.fr\/index.php?rest_route=\/wp\/v2\/users\/1"}],"replies":[{"embeddable":true,"href":"https:\/\/ensemble-paroissial-reynies.fr\/index.php?rest_route=%2Fwp%2Fv2%2Fcomments&post=218"}],"version-history":[{"count":2,"href":"https:\/\/ensemble-paroissial-reynies.fr\/index.php?rest_route=\/wp\/v2\/pages\/218\/revisions"}],"predecessor-version":[{"id":4886,"href":"https:\/\/ensemble-paroissial-reynies.fr\/index.php?rest_route=\/wp\/v2\/pages\/218\/revisions\/4886"}],"up":[{"embeddable":true,"href":"https:\/\/ensemble-paroissial-reynies.fr\/index.php?rest_route=\/wp\/v2\/pages\/2"}],"wp:attachment":[{"href":"https:\/\/ensemble-paroissial-reynies.fr\/index.php?rest_route=%2Fwp%2Fv2%2Fmedia&parent=218"}],"curies":[{"name":"wp","href":"https:\/\/api.w.org\/{rel}","templated":true}]}}