{"id":1773,"date":"2026-01-18T14:33:34","date_gmt":"2026-01-18T13:33:34","guid":{"rendered":"https:\/\/ensemble-paroissial-reynies.fr\/?page_id=1773"},"modified":"2026-01-18T14:36:29","modified_gmt":"2026-01-18T13:36:29","slug":"souvenirs-paroisse-de-reynies","status":"publish","type":"page","link":"https:\/\/ensemble-paroissial-reynies.fr\/?page_id=1773","title":{"rendered":"Souvenirs"},"content":{"rendered":"\n<h1 class=\"wp-block-heading has-global-color-8-color has-text-color has-link-color has-x-large-font-size wp-elements-bdda5e7c3b42764ab46079e31e037ba3\"><strong>Albums photos, articles, &#8230;.<\/strong><\/h1>\n\n\n\n<hr class=\"wp-block-separator has-alpha-channel-opacity\"\/>\n\n\n\n<h2 class=\"wp-block-heading has-global-color-8-color has-text-color has-link-color wp-elements-de10074cc9aaa1b6b64c7768d882b27a\"><strong>Ann\u00e9e 2026<\/strong><\/h2>\n\n\n\n<div class=\"wp-block-query is-layout-flow wp-block-query-is-layout-flow\"><ul class=\"wp-block-post-template is-layout-flow wp-block-post-template-is-layout-flow\"><li class=\"wp-block-post post-4569 post type-post status-publish format-standard hentry category-48 category-archives\">\n<h2 class=\"wp-block-post-title\"><a href=\"https:\/\/ensemble-paroissial-reynies.fr\/?p=4569\" target=\"_self\" >V\u0153ux &#8211; Dimanche 18 janvier 2026<\/a><\/h2>\n\n<div class=\"wp-block-post-excerpt\"><p class=\"wp-block-post-excerpt__excerpt\">Dimanche 18 janvier 2026 apr\u00e8s la Messe \u00e0 Reyni\u00e8s, Messe unique pour l&rsquo;ensemble Paroissial, Monsieur le Cur\u00e9 a pr\u00e9sent\u00e9 les voeux pour cette nouvelle ann\u00e9e civile. A cette occasion il a fait un rapide tour d&rsquo;horizon des \u00e9v\u00e8nements qui ont marqu\u00e9s l&rsquo;ann\u00e9e 2025, parl\u00e9 de ce qui est d\u00e9j\u00e0 pr\u00e9vu pour l&rsquo;ann\u00e9e 2026 et pass\u00e9<\/p><p class=\"wp-block-post-excerpt__more-text\"><a class=\"wp-block-post-excerpt__more-link\" href=\"https:\/\/ensemble-paroissial-reynies.fr\/?p=4569\">Lire la suite<\/a><\/p><\/div>\n\n\n<hr class=\"wp-block-separator has-alpha-channel-opacity\"\/>\n\n<\/li><\/ul><\/div>\n\n\n\n<h2 class=\"wp-block-heading has-global-color-8-color has-text-color has-link-color wp-elements-f04705b1941c4e416717c4ab5244630e\"><strong>Ann\u00e9e 2025<\/strong><\/h2>\n\n\n\n<div class=\"wp-block-query is-layout-flow wp-block-query-is-layout-flow\"><ul class=\"wp-block-post-template is-layout-flow wp-block-post-template-is-layout-flow\"><li class=\"wp-block-post post-4410 post type-post status-publish format-standard has-post-thumbnail hentry category-46 category-archives\">\n<h2 class=\"wp-block-post-title\"><a href=\"https:\/\/ensemble-paroissial-reynies.fr\/?p=4410\" target=\"_self\" >Les cr\u00e8ches de nos \u00e9glises &#8211; D\u00e9cembre 2025<\/a><\/h2>\n\n<div class=\"wp-block-post-excerpt\"><p class=\"wp-block-post-excerpt__excerpt\">Comme chaque ann\u00e9e, d\u00e8s le d\u00e9but de l\u2019Avent, dans chacune de nos \u00e9glises des b\u00e9n\u00e9voles installent une cr\u00e8che.Elles sont le plus souvent simple mais elles marquent l&rsquo;attachement profond des paroissiens aux traditions et l&rsquo;importance pour eux de marquer l&rsquo;attente de la venue du Christ sur terre.En effet le berceau o\u00f9 repose le santon repr\u00e9sentant le<\/p><p class=\"wp-block-post-excerpt__more-text\"><a class=\"wp-block-post-excerpt__more-link\" href=\"https:\/\/ensemble-paroissial-reynies.fr\/?p=4410\">Lire la suite<\/a><\/p><\/div>\n\n\n<hr class=\"wp-block-separator has-alpha-channel-opacity\"\/>\n\n<\/li><li class=\"wp-block-post post-4469 post type-post status-publish format-standard has-post-thumbnail hentry category-46 category-archives category-kt\">\n<h2 class=\"wp-block-post-title\"><a href=\"https:\/\/ensemble-paroissial-reynies.fr\/?p=4469\" target=\"_self\" >Les enfants du KT sont all\u00e9s \u00e0 la rencontre de leurs ain\u00e9s<\/a><\/h2>\n\n<div class=\"wp-block-post-excerpt\"><p class=\"wp-block-post-excerpt__excerpt\">Le samedi 13 d\u00e9cembre 2025 les enfants du KT sont all\u00e9s \u00e0 la rencontre des ain\u00e9es en se rendant \u00e0 la Clinique La Pin\u00e8de de Saint-Nauphary et \u00e0 l&rsquo;EHPAD Les Ch\u00eanes Verts de Villebrumier. Cette rencontre des enfants du KT avec les ain\u00e9s \u00e0 Villebrumier a donn\u00e9 lieu \u00e0 un article dans la D\u00e9p\u00eache du<\/p><p class=\"wp-block-post-excerpt__more-text\"><a class=\"wp-block-post-excerpt__more-link\" href=\"https:\/\/ensemble-paroissial-reynies.fr\/?p=4469\">Lire la suite<\/a><\/p><\/div>\n\n\n<hr class=\"wp-block-separator has-alpha-channel-opacity\"\/>\n\n<\/li><li class=\"wp-block-post post-4023 post type-post status-publish format-standard has-post-thumbnail hentry category-46 category-archives\">\n<h2 class=\"wp-block-post-title\"><a href=\"https:\/\/ensemble-paroissial-reynies.fr\/?p=4023\" target=\"_self\" >Messe de r\u00e9ouverture de l&rsquo;\u00e9glise Saint-Saturnin de Nohic<\/a><\/h2>\n\n<div class=\"wp-block-post-excerpt\"><p class=\"wp-block-post-excerpt__excerpt\">En juin 2019 un examen approfondi des vo\u00fbtes de l&rsquo;\u00e9glise Saint-Saturnin de Nohic r\u00e9alis\u00e9 \u00e0 la demande de la municipalit\u00e9 avait montr\u00e9 un risque important d\u2019effondrement et avait n\u00e9cessit\u00e9 la fermeture de l\u2019\u00e9glise au public. La municipalit\u00e9 s\u2019est mobilis\u00e9e pour trouver les financements n\u00e9cessaires \u00e0 la remise en \u00e9tat de l\u2019\u00e9glise. Les cloches ont pu<\/p><p class=\"wp-block-post-excerpt__more-text\"><a class=\"wp-block-post-excerpt__more-link\" href=\"https:\/\/ensemble-paroissial-reynies.fr\/?p=4023\">Lire la suite<\/a><\/p><\/div>\n\n\n<hr class=\"wp-block-separator has-alpha-channel-opacity\"\/>\n\n<\/li><li class=\"wp-block-post post-3669 post type-post status-publish format-standard has-post-thumbnail hentry category-46 category-archives\">\n<h2 class=\"wp-block-post-title\"><a href=\"https:\/\/ensemble-paroissial-reynies.fr\/?p=3669\" target=\"_self\" >P\u00e8lerinage de l\u2019Ensemble Paroissial pour le jubil\u00e9 &#8211; C&rsquo;\u00e9tait le 27 avril 2025<\/a><\/h2>\n\n<div class=\"wp-block-post-excerpt\"><p class=\"wp-block-post-excerpt__excerpt\">Pendant l\u2019ann\u00e9e jubilaire il est demand\u00e9 \u00e0 tous les chr\u00e9tiens d\u2019aller franchir le seuil d\u2019une des Portes Saintes \u00e0 Rome pour b\u00e9n\u00e9ficier des gr\u00e2ces du Jubil\u00e9. Dans chaque dioc\u00e8se des \u00e9glises jubilaires ont \u00e9t\u00e9 d\u00e9sign\u00e9es pour qu\u2019il soit possible localement de participer concr\u00e8tement \u00e0 cet \u00e9v\u00e8nement, notamment pour ceux qui ne pourront se rendre \u00e0<\/p><p class=\"wp-block-post-excerpt__more-text\"><a class=\"wp-block-post-excerpt__more-link\" href=\"https:\/\/ensemble-paroissial-reynies.fr\/?p=3669\">Lire la suite<\/a><\/p><\/div>\n\n\n<hr class=\"wp-block-separator has-alpha-channel-opacity\"\/>\n\n<\/li><li class=\"wp-block-post post-3645 post type-post status-publish format-standard hentry category-46 category-archives category-kt\">\n<h2 class=\"wp-block-post-title\"><a href=\"https:\/\/ensemble-paroissial-reynies.fr\/?p=3645\" target=\"_self\" >Temps fort KT du 15 mars 2025<\/a><\/h2>\n\n<div class=\"wp-block-post-excerpt\"><p class=\"wp-block-post-excerpt__excerpt\">Le samedi 15 mars les \u00e9quipes du KT avaient propos\u00e9 un temps fort aux enfants du cat\u00e9chisme, \u00e0 leurs parents et \u00e0 tous les paroissiens. Le th\u00e8me parfaitement adapt\u00e9 au temps du Car\u00eame \u00e9tait Pardon et Adoration : A 14h00 les enfants se sont donc retrouv\u00e9s \u00e0 la Maison paroissiale. On leur a expliqu\u00e9 ce<\/p><p class=\"wp-block-post-excerpt__more-text\"><a class=\"wp-block-post-excerpt__more-link\" href=\"https:\/\/ensemble-paroissial-reynies.fr\/?p=3645\">Lire la suite<\/a><\/p><\/div>\n\n\n<hr class=\"wp-block-separator has-alpha-channel-opacity\"\/>\n\n<\/li><li class=\"wp-block-post post-3282 post type-post status-publish format-standard has-post-thumbnail hentry category-46 category-archives\">\n<h2 class=\"wp-block-post-title\"><a href=\"https:\/\/ensemble-paroissial-reynies.fr\/?p=3282\" target=\"_self\" >Route (virtuelle) des cr\u00e8ches &#8211; Janvier 2025<\/a><\/h2>\n\n<div class=\"wp-block-post-excerpt\"><p class=\"wp-block-post-excerpt__excerpt\">Traditionnellement, le 1re ou le 2e week-end de janvier il est organis\u00e9 une route des cr\u00e8ches, nous nous retrouvons pour parcourir les routes de l&rsquo;ensemble paroissial en nous arr\u00eatant dans chaque \u00e9glise pour prier devant la cr\u00e8che. Cette ann\u00e9e cette route ne pouvait \u00eatre organis\u00e9e et nous vous proposons une route virtuelle. Ainsi vous pouvez<\/p><p class=\"wp-block-post-excerpt__more-text\"><a class=\"wp-block-post-excerpt__more-link\" href=\"https:\/\/ensemble-paroissial-reynies.fr\/?p=3282\">Lire la suite<\/a><\/p><\/div>\n\n\n<hr class=\"wp-block-separator has-alpha-channel-opacity\"\/>\n\n<\/li><\/ul><\/div>\n\n\n\n<h2 class=\"wp-block-heading has-global-color-8-color has-text-color has-link-color wp-elements-363c79b6812f8afd532e121a95d06005\"><strong>Ann\u00e9e 2024<\/strong><\/h2>\n\n\n\n<div class=\"wp-block-query is-layout-flow wp-block-query-is-layout-flow\"><ul class=\"wp-block-post-template is-layout-flow wp-block-post-template-is-layout-flow\"><li class=\"wp-block-post post-2657 post type-post status-publish format-standard has-post-thumbnail hentry category-43 category-archives\">\n<h2 class=\"wp-block-post-title\"><a href=\"https:\/\/ensemble-paroissial-reynies.fr\/?p=2657\" target=\"_self\" >Les cr\u00e8ches de nos maisons &#8211; D\u00e9cembre 2024<\/a><\/h2>\n\n<div class=\"wp-block-post-excerpt\"><p class=\"wp-block-post-excerpt__excerpt\">Nous sommes entr\u00e9s dans le temps de l&rsquo;Avent, dans nos \u00e9glises la cr\u00e8che a \u00e9t\u00e9 install\u00e9e, elle montre l&rsquo;attente des communaut\u00e9s paroissiales de ce moment joyeux et bienheureux : la naissance du Christ. Dans nos maisons la d\u00e9coration pour les f\u00eates de No\u00ebl est en cours et la cr\u00e8che familiale y tient une place importante,<\/p><p class=\"wp-block-post-excerpt__more-text\"><a class=\"wp-block-post-excerpt__more-link\" href=\"https:\/\/ensemble-paroissial-reynies.fr\/?p=2657\">Lire la suite<\/a><\/p><\/div>\n\n\n<hr class=\"wp-block-separator has-alpha-channel-opacity\"\/>\n\n<\/li><li class=\"wp-block-post post-2621 post type-post status-publish format-standard has-post-thumbnail hentry category-43 category-archives\">\n<h2 class=\"wp-block-post-title\"><a href=\"https:\/\/ensemble-paroissial-reynies.fr\/?p=2621\" target=\"_self\" >Les cr\u00e8ches de nos \u00e9glises &#8211; D\u00e9cembre 2024<\/a><\/h2>\n\n<div class=\"wp-block-post-excerpt\"><p class=\"wp-block-post-excerpt__excerpt\">D\u00e8s le d\u00e9but de l&rsquo;Avent, dans chacune de nos \u00e9glises, une cr\u00e8che a \u00e9t\u00e9 install\u00e9e. Le berceau est rest\u00e9 vide jusqu&rsquo;au 24 d\u00e9cembre pour rappeler \u00e0 tous, fid\u00e8les mais aussi visiteurs, que le Christ allait bient\u00f4t naitre. Ca y est ! Le Christ est n\u00e9, All\u00e9luia ! Le 24 au soir lors de la Messe<\/p><p class=\"wp-block-post-excerpt__more-text\"><a class=\"wp-block-post-excerpt__more-link\" href=\"https:\/\/ensemble-paroissial-reynies.fr\/?p=2621\">Lire la suite<\/a><\/p><\/div>\n\n\n<hr class=\"wp-block-separator has-alpha-channel-opacity\"\/>\n\n<\/li><li class=\"wp-block-post post-2874 post type-post status-publish format-standard has-post-thumbnail hentry category-43 category-archives category-kt\">\n<h2 class=\"wp-block-post-title\"><a href=\"https:\/\/ensemble-paroissial-reynies.fr\/?p=2874\" target=\"_self\" >Photos et r\u00e9sum\u00e9 du spectacle cat\u00e9chisme du 7 d\u00e9cembre 2024<\/a><\/h2>\n\n<div class=\"wp-block-post-excerpt\"><p class=\"wp-block-post-excerpt__excerpt\">(si vous cliquez sur une photo vous la verrez en grande taille) Les enfants du cat\u00e9chisme nous avaient donn\u00e9 rendez vous \u00e0 16h00 le samedi 7 d\u00e9cembre 2024 \u00e0 la salle des f\u00eates de Reyni\u00e8s pour nous pr\u00e9senter un spectacle. Qu&rsquo;allions nous voir ? Qu&rsquo;avaient ils pr\u00e9par\u00e9 pour que nous rentrions enchant\u00e9s dans le temps<\/p><p class=\"wp-block-post-excerpt__more-text\"><a class=\"wp-block-post-excerpt__more-link\" href=\"https:\/\/ensemble-paroissial-reynies.fr\/?p=2874\">Lire la suite<\/a><\/p><\/div>\n\n\n<hr class=\"wp-block-separator has-alpha-channel-opacity\"\/>\n\n<\/li><li class=\"wp-block-post post-2387 post type-post status-publish format-standard hentry category-43 category-archives\">\n<h2 class=\"wp-block-post-title\"><a href=\"https:\/\/ensemble-paroissial-reynies.fr\/?p=2387\" target=\"_self\" >Routes des cr\u00e8ches &#8211; 7 janvier 2024<\/a><\/h2>\n\n<div class=\"wp-block-post-excerpt\"><p class=\"wp-block-post-excerpt__excerpt\">Le dimanche 7 janvier les paroissiens \u00e9taient invit\u00e9s \u00e0 rejoindre la Route des Cr\u00e8ches. Ces cr\u00e8ches, du moins leurs personnages et leurs d\u00e9corations, ont toutes des histoires : certains des santons sont anciens, certains ont \u00e9t\u00e9 r\u00e9par\u00e9s avec des solutions ing\u00e9nieuses, d&rsquo;autres sont des dons faits par des paroissiens, dans certaines cr\u00e8ches des d\u00e9corations rappellent<\/p><p class=\"wp-block-post-excerpt__more-text\"><a class=\"wp-block-post-excerpt__more-link\" href=\"https:\/\/ensemble-paroissial-reynies.fr\/?p=2387\">Lire la suite<\/a><\/p><\/div>\n\n\n<hr class=\"wp-block-separator has-alpha-channel-opacity\"\/>\n\n<\/li><\/ul><\/div>\n\n\n\n<h2 class=\"wp-block-heading has-global-color-8-color has-text-color has-link-color wp-elements-6fc7ef6aba4e3b317aef11966e5f61c6\"><strong>Ann\u00e9e 2023<\/strong><\/h2>\n\n\n\n<details class=\"wp-block-details has-medium-font-size is-layout-flow wp-block-details-is-layout-flow\"><summary>Les cr\u00e8ches de nos \u00e9glises &#8211; D\u00e9cembre 2023<\/summary>\n<p><\/p>\n\n\n<div class=\"pgc-sgb-cb wp-block-pgcsimplygalleryblock-slider \" data-gallery-id=\"10b43801\"style=&quot;min-height:460px&quot;><div class=\"sgb-preloader\" id=\"pr_10b43801\">\n\t<div class=\"sgb-square\" style=\"background:#d4d4d4\"><\/div>\n\t<div class=\"sgb-square\" style=\"background:#d4d4d4\"><\/div>\n\t<div class=\"sgb-square\" style=\"background:#d4d4d4\"><\/div>\n\t<div class=\"sgb-square\" style=\"background:#d4d4d4\"><\/div><\/div><div class=\"simply-gallery-amp pgc_sgb_slider \"><noscript><div class=\"sgb-gallery\"><div class=\"sgb-item\"><a href=\"https:\/\/ensemble-paroissial-reynies.fr\/?attachment_id=1996\" target=\"_blank\"><img decoding=\"async\" alt=\"\" width=\"300\" height=\"225\" loading=\"lazy\" src=\"https:\/\/ensemble-paroissial-reynies.fr\/wp-content\/uploads\/Cr\u00e8ches\/Cr\u00e8ches_2023\/brial9-scaled-1-300x225.jpg\" srcset=\"https:\/\/ensemble-paroissial-reynies.fr\/wp-content\/uploads\/Cr\u00e8ches\/Cr\u00e8ches_2023\/brial9-scaled-1-300x225.jpg 300w,https:\/\/ensemble-paroissial-reynies.fr\/wp-content\/uploads\/Cr\u00e8ches\/Cr\u00e8ches_2023\/brial9-scaled-1-1024x768.jpg 1024w,https:\/\/ensemble-paroissial-reynies.fr\/wp-content\/uploads\/Cr\u00e8ches\/Cr\u00e8ches_2023\/brial9-scaled-1.jpg 2560w\" sizes=\"auto, 250px\"\/><\/a><div class=\"sgb-item-caption\"><em>Brial &#8211; 12\/2023  <\/em><\/div><\/div><div class=\"sgb-item\"><a href=\"https:\/\/ensemble-paroissial-reynies.fr\/?attachment_id=1969\" target=\"_blank\"><img decoding=\"async\" alt=\"\" width=\"300\" height=\"225\" loading=\"lazy\" src=\"https:\/\/ensemble-paroissial-reynies.fr\/wp-content\/uploads\/Cr\u00e8ches\/Cr\u00e8ches_2023\/brial-1-scaled-1-300x225.jpg\" srcset=\"https:\/\/ensemble-paroissial-reynies.fr\/wp-content\/uploads\/Cr\u00e8ches\/Cr\u00e8ches_2023\/brial-1-scaled-1-300x225.jpg 300w,https:\/\/ensemble-paroissial-reynies.fr\/wp-content\/uploads\/Cr\u00e8ches\/Cr\u00e8ches_2023\/brial-1-scaled-1-1024x768.jpg 1024w,https:\/\/ensemble-paroissial-reynies.fr\/wp-content\/uploads\/Cr\u00e8ches\/Cr\u00e8ches_2023\/brial-1-scaled-1.jpg 2560w\" sizes=\"auto, 250px\"\/><\/a><div class=\"sgb-item-caption\"><em>Brial &#8211; 12\/2023<\/em><\/div><\/div><div class=\"sgb-item\"><a href=\"https:\/\/ensemble-paroissial-reynies.fr\/?attachment_id=1975\" target=\"_blank\"><img decoding=\"async\" alt=\"\" width=\"300\" height=\"225\" loading=\"lazy\" src=\"https:\/\/ensemble-paroissial-reynies.fr\/wp-content\/uploads\/Cr\u00e8ches\/Cr\u00e8ches_2023\/brial-2-scaled-1-300x225.jpg\" srcset=\"https:\/\/ensemble-paroissial-reynies.fr\/wp-content\/uploads\/Cr\u00e8ches\/Cr\u00e8ches_2023\/brial-2-scaled-1-300x225.jpg 300w,https:\/\/ensemble-paroissial-reynies.fr\/wp-content\/uploads\/Cr\u00e8ches\/Cr\u00e8ches_2023\/brial-2-scaled-1-1024x768.jpg 1024w,https:\/\/ensemble-paroissial-reynies.fr\/wp-content\/uploads\/Cr\u00e8ches\/Cr\u00e8ches_2023\/brial-2-scaled-1.jpg 2560w\" sizes=\"auto, 250px\"\/><\/a><div class=\"sgb-item-caption\"><em>Brial &#8211; 12\/2023<\/em><\/div><\/div><div class=\"sgb-item\"><a href=\"https:\/\/ensemble-paroissial-reynies.fr\/?attachment_id=1972\" target=\"_blank\"><img decoding=\"async\" alt=\"\" width=\"300\" height=\"225\" loading=\"lazy\" src=\"https:\/\/ensemble-paroissial-reynies.fr\/wp-content\/uploads\/Cr\u00e8ches\/Cr\u00e8ches_2023\/brial8-scaled-1-300x225.jpg\" srcset=\"https:\/\/ensemble-paroissial-reynies.fr\/wp-content\/uploads\/Cr\u00e8ches\/Cr\u00e8ches_2023\/brial8-scaled-1-300x225.jpg 300w,https:\/\/ensemble-paroissial-reynies.fr\/wp-content\/uploads\/Cr\u00e8ches\/Cr\u00e8ches_2023\/brial8-scaled-1-1024x768.jpg 1024w,https:\/\/ensemble-paroissial-reynies.fr\/wp-content\/uploads\/Cr\u00e8ches\/Cr\u00e8ches_2023\/brial8-scaled-1.jpg 2560w\" sizes=\"auto, 250px\"\/><\/a><div class=\"sgb-item-caption\"><em>Brial &#8211; 12\/2023<\/em><\/div><\/div><div class=\"sgb-item\"><a href=\"https:\/\/ensemble-paroissial-reynies.fr\/?attachment_id=1970\" target=\"_blank\"><img decoding=\"async\" alt=\"\" width=\"300\" height=\"225\" loading=\"lazy\" src=\"https:\/\/ensemble-paroissial-reynies.fr\/wp-content\/uploads\/Cr\u00e8ches\/Cr\u00e8ches_2023\/bressols8-scaled-1-300x225.jpg\" srcset=\"https:\/\/ensemble-paroissial-reynies.fr\/wp-content\/uploads\/Cr\u00e8ches\/Cr\u00e8ches_2023\/bressols8-scaled-1-300x225.jpg 300w,https:\/\/ensemble-paroissial-reynies.fr\/wp-content\/uploads\/Cr\u00e8ches\/Cr\u00e8ches_2023\/bressols8-scaled-1-1024x768.jpg 1024w,https:\/\/ensemble-paroissial-reynies.fr\/wp-content\/uploads\/Cr\u00e8ches\/Cr\u00e8ches_2023\/bressols8-scaled-1.jpg 2560w\" sizes=\"auto, 250px\"\/><\/a><div class=\"sgb-item-caption\"><em>Bressols &#8211; 12\/2023<\/em><\/div><\/div><div class=\"sgb-item\"><a href=\"https:\/\/ensemble-paroissial-reynies.fr\/?attachment_id=1966\" target=\"_blank\"><img decoding=\"async\" alt=\"\" width=\"300\" height=\"225\" loading=\"lazy\" src=\"https:\/\/ensemble-paroissial-reynies.fr\/wp-content\/uploads\/Cr\u00e8ches\/Cr\u00e8ches_2023\/bressols1-scaled-1-300x225.jpg\" srcset=\"https:\/\/ensemble-paroissial-reynies.fr\/wp-content\/uploads\/Cr\u00e8ches\/Cr\u00e8ches_2023\/bressols1-scaled-1-300x225.jpg 300w,https:\/\/ensemble-paroissial-reynies.fr\/wp-content\/uploads\/Cr\u00e8ches\/Cr\u00e8ches_2023\/bressols1-scaled-1-1024x768.jpg 1024w,https:\/\/ensemble-paroissial-reynies.fr\/wp-content\/uploads\/Cr\u00e8ches\/Cr\u00e8ches_2023\/bressols1-scaled-1.jpg 2560w\" sizes=\"auto, 250px\"\/><\/a><div class=\"sgb-item-caption\"><em>Bressols &#8211; 12\/2023<\/em><\/div><\/div><div class=\"sgb-item\"><a href=\"https:\/\/ensemble-paroissial-reynies.fr\/?attachment_id=1964\" target=\"_blank\"><img decoding=\"async\" alt=\"\" width=\"225\" height=\"300\" loading=\"lazy\" src=\"https:\/\/ensemble-paroissial-reynies.fr\/wp-content\/uploads\/Cr\u00e8ches\/Cr\u00e8ches_2023\/bressols-2-225x300.jpg\" srcset=\"https:\/\/ensemble-paroissial-reynies.fr\/wp-content\/uploads\/Cr\u00e8ches\/Cr\u00e8ches_2023\/bressols-2-225x300.jpg 225w,https:\/\/ensemble-paroissial-reynies.fr\/wp-content\/uploads\/Cr\u00e8ches\/Cr\u00e8ches_2023\/bressols-2-768x1024.jpg 768w,https:\/\/ensemble-paroissial-reynies.fr\/wp-content\/uploads\/Cr\u00e8ches\/Cr\u00e8ches_2023\/bressols-2.jpg 1200w\" sizes=\"auto, 250px\"\/><\/a><div class=\"sgb-item-caption\"><em>Bressols &#8211; 12\/2023<\/em><\/div><\/div><div class=\"sgb-item\"><a href=\"https:\/\/ensemble-paroissial-reynies.fr\/?attachment_id=1971\" target=\"_blank\"><img decoding=\"async\" alt=\"\" width=\"300\" height=\"225\" loading=\"lazy\" src=\"https:\/\/ensemble-paroissial-reynies.fr\/wp-content\/uploads\/Cr\u00e8ches\/Cr\u00e8ches_2023\/bressols7-scaled-1-300x225.jpg\" srcset=\"https:\/\/ensemble-paroissial-reynies.fr\/wp-content\/uploads\/Cr\u00e8ches\/Cr\u00e8ches_2023\/bressols7-scaled-1-300x225.jpg 300w,https:\/\/ensemble-paroissial-reynies.fr\/wp-content\/uploads\/Cr\u00e8ches\/Cr\u00e8ches_2023\/bressols7-scaled-1-1024x768.jpg 1024w,https:\/\/ensemble-paroissial-reynies.fr\/wp-content\/uploads\/Cr\u00e8ches\/Cr\u00e8ches_2023\/bressols7-scaled-1.jpg 2560w\" sizes=\"auto, 250px\"\/><\/a><div class=\"sgb-item-caption\"><em>Bressols &#8211; 12\/2023<\/em><\/div><\/div><div class=\"sgb-item\"><a href=\"https:\/\/ensemble-paroissial-reynies.fr\/?attachment_id=1968\" target=\"_blank\"><img decoding=\"async\" alt=\"\" width=\"300\" height=\"225\" loading=\"lazy\" src=\"https:\/\/ensemble-paroissial-reynies.fr\/wp-content\/uploads\/Cr\u00e8ches\/Cr\u00e8ches_2023\/bressols2-scaled-1-300x225.jpg\" srcset=\"https:\/\/ensemble-paroissial-reynies.fr\/wp-content\/uploads\/Cr\u00e8ches\/Cr\u00e8ches_2023\/bressols2-scaled-1-300x225.jpg 300w,https:\/\/ensemble-paroissial-reynies.fr\/wp-content\/uploads\/Cr\u00e8ches\/Cr\u00e8ches_2023\/bressols2-scaled-1-1024x768.jpg 1024w,https:\/\/ensemble-paroissial-reynies.fr\/wp-content\/uploads\/Cr\u00e8ches\/Cr\u00e8ches_2023\/bressols2-scaled-1.jpg 2560w\" sizes=\"auto, 250px\"\/><\/a><div class=\"sgb-item-caption\"><em>Bressols &#8211; 12\/2023<\/em><\/div><\/div><div class=\"sgb-item\"><a href=\"https:\/\/ensemble-paroissial-reynies.fr\/?attachment_id=1967\" target=\"_blank\"><img decoding=\"async\" alt=\"\" width=\"225\" height=\"300\" loading=\"lazy\" src=\"https:\/\/ensemble-paroissial-reynies.fr\/wp-content\/uploads\/Cr\u00e8ches\/Cr\u00e8ches_2023\/bressols-1-225x300.jpg\" srcset=\"https:\/\/ensemble-paroissial-reynies.fr\/wp-content\/uploads\/Cr\u00e8ches\/Cr\u00e8ches_2023\/bressols-1-225x300.jpg 225w,https:\/\/ensemble-paroissial-reynies.fr\/wp-content\/uploads\/Cr\u00e8ches\/Cr\u00e8ches_2023\/bressols-1-768x1024.jpg 768w,https:\/\/ensemble-paroissial-reynies.fr\/wp-content\/uploads\/Cr\u00e8ches\/Cr\u00e8ches_2023\/bressols-1.jpg 1200w\" sizes=\"auto, 250px\"\/><\/a><div class=\"sgb-item-caption\"><em>Bressols &#8211; 12\/2023<\/em><\/div><\/div><div class=\"sgb-item\"><a href=\"https:\/\/ensemble-paroissial-reynies.fr\/?attachment_id=1973\" target=\"_blank\"><img decoding=\"async\" alt=\"\" width=\"300\" height=\"225\" loading=\"lazy\" src=\"https:\/\/ensemble-paroissial-reynies.fr\/wp-content\/uploads\/Cr\u00e8ches\/Cr\u00e8ches_2023\/corbarieu-scaled-1-300x225.jpg\" srcset=\"https:\/\/ensemble-paroissial-reynies.fr\/wp-content\/uploads\/Cr\u00e8ches\/Cr\u00e8ches_2023\/corbarieu-scaled-1-300x225.jpg 300w,https:\/\/ensemble-paroissial-reynies.fr\/wp-content\/uploads\/Cr\u00e8ches\/Cr\u00e8ches_2023\/corbarieu-scaled-1-1024x768.jpg 1024w,https:\/\/ensemble-paroissial-reynies.fr\/wp-content\/uploads\/Cr\u00e8ches\/Cr\u00e8ches_2023\/corbarieu-scaled-1.jpg 2560w\" sizes=\"auto, 250px\"\/><\/a><div class=\"sgb-item-caption\"><em>Corbarieu &#8211; 12\/2023<\/em><\/div><\/div><div class=\"sgb-item\"><a href=\"https:\/\/ensemble-paroissial-reynies.fr\/?attachment_id=1976\" target=\"_blank\"><img decoding=\"async\" alt=\"\" width=\"300\" height=\"225\" loading=\"lazy\" src=\"https:\/\/ensemble-paroissial-reynies.fr\/wp-content\/uploads\/Cr\u00e8ches\/Cr\u00e8ches_2023\/labastide5-scaled-1-300x225.jpg\" srcset=\"https:\/\/ensemble-paroissial-reynies.fr\/wp-content\/uploads\/Cr\u00e8ches\/Cr\u00e8ches_2023\/labastide5-scaled-1-300x225.jpg 300w,https:\/\/ensemble-paroissial-reynies.fr\/wp-content\/uploads\/Cr\u00e8ches\/Cr\u00e8ches_2023\/labastide5-scaled-1-1024x768.jpg 1024w,https:\/\/ensemble-paroissial-reynies.fr\/wp-content\/uploads\/Cr\u00e8ches\/Cr\u00e8ches_2023\/labastide5-scaled-1.jpg 2560w\" sizes=\"auto, 250px\"\/><\/a><div class=\"sgb-item-caption\"><em>Labastide-Saint-Pierre &#8211; 12\/2023 <\/em><\/div><\/div><div class=\"sgb-item\"><a href=\"https:\/\/ensemble-paroissial-reynies.fr\/?attachment_id=1997\" target=\"_blank\"><img decoding=\"async\" alt=\"\" width=\"300\" height=\"225\" loading=\"lazy\" src=\"https:\/\/ensemble-paroissial-reynies.fr\/wp-content\/uploads\/Cr\u00e8ches\/Cr\u00e8ches_2023\/labastide4-scaled-1-300x225.jpg\" srcset=\"https:\/\/ensemble-paroissial-reynies.fr\/wp-content\/uploads\/Cr\u00e8ches\/Cr\u00e8ches_2023\/labastide4-scaled-1-300x225.jpg 300w,https:\/\/ensemble-paroissial-reynies.fr\/wp-content\/uploads\/Cr\u00e8ches\/Cr\u00e8ches_2023\/labastide4-scaled-1-1024x768.jpg 1024w,https:\/\/ensemble-paroissial-reynies.fr\/wp-content\/uploads\/Cr\u00e8ches\/Cr\u00e8ches_2023\/labastide4-scaled-1.jpg 2560w\" sizes=\"auto, 250px\"\/><\/a><div class=\"sgb-item-caption\"><em>Labastide-Saint-Pierre &#8211; 12\/2023  <\/em><\/div><\/div><div class=\"sgb-item\"><a href=\"https:\/\/ensemble-paroissial-reynies.fr\/?attachment_id=1974\" target=\"_blank\"><img decoding=\"async\" alt=\"\" width=\"300\" height=\"225\" loading=\"lazy\" src=\"https:\/\/ensemble-paroissial-reynies.fr\/wp-content\/uploads\/Cr\u00e8ches\/Cr\u00e8ches_2023\/labastide1-scaled-1-300x225.jpg\" srcset=\"https:\/\/ensemble-paroissial-reynies.fr\/wp-content\/uploads\/Cr\u00e8ches\/Cr\u00e8ches_2023\/labastide1-scaled-1-300x225.jpg 300w,https:\/\/ensemble-paroissial-reynies.fr\/wp-content\/uploads\/Cr\u00e8ches\/Cr\u00e8ches_2023\/labastide1-scaled-1-1024x768.jpg 1024w,https:\/\/ensemble-paroissial-reynies.fr\/wp-content\/uploads\/Cr\u00e8ches\/Cr\u00e8ches_2023\/labastide1-scaled-1.jpg 2560w\" sizes=\"auto, 250px\"\/><\/a><div class=\"sgb-item-caption\"><em>Labastide-Saint-Pierre &#8211; 12\/2023 <\/em><\/div><\/div><div class=\"sgb-item\"><a href=\"https:\/\/ensemble-paroissial-reynies.fr\/?attachment_id=1977\" target=\"_blank\"><img decoding=\"async\" alt=\"\" width=\"300\" height=\"225\" loading=\"lazy\" src=\"https:\/\/ensemble-paroissial-reynies.fr\/wp-content\/uploads\/Cr\u00e8ches\/Cr\u00e8ches_2023\/labastide7-scaled-1-300x225.jpg\" srcset=\"https:\/\/ensemble-paroissial-reynies.fr\/wp-content\/uploads\/Cr\u00e8ches\/Cr\u00e8ches_2023\/labastide7-scaled-1-300x225.jpg 300w,https:\/\/ensemble-paroissial-reynies.fr\/wp-content\/uploads\/Cr\u00e8ches\/Cr\u00e8ches_2023\/labastide7-scaled-1-1024x768.jpg 1024w,https:\/\/ensemble-paroissial-reynies.fr\/wp-content\/uploads\/Cr\u00e8ches\/Cr\u00e8ches_2023\/labastide7-scaled-1.jpg 2560w\" sizes=\"auto, 250px\"\/><\/a><div class=\"sgb-item-caption\"><em>Labastide-Saint-Pierre &#8211; 12\/2023          <\/em><\/div><\/div><div class=\"sgb-item\"><a href=\"https:\/\/ensemble-paroissial-reynies.fr\/?attachment_id=1978\" target=\"_blank\"><img decoding=\"async\" alt=\"\" width=\"300\" height=\"225\" loading=\"lazy\" src=\"https:\/\/ensemble-paroissial-reynies.fr\/wp-content\/uploads\/Cr\u00e8ches\/Cr\u00e8ches_2023\/orgueil1-scaled-1-300x225.jpg\" srcset=\"https:\/\/ensemble-paroissial-reynies.fr\/wp-content\/uploads\/Cr\u00e8ches\/Cr\u00e8ches_2023\/orgueil1-scaled-1-300x225.jpg 300w,https:\/\/ensemble-paroissial-reynies.fr\/wp-content\/uploads\/Cr\u00e8ches\/Cr\u00e8ches_2023\/orgueil1-scaled-1-1024x768.jpg 1024w,https:\/\/ensemble-paroissial-reynies.fr\/wp-content\/uploads\/Cr\u00e8ches\/Cr\u00e8ches_2023\/orgueil1-scaled-1.jpg 2560w\" sizes=\"auto, 250px\"\/><\/a><div class=\"sgb-item-caption\"><em>Orgueil &#8211; 12\/2023     <\/em><\/div><\/div><div class=\"sgb-item\"><a href=\"https:\/\/ensemble-paroissial-reynies.fr\/?attachment_id=1981\" target=\"_blank\"><img decoding=\"async\" alt=\"\" width=\"300\" height=\"225\" loading=\"lazy\" src=\"https:\/\/ensemble-paroissial-reynies.fr\/wp-content\/uploads\/Cr\u00e8ches\/Cr\u00e8ches_2023\/orgueil4-scaled-1-300x225.jpg\" srcset=\"https:\/\/ensemble-paroissial-reynies.fr\/wp-content\/uploads\/Cr\u00e8ches\/Cr\u00e8ches_2023\/orgueil4-scaled-1-300x225.jpg 300w,https:\/\/ensemble-paroissial-reynies.fr\/wp-content\/uploads\/Cr\u00e8ches\/Cr\u00e8ches_2023\/orgueil4-scaled-1-1024x768.jpg 1024w,https:\/\/ensemble-paroissial-reynies.fr\/wp-content\/uploads\/Cr\u00e8ches\/Cr\u00e8ches_2023\/orgueil4-scaled-1.jpg 2560w\" sizes=\"auto, 250px\"\/><\/a><div class=\"sgb-item-caption\"><em>Orgueil &#8211; 12\/2023     <\/em><\/div><\/div><div class=\"sgb-item\"><a href=\"https:\/\/ensemble-paroissial-reynies.fr\/?attachment_id=1980\" target=\"_blank\"><img decoding=\"async\" alt=\"\" width=\"300\" height=\"225\" loading=\"lazy\" src=\"https:\/\/ensemble-paroissial-reynies.fr\/wp-content\/uploads\/Cr\u00e8ches\/Cr\u00e8ches_2023\/orgueil3-scaled-1-300x225.jpg\" srcset=\"https:\/\/ensemble-paroissial-reynies.fr\/wp-content\/uploads\/Cr\u00e8ches\/Cr\u00e8ches_2023\/orgueil3-scaled-1-300x225.jpg 300w,https:\/\/ensemble-paroissial-reynies.fr\/wp-content\/uploads\/Cr\u00e8ches\/Cr\u00e8ches_2023\/orgueil3-scaled-1-1024x768.jpg 1024w,https:\/\/ensemble-paroissial-reynies.fr\/wp-content\/uploads\/Cr\u00e8ches\/Cr\u00e8ches_2023\/orgueil3-scaled-1.jpg 2560w\" sizes=\"auto, 250px\"\/><\/a><div class=\"sgb-item-caption\"><em>Orgueil &#8211; 12\/2023  <\/em><\/div><\/div><div class=\"sgb-item\"><a href=\"https:\/\/ensemble-paroissial-reynies.fr\/?attachment_id=1979\" target=\"_blank\"><img decoding=\"async\" alt=\"\" width=\"300\" height=\"225\" loading=\"lazy\" src=\"https:\/\/ensemble-paroissial-reynies.fr\/wp-content\/uploads\/Cr\u00e8ches\/Cr\u00e8ches_2023\/orgueil2-scaled-1-300x225.jpg\" srcset=\"https:\/\/ensemble-paroissial-reynies.fr\/wp-content\/uploads\/Cr\u00e8ches\/Cr\u00e8ches_2023\/orgueil2-scaled-1-300x225.jpg 300w,https:\/\/ensemble-paroissial-reynies.fr\/wp-content\/uploads\/Cr\u00e8ches\/Cr\u00e8ches_2023\/orgueil2-scaled-1-1024x768.jpg 1024w,https:\/\/ensemble-paroissial-reynies.fr\/wp-content\/uploads\/Cr\u00e8ches\/Cr\u00e8ches_2023\/orgueil2-scaled-1.jpg 2560w\" sizes=\"auto, 250px\"\/><\/a><div class=\"sgb-item-caption\"><em>Orgueil &#8211; 12\/2023  <\/em><\/div><\/div><div class=\"sgb-item\"><a href=\"https:\/\/ensemble-paroissial-reynies.fr\/?attachment_id=1982\" target=\"_blank\"><img decoding=\"async\" alt=\"\" width=\"300\" height=\"225\" loading=\"lazy\" src=\"https:\/\/ensemble-paroissial-reynies.fr\/wp-content\/uploads\/Cr\u00e8ches\/Cr\u00e8ches_2023\/reynies1-scaled-1-300x225.jpg\" srcset=\"https:\/\/ensemble-paroissial-reynies.fr\/wp-content\/uploads\/Cr\u00e8ches\/Cr\u00e8ches_2023\/reynies1-scaled-1-300x225.jpg 300w,https:\/\/ensemble-paroissial-reynies.fr\/wp-content\/uploads\/Cr\u00e8ches\/Cr\u00e8ches_2023\/reynies1-scaled-1-1024x768.jpg 1024w,https:\/\/ensemble-paroissial-reynies.fr\/wp-content\/uploads\/Cr\u00e8ches\/Cr\u00e8ches_2023\/reynies1-scaled-1.jpg 2560w\" sizes=\"auto, 250px\"\/><\/a><div class=\"sgb-item-caption\"><em>Reyni\u00e8s &#8211; 12\/2023<\/em><\/div><\/div><div class=\"sgb-item\"><a href=\"https:\/\/ensemble-paroissial-reynies.fr\/?attachment_id=1983\" target=\"_blank\"><img decoding=\"async\" alt=\"\" width=\"300\" height=\"225\" loading=\"lazy\" src=\"https:\/\/ensemble-paroissial-reynies.fr\/wp-content\/uploads\/Cr\u00e8ches\/Cr\u00e8ches_2023\/reynies2-scaled-1-300x225.jpg\" srcset=\"https:\/\/ensemble-paroissial-reynies.fr\/wp-content\/uploads\/Cr\u00e8ches\/Cr\u00e8ches_2023\/reynies2-scaled-1-300x225.jpg 300w,https:\/\/ensemble-paroissial-reynies.fr\/wp-content\/uploads\/Cr\u00e8ches\/Cr\u00e8ches_2023\/reynies2-scaled-1-1024x768.jpg 1024w,https:\/\/ensemble-paroissial-reynies.fr\/wp-content\/uploads\/Cr\u00e8ches\/Cr\u00e8ches_2023\/reynies2-scaled-1.jpg 2560w\" sizes=\"auto, 250px\"\/><\/a><div class=\"sgb-item-caption\"><em>Reyni\u00e8s &#8211; 12\/2023<\/em><\/div><\/div><div class=\"sgb-item\"><a href=\"https:\/\/ensemble-paroissial-reynies.fr\/?attachment_id=1985\" target=\"_blank\"><img decoding=\"async\" alt=\"\" width=\"300\" height=\"225\" loading=\"lazy\" src=\"https:\/\/ensemble-paroissial-reynies.fr\/wp-content\/uploads\/Cr\u00e8ches\/Cr\u00e8ches_2023\/reynies9c-scaled-1-300x225.jpg\" srcset=\"https:\/\/ensemble-paroissial-reynies.fr\/wp-content\/uploads\/Cr\u00e8ches\/Cr\u00e8ches_2023\/reynies9c-scaled-1-300x225.jpg 300w,https:\/\/ensemble-paroissial-reynies.fr\/wp-content\/uploads\/Cr\u00e8ches\/Cr\u00e8ches_2023\/reynies9c-scaled-1-1024x768.jpg 1024w,https:\/\/ensemble-paroissial-reynies.fr\/wp-content\/uploads\/Cr\u00e8ches\/Cr\u00e8ches_2023\/reynies9c-scaled-1.jpg 2560w\" sizes=\"auto, 250px\"\/><\/a><div class=\"sgb-item-caption\"><em>Reyni\u00e8s &#8211; 12\/2023<\/em><\/div><\/div><div class=\"sgb-item\"><a href=\"https:\/\/ensemble-paroissial-reynies.fr\/?attachment_id=1984\" target=\"_blank\"><img decoding=\"async\" alt=\"\" width=\"300\" height=\"225\" loading=\"lazy\" src=\"https:\/\/ensemble-paroissial-reynies.fr\/wp-content\/uploads\/Cr\u00e8ches\/Cr\u00e8ches_2023\/reynies6-scaled-1-300x225.jpg\" srcset=\"https:\/\/ensemble-paroissial-reynies.fr\/wp-content\/uploads\/Cr\u00e8ches\/Cr\u00e8ches_2023\/reynies6-scaled-1-300x225.jpg 300w,https:\/\/ensemble-paroissial-reynies.fr\/wp-content\/uploads\/Cr\u00e8ches\/Cr\u00e8ches_2023\/reynies6-scaled-1-1024x768.jpg 1024w,https:\/\/ensemble-paroissial-reynies.fr\/wp-content\/uploads\/Cr\u00e8ches\/Cr\u00e8ches_2023\/reynies6-scaled-1.jpg 2560w\" sizes=\"auto, 250px\"\/><\/a><div class=\"sgb-item-caption\"><em>Reyni\u00e8s &#8211; 12\/2023<\/em><\/div><\/div><div class=\"sgb-item\"><a href=\"https:\/\/ensemble-paroissial-reynies.fr\/?attachment_id=1986\" target=\"_blank\"><img decoding=\"async\" alt=\"\" width=\"300\" height=\"225\" loading=\"lazy\" src=\"https:\/\/ensemble-paroissial-reynies.fr\/wp-content\/uploads\/Cr\u00e8ches\/Cr\u00e8ches_2023\/saint-nauphary1-scaled-1-300x225.jpg\" srcset=\"https:\/\/ensemble-paroissial-reynies.fr\/wp-content\/uploads\/Cr\u00e8ches\/Cr\u00e8ches_2023\/saint-nauphary1-scaled-1-300x225.jpg 300w,https:\/\/ensemble-paroissial-reynies.fr\/wp-content\/uploads\/Cr\u00e8ches\/Cr\u00e8ches_2023\/saint-nauphary1-scaled-1-1024x768.jpg 1024w,https:\/\/ensemble-paroissial-reynies.fr\/wp-content\/uploads\/Cr\u00e8ches\/Cr\u00e8ches_2023\/saint-nauphary1-scaled-1.jpg 2560w\" sizes=\"auto, 250px\"\/><\/a><div class=\"sgb-item-caption\"><em>Saint-Nauphary 12\/2023<\/em><\/div><\/div><div class=\"sgb-item\"><a href=\"https:\/\/ensemble-paroissial-reynies.fr\/?attachment_id=1987\" target=\"_blank\"><img decoding=\"async\" alt=\"\" width=\"300\" height=\"225\" loading=\"lazy\" src=\"https:\/\/ensemble-paroissial-reynies.fr\/wp-content\/uploads\/Cr\u00e8ches\/Cr\u00e8ches_2023\/saint-nauphary6-scaled-1-300x225.jpg\" srcset=\"https:\/\/ensemble-paroissial-reynies.fr\/wp-content\/uploads\/Cr\u00e8ches\/Cr\u00e8ches_2023\/saint-nauphary6-scaled-1-300x225.jpg 300w,https:\/\/ensemble-paroissial-reynies.fr\/wp-content\/uploads\/Cr\u00e8ches\/Cr\u00e8ches_2023\/saint-nauphary6-scaled-1-1024x768.jpg 1024w,https:\/\/ensemble-paroissial-reynies.fr\/wp-content\/uploads\/Cr\u00e8ches\/Cr\u00e8ches_2023\/saint-nauphary6-scaled-1.jpg 2560w\" sizes=\"auto, 250px\"\/><\/a><div class=\"sgb-item-caption\"><em>Saint-Nauphary 12\/2023<\/em><\/div><\/div><div class=\"sgb-item\"><a href=\"https:\/\/ensemble-paroissial-reynies.fr\/?attachment_id=1988\" target=\"_blank\"><img decoding=\"async\" alt=\"\" width=\"300\" height=\"225\" loading=\"lazy\" src=\"https:\/\/ensemble-paroissial-reynies.fr\/wp-content\/uploads\/Cr\u00e8ches\/Cr\u00e8ches_2023\/saint-nauphary7-scaled-1-300x225.jpg\" srcset=\"https:\/\/ensemble-paroissial-reynies.fr\/wp-content\/uploads\/Cr\u00e8ches\/Cr\u00e8ches_2023\/saint-nauphary7-scaled-1-300x225.jpg 300w,https:\/\/ensemble-paroissial-reynies.fr\/wp-content\/uploads\/Cr\u00e8ches\/Cr\u00e8ches_2023\/saint-nauphary7-scaled-1-1024x768.jpg 1024w,https:\/\/ensemble-paroissial-reynies.fr\/wp-content\/uploads\/Cr\u00e8ches\/Cr\u00e8ches_2023\/saint-nauphary7-scaled-1.jpg 2560w\" sizes=\"auto, 250px\"\/><\/a><div class=\"sgb-item-caption\"><em>Saint-Nauphary 12\/2023<\/em><\/div><\/div><div class=\"sgb-item\"><a href=\"https:\/\/ensemble-paroissial-reynies.fr\/?attachment_id=1989\" target=\"_blank\"><img decoding=\"async\" alt=\"\" width=\"300\" height=\"225\" loading=\"lazy\" src=\"https:\/\/ensemble-paroissial-reynies.fr\/wp-content\/uploads\/Cr\u00e8ches\/Cr\u00e8ches_2023\/saint-nauphary8-scaled-1-300x225.jpg\" srcset=\"https:\/\/ensemble-paroissial-reynies.fr\/wp-content\/uploads\/Cr\u00e8ches\/Cr\u00e8ches_2023\/saint-nauphary8-scaled-1-300x225.jpg 300w,https:\/\/ensemble-paroissial-reynies.fr\/wp-content\/uploads\/Cr\u00e8ches\/Cr\u00e8ches_2023\/saint-nauphary8-scaled-1-1024x768.jpg 1024w,https:\/\/ensemble-paroissial-reynies.fr\/wp-content\/uploads\/Cr\u00e8ches\/Cr\u00e8ches_2023\/saint-nauphary8-scaled-1.jpg 2560w\" sizes=\"auto, 250px\"\/><\/a><div class=\"sgb-item-caption\"><em>Saint-Nauphary 12\/2023      <\/em><\/div><\/div><div class=\"sgb-item\"><a href=\"https:\/\/ensemble-paroissial-reynies.fr\/?attachment_id=1998\" target=\"_blank\"><img decoding=\"async\" alt=\"\" width=\"300\" height=\"225\" loading=\"lazy\" src=\"https:\/\/ensemble-paroissial-reynies.fr\/wp-content\/uploads\/Cr\u00e8ches\/Cr\u00e8ches_2023\/varennes4-scaled-1-300x225.jpg\" srcset=\"https:\/\/ensemble-paroissial-reynies.fr\/wp-content\/uploads\/Cr\u00e8ches\/Cr\u00e8ches_2023\/varennes4-scaled-1-300x225.jpg 300w,https:\/\/ensemble-paroissial-reynies.fr\/wp-content\/uploads\/Cr\u00e8ches\/Cr\u00e8ches_2023\/varennes4-scaled-1-1024x768.jpg 1024w,https:\/\/ensemble-paroissial-reynies.fr\/wp-content\/uploads\/Cr\u00e8ches\/Cr\u00e8ches_2023\/varennes4-scaled-1.jpg 2560w\" sizes=\"auto, 250px\"\/><\/a><div class=\"sgb-item-caption\"><em>Varennes &#8211; 12\/2023  <\/em><\/div><\/div><div class=\"sgb-item\"><a href=\"https:\/\/ensemble-paroissial-reynies.fr\/?attachment_id=1991\" target=\"_blank\"><img decoding=\"async\" alt=\"\" width=\"300\" height=\"225\" loading=\"lazy\" src=\"https:\/\/ensemble-paroissial-reynies.fr\/wp-content\/uploads\/Cr\u00e8ches\/Cr\u00e8ches_2023\/varennes6-scaled-1-300x225.jpg\" srcset=\"https:\/\/ensemble-paroissial-reynies.fr\/wp-content\/uploads\/Cr\u00e8ches\/Cr\u00e8ches_2023\/varennes6-scaled-1-300x225.jpg 300w,https:\/\/ensemble-paroissial-reynies.fr\/wp-content\/uploads\/Cr\u00e8ches\/Cr\u00e8ches_2023\/varennes6-scaled-1-1024x768.jpg 1024w,https:\/\/ensemble-paroissial-reynies.fr\/wp-content\/uploads\/Cr\u00e8ches\/Cr\u00e8ches_2023\/varennes6-scaled-1.jpg 2560w\" sizes=\"auto, 250px\"\/><\/a><div class=\"sgb-item-caption\"><em>Varennes &#8211; 12\/2023<\/em><\/div><\/div><div class=\"sgb-item\"><a href=\"https:\/\/ensemble-paroissial-reynies.fr\/?attachment_id=1990\" target=\"_blank\"><img decoding=\"async\" alt=\"\" width=\"300\" height=\"225\" loading=\"lazy\" src=\"https:\/\/ensemble-paroissial-reynies.fr\/wp-content\/uploads\/Cr\u00e8ches\/Cr\u00e8ches_2023\/varennes5-scaled-1-300x225.jpg\" srcset=\"https:\/\/ensemble-paroissial-reynies.fr\/wp-content\/uploads\/Cr\u00e8ches\/Cr\u00e8ches_2023\/varennes5-scaled-1-300x225.jpg 300w,https:\/\/ensemble-paroissial-reynies.fr\/wp-content\/uploads\/Cr\u00e8ches\/Cr\u00e8ches_2023\/varennes5-scaled-1-1024x768.jpg 1024w,https:\/\/ensemble-paroissial-reynies.fr\/wp-content\/uploads\/Cr\u00e8ches\/Cr\u00e8ches_2023\/varennes5-scaled-1.jpg 2560w\" sizes=\"auto, 250px\"\/><\/a><div class=\"sgb-item-caption\"><em>Varennes &#8211; 12\/2023<\/em><\/div><\/div><div class=\"sgb-item\"><a href=\"https:\/\/ensemble-paroissial-reynies.fr\/?attachment_id=1995\" target=\"_blank\"><img decoding=\"async\" alt=\"\" width=\"300\" height=\"225\" loading=\"lazy\" src=\"https:\/\/ensemble-paroissial-reynies.fr\/wp-content\/uploads\/Cr\u00e8ches\/Cr\u00e8ches_2023\/villebrumier6-scaled-1-300x225.jpg\" srcset=\"https:\/\/ensemble-paroissial-reynies.fr\/wp-content\/uploads\/Cr\u00e8ches\/Cr\u00e8ches_2023\/villebrumier6-scaled-1-300x225.jpg 300w,https:\/\/ensemble-paroissial-reynies.fr\/wp-content\/uploads\/Cr\u00e8ches\/Cr\u00e8ches_2023\/villebrumier6-scaled-1-1024x768.jpg 1024w,https:\/\/ensemble-paroissial-reynies.fr\/wp-content\/uploads\/Cr\u00e8ches\/Cr\u00e8ches_2023\/villebrumier6-scaled-1.jpg 2560w\" sizes=\"auto, 250px\"\/><\/a><div class=\"sgb-item-caption\"><em>Villebrumier &#8211; 12\/2023             <\/em><\/div><\/div><div class=\"sgb-item\"><a href=\"https:\/\/ensemble-paroissial-reynies.fr\/?attachment_id=1992\" target=\"_blank\"><img decoding=\"async\" alt=\"\" width=\"300\" height=\"225\" loading=\"lazy\" src=\"https:\/\/ensemble-paroissial-reynies.fr\/wp-content\/uploads\/Cr\u00e8ches\/Cr\u00e8ches_2023\/villebrumier3-scaled-1-300x225.jpg\" srcset=\"https:\/\/ensemble-paroissial-reynies.fr\/wp-content\/uploads\/Cr\u00e8ches\/Cr\u00e8ches_2023\/villebrumier3-scaled-1-300x225.jpg 300w,https:\/\/ensemble-paroissial-reynies.fr\/wp-content\/uploads\/Cr\u00e8ches\/Cr\u00e8ches_2023\/villebrumier3-scaled-1-1024x768.jpg 1024w,https:\/\/ensemble-paroissial-reynies.fr\/wp-content\/uploads\/Cr\u00e8ches\/Cr\u00e8ches_2023\/villebrumier3-scaled-1.jpg 2560w\" sizes=\"auto, 250px\"\/><\/a><div class=\"sgb-item-caption\"><em>Villebrumier &#8211; 12\/2023              <\/em><\/div><\/div><div class=\"sgb-item\"><a href=\"https:\/\/ensemble-paroissial-reynies.fr\/?attachment_id=1965\" target=\"_blank\"><img decoding=\"async\" alt=\"\" width=\"300\" height=\"225\" loading=\"lazy\" src=\"https:\/\/ensemble-paroissial-reynies.fr\/wp-content\/uploads\/Cr\u00e8ches\/Cr\u00e8ches_2023\/villebrumier7-scaled-1-300x225.jpg\" srcset=\"https:\/\/ensemble-paroissial-reynies.fr\/wp-content\/uploads\/Cr\u00e8ches\/Cr\u00e8ches_2023\/villebrumier7-scaled-1-300x225.jpg 300w,https:\/\/ensemble-paroissial-reynies.fr\/wp-content\/uploads\/Cr\u00e8ches\/Cr\u00e8ches_2023\/villebrumier7-scaled-1-1024x768.jpg 1024w,https:\/\/ensemble-paroissial-reynies.fr\/wp-content\/uploads\/Cr\u00e8ches\/Cr\u00e8ches_2023\/villebrumier7-scaled-1.jpg 2560w\" sizes=\"auto, 250px\"\/><\/a><div class=\"sgb-item-caption\"><em>Villebrumier &#8211; 12\/2023<\/em><\/div><\/div><div class=\"sgb-item\"><a href=\"https:\/\/ensemble-paroissial-reynies.fr\/?attachment_id=1994\" target=\"_blank\"><img decoding=\"async\" alt=\"\" width=\"300\" height=\"225\" loading=\"lazy\" src=\"https:\/\/ensemble-paroissial-reynies.fr\/wp-content\/uploads\/Cr\u00e8ches\/Cr\u00e8ches_2023\/villebrumier5-scaled-1-300x225.jpg\" srcset=\"https:\/\/ensemble-paroissial-reynies.fr\/wp-content\/uploads\/Cr\u00e8ches\/Cr\u00e8ches_2023\/villebrumier5-scaled-1-300x225.jpg 300w,https:\/\/ensemble-paroissial-reynies.fr\/wp-content\/uploads\/Cr\u00e8ches\/Cr\u00e8ches_2023\/villebrumier5-scaled-1-1024x768.jpg 1024w,https:\/\/ensemble-paroissial-reynies.fr\/wp-content\/uploads\/Cr\u00e8ches\/Cr\u00e8ches_2023\/villebrumier5-scaled-1.jpg 2560w\" sizes=\"auto, 250px\"\/><\/a><div class=\"sgb-item-caption\"><em>Villebrumier &#8211; 12\/2023               <\/em><\/div><\/div><div class=\"sgb-item\"><a href=\"https:\/\/ensemble-paroissial-reynies.fr\/?attachment_id=1993\" target=\"_blank\"><img decoding=\"async\" alt=\"\" width=\"300\" height=\"225\" loading=\"lazy\" src=\"https:\/\/ensemble-paroissial-reynies.fr\/wp-content\/uploads\/Cr\u00e8ches\/Cr\u00e8ches_2023\/villebrumier4-scaled-1-300x225.jpg\" srcset=\"https:\/\/ensemble-paroissial-reynies.fr\/wp-content\/uploads\/Cr\u00e8ches\/Cr\u00e8ches_2023\/villebrumier4-scaled-1-300x225.jpg 300w,https:\/\/ensemble-paroissial-reynies.fr\/wp-content\/uploads\/Cr\u00e8ches\/Cr\u00e8ches_2023\/villebrumier4-scaled-1-1024x768.jpg 1024w,https:\/\/ensemble-paroissial-reynies.fr\/wp-content\/uploads\/Cr\u00e8ches\/Cr\u00e8ches_2023\/villebrumier4-scaled-1.jpg 2560w\" sizes=\"auto, 250px\"\/><\/a><div class=\"sgb-item-caption\"><em>Villebrumier &#8211; 12\/2023      <\/em><\/div><\/div><\/div><\/noscript><\/div><script type=\"application\/json\" class=\"sgb-data\">{\"collectionThumbRecomendedWidth\":150,\"captionHAlign\":\"bottom\",\"collectionthumbHoverTitleFontSize\":12,\"collectionThumbSubMenuDownload\":false,\"sliderMaxHeight\":460,\"sliderAdminWidth\":920,\"responsiveHeight\":true,\"autoPlay\":true,\"galleryType\":\"pgc_sgb_slider\",\"galleryId\":\"10b43801\",\"images\":[{\"id\":1996,\"title\":\"brial9-scaled-1\",\"url\":\"https:\/\/ensemble-paroissial-reynies.fr\/wp-content\/uploads\/Cr\u00e8ches\/Cr\u00e8ches_2023\/brial9-scaled-1.jpg\",\"link\":\"https:\/\/ensemble-paroissial-reynies.fr\/?attachment_id=1996\",\"alt\":\"\",\"description\":\"\",\"caption\":\"Brial - 12\/2023  \",\"mime\":\"image\/jpeg\",\"type\":\"image\",\"width\":2560,\"height\":1920,\"sizes\":{\"thumbnail\":{\"height\":150,\"width\":150,\"url\":\"https:\/\/ensemble-paroissial-reynies.fr\/wp-content\/uploads\/Cr\u00e8ches\/Cr\u00e8ches_2023\/brial9-scaled-1-150x150.jpg\",\"orientation\":\"landscape\"},\"medium\":{\"height\":225,\"width\":300,\"url\":\"https:\/\/ensemble-paroissial-reynies.fr\/wp-content\/uploads\/Cr\u00e8ches\/Cr\u00e8ches_2023\/brial9-scaled-1-300x225.jpg\",\"orientation\":\"landscape\"},\"large\":{\"height\":768,\"width\":1024,\"url\":\"https:\/\/ensemble-paroissial-reynies.fr\/wp-content\/uploads\/Cr\u00e8ches\/Cr\u00e8ches_2023\/brial9-scaled-1-1024x768.jpg\",\"orientation\":\"landscape\"},\"full\":{\"url\":\"https:\/\/ensemble-paroissial-reynies.fr\/wp-content\/uploads\/Cr\u00e8ches\/Cr\u00e8ches_2023\/brial9-scaled-1.jpg\",\"height\":1920,\"width\":2560,\"orientation\":\"landscape\"}},\"imageMeta\":{\"aperture\":\"3.5\",\"credit\":\"\",\"camera\":\"DSC-HX5V\",\"caption\":\"\",\"created_timestamp\":\"1704644804\",\"copyright\":\"\",\"focal_length\":\"4.25\",\"iso\":\"250\",\"shutter_speed\":\"0.033333333333333\",\"title\":\"\",\"orientation\":\"1\",\"keywords\":[]},\"meta\":false,\"postlink\":\"https:\/\/ensemble-paroissial-reynies.fr\/?attachment_id=1996\"},{\"id\":1969,\"title\":\"brial-1-scaled-1\",\"url\":\"https:\/\/ensemble-paroissial-reynies.fr\/wp-content\/uploads\/Cr\u00e8ches\/Cr\u00e8ches_2023\/brial-1-scaled-1.jpg\",\"link\":\"https:\/\/ensemble-paroissial-reynies.fr\/?attachment_id=1969\",\"alt\":\"\",\"description\":\"\",\"caption\":\"Brial - 12\/2023\",\"mime\":\"image\/jpeg\",\"type\":\"image\",\"width\":2560,\"height\":1920,\"sizes\":{\"thumbnail\":{\"height\":150,\"width\":150,\"url\":\"https:\/\/ensemble-paroissial-reynies.fr\/wp-content\/uploads\/Cr\u00e8ches\/Cr\u00e8ches_2023\/brial-1-scaled-1-150x150.jpg\",\"orientation\":\"landscape\"},\"medium\":{\"height\":225,\"width\":300,\"url\":\"https:\/\/ensemble-paroissial-reynies.fr\/wp-content\/uploads\/Cr\u00e8ches\/Cr\u00e8ches_2023\/brial-1-scaled-1-300x225.jpg\",\"orientation\":\"landscape\"},\"large\":{\"height\":768,\"width\":1024,\"url\":\"https:\/\/ensemble-paroissial-reynies.fr\/wp-content\/uploads\/Cr\u00e8ches\/Cr\u00e8ches_2023\/brial-1-scaled-1-1024x768.jpg\",\"orientation\":\"landscape\"},\"full\":{\"url\":\"https:\/\/ensemble-paroissial-reynies.fr\/wp-content\/uploads\/Cr\u00e8ches\/Cr\u00e8ches_2023\/brial-1-scaled-1.jpg\",\"height\":1920,\"width\":2560,\"orientation\":\"landscape\"}},\"imageMeta\":{\"aperture\":\"2.4\",\"credit\":\"\",\"camera\":\"SM-S901B\",\"caption\":\"\",\"created_timestamp\":\"1701531949\",\"copyright\":\"\",\"focal_length\":\"7\",\"iso\":\"800\",\"shutter_speed\":\"0.03030303030303\",\"title\":\"\",\"orientation\":\"1\",\"keywords\":[]},\"meta\":false,\"postlink\":\"https:\/\/ensemble-paroissial-reynies.fr\/?attachment_id=1969\"},{\"id\":1975,\"title\":\"brial-2-scaled-1\",\"url\":\"https:\/\/ensemble-paroissial-reynies.fr\/wp-content\/uploads\/Cr\u00e8ches\/Cr\u00e8ches_2023\/brial-2-scaled-1.jpg\",\"link\":\"https:\/\/ensemble-paroissial-reynies.fr\/?attachment_id=1975\",\"alt\":\"\",\"description\":\"\",\"caption\":\"Brial - 12\/2023\",\"mime\":\"image\/jpeg\",\"type\":\"image\",\"width\":2560,\"height\":1920,\"sizes\":{\"thumbnail\":{\"height\":150,\"width\":150,\"url\":\"https:\/\/ensemble-paroissial-reynies.fr\/wp-content\/uploads\/Cr\u00e8ches\/Cr\u00e8ches_2023\/brial-2-scaled-1-150x150.jpg\",\"orientation\":\"landscape\"},\"medium\":{\"height\":225,\"width\":300,\"url\":\"https:\/\/ensemble-paroissial-reynies.fr\/wp-content\/uploads\/Cr\u00e8ches\/Cr\u00e8ches_2023\/brial-2-scaled-1-300x225.jpg\",\"orientation\":\"landscape\"},\"large\":{\"height\":768,\"width\":1024,\"url\":\"https:\/\/ensemble-paroissial-reynies.fr\/wp-content\/uploads\/Cr\u00e8ches\/Cr\u00e8ches_2023\/brial-2-scaled-1-1024x768.jpg\",\"orientation\":\"landscape\"},\"full\":{\"url\":\"https:\/\/ensemble-paroissial-reynies.fr\/wp-content\/uploads\/Cr\u00e8ches\/Cr\u00e8ches_2023\/brial-2-scaled-1.jpg\",\"height\":1920,\"width\":2560,\"orientation\":\"landscape\"}},\"imageMeta\":{\"aperture\":\"2.4\",\"credit\":\"\",\"camera\":\"SM-S901B\",\"caption\":\"\",\"created_timestamp\":\"1701531745\",\"copyright\":\"\",\"focal_length\":\"7\",\"iso\":\"500\",\"shutter_speed\":\"0.03030303030303\",\"title\":\"\",\"orientation\":\"1\",\"keywords\":[]},\"meta\":false,\"postlink\":\"https:\/\/ensemble-paroissial-reynies.fr\/?attachment_id=1975\"},{\"id\":1972,\"title\":\"brial8-scaled-1\",\"url\":\"https:\/\/ensemble-paroissial-reynies.fr\/wp-content\/uploads\/Cr\u00e8ches\/Cr\u00e8ches_2023\/brial8-scaled-1.jpg\",\"link\":\"https:\/\/ensemble-paroissial-reynies.fr\/?attachment_id=1972\",\"alt\":\"\",\"description\":\"\",\"caption\":\"Brial - 12\/2023\",\"mime\":\"image\/jpeg\",\"type\":\"image\",\"width\":2560,\"height\":1920,\"sizes\":{\"thumbnail\":{\"height\":150,\"width\":150,\"url\":\"https:\/\/ensemble-paroissial-reynies.fr\/wp-content\/uploads\/Cr\u00e8ches\/Cr\u00e8ches_2023\/brial8-scaled-1-150x150.jpg\",\"orientation\":\"landscape\"},\"medium\":{\"height\":225,\"width\":300,\"url\":\"https:\/\/ensemble-paroissial-reynies.fr\/wp-content\/uploads\/Cr\u00e8ches\/Cr\u00e8ches_2023\/brial8-scaled-1-300x225.jpg\",\"orientation\":\"landscape\"},\"large\":{\"height\":768,\"width\":1024,\"url\":\"https:\/\/ensemble-paroissial-reynies.fr\/wp-content\/uploads\/Cr\u00e8ches\/Cr\u00e8ches_2023\/brial8-scaled-1-1024x768.jpg\",\"orientation\":\"landscape\"},\"full\":{\"url\":\"https:\/\/ensemble-paroissial-reynies.fr\/wp-content\/uploads\/Cr\u00e8ches\/Cr\u00e8ches_2023\/brial8-scaled-1.jpg\",\"height\":1920,\"width\":2560,\"orientation\":\"landscape\"}},\"imageMeta\":{\"aperture\":\"5\",\"credit\":\"\",\"camera\":\"DSC-HX5V\",\"caption\":\"\",\"created_timestamp\":\"1704644792\",\"copyright\":\"\",\"focal_length\":\"14.97\",\"iso\":\"400\",\"shutter_speed\":\"0.016666666666667\",\"title\":\"\",\"orientation\":\"1\",\"keywords\":[]},\"meta\":false,\"postlink\":\"https:\/\/ensemble-paroissial-reynies.fr\/?attachment_id=1972\"},{\"id\":1970,\"title\":\"bressols8-scaled-1\",\"url\":\"https:\/\/ensemble-paroissial-reynies.fr\/wp-content\/uploads\/Cr\u00e8ches\/Cr\u00e8ches_2023\/bressols8-scaled-1.jpg\",\"link\":\"https:\/\/ensemble-paroissial-reynies.fr\/?attachment_id=1970\",\"alt\":\"\",\"description\":\"\",\"caption\":\"Bressols - 12\/2023\",\"mime\":\"image\/jpeg\",\"type\":\"image\",\"width\":2560,\"height\":1920,\"sizes\":{\"thumbnail\":{\"height\":150,\"width\":150,\"url\":\"https:\/\/ensemble-paroissial-reynies.fr\/wp-content\/uploads\/Cr\u00e8ches\/Cr\u00e8ches_2023\/bressols8-scaled-1-150x150.jpg\",\"orientation\":\"landscape\"},\"medium\":{\"height\":225,\"width\":300,\"url\":\"https:\/\/ensemble-paroissial-reynies.fr\/wp-content\/uploads\/Cr\u00e8ches\/Cr\u00e8ches_2023\/bressols8-scaled-1-300x225.jpg\",\"orientation\":\"landscape\"},\"large\":{\"height\":768,\"width\":1024,\"url\":\"https:\/\/ensemble-paroissial-reynies.fr\/wp-content\/uploads\/Cr\u00e8ches\/Cr\u00e8ches_2023\/bressols8-scaled-1-1024x768.jpg\",\"orientation\":\"landscape\"},\"full\":{\"url\":\"https:\/\/ensemble-paroissial-reynies.fr\/wp-content\/uploads\/Cr\u00e8ches\/Cr\u00e8ches_2023\/bressols8-scaled-1.jpg\",\"height\":1920,\"width\":2560,\"orientation\":\"landscape\"}},\"imageMeta\":{\"aperture\":\"3.5\",\"credit\":\"\",\"camera\":\"DSC-HX5V\",\"caption\":\"\",\"created_timestamp\":\"1704645754\",\"copyright\":\"\",\"focal_length\":\"4.25\",\"iso\":\"500\",\"shutter_speed\":\"0.125\",\"title\":\"\",\"orientation\":\"1\",\"keywords\":[]},\"meta\":false,\"postlink\":\"https:\/\/ensemble-paroissial-reynies.fr\/?attachment_id=1970\"},{\"id\":1966,\"title\":\"bressols1-scaled-1\",\"url\":\"https:\/\/ensemble-paroissial-reynies.fr\/wp-content\/uploads\/Cr\u00e8ches\/Cr\u00e8ches_2023\/bressols1-scaled-1.jpg\",\"link\":\"https:\/\/ensemble-paroissial-reynies.fr\/?attachment_id=1966\",\"alt\":\"\",\"description\":\"\",\"caption\":\"Bressols - 12\/2023\",\"mime\":\"image\/jpeg\",\"type\":\"image\",\"width\":2560,\"height\":1920,\"sizes\":{\"thumbnail\":{\"height\":150,\"width\":150,\"url\":\"https:\/\/ensemble-paroissial-reynies.fr\/wp-content\/uploads\/Cr\u00e8ches\/Cr\u00e8ches_2023\/bressols1-scaled-1-150x150.jpg\",\"orientation\":\"landscape\"},\"medium\":{\"height\":225,\"width\":300,\"url\":\"https:\/\/ensemble-paroissial-reynies.fr\/wp-content\/uploads\/Cr\u00e8ches\/Cr\u00e8ches_2023\/bressols1-scaled-1-300x225.jpg\",\"orientation\":\"landscape\"},\"large\":{\"height\":768,\"width\":1024,\"url\":\"https:\/\/ensemble-paroissial-reynies.fr\/wp-content\/uploads\/Cr\u00e8ches\/Cr\u00e8ches_2023\/bressols1-scaled-1-1024x768.jpg\",\"orientation\":\"landscape\"},\"full\":{\"url\":\"https:\/\/ensemble-paroissial-reynies.fr\/wp-content\/uploads\/Cr\u00e8ches\/Cr\u00e8ches_2023\/bressols1-scaled-1.jpg\",\"height\":1920,\"width\":2560,\"orientation\":\"landscape\"}},\"imageMeta\":{\"aperture\":\"3.5\",\"credit\":\"\",\"camera\":\"DSC-HX5V\",\"caption\":\"\",\"created_timestamp\":\"1704645592\",\"copyright\":\"\",\"focal_length\":\"4.25\",\"iso\":\"400\",\"shutter_speed\":\"0.125\",\"title\":\"\",\"orientation\":\"1\",\"keywords\":[]},\"meta\":false,\"postlink\":\"https:\/\/ensemble-paroissial-reynies.fr\/?attachment_id=1966\"},{\"id\":1964,\"title\":\"bressols-2\",\"url\":\"https:\/\/ensemble-paroissial-reynies.fr\/wp-content\/uploads\/Cr\u00e8ches\/Cr\u00e8ches_2023\/bressols-2.jpg\",\"link\":\"https:\/\/ensemble-paroissial-reynies.fr\/?attachment_id=1964\",\"alt\":\"\",\"description\":\"\",\"caption\":\"Bressols - 12\/2023\",\"mime\":\"image\/jpeg\",\"type\":\"image\",\"width\":1200,\"height\":1600,\"sizes\":{\"thumbnail\":{\"height\":150,\"width\":150,\"url\":\"https:\/\/ensemble-paroissial-reynies.fr\/wp-content\/uploads\/Cr\u00e8ches\/Cr\u00e8ches_2023\/bressols-2-150x150.jpg\",\"orientation\":\"landscape\"},\"medium\":{\"height\":300,\"width\":225,\"url\":\"https:\/\/ensemble-paroissial-reynies.fr\/wp-content\/uploads\/Cr\u00e8ches\/Cr\u00e8ches_2023\/bressols-2-225x300.jpg\",\"orientation\":\"portrait\"},\"large\":{\"height\":1024,\"width\":768,\"url\":\"https:\/\/ensemble-paroissial-reynies.fr\/wp-content\/uploads\/Cr\u00e8ches\/Cr\u00e8ches_2023\/bressols-2-768x1024.jpg\",\"orientation\":\"portrait\"},\"full\":{\"url\":\"https:\/\/ensemble-paroissial-reynies.fr\/wp-content\/uploads\/Cr\u00e8ches\/Cr\u00e8ches_2023\/bressols-2.jpg\",\"height\":1600,\"width\":1200,\"orientation\":\"portrait\"}},\"imageMeta\":{\"aperture\":\"0\",\"credit\":\"\",\"camera\":\"\",\"caption\":\"\",\"created_timestamp\":\"0\",\"copyright\":\"\",\"focal_length\":\"0\",\"iso\":\"0\",\"shutter_speed\":\"0\",\"title\":\"\",\"orientation\":\"0\",\"keywords\":[]},\"meta\":false,\"postlink\":\"https:\/\/ensemble-paroissial-reynies.fr\/?attachment_id=1964\"},{\"id\":1971,\"title\":\"bressols7-scaled-1\",\"url\":\"https:\/\/ensemble-paroissial-reynies.fr\/wp-content\/uploads\/Cr\u00e8ches\/Cr\u00e8ches_2023\/bressols7-scaled-1.jpg\",\"link\":\"https:\/\/ensemble-paroissial-reynies.fr\/?attachment_id=1971\",\"alt\":\"\",\"description\":\"\",\"caption\":\"Bressols - 12\/2023\",\"mime\":\"image\/jpeg\",\"type\":\"image\",\"width\":2560,\"height\":1920,\"sizes\":{\"thumbnail\":{\"height\":150,\"width\":150,\"url\":\"https:\/\/ensemble-paroissial-reynies.fr\/wp-content\/uploads\/Cr\u00e8ches\/Cr\u00e8ches_2023\/bressols7-scaled-1-150x150.jpg\",\"orientation\":\"landscape\"},\"medium\":{\"height\":225,\"width\":300,\"url\":\"https:\/\/ensemble-paroissial-reynies.fr\/wp-content\/uploads\/Cr\u00e8ches\/Cr\u00e8ches_2023\/bressols7-scaled-1-300x225.jpg\",\"orientation\":\"landscape\"},\"large\":{\"height\":768,\"width\":1024,\"url\":\"https:\/\/ensemble-paroissial-reynies.fr\/wp-content\/uploads\/Cr\u00e8ches\/Cr\u00e8ches_2023\/bressols7-scaled-1-1024x768.jpg\",\"orientation\":\"landscape\"},\"full\":{\"url\":\"https:\/\/ensemble-paroissial-reynies.fr\/wp-content\/uploads\/Cr\u00e8ches\/Cr\u00e8ches_2023\/bressols7-scaled-1.jpg\",\"height\":1920,\"width\":2560,\"orientation\":\"landscape\"}},\"imageMeta\":{\"aperture\":\"3.5\",\"credit\":\"\",\"camera\":\"DSC-HX5V\",\"caption\":\"\",\"created_timestamp\":\"1704645743\",\"copyright\":\"\",\"focal_length\":\"4.25\",\"iso\":\"400\",\"shutter_speed\":\"0.125\",\"title\":\"\",\"orientation\":\"1\",\"keywords\":[]},\"meta\":false,\"postlink\":\"https:\/\/ensemble-paroissial-reynies.fr\/?attachment_id=1971\"},{\"id\":1968,\"title\":\"bressols2-scaled-1\",\"url\":\"https:\/\/ensemble-paroissial-reynies.fr\/wp-content\/uploads\/Cr\u00e8ches\/Cr\u00e8ches_2023\/bressols2-scaled-1.jpg\",\"link\":\"https:\/\/ensemble-paroissial-reynies.fr\/?attachment_id=1968\",\"alt\":\"\",\"description\":\"\",\"caption\":\"Bressols - 12\/2023\",\"mime\":\"image\/jpeg\",\"type\":\"image\",\"width\":2560,\"height\":1920,\"sizes\":{\"thumbnail\":{\"height\":150,\"width\":150,\"url\":\"https:\/\/ensemble-paroissial-reynies.fr\/wp-content\/uploads\/Cr\u00e8ches\/Cr\u00e8ches_2023\/bressols2-scaled-1-150x150.jpg\",\"orientation\":\"landscape\"},\"medium\":{\"height\":225,\"width\":300,\"url\":\"https:\/\/ensemble-paroissial-reynies.fr\/wp-content\/uploads\/Cr\u00e8ches\/Cr\u00e8ches_2023\/bressols2-scaled-1-300x225.jpg\",\"orientation\":\"landscape\"},\"large\":{\"height\":768,\"width\":1024,\"url\":\"https:\/\/ensemble-paroissial-reynies.fr\/wp-content\/uploads\/Cr\u00e8ches\/Cr\u00e8ches_2023\/bressols2-scaled-1-1024x768.jpg\",\"orientation\":\"landscape\"},\"full\":{\"url\":\"https:\/\/ensemble-paroissial-reynies.fr\/wp-content\/uploads\/Cr\u00e8ches\/Cr\u00e8ches_2023\/bressols2-scaled-1.jpg\",\"height\":1920,\"width\":2560,\"orientation\":\"landscape\"}},\"imageMeta\":{\"aperture\":\"3.5\",\"credit\":\"\",\"camera\":\"DSC-HX5V\",\"caption\":\"\",\"created_timestamp\":\"1704645599\",\"copyright\":\"\",\"focal_length\":\"4.25\",\"iso\":\"400\",\"shutter_speed\":\"0.125\",\"title\":\"\",\"orientation\":\"1\",\"keywords\":[]},\"meta\":false,\"postlink\":\"https:\/\/ensemble-paroissial-reynies.fr\/?attachment_id=1968\"},{\"id\":1967,\"title\":\"bressols-1\",\"url\":\"https:\/\/ensemble-paroissial-reynies.fr\/wp-content\/uploads\/Cr\u00e8ches\/Cr\u00e8ches_2023\/bressols-1.jpg\",\"link\":\"https:\/\/ensemble-paroissial-reynies.fr\/?attachment_id=1967\",\"alt\":\"\",\"description\":\"\",\"caption\":\"Bressols - 12\/2023\",\"mime\":\"image\/jpeg\",\"type\":\"image\",\"width\":1200,\"height\":1600,\"sizes\":{\"thumbnail\":{\"height\":150,\"width\":150,\"url\":\"https:\/\/ensemble-paroissial-reynies.fr\/wp-content\/uploads\/Cr\u00e8ches\/Cr\u00e8ches_2023\/bressols-1-150x150.jpg\",\"orientation\":\"landscape\"},\"medium\":{\"height\":300,\"width\":225,\"url\":\"https:\/\/ensemble-paroissial-reynies.fr\/wp-content\/uploads\/Cr\u00e8ches\/Cr\u00e8ches_2023\/bressols-1-225x300.jpg\",\"orientation\":\"portrait\"},\"large\":{\"height\":1024,\"width\":768,\"url\":\"https:\/\/ensemble-paroissial-reynies.fr\/wp-content\/uploads\/Cr\u00e8ches\/Cr\u00e8ches_2023\/bressols-1-768x1024.jpg\",\"orientation\":\"portrait\"},\"full\":{\"url\":\"https:\/\/ensemble-paroissial-reynies.fr\/wp-content\/uploads\/Cr\u00e8ches\/Cr\u00e8ches_2023\/bressols-1.jpg\",\"height\":1600,\"width\":1200,\"orientation\":\"portrait\"}},\"imageMeta\":{\"aperture\":\"0\",\"credit\":\"\",\"camera\":\"\",\"caption\":\"\",\"created_timestamp\":\"0\",\"copyright\":\"\",\"focal_length\":\"0\",\"iso\":\"0\",\"shutter_speed\":\"0\",\"title\":\"\",\"orientation\":\"0\",\"keywords\":[]},\"meta\":false,\"postlink\":\"https:\/\/ensemble-paroissial-reynies.fr\/?attachment_id=1967\"},{\"id\":1973,\"title\":\"corbarieu-scaled-1\",\"url\":\"https:\/\/ensemble-paroissial-reynies.fr\/wp-content\/uploads\/Cr\u00e8ches\/Cr\u00e8ches_2023\/corbarieu-scaled-1.jpg\",\"link\":\"https:\/\/ensemble-paroissial-reynies.fr\/?attachment_id=1973\",\"alt\":\"\",\"description\":\"\",\"caption\":\"Corbarieu - 12\/2023\",\"mime\":\"image\/jpeg\",\"type\":\"image\",\"width\":2560,\"height\":1920,\"sizes\":{\"thumbnail\":{\"height\":150,\"width\":150,\"url\":\"https:\/\/ensemble-paroissial-reynies.fr\/wp-content\/uploads\/Cr\u00e8ches\/Cr\u00e8ches_2023\/corbarieu-scaled-1-150x150.jpg\",\"orientation\":\"landscape\"},\"medium\":{\"height\":225,\"width\":300,\"url\":\"https:\/\/ensemble-paroissial-reynies.fr\/wp-content\/uploads\/Cr\u00e8ches\/Cr\u00e8ches_2023\/corbarieu-scaled-1-300x225.jpg\",\"orientation\":\"landscape\"},\"large\":{\"height\":768,\"width\":1024,\"url\":\"https:\/\/ensemble-paroissial-reynies.fr\/wp-content\/uploads\/Cr\u00e8ches\/Cr\u00e8ches_2023\/corbarieu-scaled-1-1024x768.jpg\",\"orientation\":\"landscape\"},\"full\":{\"url\":\"https:\/\/ensemble-paroissial-reynies.fr\/wp-content\/uploads\/Cr\u00e8ches\/Cr\u00e8ches_2023\/corbarieu-scaled-1.jpg\",\"height\":1920,\"width\":2560,\"orientation\":\"landscape\"}},\"imageMeta\":{\"aperture\":\"1.8\",\"credit\":\"\",\"camera\":\"iPhone SE (2nd generation)\",\"caption\":\"\",\"created_timestamp\":\"1705171925\",\"copyright\":\"\",\"focal_length\":\"3.99\",\"iso\":\"250\",\"shutter_speed\":\"0.03030303030303\",\"title\":\"\",\"orientation\":\"1\",\"keywords\":[]},\"meta\":false,\"postlink\":\"https:\/\/ensemble-paroissial-reynies.fr\/?attachment_id=1973\"},{\"id\":1976,\"title\":\"labastide5-scaled-1\",\"url\":\"https:\/\/ensemble-paroissial-reynies.fr\/wp-content\/uploads\/Cr\u00e8ches\/Cr\u00e8ches_2023\/labastide5-scaled-1.jpg\",\"link\":\"https:\/\/ensemble-paroissial-reynies.fr\/?attachment_id=1976\",\"alt\":\"\",\"description\":\"\",\"caption\":\"Labastide-Saint-Pierre - 12\/2023 \",\"mime\":\"image\/jpeg\",\"type\":\"image\",\"width\":2560,\"height\":1920,\"sizes\":{\"thumbnail\":{\"height\":150,\"width\":150,\"url\":\"https:\/\/ensemble-paroissial-reynies.fr\/wp-content\/uploads\/Cr\u00e8ches\/Cr\u00e8ches_2023\/labastide5-scaled-1-150x150.jpg\",\"orientation\":\"landscape\"},\"medium\":{\"height\":225,\"width\":300,\"url\":\"https:\/\/ensemble-paroissial-reynies.fr\/wp-content\/uploads\/Cr\u00e8ches\/Cr\u00e8ches_2023\/labastide5-scaled-1-300x225.jpg\",\"orientation\":\"landscape\"},\"large\":{\"height\":768,\"width\":1024,\"url\":\"https:\/\/ensemble-paroissial-reynies.fr\/wp-content\/uploads\/Cr\u00e8ches\/Cr\u00e8ches_2023\/labastide5-scaled-1-1024x768.jpg\",\"orientation\":\"landscape\"},\"full\":{\"url\":\"https:\/\/ensemble-paroissial-reynies.fr\/wp-content\/uploads\/Cr\u00e8ches\/Cr\u00e8ches_2023\/labastide5-scaled-1.jpg\",\"height\":1920,\"width\":2560,\"orientation\":\"landscape\"}},\"imageMeta\":{\"aperture\":\"3.5\",\"credit\":\"\",\"camera\":\"DSC-HX5V\",\"caption\":\"\",\"created_timestamp\":\"1704646506\",\"copyright\":\"\",\"focal_length\":\"4.25\",\"iso\":\"200\",\"shutter_speed\":\"0.033333333333333\",\"title\":\"\",\"orientation\":\"1\",\"keywords\":[]},\"meta\":false,\"postlink\":\"https:\/\/ensemble-paroissial-reynies.fr\/?attachment_id=1976\"},{\"id\":1997,\"title\":\"labastide4-scaled-1\",\"url\":\"https:\/\/ensemble-paroissial-reynies.fr\/wp-content\/uploads\/Cr\u00e8ches\/Cr\u00e8ches_2023\/labastide4-scaled-1.jpg\",\"link\":\"https:\/\/ensemble-paroissial-reynies.fr\/?attachment_id=1997\",\"alt\":\"\",\"description\":\"\",\"caption\":\"Labastide-Saint-Pierre - 12\/2023  \",\"mime\":\"image\/jpeg\",\"type\":\"image\",\"width\":2560,\"height\":1920,\"sizes\":{\"thumbnail\":{\"height\":150,\"width\":150,\"url\":\"https:\/\/ensemble-paroissial-reynies.fr\/wp-content\/uploads\/Cr\u00e8ches\/Cr\u00e8ches_2023\/labastide4-scaled-1-150x150.jpg\",\"orientation\":\"landscape\"},\"medium\":{\"height\":225,\"width\":300,\"url\":\"https:\/\/ensemble-paroissial-reynies.fr\/wp-content\/uploads\/Cr\u00e8ches\/Cr\u00e8ches_2023\/labastide4-scaled-1-300x225.jpg\",\"orientation\":\"landscape\"},\"large\":{\"height\":768,\"width\":1024,\"url\":\"https:\/\/ensemble-paroissial-reynies.fr\/wp-content\/uploads\/Cr\u00e8ches\/Cr\u00e8ches_2023\/labastide4-scaled-1-1024x768.jpg\",\"orientation\":\"landscape\"},\"full\":{\"url\":\"https:\/\/ensemble-paroissial-reynies.fr\/wp-content\/uploads\/Cr\u00e8ches\/Cr\u00e8ches_2023\/labastide4-scaled-1.jpg\",\"height\":1920,\"width\":2560,\"orientation\":\"landscape\"}},\"imageMeta\":{\"aperture\":\"3.5\",\"credit\":\"\",\"camera\":\"DSC-HX5V\",\"caption\":\"\",\"created_timestamp\":\"1704646499\",\"copyright\":\"\",\"focal_length\":\"4.25\",\"iso\":\"250\",\"shutter_speed\":\"0.033333333333333\",\"title\":\"\",\"orientation\":\"1\",\"keywords\":[]},\"meta\":false,\"postlink\":\"https:\/\/ensemble-paroissial-reynies.fr\/?attachment_id=1997\"},{\"id\":1974,\"title\":\"labastide1-scaled-1\",\"url\":\"https:\/\/ensemble-paroissial-reynies.fr\/wp-content\/uploads\/Cr\u00e8ches\/Cr\u00e8ches_2023\/labastide1-scaled-1.jpg\",\"link\":\"https:\/\/ensemble-paroissial-reynies.fr\/?attachment_id=1974\",\"alt\":\"\",\"description\":\"\",\"caption\":\"Labastide-Saint-Pierre - 12\/2023 \",\"mime\":\"image\/jpeg\",\"type\":\"image\",\"width\":2560,\"height\":1920,\"sizes\":{\"thumbnail\":{\"height\":150,\"width\":150,\"url\":\"https:\/\/ensemble-paroissial-reynies.fr\/wp-content\/uploads\/Cr\u00e8ches\/Cr\u00e8ches_2023\/labastide1-scaled-1-150x150.jpg\",\"orientation\":\"landscape\"},\"medium\":{\"height\":225,\"width\":300,\"url\":\"https:\/\/ensemble-paroissial-reynies.fr\/wp-content\/uploads\/Cr\u00e8ches\/Cr\u00e8ches_2023\/labastide1-scaled-1-300x225.jpg\",\"orientation\":\"landscape\"},\"large\":{\"height\":768,\"width\":1024,\"url\":\"https:\/\/ensemble-paroissial-reynies.fr\/wp-content\/uploads\/Cr\u00e8ches\/Cr\u00e8ches_2023\/labastide1-scaled-1-1024x768.jpg\",\"orientation\":\"landscape\"},\"full\":{\"url\":\"https:\/\/ensemble-paroissial-reynies.fr\/wp-content\/uploads\/Cr\u00e8ches\/Cr\u00e8ches_2023\/labastide1-scaled-1.jpg\",\"height\":1920,\"width\":2560,\"orientation\":\"landscape\"}},\"imageMeta\":{\"aperture\":\"3.5\",\"credit\":\"\",\"camera\":\"DSC-HX5V\",\"caption\":\"\",\"created_timestamp\":\"1704646446\",\"copyright\":\"\",\"focal_length\":\"4.25\",\"iso\":\"640\",\"shutter_speed\":\"0.033333333333333\",\"title\":\"\",\"orientation\":\"1\",\"keywords\":[]},\"meta\":false,\"postlink\":\"https:\/\/ensemble-paroissial-reynies.fr\/?attachment_id=1974\"},{\"id\":1977,\"title\":\"labastide7-scaled-1\",\"url\":\"https:\/\/ensemble-paroissial-reynies.fr\/wp-content\/uploads\/Cr\u00e8ches\/Cr\u00e8ches_2023\/labastide7-scaled-1.jpg\",\"link\":\"https:\/\/ensemble-paroissial-reynies.fr\/?attachment_id=1977\",\"alt\":\"\",\"description\":\"\",\"caption\":\"Labastide-Saint-Pierre - 12\/2023          \",\"mime\":\"image\/jpeg\",\"type\":\"image\",\"width\":2560,\"height\":1920,\"sizes\":{\"thumbnail\":{\"height\":150,\"width\":150,\"url\":\"https:\/\/ensemble-paroissial-reynies.fr\/wp-content\/uploads\/Cr\u00e8ches\/Cr\u00e8ches_2023\/labastide7-scaled-1-150x150.jpg\",\"orientation\":\"landscape\"},\"medium\":{\"height\":225,\"width\":300,\"url\":\"https:\/\/ensemble-paroissial-reynies.fr\/wp-content\/uploads\/Cr\u00e8ches\/Cr\u00e8ches_2023\/labastide7-scaled-1-300x225.jpg\",\"orientation\":\"landscape\"},\"large\":{\"height\":768,\"width\":1024,\"url\":\"https:\/\/ensemble-paroissial-reynies.fr\/wp-content\/uploads\/Cr\u00e8ches\/Cr\u00e8ches_2023\/labastide7-scaled-1-1024x768.jpg\",\"orientation\":\"landscape\"},\"full\":{\"url\":\"https:\/\/ensemble-paroissial-reynies.fr\/wp-content\/uploads\/Cr\u00e8ches\/Cr\u00e8ches_2023\/labastide7-scaled-1.jpg\",\"height\":1920,\"width\":2560,\"orientation\":\"landscape\"}},\"imageMeta\":{\"aperture\":\"3.5\",\"credit\":\"\",\"camera\":\"DSC-HX5V\",\"caption\":\"\",\"created_timestamp\":\"1704646533\",\"copyright\":\"\",\"focal_length\":\"4.25\",\"iso\":\"250\",\"shutter_speed\":\"0.033333333333333\",\"title\":\"\",\"orientation\":\"1\",\"keywords\":[]},\"meta\":false,\"postlink\":\"https:\/\/ensemble-paroissial-reynies.fr\/?attachment_id=1977\"},{\"id\":1978,\"title\":\"orgueil1-scaled-1\",\"url\":\"https:\/\/ensemble-paroissial-reynies.fr\/wp-content\/uploads\/Cr\u00e8ches\/Cr\u00e8ches_2023\/orgueil1-scaled-1.jpg\",\"link\":\"https:\/\/ensemble-paroissial-reynies.fr\/?attachment_id=1978\",\"alt\":\"\",\"description\":\"\",\"caption\":\"Orgueil - 12\/2023     \",\"mime\":\"image\/jpeg\",\"type\":\"image\",\"width\":2560,\"height\":1920,\"sizes\":{\"thumbnail\":{\"height\":150,\"width\":150,\"url\":\"https:\/\/ensemble-paroissial-reynies.fr\/wp-content\/uploads\/Cr\u00e8ches\/Cr\u00e8ches_2023\/orgueil1-scaled-1-150x150.jpg\",\"orientation\":\"landscape\"},\"medium\":{\"height\":225,\"width\":300,\"url\":\"https:\/\/ensemble-paroissial-reynies.fr\/wp-content\/uploads\/Cr\u00e8ches\/Cr\u00e8ches_2023\/orgueil1-scaled-1-300x225.jpg\",\"orientation\":\"landscape\"},\"large\":{\"height\":768,\"width\":1024,\"url\":\"https:\/\/ensemble-paroissial-reynies.fr\/wp-content\/uploads\/Cr\u00e8ches\/Cr\u00e8ches_2023\/orgueil1-scaled-1-1024x768.jpg\",\"orientation\":\"landscape\"},\"full\":{\"url\":\"https:\/\/ensemble-paroissial-reynies.fr\/wp-content\/uploads\/Cr\u00e8ches\/Cr\u00e8ches_2023\/orgueil1-scaled-1.jpg\",\"height\":1920,\"width\":2560,\"orientation\":\"landscape\"}},\"imageMeta\":{\"aperture\":\"3.5\",\"credit\":\"\",\"camera\":\"DSC-HX5V\",\"caption\":\"\",\"created_timestamp\":\"1703501348\",\"copyright\":\"\",\"focal_length\":\"4.32\",\"iso\":\"1600\",\"shutter_speed\":\"0.05\",\"title\":\"\",\"orientation\":\"1\",\"keywords\":[]},\"meta\":false,\"postlink\":\"https:\/\/ensemble-paroissial-reynies.fr\/?attachment_id=1978\"},{\"id\":1981,\"title\":\"orgueil4-scaled-1\",\"url\":\"https:\/\/ensemble-paroissial-reynies.fr\/wp-content\/uploads\/Cr\u00e8ches\/Cr\u00e8ches_2023\/orgueil4-scaled-1.jpg\",\"link\":\"https:\/\/ensemble-paroissial-reynies.fr\/?attachment_id=1981\",\"alt\":\"\",\"description\":\"\",\"caption\":\"Orgueil - 12\/2023     \",\"mime\":\"image\/jpeg\",\"type\":\"image\",\"width\":2560,\"height\":1920,\"sizes\":{\"thumbnail\":{\"height\":150,\"width\":150,\"url\":\"https:\/\/ensemble-paroissial-reynies.fr\/wp-content\/uploads\/Cr\u00e8ches\/Cr\u00e8ches_2023\/orgueil4-scaled-1-150x150.jpg\",\"orientation\":\"landscape\"},\"medium\":{\"height\":225,\"width\":300,\"url\":\"https:\/\/ensemble-paroissial-reynies.fr\/wp-content\/uploads\/Cr\u00e8ches\/Cr\u00e8ches_2023\/orgueil4-scaled-1-300x225.jpg\",\"orientation\":\"landscape\"},\"large\":{\"height\":768,\"width\":1024,\"url\":\"https:\/\/ensemble-paroissial-reynies.fr\/wp-content\/uploads\/Cr\u00e8ches\/Cr\u00e8ches_2023\/orgueil4-scaled-1-1024x768.jpg\",\"orientation\":\"landscape\"},\"full\":{\"url\":\"https:\/\/ensemble-paroissial-reynies.fr\/wp-content\/uploads\/Cr\u00e8ches\/Cr\u00e8ches_2023\/orgueil4-scaled-1.jpg\",\"height\":1920,\"width\":2560,\"orientation\":\"landscape\"}},\"imageMeta\":{\"aperture\":\"3.5\",\"credit\":\"\",\"camera\":\"DSC-HX5V\",\"caption\":\"\",\"created_timestamp\":\"1703501390\",\"copyright\":\"\",\"focal_length\":\"4.66\",\"iso\":\"1600\",\"shutter_speed\":\"0.076923076923077\",\"title\":\"\",\"orientation\":\"1\",\"keywords\":[]},\"meta\":false,\"postlink\":\"https:\/\/ensemble-paroissial-reynies.fr\/?attachment_id=1981\"},{\"id\":1980,\"title\":\"orgueil3-scaled-1\",\"url\":\"https:\/\/ensemble-paroissial-reynies.fr\/wp-content\/uploads\/Cr\u00e8ches\/Cr\u00e8ches_2023\/orgueil3-scaled-1.jpg\",\"link\":\"https:\/\/ensemble-paroissial-reynies.fr\/?attachment_id=1980\",\"alt\":\"\",\"description\":\"\",\"caption\":\"Orgueil - 12\/2023  \",\"mime\":\"image\/jpeg\",\"type\":\"image\",\"width\":2560,\"height\":1920,\"sizes\":{\"thumbnail\":{\"height\":150,\"width\":150,\"url\":\"https:\/\/ensemble-paroissial-reynies.fr\/wp-content\/uploads\/Cr\u00e8ches\/Cr\u00e8ches_2023\/orgueil3-scaled-1-150x150.jpg\",\"orientation\":\"landscape\"},\"medium\":{\"height\":225,\"width\":300,\"url\":\"https:\/\/ensemble-paroissial-reynies.fr\/wp-content\/uploads\/Cr\u00e8ches\/Cr\u00e8ches_2023\/orgueil3-scaled-1-300x225.jpg\",\"orientation\":\"landscape\"},\"large\":{\"height\":768,\"width\":1024,\"url\":\"https:\/\/ensemble-paroissial-reynies.fr\/wp-content\/uploads\/Cr\u00e8ches\/Cr\u00e8ches_2023\/orgueil3-scaled-1-1024x768.jpg\",\"orientation\":\"landscape\"},\"full\":{\"url\":\"https:\/\/ensemble-paroissial-reynies.fr\/wp-content\/uploads\/Cr\u00e8ches\/Cr\u00e8ches_2023\/orgueil3-scaled-1.jpg\",\"height\":1920,\"width\":2560,\"orientation\":\"landscape\"}},\"imageMeta\":{\"aperture\":\"4.5\",\"credit\":\"\",\"camera\":\"DSC-HX5V\",\"caption\":\"\",\"created_timestamp\":\"1703501365\",\"copyright\":\"\",\"focal_length\":\"9.87\",\"iso\":\"1600\",\"shutter_speed\":\"0.1\",\"title\":\"\",\"orientation\":\"1\",\"keywords\":[]},\"meta\":false,\"postlink\":\"https:\/\/ensemble-paroissial-reynies.fr\/?attachment_id=1980\"},{\"id\":1979,\"title\":\"orgueil2-scaled-1\",\"url\":\"https:\/\/ensemble-paroissial-reynies.fr\/wp-content\/uploads\/Cr\u00e8ches\/Cr\u00e8ches_2023\/orgueil2-scaled-1.jpg\",\"link\":\"https:\/\/ensemble-paroissial-reynies.fr\/?attachment_id=1979\",\"alt\":\"\",\"description\":\"\",\"caption\":\"Orgueil - 12\/2023  \",\"mime\":\"image\/jpeg\",\"type\":\"image\",\"width\":2560,\"height\":1920,\"sizes\":{\"thumbnail\":{\"height\":150,\"width\":150,\"url\":\"https:\/\/ensemble-paroissial-reynies.fr\/wp-content\/uploads\/Cr\u00e8ches\/Cr\u00e8ches_2023\/orgueil2-scaled-1-150x150.jpg\",\"orientation\":\"landscape\"},\"medium\":{\"height\":225,\"width\":300,\"url\":\"https:\/\/ensemble-paroissial-reynies.fr\/wp-content\/uploads\/Cr\u00e8ches\/Cr\u00e8ches_2023\/orgueil2-scaled-1-300x225.jpg\",\"orientation\":\"landscape\"},\"large\":{\"height\":768,\"width\":1024,\"url\":\"https:\/\/ensemble-paroissial-reynies.fr\/wp-content\/uploads\/Cr\u00e8ches\/Cr\u00e8ches_2023\/orgueil2-scaled-1-1024x768.jpg\",\"orientation\":\"landscape\"},\"full\":{\"url\":\"https:\/\/ensemble-paroissial-reynies.fr\/wp-content\/uploads\/Cr\u00e8ches\/Cr\u00e8ches_2023\/orgueil2-scaled-1.jpg\",\"height\":1920,\"width\":2560,\"orientation\":\"landscape\"}},\"imageMeta\":{\"aperture\":\"4.5\",\"credit\":\"\",\"camera\":\"DSC-HX5V\",\"caption\":\"\",\"created_timestamp\":\"1703501376\",\"copyright\":\"\",\"focal_length\":\"8.83\",\"iso\":\"1600\",\"shutter_speed\":\"0.1\",\"title\":\"\",\"orientation\":\"1\",\"keywords\":[]},\"meta\":false,\"postlink\":\"https:\/\/ensemble-paroissial-reynies.fr\/?attachment_id=1979\"},{\"id\":1982,\"title\":\"reynies1-scaled-1\",\"url\":\"https:\/\/ensemble-paroissial-reynies.fr\/wp-content\/uploads\/Cr\u00e8ches\/Cr\u00e8ches_2023\/reynies1-scaled-1.jpg\",\"link\":\"https:\/\/ensemble-paroissial-reynies.fr\/?attachment_id=1982\",\"alt\":\"\",\"description\":\"\",\"caption\":\"Reyni\u00e8s - 12\/2023\",\"mime\":\"image\/jpeg\",\"type\":\"image\",\"width\":2560,\"height\":1920,\"sizes\":{\"thumbnail\":{\"height\":150,\"width\":150,\"url\":\"https:\/\/ensemble-paroissial-reynies.fr\/wp-content\/uploads\/Cr\u00e8ches\/Cr\u00e8ches_2023\/reynies1-scaled-1-150x150.jpg\",\"orientation\":\"landscape\"},\"medium\":{\"height\":225,\"width\":300,\"url\":\"https:\/\/ensemble-paroissial-reynies.fr\/wp-content\/uploads\/Cr\u00e8ches\/Cr\u00e8ches_2023\/reynies1-scaled-1-300x225.jpg\",\"orientation\":\"landscape\"},\"large\":{\"height\":768,\"width\":1024,\"url\":\"https:\/\/ensemble-paroissial-reynies.fr\/wp-content\/uploads\/Cr\u00e8ches\/Cr\u00e8ches_2023\/reynies1-scaled-1-1024x768.jpg\",\"orientation\":\"landscape\"},\"full\":{\"url\":\"https:\/\/ensemble-paroissial-reynies.fr\/wp-content\/uploads\/Cr\u00e8ches\/Cr\u00e8ches_2023\/reynies1-scaled-1.jpg\",\"height\":1920,\"width\":2560,\"orientation\":\"landscape\"}},\"imageMeta\":{\"aperture\":\"5\",\"credit\":\"\",\"camera\":\"DSC-HX5V\",\"caption\":\"\",\"created_timestamp\":\"1704648447\",\"copyright\":\"\",\"focal_length\":\"13.71\",\"iso\":\"800\",\"shutter_speed\":\"0.066666666666667\",\"title\":\"\",\"orientation\":\"1\",\"keywords\":[]},\"meta\":false,\"postlink\":\"https:\/\/ensemble-paroissial-reynies.fr\/?attachment_id=1982\"},{\"id\":1983,\"title\":\"reynies2-scaled-1\",\"url\":\"https:\/\/ensemble-paroissial-reynies.fr\/wp-content\/uploads\/Cr\u00e8ches\/Cr\u00e8ches_2023\/reynies2-scaled-1.jpg\",\"link\":\"https:\/\/ensemble-paroissial-reynies.fr\/?attachment_id=1983\",\"alt\":\"\",\"description\":\"\",\"caption\":\"Reyni\u00e8s - 12\/2023\",\"mime\":\"image\/jpeg\",\"type\":\"image\",\"width\":2560,\"height\":1920,\"sizes\":{\"thumbnail\":{\"height\":150,\"width\":150,\"url\":\"https:\/\/ensemble-paroissial-reynies.fr\/wp-content\/uploads\/Cr\u00e8ches\/Cr\u00e8ches_2023\/reynies2-scaled-1-150x150.jpg\",\"orientation\":\"landscape\"},\"medium\":{\"height\":225,\"width\":300,\"url\":\"https:\/\/ensemble-paroissial-reynies.fr\/wp-content\/uploads\/Cr\u00e8ches\/Cr\u00e8ches_2023\/reynies2-scaled-1-300x225.jpg\",\"orientation\":\"landscape\"},\"large\":{\"height\":768,\"width\":1024,\"url\":\"https:\/\/ensemble-paroissial-reynies.fr\/wp-content\/uploads\/Cr\u00e8ches\/Cr\u00e8ches_2023\/reynies2-scaled-1-1024x768.jpg\",\"orientation\":\"landscape\"},\"full\":{\"url\":\"https:\/\/ensemble-paroissial-reynies.fr\/wp-content\/uploads\/Cr\u00e8ches\/Cr\u00e8ches_2023\/reynies2-scaled-1.jpg\",\"height\":1920,\"width\":2560,\"orientation\":\"landscape\"}},\"imageMeta\":{\"aperture\":\"4\",\"credit\":\"\",\"camera\":\"DSC-HX5V\",\"caption\":\"\",\"created_timestamp\":\"1704648465\",\"copyright\":\"\",\"focal_length\":\"5.32\",\"iso\":\"800\",\"shutter_speed\":\"0.076923076923077\",\"title\":\"\",\"orientation\":\"1\",\"keywords\":[]},\"meta\":false,\"postlink\":\"https:\/\/ensemble-paroissial-reynies.fr\/?attachment_id=1983\"},{\"id\":1985,\"title\":\"reynies9c-scaled-1\",\"url\":\"https:\/\/ensemble-paroissial-reynies.fr\/wp-content\/uploads\/Cr\u00e8ches\/Cr\u00e8ches_2023\/reynies9c-scaled-1.jpg\",\"link\":\"https:\/\/ensemble-paroissial-reynies.fr\/?attachment_id=1985\",\"alt\":\"\",\"description\":\"\",\"caption\":\"Reyni\u00e8s - 12\/2023\",\"mime\":\"image\/jpeg\",\"type\":\"image\",\"width\":2560,\"height\":1920,\"sizes\":{\"thumbnail\":{\"height\":150,\"width\":150,\"url\":\"https:\/\/ensemble-paroissial-reynies.fr\/wp-content\/uploads\/Cr\u00e8ches\/Cr\u00e8ches_2023\/reynies9c-scaled-1-150x150.jpg\",\"orientation\":\"landscape\"},\"medium\":{\"height\":225,\"width\":300,\"url\":\"https:\/\/ensemble-paroissial-reynies.fr\/wp-content\/uploads\/Cr\u00e8ches\/Cr\u00e8ches_2023\/reynies9c-scaled-1-300x225.jpg\",\"orientation\":\"landscape\"},\"large\":{\"height\":768,\"width\":1024,\"url\":\"https:\/\/ensemble-paroissial-reynies.fr\/wp-content\/uploads\/Cr\u00e8ches\/Cr\u00e8ches_2023\/reynies9c-scaled-1-1024x768.jpg\",\"orientation\":\"landscape\"},\"full\":{\"url\":\"https:\/\/ensemble-paroissial-reynies.fr\/wp-content\/uploads\/Cr\u00e8ches\/Cr\u00e8ches_2023\/reynies9c-scaled-1.jpg\",\"height\":1920,\"width\":2560,\"orientation\":\"landscape\"}},\"imageMeta\":{\"aperture\":\"3.5\",\"credit\":\"\",\"camera\":\"DSC-HX5V\",\"caption\":\"\",\"created_timestamp\":\"1704648931\",\"copyright\":\"\",\"focal_length\":\"4.25\",\"iso\":\"400\",\"shutter_speed\":\"0.16666666666667\",\"title\":\"\",\"orientation\":\"1\",\"keywords\":[]},\"meta\":false,\"postlink\":\"https:\/\/ensemble-paroissial-reynies.fr\/?attachment_id=1985\"},{\"id\":1984,\"title\":\"reynies6-scaled-1\",\"url\":\"https:\/\/ensemble-paroissial-reynies.fr\/wp-content\/uploads\/Cr\u00e8ches\/Cr\u00e8ches_2023\/reynies6-scaled-1.jpg\",\"link\":\"https:\/\/ensemble-paroissial-reynies.fr\/?attachment_id=1984\",\"alt\":\"\",\"description\":\"\",\"caption\":\"Reyni\u00e8s - 12\/2023\",\"mime\":\"image\/jpeg\",\"type\":\"image\",\"width\":2560,\"height\":1920,\"sizes\":{\"thumbnail\":{\"height\":150,\"width\":150,\"url\":\"https:\/\/ensemble-paroissial-reynies.fr\/wp-content\/uploads\/Cr\u00e8ches\/Cr\u00e8ches_2023\/reynies6-scaled-1-150x150.jpg\",\"orientation\":\"landscape\"},\"medium\":{\"height\":225,\"width\":300,\"url\":\"https:\/\/ensemble-paroissial-reynies.fr\/wp-content\/uploads\/Cr\u00e8ches\/Cr\u00e8ches_2023\/reynies6-scaled-1-300x225.jpg\",\"orientation\":\"landscape\"},\"large\":{\"height\":768,\"width\":1024,\"url\":\"https:\/\/ensemble-paroissial-reynies.fr\/wp-content\/uploads\/Cr\u00e8ches\/Cr\u00e8ches_2023\/reynies6-scaled-1-1024x768.jpg\",\"orientation\":\"landscape\"},\"full\":{\"url\":\"https:\/\/ensemble-paroissial-reynies.fr\/wp-content\/uploads\/Cr\u00e8ches\/Cr\u00e8ches_2023\/reynies6-scaled-1.jpg\",\"height\":1920,\"width\":2560,\"orientation\":\"landscape\"}},\"imageMeta\":{\"aperture\":\"3.5\",\"credit\":\"\",\"camera\":\"DSC-HX5V\",\"caption\":\"\",\"created_timestamp\":\"1704648511\",\"copyright\":\"\",\"focal_length\":\"4.25\",\"iso\":\"400\",\"shutter_speed\":\"0.125\",\"title\":\"\",\"orientation\":\"1\",\"keywords\":[]},\"meta\":false,\"postlink\":\"https:\/\/ensemble-paroissial-reynies.fr\/?attachment_id=1984\"},{\"id\":1986,\"title\":\"saint-nauphary1-scaled-1\",\"url\":\"https:\/\/ensemble-paroissial-reynies.fr\/wp-content\/uploads\/Cr\u00e8ches\/Cr\u00e8ches_2023\/saint-nauphary1-scaled-1.jpg\",\"link\":\"https:\/\/ensemble-paroissial-reynies.fr\/?attachment_id=1986\",\"alt\":\"\",\"description\":\"\",\"caption\":\"Saint-Nauphary 12\/2023\",\"mime\":\"image\/jpeg\",\"type\":\"image\",\"width\":2560,\"height\":1920,\"sizes\":{\"thumbnail\":{\"height\":150,\"width\":150,\"url\":\"https:\/\/ensemble-paroissial-reynies.fr\/wp-content\/uploads\/Cr\u00e8ches\/Cr\u00e8ches_2023\/saint-nauphary1-scaled-1-150x150.jpg\",\"orientation\":\"landscape\"},\"medium\":{\"height\":225,\"width\":300,\"url\":\"https:\/\/ensemble-paroissial-reynies.fr\/wp-content\/uploads\/Cr\u00e8ches\/Cr\u00e8ches_2023\/saint-nauphary1-scaled-1-300x225.jpg\",\"orientation\":\"landscape\"},\"large\":{\"height\":768,\"width\":1024,\"url\":\"https:\/\/ensemble-paroissial-reynies.fr\/wp-content\/uploads\/Cr\u00e8ches\/Cr\u00e8ches_2023\/saint-nauphary1-scaled-1-1024x768.jpg\",\"orientation\":\"landscape\"},\"full\":{\"url\":\"https:\/\/ensemble-paroissial-reynies.fr\/wp-content\/uploads\/Cr\u00e8ches\/Cr\u00e8ches_2023\/saint-nauphary1-scaled-1.jpg\",\"height\":1920,\"width\":2560,\"orientation\":\"landscape\"}},\"imageMeta\":{\"aperture\":\"4\",\"credit\":\"\",\"camera\":\"DSC-HX5V\",\"caption\":\"\",\"created_timestamp\":\"1704642421\",\"copyright\":\"\",\"focal_length\":\"6.77\",\"iso\":\"800\",\"shutter_speed\":\"0.025\",\"title\":\"\",\"orientation\":\"1\",\"keywords\":[]},\"meta\":false,\"postlink\":\"https:\/\/ensemble-paroissial-reynies.fr\/?attachment_id=1986\"},{\"id\":1987,\"title\":\"saint-nauphary6-scaled-1\",\"url\":\"https:\/\/ensemble-paroissial-reynies.fr\/wp-content\/uploads\/Cr\u00e8ches\/Cr\u00e8ches_2023\/saint-nauphary6-scaled-1.jpg\",\"link\":\"https:\/\/ensemble-paroissial-reynies.fr\/?attachment_id=1987\",\"alt\":\"\",\"description\":\"\",\"caption\":\"Saint-Nauphary 12\/2023\",\"mime\":\"image\/jpeg\",\"type\":\"image\",\"width\":2560,\"height\":1920,\"sizes\":{\"thumbnail\":{\"height\":150,\"width\":150,\"url\":\"https:\/\/ensemble-paroissial-reynies.fr\/wp-content\/uploads\/Cr\u00e8ches\/Cr\u00e8ches_2023\/saint-nauphary6-scaled-1-150x150.jpg\",\"orientation\":\"landscape\"},\"medium\":{\"height\":225,\"width\":300,\"url\":\"https:\/\/ensemble-paroissial-reynies.fr\/wp-content\/uploads\/Cr\u00e8ches\/Cr\u00e8ches_2023\/saint-nauphary6-scaled-1-300x225.jpg\",\"orientation\":\"landscape\"},\"large\":{\"height\":768,\"width\":1024,\"url\":\"https:\/\/ensemble-paroissial-reynies.fr\/wp-content\/uploads\/Cr\u00e8ches\/Cr\u00e8ches_2023\/saint-nauphary6-scaled-1-1024x768.jpg\",\"orientation\":\"landscape\"},\"full\":{\"url\":\"https:\/\/ensemble-paroissial-reynies.fr\/wp-content\/uploads\/Cr\u00e8ches\/Cr\u00e8ches_2023\/saint-nauphary6-scaled-1.jpg\",\"height\":1920,\"width\":2560,\"orientation\":\"landscape\"}},\"imageMeta\":{\"aperture\":\"3.5\",\"credit\":\"\",\"camera\":\"DSC-HX5V\",\"caption\":\"\",\"created_timestamp\":\"1704642620\",\"copyright\":\"\",\"focal_length\":\"4.25\",\"iso\":\"250\",\"shutter_speed\":\"0.033333333333333\",\"title\":\"\",\"orientation\":\"1\",\"keywords\":[]},\"meta\":false,\"postlink\":\"https:\/\/ensemble-paroissial-reynies.fr\/?attachment_id=1987\"},{\"id\":1988,\"title\":\"saint-nauphary7-scaled-1\",\"url\":\"https:\/\/ensemble-paroissial-reynies.fr\/wp-content\/uploads\/Cr\u00e8ches\/Cr\u00e8ches_2023\/saint-nauphary7-scaled-1.jpg\",\"link\":\"https:\/\/ensemble-paroissial-reynies.fr\/?attachment_id=1988\",\"alt\":\"\",\"description\":\"\",\"caption\":\"Saint-Nauphary 12\/2023\",\"mime\":\"image\/jpeg\",\"type\":\"image\",\"width\":2560,\"height\":1920,\"sizes\":{\"thumbnail\":{\"height\":150,\"width\":150,\"url\":\"https:\/\/ensemble-paroissial-reynies.fr\/wp-content\/uploads\/Cr\u00e8ches\/Cr\u00e8ches_2023\/saint-nauphary7-scaled-1-150x150.jpg\",\"orientation\":\"landscape\"},\"medium\":{\"height\":225,\"width\":300,\"url\":\"https:\/\/ensemble-paroissial-reynies.fr\/wp-content\/uploads\/Cr\u00e8ches\/Cr\u00e8ches_2023\/saint-nauphary7-scaled-1-300x225.jpg\",\"orientation\":\"landscape\"},\"large\":{\"height\":768,\"width\":1024,\"url\":\"https:\/\/ensemble-paroissial-reynies.fr\/wp-content\/uploads\/Cr\u00e8ches\/Cr\u00e8ches_2023\/saint-nauphary7-scaled-1-1024x768.jpg\",\"orientation\":\"landscape\"},\"full\":{\"url\":\"https:\/\/ensemble-paroissial-reynies.fr\/wp-content\/uploads\/Cr\u00e8ches\/Cr\u00e8ches_2023\/saint-nauphary7-scaled-1.jpg\",\"height\":1920,\"width\":2560,\"orientation\":\"landscape\"}},\"imageMeta\":{\"aperture\":\"3.5\",\"credit\":\"\",\"camera\":\"DSC-HX5V\",\"caption\":\"\",\"created_timestamp\":\"1704642628\",\"copyright\":\"\",\"focal_length\":\"4.25\",\"iso\":\"200\",\"shutter_speed\":\"0.033333333333333\",\"title\":\"\",\"orientation\":\"1\",\"keywords\":[]},\"meta\":false,\"postlink\":\"https:\/\/ensemble-paroissial-reynies.fr\/?attachment_id=1988\"},{\"id\":1989,\"title\":\"saint-nauphary8-scaled-1\",\"url\":\"https:\/\/ensemble-paroissial-reynies.fr\/wp-content\/uploads\/Cr\u00e8ches\/Cr\u00e8ches_2023\/saint-nauphary8-scaled-1.jpg\",\"link\":\"https:\/\/ensemble-paroissial-reynies.fr\/?attachment_id=1989\",\"alt\":\"\",\"description\":\"\",\"caption\":\"Saint-Nauphary 12\/2023      \",\"mime\":\"image\/jpeg\",\"type\":\"image\",\"width\":2560,\"height\":1920,\"sizes\":{\"thumbnail\":{\"height\":150,\"width\":150,\"url\":\"https:\/\/ensemble-paroissial-reynies.fr\/wp-content\/uploads\/Cr\u00e8ches\/Cr\u00e8ches_2023\/saint-nauphary8-scaled-1-150x150.jpg\",\"orientation\":\"landscape\"},\"medium\":{\"height\":225,\"width\":300,\"url\":\"https:\/\/ensemble-paroissial-reynies.fr\/wp-content\/uploads\/Cr\u00e8ches\/Cr\u00e8ches_2023\/saint-nauphary8-scaled-1-300x225.jpg\",\"orientation\":\"landscape\"},\"large\":{\"height\":768,\"width\":1024,\"url\":\"https:\/\/ensemble-paroissial-reynies.fr\/wp-content\/uploads\/Cr\u00e8ches\/Cr\u00e8ches_2023\/saint-nauphary8-scaled-1-1024x768.jpg\",\"orientation\":\"landscape\"},\"full\":{\"url\":\"https:\/\/ensemble-paroissial-reynies.fr\/wp-content\/uploads\/Cr\u00e8ches\/Cr\u00e8ches_2023\/saint-nauphary8-scaled-1.jpg\",\"height\":1920,\"width\":2560,\"orientation\":\"landscape\"}},\"imageMeta\":{\"aperture\":\"3.5\",\"credit\":\"\",\"camera\":\"DSC-HX5V\",\"caption\":\"\",\"created_timestamp\":\"1704642636\",\"copyright\":\"\",\"focal_length\":\"4.25\",\"iso\":\"200\",\"shutter_speed\":\"0.033333333333333\",\"title\":\"\",\"orientation\":\"1\",\"keywords\":[]},\"meta\":false,\"postlink\":\"https:\/\/ensemble-paroissial-reynies.fr\/?attachment_id=1989\"},{\"id\":1998,\"title\":\"varennes4-scaled-1\",\"url\":\"https:\/\/ensemble-paroissial-reynies.fr\/wp-content\/uploads\/Cr\u00e8ches\/Cr\u00e8ches_2023\/varennes4-scaled-1.jpg\",\"link\":\"https:\/\/ensemble-paroissial-reynies.fr\/?attachment_id=1998\",\"alt\":\"\",\"description\":\"\",\"caption\":\"Varennes - 12\/2023  \",\"mime\":\"image\/jpeg\",\"type\":\"image\",\"width\":2560,\"height\":1920,\"sizes\":{\"thumbnail\":{\"height\":150,\"width\":150,\"url\":\"https:\/\/ensemble-paroissial-reynies.fr\/wp-content\/uploads\/Cr\u00e8ches\/Cr\u00e8ches_2023\/varennes4-scaled-1-150x150.jpg\",\"orientation\":\"landscape\"},\"medium\":{\"height\":225,\"width\":300,\"url\":\"https:\/\/ensemble-paroissial-reynies.fr\/wp-content\/uploads\/Cr\u00e8ches\/Cr\u00e8ches_2023\/varennes4-scaled-1-300x225.jpg\",\"orientation\":\"landscape\"},\"large\":{\"height\":768,\"width\":1024,\"url\":\"https:\/\/ensemble-paroissial-reynies.fr\/wp-content\/uploads\/Cr\u00e8ches\/Cr\u00e8ches_2023\/varennes4-scaled-1-1024x768.jpg\",\"orientation\":\"landscape\"},\"full\":{\"url\":\"https:\/\/ensemble-paroissial-reynies.fr\/wp-content\/uploads\/Cr\u00e8ches\/Cr\u00e8ches_2023\/varennes4-scaled-1.jpg\",\"height\":1920,\"width\":2560,\"orientation\":\"landscape\"}},\"imageMeta\":{\"aperture\":\"3.5\",\"credit\":\"\",\"camera\":\"DSC-HX5V\",\"caption\":\"\",\"created_timestamp\":\"1704641416\",\"copyright\":\"\",\"focal_length\":\"4.25\",\"iso\":\"500\",\"shutter_speed\":\"0.033333333333333\",\"title\":\"\",\"orientation\":\"1\",\"keywords\":[]},\"meta\":false,\"postlink\":\"https:\/\/ensemble-paroissial-reynies.fr\/?attachment_id=1998\"},{\"id\":1991,\"title\":\"varennes6-scaled-1\",\"url\":\"https:\/\/ensemble-paroissial-reynies.fr\/wp-content\/uploads\/Cr\u00e8ches\/Cr\u00e8ches_2023\/varennes6-scaled-1.jpg\",\"link\":\"https:\/\/ensemble-paroissial-reynies.fr\/?attachment_id=1991\",\"alt\":\"\",\"description\":\"\",\"caption\":\"Varennes - 12\/2023\",\"mime\":\"image\/jpeg\",\"type\":\"image\",\"width\":2560,\"height\":1920,\"sizes\":{\"thumbnail\":{\"height\":150,\"width\":150,\"url\":\"https:\/\/ensemble-paroissial-reynies.fr\/wp-content\/uploads\/Cr\u00e8ches\/Cr\u00e8ches_2023\/varennes6-scaled-1-150x150.jpg\",\"orientation\":\"landscape\"},\"medium\":{\"height\":225,\"width\":300,\"url\":\"https:\/\/ensemble-paroissial-reynies.fr\/wp-content\/uploads\/Cr\u00e8ches\/Cr\u00e8ches_2023\/varennes6-scaled-1-300x225.jpg\",\"orientation\":\"landscape\"},\"large\":{\"height\":768,\"width\":1024,\"url\":\"https:\/\/ensemble-paroissial-reynies.fr\/wp-content\/uploads\/Cr\u00e8ches\/Cr\u00e8ches_2023\/varennes6-scaled-1-1024x768.jpg\",\"orientation\":\"landscape\"},\"full\":{\"url\":\"https:\/\/ensemble-paroissial-reynies.fr\/wp-content\/uploads\/Cr\u00e8ches\/Cr\u00e8ches_2023\/varennes6-scaled-1.jpg\",\"height\":1920,\"width\":2560,\"orientation\":\"landscape\"}},\"imageMeta\":{\"aperture\":\"3.5\",\"credit\":\"\",\"camera\":\"DSC-HX5V\",\"caption\":\"\",\"created_timestamp\":\"1704641434\",\"copyright\":\"\",\"focal_length\":\"4.25\",\"iso\":\"200\",\"shutter_speed\":\"0.033333333333333\",\"title\":\"\",\"orientation\":\"1\",\"keywords\":[]},\"meta\":false,\"postlink\":\"https:\/\/ensemble-paroissial-reynies.fr\/?attachment_id=1991\"},{\"id\":1990,\"title\":\"varennes5-scaled-1\",\"url\":\"https:\/\/ensemble-paroissial-reynies.fr\/wp-content\/uploads\/Cr\u00e8ches\/Cr\u00e8ches_2023\/varennes5-scaled-1.jpg\",\"link\":\"https:\/\/ensemble-paroissial-reynies.fr\/?attachment_id=1990\",\"alt\":\"\",\"description\":\"\",\"caption\":\"Varennes - 12\/2023\",\"mime\":\"image\/jpeg\",\"type\":\"image\",\"width\":2560,\"height\":1920,\"sizes\":{\"thumbnail\":{\"height\":150,\"width\":150,\"url\":\"https:\/\/ensemble-paroissial-reynies.fr\/wp-content\/uploads\/Cr\u00e8ches\/Cr\u00e8ches_2023\/varennes5-scaled-1-150x150.jpg\",\"orientation\":\"landscape\"},\"medium\":{\"height\":225,\"width\":300,\"url\":\"https:\/\/ensemble-paroissial-reynies.fr\/wp-content\/uploads\/Cr\u00e8ches\/Cr\u00e8ches_2023\/varennes5-scaled-1-300x225.jpg\",\"orientation\":\"landscape\"},\"large\":{\"height\":768,\"width\":1024,\"url\":\"https:\/\/ensemble-paroissial-reynies.fr\/wp-content\/uploads\/Cr\u00e8ches\/Cr\u00e8ches_2023\/varennes5-scaled-1-1024x768.jpg\",\"orientation\":\"landscape\"},\"full\":{\"url\":\"https:\/\/ensemble-paroissial-reynies.fr\/wp-content\/uploads\/Cr\u00e8ches\/Cr\u00e8ches_2023\/varennes5-scaled-1.jpg\",\"height\":1920,\"width\":2560,\"orientation\":\"landscape\"}},\"imageMeta\":{\"aperture\":\"4\",\"credit\":\"\",\"camera\":\"DSC-HX5V\",\"caption\":\"\",\"created_timestamp\":\"1704641426\",\"copyright\":\"\",\"focal_length\":\"5.56\",\"iso\":\"640\",\"shutter_speed\":\"0.025\",\"title\":\"\",\"orientation\":\"1\",\"keywords\":[]},\"meta\":false,\"postlink\":\"https:\/\/ensemble-paroissial-reynies.fr\/?attachment_id=1990\"},{\"id\":1995,\"title\":\"villebrumier6-scaled-1\",\"url\":\"https:\/\/ensemble-paroissial-reynies.fr\/wp-content\/uploads\/Cr\u00e8ches\/Cr\u00e8ches_2023\/villebrumier6-scaled-1.jpg\",\"link\":\"https:\/\/ensemble-paroissial-reynies.fr\/?attachment_id=1995\",\"alt\":\"\",\"description\":\"\",\"caption\":\"Villebrumier - 12\/2023             \",\"mime\":\"image\/jpeg\",\"type\":\"image\",\"width\":2560,\"height\":1920,\"sizes\":{\"thumbnail\":{\"height\":150,\"width\":150,\"url\":\"https:\/\/ensemble-paroissial-reynies.fr\/wp-content\/uploads\/Cr\u00e8ches\/Cr\u00e8ches_2023\/villebrumier6-scaled-1-150x150.jpg\",\"orientation\":\"landscape\"},\"medium\":{\"height\":225,\"width\":300,\"url\":\"https:\/\/ensemble-paroissial-reynies.fr\/wp-content\/uploads\/Cr\u00e8ches\/Cr\u00e8ches_2023\/villebrumier6-scaled-1-300x225.jpg\",\"orientation\":\"landscape\"},\"large\":{\"height\":768,\"width\":1024,\"url\":\"https:\/\/ensemble-paroissial-reynies.fr\/wp-content\/uploads\/Cr\u00e8ches\/Cr\u00e8ches_2023\/villebrumier6-scaled-1-1024x768.jpg\",\"orientation\":\"landscape\"},\"full\":{\"url\":\"https:\/\/ensemble-paroissial-reynies.fr\/wp-content\/uploads\/Cr\u00e8ches\/Cr\u00e8ches_2023\/villebrumier6-scaled-1.jpg\",\"height\":1920,\"width\":2560,\"orientation\":\"landscape\"}},\"imageMeta\":{\"aperture\":\"3.5\",\"credit\":\"\",\"camera\":\"DSC-HX5V\",\"caption\":\"\",\"created_timestamp\":\"1704640669\",\"copyright\":\"\",\"focal_length\":\"4.25\",\"iso\":\"800\",\"shutter_speed\":\"0.033333333333333\",\"title\":\"\",\"orientation\":\"1\",\"keywords\":[]},\"meta\":false,\"postlink\":\"https:\/\/ensemble-paroissial-reynies.fr\/?attachment_id=1995\"},{\"id\":1992,\"title\":\"villebrumier3-scaled-1\",\"url\":\"https:\/\/ensemble-paroissial-reynies.fr\/wp-content\/uploads\/Cr\u00e8ches\/Cr\u00e8ches_2023\/villebrumier3-scaled-1.jpg\",\"link\":\"https:\/\/ensemble-paroissial-reynies.fr\/?attachment_id=1992\",\"alt\":\"\",\"description\":\"\",\"caption\":\"Villebrumier - 12\/2023              \",\"mime\":\"image\/jpeg\",\"type\":\"image\",\"width\":2560,\"height\":1920,\"sizes\":{\"thumbnail\":{\"height\":150,\"width\":150,\"url\":\"https:\/\/ensemble-paroissial-reynies.fr\/wp-content\/uploads\/Cr\u00e8ches\/Cr\u00e8ches_2023\/villebrumier3-scaled-1-150x150.jpg\",\"orientation\":\"landscape\"},\"medium\":{\"height\":225,\"width\":300,\"url\":\"https:\/\/ensemble-paroissial-reynies.fr\/wp-content\/uploads\/Cr\u00e8ches\/Cr\u00e8ches_2023\/villebrumier3-scaled-1-300x225.jpg\",\"orientation\":\"landscape\"},\"large\":{\"height\":768,\"width\":1024,\"url\":\"https:\/\/ensemble-paroissial-reynies.fr\/wp-content\/uploads\/Cr\u00e8ches\/Cr\u00e8ches_2023\/villebrumier3-scaled-1-1024x768.jpg\",\"orientation\":\"landscape\"},\"full\":{\"url\":\"https:\/\/ensemble-paroissial-reynies.fr\/wp-content\/uploads\/Cr\u00e8ches\/Cr\u00e8ches_2023\/villebrumier3-scaled-1.jpg\",\"height\":1920,\"width\":2560,\"orientation\":\"landscape\"}},\"imageMeta\":{\"aperture\":\"3.5\",\"credit\":\"\",\"camera\":\"DSC-HX5V\",\"caption\":\"\",\"created_timestamp\":\"1704640603\",\"copyright\":\"\",\"focal_length\":\"4.25\",\"iso\":\"400\",\"shutter_speed\":\"0.125\",\"title\":\"\",\"orientation\":\"1\",\"keywords\":[]},\"meta\":false,\"postlink\":\"https:\/\/ensemble-paroissial-reynies.fr\/?attachment_id=1992\"},{\"id\":1965,\"title\":\"villebrumier7-scaled-1\",\"url\":\"https:\/\/ensemble-paroissial-reynies.fr\/wp-content\/uploads\/Cr\u00e8ches\/Cr\u00e8ches_2023\/villebrumier7-scaled-1.jpg\",\"link\":\"https:\/\/ensemble-paroissial-reynies.fr\/?attachment_id=1965\",\"alt\":\"\",\"description\":\"\",\"caption\":\"Villebrumier - 12\/2023\",\"mime\":\"image\/jpeg\",\"type\":\"image\",\"width\":2560,\"height\":1920,\"sizes\":{\"thumbnail\":{\"height\":150,\"width\":150,\"url\":\"https:\/\/ensemble-paroissial-reynies.fr\/wp-content\/uploads\/Cr\u00e8ches\/Cr\u00e8ches_2023\/villebrumier7-scaled-1-150x150.jpg\",\"orientation\":\"landscape\"},\"medium\":{\"height\":225,\"width\":300,\"url\":\"https:\/\/ensemble-paroissial-reynies.fr\/wp-content\/uploads\/Cr\u00e8ches\/Cr\u00e8ches_2023\/villebrumier7-scaled-1-300x225.jpg\",\"orientation\":\"landscape\"},\"large\":{\"height\":768,\"width\":1024,\"url\":\"https:\/\/ensemble-paroissial-reynies.fr\/wp-content\/uploads\/Cr\u00e8ches\/Cr\u00e8ches_2023\/villebrumier7-scaled-1-1024x768.jpg\",\"orientation\":\"landscape\"},\"full\":{\"url\":\"https:\/\/ensemble-paroissial-reynies.fr\/wp-content\/uploads\/Cr\u00e8ches\/Cr\u00e8ches_2023\/villebrumier7-scaled-1.jpg\",\"height\":1920,\"width\":2560,\"orientation\":\"landscape\"}},\"imageMeta\":{\"aperture\":\"3.5\",\"credit\":\"\",\"camera\":\"DSC-HX5V\",\"caption\":\"\",\"created_timestamp\":\"1704640677\",\"copyright\":\"\",\"focal_length\":\"4.25\",\"iso\":\"400\",\"shutter_speed\":\"0.033333333333333\",\"title\":\"\",\"orientation\":\"1\",\"keywords\":[]},\"meta\":false,\"postlink\":\"https:\/\/ensemble-paroissial-reynies.fr\/?attachment_id=1965\"},{\"id\":1994,\"title\":\"villebrumier5-scaled-1\",\"url\":\"https:\/\/ensemble-paroissial-reynies.fr\/wp-content\/uploads\/Cr\u00e8ches\/Cr\u00e8ches_2023\/villebrumier5-scaled-1.jpg\",\"link\":\"https:\/\/ensemble-paroissial-reynies.fr\/?attachment_id=1994\",\"alt\":\"\",\"description\":\"\",\"caption\":\"Villebrumier - 12\/2023               \",\"mime\":\"image\/jpeg\",\"type\":\"image\",\"width\":2560,\"height\":1920,\"sizes\":{\"thumbnail\":{\"height\":150,\"width\":150,\"url\":\"https:\/\/ensemble-paroissial-reynies.fr\/wp-content\/uploads\/Cr\u00e8ches\/Cr\u00e8ches_2023\/villebrumier5-scaled-1-150x150.jpg\",\"orientation\":\"landscape\"},\"medium\":{\"height\":225,\"width\":300,\"url\":\"https:\/\/ensemble-paroissial-reynies.fr\/wp-content\/uploads\/Cr\u00e8ches\/Cr\u00e8ches_2023\/villebrumier5-scaled-1-300x225.jpg\",\"orientation\":\"landscape\"},\"large\":{\"height\":768,\"width\":1024,\"url\":\"https:\/\/ensemble-paroissial-reynies.fr\/wp-content\/uploads\/Cr\u00e8ches\/Cr\u00e8ches_2023\/villebrumier5-scaled-1-1024x768.jpg\",\"orientation\":\"landscape\"},\"full\":{\"url\":\"https:\/\/ensemble-paroissial-reynies.fr\/wp-content\/uploads\/Cr\u00e8ches\/Cr\u00e8ches_2023\/villebrumier5-scaled-1.jpg\",\"height\":1920,\"width\":2560,\"orientation\":\"landscape\"}},\"imageMeta\":{\"aperture\":\"3.5\",\"credit\":\"\",\"camera\":\"DSC-HX5V\",\"caption\":\"\",\"created_timestamp\":\"1704640636\",\"copyright\":\"\",\"focal_length\":\"4.25\",\"iso\":\"800\",\"shutter_speed\":\"0.033333333333333\",\"title\":\"\",\"orientation\":\"1\",\"keywords\":[]},\"meta\":false,\"postlink\":\"https:\/\/ensemble-paroissial-reynies.fr\/?attachment_id=1994\"},{\"id\":1993,\"title\":\"villebrumier4-scaled-1\",\"url\":\"https:\/\/ensemble-paroissial-reynies.fr\/wp-content\/uploads\/Cr\u00e8ches\/Cr\u00e8ches_2023\/villebrumier4-scaled-1.jpg\",\"link\":\"https:\/\/ensemble-paroissial-reynies.fr\/?attachment_id=1993\",\"alt\":\"\",\"description\":\"\",\"caption\":\"Villebrumier - 12\/2023      \",\"mime\":\"image\/jpeg\",\"type\":\"image\",\"width\":2560,\"height\":1920,\"sizes\":{\"thumbnail\":{\"height\":150,\"width\":150,\"url\":\"https:\/\/ensemble-paroissial-reynies.fr\/wp-content\/uploads\/Cr\u00e8ches\/Cr\u00e8ches_2023\/villebrumier4-scaled-1-150x150.jpg\",\"orientation\":\"landscape\"},\"medium\":{\"height\":225,\"width\":300,\"url\":\"https:\/\/ensemble-paroissial-reynies.fr\/wp-content\/uploads\/Cr\u00e8ches\/Cr\u00e8ches_2023\/villebrumier4-scaled-1-300x225.jpg\",\"orientation\":\"landscape\"},\"large\":{\"height\":768,\"width\":1024,\"url\":\"https:\/\/ensemble-paroissial-reynies.fr\/wp-content\/uploads\/Cr\u00e8ches\/Cr\u00e8ches_2023\/villebrumier4-scaled-1-1024x768.jpg\",\"orientation\":\"landscape\"},\"full\":{\"url\":\"https:\/\/ensemble-paroissial-reynies.fr\/wp-content\/uploads\/Cr\u00e8ches\/Cr\u00e8ches_2023\/villebrumier4-scaled-1.jpg\",\"height\":1920,\"width\":2560,\"orientation\":\"landscape\"}},\"imageMeta\":{\"aperture\":\"3.5\",\"credit\":\"\",\"camera\":\"DSC-HX5V\",\"caption\":\"\",\"created_timestamp\":\"1704640626\",\"copyright\":\"\",\"focal_length\":\"4.25\",\"iso\":\"800\",\"shutter_speed\":\"0.033333333333333\",\"title\":\"\",\"orientation\":\"1\",\"keywords\":[]},\"meta\":false,\"postlink\":\"https:\/\/ensemble-paroissial-reynies.fr\/?attachment_id=1993\"}],\"sliderItemTitleFontSize\":24,\"sliderSlideshowAutoStart\":true,\"itemsMetaDataCollection\":[]}<\/script><script>(function(){if(window.PGC_SGB && window.PGC_SGB.searcher){window.PGC_SGB.searcher.initBlocks()}})()<\/script><\/div><\/details>\n\n\n\n<div style=\"height:7px\" aria-hidden=\"true\" class=\"wp-block-spacer\"><\/div>\n\n\n\n<details class=\"wp-block-details has-medium-font-size is-layout-flow wp-block-details-is-layout-flow\"><summary>Les cr\u00e8ches de nos maisons &#8211; D\u00e9cembre 2023<\/summary>\n<p><\/p>\n\n\n\n<p>Si le sapin de No\u00ebl est souvent associ\u00e9 aux cadeaux, l\u2019\u00e9v\u00e8nement important le 24 d\u00e9cembre est la naissance du Christ. Pour ne pas l\u2019oublier et pour mieux symboliser ce temps d\u2019attente la tradition est de \u00ab&nbsp;faire&nbsp;\u00bb une cr\u00e8che dans nos maisons. Qu\u2019on la niche au pied du sapin ou sur un meuble au centre de la maison, qu\u2019elle soit petite ou grande, la pr\u00e9sence de la cr\u00e8che, si on prend soin de la mettre en place d\u00e8s le d\u00e9but de l\u2019Avent en laissant vide le berceau du Christ, rappellera tous les jours que cette p\u00e9riode est une p\u00e9riode d\u2019attente festive&nbsp;: le Christ va bient\u00f4t na\u00eetre et ce sera une grande joie que de l\u2019accueillir.<\/p>\n\n\n\n<p>Il se dit que le premier \u00e0 avoir fait une cr\u00e8che fut Saint-Fran\u00e7ois d\u2019Assise en 1223 en Italie, il s\u2019agissait d\u2019une cr\u00e8che vivante.<br>Les franciscains cr\u00e9eront des cr\u00e8ches vivantes ou avec de grandes statues partout o\u00f9 ils iront. La tradition de la cr\u00e8che se r\u00e9pand ainsi dans toute l\u2019Europe. Mais il s\u2019agit de cr\u00e8ches permanentes. C\u2019est \u00e0 la fin du 16<sup>e<\/sup>&nbsp;si\u00e8cle que les cr\u00e8ches miniatures, moins ch\u00e8res et pouvant \u00eatre temporaires, se d\u00e9velopperont sous l\u2019impulsion des j\u00e9suites. Elles sortiront petit-\u00e0-petit des \u00e9glises pour venir s\u2019installer dans l\u2019int\u00e9rieur des maisons des familles ais\u00e9es et dans les espaces publics.<br>En France la r\u00e9volution interdira les cr\u00e8ches mais elle r\u00e9appara\u00eetront au d\u00e9but du 19<sup>e<\/sup>&nbsp;si\u00e8cle. C\u2019est \u00e0 ce moment-l\u00e0 que commencent \u00e0 appara\u00eetre les cr\u00e8ches proven\u00e7ales avec leurs santons (Santoun, petit saint en Proven\u00e7al) repr\u00e9sentant les m\u00e9tiers locaux et les personnages de la vie du village L\u2019arriv\u00e9e de personnages en pl\u00e2tre \u00e0 des prix plus raisonnables d\u00e9mocratisera la cr\u00e8che. Les cr\u00e8ches domestiques sont devenues une tradition pour les familles chr\u00e9tiennes.<\/p>\n\n\n<div class=\"pgc-sgb-cb wp-block-pgcsimplygalleryblock-slider \" data-gallery-id=\"2af53981\"style=&quot;min-height:460px&quot;><div class=\"sgb-preloader\" id=\"pr_2af53981\">\n\t<div class=\"sgb-square\" style=\"background:#d4d4d4\"><\/div>\n\t<div class=\"sgb-square\" style=\"background:#d4d4d4\"><\/div>\n\t<div class=\"sgb-square\" style=\"background:#d4d4d4\"><\/div>\n\t<div class=\"sgb-square\" style=\"background:#d4d4d4\"><\/div><\/div><div class=\"simply-gallery-amp pgc_sgb_slider \"><noscript><div class=\"sgb-gallery\"><div class=\"sgb-item\"><a href=\"https:\/\/ensemble-paroissial-reynies.fr\/?attachment_id=2004\" target=\"_blank\"><img decoding=\"async\" alt=\"\" width=\"300\" height=\"200\" loading=\"lazy\" src=\"https:\/\/ensemble-paroissial-reynies.fr\/wp-content\/uploads\/Cr\u00e8ches\/cr\u00e8ches_familiales_12_2023\/carriere4-300x200.jpg\" srcset=\"https:\/\/ensemble-paroissial-reynies.fr\/wp-content\/uploads\/Cr\u00e8ches\/cr\u00e8ches_familiales_12_2023\/carriere4-300x200.jpg 300w,https:\/\/ensemble-paroissial-reynies.fr\/wp-content\/uploads\/Cr\u00e8ches\/cr\u00e8ches_familiales_12_2023\/carriere4-1024x684.jpg 1024w,https:\/\/ensemble-paroissial-reynies.fr\/wp-content\/uploads\/Cr\u00e8ches\/cr\u00e8ches_familiales_12_2023\/carriere4.jpg 1785w\" sizes=\"auto, 250px\"\/><\/a><\/div><div class=\"sgb-item\"><a href=\"https:\/\/ensemble-paroissial-reynies.fr\/?attachment_id=1999\" target=\"_blank\"><img decoding=\"async\" alt=\"\" width=\"300\" height=\"201\" loading=\"lazy\" src=\"https:\/\/ensemble-paroissial-reynies.fr\/wp-content\/uploads\/Cr\u00e8ches\/cr\u00e8ches_familiales_12_2023\/carriere1-300x201.jpg\" srcset=\"https:\/\/ensemble-paroissial-reynies.fr\/wp-content\/uploads\/Cr\u00e8ches\/cr\u00e8ches_familiales_12_2023\/carriere1-300x201.jpg 300w,https:\/\/ensemble-paroissial-reynies.fr\/wp-content\/uploads\/Cr\u00e8ches\/cr\u00e8ches_familiales_12_2023\/carriere1-1024x685.jpg 1024w,https:\/\/ensemble-paroissial-reynies.fr\/wp-content\/uploads\/Cr\u00e8ches\/cr\u00e8ches_familiales_12_2023\/carriere1.jpg 1773w\" sizes=\"auto, 250px\"\/><\/a><\/div><div class=\"sgb-item\"><a href=\"https:\/\/ensemble-paroissial-reynies.fr\/?attachment_id=2002\" target=\"_blank\"><img decoding=\"async\" alt=\"\" width=\"300\" height=\"202\" loading=\"lazy\" src=\"https:\/\/ensemble-paroissial-reynies.fr\/wp-content\/uploads\/Cr\u00e8ches\/cr\u00e8ches_familiales_12_2023\/carriere3-300x202.jpg\" srcset=\"https:\/\/ensemble-paroissial-reynies.fr\/wp-content\/uploads\/Cr\u00e8ches\/cr\u00e8ches_familiales_12_2023\/carriere3-300x202.jpg 300w,https:\/\/ensemble-paroissial-reynies.fr\/wp-content\/uploads\/Cr\u00e8ches\/cr\u00e8ches_familiales_12_2023\/carriere3-1024x690.jpg 1024w,https:\/\/ensemble-paroissial-reynies.fr\/wp-content\/uploads\/Cr\u00e8ches\/cr\u00e8ches_familiales_12_2023\/carriere3.jpg 1764w\" sizes=\"auto, 250px\"\/><\/a><\/div><div class=\"sgb-item\"><a href=\"https:\/\/ensemble-paroissial-reynies.fr\/?attachment_id=2001\" target=\"_blank\"><img decoding=\"async\" alt=\"\" width=\"300\" height=\"196\" loading=\"lazy\" src=\"https:\/\/ensemble-paroissial-reynies.fr\/wp-content\/uploads\/Cr\u00e8ches\/cr\u00e8ches_familiales_12_2023\/carriere2-300x196.jpg\" srcset=\"https:\/\/ensemble-paroissial-reynies.fr\/wp-content\/uploads\/Cr\u00e8ches\/cr\u00e8ches_familiales_12_2023\/carriere2-300x196.jpg 300w,https:\/\/ensemble-paroissial-reynies.fr\/wp-content\/uploads\/Cr\u00e8ches\/cr\u00e8ches_familiales_12_2023\/carriere2-1024x670.jpg 1024w,https:\/\/ensemble-paroissial-reynies.fr\/wp-content\/uploads\/Cr\u00e8ches\/cr\u00e8ches_familiales_12_2023\/carriere2.jpg 1815w\" sizes=\"auto, 250px\"\/><\/a><\/div><div class=\"sgb-item\"><a href=\"https:\/\/ensemble-paroissial-reynies.fr\/?attachment_id=2012\" target=\"_blank\"><img decoding=\"async\" alt=\"\" width=\"300\" height=\"225\" loading=\"lazy\" src=\"https:\/\/ensemble-paroissial-reynies.fr\/wp-content\/uploads\/Cr\u00e8ches\/cr\u00e8ches_familiales_12_2023\/mriepo1-scaled-1-300x225.jpg\" srcset=\"https:\/\/ensemble-paroissial-reynies.fr\/wp-content\/uploads\/Cr\u00e8ches\/cr\u00e8ches_familiales_12_2023\/mriepo1-scaled-1-300x225.jpg 300w,https:\/\/ensemble-paroissial-reynies.fr\/wp-content\/uploads\/Cr\u00e8ches\/cr\u00e8ches_familiales_12_2023\/mriepo1-scaled-1-1024x768.jpg 1024w,https:\/\/ensemble-paroissial-reynies.fr\/wp-content\/uploads\/Cr\u00e8ches\/cr\u00e8ches_familiales_12_2023\/mriepo1-scaled-1.jpg 2560w\" sizes=\"auto, 250px\"\/><\/a><\/div><div class=\"sgb-item\"><a href=\"https:\/\/ensemble-paroissial-reynies.fr\/?attachment_id=2014\" target=\"_blank\"><img decoding=\"async\" alt=\"\" width=\"300\" height=\"211\" loading=\"lazy\" src=\"https:\/\/ensemble-paroissial-reynies.fr\/wp-content\/uploads\/Cr\u00e8ches\/cr\u00e8ches_familiales_12_2023\/mriepo3-scaled-1-300x211.jpg\" srcset=\"https:\/\/ensemble-paroissial-reynies.fr\/wp-content\/uploads\/Cr\u00e8ches\/cr\u00e8ches_familiales_12_2023\/mriepo3-scaled-1-300x211.jpg 300w,https:\/\/ensemble-paroissial-reynies.fr\/wp-content\/uploads\/Cr\u00e8ches\/cr\u00e8ches_familiales_12_2023\/mriepo3-scaled-1-1024x719.jpg 1024w,https:\/\/ensemble-paroissial-reynies.fr\/wp-content\/uploads\/Cr\u00e8ches\/cr\u00e8ches_familiales_12_2023\/mriepo3-scaled-1.jpg 2560w\" sizes=\"auto, 250px\"\/><\/a><\/div><div class=\"sgb-item\"><a href=\"https:\/\/ensemble-paroissial-reynies.fr\/?attachment_id=2013\" target=\"_blank\"><img decoding=\"async\" alt=\"\" width=\"300\" height=\"181\" loading=\"lazy\" src=\"https:\/\/ensemble-paroissial-reynies.fr\/wp-content\/uploads\/Cr\u00e8ches\/cr\u00e8ches_familiales_12_2023\/mriepo2-scaled-1-300x181.jpg\" srcset=\"https:\/\/ensemble-paroissial-reynies.fr\/wp-content\/uploads\/Cr\u00e8ches\/cr\u00e8ches_familiales_12_2023\/mriepo2-scaled-1-300x181.jpg 300w,https:\/\/ensemble-paroissial-reynies.fr\/wp-content\/uploads\/Cr\u00e8ches\/cr\u00e8ches_familiales_12_2023\/mriepo2-scaled-1-1024x619.jpg 1024w,https:\/\/ensemble-paroissial-reynies.fr\/wp-content\/uploads\/Cr\u00e8ches\/cr\u00e8ches_familiales_12_2023\/mriepo2-scaled-1.jpg 2560w\" sizes=\"auto, 250px\"\/><\/a><\/div><div class=\"sgb-item\"><a href=\"https:\/\/ensemble-paroissial-reynies.fr\/?attachment_id=2020\" target=\"_blank\"><img decoding=\"async\" alt=\"\" width=\"300\" height=\"225\" loading=\"lazy\" src=\"https:\/\/ensemble-paroissial-reynies.fr\/wp-content\/uploads\/Cr\u00e8ches\/cr\u00e8ches_familiales_12_2023\/vero1-300x225.jpg\" srcset=\"https:\/\/ensemble-paroissial-reynies.fr\/wp-content\/uploads\/Cr\u00e8ches\/cr\u00e8ches_familiales_12_2023\/vero1-300x225.jpg 300w,https:\/\/ensemble-paroissial-reynies.fr\/wp-content\/uploads\/Cr\u00e8ches\/cr\u00e8ches_familiales_12_2023\/vero1-1024x768.jpg 1024w,https:\/\/ensemble-paroissial-reynies.fr\/wp-content\/uploads\/Cr\u00e8ches\/cr\u00e8ches_familiales_12_2023\/vero1.jpg 1600w\" sizes=\"auto, 250px\"\/><\/a><\/div><div class=\"sgb-item\"><a href=\"https:\/\/ensemble-paroissial-reynies.fr\/?attachment_id=2024\" target=\"_blank\"><img decoding=\"async\" alt=\"\" width=\"300\" height=\"225\" loading=\"lazy\" src=\"https:\/\/ensemble-paroissial-reynies.fr\/wp-content\/uploads\/Cr\u00e8ches\/cr\u00e8ches_familiales_12_2023\/vero4-300x225.jpg\" srcset=\"https:\/\/ensemble-paroissial-reynies.fr\/wp-content\/uploads\/Cr\u00e8ches\/cr\u00e8ches_familiales_12_2023\/vero4-300x225.jpg 300w,https:\/\/ensemble-paroissial-reynies.fr\/wp-content\/uploads\/Cr\u00e8ches\/cr\u00e8ches_familiales_12_2023\/vero4-1024x768.jpg 1024w,https:\/\/ensemble-paroissial-reynies.fr\/wp-content\/uploads\/Cr\u00e8ches\/cr\u00e8ches_familiales_12_2023\/vero4.jpg 1600w\" sizes=\"auto, 250px\"\/><\/a><\/div><div class=\"sgb-item\"><a href=\"https:\/\/ensemble-paroissial-reynies.fr\/?attachment_id=2026\" target=\"_blank\"><img decoding=\"async\" alt=\"\" width=\"300\" height=\"225\" loading=\"lazy\" src=\"https:\/\/ensemble-paroissial-reynies.fr\/wp-content\/uploads\/Cr\u00e8ches\/cr\u00e8ches_familiales_12_2023\/vero6-300x225.jpg\" srcset=\"https:\/\/ensemble-paroissial-reynies.fr\/wp-content\/uploads\/Cr\u00e8ches\/cr\u00e8ches_familiales_12_2023\/vero6-300x225.jpg 300w,https:\/\/ensemble-paroissial-reynies.fr\/wp-content\/uploads\/Cr\u00e8ches\/cr\u00e8ches_familiales_12_2023\/vero6-1024x768.jpg 1024w,https:\/\/ensemble-paroissial-reynies.fr\/wp-content\/uploads\/Cr\u00e8ches\/cr\u00e8ches_familiales_12_2023\/vero6.jpg 1600w\" sizes=\"auto, 250px\"\/><\/a><\/div><div class=\"sgb-item\"><a href=\"https:\/\/ensemble-paroissial-reynies.fr\/?attachment_id=2023\" target=\"_blank\"><img decoding=\"async\" alt=\"\" width=\"300\" height=\"225\" loading=\"lazy\" src=\"https:\/\/ensemble-paroissial-reynies.fr\/wp-content\/uploads\/Cr\u00e8ches\/cr\u00e8ches_familiales_12_2023\/vero3-300x225.jpg\" srcset=\"https:\/\/ensemble-paroissial-reynies.fr\/wp-content\/uploads\/Cr\u00e8ches\/cr\u00e8ches_familiales_12_2023\/vero3-300x225.jpg 300w,https:\/\/ensemble-paroissial-reynies.fr\/wp-content\/uploads\/Cr\u00e8ches\/cr\u00e8ches_familiales_12_2023\/vero3-1024x768.jpg 1024w,https:\/\/ensemble-paroissial-reynies.fr\/wp-content\/uploads\/Cr\u00e8ches\/cr\u00e8ches_familiales_12_2023\/vero3.jpg 1600w\" sizes=\"auto, 250px\"\/><\/a><\/div><div class=\"sgb-item\"><a href=\"https:\/\/ensemble-paroissial-reynies.fr\/?attachment_id=2027\" target=\"_blank\"><img decoding=\"async\" alt=\"\" width=\"300\" height=\"225\" loading=\"lazy\" src=\"https:\/\/ensemble-paroissial-reynies.fr\/wp-content\/uploads\/Cr\u00e8ches\/cr\u00e8ches_familiales_12_2023\/vero7-300x225.jpg\" srcset=\"https:\/\/ensemble-paroissial-reynies.fr\/wp-content\/uploads\/Cr\u00e8ches\/cr\u00e8ches_familiales_12_2023\/vero7-300x225.jpg 300w,https:\/\/ensemble-paroissial-reynies.fr\/wp-content\/uploads\/Cr\u00e8ches\/cr\u00e8ches_familiales_12_2023\/vero7-1024x768.jpg 1024w,https:\/\/ensemble-paroissial-reynies.fr\/wp-content\/uploads\/Cr\u00e8ches\/cr\u00e8ches_familiales_12_2023\/vero7.jpg 1600w\" sizes=\"auto, 250px\"\/><\/a><\/div><div class=\"sgb-item\"><a href=\"https:\/\/ensemble-paroissial-reynies.fr\/?attachment_id=2025\" target=\"_blank\"><img decoding=\"async\" alt=\"\" width=\"225\" height=\"300\" loading=\"lazy\" src=\"https:\/\/ensemble-paroissial-reynies.fr\/wp-content\/uploads\/Cr\u00e8ches\/cr\u00e8ches_familiales_12_2023\/vero5-225x300.jpg\" srcset=\"https:\/\/ensemble-paroissial-reynies.fr\/wp-content\/uploads\/Cr\u00e8ches\/cr\u00e8ches_familiales_12_2023\/vero5-225x300.jpg 225w,https:\/\/ensemble-paroissial-reynies.fr\/wp-content\/uploads\/Cr\u00e8ches\/cr\u00e8ches_familiales_12_2023\/vero5-768x1024.jpg 768w,https:\/\/ensemble-paroissial-reynies.fr\/wp-content\/uploads\/Cr\u00e8ches\/cr\u00e8ches_familiales_12_2023\/vero5.jpg 1200w\" sizes=\"auto, 250px\"\/><\/a><\/div><div class=\"sgb-item\"><a href=\"https:\/\/ensemble-paroissial-reynies.fr\/?attachment_id=2022\" target=\"_blank\"><img decoding=\"async\" alt=\"\" width=\"225\" height=\"300\" loading=\"lazy\" src=\"https:\/\/ensemble-paroissial-reynies.fr\/wp-content\/uploads\/Cr\u00e8ches\/cr\u00e8ches_familiales_12_2023\/vero2-225x300.jpg\" srcset=\"https:\/\/ensemble-paroissial-reynies.fr\/wp-content\/uploads\/Cr\u00e8ches\/cr\u00e8ches_familiales_12_2023\/vero2-225x300.jpg 225w,https:\/\/ensemble-paroissial-reynies.fr\/wp-content\/uploads\/Cr\u00e8ches\/cr\u00e8ches_familiales_12_2023\/vero2-768x1024.jpg 768w,https:\/\/ensemble-paroissial-reynies.fr\/wp-content\/uploads\/Cr\u00e8ches\/cr\u00e8ches_familiales_12_2023\/vero2.jpg 1200w\" sizes=\"auto, 250px\"\/><\/a><\/div><div class=\"sgb-item\"><a href=\"https:\/\/ensemble-paroissial-reynies.fr\/?attachment_id=2000\" target=\"_blank\"><img decoding=\"async\" alt=\"\" width=\"300\" height=\"225\" loading=\"lazy\" src=\"https:\/\/ensemble-paroissial-reynies.fr\/wp-content\/uploads\/Cr\u00e8ches\/cr\u00e8ches_familiales_12_2023\/bonzom-scaled-1-300x225.jpg\" srcset=\"https:\/\/ensemble-paroissial-reynies.fr\/wp-content\/uploads\/Cr\u00e8ches\/cr\u00e8ches_familiales_12_2023\/bonzom-scaled-1-300x225.jpg 300w,https:\/\/ensemble-paroissial-reynies.fr\/wp-content\/uploads\/Cr\u00e8ches\/cr\u00e8ches_familiales_12_2023\/bonzom-scaled-1-1024x768.jpg 1024w,https:\/\/ensemble-paroissial-reynies.fr\/wp-content\/uploads\/Cr\u00e8ches\/cr\u00e8ches_familiales_12_2023\/bonzom-scaled-1.jpg 2560w\" sizes=\"auto, 250px\"\/><\/a><\/div><div class=\"sgb-item\"><a href=\"https:\/\/ensemble-paroissial-reynies.fr\/?attachment_id=2021\" target=\"_blank\"><img decoding=\"async\" alt=\"\" width=\"225\" height=\"300\" loading=\"lazy\" src=\"https:\/\/ensemble-paroissial-reynies.fr\/wp-content\/uploads\/Cr\u00e8ches\/cr\u00e8ches_familiales_12_2023\/seyries2-225x300.jpg\" srcset=\"https:\/\/ensemble-paroissial-reynies.fr\/wp-content\/uploads\/Cr\u00e8ches\/cr\u00e8ches_familiales_12_2023\/seyries2-225x300.jpg 225w,https:\/\/ensemble-paroissial-reynies.fr\/wp-content\/uploads\/Cr\u00e8ches\/cr\u00e8ches_familiales_12_2023\/seyries2-768x1024.jpg 768w,https:\/\/ensemble-paroissial-reynies.fr\/wp-content\/uploads\/Cr\u00e8ches\/cr\u00e8ches_familiales_12_2023\/seyries2.jpg 1200w\" sizes=\"auto, 250px\"\/><\/a><\/div><div class=\"sgb-item\"><a href=\"https:\/\/ensemble-paroissial-reynies.fr\/?attachment_id=2019\" target=\"_blank\"><img decoding=\"async\" alt=\"\" width=\"300\" height=\"225\" loading=\"lazy\" src=\"https:\/\/ensemble-paroissial-reynies.fr\/wp-content\/uploads\/Cr\u00e8ches\/cr\u00e8ches_familiales_12_2023\/seyries1-300x225.jpg\" srcset=\"https:\/\/ensemble-paroissial-reynies.fr\/wp-content\/uploads\/Cr\u00e8ches\/cr\u00e8ches_familiales_12_2023\/seyries1-300x225.jpg 300w,https:\/\/ensemble-paroissial-reynies.fr\/wp-content\/uploads\/Cr\u00e8ches\/cr\u00e8ches_familiales_12_2023\/seyries1-1024x768.jpg 1024w,https:\/\/ensemble-paroissial-reynies.fr\/wp-content\/uploads\/Cr\u00e8ches\/cr\u00e8ches_familiales_12_2023\/seyries1.jpg 1600w\" sizes=\"auto, 250px\"\/><\/a><\/div><div class=\"sgb-item\"><a href=\"https:\/\/ensemble-paroissial-reynies.fr\/?attachment_id=2006\" target=\"_blank\"><img decoding=\"async\" alt=\"\" width=\"300\" height=\"225\" loading=\"lazy\" src=\"https:\/\/ensemble-paroissial-reynies.fr\/wp-content\/uploads\/Cr\u00e8ches\/cr\u00e8ches_familiales_12_2023\/dsc06558-scaled-1-300x225.jpg\" srcset=\"https:\/\/ensemble-paroissial-reynies.fr\/wp-content\/uploads\/Cr\u00e8ches\/cr\u00e8ches_familiales_12_2023\/dsc06558-scaled-1-300x225.jpg 300w,https:\/\/ensemble-paroissial-reynies.fr\/wp-content\/uploads\/Cr\u00e8ches\/cr\u00e8ches_familiales_12_2023\/dsc06558-scaled-1-1024x768.jpg 1024w,https:\/\/ensemble-paroissial-reynies.fr\/wp-content\/uploads\/Cr\u00e8ches\/cr\u00e8ches_familiales_12_2023\/dsc06558-scaled-1.jpg 2560w\" sizes=\"auto, 250px\"\/><\/a><div class=\"sgb-item-caption\"><em>                               <\/em><\/div><\/div><div class=\"sgb-item\"><a href=\"https:\/\/ensemble-paroissial-reynies.fr\/?attachment_id=2003\" target=\"_blank\"><img decoding=\"async\" alt=\"\" width=\"300\" height=\"225\" loading=\"lazy\" src=\"https:\/\/ensemble-paroissial-reynies.fr\/wp-content\/uploads\/Cr\u00e8ches\/cr\u00e8ches_familiales_12_2023\/dsc06559-scaled-1-300x225.jpg\" srcset=\"https:\/\/ensemble-paroissial-reynies.fr\/wp-content\/uploads\/Cr\u00e8ches\/cr\u00e8ches_familiales_12_2023\/dsc06559-scaled-1-300x225.jpg 300w,https:\/\/ensemble-paroissial-reynies.fr\/wp-content\/uploads\/Cr\u00e8ches\/cr\u00e8ches_familiales_12_2023\/dsc06559-scaled-1-1024x768.jpg 1024w,https:\/\/ensemble-paroissial-reynies.fr\/wp-content\/uploads\/Cr\u00e8ches\/cr\u00e8ches_familiales_12_2023\/dsc06559-scaled-1.jpg 2560w\" sizes=\"auto, 250px\"\/><\/a><div class=\"sgb-item-caption\"><em>                               <\/em><\/div><\/div><div class=\"sgb-item\"><a href=\"https:\/\/ensemble-paroissial-reynies.fr\/?attachment_id=2007\" target=\"_blank\"><img decoding=\"async\" alt=\"\" width=\"300\" height=\"225\" loading=\"lazy\" src=\"https:\/\/ensemble-paroissial-reynies.fr\/wp-content\/uploads\/Cr\u00e8ches\/cr\u00e8ches_familiales_12_2023\/dsc06562-scaled-1-300x225.jpg\" srcset=\"https:\/\/ensemble-paroissial-reynies.fr\/wp-content\/uploads\/Cr\u00e8ches\/cr\u00e8ches_familiales_12_2023\/dsc06562-scaled-1-300x225.jpg 300w,https:\/\/ensemble-paroissial-reynies.fr\/wp-content\/uploads\/Cr\u00e8ches\/cr\u00e8ches_familiales_12_2023\/dsc06562-scaled-1-1024x768.jpg 1024w,https:\/\/ensemble-paroissial-reynies.fr\/wp-content\/uploads\/Cr\u00e8ches\/cr\u00e8ches_familiales_12_2023\/dsc06562-scaled-1.jpg 2560w\" sizes=\"auto, 250px\"\/><\/a><div class=\"sgb-item-caption\"><em>                               <\/em><\/div><\/div><div class=\"sgb-item\"><a href=\"https:\/\/ensemble-paroissial-reynies.fr\/?attachment_id=2005\" target=\"_blank\"><img decoding=\"async\" alt=\"\" width=\"300\" height=\"225\" loading=\"lazy\" src=\"https:\/\/ensemble-paroissial-reynies.fr\/wp-content\/uploads\/Cr\u00e8ches\/cr\u00e8ches_familiales_12_2023\/dsc06560-scaled-1-300x225.jpg\" srcset=\"https:\/\/ensemble-paroissial-reynies.fr\/wp-content\/uploads\/Cr\u00e8ches\/cr\u00e8ches_familiales_12_2023\/dsc06560-scaled-1-300x225.jpg 300w,https:\/\/ensemble-paroissial-reynies.fr\/wp-content\/uploads\/Cr\u00e8ches\/cr\u00e8ches_familiales_12_2023\/dsc06560-scaled-1-1024x768.jpg 1024w,https:\/\/ensemble-paroissial-reynies.fr\/wp-content\/uploads\/Cr\u00e8ches\/cr\u00e8ches_familiales_12_2023\/dsc06560-scaled-1.jpg 2560w\" sizes=\"auto, 250px\"\/><\/a><div class=\"sgb-item-caption\"><em>                               <\/em><\/div><\/div><div class=\"sgb-item\"><a href=\"https:\/\/ensemble-paroissial-reynies.fr\/?attachment_id=2015\" target=\"_blank\"><img decoding=\"async\" alt=\"\" width=\"300\" height=\"225\" loading=\"lazy\" src=\"https:\/\/ensemble-paroissial-reynies.fr\/wp-content\/uploads\/Cr\u00e8ches\/cr\u00e8ches_familiales_12_2023\/orgjv1-scaled-1-300x225.jpg\" srcset=\"https:\/\/ensemble-paroissial-reynies.fr\/wp-content\/uploads\/Cr\u00e8ches\/cr\u00e8ches_familiales_12_2023\/orgjv1-scaled-1-300x225.jpg 300w,https:\/\/ensemble-paroissial-reynies.fr\/wp-content\/uploads\/Cr\u00e8ches\/cr\u00e8ches_familiales_12_2023\/orgjv1-scaled-1-1024x768.jpg 1024w,https:\/\/ensemble-paroissial-reynies.fr\/wp-content\/uploads\/Cr\u00e8ches\/cr\u00e8ches_familiales_12_2023\/orgjv1-scaled-1.jpg 2560w\" sizes=\"auto, 250px\"\/><\/a><div class=\"sgb-item-caption\"><em>                               <\/em><\/div><\/div><div class=\"sgb-item\"><a href=\"https:\/\/ensemble-paroissial-reynies.fr\/?attachment_id=2018\" target=\"_blank\"><img decoding=\"async\" alt=\"\" width=\"300\" height=\"225\" loading=\"lazy\" src=\"https:\/\/ensemble-paroissial-reynies.fr\/wp-content\/uploads\/Cr\u00e8ches\/cr\u00e8ches_familiales_12_2023\/orgjv4-scaled-1-300x225.jpg\" srcset=\"https:\/\/ensemble-paroissial-reynies.fr\/wp-content\/uploads\/Cr\u00e8ches\/cr\u00e8ches_familiales_12_2023\/orgjv4-scaled-1-300x225.jpg 300w,https:\/\/ensemble-paroissial-reynies.fr\/wp-content\/uploads\/Cr\u00e8ches\/cr\u00e8ches_familiales_12_2023\/orgjv4-scaled-1-1024x768.jpg 1024w,https:\/\/ensemble-paroissial-reynies.fr\/wp-content\/uploads\/Cr\u00e8ches\/cr\u00e8ches_familiales_12_2023\/orgjv4-scaled-1.jpg 2560w\" sizes=\"auto, 250px\"\/><\/a><div class=\"sgb-item-caption\"><em>                               <\/em><\/div><\/div><div class=\"sgb-item\"><a href=\"https:\/\/ensemble-paroissial-reynies.fr\/?attachment_id=2017\" target=\"_blank\"><img decoding=\"async\" alt=\"\" width=\"300\" height=\"225\" loading=\"lazy\" src=\"https:\/\/ensemble-paroissial-reynies.fr\/wp-content\/uploads\/Cr\u00e8ches\/cr\u00e8ches_familiales_12_2023\/orgjv2-scaled-1-300x225.jpg\" srcset=\"https:\/\/ensemble-paroissial-reynies.fr\/wp-content\/uploads\/Cr\u00e8ches\/cr\u00e8ches_familiales_12_2023\/orgjv2-scaled-1-300x225.jpg 300w,https:\/\/ensemble-paroissial-reynies.fr\/wp-content\/uploads\/Cr\u00e8ches\/cr\u00e8ches_familiales_12_2023\/orgjv2-scaled-1-1024x768.jpg 1024w,https:\/\/ensemble-paroissial-reynies.fr\/wp-content\/uploads\/Cr\u00e8ches\/cr\u00e8ches_familiales_12_2023\/orgjv2-scaled-1.jpg 2560w\" sizes=\"auto, 250px\"\/><\/a><div class=\"sgb-item-caption\"><em>                               <\/em><\/div><\/div><div class=\"sgb-item\"><a href=\"https:\/\/ensemble-paroissial-reynies.fr\/?attachment_id=2016\" target=\"_blank\"><img decoding=\"async\" alt=\"\" width=\"300\" height=\"225\" loading=\"lazy\" src=\"https:\/\/ensemble-paroissial-reynies.fr\/wp-content\/uploads\/Cr\u00e8ches\/cr\u00e8ches_familiales_12_2023\/orgjv3-scaled-1-300x225.jpg\" srcset=\"https:\/\/ensemble-paroissial-reynies.fr\/wp-content\/uploads\/Cr\u00e8ches\/cr\u00e8ches_familiales_12_2023\/orgjv3-scaled-1-300x225.jpg 300w,https:\/\/ensemble-paroissial-reynies.fr\/wp-content\/uploads\/Cr\u00e8ches\/cr\u00e8ches_familiales_12_2023\/orgjv3-scaled-1-1024x768.jpg 1024w,https:\/\/ensemble-paroissial-reynies.fr\/wp-content\/uploads\/Cr\u00e8ches\/cr\u00e8ches_familiales_12_2023\/orgjv3-scaled-1.jpg 2560w\" sizes=\"auto, 250px\"\/><\/a><div class=\"sgb-item-caption\"><em>                               <\/em><\/div><\/div><div class=\"sgb-item\"><a href=\"https:\/\/ensemble-paroissial-reynies.fr\/?attachment_id=2009\" target=\"_blank\"><img decoding=\"async\" alt=\"\" width=\"225\" height=\"300\" loading=\"lazy\" src=\"https:\/\/ensemble-paroissial-reynies.fr\/wp-content\/uploads\/Cr\u00e8ches\/cr\u00e8ches_familiales_12_2023\/kieff3-scaled-1-225x300.jpg\" srcset=\"https:\/\/ensemble-paroissial-reynies.fr\/wp-content\/uploads\/Cr\u00e8ches\/cr\u00e8ches_familiales_12_2023\/kieff3-scaled-1-225x300.jpg 225w,https:\/\/ensemble-paroissial-reynies.fr\/wp-content\/uploads\/Cr\u00e8ches\/cr\u00e8ches_familiales_12_2023\/kieff3-scaled-1-768x1024.jpg 768w,https:\/\/ensemble-paroissial-reynies.fr\/wp-content\/uploads\/Cr\u00e8ches\/cr\u00e8ches_familiales_12_2023\/kieff3-scaled-1.jpg 1920w\" sizes=\"auto, 250px\"\/><\/a><\/div><div class=\"sgb-item\"><a href=\"https:\/\/ensemble-paroissial-reynies.fr\/?attachment_id=2008\" target=\"_blank\"><img decoding=\"async\" alt=\"\" width=\"225\" height=\"300\" loading=\"lazy\" src=\"https:\/\/ensemble-paroissial-reynies.fr\/wp-content\/uploads\/Cr\u00e8ches\/cr\u00e8ches_familiales_12_2023\/kieff1-scaled-1-225x300.jpg\" srcset=\"https:\/\/ensemble-paroissial-reynies.fr\/wp-content\/uploads\/Cr\u00e8ches\/cr\u00e8ches_familiales_12_2023\/kieff1-scaled-1-225x300.jpg 225w,https:\/\/ensemble-paroissial-reynies.fr\/wp-content\/uploads\/Cr\u00e8ches\/cr\u00e8ches_familiales_12_2023\/kieff1-scaled-1-768x1024.jpg 768w,https:\/\/ensemble-paroissial-reynies.fr\/wp-content\/uploads\/Cr\u00e8ches\/cr\u00e8ches_familiales_12_2023\/kieff1-scaled-1.jpg 1920w\" sizes=\"auto, 250px\"\/><\/a><\/div><div class=\"sgb-item\"><a href=\"https:\/\/ensemble-paroissial-reynies.fr\/?attachment_id=2028\" target=\"_blank\"><img decoding=\"async\" alt=\"\" width=\"225\" height=\"300\" loading=\"lazy\" src=\"https:\/\/ensemble-paroissial-reynies.fr\/wp-content\/uploads\/Cr\u00e8ches\/cr\u00e8ches_familiales_12_2023\/kieff2-scaled-1-225x300.jpg\" srcset=\"https:\/\/ensemble-paroissial-reynies.fr\/wp-content\/uploads\/Cr\u00e8ches\/cr\u00e8ches_familiales_12_2023\/kieff2-scaled-1-225x300.jpg 225w,https:\/\/ensemble-paroissial-reynies.fr\/wp-content\/uploads\/Cr\u00e8ches\/cr\u00e8ches_familiales_12_2023\/kieff2-scaled-1-768x1024.jpg 768w,https:\/\/ensemble-paroissial-reynies.fr\/wp-content\/uploads\/Cr\u00e8ches\/cr\u00e8ches_familiales_12_2023\/kieff2-scaled-1.jpg 1920w\" sizes=\"auto, 250px\"\/><\/a><\/div><div class=\"sgb-item\"><a href=\"https:\/\/ensemble-paroissial-reynies.fr\/?attachment_id=2011\" target=\"_blank\"><img decoding=\"async\" alt=\"\" width=\"225\" height=\"300\" loading=\"lazy\" src=\"https:\/\/ensemble-paroissial-reynies.fr\/wp-content\/uploads\/Cr\u00e8ches\/cr\u00e8ches_familiales_12_2023\/kieff4-scaled-1-225x300.jpg\" srcset=\"https:\/\/ensemble-paroissial-reynies.fr\/wp-content\/uploads\/Cr\u00e8ches\/cr\u00e8ches_familiales_12_2023\/kieff4-scaled-1-225x300.jpg 225w,https:\/\/ensemble-paroissial-reynies.fr\/wp-content\/uploads\/Cr\u00e8ches\/cr\u00e8ches_familiales_12_2023\/kieff4-scaled-1-768x1024.jpg 768w,https:\/\/ensemble-paroissial-reynies.fr\/wp-content\/uploads\/Cr\u00e8ches\/cr\u00e8ches_familiales_12_2023\/kieff4-scaled-1.jpg 1920w\" sizes=\"auto, 250px\"\/><\/a><\/div><div class=\"sgb-item\"><a href=\"https:\/\/ensemble-paroissial-reynies.fr\/?attachment_id=2010\" target=\"_blank\"><img decoding=\"async\" alt=\"\" width=\"135\" height=\"300\" loading=\"lazy\" src=\"https:\/\/ensemble-paroissial-reynies.fr\/wp-content\/uploads\/Cr\u00e8ches\/cr\u00e8ches_familiales_12_2023\/lespiau-135x300.jpg\" srcset=\"https:\/\/ensemble-paroissial-reynies.fr\/wp-content\/uploads\/Cr\u00e8ches\/cr\u00e8ches_familiales_12_2023\/lespiau-135x300.jpg 135w,https:\/\/ensemble-paroissial-reynies.fr\/wp-content\/uploads\/Cr\u00e8ches\/cr\u00e8ches_familiales_12_2023\/lespiau.jpg 288w\" sizes=\"auto, 250px\"\/><\/a><\/div><\/div><\/noscript><\/div><script type=\"application\/json\" class=\"sgb-data\">{\"collectionThumbRecomendedWidth\":150,\"captions\":false,\"collectionThumbSubMenuDownload\":false,\"sliderMaxHeight\":460,\"sliderAdminWidth\":920,\"responsiveHeight\":true,\"galleryType\":\"pgc_sgb_slider\",\"galleryId\":\"2af53981\",\"images\":[{\"id\":2004,\"title\":\"carriere4\",\"url\":\"https:\/\/ensemble-paroissial-reynies.fr\/wp-content\/uploads\/Cr\u00e8ches\/cr\u00e8ches_familiales_12_2023\/carriere4.jpg\",\"link\":\"https:\/\/ensemble-paroissial-reynies.fr\/?attachment_id=2004\",\"alt\":\"\",\"description\":\"\",\"caption\":\"\",\"mime\":\"image\/jpeg\",\"type\":\"image\",\"width\":1785,\"height\":1192,\"sizes\":{\"thumbnail\":{\"height\":150,\"width\":150,\"url\":\"https:\/\/ensemble-paroissial-reynies.fr\/wp-content\/uploads\/Cr\u00e8ches\/cr\u00e8ches_familiales_12_2023\/carriere4-150x150.jpg\",\"orientation\":\"landscape\"},\"medium\":{\"height\":200,\"width\":300,\"url\":\"https:\/\/ensemble-paroissial-reynies.fr\/wp-content\/uploads\/Cr\u00e8ches\/cr\u00e8ches_familiales_12_2023\/carriere4-300x200.jpg\",\"orientation\":\"landscape\"},\"large\":{\"height\":684,\"width\":1024,\"url\":\"https:\/\/ensemble-paroissial-reynies.fr\/wp-content\/uploads\/Cr\u00e8ches\/cr\u00e8ches_familiales_12_2023\/carriere4-1024x684.jpg\",\"orientation\":\"landscape\"},\"full\":{\"url\":\"https:\/\/ensemble-paroissial-reynies.fr\/wp-content\/uploads\/Cr\u00e8ches\/cr\u00e8ches_familiales_12_2023\/carriere4.jpg\",\"height\":1192,\"width\":1785,\"orientation\":\"landscape\"}},\"imageMeta\":{\"aperture\":\"0\",\"credit\":\"\",\"camera\":\"Canon TS6200 series Network\",\"caption\":\"\",\"created_timestamp\":\"\",\"copyright\":\"\",\"focal_length\":\"0\",\"iso\":\"0\",\"shutter_speed\":\"0\",\"title\":\"\",\"orientation\":\"1\",\"keywords\":[]},\"meta\":false,\"postlink\":\"https:\/\/ensemble-paroissial-reynies.fr\/?attachment_id=2004\"},{\"id\":1999,\"title\":\"carriere1\",\"url\":\"https:\/\/ensemble-paroissial-reynies.fr\/wp-content\/uploads\/Cr\u00e8ches\/cr\u00e8ches_familiales_12_2023\/carriere1.jpg\",\"link\":\"https:\/\/ensemble-paroissial-reynies.fr\/?attachment_id=1999\",\"alt\":\"\",\"description\":\"\",\"caption\":\"\",\"mime\":\"image\/jpeg\",\"type\":\"image\",\"width\":1773,\"height\":1186,\"sizes\":{\"thumbnail\":{\"height\":150,\"width\":150,\"url\":\"https:\/\/ensemble-paroissial-reynies.fr\/wp-content\/uploads\/Cr\u00e8ches\/cr\u00e8ches_familiales_12_2023\/carriere1-150x150.jpg\",\"orientation\":\"landscape\"},\"medium\":{\"height\":201,\"width\":300,\"url\":\"https:\/\/ensemble-paroissial-reynies.fr\/wp-content\/uploads\/Cr\u00e8ches\/cr\u00e8ches_familiales_12_2023\/carriere1-300x201.jpg\",\"orientation\":\"landscape\"},\"large\":{\"height\":685,\"width\":1024,\"url\":\"https:\/\/ensemble-paroissial-reynies.fr\/wp-content\/uploads\/Cr\u00e8ches\/cr\u00e8ches_familiales_12_2023\/carriere1-1024x685.jpg\",\"orientation\":\"landscape\"},\"full\":{\"url\":\"https:\/\/ensemble-paroissial-reynies.fr\/wp-content\/uploads\/Cr\u00e8ches\/cr\u00e8ches_familiales_12_2023\/carriere1.jpg\",\"height\":1186,\"width\":1773,\"orientation\":\"landscape\"}},\"imageMeta\":{\"aperture\":\"0\",\"credit\":\"\",\"camera\":\"Canon TS6200 series Network\",\"caption\":\"\",\"created_timestamp\":\"\",\"copyright\":\"\",\"focal_length\":\"0\",\"iso\":\"0\",\"shutter_speed\":\"0\",\"title\":\"\",\"orientation\":\"1\",\"keywords\":[]},\"meta\":false,\"postlink\":\"https:\/\/ensemble-paroissial-reynies.fr\/?attachment_id=1999\"},{\"id\":2002,\"title\":\"carriere3\",\"url\":\"https:\/\/ensemble-paroissial-reynies.fr\/wp-content\/uploads\/Cr\u00e8ches\/cr\u00e8ches_familiales_12_2023\/carriere3.jpg\",\"link\":\"https:\/\/ensemble-paroissial-reynies.fr\/?attachment_id=2002\",\"alt\":\"\",\"description\":\"\",\"caption\":\"\",\"mime\":\"image\/jpeg\",\"type\":\"image\",\"width\":1764,\"height\":1188,\"sizes\":{\"thumbnail\":{\"height\":150,\"width\":150,\"url\":\"https:\/\/ensemble-paroissial-reynies.fr\/wp-content\/uploads\/Cr\u00e8ches\/cr\u00e8ches_familiales_12_2023\/carriere3-150x150.jpg\",\"orientation\":\"landscape\"},\"medium\":{\"height\":202,\"width\":300,\"url\":\"https:\/\/ensemble-paroissial-reynies.fr\/wp-content\/uploads\/Cr\u00e8ches\/cr\u00e8ches_familiales_12_2023\/carriere3-300x202.jpg\",\"orientation\":\"landscape\"},\"large\":{\"height\":690,\"width\":1024,\"url\":\"https:\/\/ensemble-paroissial-reynies.fr\/wp-content\/uploads\/Cr\u00e8ches\/cr\u00e8ches_familiales_12_2023\/carriere3-1024x690.jpg\",\"orientation\":\"landscape\"},\"full\":{\"url\":\"https:\/\/ensemble-paroissial-reynies.fr\/wp-content\/uploads\/Cr\u00e8ches\/cr\u00e8ches_familiales_12_2023\/carriere3.jpg\",\"height\":1188,\"width\":1764,\"orientation\":\"landscape\"}},\"imageMeta\":{\"aperture\":\"0\",\"credit\":\"\",\"camera\":\"Canon TS6200 series Network\",\"caption\":\"\",\"created_timestamp\":\"\",\"copyright\":\"\",\"focal_length\":\"0\",\"iso\":\"0\",\"shutter_speed\":\"0\",\"title\":\"\",\"orientation\":\"1\",\"keywords\":[]},\"meta\":false,\"postlink\":\"https:\/\/ensemble-paroissial-reynies.fr\/?attachment_id=2002\"},{\"id\":2001,\"title\":\"carriere2\",\"url\":\"https:\/\/ensemble-paroissial-reynies.fr\/wp-content\/uploads\/Cr\u00e8ches\/cr\u00e8ches_familiales_12_2023\/carriere2.jpg\",\"link\":\"https:\/\/ensemble-paroissial-reynies.fr\/?attachment_id=2001\",\"alt\":\"\",\"description\":\"\",\"caption\":\"\",\"mime\":\"image\/jpeg\",\"type\":\"image\",\"width\":1815,\"height\":1188,\"sizes\":{\"thumbnail\":{\"height\":150,\"width\":150,\"url\":\"https:\/\/ensemble-paroissial-reynies.fr\/wp-content\/uploads\/Cr\u00e8ches\/cr\u00e8ches_familiales_12_2023\/carriere2-150x150.jpg\",\"orientation\":\"landscape\"},\"medium\":{\"height\":196,\"width\":300,\"url\":\"https:\/\/ensemble-paroissial-reynies.fr\/wp-content\/uploads\/Cr\u00e8ches\/cr\u00e8ches_familiales_12_2023\/carriere2-300x196.jpg\",\"orientation\":\"landscape\"},\"large\":{\"height\":670,\"width\":1024,\"url\":\"https:\/\/ensemble-paroissial-reynies.fr\/wp-content\/uploads\/Cr\u00e8ches\/cr\u00e8ches_familiales_12_2023\/carriere2-1024x670.jpg\",\"orientation\":\"landscape\"},\"full\":{\"url\":\"https:\/\/ensemble-paroissial-reynies.fr\/wp-content\/uploads\/Cr\u00e8ches\/cr\u00e8ches_familiales_12_2023\/carriere2.jpg\",\"height\":1188,\"width\":1815,\"orientation\":\"landscape\"}},\"imageMeta\":{\"aperture\":\"0\",\"credit\":\"\",\"camera\":\"Canon TS6200 series Network\",\"caption\":\"\",\"created_timestamp\":\"\",\"copyright\":\"\",\"focal_length\":\"0\",\"iso\":\"0\",\"shutter_speed\":\"0\",\"title\":\"\",\"orientation\":\"1\",\"keywords\":[]},\"meta\":false,\"postlink\":\"https:\/\/ensemble-paroissial-reynies.fr\/?attachment_id=2001\"},{\"id\":2012,\"title\":\"mriepo1-scaled-1\",\"url\":\"https:\/\/ensemble-paroissial-reynies.fr\/wp-content\/uploads\/Cr\u00e8ches\/cr\u00e8ches_familiales_12_2023\/mriepo1-scaled-1.jpg\",\"link\":\"https:\/\/ensemble-paroissial-reynies.fr\/?attachment_id=2012\",\"alt\":\"\",\"description\":\"\",\"caption\":\"\",\"mime\":\"image\/jpeg\",\"type\":\"image\",\"width\":2560,\"height\":1920,\"sizes\":{\"thumbnail\":{\"height\":150,\"width\":150,\"url\":\"https:\/\/ensemble-paroissial-reynies.fr\/wp-content\/uploads\/Cr\u00e8ches\/cr\u00e8ches_familiales_12_2023\/mriepo1-scaled-1-150x150.jpg\",\"orientation\":\"landscape\"},\"medium\":{\"height\":225,\"width\":300,\"url\":\"https:\/\/ensemble-paroissial-reynies.fr\/wp-content\/uploads\/Cr\u00e8ches\/cr\u00e8ches_familiales_12_2023\/mriepo1-scaled-1-300x225.jpg\",\"orientation\":\"landscape\"},\"large\":{\"height\":768,\"width\":1024,\"url\":\"https:\/\/ensemble-paroissial-reynies.fr\/wp-content\/uploads\/Cr\u00e8ches\/cr\u00e8ches_familiales_12_2023\/mriepo1-scaled-1-1024x768.jpg\",\"orientation\":\"landscape\"},\"full\":{\"url\":\"https:\/\/ensemble-paroissial-reynies.fr\/wp-content\/uploads\/Cr\u00e8ches\/cr\u00e8ches_familiales_12_2023\/mriepo1-scaled-1.jpg\",\"height\":1920,\"width\":2560,\"orientation\":\"landscape\"}},\"imageMeta\":{\"aperture\":\"2\",\"credit\":\"\",\"camera\":\"SM-A127F\",\"caption\":\"\",\"created_timestamp\":\"1703587039\",\"copyright\":\"\",\"focal_length\":\"4.6\",\"iso\":\"1000\",\"shutter_speed\":\"0.05\",\"title\":\"\",\"orientation\":\"1\",\"keywords\":[]},\"meta\":false,\"postlink\":\"https:\/\/ensemble-paroissial-reynies.fr\/?attachment_id=2012\"},{\"id\":2014,\"title\":\"mriepo3-scaled-1\",\"url\":\"https:\/\/ensemble-paroissial-reynies.fr\/wp-content\/uploads\/Cr\u00e8ches\/cr\u00e8ches_familiales_12_2023\/mriepo3-scaled-1.jpg\",\"link\":\"https:\/\/ensemble-paroissial-reynies.fr\/?attachment_id=2014\",\"alt\":\"\",\"description\":\"\",\"caption\":\"\",\"mime\":\"image\/jpeg\",\"type\":\"image\",\"width\":2560,\"height\":1798,\"sizes\":{\"thumbnail\":{\"height\":150,\"width\":150,\"url\":\"https:\/\/ensemble-paroissial-reynies.fr\/wp-content\/uploads\/Cr\u00e8ches\/cr\u00e8ches_familiales_12_2023\/mriepo3-scaled-1-150x150.jpg\",\"orientation\":\"landscape\"},\"medium\":{\"height\":211,\"width\":300,\"url\":\"https:\/\/ensemble-paroissial-reynies.fr\/wp-content\/uploads\/Cr\u00e8ches\/cr\u00e8ches_familiales_12_2023\/mriepo3-scaled-1-300x211.jpg\",\"orientation\":\"landscape\"},\"large\":{\"height\":719,\"width\":1024,\"url\":\"https:\/\/ensemble-paroissial-reynies.fr\/wp-content\/uploads\/Cr\u00e8ches\/cr\u00e8ches_familiales_12_2023\/mriepo3-scaled-1-1024x719.jpg\",\"orientation\":\"landscape\"},\"full\":{\"url\":\"https:\/\/ensemble-paroissial-reynies.fr\/wp-content\/uploads\/Cr\u00e8ches\/cr\u00e8ches_familiales_12_2023\/mriepo3-scaled-1.jpg\",\"height\":1798,\"width\":2560,\"orientation\":\"landscape\"}},\"imageMeta\":{\"aperture\":\"2\",\"credit\":\"\",\"camera\":\"SM-A127F\",\"caption\":\"\",\"created_timestamp\":\"1703587130\",\"copyright\":\"\",\"focal_length\":\"4.6\",\"iso\":\"500\",\"shutter_speed\":\"0.04\",\"title\":\"\",\"orientation\":\"1\",\"keywords\":[]},\"meta\":false,\"postlink\":\"https:\/\/ensemble-paroissial-reynies.fr\/?attachment_id=2014\"},{\"id\":2013,\"title\":\"mriepo2-scaled-1\",\"url\":\"https:\/\/ensemble-paroissial-reynies.fr\/wp-content\/uploads\/Cr\u00e8ches\/cr\u00e8ches_familiales_12_2023\/mriepo2-scaled-1.jpg\",\"link\":\"https:\/\/ensemble-paroissial-reynies.fr\/?attachment_id=2013\",\"alt\":\"\",\"description\":\"\",\"caption\":\"\",\"mime\":\"image\/jpeg\",\"type\":\"image\",\"width\":2560,\"height\":1548,\"sizes\":{\"thumbnail\":{\"height\":150,\"width\":150,\"url\":\"https:\/\/ensemble-paroissial-reynies.fr\/wp-content\/uploads\/Cr\u00e8ches\/cr\u00e8ches_familiales_12_2023\/mriepo2-scaled-1-150x150.jpg\",\"orientation\":\"landscape\"},\"medium\":{\"height\":181,\"width\":300,\"url\":\"https:\/\/ensemble-paroissial-reynies.fr\/wp-content\/uploads\/Cr\u00e8ches\/cr\u00e8ches_familiales_12_2023\/mriepo2-scaled-1-300x181.jpg\",\"orientation\":\"landscape\"},\"large\":{\"height\":619,\"width\":1024,\"url\":\"https:\/\/ensemble-paroissial-reynies.fr\/wp-content\/uploads\/Cr\u00e8ches\/cr\u00e8ches_familiales_12_2023\/mriepo2-scaled-1-1024x619.jpg\",\"orientation\":\"landscape\"},\"full\":{\"url\":\"https:\/\/ensemble-paroissial-reynies.fr\/wp-content\/uploads\/Cr\u00e8ches\/cr\u00e8ches_familiales_12_2023\/mriepo2-scaled-1.jpg\",\"height\":1548,\"width\":2560,\"orientation\":\"landscape\"}},\"imageMeta\":{\"aperture\":\"2\",\"credit\":\"\",\"camera\":\"SM-A127F\",\"caption\":\"\",\"created_timestamp\":\"1703587118\",\"copyright\":\"\",\"focal_length\":\"4.6\",\"iso\":\"800\",\"shutter_speed\":\"0.05\",\"title\":\"\",\"orientation\":\"1\",\"keywords\":[]},\"meta\":false,\"postlink\":\"https:\/\/ensemble-paroissial-reynies.fr\/?attachment_id=2013\"},{\"id\":2020,\"title\":\"vero1\",\"url\":\"https:\/\/ensemble-paroissial-reynies.fr\/wp-content\/uploads\/Cr\u00e8ches\/cr\u00e8ches_familiales_12_2023\/vero1.jpg\",\"link\":\"https:\/\/ensemble-paroissial-reynies.fr\/?attachment_id=2020\",\"alt\":\"\",\"description\":\"\",\"caption\":\"\",\"mime\":\"image\/jpeg\",\"type\":\"image\",\"width\":1600,\"height\":1200,\"sizes\":{\"thumbnail\":{\"height\":150,\"width\":150,\"url\":\"https:\/\/ensemble-paroissial-reynies.fr\/wp-content\/uploads\/Cr\u00e8ches\/cr\u00e8ches_familiales_12_2023\/vero1-150x150.jpg\",\"orientation\":\"landscape\"},\"medium\":{\"height\":225,\"width\":300,\"url\":\"https:\/\/ensemble-paroissial-reynies.fr\/wp-content\/uploads\/Cr\u00e8ches\/cr\u00e8ches_familiales_12_2023\/vero1-300x225.jpg\",\"orientation\":\"landscape\"},\"large\":{\"height\":768,\"width\":1024,\"url\":\"https:\/\/ensemble-paroissial-reynies.fr\/wp-content\/uploads\/Cr\u00e8ches\/cr\u00e8ches_familiales_12_2023\/vero1-1024x768.jpg\",\"orientation\":\"landscape\"},\"full\":{\"url\":\"https:\/\/ensemble-paroissial-reynies.fr\/wp-content\/uploads\/Cr\u00e8ches\/cr\u00e8ches_familiales_12_2023\/vero1.jpg\",\"height\":1200,\"width\":1600,\"orientation\":\"landscape\"}},\"imageMeta\":{\"aperture\":\"0\",\"credit\":\"\",\"camera\":\"\",\"caption\":\"\",\"created_timestamp\":\"0\",\"copyright\":\"\",\"focal_length\":\"0\",\"iso\":\"0\",\"shutter_speed\":\"0\",\"title\":\"\",\"orientation\":\"0\",\"keywords\":[]},\"meta\":false,\"postlink\":\"https:\/\/ensemble-paroissial-reynies.fr\/?attachment_id=2020\"},{\"id\":2024,\"title\":\"vero4\",\"url\":\"https:\/\/ensemble-paroissial-reynies.fr\/wp-content\/uploads\/Cr\u00e8ches\/cr\u00e8ches_familiales_12_2023\/vero4.jpg\",\"link\":\"https:\/\/ensemble-paroissial-reynies.fr\/?attachment_id=2024\",\"alt\":\"\",\"description\":\"\",\"caption\":\"\",\"mime\":\"image\/jpeg\",\"type\":\"image\",\"width\":1600,\"height\":1200,\"sizes\":{\"thumbnail\":{\"height\":150,\"width\":150,\"url\":\"https:\/\/ensemble-paroissial-reynies.fr\/wp-content\/uploads\/Cr\u00e8ches\/cr\u00e8ches_familiales_12_2023\/vero4-150x150.jpg\",\"orientation\":\"landscape\"},\"medium\":{\"height\":225,\"width\":300,\"url\":\"https:\/\/ensemble-paroissial-reynies.fr\/wp-content\/uploads\/Cr\u00e8ches\/cr\u00e8ches_familiales_12_2023\/vero4-300x225.jpg\",\"orientation\":\"landscape\"},\"large\":{\"height\":768,\"width\":1024,\"url\":\"https:\/\/ensemble-paroissial-reynies.fr\/wp-content\/uploads\/Cr\u00e8ches\/cr\u00e8ches_familiales_12_2023\/vero4-1024x768.jpg\",\"orientation\":\"landscape\"},\"full\":{\"url\":\"https:\/\/ensemble-paroissial-reynies.fr\/wp-content\/uploads\/Cr\u00e8ches\/cr\u00e8ches_familiales_12_2023\/vero4.jpg\",\"height\":1200,\"width\":1600,\"orientation\":\"landscape\"}},\"imageMeta\":{\"aperture\":\"0\",\"credit\":\"\",\"camera\":\"\",\"caption\":\"\",\"created_timestamp\":\"0\",\"copyright\":\"\",\"focal_length\":\"0\",\"iso\":\"0\",\"shutter_speed\":\"0\",\"title\":\"\",\"orientation\":\"0\",\"keywords\":[]},\"meta\":false,\"postlink\":\"https:\/\/ensemble-paroissial-reynies.fr\/?attachment_id=2024\"},{\"id\":2026,\"title\":\"vero6\",\"url\":\"https:\/\/ensemble-paroissial-reynies.fr\/wp-content\/uploads\/Cr\u00e8ches\/cr\u00e8ches_familiales_12_2023\/vero6.jpg\",\"link\":\"https:\/\/ensemble-paroissial-reynies.fr\/?attachment_id=2026\",\"alt\":\"\",\"description\":\"\",\"caption\":\"\",\"mime\":\"image\/jpeg\",\"type\":\"image\",\"width\":1600,\"height\":1200,\"sizes\":{\"thumbnail\":{\"height\":150,\"width\":150,\"url\":\"https:\/\/ensemble-paroissial-reynies.fr\/wp-content\/uploads\/Cr\u00e8ches\/cr\u00e8ches_familiales_12_2023\/vero6-150x150.jpg\",\"orientation\":\"landscape\"},\"medium\":{\"height\":225,\"width\":300,\"url\":\"https:\/\/ensemble-paroissial-reynies.fr\/wp-content\/uploads\/Cr\u00e8ches\/cr\u00e8ches_familiales_12_2023\/vero6-300x225.jpg\",\"orientation\":\"landscape\"},\"large\":{\"height\":768,\"width\":1024,\"url\":\"https:\/\/ensemble-paroissial-reynies.fr\/wp-content\/uploads\/Cr\u00e8ches\/cr\u00e8ches_familiales_12_2023\/vero6-1024x768.jpg\",\"orientation\":\"landscape\"},\"full\":{\"url\":\"https:\/\/ensemble-paroissial-reynies.fr\/wp-content\/uploads\/Cr\u00e8ches\/cr\u00e8ches_familiales_12_2023\/vero6.jpg\",\"height\":1200,\"width\":1600,\"orientation\":\"landscape\"}},\"imageMeta\":{\"aperture\":\"0\",\"credit\":\"\",\"camera\":\"\",\"caption\":\"\",\"created_timestamp\":\"0\",\"copyright\":\"\",\"focal_length\":\"0\",\"iso\":\"0\",\"shutter_speed\":\"0\",\"title\":\"\",\"orientation\":\"0\",\"keywords\":[]},\"meta\":false,\"postlink\":\"https:\/\/ensemble-paroissial-reynies.fr\/?attachment_id=2026\"},{\"id\":2023,\"title\":\"vero3\",\"url\":\"https:\/\/ensemble-paroissial-reynies.fr\/wp-content\/uploads\/Cr\u00e8ches\/cr\u00e8ches_familiales_12_2023\/vero3.jpg\",\"link\":\"https:\/\/ensemble-paroissial-reynies.fr\/?attachment_id=2023\",\"alt\":\"\",\"description\":\"\",\"caption\":\"\",\"mime\":\"image\/jpeg\",\"type\":\"image\",\"width\":1600,\"height\":1200,\"sizes\":{\"thumbnail\":{\"height\":150,\"width\":150,\"url\":\"https:\/\/ensemble-paroissial-reynies.fr\/wp-content\/uploads\/Cr\u00e8ches\/cr\u00e8ches_familiales_12_2023\/vero3-150x150.jpg\",\"orientation\":\"landscape\"},\"medium\":{\"height\":225,\"width\":300,\"url\":\"https:\/\/ensemble-paroissial-reynies.fr\/wp-content\/uploads\/Cr\u00e8ches\/cr\u00e8ches_familiales_12_2023\/vero3-300x225.jpg\",\"orientation\":\"landscape\"},\"large\":{\"height\":768,\"width\":1024,\"url\":\"https:\/\/ensemble-paroissial-reynies.fr\/wp-content\/uploads\/Cr\u00e8ches\/cr\u00e8ches_familiales_12_2023\/vero3-1024x768.jpg\",\"orientation\":\"landscape\"},\"full\":{\"url\":\"https:\/\/ensemble-paroissial-reynies.fr\/wp-content\/uploads\/Cr\u00e8ches\/cr\u00e8ches_familiales_12_2023\/vero3.jpg\",\"height\":1200,\"width\":1600,\"orientation\":\"landscape\"}},\"imageMeta\":{\"aperture\":\"0\",\"credit\":\"\",\"camera\":\"\",\"caption\":\"\",\"created_timestamp\":\"0\",\"copyright\":\"\",\"focal_length\":\"0\",\"iso\":\"0\",\"shutter_speed\":\"0\",\"title\":\"\",\"orientation\":\"0\",\"keywords\":[]},\"meta\":false,\"postlink\":\"https:\/\/ensemble-paroissial-reynies.fr\/?attachment_id=2023\"},{\"id\":2027,\"title\":\"vero7\",\"url\":\"https:\/\/ensemble-paroissial-reynies.fr\/wp-content\/uploads\/Cr\u00e8ches\/cr\u00e8ches_familiales_12_2023\/vero7.jpg\",\"link\":\"https:\/\/ensemble-paroissial-reynies.fr\/?attachment_id=2027\",\"alt\":\"\",\"description\":\"\",\"caption\":\"\",\"mime\":\"image\/jpeg\",\"type\":\"image\",\"width\":1600,\"height\":1200,\"sizes\":{\"thumbnail\":{\"height\":150,\"width\":150,\"url\":\"https:\/\/ensemble-paroissial-reynies.fr\/wp-content\/uploads\/Cr\u00e8ches\/cr\u00e8ches_familiales_12_2023\/vero7-150x150.jpg\",\"orientation\":\"landscape\"},\"medium\":{\"height\":225,\"width\":300,\"url\":\"https:\/\/ensemble-paroissial-reynies.fr\/wp-content\/uploads\/Cr\u00e8ches\/cr\u00e8ches_familiales_12_2023\/vero7-300x225.jpg\",\"orientation\":\"landscape\"},\"large\":{\"height\":768,\"width\":1024,\"url\":\"https:\/\/ensemble-paroissial-reynies.fr\/wp-content\/uploads\/Cr\u00e8ches\/cr\u00e8ches_familiales_12_2023\/vero7-1024x768.jpg\",\"orientation\":\"landscape\"},\"full\":{\"url\":\"https:\/\/ensemble-paroissial-reynies.fr\/wp-content\/uploads\/Cr\u00e8ches\/cr\u00e8ches_familiales_12_2023\/vero7.jpg\",\"height\":1200,\"width\":1600,\"orientation\":\"landscape\"}},\"imageMeta\":{\"aperture\":\"0\",\"credit\":\"\",\"camera\":\"\",\"caption\":\"\",\"created_timestamp\":\"0\",\"copyright\":\"\",\"focal_length\":\"0\",\"iso\":\"0\",\"shutter_speed\":\"0\",\"title\":\"\",\"orientation\":\"0\",\"keywords\":[]},\"meta\":false,\"postlink\":\"https:\/\/ensemble-paroissial-reynies.fr\/?attachment_id=2027\"},{\"id\":2025,\"title\":\"vero5\",\"url\":\"https:\/\/ensemble-paroissial-reynies.fr\/wp-content\/uploads\/Cr\u00e8ches\/cr\u00e8ches_familiales_12_2023\/vero5.jpg\",\"link\":\"https:\/\/ensemble-paroissial-reynies.fr\/?attachment_id=2025\",\"alt\":\"\",\"description\":\"\",\"caption\":\"\",\"mime\":\"image\/jpeg\",\"type\":\"image\",\"width\":1200,\"height\":1600,\"sizes\":{\"thumbnail\":{\"height\":150,\"width\":150,\"url\":\"https:\/\/ensemble-paroissial-reynies.fr\/wp-content\/uploads\/Cr\u00e8ches\/cr\u00e8ches_familiales_12_2023\/vero5-150x150.jpg\",\"orientation\":\"landscape\"},\"medium\":{\"height\":300,\"width\":225,\"url\":\"https:\/\/ensemble-paroissial-reynies.fr\/wp-content\/uploads\/Cr\u00e8ches\/cr\u00e8ches_familiales_12_2023\/vero5-225x300.jpg\",\"orientation\":\"portrait\"},\"large\":{\"height\":1024,\"width\":768,\"url\":\"https:\/\/ensemble-paroissial-reynies.fr\/wp-content\/uploads\/Cr\u00e8ches\/cr\u00e8ches_familiales_12_2023\/vero5-768x1024.jpg\",\"orientation\":\"portrait\"},\"full\":{\"url\":\"https:\/\/ensemble-paroissial-reynies.fr\/wp-content\/uploads\/Cr\u00e8ches\/cr\u00e8ches_familiales_12_2023\/vero5.jpg\",\"height\":1600,\"width\":1200,\"orientation\":\"portrait\"}},\"imageMeta\":{\"aperture\":\"0\",\"credit\":\"\",\"camera\":\"\",\"caption\":\"\",\"created_timestamp\":\"0\",\"copyright\":\"\",\"focal_length\":\"0\",\"iso\":\"0\",\"shutter_speed\":\"0\",\"title\":\"\",\"orientation\":\"0\",\"keywords\":[]},\"meta\":false,\"postlink\":\"https:\/\/ensemble-paroissial-reynies.fr\/?attachment_id=2025\"},{\"id\":2022,\"title\":\"vero2\",\"url\":\"https:\/\/ensemble-paroissial-reynies.fr\/wp-content\/uploads\/Cr\u00e8ches\/cr\u00e8ches_familiales_12_2023\/vero2.jpg\",\"link\":\"https:\/\/ensemble-paroissial-reynies.fr\/?attachment_id=2022\",\"alt\":\"\",\"description\":\"\",\"caption\":\"\",\"mime\":\"image\/jpeg\",\"type\":\"image\",\"width\":1200,\"height\":1600,\"sizes\":{\"thumbnail\":{\"height\":150,\"width\":150,\"url\":\"https:\/\/ensemble-paroissial-reynies.fr\/wp-content\/uploads\/Cr\u00e8ches\/cr\u00e8ches_familiales_12_2023\/vero2-150x150.jpg\",\"orientation\":\"landscape\"},\"medium\":{\"height\":300,\"width\":225,\"url\":\"https:\/\/ensemble-paroissial-reynies.fr\/wp-content\/uploads\/Cr\u00e8ches\/cr\u00e8ches_familiales_12_2023\/vero2-225x300.jpg\",\"orientation\":\"portrait\"},\"large\":{\"height\":1024,\"width\":768,\"url\":\"https:\/\/ensemble-paroissial-reynies.fr\/wp-content\/uploads\/Cr\u00e8ches\/cr\u00e8ches_familiales_12_2023\/vero2-768x1024.jpg\",\"orientation\":\"portrait\"},\"full\":{\"url\":\"https:\/\/ensemble-paroissial-reynies.fr\/wp-content\/uploads\/Cr\u00e8ches\/cr\u00e8ches_familiales_12_2023\/vero2.jpg\",\"height\":1600,\"width\":1200,\"orientation\":\"portrait\"}},\"imageMeta\":{\"aperture\":\"0\",\"credit\":\"\",\"camera\":\"\",\"caption\":\"\",\"created_timestamp\":\"0\",\"copyright\":\"\",\"focal_length\":\"0\",\"iso\":\"0\",\"shutter_speed\":\"0\",\"title\":\"\",\"orientation\":\"0\",\"keywords\":[]},\"meta\":false,\"postlink\":\"https:\/\/ensemble-paroissial-reynies.fr\/?attachment_id=2022\"},{\"id\":2000,\"title\":\"bonzom-scaled-1\",\"url\":\"https:\/\/ensemble-paroissial-reynies.fr\/wp-content\/uploads\/Cr\u00e8ches\/cr\u00e8ches_familiales_12_2023\/bonzom-scaled-1.jpg\",\"link\":\"https:\/\/ensemble-paroissial-reynies.fr\/?attachment_id=2000\",\"alt\":\"\",\"description\":\"\",\"caption\":\"\",\"mime\":\"image\/jpeg\",\"type\":\"image\",\"width\":2560,\"height\":1920,\"sizes\":{\"thumbnail\":{\"height\":150,\"width\":150,\"url\":\"https:\/\/ensemble-paroissial-reynies.fr\/wp-content\/uploads\/Cr\u00e8ches\/cr\u00e8ches_familiales_12_2023\/bonzom-scaled-1-150x150.jpg\",\"orientation\":\"landscape\"},\"medium\":{\"height\":225,\"width\":300,\"url\":\"https:\/\/ensemble-paroissial-reynies.fr\/wp-content\/uploads\/Cr\u00e8ches\/cr\u00e8ches_familiales_12_2023\/bonzom-scaled-1-300x225.jpg\",\"orientation\":\"landscape\"},\"large\":{\"height\":768,\"width\":1024,\"url\":\"https:\/\/ensemble-paroissial-reynies.fr\/wp-content\/uploads\/Cr\u00e8ches\/cr\u00e8ches_familiales_12_2023\/bonzom-scaled-1-1024x768.jpg\",\"orientation\":\"landscape\"},\"full\":{\"url\":\"https:\/\/ensemble-paroissial-reynies.fr\/wp-content\/uploads\/Cr\u00e8ches\/cr\u00e8ches_familiales_12_2023\/bonzom-scaled-1.jpg\",\"height\":1920,\"width\":2560,\"orientation\":\"landscape\"}},\"imageMeta\":{\"aperture\":\"1.8\",\"credit\":\"\",\"camera\":\"iPhone SE (2nd generation)\",\"caption\":\"\",\"created_timestamp\":\"1705420852\",\"copyright\":\"\",\"focal_length\":\"3.99\",\"iso\":\"640\",\"shutter_speed\":\"0.033333333333333\",\"title\":\"\",\"orientation\":\"1\",\"keywords\":[]},\"meta\":false,\"postlink\":\"https:\/\/ensemble-paroissial-reynies.fr\/?attachment_id=2000\"},{\"id\":2021,\"title\":\"seyries2\",\"url\":\"https:\/\/ensemble-paroissial-reynies.fr\/wp-content\/uploads\/Cr\u00e8ches\/cr\u00e8ches_familiales_12_2023\/seyries2.jpg\",\"link\":\"https:\/\/ensemble-paroissial-reynies.fr\/?attachment_id=2021\",\"alt\":\"\",\"description\":\"\",\"caption\":\"\",\"mime\":\"image\/jpeg\",\"type\":\"image\",\"width\":1200,\"height\":1600,\"sizes\":{\"thumbnail\":{\"height\":150,\"width\":150,\"url\":\"https:\/\/ensemble-paroissial-reynies.fr\/wp-content\/uploads\/Cr\u00e8ches\/cr\u00e8ches_familiales_12_2023\/seyries2-150x150.jpg\",\"orientation\":\"landscape\"},\"medium\":{\"height\":300,\"width\":225,\"url\":\"https:\/\/ensemble-paroissial-reynies.fr\/wp-content\/uploads\/Cr\u00e8ches\/cr\u00e8ches_familiales_12_2023\/seyries2-225x300.jpg\",\"orientation\":\"portrait\"},\"large\":{\"height\":1024,\"width\":768,\"url\":\"https:\/\/ensemble-paroissial-reynies.fr\/wp-content\/uploads\/Cr\u00e8ches\/cr\u00e8ches_familiales_12_2023\/seyries2-768x1024.jpg\",\"orientation\":\"portrait\"},\"full\":{\"url\":\"https:\/\/ensemble-paroissial-reynies.fr\/wp-content\/uploads\/Cr\u00e8ches\/cr\u00e8ches_familiales_12_2023\/seyries2.jpg\",\"height\":1600,\"width\":1200,\"orientation\":\"portrait\"}},\"imageMeta\":{\"aperture\":\"0\",\"credit\":\"\",\"camera\":\"\",\"caption\":\"\",\"created_timestamp\":\"0\",\"copyright\":\"\",\"focal_length\":\"0\",\"iso\":\"0\",\"shutter_speed\":\"0\",\"title\":\"\",\"orientation\":\"0\",\"keywords\":[]},\"meta\":false,\"postlink\":\"https:\/\/ensemble-paroissial-reynies.fr\/?attachment_id=2021\"},{\"id\":2019,\"title\":\"seyries1\",\"url\":\"https:\/\/ensemble-paroissial-reynies.fr\/wp-content\/uploads\/Cr\u00e8ches\/cr\u00e8ches_familiales_12_2023\/seyries1.jpg\",\"link\":\"https:\/\/ensemble-paroissial-reynies.fr\/?attachment_id=2019\",\"alt\":\"\",\"description\":\"\",\"caption\":\"\",\"mime\":\"image\/jpeg\",\"type\":\"image\",\"width\":1600,\"height\":1200,\"sizes\":{\"thumbnail\":{\"height\":150,\"width\":150,\"url\":\"https:\/\/ensemble-paroissial-reynies.fr\/wp-content\/uploads\/Cr\u00e8ches\/cr\u00e8ches_familiales_12_2023\/seyries1-150x150.jpg\",\"orientation\":\"landscape\"},\"medium\":{\"height\":225,\"width\":300,\"url\":\"https:\/\/ensemble-paroissial-reynies.fr\/wp-content\/uploads\/Cr\u00e8ches\/cr\u00e8ches_familiales_12_2023\/seyries1-300x225.jpg\",\"orientation\":\"landscape\"},\"large\":{\"height\":768,\"width\":1024,\"url\":\"https:\/\/ensemble-paroissial-reynies.fr\/wp-content\/uploads\/Cr\u00e8ches\/cr\u00e8ches_familiales_12_2023\/seyries1-1024x768.jpg\",\"orientation\":\"landscape\"},\"full\":{\"url\":\"https:\/\/ensemble-paroissial-reynies.fr\/wp-content\/uploads\/Cr\u00e8ches\/cr\u00e8ches_familiales_12_2023\/seyries1.jpg\",\"height\":1200,\"width\":1600,\"orientation\":\"landscape\"}},\"imageMeta\":{\"aperture\":\"0\",\"credit\":\"\",\"camera\":\"\",\"caption\":\"\",\"created_timestamp\":\"0\",\"copyright\":\"\",\"focal_length\":\"0\",\"iso\":\"0\",\"shutter_speed\":\"0\",\"title\":\"\",\"orientation\":\"0\",\"keywords\":[]},\"meta\":false,\"postlink\":\"https:\/\/ensemble-paroissial-reynies.fr\/?attachment_id=2019\"},{\"id\":2006,\"title\":\"dsc06558-scaled-1\",\"url\":\"https:\/\/ensemble-paroissial-reynies.fr\/wp-content\/uploads\/Cr\u00e8ches\/cr\u00e8ches_familiales_12_2023\/dsc06558-scaled-1.jpg\",\"link\":\"https:\/\/ensemble-paroissial-reynies.fr\/?attachment_id=2006\",\"alt\":\"\",\"description\":\"\",\"caption\":\"                               \",\"mime\":\"image\/jpeg\",\"type\":\"image\",\"width\":2560,\"height\":1920,\"sizes\":{\"thumbnail\":{\"height\":150,\"width\":150,\"url\":\"https:\/\/ensemble-paroissial-reynies.fr\/wp-content\/uploads\/Cr\u00e8ches\/cr\u00e8ches_familiales_12_2023\/dsc06558-scaled-1-150x150.jpg\",\"orientation\":\"landscape\"},\"medium\":{\"height\":225,\"width\":300,\"url\":\"https:\/\/ensemble-paroissial-reynies.fr\/wp-content\/uploads\/Cr\u00e8ches\/cr\u00e8ches_familiales_12_2023\/dsc06558-scaled-1-300x225.jpg\",\"orientation\":\"landscape\"},\"large\":{\"height\":768,\"width\":1024,\"url\":\"https:\/\/ensemble-paroissial-reynies.fr\/wp-content\/uploads\/Cr\u00e8ches\/cr\u00e8ches_familiales_12_2023\/dsc06558-scaled-1-1024x768.jpg\",\"orientation\":\"landscape\"},\"full\":{\"url\":\"https:\/\/ensemble-paroissial-reynies.fr\/wp-content\/uploads\/Cr\u00e8ches\/cr\u00e8ches_familiales_12_2023\/dsc06558-scaled-1.jpg\",\"height\":1920,\"width\":2560,\"orientation\":\"landscape\"}},\"imageMeta\":{\"aperture\":\"3.5\",\"credit\":\"\",\"camera\":\"DSC-HX5V\",\"caption\":\"\",\"created_timestamp\":\"1703184818\",\"copyright\":\"\",\"focal_length\":\"5.09\",\"iso\":\"1600\",\"shutter_speed\":\"0.076923076923077\",\"title\":\"\",\"orientation\":\"1\",\"keywords\":[]},\"meta\":false,\"postlink\":\"https:\/\/ensemble-paroissial-reynies.fr\/?attachment_id=2006\"},{\"id\":2003,\"title\":\"dsc06559-scaled-1\",\"url\":\"https:\/\/ensemble-paroissial-reynies.fr\/wp-content\/uploads\/Cr\u00e8ches\/cr\u00e8ches_familiales_12_2023\/dsc06559-scaled-1.jpg\",\"link\":\"https:\/\/ensemble-paroissial-reynies.fr\/?attachment_id=2003\",\"alt\":\"\",\"description\":\"\",\"caption\":\"                               \",\"mime\":\"image\/jpeg\",\"type\":\"image\",\"width\":2560,\"height\":1920,\"sizes\":{\"thumbnail\":{\"height\":150,\"width\":150,\"url\":\"https:\/\/ensemble-paroissial-reynies.fr\/wp-content\/uploads\/Cr\u00e8ches\/cr\u00e8ches_familiales_12_2023\/dsc06559-scaled-1-150x150.jpg\",\"orientation\":\"landscape\"},\"medium\":{\"height\":225,\"width\":300,\"url\":\"https:\/\/ensemble-paroissial-reynies.fr\/wp-content\/uploads\/Cr\u00e8ches\/cr\u00e8ches_familiales_12_2023\/dsc06559-scaled-1-300x225.jpg\",\"orientation\":\"landscape\"},\"large\":{\"height\":768,\"width\":1024,\"url\":\"https:\/\/ensemble-paroissial-reynies.fr\/wp-content\/uploads\/Cr\u00e8ches\/cr\u00e8ches_familiales_12_2023\/dsc06559-scaled-1-1024x768.jpg\",\"orientation\":\"landscape\"},\"full\":{\"url\":\"https:\/\/ensemble-paroissial-reynies.fr\/wp-content\/uploads\/Cr\u00e8ches\/cr\u00e8ches_familiales_12_2023\/dsc06559-scaled-1.jpg\",\"height\":1920,\"width\":2560,\"orientation\":\"landscape\"}},\"imageMeta\":{\"aperture\":\"4.5\",\"credit\":\"\",\"camera\":\"DSC-HX5V\",\"caption\":\"\",\"created_timestamp\":\"1703184834\",\"copyright\":\"\",\"focal_length\":\"8.45\",\"iso\":\"1600\",\"shutter_speed\":\"0.125\",\"title\":\"\",\"orientation\":\"1\",\"keywords\":[]},\"meta\":false,\"postlink\":\"https:\/\/ensemble-paroissial-reynies.fr\/?attachment_id=2003\"},{\"id\":2007,\"title\":\"dsc06562-scaled-1\",\"url\":\"https:\/\/ensemble-paroissial-reynies.fr\/wp-content\/uploads\/Cr\u00e8ches\/cr\u00e8ches_familiales_12_2023\/dsc06562-scaled-1.jpg\",\"link\":\"https:\/\/ensemble-paroissial-reynies.fr\/?attachment_id=2007\",\"alt\":\"\",\"description\":\"\",\"caption\":\"                               \",\"mime\":\"image\/jpeg\",\"type\":\"image\",\"width\":2560,\"height\":1920,\"sizes\":{\"thumbnail\":{\"height\":150,\"width\":150,\"url\":\"https:\/\/ensemble-paroissial-reynies.fr\/wp-content\/uploads\/Cr\u00e8ches\/cr\u00e8ches_familiales_12_2023\/dsc06562-scaled-1-150x150.jpg\",\"orientation\":\"landscape\"},\"medium\":{\"height\":225,\"width\":300,\"url\":\"https:\/\/ensemble-paroissial-reynies.fr\/wp-content\/uploads\/Cr\u00e8ches\/cr\u00e8ches_familiales_12_2023\/dsc06562-scaled-1-300x225.jpg\",\"orientation\":\"landscape\"},\"large\":{\"height\":768,\"width\":1024,\"url\":\"https:\/\/ensemble-paroissial-reynies.fr\/wp-content\/uploads\/Cr\u00e8ches\/cr\u00e8ches_familiales_12_2023\/dsc06562-scaled-1-1024x768.jpg\",\"orientation\":\"landscape\"},\"full\":{\"url\":\"https:\/\/ensemble-paroissial-reynies.fr\/wp-content\/uploads\/Cr\u00e8ches\/cr\u00e8ches_familiales_12_2023\/dsc06562-scaled-1.jpg\",\"height\":1920,\"width\":2560,\"orientation\":\"landscape\"}},\"imageMeta\":{\"aperture\":\"5\",\"credit\":\"\",\"camera\":\"DSC-HX5V\",\"caption\":\"\",\"created_timestamp\":\"1703184872\",\"copyright\":\"\",\"focal_length\":\"19.49\",\"iso\":\"1600\",\"shutter_speed\":\"0.125\",\"title\":\"\",\"orientation\":\"1\",\"keywords\":[]},\"meta\":false,\"postlink\":\"https:\/\/ensemble-paroissial-reynies.fr\/?attachment_id=2007\"},{\"id\":2005,\"title\":\"dsc06560-scaled-1\",\"url\":\"https:\/\/ensemble-paroissial-reynies.fr\/wp-content\/uploads\/Cr\u00e8ches\/cr\u00e8ches_familiales_12_2023\/dsc06560-scaled-1.jpg\",\"link\":\"https:\/\/ensemble-paroissial-reynies.fr\/?attachment_id=2005\",\"alt\":\"\",\"description\":\"\",\"caption\":\"                               \",\"mime\":\"image\/jpeg\",\"type\":\"image\",\"width\":2560,\"height\":1920,\"sizes\":{\"thumbnail\":{\"height\":150,\"width\":150,\"url\":\"https:\/\/ensemble-paroissial-reynies.fr\/wp-content\/uploads\/Cr\u00e8ches\/cr\u00e8ches_familiales_12_2023\/dsc06560-scaled-1-150x150.jpg\",\"orientation\":\"landscape\"},\"medium\":{\"height\":225,\"width\":300,\"url\":\"https:\/\/ensemble-paroissial-reynies.fr\/wp-content\/uploads\/Cr\u00e8ches\/cr\u00e8ches_familiales_12_2023\/dsc06560-scaled-1-300x225.jpg\",\"orientation\":\"landscape\"},\"large\":{\"height\":768,\"width\":1024,\"url\":\"https:\/\/ensemble-paroissial-reynies.fr\/wp-content\/uploads\/Cr\u00e8ches\/cr\u00e8ches_familiales_12_2023\/dsc06560-scaled-1-1024x768.jpg\",\"orientation\":\"landscape\"},\"full\":{\"url\":\"https:\/\/ensemble-paroissial-reynies.fr\/wp-content\/uploads\/Cr\u00e8ches\/cr\u00e8ches_familiales_12_2023\/dsc06560-scaled-1.jpg\",\"height\":1920,\"width\":2560,\"orientation\":\"landscape\"}},\"imageMeta\":{\"aperture\":\"4.5\",\"credit\":\"\",\"camera\":\"DSC-HX5V\",\"caption\":\"\",\"created_timestamp\":\"1703184843\",\"copyright\":\"\",\"focal_length\":\"8.45\",\"iso\":\"1600\",\"shutter_speed\":\"0.05\",\"title\":\"\",\"orientation\":\"1\",\"keywords\":[]},\"meta\":false,\"postlink\":\"https:\/\/ensemble-paroissial-reynies.fr\/?attachment_id=2005\"},{\"id\":2015,\"title\":\"orgjv1-scaled-1\",\"url\":\"https:\/\/ensemble-paroissial-reynies.fr\/wp-content\/uploads\/Cr\u00e8ches\/cr\u00e8ches_familiales_12_2023\/orgjv1-scaled-1.jpg\",\"link\":\"https:\/\/ensemble-paroissial-reynies.fr\/?attachment_id=2015\",\"alt\":\"\",\"description\":\"\",\"caption\":\"                               \",\"mime\":\"image\/jpeg\",\"type\":\"image\",\"width\":2560,\"height\":1920,\"sizes\":{\"thumbnail\":{\"height\":150,\"width\":150,\"url\":\"https:\/\/ensemble-paroissial-reynies.fr\/wp-content\/uploads\/Cr\u00e8ches\/cr\u00e8ches_familiales_12_2023\/orgjv1-scaled-1-150x150.jpg\",\"orientation\":\"landscape\"},\"medium\":{\"height\":225,\"width\":300,\"url\":\"https:\/\/ensemble-paroissial-reynies.fr\/wp-content\/uploads\/Cr\u00e8ches\/cr\u00e8ches_familiales_12_2023\/orgjv1-scaled-1-300x225.jpg\",\"orientation\":\"landscape\"},\"large\":{\"height\":768,\"width\":1024,\"url\":\"https:\/\/ensemble-paroissial-reynies.fr\/wp-content\/uploads\/Cr\u00e8ches\/cr\u00e8ches_familiales_12_2023\/orgjv1-scaled-1-1024x768.jpg\",\"orientation\":\"landscape\"},\"full\":{\"url\":\"https:\/\/ensemble-paroissial-reynies.fr\/wp-content\/uploads\/Cr\u00e8ches\/cr\u00e8ches_familiales_12_2023\/orgjv1-scaled-1.jpg\",\"height\":1920,\"width\":2560,\"orientation\":\"landscape\"}},\"imageMeta\":{\"aperture\":\"3.5\",\"credit\":\"\",\"camera\":\"DSC-HX5V\",\"caption\":\"\",\"created_timestamp\":\"1702728924\",\"copyright\":\"\",\"focal_length\":\"4.25\",\"iso\":\"400\",\"shutter_speed\":\"0.1\",\"title\":\"\",\"orientation\":\"1\",\"keywords\":[]},\"meta\":false,\"postlink\":\"https:\/\/ensemble-paroissial-reynies.fr\/?attachment_id=2015\"},{\"id\":2018,\"title\":\"orgjv4-scaled-1\",\"url\":\"https:\/\/ensemble-paroissial-reynies.fr\/wp-content\/uploads\/Cr\u00e8ches\/cr\u00e8ches_familiales_12_2023\/orgjv4-scaled-1.jpg\",\"link\":\"https:\/\/ensemble-paroissial-reynies.fr\/?attachment_id=2018\",\"alt\":\"\",\"description\":\"\",\"caption\":\"                               \",\"mime\":\"image\/jpeg\",\"type\":\"image\",\"width\":2560,\"height\":1920,\"sizes\":{\"thumbnail\":{\"height\":150,\"width\":150,\"url\":\"https:\/\/ensemble-paroissial-reynies.fr\/wp-content\/uploads\/Cr\u00e8ches\/cr\u00e8ches_familiales_12_2023\/orgjv4-scaled-1-150x150.jpg\",\"orientation\":\"landscape\"},\"medium\":{\"height\":225,\"width\":300,\"url\":\"https:\/\/ensemble-paroissial-reynies.fr\/wp-content\/uploads\/Cr\u00e8ches\/cr\u00e8ches_familiales_12_2023\/orgjv4-scaled-1-300x225.jpg\",\"orientation\":\"landscape\"},\"large\":{\"height\":768,\"width\":1024,\"url\":\"https:\/\/ensemble-paroissial-reynies.fr\/wp-content\/uploads\/Cr\u00e8ches\/cr\u00e8ches_familiales_12_2023\/orgjv4-scaled-1-1024x768.jpg\",\"orientation\":\"landscape\"},\"full\":{\"url\":\"https:\/\/ensemble-paroissial-reynies.fr\/wp-content\/uploads\/Cr\u00e8ches\/cr\u00e8ches_familiales_12_2023\/orgjv4-scaled-1.jpg\",\"height\":1920,\"width\":2560,\"orientation\":\"landscape\"}},\"imageMeta\":{\"aperture\":\"4.5\",\"credit\":\"\",\"camera\":\"DSC-HX5V\",\"caption\":\"\",\"created_timestamp\":\"1702728961\",\"copyright\":\"\",\"focal_length\":\"11.76\",\"iso\":\"800\",\"shutter_speed\":\"0.076923076923077\",\"title\":\"\",\"orientation\":\"1\",\"keywords\":[]},\"meta\":false,\"postlink\":\"https:\/\/ensemble-paroissial-reynies.fr\/?attachment_id=2018\"},{\"id\":2017,\"title\":\"orgjv2-scaled-1\",\"url\":\"https:\/\/ensemble-paroissial-reynies.fr\/wp-content\/uploads\/Cr\u00e8ches\/cr\u00e8ches_familiales_12_2023\/orgjv2-scaled-1.jpg\",\"link\":\"https:\/\/ensemble-paroissial-reynies.fr\/?attachment_id=2017\",\"alt\":\"\",\"description\":\"\",\"caption\":\"                               \",\"mime\":\"image\/jpeg\",\"type\":\"image\",\"width\":2560,\"height\":1920,\"sizes\":{\"thumbnail\":{\"height\":150,\"width\":150,\"url\":\"https:\/\/ensemble-paroissial-reynies.fr\/wp-content\/uploads\/Cr\u00e8ches\/cr\u00e8ches_familiales_12_2023\/orgjv2-scaled-1-150x150.jpg\",\"orientation\":\"landscape\"},\"medium\":{\"height\":225,\"width\":300,\"url\":\"https:\/\/ensemble-paroissial-reynies.fr\/wp-content\/uploads\/Cr\u00e8ches\/cr\u00e8ches_familiales_12_2023\/orgjv2-scaled-1-300x225.jpg\",\"orientation\":\"landscape\"},\"large\":{\"height\":768,\"width\":1024,\"url\":\"https:\/\/ensemble-paroissial-reynies.fr\/wp-content\/uploads\/Cr\u00e8ches\/cr\u00e8ches_familiales_12_2023\/orgjv2-scaled-1-1024x768.jpg\",\"orientation\":\"landscape\"},\"full\":{\"url\":\"https:\/\/ensemble-paroissial-reynies.fr\/wp-content\/uploads\/Cr\u00e8ches\/cr\u00e8ches_familiales_12_2023\/orgjv2-scaled-1.jpg\",\"height\":1920,\"width\":2560,\"orientation\":\"landscape\"}},\"imageMeta\":{\"aperture\":\"4.5\",\"credit\":\"\",\"camera\":\"DSC-HX5V\",\"caption\":\"\",\"created_timestamp\":\"1702728946\",\"copyright\":\"\",\"focal_length\":\"11.76\",\"iso\":\"640\",\"shutter_speed\":\"0.125\",\"title\":\"\",\"orientation\":\"1\",\"keywords\":[]},\"meta\":false,\"postlink\":\"https:\/\/ensemble-paroissial-reynies.fr\/?attachment_id=2017\"},{\"id\":2016,\"title\":\"orgjv3-scaled-1\",\"url\":\"https:\/\/ensemble-paroissial-reynies.fr\/wp-content\/uploads\/Cr\u00e8ches\/cr\u00e8ches_familiales_12_2023\/orgjv3-scaled-1.jpg\",\"link\":\"https:\/\/ensemble-paroissial-reynies.fr\/?attachment_id=2016\",\"alt\":\"\",\"description\":\"\",\"caption\":\"                               \",\"mime\":\"image\/jpeg\",\"type\":\"image\",\"width\":2560,\"height\":1920,\"sizes\":{\"thumbnail\":{\"height\":150,\"width\":150,\"url\":\"https:\/\/ensemble-paroissial-reynies.fr\/wp-content\/uploads\/Cr\u00e8ches\/cr\u00e8ches_familiales_12_2023\/orgjv3-scaled-1-150x150.jpg\",\"orientation\":\"landscape\"},\"medium\":{\"height\":225,\"width\":300,\"url\":\"https:\/\/ensemble-paroissial-reynies.fr\/wp-content\/uploads\/Cr\u00e8ches\/cr\u00e8ches_familiales_12_2023\/orgjv3-scaled-1-300x225.jpg\",\"orientation\":\"landscape\"},\"large\":{\"height\":768,\"width\":1024,\"url\":\"https:\/\/ensemble-paroissial-reynies.fr\/wp-content\/uploads\/Cr\u00e8ches\/cr\u00e8ches_familiales_12_2023\/orgjv3-scaled-1-1024x768.jpg\",\"orientation\":\"landscape\"},\"full\":{\"url\":\"https:\/\/ensemble-paroissial-reynies.fr\/wp-content\/uploads\/Cr\u00e8ches\/cr\u00e8ches_familiales_12_2023\/orgjv3-scaled-1.jpg\",\"height\":1920,\"width\":2560,\"orientation\":\"landscape\"}},\"imageMeta\":{\"aperture\":\"4.5\",\"credit\":\"\",\"camera\":\"DSC-HX5V\",\"caption\":\"\",\"created_timestamp\":\"1702728954\",\"copyright\":\"\",\"focal_length\":\"11.76\",\"iso\":\"500\",\"shutter_speed\":\"0.125\",\"title\":\"\",\"orientation\":\"1\",\"keywords\":[]},\"meta\":false,\"postlink\":\"https:\/\/ensemble-paroissial-reynies.fr\/?attachment_id=2016\"},{\"id\":2009,\"title\":\"kieff3-scaled-1\",\"url\":\"https:\/\/ensemble-paroissial-reynies.fr\/wp-content\/uploads\/Cr\u00e8ches\/cr\u00e8ches_familiales_12_2023\/kieff3-scaled-1.jpg\",\"link\":\"https:\/\/ensemble-paroissial-reynies.fr\/?attachment_id=2009\",\"alt\":\"\",\"description\":\"\",\"caption\":\"\",\"mime\":\"image\/jpeg\",\"type\":\"image\",\"width\":1920,\"height\":2560,\"sizes\":{\"thumbnail\":{\"height\":150,\"width\":150,\"url\":\"https:\/\/ensemble-paroissial-reynies.fr\/wp-content\/uploads\/Cr\u00e8ches\/cr\u00e8ches_familiales_12_2023\/kieff3-scaled-1-150x150.jpg\",\"orientation\":\"landscape\"},\"medium\":{\"height\":300,\"width\":225,\"url\":\"https:\/\/ensemble-paroissial-reynies.fr\/wp-content\/uploads\/Cr\u00e8ches\/cr\u00e8ches_familiales_12_2023\/kieff3-scaled-1-225x300.jpg\",\"orientation\":\"portrait\"},\"large\":{\"height\":1024,\"width\":768,\"url\":\"https:\/\/ensemble-paroissial-reynies.fr\/wp-content\/uploads\/Cr\u00e8ches\/cr\u00e8ches_familiales_12_2023\/kieff3-scaled-1-768x1024.jpg\",\"orientation\":\"portrait\"},\"full\":{\"url\":\"https:\/\/ensemble-paroissial-reynies.fr\/wp-content\/uploads\/Cr\u00e8ches\/cr\u00e8ches_familiales_12_2023\/kieff3-scaled-1.jpg\",\"height\":2560,\"width\":1920,\"orientation\":\"portrait\"}},\"imageMeta\":{\"aperture\":\"1.89\",\"credit\":\"\",\"camera\":\"2209116AG\",\"caption\":\"\",\"created_timestamp\":\"1703458224\",\"copyright\":\"\",\"focal_length\":\"5.948\",\"iso\":\"496\",\"shutter_speed\":\"0.05\",\"title\":\"\",\"orientation\":\"1\",\"keywords\":[]},\"meta\":false,\"postlink\":\"https:\/\/ensemble-paroissial-reynies.fr\/?attachment_id=2009\"},{\"id\":2008,\"title\":\"kieff1-scaled-1\",\"url\":\"https:\/\/ensemble-paroissial-reynies.fr\/wp-content\/uploads\/Cr\u00e8ches\/cr\u00e8ches_familiales_12_2023\/kieff1-scaled-1.jpg\",\"link\":\"https:\/\/ensemble-paroissial-reynies.fr\/?attachment_id=2008\",\"alt\":\"\",\"description\":\"\",\"caption\":\"\",\"mime\":\"image\/jpeg\",\"type\":\"image\",\"width\":1920,\"height\":2560,\"sizes\":{\"thumbnail\":{\"height\":150,\"width\":150,\"url\":\"https:\/\/ensemble-paroissial-reynies.fr\/wp-content\/uploads\/Cr\u00e8ches\/cr\u00e8ches_familiales_12_2023\/kieff1-scaled-1-150x150.jpg\",\"orientation\":\"landscape\"},\"medium\":{\"height\":300,\"width\":225,\"url\":\"https:\/\/ensemble-paroissial-reynies.fr\/wp-content\/uploads\/Cr\u00e8ches\/cr\u00e8ches_familiales_12_2023\/kieff1-scaled-1-225x300.jpg\",\"orientation\":\"portrait\"},\"large\":{\"height\":1024,\"width\":768,\"url\":\"https:\/\/ensemble-paroissial-reynies.fr\/wp-content\/uploads\/Cr\u00e8ches\/cr\u00e8ches_familiales_12_2023\/kieff1-scaled-1-768x1024.jpg\",\"orientation\":\"portrait\"},\"full\":{\"url\":\"https:\/\/ensemble-paroissial-reynies.fr\/wp-content\/uploads\/Cr\u00e8ches\/cr\u00e8ches_familiales_12_2023\/kieff1-scaled-1.jpg\",\"height\":2560,\"width\":1920,\"orientation\":\"portrait\"}},\"imageMeta\":{\"aperture\":\"1.89\",\"credit\":\"\",\"camera\":\"2209116AG\",\"caption\":\"\",\"created_timestamp\":\"1703458210\",\"copyright\":\"\",\"focal_length\":\"5.948\",\"iso\":\"311\",\"shutter_speed\":\"0.04\",\"title\":\"\",\"orientation\":\"1\",\"keywords\":[]},\"meta\":false,\"postlink\":\"https:\/\/ensemble-paroissial-reynies.fr\/?attachment_id=2008\"},{\"id\":2028,\"title\":\"kieff2-scaled-1\",\"url\":\"https:\/\/ensemble-paroissial-reynies.fr\/wp-content\/uploads\/Cr\u00e8ches\/cr\u00e8ches_familiales_12_2023\/kieff2-scaled-1.jpg\",\"link\":\"https:\/\/ensemble-paroissial-reynies.fr\/?attachment_id=2028\",\"alt\":\"\",\"description\":\"\",\"caption\":\"\",\"mime\":\"image\/jpeg\",\"type\":\"image\",\"width\":1920,\"height\":2560,\"sizes\":{\"thumbnail\":{\"height\":150,\"width\":150,\"url\":\"https:\/\/ensemble-paroissial-reynies.fr\/wp-content\/uploads\/Cr\u00e8ches\/cr\u00e8ches_familiales_12_2023\/kieff2-scaled-1-150x150.jpg\",\"orientation\":\"landscape\"},\"medium\":{\"height\":300,\"width\":225,\"url\":\"https:\/\/ensemble-paroissial-reynies.fr\/wp-content\/uploads\/Cr\u00e8ches\/cr\u00e8ches_familiales_12_2023\/kieff2-scaled-1-225x300.jpg\",\"orientation\":\"portrait\"},\"large\":{\"height\":1024,\"width\":768,\"url\":\"https:\/\/ensemble-paroissial-reynies.fr\/wp-content\/uploads\/Cr\u00e8ches\/cr\u00e8ches_familiales_12_2023\/kieff2-scaled-1-768x1024.jpg\",\"orientation\":\"portrait\"},\"full\":{\"url\":\"https:\/\/ensemble-paroissial-reynies.fr\/wp-content\/uploads\/Cr\u00e8ches\/cr\u00e8ches_familiales_12_2023\/kieff2-scaled-1.jpg\",\"height\":2560,\"width\":1920,\"orientation\":\"portrait\"}},\"imageMeta\":{\"aperture\":\"1.89\",\"credit\":\"\",\"camera\":\"2209116AG\",\"caption\":\"\",\"created_timestamp\":\"1703458220\",\"copyright\":\"\",\"focal_length\":\"5.948\",\"iso\":\"289\",\"shutter_speed\":\"0.03030303030303\",\"title\":\"\",\"orientation\":\"1\",\"keywords\":[]},\"meta\":false,\"postlink\":\"https:\/\/ensemble-paroissial-reynies.fr\/?attachment_id=2028\"},{\"id\":2011,\"title\":\"kieff4-scaled-1\",\"url\":\"https:\/\/ensemble-paroissial-reynies.fr\/wp-content\/uploads\/Cr\u00e8ches\/cr\u00e8ches_familiales_12_2023\/kieff4-scaled-1.jpg\",\"link\":\"https:\/\/ensemble-paroissial-reynies.fr\/?attachment_id=2011\",\"alt\":\"\",\"description\":\"\",\"caption\":\"\",\"mime\":\"image\/jpeg\",\"type\":\"image\",\"width\":1920,\"height\":2560,\"sizes\":{\"thumbnail\":{\"height\":150,\"width\":150,\"url\":\"https:\/\/ensemble-paroissial-reynies.fr\/wp-content\/uploads\/Cr\u00e8ches\/cr\u00e8ches_familiales_12_2023\/kieff4-scaled-1-150x150.jpg\",\"orientation\":\"landscape\"},\"medium\":{\"height\":300,\"width\":225,\"url\":\"https:\/\/ensemble-paroissial-reynies.fr\/wp-content\/uploads\/Cr\u00e8ches\/cr\u00e8ches_familiales_12_2023\/kieff4-scaled-1-225x300.jpg\",\"orientation\":\"portrait\"},\"large\":{\"height\":1024,\"width\":768,\"url\":\"https:\/\/ensemble-paroissial-reynies.fr\/wp-content\/uploads\/Cr\u00e8ches\/cr\u00e8ches_familiales_12_2023\/kieff4-scaled-1-768x1024.jpg\",\"orientation\":\"portrait\"},\"full\":{\"url\":\"https:\/\/ensemble-paroissial-reynies.fr\/wp-content\/uploads\/Cr\u00e8ches\/cr\u00e8ches_familiales_12_2023\/kieff4-scaled-1.jpg\",\"height\":2560,\"width\":1920,\"orientation\":\"portrait\"}},\"imageMeta\":{\"aperture\":\"1.89\",\"credit\":\"\",\"camera\":\"2209116AG\",\"caption\":\"\",\"created_timestamp\":\"1703466467\",\"copyright\":\"\",\"focal_length\":\"5.948\",\"iso\":\"728\",\"shutter_speed\":\"0.04\",\"title\":\"\",\"orientation\":\"1\",\"keywords\":[]},\"meta\":false,\"postlink\":\"https:\/\/ensemble-paroissial-reynies.fr\/?attachment_id=2011\"},{\"id\":2010,\"title\":\"lespiau\",\"url\":\"https:\/\/ensemble-paroissial-reynies.fr\/wp-content\/uploads\/Cr\u00e8ches\/cr\u00e8ches_familiales_12_2023\/lespiau.jpg\",\"link\":\"https:\/\/ensemble-paroissial-reynies.fr\/?attachment_id=2010\",\"alt\":\"\",\"description\":\"\",\"caption\":\"\",\"mime\":\"image\/jpeg\",\"type\":\"image\",\"width\":288,\"height\":640,\"sizes\":{\"thumbnail\":{\"height\":150,\"width\":150,\"url\":\"https:\/\/ensemble-paroissial-reynies.fr\/wp-content\/uploads\/Cr\u00e8ches\/cr\u00e8ches_familiales_12_2023\/lespiau-150x150.jpg\",\"orientation\":\"landscape\"},\"medium\":{\"height\":300,\"width\":135,\"url\":\"https:\/\/ensemble-paroissial-reynies.fr\/wp-content\/uploads\/Cr\u00e8ches\/cr\u00e8ches_familiales_12_2023\/lespiau-135x300.jpg\",\"orientation\":\"portrait\"},\"full\":{\"url\":\"https:\/\/ensemble-paroissial-reynies.fr\/wp-content\/uploads\/Cr\u00e8ches\/cr\u00e8ches_familiales_12_2023\/lespiau.jpg\",\"height\":640,\"width\":288,\"orientation\":\"portrait\"}},\"imageMeta\":{\"aperture\":\"0\",\"credit\":\"\",\"camera\":\"\",\"caption\":\"\",\"created_timestamp\":\"0\",\"copyright\":\"\",\"focal_length\":\"0\",\"iso\":\"0\",\"shutter_speed\":\"0\",\"title\":\"\",\"orientation\":\"0\",\"keywords\":[]},\"meta\":false,\"postlink\":\"https:\/\/ensemble-paroissial-reynies.fr\/?attachment_id=2010\"}],\"sliderItemTitleEnable\":false,\"sliderSlideshowAutoStart\":true,\"itemsMetaDataCollection\":[]}<\/script><script>(function(){if(window.PGC_SGB && window.PGC_SGB.searcher){window.PGC_SGB.searcher.initBlocks()}})()<\/script><\/div>\n\n\n<p><em><strong>Merci \u00e0 tous ceux qui nous ont envoy\u00e9 des photos de leur cr\u00e8che familiale pour r\u00e9aliser cet album<\/strong><\/em><\/p>\n<\/details>\n\n\n\n<div style=\"height:5px\" aria-hidden=\"true\" class=\"wp-block-spacer\"><\/div>\n\n\n\n<details class=\"wp-block-details has-medium-font-size is-layout-flow wp-block-details-is-layout-flow\"><summary>Installation P\u00e8re Herman BORO &#8211; 8 octobre 2023<\/summary>\n<p><\/p>\n\n\n\n<p>C\u2019est par une belle journ\u00e9e ensoleill\u00e9e qu\u2019\u00e0 eu lieu la c\u00e9r\u00e9monie d\u2019installation du P\u00e8re Herman BORO comme cur\u00e9 de l\u2019ensemble paroissial de Reyni\u00e8s, c\u00e9r\u00e9monie pr\u00e9sid\u00e9e par Monseigneur Alain GUELLEC, \u00c9v\u00eaque de Montauban.<\/p>\n\n\n\n<p>La c\u00e9r\u00e9monie a d\u00e9but\u00e9 sur le parvis de l\u2019\u00e9glise par l\u2019accueil des maires des communes de l\u2019ensemble paroissial qui ont remis symboliquement la clef des \u00e9glises de leurs communes. C\u2019est monsieur Claude VIGOUROUX, maire de Reyni\u00e8s, qui a accueilli Monseigneur et prononc\u00e9 un mot de bienvenue, il a ensuite pass\u00e9 la parole aux maires et repr\u00e9sentants des maires pr\u00e9sents (Bressols, Nohic, Varennes, Labastide-Saint-Pierre, Saint-Nauphary, Orgueil, Villebrumier \u00e9taient repr\u00e9sent\u00e9s). Monsieur le maire de Bressols a remis symboliquement la clef en bois, clef qu\u2019il a lui m\u00eame fabriqu\u00e9 il y a plus de 15 ans et qui, de clef, peut se transformer en un crucifix d\u2019autel.<\/p>\n\n\n\n<figure class=\"wp-block-gallery has-nested-images columns-4 wp-block-gallery-1 is-layout-flex wp-block-gallery-is-layout-flex\">\n<figure class=\"wp-block-image size-large\"><a href=\"https:\/\/ensemble-paroissial-reynies.fr\/wp-content\/uploads\/Installation_pere_herman_08_10_2023\/dsc06268-scaled-1.jpg\"><img loading=\"lazy\" decoding=\"async\" width=\"1024\" height=\"768\" data-id=\"1890\" src=\"https:\/\/ensemble-paroissial-reynies.fr\/wp-content\/uploads\/Installation_pere_herman_08_10_2023\/dsc06268-scaled-1-1024x768.jpg\" alt=\"\" class=\"wp-image-1890\" srcset=\"https:\/\/ensemble-paroissial-reynies.fr\/wp-content\/uploads\/Installation_pere_herman_08_10_2023\/dsc06268-scaled-1-1024x768.jpg 1024w, https:\/\/ensemble-paroissial-reynies.fr\/wp-content\/uploads\/Installation_pere_herman_08_10_2023\/dsc06268-scaled-1-300x225.jpg 300w, https:\/\/ensemble-paroissial-reynies.fr\/wp-content\/uploads\/Installation_pere_herman_08_10_2023\/dsc06268-scaled-1-768x576.jpg 768w, https:\/\/ensemble-paroissial-reynies.fr\/wp-content\/uploads\/Installation_pere_herman_08_10_2023\/dsc06268-scaled-1-1536x1152.jpg 1536w, https:\/\/ensemble-paroissial-reynies.fr\/wp-content\/uploads\/Installation_pere_herman_08_10_2023\/dsc06268-scaled-1-2048x1536.jpg 2048w\" sizes=\"auto, (max-width: 1024px) 100vw, 1024px\" \/><\/a><\/figure>\n\n\n\n<figure class=\"wp-block-image size-large\"><a href=\"https:\/\/ensemble-paroissial-reynies.fr\/wp-content\/uploads\/Installation_pere_herman_08_10_2023\/dsc06270-scaled-1.jpg\"><img loading=\"lazy\" decoding=\"async\" width=\"1024\" height=\"768\" data-id=\"1892\" src=\"https:\/\/ensemble-paroissial-reynies.fr\/wp-content\/uploads\/Installation_pere_herman_08_10_2023\/dsc06270-scaled-1-1024x768.jpg\" alt=\"\" class=\"wp-image-1892\" srcset=\"https:\/\/ensemble-paroissial-reynies.fr\/wp-content\/uploads\/Installation_pere_herman_08_10_2023\/dsc06270-scaled-1-1024x768.jpg 1024w, https:\/\/ensemble-paroissial-reynies.fr\/wp-content\/uploads\/Installation_pere_herman_08_10_2023\/dsc06270-scaled-1-300x225.jpg 300w, https:\/\/ensemble-paroissial-reynies.fr\/wp-content\/uploads\/Installation_pere_herman_08_10_2023\/dsc06270-scaled-1-768x576.jpg 768w, https:\/\/ensemble-paroissial-reynies.fr\/wp-content\/uploads\/Installation_pere_herman_08_10_2023\/dsc06270-scaled-1-1536x1152.jpg 1536w, https:\/\/ensemble-paroissial-reynies.fr\/wp-content\/uploads\/Installation_pere_herman_08_10_2023\/dsc06270-scaled-1-2048x1536.jpg 2048w\" sizes=\"auto, (max-width: 1024px) 100vw, 1024px\" \/><\/a><\/figure>\n\n\n\n<figure class=\"wp-block-image size-large\"><a href=\"https:\/\/ensemble-paroissial-reynies.fr\/wp-content\/uploads\/Installation_pere_herman_08_10_2023\/dsc06271-scaled-1.jpg\"><img loading=\"lazy\" decoding=\"async\" width=\"1024\" height=\"768\" data-id=\"1893\" src=\"https:\/\/ensemble-paroissial-reynies.fr\/wp-content\/uploads\/Installation_pere_herman_08_10_2023\/dsc06271-scaled-1-1024x768.jpg\" alt=\"\" class=\"wp-image-1893\" srcset=\"https:\/\/ensemble-paroissial-reynies.fr\/wp-content\/uploads\/Installation_pere_herman_08_10_2023\/dsc06271-scaled-1-1024x768.jpg 1024w, https:\/\/ensemble-paroissial-reynies.fr\/wp-content\/uploads\/Installation_pere_herman_08_10_2023\/dsc06271-scaled-1-300x225.jpg 300w, https:\/\/ensemble-paroissial-reynies.fr\/wp-content\/uploads\/Installation_pere_herman_08_10_2023\/dsc06271-scaled-1-768x576.jpg 768w, https:\/\/ensemble-paroissial-reynies.fr\/wp-content\/uploads\/Installation_pere_herman_08_10_2023\/dsc06271-scaled-1-1536x1152.jpg 1536w, https:\/\/ensemble-paroissial-reynies.fr\/wp-content\/uploads\/Installation_pere_herman_08_10_2023\/dsc06271-scaled-1-2048x1536.jpg 2048w\" sizes=\"auto, (max-width: 1024px) 100vw, 1024px\" \/><\/a><\/figure>\n\n\n\n<figure class=\"wp-block-image size-large\"><a href=\"https:\/\/ensemble-paroissial-reynies.fr\/wp-content\/uploads\/Installation_pere_herman_08_10_2023\/dsc06274-scaled-1.jpg\"><img loading=\"lazy\" decoding=\"async\" width=\"1024\" height=\"768\" data-id=\"1894\" src=\"https:\/\/ensemble-paroissial-reynies.fr\/wp-content\/uploads\/Installation_pere_herman_08_10_2023\/dsc06274-scaled-1-1024x768.jpg\" alt=\"\" class=\"wp-image-1894\" srcset=\"https:\/\/ensemble-paroissial-reynies.fr\/wp-content\/uploads\/Installation_pere_herman_08_10_2023\/dsc06274-scaled-1-1024x768.jpg 1024w, https:\/\/ensemble-paroissial-reynies.fr\/wp-content\/uploads\/Installation_pere_herman_08_10_2023\/dsc06274-scaled-1-300x225.jpg 300w, https:\/\/ensemble-paroissial-reynies.fr\/wp-content\/uploads\/Installation_pere_herman_08_10_2023\/dsc06274-scaled-1-768x576.jpg 768w, https:\/\/ensemble-paroissial-reynies.fr\/wp-content\/uploads\/Installation_pere_herman_08_10_2023\/dsc06274-scaled-1-1536x1152.jpg 1536w, https:\/\/ensemble-paroissial-reynies.fr\/wp-content\/uploads\/Installation_pere_herman_08_10_2023\/dsc06274-scaled-1-2048x1536.jpg 2048w\" sizes=\"auto, (max-width: 1024px) 100vw, 1024px\" \/><\/a><\/figure>\n\n\n\n<figure class=\"wp-block-image size-large\"><a href=\"https:\/\/ensemble-paroissial-reynies.fr\/wp-content\/uploads\/Installation_pere_herman_08_10_2023\/dsc06275-scaled-1.jpg\"><img loading=\"lazy\" decoding=\"async\" width=\"1024\" height=\"768\" data-id=\"1895\" src=\"https:\/\/ensemble-paroissial-reynies.fr\/wp-content\/uploads\/Installation_pere_herman_08_10_2023\/dsc06275-scaled-1-1024x768.jpg\" alt=\"\" class=\"wp-image-1895\" srcset=\"https:\/\/ensemble-paroissial-reynies.fr\/wp-content\/uploads\/Installation_pere_herman_08_10_2023\/dsc06275-scaled-1-1024x768.jpg 1024w, https:\/\/ensemble-paroissial-reynies.fr\/wp-content\/uploads\/Installation_pere_herman_08_10_2023\/dsc06275-scaled-1-300x225.jpg 300w, https:\/\/ensemble-paroissial-reynies.fr\/wp-content\/uploads\/Installation_pere_herman_08_10_2023\/dsc06275-scaled-1-768x576.jpg 768w, https:\/\/ensemble-paroissial-reynies.fr\/wp-content\/uploads\/Installation_pere_herman_08_10_2023\/dsc06275-scaled-1-1536x1152.jpg 1536w, https:\/\/ensemble-paroissial-reynies.fr\/wp-content\/uploads\/Installation_pere_herman_08_10_2023\/dsc06275-scaled-1-2048x1536.jpg 2048w\" sizes=\"auto, (max-width: 1024px) 100vw, 1024px\" \/><\/a><\/figure>\n\n\n\n<figure class=\"wp-block-image size-large\"><a href=\"https:\/\/ensemble-paroissial-reynies.fr\/wp-content\/uploads\/Installation_pere_herman_08_10_2023\/dsc06277-scaled-1.jpg\"><img loading=\"lazy\" decoding=\"async\" width=\"1024\" height=\"768\" data-id=\"1896\" src=\"https:\/\/ensemble-paroissial-reynies.fr\/wp-content\/uploads\/Installation_pere_herman_08_10_2023\/dsc06277-scaled-1-1024x768.jpg\" alt=\"\" class=\"wp-image-1896\" srcset=\"https:\/\/ensemble-paroissial-reynies.fr\/wp-content\/uploads\/Installation_pere_herman_08_10_2023\/dsc06277-scaled-1-1024x768.jpg 1024w, https:\/\/ensemble-paroissial-reynies.fr\/wp-content\/uploads\/Installation_pere_herman_08_10_2023\/dsc06277-scaled-1-300x225.jpg 300w, https:\/\/ensemble-paroissial-reynies.fr\/wp-content\/uploads\/Installation_pere_herman_08_10_2023\/dsc06277-scaled-1-768x576.jpg 768w, https:\/\/ensemble-paroissial-reynies.fr\/wp-content\/uploads\/Installation_pere_herman_08_10_2023\/dsc06277-scaled-1-1536x1152.jpg 1536w, https:\/\/ensemble-paroissial-reynies.fr\/wp-content\/uploads\/Installation_pere_herman_08_10_2023\/dsc06277-scaled-1-2048x1536.jpg 2048w\" sizes=\"auto, (max-width: 1024px) 100vw, 1024px\" \/><\/a><\/figure>\n\n\n\n<figure class=\"wp-block-image size-large\"><a href=\"https:\/\/ensemble-paroissial-reynies.fr\/wp-content\/uploads\/Installation_pere_herman_08_10_2023\/dsc06278-scaled-1.jpg\"><img loading=\"lazy\" decoding=\"async\" width=\"1024\" height=\"768\" data-id=\"1899\" src=\"https:\/\/ensemble-paroissial-reynies.fr\/wp-content\/uploads\/Installation_pere_herman_08_10_2023\/dsc06278-scaled-1-1024x768.jpg\" alt=\"\" class=\"wp-image-1899\" srcset=\"https:\/\/ensemble-paroissial-reynies.fr\/wp-content\/uploads\/Installation_pere_herman_08_10_2023\/dsc06278-scaled-1-1024x768.jpg 1024w, https:\/\/ensemble-paroissial-reynies.fr\/wp-content\/uploads\/Installation_pere_herman_08_10_2023\/dsc06278-scaled-1-300x225.jpg 300w, https:\/\/ensemble-paroissial-reynies.fr\/wp-content\/uploads\/Installation_pere_herman_08_10_2023\/dsc06278-scaled-1-768x576.jpg 768w, https:\/\/ensemble-paroissial-reynies.fr\/wp-content\/uploads\/Installation_pere_herman_08_10_2023\/dsc06278-scaled-1-1536x1152.jpg 1536w, https:\/\/ensemble-paroissial-reynies.fr\/wp-content\/uploads\/Installation_pere_herman_08_10_2023\/dsc06278-scaled-1-2048x1536.jpg 2048w\" sizes=\"auto, (max-width: 1024px) 100vw, 1024px\" \/><\/a><\/figure>\n\n\n\n<figure class=\"wp-block-image size-large\"><a href=\"https:\/\/ensemble-paroissial-reynies.fr\/wp-content\/uploads\/Installation_pere_herman_08_10_2023\/dsc06279-scaled-1.jpg\"><img loading=\"lazy\" decoding=\"async\" width=\"1024\" height=\"768\" data-id=\"1898\" src=\"https:\/\/ensemble-paroissial-reynies.fr\/wp-content\/uploads\/Installation_pere_herman_08_10_2023\/dsc06279-scaled-1-1024x768.jpg\" alt=\"\" class=\"wp-image-1898\" srcset=\"https:\/\/ensemble-paroissial-reynies.fr\/wp-content\/uploads\/Installation_pere_herman_08_10_2023\/dsc06279-scaled-1-1024x768.jpg 1024w, https:\/\/ensemble-paroissial-reynies.fr\/wp-content\/uploads\/Installation_pere_herman_08_10_2023\/dsc06279-scaled-1-300x225.jpg 300w, https:\/\/ensemble-paroissial-reynies.fr\/wp-content\/uploads\/Installation_pere_herman_08_10_2023\/dsc06279-scaled-1-768x576.jpg 768w, https:\/\/ensemble-paroissial-reynies.fr\/wp-content\/uploads\/Installation_pere_herman_08_10_2023\/dsc06279-scaled-1-1536x1152.jpg 1536w, https:\/\/ensemble-paroissial-reynies.fr\/wp-content\/uploads\/Installation_pere_herman_08_10_2023\/dsc06279-scaled-1-2048x1536.jpg 2048w\" sizes=\"auto, (max-width: 1024px) 100vw, 1024px\" \/><\/a><\/figure>\n\n\n\n<figure class=\"wp-block-image size-large\"><a href=\"https:\/\/ensemble-paroissial-reynies.fr\/wp-content\/uploads\/Installation_pere_herman_08_10_2023\/dsc06280-scaled-1.jpg\"><img loading=\"lazy\" decoding=\"async\" width=\"1024\" height=\"768\" data-id=\"1897\" src=\"https:\/\/ensemble-paroissial-reynies.fr\/wp-content\/uploads\/Installation_pere_herman_08_10_2023\/dsc06280-scaled-1-1024x768.jpg\" alt=\"\" class=\"wp-image-1897\" srcset=\"https:\/\/ensemble-paroissial-reynies.fr\/wp-content\/uploads\/Installation_pere_herman_08_10_2023\/dsc06280-scaled-1-1024x768.jpg 1024w, https:\/\/ensemble-paroissial-reynies.fr\/wp-content\/uploads\/Installation_pere_herman_08_10_2023\/dsc06280-scaled-1-300x225.jpg 300w, https:\/\/ensemble-paroissial-reynies.fr\/wp-content\/uploads\/Installation_pere_herman_08_10_2023\/dsc06280-scaled-1-768x576.jpg 768w, https:\/\/ensemble-paroissial-reynies.fr\/wp-content\/uploads\/Installation_pere_herman_08_10_2023\/dsc06280-scaled-1-1536x1152.jpg 1536w, https:\/\/ensemble-paroissial-reynies.fr\/wp-content\/uploads\/Installation_pere_herman_08_10_2023\/dsc06280-scaled-1-2048x1536.jpg 2048w\" sizes=\"auto, (max-width: 1024px) 100vw, 1024px\" \/><\/a><\/figure>\n\n\n\n<figure class=\"wp-block-image size-large\"><a href=\"https:\/\/ensemble-paroissial-reynies.fr\/wp-content\/uploads\/Installation_pere_herman_08_10_2023\/dsc06281-scaled-2.jpg\"><img loading=\"lazy\" decoding=\"async\" width=\"1024\" height=\"768\" data-id=\"1901\" src=\"https:\/\/ensemble-paroissial-reynies.fr\/wp-content\/uploads\/Installation_pere_herman_08_10_2023\/dsc06281-scaled-2-1024x768.jpg\" alt=\"\" class=\"wp-image-1901\" srcset=\"https:\/\/ensemble-paroissial-reynies.fr\/wp-content\/uploads\/Installation_pere_herman_08_10_2023\/dsc06281-scaled-2-1024x768.jpg 1024w, https:\/\/ensemble-paroissial-reynies.fr\/wp-content\/uploads\/Installation_pere_herman_08_10_2023\/dsc06281-scaled-2-300x225.jpg 300w, https:\/\/ensemble-paroissial-reynies.fr\/wp-content\/uploads\/Installation_pere_herman_08_10_2023\/dsc06281-scaled-2-768x576.jpg 768w, https:\/\/ensemble-paroissial-reynies.fr\/wp-content\/uploads\/Installation_pere_herman_08_10_2023\/dsc06281-scaled-2-1536x1152.jpg 1536w, https:\/\/ensemble-paroissial-reynies.fr\/wp-content\/uploads\/Installation_pere_herman_08_10_2023\/dsc06281-scaled-2-2048x1536.jpg 2048w\" sizes=\"auto, (max-width: 1024px) 100vw, 1024px\" \/><\/a><\/figure>\n\n\n\n<figure class=\"wp-block-image size-large\"><a href=\"https:\/\/ensemble-paroissial-reynies.fr\/wp-content\/uploads\/Installation_pere_herman_08_10_2023\/dsc06282-scaled-1.jpg\"><img loading=\"lazy\" decoding=\"async\" width=\"1024\" height=\"768\" data-id=\"1902\" src=\"https:\/\/ensemble-paroissial-reynies.fr\/wp-content\/uploads\/Installation_pere_herman_08_10_2023\/dsc06282-scaled-1-1024x768.jpg\" alt=\"\" class=\"wp-image-1902\" srcset=\"https:\/\/ensemble-paroissial-reynies.fr\/wp-content\/uploads\/Installation_pere_herman_08_10_2023\/dsc06282-scaled-1-1024x768.jpg 1024w, https:\/\/ensemble-paroissial-reynies.fr\/wp-content\/uploads\/Installation_pere_herman_08_10_2023\/dsc06282-scaled-1-300x225.jpg 300w, https:\/\/ensemble-paroissial-reynies.fr\/wp-content\/uploads\/Installation_pere_herman_08_10_2023\/dsc06282-scaled-1-768x576.jpg 768w, https:\/\/ensemble-paroissial-reynies.fr\/wp-content\/uploads\/Installation_pere_herman_08_10_2023\/dsc06282-scaled-1-1536x1152.jpg 1536w, https:\/\/ensemble-paroissial-reynies.fr\/wp-content\/uploads\/Installation_pere_herman_08_10_2023\/dsc06282-scaled-1-2048x1536.jpg 2048w\" sizes=\"auto, (max-width: 1024px) 100vw, 1024px\" \/><\/a><\/figure>\n\n\n\n<figure class=\"wp-block-image size-large\"><a href=\"https:\/\/ensemble-paroissial-reynies.fr\/wp-content\/uploads\/Installation_pere_herman_08_10_2023\/dsc06283-scaled-1.jpg\"><img loading=\"lazy\" decoding=\"async\" width=\"1024\" height=\"768\" data-id=\"1903\" src=\"https:\/\/ensemble-paroissial-reynies.fr\/wp-content\/uploads\/Installation_pere_herman_08_10_2023\/dsc06283-scaled-1-1024x768.jpg\" alt=\"\" class=\"wp-image-1903\" srcset=\"https:\/\/ensemble-paroissial-reynies.fr\/wp-content\/uploads\/Installation_pere_herman_08_10_2023\/dsc06283-scaled-1-1024x768.jpg 1024w, https:\/\/ensemble-paroissial-reynies.fr\/wp-content\/uploads\/Installation_pere_herman_08_10_2023\/dsc06283-scaled-1-300x225.jpg 300w, https:\/\/ensemble-paroissial-reynies.fr\/wp-content\/uploads\/Installation_pere_herman_08_10_2023\/dsc06283-scaled-1-768x576.jpg 768w, https:\/\/ensemble-paroissial-reynies.fr\/wp-content\/uploads\/Installation_pere_herman_08_10_2023\/dsc06283-scaled-1-1536x1152.jpg 1536w, https:\/\/ensemble-paroissial-reynies.fr\/wp-content\/uploads\/Installation_pere_herman_08_10_2023\/dsc06283-scaled-1-2048x1536.jpg 2048w\" sizes=\"auto, (max-width: 1024px) 100vw, 1024px\" \/><\/a><\/figure>\n<\/figure>\n\n\n\n<p>Apr\u00e8s la remise des cl\u00e9s, les fid\u00e8les sont rentr\u00e9s dans l\u2019\u00e9glise suivis de Monseigneur, de Monsieur le Cur\u00e9 et de Monsieur le Vicaire<\/p>\n\n\n\n<figure class=\"wp-block-gallery has-nested-images columns-4 wp-block-gallery-2 is-layout-flex wp-block-gallery-is-layout-flex\">\n<figure class=\"wp-block-image size-large\"><a href=\"https:\/\/ensemble-paroissial-reynies.fr\/wp-content\/uploads\/Installation_pere_herman_08_10_2023\/dsc06266-scaled-1.jpg\"><img loading=\"lazy\" decoding=\"async\" width=\"1024\" height=\"768\" data-id=\"1889\" src=\"https:\/\/ensemble-paroissial-reynies.fr\/wp-content\/uploads\/Installation_pere_herman_08_10_2023\/dsc06266-scaled-1-1024x768.jpg\" alt=\"\" class=\"wp-image-1889\" srcset=\"https:\/\/ensemble-paroissial-reynies.fr\/wp-content\/uploads\/Installation_pere_herman_08_10_2023\/dsc06266-scaled-1-1024x768.jpg 1024w, https:\/\/ensemble-paroissial-reynies.fr\/wp-content\/uploads\/Installation_pere_herman_08_10_2023\/dsc06266-scaled-1-300x225.jpg 300w, https:\/\/ensemble-paroissial-reynies.fr\/wp-content\/uploads\/Installation_pere_herman_08_10_2023\/dsc06266-scaled-1-768x576.jpg 768w, https:\/\/ensemble-paroissial-reynies.fr\/wp-content\/uploads\/Installation_pere_herman_08_10_2023\/dsc06266-scaled-1-1536x1152.jpg 1536w, https:\/\/ensemble-paroissial-reynies.fr\/wp-content\/uploads\/Installation_pere_herman_08_10_2023\/dsc06266-scaled-1-2048x1536.jpg 2048w\" sizes=\"auto, (max-width: 1024px) 100vw, 1024px\" \/><\/a><\/figure>\n\n\n\n<figure class=\"wp-block-image size-large\"><a href=\"https:\/\/ensemble-paroissial-reynies.fr\/wp-content\/uploads\/Installation_pere_herman_08_10_2023\/dsc06274-scaled-1.jpg\"><img loading=\"lazy\" decoding=\"async\" width=\"1024\" height=\"768\" data-id=\"1894\" src=\"https:\/\/ensemble-paroissial-reynies.fr\/wp-content\/uploads\/Installation_pere_herman_08_10_2023\/dsc06274-scaled-1-1024x768.jpg\" alt=\"\" class=\"wp-image-1894\" srcset=\"https:\/\/ensemble-paroissial-reynies.fr\/wp-content\/uploads\/Installation_pere_herman_08_10_2023\/dsc06274-scaled-1-1024x768.jpg 1024w, https:\/\/ensemble-paroissial-reynies.fr\/wp-content\/uploads\/Installation_pere_herman_08_10_2023\/dsc06274-scaled-1-300x225.jpg 300w, https:\/\/ensemble-paroissial-reynies.fr\/wp-content\/uploads\/Installation_pere_herman_08_10_2023\/dsc06274-scaled-1-768x576.jpg 768w, https:\/\/ensemble-paroissial-reynies.fr\/wp-content\/uploads\/Installation_pere_herman_08_10_2023\/dsc06274-scaled-1-1536x1152.jpg 1536w, https:\/\/ensemble-paroissial-reynies.fr\/wp-content\/uploads\/Installation_pere_herman_08_10_2023\/dsc06274-scaled-1-2048x1536.jpg 2048w\" sizes=\"auto, (max-width: 1024px) 100vw, 1024px\" \/><\/a><\/figure>\n\n\n\n<figure class=\"wp-block-image size-large\"><a href=\"https:\/\/ensemble-paroissial-reynies.fr\/wp-content\/uploads\/Installation_pere_herman_08_10_2023\/dsc06286-scaled-1.jpg\"><img loading=\"lazy\" decoding=\"async\" width=\"1024\" height=\"768\" data-id=\"1905\" src=\"https:\/\/ensemble-paroissial-reynies.fr\/wp-content\/uploads\/Installation_pere_herman_08_10_2023\/dsc06286-scaled-1-1024x768.jpg\" alt=\"\" class=\"wp-image-1905\" srcset=\"https:\/\/ensemble-paroissial-reynies.fr\/wp-content\/uploads\/Installation_pere_herman_08_10_2023\/dsc06286-scaled-1-1024x768.jpg 1024w, https:\/\/ensemble-paroissial-reynies.fr\/wp-content\/uploads\/Installation_pere_herman_08_10_2023\/dsc06286-scaled-1-300x225.jpg 300w, https:\/\/ensemble-paroissial-reynies.fr\/wp-content\/uploads\/Installation_pere_herman_08_10_2023\/dsc06286-scaled-1-768x576.jpg 768w, https:\/\/ensemble-paroissial-reynies.fr\/wp-content\/uploads\/Installation_pere_herman_08_10_2023\/dsc06286-scaled-1-1536x1152.jpg 1536w, https:\/\/ensemble-paroissial-reynies.fr\/wp-content\/uploads\/Installation_pere_herman_08_10_2023\/dsc06286-scaled-1-2048x1536.jpg 2048w\" sizes=\"auto, (max-width: 1024px) 100vw, 1024px\" \/><\/a><\/figure>\n\n\n\n<figure class=\"wp-block-image size-large\"><a href=\"https:\/\/ensemble-paroissial-reynies.fr\/wp-content\/uploads\/Installation_pere_herman_08_10_2023\/dsc06289-scaled-1.jpg\"><img loading=\"lazy\" decoding=\"async\" width=\"1024\" height=\"768\" data-id=\"1904\" src=\"https:\/\/ensemble-paroissial-reynies.fr\/wp-content\/uploads\/Installation_pere_herman_08_10_2023\/dsc06289-scaled-1-1024x768.jpg\" alt=\"\" class=\"wp-image-1904\" srcset=\"https:\/\/ensemble-paroissial-reynies.fr\/wp-content\/uploads\/Installation_pere_herman_08_10_2023\/dsc06289-scaled-1-1024x768.jpg 1024w, https:\/\/ensemble-paroissial-reynies.fr\/wp-content\/uploads\/Installation_pere_herman_08_10_2023\/dsc06289-scaled-1-300x225.jpg 300w, https:\/\/ensemble-paroissial-reynies.fr\/wp-content\/uploads\/Installation_pere_herman_08_10_2023\/dsc06289-scaled-1-768x576.jpg 768w, https:\/\/ensemble-paroissial-reynies.fr\/wp-content\/uploads\/Installation_pere_herman_08_10_2023\/dsc06289-scaled-1-1536x1152.jpg 1536w, https:\/\/ensemble-paroissial-reynies.fr\/wp-content\/uploads\/Installation_pere_herman_08_10_2023\/dsc06289-scaled-1-2048x1536.jpg 2048w\" sizes=\"auto, (max-width: 1024px) 100vw, 1024px\" \/><\/a><\/figure>\n<\/figure>\n\n\n\n<p>et la Messe s\u2019est d\u00e9roul\u00e9e avec les diff\u00e9rentes parties de l\u2019installation du nouveau cur\u00e9.<\/p>\n\n\n\n<figure class=\"wp-block-gallery has-nested-images columns-4 wp-block-gallery-3 is-layout-flex wp-block-gallery-is-layout-flex\">\n<figure class=\"wp-block-image size-large\"><a href=\"https:\/\/ensemble-paroissial-reynies.fr\/wp-content\/uploads\/Installation_pere_herman_08_10_2023\/dsc06291-scaled-1.jpg\"><img loading=\"lazy\" decoding=\"async\" width=\"1024\" height=\"768\" data-id=\"1906\" src=\"https:\/\/ensemble-paroissial-reynies.fr\/wp-content\/uploads\/Installation_pere_herman_08_10_2023\/dsc06291-scaled-1-1024x768.jpg\" alt=\"\" class=\"wp-image-1906\" srcset=\"https:\/\/ensemble-paroissial-reynies.fr\/wp-content\/uploads\/Installation_pere_herman_08_10_2023\/dsc06291-scaled-1-1024x768.jpg 1024w, https:\/\/ensemble-paroissial-reynies.fr\/wp-content\/uploads\/Installation_pere_herman_08_10_2023\/dsc06291-scaled-1-300x225.jpg 300w, https:\/\/ensemble-paroissial-reynies.fr\/wp-content\/uploads\/Installation_pere_herman_08_10_2023\/dsc06291-scaled-1-768x576.jpg 768w, https:\/\/ensemble-paroissial-reynies.fr\/wp-content\/uploads\/Installation_pere_herman_08_10_2023\/dsc06291-scaled-1-1536x1152.jpg 1536w, https:\/\/ensemble-paroissial-reynies.fr\/wp-content\/uploads\/Installation_pere_herman_08_10_2023\/dsc06291-scaled-1-2048x1536.jpg 2048w\" sizes=\"auto, (max-width: 1024px) 100vw, 1024px\" \/><\/a><\/figure>\n\n\n\n<figure class=\"wp-block-image size-large\"><a href=\"https:\/\/ensemble-paroissial-reynies.fr\/wp-content\/uploads\/Installation_pere_herman_08_10_2023\/dsc06292-scaled-1.jpg\"><img loading=\"lazy\" decoding=\"async\" width=\"1024\" height=\"768\" data-id=\"1907\" src=\"https:\/\/ensemble-paroissial-reynies.fr\/wp-content\/uploads\/Installation_pere_herman_08_10_2023\/dsc06292-scaled-1-1024x768.jpg\" alt=\"\" class=\"wp-image-1907\" srcset=\"https:\/\/ensemble-paroissial-reynies.fr\/wp-content\/uploads\/Installation_pere_herman_08_10_2023\/dsc06292-scaled-1-1024x768.jpg 1024w, https:\/\/ensemble-paroissial-reynies.fr\/wp-content\/uploads\/Installation_pere_herman_08_10_2023\/dsc06292-scaled-1-300x225.jpg 300w, https:\/\/ensemble-paroissial-reynies.fr\/wp-content\/uploads\/Installation_pere_herman_08_10_2023\/dsc06292-scaled-1-768x576.jpg 768w, https:\/\/ensemble-paroissial-reynies.fr\/wp-content\/uploads\/Installation_pere_herman_08_10_2023\/dsc06292-scaled-1-1536x1152.jpg 1536w, https:\/\/ensemble-paroissial-reynies.fr\/wp-content\/uploads\/Installation_pere_herman_08_10_2023\/dsc06292-scaled-1-2048x1536.jpg 2048w\" sizes=\"auto, (max-width: 1024px) 100vw, 1024px\" \/><\/a><\/figure>\n\n\n\n<figure class=\"wp-block-image size-large\"><a href=\"https:\/\/ensemble-paroissial-reynies.fr\/wp-content\/uploads\/Installation_pere_herman_08_10_2023\/dsc06293-scaled-1.jpg\"><img loading=\"lazy\" decoding=\"async\" width=\"1024\" height=\"768\" data-id=\"1908\" src=\"https:\/\/ensemble-paroissial-reynies.fr\/wp-content\/uploads\/Installation_pere_herman_08_10_2023\/dsc06293-scaled-1-1024x768.jpg\" alt=\"\" class=\"wp-image-1908\" srcset=\"https:\/\/ensemble-paroissial-reynies.fr\/wp-content\/uploads\/Installation_pere_herman_08_10_2023\/dsc06293-scaled-1-1024x768.jpg 1024w, https:\/\/ensemble-paroissial-reynies.fr\/wp-content\/uploads\/Installation_pere_herman_08_10_2023\/dsc06293-scaled-1-300x225.jpg 300w, https:\/\/ensemble-paroissial-reynies.fr\/wp-content\/uploads\/Installation_pere_herman_08_10_2023\/dsc06293-scaled-1-768x576.jpg 768w, https:\/\/ensemble-paroissial-reynies.fr\/wp-content\/uploads\/Installation_pere_herman_08_10_2023\/dsc06293-scaled-1-1536x1152.jpg 1536w, https:\/\/ensemble-paroissial-reynies.fr\/wp-content\/uploads\/Installation_pere_herman_08_10_2023\/dsc06293-scaled-1-2048x1536.jpg 2048w\" sizes=\"auto, (max-width: 1024px) 100vw, 1024px\" \/><\/a><\/figure>\n\n\n\n<figure class=\"wp-block-image size-large\"><a href=\"https:\/\/ensemble-paroissial-reynies.fr\/wp-content\/uploads\/Installation_pere_herman_08_10_2023\/dsc06294-scaled-1.jpg\"><img loading=\"lazy\" decoding=\"async\" width=\"1024\" height=\"768\" data-id=\"1909\" src=\"https:\/\/ensemble-paroissial-reynies.fr\/wp-content\/uploads\/Installation_pere_herman_08_10_2023\/dsc06294-scaled-1-1024x768.jpg\" alt=\"\" class=\"wp-image-1909\" srcset=\"https:\/\/ensemble-paroissial-reynies.fr\/wp-content\/uploads\/Installation_pere_herman_08_10_2023\/dsc06294-scaled-1-1024x768.jpg 1024w, https:\/\/ensemble-paroissial-reynies.fr\/wp-content\/uploads\/Installation_pere_herman_08_10_2023\/dsc06294-scaled-1-300x225.jpg 300w, https:\/\/ensemble-paroissial-reynies.fr\/wp-content\/uploads\/Installation_pere_herman_08_10_2023\/dsc06294-scaled-1-768x576.jpg 768w, https:\/\/ensemble-paroissial-reynies.fr\/wp-content\/uploads\/Installation_pere_herman_08_10_2023\/dsc06294-scaled-1-1536x1152.jpg 1536w, https:\/\/ensemble-paroissial-reynies.fr\/wp-content\/uploads\/Installation_pere_herman_08_10_2023\/dsc06294-scaled-1-2048x1536.jpg 2048w\" sizes=\"auto, (max-width: 1024px) 100vw, 1024px\" \/><\/a><\/figure>\n\n\n\n<figure class=\"wp-block-image size-large\"><a href=\"https:\/\/ensemble-paroissial-reynies.fr\/wp-content\/uploads\/Installation_pere_herman_08_10_2023\/dsc06295-scaled-1.jpg\"><img loading=\"lazy\" decoding=\"async\" width=\"1024\" height=\"768\" data-id=\"1910\" src=\"https:\/\/ensemble-paroissial-reynies.fr\/wp-content\/uploads\/Installation_pere_herman_08_10_2023\/dsc06295-scaled-1-1024x768.jpg\" alt=\"\" class=\"wp-image-1910\" srcset=\"https:\/\/ensemble-paroissial-reynies.fr\/wp-content\/uploads\/Installation_pere_herman_08_10_2023\/dsc06295-scaled-1-1024x768.jpg 1024w, https:\/\/ensemble-paroissial-reynies.fr\/wp-content\/uploads\/Installation_pere_herman_08_10_2023\/dsc06295-scaled-1-300x225.jpg 300w, https:\/\/ensemble-paroissial-reynies.fr\/wp-content\/uploads\/Installation_pere_herman_08_10_2023\/dsc06295-scaled-1-768x576.jpg 768w, https:\/\/ensemble-paroissial-reynies.fr\/wp-content\/uploads\/Installation_pere_herman_08_10_2023\/dsc06295-scaled-1-1536x1152.jpg 1536w, https:\/\/ensemble-paroissial-reynies.fr\/wp-content\/uploads\/Installation_pere_herman_08_10_2023\/dsc06295-scaled-1-2048x1536.jpg 2048w\" sizes=\"auto, (max-width: 1024px) 100vw, 1024px\" \/><\/a><\/figure>\n\n\n\n<figure class=\"wp-block-image size-large\"><a href=\"https:\/\/ensemble-paroissial-reynies.fr\/wp-content\/uploads\/Installation_pere_herman_08_10_2023\/dsc06296-scaled-1.jpg\"><img loading=\"lazy\" decoding=\"async\" width=\"1024\" height=\"768\" data-id=\"1911\" src=\"https:\/\/ensemble-paroissial-reynies.fr\/wp-content\/uploads\/Installation_pere_herman_08_10_2023\/dsc06296-scaled-1-1024x768.jpg\" alt=\"\" class=\"wp-image-1911\" srcset=\"https:\/\/ensemble-paroissial-reynies.fr\/wp-content\/uploads\/Installation_pere_herman_08_10_2023\/dsc06296-scaled-1-1024x768.jpg 1024w, https:\/\/ensemble-paroissial-reynies.fr\/wp-content\/uploads\/Installation_pere_herman_08_10_2023\/dsc06296-scaled-1-300x225.jpg 300w, https:\/\/ensemble-paroissial-reynies.fr\/wp-content\/uploads\/Installation_pere_herman_08_10_2023\/dsc06296-scaled-1-768x576.jpg 768w, https:\/\/ensemble-paroissial-reynies.fr\/wp-content\/uploads\/Installation_pere_herman_08_10_2023\/dsc06296-scaled-1-1536x1152.jpg 1536w, https:\/\/ensemble-paroissial-reynies.fr\/wp-content\/uploads\/Installation_pere_herman_08_10_2023\/dsc06296-scaled-1-2048x1536.jpg 2048w\" sizes=\"auto, (max-width: 1024px) 100vw, 1024px\" \/><\/a><\/figure>\n\n\n\n<figure class=\"wp-block-image size-large\"><a href=\"https:\/\/ensemble-paroissial-reynies.fr\/wp-content\/uploads\/Installation_pere_herman_08_10_2023\/dsc06300-scaled-1.jpg\"><img loading=\"lazy\" decoding=\"async\" width=\"1024\" height=\"768\" data-id=\"1914\" src=\"https:\/\/ensemble-paroissial-reynies.fr\/wp-content\/uploads\/Installation_pere_herman_08_10_2023\/dsc06300-scaled-1-1024x768.jpg\" alt=\"\" class=\"wp-image-1914\" srcset=\"https:\/\/ensemble-paroissial-reynies.fr\/wp-content\/uploads\/Installation_pere_herman_08_10_2023\/dsc06300-scaled-1-1024x768.jpg 1024w, https:\/\/ensemble-paroissial-reynies.fr\/wp-content\/uploads\/Installation_pere_herman_08_10_2023\/dsc06300-scaled-1-300x225.jpg 300w, https:\/\/ensemble-paroissial-reynies.fr\/wp-content\/uploads\/Installation_pere_herman_08_10_2023\/dsc06300-scaled-1-768x576.jpg 768w, https:\/\/ensemble-paroissial-reynies.fr\/wp-content\/uploads\/Installation_pere_herman_08_10_2023\/dsc06300-scaled-1-1536x1152.jpg 1536w, https:\/\/ensemble-paroissial-reynies.fr\/wp-content\/uploads\/Installation_pere_herman_08_10_2023\/dsc06300-scaled-1-2048x1536.jpg 2048w\" sizes=\"auto, (max-width: 1024px) 100vw, 1024px\" \/><\/a><\/figure>\n\n\n\n<figure class=\"wp-block-image size-large\"><a href=\"https:\/\/ensemble-paroissial-reynies.fr\/wp-content\/uploads\/Installation_pere_herman_08_10_2023\/dsc06303-scaled-1.jpg\"><img loading=\"lazy\" decoding=\"async\" width=\"1024\" height=\"768\" data-id=\"1913\" src=\"https:\/\/ensemble-paroissial-reynies.fr\/wp-content\/uploads\/Installation_pere_herman_08_10_2023\/dsc06303-scaled-1-1024x768.jpg\" alt=\"\" class=\"wp-image-1913\" srcset=\"https:\/\/ensemble-paroissial-reynies.fr\/wp-content\/uploads\/Installation_pere_herman_08_10_2023\/dsc06303-scaled-1-1024x768.jpg 1024w, https:\/\/ensemble-paroissial-reynies.fr\/wp-content\/uploads\/Installation_pere_herman_08_10_2023\/dsc06303-scaled-1-300x225.jpg 300w, https:\/\/ensemble-paroissial-reynies.fr\/wp-content\/uploads\/Installation_pere_herman_08_10_2023\/dsc06303-scaled-1-768x576.jpg 768w, https:\/\/ensemble-paroissial-reynies.fr\/wp-content\/uploads\/Installation_pere_herman_08_10_2023\/dsc06303-scaled-1-1536x1152.jpg 1536w, https:\/\/ensemble-paroissial-reynies.fr\/wp-content\/uploads\/Installation_pere_herman_08_10_2023\/dsc06303-scaled-1-2048x1536.jpg 2048w\" sizes=\"auto, (max-width: 1024px) 100vw, 1024px\" \/><\/a><\/figure>\n\n\n\n<figure class=\"wp-block-image size-large\"><a href=\"https:\/\/ensemble-paroissial-reynies.fr\/wp-content\/uploads\/Installation_pere_herman_08_10_2023\/dsc06304-scaled-1.jpg\"><img loading=\"lazy\" decoding=\"async\" width=\"1024\" height=\"768\" data-id=\"1915\" src=\"https:\/\/ensemble-paroissial-reynies.fr\/wp-content\/uploads\/Installation_pere_herman_08_10_2023\/dsc06304-scaled-1-1024x768.jpg\" alt=\"\" class=\"wp-image-1915\" srcset=\"https:\/\/ensemble-paroissial-reynies.fr\/wp-content\/uploads\/Installation_pere_herman_08_10_2023\/dsc06304-scaled-1-1024x768.jpg 1024w, https:\/\/ensemble-paroissial-reynies.fr\/wp-content\/uploads\/Installation_pere_herman_08_10_2023\/dsc06304-scaled-1-300x225.jpg 300w, https:\/\/ensemble-paroissial-reynies.fr\/wp-content\/uploads\/Installation_pere_herman_08_10_2023\/dsc06304-scaled-1-768x576.jpg 768w, https:\/\/ensemble-paroissial-reynies.fr\/wp-content\/uploads\/Installation_pere_herman_08_10_2023\/dsc06304-scaled-1-1536x1152.jpg 1536w, https:\/\/ensemble-paroissial-reynies.fr\/wp-content\/uploads\/Installation_pere_herman_08_10_2023\/dsc06304-scaled-1-2048x1536.jpg 2048w\" sizes=\"auto, (max-width: 1024px) 100vw, 1024px\" \/><\/a><\/figure>\n\n\n\n<figure class=\"wp-block-image size-large\"><a href=\"https:\/\/ensemble-paroissial-reynies.fr\/wp-content\/uploads\/Installation_pere_herman_08_10_2023\/dsc06305-scaled-1.jpg\"><img loading=\"lazy\" decoding=\"async\" width=\"1024\" height=\"768\" data-id=\"1912\" src=\"https:\/\/ensemble-paroissial-reynies.fr\/wp-content\/uploads\/Installation_pere_herman_08_10_2023\/dsc06305-scaled-1-1024x768.jpg\" alt=\"\" class=\"wp-image-1912\" srcset=\"https:\/\/ensemble-paroissial-reynies.fr\/wp-content\/uploads\/Installation_pere_herman_08_10_2023\/dsc06305-scaled-1-1024x768.jpg 1024w, https:\/\/ensemble-paroissial-reynies.fr\/wp-content\/uploads\/Installation_pere_herman_08_10_2023\/dsc06305-scaled-1-300x225.jpg 300w, https:\/\/ensemble-paroissial-reynies.fr\/wp-content\/uploads\/Installation_pere_herman_08_10_2023\/dsc06305-scaled-1-768x576.jpg 768w, https:\/\/ensemble-paroissial-reynies.fr\/wp-content\/uploads\/Installation_pere_herman_08_10_2023\/dsc06305-scaled-1-1536x1152.jpg 1536w, https:\/\/ensemble-paroissial-reynies.fr\/wp-content\/uploads\/Installation_pere_herman_08_10_2023\/dsc06305-scaled-1-2048x1536.jpg 2048w\" sizes=\"auto, (max-width: 1024px) 100vw, 1024px\" \/><\/a><\/figure>\n\n\n\n<figure class=\"wp-block-image size-large\"><a href=\"https:\/\/ensemble-paroissial-reynies.fr\/wp-content\/uploads\/Installation_pere_herman_08_10_2023\/dsc06307-scaled-1.jpg\"><img loading=\"lazy\" decoding=\"async\" width=\"1024\" height=\"768\" data-id=\"1916\" src=\"https:\/\/ensemble-paroissial-reynies.fr\/wp-content\/uploads\/Installation_pere_herman_08_10_2023\/dsc06307-scaled-1-1024x768.jpg\" alt=\"\" class=\"wp-image-1916\" srcset=\"https:\/\/ensemble-paroissial-reynies.fr\/wp-content\/uploads\/Installation_pere_herman_08_10_2023\/dsc06307-scaled-1-1024x768.jpg 1024w, https:\/\/ensemble-paroissial-reynies.fr\/wp-content\/uploads\/Installation_pere_herman_08_10_2023\/dsc06307-scaled-1-300x225.jpg 300w, https:\/\/ensemble-paroissial-reynies.fr\/wp-content\/uploads\/Installation_pere_herman_08_10_2023\/dsc06307-scaled-1-768x576.jpg 768w, https:\/\/ensemble-paroissial-reynies.fr\/wp-content\/uploads\/Installation_pere_herman_08_10_2023\/dsc06307-scaled-1-1536x1152.jpg 1536w, https:\/\/ensemble-paroissial-reynies.fr\/wp-content\/uploads\/Installation_pere_herman_08_10_2023\/dsc06307-scaled-1-2048x1536.jpg 2048w\" sizes=\"auto, (max-width: 1024px) 100vw, 1024px\" \/><\/a><\/figure>\n\n\n\n<figure class=\"wp-block-image size-large\"><a href=\"https:\/\/ensemble-paroissial-reynies.fr\/wp-content\/uploads\/Installation_pere_herman_08_10_2023\/dsc06309-scaled-1.jpg\"><img loading=\"lazy\" decoding=\"async\" width=\"1024\" height=\"768\" data-id=\"1917\" src=\"https:\/\/ensemble-paroissial-reynies.fr\/wp-content\/uploads\/Installation_pere_herman_08_10_2023\/dsc06309-scaled-1-1024x768.jpg\" alt=\"\" class=\"wp-image-1917\" srcset=\"https:\/\/ensemble-paroissial-reynies.fr\/wp-content\/uploads\/Installation_pere_herman_08_10_2023\/dsc06309-scaled-1-1024x768.jpg 1024w, https:\/\/ensemble-paroissial-reynies.fr\/wp-content\/uploads\/Installation_pere_herman_08_10_2023\/dsc06309-scaled-1-300x225.jpg 300w, https:\/\/ensemble-paroissial-reynies.fr\/wp-content\/uploads\/Installation_pere_herman_08_10_2023\/dsc06309-scaled-1-768x576.jpg 768w, https:\/\/ensemble-paroissial-reynies.fr\/wp-content\/uploads\/Installation_pere_herman_08_10_2023\/dsc06309-scaled-1-1536x1152.jpg 1536w, https:\/\/ensemble-paroissial-reynies.fr\/wp-content\/uploads\/Installation_pere_herman_08_10_2023\/dsc06309-scaled-1-2048x1536.jpg 2048w\" sizes=\"auto, (max-width: 1024px) 100vw, 1024px\" \/><\/a><\/figure>\n\n\n\n<figure class=\"wp-block-image size-large\"><a href=\"https:\/\/ensemble-paroissial-reynies.fr\/wp-content\/uploads\/Installation_pere_herman_08_10_2023\/dsc06311-scaled-1.jpg\"><img loading=\"lazy\" decoding=\"async\" width=\"1024\" height=\"768\" data-id=\"1918\" src=\"https:\/\/ensemble-paroissial-reynies.fr\/wp-content\/uploads\/Installation_pere_herman_08_10_2023\/dsc06311-scaled-1-1024x768.jpg\" alt=\"\" class=\"wp-image-1918\" srcset=\"https:\/\/ensemble-paroissial-reynies.fr\/wp-content\/uploads\/Installation_pere_herman_08_10_2023\/dsc06311-scaled-1-1024x768.jpg 1024w, https:\/\/ensemble-paroissial-reynies.fr\/wp-content\/uploads\/Installation_pere_herman_08_10_2023\/dsc06311-scaled-1-300x225.jpg 300w, https:\/\/ensemble-paroissial-reynies.fr\/wp-content\/uploads\/Installation_pere_herman_08_10_2023\/dsc06311-scaled-1-768x576.jpg 768w, https:\/\/ensemble-paroissial-reynies.fr\/wp-content\/uploads\/Installation_pere_herman_08_10_2023\/dsc06311-scaled-1-1536x1152.jpg 1536w, https:\/\/ensemble-paroissial-reynies.fr\/wp-content\/uploads\/Installation_pere_herman_08_10_2023\/dsc06311-scaled-1-2048x1536.jpg 2048w\" sizes=\"auto, (max-width: 1024px) 100vw, 1024px\" \/><\/a><\/figure>\n\n\n\n<figure class=\"wp-block-image size-large\"><a href=\"https:\/\/ensemble-paroissial-reynies.fr\/wp-content\/uploads\/Installation_pere_herman_08_10_2023\/dsc06312-scaled-1.jpg\"><img loading=\"lazy\" decoding=\"async\" width=\"1024\" height=\"768\" data-id=\"1919\" src=\"https:\/\/ensemble-paroissial-reynies.fr\/wp-content\/uploads\/Installation_pere_herman_08_10_2023\/dsc06312-scaled-1-1024x768.jpg\" alt=\"\" class=\"wp-image-1919\" srcset=\"https:\/\/ensemble-paroissial-reynies.fr\/wp-content\/uploads\/Installation_pere_herman_08_10_2023\/dsc06312-scaled-1-1024x768.jpg 1024w, https:\/\/ensemble-paroissial-reynies.fr\/wp-content\/uploads\/Installation_pere_herman_08_10_2023\/dsc06312-scaled-1-300x225.jpg 300w, https:\/\/ensemble-paroissial-reynies.fr\/wp-content\/uploads\/Installation_pere_herman_08_10_2023\/dsc06312-scaled-1-768x576.jpg 768w, https:\/\/ensemble-paroissial-reynies.fr\/wp-content\/uploads\/Installation_pere_herman_08_10_2023\/dsc06312-scaled-1-1536x1152.jpg 1536w, https:\/\/ensemble-paroissial-reynies.fr\/wp-content\/uploads\/Installation_pere_herman_08_10_2023\/dsc06312-scaled-1-2048x1536.jpg 2048w\" sizes=\"auto, (max-width: 1024px) 100vw, 1024px\" \/><\/a><\/figure>\n\n\n\n<figure class=\"wp-block-image size-large\"><a href=\"https:\/\/ensemble-paroissial-reynies.fr\/wp-content\/uploads\/Installation_pere_herman_08_10_2023\/dsc06313-scaled-1.jpg\"><img loading=\"lazy\" decoding=\"async\" width=\"1024\" height=\"768\" data-id=\"1922\" src=\"https:\/\/ensemble-paroissial-reynies.fr\/wp-content\/uploads\/Installation_pere_herman_08_10_2023\/dsc06313-scaled-1-1024x768.jpg\" alt=\"\" class=\"wp-image-1922\" srcset=\"https:\/\/ensemble-paroissial-reynies.fr\/wp-content\/uploads\/Installation_pere_herman_08_10_2023\/dsc06313-scaled-1-1024x768.jpg 1024w, https:\/\/ensemble-paroissial-reynies.fr\/wp-content\/uploads\/Installation_pere_herman_08_10_2023\/dsc06313-scaled-1-300x225.jpg 300w, https:\/\/ensemble-paroissial-reynies.fr\/wp-content\/uploads\/Installation_pere_herman_08_10_2023\/dsc06313-scaled-1-768x576.jpg 768w, https:\/\/ensemble-paroissial-reynies.fr\/wp-content\/uploads\/Installation_pere_herman_08_10_2023\/dsc06313-scaled-1-1536x1152.jpg 1536w, https:\/\/ensemble-paroissial-reynies.fr\/wp-content\/uploads\/Installation_pere_herman_08_10_2023\/dsc06313-scaled-1-2048x1536.jpg 2048w\" sizes=\"auto, (max-width: 1024px) 100vw, 1024px\" \/><\/a><\/figure>\n\n\n\n<figure class=\"wp-block-image size-large\"><a href=\"https:\/\/ensemble-paroissial-reynies.fr\/wp-content\/uploads\/Installation_pere_herman_08_10_2023\/dsc06315-scaled-1.jpg\"><img loading=\"lazy\" decoding=\"async\" width=\"1024\" height=\"768\" data-id=\"1923\" src=\"https:\/\/ensemble-paroissial-reynies.fr\/wp-content\/uploads\/Installation_pere_herman_08_10_2023\/dsc06315-scaled-1-1024x768.jpg\" alt=\"\" class=\"wp-image-1923\" srcset=\"https:\/\/ensemble-paroissial-reynies.fr\/wp-content\/uploads\/Installation_pere_herman_08_10_2023\/dsc06315-scaled-1-1024x768.jpg 1024w, https:\/\/ensemble-paroissial-reynies.fr\/wp-content\/uploads\/Installation_pere_herman_08_10_2023\/dsc06315-scaled-1-300x225.jpg 300w, https:\/\/ensemble-paroissial-reynies.fr\/wp-content\/uploads\/Installation_pere_herman_08_10_2023\/dsc06315-scaled-1-768x576.jpg 768w, https:\/\/ensemble-paroissial-reynies.fr\/wp-content\/uploads\/Installation_pere_herman_08_10_2023\/dsc06315-scaled-1-1536x1152.jpg 1536w, https:\/\/ensemble-paroissial-reynies.fr\/wp-content\/uploads\/Installation_pere_herman_08_10_2023\/dsc06315-scaled-1-2048x1536.jpg 2048w\" sizes=\"auto, (max-width: 1024px) 100vw, 1024px\" \/><\/a><\/figure>\n\n\n\n<figure class=\"wp-block-image size-large\"><a href=\"https:\/\/ensemble-paroissial-reynies.fr\/wp-content\/uploads\/Installation_pere_herman_08_10_2023\/dsc06317-scaled-1.jpg\"><img loading=\"lazy\" decoding=\"async\" width=\"1024\" height=\"768\" data-id=\"1920\" src=\"https:\/\/ensemble-paroissial-reynies.fr\/wp-content\/uploads\/Installation_pere_herman_08_10_2023\/dsc06317-scaled-1-1024x768.jpg\" alt=\"\" class=\"wp-image-1920\" srcset=\"https:\/\/ensemble-paroissial-reynies.fr\/wp-content\/uploads\/Installation_pere_herman_08_10_2023\/dsc06317-scaled-1-1024x768.jpg 1024w, https:\/\/ensemble-paroissial-reynies.fr\/wp-content\/uploads\/Installation_pere_herman_08_10_2023\/dsc06317-scaled-1-300x225.jpg 300w, https:\/\/ensemble-paroissial-reynies.fr\/wp-content\/uploads\/Installation_pere_herman_08_10_2023\/dsc06317-scaled-1-768x576.jpg 768w, https:\/\/ensemble-paroissial-reynies.fr\/wp-content\/uploads\/Installation_pere_herman_08_10_2023\/dsc06317-scaled-1-1536x1152.jpg 1536w, https:\/\/ensemble-paroissial-reynies.fr\/wp-content\/uploads\/Installation_pere_herman_08_10_2023\/dsc06317-scaled-1-2048x1536.jpg 2048w\" sizes=\"auto, (max-width: 1024px) 100vw, 1024px\" \/><\/a><\/figure>\n\n\n\n<figure class=\"wp-block-image size-large\"><a href=\"https:\/\/ensemble-paroissial-reynies.fr\/wp-content\/uploads\/Installation_pere_herman_08_10_2023\/dsc06320-scaled-1.jpg\"><img loading=\"lazy\" decoding=\"async\" width=\"1024\" height=\"768\" data-id=\"1921\" src=\"https:\/\/ensemble-paroissial-reynies.fr\/wp-content\/uploads\/Installation_pere_herman_08_10_2023\/dsc06320-scaled-1-1024x768.jpg\" alt=\"\" class=\"wp-image-1921\" srcset=\"https:\/\/ensemble-paroissial-reynies.fr\/wp-content\/uploads\/Installation_pere_herman_08_10_2023\/dsc06320-scaled-1-1024x768.jpg 1024w, https:\/\/ensemble-paroissial-reynies.fr\/wp-content\/uploads\/Installation_pere_herman_08_10_2023\/dsc06320-scaled-1-300x225.jpg 300w, https:\/\/ensemble-paroissial-reynies.fr\/wp-content\/uploads\/Installation_pere_herman_08_10_2023\/dsc06320-scaled-1-768x576.jpg 768w, https:\/\/ensemble-paroissial-reynies.fr\/wp-content\/uploads\/Installation_pere_herman_08_10_2023\/dsc06320-scaled-1-1536x1152.jpg 1536w, https:\/\/ensemble-paroissial-reynies.fr\/wp-content\/uploads\/Installation_pere_herman_08_10_2023\/dsc06320-scaled-1-2048x1536.jpg 2048w\" sizes=\"auto, (max-width: 1024px) 100vw, 1024px\" \/><\/a><\/figure>\n\n\n\n<figure class=\"wp-block-image size-large\"><a href=\"https:\/\/ensemble-paroissial-reynies.fr\/wp-content\/uploads\/Installation_pere_herman_08_10_2023\/dsc06326-scaled-1.jpg\"><img loading=\"lazy\" decoding=\"async\" width=\"1024\" height=\"768\" data-id=\"1924\" src=\"https:\/\/ensemble-paroissial-reynies.fr\/wp-content\/uploads\/Installation_pere_herman_08_10_2023\/dsc06326-scaled-1-1024x768.jpg\" alt=\"\" class=\"wp-image-1924\" srcset=\"https:\/\/ensemble-paroissial-reynies.fr\/wp-content\/uploads\/Installation_pere_herman_08_10_2023\/dsc06326-scaled-1-1024x768.jpg 1024w, https:\/\/ensemble-paroissial-reynies.fr\/wp-content\/uploads\/Installation_pere_herman_08_10_2023\/dsc06326-scaled-1-300x225.jpg 300w, https:\/\/ensemble-paroissial-reynies.fr\/wp-content\/uploads\/Installation_pere_herman_08_10_2023\/dsc06326-scaled-1-768x576.jpg 768w, https:\/\/ensemble-paroissial-reynies.fr\/wp-content\/uploads\/Installation_pere_herman_08_10_2023\/dsc06326-scaled-1-1536x1152.jpg 1536w, https:\/\/ensemble-paroissial-reynies.fr\/wp-content\/uploads\/Installation_pere_herman_08_10_2023\/dsc06326-scaled-1-2048x1536.jpg 2048w\" sizes=\"auto, (max-width: 1024px) 100vw, 1024px\" \/><\/a><\/figure>\n\n\n\n<figure class=\"wp-block-image size-large\"><a href=\"https:\/\/ensemble-paroissial-reynies.fr\/wp-content\/uploads\/Installation_pere_herman_08_10_2023\/dsc06328-scaled-1.jpg\"><img loading=\"lazy\" decoding=\"async\" width=\"1024\" height=\"768\" data-id=\"1925\" src=\"https:\/\/ensemble-paroissial-reynies.fr\/wp-content\/uploads\/Installation_pere_herman_08_10_2023\/dsc06328-scaled-1-1024x768.jpg\" alt=\"\" class=\"wp-image-1925\" srcset=\"https:\/\/ensemble-paroissial-reynies.fr\/wp-content\/uploads\/Installation_pere_herman_08_10_2023\/dsc06328-scaled-1-1024x768.jpg 1024w, https:\/\/ensemble-paroissial-reynies.fr\/wp-content\/uploads\/Installation_pere_herman_08_10_2023\/dsc06328-scaled-1-300x225.jpg 300w, https:\/\/ensemble-paroissial-reynies.fr\/wp-content\/uploads\/Installation_pere_herman_08_10_2023\/dsc06328-scaled-1-768x576.jpg 768w, https:\/\/ensemble-paroissial-reynies.fr\/wp-content\/uploads\/Installation_pere_herman_08_10_2023\/dsc06328-scaled-1-1536x1152.jpg 1536w, https:\/\/ensemble-paroissial-reynies.fr\/wp-content\/uploads\/Installation_pere_herman_08_10_2023\/dsc06328-scaled-1-2048x1536.jpg 2048w\" sizes=\"auto, (max-width: 1024px) 100vw, 1024px\" \/><\/a><\/figure>\n<\/figure>\n\n\n\n<p>A la fin de la c\u00e9r\u00e9monie, Monseigneur a invit\u00e9 le P\u00e8re Herman et des membres de l\u2019\u00c9quipe pastorale a signer les documents.<\/p>\n\n\n<div class=\"pgc-sgb-cb wp-block-pgcsimplygalleryblock-masonry \" data-gallery-id=\"cea74130\"><div class=\"sgb-preloader\" id=\"pr_cea74130\">\n\t<div class=\"sgb-square\" style=\"background:#d4d4d4\"><\/div>\n\t<div class=\"sgb-square\" style=\"background:#d4d4d4\"><\/div>\n\t<div class=\"sgb-square\" style=\"background:#d4d4d4\"><\/div>\n\t<div class=\"sgb-square\" style=\"background:#d4d4d4\"><\/div><\/div><div class=\"simply-gallery-amp pgc_sgb_slider \"><noscript><div class=\"sgb-gallery\"><div class=\"sgb-item\"><a href=\"https:\/\/ensemble-paroissial-reynies.fr\/?attachment_id=1927\" target=\"_blank\"><img decoding=\"async\" alt=\"\" width=\"300\" height=\"225\" loading=\"lazy\" src=\"https:\/\/ensemble-paroissial-reynies.fr\/wp-content\/uploads\/Installation_pere_herman_08_10_2023\/dsc06331-scaled-1-300x225.jpg\" srcset=\"https:\/\/ensemble-paroissial-reynies.fr\/wp-content\/uploads\/Installation_pere_herman_08_10_2023\/dsc06331-scaled-1-300x225.jpg 300w,https:\/\/ensemble-paroissial-reynies.fr\/wp-content\/uploads\/Installation_pere_herman_08_10_2023\/dsc06331-scaled-1-1024x768.jpg 1024w,https:\/\/ensemble-paroissial-reynies.fr\/wp-content\/uploads\/Installation_pere_herman_08_10_2023\/dsc06331-scaled-1.jpg 2560w\" sizes=\"auto, 250px\"\/><\/a><div class=\"sgb-item-caption\"><em>                               <\/em><\/div><\/div><div class=\"sgb-item\"><a href=\"https:\/\/ensemble-paroissial-reynies.fr\/?attachment_id=1929\" target=\"_blank\"><img decoding=\"async\" alt=\"\" width=\"300\" height=\"225\" loading=\"lazy\" src=\"https:\/\/ensemble-paroissial-reynies.fr\/wp-content\/uploads\/Installation_pere_herman_08_10_2023\/dsc06332-scaled-1-300x225.jpg\" srcset=\"https:\/\/ensemble-paroissial-reynies.fr\/wp-content\/uploads\/Installation_pere_herman_08_10_2023\/dsc06332-scaled-1-300x225.jpg 300w,https:\/\/ensemble-paroissial-reynies.fr\/wp-content\/uploads\/Installation_pere_herman_08_10_2023\/dsc06332-scaled-1-1024x768.jpg 1024w,https:\/\/ensemble-paroissial-reynies.fr\/wp-content\/uploads\/Installation_pere_herman_08_10_2023\/dsc06332-scaled-1.jpg 2560w\" sizes=\"auto, 250px\"\/><\/a><div class=\"sgb-item-caption\"><em>                               <\/em><\/div><\/div><div class=\"sgb-item\"><a href=\"https:\/\/ensemble-paroissial-reynies.fr\/?attachment_id=1928\" target=\"_blank\"><img decoding=\"async\" alt=\"\" width=\"300\" height=\"225\" loading=\"lazy\" src=\"https:\/\/ensemble-paroissial-reynies.fr\/wp-content\/uploads\/Installation_pere_herman_08_10_2023\/dsc06333-scaled-1-300x225.jpg\" srcset=\"https:\/\/ensemble-paroissial-reynies.fr\/wp-content\/uploads\/Installation_pere_herman_08_10_2023\/dsc06333-scaled-1-300x225.jpg 300w,https:\/\/ensemble-paroissial-reynies.fr\/wp-content\/uploads\/Installation_pere_herman_08_10_2023\/dsc06333-scaled-1-1024x768.jpg 1024w,https:\/\/ensemble-paroissial-reynies.fr\/wp-content\/uploads\/Installation_pere_herman_08_10_2023\/dsc06333-scaled-1.jpg 2560w\" sizes=\"auto, 250px\"\/><\/a><div class=\"sgb-item-caption\"><em>                               <\/em><\/div><\/div><div class=\"sgb-item\"><a href=\"https:\/\/ensemble-paroissial-reynies.fr\/?attachment_id=1930\" target=\"_blank\"><img decoding=\"async\" alt=\"\" width=\"300\" height=\"225\" loading=\"lazy\" src=\"https:\/\/ensemble-paroissial-reynies.fr\/wp-content\/uploads\/Installation_pere_herman_08_10_2023\/dsc06334-scaled-1-300x225.jpg\" srcset=\"https:\/\/ensemble-paroissial-reynies.fr\/wp-content\/uploads\/Installation_pere_herman_08_10_2023\/dsc06334-scaled-1-300x225.jpg 300w,https:\/\/ensemble-paroissial-reynies.fr\/wp-content\/uploads\/Installation_pere_herman_08_10_2023\/dsc06334-scaled-1-1024x768.jpg 1024w,https:\/\/ensemble-paroissial-reynies.fr\/wp-content\/uploads\/Installation_pere_herman_08_10_2023\/dsc06334-scaled-1.jpg 2560w\" sizes=\"auto, 250px\"\/><\/a><div class=\"sgb-item-caption\"><em>                               <\/em><\/div><\/div><div class=\"sgb-item\"><a href=\"https:\/\/ensemble-paroissial-reynies.fr\/?attachment_id=1931\" target=\"_blank\"><img decoding=\"async\" alt=\"\" width=\"300\" height=\"225\" loading=\"lazy\" src=\"https:\/\/ensemble-paroissial-reynies.fr\/wp-content\/uploads\/Installation_pere_herman_08_10_2023\/dsc06335-scaled-1-300x225.jpg\" srcset=\"https:\/\/ensemble-paroissial-reynies.fr\/wp-content\/uploads\/Installation_pere_herman_08_10_2023\/dsc06335-scaled-1-300x225.jpg 300w,https:\/\/ensemble-paroissial-reynies.fr\/wp-content\/uploads\/Installation_pere_herman_08_10_2023\/dsc06335-scaled-1-1024x768.jpg 1024w,https:\/\/ensemble-paroissial-reynies.fr\/wp-content\/uploads\/Installation_pere_herman_08_10_2023\/dsc06335-scaled-1.jpg 2560w\" sizes=\"auto, 250px\"\/><\/a><div class=\"sgb-item-caption\"><em>                               <\/em><\/div><\/div><div class=\"sgb-item\"><a href=\"https:\/\/ensemble-paroissial-reynies.fr\/?attachment_id=1932\" target=\"_blank\"><img decoding=\"async\" alt=\"\" width=\"300\" height=\"225\" loading=\"lazy\" src=\"https:\/\/ensemble-paroissial-reynies.fr\/wp-content\/uploads\/Installation_pere_herman_08_10_2023\/dsc06336-scaled-1-300x225.jpg\" srcset=\"https:\/\/ensemble-paroissial-reynies.fr\/wp-content\/uploads\/Installation_pere_herman_08_10_2023\/dsc06336-scaled-1-300x225.jpg 300w,https:\/\/ensemble-paroissial-reynies.fr\/wp-content\/uploads\/Installation_pere_herman_08_10_2023\/dsc06336-scaled-1-1024x768.jpg 1024w,https:\/\/ensemble-paroissial-reynies.fr\/wp-content\/uploads\/Installation_pere_herman_08_10_2023\/dsc06336-scaled-1.jpg 2560w\" sizes=\"auto, 250px\"\/><\/a><div class=\"sgb-item-caption\"><em>                               <\/em><\/div><\/div><div class=\"sgb-item\"><a href=\"https:\/\/ensemble-paroissial-reynies.fr\/?attachment_id=1933\" target=\"_blank\"><img decoding=\"async\" alt=\"\" width=\"300\" height=\"225\" loading=\"lazy\" src=\"https:\/\/ensemble-paroissial-reynies.fr\/wp-content\/uploads\/Installation_pere_herman_08_10_2023\/dsc06338-scaled-1-300x225.jpg\" srcset=\"https:\/\/ensemble-paroissial-reynies.fr\/wp-content\/uploads\/Installation_pere_herman_08_10_2023\/dsc06338-scaled-1-300x225.jpg 300w,https:\/\/ensemble-paroissial-reynies.fr\/wp-content\/uploads\/Installation_pere_herman_08_10_2023\/dsc06338-scaled-1-1024x768.jpg 1024w,https:\/\/ensemble-paroissial-reynies.fr\/wp-content\/uploads\/Installation_pere_herman_08_10_2023\/dsc06338-scaled-1.jpg 2560w\" sizes=\"auto, 250px\"\/><\/a><div class=\"sgb-item-caption\"><em>                               <\/em><\/div><\/div><div class=\"sgb-item\"><a href=\"https:\/\/ensemble-paroissial-reynies.fr\/?attachment_id=1934\" target=\"_blank\"><img decoding=\"async\" alt=\"\" width=\"300\" height=\"225\" loading=\"lazy\" src=\"https:\/\/ensemble-paroissial-reynies.fr\/wp-content\/uploads\/Installation_pere_herman_08_10_2023\/dsc06339-scaled-1-300x225.jpg\" srcset=\"https:\/\/ensemble-paroissial-reynies.fr\/wp-content\/uploads\/Installation_pere_herman_08_10_2023\/dsc06339-scaled-1-300x225.jpg 300w,https:\/\/ensemble-paroissial-reynies.fr\/wp-content\/uploads\/Installation_pere_herman_08_10_2023\/dsc06339-scaled-1-1024x768.jpg 1024w,https:\/\/ensemble-paroissial-reynies.fr\/wp-content\/uploads\/Installation_pere_herman_08_10_2023\/dsc06339-scaled-1.jpg 2560w\" sizes=\"auto, 250px\"\/><\/a><div class=\"sgb-item-caption\"><em>                               <\/em><\/div><\/div><\/div><\/noscript><\/div><script type=\"application\/json\" class=\"sgb-data\">{\"captions\":false,\"collectionThumbSubMenuDownload\":false,\"galleryType\":\"pgc_sgb_masonry\",\"galleryId\":\"cea74130\",\"images\":[{\"id\":1927,\"title\":\"dsc06331-scaled-1\",\"url\":\"https:\/\/ensemble-paroissial-reynies.fr\/wp-content\/uploads\/Installation_pere_herman_08_10_2023\/dsc06331-scaled-1.jpg\",\"link\":\"https:\/\/ensemble-paroissial-reynies.fr\/?attachment_id=1927\",\"alt\":\"\",\"description\":\"\",\"caption\":\"                               \",\"mime\":\"image\/jpeg\",\"type\":\"image\",\"width\":2560,\"height\":1920,\"sizes\":{\"thumbnail\":{\"height\":150,\"width\":150,\"url\":\"https:\/\/ensemble-paroissial-reynies.fr\/wp-content\/uploads\/Installation_pere_herman_08_10_2023\/dsc06331-scaled-1-150x150.jpg\",\"orientation\":\"landscape\"},\"medium\":{\"height\":225,\"width\":300,\"url\":\"https:\/\/ensemble-paroissial-reynies.fr\/wp-content\/uploads\/Installation_pere_herman_08_10_2023\/dsc06331-scaled-1-300x225.jpg\",\"orientation\":\"landscape\"},\"large\":{\"height\":768,\"width\":1024,\"url\":\"https:\/\/ensemble-paroissial-reynies.fr\/wp-content\/uploads\/Installation_pere_herman_08_10_2023\/dsc06331-scaled-1-1024x768.jpg\",\"orientation\":\"landscape\"},\"full\":{\"url\":\"https:\/\/ensemble-paroissial-reynies.fr\/wp-content\/uploads\/Installation_pere_herman_08_10_2023\/dsc06331-scaled-1.jpg\",\"height\":1920,\"width\":2560,\"orientation\":\"landscape\"}},\"imageMeta\":{\"aperture\":\"5\",\"credit\":\"\",\"camera\":\"DSC-HX5V\",\"caption\":\"\",\"created_timestamp\":\"1696768032\",\"copyright\":\"\",\"focal_length\":\"25.96\",\"iso\":\"800\",\"shutter_speed\":\"0.04\",\"title\":\"\",\"orientation\":\"1\",\"keywords\":[]},\"meta\":false,\"postlink\":\"https:\/\/ensemble-paroissial-reynies.fr\/?attachment_id=1927\"},{\"id\":1929,\"title\":\"dsc06332-scaled-1\",\"url\":\"https:\/\/ensemble-paroissial-reynies.fr\/wp-content\/uploads\/Installation_pere_herman_08_10_2023\/dsc06332-scaled-1.jpg\",\"link\":\"https:\/\/ensemble-paroissial-reynies.fr\/?attachment_id=1929\",\"alt\":\"\",\"description\":\"\",\"caption\":\"                               \",\"mime\":\"image\/jpeg\",\"type\":\"image\",\"width\":2560,\"height\":1920,\"sizes\":{\"thumbnail\":{\"height\":150,\"width\":150,\"url\":\"https:\/\/ensemble-paroissial-reynies.fr\/wp-content\/uploads\/Installation_pere_herman_08_10_2023\/dsc06332-scaled-1-150x150.jpg\",\"orientation\":\"landscape\"},\"medium\":{\"height\":225,\"width\":300,\"url\":\"https:\/\/ensemble-paroissial-reynies.fr\/wp-content\/uploads\/Installation_pere_herman_08_10_2023\/dsc06332-scaled-1-300x225.jpg\",\"orientation\":\"landscape\"},\"large\":{\"height\":768,\"width\":1024,\"url\":\"https:\/\/ensemble-paroissial-reynies.fr\/wp-content\/uploads\/Installation_pere_herman_08_10_2023\/dsc06332-scaled-1-1024x768.jpg\",\"orientation\":\"landscape\"},\"full\":{\"url\":\"https:\/\/ensemble-paroissial-reynies.fr\/wp-content\/uploads\/Installation_pere_herman_08_10_2023\/dsc06332-scaled-1.jpg\",\"height\":1920,\"width\":2560,\"orientation\":\"landscape\"}},\"imageMeta\":{\"aperture\":\"5\",\"credit\":\"\",\"camera\":\"DSC-HX5V\",\"caption\":\"\",\"created_timestamp\":\"1696768041\",\"copyright\":\"\",\"focal_length\":\"25.96\",\"iso\":\"800\",\"shutter_speed\":\"0.05\",\"title\":\"\",\"orientation\":\"1\",\"keywords\":[]},\"meta\":false,\"postlink\":\"https:\/\/ensemble-paroissial-reynies.fr\/?attachment_id=1929\"},{\"id\":1928,\"title\":\"dsc06333-scaled-1\",\"url\":\"https:\/\/ensemble-paroissial-reynies.fr\/wp-content\/uploads\/Installation_pere_herman_08_10_2023\/dsc06333-scaled-1.jpg\",\"link\":\"https:\/\/ensemble-paroissial-reynies.fr\/?attachment_id=1928\",\"alt\":\"\",\"description\":\"\",\"caption\":\"                               \",\"mime\":\"image\/jpeg\",\"type\":\"image\",\"width\":2560,\"height\":1920,\"sizes\":{\"thumbnail\":{\"height\":150,\"width\":150,\"url\":\"https:\/\/ensemble-paroissial-reynies.fr\/wp-content\/uploads\/Installation_pere_herman_08_10_2023\/dsc06333-scaled-1-150x150.jpg\",\"orientation\":\"landscape\"},\"medium\":{\"height\":225,\"width\":300,\"url\":\"https:\/\/ensemble-paroissial-reynies.fr\/wp-content\/uploads\/Installation_pere_herman_08_10_2023\/dsc06333-scaled-1-300x225.jpg\",\"orientation\":\"landscape\"},\"large\":{\"height\":768,\"width\":1024,\"url\":\"https:\/\/ensemble-paroissial-reynies.fr\/wp-content\/uploads\/Installation_pere_herman_08_10_2023\/dsc06333-scaled-1-1024x768.jpg\",\"orientation\":\"landscape\"},\"full\":{\"url\":\"https:\/\/ensemble-paroissial-reynies.fr\/wp-content\/uploads\/Installation_pere_herman_08_10_2023\/dsc06333-scaled-1.jpg\",\"height\":1920,\"width\":2560,\"orientation\":\"landscape\"}},\"imageMeta\":{\"aperture\":\"5\",\"credit\":\"\",\"camera\":\"DSC-HX5V\",\"caption\":\"\",\"created_timestamp\":\"1696768074\",\"copyright\":\"\",\"focal_length\":\"25.96\",\"iso\":\"800\",\"shutter_speed\":\"0.1\",\"title\":\"\",\"orientation\":\"1\",\"keywords\":[]},\"meta\":false,\"postlink\":\"https:\/\/ensemble-paroissial-reynies.fr\/?attachment_id=1928\"},{\"id\":1930,\"title\":\"dsc06334-scaled-1\",\"url\":\"https:\/\/ensemble-paroissial-reynies.fr\/wp-content\/uploads\/Installation_pere_herman_08_10_2023\/dsc06334-scaled-1.jpg\",\"link\":\"https:\/\/ensemble-paroissial-reynies.fr\/?attachment_id=1930\",\"alt\":\"\",\"description\":\"\",\"caption\":\"                               \",\"mime\":\"image\/jpeg\",\"type\":\"image\",\"width\":2560,\"height\":1920,\"sizes\":{\"thumbnail\":{\"height\":150,\"width\":150,\"url\":\"https:\/\/ensemble-paroissial-reynies.fr\/wp-content\/uploads\/Installation_pere_herman_08_10_2023\/dsc06334-scaled-1-150x150.jpg\",\"orientation\":\"landscape\"},\"medium\":{\"height\":225,\"width\":300,\"url\":\"https:\/\/ensemble-paroissial-reynies.fr\/wp-content\/uploads\/Installation_pere_herman_08_10_2023\/dsc06334-scaled-1-300x225.jpg\",\"orientation\":\"landscape\"},\"large\":{\"height\":768,\"width\":1024,\"url\":\"https:\/\/ensemble-paroissial-reynies.fr\/wp-content\/uploads\/Installation_pere_herman_08_10_2023\/dsc06334-scaled-1-1024x768.jpg\",\"orientation\":\"landscape\"},\"full\":{\"url\":\"https:\/\/ensemble-paroissial-reynies.fr\/wp-content\/uploads\/Installation_pere_herman_08_10_2023\/dsc06334-scaled-1.jpg\",\"height\":1920,\"width\":2560,\"orientation\":\"landscape\"}},\"imageMeta\":{\"aperture\":\"4.5\",\"credit\":\"\",\"camera\":\"DSC-HX5V\",\"caption\":\"\",\"created_timestamp\":\"1696768081\",\"copyright\":\"\",\"focal_length\":\"8.83\",\"iso\":\"400\",\"shutter_speed\":\"0.05\",\"title\":\"\",\"orientation\":\"1\",\"keywords\":[]},\"meta\":false,\"postlink\":\"https:\/\/ensemble-paroissial-reynies.fr\/?attachment_id=1930\"},{\"id\":1931,\"title\":\"dsc06335-scaled-1\",\"url\":\"https:\/\/ensemble-paroissial-reynies.fr\/wp-content\/uploads\/Installation_pere_herman_08_10_2023\/dsc06335-scaled-1.jpg\",\"link\":\"https:\/\/ensemble-paroissial-reynies.fr\/?attachment_id=1931\",\"alt\":\"\",\"description\":\"\",\"caption\":\"                               \",\"mime\":\"image\/jpeg\",\"type\":\"image\",\"width\":2560,\"height\":1920,\"sizes\":{\"thumbnail\":{\"height\":150,\"width\":150,\"url\":\"https:\/\/ensemble-paroissial-reynies.fr\/wp-content\/uploads\/Installation_pere_herman_08_10_2023\/dsc06335-scaled-1-150x150.jpg\",\"orientation\":\"landscape\"},\"medium\":{\"height\":225,\"width\":300,\"url\":\"https:\/\/ensemble-paroissial-reynies.fr\/wp-content\/uploads\/Installation_pere_herman_08_10_2023\/dsc06335-scaled-1-300x225.jpg\",\"orientation\":\"landscape\"},\"large\":{\"height\":768,\"width\":1024,\"url\":\"https:\/\/ensemble-paroissial-reynies.fr\/wp-content\/uploads\/Installation_pere_herman_08_10_2023\/dsc06335-scaled-1-1024x768.jpg\",\"orientation\":\"landscape\"},\"full\":{\"url\":\"https:\/\/ensemble-paroissial-reynies.fr\/wp-content\/uploads\/Installation_pere_herman_08_10_2023\/dsc06335-scaled-1.jpg\",\"height\":1920,\"width\":2560,\"orientation\":\"landscape\"}},\"imageMeta\":{\"aperture\":\"5\",\"credit\":\"\",\"camera\":\"DSC-HX5V\",\"caption\":\"\",\"created_timestamp\":\"1696768101\",\"copyright\":\"\",\"focal_length\":\"23.3\",\"iso\":\"800\",\"shutter_speed\":\"0.033333333333333\",\"title\":\"\",\"orientation\":\"1\",\"keywords\":[]},\"meta\":false,\"postlink\":\"https:\/\/ensemble-paroissial-reynies.fr\/?attachment_id=1931\"},{\"id\":1932,\"title\":\"dsc06336-scaled-1\",\"url\":\"https:\/\/ensemble-paroissial-reynies.fr\/wp-content\/uploads\/Installation_pere_herman_08_10_2023\/dsc06336-scaled-1.jpg\",\"link\":\"https:\/\/ensemble-paroissial-reynies.fr\/?attachment_id=1932\",\"alt\":\"\",\"description\":\"\",\"caption\":\"                               \",\"mime\":\"image\/jpeg\",\"type\":\"image\",\"width\":2560,\"height\":1920,\"sizes\":{\"thumbnail\":{\"height\":150,\"width\":150,\"url\":\"https:\/\/ensemble-paroissial-reynies.fr\/wp-content\/uploads\/Installation_pere_herman_08_10_2023\/dsc06336-scaled-1-150x150.jpg\",\"orientation\":\"landscape\"},\"medium\":{\"height\":225,\"width\":300,\"url\":\"https:\/\/ensemble-paroissial-reynies.fr\/wp-content\/uploads\/Installation_pere_herman_08_10_2023\/dsc06336-scaled-1-300x225.jpg\",\"orientation\":\"landscape\"},\"large\":{\"height\":768,\"width\":1024,\"url\":\"https:\/\/ensemble-paroissial-reynies.fr\/wp-content\/uploads\/Installation_pere_herman_08_10_2023\/dsc06336-scaled-1-1024x768.jpg\",\"orientation\":\"landscape\"},\"full\":{\"url\":\"https:\/\/ensemble-paroissial-reynies.fr\/wp-content\/uploads\/Installation_pere_herman_08_10_2023\/dsc06336-scaled-1.jpg\",\"height\":1920,\"width\":2560,\"orientation\":\"landscape\"}},\"imageMeta\":{\"aperture\":\"4.5\",\"credit\":\"\",\"camera\":\"DSC-HX5V\",\"caption\":\"\",\"created_timestamp\":\"1696768109\",\"copyright\":\"\",\"focal_length\":\"9.24\",\"iso\":\"400\",\"shutter_speed\":\"0.05\",\"title\":\"\",\"orientation\":\"1\",\"keywords\":[]},\"meta\":false,\"postlink\":\"https:\/\/ensemble-paroissial-reynies.fr\/?attachment_id=1932\"},{\"id\":1933,\"title\":\"dsc06338-scaled-1\",\"url\":\"https:\/\/ensemble-paroissial-reynies.fr\/wp-content\/uploads\/Installation_pere_herman_08_10_2023\/dsc06338-scaled-1.jpg\",\"link\":\"https:\/\/ensemble-paroissial-reynies.fr\/?attachment_id=1933\",\"alt\":\"\",\"description\":\"\",\"caption\":\"                               \",\"mime\":\"image\/jpeg\",\"type\":\"image\",\"width\":2560,\"height\":1920,\"sizes\":{\"thumbnail\":{\"height\":150,\"width\":150,\"url\":\"https:\/\/ensemble-paroissial-reynies.fr\/wp-content\/uploads\/Installation_pere_herman_08_10_2023\/dsc06338-scaled-1-150x150.jpg\",\"orientation\":\"landscape\"},\"medium\":{\"height\":225,\"width\":300,\"url\":\"https:\/\/ensemble-paroissial-reynies.fr\/wp-content\/uploads\/Installation_pere_herman_08_10_2023\/dsc06338-scaled-1-300x225.jpg\",\"orientation\":\"landscape\"},\"large\":{\"height\":768,\"width\":1024,\"url\":\"https:\/\/ensemble-paroissial-reynies.fr\/wp-content\/uploads\/Installation_pere_herman_08_10_2023\/dsc06338-scaled-1-1024x768.jpg\",\"orientation\":\"landscape\"},\"full\":{\"url\":\"https:\/\/ensemble-paroissial-reynies.fr\/wp-content\/uploads\/Installation_pere_herman_08_10_2023\/dsc06338-scaled-1.jpg\",\"height\":1920,\"width\":2560,\"orientation\":\"landscape\"}},\"imageMeta\":{\"aperture\":\"5\",\"credit\":\"\",\"camera\":\"DSC-HX5V\",\"caption\":\"\",\"created_timestamp\":\"1696768149\",\"copyright\":\"\",\"focal_length\":\"18.27\",\"iso\":\"800\",\"shutter_speed\":\"0.033333333333333\",\"title\":\"\",\"orientation\":\"1\",\"keywords\":[]},\"meta\":false,\"postlink\":\"https:\/\/ensemble-paroissial-reynies.fr\/?attachment_id=1933\"},{\"id\":1934,\"title\":\"dsc06339-scaled-1\",\"url\":\"https:\/\/ensemble-paroissial-reynies.fr\/wp-content\/uploads\/Installation_pere_herman_08_10_2023\/dsc06339-scaled-1.jpg\",\"link\":\"https:\/\/ensemble-paroissial-reynies.fr\/?attachment_id=1934\",\"alt\":\"\",\"description\":\"\",\"caption\":\"                               \",\"mime\":\"image\/jpeg\",\"type\":\"image\",\"width\":2560,\"height\":1920,\"sizes\":{\"thumbnail\":{\"height\":150,\"width\":150,\"url\":\"https:\/\/ensemble-paroissial-reynies.fr\/wp-content\/uploads\/Installation_pere_herman_08_10_2023\/dsc06339-scaled-1-150x150.jpg\",\"orientation\":\"landscape\"},\"medium\":{\"height\":225,\"width\":300,\"url\":\"https:\/\/ensemble-paroissial-reynies.fr\/wp-content\/uploads\/Installation_pere_herman_08_10_2023\/dsc06339-scaled-1-300x225.jpg\",\"orientation\":\"landscape\"},\"large\":{\"height\":768,\"width\":1024,\"url\":\"https:\/\/ensemble-paroissial-reynies.fr\/wp-content\/uploads\/Installation_pere_herman_08_10_2023\/dsc06339-scaled-1-1024x768.jpg\",\"orientation\":\"landscape\"},\"full\":{\"url\":\"https:\/\/ensemble-paroissial-reynies.fr\/wp-content\/uploads\/Installation_pere_herman_08_10_2023\/dsc06339-scaled-1.jpg\",\"height\":1920,\"width\":2560,\"orientation\":\"landscape\"}},\"imageMeta\":{\"aperture\":\"4.5\",\"credit\":\"\",\"camera\":\"DSC-HX5V\",\"caption\":\"\",\"created_timestamp\":\"1696768157\",\"copyright\":\"\",\"focal_length\":\"9.44\",\"iso\":\"400\",\"shutter_speed\":\"0.05\",\"title\":\"\",\"orientation\":\"1\",\"keywords\":[]},\"meta\":false,\"postlink\":\"https:\/\/ensemble-paroissial-reynies.fr\/?attachment_id=1934\"}],\"sliderItemTitleEnable\":false,\"sliderSlideshowAutoStart\":true,\"itemsMetaDataCollection\":[]}<\/script><script>(function(){if(window.PGC_SGB && window.PGC_SGB.searcher){window.PGC_SGB.searcher.initBlocks()}})()<\/script><\/div>\n\n\n<p>Puis ce fut le chant final et la sortie<\/p>\n\n\n\n<figure class=\"wp-block-gallery has-nested-images columns-3 wp-block-gallery-4 is-layout-flex wp-block-gallery-is-layout-flex\">\n<figure class=\"wp-block-image size-large\"><a href=\"https:\/\/ensemble-paroissial-reynies.fr\/wp-content\/uploads\/Installation_pere_herman_08_10_2023\/dsc06341-scaled-1.jpg\"><img loading=\"lazy\" decoding=\"async\" width=\"1024\" height=\"768\" data-id=\"1935\" src=\"https:\/\/ensemble-paroissial-reynies.fr\/wp-content\/uploads\/Installation_pere_herman_08_10_2023\/dsc06341-scaled-1-1024x768.jpg\" alt=\"\" class=\"wp-image-1935\" srcset=\"https:\/\/ensemble-paroissial-reynies.fr\/wp-content\/uploads\/Installation_pere_herman_08_10_2023\/dsc06341-scaled-1-1024x768.jpg 1024w, https:\/\/ensemble-paroissial-reynies.fr\/wp-content\/uploads\/Installation_pere_herman_08_10_2023\/dsc06341-scaled-1-300x225.jpg 300w, https:\/\/ensemble-paroissial-reynies.fr\/wp-content\/uploads\/Installation_pere_herman_08_10_2023\/dsc06341-scaled-1-768x576.jpg 768w, https:\/\/ensemble-paroissial-reynies.fr\/wp-content\/uploads\/Installation_pere_herman_08_10_2023\/dsc06341-scaled-1-1536x1152.jpg 1536w, https:\/\/ensemble-paroissial-reynies.fr\/wp-content\/uploads\/Installation_pere_herman_08_10_2023\/dsc06341-scaled-1-2048x1536.jpg 2048w\" sizes=\"auto, (max-width: 1024px) 100vw, 1024px\" \/><\/a><\/figure>\n\n\n\n<figure class=\"wp-block-image size-large\"><a href=\"https:\/\/ensemble-paroissial-reynies.fr\/wp-content\/uploads\/Installation_pere_herman_08_10_2023\/dsc06343-scaled-1.jpg\"><img loading=\"lazy\" decoding=\"async\" width=\"1024\" height=\"768\" data-id=\"1936\" src=\"https:\/\/ensemble-paroissial-reynies.fr\/wp-content\/uploads\/Installation_pere_herman_08_10_2023\/dsc06343-scaled-1-1024x768.jpg\" alt=\"\" class=\"wp-image-1936\" srcset=\"https:\/\/ensemble-paroissial-reynies.fr\/wp-content\/uploads\/Installation_pere_herman_08_10_2023\/dsc06343-scaled-1-1024x768.jpg 1024w, https:\/\/ensemble-paroissial-reynies.fr\/wp-content\/uploads\/Installation_pere_herman_08_10_2023\/dsc06343-scaled-1-300x225.jpg 300w, https:\/\/ensemble-paroissial-reynies.fr\/wp-content\/uploads\/Installation_pere_herman_08_10_2023\/dsc06343-scaled-1-768x576.jpg 768w, https:\/\/ensemble-paroissial-reynies.fr\/wp-content\/uploads\/Installation_pere_herman_08_10_2023\/dsc06343-scaled-1-1536x1152.jpg 1536w, https:\/\/ensemble-paroissial-reynies.fr\/wp-content\/uploads\/Installation_pere_herman_08_10_2023\/dsc06343-scaled-1-2048x1536.jpg 2048w\" sizes=\"auto, (max-width: 1024px) 100vw, 1024px\" \/><\/a><\/figure>\n\n\n\n<figure class=\"wp-block-image size-large\"><a href=\"https:\/\/ensemble-paroissial-reynies.fr\/wp-content\/uploads\/Installation_pere_herman_08_10_2023\/dsc06345-scaled-1.jpg\"><img loading=\"lazy\" decoding=\"async\" width=\"1024\" height=\"768\" data-id=\"1937\" src=\"https:\/\/ensemble-paroissial-reynies.fr\/wp-content\/uploads\/Installation_pere_herman_08_10_2023\/dsc06345-scaled-1-1024x768.jpg\" alt=\"\" class=\"wp-image-1937\" srcset=\"https:\/\/ensemble-paroissial-reynies.fr\/wp-content\/uploads\/Installation_pere_herman_08_10_2023\/dsc06345-scaled-1-1024x768.jpg 1024w, https:\/\/ensemble-paroissial-reynies.fr\/wp-content\/uploads\/Installation_pere_herman_08_10_2023\/dsc06345-scaled-1-300x225.jpg 300w, https:\/\/ensemble-paroissial-reynies.fr\/wp-content\/uploads\/Installation_pere_herman_08_10_2023\/dsc06345-scaled-1-768x576.jpg 768w, https:\/\/ensemble-paroissial-reynies.fr\/wp-content\/uploads\/Installation_pere_herman_08_10_2023\/dsc06345-scaled-1-1536x1152.jpg 1536w, https:\/\/ensemble-paroissial-reynies.fr\/wp-content\/uploads\/Installation_pere_herman_08_10_2023\/dsc06345-scaled-1-2048x1536.jpg 2048w\" sizes=\"auto, (max-width: 1024px) 100vw, 1024px\" \/><\/a><\/figure>\n\n\n\n<figure class=\"wp-block-image size-large\"><a href=\"https:\/\/ensemble-paroissial-reynies.fr\/wp-content\/uploads\/Installation_pere_herman_08_10_2023\/dsc06346-scaled-1.jpg\"><img loading=\"lazy\" decoding=\"async\" width=\"1024\" height=\"768\" data-id=\"1938\" src=\"https:\/\/ensemble-paroissial-reynies.fr\/wp-content\/uploads\/Installation_pere_herman_08_10_2023\/dsc06346-scaled-1-1024x768.jpg\" alt=\"\" class=\"wp-image-1938\" srcset=\"https:\/\/ensemble-paroissial-reynies.fr\/wp-content\/uploads\/Installation_pere_herman_08_10_2023\/dsc06346-scaled-1-1024x768.jpg 1024w, https:\/\/ensemble-paroissial-reynies.fr\/wp-content\/uploads\/Installation_pere_herman_08_10_2023\/dsc06346-scaled-1-300x225.jpg 300w, https:\/\/ensemble-paroissial-reynies.fr\/wp-content\/uploads\/Installation_pere_herman_08_10_2023\/dsc06346-scaled-1-768x576.jpg 768w, https:\/\/ensemble-paroissial-reynies.fr\/wp-content\/uploads\/Installation_pere_herman_08_10_2023\/dsc06346-scaled-1-1536x1152.jpg 1536w, https:\/\/ensemble-paroissial-reynies.fr\/wp-content\/uploads\/Installation_pere_herman_08_10_2023\/dsc06346-scaled-1-2048x1536.jpg 2048w\" sizes=\"auto, (max-width: 1024px) 100vw, 1024px\" \/><\/a><\/figure>\n\n\n\n<figure class=\"wp-block-image size-large\"><a href=\"https:\/\/ensemble-paroissial-reynies.fr\/wp-content\/uploads\/Installation_pere_herman_08_10_2023\/dsc06347-scaled-1.jpg\"><img loading=\"lazy\" decoding=\"async\" width=\"1024\" height=\"768\" data-id=\"1939\" src=\"https:\/\/ensemble-paroissial-reynies.fr\/wp-content\/uploads\/Installation_pere_herman_08_10_2023\/dsc06347-scaled-1-1024x768.jpg\" alt=\"\" class=\"wp-image-1939\" srcset=\"https:\/\/ensemble-paroissial-reynies.fr\/wp-content\/uploads\/Installation_pere_herman_08_10_2023\/dsc06347-scaled-1-1024x768.jpg 1024w, https:\/\/ensemble-paroissial-reynies.fr\/wp-content\/uploads\/Installation_pere_herman_08_10_2023\/dsc06347-scaled-1-300x225.jpg 300w, https:\/\/ensemble-paroissial-reynies.fr\/wp-content\/uploads\/Installation_pere_herman_08_10_2023\/dsc06347-scaled-1-768x576.jpg 768w, https:\/\/ensemble-paroissial-reynies.fr\/wp-content\/uploads\/Installation_pere_herman_08_10_2023\/dsc06347-scaled-1-1536x1152.jpg 1536w, https:\/\/ensemble-paroissial-reynies.fr\/wp-content\/uploads\/Installation_pere_herman_08_10_2023\/dsc06347-scaled-1-2048x1536.jpg 2048w\" sizes=\"auto, (max-width: 1024px) 100vw, 1024px\" \/><\/a><\/figure>\n<\/figure>\n\n\n\n<p>Apr\u00e8s la c\u00e9r\u00e9monie un vin d\u2019honneur \u00e9tait servi dans la salle des f\u00eates de Reyni\u00e8s.<\/p>\n\n\n<div class=\"pgc-sgb-cb wp-block-pgcsimplygalleryblock-slider \" data-gallery-id=\"f8684078\"style=&quot;min-height:460px&quot;><div class=\"sgb-preloader\" id=\"pr_f8684078\">\n\t<div class=\"sgb-square\" style=\"background:#d4d4d4\"><\/div>\n\t<div class=\"sgb-square\" style=\"background:#d4d4d4\"><\/div>\n\t<div class=\"sgb-square\" style=\"background:#d4d4d4\"><\/div>\n\t<div class=\"sgb-square\" style=\"background:#d4d4d4\"><\/div><\/div><div class=\"simply-gallery-amp pgc_sgb_slider \"><noscript><div class=\"sgb-gallery\"><div class=\"sgb-item\"><a href=\"https:\/\/ensemble-paroissial-reynies.fr\/?attachment_id=1940\" target=\"_blank\"><img decoding=\"async\" alt=\"\" width=\"300\" height=\"225\" loading=\"lazy\" src=\"https:\/\/ensemble-paroissial-reynies.fr\/wp-content\/uploads\/Installation_pere_herman_08_10_2023\/dsc06348-scaled-1-300x225.jpg\" srcset=\"https:\/\/ensemble-paroissial-reynies.fr\/wp-content\/uploads\/Installation_pere_herman_08_10_2023\/dsc06348-scaled-1-300x225.jpg 300w,https:\/\/ensemble-paroissial-reynies.fr\/wp-content\/uploads\/Installation_pere_herman_08_10_2023\/dsc06348-scaled-1-1024x768.jpg 1024w,https:\/\/ensemble-paroissial-reynies.fr\/wp-content\/uploads\/Installation_pere_herman_08_10_2023\/dsc06348-scaled-1.jpg 2560w\" sizes=\"auto, 250px\"\/><\/a><div class=\"sgb-item-caption\"><em>                               <\/em><\/div><\/div><div class=\"sgb-item\"><a href=\"https:\/\/ensemble-paroissial-reynies.fr\/?attachment_id=1941\" target=\"_blank\"><img decoding=\"async\" alt=\"\" width=\"300\" height=\"225\" loading=\"lazy\" src=\"https:\/\/ensemble-paroissial-reynies.fr\/wp-content\/uploads\/Installation_pere_herman_08_10_2023\/dsc06349-scaled-1-300x225.jpg\" srcset=\"https:\/\/ensemble-paroissial-reynies.fr\/wp-content\/uploads\/Installation_pere_herman_08_10_2023\/dsc06349-scaled-1-300x225.jpg 300w,https:\/\/ensemble-paroissial-reynies.fr\/wp-content\/uploads\/Installation_pere_herman_08_10_2023\/dsc06349-scaled-1-1024x768.jpg 1024w,https:\/\/ensemble-paroissial-reynies.fr\/wp-content\/uploads\/Installation_pere_herman_08_10_2023\/dsc06349-scaled-1.jpg 2560w\" sizes=\"auto, 250px\"\/><\/a><div class=\"sgb-item-caption\"><em>                               <\/em><\/div><\/div><div class=\"sgb-item\"><a href=\"https:\/\/ensemble-paroissial-reynies.fr\/?attachment_id=1942\" target=\"_blank\"><img decoding=\"async\" alt=\"\" width=\"300\" height=\"225\" loading=\"lazy\" src=\"https:\/\/ensemble-paroissial-reynies.fr\/wp-content\/uploads\/Installation_pere_herman_08_10_2023\/dsc06350-scaled-1-300x225.jpg\" srcset=\"https:\/\/ensemble-paroissial-reynies.fr\/wp-content\/uploads\/Installation_pere_herman_08_10_2023\/dsc06350-scaled-1-300x225.jpg 300w,https:\/\/ensemble-paroissial-reynies.fr\/wp-content\/uploads\/Installation_pere_herman_08_10_2023\/dsc06350-scaled-1-1024x768.jpg 1024w,https:\/\/ensemble-paroissial-reynies.fr\/wp-content\/uploads\/Installation_pere_herman_08_10_2023\/dsc06350-scaled-1.jpg 2560w\" sizes=\"auto, 250px\"\/><\/a><div class=\"sgb-item-caption\"><em>                               <\/em><\/div><\/div><div class=\"sgb-item\"><a href=\"https:\/\/ensemble-paroissial-reynies.fr\/?attachment_id=1943\" target=\"_blank\"><img decoding=\"async\" alt=\"\" width=\"300\" height=\"225\" loading=\"lazy\" src=\"https:\/\/ensemble-paroissial-reynies.fr\/wp-content\/uploads\/Installation_pere_herman_08_10_2023\/dsc06351-scaled-1-300x225.jpg\" srcset=\"https:\/\/ensemble-paroissial-reynies.fr\/wp-content\/uploads\/Installation_pere_herman_08_10_2023\/dsc06351-scaled-1-300x225.jpg 300w,https:\/\/ensemble-paroissial-reynies.fr\/wp-content\/uploads\/Installation_pere_herman_08_10_2023\/dsc06351-scaled-1-1024x768.jpg 1024w,https:\/\/ensemble-paroissial-reynies.fr\/wp-content\/uploads\/Installation_pere_herman_08_10_2023\/dsc06351-scaled-1.jpg 2560w\" sizes=\"auto, 250px\"\/><\/a><div class=\"sgb-item-caption\"><em>                               <\/em><\/div><\/div><div class=\"sgb-item\"><a href=\"https:\/\/ensemble-paroissial-reynies.fr\/?attachment_id=1944\" target=\"_blank\"><img decoding=\"async\" alt=\"\" width=\"300\" height=\"225\" loading=\"lazy\" src=\"https:\/\/ensemble-paroissial-reynies.fr\/wp-content\/uploads\/Installation_pere_herman_08_10_2023\/dsc06352-scaled-1-300x225.jpg\" srcset=\"https:\/\/ensemble-paroissial-reynies.fr\/wp-content\/uploads\/Installation_pere_herman_08_10_2023\/dsc06352-scaled-1-300x225.jpg 300w,https:\/\/ensemble-paroissial-reynies.fr\/wp-content\/uploads\/Installation_pere_herman_08_10_2023\/dsc06352-scaled-1-1024x768.jpg 1024w,https:\/\/ensemble-paroissial-reynies.fr\/wp-content\/uploads\/Installation_pere_herman_08_10_2023\/dsc06352-scaled-1.jpg 2560w\" sizes=\"auto, 250px\"\/><\/a><div class=\"sgb-item-caption\"><em>                               <\/em><\/div><\/div><div class=\"sgb-item\"><a href=\"https:\/\/ensemble-paroissial-reynies.fr\/?attachment_id=1945\" target=\"_blank\"><img decoding=\"async\" alt=\"\" width=\"300\" height=\"225\" loading=\"lazy\" src=\"https:\/\/ensemble-paroissial-reynies.fr\/wp-content\/uploads\/Installation_pere_herman_08_10_2023\/dsc06353-scaled-1-300x225.jpg\" srcset=\"https:\/\/ensemble-paroissial-reynies.fr\/wp-content\/uploads\/Installation_pere_herman_08_10_2023\/dsc06353-scaled-1-300x225.jpg 300w,https:\/\/ensemble-paroissial-reynies.fr\/wp-content\/uploads\/Installation_pere_herman_08_10_2023\/dsc06353-scaled-1-1024x768.jpg 1024w,https:\/\/ensemble-paroissial-reynies.fr\/wp-content\/uploads\/Installation_pere_herman_08_10_2023\/dsc06353-scaled-1.jpg 2560w\" sizes=\"auto, 250px\"\/><\/a><div class=\"sgb-item-caption\"><em>                               <\/em><\/div><\/div><div class=\"sgb-item\"><a href=\"https:\/\/ensemble-paroissial-reynies.fr\/?attachment_id=1947\" target=\"_blank\"><img decoding=\"async\" alt=\"\" width=\"300\" height=\"225\" loading=\"lazy\" src=\"https:\/\/ensemble-paroissial-reynies.fr\/wp-content\/uploads\/Installation_pere_herman_08_10_2023\/dsc06355-scaled-1-300x225.jpg\" srcset=\"https:\/\/ensemble-paroissial-reynies.fr\/wp-content\/uploads\/Installation_pere_herman_08_10_2023\/dsc06355-scaled-1-300x225.jpg 300w,https:\/\/ensemble-paroissial-reynies.fr\/wp-content\/uploads\/Installation_pere_herman_08_10_2023\/dsc06355-scaled-1-1024x768.jpg 1024w,https:\/\/ensemble-paroissial-reynies.fr\/wp-content\/uploads\/Installation_pere_herman_08_10_2023\/dsc06355-scaled-1.jpg 2560w\" sizes=\"auto, 250px\"\/><\/a><div class=\"sgb-item-caption\"><em>                               <\/em><\/div><\/div><div class=\"sgb-item\"><a href=\"https:\/\/ensemble-paroissial-reynies.fr\/?attachment_id=1949\" target=\"_blank\"><img decoding=\"async\" alt=\"\" width=\"300\" height=\"225\" loading=\"lazy\" src=\"https:\/\/ensemble-paroissial-reynies.fr\/wp-content\/uploads\/Installation_pere_herman_08_10_2023\/img_9980-300x225.jpeg\" srcset=\"https:\/\/ensemble-paroissial-reynies.fr\/wp-content\/uploads\/Installation_pere_herman_08_10_2023\/img_9980-300x225.jpeg 300w,https:\/\/ensemble-paroissial-reynies.fr\/wp-content\/uploads\/Installation_pere_herman_08_10_2023\/img_9980.jpeg 640w\" sizes=\"auto, 250px\"\/><\/a><\/div><div class=\"sgb-item\"><a href=\"https:\/\/ensemble-paroissial-reynies.fr\/?attachment_id=1951\" target=\"_blank\"><img decoding=\"async\" alt=\"\" width=\"252\" height=\"300\" loading=\"lazy\" src=\"https:\/\/ensemble-paroissial-reynies.fr\/wp-content\/uploads\/Installation_pere_herman_08_10_2023\/img_9983-252x300.jpeg\" srcset=\"https:\/\/ensemble-paroissial-reynies.fr\/wp-content\/uploads\/Installation_pere_herman_08_10_2023\/img_9983-252x300.jpeg 252w,https:\/\/ensemble-paroissial-reynies.fr\/wp-content\/uploads\/Installation_pere_herman_08_10_2023\/img_9983.jpeg 538w\" sizes=\"auto, 250px\"\/><\/a><\/div><div class=\"sgb-item\"><a href=\"https:\/\/ensemble-paroissial-reynies.fr\/?attachment_id=1952\" target=\"_blank\"><img decoding=\"async\" alt=\"\" width=\"300\" height=\"241\" loading=\"lazy\" src=\"https:\/\/ensemble-paroissial-reynies.fr\/wp-content\/uploads\/Installation_pere_herman_08_10_2023\/img_9984-300x241.jpeg\" srcset=\"https:\/\/ensemble-paroissial-reynies.fr\/wp-content\/uploads\/Installation_pere_herman_08_10_2023\/img_9984-300x241.jpeg 300w,https:\/\/ensemble-paroissial-reynies.fr\/wp-content\/uploads\/Installation_pere_herman_08_10_2023\/img_9984.jpeg 640w\" sizes=\"auto, 250px\"\/><\/a><\/div><div class=\"sgb-item\"><a href=\"https:\/\/ensemble-paroissial-reynies.fr\/?attachment_id=1953\" target=\"_blank\"><img decoding=\"async\" alt=\"\" width=\"300\" height=\"225\" loading=\"lazy\" src=\"https:\/\/ensemble-paroissial-reynies.fr\/wp-content\/uploads\/Installation_pere_herman_08_10_2023\/img_9985-300x225.jpeg\" srcset=\"https:\/\/ensemble-paroissial-reynies.fr\/wp-content\/uploads\/Installation_pere_herman_08_10_2023\/img_9985-300x225.jpeg 300w,https:\/\/ensemble-paroissial-reynies.fr\/wp-content\/uploads\/Installation_pere_herman_08_10_2023\/img_9985.jpeg 640w\" sizes=\"auto, 250px\"\/><\/a><\/div><div class=\"sgb-item\"><a href=\"https:\/\/ensemble-paroissial-reynies.fr\/?attachment_id=1954\" target=\"_blank\"><img decoding=\"async\" alt=\"\" width=\"293\" height=\"300\" loading=\"lazy\" src=\"https:\/\/ensemble-paroissial-reynies.fr\/wp-content\/uploads\/Installation_pere_herman_08_10_2023\/img_9987-293x300.jpeg\" srcset=\"https:\/\/ensemble-paroissial-reynies.fr\/wp-content\/uploads\/Installation_pere_herman_08_10_2023\/img_9987-293x300.jpeg 293w,https:\/\/ensemble-paroissial-reynies.fr\/wp-content\/uploads\/Installation_pere_herman_08_10_2023\/img_9987.jpeg 625w\" sizes=\"auto, 250px\"\/><\/a><\/div><div class=\"sgb-item\"><a href=\"https:\/\/ensemble-paroissial-reynies.fr\/?attachment_id=1955\" target=\"_blank\"><img decoding=\"async\" alt=\"\" width=\"300\" height=\"231\" loading=\"lazy\" src=\"https:\/\/ensemble-paroissial-reynies.fr\/wp-content\/uploads\/Installation_pere_herman_08_10_2023\/img_9988-300x231.jpeg\" srcset=\"https:\/\/ensemble-paroissial-reynies.fr\/wp-content\/uploads\/Installation_pere_herman_08_10_2023\/img_9988-300x231.jpeg 300w,https:\/\/ensemble-paroissial-reynies.fr\/wp-content\/uploads\/Installation_pere_herman_08_10_2023\/img_9988.jpeg 640w\" sizes=\"auto, 250px\"\/><\/a><\/div><div class=\"sgb-item\"><a href=\"https:\/\/ensemble-paroissial-reynies.fr\/?attachment_id=1956\" target=\"_blank\"><img decoding=\"async\" alt=\"\" width=\"239\" height=\"300\" loading=\"lazy\" src=\"https:\/\/ensemble-paroissial-reynies.fr\/wp-content\/uploads\/Installation_pere_herman_08_10_2023\/img_9989-239x300.jpeg\" srcset=\"https:\/\/ensemble-paroissial-reynies.fr\/wp-content\/uploads\/Installation_pere_herman_08_10_2023\/img_9989-239x300.jpeg 239w,https:\/\/ensemble-paroissial-reynies.fr\/wp-content\/uploads\/Installation_pere_herman_08_10_2023\/img_9989.jpeg 509w\" sizes=\"auto, 250px\"\/><\/a><\/div><div class=\"sgb-item\"><a href=\"https:\/\/ensemble-paroissial-reynies.fr\/?attachment_id=1957\" target=\"_blank\"><img decoding=\"async\" alt=\"\" width=\"228\" height=\"300\" loading=\"lazy\" src=\"https:\/\/ensemble-paroissial-reynies.fr\/wp-content\/uploads\/Installation_pere_herman_08_10_2023\/img_9990-228x300.jpeg\" srcset=\"https:\/\/ensemble-paroissial-reynies.fr\/wp-content\/uploads\/Installation_pere_herman_08_10_2023\/img_9990-228x300.jpeg 228w,https:\/\/ensemble-paroissial-reynies.fr\/wp-content\/uploads\/Installation_pere_herman_08_10_2023\/img_9990.jpeg 486w\" sizes=\"auto, 250px\"\/><\/a><\/div><div class=\"sgb-item\"><a href=\"https:\/\/ensemble-paroissial-reynies.fr\/?attachment_id=1958\" target=\"_blank\"><img decoding=\"async\" alt=\"\" width=\"225\" height=\"300\" loading=\"lazy\" src=\"https:\/\/ensemble-paroissial-reynies.fr\/wp-content\/uploads\/Installation_pere_herman_08_10_2023\/img_9994-225x300.jpeg\" srcset=\"https:\/\/ensemble-paroissial-reynies.fr\/wp-content\/uploads\/Installation_pere_herman_08_10_2023\/img_9994-225x300.jpeg 225w,https:\/\/ensemble-paroissial-reynies.fr\/wp-content\/uploads\/Installation_pere_herman_08_10_2023\/img_9994.jpeg 480w\" sizes=\"auto, 250px\"\/><\/a><\/div><div class=\"sgb-item\"><a href=\"https:\/\/ensemble-paroissial-reynies.fr\/?attachment_id=1959\" target=\"_blank\"><img decoding=\"async\" alt=\"\" width=\"225\" height=\"300\" loading=\"lazy\" src=\"https:\/\/ensemble-paroissial-reynies.fr\/wp-content\/uploads\/Installation_pere_herman_08_10_2023\/img_9996-225x300.jpeg\" srcset=\"https:\/\/ensemble-paroissial-reynies.fr\/wp-content\/uploads\/Installation_pere_herman_08_10_2023\/img_9996-225x300.jpeg 225w,https:\/\/ensemble-paroissial-reynies.fr\/wp-content\/uploads\/Installation_pere_herman_08_10_2023\/img_9996.jpeg 480w\" sizes=\"auto, 250px\"\/><\/a><\/div><div class=\"sgb-item\"><a href=\"https:\/\/ensemble-paroissial-reynies.fr\/?attachment_id=1950\" target=\"_blank\"><img decoding=\"async\" alt=\"\" width=\"231\" height=\"300\" loading=\"lazy\" src=\"https:\/\/ensemble-paroissial-reynies.fr\/wp-content\/uploads\/Installation_pere_herman_08_10_2023\/img_9981-231x300.jpeg\" srcset=\"https:\/\/ensemble-paroissial-reynies.fr\/wp-content\/uploads\/Installation_pere_herman_08_10_2023\/img_9981-231x300.jpeg 231w,https:\/\/ensemble-paroissial-reynies.fr\/wp-content\/uploads\/Installation_pere_herman_08_10_2023\/img_9981.jpeg 493w\" sizes=\"auto, 250px\"\/><\/a><\/div><div class=\"sgb-item\"><a href=\"https:\/\/ensemble-paroissial-reynies.fr\/?attachment_id=1960\" target=\"_blank\"><img decoding=\"async\" alt=\"\" width=\"273\" height=\"300\" loading=\"lazy\" src=\"https:\/\/ensemble-paroissial-reynies.fr\/wp-content\/uploads\/Installation_pere_herman_08_10_2023\/img_9997-273x300.jpeg\" srcset=\"https:\/\/ensemble-paroissial-reynies.fr\/wp-content\/uploads\/Installation_pere_herman_08_10_2023\/img_9997-273x300.jpeg 273w,https:\/\/ensemble-paroissial-reynies.fr\/wp-content\/uploads\/Installation_pere_herman_08_10_2023\/img_9997.jpeg 582w\" sizes=\"auto, 250px\"\/><\/a><\/div><div class=\"sgb-item\"><a href=\"https:\/\/ensemble-paroissial-reynies.fr\/?attachment_id=1946\" target=\"_blank\"><img decoding=\"async\" alt=\"\" width=\"254\" height=\"300\" loading=\"lazy\" src=\"https:\/\/ensemble-paroissial-reynies.fr\/wp-content\/uploads\/Installation_pere_herman_08_10_2023\/img_9977-254x300.jpeg\" srcset=\"https:\/\/ensemble-paroissial-reynies.fr\/wp-content\/uploads\/Installation_pere_herman_08_10_2023\/img_9977-254x300.jpeg 254w,https:\/\/ensemble-paroissial-reynies.fr\/wp-content\/uploads\/Installation_pere_herman_08_10_2023\/img_9977.jpeg 541w\" sizes=\"auto, 250px\"\/><\/a><\/div><div class=\"sgb-item\"><a href=\"https:\/\/ensemble-paroissial-reynies.fr\/?attachment_id=1948\" target=\"_blank\"><img decoding=\"async\" alt=\"\" width=\"300\" height=\"260\" loading=\"lazy\" src=\"https:\/\/ensemble-paroissial-reynies.fr\/wp-content\/uploads\/Installation_pere_herman_08_10_2023\/img_9979-300x260.jpeg\" srcset=\"https:\/\/ensemble-paroissial-reynies.fr\/wp-content\/uploads\/Installation_pere_herman_08_10_2023\/img_9979-300x260.jpeg 300w,https:\/\/ensemble-paroissial-reynies.fr\/wp-content\/uploads\/Installation_pere_herman_08_10_2023\/img_9979.jpeg 640w\" sizes=\"auto, 250px\"\/><\/a><\/div><\/div><\/noscript><\/div><script type=\"application\/json\" class=\"sgb-data\">{\"collectionThumbRecomendedWidth\":100,\"captions\":false,\"sliderMaxHeight\":460,\"sliderAdminWidth\":920,\"responsiveHeight\":true,\"autoPlay\":true,\"galleryType\":\"pgc_sgb_slider\",\"galleryId\":\"f8684078\",\"images\":[{\"id\":1940,\"title\":\"dsc06348-scaled-1\",\"url\":\"https:\/\/ensemble-paroissial-reynies.fr\/wp-content\/uploads\/Installation_pere_herman_08_10_2023\/dsc06348-scaled-1.jpg\",\"link\":\"https:\/\/ensemble-paroissial-reynies.fr\/?attachment_id=1940\",\"alt\":\"\",\"description\":\"\",\"caption\":\"                               \",\"mime\":\"image\/jpeg\",\"type\":\"image\",\"width\":2560,\"height\":1920,\"sizes\":{\"thumbnail\":{\"height\":150,\"width\":150,\"url\":\"https:\/\/ensemble-paroissial-reynies.fr\/wp-content\/uploads\/Installation_pere_herman_08_10_2023\/dsc06348-scaled-1-150x150.jpg\",\"orientation\":\"landscape\"},\"medium\":{\"height\":225,\"width\":300,\"url\":\"https:\/\/ensemble-paroissial-reynies.fr\/wp-content\/uploads\/Installation_pere_herman_08_10_2023\/dsc06348-scaled-1-300x225.jpg\",\"orientation\":\"landscape\"},\"large\":{\"height\":768,\"width\":1024,\"url\":\"https:\/\/ensemble-paroissial-reynies.fr\/wp-content\/uploads\/Installation_pere_herman_08_10_2023\/dsc06348-scaled-1-1024x768.jpg\",\"orientation\":\"landscape\"},\"full\":{\"url\":\"https:\/\/ensemble-paroissial-reynies.fr\/wp-content\/uploads\/Installation_pere_herman_08_10_2023\/dsc06348-scaled-1.jpg\",\"height\":1920,\"width\":2560,\"orientation\":\"landscape\"}},\"imageMeta\":{\"aperture\":\"8\",\"credit\":\"\",\"camera\":\"DSC-HX5V\",\"caption\":\"\",\"created_timestamp\":\"1696768751\",\"copyright\":\"\",\"focal_length\":\"4.25\",\"iso\":\"125\",\"shutter_speed\":\"0.003125\",\"title\":\"\",\"orientation\":\"1\",\"keywords\":[]},\"meta\":false,\"postlink\":\"https:\/\/ensemble-paroissial-reynies.fr\/?attachment_id=1940\"},{\"id\":1941,\"title\":\"dsc06349-scaled-1\",\"url\":\"https:\/\/ensemble-paroissial-reynies.fr\/wp-content\/uploads\/Installation_pere_herman_08_10_2023\/dsc06349-scaled-1.jpg\",\"link\":\"https:\/\/ensemble-paroissial-reynies.fr\/?attachment_id=1941\",\"alt\":\"\",\"description\":\"\",\"caption\":\"                               \",\"mime\":\"image\/jpeg\",\"type\":\"image\",\"width\":2560,\"height\":1920,\"sizes\":{\"thumbnail\":{\"height\":150,\"width\":150,\"url\":\"https:\/\/ensemble-paroissial-reynies.fr\/wp-content\/uploads\/Installation_pere_herman_08_10_2023\/dsc06349-scaled-1-150x150.jpg\",\"orientation\":\"landscape\"},\"medium\":{\"height\":225,\"width\":300,\"url\":\"https:\/\/ensemble-paroissial-reynies.fr\/wp-content\/uploads\/Installation_pere_herman_08_10_2023\/dsc06349-scaled-1-300x225.jpg\",\"orientation\":\"landscape\"},\"large\":{\"height\":768,\"width\":1024,\"url\":\"https:\/\/ensemble-paroissial-reynies.fr\/wp-content\/uploads\/Installation_pere_herman_08_10_2023\/dsc06349-scaled-1-1024x768.jpg\",\"orientation\":\"landscape\"},\"full\":{\"url\":\"https:\/\/ensemble-paroissial-reynies.fr\/wp-content\/uploads\/Installation_pere_herman_08_10_2023\/dsc06349-scaled-1.jpg\",\"height\":1920,\"width\":2560,\"orientation\":\"landscape\"}},\"imageMeta\":{\"aperture\":\"3.5\",\"credit\":\"\",\"camera\":\"DSC-HX5V\",\"caption\":\"\",\"created_timestamp\":\"1696769024\",\"copyright\":\"\",\"focal_length\":\"4.25\",\"iso\":\"800\",\"shutter_speed\":\"0.008\",\"title\":\"\",\"orientation\":\"1\",\"keywords\":[]},\"meta\":false,\"postlink\":\"https:\/\/ensemble-paroissial-reynies.fr\/?attachment_id=1941\"},{\"id\":1942,\"title\":\"dsc06350-scaled-1\",\"url\":\"https:\/\/ensemble-paroissial-reynies.fr\/wp-content\/uploads\/Installation_pere_herman_08_10_2023\/dsc06350-scaled-1.jpg\",\"link\":\"https:\/\/ensemble-paroissial-reynies.fr\/?attachment_id=1942\",\"alt\":\"\",\"description\":\"\",\"caption\":\"                               \",\"mime\":\"image\/jpeg\",\"type\":\"image\",\"width\":2560,\"height\":1920,\"sizes\":{\"thumbnail\":{\"height\":150,\"width\":150,\"url\":\"https:\/\/ensemble-paroissial-reynies.fr\/wp-content\/uploads\/Installation_pere_herman_08_10_2023\/dsc06350-scaled-1-150x150.jpg\",\"orientation\":\"landscape\"},\"medium\":{\"height\":225,\"width\":300,\"url\":\"https:\/\/ensemble-paroissial-reynies.fr\/wp-content\/uploads\/Installation_pere_herman_08_10_2023\/dsc06350-scaled-1-300x225.jpg\",\"orientation\":\"landscape\"},\"large\":{\"height\":768,\"width\":1024,\"url\":\"https:\/\/ensemble-paroissial-reynies.fr\/wp-content\/uploads\/Installation_pere_herman_08_10_2023\/dsc06350-scaled-1-1024x768.jpg\",\"orientation\":\"landscape\"},\"full\":{\"url\":\"https:\/\/ensemble-paroissial-reynies.fr\/wp-content\/uploads\/Installation_pere_herman_08_10_2023\/dsc06350-scaled-1.jpg\",\"height\":1920,\"width\":2560,\"orientation\":\"landscape\"}},\"imageMeta\":{\"aperture\":\"3.5\",\"credit\":\"\",\"camera\":\"DSC-HX5V\",\"caption\":\"\",\"created_timestamp\":\"1696769039\",\"copyright\":\"\",\"focal_length\":\"4.25\",\"iso\":\"160\",\"shutter_speed\":\"0.033333333333333\",\"title\":\"\",\"orientation\":\"1\",\"keywords\":[]},\"meta\":false,\"postlink\":\"https:\/\/ensemble-paroissial-reynies.fr\/?attachment_id=1942\"},{\"id\":1943,\"title\":\"dsc06351-scaled-1\",\"url\":\"https:\/\/ensemble-paroissial-reynies.fr\/wp-content\/uploads\/Installation_pere_herman_08_10_2023\/dsc06351-scaled-1.jpg\",\"link\":\"https:\/\/ensemble-paroissial-reynies.fr\/?attachment_id=1943\",\"alt\":\"\",\"description\":\"\",\"caption\":\"                               \",\"mime\":\"image\/jpeg\",\"type\":\"image\",\"width\":2560,\"height\":1920,\"sizes\":{\"thumbnail\":{\"height\":150,\"width\":150,\"url\":\"https:\/\/ensemble-paroissial-reynies.fr\/wp-content\/uploads\/Installation_pere_herman_08_10_2023\/dsc06351-scaled-1-150x150.jpg\",\"orientation\":\"landscape\"},\"medium\":{\"height\":225,\"width\":300,\"url\":\"https:\/\/ensemble-paroissial-reynies.fr\/wp-content\/uploads\/Installation_pere_herman_08_10_2023\/dsc06351-scaled-1-300x225.jpg\",\"orientation\":\"landscape\"},\"large\":{\"height\":768,\"width\":1024,\"url\":\"https:\/\/ensemble-paroissial-reynies.fr\/wp-content\/uploads\/Installation_pere_herman_08_10_2023\/dsc06351-scaled-1-1024x768.jpg\",\"orientation\":\"landscape\"},\"full\":{\"url\":\"https:\/\/ensemble-paroissial-reynies.fr\/wp-content\/uploads\/Installation_pere_herman_08_10_2023\/dsc06351-scaled-1.jpg\",\"height\":1920,\"width\":2560,\"orientation\":\"landscape\"}},\"imageMeta\":{\"aperture\":\"3.5\",\"credit\":\"\",\"camera\":\"DSC-HX5V\",\"caption\":\"\",\"created_timestamp\":\"1696769046\",\"copyright\":\"\",\"focal_length\":\"4.25\",\"iso\":\"125\",\"shutter_speed\":\"0.016666666666667\",\"title\":\"\",\"orientation\":\"1\",\"keywords\":[]},\"meta\":false,\"postlink\":\"https:\/\/ensemble-paroissial-reynies.fr\/?attachment_id=1943\"},{\"id\":1944,\"title\":\"dsc06352-scaled-1\",\"url\":\"https:\/\/ensemble-paroissial-reynies.fr\/wp-content\/uploads\/Installation_pere_herman_08_10_2023\/dsc06352-scaled-1.jpg\",\"link\":\"https:\/\/ensemble-paroissial-reynies.fr\/?attachment_id=1944\",\"alt\":\"\",\"description\":\"\",\"caption\":\"                               \",\"mime\":\"image\/jpeg\",\"type\":\"image\",\"width\":2560,\"height\":1920,\"sizes\":{\"thumbnail\":{\"height\":150,\"width\":150,\"url\":\"https:\/\/ensemble-paroissial-reynies.fr\/wp-content\/uploads\/Installation_pere_herman_08_10_2023\/dsc06352-scaled-1-150x150.jpg\",\"orientation\":\"landscape\"},\"medium\":{\"height\":225,\"width\":300,\"url\":\"https:\/\/ensemble-paroissial-reynies.fr\/wp-content\/uploads\/Installation_pere_herman_08_10_2023\/dsc06352-scaled-1-300x225.jpg\",\"orientation\":\"landscape\"},\"large\":{\"height\":768,\"width\":1024,\"url\":\"https:\/\/ensemble-paroissial-reynies.fr\/wp-content\/uploads\/Installation_pere_herman_08_10_2023\/dsc06352-scaled-1-1024x768.jpg\",\"orientation\":\"landscape\"},\"full\":{\"url\":\"https:\/\/ensemble-paroissial-reynies.fr\/wp-content\/uploads\/Installation_pere_herman_08_10_2023\/dsc06352-scaled-1.jpg\",\"height\":1920,\"width\":2560,\"orientation\":\"landscape\"}},\"imageMeta\":{\"aperture\":\"3.5\",\"credit\":\"\",\"camera\":\"DSC-HX5V\",\"caption\":\"\",\"created_timestamp\":\"1696769062\",\"copyright\":\"\",\"focal_length\":\"4.25\",\"iso\":\"250\",\"shutter_speed\":\"0.033333333333333\",\"title\":\"\",\"orientation\":\"1\",\"keywords\":[]},\"meta\":false,\"postlink\":\"https:\/\/ensemble-paroissial-reynies.fr\/?attachment_id=1944\"},{\"id\":1945,\"title\":\"dsc06353-scaled-1\",\"url\":\"https:\/\/ensemble-paroissial-reynies.fr\/wp-content\/uploads\/Installation_pere_herman_08_10_2023\/dsc06353-scaled-1.jpg\",\"link\":\"https:\/\/ensemble-paroissial-reynies.fr\/?attachment_id=1945\",\"alt\":\"\",\"description\":\"\",\"caption\":\"                               \",\"mime\":\"image\/jpeg\",\"type\":\"image\",\"width\":2560,\"height\":1920,\"sizes\":{\"thumbnail\":{\"height\":150,\"width\":150,\"url\":\"https:\/\/ensemble-paroissial-reynies.fr\/wp-content\/uploads\/Installation_pere_herman_08_10_2023\/dsc06353-scaled-1-150x150.jpg\",\"orientation\":\"landscape\"},\"medium\":{\"height\":225,\"width\":300,\"url\":\"https:\/\/ensemble-paroissial-reynies.fr\/wp-content\/uploads\/Installation_pere_herman_08_10_2023\/dsc06353-scaled-1-300x225.jpg\",\"orientation\":\"landscape\"},\"large\":{\"height\":768,\"width\":1024,\"url\":\"https:\/\/ensemble-paroissial-reynies.fr\/wp-content\/uploads\/Installation_pere_herman_08_10_2023\/dsc06353-scaled-1-1024x768.jpg\",\"orientation\":\"landscape\"},\"full\":{\"url\":\"https:\/\/ensemble-paroissial-reynies.fr\/wp-content\/uploads\/Installation_pere_herman_08_10_2023\/dsc06353-scaled-1.jpg\",\"height\":1920,\"width\":2560,\"orientation\":\"landscape\"}},\"imageMeta\":{\"aperture\":\"3.5\",\"credit\":\"\",\"camera\":\"DSC-HX5V\",\"caption\":\"\",\"created_timestamp\":\"1696769098\",\"copyright\":\"\",\"focal_length\":\"4.25\",\"iso\":\"160\",\"shutter_speed\":\"0.033333333333333\",\"title\":\"\",\"orientation\":\"1\",\"keywords\":[]},\"meta\":false,\"postlink\":\"https:\/\/ensemble-paroissial-reynies.fr\/?attachment_id=1945\"},{\"id\":1947,\"title\":\"dsc06355-scaled-1\",\"url\":\"https:\/\/ensemble-paroissial-reynies.fr\/wp-content\/uploads\/Installation_pere_herman_08_10_2023\/dsc06355-scaled-1.jpg\",\"link\":\"https:\/\/ensemble-paroissial-reynies.fr\/?attachment_id=1947\",\"alt\":\"\",\"description\":\"\",\"caption\":\"                               \",\"mime\":\"image\/jpeg\",\"type\":\"image\",\"width\":2560,\"height\":1920,\"sizes\":{\"thumbnail\":{\"height\":150,\"width\":150,\"url\":\"https:\/\/ensemble-paroissial-reynies.fr\/wp-content\/uploads\/Installation_pere_herman_08_10_2023\/dsc06355-scaled-1-150x150.jpg\",\"orientation\":\"landscape\"},\"medium\":{\"height\":225,\"width\":300,\"url\":\"https:\/\/ensemble-paroissial-reynies.fr\/wp-content\/uploads\/Installation_pere_herman_08_10_2023\/dsc06355-scaled-1-300x225.jpg\",\"orientation\":\"landscape\"},\"large\":{\"height\":768,\"width\":1024,\"url\":\"https:\/\/ensemble-paroissial-reynies.fr\/wp-content\/uploads\/Installation_pere_herman_08_10_2023\/dsc06355-scaled-1-1024x768.jpg\",\"orientation\":\"landscape\"},\"full\":{\"url\":\"https:\/\/ensemble-paroissial-reynies.fr\/wp-content\/uploads\/Installation_pere_herman_08_10_2023\/dsc06355-scaled-1.jpg\",\"height\":1920,\"width\":2560,\"orientation\":\"landscape\"}},\"imageMeta\":{\"aperture\":\"8\",\"credit\":\"\",\"camera\":\"DSC-HX5V\",\"caption\":\"\",\"created_timestamp\":\"1696769124\",\"copyright\":\"\",\"focal_length\":\"4.25\",\"iso\":\"125\",\"shutter_speed\":\"0.01\",\"title\":\"\",\"orientation\":\"1\",\"keywords\":[]},\"meta\":false,\"postlink\":\"https:\/\/ensemble-paroissial-reynies.fr\/?attachment_id=1947\"},{\"id\":1949,\"title\":\"img_9980\",\"url\":\"https:\/\/ensemble-paroissial-reynies.fr\/wp-content\/uploads\/Installation_pere_herman_08_10_2023\/img_9980.jpeg\",\"link\":\"https:\/\/ensemble-paroissial-reynies.fr\/?attachment_id=1949\",\"alt\":\"\",\"description\":\"\",\"caption\":\"\",\"mime\":\"image\/jpeg\",\"type\":\"image\",\"width\":640,\"height\":480,\"sizes\":{\"thumbnail\":{\"height\":150,\"width\":150,\"url\":\"https:\/\/ensemble-paroissial-reynies.fr\/wp-content\/uploads\/Installation_pere_herman_08_10_2023\/img_9980-150x150.jpeg\",\"orientation\":\"landscape\"},\"medium\":{\"height\":225,\"width\":300,\"url\":\"https:\/\/ensemble-paroissial-reynies.fr\/wp-content\/uploads\/Installation_pere_herman_08_10_2023\/img_9980-300x225.jpeg\",\"orientation\":\"landscape\"},\"full\":{\"url\":\"https:\/\/ensemble-paroissial-reynies.fr\/wp-content\/uploads\/Installation_pere_herman_08_10_2023\/img_9980.jpeg\",\"height\":480,\"width\":640,\"orientation\":\"landscape\"}},\"imageMeta\":{\"aperture\":\"0\",\"credit\":\"\",\"camera\":\"\",\"caption\":\"\",\"created_timestamp\":\"0\",\"copyright\":\"\",\"focal_length\":\"0\",\"iso\":\"0\",\"shutter_speed\":\"0\",\"title\":\"\",\"orientation\":\"1\",\"keywords\":[]},\"meta\":false,\"postlink\":\"https:\/\/ensemble-paroissial-reynies.fr\/?attachment_id=1949\"},{\"id\":1951,\"title\":\"img_9983\",\"url\":\"https:\/\/ensemble-paroissial-reynies.fr\/wp-content\/uploads\/Installation_pere_herman_08_10_2023\/img_9983.jpeg\",\"link\":\"https:\/\/ensemble-paroissial-reynies.fr\/?attachment_id=1951\",\"alt\":\"\",\"description\":\"\",\"caption\":\"\",\"mime\":\"image\/jpeg\",\"type\":\"image\",\"width\":538,\"height\":640,\"sizes\":{\"thumbnail\":{\"height\":150,\"width\":150,\"url\":\"https:\/\/ensemble-paroissial-reynies.fr\/wp-content\/uploads\/Installation_pere_herman_08_10_2023\/img_9983-150x150.jpeg\",\"orientation\":\"landscape\"},\"medium\":{\"height\":300,\"width\":252,\"url\":\"https:\/\/ensemble-paroissial-reynies.fr\/wp-content\/uploads\/Installation_pere_herman_08_10_2023\/img_9983-252x300.jpeg\",\"orientation\":\"portrait\"},\"full\":{\"url\":\"https:\/\/ensemble-paroissial-reynies.fr\/wp-content\/uploads\/Installation_pere_herman_08_10_2023\/img_9983.jpeg\",\"height\":640,\"width\":538,\"orientation\":\"portrait\"}},\"imageMeta\":{\"aperture\":\"0\",\"credit\":\"\",\"camera\":\"\",\"caption\":\"\",\"created_timestamp\":\"0\",\"copyright\":\"\",\"focal_length\":\"0\",\"iso\":\"0\",\"shutter_speed\":\"0\",\"title\":\"\",\"orientation\":\"1\",\"keywords\":[]},\"meta\":false,\"postlink\":\"https:\/\/ensemble-paroissial-reynies.fr\/?attachment_id=1951\"},{\"id\":1952,\"title\":\"img_9984\",\"url\":\"https:\/\/ensemble-paroissial-reynies.fr\/wp-content\/uploads\/Installation_pere_herman_08_10_2023\/img_9984.jpeg\",\"link\":\"https:\/\/ensemble-paroissial-reynies.fr\/?attachment_id=1952\",\"alt\":\"\",\"description\":\"\",\"caption\":\"\",\"mime\":\"image\/jpeg\",\"type\":\"image\",\"width\":640,\"height\":515,\"sizes\":{\"thumbnail\":{\"height\":150,\"width\":150,\"url\":\"https:\/\/ensemble-paroissial-reynies.fr\/wp-content\/uploads\/Installation_pere_herman_08_10_2023\/img_9984-150x150.jpeg\",\"orientation\":\"landscape\"},\"medium\":{\"height\":241,\"width\":300,\"url\":\"https:\/\/ensemble-paroissial-reynies.fr\/wp-content\/uploads\/Installation_pere_herman_08_10_2023\/img_9984-300x241.jpeg\",\"orientation\":\"landscape\"},\"full\":{\"url\":\"https:\/\/ensemble-paroissial-reynies.fr\/wp-content\/uploads\/Installation_pere_herman_08_10_2023\/img_9984.jpeg\",\"height\":515,\"width\":640,\"orientation\":\"landscape\"}},\"imageMeta\":{\"aperture\":\"0\",\"credit\":\"\",\"camera\":\"\",\"caption\":\"\",\"created_timestamp\":\"0\",\"copyright\":\"\",\"focal_length\":\"0\",\"iso\":\"0\",\"shutter_speed\":\"0\",\"title\":\"\",\"orientation\":\"1\",\"keywords\":[]},\"meta\":false,\"postlink\":\"https:\/\/ensemble-paroissial-reynies.fr\/?attachment_id=1952\"},{\"id\":1953,\"title\":\"img_9985\",\"url\":\"https:\/\/ensemble-paroissial-reynies.fr\/wp-content\/uploads\/Installation_pere_herman_08_10_2023\/img_9985.jpeg\",\"link\":\"https:\/\/ensemble-paroissial-reynies.fr\/?attachment_id=1953\",\"alt\":\"\",\"description\":\"\",\"caption\":\"\",\"mime\":\"image\/jpeg\",\"type\":\"image\",\"width\":640,\"height\":480,\"sizes\":{\"thumbnail\":{\"height\":150,\"width\":150,\"url\":\"https:\/\/ensemble-paroissial-reynies.fr\/wp-content\/uploads\/Installation_pere_herman_08_10_2023\/img_9985-150x150.jpeg\",\"orientation\":\"landscape\"},\"medium\":{\"height\":225,\"width\":300,\"url\":\"https:\/\/ensemble-paroissial-reynies.fr\/wp-content\/uploads\/Installation_pere_herman_08_10_2023\/img_9985-300x225.jpeg\",\"orientation\":\"landscape\"},\"full\":{\"url\":\"https:\/\/ensemble-paroissial-reynies.fr\/wp-content\/uploads\/Installation_pere_herman_08_10_2023\/img_9985.jpeg\",\"height\":480,\"width\":640,\"orientation\":\"landscape\"}},\"imageMeta\":{\"aperture\":\"0\",\"credit\":\"\",\"camera\":\"\",\"caption\":\"\",\"created_timestamp\":\"0\",\"copyright\":\"\",\"focal_length\":\"0\",\"iso\":\"0\",\"shutter_speed\":\"0\",\"title\":\"\",\"orientation\":\"1\",\"keywords\":[]},\"meta\":false,\"postlink\":\"https:\/\/ensemble-paroissial-reynies.fr\/?attachment_id=1953\"},{\"id\":1954,\"title\":\"img_9987\",\"url\":\"https:\/\/ensemble-paroissial-reynies.fr\/wp-content\/uploads\/Installation_pere_herman_08_10_2023\/img_9987.jpeg\",\"link\":\"https:\/\/ensemble-paroissial-reynies.fr\/?attachment_id=1954\",\"alt\":\"\",\"description\":\"\",\"caption\":\"\",\"mime\":\"image\/jpeg\",\"type\":\"image\",\"width\":625,\"height\":640,\"sizes\":{\"thumbnail\":{\"height\":150,\"width\":150,\"url\":\"https:\/\/ensemble-paroissial-reynies.fr\/wp-content\/uploads\/Installation_pere_herman_08_10_2023\/img_9987-150x150.jpeg\",\"orientation\":\"landscape\"},\"medium\":{\"height\":300,\"width\":293,\"url\":\"https:\/\/ensemble-paroissial-reynies.fr\/wp-content\/uploads\/Installation_pere_herman_08_10_2023\/img_9987-293x300.jpeg\",\"orientation\":\"portrait\"},\"full\":{\"url\":\"https:\/\/ensemble-paroissial-reynies.fr\/wp-content\/uploads\/Installation_pere_herman_08_10_2023\/img_9987.jpeg\",\"height\":640,\"width\":625,\"orientation\":\"portrait\"}},\"imageMeta\":{\"aperture\":\"0\",\"credit\":\"\",\"camera\":\"\",\"caption\":\"\",\"created_timestamp\":\"0\",\"copyright\":\"\",\"focal_length\":\"0\",\"iso\":\"0\",\"shutter_speed\":\"0\",\"title\":\"\",\"orientation\":\"1\",\"keywords\":[]},\"meta\":false,\"postlink\":\"https:\/\/ensemble-paroissial-reynies.fr\/?attachment_id=1954\"},{\"id\":1955,\"title\":\"img_9988\",\"url\":\"https:\/\/ensemble-paroissial-reynies.fr\/wp-content\/uploads\/Installation_pere_herman_08_10_2023\/img_9988.jpeg\",\"link\":\"https:\/\/ensemble-paroissial-reynies.fr\/?attachment_id=1955\",\"alt\":\"\",\"description\":\"\",\"caption\":\"\",\"mime\":\"image\/jpeg\",\"type\":\"image\",\"width\":640,\"height\":493,\"sizes\":{\"thumbnail\":{\"height\":150,\"width\":150,\"url\":\"https:\/\/ensemble-paroissial-reynies.fr\/wp-content\/uploads\/Installation_pere_herman_08_10_2023\/img_9988-150x150.jpeg\",\"orientation\":\"landscape\"},\"medium\":{\"height\":231,\"width\":300,\"url\":\"https:\/\/ensemble-paroissial-reynies.fr\/wp-content\/uploads\/Installation_pere_herman_08_10_2023\/img_9988-300x231.jpeg\",\"orientation\":\"landscape\"},\"full\":{\"url\":\"https:\/\/ensemble-paroissial-reynies.fr\/wp-content\/uploads\/Installation_pere_herman_08_10_2023\/img_9988.jpeg\",\"height\":493,\"width\":640,\"orientation\":\"landscape\"}},\"imageMeta\":{\"aperture\":\"0\",\"credit\":\"\",\"camera\":\"\",\"caption\":\"\",\"created_timestamp\":\"0\",\"copyright\":\"\",\"focal_length\":\"0\",\"iso\":\"0\",\"shutter_speed\":\"0\",\"title\":\"\",\"orientation\":\"1\",\"keywords\":[]},\"meta\":false,\"postlink\":\"https:\/\/ensemble-paroissial-reynies.fr\/?attachment_id=1955\"},{\"id\":1956,\"title\":\"img_9989\",\"url\":\"https:\/\/ensemble-paroissial-reynies.fr\/wp-content\/uploads\/Installation_pere_herman_08_10_2023\/img_9989.jpeg\",\"link\":\"https:\/\/ensemble-paroissial-reynies.fr\/?attachment_id=1956\",\"alt\":\"\",\"description\":\"\",\"caption\":\"\",\"mime\":\"image\/jpeg\",\"type\":\"image\",\"width\":509,\"height\":640,\"sizes\":{\"thumbnail\":{\"height\":150,\"width\":150,\"url\":\"https:\/\/ensemble-paroissial-reynies.fr\/wp-content\/uploads\/Installation_pere_herman_08_10_2023\/img_9989-150x150.jpeg\",\"orientation\":\"landscape\"},\"medium\":{\"height\":300,\"width\":239,\"url\":\"https:\/\/ensemble-paroissial-reynies.fr\/wp-content\/uploads\/Installation_pere_herman_08_10_2023\/img_9989-239x300.jpeg\",\"orientation\":\"portrait\"},\"full\":{\"url\":\"https:\/\/ensemble-paroissial-reynies.fr\/wp-content\/uploads\/Installation_pere_herman_08_10_2023\/img_9989.jpeg\",\"height\":640,\"width\":509,\"orientation\":\"portrait\"}},\"imageMeta\":{\"aperture\":\"0\",\"credit\":\"\",\"camera\":\"\",\"caption\":\"\",\"created_timestamp\":\"0\",\"copyright\":\"\",\"focal_length\":\"0\",\"iso\":\"0\",\"shutter_speed\":\"0\",\"title\":\"\",\"orientation\":\"1\",\"keywords\":[]},\"meta\":false,\"postlink\":\"https:\/\/ensemble-paroissial-reynies.fr\/?attachment_id=1956\"},{\"id\":1957,\"title\":\"img_9990\",\"url\":\"https:\/\/ensemble-paroissial-reynies.fr\/wp-content\/uploads\/Installation_pere_herman_08_10_2023\/img_9990.jpeg\",\"link\":\"https:\/\/ensemble-paroissial-reynies.fr\/?attachment_id=1957\",\"alt\":\"\",\"description\":\"\",\"caption\":\"\",\"mime\":\"image\/jpeg\",\"type\":\"image\",\"width\":486,\"height\":640,\"sizes\":{\"thumbnail\":{\"height\":150,\"width\":150,\"url\":\"https:\/\/ensemble-paroissial-reynies.fr\/wp-content\/uploads\/Installation_pere_herman_08_10_2023\/img_9990-150x150.jpeg\",\"orientation\":\"landscape\"},\"medium\":{\"height\":300,\"width\":228,\"url\":\"https:\/\/ensemble-paroissial-reynies.fr\/wp-content\/uploads\/Installation_pere_herman_08_10_2023\/img_9990-228x300.jpeg\",\"orientation\":\"portrait\"},\"full\":{\"url\":\"https:\/\/ensemble-paroissial-reynies.fr\/wp-content\/uploads\/Installation_pere_herman_08_10_2023\/img_9990.jpeg\",\"height\":640,\"width\":486,\"orientation\":\"portrait\"}},\"imageMeta\":{\"aperture\":\"0\",\"credit\":\"\",\"camera\":\"\",\"caption\":\"\",\"created_timestamp\":\"0\",\"copyright\":\"\",\"focal_length\":\"0\",\"iso\":\"0\",\"shutter_speed\":\"0\",\"title\":\"\",\"orientation\":\"1\",\"keywords\":[]},\"meta\":false,\"postlink\":\"https:\/\/ensemble-paroissial-reynies.fr\/?attachment_id=1957\"},{\"id\":1958,\"title\":\"img_9994\",\"url\":\"https:\/\/ensemble-paroissial-reynies.fr\/wp-content\/uploads\/Installation_pere_herman_08_10_2023\/img_9994.jpeg\",\"link\":\"https:\/\/ensemble-paroissial-reynies.fr\/?attachment_id=1958\",\"alt\":\"\",\"description\":\"\",\"caption\":\"\",\"mime\":\"image\/jpeg\",\"type\":\"image\",\"width\":480,\"height\":640,\"sizes\":{\"thumbnail\":{\"height\":150,\"width\":150,\"url\":\"https:\/\/ensemble-paroissial-reynies.fr\/wp-content\/uploads\/Installation_pere_herman_08_10_2023\/img_9994-150x150.jpeg\",\"orientation\":\"landscape\"},\"medium\":{\"height\":300,\"width\":225,\"url\":\"https:\/\/ensemble-paroissial-reynies.fr\/wp-content\/uploads\/Installation_pere_herman_08_10_2023\/img_9994-225x300.jpeg\",\"orientation\":\"portrait\"},\"full\":{\"url\":\"https:\/\/ensemble-paroissial-reynies.fr\/wp-content\/uploads\/Installation_pere_herman_08_10_2023\/img_9994.jpeg\",\"height\":640,\"width\":480,\"orientation\":\"portrait\"}},\"imageMeta\":{\"aperture\":\"0\",\"credit\":\"\",\"camera\":\"\",\"caption\":\"\",\"created_timestamp\":\"0\",\"copyright\":\"\",\"focal_length\":\"0\",\"iso\":\"0\",\"shutter_speed\":\"0\",\"title\":\"\",\"orientation\":\"1\",\"keywords\":[]},\"meta\":false,\"postlink\":\"https:\/\/ensemble-paroissial-reynies.fr\/?attachment_id=1958\"},{\"id\":1959,\"title\":\"img_9996\",\"url\":\"https:\/\/ensemble-paroissial-reynies.fr\/wp-content\/uploads\/Installation_pere_herman_08_10_2023\/img_9996.jpeg\",\"link\":\"https:\/\/ensemble-paroissial-reynies.fr\/?attachment_id=1959\",\"alt\":\"\",\"description\":\"\",\"caption\":\"\",\"mime\":\"image\/jpeg\",\"type\":\"image\",\"width\":480,\"height\":640,\"sizes\":{\"thumbnail\":{\"height\":150,\"width\":150,\"url\":\"https:\/\/ensemble-paroissial-reynies.fr\/wp-content\/uploads\/Installation_pere_herman_08_10_2023\/img_9996-150x150.jpeg\",\"orientation\":\"landscape\"},\"medium\":{\"height\":300,\"width\":225,\"url\":\"https:\/\/ensemble-paroissial-reynies.fr\/wp-content\/uploads\/Installation_pere_herman_08_10_2023\/img_9996-225x300.jpeg\",\"orientation\":\"portrait\"},\"full\":{\"url\":\"https:\/\/ensemble-paroissial-reynies.fr\/wp-content\/uploads\/Installation_pere_herman_08_10_2023\/img_9996.jpeg\",\"height\":640,\"width\":480,\"orientation\":\"portrait\"}},\"imageMeta\":{\"aperture\":\"0\",\"credit\":\"\",\"camera\":\"\",\"caption\":\"\",\"created_timestamp\":\"0\",\"copyright\":\"\",\"focal_length\":\"0\",\"iso\":\"0\",\"shutter_speed\":\"0\",\"title\":\"\",\"orientation\":\"1\",\"keywords\":[]},\"meta\":false,\"postlink\":\"https:\/\/ensemble-paroissial-reynies.fr\/?attachment_id=1959\"},{\"id\":1950,\"title\":\"img_9981\",\"url\":\"https:\/\/ensemble-paroissial-reynies.fr\/wp-content\/uploads\/Installation_pere_herman_08_10_2023\/img_9981.jpeg\",\"link\":\"https:\/\/ensemble-paroissial-reynies.fr\/?attachment_id=1950\",\"alt\":\"\",\"description\":\"\",\"caption\":\"\",\"mime\":\"image\/jpeg\",\"type\":\"image\",\"width\":493,\"height\":640,\"sizes\":{\"thumbnail\":{\"height\":150,\"width\":150,\"url\":\"https:\/\/ensemble-paroissial-reynies.fr\/wp-content\/uploads\/Installation_pere_herman_08_10_2023\/img_9981-150x150.jpeg\",\"orientation\":\"landscape\"},\"medium\":{\"height\":300,\"width\":231,\"url\":\"https:\/\/ensemble-paroissial-reynies.fr\/wp-content\/uploads\/Installation_pere_herman_08_10_2023\/img_9981-231x300.jpeg\",\"orientation\":\"portrait\"},\"full\":{\"url\":\"https:\/\/ensemble-paroissial-reynies.fr\/wp-content\/uploads\/Installation_pere_herman_08_10_2023\/img_9981.jpeg\",\"height\":640,\"width\":493,\"orientation\":\"portrait\"}},\"imageMeta\":{\"aperture\":\"0\",\"credit\":\"\",\"camera\":\"\",\"caption\":\"\",\"created_timestamp\":\"0\",\"copyright\":\"\",\"focal_length\":\"0\",\"iso\":\"0\",\"shutter_speed\":\"0\",\"title\":\"\",\"orientation\":\"1\",\"keywords\":[]},\"meta\":false,\"postlink\":\"https:\/\/ensemble-paroissial-reynies.fr\/?attachment_id=1950\"},{\"id\":1960,\"title\":\"img_9997\",\"url\":\"https:\/\/ensemble-paroissial-reynies.fr\/wp-content\/uploads\/Installation_pere_herman_08_10_2023\/img_9997.jpeg\",\"link\":\"https:\/\/ensemble-paroissial-reynies.fr\/?attachment_id=1960\",\"alt\":\"\",\"description\":\"\",\"caption\":\"\",\"mime\":\"image\/jpeg\",\"type\":\"image\",\"width\":582,\"height\":640,\"sizes\":{\"thumbnail\":{\"height\":150,\"width\":150,\"url\":\"https:\/\/ensemble-paroissial-reynies.fr\/wp-content\/uploads\/Installation_pere_herman_08_10_2023\/img_9997-150x150.jpeg\",\"orientation\":\"landscape\"},\"medium\":{\"height\":300,\"width\":273,\"url\":\"https:\/\/ensemble-paroissial-reynies.fr\/wp-content\/uploads\/Installation_pere_herman_08_10_2023\/img_9997-273x300.jpeg\",\"orientation\":\"portrait\"},\"full\":{\"url\":\"https:\/\/ensemble-paroissial-reynies.fr\/wp-content\/uploads\/Installation_pere_herman_08_10_2023\/img_9997.jpeg\",\"height\":640,\"width\":582,\"orientation\":\"portrait\"}},\"imageMeta\":{\"aperture\":\"0\",\"credit\":\"\",\"camera\":\"\",\"caption\":\"\",\"created_timestamp\":\"0\",\"copyright\":\"\",\"focal_length\":\"0\",\"iso\":\"0\",\"shutter_speed\":\"0\",\"title\":\"\",\"orientation\":\"1\",\"keywords\":[]},\"meta\":false,\"postlink\":\"https:\/\/ensemble-paroissial-reynies.fr\/?attachment_id=1960\"},{\"id\":1946,\"title\":\"img_9977\",\"url\":\"https:\/\/ensemble-paroissial-reynies.fr\/wp-content\/uploads\/Installation_pere_herman_08_10_2023\/img_9977.jpeg\",\"link\":\"https:\/\/ensemble-paroissial-reynies.fr\/?attachment_id=1946\",\"alt\":\"\",\"description\":\"\",\"caption\":\"\",\"mime\":\"image\/jpeg\",\"type\":\"image\",\"width\":541,\"height\":640,\"sizes\":{\"thumbnail\":{\"height\":150,\"width\":150,\"url\":\"https:\/\/ensemble-paroissial-reynies.fr\/wp-content\/uploads\/Installation_pere_herman_08_10_2023\/img_9977-150x150.jpeg\",\"orientation\":\"landscape\"},\"medium\":{\"height\":300,\"width\":254,\"url\":\"https:\/\/ensemble-paroissial-reynies.fr\/wp-content\/uploads\/Installation_pere_herman_08_10_2023\/img_9977-254x300.jpeg\",\"orientation\":\"portrait\"},\"full\":{\"url\":\"https:\/\/ensemble-paroissial-reynies.fr\/wp-content\/uploads\/Installation_pere_herman_08_10_2023\/img_9977.jpeg\",\"height\":640,\"width\":541,\"orientation\":\"portrait\"}},\"imageMeta\":{\"aperture\":\"0\",\"credit\":\"\",\"camera\":\"\",\"caption\":\"\",\"created_timestamp\":\"0\",\"copyright\":\"\",\"focal_length\":\"0\",\"iso\":\"0\",\"shutter_speed\":\"0\",\"title\":\"\",\"orientation\":\"1\",\"keywords\":[]},\"meta\":false,\"postlink\":\"https:\/\/ensemble-paroissial-reynies.fr\/?attachment_id=1946\"},{\"id\":1948,\"title\":\"img_9979\",\"url\":\"https:\/\/ensemble-paroissial-reynies.fr\/wp-content\/uploads\/Installation_pere_herman_08_10_2023\/img_9979.jpeg\",\"link\":\"https:\/\/ensemble-paroissial-reynies.fr\/?attachment_id=1948\",\"alt\":\"\",\"description\":\"\",\"caption\":\"\",\"mime\":\"image\/jpeg\",\"type\":\"image\",\"width\":640,\"height\":555,\"sizes\":{\"thumbnail\":{\"height\":150,\"width\":150,\"url\":\"https:\/\/ensemble-paroissial-reynies.fr\/wp-content\/uploads\/Installation_pere_herman_08_10_2023\/img_9979-150x150.jpeg\",\"orientation\":\"landscape\"},\"medium\":{\"height\":260,\"width\":300,\"url\":\"https:\/\/ensemble-paroissial-reynies.fr\/wp-content\/uploads\/Installation_pere_herman_08_10_2023\/img_9979-300x260.jpeg\",\"orientation\":\"landscape\"},\"full\":{\"url\":\"https:\/\/ensemble-paroissial-reynies.fr\/wp-content\/uploads\/Installation_pere_herman_08_10_2023\/img_9979.jpeg\",\"height\":555,\"width\":640,\"orientation\":\"landscape\"}},\"imageMeta\":{\"aperture\":\"0\",\"credit\":\"\",\"camera\":\"\",\"caption\":\"\",\"created_timestamp\":\"0\",\"copyright\":\"\",\"focal_length\":\"0\",\"iso\":\"0\",\"shutter_speed\":\"0\",\"title\":\"\",\"orientation\":\"1\",\"keywords\":[]},\"meta\":false,\"postlink\":\"https:\/\/ensemble-paroissial-reynies.fr\/?attachment_id=1948\"}],\"sliderItemTitleEnable\":false,\"sliderSlideshowAutoStart\":true,\"sliderSlideshowDelay\":5,\"itemsMetaDataCollection\":[]}<\/script><script>(function(){if(window.PGC_SGB && window.PGC_SGB.searcher){window.PGC_SGB.searcher.initBlocks()}})()<\/script><\/div>\n\n\n<p>Et une vid\u00e9o qui retrace l&rsquo;ensemble de la c\u00e9r\u00e9monie<\/p>\n\n\n\n<figure class=\"wp-block-video\"><video height=\"480\" style=\"aspect-ratio: 640 \/ 480;\" width=\"640\" controls poster=\"https:\/\/ensemble-paroissial-reynies.fr\/wp-content\/uploads\/Installation_pere_herman_08_10_2023\/dsc06346-scaled-1.jpg\" src=\"https:\/\/ensemble-paroissial-reynies.fr\/wp-content\/uploads\/Installation_pere_herman_08_10_2023\/a6697506-1b2e-4e9a-8919-14cb170583a8.mp4\"><\/video><\/figure>\n\n\n\n<p><strong><em>Merci \u00e0 tous ceux qui ont pr\u00e9par\u00e9 cette belle c\u00e9r\u00e9monie.<\/em><\/strong><\/p>\n<\/details>\n\n\n\n<hr class=\"wp-block-separator has-alpha-channel-opacity\"\/>\n\n\n\n<h2 class=\"wp-block-heading has-global-color-8-color has-text-color has-link-color wp-elements-84bce4840293fcc0c8d1196e4fbeee17\"><strong>Ann\u00e9e 2021<\/strong><\/h2>\n\n\n\n<details class=\"wp-block-details has-medium-font-size is-layout-flow wp-block-details-is-layout-flow\"><summary>Les cr\u00e8ches de nos \u00e9glises &#8211; D\u00e9cembre 2021<\/summary>\n<p><\/p>\n\n\n\n<p><strong><em>Les cr\u00e8ches de nos \u00e9glises \u2013 Ensemble Paroissial de Reyni\u00e8s \u2013 No\u00ebl 2021<\/em><\/strong><\/p>\n\n\n\n<figure class=\"wp-block-gallery has-nested-images columns-4 wp-block-gallery-5 is-layout-flex wp-block-gallery-is-layout-flex\">\n<figure class=\"wp-block-image size-full\"><a href=\"https:\/\/ensemble-paroissial-reynies.fr\/wp-content\/uploads\/Cr\u00e8ches\/Cr\u00e8ches_2021\/dsc_3295-bial-12-2020-scaled-1.jpg\"><img loading=\"lazy\" decoding=\"async\" width=\"2560\" height=\"1440\" data-id=\"2144\" src=\"https:\/\/ensemble-paroissial-reynies.fr\/wp-content\/uploads\/Cr\u00e8ches\/Cr\u00e8ches_2021\/dsc_3295-bial-12-2020-scaled-1.jpg\" alt=\"\" class=\"wp-image-2144\" srcset=\"https:\/\/ensemble-paroissial-reynies.fr\/wp-content\/uploads\/Cr\u00e8ches\/Cr\u00e8ches_2021\/dsc_3295-bial-12-2020-scaled-1.jpg 2560w, https:\/\/ensemble-paroissial-reynies.fr\/wp-content\/uploads\/Cr\u00e8ches\/Cr\u00e8ches_2021\/dsc_3295-bial-12-2020-scaled-1-300x169.jpg 300w, https:\/\/ensemble-paroissial-reynies.fr\/wp-content\/uploads\/Cr\u00e8ches\/Cr\u00e8ches_2021\/dsc_3295-bial-12-2020-scaled-1-1024x576.jpg 1024w, https:\/\/ensemble-paroissial-reynies.fr\/wp-content\/uploads\/Cr\u00e8ches\/Cr\u00e8ches_2021\/dsc_3295-bial-12-2020-scaled-1-768x432.jpg 768w, https:\/\/ensemble-paroissial-reynies.fr\/wp-content\/uploads\/Cr\u00e8ches\/Cr\u00e8ches_2021\/dsc_3295-bial-12-2020-scaled-1-1536x864.jpg 1536w, https:\/\/ensemble-paroissial-reynies.fr\/wp-content\/uploads\/Cr\u00e8ches\/Cr\u00e8ches_2021\/dsc_3295-bial-12-2020-scaled-1-2048x1152.jpg 2048w\" sizes=\"auto, (max-width: 2560px) 100vw, 2560px\" \/><\/a><figcaption class=\"wp-element-caption\">Brial &#8211; D\u00e9cembre 2021<\/figcaption><\/figure>\n\n\n\n<figure class=\"wp-block-image size-full\"><a href=\"https:\/\/ensemble-paroissial-reynies.fr\/wp-content\/uploads\/Cr\u00e8ches\/Cr\u00e8ches_2021\/bresols1.jpg\"><img loading=\"lazy\" decoding=\"async\" width=\"1295\" height=\"728\" data-id=\"2146\" src=\"https:\/\/ensemble-paroissial-reynies.fr\/wp-content\/uploads\/Cr\u00e8ches\/Cr\u00e8ches_2021\/bresols1.jpg\" alt=\"\" class=\"wp-image-2146\" srcset=\"https:\/\/ensemble-paroissial-reynies.fr\/wp-content\/uploads\/Cr\u00e8ches\/Cr\u00e8ches_2021\/bresols1.jpg 1295w, https:\/\/ensemble-paroissial-reynies.fr\/wp-content\/uploads\/Cr\u00e8ches\/Cr\u00e8ches_2021\/bresols1-300x169.jpg 300w, https:\/\/ensemble-paroissial-reynies.fr\/wp-content\/uploads\/Cr\u00e8ches\/Cr\u00e8ches_2021\/bresols1-1024x576.jpg 1024w, https:\/\/ensemble-paroissial-reynies.fr\/wp-content\/uploads\/Cr\u00e8ches\/Cr\u00e8ches_2021\/bresols1-768x432.jpg 768w\" sizes=\"auto, (max-width: 1295px) 100vw, 1295px\" \/><\/a><figcaption class=\"wp-element-caption\">Bressols- D\u00e9cembre 2021<\/figcaption><\/figure>\n\n\n\n<figure class=\"wp-block-image size-full\"><a href=\"https:\/\/ensemble-paroissial-reynies.fr\/wp-content\/uploads\/Cr\u00e8ches\/Cr\u00e8ches_2021\/DSC05842-scaled-1.jpg\"><img loading=\"lazy\" decoding=\"async\" width=\"2560\" height=\"1920\" data-id=\"2158\" src=\"https:\/\/ensemble-paroissial-reynies.fr\/wp-content\/uploads\/Cr\u00e8ches\/Cr\u00e8ches_2021\/DSC05842-scaled-1.jpg\" alt=\"\" class=\"wp-image-2158\" srcset=\"https:\/\/ensemble-paroissial-reynies.fr\/wp-content\/uploads\/Cr\u00e8ches\/Cr\u00e8ches_2021\/DSC05842-scaled-1.jpg 2560w, https:\/\/ensemble-paroissial-reynies.fr\/wp-content\/uploads\/Cr\u00e8ches\/Cr\u00e8ches_2021\/DSC05842-scaled-1-300x225.jpg 300w, https:\/\/ensemble-paroissial-reynies.fr\/wp-content\/uploads\/Cr\u00e8ches\/Cr\u00e8ches_2021\/DSC05842-scaled-1-1024x768.jpg 1024w, https:\/\/ensemble-paroissial-reynies.fr\/wp-content\/uploads\/Cr\u00e8ches\/Cr\u00e8ches_2021\/DSC05842-scaled-1-768x576.jpg 768w, https:\/\/ensemble-paroissial-reynies.fr\/wp-content\/uploads\/Cr\u00e8ches\/Cr\u00e8ches_2021\/DSC05842-scaled-1-1536x1152.jpg 1536w, https:\/\/ensemble-paroissial-reynies.fr\/wp-content\/uploads\/Cr\u00e8ches\/Cr\u00e8ches_2021\/DSC05842-scaled-1-2048x1536.jpg 2048w\" sizes=\"auto, (max-width: 2560px) 100vw, 2560px\" \/><\/a><figcaption class=\"wp-element-caption\">Labastide-Saint-Pierre &#8211; D\u00e9cembre 2021<\/figcaption><\/figure>\n\n\n\n<figure class=\"wp-block-image size-full\"><a href=\"https:\/\/ensemble-paroissial-reynies.fr\/wp-content\/uploads\/Cr\u00e8ches\/Cr\u00e8ches_2021\/dsc05842-1-scaled-1.jpg\"><img loading=\"lazy\" decoding=\"async\" width=\"2560\" height=\"1920\" data-id=\"2154\" src=\"https:\/\/ensemble-paroissial-reynies.fr\/wp-content\/uploads\/Cr\u00e8ches\/Cr\u00e8ches_2021\/dsc05842-1-scaled-1.jpg\" alt=\"\" class=\"wp-image-2154\" srcset=\"https:\/\/ensemble-paroissial-reynies.fr\/wp-content\/uploads\/Cr\u00e8ches\/Cr\u00e8ches_2021\/dsc05842-1-scaled-1.jpg 2560w, https:\/\/ensemble-paroissial-reynies.fr\/wp-content\/uploads\/Cr\u00e8ches\/Cr\u00e8ches_2021\/dsc05842-1-scaled-1-300x225.jpg 300w, https:\/\/ensemble-paroissial-reynies.fr\/wp-content\/uploads\/Cr\u00e8ches\/Cr\u00e8ches_2021\/dsc05842-1-scaled-1-1024x768.jpg 1024w, https:\/\/ensemble-paroissial-reynies.fr\/wp-content\/uploads\/Cr\u00e8ches\/Cr\u00e8ches_2021\/dsc05842-1-scaled-1-768x576.jpg 768w, https:\/\/ensemble-paroissial-reynies.fr\/wp-content\/uploads\/Cr\u00e8ches\/Cr\u00e8ches_2021\/dsc05842-1-scaled-1-1536x1152.jpg 1536w, https:\/\/ensemble-paroissial-reynies.fr\/wp-content\/uploads\/Cr\u00e8ches\/Cr\u00e8ches_2021\/dsc05842-1-scaled-1-2048x1536.jpg 2048w\" sizes=\"auto, (max-width: 2560px) 100vw, 2560px\" \/><\/a><figcaption class=\"wp-element-caption\">Labastide-Saint-Pierre &#8211; D\u00e9cembre 2021<\/figcaption><\/figure>\n\n\n\n<figure class=\"wp-block-image size-full\"><a href=\"https:\/\/ensemble-paroissial-reynies.fr\/wp-content\/uploads\/Cr\u00e8ches\/Cr\u00e8ches_2021\/DSC05846-scaled-1.jpg\"><img loading=\"lazy\" decoding=\"async\" width=\"2560\" height=\"1920\" data-id=\"2155\" src=\"https:\/\/ensemble-paroissial-reynies.fr\/wp-content\/uploads\/Cr\u00e8ches\/Cr\u00e8ches_2021\/DSC05846-scaled-1.jpg\" alt=\"\" class=\"wp-image-2155\" srcset=\"https:\/\/ensemble-paroissial-reynies.fr\/wp-content\/uploads\/Cr\u00e8ches\/Cr\u00e8ches_2021\/DSC05846-scaled-1.jpg 2560w, https:\/\/ensemble-paroissial-reynies.fr\/wp-content\/uploads\/Cr\u00e8ches\/Cr\u00e8ches_2021\/DSC05846-scaled-1-300x225.jpg 300w, https:\/\/ensemble-paroissial-reynies.fr\/wp-content\/uploads\/Cr\u00e8ches\/Cr\u00e8ches_2021\/DSC05846-scaled-1-1024x768.jpg 1024w, https:\/\/ensemble-paroissial-reynies.fr\/wp-content\/uploads\/Cr\u00e8ches\/Cr\u00e8ches_2021\/DSC05846-scaled-1-768x576.jpg 768w, https:\/\/ensemble-paroissial-reynies.fr\/wp-content\/uploads\/Cr\u00e8ches\/Cr\u00e8ches_2021\/DSC05846-scaled-1-1536x1152.jpg 1536w, https:\/\/ensemble-paroissial-reynies.fr\/wp-content\/uploads\/Cr\u00e8ches\/Cr\u00e8ches_2021\/DSC05846-scaled-1-2048x1536.jpg 2048w\" sizes=\"auto, (max-width: 2560px) 100vw, 2560px\" \/><\/a><figcaption class=\"wp-element-caption\">Labastide-Saint-Pierre &#8211; D\u00e9cembre 2021<\/figcaption><\/figure>\n\n\n\n<figure class=\"wp-block-image size-full\"><a href=\"https:\/\/ensemble-paroissial-reynies.fr\/wp-content\/uploads\/Cr\u00e8ches\/Cr\u00e8ches_2021\/DSC05843-scaled-1.jpg\"><img loading=\"lazy\" decoding=\"async\" width=\"2560\" height=\"1920\" data-id=\"2156\" src=\"https:\/\/ensemble-paroissial-reynies.fr\/wp-content\/uploads\/Cr\u00e8ches\/Cr\u00e8ches_2021\/DSC05843-scaled-1.jpg\" alt=\"\" class=\"wp-image-2156\" srcset=\"https:\/\/ensemble-paroissial-reynies.fr\/wp-content\/uploads\/Cr\u00e8ches\/Cr\u00e8ches_2021\/DSC05843-scaled-1.jpg 2560w, https:\/\/ensemble-paroissial-reynies.fr\/wp-content\/uploads\/Cr\u00e8ches\/Cr\u00e8ches_2021\/DSC05843-scaled-1-300x225.jpg 300w, https:\/\/ensemble-paroissial-reynies.fr\/wp-content\/uploads\/Cr\u00e8ches\/Cr\u00e8ches_2021\/DSC05843-scaled-1-1024x768.jpg 1024w, https:\/\/ensemble-paroissial-reynies.fr\/wp-content\/uploads\/Cr\u00e8ches\/Cr\u00e8ches_2021\/DSC05843-scaled-1-768x576.jpg 768w, https:\/\/ensemble-paroissial-reynies.fr\/wp-content\/uploads\/Cr\u00e8ches\/Cr\u00e8ches_2021\/DSC05843-scaled-1-1536x1152.jpg 1536w, https:\/\/ensemble-paroissial-reynies.fr\/wp-content\/uploads\/Cr\u00e8ches\/Cr\u00e8ches_2021\/DSC05843-scaled-1-2048x1536.jpg 2048w\" sizes=\"auto, (max-width: 2560px) 100vw, 2560px\" \/><\/a><figcaption class=\"wp-element-caption\">Labastide-Saint-Pierre &#8211; D\u00e9cembre 2021<\/figcaption><\/figure>\n\n\n\n<figure class=\"wp-block-image size-full\"><a href=\"https:\/\/ensemble-paroissial-reynies.fr\/wp-content\/uploads\/Cr\u00e8ches\/Cr\u00e8ches_2021\/dsc05843-1-scaled-1.jpg\"><img loading=\"lazy\" decoding=\"async\" width=\"2560\" height=\"1920\" data-id=\"2153\" src=\"https:\/\/ensemble-paroissial-reynies.fr\/wp-content\/uploads\/Cr\u00e8ches\/Cr\u00e8ches_2021\/dsc05843-1-scaled-1.jpg\" alt=\"\" class=\"wp-image-2153\" srcset=\"https:\/\/ensemble-paroissial-reynies.fr\/wp-content\/uploads\/Cr\u00e8ches\/Cr\u00e8ches_2021\/dsc05843-1-scaled-1.jpg 2560w, https:\/\/ensemble-paroissial-reynies.fr\/wp-content\/uploads\/Cr\u00e8ches\/Cr\u00e8ches_2021\/dsc05843-1-scaled-1-300x225.jpg 300w, https:\/\/ensemble-paroissial-reynies.fr\/wp-content\/uploads\/Cr\u00e8ches\/Cr\u00e8ches_2021\/dsc05843-1-scaled-1-1024x768.jpg 1024w, https:\/\/ensemble-paroissial-reynies.fr\/wp-content\/uploads\/Cr\u00e8ches\/Cr\u00e8ches_2021\/dsc05843-1-scaled-1-768x576.jpg 768w, https:\/\/ensemble-paroissial-reynies.fr\/wp-content\/uploads\/Cr\u00e8ches\/Cr\u00e8ches_2021\/dsc05843-1-scaled-1-1536x1152.jpg 1536w, https:\/\/ensemble-paroissial-reynies.fr\/wp-content\/uploads\/Cr\u00e8ches\/Cr\u00e8ches_2021\/dsc05843-1-scaled-1-2048x1536.jpg 2048w\" sizes=\"auto, (max-width: 2560px) 100vw, 2560px\" \/><\/a><figcaption class=\"wp-element-caption\">Labastide-Saint-Pierre &#8211; D\u00e9cembre 2021<\/figcaption><\/figure>\n\n\n\n<figure class=\"wp-block-image size-full\"><a href=\"https:\/\/ensemble-paroissial-reynies.fr\/wp-content\/uploads\/Cr\u00e8ches\/Cr\u00e8ches_2021\/DSC05844-scaled-1.jpg\"><img loading=\"lazy\" decoding=\"async\" width=\"2560\" height=\"1920\" data-id=\"2165\" src=\"https:\/\/ensemble-paroissial-reynies.fr\/wp-content\/uploads\/Cr\u00e8ches\/Cr\u00e8ches_2021\/DSC05844-scaled-1.jpg\" alt=\"\" class=\"wp-image-2165\" srcset=\"https:\/\/ensemble-paroissial-reynies.fr\/wp-content\/uploads\/Cr\u00e8ches\/Cr\u00e8ches_2021\/DSC05844-scaled-1.jpg 2560w, https:\/\/ensemble-paroissial-reynies.fr\/wp-content\/uploads\/Cr\u00e8ches\/Cr\u00e8ches_2021\/DSC05844-scaled-1-300x225.jpg 300w, https:\/\/ensemble-paroissial-reynies.fr\/wp-content\/uploads\/Cr\u00e8ches\/Cr\u00e8ches_2021\/DSC05844-scaled-1-1024x768.jpg 1024w, https:\/\/ensemble-paroissial-reynies.fr\/wp-content\/uploads\/Cr\u00e8ches\/Cr\u00e8ches_2021\/DSC05844-scaled-1-768x576.jpg 768w, https:\/\/ensemble-paroissial-reynies.fr\/wp-content\/uploads\/Cr\u00e8ches\/Cr\u00e8ches_2021\/DSC05844-scaled-1-1536x1152.jpg 1536w, https:\/\/ensemble-paroissial-reynies.fr\/wp-content\/uploads\/Cr\u00e8ches\/Cr\u00e8ches_2021\/DSC05844-scaled-1-2048x1536.jpg 2048w\" sizes=\"auto, (max-width: 2560px) 100vw, 2560px\" \/><\/a><figcaption class=\"wp-element-caption\">Labastide-Saint-Pierre &#8211; D\u00e9cembre 2021<\/figcaption><\/figure>\n\n\n\n<figure class=\"wp-block-image size-full\"><a href=\"https:\/\/ensemble-paroissial-reynies.fr\/wp-content\/uploads\/Cr\u00e8ches\/Cr\u00e8ches_2021\/DSC05845-scaled-1.jpg\"><img loading=\"lazy\" decoding=\"async\" width=\"2560\" height=\"1920\" data-id=\"2157\" src=\"https:\/\/ensemble-paroissial-reynies.fr\/wp-content\/uploads\/Cr\u00e8ches\/Cr\u00e8ches_2021\/DSC05845-scaled-1.jpg\" alt=\"\" class=\"wp-image-2157\" srcset=\"https:\/\/ensemble-paroissial-reynies.fr\/wp-content\/uploads\/Cr\u00e8ches\/Cr\u00e8ches_2021\/DSC05845-scaled-1.jpg 2560w, https:\/\/ensemble-paroissial-reynies.fr\/wp-content\/uploads\/Cr\u00e8ches\/Cr\u00e8ches_2021\/DSC05845-scaled-1-300x225.jpg 300w, https:\/\/ensemble-paroissial-reynies.fr\/wp-content\/uploads\/Cr\u00e8ches\/Cr\u00e8ches_2021\/DSC05845-scaled-1-1024x768.jpg 1024w, https:\/\/ensemble-paroissial-reynies.fr\/wp-content\/uploads\/Cr\u00e8ches\/Cr\u00e8ches_2021\/DSC05845-scaled-1-768x576.jpg 768w, https:\/\/ensemble-paroissial-reynies.fr\/wp-content\/uploads\/Cr\u00e8ches\/Cr\u00e8ches_2021\/DSC05845-scaled-1-1536x1152.jpg 1536w, https:\/\/ensemble-paroissial-reynies.fr\/wp-content\/uploads\/Cr\u00e8ches\/Cr\u00e8ches_2021\/DSC05845-scaled-1-2048x1536.jpg 2048w\" sizes=\"auto, (max-width: 2560px) 100vw, 2560px\" \/><\/a><figcaption class=\"wp-element-caption\">Labastide-Saint-Pierre &#8211; D\u00e9cembre 2021<\/figcaption><\/figure>\n\n\n\n<figure class=\"wp-block-image size-full\"><a href=\"https:\/\/ensemble-paroissial-reynies.fr\/wp-content\/uploads\/Cr\u00e8ches\/Cr\u00e8ches_2021\/dsc05846-1-scaled-1.jpg\"><img loading=\"lazy\" decoding=\"async\" width=\"2560\" height=\"1920\" data-id=\"2150\" src=\"https:\/\/ensemble-paroissial-reynies.fr\/wp-content\/uploads\/Cr\u00e8ches\/Cr\u00e8ches_2021\/dsc05846-1-scaled-1.jpg\" alt=\"\" class=\"wp-image-2150\" srcset=\"https:\/\/ensemble-paroissial-reynies.fr\/wp-content\/uploads\/Cr\u00e8ches\/Cr\u00e8ches_2021\/dsc05846-1-scaled-1.jpg 2560w, https:\/\/ensemble-paroissial-reynies.fr\/wp-content\/uploads\/Cr\u00e8ches\/Cr\u00e8ches_2021\/dsc05846-1-scaled-1-300x225.jpg 300w, https:\/\/ensemble-paroissial-reynies.fr\/wp-content\/uploads\/Cr\u00e8ches\/Cr\u00e8ches_2021\/dsc05846-1-scaled-1-1024x768.jpg 1024w, https:\/\/ensemble-paroissial-reynies.fr\/wp-content\/uploads\/Cr\u00e8ches\/Cr\u00e8ches_2021\/dsc05846-1-scaled-1-768x576.jpg 768w, https:\/\/ensemble-paroissial-reynies.fr\/wp-content\/uploads\/Cr\u00e8ches\/Cr\u00e8ches_2021\/dsc05846-1-scaled-1-1536x1152.jpg 1536w, https:\/\/ensemble-paroissial-reynies.fr\/wp-content\/uploads\/Cr\u00e8ches\/Cr\u00e8ches_2021\/dsc05846-1-scaled-1-2048x1536.jpg 2048w\" sizes=\"auto, (max-width: 2560px) 100vw, 2560px\" \/><\/a><figcaption class=\"wp-element-caption\">Labastide-Saint-Pierre &#8211; D\u00e9cembre 2021<\/figcaption><\/figure>\n\n\n\n<figure class=\"wp-block-image size-full\"><a href=\"https:\/\/ensemble-paroissial-reynies.fr\/wp-content\/uploads\/Cr\u00e8ches\/Cr\u00e8ches_2021\/dsc05844-1-scaled-1.jpg\"><img loading=\"lazy\" decoding=\"async\" width=\"2560\" height=\"1920\" data-id=\"2152\" src=\"https:\/\/ensemble-paroissial-reynies.fr\/wp-content\/uploads\/Cr\u00e8ches\/Cr\u00e8ches_2021\/dsc05844-1-scaled-1.jpg\" alt=\"\" class=\"wp-image-2152\" srcset=\"https:\/\/ensemble-paroissial-reynies.fr\/wp-content\/uploads\/Cr\u00e8ches\/Cr\u00e8ches_2021\/dsc05844-1-scaled-1.jpg 2560w, https:\/\/ensemble-paroissial-reynies.fr\/wp-content\/uploads\/Cr\u00e8ches\/Cr\u00e8ches_2021\/dsc05844-1-scaled-1-300x225.jpg 300w, https:\/\/ensemble-paroissial-reynies.fr\/wp-content\/uploads\/Cr\u00e8ches\/Cr\u00e8ches_2021\/dsc05844-1-scaled-1-1024x768.jpg 1024w, https:\/\/ensemble-paroissial-reynies.fr\/wp-content\/uploads\/Cr\u00e8ches\/Cr\u00e8ches_2021\/dsc05844-1-scaled-1-768x576.jpg 768w, https:\/\/ensemble-paroissial-reynies.fr\/wp-content\/uploads\/Cr\u00e8ches\/Cr\u00e8ches_2021\/dsc05844-1-scaled-1-1536x1152.jpg 1536w, https:\/\/ensemble-paroissial-reynies.fr\/wp-content\/uploads\/Cr\u00e8ches\/Cr\u00e8ches_2021\/dsc05844-1-scaled-1-2048x1536.jpg 2048w\" sizes=\"auto, (max-width: 2560px) 100vw, 2560px\" \/><\/a><figcaption class=\"wp-element-caption\">Labastide-Saint-Pierre &#8211; D\u00e9cembre 2021<\/figcaption><\/figure>\n\n\n\n<figure class=\"wp-block-image size-full\"><a href=\"https:\/\/ensemble-paroissial-reynies.fr\/wp-content\/uploads\/Cr\u00e8ches\/Cr\u00e8ches_2021\/dsc05845-1-scaled-1.jpg\"><img loading=\"lazy\" decoding=\"async\" width=\"2560\" height=\"1920\" data-id=\"2151\" src=\"https:\/\/ensemble-paroissial-reynies.fr\/wp-content\/uploads\/Cr\u00e8ches\/Cr\u00e8ches_2021\/dsc05845-1-scaled-1.jpg\" alt=\"\" class=\"wp-image-2151\" srcset=\"https:\/\/ensemble-paroissial-reynies.fr\/wp-content\/uploads\/Cr\u00e8ches\/Cr\u00e8ches_2021\/dsc05845-1-scaled-1.jpg 2560w, https:\/\/ensemble-paroissial-reynies.fr\/wp-content\/uploads\/Cr\u00e8ches\/Cr\u00e8ches_2021\/dsc05845-1-scaled-1-300x225.jpg 300w, https:\/\/ensemble-paroissial-reynies.fr\/wp-content\/uploads\/Cr\u00e8ches\/Cr\u00e8ches_2021\/dsc05845-1-scaled-1-1024x768.jpg 1024w, https:\/\/ensemble-paroissial-reynies.fr\/wp-content\/uploads\/Cr\u00e8ches\/Cr\u00e8ches_2021\/dsc05845-1-scaled-1-768x576.jpg 768w, https:\/\/ensemble-paroissial-reynies.fr\/wp-content\/uploads\/Cr\u00e8ches\/Cr\u00e8ches_2021\/dsc05845-1-scaled-1-1536x1152.jpg 1536w, https:\/\/ensemble-paroissial-reynies.fr\/wp-content\/uploads\/Cr\u00e8ches\/Cr\u00e8ches_2021\/dsc05845-1-scaled-1-2048x1536.jpg 2048w\" sizes=\"auto, (max-width: 2560px) 100vw, 2560px\" \/><\/a><figcaption class=\"wp-element-caption\">Labastide-Saint-Pierre &#8211; D\u00e9cembre 2021<\/figcaption><\/figure>\n\n\n\n<figure class=\"wp-block-image size-full\"><a href=\"https:\/\/ensemble-paroissial-reynies.fr\/wp-content\/uploads\/Cr\u00e8ches\/Cr\u00e8ches_2021\/dsc05838-scaled-1.jpg\"><img loading=\"lazy\" decoding=\"async\" width=\"2560\" height=\"1920\" data-id=\"2161\" src=\"https:\/\/ensemble-paroissial-reynies.fr\/wp-content\/uploads\/Cr\u00e8ches\/Cr\u00e8ches_2021\/dsc05838-scaled-1.jpg\" alt=\"\" class=\"wp-image-2161\" srcset=\"https:\/\/ensemble-paroissial-reynies.fr\/wp-content\/uploads\/Cr\u00e8ches\/Cr\u00e8ches_2021\/dsc05838-scaled-1.jpg 2560w, https:\/\/ensemble-paroissial-reynies.fr\/wp-content\/uploads\/Cr\u00e8ches\/Cr\u00e8ches_2021\/dsc05838-scaled-1-300x225.jpg 300w, https:\/\/ensemble-paroissial-reynies.fr\/wp-content\/uploads\/Cr\u00e8ches\/Cr\u00e8ches_2021\/dsc05838-scaled-1-1024x768.jpg 1024w, https:\/\/ensemble-paroissial-reynies.fr\/wp-content\/uploads\/Cr\u00e8ches\/Cr\u00e8ches_2021\/dsc05838-scaled-1-768x576.jpg 768w, https:\/\/ensemble-paroissial-reynies.fr\/wp-content\/uploads\/Cr\u00e8ches\/Cr\u00e8ches_2021\/dsc05838-scaled-1-1536x1152.jpg 1536w, https:\/\/ensemble-paroissial-reynies.fr\/wp-content\/uploads\/Cr\u00e8ches\/Cr\u00e8ches_2021\/dsc05838-scaled-1-2048x1536.jpg 2048w\" sizes=\"auto, (max-width: 2560px) 100vw, 2560px\" \/><\/a><figcaption class=\"wp-element-caption\">Orgueil &#8211; D\u00e9cembre 2021<\/figcaption><\/figure>\n\n\n\n<figure class=\"wp-block-image size-full\"><a href=\"https:\/\/ensemble-paroissial-reynies.fr\/wp-content\/uploads\/Cr\u00e8ches\/Cr\u00e8ches_2021\/dsc05839-scaled-1.jpg\"><img loading=\"lazy\" decoding=\"async\" width=\"2560\" height=\"1920\" data-id=\"2160\" src=\"https:\/\/ensemble-paroissial-reynies.fr\/wp-content\/uploads\/Cr\u00e8ches\/Cr\u00e8ches_2021\/dsc05839-scaled-1.jpg\" alt=\"\" class=\"wp-image-2160\" srcset=\"https:\/\/ensemble-paroissial-reynies.fr\/wp-content\/uploads\/Cr\u00e8ches\/Cr\u00e8ches_2021\/dsc05839-scaled-1.jpg 2560w, https:\/\/ensemble-paroissial-reynies.fr\/wp-content\/uploads\/Cr\u00e8ches\/Cr\u00e8ches_2021\/dsc05839-scaled-1-300x225.jpg 300w, https:\/\/ensemble-paroissial-reynies.fr\/wp-content\/uploads\/Cr\u00e8ches\/Cr\u00e8ches_2021\/dsc05839-scaled-1-1024x768.jpg 1024w, https:\/\/ensemble-paroissial-reynies.fr\/wp-content\/uploads\/Cr\u00e8ches\/Cr\u00e8ches_2021\/dsc05839-scaled-1-768x576.jpg 768w, https:\/\/ensemble-paroissial-reynies.fr\/wp-content\/uploads\/Cr\u00e8ches\/Cr\u00e8ches_2021\/dsc05839-scaled-1-1536x1152.jpg 1536w, https:\/\/ensemble-paroissial-reynies.fr\/wp-content\/uploads\/Cr\u00e8ches\/Cr\u00e8ches_2021\/dsc05839-scaled-1-2048x1536.jpg 2048w\" sizes=\"auto, (max-width: 2560px) 100vw, 2560px\" \/><\/a><figcaption class=\"wp-element-caption\">Orgueil &#8211; D\u00e9cembre 2021<\/figcaption><\/figure>\n\n\n\n<figure class=\"wp-block-image size-full\"><a href=\"https:\/\/ensemble-paroissial-reynies.fr\/wp-content\/uploads\/Cr\u00e8ches\/Cr\u00e8ches_2021\/dsc05836-scaled-1.jpg\"><img loading=\"lazy\" decoding=\"async\" width=\"2560\" height=\"1920\" data-id=\"2162\" src=\"https:\/\/ensemble-paroissial-reynies.fr\/wp-content\/uploads\/Cr\u00e8ches\/Cr\u00e8ches_2021\/dsc05836-scaled-1.jpg\" alt=\"\" class=\"wp-image-2162\" srcset=\"https:\/\/ensemble-paroissial-reynies.fr\/wp-content\/uploads\/Cr\u00e8ches\/Cr\u00e8ches_2021\/dsc05836-scaled-1.jpg 2560w, https:\/\/ensemble-paroissial-reynies.fr\/wp-content\/uploads\/Cr\u00e8ches\/Cr\u00e8ches_2021\/dsc05836-scaled-1-300x225.jpg 300w, https:\/\/ensemble-paroissial-reynies.fr\/wp-content\/uploads\/Cr\u00e8ches\/Cr\u00e8ches_2021\/dsc05836-scaled-1-1024x768.jpg 1024w, https:\/\/ensemble-paroissial-reynies.fr\/wp-content\/uploads\/Cr\u00e8ches\/Cr\u00e8ches_2021\/dsc05836-scaled-1-768x576.jpg 768w, https:\/\/ensemble-paroissial-reynies.fr\/wp-content\/uploads\/Cr\u00e8ches\/Cr\u00e8ches_2021\/dsc05836-scaled-1-1536x1152.jpg 1536w, https:\/\/ensemble-paroissial-reynies.fr\/wp-content\/uploads\/Cr\u00e8ches\/Cr\u00e8ches_2021\/dsc05836-scaled-1-2048x1536.jpg 2048w\" sizes=\"auto, (max-width: 2560px) 100vw, 2560px\" \/><\/a><figcaption class=\"wp-element-caption\">Orgueil &#8211; D\u00e9cembre 2021<\/figcaption><\/figure>\n\n\n\n<figure class=\"wp-block-image size-full\"><a href=\"https:\/\/ensemble-paroissial-reynies.fr\/wp-content\/uploads\/Cr\u00e8ches\/Cr\u00e8ches_2021\/img_2717.jpg\"><img loading=\"lazy\" decoding=\"async\" width=\"2016\" height=\"1512\" data-id=\"2147\" src=\"https:\/\/ensemble-paroissial-reynies.fr\/wp-content\/uploads\/Cr\u00e8ches\/Cr\u00e8ches_2021\/img_2717.jpg\" alt=\"\" class=\"wp-image-2147\" srcset=\"https:\/\/ensemble-paroissial-reynies.fr\/wp-content\/uploads\/Cr\u00e8ches\/Cr\u00e8ches_2021\/img_2717.jpg 2016w, https:\/\/ensemble-paroissial-reynies.fr\/wp-content\/uploads\/Cr\u00e8ches\/Cr\u00e8ches_2021\/img_2717-300x225.jpg 300w, https:\/\/ensemble-paroissial-reynies.fr\/wp-content\/uploads\/Cr\u00e8ches\/Cr\u00e8ches_2021\/img_2717-1024x768.jpg 1024w, https:\/\/ensemble-paroissial-reynies.fr\/wp-content\/uploads\/Cr\u00e8ches\/Cr\u00e8ches_2021\/img_2717-768x576.jpg 768w, https:\/\/ensemble-paroissial-reynies.fr\/wp-content\/uploads\/Cr\u00e8ches\/Cr\u00e8ches_2021\/img_2717-1536x1152.jpg 1536w\" sizes=\"auto, (max-width: 2016px) 100vw, 2016px\" \/><\/a><figcaption class=\"wp-element-caption\">Orgueil &#8211; D\u00e9cembre 2021<\/figcaption><\/figure>\n\n\n\n<figure class=\"wp-block-image size-full\"><a href=\"https:\/\/ensemble-paroissial-reynies.fr\/wp-content\/uploads\/Cr\u00e8ches\/Cr\u00e8ches_2021\/dsc05852-scaled-1.jpg\"><img loading=\"lazy\" decoding=\"async\" width=\"2560\" height=\"1920\" data-id=\"2145\" src=\"https:\/\/ensemble-paroissial-reynies.fr\/wp-content\/uploads\/Cr\u00e8ches\/Cr\u00e8ches_2021\/dsc05852-scaled-1.jpg\" alt=\"\" class=\"wp-image-2145\" srcset=\"https:\/\/ensemble-paroissial-reynies.fr\/wp-content\/uploads\/Cr\u00e8ches\/Cr\u00e8ches_2021\/dsc05852-scaled-1.jpg 2560w, https:\/\/ensemble-paroissial-reynies.fr\/wp-content\/uploads\/Cr\u00e8ches\/Cr\u00e8ches_2021\/dsc05852-scaled-1-300x225.jpg 300w, https:\/\/ensemble-paroissial-reynies.fr\/wp-content\/uploads\/Cr\u00e8ches\/Cr\u00e8ches_2021\/dsc05852-scaled-1-1024x768.jpg 1024w, https:\/\/ensemble-paroissial-reynies.fr\/wp-content\/uploads\/Cr\u00e8ches\/Cr\u00e8ches_2021\/dsc05852-scaled-1-768x576.jpg 768w, https:\/\/ensemble-paroissial-reynies.fr\/wp-content\/uploads\/Cr\u00e8ches\/Cr\u00e8ches_2021\/dsc05852-scaled-1-1536x1152.jpg 1536w, https:\/\/ensemble-paroissial-reynies.fr\/wp-content\/uploads\/Cr\u00e8ches\/Cr\u00e8ches_2021\/dsc05852-scaled-1-2048x1536.jpg 2048w\" sizes=\"auto, (max-width: 2560px) 100vw, 2560px\" \/><\/a><figcaption class=\"wp-element-caption\">Orgueil &#8211; D\u00e9cembre 2021<\/figcaption><\/figure>\n\n\n\n<figure class=\"wp-block-image size-full\"><a href=\"https:\/\/ensemble-paroissial-reynies.fr\/wp-content\/uploads\/Cr\u00e8ches\/Cr\u00e8ches_2021\/dsc05841-scaled-1.jpg\"><img loading=\"lazy\" decoding=\"async\" width=\"2560\" height=\"1920\" data-id=\"2159\" src=\"https:\/\/ensemble-paroissial-reynies.fr\/wp-content\/uploads\/Cr\u00e8ches\/Cr\u00e8ches_2021\/dsc05841-scaled-1.jpg\" alt=\"\" class=\"wp-image-2159\" srcset=\"https:\/\/ensemble-paroissial-reynies.fr\/wp-content\/uploads\/Cr\u00e8ches\/Cr\u00e8ches_2021\/dsc05841-scaled-1.jpg 2560w, https:\/\/ensemble-paroissial-reynies.fr\/wp-content\/uploads\/Cr\u00e8ches\/Cr\u00e8ches_2021\/dsc05841-scaled-1-300x225.jpg 300w, https:\/\/ensemble-paroissial-reynies.fr\/wp-content\/uploads\/Cr\u00e8ches\/Cr\u00e8ches_2021\/dsc05841-scaled-1-1024x768.jpg 1024w, https:\/\/ensemble-paroissial-reynies.fr\/wp-content\/uploads\/Cr\u00e8ches\/Cr\u00e8ches_2021\/dsc05841-scaled-1-768x576.jpg 768w, https:\/\/ensemble-paroissial-reynies.fr\/wp-content\/uploads\/Cr\u00e8ches\/Cr\u00e8ches_2021\/dsc05841-scaled-1-1536x1152.jpg 1536w, https:\/\/ensemble-paroissial-reynies.fr\/wp-content\/uploads\/Cr\u00e8ches\/Cr\u00e8ches_2021\/dsc05841-scaled-1-2048x1536.jpg 2048w\" sizes=\"auto, (max-width: 2560px) 100vw, 2560px\" \/><\/a><figcaption class=\"wp-element-caption\">Orgueil &#8211; D\u00e9cembre 2021<\/figcaption><\/figure>\n\n\n\n<figure class=\"wp-block-image size-full\"><a href=\"https:\/\/ensemble-paroissial-reynies.fr\/wp-content\/uploads\/Cr\u00e8ches\/Cr\u00e8ches_2021\/dsc05853-scaled-1.jpg\"><img loading=\"lazy\" decoding=\"async\" width=\"2560\" height=\"1920\" data-id=\"2143\" src=\"https:\/\/ensemble-paroissial-reynies.fr\/wp-content\/uploads\/Cr\u00e8ches\/Cr\u00e8ches_2021\/dsc05853-scaled-1.jpg\" alt=\"\" class=\"wp-image-2143\" srcset=\"https:\/\/ensemble-paroissial-reynies.fr\/wp-content\/uploads\/Cr\u00e8ches\/Cr\u00e8ches_2021\/dsc05853-scaled-1.jpg 2560w, https:\/\/ensemble-paroissial-reynies.fr\/wp-content\/uploads\/Cr\u00e8ches\/Cr\u00e8ches_2021\/dsc05853-scaled-1-300x225.jpg 300w, https:\/\/ensemble-paroissial-reynies.fr\/wp-content\/uploads\/Cr\u00e8ches\/Cr\u00e8ches_2021\/dsc05853-scaled-1-1024x768.jpg 1024w, https:\/\/ensemble-paroissial-reynies.fr\/wp-content\/uploads\/Cr\u00e8ches\/Cr\u00e8ches_2021\/dsc05853-scaled-1-768x576.jpg 768w, https:\/\/ensemble-paroissial-reynies.fr\/wp-content\/uploads\/Cr\u00e8ches\/Cr\u00e8ches_2021\/dsc05853-scaled-1-1536x1152.jpg 1536w, https:\/\/ensemble-paroissial-reynies.fr\/wp-content\/uploads\/Cr\u00e8ches\/Cr\u00e8ches_2021\/dsc05853-scaled-1-2048x1536.jpg 2048w\" sizes=\"auto, (max-width: 2560px) 100vw, 2560px\" \/><\/a><figcaption class=\"wp-element-caption\">Orgueil &#8211; D\u00e9cembre 2021<\/figcaption><\/figure>\n\n\n\n<figure class=\"wp-block-image size-full\"><a href=\"https:\/\/ensemble-paroissial-reynies.fr\/wp-content\/uploads\/Cr\u00e8ches\/Cr\u00e8ches_2021\/dsc05851-scaled-1.jpg\"><img loading=\"lazy\" decoding=\"async\" width=\"2560\" height=\"1920\" data-id=\"2148\" src=\"https:\/\/ensemble-paroissial-reynies.fr\/wp-content\/uploads\/Cr\u00e8ches\/Cr\u00e8ches_2021\/dsc05851-scaled-1.jpg\" alt=\"\" class=\"wp-image-2148\" srcset=\"https:\/\/ensemble-paroissial-reynies.fr\/wp-content\/uploads\/Cr\u00e8ches\/Cr\u00e8ches_2021\/dsc05851-scaled-1.jpg 2560w, https:\/\/ensemble-paroissial-reynies.fr\/wp-content\/uploads\/Cr\u00e8ches\/Cr\u00e8ches_2021\/dsc05851-scaled-1-300x225.jpg 300w, https:\/\/ensemble-paroissial-reynies.fr\/wp-content\/uploads\/Cr\u00e8ches\/Cr\u00e8ches_2021\/dsc05851-scaled-1-1024x768.jpg 1024w, https:\/\/ensemble-paroissial-reynies.fr\/wp-content\/uploads\/Cr\u00e8ches\/Cr\u00e8ches_2021\/dsc05851-scaled-1-768x576.jpg 768w, https:\/\/ensemble-paroissial-reynies.fr\/wp-content\/uploads\/Cr\u00e8ches\/Cr\u00e8ches_2021\/dsc05851-scaled-1-1536x1152.jpg 1536w, https:\/\/ensemble-paroissial-reynies.fr\/wp-content\/uploads\/Cr\u00e8ches\/Cr\u00e8ches_2021\/dsc05851-scaled-1-2048x1536.jpg 2048w\" sizes=\"auto, (max-width: 2560px) 100vw, 2560px\" \/><\/a><figcaption class=\"wp-element-caption\">Orgueil &#8211; D\u00e9cembre 2021<\/figcaption><\/figure>\n\n\n\n<figure class=\"wp-block-image size-full\"><a href=\"https:\/\/ensemble-paroissial-reynies.fr\/wp-content\/uploads\/Cr\u00e8ches\/Cr\u00e8ches_2021\/dsc05850-scaled-1.jpg\"><img loading=\"lazy\" decoding=\"async\" width=\"2560\" height=\"1920\" data-id=\"2149\" src=\"https:\/\/ensemble-paroissial-reynies.fr\/wp-content\/uploads\/Cr\u00e8ches\/Cr\u00e8ches_2021\/dsc05850-scaled-1.jpg\" alt=\"\" class=\"wp-image-2149\" srcset=\"https:\/\/ensemble-paroissial-reynies.fr\/wp-content\/uploads\/Cr\u00e8ches\/Cr\u00e8ches_2021\/dsc05850-scaled-1.jpg 2560w, https:\/\/ensemble-paroissial-reynies.fr\/wp-content\/uploads\/Cr\u00e8ches\/Cr\u00e8ches_2021\/dsc05850-scaled-1-300x225.jpg 300w, https:\/\/ensemble-paroissial-reynies.fr\/wp-content\/uploads\/Cr\u00e8ches\/Cr\u00e8ches_2021\/dsc05850-scaled-1-1024x768.jpg 1024w, https:\/\/ensemble-paroissial-reynies.fr\/wp-content\/uploads\/Cr\u00e8ches\/Cr\u00e8ches_2021\/dsc05850-scaled-1-768x576.jpg 768w, https:\/\/ensemble-paroissial-reynies.fr\/wp-content\/uploads\/Cr\u00e8ches\/Cr\u00e8ches_2021\/dsc05850-scaled-1-1536x1152.jpg 1536w, https:\/\/ensemble-paroissial-reynies.fr\/wp-content\/uploads\/Cr\u00e8ches\/Cr\u00e8ches_2021\/dsc05850-scaled-1-2048x1536.jpg 2048w\" sizes=\"auto, (max-width: 2560px) 100vw, 2560px\" \/><\/a><figcaption class=\"wp-element-caption\">Orgueil &#8211; D\u00e9cembre 2021<\/figcaption><\/figure>\n\n\n\n<figure class=\"wp-block-image size-full\"><a href=\"https:\/\/ensemble-paroissial-reynies.fr\/wp-content\/uploads\/Cr\u00e8ches\/Cr\u00e8ches_2021\/dsc05854-scaled-1.jpg\"><img loading=\"lazy\" decoding=\"async\" width=\"2560\" height=\"1920\" data-id=\"2142\" src=\"https:\/\/ensemble-paroissial-reynies.fr\/wp-content\/uploads\/Cr\u00e8ches\/Cr\u00e8ches_2021\/dsc05854-scaled-1.jpg\" alt=\"\" class=\"wp-image-2142\" srcset=\"https:\/\/ensemble-paroissial-reynies.fr\/wp-content\/uploads\/Cr\u00e8ches\/Cr\u00e8ches_2021\/dsc05854-scaled-1.jpg 2560w, https:\/\/ensemble-paroissial-reynies.fr\/wp-content\/uploads\/Cr\u00e8ches\/Cr\u00e8ches_2021\/dsc05854-scaled-1-300x225.jpg 300w, https:\/\/ensemble-paroissial-reynies.fr\/wp-content\/uploads\/Cr\u00e8ches\/Cr\u00e8ches_2021\/dsc05854-scaled-1-1024x768.jpg 1024w, https:\/\/ensemble-paroissial-reynies.fr\/wp-content\/uploads\/Cr\u00e8ches\/Cr\u00e8ches_2021\/dsc05854-scaled-1-768x576.jpg 768w, https:\/\/ensemble-paroissial-reynies.fr\/wp-content\/uploads\/Cr\u00e8ches\/Cr\u00e8ches_2021\/dsc05854-scaled-1-1536x1152.jpg 1536w, https:\/\/ensemble-paroissial-reynies.fr\/wp-content\/uploads\/Cr\u00e8ches\/Cr\u00e8ches_2021\/dsc05854-scaled-1-2048x1536.jpg 2048w\" sizes=\"auto, (max-width: 2560px) 100vw, 2560px\" \/><\/a><figcaption class=\"wp-element-caption\">Orgueil &#8211; D\u00e9cembre 2021<\/figcaption><\/figure>\n<\/figure>\n<\/details>\n\n\n\n<div style=\"height:8px\" aria-hidden=\"true\" class=\"wp-block-spacer\"><\/div>\n\n\n\n<details class=\"wp-block-details has-medium-font-size is-layout-flow wp-block-details-is-layout-flow\"><summary>Jubil\u00e9 du P\u00e8re \u00c9mile TALLAGNON &#8211; 4 juillet 2021<\/summary>\n<p><\/p>\n\n\n\n<p>Le dimanche 4 juillet 2021 la messe dominicale en l\u2019\u00e9glise de Reyni\u00e8s \u00e9tait pr\u00e9sid\u00e9e par le P\u00e8re TALLAGON. Une messe sp\u00e9ciale car il s\u2019agissait de c\u00e9l\u00e9brer ses 65 ans de sacerdoce : le P\u00e8re \u00c9mile a en effet \u00e9t\u00e9 ordonn\u00e9 le 29 juin 1956. Bien s\u00fbr le P\u00e8re Fernand LOPEZ, cur\u00e9 de l\u2019Ensemble Paroissial de Reyni\u00e8s, \u00e9tait pr\u00e9sent tout comme le diacre Daniel LESPIAU. pour c\u00e9l\u00e9brer avec le P\u00e8re \u00c9mile. Apr\u00e8s la messe, ceux qui le souhaitaient se sont retrouv\u00e9s \u00e0 la salle des f\u00eates de Reyni\u00e8s pour un repas \u201cpartag\u00e9\u201d.<\/p>\n\n\n\n<p><strong><em>Mot d\u2019accueil du P\u00e8re Fernand au d\u00e9but de la c\u00e9r\u00e9monie<\/em><\/strong><\/p>\n\n\n\n<figure class=\"wp-block-video\"><video height=\"720\" style=\"aspect-ratio: 1280 \/ 720;\" width=\"1280\" controls src=\"https:\/\/ensemble-paroissial-reynies.fr\/wp-content\/uploads\/evenements\/Jubil\u00e9_pere_tallagnon_07_2021\/20210704103914-2.mp4\"><\/video><\/figure>\n\n\n\n<p><strong><em>Photos Messe du 4 juillet en l\u2019\u00e9glise de Reyni\u00e8s<\/em><\/strong><\/p>\n\n\n\n<figure class=\"wp-block-gallery has-nested-images columns-4 wp-block-gallery-6 is-layout-flex wp-block-gallery-is-layout-flex\">\n<figure class=\"wp-block-image size-large\"><a href=\"https:\/\/ensemble-paroissial-reynies.fr\/wp-content\/uploads\/evenements\/Jubil\u00e9_pere_tallagnon_07_2021\/p1020467.jpg\"><img loading=\"lazy\" decoding=\"async\" width=\"1024\" height=\"768\" data-id=\"2041\" src=\"https:\/\/ensemble-paroissial-reynies.fr\/wp-content\/uploads\/evenements\/Jubil\u00e9_pere_tallagnon_07_2021\/p1020467-1024x768.jpg\" alt=\"\" class=\"wp-image-2041\" srcset=\"https:\/\/ensemble-paroissial-reynies.fr\/wp-content\/uploads\/evenements\/Jubil\u00e9_pere_tallagnon_07_2021\/p1020467-1024x768.jpg 1024w, https:\/\/ensemble-paroissial-reynies.fr\/wp-content\/uploads\/evenements\/Jubil\u00e9_pere_tallagnon_07_2021\/p1020467-300x225.jpg 300w, https:\/\/ensemble-paroissial-reynies.fr\/wp-content\/uploads\/evenements\/Jubil\u00e9_pere_tallagnon_07_2021\/p1020467-768x576.jpg 768w, https:\/\/ensemble-paroissial-reynies.fr\/wp-content\/uploads\/evenements\/Jubil\u00e9_pere_tallagnon_07_2021\/p1020467-1536x1152.jpg 1536w, https:\/\/ensemble-paroissial-reynies.fr\/wp-content\/uploads\/evenements\/Jubil\u00e9_pere_tallagnon_07_2021\/p1020467.jpg 2048w\" sizes=\"auto, (max-width: 1024px) 100vw, 1024px\" \/><\/a><\/figure>\n\n\n\n<figure class=\"wp-block-image size-large\"><a href=\"https:\/\/ensemble-paroissial-reynies.fr\/wp-content\/uploads\/evenements\/Jubil\u00e9_pere_tallagnon_07_2021\/p1020469-scaled-1.jpg\"><img loading=\"lazy\" decoding=\"async\" width=\"1024\" height=\"768\" data-id=\"2038\" src=\"https:\/\/ensemble-paroissial-reynies.fr\/wp-content\/uploads\/evenements\/Jubil\u00e9_pere_tallagnon_07_2021\/p1020469-scaled-1-1024x768.jpg\" alt=\"\" class=\"wp-image-2038\" srcset=\"https:\/\/ensemble-paroissial-reynies.fr\/wp-content\/uploads\/evenements\/Jubil\u00e9_pere_tallagnon_07_2021\/p1020469-scaled-1-1024x768.jpg 1024w, https:\/\/ensemble-paroissial-reynies.fr\/wp-content\/uploads\/evenements\/Jubil\u00e9_pere_tallagnon_07_2021\/p1020469-scaled-1-300x225.jpg 300w, https:\/\/ensemble-paroissial-reynies.fr\/wp-content\/uploads\/evenements\/Jubil\u00e9_pere_tallagnon_07_2021\/p1020469-scaled-1-768x576.jpg 768w, https:\/\/ensemble-paroissial-reynies.fr\/wp-content\/uploads\/evenements\/Jubil\u00e9_pere_tallagnon_07_2021\/p1020469-scaled-1-1536x1152.jpg 1536w, https:\/\/ensemble-paroissial-reynies.fr\/wp-content\/uploads\/evenements\/Jubil\u00e9_pere_tallagnon_07_2021\/p1020469-scaled-1-2048x1536.jpg 2048w\" sizes=\"auto, (max-width: 1024px) 100vw, 1024px\" \/><\/a><\/figure>\n\n\n\n<figure class=\"wp-block-image size-large\"><a href=\"https:\/\/ensemble-paroissial-reynies.fr\/wp-content\/uploads\/evenements\/Jubil\u00e9_pere_tallagnon_07_2021\/p1020486-scaled-1.jpg\"><img loading=\"lazy\" decoding=\"async\" width=\"1024\" height=\"768\" data-id=\"2050\" src=\"https:\/\/ensemble-paroissial-reynies.fr\/wp-content\/uploads\/evenements\/Jubil\u00e9_pere_tallagnon_07_2021\/p1020486-scaled-1-1024x768.jpg\" alt=\"\" class=\"wp-image-2050\" srcset=\"https:\/\/ensemble-paroissial-reynies.fr\/wp-content\/uploads\/evenements\/Jubil\u00e9_pere_tallagnon_07_2021\/p1020486-scaled-1-1024x768.jpg 1024w, https:\/\/ensemble-paroissial-reynies.fr\/wp-content\/uploads\/evenements\/Jubil\u00e9_pere_tallagnon_07_2021\/p1020486-scaled-1-300x225.jpg 300w, https:\/\/ensemble-paroissial-reynies.fr\/wp-content\/uploads\/evenements\/Jubil\u00e9_pere_tallagnon_07_2021\/p1020486-scaled-1-768x576.jpg 768w, https:\/\/ensemble-paroissial-reynies.fr\/wp-content\/uploads\/evenements\/Jubil\u00e9_pere_tallagnon_07_2021\/p1020486-scaled-1-1536x1152.jpg 1536w, https:\/\/ensemble-paroissial-reynies.fr\/wp-content\/uploads\/evenements\/Jubil\u00e9_pere_tallagnon_07_2021\/p1020486-scaled-1-2048x1536.jpg 2048w\" sizes=\"auto, (max-width: 1024px) 100vw, 1024px\" \/><\/a><\/figure>\n\n\n\n<figure class=\"wp-block-image size-large\"><a href=\"https:\/\/ensemble-paroissial-reynies.fr\/wp-content\/uploads\/evenements\/Jubil\u00e9_pere_tallagnon_07_2021\/p1020522-scaled-1.jpg\"><img loading=\"lazy\" decoding=\"async\" width=\"1024\" height=\"768\" data-id=\"2064\" src=\"https:\/\/ensemble-paroissial-reynies.fr\/wp-content\/uploads\/evenements\/Jubil\u00e9_pere_tallagnon_07_2021\/p1020522-scaled-1-1024x768.jpg\" alt=\"\" class=\"wp-image-2064\" srcset=\"https:\/\/ensemble-paroissial-reynies.fr\/wp-content\/uploads\/evenements\/Jubil\u00e9_pere_tallagnon_07_2021\/p1020522-scaled-1-1024x768.jpg 1024w, https:\/\/ensemble-paroissial-reynies.fr\/wp-content\/uploads\/evenements\/Jubil\u00e9_pere_tallagnon_07_2021\/p1020522-scaled-1-300x225.jpg 300w, https:\/\/ensemble-paroissial-reynies.fr\/wp-content\/uploads\/evenements\/Jubil\u00e9_pere_tallagnon_07_2021\/p1020522-scaled-1-768x576.jpg 768w, https:\/\/ensemble-paroissial-reynies.fr\/wp-content\/uploads\/evenements\/Jubil\u00e9_pere_tallagnon_07_2021\/p1020522-scaled-1-1536x1152.jpg 1536w, https:\/\/ensemble-paroissial-reynies.fr\/wp-content\/uploads\/evenements\/Jubil\u00e9_pere_tallagnon_07_2021\/p1020522-scaled-1-2048x1536.jpg 2048w\" sizes=\"auto, (max-width: 1024px) 100vw, 1024px\" \/><\/a><\/figure>\n\n\n\n<figure class=\"wp-block-image size-large\"><a href=\"https:\/\/ensemble-paroissial-reynies.fr\/wp-content\/uploads\/evenements\/Jubil\u00e9_pere_tallagnon_07_2021\/p1020524-scaled-1.jpg\"><img loading=\"lazy\" decoding=\"async\" width=\"1024\" height=\"768\" data-id=\"2065\" src=\"https:\/\/ensemble-paroissial-reynies.fr\/wp-content\/uploads\/evenements\/Jubil\u00e9_pere_tallagnon_07_2021\/p1020524-scaled-1-1024x768.jpg\" alt=\"\" class=\"wp-image-2065\" srcset=\"https:\/\/ensemble-paroissial-reynies.fr\/wp-content\/uploads\/evenements\/Jubil\u00e9_pere_tallagnon_07_2021\/p1020524-scaled-1-1024x768.jpg 1024w, https:\/\/ensemble-paroissial-reynies.fr\/wp-content\/uploads\/evenements\/Jubil\u00e9_pere_tallagnon_07_2021\/p1020524-scaled-1-300x225.jpg 300w, https:\/\/ensemble-paroissial-reynies.fr\/wp-content\/uploads\/evenements\/Jubil\u00e9_pere_tallagnon_07_2021\/p1020524-scaled-1-768x576.jpg 768w, https:\/\/ensemble-paroissial-reynies.fr\/wp-content\/uploads\/evenements\/Jubil\u00e9_pere_tallagnon_07_2021\/p1020524-scaled-1-1536x1152.jpg 1536w, https:\/\/ensemble-paroissial-reynies.fr\/wp-content\/uploads\/evenements\/Jubil\u00e9_pere_tallagnon_07_2021\/p1020524-scaled-1-2048x1536.jpg 2048w\" sizes=\"auto, (max-width: 1024px) 100vw, 1024px\" \/><\/a><\/figure>\n\n\n\n<figure class=\"wp-block-image size-large\"><a href=\"https:\/\/ensemble-paroissial-reynies.fr\/wp-content\/uploads\/evenements\/Jubil\u00e9_pere_tallagnon_07_2021\/p1020473-scaled-1.jpg\"><img loading=\"lazy\" decoding=\"async\" width=\"1024\" height=\"768\" data-id=\"2044\" src=\"https:\/\/ensemble-paroissial-reynies.fr\/wp-content\/uploads\/evenements\/Jubil\u00e9_pere_tallagnon_07_2021\/p1020473-scaled-1-1024x768.jpg\" alt=\"\" class=\"wp-image-2044\" srcset=\"https:\/\/ensemble-paroissial-reynies.fr\/wp-content\/uploads\/evenements\/Jubil\u00e9_pere_tallagnon_07_2021\/p1020473-scaled-1-1024x768.jpg 1024w, https:\/\/ensemble-paroissial-reynies.fr\/wp-content\/uploads\/evenements\/Jubil\u00e9_pere_tallagnon_07_2021\/p1020473-scaled-1-300x225.jpg 300w, https:\/\/ensemble-paroissial-reynies.fr\/wp-content\/uploads\/evenements\/Jubil\u00e9_pere_tallagnon_07_2021\/p1020473-scaled-1-768x576.jpg 768w, https:\/\/ensemble-paroissial-reynies.fr\/wp-content\/uploads\/evenements\/Jubil\u00e9_pere_tallagnon_07_2021\/p1020473-scaled-1-1536x1152.jpg 1536w, https:\/\/ensemble-paroissial-reynies.fr\/wp-content\/uploads\/evenements\/Jubil\u00e9_pere_tallagnon_07_2021\/p1020473-scaled-1-2048x1536.jpg 2048w\" sizes=\"auto, (max-width: 1024px) 100vw, 1024px\" \/><\/a><\/figure>\n\n\n\n<figure class=\"wp-block-image size-large\"><a href=\"https:\/\/ensemble-paroissial-reynies.fr\/wp-content\/uploads\/evenements\/Jubil\u00e9_pere_tallagnon_07_2021\/p1020475-scaled-1.jpg\"><img loading=\"lazy\" decoding=\"async\" width=\"1024\" height=\"768\" data-id=\"2045\" src=\"https:\/\/ensemble-paroissial-reynies.fr\/wp-content\/uploads\/evenements\/Jubil\u00e9_pere_tallagnon_07_2021\/p1020475-scaled-1-1024x768.jpg\" alt=\"\" class=\"wp-image-2045\" srcset=\"https:\/\/ensemble-paroissial-reynies.fr\/wp-content\/uploads\/evenements\/Jubil\u00e9_pere_tallagnon_07_2021\/p1020475-scaled-1-1024x768.jpg 1024w, https:\/\/ensemble-paroissial-reynies.fr\/wp-content\/uploads\/evenements\/Jubil\u00e9_pere_tallagnon_07_2021\/p1020475-scaled-1-300x225.jpg 300w, https:\/\/ensemble-paroissial-reynies.fr\/wp-content\/uploads\/evenements\/Jubil\u00e9_pere_tallagnon_07_2021\/p1020475-scaled-1-768x576.jpg 768w, https:\/\/ensemble-paroissial-reynies.fr\/wp-content\/uploads\/evenements\/Jubil\u00e9_pere_tallagnon_07_2021\/p1020475-scaled-1-1536x1152.jpg 1536w, https:\/\/ensemble-paroissial-reynies.fr\/wp-content\/uploads\/evenements\/Jubil\u00e9_pere_tallagnon_07_2021\/p1020475-scaled-1-2048x1536.jpg 2048w\" sizes=\"auto, (max-width: 1024px) 100vw, 1024px\" \/><\/a><\/figure>\n\n\n\n<figure class=\"wp-block-image size-large\"><a href=\"https:\/\/ensemble-paroissial-reynies.fr\/wp-content\/uploads\/evenements\/Jubil\u00e9_pere_tallagnon_07_2021\/p1020477-scaled-1.jpg\"><img loading=\"lazy\" decoding=\"async\" width=\"1024\" height=\"768\" data-id=\"2046\" src=\"https:\/\/ensemble-paroissial-reynies.fr\/wp-content\/uploads\/evenements\/Jubil\u00e9_pere_tallagnon_07_2021\/p1020477-scaled-1-1024x768.jpg\" alt=\"\" class=\"wp-image-2046\" srcset=\"https:\/\/ensemble-paroissial-reynies.fr\/wp-content\/uploads\/evenements\/Jubil\u00e9_pere_tallagnon_07_2021\/p1020477-scaled-1-1024x768.jpg 1024w, https:\/\/ensemble-paroissial-reynies.fr\/wp-content\/uploads\/evenements\/Jubil\u00e9_pere_tallagnon_07_2021\/p1020477-scaled-1-300x225.jpg 300w, https:\/\/ensemble-paroissial-reynies.fr\/wp-content\/uploads\/evenements\/Jubil\u00e9_pere_tallagnon_07_2021\/p1020477-scaled-1-768x576.jpg 768w, https:\/\/ensemble-paroissial-reynies.fr\/wp-content\/uploads\/evenements\/Jubil\u00e9_pere_tallagnon_07_2021\/p1020477-scaled-1-1536x1152.jpg 1536w, https:\/\/ensemble-paroissial-reynies.fr\/wp-content\/uploads\/evenements\/Jubil\u00e9_pere_tallagnon_07_2021\/p1020477-scaled-1-2048x1536.jpg 2048w\" sizes=\"auto, (max-width: 1024px) 100vw, 1024px\" \/><\/a><\/figure>\n\n\n\n<figure class=\"wp-block-image size-large\"><a href=\"https:\/\/ensemble-paroissial-reynies.fr\/wp-content\/uploads\/evenements\/Jubil\u00e9_pere_tallagnon_07_2021\/p1020480-scaled-1.jpg\"><img loading=\"lazy\" decoding=\"async\" width=\"1024\" height=\"768\" data-id=\"2049\" src=\"https:\/\/ensemble-paroissial-reynies.fr\/wp-content\/uploads\/evenements\/Jubil\u00e9_pere_tallagnon_07_2021\/p1020480-scaled-1-1024x768.jpg\" alt=\"\" class=\"wp-image-2049\" srcset=\"https:\/\/ensemble-paroissial-reynies.fr\/wp-content\/uploads\/evenements\/Jubil\u00e9_pere_tallagnon_07_2021\/p1020480-scaled-1-1024x768.jpg 1024w, https:\/\/ensemble-paroissial-reynies.fr\/wp-content\/uploads\/evenements\/Jubil\u00e9_pere_tallagnon_07_2021\/p1020480-scaled-1-300x225.jpg 300w, https:\/\/ensemble-paroissial-reynies.fr\/wp-content\/uploads\/evenements\/Jubil\u00e9_pere_tallagnon_07_2021\/p1020480-scaled-1-768x576.jpg 768w, https:\/\/ensemble-paroissial-reynies.fr\/wp-content\/uploads\/evenements\/Jubil\u00e9_pere_tallagnon_07_2021\/p1020480-scaled-1-1536x1152.jpg 1536w, https:\/\/ensemble-paroissial-reynies.fr\/wp-content\/uploads\/evenements\/Jubil\u00e9_pere_tallagnon_07_2021\/p1020480-scaled-1-2048x1536.jpg 2048w\" sizes=\"auto, (max-width: 1024px) 100vw, 1024px\" \/><\/a><\/figure>\n\n\n\n<figure class=\"wp-block-image size-large\"><a href=\"https:\/\/ensemble-paroissial-reynies.fr\/wp-content\/uploads\/evenements\/Jubil\u00e9_pere_tallagnon_07_2021\/p1020485-scaled-1.jpg\"><img loading=\"lazy\" decoding=\"async\" width=\"1024\" height=\"768\" data-id=\"2047\" src=\"https:\/\/ensemble-paroissial-reynies.fr\/wp-content\/uploads\/evenements\/Jubil\u00e9_pere_tallagnon_07_2021\/p1020485-scaled-1-1024x768.jpg\" alt=\"\" class=\"wp-image-2047\" srcset=\"https:\/\/ensemble-paroissial-reynies.fr\/wp-content\/uploads\/evenements\/Jubil\u00e9_pere_tallagnon_07_2021\/p1020485-scaled-1-1024x768.jpg 1024w, https:\/\/ensemble-paroissial-reynies.fr\/wp-content\/uploads\/evenements\/Jubil\u00e9_pere_tallagnon_07_2021\/p1020485-scaled-1-300x225.jpg 300w, https:\/\/ensemble-paroissial-reynies.fr\/wp-content\/uploads\/evenements\/Jubil\u00e9_pere_tallagnon_07_2021\/p1020485-scaled-1-768x576.jpg 768w, https:\/\/ensemble-paroissial-reynies.fr\/wp-content\/uploads\/evenements\/Jubil\u00e9_pere_tallagnon_07_2021\/p1020485-scaled-1-1536x1152.jpg 1536w, https:\/\/ensemble-paroissial-reynies.fr\/wp-content\/uploads\/evenements\/Jubil\u00e9_pere_tallagnon_07_2021\/p1020485-scaled-1-2048x1536.jpg 2048w\" sizes=\"auto, (max-width: 1024px) 100vw, 1024px\" \/><\/a><\/figure>\n\n\n\n<figure class=\"wp-block-image size-large\"><a href=\"https:\/\/ensemble-paroissial-reynies.fr\/wp-content\/uploads\/evenements\/Jubil\u00e9_pere_tallagnon_07_2021\/p1020488-scaled-1.jpg\"><img loading=\"lazy\" decoding=\"async\" width=\"1024\" height=\"768\" data-id=\"2051\" src=\"https:\/\/ensemble-paroissial-reynies.fr\/wp-content\/uploads\/evenements\/Jubil\u00e9_pere_tallagnon_07_2021\/p1020488-scaled-1-1024x768.jpg\" alt=\"\" class=\"wp-image-2051\" srcset=\"https:\/\/ensemble-paroissial-reynies.fr\/wp-content\/uploads\/evenements\/Jubil\u00e9_pere_tallagnon_07_2021\/p1020488-scaled-1-1024x768.jpg 1024w, https:\/\/ensemble-paroissial-reynies.fr\/wp-content\/uploads\/evenements\/Jubil\u00e9_pere_tallagnon_07_2021\/p1020488-scaled-1-300x225.jpg 300w, https:\/\/ensemble-paroissial-reynies.fr\/wp-content\/uploads\/evenements\/Jubil\u00e9_pere_tallagnon_07_2021\/p1020488-scaled-1-768x576.jpg 768w, https:\/\/ensemble-paroissial-reynies.fr\/wp-content\/uploads\/evenements\/Jubil\u00e9_pere_tallagnon_07_2021\/p1020488-scaled-1-1536x1152.jpg 1536w, https:\/\/ensemble-paroissial-reynies.fr\/wp-content\/uploads\/evenements\/Jubil\u00e9_pere_tallagnon_07_2021\/p1020488-scaled-1-2048x1536.jpg 2048w\" sizes=\"auto, (max-width: 1024px) 100vw, 1024px\" \/><\/a><\/figure>\n\n\n\n<figure class=\"wp-block-image size-large\"><a href=\"https:\/\/ensemble-paroissial-reynies.fr\/wp-content\/uploads\/evenements\/Jubil\u00e9_pere_tallagnon_07_2021\/p1020490-scaled-1.jpg\"><img loading=\"lazy\" decoding=\"async\" width=\"1024\" height=\"768\" data-id=\"2052\" src=\"https:\/\/ensemble-paroissial-reynies.fr\/wp-content\/uploads\/evenements\/Jubil\u00e9_pere_tallagnon_07_2021\/p1020490-scaled-1-1024x768.jpg\" alt=\"\" class=\"wp-image-2052\" srcset=\"https:\/\/ensemble-paroissial-reynies.fr\/wp-content\/uploads\/evenements\/Jubil\u00e9_pere_tallagnon_07_2021\/p1020490-scaled-1-1024x768.jpg 1024w, https:\/\/ensemble-paroissial-reynies.fr\/wp-content\/uploads\/evenements\/Jubil\u00e9_pere_tallagnon_07_2021\/p1020490-scaled-1-300x225.jpg 300w, https:\/\/ensemble-paroissial-reynies.fr\/wp-content\/uploads\/evenements\/Jubil\u00e9_pere_tallagnon_07_2021\/p1020490-scaled-1-768x576.jpg 768w, https:\/\/ensemble-paroissial-reynies.fr\/wp-content\/uploads\/evenements\/Jubil\u00e9_pere_tallagnon_07_2021\/p1020490-scaled-1-1536x1152.jpg 1536w, https:\/\/ensemble-paroissial-reynies.fr\/wp-content\/uploads\/evenements\/Jubil\u00e9_pere_tallagnon_07_2021\/p1020490-scaled-1-2048x1536.jpg 2048w\" sizes=\"auto, (max-width: 1024px) 100vw, 1024px\" \/><\/a><\/figure>\n\n\n\n<figure class=\"wp-block-image size-large\"><a href=\"https:\/\/ensemble-paroissial-reynies.fr\/wp-content\/uploads\/evenements\/Jubil\u00e9_pere_tallagnon_07_2021\/p1020492-scaled-1.jpg\"><img loading=\"lazy\" decoding=\"async\" width=\"1024\" height=\"768\" data-id=\"2053\" src=\"https:\/\/ensemble-paroissial-reynies.fr\/wp-content\/uploads\/evenements\/Jubil\u00e9_pere_tallagnon_07_2021\/p1020492-scaled-1-1024x768.jpg\" alt=\"\" class=\"wp-image-2053\" srcset=\"https:\/\/ensemble-paroissial-reynies.fr\/wp-content\/uploads\/evenements\/Jubil\u00e9_pere_tallagnon_07_2021\/p1020492-scaled-1-1024x768.jpg 1024w, https:\/\/ensemble-paroissial-reynies.fr\/wp-content\/uploads\/evenements\/Jubil\u00e9_pere_tallagnon_07_2021\/p1020492-scaled-1-300x225.jpg 300w, https:\/\/ensemble-paroissial-reynies.fr\/wp-content\/uploads\/evenements\/Jubil\u00e9_pere_tallagnon_07_2021\/p1020492-scaled-1-768x576.jpg 768w, https:\/\/ensemble-paroissial-reynies.fr\/wp-content\/uploads\/evenements\/Jubil\u00e9_pere_tallagnon_07_2021\/p1020492-scaled-1-1536x1152.jpg 1536w, https:\/\/ensemble-paroissial-reynies.fr\/wp-content\/uploads\/evenements\/Jubil\u00e9_pere_tallagnon_07_2021\/p1020492-scaled-1-2048x1536.jpg 2048w\" sizes=\"auto, (max-width: 1024px) 100vw, 1024px\" \/><\/a><\/figure>\n\n\n\n<figure class=\"wp-block-image size-large\"><a href=\"https:\/\/ensemble-paroissial-reynies.fr\/wp-content\/uploads\/evenements\/Jubil\u00e9_pere_tallagnon_07_2021\/p1020493-scaled-1.jpg\"><img loading=\"lazy\" decoding=\"async\" width=\"1024\" height=\"768\" data-id=\"2054\" src=\"https:\/\/ensemble-paroissial-reynies.fr\/wp-content\/uploads\/evenements\/Jubil\u00e9_pere_tallagnon_07_2021\/p1020493-scaled-1-1024x768.jpg\" alt=\"\" class=\"wp-image-2054\" srcset=\"https:\/\/ensemble-paroissial-reynies.fr\/wp-content\/uploads\/evenements\/Jubil\u00e9_pere_tallagnon_07_2021\/p1020493-scaled-1-1024x768.jpg 1024w, https:\/\/ensemble-paroissial-reynies.fr\/wp-content\/uploads\/evenements\/Jubil\u00e9_pere_tallagnon_07_2021\/p1020493-scaled-1-300x225.jpg 300w, https:\/\/ensemble-paroissial-reynies.fr\/wp-content\/uploads\/evenements\/Jubil\u00e9_pere_tallagnon_07_2021\/p1020493-scaled-1-768x576.jpg 768w, https:\/\/ensemble-paroissial-reynies.fr\/wp-content\/uploads\/evenements\/Jubil\u00e9_pere_tallagnon_07_2021\/p1020493-scaled-1-1536x1152.jpg 1536w, https:\/\/ensemble-paroissial-reynies.fr\/wp-content\/uploads\/evenements\/Jubil\u00e9_pere_tallagnon_07_2021\/p1020493-scaled-1-2048x1536.jpg 2048w\" sizes=\"auto, (max-width: 1024px) 100vw, 1024px\" \/><\/a><\/figure>\n\n\n\n<figure class=\"wp-block-image size-large\"><a href=\"https:\/\/ensemble-paroissial-reynies.fr\/wp-content\/uploads\/evenements\/Jubil\u00e9_pere_tallagnon_07_2021\/p1020497-scaled-1.jpg\"><img loading=\"lazy\" decoding=\"async\" width=\"1024\" height=\"768\" data-id=\"2055\" src=\"https:\/\/ensemble-paroissial-reynies.fr\/wp-content\/uploads\/evenements\/Jubil\u00e9_pere_tallagnon_07_2021\/p1020497-scaled-1-1024x768.jpg\" alt=\"\" class=\"wp-image-2055\" srcset=\"https:\/\/ensemble-paroissial-reynies.fr\/wp-content\/uploads\/evenements\/Jubil\u00e9_pere_tallagnon_07_2021\/p1020497-scaled-1-1024x768.jpg 1024w, https:\/\/ensemble-paroissial-reynies.fr\/wp-content\/uploads\/evenements\/Jubil\u00e9_pere_tallagnon_07_2021\/p1020497-scaled-1-300x225.jpg 300w, https:\/\/ensemble-paroissial-reynies.fr\/wp-content\/uploads\/evenements\/Jubil\u00e9_pere_tallagnon_07_2021\/p1020497-scaled-1-768x576.jpg 768w, https:\/\/ensemble-paroissial-reynies.fr\/wp-content\/uploads\/evenements\/Jubil\u00e9_pere_tallagnon_07_2021\/p1020497-scaled-1-1536x1152.jpg 1536w, https:\/\/ensemble-paroissial-reynies.fr\/wp-content\/uploads\/evenements\/Jubil\u00e9_pere_tallagnon_07_2021\/p1020497-scaled-1-2048x1536.jpg 2048w\" sizes=\"auto, (max-width: 1024px) 100vw, 1024px\" \/><\/a><\/figure>\n\n\n\n<figure class=\"wp-block-image size-large\"><a href=\"https:\/\/ensemble-paroissial-reynies.fr\/wp-content\/uploads\/evenements\/Jubil\u00e9_pere_tallagnon_07_2021\/p1020499-scaled-1.jpg\"><img loading=\"lazy\" decoding=\"async\" width=\"1024\" height=\"768\" data-id=\"2056\" src=\"https:\/\/ensemble-paroissial-reynies.fr\/wp-content\/uploads\/evenements\/Jubil\u00e9_pere_tallagnon_07_2021\/p1020499-scaled-1-1024x768.jpg\" alt=\"\" class=\"wp-image-2056\" srcset=\"https:\/\/ensemble-paroissial-reynies.fr\/wp-content\/uploads\/evenements\/Jubil\u00e9_pere_tallagnon_07_2021\/p1020499-scaled-1-1024x768.jpg 1024w, https:\/\/ensemble-paroissial-reynies.fr\/wp-content\/uploads\/evenements\/Jubil\u00e9_pere_tallagnon_07_2021\/p1020499-scaled-1-300x225.jpg 300w, https:\/\/ensemble-paroissial-reynies.fr\/wp-content\/uploads\/evenements\/Jubil\u00e9_pere_tallagnon_07_2021\/p1020499-scaled-1-768x576.jpg 768w, https:\/\/ensemble-paroissial-reynies.fr\/wp-content\/uploads\/evenements\/Jubil\u00e9_pere_tallagnon_07_2021\/p1020499-scaled-1-1536x1152.jpg 1536w, https:\/\/ensemble-paroissial-reynies.fr\/wp-content\/uploads\/evenements\/Jubil\u00e9_pere_tallagnon_07_2021\/p1020499-scaled-1-2048x1536.jpg 2048w\" sizes=\"auto, (max-width: 1024px) 100vw, 1024px\" \/><\/a><\/figure>\n\n\n\n<figure class=\"wp-block-image size-large\"><a href=\"https:\/\/ensemble-paroissial-reynies.fr\/wp-content\/uploads\/evenements\/Jubil\u00e9_pere_tallagnon_07_2021\/p1020503-scaled-1.jpg\"><img loading=\"lazy\" decoding=\"async\" width=\"1024\" height=\"768\" data-id=\"2057\" src=\"https:\/\/ensemble-paroissial-reynies.fr\/wp-content\/uploads\/evenements\/Jubil\u00e9_pere_tallagnon_07_2021\/p1020503-scaled-1-1024x768.jpg\" alt=\"\" class=\"wp-image-2057\" srcset=\"https:\/\/ensemble-paroissial-reynies.fr\/wp-content\/uploads\/evenements\/Jubil\u00e9_pere_tallagnon_07_2021\/p1020503-scaled-1-1024x768.jpg 1024w, https:\/\/ensemble-paroissial-reynies.fr\/wp-content\/uploads\/evenements\/Jubil\u00e9_pere_tallagnon_07_2021\/p1020503-scaled-1-300x225.jpg 300w, https:\/\/ensemble-paroissial-reynies.fr\/wp-content\/uploads\/evenements\/Jubil\u00e9_pere_tallagnon_07_2021\/p1020503-scaled-1-768x576.jpg 768w, https:\/\/ensemble-paroissial-reynies.fr\/wp-content\/uploads\/evenements\/Jubil\u00e9_pere_tallagnon_07_2021\/p1020503-scaled-1-1536x1152.jpg 1536w, https:\/\/ensemble-paroissial-reynies.fr\/wp-content\/uploads\/evenements\/Jubil\u00e9_pere_tallagnon_07_2021\/p1020503-scaled-1-2048x1536.jpg 2048w\" sizes=\"auto, (max-width: 1024px) 100vw, 1024px\" \/><\/a><\/figure>\n\n\n\n<figure class=\"wp-block-image size-large\"><a href=\"https:\/\/ensemble-paroissial-reynies.fr\/wp-content\/uploads\/evenements\/Jubil\u00e9_pere_tallagnon_07_2021\/p1020508-scaled-1.jpg\"><img loading=\"lazy\" decoding=\"async\" width=\"1024\" height=\"768\" data-id=\"2058\" src=\"https:\/\/ensemble-paroissial-reynies.fr\/wp-content\/uploads\/evenements\/Jubil\u00e9_pere_tallagnon_07_2021\/p1020508-scaled-1-1024x768.jpg\" alt=\"\" class=\"wp-image-2058\" srcset=\"https:\/\/ensemble-paroissial-reynies.fr\/wp-content\/uploads\/evenements\/Jubil\u00e9_pere_tallagnon_07_2021\/p1020508-scaled-1-1024x768.jpg 1024w, https:\/\/ensemble-paroissial-reynies.fr\/wp-content\/uploads\/evenements\/Jubil\u00e9_pere_tallagnon_07_2021\/p1020508-scaled-1-300x225.jpg 300w, https:\/\/ensemble-paroissial-reynies.fr\/wp-content\/uploads\/evenements\/Jubil\u00e9_pere_tallagnon_07_2021\/p1020508-scaled-1-768x576.jpg 768w, https:\/\/ensemble-paroissial-reynies.fr\/wp-content\/uploads\/evenements\/Jubil\u00e9_pere_tallagnon_07_2021\/p1020508-scaled-1-1536x1152.jpg 1536w, https:\/\/ensemble-paroissial-reynies.fr\/wp-content\/uploads\/evenements\/Jubil\u00e9_pere_tallagnon_07_2021\/p1020508-scaled-1-2048x1536.jpg 2048w\" sizes=\"auto, (max-width: 1024px) 100vw, 1024px\" \/><\/a><\/figure>\n\n\n\n<figure class=\"wp-block-image size-large\"><a href=\"https:\/\/ensemble-paroissial-reynies.fr\/wp-content\/uploads\/evenements\/Jubil\u00e9_pere_tallagnon_07_2021\/p1020510-scaled-1.jpg\"><img loading=\"lazy\" decoding=\"async\" width=\"1024\" height=\"768\" data-id=\"2059\" src=\"https:\/\/ensemble-paroissial-reynies.fr\/wp-content\/uploads\/evenements\/Jubil\u00e9_pere_tallagnon_07_2021\/p1020510-scaled-1-1024x768.jpg\" alt=\"\" class=\"wp-image-2059\" srcset=\"https:\/\/ensemble-paroissial-reynies.fr\/wp-content\/uploads\/evenements\/Jubil\u00e9_pere_tallagnon_07_2021\/p1020510-scaled-1-1024x768.jpg 1024w, https:\/\/ensemble-paroissial-reynies.fr\/wp-content\/uploads\/evenements\/Jubil\u00e9_pere_tallagnon_07_2021\/p1020510-scaled-1-300x225.jpg 300w, https:\/\/ensemble-paroissial-reynies.fr\/wp-content\/uploads\/evenements\/Jubil\u00e9_pere_tallagnon_07_2021\/p1020510-scaled-1-768x576.jpg 768w, https:\/\/ensemble-paroissial-reynies.fr\/wp-content\/uploads\/evenements\/Jubil\u00e9_pere_tallagnon_07_2021\/p1020510-scaled-1-1536x1152.jpg 1536w, https:\/\/ensemble-paroissial-reynies.fr\/wp-content\/uploads\/evenements\/Jubil\u00e9_pere_tallagnon_07_2021\/p1020510-scaled-1-2048x1536.jpg 2048w\" sizes=\"auto, (max-width: 1024px) 100vw, 1024px\" \/><\/a><\/figure>\n\n\n\n<figure class=\"wp-block-image size-large\"><a href=\"https:\/\/ensemble-paroissial-reynies.fr\/wp-content\/uploads\/evenements\/Jubil\u00e9_pere_tallagnon_07_2021\/p1020513-scaled-1.jpg\"><img loading=\"lazy\" decoding=\"async\" width=\"1024\" height=\"768\" data-id=\"2060\" src=\"https:\/\/ensemble-paroissial-reynies.fr\/wp-content\/uploads\/evenements\/Jubil\u00e9_pere_tallagnon_07_2021\/p1020513-scaled-1-1024x768.jpg\" alt=\"\" class=\"wp-image-2060\" srcset=\"https:\/\/ensemble-paroissial-reynies.fr\/wp-content\/uploads\/evenements\/Jubil\u00e9_pere_tallagnon_07_2021\/p1020513-scaled-1-1024x768.jpg 1024w, https:\/\/ensemble-paroissial-reynies.fr\/wp-content\/uploads\/evenements\/Jubil\u00e9_pere_tallagnon_07_2021\/p1020513-scaled-1-300x225.jpg 300w, https:\/\/ensemble-paroissial-reynies.fr\/wp-content\/uploads\/evenements\/Jubil\u00e9_pere_tallagnon_07_2021\/p1020513-scaled-1-768x576.jpg 768w, https:\/\/ensemble-paroissial-reynies.fr\/wp-content\/uploads\/evenements\/Jubil\u00e9_pere_tallagnon_07_2021\/p1020513-scaled-1-1536x1152.jpg 1536w, https:\/\/ensemble-paroissial-reynies.fr\/wp-content\/uploads\/evenements\/Jubil\u00e9_pere_tallagnon_07_2021\/p1020513-scaled-1-2048x1536.jpg 2048w\" sizes=\"auto, (max-width: 1024px) 100vw, 1024px\" \/><\/a><\/figure>\n\n\n\n<figure class=\"wp-block-image size-large\"><a href=\"https:\/\/ensemble-paroissial-reynies.fr\/wp-content\/uploads\/evenements\/Jubil\u00e9_pere_tallagnon_07_2021\/p1020514-scaled-1.jpg\"><img loading=\"lazy\" decoding=\"async\" width=\"1024\" height=\"768\" data-id=\"2061\" src=\"https:\/\/ensemble-paroissial-reynies.fr\/wp-content\/uploads\/evenements\/Jubil\u00e9_pere_tallagnon_07_2021\/p1020514-scaled-1-1024x768.jpg\" alt=\"\" class=\"wp-image-2061\" srcset=\"https:\/\/ensemble-paroissial-reynies.fr\/wp-content\/uploads\/evenements\/Jubil\u00e9_pere_tallagnon_07_2021\/p1020514-scaled-1-1024x768.jpg 1024w, https:\/\/ensemble-paroissial-reynies.fr\/wp-content\/uploads\/evenements\/Jubil\u00e9_pere_tallagnon_07_2021\/p1020514-scaled-1-300x225.jpg 300w, https:\/\/ensemble-paroissial-reynies.fr\/wp-content\/uploads\/evenements\/Jubil\u00e9_pere_tallagnon_07_2021\/p1020514-scaled-1-768x576.jpg 768w, https:\/\/ensemble-paroissial-reynies.fr\/wp-content\/uploads\/evenements\/Jubil\u00e9_pere_tallagnon_07_2021\/p1020514-scaled-1-1536x1152.jpg 1536w, https:\/\/ensemble-paroissial-reynies.fr\/wp-content\/uploads\/evenements\/Jubil\u00e9_pere_tallagnon_07_2021\/p1020514-scaled-1-2048x1536.jpg 2048w\" sizes=\"auto, (max-width: 1024px) 100vw, 1024px\" \/><\/a><\/figure>\n\n\n\n<figure class=\"wp-block-image size-large\"><a href=\"https:\/\/ensemble-paroissial-reynies.fr\/wp-content\/uploads\/evenements\/Jubil\u00e9_pere_tallagnon_07_2021\/p1020482-scaled-1.jpg\"><img loading=\"lazy\" decoding=\"async\" width=\"1024\" height=\"768\" data-id=\"2048\" src=\"https:\/\/ensemble-paroissial-reynies.fr\/wp-content\/uploads\/evenements\/Jubil\u00e9_pere_tallagnon_07_2021\/p1020482-scaled-1-1024x768.jpg\" alt=\"\" class=\"wp-image-2048\" srcset=\"https:\/\/ensemble-paroissial-reynies.fr\/wp-content\/uploads\/evenements\/Jubil\u00e9_pere_tallagnon_07_2021\/p1020482-scaled-1-1024x768.jpg 1024w, https:\/\/ensemble-paroissial-reynies.fr\/wp-content\/uploads\/evenements\/Jubil\u00e9_pere_tallagnon_07_2021\/p1020482-scaled-1-300x225.jpg 300w, https:\/\/ensemble-paroissial-reynies.fr\/wp-content\/uploads\/evenements\/Jubil\u00e9_pere_tallagnon_07_2021\/p1020482-scaled-1-768x576.jpg 768w, https:\/\/ensemble-paroissial-reynies.fr\/wp-content\/uploads\/evenements\/Jubil\u00e9_pere_tallagnon_07_2021\/p1020482-scaled-1-1536x1152.jpg 1536w, https:\/\/ensemble-paroissial-reynies.fr\/wp-content\/uploads\/evenements\/Jubil\u00e9_pere_tallagnon_07_2021\/p1020482-scaled-1-2048x1536.jpg 2048w\" sizes=\"auto, (max-width: 1024px) 100vw, 1024px\" \/><\/a><\/figure>\n\n\n\n<figure class=\"wp-block-image size-large\"><a href=\"https:\/\/ensemble-paroissial-reynies.fr\/wp-content\/uploads\/evenements\/Jubil\u00e9_pere_tallagnon_07_2021\/p1020527-scaled-1.jpg\"><img loading=\"lazy\" decoding=\"async\" width=\"1024\" height=\"768\" data-id=\"2039\" src=\"https:\/\/ensemble-paroissial-reynies.fr\/wp-content\/uploads\/evenements\/Jubil\u00e9_pere_tallagnon_07_2021\/p1020527-scaled-1-1024x768.jpg\" alt=\"\" class=\"wp-image-2039\" srcset=\"https:\/\/ensemble-paroissial-reynies.fr\/wp-content\/uploads\/evenements\/Jubil\u00e9_pere_tallagnon_07_2021\/p1020527-scaled-1-1024x768.jpg 1024w, https:\/\/ensemble-paroissial-reynies.fr\/wp-content\/uploads\/evenements\/Jubil\u00e9_pere_tallagnon_07_2021\/p1020527-scaled-1-300x225.jpg 300w, https:\/\/ensemble-paroissial-reynies.fr\/wp-content\/uploads\/evenements\/Jubil\u00e9_pere_tallagnon_07_2021\/p1020527-scaled-1-768x576.jpg 768w, https:\/\/ensemble-paroissial-reynies.fr\/wp-content\/uploads\/evenements\/Jubil\u00e9_pere_tallagnon_07_2021\/p1020527-scaled-1-1536x1152.jpg 1536w, https:\/\/ensemble-paroissial-reynies.fr\/wp-content\/uploads\/evenements\/Jubil\u00e9_pere_tallagnon_07_2021\/p1020527-scaled-1-2048x1536.jpg 2048w\" sizes=\"auto, (max-width: 1024px) 100vw, 1024px\" \/><\/a><\/figure>\n\n\n\n<figure class=\"wp-block-image size-large\"><a href=\"https:\/\/ensemble-paroissial-reynies.fr\/wp-content\/uploads\/evenements\/Jubil\u00e9_pere_tallagnon_07_2021\/p1020520-scaled-1.jpg\"><img loading=\"lazy\" decoding=\"async\" width=\"1024\" height=\"768\" data-id=\"2062\" src=\"https:\/\/ensemble-paroissial-reynies.fr\/wp-content\/uploads\/evenements\/Jubil\u00e9_pere_tallagnon_07_2021\/p1020520-scaled-1-1024x768.jpg\" alt=\"\" class=\"wp-image-2062\" srcset=\"https:\/\/ensemble-paroissial-reynies.fr\/wp-content\/uploads\/evenements\/Jubil\u00e9_pere_tallagnon_07_2021\/p1020520-scaled-1-1024x768.jpg 1024w, https:\/\/ensemble-paroissial-reynies.fr\/wp-content\/uploads\/evenements\/Jubil\u00e9_pere_tallagnon_07_2021\/p1020520-scaled-1-300x225.jpg 300w, https:\/\/ensemble-paroissial-reynies.fr\/wp-content\/uploads\/evenements\/Jubil\u00e9_pere_tallagnon_07_2021\/p1020520-scaled-1-768x576.jpg 768w, https:\/\/ensemble-paroissial-reynies.fr\/wp-content\/uploads\/evenements\/Jubil\u00e9_pere_tallagnon_07_2021\/p1020520-scaled-1-1536x1152.jpg 1536w, https:\/\/ensemble-paroissial-reynies.fr\/wp-content\/uploads\/evenements\/Jubil\u00e9_pere_tallagnon_07_2021\/p1020520-scaled-1-2048x1536.jpg 2048w\" sizes=\"auto, (max-width: 1024px) 100vw, 1024px\" \/><\/a><\/figure>\n\n\n\n<figure class=\"wp-block-image size-large\"><a href=\"https:\/\/ensemble-paroissial-reynies.fr\/wp-content\/uploads\/evenements\/Jubil\u00e9_pere_tallagnon_07_2021\/p1020521-scaled-1.jpg\"><img loading=\"lazy\" decoding=\"async\" width=\"1024\" height=\"768\" data-id=\"2063\" src=\"https:\/\/ensemble-paroissial-reynies.fr\/wp-content\/uploads\/evenements\/Jubil\u00e9_pere_tallagnon_07_2021\/p1020521-scaled-1-1024x768.jpg\" alt=\"\" class=\"wp-image-2063\" srcset=\"https:\/\/ensemble-paroissial-reynies.fr\/wp-content\/uploads\/evenements\/Jubil\u00e9_pere_tallagnon_07_2021\/p1020521-scaled-1-1024x768.jpg 1024w, https:\/\/ensemble-paroissial-reynies.fr\/wp-content\/uploads\/evenements\/Jubil\u00e9_pere_tallagnon_07_2021\/p1020521-scaled-1-300x225.jpg 300w, https:\/\/ensemble-paroissial-reynies.fr\/wp-content\/uploads\/evenements\/Jubil\u00e9_pere_tallagnon_07_2021\/p1020521-scaled-1-768x576.jpg 768w, https:\/\/ensemble-paroissial-reynies.fr\/wp-content\/uploads\/evenements\/Jubil\u00e9_pere_tallagnon_07_2021\/p1020521-scaled-1-1536x1152.jpg 1536w, https:\/\/ensemble-paroissial-reynies.fr\/wp-content\/uploads\/evenements\/Jubil\u00e9_pere_tallagnon_07_2021\/p1020521-scaled-1-2048x1536.jpg 2048w\" sizes=\"auto, (max-width: 1024px) 100vw, 1024px\" \/><\/a><\/figure>\n\n\n\n<figure class=\"wp-block-image size-large\"><a href=\"https:\/\/ensemble-paroissial-reynies.fr\/wp-content\/uploads\/evenements\/Jubil\u00e9_pere_tallagnon_07_2021\/dsc05774-scaled-1.jpg\"><img loading=\"lazy\" decoding=\"async\" width=\"1024\" height=\"768\" data-id=\"2040\" src=\"https:\/\/ensemble-paroissial-reynies.fr\/wp-content\/uploads\/evenements\/Jubil\u00e9_pere_tallagnon_07_2021\/dsc05774-scaled-1-1024x768.jpg\" alt=\"\" class=\"wp-image-2040\" srcset=\"https:\/\/ensemble-paroissial-reynies.fr\/wp-content\/uploads\/evenements\/Jubil\u00e9_pere_tallagnon_07_2021\/dsc05774-scaled-1-1024x768.jpg 1024w, https:\/\/ensemble-paroissial-reynies.fr\/wp-content\/uploads\/evenements\/Jubil\u00e9_pere_tallagnon_07_2021\/dsc05774-scaled-1-300x225.jpg 300w, https:\/\/ensemble-paroissial-reynies.fr\/wp-content\/uploads\/evenements\/Jubil\u00e9_pere_tallagnon_07_2021\/dsc05774-scaled-1-768x576.jpg 768w, https:\/\/ensemble-paroissial-reynies.fr\/wp-content\/uploads\/evenements\/Jubil\u00e9_pere_tallagnon_07_2021\/dsc05774-scaled-1-1536x1152.jpg 1536w, https:\/\/ensemble-paroissial-reynies.fr\/wp-content\/uploads\/evenements\/Jubil\u00e9_pere_tallagnon_07_2021\/dsc05774-scaled-1-2048x1536.jpg 2048w\" sizes=\"auto, (max-width: 1024px) 100vw, 1024px\" \/><\/a><figcaption class=\"wp-element-caption\">                               <\/figcaption><\/figure>\n\n\n\n<figure class=\"wp-block-image size-large\"><a href=\"https:\/\/ensemble-paroissial-reynies.fr\/wp-content\/uploads\/evenements\/Jubil\u00e9_pere_tallagnon_07_2021\/dsc05776-scaled-1.jpg\"><img loading=\"lazy\" decoding=\"async\" width=\"1024\" height=\"768\" data-id=\"2036\" src=\"https:\/\/ensemble-paroissial-reynies.fr\/wp-content\/uploads\/evenements\/Jubil\u00e9_pere_tallagnon_07_2021\/dsc05776-scaled-1-1024x768.jpg\" alt=\"\" class=\"wp-image-2036\" srcset=\"https:\/\/ensemble-paroissial-reynies.fr\/wp-content\/uploads\/evenements\/Jubil\u00e9_pere_tallagnon_07_2021\/dsc05776-scaled-1-1024x768.jpg 1024w, https:\/\/ensemble-paroissial-reynies.fr\/wp-content\/uploads\/evenements\/Jubil\u00e9_pere_tallagnon_07_2021\/dsc05776-scaled-1-300x225.jpg 300w, https:\/\/ensemble-paroissial-reynies.fr\/wp-content\/uploads\/evenements\/Jubil\u00e9_pere_tallagnon_07_2021\/dsc05776-scaled-1-768x576.jpg 768w, https:\/\/ensemble-paroissial-reynies.fr\/wp-content\/uploads\/evenements\/Jubil\u00e9_pere_tallagnon_07_2021\/dsc05776-scaled-1-1536x1152.jpg 1536w, https:\/\/ensemble-paroissial-reynies.fr\/wp-content\/uploads\/evenements\/Jubil\u00e9_pere_tallagnon_07_2021\/dsc05776-scaled-1-2048x1536.jpg 2048w\" sizes=\"auto, (max-width: 1024px) 100vw, 1024px\" \/><\/a><figcaption class=\"wp-element-caption\">                               <\/figcaption><\/figure>\n\n\n\n<figure class=\"wp-block-image size-large\"><a href=\"https:\/\/ensemble-paroissial-reynies.fr\/wp-content\/uploads\/evenements\/Jubil\u00e9_pere_tallagnon_07_2021\/dsc05779-scaled-1.jpg\"><img loading=\"lazy\" decoding=\"async\" width=\"1024\" height=\"768\" data-id=\"2042\" src=\"https:\/\/ensemble-paroissial-reynies.fr\/wp-content\/uploads\/evenements\/Jubil\u00e9_pere_tallagnon_07_2021\/dsc05779-scaled-1-1024x768.jpg\" alt=\"\" class=\"wp-image-2042\" srcset=\"https:\/\/ensemble-paroissial-reynies.fr\/wp-content\/uploads\/evenements\/Jubil\u00e9_pere_tallagnon_07_2021\/dsc05779-scaled-1-1024x768.jpg 1024w, https:\/\/ensemble-paroissial-reynies.fr\/wp-content\/uploads\/evenements\/Jubil\u00e9_pere_tallagnon_07_2021\/dsc05779-scaled-1-300x225.jpg 300w, https:\/\/ensemble-paroissial-reynies.fr\/wp-content\/uploads\/evenements\/Jubil\u00e9_pere_tallagnon_07_2021\/dsc05779-scaled-1-768x576.jpg 768w, https:\/\/ensemble-paroissial-reynies.fr\/wp-content\/uploads\/evenements\/Jubil\u00e9_pere_tallagnon_07_2021\/dsc05779-scaled-1-1536x1152.jpg 1536w, https:\/\/ensemble-paroissial-reynies.fr\/wp-content\/uploads\/evenements\/Jubil\u00e9_pere_tallagnon_07_2021\/dsc05779-scaled-1-2048x1536.jpg 2048w\" sizes=\"auto, (max-width: 1024px) 100vw, 1024px\" \/><\/a><figcaption class=\"wp-element-caption\">                               <\/figcaption><\/figure>\n<\/figure>\n\n\n\n<p><strong><em>Photos du repas partag\u00e9 \u2013 Salles des F\u00eates de Reyni\u00e8s<\/em><\/strong><\/p>\n\n\n\n<figure class=\"wp-block-gallery has-nested-images columns-6 wp-block-gallery-7 is-layout-flex wp-block-gallery-is-layout-flex\">\n<figure class=\"wp-block-image size-large\"><a href=\"https:\/\/ensemble-paroissial-reynies.fr\/wp-content\/uploads\/evenements\/Jubil\u00e9_pere_tallagnon_07_2021\/photos_maria_stecca\/dscn1528-rotated-1.jpg\"><img loading=\"lazy\" decoding=\"async\" width=\"768\" height=\"1024\" data-id=\"2076\" src=\"https:\/\/ensemble-paroissial-reynies.fr\/wp-content\/uploads\/evenements\/Jubil\u00e9_pere_tallagnon_07_2021\/photos_maria_stecca\/dscn1528-rotated-1-768x1024.jpg\" alt=\"\" class=\"wp-image-2076\" srcset=\"https:\/\/ensemble-paroissial-reynies.fr\/wp-content\/uploads\/evenements\/Jubil\u00e9_pere_tallagnon_07_2021\/photos_maria_stecca\/dscn1528-rotated-1-768x1024.jpg 768w, https:\/\/ensemble-paroissial-reynies.fr\/wp-content\/uploads\/evenements\/Jubil\u00e9_pere_tallagnon_07_2021\/photos_maria_stecca\/dscn1528-rotated-1-225x300.jpg 225w, https:\/\/ensemble-paroissial-reynies.fr\/wp-content\/uploads\/evenements\/Jubil\u00e9_pere_tallagnon_07_2021\/photos_maria_stecca\/dscn1528-rotated-1-1152x1536.jpg 1152w, https:\/\/ensemble-paroissial-reynies.fr\/wp-content\/uploads\/evenements\/Jubil\u00e9_pere_tallagnon_07_2021\/photos_maria_stecca\/dscn1528-rotated-1-1536x2048.jpg 1536w, https:\/\/ensemble-paroissial-reynies.fr\/wp-content\/uploads\/evenements\/Jubil\u00e9_pere_tallagnon_07_2021\/photos_maria_stecca\/dscn1528-rotated-1.jpg 1704w\" sizes=\"auto, (max-width: 768px) 100vw, 768px\" \/><\/a><\/figure>\n\n\n\n<figure class=\"wp-block-image size-large\"><a href=\"https:\/\/ensemble-paroissial-reynies.fr\/wp-content\/uploads\/evenements\/Jubil\u00e9_pere_tallagnon_07_2021\/photos_maria_stecca\/dscn1527.jpg\"><img loading=\"lazy\" decoding=\"async\" width=\"1024\" height=\"768\" data-id=\"2077\" src=\"https:\/\/ensemble-paroissial-reynies.fr\/wp-content\/uploads\/evenements\/Jubil\u00e9_pere_tallagnon_07_2021\/photos_maria_stecca\/dscn1527-1024x768.jpg\" alt=\"\" class=\"wp-image-2077\" srcset=\"https:\/\/ensemble-paroissial-reynies.fr\/wp-content\/uploads\/evenements\/Jubil\u00e9_pere_tallagnon_07_2021\/photos_maria_stecca\/dscn1527-1024x768.jpg 1024w, https:\/\/ensemble-paroissial-reynies.fr\/wp-content\/uploads\/evenements\/Jubil\u00e9_pere_tallagnon_07_2021\/photos_maria_stecca\/dscn1527-300x225.jpg 300w, https:\/\/ensemble-paroissial-reynies.fr\/wp-content\/uploads\/evenements\/Jubil\u00e9_pere_tallagnon_07_2021\/photos_maria_stecca\/dscn1527-768x576.jpg 768w, https:\/\/ensemble-paroissial-reynies.fr\/wp-content\/uploads\/evenements\/Jubil\u00e9_pere_tallagnon_07_2021\/photos_maria_stecca\/dscn1527-1536x1152.jpg 1536w, https:\/\/ensemble-paroissial-reynies.fr\/wp-content\/uploads\/evenements\/Jubil\u00e9_pere_tallagnon_07_2021\/photos_maria_stecca\/dscn1527-2048x1536.jpg 2048w\" sizes=\"auto, (max-width: 1024px) 100vw, 1024px\" \/><\/a><\/figure>\n\n\n\n<figure class=\"wp-block-image size-large\"><a href=\"https:\/\/ensemble-paroissial-reynies.fr\/wp-content\/uploads\/evenements\/Jubil\u00e9_pere_tallagnon_07_2021\/photos_maria_stecca\/dscn1526.jpg\"><img loading=\"lazy\" decoding=\"async\" width=\"1024\" height=\"768\" data-id=\"2075\" src=\"https:\/\/ensemble-paroissial-reynies.fr\/wp-content\/uploads\/evenements\/Jubil\u00e9_pere_tallagnon_07_2021\/photos_maria_stecca\/dscn1526-1024x768.jpg\" alt=\"\" class=\"wp-image-2075\" srcset=\"https:\/\/ensemble-paroissial-reynies.fr\/wp-content\/uploads\/evenements\/Jubil\u00e9_pere_tallagnon_07_2021\/photos_maria_stecca\/dscn1526-1024x768.jpg 1024w, https:\/\/ensemble-paroissial-reynies.fr\/wp-content\/uploads\/evenements\/Jubil\u00e9_pere_tallagnon_07_2021\/photos_maria_stecca\/dscn1526-300x225.jpg 300w, https:\/\/ensemble-paroissial-reynies.fr\/wp-content\/uploads\/evenements\/Jubil\u00e9_pere_tallagnon_07_2021\/photos_maria_stecca\/dscn1526-768x576.jpg 768w, https:\/\/ensemble-paroissial-reynies.fr\/wp-content\/uploads\/evenements\/Jubil\u00e9_pere_tallagnon_07_2021\/photos_maria_stecca\/dscn1526-1536x1152.jpg 1536w, https:\/\/ensemble-paroissial-reynies.fr\/wp-content\/uploads\/evenements\/Jubil\u00e9_pere_tallagnon_07_2021\/photos_maria_stecca\/dscn1526-2048x1536.jpg 2048w\" sizes=\"auto, (max-width: 1024px) 100vw, 1024px\" \/><\/a><\/figure>\n\n\n\n<figure class=\"wp-block-image size-large\"><a href=\"https:\/\/ensemble-paroissial-reynies.fr\/wp-content\/uploads\/evenements\/Jubil\u00e9_pere_tallagnon_07_2021\/photos_maria_stecca\/dscn1524.jpg\"><img loading=\"lazy\" decoding=\"async\" width=\"1024\" height=\"768\" data-id=\"2074\" src=\"https:\/\/ensemble-paroissial-reynies.fr\/wp-content\/uploads\/evenements\/Jubil\u00e9_pere_tallagnon_07_2021\/photos_maria_stecca\/dscn1524-1024x768.jpg\" alt=\"\" class=\"wp-image-2074\" srcset=\"https:\/\/ensemble-paroissial-reynies.fr\/wp-content\/uploads\/evenements\/Jubil\u00e9_pere_tallagnon_07_2021\/photos_maria_stecca\/dscn1524-1024x768.jpg 1024w, https:\/\/ensemble-paroissial-reynies.fr\/wp-content\/uploads\/evenements\/Jubil\u00e9_pere_tallagnon_07_2021\/photos_maria_stecca\/dscn1524-300x225.jpg 300w, https:\/\/ensemble-paroissial-reynies.fr\/wp-content\/uploads\/evenements\/Jubil\u00e9_pere_tallagnon_07_2021\/photos_maria_stecca\/dscn1524-768x576.jpg 768w, https:\/\/ensemble-paroissial-reynies.fr\/wp-content\/uploads\/evenements\/Jubil\u00e9_pere_tallagnon_07_2021\/photos_maria_stecca\/dscn1524-1536x1152.jpg 1536w, https:\/\/ensemble-paroissial-reynies.fr\/wp-content\/uploads\/evenements\/Jubil\u00e9_pere_tallagnon_07_2021\/photos_maria_stecca\/dscn1524-2048x1536.jpg 2048w\" sizes=\"auto, (max-width: 1024px) 100vw, 1024px\" \/><\/a><\/figure>\n\n\n\n<figure class=\"wp-block-image size-large\"><a href=\"https:\/\/ensemble-paroissial-reynies.fr\/wp-content\/uploads\/evenements\/Jubil\u00e9_pere_tallagnon_07_2021\/photos_maria_stecca\/dscn1522.jpg\"><img loading=\"lazy\" decoding=\"async\" width=\"1024\" height=\"768\" data-id=\"2073\" src=\"https:\/\/ensemble-paroissial-reynies.fr\/wp-content\/uploads\/evenements\/Jubil\u00e9_pere_tallagnon_07_2021\/photos_maria_stecca\/dscn1522-1024x768.jpg\" alt=\"\" class=\"wp-image-2073\" srcset=\"https:\/\/ensemble-paroissial-reynies.fr\/wp-content\/uploads\/evenements\/Jubil\u00e9_pere_tallagnon_07_2021\/photos_maria_stecca\/dscn1522-1024x768.jpg 1024w, https:\/\/ensemble-paroissial-reynies.fr\/wp-content\/uploads\/evenements\/Jubil\u00e9_pere_tallagnon_07_2021\/photos_maria_stecca\/dscn1522-300x225.jpg 300w, https:\/\/ensemble-paroissial-reynies.fr\/wp-content\/uploads\/evenements\/Jubil\u00e9_pere_tallagnon_07_2021\/photos_maria_stecca\/dscn1522-768x576.jpg 768w, https:\/\/ensemble-paroissial-reynies.fr\/wp-content\/uploads\/evenements\/Jubil\u00e9_pere_tallagnon_07_2021\/photos_maria_stecca\/dscn1522-1536x1152.jpg 1536w, https:\/\/ensemble-paroissial-reynies.fr\/wp-content\/uploads\/evenements\/Jubil\u00e9_pere_tallagnon_07_2021\/photos_maria_stecca\/dscn1522-2048x1536.jpg 2048w\" sizes=\"auto, (max-width: 1024px) 100vw, 1024px\" \/><\/a><\/figure>\n\n\n\n<figure class=\"wp-block-image size-large\"><a href=\"https:\/\/ensemble-paroissial-reynies.fr\/wp-content\/uploads\/evenements\/Jubil\u00e9_pere_tallagnon_07_2021\/photos_maria_stecca\/dscn1525.jpg\"><img loading=\"lazy\" decoding=\"async\" width=\"1024\" height=\"768\" data-id=\"2072\" src=\"https:\/\/ensemble-paroissial-reynies.fr\/wp-content\/uploads\/evenements\/Jubil\u00e9_pere_tallagnon_07_2021\/photos_maria_stecca\/dscn1525-1024x768.jpg\" alt=\"\" class=\"wp-image-2072\" srcset=\"https:\/\/ensemble-paroissial-reynies.fr\/wp-content\/uploads\/evenements\/Jubil\u00e9_pere_tallagnon_07_2021\/photos_maria_stecca\/dscn1525-1024x768.jpg 1024w, https:\/\/ensemble-paroissial-reynies.fr\/wp-content\/uploads\/evenements\/Jubil\u00e9_pere_tallagnon_07_2021\/photos_maria_stecca\/dscn1525-300x225.jpg 300w, https:\/\/ensemble-paroissial-reynies.fr\/wp-content\/uploads\/evenements\/Jubil\u00e9_pere_tallagnon_07_2021\/photos_maria_stecca\/dscn1525-768x576.jpg 768w, https:\/\/ensemble-paroissial-reynies.fr\/wp-content\/uploads\/evenements\/Jubil\u00e9_pere_tallagnon_07_2021\/photos_maria_stecca\/dscn1525-1536x1152.jpg 1536w, https:\/\/ensemble-paroissial-reynies.fr\/wp-content\/uploads\/evenements\/Jubil\u00e9_pere_tallagnon_07_2021\/photos_maria_stecca\/dscn1525-2048x1536.jpg 2048w\" sizes=\"auto, (max-width: 1024px) 100vw, 1024px\" \/><\/a><\/figure>\n\n\n\n<figure class=\"wp-block-image size-large\"><a href=\"https:\/\/ensemble-paroissial-reynies.fr\/wp-content\/uploads\/evenements\/Jubil\u00e9_pere_tallagnon_07_2021\/photos_maria_stecca\/dscn1523.jpg\"><img loading=\"lazy\" decoding=\"async\" width=\"1024\" height=\"768\" data-id=\"2071\" src=\"https:\/\/ensemble-paroissial-reynies.fr\/wp-content\/uploads\/evenements\/Jubil\u00e9_pere_tallagnon_07_2021\/photos_maria_stecca\/dscn1523-1024x768.jpg\" alt=\"\" class=\"wp-image-2071\" srcset=\"https:\/\/ensemble-paroissial-reynies.fr\/wp-content\/uploads\/evenements\/Jubil\u00e9_pere_tallagnon_07_2021\/photos_maria_stecca\/dscn1523-1024x768.jpg 1024w, https:\/\/ensemble-paroissial-reynies.fr\/wp-content\/uploads\/evenements\/Jubil\u00e9_pere_tallagnon_07_2021\/photos_maria_stecca\/dscn1523-300x225.jpg 300w, https:\/\/ensemble-paroissial-reynies.fr\/wp-content\/uploads\/evenements\/Jubil\u00e9_pere_tallagnon_07_2021\/photos_maria_stecca\/dscn1523-768x576.jpg 768w, https:\/\/ensemble-paroissial-reynies.fr\/wp-content\/uploads\/evenements\/Jubil\u00e9_pere_tallagnon_07_2021\/photos_maria_stecca\/dscn1523-1536x1152.jpg 1536w, https:\/\/ensemble-paroissial-reynies.fr\/wp-content\/uploads\/evenements\/Jubil\u00e9_pere_tallagnon_07_2021\/photos_maria_stecca\/dscn1523-2048x1536.jpg 2048w\" sizes=\"auto, (max-width: 1024px) 100vw, 1024px\" \/><\/a><\/figure>\n\n\n\n<figure class=\"wp-block-image size-large\"><a href=\"https:\/\/ensemble-paroissial-reynies.fr\/wp-content\/uploads\/evenements\/Jubil\u00e9_pere_tallagnon_07_2021\/photos_maria_stecca\/dscn1521.jpg\"><img loading=\"lazy\" decoding=\"async\" width=\"1024\" height=\"768\" data-id=\"2070\" src=\"https:\/\/ensemble-paroissial-reynies.fr\/wp-content\/uploads\/evenements\/Jubil\u00e9_pere_tallagnon_07_2021\/photos_maria_stecca\/dscn1521-1024x768.jpg\" alt=\"\" class=\"wp-image-2070\" srcset=\"https:\/\/ensemble-paroissial-reynies.fr\/wp-content\/uploads\/evenements\/Jubil\u00e9_pere_tallagnon_07_2021\/photos_maria_stecca\/dscn1521-1024x768.jpg 1024w, https:\/\/ensemble-paroissial-reynies.fr\/wp-content\/uploads\/evenements\/Jubil\u00e9_pere_tallagnon_07_2021\/photos_maria_stecca\/dscn1521-300x225.jpg 300w, https:\/\/ensemble-paroissial-reynies.fr\/wp-content\/uploads\/evenements\/Jubil\u00e9_pere_tallagnon_07_2021\/photos_maria_stecca\/dscn1521-768x576.jpg 768w, https:\/\/ensemble-paroissial-reynies.fr\/wp-content\/uploads\/evenements\/Jubil\u00e9_pere_tallagnon_07_2021\/photos_maria_stecca\/dscn1521-1536x1152.jpg 1536w, https:\/\/ensemble-paroissial-reynies.fr\/wp-content\/uploads\/evenements\/Jubil\u00e9_pere_tallagnon_07_2021\/photos_maria_stecca\/dscn1521-2048x1536.jpg 2048w\" sizes=\"auto, (max-width: 1024px) 100vw, 1024px\" \/><\/a><\/figure>\n\n\n\n<figure class=\"wp-block-image size-large\"><a href=\"https:\/\/ensemble-paroissial-reynies.fr\/wp-content\/uploads\/evenements\/Jubil\u00e9_pere_tallagnon_07_2021\/photos_maria_stecca\/dscn1520.jpg\"><img loading=\"lazy\" decoding=\"async\" width=\"1024\" height=\"768\" data-id=\"2069\" src=\"https:\/\/ensemble-paroissial-reynies.fr\/wp-content\/uploads\/evenements\/Jubil\u00e9_pere_tallagnon_07_2021\/photos_maria_stecca\/dscn1520-1024x768.jpg\" alt=\"\" class=\"wp-image-2069\" srcset=\"https:\/\/ensemble-paroissial-reynies.fr\/wp-content\/uploads\/evenements\/Jubil\u00e9_pere_tallagnon_07_2021\/photos_maria_stecca\/dscn1520-1024x768.jpg 1024w, https:\/\/ensemble-paroissial-reynies.fr\/wp-content\/uploads\/evenements\/Jubil\u00e9_pere_tallagnon_07_2021\/photos_maria_stecca\/dscn1520-300x225.jpg 300w, https:\/\/ensemble-paroissial-reynies.fr\/wp-content\/uploads\/evenements\/Jubil\u00e9_pere_tallagnon_07_2021\/photos_maria_stecca\/dscn1520-768x576.jpg 768w, https:\/\/ensemble-paroissial-reynies.fr\/wp-content\/uploads\/evenements\/Jubil\u00e9_pere_tallagnon_07_2021\/photos_maria_stecca\/dscn1520-1536x1152.jpg 1536w, https:\/\/ensemble-paroissial-reynies.fr\/wp-content\/uploads\/evenements\/Jubil\u00e9_pere_tallagnon_07_2021\/photos_maria_stecca\/dscn1520-2048x1536.jpg 2048w\" sizes=\"auto, (max-width: 1024px) 100vw, 1024px\" \/><\/a><\/figure>\n\n\n\n<figure class=\"wp-block-image size-large\"><a href=\"https:\/\/ensemble-paroissial-reynies.fr\/wp-content\/uploads\/evenements\/Jubil\u00e9_pere_tallagnon_07_2021\/photos_maria_stecca\/dscn1519.jpg\"><img loading=\"lazy\" decoding=\"async\" width=\"1024\" height=\"768\" data-id=\"2068\" src=\"https:\/\/ensemble-paroissial-reynies.fr\/wp-content\/uploads\/evenements\/Jubil\u00e9_pere_tallagnon_07_2021\/photos_maria_stecca\/dscn1519-1024x768.jpg\" alt=\"\" class=\"wp-image-2068\" srcset=\"https:\/\/ensemble-paroissial-reynies.fr\/wp-content\/uploads\/evenements\/Jubil\u00e9_pere_tallagnon_07_2021\/photos_maria_stecca\/dscn1519-1024x768.jpg 1024w, https:\/\/ensemble-paroissial-reynies.fr\/wp-content\/uploads\/evenements\/Jubil\u00e9_pere_tallagnon_07_2021\/photos_maria_stecca\/dscn1519-300x225.jpg 300w, https:\/\/ensemble-paroissial-reynies.fr\/wp-content\/uploads\/evenements\/Jubil\u00e9_pere_tallagnon_07_2021\/photos_maria_stecca\/dscn1519-768x576.jpg 768w, https:\/\/ensemble-paroissial-reynies.fr\/wp-content\/uploads\/evenements\/Jubil\u00e9_pere_tallagnon_07_2021\/photos_maria_stecca\/dscn1519-1536x1152.jpg 1536w, https:\/\/ensemble-paroissial-reynies.fr\/wp-content\/uploads\/evenements\/Jubil\u00e9_pere_tallagnon_07_2021\/photos_maria_stecca\/dscn1519-2048x1536.jpg 2048w\" sizes=\"auto, (max-width: 1024px) 100vw, 1024px\" \/><\/a><\/figure>\n\n\n\n<figure class=\"wp-block-image size-large\"><a href=\"https:\/\/ensemble-paroissial-reynies.fr\/wp-content\/uploads\/evenements\/Jubil\u00e9_pere_tallagnon_07_2021\/photos_maria_stecca\/dscn1529-rotated-1.jpg\"><img loading=\"lazy\" decoding=\"async\" width=\"768\" height=\"1024\" data-id=\"2067\" src=\"https:\/\/ensemble-paroissial-reynies.fr\/wp-content\/uploads\/evenements\/Jubil\u00e9_pere_tallagnon_07_2021\/photos_maria_stecca\/dscn1529-rotated-1-768x1024.jpg\" alt=\"\" class=\"wp-image-2067\" srcset=\"https:\/\/ensemble-paroissial-reynies.fr\/wp-content\/uploads\/evenements\/Jubil\u00e9_pere_tallagnon_07_2021\/photos_maria_stecca\/dscn1529-rotated-1-768x1024.jpg 768w, https:\/\/ensemble-paroissial-reynies.fr\/wp-content\/uploads\/evenements\/Jubil\u00e9_pere_tallagnon_07_2021\/photos_maria_stecca\/dscn1529-rotated-1-225x300.jpg 225w, https:\/\/ensemble-paroissial-reynies.fr\/wp-content\/uploads\/evenements\/Jubil\u00e9_pere_tallagnon_07_2021\/photos_maria_stecca\/dscn1529-rotated-1-1152x1536.jpg 1152w, https:\/\/ensemble-paroissial-reynies.fr\/wp-content\/uploads\/evenements\/Jubil\u00e9_pere_tallagnon_07_2021\/photos_maria_stecca\/dscn1529-rotated-1-1536x2048.jpg 1536w, https:\/\/ensemble-paroissial-reynies.fr\/wp-content\/uploads\/evenements\/Jubil\u00e9_pere_tallagnon_07_2021\/photos_maria_stecca\/dscn1529-rotated-1.jpg 1704w\" sizes=\"auto, (max-width: 768px) 100vw, 768px\" \/><\/a><\/figure>\n<\/figure>\n<\/details>\n\n\n\n<div style=\"height:5px\" aria-hidden=\"true\" class=\"wp-block-spacer\"><\/div>\n\n\n\n<details class=\"wp-block-details has-medium-font-size is-layout-flow wp-block-details-is-layout-flow\"><summary>F\u00eate de saint Th\u00e9odard \u2013 2 mai 2021<\/summary>\n<p><\/p>\n\n\n\n<p>C\u2019est le dimanche 2 mai 2021 \u00e0 10h30 en l\u2019\u00e9glise de Villebrumier, que Monseigneur Ginoux a c\u00e9l\u00e9br\u00e9 la messe pour la f\u00eate de saint Th\u00e9odard, patron de la paroisse de Villebrumier.<\/p>\n\n\n\n<p>Pour cette occasion la petite \u00e9glise qui abrite une chasse contenant les reliques du Saint (<a href=\"https:\/\/ensemble-paroissial-reynies.fr\/?page_id=1699\" target=\"_blank\" rel=\"noopener\" title=\"Saint Th\u00e9odard\">voir la page consacr\u00e9e \u00e0 saint Th\u00e9odard pour plus d\u2019explications<\/a>) avait \u00e9t\u00e9 sp\u00e9cialement d\u00e9cor\u00e9e comme le montre les photos ci-dessous.<\/p>\n\n\n\n<p>La d\u00e9p\u00eache du midi a publi\u00e9 un article sur cette c\u00e9l\u00e9bration le vendredi 7 mai 2021 (cliquez&nbsp;<a href=\"https:\/\/www.ladepeche.fr\/2021\/05\/07\/leveque-a-celebre-saint-theodard-9530902.php\" target=\"_blank\" rel=\"noreferrer noopener\">ICI<\/a>&nbsp;pour aller sur le site du journal)<\/p>\n\n\n\n<figure class=\"wp-block-gallery has-nested-images columns-default wp-block-gallery-8 is-layout-flex wp-block-gallery-is-layout-flex\">\n<figure class=\"wp-block-image size-full\"><a href=\"https:\/\/ensemble-paroissial-reynies.fr\/wp-content\/uploads\/evenements\/Fete_saint_theodard_02_05_2021\/image000001.jpg\"><img loading=\"lazy\" decoding=\"async\" width=\"640\" height=\"480\" data-id=\"2032\" src=\"https:\/\/ensemble-paroissial-reynies.fr\/wp-content\/uploads\/evenements\/Fete_saint_theodard_02_05_2021\/image000001.jpg\" alt=\"\" class=\"wp-image-2032\" srcset=\"https:\/\/ensemble-paroissial-reynies.fr\/wp-content\/uploads\/evenements\/Fete_saint_theodard_02_05_2021\/image000001.jpg 640w, https:\/\/ensemble-paroissial-reynies.fr\/wp-content\/uploads\/evenements\/Fete_saint_theodard_02_05_2021\/image000001-300x225.jpg 300w\" sizes=\"auto, (max-width: 640px) 100vw, 640px\" \/><\/a><\/figure>\n\n\n\n<figure class=\"wp-block-image size-full\"><a href=\"https:\/\/ensemble-paroissial-reynies.fr\/wp-content\/uploads\/evenements\/Fete_saint_theodard_02_05_2021\/image000001_2.jpg\"><img loading=\"lazy\" decoding=\"async\" width=\"640\" height=\"480\" data-id=\"2182\" src=\"https:\/\/ensemble-paroissial-reynies.fr\/wp-content\/uploads\/evenements\/Fete_saint_theodard_02_05_2021\/image000001_2.jpg\" alt=\"\" class=\"wp-image-2182\" srcset=\"https:\/\/ensemble-paroissial-reynies.fr\/wp-content\/uploads\/evenements\/Fete_saint_theodard_02_05_2021\/image000001_2.jpg 640w, https:\/\/ensemble-paroissial-reynies.fr\/wp-content\/uploads\/evenements\/Fete_saint_theodard_02_05_2021\/image000001_2-300x225.jpg 300w\" sizes=\"auto, (max-width: 640px) 100vw, 640px\" \/><\/a><\/figure>\n\n\n\n<figure class=\"wp-block-image size-full\"><a href=\"https:\/\/ensemble-paroissial-reynies.fr\/wp-content\/uploads\/evenements\/Fete_saint_theodard_02_05_2021\/image000000_4.jpg\"><img loading=\"lazy\" decoding=\"async\" width=\"640\" height=\"480\" data-id=\"2034\" src=\"https:\/\/ensemble-paroissial-reynies.fr\/wp-content\/uploads\/evenements\/Fete_saint_theodard_02_05_2021\/image000000_4.jpg\" alt=\"\" class=\"wp-image-2034\" srcset=\"https:\/\/ensemble-paroissial-reynies.fr\/wp-content\/uploads\/evenements\/Fete_saint_theodard_02_05_2021\/image000000_4.jpg 640w, https:\/\/ensemble-paroissial-reynies.fr\/wp-content\/uploads\/evenements\/Fete_saint_theodard_02_05_2021\/image000000_4-300x225.jpg 300w\" sizes=\"auto, (max-width: 640px) 100vw, 640px\" \/><\/a><\/figure>\n\n\n\n<figure class=\"wp-block-image size-full\"><a href=\"https:\/\/ensemble-paroissial-reynies.fr\/wp-content\/uploads\/evenements\/Fete_saint_theodard_02_05_2021\/image000000_2.jpg\"><img loading=\"lazy\" decoding=\"async\" width=\"640\" height=\"480\" data-id=\"2031\" src=\"https:\/\/ensemble-paroissial-reynies.fr\/wp-content\/uploads\/evenements\/Fete_saint_theodard_02_05_2021\/image000000_2.jpg\" alt=\"\" class=\"wp-image-2031\" srcset=\"https:\/\/ensemble-paroissial-reynies.fr\/wp-content\/uploads\/evenements\/Fete_saint_theodard_02_05_2021\/image000000_2.jpg 640w, https:\/\/ensemble-paroissial-reynies.fr\/wp-content\/uploads\/evenements\/Fete_saint_theodard_02_05_2021\/image000000_2-300x225.jpg 300w\" sizes=\"auto, (max-width: 640px) 100vw, 640px\" \/><\/a><\/figure>\n\n\n\n<figure class=\"wp-block-image size-full\"><a href=\"https:\/\/ensemble-paroissial-reynies.fr\/wp-content\/uploads\/evenements\/Fete_saint_theodard_02_05_2021\/villebrumier-chasse.jpg\"><img loading=\"lazy\" decoding=\"async\" width=\"480\" height=\"640\" data-id=\"2033\" src=\"https:\/\/ensemble-paroissial-reynies.fr\/wp-content\/uploads\/evenements\/Fete_saint_theodard_02_05_2021\/villebrumier-chasse.jpg\" alt=\"\" class=\"wp-image-2033\" srcset=\"https:\/\/ensemble-paroissial-reynies.fr\/wp-content\/uploads\/evenements\/Fete_saint_theodard_02_05_2021\/villebrumier-chasse.jpg 480w, https:\/\/ensemble-paroissial-reynies.fr\/wp-content\/uploads\/evenements\/Fete_saint_theodard_02_05_2021\/villebrumier-chasse-225x300.jpg 225w\" sizes=\"auto, (max-width: 480px) 100vw, 480px\" \/><\/a><\/figure>\n<\/figure>\n<\/details>\n\n\n\n<hr class=\"wp-block-separator has-alpha-channel-opacity\"\/>\n\n\n\n<h2 class=\"wp-block-heading has-global-color-8-color has-text-color has-link-color wp-elements-3d69f91f6c19773d240ef3d6cb080555\"><strong>Ann\u00e9e 2020<\/strong><\/h2>\n\n\n\n<details class=\"wp-block-details has-medium-font-size is-layout-flow wp-block-details-is-layout-flow\"><summary>Les cr\u00e8ches de nos \u00e9glises &#8211; D\u00e9cembre 2020<\/summary>\n<p><\/p>\n\n\n<div class=\"pgc-sgb-cb wp-block-pgcsimplygalleryblock-slider \" data-gallery-id=\"ae112404\"style=&quot;min-height:440px&quot;><div class=\"sgb-preloader\" id=\"pr_ae112404\">\n\t<div class=\"sgb-square\" style=\"background:#d4d4d4\"><\/div>\n\t<div class=\"sgb-square\" style=\"background:#d4d4d4\"><\/div>\n\t<div class=\"sgb-square\" style=\"background:#d4d4d4\"><\/div>\n\t<div class=\"sgb-square\" style=\"background:#d4d4d4\"><\/div><\/div><div class=\"simply-gallery-amp pgc_sgb_slider \"><noscript><div class=\"sgb-gallery\"><div class=\"sgb-item\"><a href=\"https:\/\/ensemble-paroissial-reynies.fr\/?attachment_id=2192\" target=\"_blank\"><img decoding=\"async\" alt=\"\" width=\"300\" height=\"169\" loading=\"lazy\" src=\"https:\/\/ensemble-paroissial-reynies.fr\/wp-content\/uploads\/Cr\u00e8ches\/Cr\u00e8ches_2020\/bressols-300x169.jpeg\" srcset=\"https:\/\/ensemble-paroissial-reynies.fr\/wp-content\/uploads\/Cr\u00e8ches\/Cr\u00e8ches_2020\/bressols-300x169.jpeg 300w,https:\/\/ensemble-paroissial-reynies.fr\/wp-content\/uploads\/Cr\u00e8ches\/Cr\u00e8ches_2020\/bressols.jpeg 1024w\" sizes=\"auto, 250px\"\/><\/a><div class=\"sgb-item-caption\"><em>Bressols<\/em><\/div><\/div><div class=\"sgb-item\"><a href=\"https:\/\/ensemble-paroissial-reynies.fr\/?attachment_id=2187\" target=\"_blank\"><img decoding=\"async\" alt=\"\" width=\"225\" height=\"300\" loading=\"lazy\" src=\"https:\/\/ensemble-paroissial-reynies.fr\/wp-content\/uploads\/Cr\u00e8ches\/Cr\u00e8ches_2020\/corbarieu-225x300.jpeg\" srcset=\"https:\/\/ensemble-paroissial-reynies.fr\/wp-content\/uploads\/Cr\u00e8ches\/Cr\u00e8ches_2020\/corbarieu-225x300.jpeg 225w,https:\/\/ensemble-paroissial-reynies.fr\/wp-content\/uploads\/Cr\u00e8ches\/Cr\u00e8ches_2020\/corbarieu.jpeg 768w\" sizes=\"auto, 250px\"\/><\/a><div class=\"sgb-item-caption\"><em>Corbarieu<\/em><\/div><\/div><div class=\"sgb-item\"><a href=\"https:\/\/ensemble-paroissial-reynies.fr\/?attachment_id=2193\" target=\"_blank\"><img decoding=\"async\" alt=\"\" width=\"225\" height=\"300\" loading=\"lazy\" src=\"https:\/\/ensemble-paroissial-reynies.fr\/wp-content\/uploads\/Cr\u00e8ches\/Cr\u00e8ches_2020\/corbarieu-2-225x300.jpeg\" srcset=\"https:\/\/ensemble-paroissial-reynies.fr\/wp-content\/uploads\/Cr\u00e8ches\/Cr\u00e8ches_2020\/corbarieu-2-225x300.jpeg 225w,https:\/\/ensemble-paroissial-reynies.fr\/wp-content\/uploads\/Cr\u00e8ches\/Cr\u00e8ches_2020\/corbarieu-2.jpeg 768w\" sizes=\"auto, 250px\"\/><\/a><div class=\"sgb-item-caption\"><em>Corbarieu<\/em><\/div><\/div><div class=\"sgb-item\"><a href=\"https:\/\/ensemble-paroissial-reynies.fr\/?attachment_id=2189\" target=\"_blank\"><img decoding=\"async\" alt=\"\" width=\"225\" height=\"300\" loading=\"lazy\" src=\"https:\/\/ensemble-paroissial-reynies.fr\/wp-content\/uploads\/Cr\u00e8ches\/Cr\u00e8ches_2020\/corbarieu-1-225x300.jpeg\" srcset=\"https:\/\/ensemble-paroissial-reynies.fr\/wp-content\/uploads\/Cr\u00e8ches\/Cr\u00e8ches_2020\/corbarieu-1-225x300.jpeg 225w,https:\/\/ensemble-paroissial-reynies.fr\/wp-content\/uploads\/Cr\u00e8ches\/Cr\u00e8ches_2020\/corbarieu-1.jpeg 768w\" sizes=\"auto, 250px\"\/><\/a><div class=\"sgb-item-caption\"><em>Corbarieu<\/em><\/div><\/div><div class=\"sgb-item\"><a href=\"https:\/\/ensemble-paroissial-reynies.fr\/?attachment_id=2186\" target=\"_blank\"><img decoding=\"async\" alt=\"\" width=\"300\" height=\"225\" loading=\"lazy\" src=\"https:\/\/ensemble-paroissial-reynies.fr\/wp-content\/uploads\/Cr\u00e8ches\/Cr\u00e8ches_2020\/labastide-saint-pierre-300x225.jpeg\" srcset=\"https:\/\/ensemble-paroissial-reynies.fr\/wp-content\/uploads\/Cr\u00e8ches\/Cr\u00e8ches_2020\/labastide-saint-pierre-300x225.jpeg 300w,https:\/\/ensemble-paroissial-reynies.fr\/wp-content\/uploads\/Cr\u00e8ches\/Cr\u00e8ches_2020\/labastide-saint-pierre.jpeg 1024w\" sizes=\"auto, 250px\"\/><\/a><div class=\"sgb-item-caption\"><em>Labastide-Saint-Pierre<\/em><\/div><\/div><div class=\"sgb-item\"><a href=\"https:\/\/ensemble-paroissial-reynies.fr\/?attachment_id=2191\" target=\"_blank\"><img decoding=\"async\" alt=\"\" width=\"300\" height=\"225\" loading=\"lazy\" src=\"https:\/\/ensemble-paroissial-reynies.fr\/wp-content\/uploads\/Cr\u00e8ches\/Cr\u00e8ches_2020\/orgueil-300x225.jpeg\" srcset=\"https:\/\/ensemble-paroissial-reynies.fr\/wp-content\/uploads\/Cr\u00e8ches\/Cr\u00e8ches_2020\/orgueil-300x225.jpeg 300w,https:\/\/ensemble-paroissial-reynies.fr\/wp-content\/uploads\/Cr\u00e8ches\/Cr\u00e8ches_2020\/orgueil.jpeg 1024w\" sizes=\"auto, 250px\"\/><\/a><div class=\"sgb-item-caption\"><em>Orgueil<\/em><\/div><\/div><div class=\"sgb-item\"><a href=\"https:\/\/ensemble-paroissial-reynies.fr\/?attachment_id=2190\" target=\"_blank\"><img decoding=\"async\" alt=\"\" width=\"225\" height=\"300\" loading=\"lazy\" src=\"https:\/\/ensemble-paroissial-reynies.fr\/wp-content\/uploads\/Cr\u00e8ches\/Cr\u00e8ches_2020\/orgueil-1-225x300.jpeg\" srcset=\"https:\/\/ensemble-paroissial-reynies.fr\/wp-content\/uploads\/Cr\u00e8ches\/Cr\u00e8ches_2020\/orgueil-1-225x300.jpeg 225w,https:\/\/ensemble-paroissial-reynies.fr\/wp-content\/uploads\/Cr\u00e8ches\/Cr\u00e8ches_2020\/orgueil-1.jpeg 768w\" sizes=\"auto, 250px\"\/><\/a><div class=\"sgb-item-caption\"><em>Orgueil<\/em><\/div><\/div><div class=\"sgb-item\"><a href=\"https:\/\/ensemble-paroissial-reynies.fr\/?attachment_id=2188\" target=\"_blank\"><img decoding=\"async\" alt=\"\" width=\"300\" height=\"225\" loading=\"lazy\" src=\"https:\/\/ensemble-paroissial-reynies.fr\/wp-content\/uploads\/Cr\u00e8ches\/Cr\u00e8ches_2020\/varennes-300x225.jpeg\" srcset=\"https:\/\/ensemble-paroissial-reynies.fr\/wp-content\/uploads\/Cr\u00e8ches\/Cr\u00e8ches_2020\/varennes-300x225.jpeg 300w,https:\/\/ensemble-paroissial-reynies.fr\/wp-content\/uploads\/Cr\u00e8ches\/Cr\u00e8ches_2020\/varennes.jpeg 1024w\" sizes=\"auto, 250px\"\/><\/a><div class=\"sgb-item-caption\"><em>Varennes<\/em><\/div><\/div><\/div><\/noscript><\/div><script type=\"application\/json\" class=\"sgb-data\">{\"captionHAlign\":\"bottom\",\"collectionthumbHoverTitleFontSize\":12,\"sliderMaxHeight\":440,\"sliderAdminWidth\":920,\"responsiveHeight\":true,\"autoPlay\":true,\"galleryType\":\"pgc_sgb_slider\",\"galleryId\":\"ae112404\",\"images\":[{\"id\":2192,\"title\":\"bressols\",\"url\":\"https:\/\/ensemble-paroissial-reynies.fr\/wp-content\/uploads\/Cr\u00e8ches\/Cr\u00e8ches_2020\/bressols.jpeg\",\"link\":\"https:\/\/ensemble-paroissial-reynies.fr\/?attachment_id=2192\",\"alt\":\"\",\"description\":\"\",\"caption\":\"Bressols\",\"mime\":\"image\/jpeg\",\"type\":\"image\",\"width\":1024,\"height\":576,\"sizes\":{\"thumbnail\":{\"height\":150,\"width\":150,\"url\":\"https:\/\/ensemble-paroissial-reynies.fr\/wp-content\/uploads\/Cr\u00e8ches\/Cr\u00e8ches_2020\/bressols-150x150.jpeg\",\"orientation\":\"landscape\"},\"medium\":{\"height\":169,\"width\":300,\"url\":\"https:\/\/ensemble-paroissial-reynies.fr\/wp-content\/uploads\/Cr\u00e8ches\/Cr\u00e8ches_2020\/bressols-300x169.jpeg\",\"orientation\":\"landscape\"},\"full\":{\"url\":\"https:\/\/ensemble-paroissial-reynies.fr\/wp-content\/uploads\/Cr\u00e8ches\/Cr\u00e8ches_2020\/bressols.jpeg\",\"height\":576,\"width\":1024,\"orientation\":\"landscape\"}},\"imageMeta\":{\"aperture\":\"0\",\"credit\":\"\",\"camera\":\"\",\"caption\":\"\",\"created_timestamp\":\"0\",\"copyright\":\"\",\"focal_length\":\"0\",\"iso\":\"0\",\"shutter_speed\":\"0\",\"title\":\"\",\"orientation\":\"0\",\"keywords\":[]},\"meta\":false,\"postlink\":\"https:\/\/ensemble-paroissial-reynies.fr\/?attachment_id=2192\"},{\"id\":2187,\"title\":\"corbarieu\",\"url\":\"https:\/\/ensemble-paroissial-reynies.fr\/wp-content\/uploads\/Cr\u00e8ches\/Cr\u00e8ches_2020\/corbarieu.jpeg\",\"link\":\"https:\/\/ensemble-paroissial-reynies.fr\/?attachment_id=2187\",\"alt\":\"\",\"description\":\"\",\"caption\":\"Corbarieu\",\"mime\":\"image\/jpeg\",\"type\":\"image\",\"width\":768,\"height\":1024,\"sizes\":{\"thumbnail\":{\"height\":150,\"width\":150,\"url\":\"https:\/\/ensemble-paroissial-reynies.fr\/wp-content\/uploads\/Cr\u00e8ches\/Cr\u00e8ches_2020\/corbarieu-150x150.jpeg\",\"orientation\":\"landscape\"},\"medium\":{\"height\":300,\"width\":225,\"url\":\"https:\/\/ensemble-paroissial-reynies.fr\/wp-content\/uploads\/Cr\u00e8ches\/Cr\u00e8ches_2020\/corbarieu-225x300.jpeg\",\"orientation\":\"portrait\"},\"full\":{\"url\":\"https:\/\/ensemble-paroissial-reynies.fr\/wp-content\/uploads\/Cr\u00e8ches\/Cr\u00e8ches_2020\/corbarieu.jpeg\",\"height\":1024,\"width\":768,\"orientation\":\"portrait\"}},\"imageMeta\":{\"aperture\":\"0\",\"credit\":\"\",\"camera\":\"\",\"caption\":\"\",\"created_timestamp\":\"0\",\"copyright\":\"\",\"focal_length\":\"0\",\"iso\":\"0\",\"shutter_speed\":\"0\",\"title\":\"\",\"orientation\":\"0\",\"keywords\":[]},\"meta\":false,\"postlink\":\"https:\/\/ensemble-paroissial-reynies.fr\/?attachment_id=2187\"},{\"id\":2193,\"title\":\"corbarieu-2\",\"url\":\"https:\/\/ensemble-paroissial-reynies.fr\/wp-content\/uploads\/Cr\u00e8ches\/Cr\u00e8ches_2020\/corbarieu-2.jpeg\",\"link\":\"https:\/\/ensemble-paroissial-reynies.fr\/?attachment_id=2193\",\"alt\":\"\",\"description\":\"\",\"caption\":\"Corbarieu\",\"mime\":\"image\/jpeg\",\"type\":\"image\",\"width\":768,\"height\":1024,\"sizes\":{\"thumbnail\":{\"height\":150,\"width\":150,\"url\":\"https:\/\/ensemble-paroissial-reynies.fr\/wp-content\/uploads\/Cr\u00e8ches\/Cr\u00e8ches_2020\/corbarieu-2-150x150.jpeg\",\"orientation\":\"landscape\"},\"medium\":{\"height\":300,\"width\":225,\"url\":\"https:\/\/ensemble-paroissial-reynies.fr\/wp-content\/uploads\/Cr\u00e8ches\/Cr\u00e8ches_2020\/corbarieu-2-225x300.jpeg\",\"orientation\":\"portrait\"},\"full\":{\"url\":\"https:\/\/ensemble-paroissial-reynies.fr\/wp-content\/uploads\/Cr\u00e8ches\/Cr\u00e8ches_2020\/corbarieu-2.jpeg\",\"height\":1024,\"width\":768,\"orientation\":\"portrait\"}},\"imageMeta\":{\"aperture\":\"0\",\"credit\":\"\",\"camera\":\"\",\"caption\":\"\",\"created_timestamp\":\"0\",\"copyright\":\"\",\"focal_length\":\"0\",\"iso\":\"0\",\"shutter_speed\":\"0\",\"title\":\"\",\"orientation\":\"0\",\"keywords\":[]},\"meta\":false,\"postlink\":\"https:\/\/ensemble-paroissial-reynies.fr\/?attachment_id=2193\"},{\"id\":2189,\"title\":\"corbarieu-1\",\"url\":\"https:\/\/ensemble-paroissial-reynies.fr\/wp-content\/uploads\/Cr\u00e8ches\/Cr\u00e8ches_2020\/corbarieu-1.jpeg\",\"link\":\"https:\/\/ensemble-paroissial-reynies.fr\/?attachment_id=2189\",\"alt\":\"\",\"description\":\"\",\"caption\":\"Corbarieu\",\"mime\":\"image\/jpeg\",\"type\":\"image\",\"width\":768,\"height\":1024,\"sizes\":{\"thumbnail\":{\"height\":150,\"width\":150,\"url\":\"https:\/\/ensemble-paroissial-reynies.fr\/wp-content\/uploads\/Cr\u00e8ches\/Cr\u00e8ches_2020\/corbarieu-1-150x150.jpeg\",\"orientation\":\"landscape\"},\"medium\":{\"height\":300,\"width\":225,\"url\":\"https:\/\/ensemble-paroissial-reynies.fr\/wp-content\/uploads\/Cr\u00e8ches\/Cr\u00e8ches_2020\/corbarieu-1-225x300.jpeg\",\"orientation\":\"portrait\"},\"full\":{\"url\":\"https:\/\/ensemble-paroissial-reynies.fr\/wp-content\/uploads\/Cr\u00e8ches\/Cr\u00e8ches_2020\/corbarieu-1.jpeg\",\"height\":1024,\"width\":768,\"orientation\":\"portrait\"}},\"imageMeta\":{\"aperture\":\"0\",\"credit\":\"\",\"camera\":\"\",\"caption\":\"\",\"created_timestamp\":\"0\",\"copyright\":\"\",\"focal_length\":\"0\",\"iso\":\"0\",\"shutter_speed\":\"0\",\"title\":\"\",\"orientation\":\"0\",\"keywords\":[]},\"meta\":false,\"postlink\":\"https:\/\/ensemble-paroissial-reynies.fr\/?attachment_id=2189\"},{\"id\":2186,\"title\":\"labastide-saint-pierre\",\"url\":\"https:\/\/ensemble-paroissial-reynies.fr\/wp-content\/uploads\/Cr\u00e8ches\/Cr\u00e8ches_2020\/labastide-saint-pierre.jpeg\",\"link\":\"https:\/\/ensemble-paroissial-reynies.fr\/?attachment_id=2186\",\"alt\":\"\",\"description\":\"\",\"caption\":\"Labastide-Saint-Pierre\",\"mime\":\"image\/jpeg\",\"type\":\"image\",\"width\":1024,\"height\":768,\"sizes\":{\"thumbnail\":{\"height\":150,\"width\":150,\"url\":\"https:\/\/ensemble-paroissial-reynies.fr\/wp-content\/uploads\/Cr\u00e8ches\/Cr\u00e8ches_2020\/labastide-saint-pierre-150x150.jpeg\",\"orientation\":\"landscape\"},\"medium\":{\"height\":225,\"width\":300,\"url\":\"https:\/\/ensemble-paroissial-reynies.fr\/wp-content\/uploads\/Cr\u00e8ches\/Cr\u00e8ches_2020\/labastide-saint-pierre-300x225.jpeg\",\"orientation\":\"landscape\"},\"full\":{\"url\":\"https:\/\/ensemble-paroissial-reynies.fr\/wp-content\/uploads\/Cr\u00e8ches\/Cr\u00e8ches_2020\/labastide-saint-pierre.jpeg\",\"height\":768,\"width\":1024,\"orientation\":\"landscape\"}},\"imageMeta\":{\"aperture\":\"0\",\"credit\":\"\",\"camera\":\"\",\"caption\":\"\",\"created_timestamp\":\"0\",\"copyright\":\"\",\"focal_length\":\"0\",\"iso\":\"0\",\"shutter_speed\":\"0\",\"title\":\"\",\"orientation\":\"0\",\"keywords\":[]},\"meta\":false,\"postlink\":\"https:\/\/ensemble-paroissial-reynies.fr\/?attachment_id=2186\"},{\"id\":2191,\"title\":\"orgueil\",\"url\":\"https:\/\/ensemble-paroissial-reynies.fr\/wp-content\/uploads\/Cr\u00e8ches\/Cr\u00e8ches_2020\/orgueil.jpeg\",\"link\":\"https:\/\/ensemble-paroissial-reynies.fr\/?attachment_id=2191\",\"alt\":\"\",\"description\":\"\",\"caption\":\"Orgueil\",\"mime\":\"image\/jpeg\",\"type\":\"image\",\"width\":1024,\"height\":768,\"sizes\":{\"thumbnail\":{\"height\":150,\"width\":150,\"url\":\"https:\/\/ensemble-paroissial-reynies.fr\/wp-content\/uploads\/Cr\u00e8ches\/Cr\u00e8ches_2020\/orgueil-150x150.jpeg\",\"orientation\":\"landscape\"},\"medium\":{\"height\":225,\"width\":300,\"url\":\"https:\/\/ensemble-paroissial-reynies.fr\/wp-content\/uploads\/Cr\u00e8ches\/Cr\u00e8ches_2020\/orgueil-300x225.jpeg\",\"orientation\":\"landscape\"},\"full\":{\"url\":\"https:\/\/ensemble-paroissial-reynies.fr\/wp-content\/uploads\/Cr\u00e8ches\/Cr\u00e8ches_2020\/orgueil.jpeg\",\"height\":768,\"width\":1024,\"orientation\":\"landscape\"}},\"imageMeta\":{\"aperture\":\"0\",\"credit\":\"\",\"camera\":\"\",\"caption\":\"\",\"created_timestamp\":\"0\",\"copyright\":\"\",\"focal_length\":\"0\",\"iso\":\"0\",\"shutter_speed\":\"0\",\"title\":\"\",\"orientation\":\"0\",\"keywords\":[]},\"meta\":false,\"postlink\":\"https:\/\/ensemble-paroissial-reynies.fr\/?attachment_id=2191\"},{\"id\":2190,\"title\":\"orgueil-1\",\"url\":\"https:\/\/ensemble-paroissial-reynies.fr\/wp-content\/uploads\/Cr\u00e8ches\/Cr\u00e8ches_2020\/orgueil-1.jpeg\",\"link\":\"https:\/\/ensemble-paroissial-reynies.fr\/?attachment_id=2190\",\"alt\":\"\",\"description\":\"\",\"caption\":\"Orgueil\",\"mime\":\"image\/jpeg\",\"type\":\"image\",\"width\":768,\"height\":1024,\"sizes\":{\"thumbnail\":{\"height\":150,\"width\":150,\"url\":\"https:\/\/ensemble-paroissial-reynies.fr\/wp-content\/uploads\/Cr\u00e8ches\/Cr\u00e8ches_2020\/orgueil-1-150x150.jpeg\",\"orientation\":\"landscape\"},\"medium\":{\"height\":300,\"width\":225,\"url\":\"https:\/\/ensemble-paroissial-reynies.fr\/wp-content\/uploads\/Cr\u00e8ches\/Cr\u00e8ches_2020\/orgueil-1-225x300.jpeg\",\"orientation\":\"portrait\"},\"full\":{\"url\":\"https:\/\/ensemble-paroissial-reynies.fr\/wp-content\/uploads\/Cr\u00e8ches\/Cr\u00e8ches_2020\/orgueil-1.jpeg\",\"height\":1024,\"width\":768,\"orientation\":\"portrait\"}},\"imageMeta\":{\"aperture\":\"0\",\"credit\":\"\",\"camera\":\"\",\"caption\":\"\",\"created_timestamp\":\"0\",\"copyright\":\"\",\"focal_length\":\"0\",\"iso\":\"0\",\"shutter_speed\":\"0\",\"title\":\"\",\"orientation\":\"0\",\"keywords\":[]},\"meta\":false,\"postlink\":\"https:\/\/ensemble-paroissial-reynies.fr\/?attachment_id=2190\"},{\"id\":2188,\"title\":\"varennes\",\"url\":\"https:\/\/ensemble-paroissial-reynies.fr\/wp-content\/uploads\/Cr\u00e8ches\/Cr\u00e8ches_2020\/varennes.jpeg\",\"link\":\"https:\/\/ensemble-paroissial-reynies.fr\/?attachment_id=2188\",\"alt\":\"\",\"description\":\"\",\"caption\":\"Varennes\",\"mime\":\"image\/jpeg\",\"type\":\"image\",\"width\":1024,\"height\":768,\"sizes\":{\"thumbnail\":{\"height\":150,\"width\":150,\"url\":\"https:\/\/ensemble-paroissial-reynies.fr\/wp-content\/uploads\/Cr\u00e8ches\/Cr\u00e8ches_2020\/varennes-150x150.jpeg\",\"orientation\":\"landscape\"},\"medium\":{\"height\":225,\"width\":300,\"url\":\"https:\/\/ensemble-paroissial-reynies.fr\/wp-content\/uploads\/Cr\u00e8ches\/Cr\u00e8ches_2020\/varennes-300x225.jpeg\",\"orientation\":\"landscape\"},\"full\":{\"url\":\"https:\/\/ensemble-paroissial-reynies.fr\/wp-content\/uploads\/Cr\u00e8ches\/Cr\u00e8ches_2020\/varennes.jpeg\",\"height\":768,\"width\":1024,\"orientation\":\"landscape\"}},\"imageMeta\":{\"aperture\":\"0\",\"credit\":\"\",\"camera\":\"\",\"caption\":\"\",\"created_timestamp\":\"0\",\"copyright\":\"\",\"focal_length\":\"0\",\"iso\":\"0\",\"shutter_speed\":\"0\",\"title\":\"\",\"orientation\":\"0\",\"keywords\":[]},\"meta\":false,\"postlink\":\"https:\/\/ensemble-paroissial-reynies.fr\/?attachment_id=2188\"}],\"sliderItemTitleFontSize\":24,\"sliderSlideshowAutoStart\":true,\"sliderSlideshowDelay\":6,\"itemsMetaDataCollection\":[]}<\/script><script>(function(){if(window.PGC_SGB && window.PGC_SGB.searcher){window.PGC_SGB.searcher.initBlocks()}})()<\/script><\/div><\/details>\n\n\n\n<div style=\"height:5px\" aria-hidden=\"true\" class=\"wp-block-spacer\"><\/div>\n\n\n\n<details class=\"wp-block-details has-medium-font-size is-layout-flow wp-block-details-is-layout-flow\"><summary>Route des Cr\u00e8ches \u2013 Janvier 2020<\/summary>\n<p><\/p>\n\n\n\n<p>Fid\u00e8le \u00e0 la tradition, comme chaque ann\u00e9e au d\u00e9but de l\u2019Avent, chaque paroisse a install\u00e9 une cr\u00e8che dans son \u00e9glise pour marquer l\u2019attente du grand \u00e9v\u00e9nement : la naissance du Christ.<br>Le 24 le Christ est n\u00e9 ! Dans chaque cr\u00e8che l\u2019enfant J\u00e9sus a \u00e9t\u00e9 pos\u00e9 avec d\u00e9licatesse et dans la joie, la cr\u00e8che de chaque \u00e9glise est ainsi compl\u00e8te, montrant la ferveur de tous.<br>Le dimanche 12 janvier 2020 tout le monde \u00e9tait invit\u00e9 \u00e0 la Route des Cr\u00e8ches. Parti de Corbarieu un petit groupe est venu prier devant chaque cr\u00e8che des \u00e9glises de l\u2019ensemble paroissial<\/p>\n\n\n\n<figure class=\"wp-block-gallery has-nested-images columns-4 wp-block-gallery-9 is-layout-flex wp-block-gallery-is-layout-flex\">\n<figure class=\"wp-block-image size-full\"><a href=\"https:\/\/ensemble-paroissial-reynies.fr\/wp-content\/uploads\/Route_des_cr\u00e8ches\/12-01-2020\/route-des-creches-brial.jpeg\"><img loading=\"lazy\" decoding=\"async\" width=\"1024\" height=\"764\" data-id=\"2226\" src=\"https:\/\/ensemble-paroissial-reynies.fr\/wp-content\/uploads\/Route_des_cr\u00e8ches\/12-01-2020\/route-des-creches-brial.jpeg\" alt=\"\" class=\"wp-image-2226\" srcset=\"https:\/\/ensemble-paroissial-reynies.fr\/wp-content\/uploads\/Route_des_cr\u00e8ches\/12-01-2020\/route-des-creches-brial.jpeg 1024w, https:\/\/ensemble-paroissial-reynies.fr\/wp-content\/uploads\/Route_des_cr\u00e8ches\/12-01-2020\/route-des-creches-brial-300x224.jpeg 300w, https:\/\/ensemble-paroissial-reynies.fr\/wp-content\/uploads\/Route_des_cr\u00e8ches\/12-01-2020\/route-des-creches-brial-768x573.jpeg 768w\" sizes=\"auto, (max-width: 1024px) 100vw, 1024px\" \/><\/a><figcaption class=\"wp-element-caption\">Brial<\/figcaption><\/figure>\n\n\n\n<figure class=\"wp-block-image size-full\"><a href=\"https:\/\/ensemble-paroissial-reynies.fr\/wp-content\/uploads\/Route_des_cr\u00e8ches\/12-01-2020\/brial.jpeg\"><img loading=\"lazy\" decoding=\"async\" width=\"1024\" height=\"576\" data-id=\"2219\" src=\"https:\/\/ensemble-paroissial-reynies.fr\/wp-content\/uploads\/Route_des_cr\u00e8ches\/12-01-2020\/brial.jpeg\" alt=\"\" class=\"wp-image-2219\" srcset=\"https:\/\/ensemble-paroissial-reynies.fr\/wp-content\/uploads\/Route_des_cr\u00e8ches\/12-01-2020\/brial.jpeg 1024w, https:\/\/ensemble-paroissial-reynies.fr\/wp-content\/uploads\/Route_des_cr\u00e8ches\/12-01-2020\/brial-300x169.jpeg 300w, https:\/\/ensemble-paroissial-reynies.fr\/wp-content\/uploads\/Route_des_cr\u00e8ches\/12-01-2020\/brial-768x432.jpeg 768w\" sizes=\"auto, (max-width: 1024px) 100vw, 1024px\" \/><\/a><figcaption class=\"wp-element-caption\">Brial<\/figcaption><\/figure>\n\n\n\n<figure class=\"wp-block-image size-full\"><a href=\"https:\/\/ensemble-paroissial-reynies.fr\/wp-content\/uploads\/Route_des_cr\u00e8ches\/12-01-2020\/route-des-creches-bressols.jpeg\"><img loading=\"lazy\" decoding=\"async\" width=\"1024\" height=\"764\" data-id=\"2222\" src=\"https:\/\/ensemble-paroissial-reynies.fr\/wp-content\/uploads\/Route_des_cr\u00e8ches\/12-01-2020\/route-des-creches-bressols.jpeg\" alt=\"\" class=\"wp-image-2222\" srcset=\"https:\/\/ensemble-paroissial-reynies.fr\/wp-content\/uploads\/Route_des_cr\u00e8ches\/12-01-2020\/route-des-creches-bressols.jpeg 1024w, https:\/\/ensemble-paroissial-reynies.fr\/wp-content\/uploads\/Route_des_cr\u00e8ches\/12-01-2020\/route-des-creches-bressols-300x224.jpeg 300w, https:\/\/ensemble-paroissial-reynies.fr\/wp-content\/uploads\/Route_des_cr\u00e8ches\/12-01-2020\/route-des-creches-bressols-768x573.jpeg 768w\" sizes=\"auto, (max-width: 1024px) 100vw, 1024px\" \/><\/a><figcaption class=\"wp-element-caption\">Bressols<\/figcaption><\/figure>\n\n\n\n<figure class=\"wp-block-image size-full\"><a href=\"https:\/\/ensemble-paroissial-reynies.fr\/wp-content\/uploads\/Route_des_cr\u00e8ches\/12-01-2020\/route-des-creches-labastide-saint-pierre.jpeg\"><img loading=\"lazy\" decoding=\"async\" width=\"1024\" height=\"764\" data-id=\"2227\" src=\"https:\/\/ensemble-paroissial-reynies.fr\/wp-content\/uploads\/Route_des_cr\u00e8ches\/12-01-2020\/route-des-creches-labastide-saint-pierre.jpeg\" alt=\"\" class=\"wp-image-2227\" srcset=\"https:\/\/ensemble-paroissial-reynies.fr\/wp-content\/uploads\/Route_des_cr\u00e8ches\/12-01-2020\/route-des-creches-labastide-saint-pierre.jpeg 1024w, https:\/\/ensemble-paroissial-reynies.fr\/wp-content\/uploads\/Route_des_cr\u00e8ches\/12-01-2020\/route-des-creches-labastide-saint-pierre-300x224.jpeg 300w, https:\/\/ensemble-paroissial-reynies.fr\/wp-content\/uploads\/Route_des_cr\u00e8ches\/12-01-2020\/route-des-creches-labastide-saint-pierre-768x573.jpeg 768w\" sizes=\"auto, (max-width: 1024px) 100vw, 1024px\" \/><\/a><figcaption class=\"wp-element-caption\">Labastide- Saint-Pierre<\/figcaption><\/figure>\n\n\n\n<figure class=\"wp-block-image size-full\"><a href=\"https:\/\/ensemble-paroissial-reynies.fr\/wp-content\/uploads\/Route_des_cr\u00e8ches\/12-01-2020\/route-des-creches-labastide-saint-pierre-1.jpeg\"><img loading=\"lazy\" decoding=\"async\" width=\"1024\" height=\"764\" data-id=\"2228\" src=\"https:\/\/ensemble-paroissial-reynies.fr\/wp-content\/uploads\/Route_des_cr\u00e8ches\/12-01-2020\/route-des-creches-labastide-saint-pierre-1.jpeg\" alt=\"\" class=\"wp-image-2228\" srcset=\"https:\/\/ensemble-paroissial-reynies.fr\/wp-content\/uploads\/Route_des_cr\u00e8ches\/12-01-2020\/route-des-creches-labastide-saint-pierre-1.jpeg 1024w, https:\/\/ensemble-paroissial-reynies.fr\/wp-content\/uploads\/Route_des_cr\u00e8ches\/12-01-2020\/route-des-creches-labastide-saint-pierre-1-300x224.jpeg 300w, https:\/\/ensemble-paroissial-reynies.fr\/wp-content\/uploads\/Route_des_cr\u00e8ches\/12-01-2020\/route-des-creches-labastide-saint-pierre-1-768x573.jpeg 768w\" sizes=\"auto, (max-width: 1024px) 100vw, 1024px\" \/><\/a><figcaption class=\"wp-element-caption\">Labastide-Saint-Pierre<\/figcaption><\/figure>\n\n\n\n<figure class=\"wp-block-image size-full\"><a href=\"https:\/\/ensemble-paroissial-reynies.fr\/wp-content\/uploads\/Route_des_cr\u00e8ches\/12-01-2020\/labastide-saint-pierre-1.jpeg\"><img loading=\"lazy\" decoding=\"async\" width=\"1024\" height=\"764\" data-id=\"2223\" src=\"https:\/\/ensemble-paroissial-reynies.fr\/wp-content\/uploads\/Route_des_cr\u00e8ches\/12-01-2020\/labastide-saint-pierre-1.jpeg\" alt=\"\" class=\"wp-image-2223\" srcset=\"https:\/\/ensemble-paroissial-reynies.fr\/wp-content\/uploads\/Route_des_cr\u00e8ches\/12-01-2020\/labastide-saint-pierre-1.jpeg 1024w, https:\/\/ensemble-paroissial-reynies.fr\/wp-content\/uploads\/Route_des_cr\u00e8ches\/12-01-2020\/labastide-saint-pierre-1-300x224.jpeg 300w, https:\/\/ensemble-paroissial-reynies.fr\/wp-content\/uploads\/Route_des_cr\u00e8ches\/12-01-2020\/labastide-saint-pierre-1-768x573.jpeg 768w\" sizes=\"auto, (max-width: 1024px) 100vw, 1024px\" \/><\/a><figcaption class=\"wp-element-caption\">Labastide-Saint-Pierre<\/figcaption><\/figure>\n\n\n\n<figure class=\"wp-block-image size-full\"><a href=\"https:\/\/ensemble-paroissial-reynies.fr\/wp-content\/uploads\/Route_des_cr\u00e8ches\/12-01-2020\/route-des-creches-orgueil.jpeg\"><img loading=\"lazy\" decoding=\"async\" width=\"1024\" height=\"768\" data-id=\"2229\" src=\"https:\/\/ensemble-paroissial-reynies.fr\/wp-content\/uploads\/Route_des_cr\u00e8ches\/12-01-2020\/route-des-creches-orgueil.jpeg\" alt=\"\" class=\"wp-image-2229\" srcset=\"https:\/\/ensemble-paroissial-reynies.fr\/wp-content\/uploads\/Route_des_cr\u00e8ches\/12-01-2020\/route-des-creches-orgueil.jpeg 1024w, https:\/\/ensemble-paroissial-reynies.fr\/wp-content\/uploads\/Route_des_cr\u00e8ches\/12-01-2020\/route-des-creches-orgueil-300x225.jpeg 300w, https:\/\/ensemble-paroissial-reynies.fr\/wp-content\/uploads\/Route_des_cr\u00e8ches\/12-01-2020\/route-des-creches-orgueil-768x576.jpeg 768w\" sizes=\"auto, (max-width: 1024px) 100vw, 1024px\" \/><\/a><figcaption class=\"wp-element-caption\">Orgueil<\/figcaption><\/figure>\n\n\n\n<figure class=\"wp-block-image size-full\"><a href=\"https:\/\/ensemble-paroissial-reynies.fr\/wp-content\/uploads\/Route_des_cr\u00e8ches\/12-01-2020\/orgueil-1-1.jpeg\"><img loading=\"lazy\" decoding=\"async\" width=\"1024\" height=\"576\" data-id=\"2220\" src=\"https:\/\/ensemble-paroissial-reynies.fr\/wp-content\/uploads\/Route_des_cr\u00e8ches\/12-01-2020\/orgueil-1-1.jpeg\" alt=\"\" class=\"wp-image-2220\" srcset=\"https:\/\/ensemble-paroissial-reynies.fr\/wp-content\/uploads\/Route_des_cr\u00e8ches\/12-01-2020\/orgueil-1-1.jpeg 1024w, https:\/\/ensemble-paroissial-reynies.fr\/wp-content\/uploads\/Route_des_cr\u00e8ches\/12-01-2020\/orgueil-1-1-300x169.jpeg 300w, https:\/\/ensemble-paroissial-reynies.fr\/wp-content\/uploads\/Route_des_cr\u00e8ches\/12-01-2020\/orgueil-1-1-768x432.jpeg 768w\" sizes=\"auto, (max-width: 1024px) 100vw, 1024px\" \/><\/a><figcaption class=\"wp-element-caption\">Orgueil<\/figcaption><\/figure>\n\n\n\n<figure class=\"wp-block-image size-full\"><a href=\"https:\/\/ensemble-paroissial-reynies.fr\/wp-content\/uploads\/Route_des_cr\u00e8ches\/12-01-2020\/orgueil-3.jpeg\"><img loading=\"lazy\" decoding=\"async\" width=\"1024\" height=\"768\" data-id=\"2224\" src=\"https:\/\/ensemble-paroissial-reynies.fr\/wp-content\/uploads\/Route_des_cr\u00e8ches\/12-01-2020\/orgueil-3.jpeg\" alt=\"\" class=\"wp-image-2224\" srcset=\"https:\/\/ensemble-paroissial-reynies.fr\/wp-content\/uploads\/Route_des_cr\u00e8ches\/12-01-2020\/orgueil-3.jpeg 1024w, https:\/\/ensemble-paroissial-reynies.fr\/wp-content\/uploads\/Route_des_cr\u00e8ches\/12-01-2020\/orgueil-3-300x225.jpeg 300w, https:\/\/ensemble-paroissial-reynies.fr\/wp-content\/uploads\/Route_des_cr\u00e8ches\/12-01-2020\/orgueil-3-768x576.jpeg 768w\" sizes=\"auto, (max-width: 1024px) 100vw, 1024px\" \/><\/a><figcaption class=\"wp-element-caption\">Orgueil<\/figcaption><\/figure>\n\n\n\n<figure class=\"wp-block-image size-full\"><a href=\"https:\/\/ensemble-paroissial-reynies.fr\/wp-content\/uploads\/Route_des_cr\u00e8ches\/12-01-2020\/orgueil-2.jpeg\"><img loading=\"lazy\" decoding=\"async\" width=\"1024\" height=\"768\" data-id=\"2225\" src=\"https:\/\/ensemble-paroissial-reynies.fr\/wp-content\/uploads\/Route_des_cr\u00e8ches\/12-01-2020\/orgueil-2.jpeg\" alt=\"\" class=\"wp-image-2225\" srcset=\"https:\/\/ensemble-paroissial-reynies.fr\/wp-content\/uploads\/Route_des_cr\u00e8ches\/12-01-2020\/orgueil-2.jpeg 1024w, https:\/\/ensemble-paroissial-reynies.fr\/wp-content\/uploads\/Route_des_cr\u00e8ches\/12-01-2020\/orgueil-2-300x225.jpeg 300w, https:\/\/ensemble-paroissial-reynies.fr\/wp-content\/uploads\/Route_des_cr\u00e8ches\/12-01-2020\/orgueil-2-768x576.jpeg 768w\" sizes=\"auto, (max-width: 1024px) 100vw, 1024px\" \/><\/a><figcaption class=\"wp-element-caption\">Orgueil<\/figcaption><\/figure>\n\n\n\n<figure class=\"wp-block-image size-full\"><a href=\"https:\/\/ensemble-paroissial-reynies.fr\/wp-content\/uploads\/Route_des_cr\u00e8ches\/12-01-2020\/route-des-creches-varennes.jpeg\"><img loading=\"lazy\" decoding=\"async\" width=\"1024\" height=\"764\" data-id=\"2221\" src=\"https:\/\/ensemble-paroissial-reynies.fr\/wp-content\/uploads\/Route_des_cr\u00e8ches\/12-01-2020\/route-des-creches-varennes.jpeg\" alt=\"\" class=\"wp-image-2221\" srcset=\"https:\/\/ensemble-paroissial-reynies.fr\/wp-content\/uploads\/Route_des_cr\u00e8ches\/12-01-2020\/route-des-creches-varennes.jpeg 1024w, https:\/\/ensemble-paroissial-reynies.fr\/wp-content\/uploads\/Route_des_cr\u00e8ches\/12-01-2020\/route-des-creches-varennes-300x224.jpeg 300w, https:\/\/ensemble-paroissial-reynies.fr\/wp-content\/uploads\/Route_des_cr\u00e8ches\/12-01-2020\/route-des-creches-varennes-768x573.jpeg 768w\" sizes=\"auto, (max-width: 1024px) 100vw, 1024px\" \/><\/a><figcaption class=\"wp-element-caption\">Varennes<\/figcaption><\/figure>\n<\/figure>\n<\/details>\n\n\n\n<hr class=\"wp-block-separator has-alpha-channel-opacity\"\/>\n\n\n\n<h2 class=\"wp-block-heading has-global-color-8-color has-text-color has-link-color wp-elements-04c9a2eb2cc854b94699e00117724a08\"><strong>Ann\u00e9e 2019<\/strong><\/h2>\n\n\n\n<details class=\"wp-block-details has-medium-font-size is-layout-flow wp-block-details-is-layout-flow\"><summary>Les statues de la vierge de nos villages<\/summary>\n<p>Dans le bulletin mensuel du mois de mai 2019 avait \u00e9t\u00e9 ins\u00e9r\u00e9e une page avec une photo des statues de la Vierge pr\u00e9sentes dans les villages de l\u2019ensemble paroissial. Le feuillet a \u00e9t\u00e9 modifi\u00e9 en f\u00e9vrier 2020, certaines paroisses ayant \u00e9t\u00e9 enlev\u00e9es de l\u2019Ensemble Paroissial (<em>cliquez sur l&rsquo;image ci-dessous pour voir le document<\/em>)<\/p>\n\n\n<div class=\"_df_thumb \" id=\"df_1778\"  _slug=\"les-statues-de-la-vierge-de-nos-villages\" data-title=\"les-statues-de-la-vierge-de-nos-villages\" wpoptions=\"true\" thumb=\"https:\/\/ensemble-paroissial-reynies.fr\/wp-content\/uploads\/maison_paroissiale\/DSC05091-rotated.jpg\" thumbtype=\"\" >Les statues de la Vierge de nos villages<\/div><script class=\"df-shortcode-script\" nowprocket type=\"application\/javascript\">window.option_df_1778 = {\"outline\":[],\"autoEnableOutline\":\"false\",\"autoEnableThumbnail\":\"false\",\"overwritePDFOutline\":\"false\",\"direction\":\"1\",\"pageSize\":\"0\",\"source\":\"https:\\\/\\\/ensemble-paroissial-reynies.fr\\\/wp-content\\\/uploads\\\/paroisse\\\/statue-vierge-fev-2020.pdf\",\"wpOptions\":\"true\"}; if(window.DFLIP && window.DFLIP.parseBooks){window.DFLIP.parseBooks();}<\/script>\n<\/details>\n\n\n\n<div style=\"height:5px\" aria-hidden=\"true\" class=\"wp-block-spacer\"><\/div>\n\n\n\n<details class=\"wp-block-details has-medium-font-size is-layout-flow wp-block-details-is-layout-flow\"><summary>Les croix de nos villages<\/summary>\n<p>Dans le bulletin mensuel du mois de mars 2019 avait \u00e9t\u00e9 ins\u00e9r\u00e9e une page avec une photo des croix pr\u00e9sentes dans les villages de l\u2019ensemble paroissial.&nbsp; Le feuillet a \u00e9t\u00e9 modifi\u00e9 en f\u00e9vrier 2020, certaines paroisses ayant \u00e9t\u00e9 enlev\u00e9es de l\u2019Ensemble Paroissial (<em>cliquez sur l&rsquo;image ci-dessous pour voir le document<\/em>)<\/p>\n\n\n<div class=\"_df_thumb \" id=\"df_1786\"  _slug=\"les-croix-de-nos-villages\" data-title=\"les-croix-de-nos-villages\" wpoptions=\"true\" thumb=\"https:\/\/ensemble-paroissial-reynies.fr\/wp-content\/uploads\/\u00e9glise_Reyni\u00e8s\/crreynies-1.jpg\" thumbtype=\"\" >Les croix de nos villages<\/div><script class=\"df-shortcode-script\" nowprocket type=\"application\/javascript\">window.option_df_1786 = {\"outline\":[],\"autoEnableOutline\":\"false\",\"autoEnableThumbnail\":\"false\",\"overwritePDFOutline\":\"false\",\"direction\":\"1\",\"pageSize\":\"0\",\"source\":\"https:\\\/\\\/ensemble-paroissial-reynies.fr\\\/wp-content\\\/uploads\\\/paroisse\\\/croix-de-nos-villages-fev-2020.pdf\",\"wpOptions\":\"true\"}; if(window.DFLIP && window.DFLIP.parseBooks){window.DFLIP.parseBooks();}<\/script>\n<\/details>\n\n\n\n<div style=\"height:5px\" aria-hidden=\"true\" class=\"wp-block-spacer\"><\/div>\n\n\n\n<details class=\"wp-block-details has-medium-font-size is-layout-flow wp-block-details-is-layout-flow\"><summary>Route des cr\u00e8ches janvier 2019<\/summary>\n<div style=\"height:11px\" aria-hidden=\"true\" class=\"wp-block-spacer\"><\/div>\n\n\n\n<figure class=\"wp-block-gallery has-nested-images columns-default wp-block-gallery-10 is-layout-flex wp-block-gallery-is-layout-flex\">\n<figure class=\"wp-block-image size-full\"><a href=\"https:\/\/ensemble-paroissial-reynies.fr\/wp-content\/uploads\/Route_des_cr\u00e8ches\/13_et_20_01-2019\/routecreche20191.jpg\"><img loading=\"lazy\" decoding=\"async\" width=\"1024\" height=\"776\" data-id=\"2200\" src=\"https:\/\/ensemble-paroissial-reynies.fr\/wp-content\/uploads\/Route_des_cr\u00e8ches\/13_et_20_01-2019\/routecreche20191.jpg\" alt=\"\" class=\"wp-image-2200\" srcset=\"https:\/\/ensemble-paroissial-reynies.fr\/wp-content\/uploads\/Route_des_cr\u00e8ches\/13_et_20_01-2019\/routecreche20191.jpg 1024w, https:\/\/ensemble-paroissial-reynies.fr\/wp-content\/uploads\/Route_des_cr\u00e8ches\/13_et_20_01-2019\/routecreche20191-300x227.jpg 300w, https:\/\/ensemble-paroissial-reynies.fr\/wp-content\/uploads\/Route_des_cr\u00e8ches\/13_et_20_01-2019\/routecreche20191-768x582.jpg 768w\" sizes=\"auto, (max-width: 1024px) 100vw, 1024px\" \/><\/a><figcaption class=\"wp-element-caption\">Route des cr\u00e8ches janvier 2019<\/figcaption><\/figure>\n\n\n\n<figure class=\"wp-block-image size-full\"><a href=\"https:\/\/ensemble-paroissial-reynies.fr\/wp-content\/uploads\/Route_des_cr\u00e8ches\/13_et_20_01-2019\/routecreche20193.jpg\"><img loading=\"lazy\" decoding=\"async\" width=\"1024\" height=\"768\" data-id=\"2203\" src=\"https:\/\/ensemble-paroissial-reynies.fr\/wp-content\/uploads\/Route_des_cr\u00e8ches\/13_et_20_01-2019\/routecreche20193.jpg\" alt=\"\" class=\"wp-image-2203\" srcset=\"https:\/\/ensemble-paroissial-reynies.fr\/wp-content\/uploads\/Route_des_cr\u00e8ches\/13_et_20_01-2019\/routecreche20193.jpg 1024w, https:\/\/ensemble-paroissial-reynies.fr\/wp-content\/uploads\/Route_des_cr\u00e8ches\/13_et_20_01-2019\/routecreche20193-300x225.jpg 300w, https:\/\/ensemble-paroissial-reynies.fr\/wp-content\/uploads\/Route_des_cr\u00e8ches\/13_et_20_01-2019\/routecreche20193-768x576.jpg 768w\" sizes=\"auto, (max-width: 1024px) 100vw, 1024px\" \/><\/a><figcaption class=\"wp-element-caption\">Reyni\u00e8s<\/figcaption><\/figure>\n\n\n\n<figure class=\"wp-block-image size-full\"><a href=\"https:\/\/ensemble-paroissial-reynies.fr\/wp-content\/uploads\/Route_des_cr\u00e8ches\/13_et_20_01-2019\/routecreche20194.jpg\"><img loading=\"lazy\" decoding=\"async\" width=\"1024\" height=\"768\" data-id=\"2204\" src=\"https:\/\/ensemble-paroissial-reynies.fr\/wp-content\/uploads\/Route_des_cr\u00e8ches\/13_et_20_01-2019\/routecreche20194.jpg\" alt=\"\" class=\"wp-image-2204\" srcset=\"https:\/\/ensemble-paroissial-reynies.fr\/wp-content\/uploads\/Route_des_cr\u00e8ches\/13_et_20_01-2019\/routecreche20194.jpg 1024w, https:\/\/ensemble-paroissial-reynies.fr\/wp-content\/uploads\/Route_des_cr\u00e8ches\/13_et_20_01-2019\/routecreche20194-300x225.jpg 300w, https:\/\/ensemble-paroissial-reynies.fr\/wp-content\/uploads\/Route_des_cr\u00e8ches\/13_et_20_01-2019\/routecreche20194-768x576.jpg 768w\" sizes=\"auto, (max-width: 1024px) 100vw, 1024px\" \/><\/a><figcaption class=\"wp-element-caption\">Reyni\u00e8s<\/figcaption><\/figure>\n\n\n\n<figure class=\"wp-block-image size-full\"><a href=\"https:\/\/ensemble-paroissial-reynies.fr\/wp-content\/uploads\/Route_des_cr\u00e8ches\/13_et_20_01-2019\/routecreche20195.jpg\"><img loading=\"lazy\" decoding=\"async\" width=\"1024\" height=\"576\" data-id=\"2201\" src=\"https:\/\/ensemble-paroissial-reynies.fr\/wp-content\/uploads\/Route_des_cr\u00e8ches\/13_et_20_01-2019\/routecreche20195.jpg\" alt=\"\" class=\"wp-image-2201\" srcset=\"https:\/\/ensemble-paroissial-reynies.fr\/wp-content\/uploads\/Route_des_cr\u00e8ches\/13_et_20_01-2019\/routecreche20195.jpg 1024w, https:\/\/ensemble-paroissial-reynies.fr\/wp-content\/uploads\/Route_des_cr\u00e8ches\/13_et_20_01-2019\/routecreche20195-300x169.jpg 300w, https:\/\/ensemble-paroissial-reynies.fr\/wp-content\/uploads\/Route_des_cr\u00e8ches\/13_et_20_01-2019\/routecreche20195-768x432.jpg 768w\" sizes=\"auto, (max-width: 1024px) 100vw, 1024px\" \/><\/a><figcaption class=\"wp-element-caption\">Labastide-Saint-Pierre<\/figcaption><\/figure>\n\n\n\n<figure class=\"wp-block-image size-full\"><a href=\"https:\/\/ensemble-paroissial-reynies.fr\/wp-content\/uploads\/Route_des_cr\u00e8ches\/13_et_20_01-2019\/routecreche20196.jpg\"><img loading=\"lazy\" decoding=\"async\" width=\"1024\" height=\"576\" data-id=\"2202\" src=\"https:\/\/ensemble-paroissial-reynies.fr\/wp-content\/uploads\/Route_des_cr\u00e8ches\/13_et_20_01-2019\/routecreche20196.jpg\" alt=\"\" class=\"wp-image-2202\" srcset=\"https:\/\/ensemble-paroissial-reynies.fr\/wp-content\/uploads\/Route_des_cr\u00e8ches\/13_et_20_01-2019\/routecreche20196.jpg 1024w, https:\/\/ensemble-paroissial-reynies.fr\/wp-content\/uploads\/Route_des_cr\u00e8ches\/13_et_20_01-2019\/routecreche20196-300x169.jpg 300w, https:\/\/ensemble-paroissial-reynies.fr\/wp-content\/uploads\/Route_des_cr\u00e8ches\/13_et_20_01-2019\/routecreche20196-768x432.jpg 768w\" sizes=\"auto, (max-width: 1024px) 100vw, 1024px\" \/><\/a><figcaption class=\"wp-element-caption\">Orgueil<\/figcaption><\/figure>\n\n\n\n<figure class=\"wp-block-image size-full\"><a href=\"https:\/\/ensemble-paroissial-reynies.fr\/wp-content\/uploads\/Route_des_cr\u00e8ches\/13_et_20_01-2019\/varennes-1.jpeg\"><img loading=\"lazy\" decoding=\"async\" width=\"1024\" height=\"768\" data-id=\"2207\" src=\"https:\/\/ensemble-paroissial-reynies.fr\/wp-content\/uploads\/Route_des_cr\u00e8ches\/13_et_20_01-2019\/varennes-1.jpeg\" alt=\"\" class=\"wp-image-2207\" srcset=\"https:\/\/ensemble-paroissial-reynies.fr\/wp-content\/uploads\/Route_des_cr\u00e8ches\/13_et_20_01-2019\/varennes-1.jpeg 1024w, https:\/\/ensemble-paroissial-reynies.fr\/wp-content\/uploads\/Route_des_cr\u00e8ches\/13_et_20_01-2019\/varennes-1-300x225.jpeg 300w, https:\/\/ensemble-paroissial-reynies.fr\/wp-content\/uploads\/Route_des_cr\u00e8ches\/13_et_20_01-2019\/varennes-1-768x576.jpeg 768w\" sizes=\"auto, (max-width: 1024px) 100vw, 1024px\" \/><\/a><figcaption class=\"wp-element-caption\">Verlhac-Tescou<\/figcaption><\/figure>\n\n\n\n<figure class=\"wp-block-image size-full\"><a href=\"https:\/\/ensemble-paroissial-reynies.fr\/wp-content\/uploads\/Route_des_cr\u00e8ches\/13_et_20_01-2019\/varennes-5.jpeg\"><img loading=\"lazy\" decoding=\"async\" width=\"1024\" height=\"768\" data-id=\"2209\" src=\"https:\/\/ensemble-paroissial-reynies.fr\/wp-content\/uploads\/Route_des_cr\u00e8ches\/13_et_20_01-2019\/varennes-5.jpeg\" alt=\"\" class=\"wp-image-2209\" srcset=\"https:\/\/ensemble-paroissial-reynies.fr\/wp-content\/uploads\/Route_des_cr\u00e8ches\/13_et_20_01-2019\/varennes-5.jpeg 1024w, https:\/\/ensemble-paroissial-reynies.fr\/wp-content\/uploads\/Route_des_cr\u00e8ches\/13_et_20_01-2019\/varennes-5-300x225.jpeg 300w, https:\/\/ensemble-paroissial-reynies.fr\/wp-content\/uploads\/Route_des_cr\u00e8ches\/13_et_20_01-2019\/varennes-5-768x576.jpeg 768w\" sizes=\"auto, (max-width: 1024px) 100vw, 1024px\" \/><\/a><figcaption class=\"wp-element-caption\">Verlhac-Tescou<\/figcaption><\/figure>\n\n\n\n<figure class=\"wp-block-image size-full\"><a href=\"https:\/\/ensemble-paroissial-reynies.fr\/wp-content\/uploads\/Route_des_cr\u00e8ches\/13_et_20_01-2019\/routecreche20192.jpg\"><img loading=\"lazy\" decoding=\"async\" width=\"1024\" height=\"767\" data-id=\"2205\" src=\"https:\/\/ensemble-paroissial-reynies.fr\/wp-content\/uploads\/Route_des_cr\u00e8ches\/13_et_20_01-2019\/routecreche20192.jpg\" alt=\"\" class=\"wp-image-2205\" srcset=\"https:\/\/ensemble-paroissial-reynies.fr\/wp-content\/uploads\/Route_des_cr\u00e8ches\/13_et_20_01-2019\/routecreche20192.jpg 1024w, https:\/\/ensemble-paroissial-reynies.fr\/wp-content\/uploads\/Route_des_cr\u00e8ches\/13_et_20_01-2019\/routecreche20192-300x225.jpg 300w, https:\/\/ensemble-paroissial-reynies.fr\/wp-content\/uploads\/Route_des_cr\u00e8ches\/13_et_20_01-2019\/routecreche20192-768x575.jpg 768w\" sizes=\"auto, (max-width: 1024px) 100vw, 1024px\" \/><\/a><figcaption class=\"wp-element-caption\">Villebrumier<\/figcaption><\/figure>\n\n\n\n<figure class=\"wp-block-image size-full\"><a href=\"https:\/\/ensemble-paroissial-reynies.fr\/wp-content\/uploads\/Route_des_cr\u00e8ches\/13_et_20_01-2019\/varennes-3.jpeg\"><img loading=\"lazy\" decoding=\"async\" width=\"1024\" height=\"768\" data-id=\"2210\" src=\"https:\/\/ensemble-paroissial-reynies.fr\/wp-content\/uploads\/Route_des_cr\u00e8ches\/13_et_20_01-2019\/varennes-3.jpeg\" alt=\"\" class=\"wp-image-2210\" srcset=\"https:\/\/ensemble-paroissial-reynies.fr\/wp-content\/uploads\/Route_des_cr\u00e8ches\/13_et_20_01-2019\/varennes-3.jpeg 1024w, https:\/\/ensemble-paroissial-reynies.fr\/wp-content\/uploads\/Route_des_cr\u00e8ches\/13_et_20_01-2019\/varennes-3-300x225.jpeg 300w, https:\/\/ensemble-paroissial-reynies.fr\/wp-content\/uploads\/Route_des_cr\u00e8ches\/13_et_20_01-2019\/varennes-3-768x576.jpeg 768w\" sizes=\"auto, (max-width: 1024px) 100vw, 1024px\" \/><\/a><figcaption class=\"wp-element-caption\">Villebrumier<\/figcaption><\/figure>\n\n\n\n<figure class=\"wp-block-image size-full\"><a href=\"https:\/\/ensemble-paroissial-reynies.fr\/wp-content\/uploads\/Route_des_cr\u00e8ches\/13_et_20_01-2019\/varennes-4.jpeg\"><img loading=\"lazy\" decoding=\"async\" width=\"1024\" height=\"768\" data-id=\"2208\" src=\"https:\/\/ensemble-paroissial-reynies.fr\/wp-content\/uploads\/Route_des_cr\u00e8ches\/13_et_20_01-2019\/varennes-4.jpeg\" alt=\"\" class=\"wp-image-2208\" srcset=\"https:\/\/ensemble-paroissial-reynies.fr\/wp-content\/uploads\/Route_des_cr\u00e8ches\/13_et_20_01-2019\/varennes-4.jpeg 1024w, https:\/\/ensemble-paroissial-reynies.fr\/wp-content\/uploads\/Route_des_cr\u00e8ches\/13_et_20_01-2019\/varennes-4-300x225.jpeg 300w, https:\/\/ensemble-paroissial-reynies.fr\/wp-content\/uploads\/Route_des_cr\u00e8ches\/13_et_20_01-2019\/varennes-4-768x576.jpeg 768w\" sizes=\"auto, (max-width: 1024px) 100vw, 1024px\" \/><\/a><figcaption class=\"wp-element-caption\">Varennes<\/figcaption><\/figure>\n\n\n\n<figure class=\"wp-block-image size-full\"><a href=\"https:\/\/ensemble-paroissial-reynies.fr\/wp-content\/uploads\/Route_des_cr\u00e8ches\/13_et_20_01-2019\/varennes-2.jpeg\"><img loading=\"lazy\" decoding=\"async\" width=\"1024\" height=\"768\" data-id=\"2206\" src=\"https:\/\/ensemble-paroissial-reynies.fr\/wp-content\/uploads\/Route_des_cr\u00e8ches\/13_et_20_01-2019\/varennes-2.jpeg\" alt=\"\" class=\"wp-image-2206\" srcset=\"https:\/\/ensemble-paroissial-reynies.fr\/wp-content\/uploads\/Route_des_cr\u00e8ches\/13_et_20_01-2019\/varennes-2.jpeg 1024w, https:\/\/ensemble-paroissial-reynies.fr\/wp-content\/uploads\/Route_des_cr\u00e8ches\/13_et_20_01-2019\/varennes-2-300x225.jpeg 300w, https:\/\/ensemble-paroissial-reynies.fr\/wp-content\/uploads\/Route_des_cr\u00e8ches\/13_et_20_01-2019\/varennes-2-768x576.jpeg 768w\" sizes=\"auto, (max-width: 1024px) 100vw, 1024px\" \/><\/a><figcaption class=\"wp-element-caption\">Varennes<\/figcaption><\/figure>\n<\/figure>\n<\/details>\n\n\n\n<hr class=\"wp-block-separator has-alpha-channel-opacity\"\/>\n","protected":false},"excerpt":{"rendered":"<p>Albums photos, articles, &#8230;. Ann\u00e9e 2026 Ann\u00e9e 2025 Ann\u00e9e 2024 Ann\u00e9e 2023 Ann\u00e9e 2021 Ann\u00e9e 2020 Ann\u00e9e 2019<\/p>\n","protected":false},"author":1,"featured_media":0,"parent":535,"menu_order":70,"comment_status":"closed","ping_status":"closed","template":"","meta":{"_eb_attr":"","pgc_sgb_lightbox_settings":"","footnotes":""},"class_list":["post-1773","page","type-page","status-publish"],"yoast_head":"<!-- This site is optimized with the Yoast SEO plugin v27.5 - https:\/\/yoast.com\/product\/yoast-seo-wordpress\/ -->\n<title>Souvenirs - Ensemble paroissial de Reyni\u00e8s<\/title>\n<meta name=\"description\" content=\"Ensemble paroissial de Reyni\u00e8s - Ensemble paroissial de Reyni\u00e8s\" \/>\n<meta name=\"robots\" content=\"index, follow, max-snippet:-1, max-image-preview:large, max-video-preview:-1\" \/>\n<link rel=\"canonical\" href=\"https:\/\/ensemble-paroissial-reynies.fr\/?page_id=1773\" \/>\n<meta property=\"og:locale\" content=\"fr_FR\" \/>\n<meta property=\"og:type\" content=\"article\" \/>\n<meta property=\"og:title\" content=\"Souvenirs - Ensemble paroissial de Reyni\u00e8s\" \/>\n<meta property=\"og:description\" content=\"Ensemble paroissial de Reyni\u00e8s - Ensemble paroissial de Reyni\u00e8s\" \/>\n<meta property=\"og:url\" content=\"https:\/\/ensemble-paroissial-reynies.fr\/?page_id=1773\" \/>\n<meta property=\"og:site_name\" content=\"Ensemble paroissial de Reyni\u00e8s\" \/>\n<meta property=\"article:modified_time\" content=\"2026-01-18T13:36:29+00:00\" \/>\n<meta property=\"og:image\" content=\"https:\/\/ensemble-paroissial-reynies.fr\/wp-content\/uploads\/Installation_pere_herman_08_10_2023\/dsc06268-scaled-1-1024x768.jpg\" \/>\n<meta name=\"twitter:card\" content=\"summary_large_image\" \/>\n<meta name=\"twitter:label1\" content=\"Dur\u00e9e de lecture estim\u00e9e\" \/>\n\t<meta name=\"twitter:data1\" content=\"53 minutes\" \/>\n<script type=\"application\/ld+json\" class=\"yoast-schema-graph\">{\"@context\":\"https:\\\/\\\/schema.org\",\"@graph\":[{\"@type\":\"WebPage\",\"@id\":\"https:\\\/\\\/ensemble-paroissial-reynies.fr\\\/?page_id=1773\",\"url\":\"https:\\\/\\\/ensemble-paroissial-reynies.fr\\\/?page_id=1773\",\"name\":\"Souvenirs - Ensemble paroissial de Reyni\u00e8s\",\"isPartOf\":{\"@id\":\"https:\\\/\\\/ensemble-paroissial-reynies.fr\\\/#website\"},\"primaryImageOfPage\":{\"@id\":\"https:\\\/\\\/ensemble-paroissial-reynies.fr\\\/?page_id=1773#primaryimage\"},\"image\":{\"@id\":\"https:\\\/\\\/ensemble-paroissial-reynies.fr\\\/?page_id=1773#primaryimage\"},\"thumbnailUrl\":\"https:\\\/\\\/ensemble-paroissial-reynies.fr\\\/wp-content\\\/uploads\\\/Installation_pere_herman_08_10_2023\\\/dsc06268-scaled-1-1024x768.jpg\",\"datePublished\":\"2026-01-18T13:33:34+00:00\",\"dateModified\":\"2026-01-18T13:36:29+00:00\",\"description\":\"Ensemble paroissial de Reyni\u00e8s - Ensemble paroissial de Reyni\u00e8s\",\"breadcrumb\":{\"@id\":\"https:\\\/\\\/ensemble-paroissial-reynies.fr\\\/?page_id=1773#breadcrumb\"},\"inLanguage\":\"fr-FR\",\"potentialAction\":[{\"@type\":\"ReadAction\",\"target\":[\"https:\\\/\\\/ensemble-paroissial-reynies.fr\\\/?page_id=1773\"]}]},{\"@type\":\"ImageObject\",\"inLanguage\":\"fr-FR\",\"@id\":\"https:\\\/\\\/ensemble-paroissial-reynies.fr\\\/?page_id=1773#primaryimage\",\"url\":\"https:\\\/\\\/ensemble-paroissial-reynies.fr\\\/wp-content\\\/uploads\\\/Installation_pere_herman_08_10_2023\\\/dsc06268-scaled-1.jpg\",\"contentUrl\":\"https:\\\/\\\/ensemble-paroissial-reynies.fr\\\/wp-content\\\/uploads\\\/Installation_pere_herman_08_10_2023\\\/dsc06268-scaled-1.jpg\",\"width\":2560,\"height\":1920,\"caption\":\"\"},{\"@type\":\"BreadcrumbList\",\"@id\":\"https:\\\/\\\/ensemble-paroissial-reynies.fr\\\/?page_id=1773#breadcrumb\",\"itemListElement\":[{\"@type\":\"ListItem\",\"position\":1,\"name\":\"Home\",\"item\":\"https:\\\/\\\/ensemble-paroissial-reynies.fr\\\/\"},{\"@type\":\"ListItem\",\"position\":2,\"name\":\"Accueil\",\"item\":\"https:\\\/\\\/ensemble-paroissial-reynies.fr\\\/\"},{\"@type\":\"ListItem\",\"position\":3,\"name\":\"D\u00e9couvrir l&#8217;Ensemble Paroissial\",\"item\":\"https:\\\/\\\/ensemble-paroissial-reynies.fr\\\/?page_id=535\"},{\"@type\":\"ListItem\",\"position\":4,\"name\":\"Souvenirs\"}]},{\"@type\":\"WebSite\",\"@id\":\"https:\\\/\\\/ensemble-paroissial-reynies.fr\\\/#website\",\"url\":\"https:\\\/\\\/ensemble-paroissial-reynies.fr\\\/\",\"name\":\"Ensemble paroissial de Reyni\u00e8s\",\"description\":\"\",\"publisher\":{\"@id\":\"https:\\\/\\\/ensemble-paroissial-reynies.fr\\\/#organization\"},\"alternateName\":\"EPReyni\u00e8s\",\"potentialAction\":[{\"@type\":\"SearchAction\",\"target\":{\"@type\":\"EntryPoint\",\"urlTemplate\":\"https:\\\/\\\/ensemble-paroissial-reynies.fr\\\/?s={search_term_string}\"},\"query-input\":{\"@type\":\"PropertyValueSpecification\",\"valueRequired\":true,\"valueName\":\"search_term_string\"}}],\"inLanguage\":\"fr-FR\"},{\"@type\":\"Organization\",\"@id\":\"https:\\\/\\\/ensemble-paroissial-reynies.fr\\\/#organization\",\"name\":\"Ensemble paroissial de Reyni\u00e8s\",\"alternateName\":\"EPReyni\u00e8s\",\"url\":\"https:\\\/\\\/ensemble-paroissial-reynies.fr\\\/\",\"logo\":{\"@type\":\"ImageObject\",\"inLanguage\":\"fr-FR\",\"@id\":\"https:\\\/\\\/ensemble-paroissial-reynies.fr\\\/#\\\/schema\\\/logo\\\/image\\\/\",\"url\":\"https:\\\/\\\/ensemble-paroissial-reynies.fr\\\/wp-content\\\/uploads\\\/paroisse\\\/nouveau-logo-catechisme-paroisse-07-2023.jpg\",\"contentUrl\":\"https:\\\/\\\/ensemble-paroissial-reynies.fr\\\/wp-content\\\/uploads\\\/paroisse\\\/nouveau-logo-catechisme-paroisse-07-2023.jpg\",\"width\":666,\"height\":698,\"caption\":\"Ensemble paroissial de Reyni\u00e8s\"},\"image\":{\"@id\":\"https:\\\/\\\/ensemble-paroissial-reynies.fr\\\/#\\\/schema\\\/logo\\\/image\\\/\"}}]}<\/script>\n<!-- \/ Yoast SEO plugin. -->","yoast_head_json":{"title":"Souvenirs - Ensemble paroissial de Reyni\u00e8s","description":"Ensemble paroissial de Reyni\u00e8s - Ensemble paroissial de Reyni\u00e8s","robots":{"index":"index","follow":"follow","max-snippet":"max-snippet:-1","max-image-preview":"max-image-preview:large","max-video-preview":"max-video-preview:-1"},"canonical":"https:\/\/ensemble-paroissial-reynies.fr\/?page_id=1773","og_locale":"fr_FR","og_type":"article","og_title":"Souvenirs - Ensemble paroissial de Reyni\u00e8s","og_description":"Ensemble paroissial de Reyni\u00e8s - Ensemble paroissial de Reyni\u00e8s","og_url":"https:\/\/ensemble-paroissial-reynies.fr\/?page_id=1773","og_site_name":"Ensemble paroissial de Reyni\u00e8s","article_modified_time":"2026-01-18T13:36:29+00:00","og_image":[{"url":"https:\/\/ensemble-paroissial-reynies.fr\/wp-content\/uploads\/Installation_pere_herman_08_10_2023\/dsc06268-scaled-1-1024x768.jpg","type":"","width":"","height":""}],"twitter_card":"summary_large_image","twitter_misc":{"Dur\u00e9e de lecture estim\u00e9e":"53 minutes"},"schema":{"@context":"https:\/\/schema.org","@graph":[{"@type":"WebPage","@id":"https:\/\/ensemble-paroissial-reynies.fr\/?page_id=1773","url":"https:\/\/ensemble-paroissial-reynies.fr\/?page_id=1773","name":"Souvenirs - Ensemble paroissial de Reyni\u00e8s","isPartOf":{"@id":"https:\/\/ensemble-paroissial-reynies.fr\/#website"},"primaryImageOfPage":{"@id":"https:\/\/ensemble-paroissial-reynies.fr\/?page_id=1773#primaryimage"},"image":{"@id":"https:\/\/ensemble-paroissial-reynies.fr\/?page_id=1773#primaryimage"},"thumbnailUrl":"https:\/\/ensemble-paroissial-reynies.fr\/wp-content\/uploads\/Installation_pere_herman_08_10_2023\/dsc06268-scaled-1-1024x768.jpg","datePublished":"2026-01-18T13:33:34+00:00","dateModified":"2026-01-18T13:36:29+00:00","description":"Ensemble paroissial de Reyni\u00e8s - Ensemble paroissial de Reyni\u00e8s","breadcrumb":{"@id":"https:\/\/ensemble-paroissial-reynies.fr\/?page_id=1773#breadcrumb"},"inLanguage":"fr-FR","potentialAction":[{"@type":"ReadAction","target":["https:\/\/ensemble-paroissial-reynies.fr\/?page_id=1773"]}]},{"@type":"ImageObject","inLanguage":"fr-FR","@id":"https:\/\/ensemble-paroissial-reynies.fr\/?page_id=1773#primaryimage","url":"https:\/\/ensemble-paroissial-reynies.fr\/wp-content\/uploads\/Installation_pere_herman_08_10_2023\/dsc06268-scaled-1.jpg","contentUrl":"https:\/\/ensemble-paroissial-reynies.fr\/wp-content\/uploads\/Installation_pere_herman_08_10_2023\/dsc06268-scaled-1.jpg","width":2560,"height":1920,"caption":""},{"@type":"BreadcrumbList","@id":"https:\/\/ensemble-paroissial-reynies.fr\/?page_id=1773#breadcrumb","itemListElement":[{"@type":"ListItem","position":1,"name":"Home","item":"https:\/\/ensemble-paroissial-reynies.fr\/"},{"@type":"ListItem","position":2,"name":"Accueil","item":"https:\/\/ensemble-paroissial-reynies.fr\/"},{"@type":"ListItem","position":3,"name":"D\u00e9couvrir l&#8217;Ensemble Paroissial","item":"https:\/\/ensemble-paroissial-reynies.fr\/?page_id=535"},{"@type":"ListItem","position":4,"name":"Souvenirs"}]},{"@type":"WebSite","@id":"https:\/\/ensemble-paroissial-reynies.fr\/#website","url":"https:\/\/ensemble-paroissial-reynies.fr\/","name":"Ensemble paroissial de Reyni\u00e8s","description":"","publisher":{"@id":"https:\/\/ensemble-paroissial-reynies.fr\/#organization"},"alternateName":"EPReyni\u00e8s","potentialAction":[{"@type":"SearchAction","target":{"@type":"EntryPoint","urlTemplate":"https:\/\/ensemble-paroissial-reynies.fr\/?s={search_term_string}"},"query-input":{"@type":"PropertyValueSpecification","valueRequired":true,"valueName":"search_term_string"}}],"inLanguage":"fr-FR"},{"@type":"Organization","@id":"https:\/\/ensemble-paroissial-reynies.fr\/#organization","name":"Ensemble paroissial de Reyni\u00e8s","alternateName":"EPReyni\u00e8s","url":"https:\/\/ensemble-paroissial-reynies.fr\/","logo":{"@type":"ImageObject","inLanguage":"fr-FR","@id":"https:\/\/ensemble-paroissial-reynies.fr\/#\/schema\/logo\/image\/","url":"https:\/\/ensemble-paroissial-reynies.fr\/wp-content\/uploads\/paroisse\/nouveau-logo-catechisme-paroisse-07-2023.jpg","contentUrl":"https:\/\/ensemble-paroissial-reynies.fr\/wp-content\/uploads\/paroisse\/nouveau-logo-catechisme-paroisse-07-2023.jpg","width":666,"height":698,"caption":"Ensemble paroissial de Reyni\u00e8s"},"image":{"@id":"https:\/\/ensemble-paroissial-reynies.fr\/#\/schema\/logo\/image\/"}}]}},"featured_image_src":null,"featured_image_src_square":null,"_links":{"self":[{"href":"https:\/\/ensemble-paroissial-reynies.fr\/index.php?rest_route=\/wp\/v2\/pages\/1773","targetHints":{"allow":["GET"]}}],"collection":[{"href":"https:\/\/ensemble-paroissial-reynies.fr\/index.php?rest_route=\/wp\/v2\/pages"}],"about":[{"href":"https:\/\/ensemble-paroissial-reynies.fr\/index.php?rest_route=\/wp\/v2\/types\/page"}],"author":[{"embeddable":true,"href":"https:\/\/ensemble-paroissial-reynies.fr\/index.php?rest_route=\/wp\/v2\/users\/1"}],"replies":[{"embeddable":true,"href":"https:\/\/ensemble-paroissial-reynies.fr\/index.php?rest_route=%2Fwp%2Fv2%2Fcomments&post=1773"}],"version-history":[{"count":0,"href":"https:\/\/ensemble-paroissial-reynies.fr\/index.php?rest_route=\/wp\/v2\/pages\/1773\/revisions"}],"up":[{"embeddable":true,"href":"https:\/\/ensemble-paroissial-reynies.fr\/index.php?rest_route=\/wp\/v2\/pages\/535"}],"wp:attachment":[{"href":"https:\/\/ensemble-paroissial-reynies.fr\/index.php?rest_route=%2Fwp%2Fv2%2Fmedia&parent=1773"}],"curies":[{"name":"wp","href":"https:\/\/api.w.org\/{rel}","templated":true}]}}