{"id":1759,"date":"2024-10-08T23:50:56","date_gmt":"2024-10-08T21:50:56","guid":{"rendered":"https:\/\/ensemble-paroissial-reynies.fr\/?page_id=1759"},"modified":"2025-09-16T17:18:10","modified_gmt":"2025-09-16T15:18:10","slug":"actualites-2","status":"publish","type":"page","link":"https:\/\/ensemble-paroissial-reynies.fr\/?page_id=1759","title":{"rendered":"Actualit\u00e9s"},"content":{"rendered":"\n<div class=\"wp-block-query is-layout-flow wp-block-query-is-layout-flow\"><ul class=\"columns-2 wp-block-post-template has-small-font-size is-layout-grid wp-container-core-post-template-is-layout-f6ab3723 wp-block-post-template-is-layout-grid\"><li class=\"wp-block-post post-2817 post type-post status-publish format-standard has-post-thumbnail hentry category-actualites category-diocese\">\n\n<div class=\"wp-block-group has-base-background-color has-background\" style=\"padding-top:30px;padding-right:30px;padding-bottom:30px;padding-left:30px\"><div class=\"wp-block-group__inner-container is-layout-flow wp-block-group-is-layout-flow\"><h2 style=\"font-style:normal;font-weight:600;\" class=\"wp-block-post-title has-medium-font-size\"><a href=\"https:\/\/ensemble-paroissial-reynies.fr\/?p=2817\" target=\"_self\" >Lette Info du dioc\u00e8se avril 2026<\/a><\/h2>\n\n<div class=\"wp-block-post-excerpt\"><p class=\"wp-block-post-excerpt__excerpt\"><\/p><p class=\"wp-block-post-excerpt__more-text\"><a class=\"wp-block-post-excerpt__more-link\" href=\"https:\/\/ensemble-paroissial-reynies.fr\/?p=2817\">Lire la suite<\/a><\/p><\/div>\n\n<div class=\"wp-block-post-date\"><time datetime=\"2026-04-29T14:11:01+02:00\">29\/04\/2026<\/time><\/div><\/div><\/div>\n\n<\/li><li class=\"wp-block-post post-202 post type-post status-publish format-standard has-post-thumbnail hentry category-actualites\">\n\n<div class=\"wp-block-group has-base-background-color has-background\" style=\"padding-top:30px;padding-right:30px;padding-bottom:30px;padding-left:30px\"><div class=\"wp-block-group__inner-container is-layout-flow wp-block-group-is-layout-flow\"><h2 style=\"font-style:normal;font-weight:600;\" class=\"wp-block-post-title has-medium-font-size\"><a href=\"https:\/\/ensemble-paroissial-reynies.fr\/?p=202\" target=\"_self\" >Messes semaine 18<\/a><\/h2>\n\n<div class=\"wp-block-post-excerpt\"><p class=\"wp-block-post-excerpt__excerpt\">Calendrier des offices de la semaine<\/p><p class=\"wp-block-post-excerpt__more-text\"><a class=\"wp-block-post-excerpt__more-link\" href=\"https:\/\/ensemble-paroissial-reynies.fr\/?p=202\">Lire la suite<\/a><\/p><\/div>\n\n<div class=\"wp-block-post-date\"><time datetime=\"2026-04-24T22:45:00+02:00\">24\/04\/2026<\/time><\/div><\/div><\/div>\n\n<\/li><li class=\"wp-block-post post-3555 post type-post status-publish format-standard has-post-thumbnail hentry category-actualites\">\n\n<div class=\"wp-block-group has-base-background-color has-background\" style=\"padding-top:30px;padding-right:30px;padding-bottom:30px;padding-left:30px\"><div class=\"wp-block-group__inner-container is-layout-flow wp-block-group-is-layout-flow\"><h2 style=\"font-style:normal;font-weight:600;\" class=\"wp-block-post-title has-medium-font-size\"><a href=\"https:\/\/ensemble-paroissial-reynies.fr\/?p=3555\" target=\"_self\" >Bulletin paroissial mai 2026<\/a><\/h2>\n\n<div class=\"wp-block-post-excerpt\"><p class=\"wp-block-post-excerpt__excerpt\">Chaque mois un petit feuillet est publi\u00e9 pour l\u2019ensemble paroissial. Il contient la liste des personnes dont on a c\u00e9l\u00e9br\u00e9 les obs\u00e8ques dans nos \u00e9glises depuis le pr\u00e9c\u00e8dent bulletin, des pri\u00e8res, des informations diverses, \u2026 et une page avec les horaires des messes et c\u00e9l\u00e9brations pr\u00e9vues dans le mois.<\/p><p class=\"wp-block-post-excerpt__more-text\"><a class=\"wp-block-post-excerpt__more-link\" href=\"https:\/\/ensemble-paroissial-reynies.fr\/?p=3555\">Lire la suite<\/a><\/p><\/div>\n\n<div class=\"wp-block-post-date\"><time datetime=\"2026-04-24T16:25:25+02:00\">24\/04\/2026<\/time><\/div><\/div><\/div>\n\n<\/li><li class=\"wp-block-post post-4864 post type-post status-publish format-standard has-post-thumbnail hentry category-actualites\">\n\n<div class=\"wp-block-group has-base-background-color has-background\" style=\"padding-top:30px;padding-right:30px;padding-bottom:30px;padding-left:30px\"><div class=\"wp-block-group__inner-container is-layout-flow wp-block-group-is-layout-flow\"><h2 style=\"font-style:normal;font-weight:600;\" class=\"wp-block-post-title has-medium-font-size\"><a href=\"https:\/\/ensemble-paroissial-reynies.fr\/?p=4864\" target=\"_self\" >La paroisse dans votre poche !<\/a><\/h2>\n\n<div class=\"wp-block-post-excerpt\"><p class=\"wp-block-post-excerpt__excerpt\">Dans notre poche, aujourd&rsquo;hui, la tr\u00e8s grande majorit\u00e9 d&rsquo;entre nous transporte sa banque, ses contacts, ses mails, sa liste de course, ses albums photos, &#8230; Et oui ! notre t\u00e9l\u00e9phone mobile sert de moins en moins \u00e0 t\u00e9l\u00e9phoner et est de plus en plus un bureau portatif n\u00e9cessaire et m\u00eame quelque fois obligatoire pour faire<\/p><p class=\"wp-block-post-excerpt__more-text\"><a class=\"wp-block-post-excerpt__more-link\" href=\"https:\/\/ensemble-paroissial-reynies.fr\/?p=4864\">Lire la suite<\/a><\/p><\/div>\n\n<div class=\"wp-block-post-date\"><time datetime=\"2026-04-14T12:56:56+02:00\">14\/04\/2026<\/time><\/div><\/div><\/div>\n\n<\/li><li class=\"wp-block-post post-1286 post type-post status-publish format-standard has-post-thumbnail hentry category-actualites\">\n\n<div class=\"wp-block-group has-base-background-color has-background\" style=\"padding-top:30px;padding-right:30px;padding-bottom:30px;padding-left:30px\"><div class=\"wp-block-group__inner-container is-layout-flow wp-block-group-is-layout-flow\"><h2 style=\"font-style:normal;font-weight:600;\" class=\"wp-block-post-title has-medium-font-size\"><a href=\"https:\/\/ensemble-paroissial-reynies.fr\/?p=1286\" target=\"_self\" >Nos paroisses ont besoin de vous !<\/a><\/h2>\n\n<div class=\"wp-block-post-excerpt\"><p class=\"wp-block-post-excerpt__excerpt\">Vous avez peu ou beaucoup de temps, vous avez envie de vous rendre utile pour votre paroisse, &#8230; De nombreux services pour l&rsquo;ensemble paroissial et chaque \u00e9glise ont grand besoin de vous, quelque soit vos talents vous saurez vous rendre utile. Que ce soit pour un peu de m\u00e9nage dans nos \u00e9glises, fleurir, pour accompagner<\/p><p class=\"wp-block-post-excerpt__more-text\"><a class=\"wp-block-post-excerpt__more-link\" href=\"https:\/\/ensemble-paroissial-reynies.fr\/?p=1286\">Lire la suite<\/a><\/p><\/div>\n\n<div class=\"wp-block-post-date\"><time datetime=\"2026-04-14T11:09:28+02:00\">14\/04\/2026<\/time><\/div><\/div><\/div>\n\n<\/li><li class=\"wp-block-post post-4792 post type-post status-publish format-standard has-post-thumbnail hentry category-actualites\">\n\n<div class=\"wp-block-group has-base-background-color has-background\" style=\"padding-top:30px;padding-right:30px;padding-bottom:30px;padding-left:30px\"><div class=\"wp-block-group__inner-container is-layout-flow wp-block-group-is-layout-flow\"><h2 style=\"font-style:normal;font-weight:600;\" class=\"wp-block-post-title has-medium-font-size\"><a href=\"https:\/\/ensemble-paroissial-reynies.fr\/?p=4792\" target=\"_self\" >\u00ab\u00a0Que ceux qui ont le pouvoir de d\u00e9clencher des guerres choisissent la Paix\u00a0\u00bb<\/a><\/h2>\n\n<div class=\"wp-block-post-excerpt\"><p class=\"wp-block-post-excerpt__excerpt\">Le Christ est ressuscit\u00e9 All\u00e9luia ! R\u00e9jouissons nous ! Bonne f\u00eate de P\u00e2ques \u00e0 tous \u00ab\u00a0Que ceux qui ont le pouvoir de d\u00e9clencher des guerres choisissent la Paix\u00a0\u00bb , c&rsquo;est le Message du pape L\u00e9on XIV. Retrouvez son message Pascal et sa b\u00e9n\u00e9diction Urbi et Orbi sur le site du Vatican : https:\/\/www.vaticannews.va\/fr\/pape\/news\/2026-04\/benediction-urbi-et-orbi-paques-pape-leon-xiv-paix.html<\/p><p class=\"wp-block-post-excerpt__more-text\"><a class=\"wp-block-post-excerpt__more-link\" href=\"https:\/\/ensemble-paroissial-reynies.fr\/?p=4792\">Lire la suite<\/a><\/p><\/div>\n\n<div class=\"wp-block-post-date\"><time datetime=\"2026-04-05T12:47:28+02:00\">05\/04\/2026<\/time><\/div><\/div><\/div>\n\n<\/li><li class=\"wp-block-post post-3726 post type-post status-publish format-standard has-post-thumbnail hentry category-actualites\">\n\n<div class=\"wp-block-group has-base-background-color has-background\" style=\"padding-top:30px;padding-right:30px;padding-bottom:30px;padding-left:30px\"><div class=\"wp-block-group__inner-container is-layout-flow wp-block-group-is-layout-flow\"><h2 style=\"font-style:normal;font-weight:600;\" class=\"wp-block-post-title has-medium-font-size\"><a href=\"https:\/\/ensemble-paroissial-reynies.fr\/?p=3726\" target=\"_self\" >Denier de l&rsquo;\u00c9glise 2026 &#8211; Pour que l&rsquo;\u00c9glise puisse vivre, donnez !<\/a><\/h2>\n\n<div class=\"wp-block-post-excerpt\"><p class=\"wp-block-post-excerpt__excerpt\">L\u2019\u00c9glise de Tarn-et-Garonne ne peut pas vivre et assurer ses missions d\u2019\u00e9vang\u00e9lisation sans le soutien financier de ses fid\u00e8les.Dans nos \u00e9glises vous trouverez la lettre du denier, vous pouvez aussi faire un don en ligne : https:\/\/don.diocese-montauban.fr\/denier et, si vous le pouvez, mettez en place un pr\u00e9l\u00e8vement mensuel La page ci-dessous parue dans la lettre-info<\/p><p class=\"wp-block-post-excerpt__more-text\"><a class=\"wp-block-post-excerpt__more-link\" href=\"https:\/\/ensemble-paroissial-reynies.fr\/?p=3726\">Lire la suite<\/a><\/p><\/div>\n\n<div class=\"wp-block-post-date\"><time datetime=\"2026-03-31T10:51:15+02:00\">31\/03\/2026<\/time><\/div><\/div><\/div>\n\n<\/li><li class=\"wp-block-post post-4685 post type-post status-publish format-standard has-post-thumbnail hentry category-actualites category-diocese\">\n\n<div class=\"wp-block-group has-base-background-color has-background\" style=\"padding-top:30px;padding-right:30px;padding-bottom:30px;padding-left:30px\"><div class=\"wp-block-group__inner-container is-layout-flow wp-block-group-is-layout-flow\"><h2 style=\"font-style:normal;font-weight:600;\" class=\"wp-block-post-title has-medium-font-size\"><a href=\"https:\/\/ensemble-paroissial-reynies.fr\/?p=4685\" target=\"_self\" >Aide \u00e0 l&rsquo;\u00c9glise en d\u00e9tresse<\/a><\/h2>\n\n<div class=\"wp-block-post-excerpt\"><p class=\"wp-block-post-excerpt__excerpt\">Article paru dans la Lettre Info dioc\u00e9saine du mois de janvier 2026<\/p><p class=\"wp-block-post-excerpt__more-text\"><a class=\"wp-block-post-excerpt__more-link\" href=\"https:\/\/ensemble-paroissial-reynies.fr\/?p=4685\">Lire la suite<\/a><\/p><\/div>\n\n<div class=\"wp-block-post-date\"><time datetime=\"2026-03-09T11:03:30+01:00\">09\/03\/2026<\/time><\/div><\/div><\/div>\n\n<\/li><li class=\"wp-block-post post-4664 post type-post status-publish format-standard has-post-thumbnail hentry category-actualites category-diocese\">\n\n<div class=\"wp-block-group has-base-background-color has-background\" style=\"padding-top:30px;padding-right:30px;padding-bottom:30px;padding-left:30px\"><div class=\"wp-block-group__inner-container is-layout-flow wp-block-group-is-layout-flow\"><h2 style=\"font-style:normal;font-weight:600;\" class=\"wp-block-post-title has-medium-font-size\"><a href=\"https:\/\/ensemble-paroissial-reynies.fr\/?p=4664\" target=\"_self\" >Rejoignez les \u00e9quipes de l&rsquo;hospitalit\u00e9 dioc\u00e9saine !<\/a><\/h2>\n\n<div class=\"wp-block-post-excerpt\"><p class=\"wp-block-post-excerpt__excerpt\"><\/p><p class=\"wp-block-post-excerpt__more-text\"><a class=\"wp-block-post-excerpt__more-link\" href=\"https:\/\/ensemble-paroissial-reynies.fr\/?p=4664\">Lire la suite<\/a><\/p><\/div>\n\n<div class=\"wp-block-post-date\"><time datetime=\"2026-02-26T23:50:19+01:00\">26\/02\/2026<\/time><\/div><\/div><\/div>\n\n<\/li><li class=\"wp-block-post post-4475 post type-post status-publish format-standard has-post-thumbnail hentry category-actualites category-diocese\">\n\n<div class=\"wp-block-group has-base-background-color has-background\" style=\"padding-top:30px;padding-right:30px;padding-bottom:30px;padding-left:30px\"><div class=\"wp-block-group__inner-container is-layout-flow wp-block-group-is-layout-flow\"><h2 style=\"font-style:normal;font-weight:600;\" class=\"wp-block-post-title has-medium-font-size\"><a href=\"https:\/\/ensemble-paroissial-reynies.fr\/?p=4475\" target=\"_self\" >D\u00e9cret sur le casuel &#8211; Dioc\u00e8se de Montauban<\/a><\/h2>\n\n<div class=\"wp-block-post-excerpt\"><p class=\"wp-block-post-excerpt__excerpt\"><\/p><p class=\"wp-block-post-excerpt__more-text\"><a class=\"wp-block-post-excerpt__more-link\" href=\"https:\/\/ensemble-paroissial-reynies.fr\/?p=4475\">Lire la suite<\/a><\/p><\/div>\n\n<div class=\"wp-block-post-date\"><time datetime=\"2025-12-22T17:02:17+01:00\">22\/12\/2025<\/time><\/div><\/div><\/div>\n\n<\/li><\/ul>\n\n\n<hr class=\"wp-block-separator has-alpha-channel-opacity\"\/>\n<\/div>\n\n\n\n<div class=\"wp-block-cover gb-block-cta\" style=\"padding-top:2%;min-height:78px;aspect-ratio:unset;\"><span aria-hidden=\"true\" class=\"wp-block-cover__background has-background-dim-100 has-background-dim\" style=\"background-color:#f2f2f2\"><\/span><div class=\"wp-block-cover__inner-container is-layout-flow wp-block-cover-is-layout-flow\">\n<h2 class=\"wp-block-heading has-text-align-center\" style=\"font-size:32px;line-height:1\"><\/h2>\n\n\n\n<p class=\"has-text-align-center\" style=\"line-height:1\"><\/p>\n\n\n\n<div class=\"wp-block-buttons is-content-justification-center is-layout-flex wp-container-core-buttons-is-layout-16018d1d wp-block-buttons-is-layout-flex\">\n<div class=\"wp-block-button has-custom-width wp-block-button__width-50 gb-block-button is-style-outline is-style-outline--1\"><a class=\"wp-block-button__link has-text-color has-background has-medium-font-size has-custom-font-size wp-element-button\" href=\"https:\/\/www.diocese-montauban.fr\/actualites\/\" style=\"border-radius:56px;color:#ffffff;background-color:#3373dc;padding-top:10px;padding-right:1em;padding-bottom:10px;padding-left:1em;line-height:1.2\">Actualit\u00e9s du dioc\u00e8se<\/a><\/div>\n<\/div>\n<\/div><\/div>\n\n\n\n<hr class=\"wp-block-separator has-alpha-channel-opacity\"\/>\n","protected":false},"excerpt":{"rendered":"","protected":false},"author":1,"featured_media":0,"parent":77,"menu_order":1,"comment_status":"closed","ping_status":"closed","template":"","meta":{"_eb_attr":"","pgc_sgb_lightbox_settings":"","footnotes":""},"class_list":["post-1759","page","type-page","status-publish"],"yoast_head":"<!-- This site is optimized with the Yoast SEO plugin v27.5 - https:\/\/yoast.com\/product\/yoast-seo-wordpress\/ -->\n<title>Actualit\u00e9s - Ensemble paroissial de Reyni\u00e8s<\/title>\n<meta name=\"description\" content=\"Ensemble paroissial de Reyni\u00e8s - Ensemble paroissial de Reyni\u00e8s\" \/>\n<meta name=\"robots\" content=\"index, follow, max-snippet:-1, max-image-preview:large, max-video-preview:-1\" \/>\n<link rel=\"canonical\" href=\"https:\/\/ensemble-paroissial-reynies.fr\/?page_id=1759\" \/>\n<meta property=\"og:locale\" content=\"fr_FR\" \/>\n<meta property=\"og:type\" content=\"article\" \/>\n<meta property=\"og:title\" content=\"Actualit\u00e9s - Ensemble paroissial de Reyni\u00e8s\" \/>\n<meta property=\"og:description\" content=\"Ensemble paroissial de Reyni\u00e8s - Ensemble paroissial de Reyni\u00e8s\" \/>\n<meta property=\"og:url\" content=\"https:\/\/ensemble-paroissial-reynies.fr\/?page_id=1759\" \/>\n<meta property=\"og:site_name\" content=\"Ensemble paroissial de Reyni\u00e8s\" \/>\n<meta property=\"article:modified_time\" content=\"2025-09-16T15:18:10+00:00\" \/>\n<meta name=\"twitter:card\" content=\"summary_large_image\" \/>\n<meta name=\"twitter:label1\" content=\"Dur\u00e9e de lecture estim\u00e9e\" \/>\n\t<meta name=\"twitter:data1\" content=\"1 minute\" \/>\n<script type=\"application\/ld+json\" class=\"yoast-schema-graph\">{\"@context\":\"https:\\\/\\\/schema.org\",\"@graph\":[{\"@type\":\"WebPage\",\"@id\":\"https:\\\/\\\/ensemble-paroissial-reynies.fr\\\/?page_id=1759\",\"url\":\"https:\\\/\\\/ensemble-paroissial-reynies.fr\\\/?page_id=1759\",\"name\":\"Actualit\u00e9s - Ensemble paroissial de Reyni\u00e8s\",\"isPartOf\":{\"@id\":\"https:\\\/\\\/ensemble-paroissial-reynies.fr\\\/#website\"},\"datePublished\":\"2024-10-08T21:50:56+00:00\",\"dateModified\":\"2025-09-16T15:18:10+00:00\",\"description\":\"Ensemble paroissial de Reyni\u00e8s - Ensemble paroissial de Reyni\u00e8s\",\"breadcrumb\":{\"@id\":\"https:\\\/\\\/ensemble-paroissial-reynies.fr\\\/?page_id=1759#breadcrumb\"},\"inLanguage\":\"fr-FR\",\"potentialAction\":[{\"@type\":\"ReadAction\",\"target\":[\"https:\\\/\\\/ensemble-paroissial-reynies.fr\\\/?page_id=1759\"]}]},{\"@type\":\"BreadcrumbList\",\"@id\":\"https:\\\/\\\/ensemble-paroissial-reynies.fr\\\/?page_id=1759#breadcrumb\",\"itemListElement\":[{\"@type\":\"ListItem\",\"position\":1,\"name\":\"Home\",\"item\":\"https:\\\/\\\/ensemble-paroissial-reynies.fr\\\/\"},{\"@type\":\"ListItem\",\"position\":2,\"name\":\"Accueil\",\"item\":\"https:\\\/\\\/ensemble-paroissial-reynies.fr\\\/\"},{\"@type\":\"ListItem\",\"position\":3,\"name\":\"Actualit\u00e9s\"}]},{\"@type\":\"WebSite\",\"@id\":\"https:\\\/\\\/ensemble-paroissial-reynies.fr\\\/#website\",\"url\":\"https:\\\/\\\/ensemble-paroissial-reynies.fr\\\/\",\"name\":\"Ensemble paroissial de Reyni\u00e8s\",\"description\":\"\",\"publisher\":{\"@id\":\"https:\\\/\\\/ensemble-paroissial-reynies.fr\\\/#organization\"},\"alternateName\":\"EPReyni\u00e8s\",\"potentialAction\":[{\"@type\":\"SearchAction\",\"target\":{\"@type\":\"EntryPoint\",\"urlTemplate\":\"https:\\\/\\\/ensemble-paroissial-reynies.fr\\\/?s={search_term_string}\"},\"query-input\":{\"@type\":\"PropertyValueSpecification\",\"valueRequired\":true,\"valueName\":\"search_term_string\"}}],\"inLanguage\":\"fr-FR\"},{\"@type\":\"Organization\",\"@id\":\"https:\\\/\\\/ensemble-paroissial-reynies.fr\\\/#organization\",\"name\":\"Ensemble paroissial de Reyni\u00e8s\",\"alternateName\":\"EPReyni\u00e8s\",\"url\":\"https:\\\/\\\/ensemble-paroissial-reynies.fr\\\/\",\"logo\":{\"@type\":\"ImageObject\",\"inLanguage\":\"fr-FR\",\"@id\":\"https:\\\/\\\/ensemble-paroissial-reynies.fr\\\/#\\\/schema\\\/logo\\\/image\\\/\",\"url\":\"https:\\\/\\\/ensemble-paroissial-reynies.fr\\\/wp-content\\\/uploads\\\/paroisse\\\/nouveau-logo-catechisme-paroisse-07-2023.jpg\",\"contentUrl\":\"https:\\\/\\\/ensemble-paroissial-reynies.fr\\\/wp-content\\\/uploads\\\/paroisse\\\/nouveau-logo-catechisme-paroisse-07-2023.jpg\",\"width\":666,\"height\":698,\"caption\":\"Ensemble paroissial de Reyni\u00e8s\"},\"image\":{\"@id\":\"https:\\\/\\\/ensemble-paroissial-reynies.fr\\\/#\\\/schema\\\/logo\\\/image\\\/\"}}]}<\/script>\n<!-- \/ Yoast SEO plugin. -->","yoast_head_json":{"title":"Actualit\u00e9s - Ensemble paroissial de Reyni\u00e8s","description":"Ensemble paroissial de Reyni\u00e8s - Ensemble paroissial de Reyni\u00e8s","robots":{"index":"index","follow":"follow","max-snippet":"max-snippet:-1","max-image-preview":"max-image-preview:large","max-video-preview":"max-video-preview:-1"},"canonical":"https:\/\/ensemble-paroissial-reynies.fr\/?page_id=1759","og_locale":"fr_FR","og_type":"article","og_title":"Actualit\u00e9s - Ensemble paroissial de Reyni\u00e8s","og_description":"Ensemble paroissial de Reyni\u00e8s - Ensemble paroissial de Reyni\u00e8s","og_url":"https:\/\/ensemble-paroissial-reynies.fr\/?page_id=1759","og_site_name":"Ensemble paroissial de Reyni\u00e8s","article_modified_time":"2025-09-16T15:18:10+00:00","twitter_card":"summary_large_image","twitter_misc":{"Dur\u00e9e de lecture estim\u00e9e":"1 minute"},"schema":{"@context":"https:\/\/schema.org","@graph":[{"@type":"WebPage","@id":"https:\/\/ensemble-paroissial-reynies.fr\/?page_id=1759","url":"https:\/\/ensemble-paroissial-reynies.fr\/?page_id=1759","name":"Actualit\u00e9s - Ensemble paroissial de Reyni\u00e8s","isPartOf":{"@id":"https:\/\/ensemble-paroissial-reynies.fr\/#website"},"datePublished":"2024-10-08T21:50:56+00:00","dateModified":"2025-09-16T15:18:10+00:00","description":"Ensemble paroissial de Reyni\u00e8s - Ensemble paroissial de Reyni\u00e8s","breadcrumb":{"@id":"https:\/\/ensemble-paroissial-reynies.fr\/?page_id=1759#breadcrumb"},"inLanguage":"fr-FR","potentialAction":[{"@type":"ReadAction","target":["https:\/\/ensemble-paroissial-reynies.fr\/?page_id=1759"]}]},{"@type":"BreadcrumbList","@id":"https:\/\/ensemble-paroissial-reynies.fr\/?page_id=1759#breadcrumb","itemListElement":[{"@type":"ListItem","position":1,"name":"Home","item":"https:\/\/ensemble-paroissial-reynies.fr\/"},{"@type":"ListItem","position":2,"name":"Accueil","item":"https:\/\/ensemble-paroissial-reynies.fr\/"},{"@type":"ListItem","position":3,"name":"Actualit\u00e9s"}]},{"@type":"WebSite","@id":"https:\/\/ensemble-paroissial-reynies.fr\/#website","url":"https:\/\/ensemble-paroissial-reynies.fr\/","name":"Ensemble paroissial de Reyni\u00e8s","description":"","publisher":{"@id":"https:\/\/ensemble-paroissial-reynies.fr\/#organization"},"alternateName":"EPReyni\u00e8s","potentialAction":[{"@type":"SearchAction","target":{"@type":"EntryPoint","urlTemplate":"https:\/\/ensemble-paroissial-reynies.fr\/?s={search_term_string}"},"query-input":{"@type":"PropertyValueSpecification","valueRequired":true,"valueName":"search_term_string"}}],"inLanguage":"fr-FR"},{"@type":"Organization","@id":"https:\/\/ensemble-paroissial-reynies.fr\/#organization","name":"Ensemble paroissial de Reyni\u00e8s","alternateName":"EPReyni\u00e8s","url":"https:\/\/ensemble-paroissial-reynies.fr\/","logo":{"@type":"ImageObject","inLanguage":"fr-FR","@id":"https:\/\/ensemble-paroissial-reynies.fr\/#\/schema\/logo\/image\/","url":"https:\/\/ensemble-paroissial-reynies.fr\/wp-content\/uploads\/paroisse\/nouveau-logo-catechisme-paroisse-07-2023.jpg","contentUrl":"https:\/\/ensemble-paroissial-reynies.fr\/wp-content\/uploads\/paroisse\/nouveau-logo-catechisme-paroisse-07-2023.jpg","width":666,"height":698,"caption":"Ensemble paroissial de Reyni\u00e8s"},"image":{"@id":"https:\/\/ensemble-paroissial-reynies.fr\/#\/schema\/logo\/image\/"}}]}},"featured_image_src":null,"featured_image_src_square":null,"_links":{"self":[{"href":"https:\/\/ensemble-paroissial-reynies.fr\/index.php?rest_route=\/wp\/v2\/pages\/1759","targetHints":{"allow":["GET"]}}],"collection":[{"href":"https:\/\/ensemble-paroissial-reynies.fr\/index.php?rest_route=\/wp\/v2\/pages"}],"about":[{"href":"https:\/\/ensemble-paroissial-reynies.fr\/index.php?rest_route=\/wp\/v2\/types\/page"}],"author":[{"embeddable":true,"href":"https:\/\/ensemble-paroissial-reynies.fr\/index.php?rest_route=\/wp\/v2\/users\/1"}],"replies":[{"embeddable":true,"href":"https:\/\/ensemble-paroissial-reynies.fr\/index.php?rest_route=%2Fwp%2Fv2%2Fcomments&post=1759"}],"version-history":[{"count":0,"href":"https:\/\/ensemble-paroissial-reynies.fr\/index.php?rest_route=\/wp\/v2\/pages\/1759\/revisions"}],"up":[{"embeddable":true,"href":"https:\/\/ensemble-paroissial-reynies.fr\/index.php?rest_route=\/wp\/v2\/pages\/77"}],"wp:attachment":[{"href":"https:\/\/ensemble-paroissial-reynies.fr\/index.php?rest_route=%2Fwp%2Fv2%2Fmedia&parent=1759"}],"curies":[{"name":"wp","href":"https:\/\/api.w.org\/{rel}","templated":true}]}}