{"id":1745,"date":"2025-01-03T17:43:16","date_gmt":"2025-01-03T16:43:16","guid":{"rendered":"https:\/\/ensemble-paroissial-reynies.fr\/?page_id=1745"},"modified":"2025-01-03T17:43:18","modified_gmt":"2025-01-03T16:43:18","slug":"villebrumier-photographies","status":"publish","type":"page","link":"https:\/\/ensemble-paroissial-reynies.fr\/?page_id=1745","title":{"rendered":"Villebrumier &#8211; Photographies"},"content":{"rendered":"\n<p class=\"has-small-font-size\"><em><em>Cliquez sur les photos pour les visualiser en entier<\/em><\/em><\/p>\n\n\n\n<details class=\"wp-block-details is-layout-flow wp-block-details-is-layout-flow\"><summary>L&rsquo;ext\u00e9rieur de l&rsquo;\u00e9glise<\/summary>\n<figure class=\"wp-block-gallery has-nested-images columns-4 is-cropped wp-block-gallery-1 is-layout-flex wp-block-gallery-is-layout-flex\">\n<figure class=\"wp-block-image size-large\"><a href=\"https:\/\/ensemble-paroissial-reynies.fr\/wp-content\/uploads\/eglise_villebrumier\/egvillebrumier0001-1.jpg\"><img loading=\"lazy\" decoding=\"async\" width=\"800\" height=\"600\" data-id=\"947\" src=\"https:\/\/ensemble-paroissial-reynies.fr\/wp-content\/uploads\/eglise_villebrumier\/egvillebrumier0001-1.jpg\" alt=\"\" class=\"wp-image-947\" srcset=\"https:\/\/ensemble-paroissial-reynies.fr\/wp-content\/uploads\/eglise_villebrumier\/egvillebrumier0001-1.jpg 800w, https:\/\/ensemble-paroissial-reynies.fr\/wp-content\/uploads\/eglise_villebrumier\/egvillebrumier0001-1-300x225.jpg 300w, https:\/\/ensemble-paroissial-reynies.fr\/wp-content\/uploads\/eglise_villebrumier\/egvillebrumier0001-1-768x576.jpg 768w\" sizes=\"auto, (max-width: 800px) 100vw, 800px\" \/><\/a><figcaption class=\"wp-element-caption\">\u00c9glise de Villebrumier     <\/figcaption><\/figure>\n\n\n\n<figure class=\"wp-block-image size-large\"><a href=\"https:\/\/ensemble-paroissial-reynies.fr\/wp-content\/uploads\/eglise_villebrumier\/saint-theodard.jpg\"><img loading=\"lazy\" decoding=\"async\" width=\"323\" height=\"975\" data-id=\"953\" src=\"https:\/\/ensemble-paroissial-reynies.fr\/wp-content\/uploads\/eglise_villebrumier\/saint-theodard.jpg\" alt=\"\" class=\"wp-image-953\" srcset=\"https:\/\/ensemble-paroissial-reynies.fr\/wp-content\/uploads\/eglise_villebrumier\/saint-theodard.jpg 323w, https:\/\/ensemble-paroissial-reynies.fr\/wp-content\/uploads\/eglise_villebrumier\/saint-theodard-99x300.jpg 99w\" sizes=\"auto, (max-width: 323px) 100vw, 323px\" \/><\/a><figcaption class=\"wp-element-caption\">Saint-Th\u00e9odard<\/figcaption><\/figure>\n\n\n\n<figure class=\"wp-block-image size-large\"><a href=\"https:\/\/ensemble-paroissial-reynies.fr\/wp-content\/uploads\/eglise_villebrumier\/egvillebrumier0002-1.jpg\"><img loading=\"lazy\" decoding=\"async\" width=\"800\" height=\"450\" data-id=\"951\" src=\"https:\/\/ensemble-paroissial-reynies.fr\/wp-content\/uploads\/eglise_villebrumier\/egvillebrumier0002-1.jpg\" alt=\"\" class=\"wp-image-951\" srcset=\"https:\/\/ensemble-paroissial-reynies.fr\/wp-content\/uploads\/eglise_villebrumier\/egvillebrumier0002-1.jpg 800w, https:\/\/ensemble-paroissial-reynies.fr\/wp-content\/uploads\/eglise_villebrumier\/egvillebrumier0002-1-300x169.jpg 300w, https:\/\/ensemble-paroissial-reynies.fr\/wp-content\/uploads\/eglise_villebrumier\/egvillebrumier0002-1-768x432.jpg 768w\" sizes=\"auto, (max-width: 800px) 100vw, 800px\" \/><\/a><\/figure>\n\n\n\n<figure class=\"wp-block-image size-large\"><a href=\"https:\/\/ensemble-paroissial-reynies.fr\/wp-content\/uploads\/eglise_villebrumier\/egvillebrumier0003-1.jpg\"><img loading=\"lazy\" decoding=\"async\" width=\"450\" height=\"800\" data-id=\"949\" src=\"https:\/\/ensemble-paroissial-reynies.fr\/wp-content\/uploads\/eglise_villebrumier\/egvillebrumier0003-1.jpg\" alt=\"\" class=\"wp-image-949\" srcset=\"https:\/\/ensemble-paroissial-reynies.fr\/wp-content\/uploads\/eglise_villebrumier\/egvillebrumier0003-1.jpg 450w, https:\/\/ensemble-paroissial-reynies.fr\/wp-content\/uploads\/eglise_villebrumier\/egvillebrumier0003-1-169x300.jpg 169w\" sizes=\"auto, (max-width: 450px) 100vw, 450px\" \/><\/a><figcaption class=\"wp-element-caption\">                 <\/figcaption><\/figure>\n\n\n\n<figure class=\"wp-block-image size-large\"><a href=\"https:\/\/ensemble-paroissial-reynies.fr\/wp-content\/uploads\/eglise_villebrumier\/egvillebrumier0004-1.jpg\"><img loading=\"lazy\" decoding=\"async\" width=\"800\" height=\"450\" data-id=\"948\" src=\"https:\/\/ensemble-paroissial-reynies.fr\/wp-content\/uploads\/eglise_villebrumier\/egvillebrumier0004-1.jpg\" alt=\"\" class=\"wp-image-948\" srcset=\"https:\/\/ensemble-paroissial-reynies.fr\/wp-content\/uploads\/eglise_villebrumier\/egvillebrumier0004-1.jpg 800w, https:\/\/ensemble-paroissial-reynies.fr\/wp-content\/uploads\/eglise_villebrumier\/egvillebrumier0004-1-300x169.jpg 300w, https:\/\/ensemble-paroissial-reynies.fr\/wp-content\/uploads\/eglise_villebrumier\/egvillebrumier0004-1-768x432.jpg 768w\" sizes=\"auto, (max-width: 800px) 100vw, 800px\" \/><\/a><\/figure>\n\n\n\n<figure class=\"wp-block-image size-large\"><a href=\"https:\/\/ensemble-paroissial-reynies.fr\/wp-content\/uploads\/eglise_villebrumier\/egvillebrumier0005.jpg\"><img loading=\"lazy\" decoding=\"async\" width=\"450\" height=\"800\" data-id=\"945\" src=\"https:\/\/ensemble-paroissial-reynies.fr\/wp-content\/uploads\/eglise_villebrumier\/egvillebrumier0005.jpg\" alt=\"\" class=\"wp-image-945\" srcset=\"https:\/\/ensemble-paroissial-reynies.fr\/wp-content\/uploads\/eglise_villebrumier\/egvillebrumier0005.jpg 450w, https:\/\/ensemble-paroissial-reynies.fr\/wp-content\/uploads\/eglise_villebrumier\/egvillebrumier0005-169x300.jpg 169w\" sizes=\"auto, (max-width: 450px) 100vw, 450px\" \/><\/a><\/figure>\n\n\n\n<figure class=\"wp-block-image size-large\"><a href=\"https:\/\/ensemble-paroissial-reynies.fr\/wp-content\/uploads\/eglise_villebrumier\/croixvillebrumier0001.jpg\"><img loading=\"lazy\" decoding=\"async\" width=\"470\" height=\"800\" data-id=\"950\" src=\"https:\/\/ensemble-paroissial-reynies.fr\/wp-content\/uploads\/eglise_villebrumier\/croixvillebrumier0001.jpg\" alt=\"\" class=\"wp-image-950\" srcset=\"https:\/\/ensemble-paroissial-reynies.fr\/wp-content\/uploads\/eglise_villebrumier\/croixvillebrumier0001.jpg 470w, https:\/\/ensemble-paroissial-reynies.fr\/wp-content\/uploads\/eglise_villebrumier\/croixvillebrumier0001-176x300.jpg 176w\" sizes=\"auto, (max-width: 470px) 100vw, 470px\" \/><\/a><figcaption class=\"wp-element-caption\"> Croix au centre du village          <\/figcaption><\/figure>\n\n\n\n<figure class=\"wp-block-image size-large\"><a href=\"https:\/\/ensemble-paroissial-reynies.fr\/wp-content\/uploads\/eglise_villebrumier\/p1020230-scaled-1.jpg\"><img loading=\"lazy\" decoding=\"async\" width=\"768\" height=\"1024\" data-id=\"952\" src=\"https:\/\/ensemble-paroissial-reynies.fr\/wp-content\/uploads\/eglise_villebrumier\/p1020230-scaled-1-768x1024.jpg\" alt=\"\" class=\"wp-image-952\" srcset=\"https:\/\/ensemble-paroissial-reynies.fr\/wp-content\/uploads\/eglise_villebrumier\/p1020230-scaled-1-768x1024.jpg 768w, https:\/\/ensemble-paroissial-reynies.fr\/wp-content\/uploads\/eglise_villebrumier\/p1020230-scaled-1-225x300.jpg 225w, https:\/\/ensemble-paroissial-reynies.fr\/wp-content\/uploads\/eglise_villebrumier\/p1020230-scaled-1-1152x1536.jpg 1152w, https:\/\/ensemble-paroissial-reynies.fr\/wp-content\/uploads\/eglise_villebrumier\/p1020230-scaled-1-1536x2048.jpg 1536w, https:\/\/ensemble-paroissial-reynies.fr\/wp-content\/uploads\/eglise_villebrumier\/p1020230-scaled-1-600x800.jpg 600w, https:\/\/ensemble-paroissial-reynies.fr\/wp-content\/uploads\/eglise_villebrumier\/p1020230-scaled-1.jpg 1920w\" sizes=\"auto, (max-width: 768px) 100vw, 768px\" \/><\/a><figcaption class=\"wp-element-caption\">Statue de la Vierge<\/figcaption><\/figure>\n<\/figure>\n<\/details>\n\n\n\n<details class=\"wp-block-details is-layout-flow wp-block-details-is-layout-flow\"><summary>Le Choeur<\/summary>\n<figure class=\"wp-block-gallery has-nested-images columns-3 is-cropped wp-block-gallery-2 is-layout-flex wp-block-gallery-is-layout-flex\">\n<figure class=\"wp-block-image size-large\"><a href=\"https:\/\/ensemble-paroissial-reynies.fr\/wp-content\/uploads\/eglise_villebrumier\/P1000722m-scaled.jpg\"><img loading=\"lazy\" decoding=\"async\" width=\"1024\" height=\"769\" data-id=\"3199\" src=\"https:\/\/ensemble-paroissial-reynies.fr\/wp-content\/uploads\/eglise_villebrumier\/P1000722m-1024x769.jpg\" alt=\"\" class=\"wp-image-3199\" srcset=\"https:\/\/ensemble-paroissial-reynies.fr\/wp-content\/uploads\/eglise_villebrumier\/P1000722m-1024x769.jpg 1024w, https:\/\/ensemble-paroissial-reynies.fr\/wp-content\/uploads\/eglise_villebrumier\/P1000722m-300x225.jpg 300w, https:\/\/ensemble-paroissial-reynies.fr\/wp-content\/uploads\/eglise_villebrumier\/P1000722m-768x577.jpg 768w, https:\/\/ensemble-paroissial-reynies.fr\/wp-content\/uploads\/eglise_villebrumier\/P1000722m-1536x1153.jpg 1536w, https:\/\/ensemble-paroissial-reynies.fr\/wp-content\/uploads\/eglise_villebrumier\/P1000722m-2048x1538.jpg 2048w\" sizes=\"auto, (max-width: 1024px) 100vw, 1024px\" \/><\/a><\/figure>\n\n\n\n<figure class=\"wp-block-image size-large\"><a href=\"https:\/\/ensemble-paroissial-reynies.fr\/wp-content\/uploads\/eglise_villebrumier\/P1000745m-scaled.jpg\"><img loading=\"lazy\" decoding=\"async\" width=\"671\" height=\"1024\" data-id=\"3200\" src=\"https:\/\/ensemble-paroissial-reynies.fr\/wp-content\/uploads\/eglise_villebrumier\/P1000745m-671x1024.jpg\" alt=\"\" class=\"wp-image-3200\" srcset=\"https:\/\/ensemble-paroissial-reynies.fr\/wp-content\/uploads\/eglise_villebrumier\/P1000745m-671x1024.jpg 671w, https:\/\/ensemble-paroissial-reynies.fr\/wp-content\/uploads\/eglise_villebrumier\/P1000745m-196x300.jpg 196w, https:\/\/ensemble-paroissial-reynies.fr\/wp-content\/uploads\/eglise_villebrumier\/P1000745m-768x1173.jpg 768w, https:\/\/ensemble-paroissial-reynies.fr\/wp-content\/uploads\/eglise_villebrumier\/P1000745m-1006x1536.jpg 1006w, https:\/\/ensemble-paroissial-reynies.fr\/wp-content\/uploads\/eglise_villebrumier\/P1000745m-1341x2048.jpg 1341w, https:\/\/ensemble-paroissial-reynies.fr\/wp-content\/uploads\/eglise_villebrumier\/P1000745m-scaled.jpg 1677w\" sizes=\"auto, (max-width: 671px) 100vw, 671px\" \/><\/a><\/figure>\n\n\n\n<figure class=\"wp-block-image size-large\"><a href=\"https:\/\/ensemble-paroissial-reynies.fr\/wp-content\/uploads\/eglise_villebrumier\/P1000746m-scaled.jpg\"><img loading=\"lazy\" decoding=\"async\" width=\"657\" height=\"1024\" data-id=\"3201\" src=\"https:\/\/ensemble-paroissial-reynies.fr\/wp-content\/uploads\/eglise_villebrumier\/P1000746m-657x1024.jpg\" alt=\"\" class=\"wp-image-3201\" srcset=\"https:\/\/ensemble-paroissial-reynies.fr\/wp-content\/uploads\/eglise_villebrumier\/P1000746m-657x1024.jpg 657w, https:\/\/ensemble-paroissial-reynies.fr\/wp-content\/uploads\/eglise_villebrumier\/P1000746m-193x300.jpg 193w, https:\/\/ensemble-paroissial-reynies.fr\/wp-content\/uploads\/eglise_villebrumier\/P1000746m-768x1196.jpg 768w, https:\/\/ensemble-paroissial-reynies.fr\/wp-content\/uploads\/eglise_villebrumier\/P1000746m-986x1536.jpg 986w, https:\/\/ensemble-paroissial-reynies.fr\/wp-content\/uploads\/eglise_villebrumier\/P1000746m-1315x2048.jpg 1315w, https:\/\/ensemble-paroissial-reynies.fr\/wp-content\/uploads\/eglise_villebrumier\/P1000746m-scaled.jpg 1644w\" sizes=\"auto, (max-width: 657px) 100vw, 657px\" \/><\/a><figcaption class=\"wp-element-caption\">Tabernacle<\/figcaption><\/figure>\n<\/figure>\n<\/details>\n\n\n\n<details class=\"wp-block-details is-layout-flow wp-block-details-is-layout-flow\"><summary>La nef<\/summary>\n<figure class=\"wp-block-gallery has-nested-images columns-4 is-cropped wp-block-gallery-3 is-layout-flex wp-block-gallery-is-layout-flex\">\n<figure class=\"wp-block-image size-large\"><a href=\"https:\/\/ensemble-paroissial-reynies.fr\/wp-content\/uploads\/eglise_villebrumier\/P1000722m-1-scaled.jpg\"><img loading=\"lazy\" decoding=\"async\" width=\"1024\" height=\"769\" data-id=\"3208\" src=\"https:\/\/ensemble-paroissial-reynies.fr\/wp-content\/uploads\/eglise_villebrumier\/P1000722m-1-1024x769.jpg\" alt=\"\" class=\"wp-image-3208\" srcset=\"https:\/\/ensemble-paroissial-reynies.fr\/wp-content\/uploads\/eglise_villebrumier\/P1000722m-1-1024x769.jpg 1024w, https:\/\/ensemble-paroissial-reynies.fr\/wp-content\/uploads\/eglise_villebrumier\/P1000722m-1-300x225.jpg 300w, https:\/\/ensemble-paroissial-reynies.fr\/wp-content\/uploads\/eglise_villebrumier\/P1000722m-1-768x577.jpg 768w, https:\/\/ensemble-paroissial-reynies.fr\/wp-content\/uploads\/eglise_villebrumier\/P1000722m-1-1536x1153.jpg 1536w, https:\/\/ensemble-paroissial-reynies.fr\/wp-content\/uploads\/eglise_villebrumier\/P1000722m-1-2048x1538.jpg 2048w\" sizes=\"auto, (max-width: 1024px) 100vw, 1024px\" \/><\/a><\/figure>\n\n\n\n<figure class=\"wp-block-image size-large\"><a href=\"https:\/\/ensemble-paroissial-reynies.fr\/wp-content\/uploads\/eglise_villebrumier\/P1000717m-scaled.jpg\"><img loading=\"lazy\" decoding=\"async\" width=\"1024\" height=\"769\" data-id=\"3203\" src=\"https:\/\/ensemble-paroissial-reynies.fr\/wp-content\/uploads\/eglise_villebrumier\/P1000717m-1024x769.jpg\" alt=\"\" class=\"wp-image-3203\" srcset=\"https:\/\/ensemble-paroissial-reynies.fr\/wp-content\/uploads\/eglise_villebrumier\/P1000717m-1024x769.jpg 1024w, https:\/\/ensemble-paroissial-reynies.fr\/wp-content\/uploads\/eglise_villebrumier\/P1000717m-300x225.jpg 300w, https:\/\/ensemble-paroissial-reynies.fr\/wp-content\/uploads\/eglise_villebrumier\/P1000717m-768x577.jpg 768w, https:\/\/ensemble-paroissial-reynies.fr\/wp-content\/uploads\/eglise_villebrumier\/P1000717m-1536x1153.jpg 1536w, https:\/\/ensemble-paroissial-reynies.fr\/wp-content\/uploads\/eglise_villebrumier\/P1000717m-2048x1538.jpg 2048w\" sizes=\"auto, (max-width: 1024px) 100vw, 1024px\" \/><\/a><\/figure>\n\n\n\n<figure class=\"wp-block-image size-large\"><a href=\"https:\/\/ensemble-paroissial-reynies.fr\/wp-content\/uploads\/eglise_villebrumier\/P1000718m-scaled.jpg\"><img loading=\"lazy\" decoding=\"async\" width=\"358\" height=\"1024\" data-id=\"3204\" src=\"https:\/\/ensemble-paroissial-reynies.fr\/wp-content\/uploads\/eglise_villebrumier\/P1000718m-358x1024.jpg\" alt=\"\" class=\"wp-image-3204\" srcset=\"https:\/\/ensemble-paroissial-reynies.fr\/wp-content\/uploads\/eglise_villebrumier\/P1000718m-358x1024.jpg 358w, https:\/\/ensemble-paroissial-reynies.fr\/wp-content\/uploads\/eglise_villebrumier\/P1000718m-105x300.jpg 105w, https:\/\/ensemble-paroissial-reynies.fr\/wp-content\/uploads\/eglise_villebrumier\/P1000718m-768x2199.jpg 768w, https:\/\/ensemble-paroissial-reynies.fr\/wp-content\/uploads\/eglise_villebrumier\/P1000718m-715x2048.jpg 715w, https:\/\/ensemble-paroissial-reynies.fr\/wp-content\/uploads\/eglise_villebrumier\/P1000718m-scaled.jpg 894w\" sizes=\"auto, (max-width: 358px) 100vw, 358px\" \/><\/a><\/figure>\n\n\n\n<figure class=\"wp-block-image size-large\"><a href=\"https:\/\/ensemble-paroissial-reynies.fr\/wp-content\/uploads\/eglise_villebrumier\/P1000721m-scaled.jpg\"><img loading=\"lazy\" decoding=\"async\" width=\"370\" height=\"1024\" data-id=\"3207\" src=\"https:\/\/ensemble-paroissial-reynies.fr\/wp-content\/uploads\/eglise_villebrumier\/P1000721m-370x1024.jpg\" alt=\"\" class=\"wp-image-3207\" srcset=\"https:\/\/ensemble-paroissial-reynies.fr\/wp-content\/uploads\/eglise_villebrumier\/P1000721m-370x1024.jpg 370w, https:\/\/ensemble-paroissial-reynies.fr\/wp-content\/uploads\/eglise_villebrumier\/P1000721m-108x300.jpg 108w, https:\/\/ensemble-paroissial-reynies.fr\/wp-content\/uploads\/eglise_villebrumier\/P1000721m-768x2126.jpg 768w, https:\/\/ensemble-paroissial-reynies.fr\/wp-content\/uploads\/eglise_villebrumier\/P1000721m-555x1536.jpg 555w, https:\/\/ensemble-paroissial-reynies.fr\/wp-content\/uploads\/eglise_villebrumier\/P1000721m-740x2048.jpg 740w, https:\/\/ensemble-paroissial-reynies.fr\/wp-content\/uploads\/eglise_villebrumier\/P1000721m-scaled.jpg 925w\" sizes=\"auto, (max-width: 370px) 100vw, 370px\" \/><\/a><figcaption class=\"wp-element-caption\">Saint Joseph<\/figcaption><\/figure>\n\n\n\n<figure class=\"wp-block-image size-large\"><a href=\"https:\/\/ensemble-paroissial-reynies.fr\/wp-content\/uploads\/eglise_villebrumier\/P1000723m-scaled.jpg\"><img loading=\"lazy\" decoding=\"async\" width=\"359\" height=\"1024\" data-id=\"3209\" src=\"https:\/\/ensemble-paroissial-reynies.fr\/wp-content\/uploads\/eglise_villebrumier\/P1000723m-359x1024.jpg\" alt=\"\" class=\"wp-image-3209\" srcset=\"https:\/\/ensemble-paroissial-reynies.fr\/wp-content\/uploads\/eglise_villebrumier\/P1000723m-359x1024.jpg 359w, https:\/\/ensemble-paroissial-reynies.fr\/wp-content\/uploads\/eglise_villebrumier\/P1000723m-105x300.jpg 105w, https:\/\/ensemble-paroissial-reynies.fr\/wp-content\/uploads\/eglise_villebrumier\/P1000723m-768x2189.jpg 768w, https:\/\/ensemble-paroissial-reynies.fr\/wp-content\/uploads\/eglise_villebrumier\/P1000723m-539x1536.jpg 539w, https:\/\/ensemble-paroissial-reynies.fr\/wp-content\/uploads\/eglise_villebrumier\/P1000723m-719x2048.jpg 719w, https:\/\/ensemble-paroissial-reynies.fr\/wp-content\/uploads\/eglise_villebrumier\/P1000723m-scaled.jpg 898w\" sizes=\"auto, (max-width: 359px) 100vw, 359px\" \/><\/a><figcaption class=\"wp-element-caption\">Sainte Germaine<\/figcaption><\/figure>\n\n\n\n<figure class=\"wp-block-image size-large\"><a href=\"https:\/\/ensemble-paroissial-reynies.fr\/wp-content\/uploads\/eglise_villebrumier\/P1000719m-scaled.jpg\"><img loading=\"lazy\" decoding=\"async\" width=\"331\" height=\"1024\" data-id=\"3205\" src=\"https:\/\/ensemble-paroissial-reynies.fr\/wp-content\/uploads\/eglise_villebrumier\/P1000719m-331x1024.jpg\" alt=\"\" class=\"wp-image-3205\" srcset=\"https:\/\/ensemble-paroissial-reynies.fr\/wp-content\/uploads\/eglise_villebrumier\/P1000719m-331x1024.jpg 331w, https:\/\/ensemble-paroissial-reynies.fr\/wp-content\/uploads\/eglise_villebrumier\/P1000719m-97x300.jpg 97w, https:\/\/ensemble-paroissial-reynies.fr\/wp-content\/uploads\/eglise_villebrumier\/P1000719m-768x2376.jpg 768w, https:\/\/ensemble-paroissial-reynies.fr\/wp-content\/uploads\/eglise_villebrumier\/P1000719m-496x1536.jpg 496w, https:\/\/ensemble-paroissial-reynies.fr\/wp-content\/uploads\/eglise_villebrumier\/P1000719m-662x2048.jpg 662w, https:\/\/ensemble-paroissial-reynies.fr\/wp-content\/uploads\/eglise_villebrumier\/P1000719m-scaled.jpg 827w\" sizes=\"auto, (max-width: 331px) 100vw, 331px\" \/><\/a><figcaption class=\"wp-element-caption\">Sacr\u00e9 Coeur de J\u00e9sus<\/figcaption><\/figure>\n\n\n\n<figure class=\"wp-block-image size-large\"><a href=\"https:\/\/ensemble-paroissial-reynies.fr\/wp-content\/uploads\/eglise_villebrumier\/P1000720m-scaled.jpg\"><img loading=\"lazy\" decoding=\"async\" width=\"632\" height=\"1024\" data-id=\"3206\" src=\"https:\/\/ensemble-paroissial-reynies.fr\/wp-content\/uploads\/eglise_villebrumier\/P1000720m-632x1024.jpg\" alt=\"\" class=\"wp-image-3206\" srcset=\"https:\/\/ensemble-paroissial-reynies.fr\/wp-content\/uploads\/eglise_villebrumier\/P1000720m-632x1024.jpg 632w, https:\/\/ensemble-paroissial-reynies.fr\/wp-content\/uploads\/eglise_villebrumier\/P1000720m-185x300.jpg 185w, https:\/\/ensemble-paroissial-reynies.fr\/wp-content\/uploads\/eglise_villebrumier\/P1000720m-768x1245.jpg 768w, https:\/\/ensemble-paroissial-reynies.fr\/wp-content\/uploads\/eglise_villebrumier\/P1000720m-947x1536.jpg 947w, https:\/\/ensemble-paroissial-reynies.fr\/wp-content\/uploads\/eglise_villebrumier\/P1000720m-1263x2048.jpg 1263w, https:\/\/ensemble-paroissial-reynies.fr\/wp-content\/uploads\/eglise_villebrumier\/P1000720m-scaled.jpg 1579w\" sizes=\"auto, (max-width: 632px) 100vw, 632px\" \/><\/a><figcaption class=\"wp-element-caption\">Vierge Marie<\/figcaption><\/figure>\n\n\n\n<figure class=\"wp-block-image size-large\"><a href=\"https:\/\/ensemble-paroissial-reynies.fr\/wp-content\/uploads\/eglise_villebrumier\/P1000737m-scaled.jpg\"><img loading=\"lazy\" decoding=\"async\" width=\"988\" height=\"1024\" data-id=\"3210\" src=\"https:\/\/ensemble-paroissial-reynies.fr\/wp-content\/uploads\/eglise_villebrumier\/P1000737m-988x1024.jpg\" alt=\"\" class=\"wp-image-3210\" srcset=\"https:\/\/ensemble-paroissial-reynies.fr\/wp-content\/uploads\/eglise_villebrumier\/P1000737m-988x1024.jpg 988w, https:\/\/ensemble-paroissial-reynies.fr\/wp-content\/uploads\/eglise_villebrumier\/P1000737m-290x300.jpg 290w, https:\/\/ensemble-paroissial-reynies.fr\/wp-content\/uploads\/eglise_villebrumier\/P1000737m-768x796.jpg 768w, https:\/\/ensemble-paroissial-reynies.fr\/wp-content\/uploads\/eglise_villebrumier\/P1000737m-1482x1536.jpg 1482w, https:\/\/ensemble-paroissial-reynies.fr\/wp-content\/uploads\/eglise_villebrumier\/P1000737m-1976x2048.jpg 1976w\" sizes=\"auto, (max-width: 988px) 100vw, 988px\" \/><\/a><figcaption class=\"wp-element-caption\">Croix offerte par le p\u00e8re Jean-Josephh MARTY<\/figcaption><\/figure>\n<\/figure>\n<\/details>\n\n\n\n<details class=\"wp-block-details is-layout-flow wp-block-details-is-layout-flow\"><summary>Les chapelles<\/summary>\n<figure class=\"wp-block-gallery has-nested-images columns-3 is-cropped wp-block-gallery-4 is-layout-flex wp-block-gallery-is-layout-flex\">\n<figure class=\"wp-block-image size-large\"><a href=\"https:\/\/ensemble-paroissial-reynies.fr\/wp-content\/uploads\/eglise_villebrumier\/P1000713-scaled.jpg\"><img loading=\"lazy\" decoding=\"async\" width=\"1024\" height=\"769\" data-id=\"3222\" src=\"https:\/\/ensemble-paroissial-reynies.fr\/wp-content\/uploads\/eglise_villebrumier\/P1000713-1024x769.jpg\" alt=\"\" class=\"wp-image-3222\" srcset=\"https:\/\/ensemble-paroissial-reynies.fr\/wp-content\/uploads\/eglise_villebrumier\/P1000713-1024x769.jpg 1024w, https:\/\/ensemble-paroissial-reynies.fr\/wp-content\/uploads\/eglise_villebrumier\/P1000713-300x225.jpg 300w, https:\/\/ensemble-paroissial-reynies.fr\/wp-content\/uploads\/eglise_villebrumier\/P1000713-768x577.jpg 768w, https:\/\/ensemble-paroissial-reynies.fr\/wp-content\/uploads\/eglise_villebrumier\/P1000713-1536x1153.jpg 1536w, https:\/\/ensemble-paroissial-reynies.fr\/wp-content\/uploads\/eglise_villebrumier\/P1000713-2048x1538.jpg 2048w\" sizes=\"auto, (max-width: 1024px) 100vw, 1024px\" \/><\/a><figcaption class=\"wp-element-caption\">Chapelle de la Vierge<\/figcaption><\/figure>\n\n\n\n<figure class=\"wp-block-image size-large\"><a href=\"https:\/\/ensemble-paroissial-reynies.fr\/wp-content\/uploads\/eglise_villebrumier\/P1000714m-scaled.jpg\"><img loading=\"lazy\" decoding=\"async\" width=\"1024\" height=\"987\" data-id=\"3223\" src=\"https:\/\/ensemble-paroissial-reynies.fr\/wp-content\/uploads\/eglise_villebrumier\/P1000714m-1024x987.jpg\" alt=\"\" class=\"wp-image-3223\" srcset=\"https:\/\/ensemble-paroissial-reynies.fr\/wp-content\/uploads\/eglise_villebrumier\/P1000714m-1024x987.jpg 1024w, https:\/\/ensemble-paroissial-reynies.fr\/wp-content\/uploads\/eglise_villebrumier\/P1000714m-300x289.jpg 300w, https:\/\/ensemble-paroissial-reynies.fr\/wp-content\/uploads\/eglise_villebrumier\/P1000714m-768x740.jpg 768w, https:\/\/ensemble-paroissial-reynies.fr\/wp-content\/uploads\/eglise_villebrumier\/P1000714m-1536x1480.jpg 1536w, https:\/\/ensemble-paroissial-reynies.fr\/wp-content\/uploads\/eglise_villebrumier\/P1000714m-2048x1973.jpg 2048w\" sizes=\"auto, (max-width: 1024px) 100vw, 1024px\" \/><\/a><figcaption class=\"wp-element-caption\">Chapelle saint Th\u00e9odard<\/figcaption><\/figure>\n\n\n\n<figure class=\"wp-block-image size-large\"><a href=\"https:\/\/ensemble-paroissial-reynies.fr\/wp-content\/uploads\/eglise_villebrumier\/P1000715m-scaled.jpg\"><img loading=\"lazy\" decoding=\"async\" width=\"822\" height=\"1024\" data-id=\"3224\" src=\"https:\/\/ensemble-paroissial-reynies.fr\/wp-content\/uploads\/eglise_villebrumier\/P1000715m-822x1024.jpg\" alt=\"\" class=\"wp-image-3224\" srcset=\"https:\/\/ensemble-paroissial-reynies.fr\/wp-content\/uploads\/eglise_villebrumier\/P1000715m-822x1024.jpg 822w, https:\/\/ensemble-paroissial-reynies.fr\/wp-content\/uploads\/eglise_villebrumier\/P1000715m-241x300.jpg 241w, https:\/\/ensemble-paroissial-reynies.fr\/wp-content\/uploads\/eglise_villebrumier\/P1000715m-768x957.jpg 768w, https:\/\/ensemble-paroissial-reynies.fr\/wp-content\/uploads\/eglise_villebrumier\/P1000715m-1233x1536.jpg 1233w, https:\/\/ensemble-paroissial-reynies.fr\/wp-content\/uploads\/eglise_villebrumier\/P1000715m-1644x2048.jpg 1644w\" sizes=\"auto, (max-width: 822px) 100vw, 822px\" \/><\/a><figcaption class=\"wp-element-caption\">Chapelle saint Th\u00e9odard<\/figcaption><\/figure>\n\n\n\n<figure class=\"wp-block-image size-large\"><a href=\"https:\/\/ensemble-paroissial-reynies.fr\/wp-content\/uploads\/eglise_villebrumier\/P1000751m-scaled.jpg\"><img loading=\"lazy\" decoding=\"async\" width=\"1024\" height=\"471\" data-id=\"3229\" src=\"https:\/\/ensemble-paroissial-reynies.fr\/wp-content\/uploads\/eglise_villebrumier\/P1000751m-1024x471.jpg\" alt=\"\" class=\"wp-image-3229\" srcset=\"https:\/\/ensemble-paroissial-reynies.fr\/wp-content\/uploads\/eglise_villebrumier\/P1000751m-1024x471.jpg 1024w, https:\/\/ensemble-paroissial-reynies.fr\/wp-content\/uploads\/eglise_villebrumier\/P1000751m-300x138.jpg 300w, https:\/\/ensemble-paroissial-reynies.fr\/wp-content\/uploads\/eglise_villebrumier\/P1000751m-768x353.jpg 768w, https:\/\/ensemble-paroissial-reynies.fr\/wp-content\/uploads\/eglise_villebrumier\/P1000751m-1536x707.jpg 1536w, https:\/\/ensemble-paroissial-reynies.fr\/wp-content\/uploads\/eglise_villebrumier\/P1000751m-2048x942.jpg 2048w\" sizes=\"auto, (max-width: 1024px) 100vw, 1024px\" \/><\/a><figcaption class=\"wp-element-caption\">Chapelle saint Th\u00e9odard<\/figcaption><\/figure>\n\n\n\n<figure class=\"wp-block-image size-large\"><a href=\"https:\/\/ensemble-paroissial-reynies.fr\/wp-content\/uploads\/eglise_villebrumier\/P1000749m-scaled.jpg\"><img loading=\"lazy\" decoding=\"async\" width=\"1024\" height=\"518\" data-id=\"3227\" src=\"https:\/\/ensemble-paroissial-reynies.fr\/wp-content\/uploads\/eglise_villebrumier\/P1000749m-1024x518.jpg\" alt=\"\" class=\"wp-image-3227\" srcset=\"https:\/\/ensemble-paroissial-reynies.fr\/wp-content\/uploads\/eglise_villebrumier\/P1000749m-1024x518.jpg 1024w, https:\/\/ensemble-paroissial-reynies.fr\/wp-content\/uploads\/eglise_villebrumier\/P1000749m-300x152.jpg 300w, https:\/\/ensemble-paroissial-reynies.fr\/wp-content\/uploads\/eglise_villebrumier\/P1000749m-768x389.jpg 768w, https:\/\/ensemble-paroissial-reynies.fr\/wp-content\/uploads\/eglise_villebrumier\/P1000749m-1536x777.jpg 1536w, https:\/\/ensemble-paroissial-reynies.fr\/wp-content\/uploads\/eglise_villebrumier\/P1000749m-2048x1036.jpg 2048w\" sizes=\"auto, (max-width: 1024px) 100vw, 1024px\" \/><\/a><figcaption class=\"wp-element-caption\">Chapelle saint Th\u00e9odard<\/figcaption><\/figure>\n\n\n\n<figure class=\"wp-block-image size-large\"><a href=\"https:\/\/ensemble-paroissial-reynies.fr\/wp-content\/uploads\/eglise_villebrumier\/P1000750m.jpg\"><img loading=\"lazy\" decoding=\"async\" width=\"1024\" height=\"842\" data-id=\"3228\" src=\"https:\/\/ensemble-paroissial-reynies.fr\/wp-content\/uploads\/eglise_villebrumier\/P1000750m-1024x842.jpg\" alt=\"\" class=\"wp-image-3228\" srcset=\"https:\/\/ensemble-paroissial-reynies.fr\/wp-content\/uploads\/eglise_villebrumier\/P1000750m-1024x842.jpg 1024w, https:\/\/ensemble-paroissial-reynies.fr\/wp-content\/uploads\/eglise_villebrumier\/P1000750m-300x247.jpg 300w, https:\/\/ensemble-paroissial-reynies.fr\/wp-content\/uploads\/eglise_villebrumier\/P1000750m-768x631.jpg 768w, https:\/\/ensemble-paroissial-reynies.fr\/wp-content\/uploads\/eglise_villebrumier\/P1000750m-1536x1262.jpg 1536w, https:\/\/ensemble-paroissial-reynies.fr\/wp-content\/uploads\/eglise_villebrumier\/P1000750m-2048x1683.jpg 2048w\" sizes=\"auto, (max-width: 1024px) 100vw, 1024px\" \/><\/a><figcaption class=\"wp-element-caption\">Chapelle saint Th\u00e9odard<\/figcaption><\/figure>\n\n\n\n<figure class=\"wp-block-image size-large\"><a href=\"https:\/\/ensemble-paroissial-reynies.fr\/wp-content\/uploads\/eglise_villebrumier\/P1000716m-scaled.jpg\"><img loading=\"lazy\" decoding=\"async\" width=\"1024\" height=\"831\" data-id=\"3225\" src=\"https:\/\/ensemble-paroissial-reynies.fr\/wp-content\/uploads\/eglise_villebrumier\/P1000716m-1024x831.jpg\" alt=\"\" class=\"wp-image-3225\" srcset=\"https:\/\/ensemble-paroissial-reynies.fr\/wp-content\/uploads\/eglise_villebrumier\/P1000716m-1024x831.jpg 1024w, https:\/\/ensemble-paroissial-reynies.fr\/wp-content\/uploads\/eglise_villebrumier\/P1000716m-300x244.jpg 300w, https:\/\/ensemble-paroissial-reynies.fr\/wp-content\/uploads\/eglise_villebrumier\/P1000716m-768x623.jpg 768w, https:\/\/ensemble-paroissial-reynies.fr\/wp-content\/uploads\/eglise_villebrumier\/P1000716m-1536x1247.jpg 1536w, https:\/\/ensemble-paroissial-reynies.fr\/wp-content\/uploads\/eglise_villebrumier\/P1000716m-2048x1663.jpg 2048w\" sizes=\"auto, (max-width: 1024px) 100vw, 1024px\" \/><\/a><figcaption class=\"wp-element-caption\">Chasse reliques de saint Th\u00e9odard<\/figcaption><\/figure>\n\n\n\n<figure class=\"wp-block-image size-large\"><a href=\"https:\/\/ensemble-paroissial-reynies.fr\/wp-content\/uploads\/eglise_villebrumier\/P1000748-scaled.jpg\"><img loading=\"lazy\" decoding=\"async\" width=\"769\" height=\"1024\" data-id=\"3226\" src=\"https:\/\/ensemble-paroissial-reynies.fr\/wp-content\/uploads\/eglise_villebrumier\/P1000748-769x1024.jpg\" alt=\"\" class=\"wp-image-3226\" srcset=\"https:\/\/ensemble-paroissial-reynies.fr\/wp-content\/uploads\/eglise_villebrumier\/P1000748-769x1024.jpg 769w, https:\/\/ensemble-paroissial-reynies.fr\/wp-content\/uploads\/eglise_villebrumier\/P1000748-225x300.jpg 225w, https:\/\/ensemble-paroissial-reynies.fr\/wp-content\/uploads\/eglise_villebrumier\/P1000748-768x1023.jpg 768w, https:\/\/ensemble-paroissial-reynies.fr\/wp-content\/uploads\/eglise_villebrumier\/P1000748-1153x1536.jpg 1153w, https:\/\/ensemble-paroissial-reynies.fr\/wp-content\/uploads\/eglise_villebrumier\/P1000748-1538x2048.jpg 1538w, https:\/\/ensemble-paroissial-reynies.fr\/wp-content\/uploads\/eglise_villebrumier\/P1000748-scaled.jpg 1922w\" sizes=\"auto, (max-width: 769px) 100vw, 769px\" \/><\/a><figcaption class=\"wp-element-caption\">banni\u00e8re saint Th\u00e9odard<\/figcaption><\/figure>\n\n\n\n<figure class=\"wp-block-image size-large\"><a href=\"https:\/\/ensemble-paroissial-reynies.fr\/wp-content\/uploads\/eglise_villebrumier\/P1000752m.jpg\"><img loading=\"lazy\" decoding=\"async\" width=\"1024\" height=\"797\" data-id=\"3230\" src=\"https:\/\/ensemble-paroissial-reynies.fr\/wp-content\/uploads\/eglise_villebrumier\/P1000752m-1024x797.jpg\" alt=\"\" class=\"wp-image-3230\" srcset=\"https:\/\/ensemble-paroissial-reynies.fr\/wp-content\/uploads\/eglise_villebrumier\/P1000752m-1024x797.jpg 1024w, https:\/\/ensemble-paroissial-reynies.fr\/wp-content\/uploads\/eglise_villebrumier\/P1000752m-300x234.jpg 300w, https:\/\/ensemble-paroissial-reynies.fr\/wp-content\/uploads\/eglise_villebrumier\/P1000752m-768x598.jpg 768w, https:\/\/ensemble-paroissial-reynies.fr\/wp-content\/uploads\/eglise_villebrumier\/P1000752m-1536x1196.jpg 1536w, https:\/\/ensemble-paroissial-reynies.fr\/wp-content\/uploads\/eglise_villebrumier\/P1000752m-2048x1595.jpg 2048w\" sizes=\"auto, (max-width: 1024px) 100vw, 1024px\" \/><\/a><figcaption class=\"wp-element-caption\">Chapelle saint Th\u00e9odard<\/figcaption><\/figure>\n<\/figure>\n<\/details>\n\n\n\n<details class=\"wp-block-details is-layout-flow wp-block-details-is-layout-flow\"><summary>Le Chemin de Croix<\/summary>\n<figure class=\"wp-block-gallery has-nested-images columns-3 is-cropped wp-block-gallery-5 is-layout-flex wp-block-gallery-is-layout-flex\">\n<figure class=\"wp-block-image size-large\"><a href=\"https:\/\/ensemble-paroissial-reynies.fr\/wp-content\/uploads\/eglise_villebrumier\/P1000747-scaled.jpg\"><img loading=\"lazy\" decoding=\"async\" width=\"585\" height=\"1024\" data-id=\"3196\" src=\"https:\/\/ensemble-paroissial-reynies.fr\/wp-content\/uploads\/eglise_villebrumier\/P1000747-585x1024.jpg\" alt=\"\" class=\"wp-image-3196\" srcset=\"https:\/\/ensemble-paroissial-reynies.fr\/wp-content\/uploads\/eglise_villebrumier\/P1000747-585x1024.jpg 585w, https:\/\/ensemble-paroissial-reynies.fr\/wp-content\/uploads\/eglise_villebrumier\/P1000747-171x300.jpg 171w, https:\/\/ensemble-paroissial-reynies.fr\/wp-content\/uploads\/eglise_villebrumier\/P1000747-768x1344.jpg 768w, https:\/\/ensemble-paroissial-reynies.fr\/wp-content\/uploads\/eglise_villebrumier\/P1000747-878x1536.jpg 878w, https:\/\/ensemble-paroissial-reynies.fr\/wp-content\/uploads\/eglise_villebrumier\/P1000747-1170x2048.jpg 1170w, https:\/\/ensemble-paroissial-reynies.fr\/wp-content\/uploads\/eglise_villebrumier\/P1000747-scaled.jpg 1463w\" sizes=\"auto, (max-width: 585px) 100vw, 585px\" \/><\/a><figcaption class=\"wp-element-caption\">Station I<\/figcaption><\/figure>\n\n\n\n<figure class=\"wp-block-image size-large\"><a href=\"https:\/\/ensemble-paroissial-reynies.fr\/wp-content\/uploads\/eglise_villebrumier\/P1000731m-scaled.jpg\"><img loading=\"lazy\" decoding=\"async\" width=\"660\" height=\"1024\" data-id=\"3185\" src=\"https:\/\/ensemble-paroissial-reynies.fr\/wp-content\/uploads\/eglise_villebrumier\/P1000731m-660x1024.jpg\" alt=\"\" class=\"wp-image-3185\" srcset=\"https:\/\/ensemble-paroissial-reynies.fr\/wp-content\/uploads\/eglise_villebrumier\/P1000731m-660x1024.jpg 660w, https:\/\/ensemble-paroissial-reynies.fr\/wp-content\/uploads\/eglise_villebrumier\/P1000731m-193x300.jpg 193w, https:\/\/ensemble-paroissial-reynies.fr\/wp-content\/uploads\/eglise_villebrumier\/P1000731m-768x1191.jpg 768w, https:\/\/ensemble-paroissial-reynies.fr\/wp-content\/uploads\/eglise_villebrumier\/P1000731m-990x1536.jpg 990w, https:\/\/ensemble-paroissial-reynies.fr\/wp-content\/uploads\/eglise_villebrumier\/P1000731m-1320x2048.jpg 1320w, https:\/\/ensemble-paroissial-reynies.fr\/wp-content\/uploads\/eglise_villebrumier\/P1000731m-scaled.jpg 1651w\" sizes=\"auto, (max-width: 660px) 100vw, 660px\" \/><\/a><figcaption class=\"wp-element-caption\">Station II<\/figcaption><\/figure>\n\n\n\n<figure class=\"wp-block-image size-large\"><a href=\"https:\/\/ensemble-paroissial-reynies.fr\/wp-content\/uploads\/eglise_villebrumier\/P1000732m-scaled.jpg\"><img loading=\"lazy\" decoding=\"async\" width=\"585\" height=\"1024\" data-id=\"3184\" src=\"https:\/\/ensemble-paroissial-reynies.fr\/wp-content\/uploads\/eglise_villebrumier\/P1000732m-585x1024.jpg\" alt=\"\" class=\"wp-image-3184\" srcset=\"https:\/\/ensemble-paroissial-reynies.fr\/wp-content\/uploads\/eglise_villebrumier\/P1000732m-585x1024.jpg 585w, https:\/\/ensemble-paroissial-reynies.fr\/wp-content\/uploads\/eglise_villebrumier\/P1000732m-171x300.jpg 171w, https:\/\/ensemble-paroissial-reynies.fr\/wp-content\/uploads\/eglise_villebrumier\/P1000732m-768x1345.jpg 768w, https:\/\/ensemble-paroissial-reynies.fr\/wp-content\/uploads\/eglise_villebrumier\/P1000732m-877x1536.jpg 877w, https:\/\/ensemble-paroissial-reynies.fr\/wp-content\/uploads\/eglise_villebrumier\/P1000732m-1169x2048.jpg 1169w, https:\/\/ensemble-paroissial-reynies.fr\/wp-content\/uploads\/eglise_villebrumier\/P1000732m-scaled.jpg 1461w\" sizes=\"auto, (max-width: 585px) 100vw, 585px\" \/><\/a><figcaption class=\"wp-element-caption\">Station III<\/figcaption><\/figure>\n\n\n\n<figure class=\"wp-block-image size-large\"><a href=\"https:\/\/ensemble-paroissial-reynies.fr\/wp-content\/uploads\/eglise_villebrumier\/P1000733m-scaled.jpg\"><img loading=\"lazy\" decoding=\"async\" width=\"564\" height=\"1024\" data-id=\"3187\" src=\"https:\/\/ensemble-paroissial-reynies.fr\/wp-content\/uploads\/eglise_villebrumier\/P1000733m-564x1024.jpg\" alt=\"\" class=\"wp-image-3187\" srcset=\"https:\/\/ensemble-paroissial-reynies.fr\/wp-content\/uploads\/eglise_villebrumier\/P1000733m-564x1024.jpg 564w, https:\/\/ensemble-paroissial-reynies.fr\/wp-content\/uploads\/eglise_villebrumier\/P1000733m-165x300.jpg 165w, https:\/\/ensemble-paroissial-reynies.fr\/wp-content\/uploads\/eglise_villebrumier\/P1000733m-768x1393.jpg 768w, https:\/\/ensemble-paroissial-reynies.fr\/wp-content\/uploads\/eglise_villebrumier\/P1000733m-847x1536.jpg 847w, https:\/\/ensemble-paroissial-reynies.fr\/wp-content\/uploads\/eglise_villebrumier\/P1000733m-1129x2048.jpg 1129w, https:\/\/ensemble-paroissial-reynies.fr\/wp-content\/uploads\/eglise_villebrumier\/P1000733m-scaled.jpg 1411w\" sizes=\"auto, (max-width: 564px) 100vw, 564px\" \/><\/a><figcaption class=\"wp-element-caption\">Station IV<\/figcaption><\/figure>\n\n\n\n<figure class=\"wp-block-image size-large\"><a href=\"https:\/\/ensemble-paroissial-reynies.fr\/wp-content\/uploads\/eglise_villebrumier\/P1000734m-scaled.jpg\"><img loading=\"lazy\" decoding=\"async\" width=\"649\" height=\"1024\" data-id=\"3180\" src=\"https:\/\/ensemble-paroissial-reynies.fr\/wp-content\/uploads\/eglise_villebrumier\/P1000734m-649x1024.jpg\" alt=\"\" class=\"wp-image-3180\" srcset=\"https:\/\/ensemble-paroissial-reynies.fr\/wp-content\/uploads\/eglise_villebrumier\/P1000734m-649x1024.jpg 649w, https:\/\/ensemble-paroissial-reynies.fr\/wp-content\/uploads\/eglise_villebrumier\/P1000734m-190x300.jpg 190w, https:\/\/ensemble-paroissial-reynies.fr\/wp-content\/uploads\/eglise_villebrumier\/P1000734m-768x1211.jpg 768w, https:\/\/ensemble-paroissial-reynies.fr\/wp-content\/uploads\/eglise_villebrumier\/P1000734m-974x1536.jpg 974w, https:\/\/ensemble-paroissial-reynies.fr\/wp-content\/uploads\/eglise_villebrumier\/P1000734m-1298x2048.jpg 1298w, https:\/\/ensemble-paroissial-reynies.fr\/wp-content\/uploads\/eglise_villebrumier\/P1000734m-scaled.jpg 1623w\" sizes=\"auto, (max-width: 649px) 100vw, 649px\" \/><\/a><figcaption class=\"wp-element-caption\">Station V<\/figcaption><\/figure>\n\n\n\n<figure class=\"wp-block-image size-large\"><a href=\"https:\/\/ensemble-paroissial-reynies.fr\/wp-content\/uploads\/eglise_villebrumier\/P1000735m-scaled.jpg\"><img loading=\"lazy\" decoding=\"async\" width=\"677\" height=\"1024\" data-id=\"3189\" src=\"https:\/\/ensemble-paroissial-reynies.fr\/wp-content\/uploads\/eglise_villebrumier\/P1000735m-677x1024.jpg\" alt=\"\" class=\"wp-image-3189\" srcset=\"https:\/\/ensemble-paroissial-reynies.fr\/wp-content\/uploads\/eglise_villebrumier\/P1000735m-677x1024.jpg 677w, https:\/\/ensemble-paroissial-reynies.fr\/wp-content\/uploads\/eglise_villebrumier\/P1000735m-198x300.jpg 198w, https:\/\/ensemble-paroissial-reynies.fr\/wp-content\/uploads\/eglise_villebrumier\/P1000735m-768x1161.jpg 768w, https:\/\/ensemble-paroissial-reynies.fr\/wp-content\/uploads\/eglise_villebrumier\/P1000735m-1016x1536.jpg 1016w, https:\/\/ensemble-paroissial-reynies.fr\/wp-content\/uploads\/eglise_villebrumier\/P1000735m-1354x2048.jpg 1354w, https:\/\/ensemble-paroissial-reynies.fr\/wp-content\/uploads\/eglise_villebrumier\/P1000735m-scaled.jpg 1693w\" sizes=\"auto, (max-width: 677px) 100vw, 677px\" \/><\/a><figcaption class=\"wp-element-caption\">Station VI<\/figcaption><\/figure>\n\n\n\n<figure class=\"wp-block-image size-large\"><a href=\"https:\/\/ensemble-paroissial-reynies.fr\/wp-content\/uploads\/eglise_villebrumier\/P1000736m-scaled.jpg\"><img loading=\"lazy\" decoding=\"async\" width=\"695\" height=\"1024\" data-id=\"3188\" src=\"https:\/\/ensemble-paroissial-reynies.fr\/wp-content\/uploads\/eglise_villebrumier\/P1000736m-695x1024.jpg\" alt=\"\" class=\"wp-image-3188\" srcset=\"https:\/\/ensemble-paroissial-reynies.fr\/wp-content\/uploads\/eglise_villebrumier\/P1000736m-695x1024.jpg 695w, https:\/\/ensemble-paroissial-reynies.fr\/wp-content\/uploads\/eglise_villebrumier\/P1000736m-204x300.jpg 204w, https:\/\/ensemble-paroissial-reynies.fr\/wp-content\/uploads\/eglise_villebrumier\/P1000736m-768x1132.jpg 768w, https:\/\/ensemble-paroissial-reynies.fr\/wp-content\/uploads\/eglise_villebrumier\/P1000736m-1042x1536.jpg 1042w, https:\/\/ensemble-paroissial-reynies.fr\/wp-content\/uploads\/eglise_villebrumier\/P1000736m-1390x2048.jpg 1390w, https:\/\/ensemble-paroissial-reynies.fr\/wp-content\/uploads\/eglise_villebrumier\/P1000736m-scaled.jpg 1737w\" sizes=\"auto, (max-width: 695px) 100vw, 695px\" \/><\/a><figcaption class=\"wp-element-caption\">Station VII<\/figcaption><\/figure>\n\n\n\n<figure class=\"wp-block-image size-large\"><a href=\"https:\/\/ensemble-paroissial-reynies.fr\/wp-content\/uploads\/eglise_villebrumier\/P1000738m-scaled.jpg\"><img loading=\"lazy\" decoding=\"async\" width=\"665\" height=\"1024\" data-id=\"3182\" src=\"https:\/\/ensemble-paroissial-reynies.fr\/wp-content\/uploads\/eglise_villebrumier\/P1000738m-665x1024.jpg\" alt=\"\" class=\"wp-image-3182\" srcset=\"https:\/\/ensemble-paroissial-reynies.fr\/wp-content\/uploads\/eglise_villebrumier\/P1000738m-665x1024.jpg 665w, https:\/\/ensemble-paroissial-reynies.fr\/wp-content\/uploads\/eglise_villebrumier\/P1000738m-195x300.jpg 195w, https:\/\/ensemble-paroissial-reynies.fr\/wp-content\/uploads\/eglise_villebrumier\/P1000738m-768x1182.jpg 768w, https:\/\/ensemble-paroissial-reynies.fr\/wp-content\/uploads\/eglise_villebrumier\/P1000738m-998x1536.jpg 998w, https:\/\/ensemble-paroissial-reynies.fr\/wp-content\/uploads\/eglise_villebrumier\/P1000738m-1330x2048.jpg 1330w, https:\/\/ensemble-paroissial-reynies.fr\/wp-content\/uploads\/eglise_villebrumier\/P1000738m-scaled.jpg 1663w\" sizes=\"auto, (max-width: 665px) 100vw, 665px\" \/><\/a><figcaption class=\"wp-element-caption\">Station VIII<\/figcaption><\/figure>\n\n\n\n<figure class=\"wp-block-image size-large\"><a href=\"https:\/\/ensemble-paroissial-reynies.fr\/wp-content\/uploads\/eglise_villebrumier\/P1000739m-scaled.jpg\"><img loading=\"lazy\" decoding=\"async\" width=\"632\" height=\"1024\" data-id=\"3186\" src=\"https:\/\/ensemble-paroissial-reynies.fr\/wp-content\/uploads\/eglise_villebrumier\/P1000739m-632x1024.jpg\" alt=\"\" class=\"wp-image-3186\" srcset=\"https:\/\/ensemble-paroissial-reynies.fr\/wp-content\/uploads\/eglise_villebrumier\/P1000739m-632x1024.jpg 632w, https:\/\/ensemble-paroissial-reynies.fr\/wp-content\/uploads\/eglise_villebrumier\/P1000739m-185x300.jpg 185w, https:\/\/ensemble-paroissial-reynies.fr\/wp-content\/uploads\/eglise_villebrumier\/P1000739m-768x1244.jpg 768w, https:\/\/ensemble-paroissial-reynies.fr\/wp-content\/uploads\/eglise_villebrumier\/P1000739m-949x1536.jpg 949w, https:\/\/ensemble-paroissial-reynies.fr\/wp-content\/uploads\/eglise_villebrumier\/P1000739m-1265x2048.jpg 1265w, https:\/\/ensemble-paroissial-reynies.fr\/wp-content\/uploads\/eglise_villebrumier\/P1000739m-scaled.jpg 1581w\" sizes=\"auto, (max-width: 632px) 100vw, 632px\" \/><\/a><figcaption class=\"wp-element-caption\">Station IX<\/figcaption><\/figure>\n\n\n\n<figure class=\"wp-block-image size-large\"><a href=\"https:\/\/ensemble-paroissial-reynies.fr\/wp-content\/uploads\/eglise_villebrumier\/P1000740m.jpg\"><img loading=\"lazy\" decoding=\"async\" width=\"696\" height=\"1024\" data-id=\"3183\" src=\"https:\/\/ensemble-paroissial-reynies.fr\/wp-content\/uploads\/eglise_villebrumier\/P1000740m-696x1024.jpg\" alt=\"\" class=\"wp-image-3183\" srcset=\"https:\/\/ensemble-paroissial-reynies.fr\/wp-content\/uploads\/eglise_villebrumier\/P1000740m-696x1024.jpg 696w, https:\/\/ensemble-paroissial-reynies.fr\/wp-content\/uploads\/eglise_villebrumier\/P1000740m-204x300.jpg 204w, https:\/\/ensemble-paroissial-reynies.fr\/wp-content\/uploads\/eglise_villebrumier\/P1000740m-768x1130.jpg 768w, https:\/\/ensemble-paroissial-reynies.fr\/wp-content\/uploads\/eglise_villebrumier\/P1000740m-1044x1536.jpg 1044w, https:\/\/ensemble-paroissial-reynies.fr\/wp-content\/uploads\/eglise_villebrumier\/P1000740m-1392x2048.jpg 1392w, https:\/\/ensemble-paroissial-reynies.fr\/wp-content\/uploads\/eglise_villebrumier\/P1000740m.jpg 1716w\" sizes=\"auto, (max-width: 696px) 100vw, 696px\" \/><\/a><figcaption class=\"wp-element-caption\">Station X<\/figcaption><\/figure>\n\n\n\n<figure class=\"wp-block-image size-large\"><a href=\"https:\/\/ensemble-paroissial-reynies.fr\/wp-content\/uploads\/eglise_villebrumier\/P1000741m-scaled.jpg\"><img loading=\"lazy\" decoding=\"async\" width=\"626\" height=\"1024\" data-id=\"3192\" src=\"https:\/\/ensemble-paroissial-reynies.fr\/wp-content\/uploads\/eglise_villebrumier\/P1000741m-626x1024.jpg\" alt=\"\" class=\"wp-image-3192\" srcset=\"https:\/\/ensemble-paroissial-reynies.fr\/wp-content\/uploads\/eglise_villebrumier\/P1000741m-626x1024.jpg 626w, https:\/\/ensemble-paroissial-reynies.fr\/wp-content\/uploads\/eglise_villebrumier\/P1000741m-184x300.jpg 184w, https:\/\/ensemble-paroissial-reynies.fr\/wp-content\/uploads\/eglise_villebrumier\/P1000741m-768x1256.jpg 768w, https:\/\/ensemble-paroissial-reynies.fr\/wp-content\/uploads\/eglise_villebrumier\/P1000741m-940x1536.jpg 940w, https:\/\/ensemble-paroissial-reynies.fr\/wp-content\/uploads\/eglise_villebrumier\/P1000741m-1253x2048.jpg 1253w, https:\/\/ensemble-paroissial-reynies.fr\/wp-content\/uploads\/eglise_villebrumier\/P1000741m-scaled.jpg 1566w\" sizes=\"auto, (max-width: 626px) 100vw, 626px\" \/><\/a><figcaption class=\"wp-element-caption\">Station XI<\/figcaption><\/figure>\n\n\n\n<figure class=\"wp-block-image size-large\"><a href=\"https:\/\/ensemble-paroissial-reynies.fr\/wp-content\/uploads\/eglise_villebrumier\/P1000742m-scaled.jpg\"><img loading=\"lazy\" decoding=\"async\" width=\"637\" height=\"1024\" data-id=\"3190\" src=\"https:\/\/ensemble-paroissial-reynies.fr\/wp-content\/uploads\/eglise_villebrumier\/P1000742m-637x1024.jpg\" alt=\"\" class=\"wp-image-3190\" srcset=\"https:\/\/ensemble-paroissial-reynies.fr\/wp-content\/uploads\/eglise_villebrumier\/P1000742m-637x1024.jpg 637w, https:\/\/ensemble-paroissial-reynies.fr\/wp-content\/uploads\/eglise_villebrumier\/P1000742m-187x300.jpg 187w, https:\/\/ensemble-paroissial-reynies.fr\/wp-content\/uploads\/eglise_villebrumier\/P1000742m-768x1234.jpg 768w, https:\/\/ensemble-paroissial-reynies.fr\/wp-content\/uploads\/eglise_villebrumier\/P1000742m-956x1536.jpg 956w, https:\/\/ensemble-paroissial-reynies.fr\/wp-content\/uploads\/eglise_villebrumier\/P1000742m-1275x2048.jpg 1275w, https:\/\/ensemble-paroissial-reynies.fr\/wp-content\/uploads\/eglise_villebrumier\/P1000742m-scaled.jpg 1594w\" sizes=\"auto, (max-width: 637px) 100vw, 637px\" \/><\/a><figcaption class=\"wp-element-caption\">Sttaion XII<\/figcaption><\/figure>\n\n\n\n<figure class=\"wp-block-image size-large\"><a href=\"https:\/\/ensemble-paroissial-reynies.fr\/wp-content\/uploads\/eglise_villebrumier\/P1000743m-scaled.jpg\"><img loading=\"lazy\" decoding=\"async\" width=\"601\" height=\"1024\" data-id=\"3191\" src=\"https:\/\/ensemble-paroissial-reynies.fr\/wp-content\/uploads\/eglise_villebrumier\/P1000743m-601x1024.jpg\" alt=\"\" class=\"wp-image-3191\" srcset=\"https:\/\/ensemble-paroissial-reynies.fr\/wp-content\/uploads\/eglise_villebrumier\/P1000743m-601x1024.jpg 601w, https:\/\/ensemble-paroissial-reynies.fr\/wp-content\/uploads\/eglise_villebrumier\/P1000743m-176x300.jpg 176w, https:\/\/ensemble-paroissial-reynies.fr\/wp-content\/uploads\/eglise_villebrumier\/P1000743m-768x1309.jpg 768w, https:\/\/ensemble-paroissial-reynies.fr\/wp-content\/uploads\/eglise_villebrumier\/P1000743m-901x1536.jpg 901w, https:\/\/ensemble-paroissial-reynies.fr\/wp-content\/uploads\/eglise_villebrumier\/P1000743m-1202x2048.jpg 1202w, https:\/\/ensemble-paroissial-reynies.fr\/wp-content\/uploads\/eglise_villebrumier\/P1000743m-scaled.jpg 1502w\" sizes=\"auto, (max-width: 601px) 100vw, 601px\" \/><\/a><figcaption class=\"wp-element-caption\">Sttaion XIII<\/figcaption><\/figure>\n\n\n\n<figure class=\"wp-block-image size-large\"><a href=\"https:\/\/ensemble-paroissial-reynies.fr\/wp-content\/uploads\/eglise_villebrumier\/P1000744m-scaled.jpg\"><img loading=\"lazy\" decoding=\"async\" width=\"626\" height=\"1024\" data-id=\"3181\" src=\"https:\/\/ensemble-paroissial-reynies.fr\/wp-content\/uploads\/eglise_villebrumier\/P1000744m-626x1024.jpg\" alt=\"\" class=\"wp-image-3181\" srcset=\"https:\/\/ensemble-paroissial-reynies.fr\/wp-content\/uploads\/eglise_villebrumier\/P1000744m-626x1024.jpg 626w, https:\/\/ensemble-paroissial-reynies.fr\/wp-content\/uploads\/eglise_villebrumier\/P1000744m-184x300.jpg 184w, https:\/\/ensemble-paroissial-reynies.fr\/wp-content\/uploads\/eglise_villebrumier\/P1000744m-768x1255.jpg 768w, https:\/\/ensemble-paroissial-reynies.fr\/wp-content\/uploads\/eglise_villebrumier\/P1000744m-940x1536.jpg 940w, https:\/\/ensemble-paroissial-reynies.fr\/wp-content\/uploads\/eglise_villebrumier\/P1000744m-1253x2048.jpg 1253w, https:\/\/ensemble-paroissial-reynies.fr\/wp-content\/uploads\/eglise_villebrumier\/P1000744m-scaled.jpg 1566w\" sizes=\"auto, (max-width: 626px) 100vw, 626px\" \/><\/a><figcaption class=\"wp-element-caption\">Station XIV<\/figcaption><\/figure>\n<\/figure>\n<\/details>\n","protected":false},"excerpt":{"rendered":"<p>Cliquez sur les photos pour les visualiser en entier<\/p>\n","protected":false},"author":1,"featured_media":0,"parent":1690,"menu_order":3,"comment_status":"closed","ping_status":"closed","template":"","meta":{"_eb_attr":"","pgc_sgb_lightbox_settings":"","footnotes":""},"class_list":["post-1745","page","type-page","status-publish"],"yoast_head":"<!-- This site is optimized with the Yoast SEO plugin v27.5 - https:\/\/yoast.com\/product\/yoast-seo-wordpress\/ -->\n<title>Villebrumier - Photographies - Ensemble paroissial de Reyni\u00e8s<\/title>\n<meta name=\"description\" content=\"Ensemble paroissial de Reyni\u00e8s - Ensemble paroissial de Reyni\u00e8s\" \/>\n<meta name=\"robots\" content=\"index, follow, max-snippet:-1, max-image-preview:large, max-video-preview:-1\" \/>\n<link rel=\"canonical\" href=\"https:\/\/ensemble-paroissial-reynies.fr\/?page_id=1745\" \/>\n<meta property=\"og:locale\" content=\"fr_FR\" \/>\n<meta property=\"og:type\" content=\"article\" \/>\n<meta property=\"og:title\" content=\"Villebrumier - Photographies - Ensemble paroissial de Reyni\u00e8s\" \/>\n<meta property=\"og:description\" content=\"Ensemble paroissial de Reyni\u00e8s - Ensemble paroissial de Reyni\u00e8s\" \/>\n<meta property=\"og:url\" content=\"https:\/\/ensemble-paroissial-reynies.fr\/?page_id=1745\" \/>\n<meta property=\"og:site_name\" content=\"Ensemble paroissial de Reyni\u00e8s\" \/>\n<meta property=\"article:modified_time\" content=\"2025-01-03T16:43:18+00:00\" \/>\n<meta property=\"og:image\" content=\"https:\/\/ensemble-paroissial-reynies.fr\/wp-content\/uploads\/eglise_villebrumier\/egvillebrumier0001-1.jpg\" \/>\n\t<meta property=\"og:image:width\" content=\"800\" \/>\n\t<meta property=\"og:image:height\" content=\"600\" \/>\n\t<meta property=\"og:image:type\" content=\"image\/jpeg\" \/>\n<meta name=\"twitter:card\" content=\"summary_large_image\" \/>\n<meta name=\"twitter:label1\" content=\"Dur\u00e9e de lecture estim\u00e9e\" \/>\n\t<meta name=\"twitter:data1\" content=\"9 minutes\" \/>\n<script type=\"application\/ld+json\" class=\"yoast-schema-graph\">{\"@context\":\"https:\\\/\\\/schema.org\",\"@graph\":[{\"@type\":\"WebPage\",\"@id\":\"https:\\\/\\\/ensemble-paroissial-reynies.fr\\\/?page_id=1745\",\"url\":\"https:\\\/\\\/ensemble-paroissial-reynies.fr\\\/?page_id=1745\",\"name\":\"Villebrumier - Photographies - Ensemble paroissial de Reyni\u00e8s\",\"isPartOf\":{\"@id\":\"https:\\\/\\\/ensemble-paroissial-reynies.fr\\\/#website\"},\"primaryImageOfPage\":{\"@id\":\"https:\\\/\\\/ensemble-paroissial-reynies.fr\\\/?page_id=1745#primaryimage\"},\"image\":{\"@id\":\"https:\\\/\\\/ensemble-paroissial-reynies.fr\\\/?page_id=1745#primaryimage\"},\"thumbnailUrl\":\"https:\\\/\\\/ensemble-paroissial-reynies.fr\\\/wp-content\\\/uploads\\\/eglise_villebrumier\\\/egvillebrumier0001-1.jpg\",\"datePublished\":\"2025-01-03T16:43:16+00:00\",\"dateModified\":\"2025-01-03T16:43:18+00:00\",\"description\":\"Ensemble paroissial de Reyni\u00e8s - Ensemble paroissial de Reyni\u00e8s\",\"breadcrumb\":{\"@id\":\"https:\\\/\\\/ensemble-paroissial-reynies.fr\\\/?page_id=1745#breadcrumb\"},\"inLanguage\":\"fr-FR\",\"potentialAction\":[{\"@type\":\"ReadAction\",\"target\":[\"https:\\\/\\\/ensemble-paroissial-reynies.fr\\\/?page_id=1745\"]}]},{\"@type\":\"ImageObject\",\"inLanguage\":\"fr-FR\",\"@id\":\"https:\\\/\\\/ensemble-paroissial-reynies.fr\\\/?page_id=1745#primaryimage\",\"url\":\"https:\\\/\\\/ensemble-paroissial-reynies.fr\\\/wp-content\\\/uploads\\\/eglise_villebrumier\\\/egvillebrumier0001-1.jpg\",\"contentUrl\":\"https:\\\/\\\/ensemble-paroissial-reynies.fr\\\/wp-content\\\/uploads\\\/eglise_villebrumier\\\/egvillebrumier0001-1.jpg\",\"width\":800,\"height\":600,\"caption\":\"\u00c9glise de Villebrumier\"},{\"@type\":\"BreadcrumbList\",\"@id\":\"https:\\\/\\\/ensemble-paroissial-reynies.fr\\\/?page_id=1745#breadcrumb\",\"itemListElement\":[{\"@type\":\"ListItem\",\"position\":1,\"name\":\"Home\",\"item\":\"https:\\\/\\\/ensemble-paroissial-reynies.fr\\\/\"},{\"@type\":\"ListItem\",\"position\":2,\"name\":\"Accueil\",\"item\":\"https:\\\/\\\/ensemble-paroissial-reynies.fr\\\/\"},{\"@type\":\"ListItem\",\"position\":3,\"name\":\"D\u00e9couvrir l&#8217;Ensemble Paroissial\",\"item\":\"https:\\\/\\\/ensemble-paroissial-reynies.fr\\\/?page_id=535\"},{\"@type\":\"ListItem\",\"position\":4,\"name\":\"Nos \u00c9glises et Chapelles\",\"item\":\"https:\\\/\\\/ensemble-paroissial-reynies.fr\\\/?page_id=2\"},{\"@type\":\"ListItem\",\"position\":5,\"name\":\"Villebrumier \u2013 \u00c9glise Saint Th\u00e9odard\",\"item\":\"https:\\\/\\\/ensemble-paroissial-reynies.fr\\\/?page_id=1690\"},{\"@type\":\"ListItem\",\"position\":6,\"name\":\"Villebrumier &#8211; Photographies\"}]},{\"@type\":\"WebSite\",\"@id\":\"https:\\\/\\\/ensemble-paroissial-reynies.fr\\\/#website\",\"url\":\"https:\\\/\\\/ensemble-paroissial-reynies.fr\\\/\",\"name\":\"Ensemble paroissial de Reyni\u00e8s\",\"description\":\"\",\"publisher\":{\"@id\":\"https:\\\/\\\/ensemble-paroissial-reynies.fr\\\/#organization\"},\"alternateName\":\"EPReyni\u00e8s\",\"potentialAction\":[{\"@type\":\"SearchAction\",\"target\":{\"@type\":\"EntryPoint\",\"urlTemplate\":\"https:\\\/\\\/ensemble-paroissial-reynies.fr\\\/?s={search_term_string}\"},\"query-input\":{\"@type\":\"PropertyValueSpecification\",\"valueRequired\":true,\"valueName\":\"search_term_string\"}}],\"inLanguage\":\"fr-FR\"},{\"@type\":\"Organization\",\"@id\":\"https:\\\/\\\/ensemble-paroissial-reynies.fr\\\/#organization\",\"name\":\"Ensemble paroissial de Reyni\u00e8s\",\"alternateName\":\"EPReyni\u00e8s\",\"url\":\"https:\\\/\\\/ensemble-paroissial-reynies.fr\\\/\",\"logo\":{\"@type\":\"ImageObject\",\"inLanguage\":\"fr-FR\",\"@id\":\"https:\\\/\\\/ensemble-paroissial-reynies.fr\\\/#\\\/schema\\\/logo\\\/image\\\/\",\"url\":\"https:\\\/\\\/ensemble-paroissial-reynies.fr\\\/wp-content\\\/uploads\\\/paroisse\\\/nouveau-logo-catechisme-paroisse-07-2023.jpg\",\"contentUrl\":\"https:\\\/\\\/ensemble-paroissial-reynies.fr\\\/wp-content\\\/uploads\\\/paroisse\\\/nouveau-logo-catechisme-paroisse-07-2023.jpg\",\"width\":666,\"height\":698,\"caption\":\"Ensemble paroissial de Reyni\u00e8s\"},\"image\":{\"@id\":\"https:\\\/\\\/ensemble-paroissial-reynies.fr\\\/#\\\/schema\\\/logo\\\/image\\\/\"}}]}<\/script>\n<!-- \/ Yoast SEO plugin. -->","yoast_head_json":{"title":"Villebrumier - Photographies - Ensemble paroissial de Reyni\u00e8s","description":"Ensemble paroissial de Reyni\u00e8s - Ensemble paroissial de Reyni\u00e8s","robots":{"index":"index","follow":"follow","max-snippet":"max-snippet:-1","max-image-preview":"max-image-preview:large","max-video-preview":"max-video-preview:-1"},"canonical":"https:\/\/ensemble-paroissial-reynies.fr\/?page_id=1745","og_locale":"fr_FR","og_type":"article","og_title":"Villebrumier - Photographies - Ensemble paroissial de Reyni\u00e8s","og_description":"Ensemble paroissial de Reyni\u00e8s - Ensemble paroissial de Reyni\u00e8s","og_url":"https:\/\/ensemble-paroissial-reynies.fr\/?page_id=1745","og_site_name":"Ensemble paroissial de Reyni\u00e8s","article_modified_time":"2025-01-03T16:43:18+00:00","og_image":[{"width":800,"height":600,"url":"https:\/\/ensemble-paroissial-reynies.fr\/wp-content\/uploads\/eglise_villebrumier\/egvillebrumier0001-1.jpg","type":"image\/jpeg"}],"twitter_card":"summary_large_image","twitter_misc":{"Dur\u00e9e de lecture estim\u00e9e":"9 minutes"},"schema":{"@context":"https:\/\/schema.org","@graph":[{"@type":"WebPage","@id":"https:\/\/ensemble-paroissial-reynies.fr\/?page_id=1745","url":"https:\/\/ensemble-paroissial-reynies.fr\/?page_id=1745","name":"Villebrumier - Photographies - Ensemble paroissial de Reyni\u00e8s","isPartOf":{"@id":"https:\/\/ensemble-paroissial-reynies.fr\/#website"},"primaryImageOfPage":{"@id":"https:\/\/ensemble-paroissial-reynies.fr\/?page_id=1745#primaryimage"},"image":{"@id":"https:\/\/ensemble-paroissial-reynies.fr\/?page_id=1745#primaryimage"},"thumbnailUrl":"https:\/\/ensemble-paroissial-reynies.fr\/wp-content\/uploads\/eglise_villebrumier\/egvillebrumier0001-1.jpg","datePublished":"2025-01-03T16:43:16+00:00","dateModified":"2025-01-03T16:43:18+00:00","description":"Ensemble paroissial de Reyni\u00e8s - Ensemble paroissial de Reyni\u00e8s","breadcrumb":{"@id":"https:\/\/ensemble-paroissial-reynies.fr\/?page_id=1745#breadcrumb"},"inLanguage":"fr-FR","potentialAction":[{"@type":"ReadAction","target":["https:\/\/ensemble-paroissial-reynies.fr\/?page_id=1745"]}]},{"@type":"ImageObject","inLanguage":"fr-FR","@id":"https:\/\/ensemble-paroissial-reynies.fr\/?page_id=1745#primaryimage","url":"https:\/\/ensemble-paroissial-reynies.fr\/wp-content\/uploads\/eglise_villebrumier\/egvillebrumier0001-1.jpg","contentUrl":"https:\/\/ensemble-paroissial-reynies.fr\/wp-content\/uploads\/eglise_villebrumier\/egvillebrumier0001-1.jpg","width":800,"height":600,"caption":"\u00c9glise de Villebrumier"},{"@type":"BreadcrumbList","@id":"https:\/\/ensemble-paroissial-reynies.fr\/?page_id=1745#breadcrumb","itemListElement":[{"@type":"ListItem","position":1,"name":"Home","item":"https:\/\/ensemble-paroissial-reynies.fr\/"},{"@type":"ListItem","position":2,"name":"Accueil","item":"https:\/\/ensemble-paroissial-reynies.fr\/"},{"@type":"ListItem","position":3,"name":"D\u00e9couvrir l&#8217;Ensemble Paroissial","item":"https:\/\/ensemble-paroissial-reynies.fr\/?page_id=535"},{"@type":"ListItem","position":4,"name":"Nos \u00c9glises et Chapelles","item":"https:\/\/ensemble-paroissial-reynies.fr\/?page_id=2"},{"@type":"ListItem","position":5,"name":"Villebrumier \u2013 \u00c9glise Saint Th\u00e9odard","item":"https:\/\/ensemble-paroissial-reynies.fr\/?page_id=1690"},{"@type":"ListItem","position":6,"name":"Villebrumier &#8211; Photographies"}]},{"@type":"WebSite","@id":"https:\/\/ensemble-paroissial-reynies.fr\/#website","url":"https:\/\/ensemble-paroissial-reynies.fr\/","name":"Ensemble paroissial de Reyni\u00e8s","description":"","publisher":{"@id":"https:\/\/ensemble-paroissial-reynies.fr\/#organization"},"alternateName":"EPReyni\u00e8s","potentialAction":[{"@type":"SearchAction","target":{"@type":"EntryPoint","urlTemplate":"https:\/\/ensemble-paroissial-reynies.fr\/?s={search_term_string}"},"query-input":{"@type":"PropertyValueSpecification","valueRequired":true,"valueName":"search_term_string"}}],"inLanguage":"fr-FR"},{"@type":"Organization","@id":"https:\/\/ensemble-paroissial-reynies.fr\/#organization","name":"Ensemble paroissial de Reyni\u00e8s","alternateName":"EPReyni\u00e8s","url":"https:\/\/ensemble-paroissial-reynies.fr\/","logo":{"@type":"ImageObject","inLanguage":"fr-FR","@id":"https:\/\/ensemble-paroissial-reynies.fr\/#\/schema\/logo\/image\/","url":"https:\/\/ensemble-paroissial-reynies.fr\/wp-content\/uploads\/paroisse\/nouveau-logo-catechisme-paroisse-07-2023.jpg","contentUrl":"https:\/\/ensemble-paroissial-reynies.fr\/wp-content\/uploads\/paroisse\/nouveau-logo-catechisme-paroisse-07-2023.jpg","width":666,"height":698,"caption":"Ensemble paroissial de Reyni\u00e8s"},"image":{"@id":"https:\/\/ensemble-paroissial-reynies.fr\/#\/schema\/logo\/image\/"}}]}},"featured_image_src":null,"featured_image_src_square":null,"_links":{"self":[{"href":"https:\/\/ensemble-paroissial-reynies.fr\/index.php?rest_route=\/wp\/v2\/pages\/1745","targetHints":{"allow":["GET"]}}],"collection":[{"href":"https:\/\/ensemble-paroissial-reynies.fr\/index.php?rest_route=\/wp\/v2\/pages"}],"about":[{"href":"https:\/\/ensemble-paroissial-reynies.fr\/index.php?rest_route=\/wp\/v2\/types\/page"}],"author":[{"embeddable":true,"href":"https:\/\/ensemble-paroissial-reynies.fr\/index.php?rest_route=\/wp\/v2\/users\/1"}],"replies":[{"embeddable":true,"href":"https:\/\/ensemble-paroissial-reynies.fr\/index.php?rest_route=%2Fwp%2Fv2%2Fcomments&post=1745"}],"version-history":[{"count":0,"href":"https:\/\/ensemble-paroissial-reynies.fr\/index.php?rest_route=\/wp\/v2\/pages\/1745\/revisions"}],"up":[{"embeddable":true,"href":"https:\/\/ensemble-paroissial-reynies.fr\/index.php?rest_route=\/wp\/v2\/pages\/1690"}],"wp:attachment":[{"href":"https:\/\/ensemble-paroissial-reynies.fr\/index.php?rest_route=%2Fwp%2Fv2%2Fmedia&parent=1745"}],"curies":[{"name":"wp","href":"https:\/\/api.w.org\/{rel}","templated":true}]}}