{"id":1712,"date":"2024-10-08T13:39:46","date_gmt":"2024-10-08T11:39:46","guid":{"rendered":"https:\/\/ensemble-paroissial-reynies.fr\/?page_id=1712"},"modified":"2024-10-08T13:43:38","modified_gmt":"2024-10-08T11:43:38","slug":"saint-pierre-aux-liens","status":"publish","type":"page","link":"https:\/\/ensemble-paroissial-reynies.fr\/?page_id=1712","title":{"rendered":"Saint Pierre aux liens"},"content":{"rendered":"\n<p>L\u2019\u00e9glise de Labastide-Saint-Pierre est d\u00e9di\u00e9e \u00e0 saint Pierre aux liens.<\/p>\n\n\n\n<div class=\"wp-block-group is-nowrap is-layout-flex wp-container-core-group-is-layout-ad2f72ca wp-block-group-is-layout-flex\">\n<figure class=\"wp-block-image size-full\"><a href=\"https:\/\/ensemble-paroissial-reynies.fr\/wp-content\/uploads\/eglise_labastide\/dsc04936r.jpg\"><img loading=\"lazy\" decoding=\"async\" width=\"494\" height=\"972\" src=\"https:\/\/ensemble-paroissial-reynies.fr\/wp-content\/uploads\/eglise_labastide\/dsc04936r.jpg\" alt=\"\" class=\"wp-image-865\" srcset=\"https:\/\/ensemble-paroissial-reynies.fr\/wp-content\/uploads\/eglise_labastide\/dsc04936r.jpg 494w, https:\/\/ensemble-paroissial-reynies.fr\/wp-content\/uploads\/eglise_labastide\/dsc04936r-152x300.jpg 152w\" sizes=\"auto, (max-width: 494px) 100vw, 494px\" \/><\/a><figcaption class=\"wp-element-caption\">                               <\/figcaption><\/figure>\n\n\n\n<div class=\"wp-block-group is-vertical is-layout-flex wp-container-core-group-is-layout-8cf370e7 wp-block-group-is-layout-flex\">\n<p>L\u2019\u00e9glise de Labastide-Saint-Pierre est donc d\u00e9di\u00e9e \u00e0 un \u00e9v\u00e8nement particulier de la vie de saint Pierre, premier pape et fondateur de l\u2019\u00e9glise (<em>pour la vie de saint Pierre voir l\u2019\u00e9glise saint Pierre de La Salvetat<\/em>).<\/p>\n\n\n\n<p>Apr\u00e8s l\u2019Ascension de notre Seigneur J\u00e9sus Christ, Pierre agit comme chef des chr\u00e9tiens. Il pr\u00eache, converti et baptise en Palestine. Puis il part fonder l\u2019\u00c9glise d\u2019Antioche. A partir de l\u2019an 41, il \u00e9tablit son si\u00e8ge \u00e0 Rome tout en continuant \u00e0 voyager pour r\u00e9pandre le message du Christ.<\/p>\n<\/div>\n<\/div>\n\n\n\n<p><br>En l\u2019an 44, le roi Aggripa met Pierre en prison \u00e0 J\u00e9rusalem avec l\u2019intention de le faire mourir. Les fid\u00e8les, \u00e0 la nouvelle de l\u2019arrestation du chef de l\u2019\u00c9glise, se mirent aussit\u00f4t en pri\u00e8re pour qu\u2019il soit d\u00e9livr\u00e9.<br>Charg\u00e9 de cha\u00eenes, pierre \u00e9tait gard\u00e9 nuit et jour par des soldats, une partie faisaient tour \u00e0 tour sentinelle dans la prison autour de lui; les autres gardaient les portes.<br>La nuit qui pr\u00e9c\u00e9dait le jour marqu\u00e9 pour l\u2019ex\u00e9cution, Pierre dormait paisiblement au milieu de ses gardes, quand tout \u00e0 coup la prison fut \u00e9clair\u00e9e d\u2019une lumi\u00e8re c\u00e9leste. Un Ange appara\u00eet, le r\u00e9veille et lui dit: \u201cLevez-vous promptement, prenez votre ceinture, vos v\u00eatements et vos chaussures, et suivez-moi.\u201d<br>Au m\u00eame instant les cha\u00eenes tombent de ses mains; stup\u00e9fait, il ob\u00e9it, et traverse sans obstacle, \u00e0 la suite de l\u2019Ange, le premier et le second corps de garde. Une porte de fer \u00e9tait \u00e0 l\u2019entr\u00e9e du chemin qui conduisait \u00e0 l\u2019int\u00e9rieur de J\u00e9rusalem; cette porte s\u2019ouvre d\u2019elle-m\u00eame. Ils vont ensemble jusqu\u2019au bout de la rue, et l\u2019Ange dispara\u00eet.<br>Pierre avait cru que tout ce qui se passait n\u2019\u00e9tait qu\u2019un songe; mais, persuad\u00e9 alors de la r\u00e9alit\u00e9 de sa d\u00e9livrance, il en b\u00e9nit le Seigneur en disant: \u201cJe reconnais maintenant que Dieu a envoy\u00e9 v\u00e9ritablement Son Ange et qu\u2019Il m\u2019a d\u00e9livr\u00e9 de la main d\u2019H\u00e9rode et de l\u2019attente cruelle du peuple juif.\u201d<br>Il se rend alors \u00e0 la maison de Marie, m\u00e8re de Marc, son disciple, o\u00f9 se trouvait une foule en pri\u00e8re. Pierre frappe \u00e0 la porte, et la jeune fille qui se pr\u00e9sente pour ouvrir, ayant distingu\u00e9 la voix de Pierre, court l\u2019annoncer dans l\u2019int\u00e9rieur de la maison.<br>Personne n\u2019y voulait croire: \u201cVous \u00eates folle!\u201d dit-on \u00e0 cette fille. \u201cC\u2019est son Ange,\u201d disaient les autres. Pierre continuait \u00e0 frapper. Lorsque la porte fut ouverte et que l\u2019on reconnut saint Pierre, la joie explosa\u00a0! L\u2019Ap\u00f4tre raconta la merveille que Dieu venait d\u2019accomplir.<\/p>\n\n\n\n<p>Les fid\u00e8les recueillirent les pr\u00e9cieuses cha\u00eenes de saint Pierre et les conserv\u00e8rent avec respect. Plus tard, on recueillit aussi avec soin les cha\u00eenes qui avait \u00e9t\u00e9 port\u00e9es par Pierre dans la prison de Rome avant son martyr. Le pape L\u00e9on 1er, voulant les comparer, approcha les cha\u00eenes de J\u00e9rusalem de celles de la prison Mamertine, elles se soud\u00e8rent miraculeusement. Ces cha\u00eenes sont v\u00e9n\u00e9r\u00e9es dans l\u2019\u00e9glise de Saint-Pierre-aux-Liens \u00e0 Rome.&nbsp;<br>C\u2019est cet \u00e9v\u00e8nement remarquable, c\u00e9l\u00e9br\u00e9 le 1er ao\u00fbt, auquel sont d\u00e9di\u00e9es beaucoup d\u2019\u00e9glises dans le monde dont l\u2019\u00e9glise de Labastide-Saint-Pierre.<\/p>\n\n\n\n<p><strong>La f\u00eate de saint Pierre aux liens est c\u00e9l\u00e9br\u00e9e le 1er ao\u00fbt.<\/strong><\/p>\n\n\n\n<p><em>Sources&nbsp;:&nbsp;\u2013 martyrologue romain traduit en fran\u00e7ais 1823&nbsp;\u2013 dictionnaire hagiographique, abb\u00e9 Perrin tome 2 1848&nbsp;\u2013 Dictionnaire historique tome 1 1818 Abb\u00e9 F.X. de Feller&nbsp;\u2013 m\u00e9moires pour servir \u00e0 l\u2019histoire eccl\u00e9siastique des six premiers si\u00e8cles&nbsp;\u2013 Grand livre des saints: culte et iconographie en Occident&nbsp;\u2013 Abb\u00e9 L. Jaud, Vie des Saints pour tous les jours de l\u2019ann\u00e9e, Tours, Mame, 1950<\/em><\/p>\n","protected":false},"excerpt":{"rendered":"<p>L\u2019\u00e9glise de Labastide-Saint-Pierre est d\u00e9di\u00e9e \u00e0 saint Pierre aux liens. L\u2019\u00e9glise de Labastide-Saint-Pierre est donc d\u00e9di\u00e9e \u00e0 un \u00e9v\u00e8nement particulier de la vie de saint Pierre, premier pape et fondateur de l\u2019\u00e9glise (pour la vie de saint Pierre voir l\u2019\u00e9glise saint Pierre de La Salvetat). Apr\u00e8s l\u2019Ascension de notre Seigneur J\u00e9sus Christ, Pierre agit comme &#8230; <a title=\"Saint Pierre aux liens\" class=\"read-more\" href=\"https:\/\/ensemble-paroissial-reynies.fr\/?page_id=1712\" aria-label=\"En savoir plus sur Saint Pierre aux liens\">Lire la suite<\/a><\/p>\n","protected":false},"author":1,"featured_media":0,"parent":1353,"menu_order":2,"comment_status":"closed","ping_status":"closed","template":"","meta":{"_eb_attr":"","pgc_sgb_lightbox_settings":"","footnotes":""},"class_list":["post-1712","page","type-page","status-publish"],"yoast_head":"<!-- This site is optimized with the Yoast SEO plugin v27.5 - https:\/\/yoast.com\/product\/yoast-seo-wordpress\/ -->\n<title>Saint Pierre aux liens - Ensemble paroissial de Reyni\u00e8s<\/title>\n<meta name=\"description\" content=\"Ensemble paroissial de Reyni\u00e8s - Ensemble paroissial de Reyni\u00e8s\" \/>\n<meta name=\"robots\" content=\"index, follow, max-snippet:-1, max-image-preview:large, max-video-preview:-1\" \/>\n<link rel=\"canonical\" href=\"https:\/\/ensemble-paroissial-reynies.fr\/?page_id=1712\" \/>\n<meta property=\"og:locale\" content=\"fr_FR\" \/>\n<meta property=\"og:type\" content=\"article\" \/>\n<meta property=\"og:title\" content=\"Saint Pierre aux liens - Ensemble paroissial de Reyni\u00e8s\" \/>\n<meta property=\"og:description\" content=\"Ensemble paroissial de Reyni\u00e8s - Ensemble paroissial de Reyni\u00e8s\" \/>\n<meta property=\"og:url\" content=\"https:\/\/ensemble-paroissial-reynies.fr\/?page_id=1712\" \/>\n<meta property=\"og:site_name\" content=\"Ensemble paroissial de Reyni\u00e8s\" \/>\n<meta property=\"article:modified_time\" content=\"2024-10-08T11:43:38+00:00\" \/>\n<meta property=\"og:image\" content=\"https:\/\/ensemble-paroissial-reynies.fr\/wp-content\/uploads\/eglise_labastide\/dsc04936r.jpg\" \/>\n<meta name=\"twitter:card\" content=\"summary_large_image\" \/>\n<meta name=\"twitter:label1\" content=\"Dur\u00e9e de lecture estim\u00e9e\" \/>\n\t<meta name=\"twitter:data1\" content=\"3 minutes\" \/>\n<script type=\"application\/ld+json\" class=\"yoast-schema-graph\">{\"@context\":\"https:\\\/\\\/schema.org\",\"@graph\":[{\"@type\":\"WebPage\",\"@id\":\"https:\\\/\\\/ensemble-paroissial-reynies.fr\\\/?page_id=1712\",\"url\":\"https:\\\/\\\/ensemble-paroissial-reynies.fr\\\/?page_id=1712\",\"name\":\"Saint Pierre aux liens - Ensemble paroissial de Reyni\u00e8s\",\"isPartOf\":{\"@id\":\"https:\\\/\\\/ensemble-paroissial-reynies.fr\\\/#website\"},\"primaryImageOfPage\":{\"@id\":\"https:\\\/\\\/ensemble-paroissial-reynies.fr\\\/?page_id=1712#primaryimage\"},\"image\":{\"@id\":\"https:\\\/\\\/ensemble-paroissial-reynies.fr\\\/?page_id=1712#primaryimage\"},\"thumbnailUrl\":\"https:\\\/\\\/ensemble-paroissial-reynies.fr\\\/wp-content\\\/uploads\\\/eglise_labastide\\\/dsc04936r.jpg\",\"datePublished\":\"2024-10-08T11:39:46+00:00\",\"dateModified\":\"2024-10-08T11:43:38+00:00\",\"description\":\"Ensemble paroissial de Reyni\u00e8s - Ensemble paroissial de Reyni\u00e8s\",\"breadcrumb\":{\"@id\":\"https:\\\/\\\/ensemble-paroissial-reynies.fr\\\/?page_id=1712#breadcrumb\"},\"inLanguage\":\"fr-FR\",\"potentialAction\":[{\"@type\":\"ReadAction\",\"target\":[\"https:\\\/\\\/ensemble-paroissial-reynies.fr\\\/?page_id=1712\"]}]},{\"@type\":\"ImageObject\",\"inLanguage\":\"fr-FR\",\"@id\":\"https:\\\/\\\/ensemble-paroissial-reynies.fr\\\/?page_id=1712#primaryimage\",\"url\":\"https:\\\/\\\/ensemble-paroissial-reynies.fr\\\/wp-content\\\/uploads\\\/eglise_labastide\\\/dsc04936r.jpg\",\"contentUrl\":\"https:\\\/\\\/ensemble-paroissial-reynies.fr\\\/wp-content\\\/uploads\\\/eglise_labastide\\\/dsc04936r.jpg\"},{\"@type\":\"BreadcrumbList\",\"@id\":\"https:\\\/\\\/ensemble-paroissial-reynies.fr\\\/?page_id=1712#breadcrumb\",\"itemListElement\":[{\"@type\":\"ListItem\",\"position\":1,\"name\":\"Home\",\"item\":\"https:\\\/\\\/ensemble-paroissial-reynies.fr\\\/\"},{\"@type\":\"ListItem\",\"position\":2,\"name\":\"Accueil\",\"item\":\"https:\\\/\\\/ensemble-paroissial-reynies.fr\\\/\"},{\"@type\":\"ListItem\",\"position\":3,\"name\":\"D\u00e9couvrir l&#8217;Ensemble Paroissial\",\"item\":\"https:\\\/\\\/ensemble-paroissial-reynies.fr\\\/?page_id=535\"},{\"@type\":\"ListItem\",\"position\":4,\"name\":\"Nos \u00c9glises et Chapelles\",\"item\":\"https:\\\/\\\/ensemble-paroissial-reynies.fr\\\/?page_id=2\"},{\"@type\":\"ListItem\",\"position\":5,\"name\":\"Labastide-Saint-Pierre &#8211; \u00c9glise saint Pierre-aux-liens\",\"item\":\"https:\\\/\\\/ensemble-paroissial-reynies.fr\\\/?page_id=1353\"},{\"@type\":\"ListItem\",\"position\":6,\"name\":\"Saint Pierre aux liens\"}]},{\"@type\":\"WebSite\",\"@id\":\"https:\\\/\\\/ensemble-paroissial-reynies.fr\\\/#website\",\"url\":\"https:\\\/\\\/ensemble-paroissial-reynies.fr\\\/\",\"name\":\"Ensemble paroissial de Reyni\u00e8s\",\"description\":\"\",\"publisher\":{\"@id\":\"https:\\\/\\\/ensemble-paroissial-reynies.fr\\\/#organization\"},\"alternateName\":\"EPReyni\u00e8s\",\"potentialAction\":[{\"@type\":\"SearchAction\",\"target\":{\"@type\":\"EntryPoint\",\"urlTemplate\":\"https:\\\/\\\/ensemble-paroissial-reynies.fr\\\/?s={search_term_string}\"},\"query-input\":{\"@type\":\"PropertyValueSpecification\",\"valueRequired\":true,\"valueName\":\"search_term_string\"}}],\"inLanguage\":\"fr-FR\"},{\"@type\":\"Organization\",\"@id\":\"https:\\\/\\\/ensemble-paroissial-reynies.fr\\\/#organization\",\"name\":\"Ensemble paroissial de Reyni\u00e8s\",\"alternateName\":\"EPReyni\u00e8s\",\"url\":\"https:\\\/\\\/ensemble-paroissial-reynies.fr\\\/\",\"logo\":{\"@type\":\"ImageObject\",\"inLanguage\":\"fr-FR\",\"@id\":\"https:\\\/\\\/ensemble-paroissial-reynies.fr\\\/#\\\/schema\\\/logo\\\/image\\\/\",\"url\":\"https:\\\/\\\/ensemble-paroissial-reynies.fr\\\/wp-content\\\/uploads\\\/paroisse\\\/nouveau-logo-catechisme-paroisse-07-2023.jpg\",\"contentUrl\":\"https:\\\/\\\/ensemble-paroissial-reynies.fr\\\/wp-content\\\/uploads\\\/paroisse\\\/nouveau-logo-catechisme-paroisse-07-2023.jpg\",\"width\":666,\"height\":698,\"caption\":\"Ensemble paroissial de Reyni\u00e8s\"},\"image\":{\"@id\":\"https:\\\/\\\/ensemble-paroissial-reynies.fr\\\/#\\\/schema\\\/logo\\\/image\\\/\"}}]}<\/script>\n<!-- \/ Yoast SEO plugin. -->","yoast_head_json":{"title":"Saint Pierre aux liens - Ensemble paroissial de Reyni\u00e8s","description":"Ensemble paroissial de Reyni\u00e8s - Ensemble paroissial de Reyni\u00e8s","robots":{"index":"index","follow":"follow","max-snippet":"max-snippet:-1","max-image-preview":"max-image-preview:large","max-video-preview":"max-video-preview:-1"},"canonical":"https:\/\/ensemble-paroissial-reynies.fr\/?page_id=1712","og_locale":"fr_FR","og_type":"article","og_title":"Saint Pierre aux liens - Ensemble paroissial de Reyni\u00e8s","og_description":"Ensemble paroissial de Reyni\u00e8s - Ensemble paroissial de Reyni\u00e8s","og_url":"https:\/\/ensemble-paroissial-reynies.fr\/?page_id=1712","og_site_name":"Ensemble paroissial de Reyni\u00e8s","article_modified_time":"2024-10-08T11:43:38+00:00","og_image":[{"url":"https:\/\/ensemble-paroissial-reynies.fr\/wp-content\/uploads\/eglise_labastide\/dsc04936r.jpg","type":"","width":"","height":""}],"twitter_card":"summary_large_image","twitter_misc":{"Dur\u00e9e de lecture estim\u00e9e":"3 minutes"},"schema":{"@context":"https:\/\/schema.org","@graph":[{"@type":"WebPage","@id":"https:\/\/ensemble-paroissial-reynies.fr\/?page_id=1712","url":"https:\/\/ensemble-paroissial-reynies.fr\/?page_id=1712","name":"Saint Pierre aux liens - Ensemble paroissial de Reyni\u00e8s","isPartOf":{"@id":"https:\/\/ensemble-paroissial-reynies.fr\/#website"},"primaryImageOfPage":{"@id":"https:\/\/ensemble-paroissial-reynies.fr\/?page_id=1712#primaryimage"},"image":{"@id":"https:\/\/ensemble-paroissial-reynies.fr\/?page_id=1712#primaryimage"},"thumbnailUrl":"https:\/\/ensemble-paroissial-reynies.fr\/wp-content\/uploads\/eglise_labastide\/dsc04936r.jpg","datePublished":"2024-10-08T11:39:46+00:00","dateModified":"2024-10-08T11:43:38+00:00","description":"Ensemble paroissial de Reyni\u00e8s - Ensemble paroissial de Reyni\u00e8s","breadcrumb":{"@id":"https:\/\/ensemble-paroissial-reynies.fr\/?page_id=1712#breadcrumb"},"inLanguage":"fr-FR","potentialAction":[{"@type":"ReadAction","target":["https:\/\/ensemble-paroissial-reynies.fr\/?page_id=1712"]}]},{"@type":"ImageObject","inLanguage":"fr-FR","@id":"https:\/\/ensemble-paroissial-reynies.fr\/?page_id=1712#primaryimage","url":"https:\/\/ensemble-paroissial-reynies.fr\/wp-content\/uploads\/eglise_labastide\/dsc04936r.jpg","contentUrl":"https:\/\/ensemble-paroissial-reynies.fr\/wp-content\/uploads\/eglise_labastide\/dsc04936r.jpg"},{"@type":"BreadcrumbList","@id":"https:\/\/ensemble-paroissial-reynies.fr\/?page_id=1712#breadcrumb","itemListElement":[{"@type":"ListItem","position":1,"name":"Home","item":"https:\/\/ensemble-paroissial-reynies.fr\/"},{"@type":"ListItem","position":2,"name":"Accueil","item":"https:\/\/ensemble-paroissial-reynies.fr\/"},{"@type":"ListItem","position":3,"name":"D\u00e9couvrir l&#8217;Ensemble Paroissial","item":"https:\/\/ensemble-paroissial-reynies.fr\/?page_id=535"},{"@type":"ListItem","position":4,"name":"Nos \u00c9glises et Chapelles","item":"https:\/\/ensemble-paroissial-reynies.fr\/?page_id=2"},{"@type":"ListItem","position":5,"name":"Labastide-Saint-Pierre &#8211; \u00c9glise saint Pierre-aux-liens","item":"https:\/\/ensemble-paroissial-reynies.fr\/?page_id=1353"},{"@type":"ListItem","position":6,"name":"Saint Pierre aux liens"}]},{"@type":"WebSite","@id":"https:\/\/ensemble-paroissial-reynies.fr\/#website","url":"https:\/\/ensemble-paroissial-reynies.fr\/","name":"Ensemble paroissial de Reyni\u00e8s","description":"","publisher":{"@id":"https:\/\/ensemble-paroissial-reynies.fr\/#organization"},"alternateName":"EPReyni\u00e8s","potentialAction":[{"@type":"SearchAction","target":{"@type":"EntryPoint","urlTemplate":"https:\/\/ensemble-paroissial-reynies.fr\/?s={search_term_string}"},"query-input":{"@type":"PropertyValueSpecification","valueRequired":true,"valueName":"search_term_string"}}],"inLanguage":"fr-FR"},{"@type":"Organization","@id":"https:\/\/ensemble-paroissial-reynies.fr\/#organization","name":"Ensemble paroissial de Reyni\u00e8s","alternateName":"EPReyni\u00e8s","url":"https:\/\/ensemble-paroissial-reynies.fr\/","logo":{"@type":"ImageObject","inLanguage":"fr-FR","@id":"https:\/\/ensemble-paroissial-reynies.fr\/#\/schema\/logo\/image\/","url":"https:\/\/ensemble-paroissial-reynies.fr\/wp-content\/uploads\/paroisse\/nouveau-logo-catechisme-paroisse-07-2023.jpg","contentUrl":"https:\/\/ensemble-paroissial-reynies.fr\/wp-content\/uploads\/paroisse\/nouveau-logo-catechisme-paroisse-07-2023.jpg","width":666,"height":698,"caption":"Ensemble paroissial de Reyni\u00e8s"},"image":{"@id":"https:\/\/ensemble-paroissial-reynies.fr\/#\/schema\/logo\/image\/"}}]}},"featured_image_src":null,"featured_image_src_square":null,"_links":{"self":[{"href":"https:\/\/ensemble-paroissial-reynies.fr\/index.php?rest_route=\/wp\/v2\/pages\/1712","targetHints":{"allow":["GET"]}}],"collection":[{"href":"https:\/\/ensemble-paroissial-reynies.fr\/index.php?rest_route=\/wp\/v2\/pages"}],"about":[{"href":"https:\/\/ensemble-paroissial-reynies.fr\/index.php?rest_route=\/wp\/v2\/types\/page"}],"author":[{"embeddable":true,"href":"https:\/\/ensemble-paroissial-reynies.fr\/index.php?rest_route=\/wp\/v2\/users\/1"}],"replies":[{"embeddable":true,"href":"https:\/\/ensemble-paroissial-reynies.fr\/index.php?rest_route=%2Fwp%2Fv2%2Fcomments&post=1712"}],"version-history":[{"count":0,"href":"https:\/\/ensemble-paroissial-reynies.fr\/index.php?rest_route=\/wp\/v2\/pages\/1712\/revisions"}],"up":[{"embeddable":true,"href":"https:\/\/ensemble-paroissial-reynies.fr\/index.php?rest_route=\/wp\/v2\/pages\/1353"}],"wp:attachment":[{"href":"https:\/\/ensemble-paroissial-reynies.fr\/index.php?rest_route=%2Fwp%2Fv2%2Fmedia&parent=1712"}],"curies":[{"name":"wp","href":"https:\/\/api.w.org\/{rel}","templated":true}]}}