{"id":1699,"date":"2024-10-08T13:26:56","date_gmt":"2024-10-08T11:26:56","guid":{"rendered":"https:\/\/ensemble-paroissial-reynies.fr\/?page_id=1699"},"modified":"2024-10-08T13:31:16","modified_gmt":"2024-10-08T11:31:16","slug":"saint-theodard","status":"publish","type":"page","link":"https:\/\/ensemble-paroissial-reynies.fr\/?page_id=1699","title":{"rendered":"Saint Th\u00e9odard"},"content":{"rendered":"\n<p>L\u2019\u00e9glise de Villebrumier est d\u00e9di\u00e9e \u00e0 saint Th\u00e9odard (ou saint Audard).<\/p>\n\n\n\n<p>Theodardus \u00e9v\u00eaque de Narbonne et patron de Montauban, est n\u00e9 vers 840 dans une famille noble de la r\u00e9gion de Toulouse. Il \u00e9tudie les Sciences Humaines et la science de la religion. Encore la\u00efque, il participe au concile de Toulouse assembl\u00e9 pour entendre les plaintes des juifs contre l\u2019\u00e9v\u00eaque de la ville. Pendant la conf\u00e9rence, Th\u00e9odard montre une grande capacit\u00e9 de dialogue et une grande instruction. Sigebod, \u00e9v\u00eaque de Narbonne et pr\u00e9sident du concile, est impressionn\u00e9 et le le fait archidiacre de son \u00e9glise.<\/p>\n\n\n\n<p>Il a \u00e9t\u00e9 ordonn\u00e9 pr\u00eatre vers l\u2019an 878. A la mort de Sigebod, en 885, Th\u00e9odard est \u00e9lu pour lui succ\u00e9der, choix approuv\u00e9 par tous les \u00e9v\u00eaques de la m\u00e9tropole de Narbonne.<\/p>\n\n\n\n<p>Son z\u00e8le dans ses fonctions de l\u2019\u00e9piscopat et l\u2019aust\u00e9rit\u00e9 qu\u2019il se for\u00e7ait \u00e0 pratiquer d\u00e9gradent sa sant\u00e9. Vers l\u2019an 892, il d\u00e9cide de se retirer sur ses terres natales situ\u00e9es \u00e0 Montauriol au monast\u00e8re saint-Martin de Tours, monast\u00e8re b\u00e9n\u00e9dictin fond\u00e9 par ses anc\u00eatres (le monast\u00e8re \u00e9tait aussi appel\u00e9 Monast\u00e8re de Montauriol, il se trouvait \u00e0 peu pr\u00e8s l\u00e0 o\u00f9 est le conseil d\u00e9partemental aujourd\u2019hui). Il y meurt le 1er mai 893 et est enterr\u00e9 dans l\u2019\u00e9glise du monast\u00e8re. <\/p>\n\n\n\n<p>Beaucoup de miracles se produisent sur son tombeau et un village se construit autour de l\u2019abbaye qui prend son nom et re\u00e7oit de nombreux dons la faisant devenir l\u2019abbaye la plus importante du midi.<\/p>\n\n\n\n<div class=\"wp-block-group is-nowrap is-layout-flex wp-container-core-group-is-layout-ad2f72ca wp-block-group-is-layout-flex\">\n<figure class=\"wp-block-image size-large is-resized\"><a href=\"https:\/\/ensemble-paroissial-reynies.fr\/wp-content\/uploads\/eglise_villebrumier\/chasse-st-theodard.jpg\"><img loading=\"lazy\" decoding=\"async\" width=\"868\" height=\"1024\" src=\"https:\/\/ensemble-paroissial-reynies.fr\/wp-content\/uploads\/eglise_villebrumier\/chasse-st-theodard-868x1024.jpg\" alt=\"\" class=\"wp-image-946\" style=\"width:537px;height:auto\" srcset=\"https:\/\/ensemble-paroissial-reynies.fr\/wp-content\/uploads\/eglise_villebrumier\/chasse-st-theodard-868x1024.jpg 868w, https:\/\/ensemble-paroissial-reynies.fr\/wp-content\/uploads\/eglise_villebrumier\/chasse-st-theodard-254x300.jpg 254w, https:\/\/ensemble-paroissial-reynies.fr\/wp-content\/uploads\/eglise_villebrumier\/chasse-st-theodard-768x906.jpg 768w, https:\/\/ensemble-paroissial-reynies.fr\/wp-content\/uploads\/eglise_villebrumier\/chasse-st-theodard-1302x1536.jpg 1302w, https:\/\/ensemble-paroissial-reynies.fr\/wp-content\/uploads\/eglise_villebrumier\/chasse-st-theodard-1736x2048.jpg 1736w, https:\/\/ensemble-paroissial-reynies.fr\/wp-content\/uploads\/eglise_villebrumier\/chasse-st-theodard.jpg 1944w\" sizes=\"auto, (max-width: 868px) 100vw, 868px\" \/><\/a><\/figure>\n\n\n\n<p>Les reliques de saint Th\u00e9odard ont \u00e9t\u00e9 transport\u00e9es&nbsp;<strong>en l\u2019\u00e9glise de Villebrumier&nbsp;<\/strong>apr\u00e8s le pillage de la cath\u00e9drale de Montauban par les protestants. En 1562 Monseigneur Pierre Berthier, \u00c9v\u00eaque de Montauban, fait r\u00e9aliser une chasse et en d\u00e9cembre 1562 il inventorie et place les reliques \u00e0 l\u2019int\u00e9rieur. En 1833 la chasse est en tr\u00e8s mauvais \u00e9tat, le Cur\u00e9 et les paroissiens de Villebrumier en font fabriquer une nouvelle en bois dot\u00e9, les reliques y sont transf\u00e9r\u00e9es le 1er mai 1833. cette chasse est toujours conserv\u00e9e dans l\u2019\u00e9glise..<\/p>\n<\/div>\n\n\n\n<div class=\"wp-block-group is-nowrap is-layout-flex wp-container-core-group-is-layout-ad2f72ca wp-block-group-is-layout-flex\">\n<figure class=\"wp-block-image size-full is-resized\"><a href=\"https:\/\/ensemble-paroissial-reynies.fr\/wp-content\/uploads\/eglise_villebrumier\/saint-theodard.jpg\"><img loading=\"lazy\" decoding=\"async\" width=\"323\" height=\"975\" src=\"https:\/\/ensemble-paroissial-reynies.fr\/wp-content\/uploads\/eglise_villebrumier\/saint-theodard.jpg\" alt=\"\" class=\"wp-image-953\" style=\"width:537px;height:auto\" srcset=\"https:\/\/ensemble-paroissial-reynies.fr\/wp-content\/uploads\/eglise_villebrumier\/saint-theodard.jpg 323w, https:\/\/ensemble-paroissial-reynies.fr\/wp-content\/uploads\/eglise_villebrumier\/saint-theodard-99x300.jpg 99w\" sizes=\"auto, (max-width: 323px) 100vw, 323px\" \/><\/a><\/figure>\n\n\n\n<div class=\"wp-block-group is-vertical is-layout-flex wp-container-core-group-is-layout-8cf370e7 wp-block-group-is-layout-flex\">\n<p><br>Depuis 2014, devant l\u2019\u00e9glise de Villebrumier, dans le petit espace vert communal, se trouve une statue de saint Th\u00e9odard dans son costume \u00e9piscopal. Cette statue et le socle de la Mission de 1874 \u00e9taient auparavant \u00e0 cot\u00e9 de la mairie.<\/p>\n\n\n\n<p><br>Son testament spirituel se termine par cette pri\u00e8re&nbsp;: \u00ab P\u00e8re tr\u00e8s bon, assiste ton serviteur, tout indigne qu\u2019il est de ton amiti\u00e9, car il ne doute pas, malgr\u00e9 tout, de ta mis\u00e9ricorde et de ton amour. Re\u00e7ois mon \u00e2me dans la paix. Et toi, qui es vraiment notre avocat, \u00e0 la fois Dieu et homme, Seigneur J\u00e9sus Christ, je t\u2019ai aim\u00e9 de tout mon c\u0153ur, de tout mon esprit, de toutes mes forces, et je t\u2019aime et t\u2019aimerai toujours\u2026&nbsp;\u00bb<\/p>\n<\/div>\n<\/div>\n\n\n\n<p class=\"has-text-align-center\"><strong>La f\u00eate de saint Th\u00e9odard est c\u00e9l\u00e9br\u00e9e le 1er mai.<\/strong><\/p>\n","protected":false},"excerpt":{"rendered":"<p>L\u2019\u00e9glise de Villebrumier est d\u00e9di\u00e9e \u00e0 saint Th\u00e9odard (ou saint Audard). Theodardus \u00e9v\u00eaque de Narbonne et patron de Montauban, est n\u00e9 vers 840 dans une famille noble de la r\u00e9gion de Toulouse. Il \u00e9tudie les Sciences Humaines et la science de la religion. Encore la\u00efque, il participe au concile de Toulouse assembl\u00e9 pour entendre les &#8230; <a title=\"Saint Th\u00e9odard\" class=\"read-more\" href=\"https:\/\/ensemble-paroissial-reynies.fr\/?page_id=1699\" aria-label=\"En savoir plus sur Saint Th\u00e9odard\">Lire la suite<\/a><\/p>\n","protected":false},"author":1,"featured_media":0,"parent":1690,"menu_order":1,"comment_status":"closed","ping_status":"closed","template":"","meta":{"_eb_attr":"","pgc_sgb_lightbox_settings":"","footnotes":""},"class_list":["post-1699","page","type-page","status-publish"],"yoast_head":"<!-- This site is optimized with the Yoast SEO plugin v27.5 - https:\/\/yoast.com\/product\/yoast-seo-wordpress\/ -->\n<title>Saint Th\u00e9odard - Ensemble paroissial de Reyni\u00e8s<\/title>\n<meta name=\"description\" content=\"Ensemble paroissial de Reyni\u00e8s - Ensemble paroissial de Reyni\u00e8s\" \/>\n<meta name=\"robots\" content=\"index, follow, max-snippet:-1, max-image-preview:large, max-video-preview:-1\" \/>\n<link rel=\"canonical\" href=\"https:\/\/ensemble-paroissial-reynies.fr\/?page_id=1699\" \/>\n<meta property=\"og:locale\" content=\"fr_FR\" \/>\n<meta property=\"og:type\" content=\"article\" \/>\n<meta property=\"og:title\" content=\"Saint Th\u00e9odard - Ensemble paroissial de Reyni\u00e8s\" \/>\n<meta property=\"og:description\" content=\"Ensemble paroissial de Reyni\u00e8s - Ensemble paroissial de Reyni\u00e8s\" \/>\n<meta property=\"og:url\" content=\"https:\/\/ensemble-paroissial-reynies.fr\/?page_id=1699\" \/>\n<meta property=\"og:site_name\" content=\"Ensemble paroissial de Reyni\u00e8s\" \/>\n<meta property=\"article:modified_time\" content=\"2024-10-08T11:31:16+00:00\" \/>\n<meta property=\"og:image\" content=\"https:\/\/ensemble-paroissial-reynies.fr\/wp-content\/uploads\/eglise_villebrumier\/chasse-st-theodard-868x1024.jpg\" \/>\n<meta name=\"twitter:card\" content=\"summary_large_image\" \/>\n<meta name=\"twitter:label1\" content=\"Dur\u00e9e de lecture estim\u00e9e\" \/>\n\t<meta name=\"twitter:data1\" content=\"3 minutes\" \/>\n<script type=\"application\/ld+json\" class=\"yoast-schema-graph\">{\"@context\":\"https:\\\/\\\/schema.org\",\"@graph\":[{\"@type\":\"WebPage\",\"@id\":\"https:\\\/\\\/ensemble-paroissial-reynies.fr\\\/?page_id=1699\",\"url\":\"https:\\\/\\\/ensemble-paroissial-reynies.fr\\\/?page_id=1699\",\"name\":\"Saint Th\u00e9odard - Ensemble paroissial de Reyni\u00e8s\",\"isPartOf\":{\"@id\":\"https:\\\/\\\/ensemble-paroissial-reynies.fr\\\/#website\"},\"primaryImageOfPage\":{\"@id\":\"https:\\\/\\\/ensemble-paroissial-reynies.fr\\\/?page_id=1699#primaryimage\"},\"image\":{\"@id\":\"https:\\\/\\\/ensemble-paroissial-reynies.fr\\\/?page_id=1699#primaryimage\"},\"thumbnailUrl\":\"https:\\\/\\\/ensemble-paroissial-reynies.fr\\\/wp-content\\\/uploads\\\/eglise_villebrumier\\\/chasse-st-theodard-868x1024.jpg\",\"datePublished\":\"2024-10-08T11:26:56+00:00\",\"dateModified\":\"2024-10-08T11:31:16+00:00\",\"description\":\"Ensemble paroissial de Reyni\u00e8s - Ensemble paroissial de Reyni\u00e8s\",\"breadcrumb\":{\"@id\":\"https:\\\/\\\/ensemble-paroissial-reynies.fr\\\/?page_id=1699#breadcrumb\"},\"inLanguage\":\"fr-FR\",\"potentialAction\":[{\"@type\":\"ReadAction\",\"target\":[\"https:\\\/\\\/ensemble-paroissial-reynies.fr\\\/?page_id=1699\"]}]},{\"@type\":\"ImageObject\",\"inLanguage\":\"fr-FR\",\"@id\":\"https:\\\/\\\/ensemble-paroissial-reynies.fr\\\/?page_id=1699#primaryimage\",\"url\":\"https:\\\/\\\/ensemble-paroissial-reynies.fr\\\/wp-content\\\/uploads\\\/eglise_villebrumier\\\/chasse-st-theodard.jpg\",\"contentUrl\":\"https:\\\/\\\/ensemble-paroissial-reynies.fr\\\/wp-content\\\/uploads\\\/eglise_villebrumier\\\/chasse-st-theodard.jpg\",\"width\":1944,\"height\":2293},{\"@type\":\"BreadcrumbList\",\"@id\":\"https:\\\/\\\/ensemble-paroissial-reynies.fr\\\/?page_id=1699#breadcrumb\",\"itemListElement\":[{\"@type\":\"ListItem\",\"position\":1,\"name\":\"Home\",\"item\":\"https:\\\/\\\/ensemble-paroissial-reynies.fr\\\/\"},{\"@type\":\"ListItem\",\"position\":2,\"name\":\"Accueil\",\"item\":\"https:\\\/\\\/ensemble-paroissial-reynies.fr\\\/\"},{\"@type\":\"ListItem\",\"position\":3,\"name\":\"D\u00e9couvrir l&#8217;Ensemble Paroissial\",\"item\":\"https:\\\/\\\/ensemble-paroissial-reynies.fr\\\/?page_id=535\"},{\"@type\":\"ListItem\",\"position\":4,\"name\":\"Nos \u00c9glises et Chapelles\",\"item\":\"https:\\\/\\\/ensemble-paroissial-reynies.fr\\\/?page_id=2\"},{\"@type\":\"ListItem\",\"position\":5,\"name\":\"Villebrumier \u2013 \u00c9glise Saint Th\u00e9odard\",\"item\":\"https:\\\/\\\/ensemble-paroissial-reynies.fr\\\/?page_id=1690\"},{\"@type\":\"ListItem\",\"position\":6,\"name\":\"Saint Th\u00e9odard\"}]},{\"@type\":\"WebSite\",\"@id\":\"https:\\\/\\\/ensemble-paroissial-reynies.fr\\\/#website\",\"url\":\"https:\\\/\\\/ensemble-paroissial-reynies.fr\\\/\",\"name\":\"Ensemble paroissial de Reyni\u00e8s\",\"description\":\"\",\"publisher\":{\"@id\":\"https:\\\/\\\/ensemble-paroissial-reynies.fr\\\/#organization\"},\"alternateName\":\"EPReyni\u00e8s\",\"potentialAction\":[{\"@type\":\"SearchAction\",\"target\":{\"@type\":\"EntryPoint\",\"urlTemplate\":\"https:\\\/\\\/ensemble-paroissial-reynies.fr\\\/?s={search_term_string}\"},\"query-input\":{\"@type\":\"PropertyValueSpecification\",\"valueRequired\":true,\"valueName\":\"search_term_string\"}}],\"inLanguage\":\"fr-FR\"},{\"@type\":\"Organization\",\"@id\":\"https:\\\/\\\/ensemble-paroissial-reynies.fr\\\/#organization\",\"name\":\"Ensemble paroissial de Reyni\u00e8s\",\"alternateName\":\"EPReyni\u00e8s\",\"url\":\"https:\\\/\\\/ensemble-paroissial-reynies.fr\\\/\",\"logo\":{\"@type\":\"ImageObject\",\"inLanguage\":\"fr-FR\",\"@id\":\"https:\\\/\\\/ensemble-paroissial-reynies.fr\\\/#\\\/schema\\\/logo\\\/image\\\/\",\"url\":\"https:\\\/\\\/ensemble-paroissial-reynies.fr\\\/wp-content\\\/uploads\\\/paroisse\\\/nouveau-logo-catechisme-paroisse-07-2023.jpg\",\"contentUrl\":\"https:\\\/\\\/ensemble-paroissial-reynies.fr\\\/wp-content\\\/uploads\\\/paroisse\\\/nouveau-logo-catechisme-paroisse-07-2023.jpg\",\"width\":666,\"height\":698,\"caption\":\"Ensemble paroissial de Reyni\u00e8s\"},\"image\":{\"@id\":\"https:\\\/\\\/ensemble-paroissial-reynies.fr\\\/#\\\/schema\\\/logo\\\/image\\\/\"}}]}<\/script>\n<!-- \/ Yoast SEO plugin. -->","yoast_head_json":{"title":"Saint Th\u00e9odard - Ensemble paroissial de Reyni\u00e8s","description":"Ensemble paroissial de Reyni\u00e8s - Ensemble paroissial de Reyni\u00e8s","robots":{"index":"index","follow":"follow","max-snippet":"max-snippet:-1","max-image-preview":"max-image-preview:large","max-video-preview":"max-video-preview:-1"},"canonical":"https:\/\/ensemble-paroissial-reynies.fr\/?page_id=1699","og_locale":"fr_FR","og_type":"article","og_title":"Saint Th\u00e9odard - Ensemble paroissial de Reyni\u00e8s","og_description":"Ensemble paroissial de Reyni\u00e8s - Ensemble paroissial de Reyni\u00e8s","og_url":"https:\/\/ensemble-paroissial-reynies.fr\/?page_id=1699","og_site_name":"Ensemble paroissial de Reyni\u00e8s","article_modified_time":"2024-10-08T11:31:16+00:00","og_image":[{"url":"https:\/\/ensemble-paroissial-reynies.fr\/wp-content\/uploads\/eglise_villebrumier\/chasse-st-theodard-868x1024.jpg","type":"","width":"","height":""}],"twitter_card":"summary_large_image","twitter_misc":{"Dur\u00e9e de lecture estim\u00e9e":"3 minutes"},"schema":{"@context":"https:\/\/schema.org","@graph":[{"@type":"WebPage","@id":"https:\/\/ensemble-paroissial-reynies.fr\/?page_id=1699","url":"https:\/\/ensemble-paroissial-reynies.fr\/?page_id=1699","name":"Saint Th\u00e9odard - Ensemble paroissial de Reyni\u00e8s","isPartOf":{"@id":"https:\/\/ensemble-paroissial-reynies.fr\/#website"},"primaryImageOfPage":{"@id":"https:\/\/ensemble-paroissial-reynies.fr\/?page_id=1699#primaryimage"},"image":{"@id":"https:\/\/ensemble-paroissial-reynies.fr\/?page_id=1699#primaryimage"},"thumbnailUrl":"https:\/\/ensemble-paroissial-reynies.fr\/wp-content\/uploads\/eglise_villebrumier\/chasse-st-theodard-868x1024.jpg","datePublished":"2024-10-08T11:26:56+00:00","dateModified":"2024-10-08T11:31:16+00:00","description":"Ensemble paroissial de Reyni\u00e8s - Ensemble paroissial de Reyni\u00e8s","breadcrumb":{"@id":"https:\/\/ensemble-paroissial-reynies.fr\/?page_id=1699#breadcrumb"},"inLanguage":"fr-FR","potentialAction":[{"@type":"ReadAction","target":["https:\/\/ensemble-paroissial-reynies.fr\/?page_id=1699"]}]},{"@type":"ImageObject","inLanguage":"fr-FR","@id":"https:\/\/ensemble-paroissial-reynies.fr\/?page_id=1699#primaryimage","url":"https:\/\/ensemble-paroissial-reynies.fr\/wp-content\/uploads\/eglise_villebrumier\/chasse-st-theodard.jpg","contentUrl":"https:\/\/ensemble-paroissial-reynies.fr\/wp-content\/uploads\/eglise_villebrumier\/chasse-st-theodard.jpg","width":1944,"height":2293},{"@type":"BreadcrumbList","@id":"https:\/\/ensemble-paroissial-reynies.fr\/?page_id=1699#breadcrumb","itemListElement":[{"@type":"ListItem","position":1,"name":"Home","item":"https:\/\/ensemble-paroissial-reynies.fr\/"},{"@type":"ListItem","position":2,"name":"Accueil","item":"https:\/\/ensemble-paroissial-reynies.fr\/"},{"@type":"ListItem","position":3,"name":"D\u00e9couvrir l&#8217;Ensemble Paroissial","item":"https:\/\/ensemble-paroissial-reynies.fr\/?page_id=535"},{"@type":"ListItem","position":4,"name":"Nos \u00c9glises et Chapelles","item":"https:\/\/ensemble-paroissial-reynies.fr\/?page_id=2"},{"@type":"ListItem","position":5,"name":"Villebrumier \u2013 \u00c9glise Saint Th\u00e9odard","item":"https:\/\/ensemble-paroissial-reynies.fr\/?page_id=1690"},{"@type":"ListItem","position":6,"name":"Saint Th\u00e9odard"}]},{"@type":"WebSite","@id":"https:\/\/ensemble-paroissial-reynies.fr\/#website","url":"https:\/\/ensemble-paroissial-reynies.fr\/","name":"Ensemble paroissial de Reyni\u00e8s","description":"","publisher":{"@id":"https:\/\/ensemble-paroissial-reynies.fr\/#organization"},"alternateName":"EPReyni\u00e8s","potentialAction":[{"@type":"SearchAction","target":{"@type":"EntryPoint","urlTemplate":"https:\/\/ensemble-paroissial-reynies.fr\/?s={search_term_string}"},"query-input":{"@type":"PropertyValueSpecification","valueRequired":true,"valueName":"search_term_string"}}],"inLanguage":"fr-FR"},{"@type":"Organization","@id":"https:\/\/ensemble-paroissial-reynies.fr\/#organization","name":"Ensemble paroissial de Reyni\u00e8s","alternateName":"EPReyni\u00e8s","url":"https:\/\/ensemble-paroissial-reynies.fr\/","logo":{"@type":"ImageObject","inLanguage":"fr-FR","@id":"https:\/\/ensemble-paroissial-reynies.fr\/#\/schema\/logo\/image\/","url":"https:\/\/ensemble-paroissial-reynies.fr\/wp-content\/uploads\/paroisse\/nouveau-logo-catechisme-paroisse-07-2023.jpg","contentUrl":"https:\/\/ensemble-paroissial-reynies.fr\/wp-content\/uploads\/paroisse\/nouveau-logo-catechisme-paroisse-07-2023.jpg","width":666,"height":698,"caption":"Ensemble paroissial de Reyni\u00e8s"},"image":{"@id":"https:\/\/ensemble-paroissial-reynies.fr\/#\/schema\/logo\/image\/"}}]}},"featured_image_src":null,"featured_image_src_square":null,"_links":{"self":[{"href":"https:\/\/ensemble-paroissial-reynies.fr\/index.php?rest_route=\/wp\/v2\/pages\/1699","targetHints":{"allow":["GET"]}}],"collection":[{"href":"https:\/\/ensemble-paroissial-reynies.fr\/index.php?rest_route=\/wp\/v2\/pages"}],"about":[{"href":"https:\/\/ensemble-paroissial-reynies.fr\/index.php?rest_route=\/wp\/v2\/types\/page"}],"author":[{"embeddable":true,"href":"https:\/\/ensemble-paroissial-reynies.fr\/index.php?rest_route=\/wp\/v2\/users\/1"}],"replies":[{"embeddable":true,"href":"https:\/\/ensemble-paroissial-reynies.fr\/index.php?rest_route=%2Fwp%2Fv2%2Fcomments&post=1699"}],"version-history":[{"count":0,"href":"https:\/\/ensemble-paroissial-reynies.fr\/index.php?rest_route=\/wp\/v2\/pages\/1699\/revisions"}],"up":[{"embeddable":true,"href":"https:\/\/ensemble-paroissial-reynies.fr\/index.php?rest_route=\/wp\/v2\/pages\/1690"}],"wp:attachment":[{"href":"https:\/\/ensemble-paroissial-reynies.fr\/index.php?rest_route=%2Fwp%2Fv2%2Fmedia&parent=1699"}],"curies":[{"name":"wp","href":"https:\/\/api.w.org\/{rel}","templated":true}]}}