{"id":1666,"date":"2025-09-14T17:53:53","date_gmt":"2025-09-14T15:53:53","guid":{"rendered":"https:\/\/ensemble-paroissial-reynies.fr\/?page_id=1666"},"modified":"2025-09-14T17:57:27","modified_gmt":"2025-09-14T15:57:27","slug":"poulauron-photographies","status":"publish","type":"page","link":"https:\/\/ensemble-paroissial-reynies.fr\/?page_id=1666","title":{"rendered":"Puylauron &#8211; Photographies"},"content":{"rendered":"<div class=\"pgc-sgb-cb wp-block-pgcsimplygalleryblock-slider \" data-gallery-id=\"91011899\"style=&quot;min-height:580px&quot;><div class=\"sgb-preloader\" id=\"pr_91011899\">\n\t<div class=\"sgb-square\" style=\"background:#d4d4d4\"><\/div>\n\t<div class=\"sgb-square\" style=\"background:#d4d4d4\"><\/div>\n\t<div class=\"sgb-square\" style=\"background:#d4d4d4\"><\/div>\n\t<div class=\"sgb-square\" style=\"background:#d4d4d4\"><\/div><\/div><div class=\"simply-gallery-amp pgc_sgb_slider \"><noscript><div class=\"sgb-gallery\"><div class=\"sgb-item\"><a href=\"https:\/\/ensemble-paroissial-reynies.fr\/?attachment_id=916\" target=\"_blank\"><img decoding=\"async\" alt=\"\" width=\"300\" height=\"169\" loading=\"lazy\" src=\"https:\/\/ensemble-paroissial-reynies.fr\/wp-content\/uploads\/eglise_puylauron\/egpuylauron0002-1-300x169.jpg\" srcset=\"https:\/\/ensemble-paroissial-reynies.fr\/wp-content\/uploads\/eglise_puylauron\/egpuylauron0002-1-300x169.jpg 300w,https:\/\/ensemble-paroissial-reynies.fr\/wp-content\/uploads\/eglise_puylauron\/egpuylauron0002-1.jpg 800w\" sizes=\"auto, 250px\"\/><\/a><div class=\"sgb-item-caption\"><em>Chapelle Notre-Dame des Anges &#8211; Puylauron    <\/em><\/div><\/div><div class=\"sgb-item\"><a href=\"https:\/\/ensemble-paroissial-reynies.fr\/?attachment_id=923\" target=\"_blank\"><img decoding=\"async\" alt=\"\" width=\"300\" height=\"169\" loading=\"lazy\" src=\"https:\/\/ensemble-paroissial-reynies.fr\/wp-content\/uploads\/eglise_puylauron\/puylauron2-1-scaled-1-300x169.jpg\" srcset=\"https:\/\/ensemble-paroissial-reynies.fr\/wp-content\/uploads\/eglise_puylauron\/puylauron2-1-scaled-1-300x169.jpg 300w,https:\/\/ensemble-paroissial-reynies.fr\/wp-content\/uploads\/eglise_puylauron\/puylauron2-1-scaled-1-1024x576.jpg 1024w,https:\/\/ensemble-paroissial-reynies.fr\/wp-content\/uploads\/eglise_puylauron\/puylauron2-1-scaled-1.jpg 2560w\" sizes=\"auto, 250px\"\/><\/a><div class=\"sgb-item-caption\"><em>Chapelle Notre-Dame des Anges &#8211; Puylauron<\/em><\/div><\/div><div class=\"sgb-item\"><a href=\"https:\/\/ensemble-paroissial-reynies.fr\/?attachment_id=919\" target=\"_blank\"><img decoding=\"async\" alt=\"\" width=\"225\" height=\"300\" loading=\"lazy\" src=\"https:\/\/ensemble-paroissial-reynies.fr\/wp-content\/uploads\/eglise_puylauron\/egpuylauron0001-1-225x300.jpg\" srcset=\"https:\/\/ensemble-paroissial-reynies.fr\/wp-content\/uploads\/eglise_puylauron\/egpuylauron0001-1-225x300.jpg 225w,https:\/\/ensemble-paroissial-reynies.fr\/wp-content\/uploads\/eglise_puylauron\/egpuylauron0001-1.jpg 600w\" sizes=\"auto, 250px\"\/><\/a><div class=\"sgb-item-caption\"><em>Chapelle Notre-Dame des Anges &#8211; Puylauron<\/em><\/div><\/div><div class=\"sgb-item\"><a href=\"https:\/\/ensemble-paroissial-reynies.fr\/?attachment_id=918\" target=\"_blank\"><img decoding=\"async\" alt=\"\" width=\"169\" height=\"300\" loading=\"lazy\" src=\"https:\/\/ensemble-paroissial-reynies.fr\/wp-content\/uploads\/eglise_puylauron\/20180313_173451-scaled-1-169x300.jpg\" srcset=\"https:\/\/ensemble-paroissial-reynies.fr\/wp-content\/uploads\/eglise_puylauron\/20180313_173451-scaled-1-169x300.jpg 169w,https:\/\/ensemble-paroissial-reynies.fr\/wp-content\/uploads\/eglise_puylauron\/20180313_173451-scaled-1-576x1024.jpg 576w,https:\/\/ensemble-paroissial-reynies.fr\/wp-content\/uploads\/eglise_puylauron\/20180313_173451-scaled-1.jpg 1440w\" sizes=\"auto, 250px\"\/><\/a><div class=\"sgb-item-caption\"><em>Chapelle Notre-Dame des Anges &#8211; Puylauron<\/em><\/div><\/div><div class=\"sgb-item\"><a href=\"https:\/\/ensemble-paroissial-reynies.fr\/?attachment_id=913\" target=\"_blank\"><img decoding=\"async\" alt=\"\" width=\"202\" height=\"300\" loading=\"lazy\" src=\"https:\/\/ensemble-paroissial-reynies.fr\/wp-content\/uploads\/eglise_puylauron\/statuepuylaurona-202x300.jpg\" srcset=\"https:\/\/ensemble-paroissial-reynies.fr\/wp-content\/uploads\/eglise_puylauron\/statuepuylaurona-202x300.jpg 202w,https:\/\/ensemble-paroissial-reynies.fr\/wp-content\/uploads\/eglise_puylauron\/statuepuylaurona.jpg 400w\" sizes=\"auto, 250px\"\/><\/a><div class=\"sgb-item-caption\"><em>Chapelle Notre-Dame des Anges &#8211; Puylauron<\/em><\/div><\/div><div class=\"sgb-item\"><a href=\"https:\/\/ensemble-paroissial-reynies.fr\/?attachment_id=922\" target=\"_blank\"><img decoding=\"async\" alt=\"\" width=\"300\" height=\"169\" loading=\"lazy\" src=\"https:\/\/ensemble-paroissial-reynies.fr\/wp-content\/uploads\/eglise_puylauron\/puylaurant-300x169.jpg\" srcset=\"https:\/\/ensemble-paroissial-reynies.fr\/wp-content\/uploads\/eglise_puylauron\/puylaurant-300x169.jpg 300w,https:\/\/ensemble-paroissial-reynies.fr\/wp-content\/uploads\/eglise_puylauron\/puylaurant-1024x576.jpg 1024w,https:\/\/ensemble-paroissial-reynies.fr\/wp-content\/uploads\/eglise_puylauron\/puylaurant.jpg 1500w\" sizes=\"auto, 250px\"\/><\/a><div class=\"sgb-item-caption\"><em>Chapelle Notre-Dame des Anges &#8211; Puylauron<\/em><\/div><\/div><div class=\"sgb-item\"><a href=\"https:\/\/ensemble-paroissial-reynies.fr\/?attachment_id=914\" target=\"_blank\"><img decoding=\"async\" alt=\"\" width=\"300\" height=\"169\" loading=\"lazy\" src=\"https:\/\/ensemble-paroissial-reynies.fr\/wp-content\/uploads\/eglise_puylauron\/20180313_172956-scaled-1-300x169.jpg\" srcset=\"https:\/\/ensemble-paroissial-reynies.fr\/wp-content\/uploads\/eglise_puylauron\/20180313_172956-scaled-1-300x169.jpg 300w,https:\/\/ensemble-paroissial-reynies.fr\/wp-content\/uploads\/eglise_puylauron\/20180313_172956-scaled-1-1024x576.jpg 1024w,https:\/\/ensemble-paroissial-reynies.fr\/wp-content\/uploads\/eglise_puylauron\/20180313_172956-scaled-1.jpg 2560w\" sizes=\"auto, 250px\"\/><\/a><div class=\"sgb-item-caption\"><em>Vue depuis la chapelle Notre-Dame des Anges<\/em><\/div><\/div><div class=\"sgb-item\"><a href=\"https:\/\/ensemble-paroissial-reynies.fr\/?attachment_id=917\" target=\"_blank\"><img decoding=\"async\" alt=\"\" width=\"145\" height=\"300\" loading=\"lazy\" src=\"https:\/\/ensemble-paroissial-reynies.fr\/wp-content\/uploads\/eglise_puylauron\/cxpuylauron0001-145x300.jpg\" srcset=\"https:\/\/ensemble-paroissial-reynies.fr\/wp-content\/uploads\/eglise_puylauron\/cxpuylauron0001-145x300.jpg 145w,https:\/\/ensemble-paroissial-reynies.fr\/wp-content\/uploads\/eglise_puylauron\/cxpuylauron0001.jpg 386w\" sizes=\"auto, 250px\"\/><\/a><div class=\"sgb-item-caption\"><em>Croix cimeti\u00e8re Puylauron<\/em><\/div><\/div><\/div><\/noscript><\/div><script type=\"application\/json\" class=\"sgb-data\">{\"collectionThumbRecomendedWidth\":150,\"captionHAlign\":\"bottom\",\"collectionthumbHoverTitleFontSize\":16,\"collectionThumbSubMenuDownload\":false,\"sliderMaxHeight\":580,\"sliderAdminWidth\":590,\"responsiveHeight\":true,\"collectionColumns\":2,\"autoPlay\":true,\"galleryType\":\"pgc_sgb_slider\",\"galleryId\":\"91011899\",\"images\":[{\"id\":916,\"title\":\"egpuylauron0002-1\",\"url\":\"https:\/\/ensemble-paroissial-reynies.fr\/wp-content\/uploads\/eglise_puylauron\/egpuylauron0002-1.jpg\",\"link\":\"https:\/\/ensemble-paroissial-reynies.fr\/?attachment_id=916\",\"alt\":\"\",\"description\":\"\",\"caption\":\"Chapelle Notre-Dame des Anges - Puylauron    \",\"mime\":\"image\/jpeg\",\"type\":\"image\",\"width\":800,\"height\":450,\"sizes\":{\"thumbnail\":{\"height\":150,\"width\":150,\"url\":\"https:\/\/ensemble-paroissial-reynies.fr\/wp-content\/uploads\/eglise_puylauron\/egpuylauron0002-1-150x150.jpg\",\"orientation\":\"landscape\"},\"medium\":{\"height\":169,\"width\":300,\"url\":\"https:\/\/ensemble-paroissial-reynies.fr\/wp-content\/uploads\/eglise_puylauron\/egpuylauron0002-1-300x169.jpg\",\"orientation\":\"landscape\"},\"full\":{\"url\":\"https:\/\/ensemble-paroissial-reynies.fr\/wp-content\/uploads\/eglise_puylauron\/egpuylauron0002-1.jpg\",\"height\":450,\"width\":800,\"orientation\":\"landscape\"}},\"imageMeta\":{\"aperture\":\"9\",\"credit\":\"\",\"camera\":\"DSC-HX5V\",\"caption\":\"\",\"created_timestamp\":\"1549636142\",\"copyright\":\"\",\"focal_length\":\"5.56\",\"iso\":\"125\",\"shutter_speed\":\"0.0025\",\"title\":\"\",\"orientation\":\"1\",\"keywords\":[]},\"meta\":false,\"postlink\":\"https:\/\/ensemble-paroissial-reynies.fr\/?attachment_id=916\"},{\"id\":923,\"title\":\"puylauron2-1-scaled-1\",\"url\":\"https:\/\/ensemble-paroissial-reynies.fr\/wp-content\/uploads\/eglise_puylauron\/puylauron2-1-scaled-1.jpg\",\"link\":\"https:\/\/ensemble-paroissial-reynies.fr\/?attachment_id=923\",\"alt\":\"\",\"description\":\"\",\"caption\":\"Chapelle Notre-Dame des Anges - Puylauron\",\"mime\":\"image\/jpeg\",\"type\":\"image\",\"width\":2560,\"height\":1440,\"sizes\":{\"thumbnail\":{\"height\":150,\"width\":150,\"url\":\"https:\/\/ensemble-paroissial-reynies.fr\/wp-content\/uploads\/eglise_puylauron\/puylauron2-1-scaled-1-150x150.jpg\",\"orientation\":\"landscape\"},\"medium\":{\"height\":169,\"width\":300,\"url\":\"https:\/\/ensemble-paroissial-reynies.fr\/wp-content\/uploads\/eglise_puylauron\/puylauron2-1-scaled-1-300x169.jpg\",\"orientation\":\"landscape\"},\"large\":{\"height\":576,\"width\":1024,\"url\":\"https:\/\/ensemble-paroissial-reynies.fr\/wp-content\/uploads\/eglise_puylauron\/puylauron2-1-scaled-1-1024x576.jpg\",\"orientation\":\"landscape\"},\"full\":{\"url\":\"https:\/\/ensemble-paroissial-reynies.fr\/wp-content\/uploads\/eglise_puylauron\/puylauron2-1-scaled-1.jpg\",\"height\":1440,\"width\":2560,\"orientation\":\"landscape\"}},\"imageMeta\":{\"aperture\":\"1.7\",\"credit\":\"\",\"camera\":\"SM-J530F\",\"caption\":\"\",\"created_timestamp\":\"1520962080\",\"copyright\":\"\",\"focal_length\":\"3.71\",\"iso\":\"40\",\"shutter_speed\":\"0.00038299502106473\",\"title\":\"\",\"orientation\":\"1\",\"keywords\":[]},\"meta\":false,\"postlink\":\"https:\/\/ensemble-paroissial-reynies.fr\/?attachment_id=923\"},{\"id\":919,\"title\":\"egpuylauron0001-1\",\"url\":\"https:\/\/ensemble-paroissial-reynies.fr\/wp-content\/uploads\/eglise_puylauron\/egpuylauron0001-1.jpg\",\"link\":\"https:\/\/ensemble-paroissial-reynies.fr\/?attachment_id=919\",\"alt\":\"\",\"description\":\"\",\"caption\":\"Chapelle Notre-Dame des Anges - Puylauron\",\"mime\":\"image\/jpeg\",\"type\":\"image\",\"width\":600,\"height\":800,\"sizes\":{\"thumbnail\":{\"height\":150,\"width\":150,\"url\":\"https:\/\/ensemble-paroissial-reynies.fr\/wp-content\/uploads\/eglise_puylauron\/egpuylauron0001-1-150x150.jpg\",\"orientation\":\"landscape\"},\"medium\":{\"height\":300,\"width\":225,\"url\":\"https:\/\/ensemble-paroissial-reynies.fr\/wp-content\/uploads\/eglise_puylauron\/egpuylauron0001-1-225x300.jpg\",\"orientation\":\"portrait\"},\"full\":{\"url\":\"https:\/\/ensemble-paroissial-reynies.fr\/wp-content\/uploads\/eglise_puylauron\/egpuylauron0001-1.jpg\",\"height\":800,\"width\":600,\"orientation\":\"portrait\"}},\"imageMeta\":{\"aperture\":\"5.6\",\"credit\":\"\",\"camera\":\"DMC-FZ48\",\"caption\":\"\",\"created_timestamp\":\"1549635769\",\"copyright\":\"\",\"focal_length\":\"5.4\",\"iso\":\"100\",\"shutter_speed\":\"0.001\",\"title\":\"\",\"orientation\":\"1\",\"keywords\":[]},\"meta\":false,\"postlink\":\"https:\/\/ensemble-paroissial-reynies.fr\/?attachment_id=919\"},{\"id\":918,\"title\":\"clocher_puylauron\",\"url\":\"https:\/\/ensemble-paroissial-reynies.fr\/wp-content\/uploads\/eglise_puylauron\/20180313_173451-scaled-1.jpg\",\"link\":\"https:\/\/ensemble-paroissial-reynies.fr\/?attachment_id=918\",\"alt\":\"\",\"description\":\"\",\"caption\":\"Chapelle Notre-Dame des Anges - Puylauron\",\"mime\":\"image\/jpeg\",\"type\":\"image\",\"width\":1440,\"height\":2560,\"sizes\":{\"thumbnail\":{\"height\":150,\"width\":150,\"url\":\"https:\/\/ensemble-paroissial-reynies.fr\/wp-content\/uploads\/eglise_puylauron\/20180313_173451-scaled-1-150x150.jpg\",\"orientation\":\"landscape\"},\"medium\":{\"height\":300,\"width\":169,\"url\":\"https:\/\/ensemble-paroissial-reynies.fr\/wp-content\/uploads\/eglise_puylauron\/20180313_173451-scaled-1-169x300.jpg\",\"orientation\":\"portrait\"},\"large\":{\"height\":1024,\"width\":576,\"url\":\"https:\/\/ensemble-paroissial-reynies.fr\/wp-content\/uploads\/eglise_puylauron\/20180313_173451-scaled-1-576x1024.jpg\",\"orientation\":\"portrait\"},\"full\":{\"url\":\"https:\/\/ensemble-paroissial-reynies.fr\/wp-content\/uploads\/eglise_puylauron\/20180313_173451-scaled-1.jpg\",\"height\":2560,\"width\":1440,\"orientation\":\"portrait\"}},\"imageMeta\":{\"aperture\":\"1.7\",\"credit\":\"\",\"camera\":\"SM-J530F\",\"caption\":\"\",\"created_timestamp\":\"1520962491\",\"copyright\":\"\",\"focal_length\":\"3.71\",\"iso\":\"40\",\"shutter_speed\":\"0.00037202380952381\",\"title\":\"\",\"orientation\":\"1\",\"keywords\":[]},\"meta\":false,\"postlink\":\"https:\/\/ensemble-paroissial-reynies.fr\/?attachment_id=918\"},{\"id\":913,\"title\":\"statuepuylaurona\",\"url\":\"https:\/\/ensemble-paroissial-reynies.fr\/wp-content\/uploads\/eglise_puylauron\/statuepuylaurona.jpg\",\"link\":\"https:\/\/ensemble-paroissial-reynies.fr\/?attachment_id=913\",\"alt\":\"\",\"description\":\"\",\"caption\":\"Chapelle Notre-Dame des Anges - Puylauron\",\"mime\":\"image\/jpeg\",\"type\":\"image\",\"width\":400,\"height\":594,\"sizes\":{\"thumbnail\":{\"height\":150,\"width\":150,\"url\":\"https:\/\/ensemble-paroissial-reynies.fr\/wp-content\/uploads\/eglise_puylauron\/statuepuylaurona-150x150.jpg\",\"orientation\":\"landscape\"},\"medium\":{\"height\":300,\"width\":202,\"url\":\"https:\/\/ensemble-paroissial-reynies.fr\/wp-content\/uploads\/eglise_puylauron\/statuepuylaurona-202x300.jpg\",\"orientation\":\"portrait\"},\"full\":{\"url\":\"https:\/\/ensemble-paroissial-reynies.fr\/wp-content\/uploads\/eglise_puylauron\/statuepuylaurona.jpg\",\"height\":594,\"width\":400,\"orientation\":\"portrait\"}},\"imageMeta\":{\"aperture\":\"5.6\",\"credit\":\"\",\"camera\":\"DMC-FZ48\",\"caption\":\"\",\"created_timestamp\":\"1549635774\",\"copyright\":\"\",\"focal_length\":\"5.4\",\"iso\":\"100\",\"shutter_speed\":\"0.00125\",\"title\":\"\",\"orientation\":\"1\",\"keywords\":[]},\"meta\":false,\"postlink\":\"https:\/\/ensemble-paroissial-reynies.fr\/?attachment_id=913\"},{\"id\":922,\"title\":\"puylauron\",\"url\":\"https:\/\/ensemble-paroissial-reynies.fr\/wp-content\/uploads\/eglise_puylauron\/puylaurant.jpg\",\"link\":\"https:\/\/ensemble-paroissial-reynies.fr\/?attachment_id=922\",\"alt\":\"\",\"description\":\"\",\"caption\":\"Chapelle Notre-Dame des Anges - Puylauron\",\"mime\":\"image\/jpeg\",\"type\":\"image\",\"width\":1500,\"height\":844,\"sizes\":{\"thumbnail\":{\"height\":150,\"width\":150,\"url\":\"https:\/\/ensemble-paroissial-reynies.fr\/wp-content\/uploads\/eglise_puylauron\/puylaurant-150x150.jpg\",\"orientation\":\"landscape\"},\"medium\":{\"height\":169,\"width\":300,\"url\":\"https:\/\/ensemble-paroissial-reynies.fr\/wp-content\/uploads\/eglise_puylauron\/puylaurant-300x169.jpg\",\"orientation\":\"landscape\"},\"large\":{\"height\":576,\"width\":1024,\"url\":\"https:\/\/ensemble-paroissial-reynies.fr\/wp-content\/uploads\/eglise_puylauron\/puylaurant-1024x576.jpg\",\"orientation\":\"landscape\"},\"full\":{\"url\":\"https:\/\/ensemble-paroissial-reynies.fr\/wp-content\/uploads\/eglise_puylauron\/puylaurant.jpg\",\"height\":844,\"width\":1500,\"orientation\":\"landscape\"}},\"imageMeta\":{\"aperture\":\"0\",\"credit\":\"\",\"camera\":\"\",\"caption\":\"\",\"created_timestamp\":\"0\",\"copyright\":\"\",\"focal_length\":\"0\",\"iso\":\"0\",\"shutter_speed\":\"0\",\"title\":\"\",\"orientation\":\"0\",\"keywords\":[]},\"meta\":false,\"postlink\":\"https:\/\/ensemble-paroissial-reynies.fr\/?attachment_id=922\"},{\"id\":914,\"title\":\"VuedepuisPuylauron\",\"url\":\"https:\/\/ensemble-paroissial-reynies.fr\/wp-content\/uploads\/eglise_puylauron\/20180313_172956-scaled-1.jpg\",\"link\":\"https:\/\/ensemble-paroissial-reynies.fr\/?attachment_id=914\",\"alt\":\"\",\"description\":\"\",\"caption\":\"Vue depuis la chapelle Notre-Dame des Anges\",\"mime\":\"image\/jpeg\",\"type\":\"image\",\"width\":2560,\"height\":1440,\"sizes\":{\"thumbnail\":{\"height\":150,\"width\":150,\"url\":\"https:\/\/ensemble-paroissial-reynies.fr\/wp-content\/uploads\/eglise_puylauron\/20180313_172956-scaled-1-150x150.jpg\",\"orientation\":\"landscape\"},\"medium\":{\"height\":169,\"width\":300,\"url\":\"https:\/\/ensemble-paroissial-reynies.fr\/wp-content\/uploads\/eglise_puylauron\/20180313_172956-scaled-1-300x169.jpg\",\"orientation\":\"landscape\"},\"large\":{\"height\":576,\"width\":1024,\"url\":\"https:\/\/ensemble-paroissial-reynies.fr\/wp-content\/uploads\/eglise_puylauron\/20180313_172956-scaled-1-1024x576.jpg\",\"orientation\":\"landscape\"},\"full\":{\"url\":\"https:\/\/ensemble-paroissial-reynies.fr\/wp-content\/uploads\/eglise_puylauron\/20180313_172956-scaled-1.jpg\",\"height\":1440,\"width\":2560,\"orientation\":\"landscape\"}},\"imageMeta\":{\"aperture\":\"1.7\",\"credit\":\"\",\"camera\":\"SM-J530F\",\"caption\":\"\",\"created_timestamp\":\"1520962196\",\"copyright\":\"\",\"focal_length\":\"3.71\",\"iso\":\"40\",\"shutter_speed\":\"0.00064892926670993\",\"title\":\"\",\"orientation\":\"1\",\"keywords\":[]},\"meta\":false,\"postlink\":\"https:\/\/ensemble-paroissial-reynies.fr\/?attachment_id=914\"},{\"id\":917,\"title\":\"cxpuylauron0001\",\"url\":\"https:\/\/ensemble-paroissial-reynies.fr\/wp-content\/uploads\/eglise_puylauron\/cxpuylauron0001.jpg\",\"link\":\"https:\/\/ensemble-paroissial-reynies.fr\/?attachment_id=917\",\"alt\":\"\",\"description\":\"\",\"caption\":\"Croix cimeti\u00e8re Puylauron\",\"mime\":\"image\/jpeg\",\"type\":\"image\",\"width\":386,\"height\":800,\"sizes\":{\"thumbnail\":{\"height\":150,\"width\":150,\"url\":\"https:\/\/ensemble-paroissial-reynies.fr\/wp-content\/uploads\/eglise_puylauron\/cxpuylauron0001-150x150.jpg\",\"orientation\":\"landscape\"},\"medium\":{\"height\":300,\"width\":145,\"url\":\"https:\/\/ensemble-paroissial-reynies.fr\/wp-content\/uploads\/eglise_puylauron\/cxpuylauron0001-145x300.jpg\",\"orientation\":\"portrait\"},\"full\":{\"url\":\"https:\/\/ensemble-paroissial-reynies.fr\/wp-content\/uploads\/eglise_puylauron\/cxpuylauron0001.jpg\",\"height\":800,\"width\":386,\"orientation\":\"portrait\"}},\"imageMeta\":{\"aperture\":\"10\",\"credit\":\"\",\"camera\":\"DSC-HX5V\",\"caption\":\"\",\"created_timestamp\":\"1549635976\",\"copyright\":\"\",\"focal_length\":\"12.57\",\"iso\":\"125\",\"shutter_speed\":\"0.005\",\"title\":\"\",\"orientation\":\"1\",\"keywords\":[]},\"meta\":false,\"postlink\":\"https:\/\/ensemble-paroissial-reynies.fr\/?attachment_id=917\"}],\"sliderItemTitleFontSize\":22,\"sliderSlideshowAutoStart\":true,\"sliderSlideshowDelay\":6,\"itemsMetaDataCollection\":[]}<\/script><script>(function(){if(window.PGC_SGB && window.PGC_SGB.searcher){window.PGC_SGB.searcher.initBlocks()}})()<\/script><\/div>","protected":false},"excerpt":{"rendered":"","protected":false},"author":1,"featured_media":0,"parent":1648,"menu_order":3,"comment_status":"closed","ping_status":"closed","template":"","meta":{"_eb_attr":"","pgc_sgb_lightbox_settings":"","footnotes":""},"class_list":["post-1666","page","type-page","status-publish"],"yoast_head":"<!-- This site is optimized with the Yoast SEO plugin v27.5 - https:\/\/yoast.com\/product\/yoast-seo-wordpress\/ -->\n<title>Puylauron - Photographies - Ensemble paroissial de Reyni\u00e8s<\/title>\n<meta name=\"description\" content=\"Ensemble paroissial de Reyni\u00e8s - Ensemble paroissial de Reyni\u00e8s\" \/>\n<meta name=\"robots\" content=\"index, follow, max-snippet:-1, max-image-preview:large, max-video-preview:-1\" \/>\n<link rel=\"canonical\" href=\"https:\/\/ensemble-paroissial-reynies.fr\/?page_id=1666\" \/>\n<meta property=\"og:locale\" content=\"fr_FR\" \/>\n<meta property=\"og:type\" content=\"article\" \/>\n<meta property=\"og:title\" content=\"Puylauron - Photographies - Ensemble paroissial de Reyni\u00e8s\" \/>\n<meta property=\"og:description\" content=\"Ensemble paroissial de Reyni\u00e8s - Ensemble paroissial de Reyni\u00e8s\" \/>\n<meta property=\"og:url\" content=\"https:\/\/ensemble-paroissial-reynies.fr\/?page_id=1666\" \/>\n<meta property=\"og:site_name\" content=\"Ensemble paroissial de Reyni\u00e8s\" \/>\n<meta property=\"article:modified_time\" content=\"2025-09-14T15:57:27+00:00\" \/>\n<meta property=\"og:image\" content=\"https:\/\/ensemble-paroissial-reynies.fr\/wp-content\/uploads\/eglise_puylauron\/egpuylauron0002-1.jpg\" \/>\n<meta name=\"twitter:card\" content=\"summary_large_image\" \/>\n<meta name=\"twitter:label1\" content=\"Dur\u00e9e de lecture estim\u00e9e\" \/>\n\t<meta name=\"twitter:data1\" content=\"2 minutes\" \/>\n<script type=\"application\/ld+json\" class=\"yoast-schema-graph\">{\"@context\":\"https:\\\/\\\/schema.org\",\"@graph\":[{\"@type\":\"WebPage\",\"@id\":\"https:\\\/\\\/ensemble-paroissial-reynies.fr\\\/?page_id=1666\",\"url\":\"https:\\\/\\\/ensemble-paroissial-reynies.fr\\\/?page_id=1666\",\"name\":\"Puylauron - Photographies - Ensemble paroissial de Reyni\u00e8s\",\"isPartOf\":{\"@id\":\"https:\\\/\\\/ensemble-paroissial-reynies.fr\\\/#website\"},\"primaryImageOfPage\":{\"@id\":\"https:\\\/\\\/ensemble-paroissial-reynies.fr\\\/?page_id=1666#primaryimage\"},\"image\":{\"@id\":\"https:\\\/\\\/ensemble-paroissial-reynies.fr\\\/?page_id=1666#primaryimage\"},\"thumbnailUrl\":\"https:\\\/\\\/ensemble-paroissial-reynies.fr\\\/wp-content\\\/uploads\\\/eglise_puylauron\\\/egpuylauron0002-1.jpg\",\"datePublished\":\"2025-09-14T15:53:53+00:00\",\"dateModified\":\"2025-09-14T15:57:27+00:00\",\"description\":\"Ensemble paroissial de Reyni\u00e8s - Ensemble paroissial de Reyni\u00e8s\",\"breadcrumb\":{\"@id\":\"https:\\\/\\\/ensemble-paroissial-reynies.fr\\\/?page_id=1666#breadcrumb\"},\"inLanguage\":\"fr-FR\",\"potentialAction\":[{\"@type\":\"ReadAction\",\"target\":[\"https:\\\/\\\/ensemble-paroissial-reynies.fr\\\/?page_id=1666\"]}]},{\"@type\":\"ImageObject\",\"inLanguage\":\"fr-FR\",\"@id\":\"https:\\\/\\\/ensemble-paroissial-reynies.fr\\\/?page_id=1666#primaryimage\",\"url\":\"https:\\\/\\\/ensemble-paroissial-reynies.fr\\\/wp-content\\\/uploads\\\/eglise_puylauron\\\/egpuylauron0002-1.jpg\",\"contentUrl\":\"https:\\\/\\\/ensemble-paroissial-reynies.fr\\\/wp-content\\\/uploads\\\/eglise_puylauron\\\/egpuylauron0002-1.jpg\",\"width\":800,\"height\":450,\"caption\":\"Chapelle Notre-Dame des Anges - Puylauron\"},{\"@type\":\"BreadcrumbList\",\"@id\":\"https:\\\/\\\/ensemble-paroissial-reynies.fr\\\/?page_id=1666#breadcrumb\",\"itemListElement\":[{\"@type\":\"ListItem\",\"position\":1,\"name\":\"Home\",\"item\":\"https:\\\/\\\/ensemble-paroissial-reynies.fr\\\/\"},{\"@type\":\"ListItem\",\"position\":2,\"name\":\"Accueil\",\"item\":\"https:\\\/\\\/ensemble-paroissial-reynies.fr\\\/\"},{\"@type\":\"ListItem\",\"position\":3,\"name\":\"D\u00e9couvrir l&#8217;Ensemble Paroissial\",\"item\":\"https:\\\/\\\/ensemble-paroissial-reynies.fr\\\/?page_id=535\"},{\"@type\":\"ListItem\",\"position\":4,\"name\":\"Nos \u00c9glises et Chapelles\",\"item\":\"https:\\\/\\\/ensemble-paroissial-reynies.fr\\\/?page_id=2\"},{\"@type\":\"ListItem\",\"position\":5,\"name\":\"Varennes &#8211; Puylauron, chapelle Notre-Dame des Anges\",\"item\":\"https:\\\/\\\/ensemble-paroissial-reynies.fr\\\/?page_id=1648\"},{\"@type\":\"ListItem\",\"position\":6,\"name\":\"Puylauron &#8211; Photographies\"}]},{\"@type\":\"WebSite\",\"@id\":\"https:\\\/\\\/ensemble-paroissial-reynies.fr\\\/#website\",\"url\":\"https:\\\/\\\/ensemble-paroissial-reynies.fr\\\/\",\"name\":\"Ensemble paroissial de Reyni\u00e8s\",\"description\":\"\",\"publisher\":{\"@id\":\"https:\\\/\\\/ensemble-paroissial-reynies.fr\\\/#organization\"},\"alternateName\":\"EPReyni\u00e8s\",\"potentialAction\":[{\"@type\":\"SearchAction\",\"target\":{\"@type\":\"EntryPoint\",\"urlTemplate\":\"https:\\\/\\\/ensemble-paroissial-reynies.fr\\\/?s={search_term_string}\"},\"query-input\":{\"@type\":\"PropertyValueSpecification\",\"valueRequired\":true,\"valueName\":\"search_term_string\"}}],\"inLanguage\":\"fr-FR\"},{\"@type\":\"Organization\",\"@id\":\"https:\\\/\\\/ensemble-paroissial-reynies.fr\\\/#organization\",\"name\":\"Ensemble paroissial de Reyni\u00e8s\",\"alternateName\":\"EPReyni\u00e8s\",\"url\":\"https:\\\/\\\/ensemble-paroissial-reynies.fr\\\/\",\"logo\":{\"@type\":\"ImageObject\",\"inLanguage\":\"fr-FR\",\"@id\":\"https:\\\/\\\/ensemble-paroissial-reynies.fr\\\/#\\\/schema\\\/logo\\\/image\\\/\",\"url\":\"https:\\\/\\\/ensemble-paroissial-reynies.fr\\\/wp-content\\\/uploads\\\/paroisse\\\/nouveau-logo-catechisme-paroisse-07-2023.jpg\",\"contentUrl\":\"https:\\\/\\\/ensemble-paroissial-reynies.fr\\\/wp-content\\\/uploads\\\/paroisse\\\/nouveau-logo-catechisme-paroisse-07-2023.jpg\",\"width\":666,\"height\":698,\"caption\":\"Ensemble paroissial de Reyni\u00e8s\"},\"image\":{\"@id\":\"https:\\\/\\\/ensemble-paroissial-reynies.fr\\\/#\\\/schema\\\/logo\\\/image\\\/\"}}]}<\/script>\n<!-- \/ Yoast SEO plugin. -->","yoast_head_json":{"title":"Puylauron - Photographies - Ensemble paroissial de Reyni\u00e8s","description":"Ensemble paroissial de Reyni\u00e8s - Ensemble paroissial de Reyni\u00e8s","robots":{"index":"index","follow":"follow","max-snippet":"max-snippet:-1","max-image-preview":"max-image-preview:large","max-video-preview":"max-video-preview:-1"},"canonical":"https:\/\/ensemble-paroissial-reynies.fr\/?page_id=1666","og_locale":"fr_FR","og_type":"article","og_title":"Puylauron - Photographies - Ensemble paroissial de Reyni\u00e8s","og_description":"Ensemble paroissial de Reyni\u00e8s - Ensemble paroissial de Reyni\u00e8s","og_url":"https:\/\/ensemble-paroissial-reynies.fr\/?page_id=1666","og_site_name":"Ensemble paroissial de Reyni\u00e8s","article_modified_time":"2025-09-14T15:57:27+00:00","og_image":[{"url":"https:\/\/ensemble-paroissial-reynies.fr\/wp-content\/uploads\/eglise_puylauron\/egpuylauron0002-1.jpg","type":"","width":"","height":""}],"twitter_card":"summary_large_image","twitter_misc":{"Dur\u00e9e de lecture estim\u00e9e":"2 minutes"},"schema":{"@context":"https:\/\/schema.org","@graph":[{"@type":"WebPage","@id":"https:\/\/ensemble-paroissial-reynies.fr\/?page_id=1666","url":"https:\/\/ensemble-paroissial-reynies.fr\/?page_id=1666","name":"Puylauron - Photographies - Ensemble paroissial de Reyni\u00e8s","isPartOf":{"@id":"https:\/\/ensemble-paroissial-reynies.fr\/#website"},"primaryImageOfPage":{"@id":"https:\/\/ensemble-paroissial-reynies.fr\/?page_id=1666#primaryimage"},"image":{"@id":"https:\/\/ensemble-paroissial-reynies.fr\/?page_id=1666#primaryimage"},"thumbnailUrl":"https:\/\/ensemble-paroissial-reynies.fr\/wp-content\/uploads\/eglise_puylauron\/egpuylauron0002-1.jpg","datePublished":"2025-09-14T15:53:53+00:00","dateModified":"2025-09-14T15:57:27+00:00","description":"Ensemble paroissial de Reyni\u00e8s - Ensemble paroissial de Reyni\u00e8s","breadcrumb":{"@id":"https:\/\/ensemble-paroissial-reynies.fr\/?page_id=1666#breadcrumb"},"inLanguage":"fr-FR","potentialAction":[{"@type":"ReadAction","target":["https:\/\/ensemble-paroissial-reynies.fr\/?page_id=1666"]}]},{"@type":"ImageObject","inLanguage":"fr-FR","@id":"https:\/\/ensemble-paroissial-reynies.fr\/?page_id=1666#primaryimage","url":"https:\/\/ensemble-paroissial-reynies.fr\/wp-content\/uploads\/eglise_puylauron\/egpuylauron0002-1.jpg","contentUrl":"https:\/\/ensemble-paroissial-reynies.fr\/wp-content\/uploads\/eglise_puylauron\/egpuylauron0002-1.jpg","width":800,"height":450,"caption":"Chapelle Notre-Dame des Anges - Puylauron"},{"@type":"BreadcrumbList","@id":"https:\/\/ensemble-paroissial-reynies.fr\/?page_id=1666#breadcrumb","itemListElement":[{"@type":"ListItem","position":1,"name":"Home","item":"https:\/\/ensemble-paroissial-reynies.fr\/"},{"@type":"ListItem","position":2,"name":"Accueil","item":"https:\/\/ensemble-paroissial-reynies.fr\/"},{"@type":"ListItem","position":3,"name":"D\u00e9couvrir l&#8217;Ensemble Paroissial","item":"https:\/\/ensemble-paroissial-reynies.fr\/?page_id=535"},{"@type":"ListItem","position":4,"name":"Nos \u00c9glises et Chapelles","item":"https:\/\/ensemble-paroissial-reynies.fr\/?page_id=2"},{"@type":"ListItem","position":5,"name":"Varennes &#8211; Puylauron, chapelle Notre-Dame des Anges","item":"https:\/\/ensemble-paroissial-reynies.fr\/?page_id=1648"},{"@type":"ListItem","position":6,"name":"Puylauron &#8211; Photographies"}]},{"@type":"WebSite","@id":"https:\/\/ensemble-paroissial-reynies.fr\/#website","url":"https:\/\/ensemble-paroissial-reynies.fr\/","name":"Ensemble paroissial de Reyni\u00e8s","description":"","publisher":{"@id":"https:\/\/ensemble-paroissial-reynies.fr\/#organization"},"alternateName":"EPReyni\u00e8s","potentialAction":[{"@type":"SearchAction","target":{"@type":"EntryPoint","urlTemplate":"https:\/\/ensemble-paroissial-reynies.fr\/?s={search_term_string}"},"query-input":{"@type":"PropertyValueSpecification","valueRequired":true,"valueName":"search_term_string"}}],"inLanguage":"fr-FR"},{"@type":"Organization","@id":"https:\/\/ensemble-paroissial-reynies.fr\/#organization","name":"Ensemble paroissial de Reyni\u00e8s","alternateName":"EPReyni\u00e8s","url":"https:\/\/ensemble-paroissial-reynies.fr\/","logo":{"@type":"ImageObject","inLanguage":"fr-FR","@id":"https:\/\/ensemble-paroissial-reynies.fr\/#\/schema\/logo\/image\/","url":"https:\/\/ensemble-paroissial-reynies.fr\/wp-content\/uploads\/paroisse\/nouveau-logo-catechisme-paroisse-07-2023.jpg","contentUrl":"https:\/\/ensemble-paroissial-reynies.fr\/wp-content\/uploads\/paroisse\/nouveau-logo-catechisme-paroisse-07-2023.jpg","width":666,"height":698,"caption":"Ensemble paroissial de Reyni\u00e8s"},"image":{"@id":"https:\/\/ensemble-paroissial-reynies.fr\/#\/schema\/logo\/image\/"}}]}},"featured_image_src":null,"featured_image_src_square":null,"_links":{"self":[{"href":"https:\/\/ensemble-paroissial-reynies.fr\/index.php?rest_route=\/wp\/v2\/pages\/1666","targetHints":{"allow":["GET"]}}],"collection":[{"href":"https:\/\/ensemble-paroissial-reynies.fr\/index.php?rest_route=\/wp\/v2\/pages"}],"about":[{"href":"https:\/\/ensemble-paroissial-reynies.fr\/index.php?rest_route=\/wp\/v2\/types\/page"}],"author":[{"embeddable":true,"href":"https:\/\/ensemble-paroissial-reynies.fr\/index.php?rest_route=\/wp\/v2\/users\/1"}],"replies":[{"embeddable":true,"href":"https:\/\/ensemble-paroissial-reynies.fr\/index.php?rest_route=%2Fwp%2Fv2%2Fcomments&post=1666"}],"version-history":[{"count":0,"href":"https:\/\/ensemble-paroissial-reynies.fr\/index.php?rest_route=\/wp\/v2\/pages\/1666\/revisions"}],"up":[{"embeddable":true,"href":"https:\/\/ensemble-paroissial-reynies.fr\/index.php?rest_route=\/wp\/v2\/pages\/1648"}],"wp:attachment":[{"href":"https:\/\/ensemble-paroissial-reynies.fr\/index.php?rest_route=%2Fwp%2Fv2%2Fmedia&parent=1666"}],"curies":[{"name":"wp","href":"https:\/\/api.w.org\/{rel}","templated":true}]}}