{"id":1633,"date":"2025-09-14T17:35:09","date_gmt":"2025-09-14T15:35:09","guid":{"rendered":"https:\/\/ensemble-paroissial-reynies.fr\/?page_id=1633"},"modified":"2025-09-14T17:37:17","modified_gmt":"2025-09-14T15:37:17","slug":"varennes-photographies","status":"publish","type":"page","link":"https:\/\/ensemble-paroissial-reynies.fr\/?page_id=1633","title":{"rendered":"Varennes &#8211; Photographies"},"content":{"rendered":"<div class=\"pgc-sgb-cb wp-block-pgcsimplygalleryblock-slider \" data-gallery-id=\"29463900\"style=&quot;min-height:700px&quot;><div class=\"sgb-preloader\" id=\"pr_29463900\">\n\t<div class=\"sgb-square\" style=\"background:#d4d4d4\"><\/div>\n\t<div class=\"sgb-square\" style=\"background:#d4d4d4\"><\/div>\n\t<div class=\"sgb-square\" style=\"background:#d4d4d4\"><\/div>\n\t<div class=\"sgb-square\" style=\"background:#d4d4d4\"><\/div><\/div><div class=\"simply-gallery-amp pgc_sgb_slider \"><noscript><div class=\"sgb-gallery\"><div class=\"sgb-item\"><a href=\"https:\/\/ensemble-paroissial-reynies.fr\/?attachment_id=943\" target=\"_blank\"><img decoding=\"async\" alt=\"\" width=\"300\" height=\"169\" loading=\"lazy\" src=\"https:\/\/ensemble-paroissial-reynies.fr\/wp-content\/uploads\/eglise_varennes\/dsc04864-300x169.jpg\" srcset=\"https:\/\/ensemble-paroissial-reynies.fr\/wp-content\/uploads\/eglise_varennes\/dsc04864-300x169.jpg 300w,https:\/\/ensemble-paroissial-reynies.fr\/wp-content\/uploads\/eglise_varennes\/dsc04864-1024x576.jpg 1024w,https:\/\/ensemble-paroissial-reynies.fr\/wp-content\/uploads\/eglise_varennes\/dsc04864.jpg 1920w\" sizes=\"auto, 250px\"\/><\/a><div class=\"sgb-item-caption\"><em>Varennes                          <\/em><\/div><\/div><div class=\"sgb-item\"><a href=\"https:\/\/ensemble-paroissial-reynies.fr\/?attachment_id=942\" target=\"_blank\"><img decoding=\"async\" alt=\"\" width=\"225\" height=\"300\" loading=\"lazy\" src=\"https:\/\/ensemble-paroissial-reynies.fr\/wp-content\/uploads\/eglise_varennes\/p1020168-scaled-1-225x300.jpg\" srcset=\"https:\/\/ensemble-paroissial-reynies.fr\/wp-content\/uploads\/eglise_varennes\/p1020168-scaled-1-225x300.jpg 225w,https:\/\/ensemble-paroissial-reynies.fr\/wp-content\/uploads\/eglise_varennes\/p1020168-scaled-1-768x1024.jpg 768w,https:\/\/ensemble-paroissial-reynies.fr\/wp-content\/uploads\/eglise_varennes\/p1020168-scaled-1.jpg 1920w\" sizes=\"auto, 250px\"\/><\/a><div class=\"sgb-item-caption\"><em>\u00e9glise de Varennes<\/em><\/div><\/div><div class=\"sgb-item\"><a href=\"https:\/\/ensemble-paroissial-reynies.fr\/?attachment_id=936\" target=\"_blank\"><img decoding=\"async\" alt=\"\" width=\"205\" height=\"300\" loading=\"lazy\" src=\"https:\/\/ensemble-paroissial-reynies.fr\/wp-content\/uploads\/eglise_varennes\/varennes3-scaled-1-205x300.jpg\" srcset=\"https:\/\/ensemble-paroissial-reynies.fr\/wp-content\/uploads\/eglise_varennes\/varennes3-scaled-1-205x300.jpg 205w,https:\/\/ensemble-paroissial-reynies.fr\/wp-content\/uploads\/eglise_varennes\/varennes3-scaled-1-701x1024.jpg 701w,https:\/\/ensemble-paroissial-reynies.fr\/wp-content\/uploads\/eglise_varennes\/varennes3-scaled-1.jpg 1753w\" sizes=\"auto, 250px\"\/><\/a><div class=\"sgb-item-caption\"><em>\u00c9glise de Varennes<\/em><\/div><\/div><div class=\"sgb-item\"><a href=\"https:\/\/ensemble-paroissial-reynies.fr\/?attachment_id=940\" target=\"_blank\"><img decoding=\"async\" alt=\"\" width=\"300\" height=\"169\" loading=\"lazy\" src=\"https:\/\/ensemble-paroissial-reynies.fr\/wp-content\/uploads\/eglise_varennes\/egvarennes0004-1-300x169.jpg\" srcset=\"https:\/\/ensemble-paroissial-reynies.fr\/wp-content\/uploads\/eglise_varennes\/egvarennes0004-1-300x169.jpg 300w,https:\/\/ensemble-paroissial-reynies.fr\/wp-content\/uploads\/eglise_varennes\/egvarennes0004-1.jpg 800w\" sizes=\"auto, 250px\"\/><\/a><div class=\"sgb-item-caption\"><em>\u00c9glise de Varennes    <\/em><\/div><\/div><div class=\"sgb-item\"><a href=\"https:\/\/ensemble-paroissial-reynies.fr\/?attachment_id=1644\" target=\"_blank\"><img decoding=\"async\" alt=\"\" width=\"212\" height=\"300\" loading=\"lazy\" src=\"https:\/\/ensemble-paroissial-reynies.fr\/wp-content\/uploads\/eglise_varennes\/cheoeur-photo-ancienne-212x300.png\" srcset=\"https:\/\/ensemble-paroissial-reynies.fr\/wp-content\/uploads\/eglise_varennes\/cheoeur-photo-ancienne-212x300.png 212w,https:\/\/ensemble-paroissial-reynies.fr\/wp-content\/uploads\/eglise_varennes\/cheoeur-photo-ancienne.png 362w\" sizes=\"auto, 250px\"\/><\/a><div class=\"sgb-item-caption\"><em>Varennes &#8211; Le choeur &#8211; Image ancienne<\/em><\/div><\/div><div class=\"sgb-item\"><a href=\"https:\/\/ensemble-paroissial-reynies.fr\/?attachment_id=941\" target=\"_blank\"><img decoding=\"async\" alt=\"\" width=\"225\" height=\"300\" loading=\"lazy\" src=\"https:\/\/ensemble-paroissial-reynies.fr\/wp-content\/uploads\/eglise_varennes\/varennes1-225x300.jpg\" srcset=\"https:\/\/ensemble-paroissial-reynies.fr\/wp-content\/uploads\/eglise_varennes\/varennes1-225x300.jpg 225w,https:\/\/ensemble-paroissial-reynies.fr\/wp-content\/uploads\/eglise_varennes\/varennes1.jpg 600w\" sizes=\"auto, 250px\"\/><\/a><div class=\"sgb-item-caption\"><em>\u00c9glise de Varennes &#8211; Tabernacle<\/em><\/div><\/div><div class=\"sgb-item\"><a href=\"https:\/\/ensemble-paroissial-reynies.fr\/?attachment_id=938\" target=\"_blank\"><img decoding=\"async\" alt=\"\" width=\"126\" height=\"300\" loading=\"lazy\" src=\"https:\/\/ensemble-paroissial-reynies.fr\/wp-content\/uploads\/eglise_varennes\/egvarennes0001-126x300.jpg\" srcset=\"https:\/\/ensemble-paroissial-reynies.fr\/wp-content\/uploads\/eglise_varennes\/egvarennes0001-126x300.jpg 126w,https:\/\/ensemble-paroissial-reynies.fr\/wp-content\/uploads\/eglise_varennes\/egvarennes0001.jpg 335w\" sizes=\"auto, 250px\"\/><\/a><div class=\"sgb-item-caption\"><em>Croix de chemin &#8211; Varennes            <\/em><\/div><\/div><div class=\"sgb-item\"><a href=\"https:\/\/ensemble-paroissial-reynies.fr\/?attachment_id=939\" target=\"_blank\"><img decoding=\"async\" alt=\"\" width=\"122\" height=\"300\" loading=\"lazy\" src=\"https:\/\/ensemble-paroissial-reynies.fr\/wp-content\/uploads\/eglise_varennes\/egvarennes0003-1-122x300.jpg\" srcset=\"https:\/\/ensemble-paroissial-reynies.fr\/wp-content\/uploads\/eglise_varennes\/egvarennes0003-1-122x300.jpg 122w,https:\/\/ensemble-paroissial-reynies.fr\/wp-content\/uploads\/eglise_varennes\/egvarennes0003-1.jpg 324w\" sizes=\"auto, 250px\"\/><\/a><div class=\"sgb-item-caption\"><em>Statue de la Vierge &#8211; Varennes                     <\/em><\/div><\/div><\/div><\/noscript><\/div><script type=\"application\/json\" class=\"sgb-data\">{\"collectionThumbRecomendedWidth\":150,\"captionHAlign\":\"bottom\",\"collectionthumbHoverTitleFontSize\":16,\"collectionThumbSubMenuDownload\":false,\"sliderMaxHeight\":700,\"sliderAdminWidth\":590,\"responsiveHeight\":true,\"collectionColumns\":2,\"autoPlay\":true,\"autoPlayDelay\":10,\"galleryType\":\"pgc_sgb_slider\",\"galleryId\":\"29463900\",\"images\":[{\"id\":943,\"title\":\"Varennes2\",\"url\":\"https:\/\/ensemble-paroissial-reynies.fr\/wp-content\/uploads\/eglise_varennes\/dsc04864.jpg\",\"link\":\"https:\/\/ensemble-paroissial-reynies.fr\/?attachment_id=943\",\"alt\":\"\",\"description\":\"\",\"caption\":\"Varennes                          \",\"mime\":\"image\/jpeg\",\"type\":\"image\",\"width\":1920,\"height\":1080,\"sizes\":{\"thumbnail\":{\"height\":150,\"width\":150,\"url\":\"https:\/\/ensemble-paroissial-reynies.fr\/wp-content\/uploads\/eglise_varennes\/dsc04864-150x150.jpg\",\"orientation\":\"landscape\"},\"medium\":{\"height\":169,\"width\":300,\"url\":\"https:\/\/ensemble-paroissial-reynies.fr\/wp-content\/uploads\/eglise_varennes\/dsc04864-300x169.jpg\",\"orientation\":\"landscape\"},\"large\":{\"height\":576,\"width\":1024,\"url\":\"https:\/\/ensemble-paroissial-reynies.fr\/wp-content\/uploads\/eglise_varennes\/dsc04864-1024x576.jpg\",\"orientation\":\"landscape\"},\"full\":{\"url\":\"https:\/\/ensemble-paroissial-reynies.fr\/wp-content\/uploads\/eglise_varennes\/dsc04864.jpg\",\"height\":1080,\"width\":1920,\"orientation\":\"landscape\"}},\"imageMeta\":{\"aperture\":\"13\",\"credit\":\"\",\"camera\":\"DSC-HX5V\",\"caption\":\"\",\"created_timestamp\":\"1549635336\",\"copyright\":\"\",\"focal_length\":\"42.5\",\"iso\":\"125\",\"shutter_speed\":\"0.01\",\"title\":\"\",\"orientation\":\"1\",\"keywords\":[]},\"meta\":false,\"postlink\":\"https:\/\/ensemble-paroissial-reynies.fr\/?attachment_id=943\"},{\"id\":942,\"title\":\"Varennes3\",\"url\":\"https:\/\/ensemble-paroissial-reynies.fr\/wp-content\/uploads\/eglise_varennes\/p1020168-scaled-1.jpg\",\"link\":\"https:\/\/ensemble-paroissial-reynies.fr\/?attachment_id=942\",\"alt\":\"\",\"description\":\"\",\"caption\":\"\u00e9glise de Varennes\",\"mime\":\"image\/jpeg\",\"type\":\"image\",\"width\":1920,\"height\":2560,\"sizes\":{\"thumbnail\":{\"height\":150,\"width\":150,\"url\":\"https:\/\/ensemble-paroissial-reynies.fr\/wp-content\/uploads\/eglise_varennes\/p1020168-scaled-1-150x150.jpg\",\"orientation\":\"landscape\"},\"medium\":{\"height\":300,\"width\":225,\"url\":\"https:\/\/ensemble-paroissial-reynies.fr\/wp-content\/uploads\/eglise_varennes\/p1020168-scaled-1-225x300.jpg\",\"orientation\":\"portrait\"},\"large\":{\"height\":1024,\"width\":768,\"url\":\"https:\/\/ensemble-paroissial-reynies.fr\/wp-content\/uploads\/eglise_varennes\/p1020168-scaled-1-768x1024.jpg\",\"orientation\":\"portrait\"},\"full\":{\"url\":\"https:\/\/ensemble-paroissial-reynies.fr\/wp-content\/uploads\/eglise_varennes\/p1020168-scaled-1.jpg\",\"height\":2560,\"width\":1920,\"orientation\":\"portrait\"}},\"imageMeta\":{\"aperture\":\"5.6\",\"credit\":\"\",\"camera\":\"DMC-FZ48\",\"caption\":\"\",\"created_timestamp\":\"1549635178\",\"copyright\":\"\",\"focal_length\":\"5\",\"iso\":\"100\",\"shutter_speed\":\"0.0025\",\"title\":\"\",\"orientation\":\"1\",\"keywords\":[]},\"meta\":false,\"postlink\":\"https:\/\/ensemble-paroissial-reynies.fr\/?attachment_id=942\"},{\"id\":936,\"title\":\"varennes3-scaled-1\",\"url\":\"https:\/\/ensemble-paroissial-reynies.fr\/wp-content\/uploads\/eglise_varennes\/varennes3-scaled-1.jpg\",\"link\":\"https:\/\/ensemble-paroissial-reynies.fr\/?attachment_id=936\",\"alt\":\"\",\"description\":\"\",\"caption\":\"\u00c9glise de Varennes\",\"mime\":\"image\/jpeg\",\"type\":\"image\",\"width\":1753,\"height\":2560,\"sizes\":{\"thumbnail\":{\"height\":150,\"width\":150,\"url\":\"https:\/\/ensemble-paroissial-reynies.fr\/wp-content\/uploads\/eglise_varennes\/varennes3-scaled-1-150x150.jpg\",\"orientation\":\"landscape\"},\"medium\":{\"height\":300,\"width\":205,\"url\":\"https:\/\/ensemble-paroissial-reynies.fr\/wp-content\/uploads\/eglise_varennes\/varennes3-scaled-1-205x300.jpg\",\"orientation\":\"portrait\"},\"large\":{\"height\":1024,\"width\":701,\"url\":\"https:\/\/ensemble-paroissial-reynies.fr\/wp-content\/uploads\/eglise_varennes\/varennes3-scaled-1-701x1024.jpg\",\"orientation\":\"portrait\"},\"full\":{\"url\":\"https:\/\/ensemble-paroissial-reynies.fr\/wp-content\/uploads\/eglise_varennes\/varennes3-scaled-1.jpg\",\"height\":2560,\"width\":1753,\"orientation\":\"portrait\"}},\"imageMeta\":{\"aperture\":\"0\",\"credit\":\"\",\"camera\":\"\",\"caption\":\"\",\"created_timestamp\":\"1145733530\",\"copyright\":\"\",\"focal_length\":\"0\",\"iso\":\"0\",\"shutter_speed\":\"0\",\"title\":\"\",\"orientation\":\"1\",\"keywords\":[]},\"meta\":false,\"postlink\":\"https:\/\/ensemble-paroissial-reynies.fr\/?attachment_id=936\"},{\"id\":940,\"title\":\"egvarennes0004-1\",\"url\":\"https:\/\/ensemble-paroissial-reynies.fr\/wp-content\/uploads\/eglise_varennes\/egvarennes0004-1.jpg\",\"link\":\"https:\/\/ensemble-paroissial-reynies.fr\/?attachment_id=940\",\"alt\":\"\",\"description\":\"\",\"caption\":\"\u00c9glise de Varennes    \",\"mime\":\"image\/jpeg\",\"type\":\"image\",\"width\":800,\"height\":450,\"sizes\":{\"thumbnail\":{\"height\":150,\"width\":150,\"url\":\"https:\/\/ensemble-paroissial-reynies.fr\/wp-content\/uploads\/eglise_varennes\/egvarennes0004-1-150x150.jpg\",\"orientation\":\"landscape\"},\"medium\":{\"height\":169,\"width\":300,\"url\":\"https:\/\/ensemble-paroissial-reynies.fr\/wp-content\/uploads\/eglise_varennes\/egvarennes0004-1-300x169.jpg\",\"orientation\":\"landscape\"},\"full\":{\"url\":\"https:\/\/ensemble-paroissial-reynies.fr\/wp-content\/uploads\/eglise_varennes\/egvarennes0004-1.jpg\",\"height\":450,\"width\":800,\"orientation\":\"landscape\"}},\"imageMeta\":{\"aperture\":\"8\",\"credit\":\"\",\"camera\":\"DSC-HX5V\",\"caption\":\"\",\"created_timestamp\":\"1549635557\",\"copyright\":\"\",\"focal_length\":\"4.25\",\"iso\":\"125\",\"shutter_speed\":\"0.003125\",\"title\":\"\",\"orientation\":\"1\",\"keywords\":[]},\"meta\":false,\"postlink\":\"https:\/\/ensemble-paroissial-reynies.fr\/?attachment_id=940\"},{\"id\":1644,\"title\":\"Varennes - Choeur\",\"url\":\"https:\/\/ensemble-paroissial-reynies.fr\/wp-content\/uploads\/eglise_varennes\/cheoeur-photo-ancienne.png\",\"link\":\"https:\/\/ensemble-paroissial-reynies.fr\/?attachment_id=1644\",\"alt\":\"\",\"description\":\"\",\"caption\":\"Varennes - Le choeur - Image ancienne\",\"mime\":\"image\/png\",\"type\":\"image\",\"width\":362,\"height\":513,\"sizes\":{\"thumbnail\":{\"height\":150,\"width\":150,\"url\":\"https:\/\/ensemble-paroissial-reynies.fr\/wp-content\/uploads\/eglise_varennes\/cheoeur-photo-ancienne-150x150.png\",\"orientation\":\"landscape\"},\"medium\":{\"height\":300,\"width\":212,\"url\":\"https:\/\/ensemble-paroissial-reynies.fr\/wp-content\/uploads\/eglise_varennes\/cheoeur-photo-ancienne-212x300.png\",\"orientation\":\"portrait\"},\"full\":{\"url\":\"https:\/\/ensemble-paroissial-reynies.fr\/wp-content\/uploads\/eglise_varennes\/cheoeur-photo-ancienne.png\",\"height\":513,\"width\":362,\"orientation\":\"portrait\"}},\"imageMeta\":{\"aperture\":\"0\",\"credit\":\"\",\"camera\":\"\",\"caption\":\"\",\"created_timestamp\":\"0\",\"copyright\":\"\",\"focal_length\":\"0\",\"iso\":\"0\",\"shutter_speed\":\"0\",\"title\":\"\",\"orientation\":\"0\",\"keywords\":[]},\"meta\":false,\"postlink\":\"https:\/\/ensemble-paroissial-reynies.fr\/?attachment_id=1644\"},{\"id\":941,\"title\":\"varennes1\",\"url\":\"https:\/\/ensemble-paroissial-reynies.fr\/wp-content\/uploads\/eglise_varennes\/varennes1.jpg\",\"link\":\"https:\/\/ensemble-paroissial-reynies.fr\/?attachment_id=941\",\"alt\":\"\",\"description\":\"\",\"caption\":\"\u00c9glise de Varennes - Tabernacle\",\"mime\":\"image\/jpeg\",\"type\":\"image\",\"width\":600,\"height\":800,\"sizes\":{\"thumbnail\":{\"height\":150,\"width\":150,\"url\":\"https:\/\/ensemble-paroissial-reynies.fr\/wp-content\/uploads\/eglise_varennes\/varennes1-150x150.jpg\",\"orientation\":\"landscape\"},\"medium\":{\"height\":300,\"width\":225,\"url\":\"https:\/\/ensemble-paroissial-reynies.fr\/wp-content\/uploads\/eglise_varennes\/varennes1-225x300.jpg\",\"orientation\":\"portrait\"},\"full\":{\"url\":\"https:\/\/ensemble-paroissial-reynies.fr\/wp-content\/uploads\/eglise_varennes\/varennes1.jpg\",\"height\":800,\"width\":600,\"orientation\":\"portrait\"}},\"imageMeta\":{\"aperture\":\"0\",\"credit\":\"\",\"camera\":\"\",\"caption\":\"\",\"created_timestamp\":\"0\",\"copyright\":\"\",\"focal_length\":\"0\",\"iso\":\"0\",\"shutter_speed\":\"0\",\"title\":\"\",\"orientation\":\"0\",\"keywords\":[]},\"meta\":false,\"postlink\":\"https:\/\/ensemble-paroissial-reynies.fr\/?attachment_id=941\"},{\"id\":938,\"title\":\"egvarennes0001\",\"url\":\"https:\/\/ensemble-paroissial-reynies.fr\/wp-content\/uploads\/eglise_varennes\/egvarennes0001.jpg\",\"link\":\"https:\/\/ensemble-paroissial-reynies.fr\/?attachment_id=938\",\"alt\":\"\",\"description\":\"\",\"caption\":\"Croix de chemin - Varennes            \",\"mime\":\"image\/jpeg\",\"type\":\"image\",\"width\":335,\"height\":800,\"sizes\":{\"thumbnail\":{\"height\":150,\"width\":150,\"url\":\"https:\/\/ensemble-paroissial-reynies.fr\/wp-content\/uploads\/eglise_varennes\/egvarennes0001-150x150.jpg\",\"orientation\":\"landscape\"},\"medium\":{\"height\":300,\"width\":126,\"url\":\"https:\/\/ensemble-paroissial-reynies.fr\/wp-content\/uploads\/eglise_varennes\/egvarennes0001-126x300.jpg\",\"orientation\":\"portrait\"},\"full\":{\"url\":\"https:\/\/ensemble-paroissial-reynies.fr\/wp-content\/uploads\/eglise_varennes\/egvarennes0001.jpg\",\"height\":800,\"width\":335,\"orientation\":\"portrait\"}},\"imageMeta\":{\"aperture\":\"5.6\",\"credit\":\"\",\"camera\":\"DMC-FZ48\",\"caption\":\"\",\"created_timestamp\":\"1549635159\",\"copyright\":\"\",\"focal_length\":\"8.7\",\"iso\":\"100\",\"shutter_speed\":\"0.0015625\",\"title\":\"\",\"orientation\":\"1\",\"keywords\":[]},\"meta\":false,\"postlink\":\"https:\/\/ensemble-paroissial-reynies.fr\/?attachment_id=938\"},{\"id\":939,\"title\":\"egvarennes0003-1\",\"url\":\"https:\/\/ensemble-paroissial-reynies.fr\/wp-content\/uploads\/eglise_varennes\/egvarennes0003-1.jpg\",\"link\":\"https:\/\/ensemble-paroissial-reynies.fr\/?attachment_id=939\",\"alt\":\"\",\"description\":\"\",\"caption\":\"Statue de la Vierge - Varennes                     \",\"mime\":\"image\/jpeg\",\"type\":\"image\",\"width\":324,\"height\":800,\"sizes\":{\"thumbnail\":{\"height\":150,\"width\":150,\"url\":\"https:\/\/ensemble-paroissial-reynies.fr\/wp-content\/uploads\/eglise_varennes\/egvarennes0003-1-150x150.jpg\",\"orientation\":\"landscape\"},\"medium\":{\"height\":300,\"width\":122,\"url\":\"https:\/\/ensemble-paroissial-reynies.fr\/wp-content\/uploads\/eglise_varennes\/egvarennes0003-1-122x300.jpg\",\"orientation\":\"portrait\"},\"full\":{\"url\":\"https:\/\/ensemble-paroissial-reynies.fr\/wp-content\/uploads\/eglise_varennes\/egvarennes0003-1.jpg\",\"height\":800,\"width\":324,\"orientation\":\"portrait\"}},\"imageMeta\":{\"aperture\":\"5.6\",\"credit\":\"\",\"camera\":\"DMC-FZ48\",\"caption\":\"\",\"created_timestamp\":\"1549635280\",\"copyright\":\"\",\"focal_length\":\"20.1\",\"iso\":\"100\",\"shutter_speed\":\"0.00125\",\"title\":\"\",\"orientation\":\"1\",\"keywords\":[]},\"meta\":false,\"postlink\":\"https:\/\/ensemble-paroissial-reynies.fr\/?attachment_id=939\"}],\"sliderThumbBarHoverColor\":\"rgba(42,71,241,1)\",\"sliderSlideshowAutoStart\":true,\"sliderSlideshowDelay\":7,\"itemsMetaDataCollection\":[]}<\/script><script>(function(){if(window.PGC_SGB && window.PGC_SGB.searcher){window.PGC_SGB.searcher.initBlocks()}})()<\/script><\/div>","protected":false},"excerpt":{"rendered":"","protected":false},"author":1,"featured_media":0,"parent":1609,"menu_order":3,"comment_status":"closed","ping_status":"closed","template":"","meta":{"_eb_attr":"","pgc_sgb_lightbox_settings":"","footnotes":""},"class_list":["post-1633","page","type-page","status-publish"],"yoast_head":"<!-- This site is optimized with the Yoast SEO plugin v27.5 - https:\/\/yoast.com\/product\/yoast-seo-wordpress\/ -->\n<title>Varennes - Photographies - Ensemble paroissial de Reyni\u00e8s<\/title>\n<meta name=\"description\" content=\"Ensemble paroissial de Reyni\u00e8s - Ensemble paroissial de Reyni\u00e8s\" \/>\n<meta name=\"robots\" content=\"index, follow, max-snippet:-1, max-image-preview:large, max-video-preview:-1\" \/>\n<link rel=\"canonical\" href=\"https:\/\/ensemble-paroissial-reynies.fr\/?page_id=1633\" \/>\n<meta property=\"og:locale\" content=\"fr_FR\" \/>\n<meta property=\"og:type\" content=\"article\" \/>\n<meta property=\"og:title\" content=\"Varennes - Photographies - Ensemble paroissial de Reyni\u00e8s\" \/>\n<meta property=\"og:description\" content=\"Ensemble paroissial de Reyni\u00e8s - Ensemble paroissial de Reyni\u00e8s\" \/>\n<meta property=\"og:url\" content=\"https:\/\/ensemble-paroissial-reynies.fr\/?page_id=1633\" \/>\n<meta property=\"og:site_name\" content=\"Ensemble paroissial de Reyni\u00e8s\" \/>\n<meta property=\"article:modified_time\" content=\"2025-09-14T15:37:17+00:00\" \/>\n<meta property=\"og:image\" content=\"https:\/\/ensemble-paroissial-reynies.fr\/wp-content\/uploads\/eglise_varennes\/dsc04864-1024x576.jpg\" \/>\n<meta name=\"twitter:card\" content=\"summary_large_image\" \/>\n<meta name=\"twitter:label1\" content=\"Dur\u00e9e de lecture estim\u00e9e\" \/>\n\t<meta name=\"twitter:data1\" content=\"2 minutes\" \/>\n<script type=\"application\/ld+json\" class=\"yoast-schema-graph\">{\"@context\":\"https:\\\/\\\/schema.org\",\"@graph\":[{\"@type\":\"WebPage\",\"@id\":\"https:\\\/\\\/ensemble-paroissial-reynies.fr\\\/?page_id=1633\",\"url\":\"https:\\\/\\\/ensemble-paroissial-reynies.fr\\\/?page_id=1633\",\"name\":\"Varennes - Photographies - Ensemble paroissial de Reyni\u00e8s\",\"isPartOf\":{\"@id\":\"https:\\\/\\\/ensemble-paroissial-reynies.fr\\\/#website\"},\"primaryImageOfPage\":{\"@id\":\"https:\\\/\\\/ensemble-paroissial-reynies.fr\\\/?page_id=1633#primaryimage\"},\"image\":{\"@id\":\"https:\\\/\\\/ensemble-paroissial-reynies.fr\\\/?page_id=1633#primaryimage\"},\"thumbnailUrl\":\"https:\\\/\\\/ensemble-paroissial-reynies.fr\\\/wp-content\\\/uploads\\\/eglise_varennes\\\/dsc04864-1024x576.jpg\",\"datePublished\":\"2025-09-14T15:35:09+00:00\",\"dateModified\":\"2025-09-14T15:37:17+00:00\",\"description\":\"Ensemble paroissial de Reyni\u00e8s - Ensemble paroissial de Reyni\u00e8s\",\"breadcrumb\":{\"@id\":\"https:\\\/\\\/ensemble-paroissial-reynies.fr\\\/?page_id=1633#breadcrumb\"},\"inLanguage\":\"fr-FR\",\"potentialAction\":[{\"@type\":\"ReadAction\",\"target\":[\"https:\\\/\\\/ensemble-paroissial-reynies.fr\\\/?page_id=1633\"]}]},{\"@type\":\"ImageObject\",\"inLanguage\":\"fr-FR\",\"@id\":\"https:\\\/\\\/ensemble-paroissial-reynies.fr\\\/?page_id=1633#primaryimage\",\"url\":\"https:\\\/\\\/ensemble-paroissial-reynies.fr\\\/wp-content\\\/uploads\\\/eglise_varennes\\\/dsc04864.jpg\",\"contentUrl\":\"https:\\\/\\\/ensemble-paroissial-reynies.fr\\\/wp-content\\\/uploads\\\/eglise_varennes\\\/dsc04864.jpg\",\"width\":1920,\"height\":1080,\"caption\":\"Varennes\"},{\"@type\":\"BreadcrumbList\",\"@id\":\"https:\\\/\\\/ensemble-paroissial-reynies.fr\\\/?page_id=1633#breadcrumb\",\"itemListElement\":[{\"@type\":\"ListItem\",\"position\":1,\"name\":\"Home\",\"item\":\"https:\\\/\\\/ensemble-paroissial-reynies.fr\\\/\"},{\"@type\":\"ListItem\",\"position\":2,\"name\":\"Accueil\",\"item\":\"https:\\\/\\\/ensemble-paroissial-reynies.fr\\\/\"},{\"@type\":\"ListItem\",\"position\":3,\"name\":\"D\u00e9couvrir l&#8217;Ensemble Paroissial\",\"item\":\"https:\\\/\\\/ensemble-paroissial-reynies.fr\\\/?page_id=535\"},{\"@type\":\"ListItem\",\"position\":4,\"name\":\"Nos \u00c9glises et Chapelles\",\"item\":\"https:\\\/\\\/ensemble-paroissial-reynies.fr\\\/?page_id=2\"},{\"@type\":\"ListItem\",\"position\":5,\"name\":\"Varennes &#8211; \u00c9glise Sainte Germaine\",\"item\":\"https:\\\/\\\/ensemble-paroissial-reynies.fr\\\/?page_id=1609\"},{\"@type\":\"ListItem\",\"position\":6,\"name\":\"Varennes &#8211; Photographies\"}]},{\"@type\":\"WebSite\",\"@id\":\"https:\\\/\\\/ensemble-paroissial-reynies.fr\\\/#website\",\"url\":\"https:\\\/\\\/ensemble-paroissial-reynies.fr\\\/\",\"name\":\"Ensemble paroissial de Reyni\u00e8s\",\"description\":\"\",\"publisher\":{\"@id\":\"https:\\\/\\\/ensemble-paroissial-reynies.fr\\\/#organization\"},\"alternateName\":\"EPReyni\u00e8s\",\"potentialAction\":[{\"@type\":\"SearchAction\",\"target\":{\"@type\":\"EntryPoint\",\"urlTemplate\":\"https:\\\/\\\/ensemble-paroissial-reynies.fr\\\/?s={search_term_string}\"},\"query-input\":{\"@type\":\"PropertyValueSpecification\",\"valueRequired\":true,\"valueName\":\"search_term_string\"}}],\"inLanguage\":\"fr-FR\"},{\"@type\":\"Organization\",\"@id\":\"https:\\\/\\\/ensemble-paroissial-reynies.fr\\\/#organization\",\"name\":\"Ensemble paroissial de Reyni\u00e8s\",\"alternateName\":\"EPReyni\u00e8s\",\"url\":\"https:\\\/\\\/ensemble-paroissial-reynies.fr\\\/\",\"logo\":{\"@type\":\"ImageObject\",\"inLanguage\":\"fr-FR\",\"@id\":\"https:\\\/\\\/ensemble-paroissial-reynies.fr\\\/#\\\/schema\\\/logo\\\/image\\\/\",\"url\":\"https:\\\/\\\/ensemble-paroissial-reynies.fr\\\/wp-content\\\/uploads\\\/paroisse\\\/nouveau-logo-catechisme-paroisse-07-2023.jpg\",\"contentUrl\":\"https:\\\/\\\/ensemble-paroissial-reynies.fr\\\/wp-content\\\/uploads\\\/paroisse\\\/nouveau-logo-catechisme-paroisse-07-2023.jpg\",\"width\":666,\"height\":698,\"caption\":\"Ensemble paroissial de Reyni\u00e8s\"},\"image\":{\"@id\":\"https:\\\/\\\/ensemble-paroissial-reynies.fr\\\/#\\\/schema\\\/logo\\\/image\\\/\"}}]}<\/script>\n<!-- \/ Yoast SEO plugin. -->","yoast_head_json":{"title":"Varennes - Photographies - Ensemble paroissial de Reyni\u00e8s","description":"Ensemble paroissial de Reyni\u00e8s - Ensemble paroissial de Reyni\u00e8s","robots":{"index":"index","follow":"follow","max-snippet":"max-snippet:-1","max-image-preview":"max-image-preview:large","max-video-preview":"max-video-preview:-1"},"canonical":"https:\/\/ensemble-paroissial-reynies.fr\/?page_id=1633","og_locale":"fr_FR","og_type":"article","og_title":"Varennes - Photographies - Ensemble paroissial de Reyni\u00e8s","og_description":"Ensemble paroissial de Reyni\u00e8s - Ensemble paroissial de Reyni\u00e8s","og_url":"https:\/\/ensemble-paroissial-reynies.fr\/?page_id=1633","og_site_name":"Ensemble paroissial de Reyni\u00e8s","article_modified_time":"2025-09-14T15:37:17+00:00","og_image":[{"url":"https:\/\/ensemble-paroissial-reynies.fr\/wp-content\/uploads\/eglise_varennes\/dsc04864-1024x576.jpg","type":"","width":"","height":""}],"twitter_card":"summary_large_image","twitter_misc":{"Dur\u00e9e de lecture estim\u00e9e":"2 minutes"},"schema":{"@context":"https:\/\/schema.org","@graph":[{"@type":"WebPage","@id":"https:\/\/ensemble-paroissial-reynies.fr\/?page_id=1633","url":"https:\/\/ensemble-paroissial-reynies.fr\/?page_id=1633","name":"Varennes - Photographies - Ensemble paroissial de Reyni\u00e8s","isPartOf":{"@id":"https:\/\/ensemble-paroissial-reynies.fr\/#website"},"primaryImageOfPage":{"@id":"https:\/\/ensemble-paroissial-reynies.fr\/?page_id=1633#primaryimage"},"image":{"@id":"https:\/\/ensemble-paroissial-reynies.fr\/?page_id=1633#primaryimage"},"thumbnailUrl":"https:\/\/ensemble-paroissial-reynies.fr\/wp-content\/uploads\/eglise_varennes\/dsc04864-1024x576.jpg","datePublished":"2025-09-14T15:35:09+00:00","dateModified":"2025-09-14T15:37:17+00:00","description":"Ensemble paroissial de Reyni\u00e8s - Ensemble paroissial de Reyni\u00e8s","breadcrumb":{"@id":"https:\/\/ensemble-paroissial-reynies.fr\/?page_id=1633#breadcrumb"},"inLanguage":"fr-FR","potentialAction":[{"@type":"ReadAction","target":["https:\/\/ensemble-paroissial-reynies.fr\/?page_id=1633"]}]},{"@type":"ImageObject","inLanguage":"fr-FR","@id":"https:\/\/ensemble-paroissial-reynies.fr\/?page_id=1633#primaryimage","url":"https:\/\/ensemble-paroissial-reynies.fr\/wp-content\/uploads\/eglise_varennes\/dsc04864.jpg","contentUrl":"https:\/\/ensemble-paroissial-reynies.fr\/wp-content\/uploads\/eglise_varennes\/dsc04864.jpg","width":1920,"height":1080,"caption":"Varennes"},{"@type":"BreadcrumbList","@id":"https:\/\/ensemble-paroissial-reynies.fr\/?page_id=1633#breadcrumb","itemListElement":[{"@type":"ListItem","position":1,"name":"Home","item":"https:\/\/ensemble-paroissial-reynies.fr\/"},{"@type":"ListItem","position":2,"name":"Accueil","item":"https:\/\/ensemble-paroissial-reynies.fr\/"},{"@type":"ListItem","position":3,"name":"D\u00e9couvrir l&#8217;Ensemble Paroissial","item":"https:\/\/ensemble-paroissial-reynies.fr\/?page_id=535"},{"@type":"ListItem","position":4,"name":"Nos \u00c9glises et Chapelles","item":"https:\/\/ensemble-paroissial-reynies.fr\/?page_id=2"},{"@type":"ListItem","position":5,"name":"Varennes &#8211; \u00c9glise Sainte Germaine","item":"https:\/\/ensemble-paroissial-reynies.fr\/?page_id=1609"},{"@type":"ListItem","position":6,"name":"Varennes &#8211; Photographies"}]},{"@type":"WebSite","@id":"https:\/\/ensemble-paroissial-reynies.fr\/#website","url":"https:\/\/ensemble-paroissial-reynies.fr\/","name":"Ensemble paroissial de Reyni\u00e8s","description":"","publisher":{"@id":"https:\/\/ensemble-paroissial-reynies.fr\/#organization"},"alternateName":"EPReyni\u00e8s","potentialAction":[{"@type":"SearchAction","target":{"@type":"EntryPoint","urlTemplate":"https:\/\/ensemble-paroissial-reynies.fr\/?s={search_term_string}"},"query-input":{"@type":"PropertyValueSpecification","valueRequired":true,"valueName":"search_term_string"}}],"inLanguage":"fr-FR"},{"@type":"Organization","@id":"https:\/\/ensemble-paroissial-reynies.fr\/#organization","name":"Ensemble paroissial de Reyni\u00e8s","alternateName":"EPReyni\u00e8s","url":"https:\/\/ensemble-paroissial-reynies.fr\/","logo":{"@type":"ImageObject","inLanguage":"fr-FR","@id":"https:\/\/ensemble-paroissial-reynies.fr\/#\/schema\/logo\/image\/","url":"https:\/\/ensemble-paroissial-reynies.fr\/wp-content\/uploads\/paroisse\/nouveau-logo-catechisme-paroisse-07-2023.jpg","contentUrl":"https:\/\/ensemble-paroissial-reynies.fr\/wp-content\/uploads\/paroisse\/nouveau-logo-catechisme-paroisse-07-2023.jpg","width":666,"height":698,"caption":"Ensemble paroissial de Reyni\u00e8s"},"image":{"@id":"https:\/\/ensemble-paroissial-reynies.fr\/#\/schema\/logo\/image\/"}}]}},"featured_image_src":null,"featured_image_src_square":null,"_links":{"self":[{"href":"https:\/\/ensemble-paroissial-reynies.fr\/index.php?rest_route=\/wp\/v2\/pages\/1633","targetHints":{"allow":["GET"]}}],"collection":[{"href":"https:\/\/ensemble-paroissial-reynies.fr\/index.php?rest_route=\/wp\/v2\/pages"}],"about":[{"href":"https:\/\/ensemble-paroissial-reynies.fr\/index.php?rest_route=\/wp\/v2\/types\/page"}],"author":[{"embeddable":true,"href":"https:\/\/ensemble-paroissial-reynies.fr\/index.php?rest_route=\/wp\/v2\/users\/1"}],"replies":[{"embeddable":true,"href":"https:\/\/ensemble-paroissial-reynies.fr\/index.php?rest_route=%2Fwp%2Fv2%2Fcomments&post=1633"}],"version-history":[{"count":0,"href":"https:\/\/ensemble-paroissial-reynies.fr\/index.php?rest_route=\/wp\/v2\/pages\/1633\/revisions"}],"up":[{"embeddable":true,"href":"https:\/\/ensemble-paroissial-reynies.fr\/index.php?rest_route=\/wp\/v2\/pages\/1609"}],"wp:attachment":[{"href":"https:\/\/ensemble-paroissial-reynies.fr\/index.php?rest_route=%2Fwp%2Fv2%2Fmedia&parent=1633"}],"curies":[{"name":"wp","href":"https:\/\/api.w.org\/{rel}","templated":true}]}}