{"id":1616,"date":"2024-10-04T13:44:07","date_gmt":"2024-10-04T11:44:07","guid":{"rendered":"https:\/\/ensemble-paroissial-reynies.fr\/?page_id=1616"},"modified":"2024-10-04T13:55:08","modified_gmt":"2024-10-04T11:55:08","slug":"sainte-germaine","status":"publish","type":"page","link":"https:\/\/ensemble-paroissial-reynies.fr\/?page_id=1616","title":{"rendered":"Sainte Germaine"},"content":{"rendered":"\n<p>L\u2019\u00e9glise de Varennes est d\u00e9di\u00e9e \u00e0&nbsp;<a href=\"http:\/\/www.saintegermainedepibrac.fr\/\" target=\"_blank\" rel=\"noreferrer noopener\">sainte Germaine de Pibrac<\/a>.<\/p>\n\n\n\n<p>Germaine COUSIN est n\u00e9e en 1579 \u00e0 Pibrac, un village \u00e0 c\u00f4t\u00e9 de Toulouse. Elle avait une main atrophi\u00e9e et \u00e9tait atteinte d\u2019une maladie tuberculeuse qui la rendait difforme. Sa m\u00e8re d\u00e9c\u00e8de alors que Germaine est tr\u00e8s jeune, son p\u00e8re se remarie. Sa belle-m\u00e8re est tr\u00e8s dure avec elle et elle est mise \u00e0 l\u2019\u00e9cart de la vie familiale \u00e0 peine nourrie et log\u00e9e dans un r\u00e9duit.<br>Germaine persuade son p\u00e8re de l\u2019envoyer garder les troupeaux, ainsi seule dans la nature avec les b\u00eates, elle pouvait r\u00e9citer son chapelet et prier, trouvant ainsi un r\u00e9confort lui faisant oublier sa condition. Germaine \u00e9tait tr\u00e8s pieuse, elle allait \u00e0 la messe tous les jours.<br>En 1601 son p\u00e8re la retrouve morte dans la petite pi\u00e8ce o\u00f9 elle avait \u00e9t\u00e9 rel\u00e9gu\u00e9e, elle fut inhum\u00e9e dans l\u2019\u00e9glise de Pibrac et sombra dans l\u2019oubli jusqu\u2019en 1644.<\/p>\n\n\n\n<p>En 1644 le fossoyeur de l\u2019\u00e9glise de Pibrac pr\u00e9pare des fun\u00e9railles, il creuse une tombe et met au jour un corps tr\u00e8s bien conserv\u00e9, m\u00eame les fleurs tenues par la morte sont \u00e0 peine fan\u00e9es. A la main atrophi\u00e9e et son aspect scrofuleux, on reconna\u00eet Germaine COUSIN. Son corps est alors mis dans un cercueil de plomb que l\u2019on d\u00e9pose dans la sacristie.<br>En 1661 le vicaire g\u00e9n\u00e9ral de l\u2019archev\u00eaque de Toulouse vient \u00e0 Pibrac, il s\u2019\u00e9tonne de ce cercueil dans la sacristie. On ouvre alors le cercueil et le corps est toujours intact. Le vicaire g\u00e9n\u00e9ral demande alors que l\u2019on creuse tout autour de l\u00e0 o\u00f9 avait \u00e9t\u00e9 trouv\u00e9 le corps de Germaine, tous les corps retrouv\u00e9s sont r\u00e9duits \u00e0 l\u2019\u00e9tat de squelettes.<br>Le vicaire g\u00e9n\u00e9ral, qui voit l\u00e0 un miracle, demande en 1700 l\u2019ouverture d\u2019un proc\u00e8s en canonisation. Quatre principaux miracles furent authentifi\u00e9s pendant le proc\u00e8s&nbsp;:<\/p>\n\n\n\n<p>\u2022 La multiplication du pain dans la communaut\u00e9 de Notre-Dame de Charit\u00e9 du Bon-Pasteur \u00e0 Bourges en novembre 1845.<br>\u2022 La multiplication de la farine, dans le m\u00eame monast\u00e8re, peu apr\u00e8s celle du pain.<br>\u2022 La gu\u00e9rison parfaite et instantan\u00e9e de Jacqueline Catala, petite fille de sept ans, rachitique depuis l\u2019\u00e2ge de 18 mois.<br>\u2022 La gu\u00e9rison instantan\u00e9e et parfaite de Pierre Leduc, un jeune homme de 14 ans atteint \u00e0 la hanche d\u2019une fistule incurable.<\/p>\n\n\n\n<p>Germaine est b\u00e9atifi\u00e9e le 07\/05\/1854 par le pape Pie IX&nbsp;.&nbsp;<\/p>\n\n\n\n<p>Germaine est canonis\u00e9e en 1867, deux miracles retenus&nbsp;: la gu\u00e9rison de deux jeunes filles paralys\u00e9es.<\/p>\n\n\n\n<div class=\"wp-block-group is-layout-flex wp-block-group-is-layout-flex\">\n<p>En 1901 d\u00e9bute la construction \u00e0 Pibrac d\u2019une\u00a0<a href=\"http:\/\/www.saintegermainedepibrac.fr\/\" target=\"_blank\" rel=\"noreferrer noopener\">basilique d\u00e9di\u00e9e \u00e0 sainte Germaine<\/a>. La basilique a \u00e9t\u00e9 consacr\u00e9e le 15\/06\/1967, elle a \u00e9t\u00e9 nomm\u00e9e officiellement basilique mineure par le pape beno\u00eet en 2010.<\/p>\n\n\n\n<figure class=\"wp-block-image size-large is-resized\"><img loading=\"lazy\" decoding=\"async\" width=\"1024\" height=\"768\" src=\"https:\/\/ensemble-paroissial-reynies.fr\/wp-content\/uploads\/eglise_varennes\/DSC01998-1024x768.jpg\" alt=\"\" class=\"wp-image-1615\" style=\"width:292px;height:auto\" srcset=\"https:\/\/ensemble-paroissial-reynies.fr\/wp-content\/uploads\/eglise_varennes\/DSC01998-1024x768.jpg 1024w, https:\/\/ensemble-paroissial-reynies.fr\/wp-content\/uploads\/eglise_varennes\/DSC01998-300x225.jpg 300w, https:\/\/ensemble-paroissial-reynies.fr\/wp-content\/uploads\/eglise_varennes\/DSC01998-768x576.jpg 768w, https:\/\/ensemble-paroissial-reynies.fr\/wp-content\/uploads\/eglise_varennes\/DSC01998-1536x1152.jpg 1536w, https:\/\/ensemble-paroissial-reynies.fr\/wp-content\/uploads\/eglise_varennes\/DSC01998-2048x1536.jpg 2048w\" sizes=\"auto, (max-width: 1024px) 100vw, 1024px\" \/><figcaption class=\"wp-element-caption\">Basilique Sainte Germaine &#8211; Pibrac (31)                               <\/figcaption><\/figure>\n<\/div>\n\n\n\n<p>On raconte des miracles faits par Germaine de son vivant&nbsp;:<\/p>\n\n\n\n<p>\u2022 Elle plantait sa quenouille en terre et la quenouille gardait les moutons quand elle s\u2019absentait &nbsp;: jamais d\u2019attaque de loups, pas de pertes de brebis<br>\u2022 Pour aller \u00e0 l\u2019\u00e9glise, elle devait traverser un gros ruisseau. Un jour que le ruisseau \u00e9tait en crue, les eaux s\u2019ouvrirent devant elle et elle le traversa sans m\u00eame mouiller sa robe.<br>\u2022 Un jour d\u2019hiver, sa mar\u00e2tre l\u2019accusa de voler du pain. Quand elle fait ouvrir son tablier \u00e0 Germaine, \u00e0 la place du pain s\u2019\u00e9talait une brass\u00e9e de roses.&nbsp;<\/p>\n\n\n\n<p>Du fait de sa vie tr\u00e8s dure, sainte Germaine est la patronne des faibles, des malades, de tous ceux qui souffrent et que la vie malm\u00e8ne.<\/p>\n\n\n\n<p><strong>La f\u00eate de sainte Germaine de Pibrac est c\u00e9l\u00e9br\u00e9e le 15 juin.<\/strong><\/p>\n","protected":false},"excerpt":{"rendered":"<p>L\u2019\u00e9glise de Varennes est d\u00e9di\u00e9e \u00e0&nbsp;sainte Germaine de Pibrac. Germaine COUSIN est n\u00e9e en 1579 \u00e0 Pibrac, un village \u00e0 c\u00f4t\u00e9 de Toulouse. Elle avait une main atrophi\u00e9e et \u00e9tait atteinte d\u2019une maladie tuberculeuse qui la rendait difforme. Sa m\u00e8re d\u00e9c\u00e8de alors que Germaine est tr\u00e8s jeune, son p\u00e8re se remarie. Sa belle-m\u00e8re est tr\u00e8s &#8230; <a title=\"Sainte Germaine\" class=\"read-more\" href=\"https:\/\/ensemble-paroissial-reynies.fr\/?page_id=1616\" aria-label=\"En savoir plus sur Sainte Germaine\">Lire la suite<\/a><\/p>\n","protected":false},"author":1,"featured_media":0,"parent":1609,"menu_order":2,"comment_status":"closed","ping_status":"closed","template":"","meta":{"_eb_attr":"","pgc_sgb_lightbox_settings":"","footnotes":""},"class_list":["post-1616","page","type-page","status-publish"],"yoast_head":"<!-- This site is optimized with the Yoast SEO plugin v27.5 - https:\/\/yoast.com\/product\/yoast-seo-wordpress\/ -->\n<title>Sainte Germaine - Ensemble paroissial de Reyni\u00e8s<\/title>\n<meta name=\"description\" content=\"Ensemble paroissial de Reyni\u00e8s - Ensemble paroissial de Reyni\u00e8s\" \/>\n<meta name=\"robots\" content=\"index, follow, max-snippet:-1, max-image-preview:large, max-video-preview:-1\" \/>\n<link rel=\"canonical\" href=\"https:\/\/ensemble-paroissial-reynies.fr\/?page_id=1616\" \/>\n<meta property=\"og:locale\" content=\"fr_FR\" \/>\n<meta property=\"og:type\" content=\"article\" \/>\n<meta property=\"og:title\" content=\"Sainte Germaine - Ensemble paroissial de Reyni\u00e8s\" \/>\n<meta property=\"og:description\" content=\"Ensemble paroissial de Reyni\u00e8s - Ensemble paroissial de Reyni\u00e8s\" \/>\n<meta property=\"og:url\" content=\"https:\/\/ensemble-paroissial-reynies.fr\/?page_id=1616\" \/>\n<meta property=\"og:site_name\" content=\"Ensemble paroissial de Reyni\u00e8s\" \/>\n<meta property=\"article:modified_time\" content=\"2024-10-04T11:55:08+00:00\" \/>\n<meta property=\"og:image\" content=\"https:\/\/ensemble-paroissial-reynies.fr\/wp-content\/uploads\/eglise_varennes\/DSC01998-1024x768.jpg\" \/>\n<meta name=\"twitter:card\" content=\"summary_large_image\" \/>\n<meta name=\"twitter:label1\" content=\"Dur\u00e9e de lecture estim\u00e9e\" \/>\n\t<meta name=\"twitter:data1\" content=\"3 minutes\" \/>\n<script type=\"application\/ld+json\" class=\"yoast-schema-graph\">{\"@context\":\"https:\\\/\\\/schema.org\",\"@graph\":[{\"@type\":\"WebPage\",\"@id\":\"https:\\\/\\\/ensemble-paroissial-reynies.fr\\\/?page_id=1616\",\"url\":\"https:\\\/\\\/ensemble-paroissial-reynies.fr\\\/?page_id=1616\",\"name\":\"Sainte Germaine - Ensemble paroissial de Reyni\u00e8s\",\"isPartOf\":{\"@id\":\"https:\\\/\\\/ensemble-paroissial-reynies.fr\\\/#website\"},\"primaryImageOfPage\":{\"@id\":\"https:\\\/\\\/ensemble-paroissial-reynies.fr\\\/?page_id=1616#primaryimage\"},\"image\":{\"@id\":\"https:\\\/\\\/ensemble-paroissial-reynies.fr\\\/?page_id=1616#primaryimage\"},\"thumbnailUrl\":\"https:\\\/\\\/ensemble-paroissial-reynies.fr\\\/wp-content\\\/uploads\\\/eglise_varennes\\\/DSC01998-1024x768.jpg\",\"datePublished\":\"2024-10-04T11:44:07+00:00\",\"dateModified\":\"2024-10-04T11:55:08+00:00\",\"description\":\"Ensemble paroissial de Reyni\u00e8s - Ensemble paroissial de Reyni\u00e8s\",\"breadcrumb\":{\"@id\":\"https:\\\/\\\/ensemble-paroissial-reynies.fr\\\/?page_id=1616#breadcrumb\"},\"inLanguage\":\"fr-FR\",\"potentialAction\":[{\"@type\":\"ReadAction\",\"target\":[\"https:\\\/\\\/ensemble-paroissial-reynies.fr\\\/?page_id=1616\"]}]},{\"@type\":\"ImageObject\",\"inLanguage\":\"fr-FR\",\"@id\":\"https:\\\/\\\/ensemble-paroissial-reynies.fr\\\/?page_id=1616#primaryimage\",\"url\":\"https:\\\/\\\/ensemble-paroissial-reynies.fr\\\/wp-content\\\/uploads\\\/eglise_varennes\\\/DSC01998-scaled.jpg\",\"contentUrl\":\"https:\\\/\\\/ensemble-paroissial-reynies.fr\\\/wp-content\\\/uploads\\\/eglise_varennes\\\/DSC01998-scaled.jpg\",\"width\":2560,\"height\":1920,\"caption\":\"Basilique Sainte Germaine - Pibrac (31)\"},{\"@type\":\"BreadcrumbList\",\"@id\":\"https:\\\/\\\/ensemble-paroissial-reynies.fr\\\/?page_id=1616#breadcrumb\",\"itemListElement\":[{\"@type\":\"ListItem\",\"position\":1,\"name\":\"Home\",\"item\":\"https:\\\/\\\/ensemble-paroissial-reynies.fr\\\/\"},{\"@type\":\"ListItem\",\"position\":2,\"name\":\"Accueil\",\"item\":\"https:\\\/\\\/ensemble-paroissial-reynies.fr\\\/\"},{\"@type\":\"ListItem\",\"position\":3,\"name\":\"D\u00e9couvrir l&#8217;Ensemble Paroissial\",\"item\":\"https:\\\/\\\/ensemble-paroissial-reynies.fr\\\/?page_id=535\"},{\"@type\":\"ListItem\",\"position\":4,\"name\":\"Nos \u00c9glises et Chapelles\",\"item\":\"https:\\\/\\\/ensemble-paroissial-reynies.fr\\\/?page_id=2\"},{\"@type\":\"ListItem\",\"position\":5,\"name\":\"Varennes &#8211; \u00c9glise Sainte Germaine\",\"item\":\"https:\\\/\\\/ensemble-paroissial-reynies.fr\\\/?page_id=1609\"},{\"@type\":\"ListItem\",\"position\":6,\"name\":\"Sainte Germaine\"}]},{\"@type\":\"WebSite\",\"@id\":\"https:\\\/\\\/ensemble-paroissial-reynies.fr\\\/#website\",\"url\":\"https:\\\/\\\/ensemble-paroissial-reynies.fr\\\/\",\"name\":\"Ensemble paroissial de Reyni\u00e8s\",\"description\":\"\",\"publisher\":{\"@id\":\"https:\\\/\\\/ensemble-paroissial-reynies.fr\\\/#organization\"},\"alternateName\":\"EPReyni\u00e8s\",\"potentialAction\":[{\"@type\":\"SearchAction\",\"target\":{\"@type\":\"EntryPoint\",\"urlTemplate\":\"https:\\\/\\\/ensemble-paroissial-reynies.fr\\\/?s={search_term_string}\"},\"query-input\":{\"@type\":\"PropertyValueSpecification\",\"valueRequired\":true,\"valueName\":\"search_term_string\"}}],\"inLanguage\":\"fr-FR\"},{\"@type\":\"Organization\",\"@id\":\"https:\\\/\\\/ensemble-paroissial-reynies.fr\\\/#organization\",\"name\":\"Ensemble paroissial de Reyni\u00e8s\",\"alternateName\":\"EPReyni\u00e8s\",\"url\":\"https:\\\/\\\/ensemble-paroissial-reynies.fr\\\/\",\"logo\":{\"@type\":\"ImageObject\",\"inLanguage\":\"fr-FR\",\"@id\":\"https:\\\/\\\/ensemble-paroissial-reynies.fr\\\/#\\\/schema\\\/logo\\\/image\\\/\",\"url\":\"https:\\\/\\\/ensemble-paroissial-reynies.fr\\\/wp-content\\\/uploads\\\/paroisse\\\/nouveau-logo-catechisme-paroisse-07-2023.jpg\",\"contentUrl\":\"https:\\\/\\\/ensemble-paroissial-reynies.fr\\\/wp-content\\\/uploads\\\/paroisse\\\/nouveau-logo-catechisme-paroisse-07-2023.jpg\",\"width\":666,\"height\":698,\"caption\":\"Ensemble paroissial de Reyni\u00e8s\"},\"image\":{\"@id\":\"https:\\\/\\\/ensemble-paroissial-reynies.fr\\\/#\\\/schema\\\/logo\\\/image\\\/\"}}]}<\/script>\n<!-- \/ Yoast SEO plugin. -->","yoast_head_json":{"title":"Sainte Germaine - Ensemble paroissial de Reyni\u00e8s","description":"Ensemble paroissial de Reyni\u00e8s - Ensemble paroissial de Reyni\u00e8s","robots":{"index":"index","follow":"follow","max-snippet":"max-snippet:-1","max-image-preview":"max-image-preview:large","max-video-preview":"max-video-preview:-1"},"canonical":"https:\/\/ensemble-paroissial-reynies.fr\/?page_id=1616","og_locale":"fr_FR","og_type":"article","og_title":"Sainte Germaine - Ensemble paroissial de Reyni\u00e8s","og_description":"Ensemble paroissial de Reyni\u00e8s - Ensemble paroissial de Reyni\u00e8s","og_url":"https:\/\/ensemble-paroissial-reynies.fr\/?page_id=1616","og_site_name":"Ensemble paroissial de Reyni\u00e8s","article_modified_time":"2024-10-04T11:55:08+00:00","og_image":[{"url":"https:\/\/ensemble-paroissial-reynies.fr\/wp-content\/uploads\/eglise_varennes\/DSC01998-1024x768.jpg","type":"","width":"","height":""}],"twitter_card":"summary_large_image","twitter_misc":{"Dur\u00e9e de lecture estim\u00e9e":"3 minutes"},"schema":{"@context":"https:\/\/schema.org","@graph":[{"@type":"WebPage","@id":"https:\/\/ensemble-paroissial-reynies.fr\/?page_id=1616","url":"https:\/\/ensemble-paroissial-reynies.fr\/?page_id=1616","name":"Sainte Germaine - Ensemble paroissial de Reyni\u00e8s","isPartOf":{"@id":"https:\/\/ensemble-paroissial-reynies.fr\/#website"},"primaryImageOfPage":{"@id":"https:\/\/ensemble-paroissial-reynies.fr\/?page_id=1616#primaryimage"},"image":{"@id":"https:\/\/ensemble-paroissial-reynies.fr\/?page_id=1616#primaryimage"},"thumbnailUrl":"https:\/\/ensemble-paroissial-reynies.fr\/wp-content\/uploads\/eglise_varennes\/DSC01998-1024x768.jpg","datePublished":"2024-10-04T11:44:07+00:00","dateModified":"2024-10-04T11:55:08+00:00","description":"Ensemble paroissial de Reyni\u00e8s - Ensemble paroissial de Reyni\u00e8s","breadcrumb":{"@id":"https:\/\/ensemble-paroissial-reynies.fr\/?page_id=1616#breadcrumb"},"inLanguage":"fr-FR","potentialAction":[{"@type":"ReadAction","target":["https:\/\/ensemble-paroissial-reynies.fr\/?page_id=1616"]}]},{"@type":"ImageObject","inLanguage":"fr-FR","@id":"https:\/\/ensemble-paroissial-reynies.fr\/?page_id=1616#primaryimage","url":"https:\/\/ensemble-paroissial-reynies.fr\/wp-content\/uploads\/eglise_varennes\/DSC01998-scaled.jpg","contentUrl":"https:\/\/ensemble-paroissial-reynies.fr\/wp-content\/uploads\/eglise_varennes\/DSC01998-scaled.jpg","width":2560,"height":1920,"caption":"Basilique Sainte Germaine - Pibrac (31)"},{"@type":"BreadcrumbList","@id":"https:\/\/ensemble-paroissial-reynies.fr\/?page_id=1616#breadcrumb","itemListElement":[{"@type":"ListItem","position":1,"name":"Home","item":"https:\/\/ensemble-paroissial-reynies.fr\/"},{"@type":"ListItem","position":2,"name":"Accueil","item":"https:\/\/ensemble-paroissial-reynies.fr\/"},{"@type":"ListItem","position":3,"name":"D\u00e9couvrir l&#8217;Ensemble Paroissial","item":"https:\/\/ensemble-paroissial-reynies.fr\/?page_id=535"},{"@type":"ListItem","position":4,"name":"Nos \u00c9glises et Chapelles","item":"https:\/\/ensemble-paroissial-reynies.fr\/?page_id=2"},{"@type":"ListItem","position":5,"name":"Varennes &#8211; \u00c9glise Sainte Germaine","item":"https:\/\/ensemble-paroissial-reynies.fr\/?page_id=1609"},{"@type":"ListItem","position":6,"name":"Sainte Germaine"}]},{"@type":"WebSite","@id":"https:\/\/ensemble-paroissial-reynies.fr\/#website","url":"https:\/\/ensemble-paroissial-reynies.fr\/","name":"Ensemble paroissial de Reyni\u00e8s","description":"","publisher":{"@id":"https:\/\/ensemble-paroissial-reynies.fr\/#organization"},"alternateName":"EPReyni\u00e8s","potentialAction":[{"@type":"SearchAction","target":{"@type":"EntryPoint","urlTemplate":"https:\/\/ensemble-paroissial-reynies.fr\/?s={search_term_string}"},"query-input":{"@type":"PropertyValueSpecification","valueRequired":true,"valueName":"search_term_string"}}],"inLanguage":"fr-FR"},{"@type":"Organization","@id":"https:\/\/ensemble-paroissial-reynies.fr\/#organization","name":"Ensemble paroissial de Reyni\u00e8s","alternateName":"EPReyni\u00e8s","url":"https:\/\/ensemble-paroissial-reynies.fr\/","logo":{"@type":"ImageObject","inLanguage":"fr-FR","@id":"https:\/\/ensemble-paroissial-reynies.fr\/#\/schema\/logo\/image\/","url":"https:\/\/ensemble-paroissial-reynies.fr\/wp-content\/uploads\/paroisse\/nouveau-logo-catechisme-paroisse-07-2023.jpg","contentUrl":"https:\/\/ensemble-paroissial-reynies.fr\/wp-content\/uploads\/paroisse\/nouveau-logo-catechisme-paroisse-07-2023.jpg","width":666,"height":698,"caption":"Ensemble paroissial de Reyni\u00e8s"},"image":{"@id":"https:\/\/ensemble-paroissial-reynies.fr\/#\/schema\/logo\/image\/"}}]}},"featured_image_src":null,"featured_image_src_square":null,"_links":{"self":[{"href":"https:\/\/ensemble-paroissial-reynies.fr\/index.php?rest_route=\/wp\/v2\/pages\/1616","targetHints":{"allow":["GET"]}}],"collection":[{"href":"https:\/\/ensemble-paroissial-reynies.fr\/index.php?rest_route=\/wp\/v2\/pages"}],"about":[{"href":"https:\/\/ensemble-paroissial-reynies.fr\/index.php?rest_route=\/wp\/v2\/types\/page"}],"author":[{"embeddable":true,"href":"https:\/\/ensemble-paroissial-reynies.fr\/index.php?rest_route=\/wp\/v2\/users\/1"}],"replies":[{"embeddable":true,"href":"https:\/\/ensemble-paroissial-reynies.fr\/index.php?rest_route=%2Fwp%2Fv2%2Fcomments&post=1616"}],"version-history":[{"count":0,"href":"https:\/\/ensemble-paroissial-reynies.fr\/index.php?rest_route=\/wp\/v2\/pages\/1616\/revisions"}],"up":[{"embeddable":true,"href":"https:\/\/ensemble-paroissial-reynies.fr\/index.php?rest_route=\/wp\/v2\/pages\/1609"}],"wp:attachment":[{"href":"https:\/\/ensemble-paroissial-reynies.fr\/index.php?rest_route=%2Fwp%2Fv2%2Fmedia&parent=1616"}],"curies":[{"name":"wp","href":"https:\/\/api.w.org\/{rel}","templated":true}]}}