{"id":1451,"date":"2024-09-29T14:40:44","date_gmt":"2024-09-29T12:40:44","guid":{"rendered":"https:\/\/ensemble-paroissial-reynies.fr\/?page_id=1451"},"modified":"2024-09-29T14:40:45","modified_gmt":"2024-09-29T12:40:45","slug":"sainte-anne","status":"publish","type":"page","link":"https:\/\/ensemble-paroissial-reynies.fr\/?page_id=1451","title":{"rendered":"Sainte Anne"},"content":{"rendered":"\n<p><strong>L\u2019\u00e9glise du bourg de Reyni\u00e8s est d\u00e9di\u00e9e \u00e0 sainte Anne<\/strong>.<\/p>\n\n\n\n<p>Sainte Anne est l\u2019\u00e9pouse de saint Joachim et la m\u00e8re de la sainte Vierge.<br>Le nom d\u2019Anne n\u2019appara\u00eet qu\u2019\u00e0 partir du 3e si\u00e8cle, c\u2019est saint \u00c9piphane (315-403), un p\u00e8re de l\u2019\u00e9glise, qui le premier nomme la m\u00e8re de la Vierge Marie.<\/p>\n\n\n\n<p>L\u2019empereur Justinien 1er fait b\u00e2tir \u00e0 Constantinople une \u00e9glise sous l\u2019invocation de sainte Anne vers l\u2019an 550.<br>L\u2019empereur Justinien 2 en b\u00e2tira une deuxi\u00e8me vers l\u2019an 750.<\/p>\n\n\n\n<p>Il se dit que le corps de sainte Anne fut apport\u00e9 de Palestine \u00e0 Constantinople en l\u2019an 740. Plusieurs \u00e9glises europ\u00e9ennes indiquent avoir quelques reliques de la sainte. En France la cath\u00e9drale Notre-Dame d\u2019Apt, notamment, poss\u00e8de des reliques.<\/p>\n\n\n\n<p>La d\u00e9votion \u00e0 sainte Anne se r\u00e9pand en Europe \u00e0 partir du 14e si\u00e8cle, au moment o\u00f9 se propage les \u00e9crits sur l\u2019immacul\u00e9e conception, on associe alors tr\u00e8s souvent le culte de la Vierge Marie et le culte de sainte Anne, sa m\u00e8re.<\/p>\n\n\n\n<p>En France sainte Anne est apparue \u00e0 un paysan breton en 1624 pas loin d\u2019Auray (Morbihan) lui demandant de construire une chapelle en son honneur.<\/p>\n\n\n\n<p>La l\u00e9gende en Bretagne est qu\u2019Anne est n\u00e9e en Bretagne et qu\u2019elle \u00e9tait mari\u00e9e \u00e0 un seigneur cruel et jaloux qui lui interdisait d\u2019avoir des enfants. Mais Anne tombe enceinte et son \u00e9poux la chasse, son errance avec la petite Marie la conduit \u00e0 la plage de Tr\u00e9funtec o\u00f9 l\u2019attend un ange, pr\u00e8s d\u2019une barque. Selon la volont\u00e9 de Dieu, l\u2019ange l\u2019am\u00e8ne jusqu\u2019en Galil\u00e9e. Bien des ann\u00e9es plus tard, Marie \u00e9pouse Joseph et devient la m\u00e8re du Christ. Anne serait revenue en Bretagne pour y finir sa vie dans la pri\u00e8re et distribuer ses biens aux pauvres.<\/p>\n\n\n\n<p><strong>La f\u00eate de saint Anne est c\u00e9l\u00e9br\u00e9e le 27 juillet.<\/strong><\/p>\n","protected":false},"excerpt":{"rendered":"<p>L\u2019\u00e9glise du bourg de Reyni\u00e8s est d\u00e9di\u00e9e \u00e0 sainte Anne. Sainte Anne est l\u2019\u00e9pouse de saint Joachim et la m\u00e8re de la sainte Vierge.Le nom d\u2019Anne n\u2019appara\u00eet qu\u2019\u00e0 partir du 3e si\u00e8cle, c\u2019est saint \u00c9piphane (315-403), un p\u00e8re de l\u2019\u00e9glise, qui le premier nomme la m\u00e8re de la Vierge Marie. L\u2019empereur Justinien 1er fait b\u00e2tir &#8230; <a title=\"Sainte Anne\" class=\"read-more\" href=\"https:\/\/ensemble-paroissial-reynies.fr\/?page_id=1451\" aria-label=\"En savoir plus sur Sainte Anne\">Lire la suite<\/a><\/p>\n","protected":false},"author":1,"featured_media":0,"parent":1444,"menu_order":2,"comment_status":"closed","ping_status":"closed","template":"","meta":{"_eb_attr":"","pgc_sgb_lightbox_settings":"","footnotes":""},"class_list":["post-1451","page","type-page","status-publish"],"yoast_head":"<!-- This site is optimized with the Yoast SEO plugin v27.5 - https:\/\/yoast.com\/product\/yoast-seo-wordpress\/ -->\n<title>Sainte Anne - Ensemble paroissial de Reyni\u00e8s<\/title>\n<meta name=\"description\" content=\"Ensemble paroissial de Reyni\u00e8s - Ensemble paroissial de Reyni\u00e8s\" \/>\n<meta name=\"robots\" content=\"index, follow, max-snippet:-1, max-image-preview:large, max-video-preview:-1\" \/>\n<link rel=\"canonical\" href=\"https:\/\/ensemble-paroissial-reynies.fr\/?page_id=1451\" \/>\n<meta property=\"og:locale\" content=\"fr_FR\" \/>\n<meta property=\"og:type\" content=\"article\" \/>\n<meta property=\"og:title\" content=\"Sainte Anne - Ensemble paroissial de Reyni\u00e8s\" \/>\n<meta property=\"og:description\" content=\"Ensemble paroissial de Reyni\u00e8s - Ensemble paroissial de Reyni\u00e8s\" \/>\n<meta property=\"og:url\" content=\"https:\/\/ensemble-paroissial-reynies.fr\/?page_id=1451\" \/>\n<meta property=\"og:site_name\" content=\"Ensemble paroissial de Reyni\u00e8s\" \/>\n<meta property=\"article:modified_time\" content=\"2024-09-29T12:40:45+00:00\" \/>\n<meta name=\"twitter:card\" content=\"summary_large_image\" \/>\n<meta name=\"twitter:label1\" content=\"Dur\u00e9e de lecture estim\u00e9e\" \/>\n\t<meta name=\"twitter:data1\" content=\"2 minutes\" \/>\n<script type=\"application\/ld+json\" class=\"yoast-schema-graph\">{\"@context\":\"https:\\\/\\\/schema.org\",\"@graph\":[{\"@type\":\"WebPage\",\"@id\":\"https:\\\/\\\/ensemble-paroissial-reynies.fr\\\/?page_id=1451\",\"url\":\"https:\\\/\\\/ensemble-paroissial-reynies.fr\\\/?page_id=1451\",\"name\":\"Sainte Anne - Ensemble paroissial de Reyni\u00e8s\",\"isPartOf\":{\"@id\":\"https:\\\/\\\/ensemble-paroissial-reynies.fr\\\/#website\"},\"datePublished\":\"2024-09-29T12:40:44+00:00\",\"dateModified\":\"2024-09-29T12:40:45+00:00\",\"description\":\"Ensemble paroissial de Reyni\u00e8s - Ensemble paroissial de Reyni\u00e8s\",\"breadcrumb\":{\"@id\":\"https:\\\/\\\/ensemble-paroissial-reynies.fr\\\/?page_id=1451#breadcrumb\"},\"inLanguage\":\"fr-FR\",\"potentialAction\":[{\"@type\":\"ReadAction\",\"target\":[\"https:\\\/\\\/ensemble-paroissial-reynies.fr\\\/?page_id=1451\"]}]},{\"@type\":\"BreadcrumbList\",\"@id\":\"https:\\\/\\\/ensemble-paroissial-reynies.fr\\\/?page_id=1451#breadcrumb\",\"itemListElement\":[{\"@type\":\"ListItem\",\"position\":1,\"name\":\"Home\",\"item\":\"https:\\\/\\\/ensemble-paroissial-reynies.fr\\\/\"},{\"@type\":\"ListItem\",\"position\":2,\"name\":\"Accueil\",\"item\":\"https:\\\/\\\/ensemble-paroissial-reynies.fr\\\/\"},{\"@type\":\"ListItem\",\"position\":3,\"name\":\"D\u00e9couvrir l&#8217;Ensemble Paroissial\",\"item\":\"https:\\\/\\\/ensemble-paroissial-reynies.fr\\\/?page_id=535\"},{\"@type\":\"ListItem\",\"position\":4,\"name\":\"Nos \u00c9glises et Chapelles\",\"item\":\"https:\\\/\\\/ensemble-paroissial-reynies.fr\\\/?page_id=2\"},{\"@type\":\"ListItem\",\"position\":5,\"name\":\"Reyni\u00e8s &#8211; \u00c9glise Sainte Anne\",\"item\":\"https:\\\/\\\/ensemble-paroissial-reynies.fr\\\/?page_id=1444\"},{\"@type\":\"ListItem\",\"position\":6,\"name\":\"Sainte Anne\"}]},{\"@type\":\"WebSite\",\"@id\":\"https:\\\/\\\/ensemble-paroissial-reynies.fr\\\/#website\",\"url\":\"https:\\\/\\\/ensemble-paroissial-reynies.fr\\\/\",\"name\":\"Ensemble paroissial de Reyni\u00e8s\",\"description\":\"\",\"publisher\":{\"@id\":\"https:\\\/\\\/ensemble-paroissial-reynies.fr\\\/#organization\"},\"alternateName\":\"EPReyni\u00e8s\",\"potentialAction\":[{\"@type\":\"SearchAction\",\"target\":{\"@type\":\"EntryPoint\",\"urlTemplate\":\"https:\\\/\\\/ensemble-paroissial-reynies.fr\\\/?s={search_term_string}\"},\"query-input\":{\"@type\":\"PropertyValueSpecification\",\"valueRequired\":true,\"valueName\":\"search_term_string\"}}],\"inLanguage\":\"fr-FR\"},{\"@type\":\"Organization\",\"@id\":\"https:\\\/\\\/ensemble-paroissial-reynies.fr\\\/#organization\",\"name\":\"Ensemble paroissial de Reyni\u00e8s\",\"alternateName\":\"EPReyni\u00e8s\",\"url\":\"https:\\\/\\\/ensemble-paroissial-reynies.fr\\\/\",\"logo\":{\"@type\":\"ImageObject\",\"inLanguage\":\"fr-FR\",\"@id\":\"https:\\\/\\\/ensemble-paroissial-reynies.fr\\\/#\\\/schema\\\/logo\\\/image\\\/\",\"url\":\"https:\\\/\\\/ensemble-paroissial-reynies.fr\\\/wp-content\\\/uploads\\\/paroisse\\\/nouveau-logo-catechisme-paroisse-07-2023.jpg\",\"contentUrl\":\"https:\\\/\\\/ensemble-paroissial-reynies.fr\\\/wp-content\\\/uploads\\\/paroisse\\\/nouveau-logo-catechisme-paroisse-07-2023.jpg\",\"width\":666,\"height\":698,\"caption\":\"Ensemble paroissial de Reyni\u00e8s\"},\"image\":{\"@id\":\"https:\\\/\\\/ensemble-paroissial-reynies.fr\\\/#\\\/schema\\\/logo\\\/image\\\/\"}}]}<\/script>\n<!-- \/ Yoast SEO plugin. -->","yoast_head_json":{"title":"Sainte Anne - Ensemble paroissial de Reyni\u00e8s","description":"Ensemble paroissial de Reyni\u00e8s - Ensemble paroissial de Reyni\u00e8s","robots":{"index":"index","follow":"follow","max-snippet":"max-snippet:-1","max-image-preview":"max-image-preview:large","max-video-preview":"max-video-preview:-1"},"canonical":"https:\/\/ensemble-paroissial-reynies.fr\/?page_id=1451","og_locale":"fr_FR","og_type":"article","og_title":"Sainte Anne - Ensemble paroissial de Reyni\u00e8s","og_description":"Ensemble paroissial de Reyni\u00e8s - Ensemble paroissial de Reyni\u00e8s","og_url":"https:\/\/ensemble-paroissial-reynies.fr\/?page_id=1451","og_site_name":"Ensemble paroissial de Reyni\u00e8s","article_modified_time":"2024-09-29T12:40:45+00:00","twitter_card":"summary_large_image","twitter_misc":{"Dur\u00e9e de lecture estim\u00e9e":"2 minutes"},"schema":{"@context":"https:\/\/schema.org","@graph":[{"@type":"WebPage","@id":"https:\/\/ensemble-paroissial-reynies.fr\/?page_id=1451","url":"https:\/\/ensemble-paroissial-reynies.fr\/?page_id=1451","name":"Sainte Anne - Ensemble paroissial de Reyni\u00e8s","isPartOf":{"@id":"https:\/\/ensemble-paroissial-reynies.fr\/#website"},"datePublished":"2024-09-29T12:40:44+00:00","dateModified":"2024-09-29T12:40:45+00:00","description":"Ensemble paroissial de Reyni\u00e8s - Ensemble paroissial de Reyni\u00e8s","breadcrumb":{"@id":"https:\/\/ensemble-paroissial-reynies.fr\/?page_id=1451#breadcrumb"},"inLanguage":"fr-FR","potentialAction":[{"@type":"ReadAction","target":["https:\/\/ensemble-paroissial-reynies.fr\/?page_id=1451"]}]},{"@type":"BreadcrumbList","@id":"https:\/\/ensemble-paroissial-reynies.fr\/?page_id=1451#breadcrumb","itemListElement":[{"@type":"ListItem","position":1,"name":"Home","item":"https:\/\/ensemble-paroissial-reynies.fr\/"},{"@type":"ListItem","position":2,"name":"Accueil","item":"https:\/\/ensemble-paroissial-reynies.fr\/"},{"@type":"ListItem","position":3,"name":"D\u00e9couvrir l&#8217;Ensemble Paroissial","item":"https:\/\/ensemble-paroissial-reynies.fr\/?page_id=535"},{"@type":"ListItem","position":4,"name":"Nos \u00c9glises et Chapelles","item":"https:\/\/ensemble-paroissial-reynies.fr\/?page_id=2"},{"@type":"ListItem","position":5,"name":"Reyni\u00e8s &#8211; \u00c9glise Sainte Anne","item":"https:\/\/ensemble-paroissial-reynies.fr\/?page_id=1444"},{"@type":"ListItem","position":6,"name":"Sainte Anne"}]},{"@type":"WebSite","@id":"https:\/\/ensemble-paroissial-reynies.fr\/#website","url":"https:\/\/ensemble-paroissial-reynies.fr\/","name":"Ensemble paroissial de Reyni\u00e8s","description":"","publisher":{"@id":"https:\/\/ensemble-paroissial-reynies.fr\/#organization"},"alternateName":"EPReyni\u00e8s","potentialAction":[{"@type":"SearchAction","target":{"@type":"EntryPoint","urlTemplate":"https:\/\/ensemble-paroissial-reynies.fr\/?s={search_term_string}"},"query-input":{"@type":"PropertyValueSpecification","valueRequired":true,"valueName":"search_term_string"}}],"inLanguage":"fr-FR"},{"@type":"Organization","@id":"https:\/\/ensemble-paroissial-reynies.fr\/#organization","name":"Ensemble paroissial de Reyni\u00e8s","alternateName":"EPReyni\u00e8s","url":"https:\/\/ensemble-paroissial-reynies.fr\/","logo":{"@type":"ImageObject","inLanguage":"fr-FR","@id":"https:\/\/ensemble-paroissial-reynies.fr\/#\/schema\/logo\/image\/","url":"https:\/\/ensemble-paroissial-reynies.fr\/wp-content\/uploads\/paroisse\/nouveau-logo-catechisme-paroisse-07-2023.jpg","contentUrl":"https:\/\/ensemble-paroissial-reynies.fr\/wp-content\/uploads\/paroisse\/nouveau-logo-catechisme-paroisse-07-2023.jpg","width":666,"height":698,"caption":"Ensemble paroissial de Reyni\u00e8s"},"image":{"@id":"https:\/\/ensemble-paroissial-reynies.fr\/#\/schema\/logo\/image\/"}}]}},"featured_image_src":null,"featured_image_src_square":null,"_links":{"self":[{"href":"https:\/\/ensemble-paroissial-reynies.fr\/index.php?rest_route=\/wp\/v2\/pages\/1451","targetHints":{"allow":["GET"]}}],"collection":[{"href":"https:\/\/ensemble-paroissial-reynies.fr\/index.php?rest_route=\/wp\/v2\/pages"}],"about":[{"href":"https:\/\/ensemble-paroissial-reynies.fr\/index.php?rest_route=\/wp\/v2\/types\/page"}],"author":[{"embeddable":true,"href":"https:\/\/ensemble-paroissial-reynies.fr\/index.php?rest_route=\/wp\/v2\/users\/1"}],"replies":[{"embeddable":true,"href":"https:\/\/ensemble-paroissial-reynies.fr\/index.php?rest_route=%2Fwp%2Fv2%2Fcomments&post=1451"}],"version-history":[{"count":0,"href":"https:\/\/ensemble-paroissial-reynies.fr\/index.php?rest_route=\/wp\/v2\/pages\/1451\/revisions"}],"up":[{"embeddable":true,"href":"https:\/\/ensemble-paroissial-reynies.fr\/index.php?rest_route=\/wp\/v2\/pages\/1444"}],"wp:attachment":[{"href":"https:\/\/ensemble-paroissial-reynies.fr\/index.php?rest_route=%2Fwp%2Fv2%2Fmedia&parent=1451"}],"curies":[{"name":"wp","href":"https:\/\/api.w.org\/{rel}","templated":true}]}}