{"id":1437,"date":"2024-09-27T15:26:52","date_gmt":"2024-09-27T13:26:52","guid":{"rendered":"https:\/\/ensemble-paroissial-reynies.fr\/?page_id=1437"},"modified":"2025-06-13T16:13:45","modified_gmt":"2025-06-13T14:13:45","slug":"nohic-photographies","status":"publish","type":"page","link":"https:\/\/ensemble-paroissial-reynies.fr\/?page_id=1437","title":{"rendered":"Nohic &#8211; Photographies"},"content":{"rendered":"\n<p><em>Cliquez sur les photos pour les visualiser en entier<\/em><\/p>\n\n\n\n<details class=\"wp-block-details is-layout-flow wp-block-details-is-layout-flow\"><summary>Ext\u00e9rieur<\/summary>\n<figure class=\"wp-block-gallery has-nested-images columns-4 is-cropped wp-block-gallery-1 is-layout-flex wp-block-gallery-is-layout-flex\">\n<figure class=\"wp-block-image size-large\"><a href=\"https:\/\/ensemble-paroissial-reynies.fr\/wp-content\/uploads\/eglise_nohic\/P1010007-scaled.jpg\"><img loading=\"lazy\" decoding=\"async\" width=\"1024\" height=\"769\" data-id=\"3899\" src=\"https:\/\/ensemble-paroissial-reynies.fr\/wp-content\/uploads\/eglise_nohic\/P1010007-1024x769.jpg\" alt=\"\" class=\"wp-image-3899\" srcset=\"https:\/\/ensemble-paroissial-reynies.fr\/wp-content\/uploads\/eglise_nohic\/P1010007-1024x769.jpg 1024w, https:\/\/ensemble-paroissial-reynies.fr\/wp-content\/uploads\/eglise_nohic\/P1010007-300x225.jpg 300w, https:\/\/ensemble-paroissial-reynies.fr\/wp-content\/uploads\/eglise_nohic\/P1010007-768x577.jpg 768w, https:\/\/ensemble-paroissial-reynies.fr\/wp-content\/uploads\/eglise_nohic\/P1010007-1536x1153.jpg 1536w, https:\/\/ensemble-paroissial-reynies.fr\/wp-content\/uploads\/eglise_nohic\/P1010007-2048x1538.jpg 2048w\" sizes=\"auto, (max-width: 1024px) 100vw, 1024px\" \/><\/a><figcaption class=\"wp-element-caption\">Nohic &#8211; 06\/2025<\/figcaption><\/figure>\n\n\n\n<figure class=\"wp-block-image size-large\"><a href=\"https:\/\/ensemble-paroissial-reynies.fr\/wp-content\/uploads\/eglise_nohic\/P1010008-scaled.jpg\"><img loading=\"lazy\" decoding=\"async\" width=\"1024\" height=\"769\" data-id=\"3897\" src=\"https:\/\/ensemble-paroissial-reynies.fr\/wp-content\/uploads\/eglise_nohic\/P1010008-1024x769.jpg\" alt=\"\" class=\"wp-image-3897\" srcset=\"https:\/\/ensemble-paroissial-reynies.fr\/wp-content\/uploads\/eglise_nohic\/P1010008-1024x769.jpg 1024w, https:\/\/ensemble-paroissial-reynies.fr\/wp-content\/uploads\/eglise_nohic\/P1010008-300x225.jpg 300w, https:\/\/ensemble-paroissial-reynies.fr\/wp-content\/uploads\/eglise_nohic\/P1010008-768x577.jpg 768w, https:\/\/ensemble-paroissial-reynies.fr\/wp-content\/uploads\/eglise_nohic\/P1010008-1536x1153.jpg 1536w, https:\/\/ensemble-paroissial-reynies.fr\/wp-content\/uploads\/eglise_nohic\/P1010008-2048x1538.jpg 2048w\" sizes=\"auto, (max-width: 1024px) 100vw, 1024px\" \/><\/a><figcaption class=\"wp-element-caption\">Nohic 06\/2025<\/figcaption><\/figure>\n\n\n\n<figure class=\"wp-block-image size-large\"><a href=\"https:\/\/ensemble-paroissial-reynies.fr\/wp-content\/uploads\/eglise_nohic\/P1010010-scaled.jpg\"><img loading=\"lazy\" decoding=\"async\" width=\"1024\" height=\"769\" data-id=\"3898\" src=\"https:\/\/ensemble-paroissial-reynies.fr\/wp-content\/uploads\/eglise_nohic\/P1010010-1024x769.jpg\" alt=\"\" class=\"wp-image-3898\" srcset=\"https:\/\/ensemble-paroissial-reynies.fr\/wp-content\/uploads\/eglise_nohic\/P1010010-1024x769.jpg 1024w, https:\/\/ensemble-paroissial-reynies.fr\/wp-content\/uploads\/eglise_nohic\/P1010010-300x225.jpg 300w, https:\/\/ensemble-paroissial-reynies.fr\/wp-content\/uploads\/eglise_nohic\/P1010010-768x577.jpg 768w, https:\/\/ensemble-paroissial-reynies.fr\/wp-content\/uploads\/eglise_nohic\/P1010010-1536x1153.jpg 1536w, https:\/\/ensemble-paroissial-reynies.fr\/wp-content\/uploads\/eglise_nohic\/P1010010-2048x1538.jpg 2048w\" sizes=\"auto, (max-width: 1024px) 100vw, 1024px\" \/><\/a><figcaption class=\"wp-element-caption\">Nohic 06\/2025<\/figcaption><\/figure>\n\n\n\n<figure class=\"wp-block-image size-large\"><a href=\"https:\/\/ensemble-paroissial-reynies.fr\/wp-content\/uploads\/eglise_nohic\/P1010011-scaled.jpg\"><img loading=\"lazy\" decoding=\"async\" width=\"769\" height=\"1024\" data-id=\"3896\" src=\"https:\/\/ensemble-paroissial-reynies.fr\/wp-content\/uploads\/eglise_nohic\/P1010011-769x1024.jpg\" alt=\"\" class=\"wp-image-3896\" srcset=\"https:\/\/ensemble-paroissial-reynies.fr\/wp-content\/uploads\/eglise_nohic\/P1010011-769x1024.jpg 769w, https:\/\/ensemble-paroissial-reynies.fr\/wp-content\/uploads\/eglise_nohic\/P1010011-225x300.jpg 225w, https:\/\/ensemble-paroissial-reynies.fr\/wp-content\/uploads\/eglise_nohic\/P1010011-768x1023.jpg 768w, https:\/\/ensemble-paroissial-reynies.fr\/wp-content\/uploads\/eglise_nohic\/P1010011-1153x1536.jpg 1153w, https:\/\/ensemble-paroissial-reynies.fr\/wp-content\/uploads\/eglise_nohic\/P1010011-1538x2048.jpg 1538w, https:\/\/ensemble-paroissial-reynies.fr\/wp-content\/uploads\/eglise_nohic\/P1010011-scaled.jpg 1922w\" sizes=\"auto, (max-width: 769px) 100vw, 769px\" \/><\/a><figcaption class=\"wp-element-caption\">Nohic &#8211; 06\/2025<\/figcaption><\/figure>\n\n\n\n<figure class=\"wp-block-image size-large\"><a href=\"https:\/\/ensemble-paroissial-reynies.fr\/wp-content\/uploads\/eglise_nohic\/P1010009-scaled.jpg\"><img loading=\"lazy\" decoding=\"async\" width=\"1024\" height=\"769\" data-id=\"3891\" src=\"https:\/\/ensemble-paroissial-reynies.fr\/wp-content\/uploads\/eglise_nohic\/P1010009-1024x769.jpg\" alt=\"\" class=\"wp-image-3891\" srcset=\"https:\/\/ensemble-paroissial-reynies.fr\/wp-content\/uploads\/eglise_nohic\/P1010009-1024x769.jpg 1024w, https:\/\/ensemble-paroissial-reynies.fr\/wp-content\/uploads\/eglise_nohic\/P1010009-300x225.jpg 300w, https:\/\/ensemble-paroissial-reynies.fr\/wp-content\/uploads\/eglise_nohic\/P1010009-768x577.jpg 768w, https:\/\/ensemble-paroissial-reynies.fr\/wp-content\/uploads\/eglise_nohic\/P1010009-1536x1153.jpg 1536w, https:\/\/ensemble-paroissial-reynies.fr\/wp-content\/uploads\/eglise_nohic\/P1010009-2048x1538.jpg 2048w\" sizes=\"auto, (max-width: 1024px) 100vw, 1024px\" \/><\/a><figcaption class=\"wp-element-caption\">Nohic 06\/2025<\/figcaption><\/figure>\n\n\n\n<figure class=\"wp-block-image size-large\"><a href=\"https:\/\/ensemble-paroissial-reynies.fr\/wp-content\/uploads\/eglise_nohic\/P1010012-scaled.jpg\"><img loading=\"lazy\" decoding=\"async\" width=\"1024\" height=\"769\" data-id=\"3893\" src=\"https:\/\/ensemble-paroissial-reynies.fr\/wp-content\/uploads\/eglise_nohic\/P1010012-1024x769.jpg\" alt=\"\" class=\"wp-image-3893\" srcset=\"https:\/\/ensemble-paroissial-reynies.fr\/wp-content\/uploads\/eglise_nohic\/P1010012-1024x769.jpg 1024w, https:\/\/ensemble-paroissial-reynies.fr\/wp-content\/uploads\/eglise_nohic\/P1010012-300x225.jpg 300w, https:\/\/ensemble-paroissial-reynies.fr\/wp-content\/uploads\/eglise_nohic\/P1010012-768x577.jpg 768w, https:\/\/ensemble-paroissial-reynies.fr\/wp-content\/uploads\/eglise_nohic\/P1010012-1536x1153.jpg 1536w, https:\/\/ensemble-paroissial-reynies.fr\/wp-content\/uploads\/eglise_nohic\/P1010012-2048x1538.jpg 2048w\" sizes=\"auto, (max-width: 1024px) 100vw, 1024px\" \/><\/a><figcaption class=\"wp-element-caption\">Nohic 06\/2025<\/figcaption><\/figure>\n\n\n\n<figure class=\"wp-block-image size-large\"><a href=\"https:\/\/ensemble-paroissial-reynies.fr\/wp-content\/uploads\/eglise_nohic\/P1010014-scaled.jpg\"><img loading=\"lazy\" decoding=\"async\" width=\"769\" height=\"1024\" data-id=\"3895\" src=\"https:\/\/ensemble-paroissial-reynies.fr\/wp-content\/uploads\/eglise_nohic\/P1010014-769x1024.jpg\" alt=\"\" class=\"wp-image-3895\" srcset=\"https:\/\/ensemble-paroissial-reynies.fr\/wp-content\/uploads\/eglise_nohic\/P1010014-769x1024.jpg 769w, https:\/\/ensemble-paroissial-reynies.fr\/wp-content\/uploads\/eglise_nohic\/P1010014-225x300.jpg 225w, https:\/\/ensemble-paroissial-reynies.fr\/wp-content\/uploads\/eglise_nohic\/P1010014-768x1023.jpg 768w, https:\/\/ensemble-paroissial-reynies.fr\/wp-content\/uploads\/eglise_nohic\/P1010014-1153x1536.jpg 1153w, https:\/\/ensemble-paroissial-reynies.fr\/wp-content\/uploads\/eglise_nohic\/P1010014-1538x2048.jpg 1538w, https:\/\/ensemble-paroissial-reynies.fr\/wp-content\/uploads\/eglise_nohic\/P1010014-scaled.jpg 1922w\" sizes=\"auto, (max-width: 769px) 100vw, 769px\" \/><\/a><figcaption class=\"wp-element-caption\">Nohic 06\/2025<\/figcaption><\/figure>\n\n\n\n<figure class=\"wp-block-image size-large\"><a href=\"https:\/\/ensemble-paroissial-reynies.fr\/wp-content\/uploads\/eglise_nohic\/P1010020-scaled.jpg\"><img loading=\"lazy\" decoding=\"async\" width=\"1024\" height=\"769\" data-id=\"3892\" src=\"https:\/\/ensemble-paroissial-reynies.fr\/wp-content\/uploads\/eglise_nohic\/P1010020-1024x769.jpg\" alt=\"\" class=\"wp-image-3892\" srcset=\"https:\/\/ensemble-paroissial-reynies.fr\/wp-content\/uploads\/eglise_nohic\/P1010020-1024x769.jpg 1024w, https:\/\/ensemble-paroissial-reynies.fr\/wp-content\/uploads\/eglise_nohic\/P1010020-300x225.jpg 300w, https:\/\/ensemble-paroissial-reynies.fr\/wp-content\/uploads\/eglise_nohic\/P1010020-768x577.jpg 768w, https:\/\/ensemble-paroissial-reynies.fr\/wp-content\/uploads\/eglise_nohic\/P1010020-1536x1153.jpg 1536w, https:\/\/ensemble-paroissial-reynies.fr\/wp-content\/uploads\/eglise_nohic\/P1010020-2048x1538.jpg 2048w\" sizes=\"auto, (max-width: 1024px) 100vw, 1024px\" \/><\/a><figcaption class=\"wp-element-caption\">Nohic 06\/2025<\/figcaption><\/figure>\n\n\n\n<figure class=\"wp-block-image size-large\"><a href=\"https:\/\/ensemble-paroissial-reynies.fr\/wp-content\/uploads\/eglise_nohic\/P1010017-scaled.jpg\"><img loading=\"lazy\" decoding=\"async\" width=\"1024\" height=\"769\" data-id=\"3890\" src=\"https:\/\/ensemble-paroissial-reynies.fr\/wp-content\/uploads\/eglise_nohic\/P1010017-1024x769.jpg\" alt=\"\" class=\"wp-image-3890\" srcset=\"https:\/\/ensemble-paroissial-reynies.fr\/wp-content\/uploads\/eglise_nohic\/P1010017-1024x769.jpg 1024w, https:\/\/ensemble-paroissial-reynies.fr\/wp-content\/uploads\/eglise_nohic\/P1010017-300x225.jpg 300w, https:\/\/ensemble-paroissial-reynies.fr\/wp-content\/uploads\/eglise_nohic\/P1010017-768x577.jpg 768w, https:\/\/ensemble-paroissial-reynies.fr\/wp-content\/uploads\/eglise_nohic\/P1010017-1536x1153.jpg 1536w, https:\/\/ensemble-paroissial-reynies.fr\/wp-content\/uploads\/eglise_nohic\/P1010017-2048x1538.jpg 2048w\" sizes=\"auto, (max-width: 1024px) 100vw, 1024px\" \/><\/a><figcaption class=\"wp-element-caption\">Nohic 06\/2025<\/figcaption><\/figure>\n\n\n\n<figure class=\"wp-block-image size-large\"><a href=\"https:\/\/ensemble-paroissial-reynies.fr\/wp-content\/uploads\/eglise_nohic\/croixnohic.jpg\"><img loading=\"lazy\" decoding=\"async\" width=\"450\" height=\"800\" data-id=\"910\" src=\"https:\/\/ensemble-paroissial-reynies.fr\/wp-content\/uploads\/eglise_nohic\/croixnohic.jpg\" alt=\"\" class=\"wp-image-910\" srcset=\"https:\/\/ensemble-paroissial-reynies.fr\/wp-content\/uploads\/eglise_nohic\/croixnohic.jpg 450w, https:\/\/ensemble-paroissial-reynies.fr\/wp-content\/uploads\/eglise_nohic\/croixnohic-169x300.jpg 169w\" sizes=\"auto, (max-width: 450px) 100vw, 450px\" \/><\/a><figcaption class=\"wp-element-caption\">                               <\/figcaption><\/figure>\n\n\n\n<figure class=\"wp-block-image size-large\"><a href=\"https:\/\/ensemble-paroissial-reynies.fr\/wp-content\/uploads\/eglise_nohic\/P1010016-scaled.jpg\"><img loading=\"lazy\" decoding=\"async\" width=\"1024\" height=\"769\" data-id=\"3889\" src=\"https:\/\/ensemble-paroissial-reynies.fr\/wp-content\/uploads\/eglise_nohic\/P1010016-1024x769.jpg\" alt=\"\" class=\"wp-image-3889\" srcset=\"https:\/\/ensemble-paroissial-reynies.fr\/wp-content\/uploads\/eglise_nohic\/P1010016-1024x769.jpg 1024w, https:\/\/ensemble-paroissial-reynies.fr\/wp-content\/uploads\/eglise_nohic\/P1010016-300x225.jpg 300w, https:\/\/ensemble-paroissial-reynies.fr\/wp-content\/uploads\/eglise_nohic\/P1010016-768x577.jpg 768w, https:\/\/ensemble-paroissial-reynies.fr\/wp-content\/uploads\/eglise_nohic\/P1010016-1536x1153.jpg 1536w, https:\/\/ensemble-paroissial-reynies.fr\/wp-content\/uploads\/eglise_nohic\/P1010016-2048x1538.jpg 2048w\" sizes=\"auto, (max-width: 1024px) 100vw, 1024px\" \/><\/a><figcaption class=\"wp-element-caption\">Nohic 06\/2025<\/figcaption><\/figure>\n\n\n\n<figure class=\"wp-block-image size-large\"><a href=\"https:\/\/ensemble-paroissial-reynies.fr\/wp-content\/uploads\/eglise_nohic\/P1010019-scaled.jpg\"><img loading=\"lazy\" decoding=\"async\" width=\"1024\" height=\"769\" data-id=\"3894\" src=\"https:\/\/ensemble-paroissial-reynies.fr\/wp-content\/uploads\/eglise_nohic\/P1010019-1024x769.jpg\" alt=\"\" class=\"wp-image-3894\" srcset=\"https:\/\/ensemble-paroissial-reynies.fr\/wp-content\/uploads\/eglise_nohic\/P1010019-1024x769.jpg 1024w, https:\/\/ensemble-paroissial-reynies.fr\/wp-content\/uploads\/eglise_nohic\/P1010019-300x225.jpg 300w, https:\/\/ensemble-paroissial-reynies.fr\/wp-content\/uploads\/eglise_nohic\/P1010019-768x577.jpg 768w, https:\/\/ensemble-paroissial-reynies.fr\/wp-content\/uploads\/eglise_nohic\/P1010019-1536x1153.jpg 1536w, https:\/\/ensemble-paroissial-reynies.fr\/wp-content\/uploads\/eglise_nohic\/P1010019-2048x1538.jpg 2048w\" sizes=\"auto, (max-width: 1024px) 100vw, 1024px\" \/><\/a><figcaption class=\"wp-element-caption\">Nohic 06\/2025<\/figcaption><\/figure>\n\n\n\n<figure class=\"wp-block-image size-large\"><a href=\"https:\/\/ensemble-paroissial-reynies.fr\/wp-content\/uploads\/eglise_nohic\/P1010018-scaled.jpg\"><img loading=\"lazy\" decoding=\"async\" width=\"1024\" height=\"769\" data-id=\"3888\" src=\"https:\/\/ensemble-paroissial-reynies.fr\/wp-content\/uploads\/eglise_nohic\/P1010018-1024x769.jpg\" alt=\"\" class=\"wp-image-3888\" srcset=\"https:\/\/ensemble-paroissial-reynies.fr\/wp-content\/uploads\/eglise_nohic\/P1010018-1024x769.jpg 1024w, https:\/\/ensemble-paroissial-reynies.fr\/wp-content\/uploads\/eglise_nohic\/P1010018-300x225.jpg 300w, https:\/\/ensemble-paroissial-reynies.fr\/wp-content\/uploads\/eglise_nohic\/P1010018-768x577.jpg 768w, https:\/\/ensemble-paroissial-reynies.fr\/wp-content\/uploads\/eglise_nohic\/P1010018-1536x1153.jpg 1536w, https:\/\/ensemble-paroissial-reynies.fr\/wp-content\/uploads\/eglise_nohic\/P1010018-2048x1538.jpg 2048w\" sizes=\"auto, (max-width: 1024px) 100vw, 1024px\" \/><\/a><figcaption class=\"wp-element-caption\">Nohic 06\/2025<\/figcaption><\/figure>\n\n\n\n<figure class=\"wp-block-image size-large\"><a href=\"https:\/\/ensemble-paroissial-reynies.fr\/wp-content\/uploads\/eglise_nohic\/egnohic-2.jpg\"><img loading=\"lazy\" decoding=\"async\" width=\"600\" height=\"800\" data-id=\"899\" src=\"https:\/\/ensemble-paroissial-reynies.fr\/wp-content\/uploads\/eglise_nohic\/egnohic-2.jpg\" alt=\"\" class=\"wp-image-899\" srcset=\"https:\/\/ensemble-paroissial-reynies.fr\/wp-content\/uploads\/eglise_nohic\/egnohic-2.jpg 600w, https:\/\/ensemble-paroissial-reynies.fr\/wp-content\/uploads\/eglise_nohic\/egnohic-2-225x300.jpg 225w\" sizes=\"auto, (max-width: 600px) 100vw, 600px\" \/><\/a><figcaption class=\"wp-element-caption\">Statue de la Vierge Marie           <\/figcaption><\/figure>\n\n\n\n<figure class=\"wp-block-image size-large\"><a href=\"https:\/\/ensemble-paroissial-reynies.fr\/wp-content\/uploads\/eglise_nohic\/img_20170921_173854.jpg\"><img loading=\"lazy\" decoding=\"async\" width=\"768\" height=\"1024\" data-id=\"906\" src=\"https:\/\/ensemble-paroissial-reynies.fr\/wp-content\/uploads\/eglise_nohic\/img_20170921_173854-768x1024.jpg\" alt=\"\" class=\"wp-image-906\" srcset=\"https:\/\/ensemble-paroissial-reynies.fr\/wp-content\/uploads\/eglise_nohic\/img_20170921_173854-768x1024.jpg 768w, https:\/\/ensemble-paroissial-reynies.fr\/wp-content\/uploads\/eglise_nohic\/img_20170921_173854-225x300.jpg 225w, https:\/\/ensemble-paroissial-reynies.fr\/wp-content\/uploads\/eglise_nohic\/img_20170921_173854-1152x1536.jpg 1152w, https:\/\/ensemble-paroissial-reynies.fr\/wp-content\/uploads\/eglise_nohic\/img_20170921_173854.jpg 1536w\" sizes=\"auto, (max-width: 768px) 100vw, 768px\" \/><\/a><figcaption class=\"wp-element-caption\">Vierge &#8211; Lavoir de Nohic<\/figcaption><\/figure>\n\n\n\n<figure class=\"wp-block-image size-large\"><a href=\"https:\/\/ensemble-paroissial-reynies.fr\/wp-content\/uploads\/eglise_nohic\/p1020227-scaled-1.jpg\"><img loading=\"lazy\" decoding=\"async\" width=\"768\" height=\"1024\" data-id=\"884\" src=\"https:\/\/ensemble-paroissial-reynies.fr\/wp-content\/uploads\/eglise_nohic\/p1020227-scaled-1-768x1024.jpg\" alt=\"\" class=\"wp-image-884\" srcset=\"https:\/\/ensemble-paroissial-reynies.fr\/wp-content\/uploads\/eglise_nohic\/p1020227-scaled-1-768x1024.jpg 768w, https:\/\/ensemble-paroissial-reynies.fr\/wp-content\/uploads\/eglise_nohic\/p1020227-scaled-1-225x300.jpg 225w, https:\/\/ensemble-paroissial-reynies.fr\/wp-content\/uploads\/eglise_nohic\/p1020227-scaled-1-1152x1536.jpg 1152w, https:\/\/ensemble-paroissial-reynies.fr\/wp-content\/uploads\/eglise_nohic\/p1020227-scaled-1-1536x2048.jpg 1536w, https:\/\/ensemble-paroissial-reynies.fr\/wp-content\/uploads\/eglise_nohic\/p1020227-scaled-1.jpg 1920w\" sizes=\"auto, (max-width: 768px) 100vw, 768px\" \/><\/a><figcaption class=\"wp-element-caption\">Nohic &#8211; Lavoir<\/figcaption><\/figure>\n<\/figure>\n<\/details>\n\n\n\n<details class=\"wp-block-details is-layout-flow wp-block-details-is-layout-flow\"><summary>Int\u00e9rieur<\/summary>\n<figure class=\"wp-block-gallery has-nested-images columns-4 is-cropped wp-block-gallery-2 is-layout-flex wp-block-gallery-is-layout-flex\">\n<figure class=\"wp-block-image size-large\"><a href=\"https:\/\/ensemble-paroissial-reynies.fr\/wp-content\/uploads\/eglise_nohic\/20180222_175406-scaled-1.jpg\"><img loading=\"lazy\" decoding=\"async\" width=\"1024\" height=\"576\" data-id=\"888\" src=\"https:\/\/ensemble-paroissial-reynies.fr\/wp-content\/uploads\/eglise_nohic\/20180222_175406-scaled-1-1024x576.jpg\" alt=\"\" class=\"wp-image-888\" srcset=\"https:\/\/ensemble-paroissial-reynies.fr\/wp-content\/uploads\/eglise_nohic\/20180222_175406-scaled-1-1024x576.jpg 1024w, https:\/\/ensemble-paroissial-reynies.fr\/wp-content\/uploads\/eglise_nohic\/20180222_175406-scaled-1-300x169.jpg 300w, https:\/\/ensemble-paroissial-reynies.fr\/wp-content\/uploads\/eglise_nohic\/20180222_175406-scaled-1-768x432.jpg 768w, https:\/\/ensemble-paroissial-reynies.fr\/wp-content\/uploads\/eglise_nohic\/20180222_175406-scaled-1-1536x864.jpg 1536w, https:\/\/ensemble-paroissial-reynies.fr\/wp-content\/uploads\/eglise_nohic\/20180222_175406-scaled-1-2048x1152.jpg 2048w\" sizes=\"auto, (max-width: 1024px) 100vw, 1024px\" \/><\/a><\/figure>\n\n\n\n<figure class=\"wp-block-image size-large\"><a href=\"https:\/\/ensemble-paroissial-reynies.fr\/wp-content\/uploads\/eglise_nohic\/20180222_175346-scaled-1.jpg\"><img loading=\"lazy\" decoding=\"async\" width=\"1024\" height=\"576\" data-id=\"887\" src=\"https:\/\/ensemble-paroissial-reynies.fr\/wp-content\/uploads\/eglise_nohic\/20180222_175346-scaled-1-1024x576.jpg\" alt=\"\" class=\"wp-image-887\" srcset=\"https:\/\/ensemble-paroissial-reynies.fr\/wp-content\/uploads\/eglise_nohic\/20180222_175346-scaled-1-1024x576.jpg 1024w, https:\/\/ensemble-paroissial-reynies.fr\/wp-content\/uploads\/eglise_nohic\/20180222_175346-scaled-1-300x169.jpg 300w, https:\/\/ensemble-paroissial-reynies.fr\/wp-content\/uploads\/eglise_nohic\/20180222_175346-scaled-1-768x432.jpg 768w, https:\/\/ensemble-paroissial-reynies.fr\/wp-content\/uploads\/eglise_nohic\/20180222_175346-scaled-1-1536x864.jpg 1536w, https:\/\/ensemble-paroissial-reynies.fr\/wp-content\/uploads\/eglise_nohic\/20180222_175346-scaled-1-2048x1152.jpg 2048w\" sizes=\"auto, (max-width: 1024px) 100vw, 1024px\" \/><\/a><\/figure>\n\n\n\n<figure class=\"wp-block-image size-large\"><a href=\"https:\/\/ensemble-paroissial-reynies.fr\/wp-content\/uploads\/eglise_nohic\/20180222_175529-scaled-1.jpg\"><img loading=\"lazy\" decoding=\"async\" width=\"1024\" height=\"768\" data-id=\"895\" src=\"https:\/\/ensemble-paroissial-reynies.fr\/wp-content\/uploads\/eglise_nohic\/20180222_175529-scaled-1-1024x768.jpg\" alt=\"\" class=\"wp-image-895\" srcset=\"https:\/\/ensemble-paroissial-reynies.fr\/wp-content\/uploads\/eglise_nohic\/20180222_175529-scaled-1-1024x768.jpg 1024w, https:\/\/ensemble-paroissial-reynies.fr\/wp-content\/uploads\/eglise_nohic\/20180222_175529-scaled-1-300x225.jpg 300w, https:\/\/ensemble-paroissial-reynies.fr\/wp-content\/uploads\/eglise_nohic\/20180222_175529-scaled-1-768x576.jpg 768w, https:\/\/ensemble-paroissial-reynies.fr\/wp-content\/uploads\/eglise_nohic\/20180222_175529-scaled-1-1536x1152.jpg 1536w, https:\/\/ensemble-paroissial-reynies.fr\/wp-content\/uploads\/eglise_nohic\/20180222_175529-scaled-1-2048x1536.jpg 2048w\" sizes=\"auto, (max-width: 1024px) 100vw, 1024px\" \/><\/a><\/figure>\n\n\n\n<figure class=\"wp-block-image size-large\"><a href=\"https:\/\/ensemble-paroissial-reynies.fr\/wp-content\/uploads\/eglise_nohic\/20180222_175207-scaled-1.jpg\"><img loading=\"lazy\" decoding=\"async\" width=\"1024\" height=\"768\" data-id=\"886\" src=\"https:\/\/ensemble-paroissial-reynies.fr\/wp-content\/uploads\/eglise_nohic\/20180222_175207-scaled-1-1024x768.jpg\" alt=\"\" class=\"wp-image-886\" srcset=\"https:\/\/ensemble-paroissial-reynies.fr\/wp-content\/uploads\/eglise_nohic\/20180222_175207-scaled-1-1024x768.jpg 1024w, https:\/\/ensemble-paroissial-reynies.fr\/wp-content\/uploads\/eglise_nohic\/20180222_175207-scaled-1-300x225.jpg 300w, https:\/\/ensemble-paroissial-reynies.fr\/wp-content\/uploads\/eglise_nohic\/20180222_175207-scaled-1-768x576.jpg 768w, https:\/\/ensemble-paroissial-reynies.fr\/wp-content\/uploads\/eglise_nohic\/20180222_175207-scaled-1-1536x1152.jpg 1536w, https:\/\/ensemble-paroissial-reynies.fr\/wp-content\/uploads\/eglise_nohic\/20180222_175207-scaled-1-2048x1536.jpg 2048w\" sizes=\"auto, (max-width: 1024px) 100vw, 1024px\" \/><\/a><\/figure>\n\n\n\n<figure class=\"wp-block-image size-large\"><a href=\"https:\/\/ensemble-paroissial-reynies.fr\/wp-content\/uploads\/eglise_nohic\/20180222_175511-scaled-1.jpg\"><img loading=\"lazy\" decoding=\"async\" width=\"1024\" height=\"768\" data-id=\"893\" src=\"https:\/\/ensemble-paroissial-reynies.fr\/wp-content\/uploads\/eglise_nohic\/20180222_175511-scaled-1-1024x768.jpg\" alt=\"\" class=\"wp-image-893\" srcset=\"https:\/\/ensemble-paroissial-reynies.fr\/wp-content\/uploads\/eglise_nohic\/20180222_175511-scaled-1-1024x768.jpg 1024w, https:\/\/ensemble-paroissial-reynies.fr\/wp-content\/uploads\/eglise_nohic\/20180222_175511-scaled-1-300x225.jpg 300w, https:\/\/ensemble-paroissial-reynies.fr\/wp-content\/uploads\/eglise_nohic\/20180222_175511-scaled-1-768x576.jpg 768w, https:\/\/ensemble-paroissial-reynies.fr\/wp-content\/uploads\/eglise_nohic\/20180222_175511-scaled-1-1536x1152.jpg 1536w, https:\/\/ensemble-paroissial-reynies.fr\/wp-content\/uploads\/eglise_nohic\/20180222_175511-scaled-1-2048x1536.jpg 2048w\" sizes=\"auto, (max-width: 1024px) 100vw, 1024px\" \/><\/a><\/figure>\n\n\n\n<figure class=\"wp-block-image size-large\"><a href=\"https:\/\/ensemble-paroissial-reynies.fr\/wp-content\/uploads\/eglise_nohic\/20180222_183904-scaled-1.jpg\"><img loading=\"lazy\" decoding=\"async\" width=\"1024\" height=\"576\" data-id=\"909\" src=\"https:\/\/ensemble-paroissial-reynies.fr\/wp-content\/uploads\/eglise_nohic\/20180222_183904-scaled-1-1024x576.jpg\" alt=\"\" class=\"wp-image-909\" srcset=\"https:\/\/ensemble-paroissial-reynies.fr\/wp-content\/uploads\/eglise_nohic\/20180222_183904-scaled-1-1024x576.jpg 1024w, https:\/\/ensemble-paroissial-reynies.fr\/wp-content\/uploads\/eglise_nohic\/20180222_183904-scaled-1-300x169.jpg 300w, https:\/\/ensemble-paroissial-reynies.fr\/wp-content\/uploads\/eglise_nohic\/20180222_183904-scaled-1-768x432.jpg 768w, https:\/\/ensemble-paroissial-reynies.fr\/wp-content\/uploads\/eglise_nohic\/20180222_183904-scaled-1-1536x864.jpg 1536w, https:\/\/ensemble-paroissial-reynies.fr\/wp-content\/uploads\/eglise_nohic\/20180222_183904-scaled-1-2048x1152.jpg 2048w\" sizes=\"auto, (max-width: 1024px) 100vw, 1024px\" \/><\/a><\/figure>\n\n\n\n<figure class=\"wp-block-image size-large\"><a href=\"https:\/\/ensemble-paroissial-reynies.fr\/wp-content\/uploads\/eglise_nohic\/20180222_175253-scaled-1.jpg\"><img loading=\"lazy\" decoding=\"async\" width=\"1024\" height=\"576\" data-id=\"885\" src=\"https:\/\/ensemble-paroissial-reynies.fr\/wp-content\/uploads\/eglise_nohic\/20180222_175253-scaled-1-1024x576.jpg\" alt=\"\" class=\"wp-image-885\" srcset=\"https:\/\/ensemble-paroissial-reynies.fr\/wp-content\/uploads\/eglise_nohic\/20180222_175253-scaled-1-1024x576.jpg 1024w, https:\/\/ensemble-paroissial-reynies.fr\/wp-content\/uploads\/eglise_nohic\/20180222_175253-scaled-1-300x169.jpg 300w, https:\/\/ensemble-paroissial-reynies.fr\/wp-content\/uploads\/eglise_nohic\/20180222_175253-scaled-1-768x432.jpg 768w, https:\/\/ensemble-paroissial-reynies.fr\/wp-content\/uploads\/eglise_nohic\/20180222_175253-scaled-1-1536x864.jpg 1536w, https:\/\/ensemble-paroissial-reynies.fr\/wp-content\/uploads\/eglise_nohic\/20180222_175253-scaled-1-2048x1152.jpg 2048w\" sizes=\"auto, (max-width: 1024px) 100vw, 1024px\" \/><\/a><\/figure>\n\n\n\n<figure class=\"wp-block-image size-large\"><a href=\"https:\/\/ensemble-paroissial-reynies.fr\/wp-content\/uploads\/eglise_nohic\/20180222_175458-scaled-1.jpg\"><img loading=\"lazy\" decoding=\"async\" width=\"1024\" height=\"768\" data-id=\"892\" src=\"https:\/\/ensemble-paroissial-reynies.fr\/wp-content\/uploads\/eglise_nohic\/20180222_175458-scaled-1-1024x768.jpg\" alt=\"\" class=\"wp-image-892\" srcset=\"https:\/\/ensemble-paroissial-reynies.fr\/wp-content\/uploads\/eglise_nohic\/20180222_175458-scaled-1-1024x768.jpg 1024w, https:\/\/ensemble-paroissial-reynies.fr\/wp-content\/uploads\/eglise_nohic\/20180222_175458-scaled-1-300x225.jpg 300w, https:\/\/ensemble-paroissial-reynies.fr\/wp-content\/uploads\/eglise_nohic\/20180222_175458-scaled-1-768x576.jpg 768w, https:\/\/ensemble-paroissial-reynies.fr\/wp-content\/uploads\/eglise_nohic\/20180222_175458-scaled-1-1536x1152.jpg 1536w, https:\/\/ensemble-paroissial-reynies.fr\/wp-content\/uploads\/eglise_nohic\/20180222_175458-scaled-1-2048x1536.jpg 2048w\" sizes=\"auto, (max-width: 1024px) 100vw, 1024px\" \/><\/a><\/figure>\n\n\n\n<figure class=\"wp-block-image size-large\"><a href=\"https:\/\/ensemble-paroissial-reynies.fr\/wp-content\/uploads\/eglise_nohic\/20180222_175450-scaled-1.jpg\"><img loading=\"lazy\" decoding=\"async\" width=\"1024\" height=\"768\" data-id=\"889\" src=\"https:\/\/ensemble-paroissial-reynies.fr\/wp-content\/uploads\/eglise_nohic\/20180222_175450-scaled-1-1024x768.jpg\" alt=\"\" class=\"wp-image-889\" srcset=\"https:\/\/ensemble-paroissial-reynies.fr\/wp-content\/uploads\/eglise_nohic\/20180222_175450-scaled-1-1024x768.jpg 1024w, https:\/\/ensemble-paroissial-reynies.fr\/wp-content\/uploads\/eglise_nohic\/20180222_175450-scaled-1-300x225.jpg 300w, https:\/\/ensemble-paroissial-reynies.fr\/wp-content\/uploads\/eglise_nohic\/20180222_175450-scaled-1-768x576.jpg 768w, https:\/\/ensemble-paroissial-reynies.fr\/wp-content\/uploads\/eglise_nohic\/20180222_175450-scaled-1-1536x1152.jpg 1536w, https:\/\/ensemble-paroissial-reynies.fr\/wp-content\/uploads\/eglise_nohic\/20180222_175450-scaled-1-2048x1536.jpg 2048w\" sizes=\"auto, (max-width: 1024px) 100vw, 1024px\" \/><\/a><\/figure>\n\n\n\n<figure class=\"wp-block-image size-large\"><a href=\"https:\/\/ensemble-paroissial-reynies.fr\/wp-content\/uploads\/eglise_nohic\/20180222_183348-scaled-1.jpg\"><img loading=\"lazy\" decoding=\"async\" width=\"1024\" height=\"768\" data-id=\"907\" src=\"https:\/\/ensemble-paroissial-reynies.fr\/wp-content\/uploads\/eglise_nohic\/20180222_183348-scaled-1-1024x768.jpg\" alt=\"\" class=\"wp-image-907\" srcset=\"https:\/\/ensemble-paroissial-reynies.fr\/wp-content\/uploads\/eglise_nohic\/20180222_183348-scaled-1-1024x768.jpg 1024w, https:\/\/ensemble-paroissial-reynies.fr\/wp-content\/uploads\/eglise_nohic\/20180222_183348-scaled-1-300x225.jpg 300w, https:\/\/ensemble-paroissial-reynies.fr\/wp-content\/uploads\/eglise_nohic\/20180222_183348-scaled-1-768x576.jpg 768w, https:\/\/ensemble-paroissial-reynies.fr\/wp-content\/uploads\/eglise_nohic\/20180222_183348-scaled-1-1536x1152.jpg 1536w, https:\/\/ensemble-paroissial-reynies.fr\/wp-content\/uploads\/eglise_nohic\/20180222_183348-scaled-1-2048x1536.jpg 2048w\" sizes=\"auto, (max-width: 1024px) 100vw, 1024px\" \/><\/a><\/figure>\n\n\n\n<figure class=\"wp-block-image size-large\"><a href=\"https:\/\/ensemble-paroissial-reynies.fr\/wp-content\/uploads\/eglise_nohic\/20180222_183305-scaled-1.jpg\"><img loading=\"lazy\" decoding=\"async\" width=\"1024\" height=\"768\" data-id=\"894\" src=\"https:\/\/ensemble-paroissial-reynies.fr\/wp-content\/uploads\/eglise_nohic\/20180222_183305-scaled-1-1024x768.jpg\" alt=\"\" class=\"wp-image-894\" srcset=\"https:\/\/ensemble-paroissial-reynies.fr\/wp-content\/uploads\/eglise_nohic\/20180222_183305-scaled-1-1024x768.jpg 1024w, https:\/\/ensemble-paroissial-reynies.fr\/wp-content\/uploads\/eglise_nohic\/20180222_183305-scaled-1-300x225.jpg 300w, https:\/\/ensemble-paroissial-reynies.fr\/wp-content\/uploads\/eglise_nohic\/20180222_183305-scaled-1-768x576.jpg 768w, https:\/\/ensemble-paroissial-reynies.fr\/wp-content\/uploads\/eglise_nohic\/20180222_183305-scaled-1-1536x1152.jpg 1536w, https:\/\/ensemble-paroissial-reynies.fr\/wp-content\/uploads\/eglise_nohic\/20180222_183305-scaled-1-2048x1536.jpg 2048w\" sizes=\"auto, (max-width: 1024px) 100vw, 1024px\" \/><\/a><figcaption class=\"wp-element-caption\">Confessionnal &#8211; Nohic<\/figcaption><\/figure>\n<\/figure>\n<\/details>\n","protected":false},"excerpt":{"rendered":"<p>Cliquez sur les photos pour les visualiser en entier<\/p>\n","protected":false},"author":1,"featured_media":0,"parent":1388,"menu_order":3,"comment_status":"closed","ping_status":"closed","template":"","meta":{"_eb_attr":"","pgc_sgb_lightbox_settings":"","footnotes":""},"class_list":["post-1437","page","type-page","status-publish"],"yoast_head":"<!-- This site is optimized with the Yoast SEO plugin v27.5 - https:\/\/yoast.com\/product\/yoast-seo-wordpress\/ -->\n<title>Nohic - Photographies - Ensemble paroissial de Reyni\u00e8s<\/title>\n<meta name=\"description\" content=\"Ensemble paroissial de Reyni\u00e8s - Ensemble paroissial de Reyni\u00e8s\" \/>\n<meta name=\"robots\" content=\"index, follow, max-snippet:-1, max-image-preview:large, max-video-preview:-1\" \/>\n<link rel=\"canonical\" href=\"https:\/\/ensemble-paroissial-reynies.fr\/?page_id=1437\" \/>\n<meta property=\"og:locale\" content=\"fr_FR\" \/>\n<meta property=\"og:type\" content=\"article\" \/>\n<meta property=\"og:title\" content=\"Nohic - Photographies - Ensemble paroissial de Reyni\u00e8s\" \/>\n<meta property=\"og:description\" content=\"Ensemble paroissial de Reyni\u00e8s - Ensemble paroissial de Reyni\u00e8s\" \/>\n<meta property=\"og:url\" content=\"https:\/\/ensemble-paroissial-reynies.fr\/?page_id=1437\" \/>\n<meta property=\"og:site_name\" content=\"Ensemble paroissial de Reyni\u00e8s\" \/>\n<meta property=\"article:modified_time\" content=\"2025-06-13T14:13:45+00:00\" \/>\n<meta property=\"og:image\" content=\"https:\/\/ensemble-paroissial-reynies.fr\/wp-content\/uploads\/eglise_nohic\/P1010007-scaled.jpg\" \/>\n\t<meta property=\"og:image:width\" content=\"2560\" \/>\n\t<meta property=\"og:image:height\" content=\"1922\" \/>\n\t<meta property=\"og:image:type\" content=\"image\/jpeg\" \/>\n<meta name=\"twitter:card\" content=\"summary_large_image\" \/>\n<meta name=\"twitter:label1\" content=\"Dur\u00e9e de lecture estim\u00e9e\" \/>\n\t<meta name=\"twitter:data1\" content=\"6 minutes\" \/>\n<script type=\"application\/ld+json\" class=\"yoast-schema-graph\">{\"@context\":\"https:\\\/\\\/schema.org\",\"@graph\":[{\"@type\":\"WebPage\",\"@id\":\"https:\\\/\\\/ensemble-paroissial-reynies.fr\\\/?page_id=1437\",\"url\":\"https:\\\/\\\/ensemble-paroissial-reynies.fr\\\/?page_id=1437\",\"name\":\"Nohic - Photographies - Ensemble paroissial de Reyni\u00e8s\",\"isPartOf\":{\"@id\":\"https:\\\/\\\/ensemble-paroissial-reynies.fr\\\/#website\"},\"primaryImageOfPage\":{\"@id\":\"https:\\\/\\\/ensemble-paroissial-reynies.fr\\\/?page_id=1437#primaryimage\"},\"image\":{\"@id\":\"https:\\\/\\\/ensemble-paroissial-reynies.fr\\\/?page_id=1437#primaryimage\"},\"thumbnailUrl\":\"https:\\\/\\\/ensemble-paroissial-reynies.fr\\\/wp-content\\\/uploads\\\/eglise_nohic\\\/P1010007-1024x769.jpg\",\"datePublished\":\"2024-09-27T13:26:52+00:00\",\"dateModified\":\"2025-06-13T14:13:45+00:00\",\"description\":\"Ensemble paroissial de Reyni\u00e8s - Ensemble paroissial de Reyni\u00e8s\",\"breadcrumb\":{\"@id\":\"https:\\\/\\\/ensemble-paroissial-reynies.fr\\\/?page_id=1437#breadcrumb\"},\"inLanguage\":\"fr-FR\",\"potentialAction\":[{\"@type\":\"ReadAction\",\"target\":[\"https:\\\/\\\/ensemble-paroissial-reynies.fr\\\/?page_id=1437\"]}]},{\"@type\":\"ImageObject\",\"inLanguage\":\"fr-FR\",\"@id\":\"https:\\\/\\\/ensemble-paroissial-reynies.fr\\\/?page_id=1437#primaryimage\",\"url\":\"https:\\\/\\\/ensemble-paroissial-reynies.fr\\\/wp-content\\\/uploads\\\/eglise_nohic\\\/P1010007-scaled.jpg\",\"contentUrl\":\"https:\\\/\\\/ensemble-paroissial-reynies.fr\\\/wp-content\\\/uploads\\\/eglise_nohic\\\/P1010007-scaled.jpg\",\"width\":2560,\"height\":1922,\"caption\":\"Nohic - 06\\\/2025\"},{\"@type\":\"BreadcrumbList\",\"@id\":\"https:\\\/\\\/ensemble-paroissial-reynies.fr\\\/?page_id=1437#breadcrumb\",\"itemListElement\":[{\"@type\":\"ListItem\",\"position\":1,\"name\":\"Home\",\"item\":\"https:\\\/\\\/ensemble-paroissial-reynies.fr\\\/\"},{\"@type\":\"ListItem\",\"position\":2,\"name\":\"Accueil\",\"item\":\"https:\\\/\\\/ensemble-paroissial-reynies.fr\\\/\"},{\"@type\":\"ListItem\",\"position\":3,\"name\":\"D\u00e9couvrir l&#8217;Ensemble Paroissial\",\"item\":\"https:\\\/\\\/ensemble-paroissial-reynies.fr\\\/?page_id=535\"},{\"@type\":\"ListItem\",\"position\":4,\"name\":\"Nos \u00c9glises et Chapelles\",\"item\":\"https:\\\/\\\/ensemble-paroissial-reynies.fr\\\/?page_id=2\"},{\"@type\":\"ListItem\",\"position\":5,\"name\":\"Nohic &#8211; \u00c9glise Saint Saturnin\",\"item\":\"https:\\\/\\\/ensemble-paroissial-reynies.fr\\\/?page_id=1388\"},{\"@type\":\"ListItem\",\"position\":6,\"name\":\"Nohic &#8211; Photographies\"}]},{\"@type\":\"WebSite\",\"@id\":\"https:\\\/\\\/ensemble-paroissial-reynies.fr\\\/#website\",\"url\":\"https:\\\/\\\/ensemble-paroissial-reynies.fr\\\/\",\"name\":\"Ensemble paroissial de Reyni\u00e8s\",\"description\":\"\",\"publisher\":{\"@id\":\"https:\\\/\\\/ensemble-paroissial-reynies.fr\\\/#organization\"},\"alternateName\":\"EPReyni\u00e8s\",\"potentialAction\":[{\"@type\":\"SearchAction\",\"target\":{\"@type\":\"EntryPoint\",\"urlTemplate\":\"https:\\\/\\\/ensemble-paroissial-reynies.fr\\\/?s={search_term_string}\"},\"query-input\":{\"@type\":\"PropertyValueSpecification\",\"valueRequired\":true,\"valueName\":\"search_term_string\"}}],\"inLanguage\":\"fr-FR\"},{\"@type\":\"Organization\",\"@id\":\"https:\\\/\\\/ensemble-paroissial-reynies.fr\\\/#organization\",\"name\":\"Ensemble paroissial de Reyni\u00e8s\",\"alternateName\":\"EPReyni\u00e8s\",\"url\":\"https:\\\/\\\/ensemble-paroissial-reynies.fr\\\/\",\"logo\":{\"@type\":\"ImageObject\",\"inLanguage\":\"fr-FR\",\"@id\":\"https:\\\/\\\/ensemble-paroissial-reynies.fr\\\/#\\\/schema\\\/logo\\\/image\\\/\",\"url\":\"https:\\\/\\\/ensemble-paroissial-reynies.fr\\\/wp-content\\\/uploads\\\/paroisse\\\/nouveau-logo-catechisme-paroisse-07-2023.jpg\",\"contentUrl\":\"https:\\\/\\\/ensemble-paroissial-reynies.fr\\\/wp-content\\\/uploads\\\/paroisse\\\/nouveau-logo-catechisme-paroisse-07-2023.jpg\",\"width\":666,\"height\":698,\"caption\":\"Ensemble paroissial de Reyni\u00e8s\"},\"image\":{\"@id\":\"https:\\\/\\\/ensemble-paroissial-reynies.fr\\\/#\\\/schema\\\/logo\\\/image\\\/\"}}]}<\/script>\n<!-- \/ Yoast SEO plugin. -->","yoast_head_json":{"title":"Nohic - Photographies - Ensemble paroissial de Reyni\u00e8s","description":"Ensemble paroissial de Reyni\u00e8s - Ensemble paroissial de Reyni\u00e8s","robots":{"index":"index","follow":"follow","max-snippet":"max-snippet:-1","max-image-preview":"max-image-preview:large","max-video-preview":"max-video-preview:-1"},"canonical":"https:\/\/ensemble-paroissial-reynies.fr\/?page_id=1437","og_locale":"fr_FR","og_type":"article","og_title":"Nohic - Photographies - Ensemble paroissial de Reyni\u00e8s","og_description":"Ensemble paroissial de Reyni\u00e8s - Ensemble paroissial de Reyni\u00e8s","og_url":"https:\/\/ensemble-paroissial-reynies.fr\/?page_id=1437","og_site_name":"Ensemble paroissial de Reyni\u00e8s","article_modified_time":"2025-06-13T14:13:45+00:00","og_image":[{"width":2560,"height":1922,"url":"https:\/\/ensemble-paroissial-reynies.fr\/wp-content\/uploads\/eglise_nohic\/P1010007-scaled.jpg","type":"image\/jpeg"}],"twitter_card":"summary_large_image","twitter_misc":{"Dur\u00e9e de lecture estim\u00e9e":"6 minutes"},"schema":{"@context":"https:\/\/schema.org","@graph":[{"@type":"WebPage","@id":"https:\/\/ensemble-paroissial-reynies.fr\/?page_id=1437","url":"https:\/\/ensemble-paroissial-reynies.fr\/?page_id=1437","name":"Nohic - Photographies - Ensemble paroissial de Reyni\u00e8s","isPartOf":{"@id":"https:\/\/ensemble-paroissial-reynies.fr\/#website"},"primaryImageOfPage":{"@id":"https:\/\/ensemble-paroissial-reynies.fr\/?page_id=1437#primaryimage"},"image":{"@id":"https:\/\/ensemble-paroissial-reynies.fr\/?page_id=1437#primaryimage"},"thumbnailUrl":"https:\/\/ensemble-paroissial-reynies.fr\/wp-content\/uploads\/eglise_nohic\/P1010007-1024x769.jpg","datePublished":"2024-09-27T13:26:52+00:00","dateModified":"2025-06-13T14:13:45+00:00","description":"Ensemble paroissial de Reyni\u00e8s - Ensemble paroissial de Reyni\u00e8s","breadcrumb":{"@id":"https:\/\/ensemble-paroissial-reynies.fr\/?page_id=1437#breadcrumb"},"inLanguage":"fr-FR","potentialAction":[{"@type":"ReadAction","target":["https:\/\/ensemble-paroissial-reynies.fr\/?page_id=1437"]}]},{"@type":"ImageObject","inLanguage":"fr-FR","@id":"https:\/\/ensemble-paroissial-reynies.fr\/?page_id=1437#primaryimage","url":"https:\/\/ensemble-paroissial-reynies.fr\/wp-content\/uploads\/eglise_nohic\/P1010007-scaled.jpg","contentUrl":"https:\/\/ensemble-paroissial-reynies.fr\/wp-content\/uploads\/eglise_nohic\/P1010007-scaled.jpg","width":2560,"height":1922,"caption":"Nohic - 06\/2025"},{"@type":"BreadcrumbList","@id":"https:\/\/ensemble-paroissial-reynies.fr\/?page_id=1437#breadcrumb","itemListElement":[{"@type":"ListItem","position":1,"name":"Home","item":"https:\/\/ensemble-paroissial-reynies.fr\/"},{"@type":"ListItem","position":2,"name":"Accueil","item":"https:\/\/ensemble-paroissial-reynies.fr\/"},{"@type":"ListItem","position":3,"name":"D\u00e9couvrir l&#8217;Ensemble Paroissial","item":"https:\/\/ensemble-paroissial-reynies.fr\/?page_id=535"},{"@type":"ListItem","position":4,"name":"Nos \u00c9glises et Chapelles","item":"https:\/\/ensemble-paroissial-reynies.fr\/?page_id=2"},{"@type":"ListItem","position":5,"name":"Nohic &#8211; \u00c9glise Saint Saturnin","item":"https:\/\/ensemble-paroissial-reynies.fr\/?page_id=1388"},{"@type":"ListItem","position":6,"name":"Nohic &#8211; Photographies"}]},{"@type":"WebSite","@id":"https:\/\/ensemble-paroissial-reynies.fr\/#website","url":"https:\/\/ensemble-paroissial-reynies.fr\/","name":"Ensemble paroissial de Reyni\u00e8s","description":"","publisher":{"@id":"https:\/\/ensemble-paroissial-reynies.fr\/#organization"},"alternateName":"EPReyni\u00e8s","potentialAction":[{"@type":"SearchAction","target":{"@type":"EntryPoint","urlTemplate":"https:\/\/ensemble-paroissial-reynies.fr\/?s={search_term_string}"},"query-input":{"@type":"PropertyValueSpecification","valueRequired":true,"valueName":"search_term_string"}}],"inLanguage":"fr-FR"},{"@type":"Organization","@id":"https:\/\/ensemble-paroissial-reynies.fr\/#organization","name":"Ensemble paroissial de Reyni\u00e8s","alternateName":"EPReyni\u00e8s","url":"https:\/\/ensemble-paroissial-reynies.fr\/","logo":{"@type":"ImageObject","inLanguage":"fr-FR","@id":"https:\/\/ensemble-paroissial-reynies.fr\/#\/schema\/logo\/image\/","url":"https:\/\/ensemble-paroissial-reynies.fr\/wp-content\/uploads\/paroisse\/nouveau-logo-catechisme-paroisse-07-2023.jpg","contentUrl":"https:\/\/ensemble-paroissial-reynies.fr\/wp-content\/uploads\/paroisse\/nouveau-logo-catechisme-paroisse-07-2023.jpg","width":666,"height":698,"caption":"Ensemble paroissial de Reyni\u00e8s"},"image":{"@id":"https:\/\/ensemble-paroissial-reynies.fr\/#\/schema\/logo\/image\/"}}]}},"featured_image_src":null,"featured_image_src_square":null,"_links":{"self":[{"href":"https:\/\/ensemble-paroissial-reynies.fr\/index.php?rest_route=\/wp\/v2\/pages\/1437","targetHints":{"allow":["GET"]}}],"collection":[{"href":"https:\/\/ensemble-paroissial-reynies.fr\/index.php?rest_route=\/wp\/v2\/pages"}],"about":[{"href":"https:\/\/ensemble-paroissial-reynies.fr\/index.php?rest_route=\/wp\/v2\/types\/page"}],"author":[{"embeddable":true,"href":"https:\/\/ensemble-paroissial-reynies.fr\/index.php?rest_route=\/wp\/v2\/users\/1"}],"replies":[{"embeddable":true,"href":"https:\/\/ensemble-paroissial-reynies.fr\/index.php?rest_route=%2Fwp%2Fv2%2Fcomments&post=1437"}],"version-history":[{"count":0,"href":"https:\/\/ensemble-paroissial-reynies.fr\/index.php?rest_route=\/wp\/v2\/pages\/1437\/revisions"}],"up":[{"embeddable":true,"href":"https:\/\/ensemble-paroissial-reynies.fr\/index.php?rest_route=\/wp\/v2\/pages\/1388"}],"wp:attachment":[{"href":"https:\/\/ensemble-paroissial-reynies.fr\/index.php?rest_route=%2Fwp%2Fv2%2Fmedia&parent=1437"}],"curies":[{"name":"wp","href":"https:\/\/api.w.org\/{rel}","templated":true}]}}