{"id":1388,"date":"2026-04-12T00:25:08","date_gmt":"2026-04-11T22:25:08","guid":{"rendered":"https:\/\/ensemble-paroissial-reynies.fr\/?page_id=1388"},"modified":"2026-04-12T00:25:09","modified_gmt":"2026-04-11T22:25:09","slug":"nohic-eglise-saint-saturnin","status":"publish","type":"page","link":"https:\/\/ensemble-paroissial-reynies.fr\/?page_id=1388","title":{"rendered":"Nohic &#8211; \u00c9glise Saint Saturnin"},"content":{"rendered":"\n<div class=\"wp-block-media-text is-stacked-on-mobile\" style=\"grid-template-columns:22% auto\"><figure class=\"wp-block-media-text__media\"><a href=\"https:\/\/ensemble-paroissial-reynies.fr\/wp-content\/uploads\/eglise_nohic\/P1010011-scaled.jpg\"><img loading=\"lazy\" decoding=\"async\" width=\"769\" height=\"1024\" src=\"https:\/\/ensemble-paroissial-reynies.fr\/wp-content\/uploads\/eglise_nohic\/P1010011-769x1024.jpg\" alt=\"\" class=\"wp-image-3896 size-full\" srcset=\"https:\/\/ensemble-paroissial-reynies.fr\/wp-content\/uploads\/eglise_nohic\/P1010011-769x1024.jpg 769w, https:\/\/ensemble-paroissial-reynies.fr\/wp-content\/uploads\/eglise_nohic\/P1010011-225x300.jpg 225w, https:\/\/ensemble-paroissial-reynies.fr\/wp-content\/uploads\/eglise_nohic\/P1010011-768x1023.jpg 768w, https:\/\/ensemble-paroissial-reynies.fr\/wp-content\/uploads\/eglise_nohic\/P1010011-1153x1536.jpg 1153w, https:\/\/ensemble-paroissial-reynies.fr\/wp-content\/uploads\/eglise_nohic\/P1010011-1538x2048.jpg 1538w, https:\/\/ensemble-paroissial-reynies.fr\/wp-content\/uploads\/eglise_nohic\/P1010011-scaled.jpg 1922w\" sizes=\"auto, (max-width: 769px) 100vw, 769px\" \/><\/a><\/figure><div class=\"wp-block-media-text__content\">\n<p>L\u2019\u00e9glise de Nohic a rouvert ses portes le dimanche 13 juillet 2025 apr\u00e8s des travaux importants.<\/p>\n\n\n\n<p>Le cimeti\u00e8re de Nohic est autour de l&rsquo;\u00e9glise<\/p>\n<\/div><\/div>\n\n\n\n<p>Les prochaines Messes dans cette \u00e9glise : cliquez <a href=\"https:\/\/ensemble-paroissial-reynies.fr\/?page_id=1231\">ICI<\/a><\/p>\n\n\n\n<hr class=\"wp-block-separator has-alpha-channel-opacity\"\/>\n\n\n\n<pre class=\"wp-block-preformatted has-base-background-color has-background has-medium-font-size\"><strong>\u00c9glise Saint Saturnin<\/strong><br>Place du Souvenir 82370 Nohic, France<br>coordonn\u00e9es GPS : 43.892859 , 1.437035<br><em>Comment venir ? Cliquez <a href=\"https:\/\/www.google.com\/maps\/dir\/\/43.892859,1.437035\/@43.892859,1.4359524,18z?authuser=0&amp;entry=ttu&amp;g_ep=EgoyMDI0MTAyOS4wIKXMDSoASAFQAw%3D%3D\" target=\"_blank\" rel=\"noreferrer noopener\">ICI<\/a><\/em><\/pre>\n\n\n\n<div class=\"wp-block-group is-nowrap is-layout-flex wp-container-core-group-is-layout-ad2f72ca wp-block-group-is-layout-flex\">\n<figure class=\"wp-block-image size-full is-resized\"><img loading=\"lazy\" decoding=\"async\" width=\"2560\" height=\"1922\" src=\"https:\/\/ensemble-paroissial-reynies.fr\/wp-content\/uploads\/eglise_nohic\/P1010007-scaled.jpg\" alt=\"\" class=\"wp-image-3899\" style=\"width:306px;height:auto\" srcset=\"https:\/\/ensemble-paroissial-reynies.fr\/wp-content\/uploads\/eglise_nohic\/P1010007-scaled.jpg 2560w, https:\/\/ensemble-paroissial-reynies.fr\/wp-content\/uploads\/eglise_nohic\/P1010007-300x225.jpg 300w, https:\/\/ensemble-paroissial-reynies.fr\/wp-content\/uploads\/eglise_nohic\/P1010007-1024x769.jpg 1024w, https:\/\/ensemble-paroissial-reynies.fr\/wp-content\/uploads\/eglise_nohic\/P1010007-768x577.jpg 768w, https:\/\/ensemble-paroissial-reynies.fr\/wp-content\/uploads\/eglise_nohic\/P1010007-1536x1153.jpg 1536w, https:\/\/ensemble-paroissial-reynies.fr\/wp-content\/uploads\/eglise_nohic\/P1010007-2048x1538.jpg 2048w\" sizes=\"auto, (max-width: 2560px) 100vw, 2560px\" \/><\/figure>\n\n\n\n<iframe loading=\"lazy\" width=\"600\" height=\"400\" frameborder=\"0\" scrolling=\"no\" marginheight=\"0\" marginwidth=\"0\" sandbox=\"allow-forms allow-scripts allow-same-origin\" src=\"https:\/\/www.geoportail.gouv.fr\/embed\/visu.html?c=1.4371051681662783,43.892762579827206&#038;z=18&#038;l0=GEOGRAPHICALGRIDSYSTEMS.MAPS.BDUNI.J1::GEOPORTAIL:OGC:WMTS(1)&#038;d1=5249057(1)&#038;permalink=yes\" allowfullscreen><\/iframe>\n<\/div>\n\n\n\n<div style=\"height:12px\" aria-hidden=\"true\" class=\"wp-block-spacer\"><\/div>\n\n\n\n<hr class=\"wp-block-separator has-alpha-channel-opacity\"\/>\n\n\n<style>#wplp_widget_4741 .wplp_listposts .wplp-mh-post-card .wplp-mh-post-image a:before {background-color: rgba(10,96,189,0.2);}#wplp_widget_4741 .wplp_listposts .wplp-mh-post-card:hover .wplp-mh-post-image a:before {background-color: transparent;}<\/style><div class=\"wplp_outside wplp_widget_4741\" style=\"max-width:100%;\"><span class=\"wpcu_block_title\">\u00c9glise Nohic<\/span><div id=\"wplp_widget_4741\" class=\"wplp_widget_material-horizontal wplp_container vertical material-horizontal pro cols1\" data-theme=\"material-horizontal\" data-post=\"4741\" style=\"\" data-max-elts=\"3\" data-per-page=\"10\"><div class=\"wplp_listposts fy-flex-container fy-flex-gutter-medium js-reveal-container\"><div class=\"postno_1 material-horizontal wplp-mh-post-column wplp-mh-flex-column-100 li-item-id\" data-post=\"1414\"><article id=\"post-1414\" class=\"wplp-mh-post-category wplp-mh-post-card js-reveal wplp-mh-post-side revealed\"><div class=\"wplp-mh-flex-container wplp-mh-flex-container-stretch wplp-mh-flex-gutter-0\"><div class=\"wplp-mh-post-image-column wplp-mh-flex-column-100\">\n                <figure class=\"wplp-mh-post-image\">\n                    <a href=\"https:\/\/ensemble-paroissial-reynies.fr\/?page_id=1414\"  title=\"Saint Saturnin\" class=\"wplp-mh-image-link\" tabindex=\"-1\">\n                        <div class=\"wplp-mh-image wplp-mh-image-responsive wplp-mh-image-landscape\" style=\"background: url('https:\/\/ensemble-paroissial-reynies.fr\/wp-content\/uploads\/eglise_nohic\/20180222_175346-scaled-1-150x150.jpg');\"><\/div>\n                        <div class=\"wplp-mh-loading\"><div class=\"wplp-mh-spinner\"><\/div><\/div>\n                        <span class=\"wplp-mh-hide\">\n                            <span style=\"max-height:1.3em\" class=\"line_limit\">Saint Saturnin<\/span>\n                        <\/span>\n                    <\/a>\n                <\/figure>\n            <\/div><div class=\"wplp-mh-post-content-column wplp-mh-flex-column-100\">\n            <div class=\"wplp-mh-post-container\">\n                <header class=\"wplp-mh-post-header\">\n                    <div class=\"wplp-mh-flex-container wplp-mh-flex-container-center wplp-mh-flex-gutter-small\"><div class=\"wplp-mh-flex-column-auto wplp-mh-pd-0\">\n            <div class=\"wplp-mh-post-terms wplp-mh-post-categories\"><\/div>\n        <\/div>\n                    <\/div><h2 itemprop=\"name headline\">\n                <a href=\"https:\/\/ensemble-paroissial-reynies.fr\/?page_id=1414\"  title=\"Saint Saturnin\" itemprop=\"url\"> <span style=\"max-height:1.3em\" class=\"line_limit\">Saint Saturnin<\/span> <\/a>\n            <\/h2>\n                <\/header><div class=\"wplp-mh-post-excerpt\" itemprop=\"description\">\n                <a href=\"https:\/\/ensemble-paroissial-reynies.fr\/?page_id=1414\"  title=\"Saint Saturnin\" itemprop=\"url\"><span style=\"max-height:2.8em\" class=\"line_limit\">L\u2019\u00e9glise de Nohic est d\u00e9di\u00e9e \u00e0 saint Saturnin (Sernin).\n\n\n\n\nLe martyrologue romain recense 21 saints Saturnin.&nbsp;Il y a deux saints Saturnin martyrs au 2e et 3e si\u00e8cle qui sont f\u00eat\u00e9s tous les deux le 29 novembre&nbsp;: saint Saturnin, un chr\u00e9tien habitant Rome mis \u00e0 mort en l\u2019an 305, et Saturnin, premier \u00e9v\u00eaque de Toulouse habituellement appel\u00e9 Sernin.\n\n\n\nLe dictionnaire du Chanoine Gayne, qui recense et d\u00e9crit toutes les \u00e9glises du Tarn-et-Garonne, indique que l\u2019\u00e9glise de Nohic est d\u00e9di\u00e9e \u00e0 saint Sernin donc \u00e0 saint Saturnin \u00e9v\u00eaque de Toulouse.\n\n\n\nSaturnin \u00e9tait un grand pr\u00e9dicateur et fut le premier \u00e9v\u00eaque de Toulouse. Il existait tout d\u2019abord trois r\u00e9cits concernant sa mission dans l\u2019\u00c9glise&nbsp;:\n\n\n\n\ncertains disaient qu\u2019il fut d\u2019abord disciple de saint Jean Baptiste puis du Christ et qu\u2019il vint s\u2019offrir \u00e0 saint Andr\u00e9 puis qu\u2019il rejoignit saint Pierre pour l\u2019aider \u00e0 r\u00e9pandre le message du Christ en Orient, revenu \u00e0 Rome il est envoy\u00e9 par saint Pierre \u00e0 Toulouse pour pr\u00eacher et r\u00e9pandre le christianisme.&nbsp;\n\n\n\ncertains disaient qu\u2019il re\u00e7u sa mission de saint Cl\u00e9ment vers l\u2019an 91 et qu\u2019il vint en gaule avec saint Denis l\u2019A\u00e9ropagite et ses disciples qui furent les fondateurs des premiers dioc\u00e8ses en France.&nbsp;\n\n\n\ncertains mettaient sa venue en Gaule au temps de l\u2019Empire de D\u00e8ce donc vers le milieu du 3e si\u00e8cle.\n\n\n\n\nC\u2019est la troisi\u00e8me hypoth\u00e8se, d\u00e9crite par saint Gr\u00e9goire de Tours, qui a perdur\u00e9.\n\n\n\nSaint Saturnin fut donc envoy\u00e9 dans les Gaules par le pape saint Fabien vers l\u2019an 245. Il \u00e9vang\u00e9lisa les peuples du Languedoc et op\u00e9ra en tr\u00e8s peu de temps de tr\u00e8s nombreuses conversions.C\u2019est vers l\u2019an 250 qu\u2019il fixe son si\u00e8ge \u00e9piscopal \u00e0 Toulouse o\u00f9 il avait fond\u00e9 une \u00e9glise. Pour se rendre \u00e0 cette \u00e9glise, Saturnin devait passer devant le Capitole, le temple des dieux romains. Les pr\u00eatres des idoles s\u2019avis\u00e8rent que saint Saturnin emp\u00eachait leurs idoles de rendre des oracles et d\u00e9cid\u00e8rent de le faire dispara\u00eetre si il ne reniait pas son Dieu.Un jour alors qu\u2019ils allaient sacrifier un taureau dans le Capitole, saint Saturnin passa au bas du temple, ils l\u2019attrap\u00e8rent et le firent rentrer dans le temple, comme il refusait de renier son Dieu, ils le battirent et le tortur\u00e8rent violemment. Puis il l\u2019attach\u00e8rent \u00e0 la queue du taureau qu\u2019ils l\u00e2ch\u00e8rent. Le taureau s\u2019enfuit en furie entra\u00eenant saint Saturnin, en sortant du temple la t\u00eate du saint heurta une pierre et \u00e9clata, son corps fut d\u00e9chir\u00e9.Ses restes furent r\u00e9cup\u00e9r\u00e9s par deux femmes courageuses qui l\u2019ensevelirent dans le lieu o\u00f9 fut ensuite \u00e9difi\u00e9e l\u2019\u00e9glise de Saint-Sernin-du-Taur (Notre-dame du Taur). Sous le r\u00e8gne de Constantin (vers l\u2019an 350), saint Hilaire, un successeur de saint Saturnin, fit entourer les restes d\u2019une vo\u00fbte en brique et une chapelle fut \u00e9lev\u00e9e au dessus. Saint Sylve fit construire une basilique (vers l\u2019an 400) pour abriter les saintes reliques. Saint Exup\u00e8re, qui avait termin\u00e9 la basilique, y transf\u00e9ra les reliques.Cette premi\u00e8re basilique fut remplac\u00e9e au 11e si\u00e8cle par l\u2019actuelle basilique Saint-Sernin.Au 6e si\u00e8cle, le roi Dagobert d\u00e9cida que les chasses avec les reliques de saint Sernin devaient \u00eatre transf\u00e9r\u00e9es \u00e0 l\u2019abbaye de Saint-Denis. Mais apr\u00e8s ce transfert, le Languedoc subit de fort grands d\u00e9sordres et les toulousains demand\u00e8rent que saint Saturnin revienne dans la basilique. Les moines de Saint-Denis accept\u00e8rent un \u00e9change avec d\u2019autres pr\u00e9cieuses reliques.On place le martyre de saint Saturnin en l\u2019an 250 pendant les pers\u00e9cutions de D\u00e8ce (empereur romain de 249 \u00e0 251).\n\n\n\nLa f\u00eate de saint Saturnin est c\u00e9l\u00e9br\u00e9e le 29 novembre.\n\n\n\nSources&nbsp;:&nbsp;\u2013 martyrologue romain traduit en fran\u00e7ais 1823&nbsp;\u2013 dictionnaire hagiographique, abb\u00e9 Perrin tome 2 1848&nbsp;\u2013 Dictionnaire historique tome 1 1818 Abb\u00e9 F.X. de Feller \u2013 m\u00e9moires pour servir \u00e0 l\u2019histoire eccl\u00e9siastique des six premiers si\u00e8cles&nbsp;\u2013 Grand livre des saints: culte et iconographie en Occident&nbsp;\u2013 Abb\u00e9 L. Jaud, Vie des Saints pour tous les jours de l\u2019ann\u00e9e, Tours, Mame, 1950<\/span><span style=\"margin-left:3px; max-height:2.8em\" class=\"line_limit\"> [...]<\/span><\/a>\n            <\/div>\n                <footer class=\"wplp-mh-post-footer\">\n                    <div class=\"wplp-mh-flex-container wplp-mh-flex-container-center wplp-mh-flex-gutter-small\">\n                        <div class=\"wplp-mh-flex-column-auto wplp-mh-flex-grow-2 wplp-mh-pd-0\">\n                            <div class=\"wplp-mh-post-meta\">\n                                <ul>\n                                    <li class=\"wplp-mh-post-meta-date\"><span><time class=\"published\" itemprop=\"datePublished\"> 27\/09\/2024 <\/time><\/span><\/li>\n                                <\/ul>\n                            <\/div>\n                        <\/div>\n                        <div class=\"wplp-mh-flex-column-auto\"><div class=\"wplp-mh-post-button\">\n                <a href=\"https:\/\/ensemble-paroissial-reynies.fr\/?page_id=1414\"  class=\"wplp-mh-button wplp-mh-button-bordered wplp-mh-button-icon wplp-mh-button-icon-right\"><span>Lire la suite...<\/span> <svg class=\"icon\" width=\"24\" height=\"24\" version=\"1.1\" xmlns=\"http:\/\/www.w3.org\/2000\/svg\" viewBox=\"0 0 24 24\"> <polygon class=\"shape\" points=\"18.5,7.6 17.8,8.3 21.5,12 13,12 13,13 21.5,13 17.8,16.7 18.5,17.4 23.4,12.5\"><\/polygon> <\/svg><\/a>\n            <\/div><\/div>\n                    <\/div>\n                <\/footer>\n            <\/div>\n        <\/div><\/div><\/article><\/div><div class=\"postno_2 material-horizontal wplp-mh-post-column wplp-mh-flex-column-100 li-item-id\" data-post=\"1408\"><article id=\"post-1408\" class=\"wplp-mh-post-category wplp-mh-post-card js-reveal wplp-mh-post-side revealed\"><div class=\"wplp-mh-flex-container wplp-mh-flex-container-stretch wplp-mh-flex-gutter-0\"><div class=\"wplp-mh-post-content-column wplp-mh-flex-column-100\">\n            <div class=\"wplp-mh-post-container\">\n                <header class=\"wplp-mh-post-header\">\n                    <div class=\"wplp-mh-flex-container wplp-mh-flex-container-center wplp-mh-flex-gutter-small\"><div class=\"wplp-mh-flex-column-auto wplp-mh-pd-0\">\n            <div class=\"wplp-mh-post-terms wplp-mh-post-categories\"><\/div>\n        <\/div>\n                    <\/div><h2 itemprop=\"name headline\">\n                <a href=\"https:\/\/ensemble-paroissial-reynies.fr\/?page_id=1408\"  title=\"Historique \u00e9glise Saint Saturnin\" itemprop=\"url\"> <span style=\"max-height:1.3em\" class=\"line_limit\">Historique \u00e9glise Saint Saturnin<\/span> <\/a>\n            <\/h2>\n                <\/header><div class=\"wplp-mh-post-excerpt\" itemprop=\"description\">\n                <a href=\"https:\/\/ensemble-paroissial-reynies.fr\/?page_id=1408\"  title=\"Historique \u00e9glise Saint Saturnin\" itemprop=\"url\"><span style=\"max-height:2.8em\" class=\"line_limit\">Cliquez sur l&rsquo;image<\/span><span style=\"margin-left:3px; max-height:2.8em\" class=\"line_limit\"> [...]<\/span><\/a>\n            <\/div>\n                <footer class=\"wplp-mh-post-footer\">\n                    <div class=\"wplp-mh-flex-container wplp-mh-flex-container-center wplp-mh-flex-gutter-small\">\n                        <div class=\"wplp-mh-flex-column-auto wplp-mh-flex-grow-2 wplp-mh-pd-0\">\n                            <div class=\"wplp-mh-post-meta\">\n                                <ul>\n                                    <li class=\"wplp-mh-post-meta-date\"><span><time class=\"published\" itemprop=\"datePublished\"> 27\/09\/2024 <\/time><\/span><\/li>\n                                <\/ul>\n                            <\/div>\n                        <\/div>\n                        <div class=\"wplp-mh-flex-column-auto\"><div class=\"wplp-mh-post-button\">\n                <a href=\"https:\/\/ensemble-paroissial-reynies.fr\/?page_id=1408\"  class=\"wplp-mh-button wplp-mh-button-bordered wplp-mh-button-icon wplp-mh-button-icon-right\"><span>Lire la suite...<\/span> <svg class=\"icon\" width=\"24\" height=\"24\" version=\"1.1\" xmlns=\"http:\/\/www.w3.org\/2000\/svg\" viewBox=\"0 0 24 24\"> <polygon class=\"shape\" points=\"18.5,7.6 17.8,8.3 21.5,12 13,12 13,13 21.5,13 17.8,16.7 18.5,17.4 23.4,12.5\"><\/polygon> <\/svg><\/a>\n            <\/div><\/div>\n                    <\/div>\n                <\/footer>\n            <\/div>\n        <\/div><div class=\"wplp-mh-post-image-column wplp-mh-flex-column-100\">\n                <figure class=\"wplp-mh-post-image\">\n                    <a href=\"https:\/\/ensemble-paroissial-reynies.fr\/?page_id=1408\"  title=\"Historique \u00e9glise Saint Saturnin\" class=\"wplp-mh-image-link\" tabindex=\"-1\">\n                        <div class=\"wplp-mh-image wplp-mh-image-responsive wplp-mh-image-landscape\" style=\"background: url('https:\/\/ensemble-paroissial-reynies.fr\/wp-content\/uploads\/wplp_default_img_20260331221409-150x150.jpg');\"><\/div>\n                        <div class=\"wplp-mh-loading\"><div class=\"wplp-mh-spinner\"><\/div><\/div>\n                        <span class=\"wplp-mh-hide\">\n                            <span style=\"max-height:1.3em\" class=\"line_limit\">Historique \u00e9glise Saint Saturnin<\/span>\n                        <\/span>\n                    <\/a>\n                <\/figure>\n            <\/div><\/div><\/article><\/div><div class=\"postno_3 material-horizontal wplp-mh-post-column wplp-mh-flex-column-100 li-item-id\" data-post=\"1437\"><article id=\"post-1437\" class=\"wplp-mh-post-category wplp-mh-post-card js-reveal wplp-mh-post-side revealed\"><div class=\"wplp-mh-flex-container wplp-mh-flex-container-stretch wplp-mh-flex-gutter-0\"><div class=\"wplp-mh-post-image-column wplp-mh-flex-column-100\">\n                <figure class=\"wplp-mh-post-image\">\n                    <a href=\"https:\/\/ensemble-paroissial-reynies.fr\/?page_id=1437\"  title=\"Nohic &#8211; Photographies\" class=\"wplp-mh-image-link\" tabindex=\"-1\">\n                        <div class=\"wplp-mh-image wplp-mh-image-responsive wplp-mh-image-landscape\" style=\"background: url('https:\/\/ensemble-paroissial-reynies.fr\/wp-content\/uploads\/eglise_nohic\/P1010007-150x150.jpg');\"><\/div>\n                        <div class=\"wplp-mh-loading\"><div class=\"wplp-mh-spinner\"><\/div><\/div>\n                        <span class=\"wplp-mh-hide\">\n                            <span style=\"max-height:1.3em\" class=\"line_limit\">Nohic &#8211; Photographies<\/span>\n                        <\/span>\n                    <\/a>\n                <\/figure>\n            <\/div><div class=\"wplp-mh-post-content-column wplp-mh-flex-column-100\">\n            <div class=\"wplp-mh-post-container\">\n                <header class=\"wplp-mh-post-header\">\n                    <div class=\"wplp-mh-flex-container wplp-mh-flex-container-center wplp-mh-flex-gutter-small\"><div class=\"wplp-mh-flex-column-auto wplp-mh-pd-0\">\n            <div class=\"wplp-mh-post-terms wplp-mh-post-categories\"><\/div>\n        <\/div>\n                    <\/div><h2 itemprop=\"name headline\">\n                <a href=\"https:\/\/ensemble-paroissial-reynies.fr\/?page_id=1437\"  title=\"Nohic &#8211; Photographies\" itemprop=\"url\"> <span style=\"max-height:1.3em\" class=\"line_limit\">Nohic &#8211; Photographies<\/span> <\/a>\n            <\/h2>\n                <\/header><div class=\"wplp-mh-post-excerpt\" itemprop=\"description\">\n                <a href=\"https:\/\/ensemble-paroissial-reynies.fr\/?page_id=1437\"  title=\"Nohic &#8211; Photographies\" itemprop=\"url\"><span style=\"max-height:2.8em\" class=\"line_limit\">Cliquez sur les photos pour les visualiser en entier\n\n\n\nExt\u00e9rieur\n\nNohic &#8211; 06\/2025\n\n\n\nNohic 06\/2025\n\n\n\nNohic 06\/2025\n\n\n\nNohic &#8211; 06\/2025\n\n\n\nNohic 06\/2025\n\n\n\nNohic 06\/2025\n\n\n\nNohic 06\/2025\n\n\n\nNohic 06\/2025\n\n\n\nNohic 06\/2025\n\n\n\n                               \n\n\n\nNohic 06\/2025\n\n\n\nNohic 06\/2025\n\n\n\nNohic 06\/2025\n\n\n\nStatue de la Vierge Marie           \n\n\n\nVierge &#8211; Lavoir de Nohic\n\n\n\nNohic &#8211; Lavoir\n\n\n\n\n\nInt\u00e9rieur\n\n\n\n\n\n\n\n\n\n\n\n\n\n\n\n\n\n\n\n\n\n\n\n\n\n\n\n\n\n\n\n\n\n\n\n\n\n\n\n\n\nConfessionnal &#8211; Nohic<\/span><span style=\"margin-left:3px; max-height:2.8em\" class=\"line_limit\"> [...]<\/span><\/a>\n            <\/div>\n                <footer class=\"wplp-mh-post-footer\">\n                    <div class=\"wplp-mh-flex-container wplp-mh-flex-container-center wplp-mh-flex-gutter-small\">\n                        <div class=\"wplp-mh-flex-column-auto wplp-mh-flex-grow-2 wplp-mh-pd-0\">\n                            <div class=\"wplp-mh-post-meta\">\n                                <ul>\n                                    <li class=\"wplp-mh-post-meta-date\"><span><time class=\"published\" itemprop=\"datePublished\"> 27\/09\/2024 <\/time><\/span><\/li>\n                                <\/ul>\n                            <\/div>\n                        <\/div>\n                        <div class=\"wplp-mh-flex-column-auto\"><div class=\"wplp-mh-post-button\">\n                <a href=\"https:\/\/ensemble-paroissial-reynies.fr\/?page_id=1437\"  class=\"wplp-mh-button wplp-mh-button-bordered wplp-mh-button-icon wplp-mh-button-icon-right\"><span>Lire la suite...<\/span> <svg class=\"icon\" width=\"24\" height=\"24\" version=\"1.1\" xmlns=\"http:\/\/www.w3.org\/2000\/svg\" viewBox=\"0 0 24 24\"> <polygon class=\"shape\" points=\"18.5,7.6 17.8,8.3 21.5,12 13,12 13,13 21.5,13 17.8,16.7 18.5,17.4 23.4,12.5\"><\/polygon> <\/svg><\/a>\n            <\/div><\/div>\n                    <\/div>\n                <\/footer>\n            <\/div>\n        <\/div><\/div><\/article><\/div><\/div><\/div><\/div>\n\n\n\n<hr class=\"wp-block-separator has-alpha-channel-opacity\"\/>\n","protected":false},"excerpt":{"rendered":"<p>L\u2019\u00e9glise de Nohic a rouvert ses portes le dimanche 13 juillet 2025 apr\u00e8s des travaux importants. Le cimeti\u00e8re de Nohic est autour de l&rsquo;\u00e9glise Les prochaines Messes dans cette \u00e9glise : cliquez ICI<\/p>\n","protected":false},"author":1,"featured_media":0,"parent":2,"menu_order":5,"comment_status":"closed","ping_status":"closed","template":"","meta":{"_eb_attr":"","pgc_sgb_lightbox_settings":"","footnotes":""},"class_list":["post-1388","page","type-page","status-publish"],"yoast_head":"<!-- This site is optimized with the Yoast SEO plugin v27.5 - https:\/\/yoast.com\/product\/yoast-seo-wordpress\/ -->\n<title>Nohic - \u00c9glise Saint Saturnin - Ensemble paroissial de Reyni\u00e8s<\/title>\n<meta name=\"description\" content=\"Ensemble paroissial de Reyni\u00e8s - Ensemble paroissial de Reyni\u00e8s\" \/>\n<meta name=\"robots\" content=\"index, follow, max-snippet:-1, max-image-preview:large, max-video-preview:-1\" \/>\n<link rel=\"canonical\" href=\"https:\/\/ensemble-paroissial-reynies.fr\/?page_id=1388\" \/>\n<meta property=\"og:locale\" content=\"fr_FR\" \/>\n<meta property=\"og:type\" content=\"article\" \/>\n<meta property=\"og:title\" content=\"Nohic - \u00c9glise Saint Saturnin - Ensemble paroissial de Reyni\u00e8s\" \/>\n<meta property=\"og:description\" content=\"Ensemble paroissial de Reyni\u00e8s - Ensemble paroissial de Reyni\u00e8s\" \/>\n<meta property=\"og:url\" content=\"https:\/\/ensemble-paroissial-reynies.fr\/?page_id=1388\" \/>\n<meta property=\"og:site_name\" content=\"Ensemble paroissial de Reyni\u00e8s\" \/>\n<meta property=\"article:modified_time\" content=\"2026-04-11T22:25:09+00:00\" \/>\n<meta property=\"og:image\" content=\"https:\/\/ensemble-paroissial-reynies.fr\/wp-content\/uploads\/eglise_nohic\/P1010011-scaled.jpg\" \/>\n\t<meta property=\"og:image:width\" content=\"1922\" \/>\n\t<meta property=\"og:image:height\" content=\"2560\" \/>\n\t<meta property=\"og:image:type\" content=\"image\/jpeg\" \/>\n<meta name=\"twitter:card\" content=\"summary_large_image\" \/>\n<meta name=\"twitter:label1\" content=\"Dur\u00e9e de lecture estim\u00e9e\" \/>\n\t<meta name=\"twitter:data1\" content=\"1 minute\" \/>\n<script type=\"application\/ld+json\" class=\"yoast-schema-graph\">{\"@context\":\"https:\\\/\\\/schema.org\",\"@graph\":[{\"@type\":\"WebPage\",\"@id\":\"https:\\\/\\\/ensemble-paroissial-reynies.fr\\\/?page_id=1388\",\"url\":\"https:\\\/\\\/ensemble-paroissial-reynies.fr\\\/?page_id=1388\",\"name\":\"Nohic - \u00c9glise Saint Saturnin - Ensemble paroissial de Reyni\u00e8s\",\"isPartOf\":{\"@id\":\"https:\\\/\\\/ensemble-paroissial-reynies.fr\\\/#website\"},\"primaryImageOfPage\":{\"@id\":\"https:\\\/\\\/ensemble-paroissial-reynies.fr\\\/?page_id=1388#primaryimage\"},\"image\":{\"@id\":\"https:\\\/\\\/ensemble-paroissial-reynies.fr\\\/?page_id=1388#primaryimage\"},\"thumbnailUrl\":\"https:\\\/\\\/ensemble-paroissial-reynies.fr\\\/wp-content\\\/uploads\\\/eglise_nohic\\\/P1010011-769x1024.jpg\",\"datePublished\":\"2026-04-11T22:25:08+00:00\",\"dateModified\":\"2026-04-11T22:25:09+00:00\",\"description\":\"Ensemble paroissial de Reyni\u00e8s - Ensemble paroissial de Reyni\u00e8s\",\"breadcrumb\":{\"@id\":\"https:\\\/\\\/ensemble-paroissial-reynies.fr\\\/?page_id=1388#breadcrumb\"},\"inLanguage\":\"fr-FR\",\"potentialAction\":[{\"@type\":\"ReadAction\",\"target\":[\"https:\\\/\\\/ensemble-paroissial-reynies.fr\\\/?page_id=1388\"]}]},{\"@type\":\"ImageObject\",\"inLanguage\":\"fr-FR\",\"@id\":\"https:\\\/\\\/ensemble-paroissial-reynies.fr\\\/?page_id=1388#primaryimage\",\"url\":\"https:\\\/\\\/ensemble-paroissial-reynies.fr\\\/wp-content\\\/uploads\\\/eglise_nohic\\\/P1010011-scaled.jpg\",\"contentUrl\":\"https:\\\/\\\/ensemble-paroissial-reynies.fr\\\/wp-content\\\/uploads\\\/eglise_nohic\\\/P1010011-scaled.jpg\",\"width\":1922,\"height\":2560,\"caption\":\"Nohic - 06\\\/2025\"},{\"@type\":\"BreadcrumbList\",\"@id\":\"https:\\\/\\\/ensemble-paroissial-reynies.fr\\\/?page_id=1388#breadcrumb\",\"itemListElement\":[{\"@type\":\"ListItem\",\"position\":1,\"name\":\"Home\",\"item\":\"https:\\\/\\\/ensemble-paroissial-reynies.fr\\\/\"},{\"@type\":\"ListItem\",\"position\":2,\"name\":\"Accueil\",\"item\":\"https:\\\/\\\/ensemble-paroissial-reynies.fr\\\/\"},{\"@type\":\"ListItem\",\"position\":3,\"name\":\"D\u00e9couvrir l&#8217;Ensemble Paroissial\",\"item\":\"https:\\\/\\\/ensemble-paroissial-reynies.fr\\\/?page_id=535\"},{\"@type\":\"ListItem\",\"position\":4,\"name\":\"Nos \u00c9glises et Chapelles\",\"item\":\"https:\\\/\\\/ensemble-paroissial-reynies.fr\\\/?page_id=2\"},{\"@type\":\"ListItem\",\"position\":5,\"name\":\"Nohic &#8211; \u00c9glise Saint Saturnin\"}]},{\"@type\":\"WebSite\",\"@id\":\"https:\\\/\\\/ensemble-paroissial-reynies.fr\\\/#website\",\"url\":\"https:\\\/\\\/ensemble-paroissial-reynies.fr\\\/\",\"name\":\"Ensemble paroissial de Reyni\u00e8s\",\"description\":\"\",\"publisher\":{\"@id\":\"https:\\\/\\\/ensemble-paroissial-reynies.fr\\\/#organization\"},\"alternateName\":\"EPReyni\u00e8s\",\"potentialAction\":[{\"@type\":\"SearchAction\",\"target\":{\"@type\":\"EntryPoint\",\"urlTemplate\":\"https:\\\/\\\/ensemble-paroissial-reynies.fr\\\/?s={search_term_string}\"},\"query-input\":{\"@type\":\"PropertyValueSpecification\",\"valueRequired\":true,\"valueName\":\"search_term_string\"}}],\"inLanguage\":\"fr-FR\"},{\"@type\":\"Organization\",\"@id\":\"https:\\\/\\\/ensemble-paroissial-reynies.fr\\\/#organization\",\"name\":\"Ensemble paroissial de Reyni\u00e8s\",\"alternateName\":\"EPReyni\u00e8s\",\"url\":\"https:\\\/\\\/ensemble-paroissial-reynies.fr\\\/\",\"logo\":{\"@type\":\"ImageObject\",\"inLanguage\":\"fr-FR\",\"@id\":\"https:\\\/\\\/ensemble-paroissial-reynies.fr\\\/#\\\/schema\\\/logo\\\/image\\\/\",\"url\":\"https:\\\/\\\/ensemble-paroissial-reynies.fr\\\/wp-content\\\/uploads\\\/paroisse\\\/nouveau-logo-catechisme-paroisse-07-2023.jpg\",\"contentUrl\":\"https:\\\/\\\/ensemble-paroissial-reynies.fr\\\/wp-content\\\/uploads\\\/paroisse\\\/nouveau-logo-catechisme-paroisse-07-2023.jpg\",\"width\":666,\"height\":698,\"caption\":\"Ensemble paroissial de Reyni\u00e8s\"},\"image\":{\"@id\":\"https:\\\/\\\/ensemble-paroissial-reynies.fr\\\/#\\\/schema\\\/logo\\\/image\\\/\"}}]}<\/script>\n<!-- \/ Yoast SEO plugin. -->","yoast_head_json":{"title":"Nohic - \u00c9glise Saint Saturnin - Ensemble paroissial de Reyni\u00e8s","description":"Ensemble paroissial de Reyni\u00e8s - Ensemble paroissial de Reyni\u00e8s","robots":{"index":"index","follow":"follow","max-snippet":"max-snippet:-1","max-image-preview":"max-image-preview:large","max-video-preview":"max-video-preview:-1"},"canonical":"https:\/\/ensemble-paroissial-reynies.fr\/?page_id=1388","og_locale":"fr_FR","og_type":"article","og_title":"Nohic - \u00c9glise Saint Saturnin - Ensemble paroissial de Reyni\u00e8s","og_description":"Ensemble paroissial de Reyni\u00e8s - Ensemble paroissial de Reyni\u00e8s","og_url":"https:\/\/ensemble-paroissial-reynies.fr\/?page_id=1388","og_site_name":"Ensemble paroissial de Reyni\u00e8s","article_modified_time":"2026-04-11T22:25:09+00:00","og_image":[{"width":1922,"height":2560,"url":"https:\/\/ensemble-paroissial-reynies.fr\/wp-content\/uploads\/eglise_nohic\/P1010011-scaled.jpg","type":"image\/jpeg"}],"twitter_card":"summary_large_image","twitter_misc":{"Dur\u00e9e de lecture estim\u00e9e":"1 minute"},"schema":{"@context":"https:\/\/schema.org","@graph":[{"@type":"WebPage","@id":"https:\/\/ensemble-paroissial-reynies.fr\/?page_id=1388","url":"https:\/\/ensemble-paroissial-reynies.fr\/?page_id=1388","name":"Nohic - \u00c9glise Saint Saturnin - Ensemble paroissial de Reyni\u00e8s","isPartOf":{"@id":"https:\/\/ensemble-paroissial-reynies.fr\/#website"},"primaryImageOfPage":{"@id":"https:\/\/ensemble-paroissial-reynies.fr\/?page_id=1388#primaryimage"},"image":{"@id":"https:\/\/ensemble-paroissial-reynies.fr\/?page_id=1388#primaryimage"},"thumbnailUrl":"https:\/\/ensemble-paroissial-reynies.fr\/wp-content\/uploads\/eglise_nohic\/P1010011-769x1024.jpg","datePublished":"2026-04-11T22:25:08+00:00","dateModified":"2026-04-11T22:25:09+00:00","description":"Ensemble paroissial de Reyni\u00e8s - Ensemble paroissial de Reyni\u00e8s","breadcrumb":{"@id":"https:\/\/ensemble-paroissial-reynies.fr\/?page_id=1388#breadcrumb"},"inLanguage":"fr-FR","potentialAction":[{"@type":"ReadAction","target":["https:\/\/ensemble-paroissial-reynies.fr\/?page_id=1388"]}]},{"@type":"ImageObject","inLanguage":"fr-FR","@id":"https:\/\/ensemble-paroissial-reynies.fr\/?page_id=1388#primaryimage","url":"https:\/\/ensemble-paroissial-reynies.fr\/wp-content\/uploads\/eglise_nohic\/P1010011-scaled.jpg","contentUrl":"https:\/\/ensemble-paroissial-reynies.fr\/wp-content\/uploads\/eglise_nohic\/P1010011-scaled.jpg","width":1922,"height":2560,"caption":"Nohic - 06\/2025"},{"@type":"BreadcrumbList","@id":"https:\/\/ensemble-paroissial-reynies.fr\/?page_id=1388#breadcrumb","itemListElement":[{"@type":"ListItem","position":1,"name":"Home","item":"https:\/\/ensemble-paroissial-reynies.fr\/"},{"@type":"ListItem","position":2,"name":"Accueil","item":"https:\/\/ensemble-paroissial-reynies.fr\/"},{"@type":"ListItem","position":3,"name":"D\u00e9couvrir l&#8217;Ensemble Paroissial","item":"https:\/\/ensemble-paroissial-reynies.fr\/?page_id=535"},{"@type":"ListItem","position":4,"name":"Nos \u00c9glises et Chapelles","item":"https:\/\/ensemble-paroissial-reynies.fr\/?page_id=2"},{"@type":"ListItem","position":5,"name":"Nohic &#8211; \u00c9glise Saint Saturnin"}]},{"@type":"WebSite","@id":"https:\/\/ensemble-paroissial-reynies.fr\/#website","url":"https:\/\/ensemble-paroissial-reynies.fr\/","name":"Ensemble paroissial de Reyni\u00e8s","description":"","publisher":{"@id":"https:\/\/ensemble-paroissial-reynies.fr\/#organization"},"alternateName":"EPReyni\u00e8s","potentialAction":[{"@type":"SearchAction","target":{"@type":"EntryPoint","urlTemplate":"https:\/\/ensemble-paroissial-reynies.fr\/?s={search_term_string}"},"query-input":{"@type":"PropertyValueSpecification","valueRequired":true,"valueName":"search_term_string"}}],"inLanguage":"fr-FR"},{"@type":"Organization","@id":"https:\/\/ensemble-paroissial-reynies.fr\/#organization","name":"Ensemble paroissial de Reyni\u00e8s","alternateName":"EPReyni\u00e8s","url":"https:\/\/ensemble-paroissial-reynies.fr\/","logo":{"@type":"ImageObject","inLanguage":"fr-FR","@id":"https:\/\/ensemble-paroissial-reynies.fr\/#\/schema\/logo\/image\/","url":"https:\/\/ensemble-paroissial-reynies.fr\/wp-content\/uploads\/paroisse\/nouveau-logo-catechisme-paroisse-07-2023.jpg","contentUrl":"https:\/\/ensemble-paroissial-reynies.fr\/wp-content\/uploads\/paroisse\/nouveau-logo-catechisme-paroisse-07-2023.jpg","width":666,"height":698,"caption":"Ensemble paroissial de Reyni\u00e8s"},"image":{"@id":"https:\/\/ensemble-paroissial-reynies.fr\/#\/schema\/logo\/image\/"}}]}},"featured_image_src":null,"featured_image_src_square":null,"_links":{"self":[{"href":"https:\/\/ensemble-paroissial-reynies.fr\/index.php?rest_route=\/wp\/v2\/pages\/1388","targetHints":{"allow":["GET"]}}],"collection":[{"href":"https:\/\/ensemble-paroissial-reynies.fr\/index.php?rest_route=\/wp\/v2\/pages"}],"about":[{"href":"https:\/\/ensemble-paroissial-reynies.fr\/index.php?rest_route=\/wp\/v2\/types\/page"}],"author":[{"embeddable":true,"href":"https:\/\/ensemble-paroissial-reynies.fr\/index.php?rest_route=\/wp\/v2\/users\/1"}],"replies":[{"embeddable":true,"href":"https:\/\/ensemble-paroissial-reynies.fr\/index.php?rest_route=%2Fwp%2Fv2%2Fcomments&post=1388"}],"version-history":[{"count":3,"href":"https:\/\/ensemble-paroissial-reynies.fr\/index.php?rest_route=\/wp\/v2\/pages\/1388\/revisions"}],"predecessor-version":[{"id":4815,"href":"https:\/\/ensemble-paroissial-reynies.fr\/index.php?rest_route=\/wp\/v2\/pages\/1388\/revisions\/4815"}],"up":[{"embeddable":true,"href":"https:\/\/ensemble-paroissial-reynies.fr\/index.php?rest_route=\/wp\/v2\/pages\/2"}],"wp:attachment":[{"href":"https:\/\/ensemble-paroissial-reynies.fr\/index.php?rest_route=%2Fwp%2Fv2%2Fmedia&parent=1388"}],"curies":[{"name":"wp","href":"https:\/\/api.w.org\/{rel}","templated":true}]}}