{"id":1384,"date":"2024-09-24T18:30:39","date_gmt":"2024-09-24T16:30:39","guid":{"rendered":"https:\/\/ensemble-paroissial-reynies.fr\/?page_id=1384"},"modified":"2025-01-03T17:29:40","modified_gmt":"2025-01-03T16:29:40","slug":"labastide-saint-pierre-photographies","status":"publish","type":"page","link":"https:\/\/ensemble-paroissial-reynies.fr\/?page_id=1384","title":{"rendered":"Labastide-Saint-Pierre &#8211; Photographies"},"content":{"rendered":"\n<p class=\"has-small-font-size\"><em>Vous pouvez cliquer sur les photos pour les visualiser en totalit\u00e9<\/em><\/p>\n\n\n\n<details class=\"wp-block-details is-layout-flow wp-block-details-is-layout-flow\"><summary>L&rsquo;ext\u00e9rieur de l&rsquo;\u00e9glise<\/summary>\n<figure class=\"wp-block-gallery has-nested-images columns-default is-cropped wp-block-gallery-1 is-layout-flex wp-block-gallery-is-layout-flex\">\n<figure class=\"wp-block-image size-large\"><a href=\"https:\/\/ensemble-paroissial-reynies.fr\/wp-content\/uploads\/eglise_labastide\/egvlbp0002-1.jpg\"><img loading=\"lazy\" decoding=\"async\" width=\"450\" height=\"800\" data-id=\"869\" src=\"https:\/\/ensemble-paroissial-reynies.fr\/wp-content\/uploads\/eglise_labastide\/egvlbp0002-1.jpg\" alt=\"\" class=\"wp-image-869\" srcset=\"https:\/\/ensemble-paroissial-reynies.fr\/wp-content\/uploads\/eglise_labastide\/egvlbp0002-1.jpg 450w, https:\/\/ensemble-paroissial-reynies.fr\/wp-content\/uploads\/eglise_labastide\/egvlbp0002-1-169x300.jpg 169w\" sizes=\"auto, (max-width: 450px) 100vw, 450px\" \/><\/a><figcaption class=\"wp-element-caption\">\u00c9glise Saint Pierre-aux-Liens                             <\/figcaption><\/figure>\n\n\n\n<figure class=\"wp-block-image size-large\"><a href=\"https:\/\/ensemble-paroissial-reynies.fr\/wp-content\/uploads\/eglise_labastide\/dsc04936r.jpg\"><img loading=\"lazy\" decoding=\"async\" width=\"494\" height=\"972\" data-id=\"865\" src=\"https:\/\/ensemble-paroissial-reynies.fr\/wp-content\/uploads\/eglise_labastide\/dsc04936r.jpg\" alt=\"\" class=\"wp-image-865\" srcset=\"https:\/\/ensemble-paroissial-reynies.fr\/wp-content\/uploads\/eglise_labastide\/dsc04936r.jpg 494w, https:\/\/ensemble-paroissial-reynies.fr\/wp-content\/uploads\/eglise_labastide\/dsc04936r-152x300.jpg 152w\" sizes=\"auto, (max-width: 494px) 100vw, 494px\" \/><\/a><figcaption class=\"wp-element-caption\">Saint-Pierre-aux-Liens                     <\/figcaption><\/figure>\n\n\n\n<figure class=\"wp-block-image size-large\"><a href=\"https:\/\/ensemble-paroissial-reynies.fr\/wp-content\/uploads\/eglise_labastide\/20171212_151241-scaled-1.jpg\"><img loading=\"lazy\" decoding=\"async\" width=\"1024\" height=\"576\" data-id=\"863\" src=\"https:\/\/ensemble-paroissial-reynies.fr\/wp-content\/uploads\/eglise_labastide\/20171212_151241-scaled-1-1024x576.jpg\" alt=\"\" class=\"wp-image-863\" srcset=\"https:\/\/ensemble-paroissial-reynies.fr\/wp-content\/uploads\/eglise_labastide\/20171212_151241-scaled-1-1024x576.jpg 1024w, https:\/\/ensemble-paroissial-reynies.fr\/wp-content\/uploads\/eglise_labastide\/20171212_151241-scaled-1-300x169.jpg 300w, https:\/\/ensemble-paroissial-reynies.fr\/wp-content\/uploads\/eglise_labastide\/20171212_151241-scaled-1-768x432.jpg 768w, https:\/\/ensemble-paroissial-reynies.fr\/wp-content\/uploads\/eglise_labastide\/20171212_151241-scaled-1-1536x864.jpg 1536w, https:\/\/ensemble-paroissial-reynies.fr\/wp-content\/uploads\/eglise_labastide\/20171212_151241-scaled-1-2048x1152.jpg 2048w\" sizes=\"auto, (max-width: 1024px) 100vw, 1024px\" \/><\/a><\/figure>\n\n\n\n<figure class=\"wp-block-image size-large\"><a href=\"https:\/\/ensemble-paroissial-reynies.fr\/wp-content\/uploads\/eglise_labastide\/20171213_083333-scaled-1.jpg\"><img loading=\"lazy\" decoding=\"async\" width=\"1024\" height=\"576\" data-id=\"867\" src=\"https:\/\/ensemble-paroissial-reynies.fr\/wp-content\/uploads\/eglise_labastide\/20171213_083333-scaled-1-1024x576.jpg\" alt=\"\" class=\"wp-image-867\" srcset=\"https:\/\/ensemble-paroissial-reynies.fr\/wp-content\/uploads\/eglise_labastide\/20171213_083333-scaled-1-1024x576.jpg 1024w, https:\/\/ensemble-paroissial-reynies.fr\/wp-content\/uploads\/eglise_labastide\/20171213_083333-scaled-1-300x169.jpg 300w, https:\/\/ensemble-paroissial-reynies.fr\/wp-content\/uploads\/eglise_labastide\/20171213_083333-scaled-1-768x432.jpg 768w, https:\/\/ensemble-paroissial-reynies.fr\/wp-content\/uploads\/eglise_labastide\/20171213_083333-scaled-1-1536x864.jpg 1536w, https:\/\/ensemble-paroissial-reynies.fr\/wp-content\/uploads\/eglise_labastide\/20171213_083333-scaled-1-2048x1152.jpg 2048w\" sizes=\"auto, (max-width: 1024px) 100vw, 1024px\" \/><\/a><\/figure>\n\n\n\n<figure class=\"wp-block-image size-large\"><a href=\"https:\/\/ensemble-paroissial-reynies.fr\/wp-content\/uploads\/eglise_labastide\/p1020214-scaled-1.jpg\"><img loading=\"lazy\" decoding=\"async\" width=\"768\" height=\"1024\" data-id=\"874\" src=\"https:\/\/ensemble-paroissial-reynies.fr\/wp-content\/uploads\/eglise_labastide\/p1020214-scaled-1-768x1024.jpg\" alt=\"\" class=\"wp-image-874\" srcset=\"https:\/\/ensemble-paroissial-reynies.fr\/wp-content\/uploads\/eglise_labastide\/p1020214-scaled-1-768x1024.jpg 768w, https:\/\/ensemble-paroissial-reynies.fr\/wp-content\/uploads\/eglise_labastide\/p1020214-scaled-1-225x300.jpg 225w, https:\/\/ensemble-paroissial-reynies.fr\/wp-content\/uploads\/eglise_labastide\/p1020214-scaled-1-1152x1536.jpg 1152w, https:\/\/ensemble-paroissial-reynies.fr\/wp-content\/uploads\/eglise_labastide\/p1020214-scaled-1-1536x2048.jpg 1536w, https:\/\/ensemble-paroissial-reynies.fr\/wp-content\/uploads\/eglise_labastide\/p1020214-scaled-1-600x800.jpg 600w, https:\/\/ensemble-paroissial-reynies.fr\/wp-content\/uploads\/eglise_labastide\/p1020214-scaled-1.jpg 1920w\" sizes=\"auto, (max-width: 768px) 100vw, 768px\" \/><\/a><\/figure>\n\n\n\n<figure class=\"wp-block-image size-large\"><a href=\"https:\/\/ensemble-paroissial-reynies.fr\/wp-content\/uploads\/eglise_labastide\/crlbp20001.jpg\"><img loading=\"lazy\" decoding=\"async\" width=\"450\" height=\"800\" data-id=\"864\" src=\"https:\/\/ensemble-paroissial-reynies.fr\/wp-content\/uploads\/eglise_labastide\/crlbp20001.jpg\" alt=\"\" class=\"wp-image-864\" srcset=\"https:\/\/ensemble-paroissial-reynies.fr\/wp-content\/uploads\/eglise_labastide\/crlbp20001.jpg 450w, https:\/\/ensemble-paroissial-reynies.fr\/wp-content\/uploads\/eglise_labastide\/crlbp20001-169x300.jpg 169w\" sizes=\"auto, (max-width: 450px) 100vw, 450px\" \/><\/a><figcaption class=\"wp-element-caption\">          <\/figcaption><\/figure>\n<\/figure>\n<\/details>\n\n\n\n<div style=\"height:47px\" aria-hidden=\"true\" class=\"wp-block-spacer\"><\/div>\n\n\n\n<details class=\"wp-block-details is-layout-flow wp-block-details-is-layout-flow\"><summary>Le Choeur<\/summary>\n<figure class=\"wp-block-gallery has-nested-images columns-5 is-cropped wp-block-gallery-2 is-layout-flex wp-block-gallery-is-layout-flex\">\n<figure class=\"wp-block-image size-large\"><a href=\"https:\/\/ensemble-paroissial-reynies.fr\/wp-content\/uploads\/eglise_labastide\/cpa_eglise_lsp.jpg\"><img loading=\"lazy\" decoding=\"async\" width=\"679\" height=\"1024\" data-id=\"868\" src=\"https:\/\/ensemble-paroissial-reynies.fr\/wp-content\/uploads\/eglise_labastide\/cpa_eglise_lsp-679x1024.jpg\" alt=\"\" class=\"wp-image-868\" srcset=\"https:\/\/ensemble-paroissial-reynies.fr\/wp-content\/uploads\/eglise_labastide\/cpa_eglise_lsp-679x1024.jpg 679w, https:\/\/ensemble-paroissial-reynies.fr\/wp-content\/uploads\/eglise_labastide\/cpa_eglise_lsp-199x300.jpg 199w, https:\/\/ensemble-paroissial-reynies.fr\/wp-content\/uploads\/eglise_labastide\/cpa_eglise_lsp-768x1158.jpg 768w, https:\/\/ensemble-paroissial-reynies.fr\/wp-content\/uploads\/eglise_labastide\/cpa_eglise_lsp-1019x1536.jpg 1019w, https:\/\/ensemble-paroissial-reynies.fr\/wp-content\/uploads\/eglise_labastide\/cpa_eglise_lsp.jpg 1072w\" sizes=\"auto, (max-width: 679px) 100vw, 679px\" \/><\/a><\/figure>\n\n\n\n<figure class=\"wp-block-image size-large\"><a href=\"https:\/\/ensemble-paroissial-reynies.fr\/wp-content\/uploads\/eglise_labastide\/P1000480-scaled.jpg\"><img loading=\"lazy\" decoding=\"async\" width=\"1024\" height=\"769\" data-id=\"2906\" src=\"https:\/\/ensemble-paroissial-reynies.fr\/wp-content\/uploads\/eglise_labastide\/P1000480-1024x769.jpg\" alt=\"\" class=\"wp-image-2906\" srcset=\"https:\/\/ensemble-paroissial-reynies.fr\/wp-content\/uploads\/eglise_labastide\/P1000480-1024x769.jpg 1024w, https:\/\/ensemble-paroissial-reynies.fr\/wp-content\/uploads\/eglise_labastide\/P1000480-300x225.jpg 300w, https:\/\/ensemble-paroissial-reynies.fr\/wp-content\/uploads\/eglise_labastide\/P1000480-768x577.jpg 768w, https:\/\/ensemble-paroissial-reynies.fr\/wp-content\/uploads\/eglise_labastide\/P1000480-1536x1153.jpg 1536w, https:\/\/ensemble-paroissial-reynies.fr\/wp-content\/uploads\/eglise_labastide\/P1000480-2048x1538.jpg 2048w\" sizes=\"auto, (max-width: 1024px) 100vw, 1024px\" \/><\/a><\/figure>\n\n\n\n<figure class=\"wp-block-image size-large\"><a href=\"https:\/\/ensemble-paroissial-reynies.fr\/wp-content\/uploads\/eglise_labastide\/P1000452m.jpg\"><img loading=\"lazy\" decoding=\"async\" width=\"466\" height=\"1024\" data-id=\"2897\" src=\"https:\/\/ensemble-paroissial-reynies.fr\/wp-content\/uploads\/eglise_labastide\/P1000452m-466x1024.jpg\" alt=\"\" class=\"wp-image-2897\" srcset=\"https:\/\/ensemble-paroissial-reynies.fr\/wp-content\/uploads\/eglise_labastide\/P1000452m-466x1024.jpg 466w, https:\/\/ensemble-paroissial-reynies.fr\/wp-content\/uploads\/eglise_labastide\/P1000452m-136x300.jpg 136w, https:\/\/ensemble-paroissial-reynies.fr\/wp-content\/uploads\/eglise_labastide\/P1000452m-768x1689.jpg 768w, https:\/\/ensemble-paroissial-reynies.fr\/wp-content\/uploads\/eglise_labastide\/P1000452m-698x1536.jpg 698w, https:\/\/ensemble-paroissial-reynies.fr\/wp-content\/uploads\/eglise_labastide\/P1000452m-931x2048.jpg 931w, https:\/\/ensemble-paroissial-reynies.fr\/wp-content\/uploads\/eglise_labastide\/P1000452m.jpg 998w\" sizes=\"auto, (max-width: 466px) 100vw, 466px\" \/><\/a><figcaption class=\"wp-element-caption\">Saint Bruno<\/figcaption><\/figure>\n\n\n\n<figure class=\"wp-block-image size-large\"><a href=\"https:\/\/ensemble-paroissial-reynies.fr\/wp-content\/uploads\/eglise_labastide\/P1000478m-scaled.jpg\"><img loading=\"lazy\" decoding=\"async\" width=\"1024\" height=\"1024\" data-id=\"2903\" src=\"https:\/\/ensemble-paroissial-reynies.fr\/wp-content\/uploads\/eglise_labastide\/P1000478m-1024x1024.jpg\" alt=\"\" class=\"wp-image-2903\" srcset=\"https:\/\/ensemble-paroissial-reynies.fr\/wp-content\/uploads\/eglise_labastide\/P1000478m-1024x1024.jpg 1024w, https:\/\/ensemble-paroissial-reynies.fr\/wp-content\/uploads\/eglise_labastide\/P1000478m-300x300.jpg 300w, https:\/\/ensemble-paroissial-reynies.fr\/wp-content\/uploads\/eglise_labastide\/P1000478m-150x150.jpg 150w, https:\/\/ensemble-paroissial-reynies.fr\/wp-content\/uploads\/eglise_labastide\/P1000478m-768x768.jpg 768w, https:\/\/ensemble-paroissial-reynies.fr\/wp-content\/uploads\/eglise_labastide\/P1000478m-1536x1536.jpg 1536w, https:\/\/ensemble-paroissial-reynies.fr\/wp-content\/uploads\/eglise_labastide\/P1000478m-2048x2048.jpg 2048w, https:\/\/ensemble-paroissial-reynies.fr\/wp-content\/uploads\/eglise_labastide\/P1000478m-600x600.jpg 600w\" sizes=\"auto, (max-width: 1024px) 100vw, 1024px\" \/><\/a><\/figure>\n\n\n\n<figure class=\"wp-block-image size-large\"><a href=\"https:\/\/ensemble-paroissial-reynies.fr\/wp-content\/uploads\/eglise_labastide\/P1000481m-scaled.jpg\"><img loading=\"lazy\" decoding=\"async\" width=\"1024\" height=\"930\" data-id=\"2901\" src=\"https:\/\/ensemble-paroissial-reynies.fr\/wp-content\/uploads\/eglise_labastide\/P1000481m-1024x930.jpg\" alt=\"\" class=\"wp-image-2901\" srcset=\"https:\/\/ensemble-paroissial-reynies.fr\/wp-content\/uploads\/eglise_labastide\/P1000481m-1024x930.jpg 1024w, https:\/\/ensemble-paroissial-reynies.fr\/wp-content\/uploads\/eglise_labastide\/P1000481m-300x272.jpg 300w, https:\/\/ensemble-paroissial-reynies.fr\/wp-content\/uploads\/eglise_labastide\/P1000481m-768x697.jpg 768w, https:\/\/ensemble-paroissial-reynies.fr\/wp-content\/uploads\/eglise_labastide\/P1000481m-1536x1394.jpg 1536w, https:\/\/ensemble-paroissial-reynies.fr\/wp-content\/uploads\/eglise_labastide\/P1000481m-2048x1859.jpg 2048w\" sizes=\"auto, (max-width: 1024px) 100vw, 1024px\" \/><\/a><\/figure>\n\n\n\n<figure class=\"wp-block-image size-large\"><a href=\"https:\/\/ensemble-paroissial-reynies.fr\/wp-content\/uploads\/eglise_labastide\/P1000457m-scaled.jpg\"><img loading=\"lazy\" decoding=\"async\" width=\"1024\" height=\"972\" data-id=\"2905\" src=\"https:\/\/ensemble-paroissial-reynies.fr\/wp-content\/uploads\/eglise_labastide\/P1000457m-1024x972.jpg\" alt=\"\" class=\"wp-image-2905\" srcset=\"https:\/\/ensemble-paroissial-reynies.fr\/wp-content\/uploads\/eglise_labastide\/P1000457m-1024x972.jpg 1024w, https:\/\/ensemble-paroissial-reynies.fr\/wp-content\/uploads\/eglise_labastide\/P1000457m-300x285.jpg 300w, https:\/\/ensemble-paroissial-reynies.fr\/wp-content\/uploads\/eglise_labastide\/P1000457m-768x729.jpg 768w, https:\/\/ensemble-paroissial-reynies.fr\/wp-content\/uploads\/eglise_labastide\/P1000457m-1536x1458.jpg 1536w, https:\/\/ensemble-paroissial-reynies.fr\/wp-content\/uploads\/eglise_labastide\/P1000457m-2048x1944.jpg 2048w\" sizes=\"auto, (max-width: 1024px) 100vw, 1024px\" \/><\/a><\/figure>\n\n\n\n<figure class=\"wp-block-image size-large\"><a href=\"https:\/\/ensemble-paroissial-reynies.fr\/wp-content\/uploads\/eglise_labastide\/P1000454m.jpg\"><img loading=\"lazy\" decoding=\"async\" width=\"474\" height=\"1024\" data-id=\"2895\" src=\"https:\/\/ensemble-paroissial-reynies.fr\/wp-content\/uploads\/eglise_labastide\/P1000454m-474x1024.jpg\" alt=\"\" class=\"wp-image-2895\" srcset=\"https:\/\/ensemble-paroissial-reynies.fr\/wp-content\/uploads\/eglise_labastide\/P1000454m-474x1024.jpg 474w, https:\/\/ensemble-paroissial-reynies.fr\/wp-content\/uploads\/eglise_labastide\/P1000454m-139x300.jpg 139w, https:\/\/ensemble-paroissial-reynies.fr\/wp-content\/uploads\/eglise_labastide\/P1000454m-768x1659.jpg 768w, https:\/\/ensemble-paroissial-reynies.fr\/wp-content\/uploads\/eglise_labastide\/P1000454m-711x1536.jpg 711w, https:\/\/ensemble-paroissial-reynies.fr\/wp-content\/uploads\/eglise_labastide\/P1000454m-948x2048.jpg 948w, https:\/\/ensemble-paroissial-reynies.fr\/wp-content\/uploads\/eglise_labastide\/P1000454m.jpg 1051w\" sizes=\"auto, (max-width: 474px) 100vw, 474px\" \/><\/a><\/figure>\n\n\n\n<figure class=\"wp-block-image size-large\"><a href=\"https:\/\/ensemble-paroissial-reynies.fr\/wp-content\/uploads\/eglise_labastide\/P1000482m-scaled.jpg\"><img loading=\"lazy\" decoding=\"async\" width=\"1021\" height=\"1024\" data-id=\"2904\" src=\"https:\/\/ensemble-paroissial-reynies.fr\/wp-content\/uploads\/eglise_labastide\/P1000482m-1021x1024.jpg\" alt=\"\" class=\"wp-image-2904\" srcset=\"https:\/\/ensemble-paroissial-reynies.fr\/wp-content\/uploads\/eglise_labastide\/P1000482m-1021x1024.jpg 1021w, https:\/\/ensemble-paroissial-reynies.fr\/wp-content\/uploads\/eglise_labastide\/P1000482m-300x300.jpg 300w, https:\/\/ensemble-paroissial-reynies.fr\/wp-content\/uploads\/eglise_labastide\/P1000482m-150x150.jpg 150w, https:\/\/ensemble-paroissial-reynies.fr\/wp-content\/uploads\/eglise_labastide\/P1000482m-768x770.jpg 768w, https:\/\/ensemble-paroissial-reynies.fr\/wp-content\/uploads\/eglise_labastide\/P1000482m-1531x1536.jpg 1531w, https:\/\/ensemble-paroissial-reynies.fr\/wp-content\/uploads\/eglise_labastide\/P1000482m-2041x2048.jpg 2041w\" sizes=\"auto, (max-width: 1021px) 100vw, 1021px\" \/><\/a><\/figure>\n\n\n\n<figure class=\"wp-block-image size-large\"><a href=\"https:\/\/ensemble-paroissial-reynies.fr\/wp-content\/uploads\/eglise_labastide\/P1000456m-scaled.jpg\"><img loading=\"lazy\" decoding=\"async\" width=\"1024\" height=\"887\" data-id=\"2899\" src=\"https:\/\/ensemble-paroissial-reynies.fr\/wp-content\/uploads\/eglise_labastide\/P1000456m-1024x887.jpg\" alt=\"\" class=\"wp-image-2899\" srcset=\"https:\/\/ensemble-paroissial-reynies.fr\/wp-content\/uploads\/eglise_labastide\/P1000456m-1024x887.jpg 1024w, https:\/\/ensemble-paroissial-reynies.fr\/wp-content\/uploads\/eglise_labastide\/P1000456m-300x260.jpg 300w, https:\/\/ensemble-paroissial-reynies.fr\/wp-content\/uploads\/eglise_labastide\/P1000456m-768x665.jpg 768w, https:\/\/ensemble-paroissial-reynies.fr\/wp-content\/uploads\/eglise_labastide\/P1000456m-1536x1330.jpg 1536w, https:\/\/ensemble-paroissial-reynies.fr\/wp-content\/uploads\/eglise_labastide\/P1000456m-2048x1773.jpg 2048w\" sizes=\"auto, (max-width: 1024px) 100vw, 1024px\" \/><\/a><\/figure>\n\n\n\n<figure class=\"wp-block-image size-large\"><a href=\"https:\/\/ensemble-paroissial-reynies.fr\/wp-content\/uploads\/eglise_labastide\/P1000453m.jpg\"><img loading=\"lazy\" decoding=\"async\" width=\"460\" height=\"1024\" data-id=\"2893\" src=\"https:\/\/ensemble-paroissial-reynies.fr\/wp-content\/uploads\/eglise_labastide\/P1000453m-460x1024.jpg\" alt=\"\" class=\"wp-image-2893\" srcset=\"https:\/\/ensemble-paroissial-reynies.fr\/wp-content\/uploads\/eglise_labastide\/P1000453m-460x1024.jpg 460w, https:\/\/ensemble-paroissial-reynies.fr\/wp-content\/uploads\/eglise_labastide\/P1000453m-135x300.jpg 135w, https:\/\/ensemble-paroissial-reynies.fr\/wp-content\/uploads\/eglise_labastide\/P1000453m-768x1709.jpg 768w, https:\/\/ensemble-paroissial-reynies.fr\/wp-content\/uploads\/eglise_labastide\/P1000453m-690x1536.jpg 690w, https:\/\/ensemble-paroissial-reynies.fr\/wp-content\/uploads\/eglise_labastide\/P1000453m-920x2048.jpg 920w, https:\/\/ensemble-paroissial-reynies.fr\/wp-content\/uploads\/eglise_labastide\/P1000453m.jpg 984w\" sizes=\"auto, (max-width: 460px) 100vw, 460px\" \/><\/a><figcaption class=\"wp-element-caption\">Saint Pierre aux Liens<\/figcaption><\/figure>\n<\/figure>\n<\/details>\n\n\n\n<div style=\"height:47px\" aria-hidden=\"true\" class=\"wp-block-spacer\"><\/div>\n\n\n\n<details class=\"wp-block-details is-layout-flow wp-block-details-is-layout-flow\"><summary>Chapelles<\/summary>\n<p>De part et d&rsquo;autre du ch\u0153ur se trouve deux petites chapelles. Celle de gauche o\u00f9 se trouve le vitrail repr\u00e9sentant le Sacr\u00e9 C\u0153ur de J\u00e9sus n&rsquo;a pas d&rsquo;autel, celle de droite est la chapelle o\u00f9 se trouve le vitrail repr\u00e9sentant le C\u0153ur Immacul\u00e9 de Marie et la statue de Notre-Dame de Lourdes<\/p>\n\n\n\n<figure class=\"wp-block-gallery has-nested-images columns-default is-cropped wp-block-gallery-3 is-layout-flex wp-block-gallery-is-layout-flex\">\n<figure class=\"wp-block-image size-large\"><a href=\"https:\/\/ensemble-paroissial-reynies.fr\/wp-content\/uploads\/eglise_labastide\/P1000451m.jpg\"><img loading=\"lazy\" decoding=\"async\" width=\"344\" height=\"1024\" data-id=\"2894\" src=\"https:\/\/ensemble-paroissial-reynies.fr\/wp-content\/uploads\/eglise_labastide\/P1000451m-344x1024.jpg\" alt=\"\" class=\"wp-image-2894\" srcset=\"https:\/\/ensemble-paroissial-reynies.fr\/wp-content\/uploads\/eglise_labastide\/P1000451m-344x1024.jpg 344w, https:\/\/ensemble-paroissial-reynies.fr\/wp-content\/uploads\/eglise_labastide\/P1000451m-101x300.jpg 101w, https:\/\/ensemble-paroissial-reynies.fr\/wp-content\/uploads\/eglise_labastide\/P1000451m-768x2285.jpg 768w, https:\/\/ensemble-paroissial-reynies.fr\/wp-content\/uploads\/eglise_labastide\/P1000451m-516x1536.jpg 516w, https:\/\/ensemble-paroissial-reynies.fr\/wp-content\/uploads\/eglise_labastide\/P1000451m-688x2048.jpg 688w, https:\/\/ensemble-paroissial-reynies.fr\/wp-content\/uploads\/eglise_labastide\/P1000451m.jpg 833w\" sizes=\"auto, (max-width: 344px) 100vw, 344px\" \/><\/a><figcaption class=\"wp-element-caption\">Sacr\u00e9 C\u0153ur de J\u00e9sus<\/figcaption><\/figure>\n\n\n\n<figure class=\"wp-block-image size-large\"><a href=\"https:\/\/ensemble-paroissial-reynies.fr\/wp-content\/uploads\/eglise_labastide\/P1000460m-scaled.jpg\"><img loading=\"lazy\" decoding=\"async\" width=\"338\" height=\"1024\" data-id=\"2914\" src=\"https:\/\/ensemble-paroissial-reynies.fr\/wp-content\/uploads\/eglise_labastide\/P1000460m-338x1024.jpg\" alt=\"\" class=\"wp-image-2914\" srcset=\"https:\/\/ensemble-paroissial-reynies.fr\/wp-content\/uploads\/eglise_labastide\/P1000460m-338x1024.jpg 338w, https:\/\/ensemble-paroissial-reynies.fr\/wp-content\/uploads\/eglise_labastide\/P1000460m-99x300.jpg 99w, https:\/\/ensemble-paroissial-reynies.fr\/wp-content\/uploads\/eglise_labastide\/P1000460m-768x2328.jpg 768w, https:\/\/ensemble-paroissial-reynies.fr\/wp-content\/uploads\/eglise_labastide\/P1000460m-507x1536.jpg 507w, https:\/\/ensemble-paroissial-reynies.fr\/wp-content\/uploads\/eglise_labastide\/P1000460m-676x2048.jpg 676w, https:\/\/ensemble-paroissial-reynies.fr\/wp-content\/uploads\/eglise_labastide\/P1000460m-scaled.jpg 845w\" sizes=\"auto, (max-width: 338px) 100vw, 338px\" \/><\/a><figcaption class=\"wp-element-caption\">Sainte Bernadette<\/figcaption><\/figure>\n\n\n\n<figure class=\"wp-block-image size-large\"><a href=\"https:\/\/ensemble-paroissial-reynies.fr\/wp-content\/uploads\/eglise_labastide\/P1000458m-scaled.jpg\"><img loading=\"lazy\" decoding=\"async\" width=\"821\" height=\"1024\" data-id=\"2902\" src=\"https:\/\/ensemble-paroissial-reynies.fr\/wp-content\/uploads\/eglise_labastide\/P1000458m-821x1024.jpg\" alt=\"\" class=\"wp-image-2902\" srcset=\"https:\/\/ensemble-paroissial-reynies.fr\/wp-content\/uploads\/eglise_labastide\/P1000458m-821x1024.jpg 821w, https:\/\/ensemble-paroissial-reynies.fr\/wp-content\/uploads\/eglise_labastide\/P1000458m-240x300.jpg 240w, https:\/\/ensemble-paroissial-reynies.fr\/wp-content\/uploads\/eglise_labastide\/P1000458m-768x958.jpg 768w, https:\/\/ensemble-paroissial-reynies.fr\/wp-content\/uploads\/eglise_labastide\/P1000458m-1231x1536.jpg 1231w, https:\/\/ensemble-paroissial-reynies.fr\/wp-content\/uploads\/eglise_labastide\/P1000458m-1641x2048.jpg 1641w\" sizes=\"auto, (max-width: 821px) 100vw, 821px\" \/><\/a><\/figure>\n\n\n\n<figure class=\"wp-block-image size-large\"><a href=\"https:\/\/ensemble-paroissial-reynies.fr\/wp-content\/uploads\/eglise_labastide\/P1000459m-scaled.jpg\"><img loading=\"lazy\" decoding=\"async\" width=\"354\" height=\"1024\" data-id=\"2896\" src=\"https:\/\/ensemble-paroissial-reynies.fr\/wp-content\/uploads\/eglise_labastide\/P1000459m-354x1024.jpg\" alt=\"\" class=\"wp-image-2896\" srcset=\"https:\/\/ensemble-paroissial-reynies.fr\/wp-content\/uploads\/eglise_labastide\/P1000459m-354x1024.jpg 354w, https:\/\/ensemble-paroissial-reynies.fr\/wp-content\/uploads\/eglise_labastide\/P1000459m-104x300.jpg 104w, https:\/\/ensemble-paroissial-reynies.fr\/wp-content\/uploads\/eglise_labastide\/P1000459m-768x2221.jpg 768w, https:\/\/ensemble-paroissial-reynies.fr\/wp-content\/uploads\/eglise_labastide\/P1000459m-531x1536.jpg 531w, https:\/\/ensemble-paroissial-reynies.fr\/wp-content\/uploads\/eglise_labastide\/P1000459m-708x2048.jpg 708w, https:\/\/ensemble-paroissial-reynies.fr\/wp-content\/uploads\/eglise_labastide\/P1000459m-scaled.jpg 885w\" sizes=\"auto, (max-width: 354px) 100vw, 354px\" \/><\/a><figcaption class=\"wp-element-caption\">Sacr\u00e9 C\u0153ur de Marie<\/figcaption><\/figure>\n\n\n\n<figure class=\"wp-block-image size-large\"><a href=\"https:\/\/ensemble-paroissial-reynies.fr\/wp-content\/uploads\/eglise_labastide\/P1000461m-scaled.jpg\"><img loading=\"lazy\" decoding=\"async\" width=\"375\" height=\"1024\" data-id=\"2916\" src=\"https:\/\/ensemble-paroissial-reynies.fr\/wp-content\/uploads\/eglise_labastide\/P1000461m-375x1024.jpg\" alt=\"\" class=\"wp-image-2916\" srcset=\"https:\/\/ensemble-paroissial-reynies.fr\/wp-content\/uploads\/eglise_labastide\/P1000461m-375x1024.jpg 375w, https:\/\/ensemble-paroissial-reynies.fr\/wp-content\/uploads\/eglise_labastide\/P1000461m-110x300.jpg 110w, https:\/\/ensemble-paroissial-reynies.fr\/wp-content\/uploads\/eglise_labastide\/P1000461m-768x2099.jpg 768w, https:\/\/ensemble-paroissial-reynies.fr\/wp-content\/uploads\/eglise_labastide\/P1000461m-562x1536.jpg 562w, https:\/\/ensemble-paroissial-reynies.fr\/wp-content\/uploads\/eglise_labastide\/P1000461m-749x2048.jpg 749w, https:\/\/ensemble-paroissial-reynies.fr\/wp-content\/uploads\/eglise_labastide\/P1000461m-scaled.jpg 937w\" sizes=\"auto, (max-width: 375px) 100vw, 375px\" \/><\/a><figcaption class=\"wp-element-caption\">Notre-Dame de Lourdes<\/figcaption><\/figure>\n\n\n\n<figure class=\"wp-block-image size-large\"><a href=\"https:\/\/ensemble-paroissial-reynies.fr\/wp-content\/uploads\/eglise_labastide\/P1000462-scaled.jpg\"><img loading=\"lazy\" decoding=\"async\" width=\"769\" height=\"1024\" data-id=\"2917\" src=\"https:\/\/ensemble-paroissial-reynies.fr\/wp-content\/uploads\/eglise_labastide\/P1000462-769x1024.jpg\" alt=\"\" class=\"wp-image-2917\" srcset=\"https:\/\/ensemble-paroissial-reynies.fr\/wp-content\/uploads\/eglise_labastide\/P1000462-769x1024.jpg 769w, https:\/\/ensemble-paroissial-reynies.fr\/wp-content\/uploads\/eglise_labastide\/P1000462-225x300.jpg 225w, https:\/\/ensemble-paroissial-reynies.fr\/wp-content\/uploads\/eglise_labastide\/P1000462-768x1023.jpg 768w, https:\/\/ensemble-paroissial-reynies.fr\/wp-content\/uploads\/eglise_labastide\/P1000462-1153x1536.jpg 1153w, https:\/\/ensemble-paroissial-reynies.fr\/wp-content\/uploads\/eglise_labastide\/P1000462-1538x2048.jpg 1538w, https:\/\/ensemble-paroissial-reynies.fr\/wp-content\/uploads\/eglise_labastide\/P1000462-scaled.jpg 1922w\" sizes=\"auto, (max-width: 769px) 100vw, 769px\" \/><\/a><figcaption class=\"wp-element-caption\">Saint Joseph<\/figcaption><\/figure>\n<\/figure>\n<\/details>\n\n\n\n<div style=\"height:47px\" aria-hidden=\"true\" class=\"wp-block-spacer\"><\/div>\n\n\n\n<details class=\"wp-block-details is-layout-flow wp-block-details-is-layout-flow\"><summary>La nef<\/summary>\n<figure class=\"wp-block-gallery has-nested-images columns-4 is-cropped wp-block-gallery-4 is-layout-flex wp-block-gallery-is-layout-flex\">\n<figure class=\"wp-block-image size-large\"><a href=\"https:\/\/ensemble-paroissial-reynies.fr\/wp-content\/uploads\/eglise_labastide\/P1000463m.jpg\"><img loading=\"lazy\" decoding=\"async\" width=\"540\" height=\"1024\" data-id=\"2928\" src=\"https:\/\/ensemble-paroissial-reynies.fr\/wp-content\/uploads\/eglise_labastide\/P1000463m-540x1024.jpg\" alt=\"\" class=\"wp-image-2928\" srcset=\"https:\/\/ensemble-paroissial-reynies.fr\/wp-content\/uploads\/eglise_labastide\/P1000463m-540x1024.jpg 540w, https:\/\/ensemble-paroissial-reynies.fr\/wp-content\/uploads\/eglise_labastide\/P1000463m-158x300.jpg 158w, https:\/\/ensemble-paroissial-reynies.fr\/wp-content\/uploads\/eglise_labastide\/P1000463m-768x1456.jpg 768w, https:\/\/ensemble-paroissial-reynies.fr\/wp-content\/uploads\/eglise_labastide\/P1000463m-810x1536.jpg 810w, https:\/\/ensemble-paroissial-reynies.fr\/wp-content\/uploads\/eglise_labastide\/P1000463m-1080x2048.jpg 1080w, https:\/\/ensemble-paroissial-reynies.fr\/wp-content\/uploads\/eglise_labastide\/P1000463m.jpg 1335w\" sizes=\"auto, (max-width: 540px) 100vw, 540px\" \/><\/a><figcaption class=\"wp-element-caption\">Saint Jean-Baptiste<\/figcaption><\/figure>\n\n\n\n<figure class=\"wp-block-image size-large\"><a href=\"https:\/\/ensemble-paroissial-reynies.fr\/wp-content\/uploads\/eglise_labastide\/P1000464m-scaled.jpg\"><img loading=\"lazy\" decoding=\"async\" width=\"633\" height=\"1024\" data-id=\"2925\" src=\"https:\/\/ensemble-paroissial-reynies.fr\/wp-content\/uploads\/eglise_labastide\/P1000464m-633x1024.jpg\" alt=\"\" class=\"wp-image-2925\" srcset=\"https:\/\/ensemble-paroissial-reynies.fr\/wp-content\/uploads\/eglise_labastide\/P1000464m-633x1024.jpg 633w, https:\/\/ensemble-paroissial-reynies.fr\/wp-content\/uploads\/eglise_labastide\/P1000464m-186x300.jpg 186w, https:\/\/ensemble-paroissial-reynies.fr\/wp-content\/uploads\/eglise_labastide\/P1000464m-768x1241.jpg 768w, https:\/\/ensemble-paroissial-reynies.fr\/wp-content\/uploads\/eglise_labastide\/P1000464m-950x1536.jpg 950w, https:\/\/ensemble-paroissial-reynies.fr\/wp-content\/uploads\/eglise_labastide\/P1000464m-1267x2048.jpg 1267w, https:\/\/ensemble-paroissial-reynies.fr\/wp-content\/uploads\/eglise_labastide\/P1000464m-scaled.jpg 1584w\" sizes=\"auto, (max-width: 633px) 100vw, 633px\" \/><\/a><figcaption class=\"wp-element-caption\">Sainte Philom\u00e8ne<\/figcaption><\/figure>\n\n\n\n<figure class=\"wp-block-image size-large\"><a href=\"https:\/\/ensemble-paroissial-reynies.fr\/wp-content\/uploads\/eglise_labastide\/P1000465m-scaled.jpg\"><img loading=\"lazy\" decoding=\"async\" width=\"455\" height=\"1024\" data-id=\"2935\" src=\"https:\/\/ensemble-paroissial-reynies.fr\/wp-content\/uploads\/eglise_labastide\/P1000465m-455x1024.jpg\" alt=\"\" class=\"wp-image-2935\" srcset=\"https:\/\/ensemble-paroissial-reynies.fr\/wp-content\/uploads\/eglise_labastide\/P1000465m-455x1024.jpg 455w, https:\/\/ensemble-paroissial-reynies.fr\/wp-content\/uploads\/eglise_labastide\/P1000465m-133x300.jpg 133w, https:\/\/ensemble-paroissial-reynies.fr\/wp-content\/uploads\/eglise_labastide\/P1000465m-768x1730.jpg 768w, https:\/\/ensemble-paroissial-reynies.fr\/wp-content\/uploads\/eglise_labastide\/P1000465m-682x1536.jpg 682w, https:\/\/ensemble-paroissial-reynies.fr\/wp-content\/uploads\/eglise_labastide\/P1000465m-909x2048.jpg 909w, https:\/\/ensemble-paroissial-reynies.fr\/wp-content\/uploads\/eglise_labastide\/P1000465m-scaled.jpg 1137w\" sizes=\"auto, (max-width: 455px) 100vw, 455px\" \/><\/a><figcaption class=\"wp-element-caption\">Saint Philippe<\/figcaption><\/figure>\n\n\n\n<figure class=\"wp-block-image size-large\"><a href=\"https:\/\/ensemble-paroissial-reynies.fr\/wp-content\/uploads\/eglise_labastide\/P1000466m-scaled.jpg\"><img loading=\"lazy\" decoding=\"async\" width=\"419\" height=\"1024\" data-id=\"2931\" src=\"https:\/\/ensemble-paroissial-reynies.fr\/wp-content\/uploads\/eglise_labastide\/P1000466m-419x1024.jpg\" alt=\"\" class=\"wp-image-2931\" srcset=\"https:\/\/ensemble-paroissial-reynies.fr\/wp-content\/uploads\/eglise_labastide\/P1000466m-419x1024.jpg 419w, https:\/\/ensemble-paroissial-reynies.fr\/wp-content\/uploads\/eglise_labastide\/P1000466m-123x300.jpg 123w, https:\/\/ensemble-paroissial-reynies.fr\/wp-content\/uploads\/eglise_labastide\/P1000466m-768x1875.jpg 768w, https:\/\/ensemble-paroissial-reynies.fr\/wp-content\/uploads\/eglise_labastide\/P1000466m-629x1536.jpg 629w, https:\/\/ensemble-paroissial-reynies.fr\/wp-content\/uploads\/eglise_labastide\/P1000466m-839x2048.jpg 839w, https:\/\/ensemble-paroissial-reynies.fr\/wp-content\/uploads\/eglise_labastide\/P1000466m-scaled.jpg 1048w\" sizes=\"auto, (max-width: 419px) 100vw, 419px\" \/><\/a><figcaption class=\"wp-element-caption\">Saint Guillaume Abb\u00e9<\/figcaption><\/figure>\n\n\n\n<figure class=\"wp-block-image size-large\"><a href=\"https:\/\/ensemble-paroissial-reynies.fr\/wp-content\/uploads\/eglise_labastide\/P1000467m-scaled.jpg\"><img loading=\"lazy\" decoding=\"async\" width=\"448\" height=\"1024\" data-id=\"2936\" src=\"https:\/\/ensemble-paroissial-reynies.fr\/wp-content\/uploads\/eglise_labastide\/P1000467m-448x1024.jpg\" alt=\"\" class=\"wp-image-2936\" srcset=\"https:\/\/ensemble-paroissial-reynies.fr\/wp-content\/uploads\/eglise_labastide\/P1000467m-448x1024.jpg 448w, https:\/\/ensemble-paroissial-reynies.fr\/wp-content\/uploads\/eglise_labastide\/P1000467m-131x300.jpg 131w, https:\/\/ensemble-paroissial-reynies.fr\/wp-content\/uploads\/eglise_labastide\/P1000467m-768x1756.jpg 768w, https:\/\/ensemble-paroissial-reynies.fr\/wp-content\/uploads\/eglise_labastide\/P1000467m-672x1536.jpg 672w, https:\/\/ensemble-paroissial-reynies.fr\/wp-content\/uploads\/eglise_labastide\/P1000467m-895x2048.jpg 895w, https:\/\/ensemble-paroissial-reynies.fr\/wp-content\/uploads\/eglise_labastide\/P1000467m-scaled.jpg 1119w\" sizes=\"auto, (max-width: 448px) 100vw, 448px\" \/><\/a><figcaption class=\"wp-element-caption\">Saint- Georges<\/figcaption><\/figure>\n\n\n\n<figure class=\"wp-block-image size-large\"><a href=\"https:\/\/ensemble-paroissial-reynies.fr\/wp-content\/uploads\/eglise_labastide\/P1000468m-scaled.jpg\"><img loading=\"lazy\" decoding=\"async\" width=\"403\" height=\"1024\" data-id=\"2924\" src=\"https:\/\/ensemble-paroissial-reynies.fr\/wp-content\/uploads\/eglise_labastide\/P1000468m-403x1024.jpg\" alt=\"\" class=\"wp-image-2924\" srcset=\"https:\/\/ensemble-paroissial-reynies.fr\/wp-content\/uploads\/eglise_labastide\/P1000468m-403x1024.jpg 403w, https:\/\/ensemble-paroissial-reynies.fr\/wp-content\/uploads\/eglise_labastide\/P1000468m-118x300.jpg 118w, https:\/\/ensemble-paroissial-reynies.fr\/wp-content\/uploads\/eglise_labastide\/P1000468m-768x1951.jpg 768w, https:\/\/ensemble-paroissial-reynies.fr\/wp-content\/uploads\/eglise_labastide\/P1000468m-605x1536.jpg 605w, https:\/\/ensemble-paroissial-reynies.fr\/wp-content\/uploads\/eglise_labastide\/P1000468m-806x2048.jpg 806w, https:\/\/ensemble-paroissial-reynies.fr\/wp-content\/uploads\/eglise_labastide\/P1000468m-scaled.jpg 1008w\" sizes=\"auto, (max-width: 403px) 100vw, 403px\" \/><\/a><figcaption class=\"wp-element-caption\">Sainte Germaine<\/figcaption><\/figure>\n\n\n\n<figure class=\"wp-block-image size-large\"><a href=\"https:\/\/ensemble-paroissial-reynies.fr\/wp-content\/uploads\/eglise_labastide\/P1000469m.jpg\"><img loading=\"lazy\" decoding=\"async\" width=\"524\" height=\"1024\" data-id=\"2932\" src=\"https:\/\/ensemble-paroissial-reynies.fr\/wp-content\/uploads\/eglise_labastide\/P1000469m-524x1024.jpg\" alt=\"\" class=\"wp-image-2932\" srcset=\"https:\/\/ensemble-paroissial-reynies.fr\/wp-content\/uploads\/eglise_labastide\/P1000469m-524x1024.jpg 524w, https:\/\/ensemble-paroissial-reynies.fr\/wp-content\/uploads\/eglise_labastide\/P1000469m-153x300.jpg 153w, https:\/\/ensemble-paroissial-reynies.fr\/wp-content\/uploads\/eglise_labastide\/P1000469m-768x1502.jpg 768w, https:\/\/ensemble-paroissial-reynies.fr\/wp-content\/uploads\/eglise_labastide\/P1000469m-785x1536.jpg 785w, https:\/\/ensemble-paroissial-reynies.fr\/wp-content\/uploads\/eglise_labastide\/P1000469m-1047x2048.jpg 1047w, https:\/\/ensemble-paroissial-reynies.fr\/wp-content\/uploads\/eglise_labastide\/P1000469m.jpg 1158w\" sizes=\"auto, (max-width: 524px) 100vw, 524px\" \/><\/a><\/figure>\n\n\n\n<figure class=\"wp-block-image size-large\"><a href=\"https:\/\/ensemble-paroissial-reynies.fr\/wp-content\/uploads\/eglise_labastide\/P1000470m.jpg\"><img loading=\"lazy\" decoding=\"async\" width=\"515\" height=\"1024\" data-id=\"2926\" src=\"https:\/\/ensemble-paroissial-reynies.fr\/wp-content\/uploads\/eglise_labastide\/P1000470m-515x1024.jpg\" alt=\"\" class=\"wp-image-2926\" srcset=\"https:\/\/ensemble-paroissial-reynies.fr\/wp-content\/uploads\/eglise_labastide\/P1000470m-515x1024.jpg 515w, https:\/\/ensemble-paroissial-reynies.fr\/wp-content\/uploads\/eglise_labastide\/P1000470m-151x300.jpg 151w, https:\/\/ensemble-paroissial-reynies.fr\/wp-content\/uploads\/eglise_labastide\/P1000470m-768x1527.jpg 768w, https:\/\/ensemble-paroissial-reynies.fr\/wp-content\/uploads\/eglise_labastide\/P1000470m-772x1536.jpg 772w, https:\/\/ensemble-paroissial-reynies.fr\/wp-content\/uploads\/eglise_labastide\/P1000470m-1030x2048.jpg 1030w, https:\/\/ensemble-paroissial-reynies.fr\/wp-content\/uploads\/eglise_labastide\/P1000470m.jpg 1202w\" sizes=\"auto, (max-width: 515px) 100vw, 515px\" \/><\/a><\/figure>\n\n\n\n<figure class=\"wp-block-image size-large\"><a href=\"https:\/\/ensemble-paroissial-reynies.fr\/wp-content\/uploads\/eglise_labastide\/P1000479m-scaled.jpg\"><img loading=\"lazy\" decoding=\"async\" width=\"819\" height=\"1024\" data-id=\"2900\" src=\"https:\/\/ensemble-paroissial-reynies.fr\/wp-content\/uploads\/eglise_labastide\/P1000479m-819x1024.jpg\" alt=\"\" class=\"wp-image-2900\" srcset=\"https:\/\/ensemble-paroissial-reynies.fr\/wp-content\/uploads\/eglise_labastide\/P1000479m-819x1024.jpg 819w, https:\/\/ensemble-paroissial-reynies.fr\/wp-content\/uploads\/eglise_labastide\/P1000479m-240x300.jpg 240w, https:\/\/ensemble-paroissial-reynies.fr\/wp-content\/uploads\/eglise_labastide\/P1000479m-768x961.jpg 768w, https:\/\/ensemble-paroissial-reynies.fr\/wp-content\/uploads\/eglise_labastide\/P1000479m-1228x1536.jpg 1228w, https:\/\/ensemble-paroissial-reynies.fr\/wp-content\/uploads\/eglise_labastide\/P1000479m-1637x2048.jpg 1637w, https:\/\/ensemble-paroissial-reynies.fr\/wp-content\/uploads\/eglise_labastide\/P1000479m-scaled.jpg 2047w\" sizes=\"auto, (max-width: 819px) 100vw, 819px\" \/><\/a><\/figure>\n\n\n\n<figure class=\"wp-block-image size-large\"><a href=\"https:\/\/ensemble-paroissial-reynies.fr\/wp-content\/uploads\/eglise_labastide\/P1000471m-scaled.jpg\"><img loading=\"lazy\" decoding=\"async\" width=\"390\" height=\"1024\" data-id=\"2933\" src=\"https:\/\/ensemble-paroissial-reynies.fr\/wp-content\/uploads\/eglise_labastide\/P1000471m-390x1024.jpg\" alt=\"\" class=\"wp-image-2933\" srcset=\"https:\/\/ensemble-paroissial-reynies.fr\/wp-content\/uploads\/eglise_labastide\/P1000471m-390x1024.jpg 390w, https:\/\/ensemble-paroissial-reynies.fr\/wp-content\/uploads\/eglise_labastide\/P1000471m-114x300.jpg 114w, https:\/\/ensemble-paroissial-reynies.fr\/wp-content\/uploads\/eglise_labastide\/P1000471m-768x2019.jpg 768w, https:\/\/ensemble-paroissial-reynies.fr\/wp-content\/uploads\/eglise_labastide\/P1000471m-779x2048.jpg 779w, https:\/\/ensemble-paroissial-reynies.fr\/wp-content\/uploads\/eglise_labastide\/P1000471m-scaled.jpg 974w\" sizes=\"auto, (max-width: 390px) 100vw, 390px\" \/><\/a><\/figure>\n\n\n\n<figure class=\"wp-block-image size-large\"><a href=\"https:\/\/ensemble-paroissial-reynies.fr\/wp-content\/uploads\/eglise_labastide\/P1000472m-scaled.jpg\"><img loading=\"lazy\" decoding=\"async\" width=\"276\" height=\"1024\" data-id=\"2929\" src=\"https:\/\/ensemble-paroissial-reynies.fr\/wp-content\/uploads\/eglise_labastide\/P1000472m-276x1024.jpg\" alt=\"\" class=\"wp-image-2929\" srcset=\"https:\/\/ensemble-paroissial-reynies.fr\/wp-content\/uploads\/eglise_labastide\/P1000472m-276x1024.jpg 276w, https:\/\/ensemble-paroissial-reynies.fr\/wp-content\/uploads\/eglise_labastide\/P1000472m-81x300.jpg 81w, https:\/\/ensemble-paroissial-reynies.fr\/wp-content\/uploads\/eglise_labastide\/P1000472m-768x2849.jpg 768w, https:\/\/ensemble-paroissial-reynies.fr\/wp-content\/uploads\/eglise_labastide\/P1000472m-414x1536.jpg 414w, https:\/\/ensemble-paroissial-reynies.fr\/wp-content\/uploads\/eglise_labastide\/P1000472m-552x2048.jpg 552w, https:\/\/ensemble-paroissial-reynies.fr\/wp-content\/uploads\/eglise_labastide\/P1000472m-scaled.jpg 690w\" sizes=\"auto, (max-width: 276px) 100vw, 276px\" \/><\/a><\/figure>\n\n\n\n<figure class=\"wp-block-image size-large\"><a href=\"https:\/\/ensemble-paroissial-reynies.fr\/wp-content\/uploads\/eglise_labastide\/P1000473m-scaled.jpg\"><img loading=\"lazy\" decoding=\"async\" width=\"515\" height=\"1024\" data-id=\"2934\" src=\"https:\/\/ensemble-paroissial-reynies.fr\/wp-content\/uploads\/eglise_labastide\/P1000473m-515x1024.jpg\" alt=\"\" class=\"wp-image-2934\" srcset=\"https:\/\/ensemble-paroissial-reynies.fr\/wp-content\/uploads\/eglise_labastide\/P1000473m-515x1024.jpg 515w, https:\/\/ensemble-paroissial-reynies.fr\/wp-content\/uploads\/eglise_labastide\/P1000473m-151x300.jpg 151w, https:\/\/ensemble-paroissial-reynies.fr\/wp-content\/uploads\/eglise_labastide\/P1000473m-768x1528.jpg 768w, https:\/\/ensemble-paroissial-reynies.fr\/wp-content\/uploads\/eglise_labastide\/P1000473m-772x1536.jpg 772w, https:\/\/ensemble-paroissial-reynies.fr\/wp-content\/uploads\/eglise_labastide\/P1000473m-1029x2048.jpg 1029w, https:\/\/ensemble-paroissial-reynies.fr\/wp-content\/uploads\/eglise_labastide\/P1000473m-scaled.jpg 1287w\" sizes=\"auto, (max-width: 515px) 100vw, 515px\" \/><\/a><figcaption class=\"wp-element-caption\">Saint Raymond<\/figcaption><\/figure>\n\n\n\n<figure class=\"wp-block-image size-large\"><a href=\"https:\/\/ensemble-paroissial-reynies.fr\/wp-content\/uploads\/eglise_labastide\/P1000475m-scaled.jpg\"><img loading=\"lazy\" decoding=\"async\" width=\"454\" height=\"1024\" data-id=\"2927\" src=\"https:\/\/ensemble-paroissial-reynies.fr\/wp-content\/uploads\/eglise_labastide\/P1000475m-454x1024.jpg\" alt=\"\" class=\"wp-image-2927\" srcset=\"https:\/\/ensemble-paroissial-reynies.fr\/wp-content\/uploads\/eglise_labastide\/P1000475m-454x1024.jpg 454w, https:\/\/ensemble-paroissial-reynies.fr\/wp-content\/uploads\/eglise_labastide\/P1000475m-133x300.jpg 133w, https:\/\/ensemble-paroissial-reynies.fr\/wp-content\/uploads\/eglise_labastide\/P1000475m-768x1732.jpg 768w, https:\/\/ensemble-paroissial-reynies.fr\/wp-content\/uploads\/eglise_labastide\/P1000475m-681x1536.jpg 681w, https:\/\/ensemble-paroissial-reynies.fr\/wp-content\/uploads\/eglise_labastide\/P1000475m-908x2048.jpg 908w, https:\/\/ensemble-paroissial-reynies.fr\/wp-content\/uploads\/eglise_labastide\/P1000475m-scaled.jpg 1135w\" sizes=\"auto, (max-width: 454px) 100vw, 454px\" \/><\/a><figcaption class=\"wp-element-caption\">Saint Roch<\/figcaption><\/figure>\n\n\n\n<figure class=\"wp-block-image size-large\"><a href=\"https:\/\/ensemble-paroissial-reynies.fr\/wp-content\/uploads\/eglise_labastide\/P1000476m-scaled.jpg\"><img loading=\"lazy\" decoding=\"async\" width=\"464\" height=\"1024\" data-id=\"2923\" src=\"https:\/\/ensemble-paroissial-reynies.fr\/wp-content\/uploads\/eglise_labastide\/P1000476m-464x1024.jpg\" alt=\"\" class=\"wp-image-2923\" srcset=\"https:\/\/ensemble-paroissial-reynies.fr\/wp-content\/uploads\/eglise_labastide\/P1000476m-464x1024.jpg 464w, https:\/\/ensemble-paroissial-reynies.fr\/wp-content\/uploads\/eglise_labastide\/P1000476m-136x300.jpg 136w, https:\/\/ensemble-paroissial-reynies.fr\/wp-content\/uploads\/eglise_labastide\/P1000476m-768x1695.jpg 768w, https:\/\/ensemble-paroissial-reynies.fr\/wp-content\/uploads\/eglise_labastide\/P1000476m-696x1536.jpg 696w, https:\/\/ensemble-paroissial-reynies.fr\/wp-content\/uploads\/eglise_labastide\/P1000476m-928x2048.jpg 928w, https:\/\/ensemble-paroissial-reynies.fr\/wp-content\/uploads\/eglise_labastide\/P1000476m-scaled.jpg 1160w\" sizes=\"auto, (max-width: 464px) 100vw, 464px\" \/><\/a><figcaption class=\"wp-element-caption\">Sainte \u00c9lizabeth<\/figcaption><\/figure>\n\n\n\n<figure class=\"wp-block-image size-large\"><a href=\"https:\/\/ensemble-paroissial-reynies.fr\/wp-content\/uploads\/eglise_labastide\/P1000477m-scaled.jpg\"><img loading=\"lazy\" decoding=\"async\" width=\"468\" height=\"1024\" data-id=\"2930\" src=\"https:\/\/ensemble-paroissial-reynies.fr\/wp-content\/uploads\/eglise_labastide\/P1000477m-468x1024.jpg\" alt=\"\" class=\"wp-image-2930\" srcset=\"https:\/\/ensemble-paroissial-reynies.fr\/wp-content\/uploads\/eglise_labastide\/P1000477m-468x1024.jpg 468w, https:\/\/ensemble-paroissial-reynies.fr\/wp-content\/uploads\/eglise_labastide\/P1000477m-137x300.jpg 137w, https:\/\/ensemble-paroissial-reynies.fr\/wp-content\/uploads\/eglise_labastide\/P1000477m-768x1681.jpg 768w, https:\/\/ensemble-paroissial-reynies.fr\/wp-content\/uploads\/eglise_labastide\/P1000477m-702x1536.jpg 702w, https:\/\/ensemble-paroissial-reynies.fr\/wp-content\/uploads\/eglise_labastide\/P1000477m-936x2048.jpg 936w, https:\/\/ensemble-paroissial-reynies.fr\/wp-content\/uploads\/eglise_labastide\/P1000477m-scaled.jpg 1170w\" sizes=\"auto, (max-width: 468px) 100vw, 468px\" \/><\/a><figcaption class=\"wp-element-caption\">Sainte Anne<\/figcaption><\/figure>\n\n\n\n<figure class=\"wp-block-image size-large\"><a href=\"https:\/\/ensemble-paroissial-reynies.fr\/wp-content\/uploads\/eglise_labastide\/P1000450m-scaled.jpg\"><img loading=\"lazy\" decoding=\"async\" width=\"519\" height=\"1024\" data-id=\"2920\" src=\"https:\/\/ensemble-paroissial-reynies.fr\/wp-content\/uploads\/eglise_labastide\/P1000450m-519x1024.jpg\" alt=\"\" class=\"wp-image-2920\" srcset=\"https:\/\/ensemble-paroissial-reynies.fr\/wp-content\/uploads\/eglise_labastide\/P1000450m-519x1024.jpg 519w, https:\/\/ensemble-paroissial-reynies.fr\/wp-content\/uploads\/eglise_labastide\/P1000450m-152x300.jpg 152w, https:\/\/ensemble-paroissial-reynies.fr\/wp-content\/uploads\/eglise_labastide\/P1000450m-768x1515.jpg 768w, https:\/\/ensemble-paroissial-reynies.fr\/wp-content\/uploads\/eglise_labastide\/P1000450m-779x1536.jpg 779w, https:\/\/ensemble-paroissial-reynies.fr\/wp-content\/uploads\/eglise_labastide\/P1000450m-1038x2048.jpg 1038w, https:\/\/ensemble-paroissial-reynies.fr\/wp-content\/uploads\/eglise_labastide\/P1000450m-scaled.jpg 1298w\" sizes=\"auto, (max-width: 519px) 100vw, 519px\" \/><\/a><figcaption class=\"wp-element-caption\">Saint Joseph<\/figcaption><\/figure>\n<\/figure>\n<\/details>\n","protected":false},"excerpt":{"rendered":"<p>Vous pouvez cliquer sur les photos pour les visualiser en totalit\u00e9<\/p>\n","protected":false},"author":1,"featured_media":0,"parent":1353,"menu_order":3,"comment_status":"closed","ping_status":"closed","template":"","meta":{"_eb_attr":"","pgc_sgb_lightbox_settings":"","footnotes":""},"class_list":["post-1384","page","type-page","status-publish"],"yoast_head":"<!-- This site is optimized with the Yoast SEO plugin v27.5 - https:\/\/yoast.com\/product\/yoast-seo-wordpress\/ -->\n<title>Labastide-Saint-Pierre - Photographies - Ensemble paroissial de Reyni\u00e8s<\/title>\n<meta name=\"description\" content=\"Ensemble paroissial de Reyni\u00e8s - Ensemble paroissial de Reyni\u00e8s\" \/>\n<meta name=\"robots\" content=\"index, follow, max-snippet:-1, max-image-preview:large, max-video-preview:-1\" \/>\n<link rel=\"canonical\" href=\"https:\/\/ensemble-paroissial-reynies.fr\/?page_id=1384\" \/>\n<meta property=\"og:locale\" content=\"fr_FR\" \/>\n<meta property=\"og:type\" content=\"article\" \/>\n<meta property=\"og:title\" content=\"Labastide-Saint-Pierre - Photographies - Ensemble paroissial de Reyni\u00e8s\" \/>\n<meta property=\"og:description\" content=\"Ensemble paroissial de Reyni\u00e8s - Ensemble paroissial de Reyni\u00e8s\" \/>\n<meta property=\"og:url\" content=\"https:\/\/ensemble-paroissial-reynies.fr\/?page_id=1384\" \/>\n<meta property=\"og:site_name\" content=\"Ensemble paroissial de Reyni\u00e8s\" \/>\n<meta property=\"article:modified_time\" content=\"2025-01-03T16:29:40+00:00\" \/>\n<meta property=\"og:image\" content=\"https:\/\/ensemble-paroissial-reynies.fr\/wp-content\/uploads\/eglise_labastide\/egvlbp0002-1.jpg\" \/>\n\t<meta property=\"og:image:width\" content=\"450\" \/>\n\t<meta property=\"og:image:height\" content=\"800\" \/>\n\t<meta property=\"og:image:type\" content=\"image\/jpeg\" \/>\n<meta name=\"twitter:card\" content=\"summary_large_image\" \/>\n<meta name=\"twitter:label1\" content=\"Dur\u00e9e de lecture estim\u00e9e\" \/>\n\t<meta name=\"twitter:data1\" content=\"9 minutes\" \/>\n<script type=\"application\/ld+json\" class=\"yoast-schema-graph\">{\"@context\":\"https:\\\/\\\/schema.org\",\"@graph\":[{\"@type\":\"WebPage\",\"@id\":\"https:\\\/\\\/ensemble-paroissial-reynies.fr\\\/?page_id=1384\",\"url\":\"https:\\\/\\\/ensemble-paroissial-reynies.fr\\\/?page_id=1384\",\"name\":\"Labastide-Saint-Pierre - Photographies - Ensemble paroissial de Reyni\u00e8s\",\"isPartOf\":{\"@id\":\"https:\\\/\\\/ensemble-paroissial-reynies.fr\\\/#website\"},\"primaryImageOfPage\":{\"@id\":\"https:\\\/\\\/ensemble-paroissial-reynies.fr\\\/?page_id=1384#primaryimage\"},\"image\":{\"@id\":\"https:\\\/\\\/ensemble-paroissial-reynies.fr\\\/?page_id=1384#primaryimage\"},\"thumbnailUrl\":\"https:\\\/\\\/ensemble-paroissial-reynies.fr\\\/wp-content\\\/uploads\\\/eglise_labastide\\\/egvlbp0002-1.jpg\",\"datePublished\":\"2024-09-24T16:30:39+00:00\",\"dateModified\":\"2025-01-03T16:29:40+00:00\",\"description\":\"Ensemble paroissial de Reyni\u00e8s - Ensemble paroissial de Reyni\u00e8s\",\"breadcrumb\":{\"@id\":\"https:\\\/\\\/ensemble-paroissial-reynies.fr\\\/?page_id=1384#breadcrumb\"},\"inLanguage\":\"fr-FR\",\"potentialAction\":[{\"@type\":\"ReadAction\",\"target\":[\"https:\\\/\\\/ensemble-paroissial-reynies.fr\\\/?page_id=1384\"]}]},{\"@type\":\"ImageObject\",\"inLanguage\":\"fr-FR\",\"@id\":\"https:\\\/\\\/ensemble-paroissial-reynies.fr\\\/?page_id=1384#primaryimage\",\"url\":\"https:\\\/\\\/ensemble-paroissial-reynies.fr\\\/wp-content\\\/uploads\\\/eglise_labastide\\\/egvlbp0002-1.jpg\",\"contentUrl\":\"https:\\\/\\\/ensemble-paroissial-reynies.fr\\\/wp-content\\\/uploads\\\/eglise_labastide\\\/egvlbp0002-1.jpg\"},{\"@type\":\"BreadcrumbList\",\"@id\":\"https:\\\/\\\/ensemble-paroissial-reynies.fr\\\/?page_id=1384#breadcrumb\",\"itemListElement\":[{\"@type\":\"ListItem\",\"position\":1,\"name\":\"Home\",\"item\":\"https:\\\/\\\/ensemble-paroissial-reynies.fr\\\/\"},{\"@type\":\"ListItem\",\"position\":2,\"name\":\"Accueil\",\"item\":\"https:\\\/\\\/ensemble-paroissial-reynies.fr\\\/\"},{\"@type\":\"ListItem\",\"position\":3,\"name\":\"D\u00e9couvrir l&#8217;Ensemble Paroissial\",\"item\":\"https:\\\/\\\/ensemble-paroissial-reynies.fr\\\/?page_id=535\"},{\"@type\":\"ListItem\",\"position\":4,\"name\":\"Nos \u00c9glises et Chapelles\",\"item\":\"https:\\\/\\\/ensemble-paroissial-reynies.fr\\\/?page_id=2\"},{\"@type\":\"ListItem\",\"position\":5,\"name\":\"Labastide-Saint-Pierre &#8211; \u00c9glise saint Pierre-aux-liens\",\"item\":\"https:\\\/\\\/ensemble-paroissial-reynies.fr\\\/?page_id=1353\"},{\"@type\":\"ListItem\",\"position\":6,\"name\":\"Labastide-Saint-Pierre &#8211; Photographies\"}]},{\"@type\":\"WebSite\",\"@id\":\"https:\\\/\\\/ensemble-paroissial-reynies.fr\\\/#website\",\"url\":\"https:\\\/\\\/ensemble-paroissial-reynies.fr\\\/\",\"name\":\"Ensemble paroissial de Reyni\u00e8s\",\"description\":\"\",\"publisher\":{\"@id\":\"https:\\\/\\\/ensemble-paroissial-reynies.fr\\\/#organization\"},\"alternateName\":\"EPReyni\u00e8s\",\"potentialAction\":[{\"@type\":\"SearchAction\",\"target\":{\"@type\":\"EntryPoint\",\"urlTemplate\":\"https:\\\/\\\/ensemble-paroissial-reynies.fr\\\/?s={search_term_string}\"},\"query-input\":{\"@type\":\"PropertyValueSpecification\",\"valueRequired\":true,\"valueName\":\"search_term_string\"}}],\"inLanguage\":\"fr-FR\"},{\"@type\":\"Organization\",\"@id\":\"https:\\\/\\\/ensemble-paroissial-reynies.fr\\\/#organization\",\"name\":\"Ensemble paroissial de Reyni\u00e8s\",\"alternateName\":\"EPReyni\u00e8s\",\"url\":\"https:\\\/\\\/ensemble-paroissial-reynies.fr\\\/\",\"logo\":{\"@type\":\"ImageObject\",\"inLanguage\":\"fr-FR\",\"@id\":\"https:\\\/\\\/ensemble-paroissial-reynies.fr\\\/#\\\/schema\\\/logo\\\/image\\\/\",\"url\":\"https:\\\/\\\/ensemble-paroissial-reynies.fr\\\/wp-content\\\/uploads\\\/paroisse\\\/nouveau-logo-catechisme-paroisse-07-2023.jpg\",\"contentUrl\":\"https:\\\/\\\/ensemble-paroissial-reynies.fr\\\/wp-content\\\/uploads\\\/paroisse\\\/nouveau-logo-catechisme-paroisse-07-2023.jpg\",\"width\":666,\"height\":698,\"caption\":\"Ensemble paroissial de Reyni\u00e8s\"},\"image\":{\"@id\":\"https:\\\/\\\/ensemble-paroissial-reynies.fr\\\/#\\\/schema\\\/logo\\\/image\\\/\"}}]}<\/script>\n<!-- \/ Yoast SEO plugin. -->","yoast_head_json":{"title":"Labastide-Saint-Pierre - Photographies - Ensemble paroissial de Reyni\u00e8s","description":"Ensemble paroissial de Reyni\u00e8s - Ensemble paroissial de Reyni\u00e8s","robots":{"index":"index","follow":"follow","max-snippet":"max-snippet:-1","max-image-preview":"max-image-preview:large","max-video-preview":"max-video-preview:-1"},"canonical":"https:\/\/ensemble-paroissial-reynies.fr\/?page_id=1384","og_locale":"fr_FR","og_type":"article","og_title":"Labastide-Saint-Pierre - Photographies - Ensemble paroissial de Reyni\u00e8s","og_description":"Ensemble paroissial de Reyni\u00e8s - Ensemble paroissial de Reyni\u00e8s","og_url":"https:\/\/ensemble-paroissial-reynies.fr\/?page_id=1384","og_site_name":"Ensemble paroissial de Reyni\u00e8s","article_modified_time":"2025-01-03T16:29:40+00:00","og_image":[{"width":450,"height":800,"url":"https:\/\/ensemble-paroissial-reynies.fr\/wp-content\/uploads\/eglise_labastide\/egvlbp0002-1.jpg","type":"image\/jpeg"}],"twitter_card":"summary_large_image","twitter_misc":{"Dur\u00e9e de lecture estim\u00e9e":"9 minutes"},"schema":{"@context":"https:\/\/schema.org","@graph":[{"@type":"WebPage","@id":"https:\/\/ensemble-paroissial-reynies.fr\/?page_id=1384","url":"https:\/\/ensemble-paroissial-reynies.fr\/?page_id=1384","name":"Labastide-Saint-Pierre - Photographies - Ensemble paroissial de Reyni\u00e8s","isPartOf":{"@id":"https:\/\/ensemble-paroissial-reynies.fr\/#website"},"primaryImageOfPage":{"@id":"https:\/\/ensemble-paroissial-reynies.fr\/?page_id=1384#primaryimage"},"image":{"@id":"https:\/\/ensemble-paroissial-reynies.fr\/?page_id=1384#primaryimage"},"thumbnailUrl":"https:\/\/ensemble-paroissial-reynies.fr\/wp-content\/uploads\/eglise_labastide\/egvlbp0002-1.jpg","datePublished":"2024-09-24T16:30:39+00:00","dateModified":"2025-01-03T16:29:40+00:00","description":"Ensemble paroissial de Reyni\u00e8s - Ensemble paroissial de Reyni\u00e8s","breadcrumb":{"@id":"https:\/\/ensemble-paroissial-reynies.fr\/?page_id=1384#breadcrumb"},"inLanguage":"fr-FR","potentialAction":[{"@type":"ReadAction","target":["https:\/\/ensemble-paroissial-reynies.fr\/?page_id=1384"]}]},{"@type":"ImageObject","inLanguage":"fr-FR","@id":"https:\/\/ensemble-paroissial-reynies.fr\/?page_id=1384#primaryimage","url":"https:\/\/ensemble-paroissial-reynies.fr\/wp-content\/uploads\/eglise_labastide\/egvlbp0002-1.jpg","contentUrl":"https:\/\/ensemble-paroissial-reynies.fr\/wp-content\/uploads\/eglise_labastide\/egvlbp0002-1.jpg"},{"@type":"BreadcrumbList","@id":"https:\/\/ensemble-paroissial-reynies.fr\/?page_id=1384#breadcrumb","itemListElement":[{"@type":"ListItem","position":1,"name":"Home","item":"https:\/\/ensemble-paroissial-reynies.fr\/"},{"@type":"ListItem","position":2,"name":"Accueil","item":"https:\/\/ensemble-paroissial-reynies.fr\/"},{"@type":"ListItem","position":3,"name":"D\u00e9couvrir l&#8217;Ensemble Paroissial","item":"https:\/\/ensemble-paroissial-reynies.fr\/?page_id=535"},{"@type":"ListItem","position":4,"name":"Nos \u00c9glises et Chapelles","item":"https:\/\/ensemble-paroissial-reynies.fr\/?page_id=2"},{"@type":"ListItem","position":5,"name":"Labastide-Saint-Pierre &#8211; \u00c9glise saint Pierre-aux-liens","item":"https:\/\/ensemble-paroissial-reynies.fr\/?page_id=1353"},{"@type":"ListItem","position":6,"name":"Labastide-Saint-Pierre &#8211; Photographies"}]},{"@type":"WebSite","@id":"https:\/\/ensemble-paroissial-reynies.fr\/#website","url":"https:\/\/ensemble-paroissial-reynies.fr\/","name":"Ensemble paroissial de Reyni\u00e8s","description":"","publisher":{"@id":"https:\/\/ensemble-paroissial-reynies.fr\/#organization"},"alternateName":"EPReyni\u00e8s","potentialAction":[{"@type":"SearchAction","target":{"@type":"EntryPoint","urlTemplate":"https:\/\/ensemble-paroissial-reynies.fr\/?s={search_term_string}"},"query-input":{"@type":"PropertyValueSpecification","valueRequired":true,"valueName":"search_term_string"}}],"inLanguage":"fr-FR"},{"@type":"Organization","@id":"https:\/\/ensemble-paroissial-reynies.fr\/#organization","name":"Ensemble paroissial de Reyni\u00e8s","alternateName":"EPReyni\u00e8s","url":"https:\/\/ensemble-paroissial-reynies.fr\/","logo":{"@type":"ImageObject","inLanguage":"fr-FR","@id":"https:\/\/ensemble-paroissial-reynies.fr\/#\/schema\/logo\/image\/","url":"https:\/\/ensemble-paroissial-reynies.fr\/wp-content\/uploads\/paroisse\/nouveau-logo-catechisme-paroisse-07-2023.jpg","contentUrl":"https:\/\/ensemble-paroissial-reynies.fr\/wp-content\/uploads\/paroisse\/nouveau-logo-catechisme-paroisse-07-2023.jpg","width":666,"height":698,"caption":"Ensemble paroissial de Reyni\u00e8s"},"image":{"@id":"https:\/\/ensemble-paroissial-reynies.fr\/#\/schema\/logo\/image\/"}}]}},"featured_image_src":null,"featured_image_src_square":null,"_links":{"self":[{"href":"https:\/\/ensemble-paroissial-reynies.fr\/index.php?rest_route=\/wp\/v2\/pages\/1384","targetHints":{"allow":["GET"]}}],"collection":[{"href":"https:\/\/ensemble-paroissial-reynies.fr\/index.php?rest_route=\/wp\/v2\/pages"}],"about":[{"href":"https:\/\/ensemble-paroissial-reynies.fr\/index.php?rest_route=\/wp\/v2\/types\/page"}],"author":[{"embeddable":true,"href":"https:\/\/ensemble-paroissial-reynies.fr\/index.php?rest_route=\/wp\/v2\/users\/1"}],"replies":[{"embeddable":true,"href":"https:\/\/ensemble-paroissial-reynies.fr\/index.php?rest_route=%2Fwp%2Fv2%2Fcomments&post=1384"}],"version-history":[{"count":0,"href":"https:\/\/ensemble-paroissial-reynies.fr\/index.php?rest_route=\/wp\/v2\/pages\/1384\/revisions"}],"up":[{"embeddable":true,"href":"https:\/\/ensemble-paroissial-reynies.fr\/index.php?rest_route=\/wp\/v2\/pages\/1353"}],"wp:attachment":[{"href":"https:\/\/ensemble-paroissial-reynies.fr\/index.php?rest_route=%2Fwp%2Fv2%2Fmedia&parent=1384"}],"curies":[{"name":"wp","href":"https:\/\/api.w.org\/{rel}","templated":true}]}}