{"id":1349,"date":"2024-09-21T13:58:32","date_gmt":"2024-09-21T11:58:32","guid":{"rendered":"https:\/\/ensemble-paroissial-reynies.fr\/?page_id=1349"},"modified":"2024-10-08T13:35:32","modified_gmt":"2024-10-08T11:35:32","slug":"saints-abdon-et-sennen","status":"publish","type":"page","link":"https:\/\/ensemble-paroissial-reynies.fr\/?page_id=1349","title":{"rendered":"Saints Abdon et Sennen"},"content":{"rendered":"\n<p>L\u2019\u00e9glise de Corbarieu est d\u00e9di\u00e9e \u00e0 saint Abdon et saint Sennen.<\/p>\n\n\n\n<p>Abdon et Sennen sont originaires de Perse. Certains \u00e9crits disent qu\u2019il s\u2019agissait de nobles persans investis de grandes dignit\u00e9s par les rois de perses, d\u2019autres disent qu\u2019il s\u2019agissait de travailleurs d\u2019un port sur le Tibre \u00e0 Rome.&nbsp;Ils ont \u00e9t\u00e9 mis \u00e0 mort \u00e0 Rome en l\u2019an 250 sous le r\u00e8gne de l\u2019empereur romain D\u00e8ce (201 \u2013 juin 251).<\/p>\n\n\n\n<p>Vers l\u2019an 250, D\u00e8ce d\u00e9cr\u00e8te que le culte imp\u00e9rial, jusqu\u2019alors facultatif, est obligatoire. Les chr\u00e9tiens refusent cet ordre et sont donc passibles de la peine de mort&nbsp;: d\u00e9sob\u00e9ir \u00e0 un d\u00e9cret de l\u2019empereur est une trahison de l\u2019Empire Romain. Le d\u00e9cret de D\u00e8ce va entra\u00eener une vague de pers\u00e9cution et, si certains chr\u00e9tiens obtiennent la vie sauve en signant un papier indiquant qu\u2019ils abjurent leur Foi, un document tr\u00e8s souvent de complaisance, d\u2019autres ne changeront rien \u00e0 leurs habitudes de chr\u00e9tiens et seront mis \u00e0 mort, ce sera notamment le cas du Pape Fabien et de l\u2019\u00e9v\u00eaque saint Sernin de Toulouse.<\/p>\n\n\n\n<p>Abdon et Sennen se trouvaient, on ne sait pas vraiment pourquoi, \u00e0 Rome en l\u2019an 250. Ils furent tortur\u00e9s pour leur attachement \u00e0 la foi. Les chr\u00e9tiens enterr\u00e8rent leurs corps un 30 juillet dans la maison d\u2019un sous-diacre nomm\u00e9 Quirin.<br>Sous le r\u00e8gne de Constantin le Grand (272 \u2013 337), leurs reliques furent transport\u00e9es dans le cimeti\u00e8re de Pontien qui fut tr\u00e8s souvent ensuite appel\u00e9 de leurs noms.<\/p>\n\n\n\n<p>La l\u00e9gende des saints Abdon et Sennen dit\u00a0: \u00ab\u00a0<em>Abdon et Sennen souffrirent le martyre sous l\u2019empereur D\u00e8ce, car cet empereur, puissant \u00e0 Babylone et dans d\u2019autres provinces, y trouva des chr\u00e9tiens qu\u2019il ramena avec lui \u00e0 Cordoue, o\u00f9 il les fit p\u00e9rir dans divers supplices. Et deux princes du pays, Abdon et Sennen, recueillirent les corps de ces martyrs et les ensevelirent avec honneur. D\u00e9cius les envoya \u00e0 Rome charg\u00e9s de cha\u00eenes, et ils furent amen\u00e9s devant le s\u00e9nat et devant l\u2019empereur, et on leur dit que s\u2019ils voulaient sacrifier, on leur rendrait leurs \u00c9tats, sinon, qu\u2019ils seraient livr\u00e9s aux b\u00eates. Ils rest\u00e8rent fermes, et ils crach\u00e8rent au visage des idoles ; et on les conduisit au cirque, o\u00f9 l\u2019on l\u00e2cha deux lions et quatre ours. Et ces animaux ne leur firent aucun mal ; au contraire, ils se mirent \u00e0 les prot\u00e9ger. Alors on per\u00e7a les martyrs \u00e0 coups d\u2019\u00e9p\u00e9e, et, apr\u00e8s leur avoir li\u00e9 les pieds, on les tra\u00eena et on les jeta pr\u00e8s du temple du Soleil. Et, apr\u00e8s qu\u2019ils y eurent demeur\u00e9 trois jours, le sous-diacre Quirin les recueillit et les ensevelit dans sa maison. Ils souffrirent vers l\u2019an du Seigneur deux cent cinquante-trois. Au temps de Constantin, il fut r\u00e9v\u00e9l\u00e9 o\u00f9 \u00e9taient leur corps, et ils furent transport\u00e9s dans la ville de Pontien, o\u00f9 le Seigneur conf\u00e8re, par leur minist\u00e8re, de grandes gr\u00e2ces au peuple<\/em>\u00a0\u00bb<\/p>\n\n\n\n<p>Une autre l\u00e9gende a trait \u00e0 leurs reliques\u00a0: \u00ab\u00a0<em>Aux alentours de l\u2019an mil, la r\u00e9gion d\u2019Arles-sur-Tech (Pyr\u00e9n\u00e9es-Orientales) \u00e9tait en proie \u00e0 des calamit\u00e9s sans fin\u00a0: orages, gr\u00eale, et \u00e9tait hant\u00e9e de cr\u00e9atures f\u00e9roces, mi-b\u00eates sauvages, mi-d\u00e9mons, les simiots, qui terrorisaient les populations. Le prieur du monast\u00e8re Sainte-Marie, l\u2019abb\u00e9 Arnulphe, d\u00e9cida de se mettre sous la protection de reliques de saints. Il partit pour Rome et, apr\u00e8s bien des p\u00e9rip\u00e9ties, revint avec les restes d\u2019Abdon et de Sennen dans une barrique remplie d\u2019eau cal\u00e9e entre des foudres de bl\u00e9 et de vin. L\u2019eau de la barrique fut vid\u00e9e dans un ancien sarcophage. Il advint que cette eau, renouvel\u00e9e en permanence, sans qu\u2019on puisse en expliquer la provenance, avait des vertus miraculeuses : c\u2019est la Sainte Tombe. D\u00e8s l\u2019arriv\u00e9e des reliques, les simiots disparurent, et Abdon et Sennen prot\u00e9g\u00e8rent le pays.<\/em>\u00a0\u00bb.<\/p>\n\n\n\n<p>Les saints Abdon et Sennen \u00e9taient invoqu\u00e9s pour se prot\u00e9ger de l\u2019orage et de la foudre\u00a0: de l\u2019orage car l\u2019homophonie de saint Abdon est \u00ab\u00a0saint tape don\u00a0\u00bb, et de la foudre du fait que l\u2019on a transf\u00e9r\u00e9 leurs reliques dans une barrique avec des foudres.<\/p>\n\n\n\n<p>On f\u00eate saint Abdon et saint Sennen le 30 juillet.<\/p>\n\n\n\n<p><em>Sources&nbsp;: martyrologue romain traduit en fran\u00e7ais 1823&nbsp;\u2013 dictionnaire hagiographique, abb\u00e9 Perrin tome 2 1848&nbsp;\u2013 Dictionnaire historique tome 1 1818 Abb\u00e9 F.X. de Feller \u2013 m\u00e9moires pour servir \u00e0 l\u2019histoire eccl\u00e9siastique des six premiers si\u00e8cles&nbsp;\u2013 Grand livre des saints: culte et iconographie en Occident<\/em><\/p>\n","protected":false},"excerpt":{"rendered":"<p>L\u2019\u00e9glise de Corbarieu est d\u00e9di\u00e9e \u00e0 saint Abdon et saint Sennen. Abdon et Sennen sont originaires de Perse. Certains \u00e9crits disent qu\u2019il s\u2019agissait de nobles persans investis de grandes dignit\u00e9s par les rois de perses, d\u2019autres disent qu\u2019il s\u2019agissait de travailleurs d\u2019un port sur le Tibre \u00e0 Rome.&nbsp;Ils ont \u00e9t\u00e9 mis \u00e0 mort \u00e0 Rome &#8230; <a title=\"Saints Abdon et Sennen\" class=\"read-more\" href=\"https:\/\/ensemble-paroissial-reynies.fr\/?page_id=1349\" aria-label=\"En savoir plus sur Saints Abdon et Sennen\">Lire la suite<\/a><\/p>\n","protected":false},"author":1,"featured_media":0,"parent":1298,"menu_order":1,"comment_status":"closed","ping_status":"closed","template":"","meta":{"_eb_attr":"","pgc_sgb_lightbox_settings":"","footnotes":""},"class_list":["post-1349","page","type-page","status-publish"],"yoast_head":"<!-- This site is optimized with the Yoast SEO plugin v27.5 - https:\/\/yoast.com\/product\/yoast-seo-wordpress\/ -->\n<title>Saints Abdon et Sennen - Ensemble paroissial de Reyni\u00e8s<\/title>\n<meta name=\"description\" content=\"Ensemble paroissial de Reyni\u00e8s - Ensemble paroissial de Reyni\u00e8s\" \/>\n<meta name=\"robots\" content=\"index, follow, max-snippet:-1, max-image-preview:large, max-video-preview:-1\" \/>\n<link rel=\"canonical\" href=\"https:\/\/ensemble-paroissial-reynies.fr\/?page_id=1349\" \/>\n<meta property=\"og:locale\" content=\"fr_FR\" \/>\n<meta property=\"og:type\" content=\"article\" \/>\n<meta property=\"og:title\" content=\"Saints Abdon et Sennen - Ensemble paroissial de Reyni\u00e8s\" \/>\n<meta property=\"og:description\" content=\"Ensemble paroissial de Reyni\u00e8s - Ensemble paroissial de Reyni\u00e8s\" \/>\n<meta property=\"og:url\" content=\"https:\/\/ensemble-paroissial-reynies.fr\/?page_id=1349\" \/>\n<meta property=\"og:site_name\" content=\"Ensemble paroissial de Reyni\u00e8s\" \/>\n<meta property=\"article:modified_time\" content=\"2024-10-08T11:35:32+00:00\" \/>\n<meta name=\"twitter:card\" content=\"summary_large_image\" \/>\n<meta name=\"twitter:label1\" content=\"Dur\u00e9e de lecture estim\u00e9e\" \/>\n\t<meta name=\"twitter:data1\" content=\"4 minutes\" \/>\n<script type=\"application\/ld+json\" class=\"yoast-schema-graph\">{\"@context\":\"https:\\\/\\\/schema.org\",\"@graph\":[{\"@type\":\"WebPage\",\"@id\":\"https:\\\/\\\/ensemble-paroissial-reynies.fr\\\/?page_id=1349\",\"url\":\"https:\\\/\\\/ensemble-paroissial-reynies.fr\\\/?page_id=1349\",\"name\":\"Saints Abdon et Sennen - Ensemble paroissial de Reyni\u00e8s\",\"isPartOf\":{\"@id\":\"https:\\\/\\\/ensemble-paroissial-reynies.fr\\\/#website\"},\"datePublished\":\"2024-09-21T11:58:32+00:00\",\"dateModified\":\"2024-10-08T11:35:32+00:00\",\"description\":\"Ensemble paroissial de Reyni\u00e8s - Ensemble paroissial de Reyni\u00e8s\",\"breadcrumb\":{\"@id\":\"https:\\\/\\\/ensemble-paroissial-reynies.fr\\\/?page_id=1349#breadcrumb\"},\"inLanguage\":\"fr-FR\",\"potentialAction\":[{\"@type\":\"ReadAction\",\"target\":[\"https:\\\/\\\/ensemble-paroissial-reynies.fr\\\/?page_id=1349\"]}]},{\"@type\":\"BreadcrumbList\",\"@id\":\"https:\\\/\\\/ensemble-paroissial-reynies.fr\\\/?page_id=1349#breadcrumb\",\"itemListElement\":[{\"@type\":\"ListItem\",\"position\":1,\"name\":\"Home\",\"item\":\"https:\\\/\\\/ensemble-paroissial-reynies.fr\\\/\"},{\"@type\":\"ListItem\",\"position\":2,\"name\":\"Accueil\",\"item\":\"https:\\\/\\\/ensemble-paroissial-reynies.fr\\\/\"},{\"@type\":\"ListItem\",\"position\":3,\"name\":\"D\u00e9couvrir l&#8217;Ensemble Paroissial\",\"item\":\"https:\\\/\\\/ensemble-paroissial-reynies.fr\\\/?page_id=535\"},{\"@type\":\"ListItem\",\"position\":4,\"name\":\"Nos \u00c9glises et Chapelles\",\"item\":\"https:\\\/\\\/ensemble-paroissial-reynies.fr\\\/?page_id=2\"},{\"@type\":\"ListItem\",\"position\":5,\"name\":\"Corbarieu \u2013 \u00c9glise saints Abdon et Sennen\",\"item\":\"https:\\\/\\\/ensemble-paroissial-reynies.fr\\\/?page_id=1298\"},{\"@type\":\"ListItem\",\"position\":6,\"name\":\"Saints Abdon et Sennen\"}]},{\"@type\":\"WebSite\",\"@id\":\"https:\\\/\\\/ensemble-paroissial-reynies.fr\\\/#website\",\"url\":\"https:\\\/\\\/ensemble-paroissial-reynies.fr\\\/\",\"name\":\"Ensemble paroissial de Reyni\u00e8s\",\"description\":\"\",\"publisher\":{\"@id\":\"https:\\\/\\\/ensemble-paroissial-reynies.fr\\\/#organization\"},\"alternateName\":\"EPReyni\u00e8s\",\"potentialAction\":[{\"@type\":\"SearchAction\",\"target\":{\"@type\":\"EntryPoint\",\"urlTemplate\":\"https:\\\/\\\/ensemble-paroissial-reynies.fr\\\/?s={search_term_string}\"},\"query-input\":{\"@type\":\"PropertyValueSpecification\",\"valueRequired\":true,\"valueName\":\"search_term_string\"}}],\"inLanguage\":\"fr-FR\"},{\"@type\":\"Organization\",\"@id\":\"https:\\\/\\\/ensemble-paroissial-reynies.fr\\\/#organization\",\"name\":\"Ensemble paroissial de Reyni\u00e8s\",\"alternateName\":\"EPReyni\u00e8s\",\"url\":\"https:\\\/\\\/ensemble-paroissial-reynies.fr\\\/\",\"logo\":{\"@type\":\"ImageObject\",\"inLanguage\":\"fr-FR\",\"@id\":\"https:\\\/\\\/ensemble-paroissial-reynies.fr\\\/#\\\/schema\\\/logo\\\/image\\\/\",\"url\":\"https:\\\/\\\/ensemble-paroissial-reynies.fr\\\/wp-content\\\/uploads\\\/paroisse\\\/nouveau-logo-catechisme-paroisse-07-2023.jpg\",\"contentUrl\":\"https:\\\/\\\/ensemble-paroissial-reynies.fr\\\/wp-content\\\/uploads\\\/paroisse\\\/nouveau-logo-catechisme-paroisse-07-2023.jpg\",\"width\":666,\"height\":698,\"caption\":\"Ensemble paroissial de Reyni\u00e8s\"},\"image\":{\"@id\":\"https:\\\/\\\/ensemble-paroissial-reynies.fr\\\/#\\\/schema\\\/logo\\\/image\\\/\"}}]}<\/script>\n<!-- \/ Yoast SEO plugin. -->","yoast_head_json":{"title":"Saints Abdon et Sennen - Ensemble paroissial de Reyni\u00e8s","description":"Ensemble paroissial de Reyni\u00e8s - Ensemble paroissial de Reyni\u00e8s","robots":{"index":"index","follow":"follow","max-snippet":"max-snippet:-1","max-image-preview":"max-image-preview:large","max-video-preview":"max-video-preview:-1"},"canonical":"https:\/\/ensemble-paroissial-reynies.fr\/?page_id=1349","og_locale":"fr_FR","og_type":"article","og_title":"Saints Abdon et Sennen - Ensemble paroissial de Reyni\u00e8s","og_description":"Ensemble paroissial de Reyni\u00e8s - Ensemble paroissial de Reyni\u00e8s","og_url":"https:\/\/ensemble-paroissial-reynies.fr\/?page_id=1349","og_site_name":"Ensemble paroissial de Reyni\u00e8s","article_modified_time":"2024-10-08T11:35:32+00:00","twitter_card":"summary_large_image","twitter_misc":{"Dur\u00e9e de lecture estim\u00e9e":"4 minutes"},"schema":{"@context":"https:\/\/schema.org","@graph":[{"@type":"WebPage","@id":"https:\/\/ensemble-paroissial-reynies.fr\/?page_id=1349","url":"https:\/\/ensemble-paroissial-reynies.fr\/?page_id=1349","name":"Saints Abdon et Sennen - Ensemble paroissial de Reyni\u00e8s","isPartOf":{"@id":"https:\/\/ensemble-paroissial-reynies.fr\/#website"},"datePublished":"2024-09-21T11:58:32+00:00","dateModified":"2024-10-08T11:35:32+00:00","description":"Ensemble paroissial de Reyni\u00e8s - Ensemble paroissial de Reyni\u00e8s","breadcrumb":{"@id":"https:\/\/ensemble-paroissial-reynies.fr\/?page_id=1349#breadcrumb"},"inLanguage":"fr-FR","potentialAction":[{"@type":"ReadAction","target":["https:\/\/ensemble-paroissial-reynies.fr\/?page_id=1349"]}]},{"@type":"BreadcrumbList","@id":"https:\/\/ensemble-paroissial-reynies.fr\/?page_id=1349#breadcrumb","itemListElement":[{"@type":"ListItem","position":1,"name":"Home","item":"https:\/\/ensemble-paroissial-reynies.fr\/"},{"@type":"ListItem","position":2,"name":"Accueil","item":"https:\/\/ensemble-paroissial-reynies.fr\/"},{"@type":"ListItem","position":3,"name":"D\u00e9couvrir l&#8217;Ensemble Paroissial","item":"https:\/\/ensemble-paroissial-reynies.fr\/?page_id=535"},{"@type":"ListItem","position":4,"name":"Nos \u00c9glises et Chapelles","item":"https:\/\/ensemble-paroissial-reynies.fr\/?page_id=2"},{"@type":"ListItem","position":5,"name":"Corbarieu \u2013 \u00c9glise saints Abdon et Sennen","item":"https:\/\/ensemble-paroissial-reynies.fr\/?page_id=1298"},{"@type":"ListItem","position":6,"name":"Saints Abdon et Sennen"}]},{"@type":"WebSite","@id":"https:\/\/ensemble-paroissial-reynies.fr\/#website","url":"https:\/\/ensemble-paroissial-reynies.fr\/","name":"Ensemble paroissial de Reyni\u00e8s","description":"","publisher":{"@id":"https:\/\/ensemble-paroissial-reynies.fr\/#organization"},"alternateName":"EPReyni\u00e8s","potentialAction":[{"@type":"SearchAction","target":{"@type":"EntryPoint","urlTemplate":"https:\/\/ensemble-paroissial-reynies.fr\/?s={search_term_string}"},"query-input":{"@type":"PropertyValueSpecification","valueRequired":true,"valueName":"search_term_string"}}],"inLanguage":"fr-FR"},{"@type":"Organization","@id":"https:\/\/ensemble-paroissial-reynies.fr\/#organization","name":"Ensemble paroissial de Reyni\u00e8s","alternateName":"EPReyni\u00e8s","url":"https:\/\/ensemble-paroissial-reynies.fr\/","logo":{"@type":"ImageObject","inLanguage":"fr-FR","@id":"https:\/\/ensemble-paroissial-reynies.fr\/#\/schema\/logo\/image\/","url":"https:\/\/ensemble-paroissial-reynies.fr\/wp-content\/uploads\/paroisse\/nouveau-logo-catechisme-paroisse-07-2023.jpg","contentUrl":"https:\/\/ensemble-paroissial-reynies.fr\/wp-content\/uploads\/paroisse\/nouveau-logo-catechisme-paroisse-07-2023.jpg","width":666,"height":698,"caption":"Ensemble paroissial de Reyni\u00e8s"},"image":{"@id":"https:\/\/ensemble-paroissial-reynies.fr\/#\/schema\/logo\/image\/"}}]}},"featured_image_src":null,"featured_image_src_square":null,"_links":{"self":[{"href":"https:\/\/ensemble-paroissial-reynies.fr\/index.php?rest_route=\/wp\/v2\/pages\/1349","targetHints":{"allow":["GET"]}}],"collection":[{"href":"https:\/\/ensemble-paroissial-reynies.fr\/index.php?rest_route=\/wp\/v2\/pages"}],"about":[{"href":"https:\/\/ensemble-paroissial-reynies.fr\/index.php?rest_route=\/wp\/v2\/types\/page"}],"author":[{"embeddable":true,"href":"https:\/\/ensemble-paroissial-reynies.fr\/index.php?rest_route=\/wp\/v2\/users\/1"}],"replies":[{"embeddable":true,"href":"https:\/\/ensemble-paroissial-reynies.fr\/index.php?rest_route=%2Fwp%2Fv2%2Fcomments&post=1349"}],"version-history":[{"count":0,"href":"https:\/\/ensemble-paroissial-reynies.fr\/index.php?rest_route=\/wp\/v2\/pages\/1349\/revisions"}],"up":[{"embeddable":true,"href":"https:\/\/ensemble-paroissial-reynies.fr\/index.php?rest_route=\/wp\/v2\/pages\/1298"}],"wp:attachment":[{"href":"https:\/\/ensemble-paroissial-reynies.fr\/index.php?rest_route=%2Fwp%2Fv2%2Fmedia&parent=1349"}],"curies":[{"name":"wp","href":"https:\/\/api.w.org\/{rel}","templated":true}]}}