{"id":1330,"date":"2024-09-21T13:45:49","date_gmt":"2024-09-21T11:45:49","guid":{"rendered":"https:\/\/ensemble-paroissial-reynies.fr\/?page_id=1330"},"modified":"2025-09-16T17:38:35","modified_gmt":"2025-09-16T15:38:35","slug":"corbarieu-photographies","status":"publish","type":"page","link":"https:\/\/ensemble-paroissial-reynies.fr\/?page_id=1330","title":{"rendered":"Corbarieu &#8211; Photographies"},"content":{"rendered":"\n<details class=\"wp-block-details is-layout-flow wp-block-details-is-layout-flow\"><summary>Le ch\u0153ur de l&rsquo;\u00e9glise<\/summary>\n<p class=\"has-small-font-size\"><em>Cliquez sur les photos pour les agrandir et passer en mode diaporama<\/em><\/p>\n\n\n<div class=\"pgc-sgb-cb wp-block-pgcsimplygalleryblock-justified \" data-gallery-id=\"74681769\"><div class=\"sgb-preloader\" id=\"pr_74681769\">\n\t<div class=\"sgb-square\" style=\"background:#d4d4d4\"><\/div>\n\t<div class=\"sgb-square\" style=\"background:#d4d4d4\"><\/div>\n\t<div class=\"sgb-square\" style=\"background:#d4d4d4\"><\/div>\n\t<div class=\"sgb-square\" style=\"background:#d4d4d4\"><\/div><\/div><div class=\"simply-gallery-amp pgc_sgb_slider \"><noscript><div class=\"sgb-gallery\"><div class=\"sgb-item\"><a href=\"https:\/\/ensemble-paroissial-reynies.fr\/?attachment_id=2785\" target=\"_blank\"><img decoding=\"async\" alt=\"\" width=\"300\" height=\"225\" loading=\"lazy\" src=\"https:\/\/ensemble-paroissial-reynies.fr\/wp-content\/uploads\/eglise_corbarieu\/P1000502-300x225.jpg\" srcset=\"https:\/\/ensemble-paroissial-reynies.fr\/wp-content\/uploads\/eglise_corbarieu\/P1000502-300x225.jpg 300w,https:\/\/ensemble-paroissial-reynies.fr\/wp-content\/uploads\/eglise_corbarieu\/P1000502-1024x769.jpg 1024w,https:\/\/ensemble-paroissial-reynies.fr\/wp-content\/uploads\/eglise_corbarieu\/P1000502-scaled.jpg 2560w\" sizes=\"auto, 250px\"\/><\/a><\/div><div class=\"sgb-item\"><a href=\"https:\/\/ensemble-paroissial-reynies.fr\/?attachment_id=2790\" target=\"_blank\"><img decoding=\"async\" alt=\"\" width=\"98\" height=\"300\" loading=\"lazy\" src=\"https:\/\/ensemble-paroissial-reynies.fr\/wp-content\/uploads\/eglise_corbarieu\/P1000501m-98x300.jpg\" srcset=\"https:\/\/ensemble-paroissial-reynies.fr\/wp-content\/uploads\/eglise_corbarieu\/P1000501m-98x300.jpg 98w,https:\/\/ensemble-paroissial-reynies.fr\/wp-content\/uploads\/eglise_corbarieu\/P1000501m-335x1024.jpg 335w,https:\/\/ensemble-paroissial-reynies.fr\/wp-content\/uploads\/eglise_corbarieu\/P1000501m-scaled.jpg 839w\" sizes=\"auto, 250px\"\/><\/a><div class=\"sgb-item-caption\"><em>Saint Sennen<\/em><\/div><\/div><div class=\"sgb-item\"><a href=\"https:\/\/ensemble-paroissial-reynies.fr\/?attachment_id=2788\" target=\"_blank\"><img decoding=\"async\" alt=\"\" width=\"276\" height=\"300\" loading=\"lazy\" src=\"https:\/\/ensemble-paroissial-reynies.fr\/wp-content\/uploads\/eglise_corbarieu\/P1000499m-276x300.jpg\" srcset=\"https:\/\/ensemble-paroissial-reynies.fr\/wp-content\/uploads\/eglise_corbarieu\/P1000499m-276x300.jpg 276w,https:\/\/ensemble-paroissial-reynies.fr\/wp-content\/uploads\/eglise_corbarieu\/P1000499m-940x1024.jpg 940w,https:\/\/ensemble-paroissial-reynies.fr\/wp-content\/uploads\/eglise_corbarieu\/P1000499m-scaled.jpg 2351w\" sizes=\"auto, 250px\"\/><\/a><\/div><div class=\"sgb-item\"><a href=\"https:\/\/ensemble-paroissial-reynies.fr\/?attachment_id=858\" target=\"_blank\"><img decoding=\"async\" alt=\"\" width=\"300\" height=\"225\" loading=\"lazy\" src=\"https:\/\/ensemble-paroissial-reynies.fr\/wp-content\/uploads\/eglise_corbarieu\/egcorbarieu0003-1-300x225.jpg\" srcset=\"https:\/\/ensemble-paroissial-reynies.fr\/wp-content\/uploads\/eglise_corbarieu\/egcorbarieu0003-1-300x225.jpg 300w,https:\/\/ensemble-paroissial-reynies.fr\/wp-content\/uploads\/eglise_corbarieu\/egcorbarieu0003-1.jpg 800w\" sizes=\"auto, 250px\"\/><\/a><div class=\"sgb-item-caption\"><em>Tabernacle             <\/em><\/div><\/div><div class=\"sgb-item\"><a href=\"https:\/\/ensemble-paroissial-reynies.fr\/?attachment_id=2786\" target=\"_blank\"><img decoding=\"async\" alt=\"\" width=\"249\" height=\"300\" loading=\"lazy\" src=\"https:\/\/ensemble-paroissial-reynies.fr\/wp-content\/uploads\/eglise_corbarieu\/P1000503m-249x300.jpg\" srcset=\"https:\/\/ensemble-paroissial-reynies.fr\/wp-content\/uploads\/eglise_corbarieu\/P1000503m-249x300.jpg 249w,https:\/\/ensemble-paroissial-reynies.fr\/wp-content\/uploads\/eglise_corbarieu\/P1000503m-850x1024.jpg 850w,https:\/\/ensemble-paroissial-reynies.fr\/wp-content\/uploads\/eglise_corbarieu\/P1000503m-scaled.jpg 2125w\" sizes=\"auto, 250px\"\/><\/a><\/div><div class=\"sgb-item\"><a href=\"https:\/\/ensemble-paroissial-reynies.fr\/?attachment_id=2789\" target=\"_blank\"><img decoding=\"async\" alt=\"\" width=\"296\" height=\"300\" loading=\"lazy\" src=\"https:\/\/ensemble-paroissial-reynies.fr\/wp-content\/uploads\/eglise_corbarieu\/P1000500m-296x300.jpg\" srcset=\"https:\/\/ensemble-paroissial-reynies.fr\/wp-content\/uploads\/eglise_corbarieu\/P1000500m-296x300.jpg 296w,https:\/\/ensemble-paroissial-reynies.fr\/wp-content\/uploads\/eglise_corbarieu\/P1000500m-1011x1024.jpg 1011w,https:\/\/ensemble-paroissial-reynies.fr\/wp-content\/uploads\/eglise_corbarieu\/P1000500m-scaled.jpg 2527w\" sizes=\"auto, 250px\"\/><\/a><\/div><div class=\"sgb-item\"><a href=\"https:\/\/ensemble-paroissial-reynies.fr\/?attachment_id=2787\" target=\"_blank\"><img decoding=\"async\" alt=\"\" width=\"88\" height=\"300\" loading=\"lazy\" src=\"https:\/\/ensemble-paroissial-reynies.fr\/wp-content\/uploads\/eglise_corbarieu\/P1000498m-88x300.jpg\" srcset=\"https:\/\/ensemble-paroissial-reynies.fr\/wp-content\/uploads\/eglise_corbarieu\/P1000498m-88x300.jpg 88w,https:\/\/ensemble-paroissial-reynies.fr\/wp-content\/uploads\/eglise_corbarieu\/P1000498m-299x1024.jpg 299w,https:\/\/ensemble-paroissial-reynies.fr\/wp-content\/uploads\/eglise_corbarieu\/P1000498m-scaled.jpg 747w\" sizes=\"auto, 250px\"\/><\/a><div class=\"sgb-item-caption\"><em>Saint Abdon<\/em><\/div><\/div><\/div><\/noscript><\/div><script type=\"application\/json\" class=\"sgb-data\">{\"collectionThumbMiniScreenScale\":true,\"captionHAlign\":\"bottom\",\"collectionthumbHoverTitleFontSize\":12,\"collectionThumbSubMenuDownload\":false,\"galleryType\":\"pgc_sgb_justified\",\"galleryId\":\"74681769\",\"images\":[{\"id\":2785,\"title\":\"P1000502\",\"url\":\"https:\/\/ensemble-paroissial-reynies.fr\/wp-content\/uploads\/eglise_corbarieu\/P1000502-scaled.jpg\",\"link\":\"https:\/\/ensemble-paroissial-reynies.fr\/?attachment_id=2785\",\"alt\":\"\",\"description\":\"\",\"caption\":\"\",\"mime\":\"image\/jpeg\",\"type\":\"image\",\"width\":2560,\"height\":1922,\"sizes\":{\"thumbnail\":{\"height\":150,\"width\":150,\"url\":\"https:\/\/ensemble-paroissial-reynies.fr\/wp-content\/uploads\/eglise_corbarieu\/P1000502-150x150.jpg\",\"orientation\":\"landscape\"},\"medium\":{\"height\":225,\"width\":300,\"url\":\"https:\/\/ensemble-paroissial-reynies.fr\/wp-content\/uploads\/eglise_corbarieu\/P1000502-300x225.jpg\",\"orientation\":\"landscape\"},\"large\":{\"height\":769,\"width\":1024,\"url\":\"https:\/\/ensemble-paroissial-reynies.fr\/wp-content\/uploads\/eglise_corbarieu\/P1000502-1024x769.jpg\",\"orientation\":\"landscape\"},\"full\":{\"url\":\"https:\/\/ensemble-paroissial-reynies.fr\/wp-content\/uploads\/eglise_corbarieu\/P1000502-scaled.jpg\",\"height\":1922,\"width\":2560,\"orientation\":\"landscape\"}},\"imageMeta\":{\"aperture\":\"3.5\",\"credit\":\"\",\"camera\":\"DMC-G80\",\"caption\":\"\",\"created_timestamp\":\"1733412505\",\"copyright\":\"\",\"focal_length\":\"12\",\"iso\":\"1000\",\"shutter_speed\":\"0.016666666666667\",\"title\":\"\",\"orientation\":\"1\",\"keywords\":[]},\"meta\":false,\"postlink\":\"https:\/\/ensemble-paroissial-reynies.fr\/?attachment_id=2785\"},{\"id\":2790,\"title\":\"P1000501m\",\"url\":\"https:\/\/ensemble-paroissial-reynies.fr\/wp-content\/uploads\/eglise_corbarieu\/P1000501m-scaled.jpg\",\"link\":\"https:\/\/ensemble-paroissial-reynies.fr\/?attachment_id=2790\",\"alt\":\"\",\"description\":\"\",\"caption\":\"Saint Sennen\",\"mime\":\"image\/jpeg\",\"type\":\"image\",\"width\":839,\"height\":2560,\"sizes\":{\"thumbnail\":{\"height\":150,\"width\":150,\"url\":\"https:\/\/ensemble-paroissial-reynies.fr\/wp-content\/uploads\/eglise_corbarieu\/P1000501m-150x150.jpg\",\"orientation\":\"landscape\"},\"medium\":{\"height\":300,\"width\":98,\"url\":\"https:\/\/ensemble-paroissial-reynies.fr\/wp-content\/uploads\/eglise_corbarieu\/P1000501m-98x300.jpg\",\"orientation\":\"portrait\"},\"large\":{\"height\":1024,\"width\":335,\"url\":\"https:\/\/ensemble-paroissial-reynies.fr\/wp-content\/uploads\/eglise_corbarieu\/P1000501m-335x1024.jpg\",\"orientation\":\"portrait\"},\"full\":{\"url\":\"https:\/\/ensemble-paroissial-reynies.fr\/wp-content\/uploads\/eglise_corbarieu\/P1000501m-scaled.jpg\",\"height\":2560,\"width\":839,\"orientation\":\"portrait\"}},\"imageMeta\":{\"aperture\":\"5.6\",\"credit\":\"\",\"camera\":\"DMC-G80\",\"caption\":\"\",\"created_timestamp\":\"1733412486\",\"copyright\":\"\",\"focal_length\":\"46\",\"iso\":\"1000\",\"shutter_speed\":\"0.016666666666667\",\"title\":\"\",\"orientation\":\"0\",\"keywords\":[]},\"meta\":false,\"postlink\":\"https:\/\/ensemble-paroissial-reynies.fr\/?attachment_id=2790\"},{\"id\":2788,\"title\":\"P1000499m\",\"url\":\"https:\/\/ensemble-paroissial-reynies.fr\/wp-content\/uploads\/eglise_corbarieu\/P1000499m-scaled.jpg\",\"link\":\"https:\/\/ensemble-paroissial-reynies.fr\/?attachment_id=2788\",\"alt\":\"\",\"description\":\"\",\"caption\":\"\",\"mime\":\"image\/jpeg\",\"type\":\"image\",\"width\":2351,\"height\":2560,\"sizes\":{\"thumbnail\":{\"height\":150,\"width\":150,\"url\":\"https:\/\/ensemble-paroissial-reynies.fr\/wp-content\/uploads\/eglise_corbarieu\/P1000499m-150x150.jpg\",\"orientation\":\"landscape\"},\"medium\":{\"height\":300,\"width\":276,\"url\":\"https:\/\/ensemble-paroissial-reynies.fr\/wp-content\/uploads\/eglise_corbarieu\/P1000499m-276x300.jpg\",\"orientation\":\"portrait\"},\"large\":{\"height\":1024,\"width\":940,\"url\":\"https:\/\/ensemble-paroissial-reynies.fr\/wp-content\/uploads\/eglise_corbarieu\/P1000499m-940x1024.jpg\",\"orientation\":\"portrait\"},\"full\":{\"url\":\"https:\/\/ensemble-paroissial-reynies.fr\/wp-content\/uploads\/eglise_corbarieu\/P1000499m-scaled.jpg\",\"height\":2560,\"width\":2351,\"orientation\":\"portrait\"}},\"imageMeta\":{\"aperture\":\"5.6\",\"credit\":\"\",\"camera\":\"DMC-G80\",\"caption\":\"\",\"created_timestamp\":\"1733412463\",\"copyright\":\"\",\"focal_length\":\"52\",\"iso\":\"1000\",\"shutter_speed\":\"0.016666666666667\",\"title\":\"\",\"orientation\":\"0\",\"keywords\":[]},\"meta\":false,\"postlink\":\"https:\/\/ensemble-paroissial-reynies.fr\/?attachment_id=2788\"},{\"id\":858,\"title\":\"egcorbarieu0003-1\",\"url\":\"https:\/\/ensemble-paroissial-reynies.fr\/wp-content\/uploads\/eglise_corbarieu\/egcorbarieu0003-1.jpg\",\"link\":\"https:\/\/ensemble-paroissial-reynies.fr\/?attachment_id=858\",\"alt\":\"\",\"description\":\"\",\"caption\":\"Tabernacle             \",\"mime\":\"image\/jpeg\",\"type\":\"image\",\"width\":800,\"height\":600,\"sizes\":{\"thumbnail\":{\"height\":150,\"width\":150,\"url\":\"https:\/\/ensemble-paroissial-reynies.fr\/wp-content\/uploads\/eglise_corbarieu\/egcorbarieu0003-1-150x150.jpg\",\"orientation\":\"landscape\"},\"medium\":{\"height\":225,\"width\":300,\"url\":\"https:\/\/ensemble-paroissial-reynies.fr\/wp-content\/uploads\/eglise_corbarieu\/egcorbarieu0003-1-300x225.jpg\",\"orientation\":\"landscape\"},\"full\":{\"url\":\"https:\/\/ensemble-paroissial-reynies.fr\/wp-content\/uploads\/eglise_corbarieu\/egcorbarieu0003-1.jpg\",\"height\":600,\"width\":800,\"orientation\":\"landscape\"}},\"imageMeta\":{\"aperture\":\"2.2\",\"credit\":\"\",\"camera\":\"ATU-L21\",\"caption\":\"\",\"created_timestamp\":\"1544286690\",\"copyright\":\"\",\"focal_length\":\"3.46\",\"iso\":\"860\",\"shutter_speed\":\"0.049995535\",\"title\":\"\",\"orientation\":\"1\",\"keywords\":[]},\"meta\":false,\"postlink\":\"https:\/\/ensemble-paroissial-reynies.fr\/?attachment_id=858\"},{\"id\":2786,\"title\":\"P1000503m\",\"url\":\"https:\/\/ensemble-paroissial-reynies.fr\/wp-content\/uploads\/eglise_corbarieu\/P1000503m-scaled.jpg\",\"link\":\"https:\/\/ensemble-paroissial-reynies.fr\/?attachment_id=2786\",\"alt\":\"\",\"description\":\"\",\"caption\":\"\",\"mime\":\"image\/jpeg\",\"type\":\"image\",\"width\":2125,\"height\":2560,\"sizes\":{\"thumbnail\":{\"height\":150,\"width\":150,\"url\":\"https:\/\/ensemble-paroissial-reynies.fr\/wp-content\/uploads\/eglise_corbarieu\/P1000503m-150x150.jpg\",\"orientation\":\"landscape\"},\"medium\":{\"height\":300,\"width\":249,\"url\":\"https:\/\/ensemble-paroissial-reynies.fr\/wp-content\/uploads\/eglise_corbarieu\/P1000503m-249x300.jpg\",\"orientation\":\"portrait\"},\"large\":{\"height\":1024,\"width\":850,\"url\":\"https:\/\/ensemble-paroissial-reynies.fr\/wp-content\/uploads\/eglise_corbarieu\/P1000503m-850x1024.jpg\",\"orientation\":\"portrait\"},\"full\":{\"url\":\"https:\/\/ensemble-paroissial-reynies.fr\/wp-content\/uploads\/eglise_corbarieu\/P1000503m-scaled.jpg\",\"height\":2560,\"width\":2125,\"orientation\":\"portrait\"}},\"imageMeta\":{\"aperture\":\"4.9\",\"credit\":\"\",\"camera\":\"DMC-G80\",\"caption\":\"\",\"created_timestamp\":\"1733412520\",\"copyright\":\"\",\"focal_length\":\"30\",\"iso\":\"1600\",\"shutter_speed\":\"0.125\",\"title\":\"\",\"orientation\":\"0\",\"keywords\":[]},\"meta\":false,\"postlink\":\"https:\/\/ensemble-paroissial-reynies.fr\/?attachment_id=2786\"},{\"id\":2789,\"title\":\"P1000500m\",\"url\":\"https:\/\/ensemble-paroissial-reynies.fr\/wp-content\/uploads\/eglise_corbarieu\/P1000500m-scaled.jpg\",\"link\":\"https:\/\/ensemble-paroissial-reynies.fr\/?attachment_id=2789\",\"alt\":\"\",\"description\":\"\",\"caption\":\"\",\"mime\":\"image\/jpeg\",\"type\":\"image\",\"width\":2527,\"height\":2560,\"sizes\":{\"thumbnail\":{\"height\":150,\"width\":150,\"url\":\"https:\/\/ensemble-paroissial-reynies.fr\/wp-content\/uploads\/eglise_corbarieu\/P1000500m-150x150.jpg\",\"orientation\":\"landscape\"},\"medium\":{\"height\":300,\"width\":296,\"url\":\"https:\/\/ensemble-paroissial-reynies.fr\/wp-content\/uploads\/eglise_corbarieu\/P1000500m-296x300.jpg\",\"orientation\":\"portrait\"},\"large\":{\"height\":1024,\"width\":1011,\"url\":\"https:\/\/ensemble-paroissial-reynies.fr\/wp-content\/uploads\/eglise_corbarieu\/P1000500m-1011x1024.jpg\",\"orientation\":\"portrait\"},\"full\":{\"url\":\"https:\/\/ensemble-paroissial-reynies.fr\/wp-content\/uploads\/eglise_corbarieu\/P1000500m-scaled.jpg\",\"height\":2560,\"width\":2527,\"orientation\":\"portrait\"}},\"imageMeta\":{\"aperture\":\"5.6\",\"credit\":\"\",\"camera\":\"DMC-G80\",\"caption\":\"\",\"created_timestamp\":\"1733412475\",\"copyright\":\"\",\"focal_length\":\"52\",\"iso\":\"1000\",\"shutter_speed\":\"0.016666666666667\",\"title\":\"\",\"orientation\":\"0\",\"keywords\":[]},\"meta\":false,\"postlink\":\"https:\/\/ensemble-paroissial-reynies.fr\/?attachment_id=2789\"},{\"id\":2787,\"title\":\"P1000498m\",\"url\":\"https:\/\/ensemble-paroissial-reynies.fr\/wp-content\/uploads\/eglise_corbarieu\/P1000498m-scaled.jpg\",\"link\":\"https:\/\/ensemble-paroissial-reynies.fr\/?attachment_id=2787\",\"alt\":\"\",\"description\":\"\",\"caption\":\"Saint Abdon\",\"mime\":\"image\/jpeg\",\"type\":\"image\",\"width\":747,\"height\":2560,\"sizes\":{\"thumbnail\":{\"height\":150,\"width\":150,\"url\":\"https:\/\/ensemble-paroissial-reynies.fr\/wp-content\/uploads\/eglise_corbarieu\/P1000498m-150x150.jpg\",\"orientation\":\"landscape\"},\"medium\":{\"height\":300,\"width\":88,\"url\":\"https:\/\/ensemble-paroissial-reynies.fr\/wp-content\/uploads\/eglise_corbarieu\/P1000498m-88x300.jpg\",\"orientation\":\"portrait\"},\"large\":{\"height\":1024,\"width\":299,\"url\":\"https:\/\/ensemble-paroissial-reynies.fr\/wp-content\/uploads\/eglise_corbarieu\/P1000498m-299x1024.jpg\",\"orientation\":\"portrait\"},\"full\":{\"url\":\"https:\/\/ensemble-paroissial-reynies.fr\/wp-content\/uploads\/eglise_corbarieu\/P1000498m-scaled.jpg\",\"height\":2560,\"width\":747,\"orientation\":\"portrait\"}},\"imageMeta\":{\"aperture\":\"5.6\",\"credit\":\"\",\"camera\":\"DMC-G80\",\"caption\":\"\",\"created_timestamp\":\"1733412452\",\"copyright\":\"\",\"focal_length\":\"47\",\"iso\":\"1600\",\"shutter_speed\":\"0.016666666666667\",\"title\":\"\",\"orientation\":\"0\",\"keywords\":[]},\"meta\":false,\"postlink\":\"https:\/\/ensemble-paroissial-reynies.fr\/?attachment_id=2787\"}],\"sliderItemTitleFontSize\":24,\"sliderSlideshowAutoStart\":true,\"sliderSlideshowDelay\":5,\"itemsMetaDataCollection\":[]}<\/script><script>(function(){if(window.PGC_SGB && window.PGC_SGB.searcher){window.PGC_SGB.searcher.initBlocks()}})()<\/script><\/div><\/details>\n\n\n\n<details class=\"wp-block-details is-layout-flow wp-block-details-is-layout-flow\"><summary>Chapelle Sacr\u00e9 C\u0153ur de J\u00e9sus<\/summary>\n<p class=\"has-small-font-size\"><em>Cliquez sur les photos pour les agrandir et passer en mode diaporama<\/em><\/p>\n\n\n\n<figure class=\"wp-block-gallery has-nested-images columns-4 is-cropped wp-block-gallery-1 is-layout-flex wp-block-gallery-is-layout-flex\">\n<figure class=\"wp-block-image size-large\"><a href=\"https:\/\/ensemble-paroissial-reynies.fr\/wp-content\/uploads\/eglise_corbarieu\/P1000494m-scaled.jpg\"><img loading=\"lazy\" decoding=\"async\" width=\"1024\" height=\"690\" data-id=\"2793\" src=\"https:\/\/ensemble-paroissial-reynies.fr\/wp-content\/uploads\/eglise_corbarieu\/P1000494m-1024x690.jpg\" alt=\"\" class=\"wp-image-2793\" srcset=\"https:\/\/ensemble-paroissial-reynies.fr\/wp-content\/uploads\/eglise_corbarieu\/P1000494m-1024x690.jpg 1024w, https:\/\/ensemble-paroissial-reynies.fr\/wp-content\/uploads\/eglise_corbarieu\/P1000494m-300x202.jpg 300w, https:\/\/ensemble-paroissial-reynies.fr\/wp-content\/uploads\/eglise_corbarieu\/P1000494m-768x517.jpg 768w, https:\/\/ensemble-paroissial-reynies.fr\/wp-content\/uploads\/eglise_corbarieu\/P1000494m-1536x1034.jpg 1536w, https:\/\/ensemble-paroissial-reynies.fr\/wp-content\/uploads\/eglise_corbarieu\/P1000494m-2048x1379.jpg 2048w\" sizes=\"auto, (max-width: 1024px) 100vw, 1024px\" \/><\/a><\/figure>\n\n\n\n<figure class=\"wp-block-image size-large\"><a href=\"https:\/\/ensemble-paroissial-reynies.fr\/wp-content\/uploads\/eglise_corbarieu\/P1000497m-scaled.jpg\"><img loading=\"lazy\" decoding=\"async\" width=\"369\" height=\"1024\" data-id=\"2796\" src=\"https:\/\/ensemble-paroissial-reynies.fr\/wp-content\/uploads\/eglise_corbarieu\/P1000497m-369x1024.jpg\" alt=\"\" class=\"wp-image-2796\" srcset=\"https:\/\/ensemble-paroissial-reynies.fr\/wp-content\/uploads\/eglise_corbarieu\/P1000497m-369x1024.jpg 369w, https:\/\/ensemble-paroissial-reynies.fr\/wp-content\/uploads\/eglise_corbarieu\/P1000497m-108x300.jpg 108w, https:\/\/ensemble-paroissial-reynies.fr\/wp-content\/uploads\/eglise_corbarieu\/P1000497m-768x2133.jpg 768w, https:\/\/ensemble-paroissial-reynies.fr\/wp-content\/uploads\/eglise_corbarieu\/P1000497m-553x1536.jpg 553w, https:\/\/ensemble-paroissial-reynies.fr\/wp-content\/uploads\/eglise_corbarieu\/P1000497m-737x2048.jpg 737w, https:\/\/ensemble-paroissial-reynies.fr\/wp-content\/uploads\/eglise_corbarieu\/P1000497m-scaled.jpg 922w\" sizes=\"auto, (max-width: 369px) 100vw, 369px\" \/><\/a><figcaption class=\"wp-element-caption\">Saint Joseph<\/figcaption><\/figure>\n\n\n\n<figure class=\"wp-block-image size-large\"><a href=\"https:\/\/ensemble-paroissial-reynies.fr\/wp-content\/uploads\/eglise_corbarieu\/P1000496m-scaled.jpg\"><img loading=\"lazy\" decoding=\"async\" width=\"443\" height=\"1024\" data-id=\"2795\" src=\"https:\/\/ensemble-paroissial-reynies.fr\/wp-content\/uploads\/eglise_corbarieu\/P1000496m-443x1024.jpg\" alt=\"\" class=\"wp-image-2795\" srcset=\"https:\/\/ensemble-paroissial-reynies.fr\/wp-content\/uploads\/eglise_corbarieu\/P1000496m-443x1024.jpg 443w, https:\/\/ensemble-paroissial-reynies.fr\/wp-content\/uploads\/eglise_corbarieu\/P1000496m-130x300.jpg 130w, https:\/\/ensemble-paroissial-reynies.fr\/wp-content\/uploads\/eglise_corbarieu\/P1000496m-768x1776.jpg 768w, https:\/\/ensemble-paroissial-reynies.fr\/wp-content\/uploads\/eglise_corbarieu\/P1000496m-664x1536.jpg 664w, https:\/\/ensemble-paroissial-reynies.fr\/wp-content\/uploads\/eglise_corbarieu\/P1000496m-886x2048.jpg 886w, https:\/\/ensemble-paroissial-reynies.fr\/wp-content\/uploads\/eglise_corbarieu\/P1000496m-scaled.jpg 1107w\" sizes=\"auto, (max-width: 443px) 100vw, 443px\" \/><\/a><figcaption class=\"wp-element-caption\">Sacr\u00e9 C\u0153ur de J\u00e9sus<\/figcaption><\/figure>\n\n\n\n<figure class=\"wp-block-image size-large\"><a href=\"https:\/\/ensemble-paroissial-reynies.fr\/wp-content\/uploads\/eglise_corbarieu\/P1000495m-scaled.jpg\"><img loading=\"lazy\" decoding=\"async\" width=\"304\" height=\"1024\" data-id=\"2794\" src=\"https:\/\/ensemble-paroissial-reynies.fr\/wp-content\/uploads\/eglise_corbarieu\/P1000495m-304x1024.jpg\" alt=\"\" class=\"wp-image-2794\" srcset=\"https:\/\/ensemble-paroissial-reynies.fr\/wp-content\/uploads\/eglise_corbarieu\/P1000495m-304x1024.jpg 304w, https:\/\/ensemble-paroissial-reynies.fr\/wp-content\/uploads\/eglise_corbarieu\/P1000495m-89x300.jpg 89w, https:\/\/ensemble-paroissial-reynies.fr\/wp-content\/uploads\/eglise_corbarieu\/P1000495m-scaled.jpg 761w\" sizes=\"auto, (max-width: 304px) 100vw, 304px\" \/><\/a><figcaption class=\"wp-element-caption\">Saint Jean Vianney cur\u00e9 d&rsquo;Ars<\/figcaption><\/figure>\n<\/figure>\n<\/details>\n\n\n\n<details class=\"wp-block-details is-layout-flow wp-block-details-is-layout-flow\"><summary>Chapelle de la Vierge<\/summary>\n<p class=\"has-small-font-size\"><em>Cliquez sur les photos pour les agrandir et passer en mode diaporama<\/em><\/p>\n\n\n\n<figure class=\"wp-block-gallery has-nested-images columns-4 is-cropped wp-block-gallery-2 is-layout-flex wp-block-gallery-is-layout-flex\">\n<figure class=\"wp-block-image size-large\"><a href=\"https:\/\/ensemble-paroissial-reynies.fr\/wp-content\/uploads\/eglise_corbarieu\/P1000505m-scaled.jpg\"><img loading=\"lazy\" decoding=\"async\" width=\"1024\" height=\"773\" data-id=\"2800\" src=\"https:\/\/ensemble-paroissial-reynies.fr\/wp-content\/uploads\/eglise_corbarieu\/P1000505m-1024x773.jpg\" alt=\"\" class=\"wp-image-2800\" srcset=\"https:\/\/ensemble-paroissial-reynies.fr\/wp-content\/uploads\/eglise_corbarieu\/P1000505m-1024x773.jpg 1024w, https:\/\/ensemble-paroissial-reynies.fr\/wp-content\/uploads\/eglise_corbarieu\/P1000505m-300x226.jpg 300w, https:\/\/ensemble-paroissial-reynies.fr\/wp-content\/uploads\/eglise_corbarieu\/P1000505m-768x579.jpg 768w, https:\/\/ensemble-paroissial-reynies.fr\/wp-content\/uploads\/eglise_corbarieu\/P1000505m-1536x1159.jpg 1536w, https:\/\/ensemble-paroissial-reynies.fr\/wp-content\/uploads\/eglise_corbarieu\/P1000505m-2048x1545.jpg 2048w\" sizes=\"auto, (max-width: 1024px) 100vw, 1024px\" \/><\/a><\/figure>\n\n\n\n<figure class=\"wp-block-image size-large\"><a href=\"https:\/\/ensemble-paroissial-reynies.fr\/wp-content\/uploads\/eglise_corbarieu\/P1000506m-scaled.jpg\"><img loading=\"lazy\" decoding=\"async\" width=\"534\" height=\"1024\" data-id=\"2801\" src=\"https:\/\/ensemble-paroissial-reynies.fr\/wp-content\/uploads\/eglise_corbarieu\/P1000506m-534x1024.jpg\" alt=\"\" class=\"wp-image-2801\" srcset=\"https:\/\/ensemble-paroissial-reynies.fr\/wp-content\/uploads\/eglise_corbarieu\/P1000506m-534x1024.jpg 534w, https:\/\/ensemble-paroissial-reynies.fr\/wp-content\/uploads\/eglise_corbarieu\/P1000506m-156x300.jpg 156w, https:\/\/ensemble-paroissial-reynies.fr\/wp-content\/uploads\/eglise_corbarieu\/P1000506m-768x1473.jpg 768w, https:\/\/ensemble-paroissial-reynies.fr\/wp-content\/uploads\/eglise_corbarieu\/P1000506m-801x1536.jpg 801w, https:\/\/ensemble-paroissial-reynies.fr\/wp-content\/uploads\/eglise_corbarieu\/P1000506m-1067x2048.jpg 1067w, https:\/\/ensemble-paroissial-reynies.fr\/wp-content\/uploads\/eglise_corbarieu\/P1000506m-scaled.jpg 1334w\" sizes=\"auto, (max-width: 534px) 100vw, 534px\" \/><\/a><\/figure>\n\n\n\n<figure class=\"wp-block-image size-large\"><a href=\"https:\/\/ensemble-paroissial-reynies.fr\/wp-content\/uploads\/eglise_corbarieu\/P1000507m-scaled.jpg\"><img loading=\"lazy\" decoding=\"async\" width=\"491\" height=\"1024\" data-id=\"2802\" src=\"https:\/\/ensemble-paroissial-reynies.fr\/wp-content\/uploads\/eglise_corbarieu\/P1000507m-491x1024.jpg\" alt=\"\" class=\"wp-image-2802\" srcset=\"https:\/\/ensemble-paroissial-reynies.fr\/wp-content\/uploads\/eglise_corbarieu\/P1000507m-491x1024.jpg 491w, https:\/\/ensemble-paroissial-reynies.fr\/wp-content\/uploads\/eglise_corbarieu\/P1000507m-144x300.jpg 144w, https:\/\/ensemble-paroissial-reynies.fr\/wp-content\/uploads\/eglise_corbarieu\/P1000507m-768x1601.jpg 768w, https:\/\/ensemble-paroissial-reynies.fr\/wp-content\/uploads\/eglise_corbarieu\/P1000507m-737x1536.jpg 737w, https:\/\/ensemble-paroissial-reynies.fr\/wp-content\/uploads\/eglise_corbarieu\/P1000507m-982x2048.jpg 982w, https:\/\/ensemble-paroissial-reynies.fr\/wp-content\/uploads\/eglise_corbarieu\/P1000507m-scaled.jpg 1228w\" sizes=\"auto, (max-width: 491px) 100vw, 491px\" \/><\/a><figcaption class=\"wp-element-caption\">Sainte Vierge Marie<\/figcaption><\/figure>\n\n\n\n<figure class=\"wp-block-image size-large\"><a href=\"https:\/\/ensemble-paroissial-reynies.fr\/wp-content\/uploads\/eglise_corbarieu\/P1000508m-scaled.jpg\"><img loading=\"lazy\" decoding=\"async\" width=\"506\" height=\"1024\" data-id=\"2803\" src=\"https:\/\/ensemble-paroissial-reynies.fr\/wp-content\/uploads\/eglise_corbarieu\/P1000508m-506x1024.jpg\" alt=\"\" class=\"wp-image-2803\" srcset=\"https:\/\/ensemble-paroissial-reynies.fr\/wp-content\/uploads\/eglise_corbarieu\/P1000508m-506x1024.jpg 506w, https:\/\/ensemble-paroissial-reynies.fr\/wp-content\/uploads\/eglise_corbarieu\/P1000508m-148x300.jpg 148w, https:\/\/ensemble-paroissial-reynies.fr\/wp-content\/uploads\/eglise_corbarieu\/P1000508m-768x1554.jpg 768w, https:\/\/ensemble-paroissial-reynies.fr\/wp-content\/uploads\/eglise_corbarieu\/P1000508m-759x1536.jpg 759w, https:\/\/ensemble-paroissial-reynies.fr\/wp-content\/uploads\/eglise_corbarieu\/P1000508m-1012x2048.jpg 1012w, https:\/\/ensemble-paroissial-reynies.fr\/wp-content\/uploads\/eglise_corbarieu\/P1000508m-scaled.jpg 1265w\" sizes=\"auto, (max-width: 506px) 100vw, 506px\" \/><\/a><\/figure>\n\n\n\n<figure class=\"wp-block-image size-large\"><a href=\"https:\/\/ensemble-paroissial-reynies.fr\/wp-content\/uploads\/eglise_corbarieu\/P1000511m-scaled.jpg\"><img loading=\"lazy\" decoding=\"async\" width=\"889\" height=\"1024\" data-id=\"2807\" src=\"https:\/\/ensemble-paroissial-reynies.fr\/wp-content\/uploads\/eglise_corbarieu\/P1000511m-889x1024.jpg\" alt=\"\" class=\"wp-image-2807\" srcset=\"https:\/\/ensemble-paroissial-reynies.fr\/wp-content\/uploads\/eglise_corbarieu\/P1000511m-889x1024.jpg 889w, https:\/\/ensemble-paroissial-reynies.fr\/wp-content\/uploads\/eglise_corbarieu\/P1000511m-260x300.jpg 260w, https:\/\/ensemble-paroissial-reynies.fr\/wp-content\/uploads\/eglise_corbarieu\/P1000511m-768x885.jpg 768w, https:\/\/ensemble-paroissial-reynies.fr\/wp-content\/uploads\/eglise_corbarieu\/P1000511m-1333x1536.jpg 1333w, https:\/\/ensemble-paroissial-reynies.fr\/wp-content\/uploads\/eglise_corbarieu\/P1000511m-1777x2048.jpg 1777w\" sizes=\"auto, (max-width: 889px) 100vw, 889px\" \/><\/a><\/figure>\n\n\n\n<figure class=\"wp-block-image size-large\"><a href=\"https:\/\/ensemble-paroissial-reynies.fr\/wp-content\/uploads\/eglise_corbarieu\/P1000509m-scaled.jpg\"><img loading=\"lazy\" decoding=\"async\" width=\"932\" height=\"1024\" data-id=\"2805\" src=\"https:\/\/ensemble-paroissial-reynies.fr\/wp-content\/uploads\/eglise_corbarieu\/P1000509m-932x1024.jpg\" alt=\"\" class=\"wp-image-2805\" srcset=\"https:\/\/ensemble-paroissial-reynies.fr\/wp-content\/uploads\/eglise_corbarieu\/P1000509m-932x1024.jpg 932w, https:\/\/ensemble-paroissial-reynies.fr\/wp-content\/uploads\/eglise_corbarieu\/P1000509m-273x300.jpg 273w, https:\/\/ensemble-paroissial-reynies.fr\/wp-content\/uploads\/eglise_corbarieu\/P1000509m-768x844.jpg 768w, https:\/\/ensemble-paroissial-reynies.fr\/wp-content\/uploads\/eglise_corbarieu\/P1000509m-1399x1536.jpg 1399w, https:\/\/ensemble-paroissial-reynies.fr\/wp-content\/uploads\/eglise_corbarieu\/P1000509m-1865x2048.jpg 1865w\" sizes=\"auto, (max-width: 932px) 100vw, 932px\" \/><\/a><\/figure>\n\n\n\n<figure class=\"wp-block-image size-large\"><a href=\"https:\/\/ensemble-paroissial-reynies.fr\/wp-content\/uploads\/eglise_corbarieu\/P1000510m-scaled.jpg\"><img loading=\"lazy\" decoding=\"async\" width=\"879\" height=\"1024\" data-id=\"2806\" src=\"https:\/\/ensemble-paroissial-reynies.fr\/wp-content\/uploads\/eglise_corbarieu\/P1000510m-879x1024.jpg\" alt=\"\" class=\"wp-image-2806\" srcset=\"https:\/\/ensemble-paroissial-reynies.fr\/wp-content\/uploads\/eglise_corbarieu\/P1000510m-879x1024.jpg 879w, https:\/\/ensemble-paroissial-reynies.fr\/wp-content\/uploads\/eglise_corbarieu\/P1000510m-258x300.jpg 258w, https:\/\/ensemble-paroissial-reynies.fr\/wp-content\/uploads\/eglise_corbarieu\/P1000510m-768x894.jpg 768w, https:\/\/ensemble-paroissial-reynies.fr\/wp-content\/uploads\/eglise_corbarieu\/P1000510m-1319x1536.jpg 1319w, https:\/\/ensemble-paroissial-reynies.fr\/wp-content\/uploads\/eglise_corbarieu\/P1000510m-1759x2048.jpg 1759w\" sizes=\"auto, (max-width: 879px) 100vw, 879px\" \/><\/a><\/figure>\n<\/figure>\n<\/details>\n\n\n\n<details class=\"wp-block-details is-layout-flow wp-block-details-is-layout-flow\"><summary>La Nef<\/summary>\n<p class=\"has-small-font-size\"><em>Cliquez sur les photos pour les agrandir et passer en mode diaporama<\/em><\/p>\n\n\n\n<figure class=\"wp-block-gallery has-nested-images columns-5 is-cropped wp-block-gallery-3 is-layout-flex wp-block-gallery-is-layout-flex\">\n<figure class=\"wp-block-image size-large\"><a href=\"https:\/\/ensemble-paroissial-reynies.fr\/wp-content\/uploads\/eglise_corbarieu\/P1000493m-scaled.jpg\"><img loading=\"lazy\" decoding=\"async\" width=\"346\" height=\"1024\" data-id=\"2811\" src=\"https:\/\/ensemble-paroissial-reynies.fr\/wp-content\/uploads\/eglise_corbarieu\/P1000493m-346x1024.jpg\" alt=\"\" class=\"wp-image-2811\" srcset=\"https:\/\/ensemble-paroissial-reynies.fr\/wp-content\/uploads\/eglise_corbarieu\/P1000493m-346x1024.jpg 346w, https:\/\/ensemble-paroissial-reynies.fr\/wp-content\/uploads\/eglise_corbarieu\/P1000493m-101x300.jpg 101w, https:\/\/ensemble-paroissial-reynies.fr\/wp-content\/uploads\/eglise_corbarieu\/P1000493m-768x2271.jpg 768w, https:\/\/ensemble-paroissial-reynies.fr\/wp-content\/uploads\/eglise_corbarieu\/P1000493m-519x1536.jpg 519w, https:\/\/ensemble-paroissial-reynies.fr\/wp-content\/uploads\/eglise_corbarieu\/P1000493m-693x2048.jpg 693w, https:\/\/ensemble-paroissial-reynies.fr\/wp-content\/uploads\/eglise_corbarieu\/P1000493m-scaled.jpg 866w\" sizes=\"auto, (max-width: 346px) 100vw, 346px\" \/><\/a><\/figure>\n\n\n\n<figure class=\"wp-block-image size-large\"><a href=\"https:\/\/ensemble-paroissial-reynies.fr\/wp-content\/uploads\/eglise_corbarieu\/P1000504m-scaled.jpg\"><img loading=\"lazy\" decoding=\"async\" width=\"785\" height=\"1024\" data-id=\"2809\" src=\"https:\/\/ensemble-paroissial-reynies.fr\/wp-content\/uploads\/eglise_corbarieu\/P1000504m-785x1024.jpg\" alt=\"\" class=\"wp-image-2809\" srcset=\"https:\/\/ensemble-paroissial-reynies.fr\/wp-content\/uploads\/eglise_corbarieu\/P1000504m-785x1024.jpg 785w, https:\/\/ensemble-paroissial-reynies.fr\/wp-content\/uploads\/eglise_corbarieu\/P1000504m-230x300.jpg 230w, https:\/\/ensemble-paroissial-reynies.fr\/wp-content\/uploads\/eglise_corbarieu\/P1000504m-768x1001.jpg 768w, https:\/\/ensemble-paroissial-reynies.fr\/wp-content\/uploads\/eglise_corbarieu\/P1000504m-1178x1536.jpg 1178w, https:\/\/ensemble-paroissial-reynies.fr\/wp-content\/uploads\/eglise_corbarieu\/P1000504m-1571x2048.jpg 1571w, https:\/\/ensemble-paroissial-reynies.fr\/wp-content\/uploads\/eglise_corbarieu\/P1000504m-scaled.jpg 1964w\" sizes=\"auto, (max-width: 785px) 100vw, 785px\" \/><\/a><figcaption class=\"wp-element-caption\">Banni\u00e8re paroissiale<\/figcaption><\/figure>\n\n\n\n<figure class=\"wp-block-image size-large\"><a href=\"https:\/\/ensemble-paroissial-reynies.fr\/wp-content\/uploads\/eglise_corbarieu\/vitcorbarieu0005.jpg\"><img loading=\"lazy\" decoding=\"async\" width=\"750\" height=\"1000\" data-id=\"1329\" src=\"https:\/\/ensemble-paroissial-reynies.fr\/wp-content\/uploads\/eglise_corbarieu\/vitcorbarieu0005.jpg\" alt=\"\" class=\"wp-image-1329\" srcset=\"https:\/\/ensemble-paroissial-reynies.fr\/wp-content\/uploads\/eglise_corbarieu\/vitcorbarieu0005.jpg 750w, https:\/\/ensemble-paroissial-reynies.fr\/wp-content\/uploads\/eglise_corbarieu\/vitcorbarieu0005-225x300.jpg 225w, https:\/\/ensemble-paroissial-reynies.fr\/wp-content\/uploads\/eglise_corbarieu\/vitcorbarieu0005-600x800.jpg 600w\" sizes=\"auto, (max-width: 750px) 100vw, 750px\" \/><\/a><figcaption class=\"wp-element-caption\">                               <\/figcaption><\/figure>\n\n\n\n<figure class=\"wp-block-image size-large\"><a href=\"https:\/\/ensemble-paroissial-reynies.fr\/wp-content\/uploads\/eglise_corbarieu\/vitcorbarieu0007.jpg\"><img loading=\"lazy\" decoding=\"async\" width=\"750\" height=\"1000\" data-id=\"1328\" src=\"https:\/\/ensemble-paroissial-reynies.fr\/wp-content\/uploads\/eglise_corbarieu\/vitcorbarieu0007.jpg\" alt=\"\" class=\"wp-image-1328\" srcset=\"https:\/\/ensemble-paroissial-reynies.fr\/wp-content\/uploads\/eglise_corbarieu\/vitcorbarieu0007.jpg 750w, https:\/\/ensemble-paroissial-reynies.fr\/wp-content\/uploads\/eglise_corbarieu\/vitcorbarieu0007-225x300.jpg 225w, https:\/\/ensemble-paroissial-reynies.fr\/wp-content\/uploads\/eglise_corbarieu\/vitcorbarieu0007-600x800.jpg 600w\" sizes=\"auto, (max-width: 750px) 100vw, 750px\" \/><\/a><figcaption class=\"wp-element-caption\">                               <\/figcaption><\/figure>\n\n\n\n<figure class=\"wp-block-image size-large\"><a href=\"https:\/\/ensemble-paroissial-reynies.fr\/wp-content\/uploads\/eglise_corbarieu\/vitcorbarieu0004.jpg\"><img loading=\"lazy\" decoding=\"async\" width=\"750\" height=\"1000\" data-id=\"1327\" src=\"https:\/\/ensemble-paroissial-reynies.fr\/wp-content\/uploads\/eglise_corbarieu\/vitcorbarieu0004.jpg\" alt=\"\" class=\"wp-image-1327\" srcset=\"https:\/\/ensemble-paroissial-reynies.fr\/wp-content\/uploads\/eglise_corbarieu\/vitcorbarieu0004.jpg 750w, https:\/\/ensemble-paroissial-reynies.fr\/wp-content\/uploads\/eglise_corbarieu\/vitcorbarieu0004-225x300.jpg 225w, https:\/\/ensemble-paroissial-reynies.fr\/wp-content\/uploads\/eglise_corbarieu\/vitcorbarieu0004-600x800.jpg 600w\" sizes=\"auto, (max-width: 750px) 100vw, 750px\" \/><\/a><figcaption class=\"wp-element-caption\">                               <\/figcaption><\/figure>\n\n\n\n<figure class=\"wp-block-image size-large\"><a href=\"https:\/\/ensemble-paroissial-reynies.fr\/wp-content\/uploads\/eglise_corbarieu\/vitcorbarieu0009.jpg\"><img loading=\"lazy\" decoding=\"async\" width=\"750\" height=\"1000\" data-id=\"1326\" src=\"https:\/\/ensemble-paroissial-reynies.fr\/wp-content\/uploads\/eglise_corbarieu\/vitcorbarieu0009.jpg\" alt=\"\" class=\"wp-image-1326\" srcset=\"https:\/\/ensemble-paroissial-reynies.fr\/wp-content\/uploads\/eglise_corbarieu\/vitcorbarieu0009.jpg 750w, https:\/\/ensemble-paroissial-reynies.fr\/wp-content\/uploads\/eglise_corbarieu\/vitcorbarieu0009-225x300.jpg 225w, https:\/\/ensemble-paroissial-reynies.fr\/wp-content\/uploads\/eglise_corbarieu\/vitcorbarieu0009-600x800.jpg 600w\" sizes=\"auto, (max-width: 750px) 100vw, 750px\" \/><\/a><figcaption class=\"wp-element-caption\">                               <\/figcaption><\/figure>\n\n\n\n<figure class=\"wp-block-image size-large\"><a href=\"https:\/\/ensemble-paroissial-reynies.fr\/wp-content\/uploads\/eglise_corbarieu\/vitcorbarieu0006.jpg\"><img loading=\"lazy\" decoding=\"async\" width=\"750\" height=\"1000\" data-id=\"1325\" src=\"https:\/\/ensemble-paroissial-reynies.fr\/wp-content\/uploads\/eglise_corbarieu\/vitcorbarieu0006.jpg\" alt=\"\" class=\"wp-image-1325\" srcset=\"https:\/\/ensemble-paroissial-reynies.fr\/wp-content\/uploads\/eglise_corbarieu\/vitcorbarieu0006.jpg 750w, https:\/\/ensemble-paroissial-reynies.fr\/wp-content\/uploads\/eglise_corbarieu\/vitcorbarieu0006-225x300.jpg 225w, https:\/\/ensemble-paroissial-reynies.fr\/wp-content\/uploads\/eglise_corbarieu\/vitcorbarieu0006-600x800.jpg 600w\" sizes=\"auto, (max-width: 750px) 100vw, 750px\" \/><\/a><figcaption class=\"wp-element-caption\">                               <\/figcaption><\/figure>\n\n\n\n<figure class=\"wp-block-image size-large\"><a href=\"https:\/\/ensemble-paroissial-reynies.fr\/wp-content\/uploads\/eglise_corbarieu\/vitcorbarieu0010.jpg\"><img loading=\"lazy\" decoding=\"async\" width=\"750\" height=\"1000\" data-id=\"1324\" src=\"https:\/\/ensemble-paroissial-reynies.fr\/wp-content\/uploads\/eglise_corbarieu\/vitcorbarieu0010.jpg\" alt=\"\" class=\"wp-image-1324\" srcset=\"https:\/\/ensemble-paroissial-reynies.fr\/wp-content\/uploads\/eglise_corbarieu\/vitcorbarieu0010.jpg 750w, https:\/\/ensemble-paroissial-reynies.fr\/wp-content\/uploads\/eglise_corbarieu\/vitcorbarieu0010-225x300.jpg 225w, https:\/\/ensemble-paroissial-reynies.fr\/wp-content\/uploads\/eglise_corbarieu\/vitcorbarieu0010-600x800.jpg 600w\" sizes=\"auto, (max-width: 750px) 100vw, 750px\" \/><\/a><figcaption class=\"wp-element-caption\">                               <\/figcaption><\/figure>\n\n\n\n<figure class=\"wp-block-image size-large\"><a href=\"https:\/\/ensemble-paroissial-reynies.fr\/wp-content\/uploads\/eglise_corbarieu\/plaque-1418-paroisse-corbarieum.jpg\"><img loading=\"lazy\" decoding=\"async\" width=\"658\" height=\"582\" data-id=\"855\" src=\"https:\/\/ensemble-paroissial-reynies.fr\/wp-content\/uploads\/eglise_corbarieu\/plaque-1418-paroisse-corbarieum.jpg\" alt=\"\" class=\"wp-image-855\" srcset=\"https:\/\/ensemble-paroissial-reynies.fr\/wp-content\/uploads\/eglise_corbarieu\/plaque-1418-paroisse-corbarieum.jpg 658w, https:\/\/ensemble-paroissial-reynies.fr\/wp-content\/uploads\/eglise_corbarieu\/plaque-1418-paroisse-corbarieum-300x265.jpg 300w\" sizes=\"auto, (max-width: 658px) 100vw, 658px\" \/><\/a><\/figure>\n\n\n\n<figure class=\"wp-block-image size-large\"><a href=\"https:\/\/ensemble-paroissial-reynies.fr\/wp-content\/uploads\/eglise_corbarieu\/P1000512m-scaled.jpg\"><img loading=\"lazy\" decoding=\"async\" width=\"411\" height=\"1024\" data-id=\"2810\" src=\"https:\/\/ensemble-paroissial-reynies.fr\/wp-content\/uploads\/eglise_corbarieu\/P1000512m-411x1024.jpg\" alt=\"\" class=\"wp-image-2810\" srcset=\"https:\/\/ensemble-paroissial-reynies.fr\/wp-content\/uploads\/eglise_corbarieu\/P1000512m-411x1024.jpg 411w, https:\/\/ensemble-paroissial-reynies.fr\/wp-content\/uploads\/eglise_corbarieu\/P1000512m-121x300.jpg 121w, https:\/\/ensemble-paroissial-reynies.fr\/wp-content\/uploads\/eglise_corbarieu\/P1000512m-768x1912.jpg 768w, https:\/\/ensemble-paroissial-reynies.fr\/wp-content\/uploads\/eglise_corbarieu\/P1000512m-617x1536.jpg 617w, https:\/\/ensemble-paroissial-reynies.fr\/wp-content\/uploads\/eglise_corbarieu\/P1000512m-823x2048.jpg 823w, https:\/\/ensemble-paroissial-reynies.fr\/wp-content\/uploads\/eglise_corbarieu\/P1000512m-scaled.jpg 1029w\" sizes=\"auto, (max-width: 411px) 100vw, 411px\" \/><\/a><figcaption class=\"wp-element-caption\">Sainte Th\u00e9r\u00e8se<\/figcaption><\/figure>\n<\/figure>\n<\/details>\n","protected":false},"excerpt":{"rendered":"","protected":false},"author":1,"featured_media":0,"parent":1298,"menu_order":2,"comment_status":"closed","ping_status":"closed","template":"","meta":{"_eb_attr":"","pgc_sgb_lightbox_settings":"","footnotes":""},"class_list":["post-1330","page","type-page","status-publish"],"yoast_head":"<!-- This site is optimized with the Yoast SEO plugin v27.5 - https:\/\/yoast.com\/product\/yoast-seo-wordpress\/ -->\n<title>Corbarieu - Photographies - Ensemble paroissial de Reyni\u00e8s<\/title>\n<meta name=\"description\" content=\"Ensemble paroissial de Reyni\u00e8s - Ensemble paroissial de Reyni\u00e8s\" \/>\n<meta name=\"robots\" content=\"index, follow, max-snippet:-1, max-image-preview:large, max-video-preview:-1\" \/>\n<link rel=\"canonical\" href=\"https:\/\/ensemble-paroissial-reynies.fr\/?page_id=1330\" \/>\n<meta property=\"og:locale\" content=\"fr_FR\" \/>\n<meta property=\"og:type\" content=\"article\" \/>\n<meta property=\"og:title\" content=\"Corbarieu - Photographies - Ensemble paroissial de Reyni\u00e8s\" \/>\n<meta property=\"og:description\" content=\"Ensemble paroissial de Reyni\u00e8s - Ensemble paroissial de Reyni\u00e8s\" \/>\n<meta property=\"og:url\" content=\"https:\/\/ensemble-paroissial-reynies.fr\/?page_id=1330\" \/>\n<meta property=\"og:site_name\" content=\"Ensemble paroissial de Reyni\u00e8s\" \/>\n<meta property=\"article:modified_time\" content=\"2025-09-16T15:38:35+00:00\" \/>\n<meta property=\"og:image\" content=\"https:\/\/ensemble-paroissial-reynies.fr\/wp-content\/uploads\/eglise_corbarieu\/P1000502-1024x769.jpg\" \/>\n<meta name=\"twitter:card\" content=\"summary_large_image\" \/>\n<meta name=\"twitter:label1\" content=\"Dur\u00e9e de lecture estim\u00e9e\" \/>\n\t<meta name=\"twitter:data1\" content=\"7 minutes\" \/>\n<script type=\"application\/ld+json\" class=\"yoast-schema-graph\">{\"@context\":\"https:\\\/\\\/schema.org\",\"@graph\":[{\"@type\":\"WebPage\",\"@id\":\"https:\\\/\\\/ensemble-paroissial-reynies.fr\\\/?page_id=1330\",\"url\":\"https:\\\/\\\/ensemble-paroissial-reynies.fr\\\/?page_id=1330\",\"name\":\"Corbarieu - Photographies - Ensemble paroissial de Reyni\u00e8s\",\"isPartOf\":{\"@id\":\"https:\\\/\\\/ensemble-paroissial-reynies.fr\\\/#website\"},\"primaryImageOfPage\":{\"@id\":\"https:\\\/\\\/ensemble-paroissial-reynies.fr\\\/?page_id=1330#primaryimage\"},\"image\":{\"@id\":\"https:\\\/\\\/ensemble-paroissial-reynies.fr\\\/?page_id=1330#primaryimage\"},\"thumbnailUrl\":\"https:\\\/\\\/ensemble-paroissial-reynies.fr\\\/wp-content\\\/uploads\\\/eglise_corbarieu\\\/P1000502-1024x769.jpg\",\"datePublished\":\"2024-09-21T11:45:49+00:00\",\"dateModified\":\"2025-09-16T15:38:35+00:00\",\"description\":\"Ensemble paroissial de Reyni\u00e8s - Ensemble paroissial de Reyni\u00e8s\",\"breadcrumb\":{\"@id\":\"https:\\\/\\\/ensemble-paroissial-reynies.fr\\\/?page_id=1330#breadcrumb\"},\"inLanguage\":\"fr-FR\",\"potentialAction\":[{\"@type\":\"ReadAction\",\"target\":[\"https:\\\/\\\/ensemble-paroissial-reynies.fr\\\/?page_id=1330\"]}]},{\"@type\":\"ImageObject\",\"inLanguage\":\"fr-FR\",\"@id\":\"https:\\\/\\\/ensemble-paroissial-reynies.fr\\\/?page_id=1330#primaryimage\",\"url\":\"https:\\\/\\\/ensemble-paroissial-reynies.fr\\\/wp-content\\\/uploads\\\/eglise_corbarieu\\\/P1000502-scaled.jpg\",\"contentUrl\":\"https:\\\/\\\/ensemble-paroissial-reynies.fr\\\/wp-content\\\/uploads\\\/eglise_corbarieu\\\/P1000502-scaled.jpg\",\"width\":2560,\"height\":1922},{\"@type\":\"BreadcrumbList\",\"@id\":\"https:\\\/\\\/ensemble-paroissial-reynies.fr\\\/?page_id=1330#breadcrumb\",\"itemListElement\":[{\"@type\":\"ListItem\",\"position\":1,\"name\":\"Home\",\"item\":\"https:\\\/\\\/ensemble-paroissial-reynies.fr\\\/\"},{\"@type\":\"ListItem\",\"position\":2,\"name\":\"Accueil\",\"item\":\"https:\\\/\\\/ensemble-paroissial-reynies.fr\\\/\"},{\"@type\":\"ListItem\",\"position\":3,\"name\":\"D\u00e9couvrir l&#8217;Ensemble Paroissial\",\"item\":\"https:\\\/\\\/ensemble-paroissial-reynies.fr\\\/?page_id=535\"},{\"@type\":\"ListItem\",\"position\":4,\"name\":\"Nos \u00c9glises et Chapelles\",\"item\":\"https:\\\/\\\/ensemble-paroissial-reynies.fr\\\/?page_id=2\"},{\"@type\":\"ListItem\",\"position\":5,\"name\":\"Corbarieu \u2013 \u00c9glise saints Abdon et Sennen\",\"item\":\"https:\\\/\\\/ensemble-paroissial-reynies.fr\\\/?page_id=1298\"},{\"@type\":\"ListItem\",\"position\":6,\"name\":\"Corbarieu &#8211; Photographies\"}]},{\"@type\":\"WebSite\",\"@id\":\"https:\\\/\\\/ensemble-paroissial-reynies.fr\\\/#website\",\"url\":\"https:\\\/\\\/ensemble-paroissial-reynies.fr\\\/\",\"name\":\"Ensemble paroissial de Reyni\u00e8s\",\"description\":\"\",\"publisher\":{\"@id\":\"https:\\\/\\\/ensemble-paroissial-reynies.fr\\\/#organization\"},\"alternateName\":\"EPReyni\u00e8s\",\"potentialAction\":[{\"@type\":\"SearchAction\",\"target\":{\"@type\":\"EntryPoint\",\"urlTemplate\":\"https:\\\/\\\/ensemble-paroissial-reynies.fr\\\/?s={search_term_string}\"},\"query-input\":{\"@type\":\"PropertyValueSpecification\",\"valueRequired\":true,\"valueName\":\"search_term_string\"}}],\"inLanguage\":\"fr-FR\"},{\"@type\":\"Organization\",\"@id\":\"https:\\\/\\\/ensemble-paroissial-reynies.fr\\\/#organization\",\"name\":\"Ensemble paroissial de Reyni\u00e8s\",\"alternateName\":\"EPReyni\u00e8s\",\"url\":\"https:\\\/\\\/ensemble-paroissial-reynies.fr\\\/\",\"logo\":{\"@type\":\"ImageObject\",\"inLanguage\":\"fr-FR\",\"@id\":\"https:\\\/\\\/ensemble-paroissial-reynies.fr\\\/#\\\/schema\\\/logo\\\/image\\\/\",\"url\":\"https:\\\/\\\/ensemble-paroissial-reynies.fr\\\/wp-content\\\/uploads\\\/paroisse\\\/nouveau-logo-catechisme-paroisse-07-2023.jpg\",\"contentUrl\":\"https:\\\/\\\/ensemble-paroissial-reynies.fr\\\/wp-content\\\/uploads\\\/paroisse\\\/nouveau-logo-catechisme-paroisse-07-2023.jpg\",\"width\":666,\"height\":698,\"caption\":\"Ensemble paroissial de Reyni\u00e8s\"},\"image\":{\"@id\":\"https:\\\/\\\/ensemble-paroissial-reynies.fr\\\/#\\\/schema\\\/logo\\\/image\\\/\"}}]}<\/script>\n<!-- \/ Yoast SEO plugin. -->","yoast_head_json":{"title":"Corbarieu - Photographies - Ensemble paroissial de Reyni\u00e8s","description":"Ensemble paroissial de Reyni\u00e8s - Ensemble paroissial de Reyni\u00e8s","robots":{"index":"index","follow":"follow","max-snippet":"max-snippet:-1","max-image-preview":"max-image-preview:large","max-video-preview":"max-video-preview:-1"},"canonical":"https:\/\/ensemble-paroissial-reynies.fr\/?page_id=1330","og_locale":"fr_FR","og_type":"article","og_title":"Corbarieu - Photographies - Ensemble paroissial de Reyni\u00e8s","og_description":"Ensemble paroissial de Reyni\u00e8s - Ensemble paroissial de Reyni\u00e8s","og_url":"https:\/\/ensemble-paroissial-reynies.fr\/?page_id=1330","og_site_name":"Ensemble paroissial de Reyni\u00e8s","article_modified_time":"2025-09-16T15:38:35+00:00","og_image":[{"url":"https:\/\/ensemble-paroissial-reynies.fr\/wp-content\/uploads\/eglise_corbarieu\/P1000502-1024x769.jpg","type":"","width":"","height":""}],"twitter_card":"summary_large_image","twitter_misc":{"Dur\u00e9e de lecture estim\u00e9e":"7 minutes"},"schema":{"@context":"https:\/\/schema.org","@graph":[{"@type":"WebPage","@id":"https:\/\/ensemble-paroissial-reynies.fr\/?page_id=1330","url":"https:\/\/ensemble-paroissial-reynies.fr\/?page_id=1330","name":"Corbarieu - Photographies - Ensemble paroissial de Reyni\u00e8s","isPartOf":{"@id":"https:\/\/ensemble-paroissial-reynies.fr\/#website"},"primaryImageOfPage":{"@id":"https:\/\/ensemble-paroissial-reynies.fr\/?page_id=1330#primaryimage"},"image":{"@id":"https:\/\/ensemble-paroissial-reynies.fr\/?page_id=1330#primaryimage"},"thumbnailUrl":"https:\/\/ensemble-paroissial-reynies.fr\/wp-content\/uploads\/eglise_corbarieu\/P1000502-1024x769.jpg","datePublished":"2024-09-21T11:45:49+00:00","dateModified":"2025-09-16T15:38:35+00:00","description":"Ensemble paroissial de Reyni\u00e8s - Ensemble paroissial de Reyni\u00e8s","breadcrumb":{"@id":"https:\/\/ensemble-paroissial-reynies.fr\/?page_id=1330#breadcrumb"},"inLanguage":"fr-FR","potentialAction":[{"@type":"ReadAction","target":["https:\/\/ensemble-paroissial-reynies.fr\/?page_id=1330"]}]},{"@type":"ImageObject","inLanguage":"fr-FR","@id":"https:\/\/ensemble-paroissial-reynies.fr\/?page_id=1330#primaryimage","url":"https:\/\/ensemble-paroissial-reynies.fr\/wp-content\/uploads\/eglise_corbarieu\/P1000502-scaled.jpg","contentUrl":"https:\/\/ensemble-paroissial-reynies.fr\/wp-content\/uploads\/eglise_corbarieu\/P1000502-scaled.jpg","width":2560,"height":1922},{"@type":"BreadcrumbList","@id":"https:\/\/ensemble-paroissial-reynies.fr\/?page_id=1330#breadcrumb","itemListElement":[{"@type":"ListItem","position":1,"name":"Home","item":"https:\/\/ensemble-paroissial-reynies.fr\/"},{"@type":"ListItem","position":2,"name":"Accueil","item":"https:\/\/ensemble-paroissial-reynies.fr\/"},{"@type":"ListItem","position":3,"name":"D\u00e9couvrir l&#8217;Ensemble Paroissial","item":"https:\/\/ensemble-paroissial-reynies.fr\/?page_id=535"},{"@type":"ListItem","position":4,"name":"Nos \u00c9glises et Chapelles","item":"https:\/\/ensemble-paroissial-reynies.fr\/?page_id=2"},{"@type":"ListItem","position":5,"name":"Corbarieu \u2013 \u00c9glise saints Abdon et Sennen","item":"https:\/\/ensemble-paroissial-reynies.fr\/?page_id=1298"},{"@type":"ListItem","position":6,"name":"Corbarieu &#8211; Photographies"}]},{"@type":"WebSite","@id":"https:\/\/ensemble-paroissial-reynies.fr\/#website","url":"https:\/\/ensemble-paroissial-reynies.fr\/","name":"Ensemble paroissial de Reyni\u00e8s","description":"","publisher":{"@id":"https:\/\/ensemble-paroissial-reynies.fr\/#organization"},"alternateName":"EPReyni\u00e8s","potentialAction":[{"@type":"SearchAction","target":{"@type":"EntryPoint","urlTemplate":"https:\/\/ensemble-paroissial-reynies.fr\/?s={search_term_string}"},"query-input":{"@type":"PropertyValueSpecification","valueRequired":true,"valueName":"search_term_string"}}],"inLanguage":"fr-FR"},{"@type":"Organization","@id":"https:\/\/ensemble-paroissial-reynies.fr\/#organization","name":"Ensemble paroissial de Reyni\u00e8s","alternateName":"EPReyni\u00e8s","url":"https:\/\/ensemble-paroissial-reynies.fr\/","logo":{"@type":"ImageObject","inLanguage":"fr-FR","@id":"https:\/\/ensemble-paroissial-reynies.fr\/#\/schema\/logo\/image\/","url":"https:\/\/ensemble-paroissial-reynies.fr\/wp-content\/uploads\/paroisse\/nouveau-logo-catechisme-paroisse-07-2023.jpg","contentUrl":"https:\/\/ensemble-paroissial-reynies.fr\/wp-content\/uploads\/paroisse\/nouveau-logo-catechisme-paroisse-07-2023.jpg","width":666,"height":698,"caption":"Ensemble paroissial de Reyni\u00e8s"},"image":{"@id":"https:\/\/ensemble-paroissial-reynies.fr\/#\/schema\/logo\/image\/"}}]}},"featured_image_src":null,"featured_image_src_square":null,"_links":{"self":[{"href":"https:\/\/ensemble-paroissial-reynies.fr\/index.php?rest_route=\/wp\/v2\/pages\/1330","targetHints":{"allow":["GET"]}}],"collection":[{"href":"https:\/\/ensemble-paroissial-reynies.fr\/index.php?rest_route=\/wp\/v2\/pages"}],"about":[{"href":"https:\/\/ensemble-paroissial-reynies.fr\/index.php?rest_route=\/wp\/v2\/types\/page"}],"author":[{"embeddable":true,"href":"https:\/\/ensemble-paroissial-reynies.fr\/index.php?rest_route=\/wp\/v2\/users\/1"}],"replies":[{"embeddable":true,"href":"https:\/\/ensemble-paroissial-reynies.fr\/index.php?rest_route=%2Fwp%2Fv2%2Fcomments&post=1330"}],"version-history":[{"count":0,"href":"https:\/\/ensemble-paroissial-reynies.fr\/index.php?rest_route=\/wp\/v2\/pages\/1330\/revisions"}],"up":[{"embeddable":true,"href":"https:\/\/ensemble-paroissial-reynies.fr\/index.php?rest_route=\/wp\/v2\/pages\/1298"}],"wp:attachment":[{"href":"https:\/\/ensemble-paroissial-reynies.fr\/index.php?rest_route=%2Fwp%2Fv2%2Fmedia&parent=1330"}],"curies":[{"name":"wp","href":"https:\/\/api.w.org\/{rel}","templated":true}]}}