{"id":1262,"date":"2025-02-03T23:40:41","date_gmt":"2025-02-03T22:40:41","guid":{"rendered":"https:\/\/ensemble-paroissial-reynies.fr\/?page_id=1262"},"modified":"2025-03-24T00:11:42","modified_gmt":"2025-03-23T23:11:42","slug":"mariage","status":"publish","type":"page","link":"https:\/\/ensemble-paroissial-reynies.fr\/?page_id=1262","title":{"rendered":"Mariage"},"content":{"rendered":"\n<div class=\"wp-block-group is-nowrap is-layout-flex wp-container-core-group-is-layout-ad2f72ca wp-block-group-is-layout-flex\">\n<figure class=\"wp-block-image size-full is-resized is-style-rounded\"><img loading=\"lazy\" decoding=\"async\" width=\"80\" height=\"76\" src=\"https:\/\/ensemble-paroissial-reynies.fr\/wp-content\/uploads\/images\/icones\/alliances.gif\" alt=\"\" class=\"wp-image-1583\" style=\"width:143px;height:auto\"\/><\/figure>\n\n\n\n<p style=\"font-size:16px\">Vous pr\u00e9voyez de vous unir devant Dieu par le sacrement du Mariage.<br>Fonder une famille est une \u00e9tape importante de la vie chr\u00e9tienne et nous vous accompagnerons dans le cheminement vers ce grand jour o\u00f9 vous vous engagerez l\u2019un vers l\u2019autre devant Notre Seigneur.<\/p>\n\n\n\n<div style=\"height:6px;width:0px\" aria-hidden=\"true\" class=\"wp-block-spacer wp-container-content-2aa4ec05\"><\/div>\n<\/div>\n\n\n\n<div style=\"height:17px\" aria-hidden=\"true\" class=\"wp-block-spacer\"><\/div>\n\n\n\n<p style=\"font-size:15px\">Le mariage est l\u2019alliance entre un homme et une femme unis par un m\u00eame amour. Dans cette alliance se r\u00e9v\u00e8le le plus pleinement l\u2019histoire des alliances entre Dieu et l\u2019humanit\u00e9 scell\u00e9e dans l\u2019amour du Christ qui a donn\u00e9 sa vie pour nous. Le&nbsp;<a href=\"https:\/\/eglise.catholique.fr\/glossaire\/sacrement\/\">sacrement<\/a>&nbsp;de mariage sanctifie l\u2019union d\u2019un homme et d\u2019une femme et situe l\u2019amour des \u00e9poux au c\u0153ur de l\u2019amour de Dieu pour l\u2019humanit\u00e9.<br>C\u2019est un engagement pris devant Dieu. La dignit\u00e9 de cet engagement s\u2019articule sur les quatre piliers que scelle l\u2019\u00e9change des consentements&nbsp;: la libert\u00e9, la fid\u00e9lit\u00e9, l\u2019indissolubilit\u00e9 et la f\u00e9condit\u00e9. Chacun des fianc\u00e9s doit \u00eatre pleinement libre au moment de son engagement. Les conjoints se promettent fid\u00e9lit\u00e9, et cette promesse est source de confiance r\u00e9ciproque.<\/p>\n\n\n\n<p style=\"font-size:15px\">Cet engagement devant Dieu implique de se pr\u00e9parer s\u00e9rieusement et de cheminer vers la c\u00e9r\u00e9monie \u00e0 deux, pour que l&rsquo;amour qui vous uni prenne une dimension plus grande par la gr\u00e2ce que vous donnera Dieu par le sacrement du mariage.<\/p>\n\n\n\n<p style=\"font-size:18px\">Pour pr\u00e9parer votre mariage <strong><mark style=\"background-color:rgba(0, 0, 0, 0)\" class=\"has-inline-color has-global-color-8-color\">contactez la paroisse au moins 12 mois avant la date<\/mark> <\/strong>\u00e0 laquelle vous aimeriez que cette \u00e9tape tr\u00e8s importante de la vie chr\u00e9tienne soit c\u00e9l\u00e9br\u00e9e.<\/p>\n\n\n\n<details class=\"wp-block-details has-base-3-color has-accent-background-color has-text-color has-background has-link-color wp-elements-dd9971d3f1dc06aa4affdd4b067310e9 is-layout-flow wp-block-details-is-layout-flow\"><summary>Cheminement vers le mariage<\/summary>\n<p><\/p>\n\n\n\n<p style=\"font-size:15px\">Le mariage catholique a une signification symbolique. Il est le symbole de l\u2019amour et de l\u2019alliance du Christ et de l\u2019\u00c9glise : ce sont des baptis\u00e9s qui s&rsquo;unissent pour donner une valeur sacr\u00e9e \u00e0 leur amour mutuel et recevoir de Dieu une force pour s&rsquo;aimer.<\/p>\n\n\n\n<p style=\"font-size:15px\">Le cheminement vers le mariage se compose de rencontres avec le pr\u00eatre, de rencontres avec d&rsquo;autres fianc\u00e9s qui se pr\u00e9parent eux aussi et des couples mari\u00e9s. Ces rencontres vous permettront de r\u00e9fl\u00e9chir et d\u2019\u00e9changer sur votre engagement humain et chr\u00e9tien.<br>Les \u00e9changes, faits de t\u00e9moignages et de discussions, avec d&rsquo;autres couples, futurs mari\u00e9s ou mari\u00e9s, vous aideront \u00e0 donner un sens \u00e0 la r\u00e9alit\u00e9 du v\u00e9cu et de la relation de couple, dans le quotidien et dans la dur\u00e9e. Les rencontres sont organis\u00e9es par l&rsquo;\u00e9quipe de pr\u00e9paration au mariage dioc\u00e9saine, 3 sessions sont propos\u00e9es entre d\u00e9cembre et mars).<\/p>\n\n\n\n<p style=\"font-size:15px\">Monsieur le cur\u00e9 de l&rsquo;ensemble paroissial, le P\u00e8re Herman Boro, vous rencontrera pour vous aider dans le cheminement et dans la pr\u00e9paration de la c\u00e9r\u00e9monie.<\/p>\n<\/details>\n\n\n\n<div style=\"height:20px\" aria-hidden=\"true\" class=\"wp-block-spacer\"><\/div>\n\n\n\n<details class=\"wp-block-details has-base-3-color has-accent-background-color has-text-color has-background has-link-color wp-elements-c2e1ec81c92b0dc0abf73daddddd5751 is-layout-flow wp-block-details-is-layout-flow\"><summary>Les d\u00e9marches en vue du mariage<\/summary>\n<p style=\"font-size:15px\"><\/p>\n\n\n\n<p style=\"font-size:15px\">Tout d&rsquo;abord n&rsquo;oubliez pas<\/p>\n\n\n\n<ul class=\"wp-block-list\">\n<li style=\"font-size:15px\">qu&rsquo;un mariage \u00e0 l&rsquo;\u00e9glise n\u00e9cessite d&rsquo;\u00eatre mari\u00e9s civilement, la c\u00e9r\u00e9monie religieuse ne peut donc avoir lieu qu&rsquo;apr\u00e8s \u00eatre pass\u00e9 \u00e0 la mairie pour vous marier civilement.<\/li>\n\n\n\n<li style=\"font-size:15px\">qu&rsquo;on ne peut pas se marier deux fois \u00e0 l&rsquo;\u00e9glise sauf en cas de veuvage. Un divorce civil ne rompt pas le sacrement du mariage religieux.<\/li>\n\n\n\n<li style=\"font-size:15px\">qu&rsquo;habituellement ce sont deux personnes baptis\u00e9es qui s&rsquo;unissent, <em>si l&rsquo;un de vous deux n&rsquo;a pas re\u00e7u le sacrement du bapt\u00eame prenez contact avec le P\u00e8re Herman Boro pour en discuter<\/em><\/li>\n<\/ul>\n\n\n\n<p style=\"font-size:15px\"><strong>La premi\u00e8re \u00e9tape en vue du mariage est de nous contacter<\/strong>, voir plus bas dans la page comment le faire.<\/p>\n\n\n\n<p style=\"font-size:15px\">Nous vous demanderons de remplir une fiche de renseignements (vous pouvez la t\u00e9l\u00e9charger en cliquant <a href=\"https:\/\/ensemble-paroissial-reynies.fr\/wp-content\/uploads\/paroisse\/Mariage\/Fich_rens_mariage_2025.pdf\" target=\"_blank\" rel=\"noreferrer noopener\">ICI<\/a>) et de nous fournir divers documents :<\/p>\n\n\n\n<ul class=\"wp-block-list\">\n<li style=\"font-size:15px\">Un extrait d&rsquo;acte de naissance de moins de 3 mois pour chacun de vous<\/li>\n\n\n\n<li style=\"font-size:15px\">Une copie de la carte catholique de bapt\u00eame ou du livret de famille catholique de vos parents\n<ul class=\"wp-block-list\">\n<li>Avec les renseignements demand\u00e9s nous demanderons vos certificats de bapt\u00eames aux paroisses dans lesquelles vous avez \u00e9t\u00e9 baptis\u00e9s mais si vous poss\u00e9dez une copie de votre acte de bapt\u00eame fournissez le nous<\/li>\n<\/ul>\n<\/li>\n\n\n\n<li style=\"font-size:15px\">Si vous \u00eates d\u00e9j\u00e0 mari\u00e9s civilement il faut nous fournir une copie de votre acte de mariage civil.\n<ul class=\"wp-block-list\">\n<li style=\"font-size:15px\">Si votre mariage civil se fait juste avant de venir vous engager devant Dieu, l&rsquo;officier d&rsquo;\u00e9tat-civil qui vous mariera vous remettra un certificat de mariage que vous donnerez en arrivant \u00e0 l&rsquo;\u00e9glise<\/li>\n<\/ul>\n<\/li>\n\n\n\n<li style=\"font-size:15px\">Si l&rsquo;un de vous a eu la douleur de perdre son \u00e9poux ou son \u00e9pouse d&rsquo;un premier mariage religieux, il faudra nous fournir une copie de l&rsquo;acte de mariage civil et un acte de d\u00e9c\u00e8s du conjoint d\u00e9c\u00e9d\u00e9<\/li>\n\n\n\n<li style=\"font-size:15px\">Si vous n&rsquo;habitez pas dans l&rsquo;ensemble paroissial vous devez nous fournir une autorisation \u00e0 c\u00e9l\u00e9brer le mariage en dehors de votre paroisse (\u00e0 demander au Cur\u00e9 de la paroisse de votre domicile)<\/li>\n<\/ul>\n<\/details>\n\n\n\n<div style=\"height:20px\" aria-hidden=\"true\" class=\"wp-block-spacer\"><\/div>\n\n\n\n<details class=\"wp-block-details has-base-3-color has-accent-background-color has-text-color has-background has-link-color wp-elements-7b12fc3890edfdc1fbd088b71991fb0e is-layout-flow wp-block-details-is-layout-flow\"><summary>Demandes sp\u00e9cifiques<\/summary>\n<p><\/p>\n\n\n\n<ul class=\"wp-block-list\">\n<li style=\"font-size:15px\">Si vous d\u00e9sirez que votre mariage soit c\u00e9l\u00e9br\u00e9 dans une des \u00e9glises de l&rsquo;Ensemble Paroissial par un pr\u00eatre \u00e9tranger \u00e0 la paroisse, prenez rendez-vous avec le P\u00e8re Herman Boro pour en discuter.<\/li>\n\n\n\n<li style=\"font-size:15px\">Si vous avez d\u00e9cid\u00e9 de pr\u00e9parer votre mariage dans un autre ensemble paroissial mais que vous voulez que la c\u00e9r\u00e9monie se d\u00e9roule dans une des \u00e9glises de l&rsquo;Ensemble Paroissial et soit c\u00e9l\u00e9br\u00e9e par un pr\u00eatre ou le diacre de l&rsquo;Ensemble Paroissial, prenez rendez-vous avec le P\u00e8re Herman Boro pour en discuter. <\/li>\n<\/ul>\n<\/details>\n\n\n\n<hr class=\"wp-block-separator has-alpha-channel-opacity is-style-wide\"\/>\n\n\n\n<p style=\"font-size:18px\"><strong>Pour contacter la paroisse vous pouvez :<\/strong><\/p>\n\n\n\n<ul class=\"wp-block-list\">\n<li style=\"font-size:15px\">vous rendre \u00e0 la&nbsp;<a href=\"https:\/\/ensemble-paroissial-reynies.fr\/?page_id=10\" target=\"_blank\" rel=\"noopener\" title=\"Contact et Plan du site\">maison paroissiale<\/a>&nbsp;(2460 Route de Reynies, 82370 Corbarieu), une permanence est assur\u00e9e tous les jeudis matin de 9h30 \u00e0 11h00<\/li>\n\n\n\n<li style=\"font-size:15px\">envoyer un mail \u00e0 <a href=\"mailto:sainteannedereynies@gmail.com\" target=\"_blank\" rel=\"noopener\" title=\"\">sainteannedereynies@gmail.com<\/a> en donnant vos noms, pr\u00e9noms et un num\u00e9ro de t\u00e9l\u00e9phone pour que l\u2019on puisse vous joindre<\/li>\n\n\n\n<li>utiliser le formulaire de <a title=\"Formulaire de contact\" href=\"https:\/\/ensemble-paroissial-reynies.fr\/?page_id=595\">contact<\/a> \n<ul class=\"wp-block-list\">\n<li style=\"font-size:14px\">via le formulaire de contact vous pouvez aussi nous envoyer des documents en utilisant la possibilit\u00e9 de joindre un fichier<\/li>\n<\/ul>\n<\/li>\n<\/ul>\n\n\n\n<hr class=\"wp-block-separator has-alpha-channel-opacity\"\/>\n\n\n\n<details class=\"wp-block-details is-layout-flow wp-block-details-is-layout-flow\"><summary><strong><em>Conditions d\u2019utilisation de vos donn\u00e9es personnelles<\/em><\/strong><\/summary>\n<p class=\"has-small-font-size\"><em>Vos coordonn\u00e9es sont conserv\u00e9es par traitement informatique uniquement pour maintenir un lien d\u2019information des activit\u00e9s paroissiales et dioc\u00e9saines et ne sont ni divulgu\u00e9es ni partag\u00e9es avec d\u2019autres organismes.<\/em><\/p>\n\n\n\n<p class=\"has-small-font-size\"><em>Conform\u00e9ment \u00e0 la loi \u201cInformatique et Libert\u00e9s\u201d du 6 janvier 1978 modifi\u00e9e et au R\u00e8glement Europ\u00e9en du 17 avril 2016, nous nous engageons \u00e0 vous garantir le droit d\u2019acc\u00e8s, d\u2019information, de rectification, d\u2019opposition et de suppression des informations qui vous concernent.<\/em><\/p>\n\n\n\n<p class=\"has-small-font-size\"><em>Si vous d\u00e9sirez exercer vos droits ou ne plus recevoir de courrier de notre part, vous pouvez nous \u00e9crire \u00e0 :&nbsp;<a href=\"mailto:sainteannedereynies@gmail.com\" target=\"_blank\" rel=\"noreferrer noopener\">sainteannedereynies@gmail.com<\/a>.<\/em><\/p>\n<\/details>\n\n\n\n<hr class=\"wp-block-separator has-alpha-channel-opacity\"\/>\n","protected":false},"excerpt":{"rendered":"<p>Vous pr\u00e9voyez de vous unir devant Dieu par le sacrement du Mariage.Fonder une famille est une \u00e9tape importante de la vie chr\u00e9tienne et nous vous accompagnerons dans le cheminement vers ce grand jour o\u00f9 vous vous engagerez l\u2019un vers l\u2019autre devant Notre Seigneur. Le mariage est l\u2019alliance entre un homme et une femme unis par &#8230; <a title=\"Mariage\" class=\"read-more\" href=\"https:\/\/ensemble-paroissial-reynies.fr\/?page_id=1262\" aria-label=\"En savoir plus sur Mariage\">Lire la suite<\/a><\/p>\n","protected":false},"author":1,"featured_media":0,"parent":419,"menu_order":4,"comment_status":"closed","ping_status":"closed","template":"","meta":{"_eb_attr":"","pgc_sgb_lightbox_settings":"","footnotes":""},"class_list":["post-1262","page","type-page","status-publish"],"yoast_head":"<!-- This site is optimized with the Yoast SEO plugin v27.5 - https:\/\/yoast.com\/product\/yoast-seo-wordpress\/ -->\n<title>Mariage - Ensemble paroissial de Reyni\u00e8s<\/title>\n<meta name=\"description\" content=\"Ensemble paroissial de Reyni\u00e8s - Ensemble paroissial de Reyni\u00e8s\" \/>\n<meta name=\"robots\" content=\"index, follow, max-snippet:-1, max-image-preview:large, max-video-preview:-1\" \/>\n<link rel=\"canonical\" href=\"https:\/\/ensemble-paroissial-reynies.fr\/?page_id=1262\" \/>\n<meta property=\"og:locale\" content=\"fr_FR\" \/>\n<meta property=\"og:type\" content=\"article\" \/>\n<meta property=\"og:title\" content=\"Mariage - Ensemble paroissial de Reyni\u00e8s\" \/>\n<meta property=\"og:description\" content=\"Ensemble paroissial de Reyni\u00e8s - Ensemble paroissial de Reyni\u00e8s\" \/>\n<meta property=\"og:url\" content=\"https:\/\/ensemble-paroissial-reynies.fr\/?page_id=1262\" \/>\n<meta property=\"og:site_name\" content=\"Ensemble paroissial de Reyni\u00e8s\" \/>\n<meta property=\"article:modified_time\" content=\"2025-03-23T23:11:42+00:00\" \/>\n<meta property=\"og:image\" content=\"https:\/\/ensemble-paroissial-reynies.fr\/wp-content\/uploads\/images\/icones\/alliances.gif\" \/>\n\t<meta property=\"og:image:width\" content=\"80\" \/>\n\t<meta property=\"og:image:height\" content=\"76\" \/>\n\t<meta property=\"og:image:type\" content=\"image\/gif\" \/>\n<meta name=\"twitter:card\" content=\"summary_large_image\" \/>\n<meta name=\"twitter:label1\" content=\"Dur\u00e9e de lecture estim\u00e9e\" \/>\n\t<meta name=\"twitter:data1\" content=\"6 minutes\" \/>\n<script type=\"application\/ld+json\" class=\"yoast-schema-graph\">{\"@context\":\"https:\\\/\\\/schema.org\",\"@graph\":[{\"@type\":\"WebPage\",\"@id\":\"https:\\\/\\\/ensemble-paroissial-reynies.fr\\\/?page_id=1262\",\"url\":\"https:\\\/\\\/ensemble-paroissial-reynies.fr\\\/?page_id=1262\",\"name\":\"Mariage - Ensemble paroissial de Reyni\u00e8s\",\"isPartOf\":{\"@id\":\"https:\\\/\\\/ensemble-paroissial-reynies.fr\\\/#website\"},\"primaryImageOfPage\":{\"@id\":\"https:\\\/\\\/ensemble-paroissial-reynies.fr\\\/?page_id=1262#primaryimage\"},\"image\":{\"@id\":\"https:\\\/\\\/ensemble-paroissial-reynies.fr\\\/?page_id=1262#primaryimage\"},\"thumbnailUrl\":\"https:\\\/\\\/ensemble-paroissial-reynies.fr\\\/wp-content\\\/uploads\\\/images\\\/icones\\\/alliances.gif\",\"datePublished\":\"2025-02-03T22:40:41+00:00\",\"dateModified\":\"2025-03-23T23:11:42+00:00\",\"description\":\"Ensemble paroissial de Reyni\u00e8s - Ensemble paroissial de Reyni\u00e8s\",\"breadcrumb\":{\"@id\":\"https:\\\/\\\/ensemble-paroissial-reynies.fr\\\/?page_id=1262#breadcrumb\"},\"inLanguage\":\"fr-FR\",\"potentialAction\":[{\"@type\":\"ReadAction\",\"target\":[\"https:\\\/\\\/ensemble-paroissial-reynies.fr\\\/?page_id=1262\"]}]},{\"@type\":\"ImageObject\",\"inLanguage\":\"fr-FR\",\"@id\":\"https:\\\/\\\/ensemble-paroissial-reynies.fr\\\/?page_id=1262#primaryimage\",\"url\":\"https:\\\/\\\/ensemble-paroissial-reynies.fr\\\/wp-content\\\/uploads\\\/images\\\/icones\\\/alliances.gif\",\"contentUrl\":\"https:\\\/\\\/ensemble-paroissial-reynies.fr\\\/wp-content\\\/uploads\\\/images\\\/icones\\\/alliances.gif\",\"width\":80,\"height\":76},{\"@type\":\"BreadcrumbList\",\"@id\":\"https:\\\/\\\/ensemble-paroissial-reynies.fr\\\/?page_id=1262#breadcrumb\",\"itemListElement\":[{\"@type\":\"ListItem\",\"position\":1,\"name\":\"Home\",\"item\":\"https:\\\/\\\/ensemble-paroissial-reynies.fr\\\/\"},{\"@type\":\"ListItem\",\"position\":2,\"name\":\"Accueil\",\"item\":\"https:\\\/\\\/ensemble-paroissial-reynies.fr\\\/\"},{\"@type\":\"ListItem\",\"position\":3,\"name\":\"Vie chr\u00e9tienne\",\"item\":\"https:\\\/\\\/ensemble-paroissial-reynies.fr\\\/?page_id=419\"},{\"@type\":\"ListItem\",\"position\":4,\"name\":\"Mariage\"}]},{\"@type\":\"WebSite\",\"@id\":\"https:\\\/\\\/ensemble-paroissial-reynies.fr\\\/#website\",\"url\":\"https:\\\/\\\/ensemble-paroissial-reynies.fr\\\/\",\"name\":\"Ensemble paroissial de Reyni\u00e8s\",\"description\":\"\",\"publisher\":{\"@id\":\"https:\\\/\\\/ensemble-paroissial-reynies.fr\\\/#organization\"},\"alternateName\":\"EPReyni\u00e8s\",\"potentialAction\":[{\"@type\":\"SearchAction\",\"target\":{\"@type\":\"EntryPoint\",\"urlTemplate\":\"https:\\\/\\\/ensemble-paroissial-reynies.fr\\\/?s={search_term_string}\"},\"query-input\":{\"@type\":\"PropertyValueSpecification\",\"valueRequired\":true,\"valueName\":\"search_term_string\"}}],\"inLanguage\":\"fr-FR\"},{\"@type\":\"Organization\",\"@id\":\"https:\\\/\\\/ensemble-paroissial-reynies.fr\\\/#organization\",\"name\":\"Ensemble paroissial de Reyni\u00e8s\",\"alternateName\":\"EPReyni\u00e8s\",\"url\":\"https:\\\/\\\/ensemble-paroissial-reynies.fr\\\/\",\"logo\":{\"@type\":\"ImageObject\",\"inLanguage\":\"fr-FR\",\"@id\":\"https:\\\/\\\/ensemble-paroissial-reynies.fr\\\/#\\\/schema\\\/logo\\\/image\\\/\",\"url\":\"https:\\\/\\\/ensemble-paroissial-reynies.fr\\\/wp-content\\\/uploads\\\/paroisse\\\/nouveau-logo-catechisme-paroisse-07-2023.jpg\",\"contentUrl\":\"https:\\\/\\\/ensemble-paroissial-reynies.fr\\\/wp-content\\\/uploads\\\/paroisse\\\/nouveau-logo-catechisme-paroisse-07-2023.jpg\",\"width\":666,\"height\":698,\"caption\":\"Ensemble paroissial de Reyni\u00e8s\"},\"image\":{\"@id\":\"https:\\\/\\\/ensemble-paroissial-reynies.fr\\\/#\\\/schema\\\/logo\\\/image\\\/\"}}]}<\/script>\n<!-- \/ Yoast SEO plugin. -->","yoast_head_json":{"title":"Mariage - Ensemble paroissial de Reyni\u00e8s","description":"Ensemble paroissial de Reyni\u00e8s - Ensemble paroissial de Reyni\u00e8s","robots":{"index":"index","follow":"follow","max-snippet":"max-snippet:-1","max-image-preview":"max-image-preview:large","max-video-preview":"max-video-preview:-1"},"canonical":"https:\/\/ensemble-paroissial-reynies.fr\/?page_id=1262","og_locale":"fr_FR","og_type":"article","og_title":"Mariage - Ensemble paroissial de Reyni\u00e8s","og_description":"Ensemble paroissial de Reyni\u00e8s - Ensemble paroissial de Reyni\u00e8s","og_url":"https:\/\/ensemble-paroissial-reynies.fr\/?page_id=1262","og_site_name":"Ensemble paroissial de Reyni\u00e8s","article_modified_time":"2025-03-23T23:11:42+00:00","og_image":[{"width":80,"height":76,"url":"https:\/\/ensemble-paroissial-reynies.fr\/wp-content\/uploads\/images\/icones\/alliances.gif","type":"image\/gif"}],"twitter_card":"summary_large_image","twitter_misc":{"Dur\u00e9e de lecture estim\u00e9e":"6 minutes"},"schema":{"@context":"https:\/\/schema.org","@graph":[{"@type":"WebPage","@id":"https:\/\/ensemble-paroissial-reynies.fr\/?page_id=1262","url":"https:\/\/ensemble-paroissial-reynies.fr\/?page_id=1262","name":"Mariage - Ensemble paroissial de Reyni\u00e8s","isPartOf":{"@id":"https:\/\/ensemble-paroissial-reynies.fr\/#website"},"primaryImageOfPage":{"@id":"https:\/\/ensemble-paroissial-reynies.fr\/?page_id=1262#primaryimage"},"image":{"@id":"https:\/\/ensemble-paroissial-reynies.fr\/?page_id=1262#primaryimage"},"thumbnailUrl":"https:\/\/ensemble-paroissial-reynies.fr\/wp-content\/uploads\/images\/icones\/alliances.gif","datePublished":"2025-02-03T22:40:41+00:00","dateModified":"2025-03-23T23:11:42+00:00","description":"Ensemble paroissial de Reyni\u00e8s - Ensemble paroissial de Reyni\u00e8s","breadcrumb":{"@id":"https:\/\/ensemble-paroissial-reynies.fr\/?page_id=1262#breadcrumb"},"inLanguage":"fr-FR","potentialAction":[{"@type":"ReadAction","target":["https:\/\/ensemble-paroissial-reynies.fr\/?page_id=1262"]}]},{"@type":"ImageObject","inLanguage":"fr-FR","@id":"https:\/\/ensemble-paroissial-reynies.fr\/?page_id=1262#primaryimage","url":"https:\/\/ensemble-paroissial-reynies.fr\/wp-content\/uploads\/images\/icones\/alliances.gif","contentUrl":"https:\/\/ensemble-paroissial-reynies.fr\/wp-content\/uploads\/images\/icones\/alliances.gif","width":80,"height":76},{"@type":"BreadcrumbList","@id":"https:\/\/ensemble-paroissial-reynies.fr\/?page_id=1262#breadcrumb","itemListElement":[{"@type":"ListItem","position":1,"name":"Home","item":"https:\/\/ensemble-paroissial-reynies.fr\/"},{"@type":"ListItem","position":2,"name":"Accueil","item":"https:\/\/ensemble-paroissial-reynies.fr\/"},{"@type":"ListItem","position":3,"name":"Vie chr\u00e9tienne","item":"https:\/\/ensemble-paroissial-reynies.fr\/?page_id=419"},{"@type":"ListItem","position":4,"name":"Mariage"}]},{"@type":"WebSite","@id":"https:\/\/ensemble-paroissial-reynies.fr\/#website","url":"https:\/\/ensemble-paroissial-reynies.fr\/","name":"Ensemble paroissial de Reyni\u00e8s","description":"","publisher":{"@id":"https:\/\/ensemble-paroissial-reynies.fr\/#organization"},"alternateName":"EPReyni\u00e8s","potentialAction":[{"@type":"SearchAction","target":{"@type":"EntryPoint","urlTemplate":"https:\/\/ensemble-paroissial-reynies.fr\/?s={search_term_string}"},"query-input":{"@type":"PropertyValueSpecification","valueRequired":true,"valueName":"search_term_string"}}],"inLanguage":"fr-FR"},{"@type":"Organization","@id":"https:\/\/ensemble-paroissial-reynies.fr\/#organization","name":"Ensemble paroissial de Reyni\u00e8s","alternateName":"EPReyni\u00e8s","url":"https:\/\/ensemble-paroissial-reynies.fr\/","logo":{"@type":"ImageObject","inLanguage":"fr-FR","@id":"https:\/\/ensemble-paroissial-reynies.fr\/#\/schema\/logo\/image\/","url":"https:\/\/ensemble-paroissial-reynies.fr\/wp-content\/uploads\/paroisse\/nouveau-logo-catechisme-paroisse-07-2023.jpg","contentUrl":"https:\/\/ensemble-paroissial-reynies.fr\/wp-content\/uploads\/paroisse\/nouveau-logo-catechisme-paroisse-07-2023.jpg","width":666,"height":698,"caption":"Ensemble paroissial de Reyni\u00e8s"},"image":{"@id":"https:\/\/ensemble-paroissial-reynies.fr\/#\/schema\/logo\/image\/"}}]}},"featured_image_src":null,"featured_image_src_square":null,"_links":{"self":[{"href":"https:\/\/ensemble-paroissial-reynies.fr\/index.php?rest_route=\/wp\/v2\/pages\/1262","targetHints":{"allow":["GET"]}}],"collection":[{"href":"https:\/\/ensemble-paroissial-reynies.fr\/index.php?rest_route=\/wp\/v2\/pages"}],"about":[{"href":"https:\/\/ensemble-paroissial-reynies.fr\/index.php?rest_route=\/wp\/v2\/types\/page"}],"author":[{"embeddable":true,"href":"https:\/\/ensemble-paroissial-reynies.fr\/index.php?rest_route=\/wp\/v2\/users\/1"}],"replies":[{"embeddable":true,"href":"https:\/\/ensemble-paroissial-reynies.fr\/index.php?rest_route=%2Fwp%2Fv2%2Fcomments&post=1262"}],"version-history":[{"count":0,"href":"https:\/\/ensemble-paroissial-reynies.fr\/index.php?rest_route=\/wp\/v2\/pages\/1262\/revisions"}],"up":[{"embeddable":true,"href":"https:\/\/ensemble-paroissial-reynies.fr\/index.php?rest_route=\/wp\/v2\/pages\/419"}],"wp:attachment":[{"href":"https:\/\/ensemble-paroissial-reynies.fr\/index.php?rest_route=%2Fwp%2Fv2%2Fmedia&parent=1262"}],"curies":[{"name":"wp","href":"https:\/\/api.w.org\/{rel}","templated":true}]}}