{"id":1210,"date":"2024-09-20T00:14:14","date_gmt":"2024-09-19T22:14:14","guid":{"rendered":"https:\/\/ensemble-paroissial-reynies.fr\/?page_id=1210"},"modified":"2025-10-12T18:53:34","modified_gmt":"2025-10-12T16:53:34","slug":"prieres","status":"publish","type":"page","link":"https:\/\/ensemble-paroissial-reynies.fr\/?page_id=1210","title":{"rendered":"Prier"},"content":{"rendered":"\n<details class=\"wp-block-details has-global-color-8-color has-text-color has-link-color has-medium-font-size wp-elements-5dd445a61bca4224a5b474e4b9c83077 is-layout-flow wp-block-details-is-layout-flow\"><summary><strong>Les groupes de pri\u00e8res dans l&rsquo;ensemble paroissial<\/strong><\/summary>\n<p class=\"has-contrast-color has-text-color has-link-color wp-elements-5a2bc8f042516ff25e498a8c99013e2b\">Plusieurs groupes de pri\u00e8res se r\u00e9unissent r\u00e9guli\u00e8rement dans l&rsquo;ensemble paroissial<\/p>\n\n\n\n<div class=\"wp-block-group is-vertical is-layout-flex wp-container-core-group-is-layout-8cf370e7 wp-block-group-is-layout-flex\">\n<p class=\"has-contrast-color has-text-color has-link-color wp-elements-e6bcd5cfba9f074092b1fca208743edc\"><strong><em>Assembl\u00e9e de louange <\/em><\/strong><\/p>\n\n\n\n<div class=\"wp-block-group is-nowrap is-layout-flex wp-container-core-group-is-layout-ad2f72ca wp-block-group-is-layout-flex\">\n<figure class=\"wp-block-image size-full\"><img loading=\"lazy\" decoding=\"async\" width=\"85\" height=\"120\" src=\"https:\/\/ensemble-paroissial-reynies.fr\/wp-content\/uploads\/images\/icones\/Affiche_louangei.jpg\" alt=\"\" class=\"wp-image-4289\"\/><\/figure>\n\n\n\n<ul class=\"wp-block-list has-contrast-color has-text-color has-link-color wp-elements-21c685324461beb5f095dc265087a665\">\n<li>Tous les 1ers mercredis du mois \u00e0 19h00 en l&rsquo;\u00e9glise de Reyni\u00e8s, venez louer le Seigneur<\/li>\n<\/ul>\n<\/div>\n<\/div>\n\n\n\n<div class=\"wp-block-group is-vertical is-layout-flex wp-container-core-group-is-layout-8cf370e7 wp-block-group-is-layout-flex\">\n<p class=\"has-contrast-color has-text-color has-link-color wp-elements-4c8adf50f4bb6d3fdb781f221a9627ec\"><strong><em>Pri\u00e8re du Chapelet<\/em><\/strong><\/p>\n\n\n\n<ul class=\"wp-block-list has-contrast-color has-text-color has-link-color wp-elements-eda2c338da1bb56c16aaf1aa0b1c9149\">\n<li>Tous les mardis \u00e0 15h00 en l&rsquo;\u00e9glise de Reyni\u00e8s<\/li>\n\n\n\n<li>Tous les vendredis \u00e0 9h00 en l&rsquo;\u00e9glise de Varennes<\/li>\n<\/ul>\n<\/div>\n\n\n\n<div style=\"height:16px\" aria-hidden=\"true\" class=\"wp-block-spacer\"><\/div>\n\n\n\n<div class=\"wp-block-group is-vertical is-layout-flex wp-container-core-group-is-layout-8cf370e7 wp-block-group-is-layout-flex\">\n<p class=\"has-contrast-color has-text-color has-link-color wp-elements-97b9d5b59ee9c4c4d0bb967c85eae819\"><strong><em>Groupe de pri\u00e8re des m\u00e8res<\/em><\/strong><\/p>\n\n\n\n<ul class=\"wp-block-list has-contrast-color has-text-color has-link-color wp-elements-4dc5123fdb96965300e78296eaceec07\">\n<li>Tous les mercredis de 18h00 \u00e0 19h00 \u00e0 Saint-Nauphary<\/li>\n<\/ul>\n<\/div>\n\n\n\n<div style=\"height:16px\" aria-hidden=\"true\" class=\"wp-block-spacer\"><\/div>\n\n\n\n<div class=\"wp-block-group is-vertical is-layout-flex wp-container-core-group-is-layout-8cf370e7 wp-block-group-is-layout-flex\">\n<p class=\"has-contrast-color has-text-color has-link-color wp-elements-5376677b838a61742056408a713118bd\"><strong><em>Rosaire en \u00e9quipes<\/em><\/strong><\/p>\n\n\n\n<ul class=\"wp-block-list has-contrast-color has-text-color has-link-color wp-elements-e0b21abd638849af5142390af03b4c2e\">\n<li>Tous les 2e samedis du mois \u00e0 14h00 en l&rsquo;\u00e9glise de Bressols<\/li>\n\n\n\n<li>Tous les 2e lundis du mois \u00e0 15h00 en l&rsquo;\u00e9glise de Corbarieu<\/li>\n<\/ul>\n<\/div>\n<\/details>\n\n\n\n<div style=\"height:16px\" aria-hidden=\"true\" class=\"wp-block-spacer\"><\/div>\n\n\n\n<details class=\"wp-block-details has-global-color-8-color has-text-color has-link-color has-medium-font-size wp-elements-d00974a4f3d24c059260e06147d4de44 is-layout-flow wp-block-details-is-layout-flow\"><summary><strong>Les pri\u00e8res du chr\u00e9tien (petit feuillet \u00e0 t\u00e9l\u00e9charger)<\/strong><\/summary>\n<div data-wp-interactive=\"core\/file\" class=\"wp-block-file\"><object data-wp-bind--hidden=\"!state.hasPdfPreview\" hidden class=\"wp-block-file__embed\" data=\"https:\/\/ensemble-paroissial-reynies.fr\/wp-content\/uploads\/paroisse\/les-prieres-du-Chretien-v3-couleur.pdf\" type=\"application\/pdf\" style=\"width:100%;height:600px\" aria-label=\"Contenu embarqu\u00e9 les prieres du Chretien v3 couleur.\"><\/object><a id=\"wp-block-file--media-ca83ad04-62f0-4768-ad9b-ec7fc037564a\" href=\"https:\/\/ensemble-paroissial-reynies.fr\/wp-content\/uploads\/paroisse\/les-prieres-du-Chretien-v3-couleur.pdf\">les prieres du Chretien v3 couleur<\/a><a href=\"https:\/\/ensemble-paroissial-reynies.fr\/wp-content\/uploads\/paroisse\/les-prieres-du-Chretien-v3-couleur.pdf\" class=\"wp-block-file__button wp-element-button\" download aria-describedby=\"wp-block-file--media-ca83ad04-62f0-4768-ad9b-ec7fc037564a\">T\u00e9l\u00e9charger<\/a><\/div>\n\n\n\n<p class=\"has-contrast-color has-text-color has-link-color wp-elements-58dd729fb6285e43a80676d3477d4611\" style=\"font-size:18px\"><em>A imprimer en format A4  recto verso, plier ensuite pour former un petit feuillet<\/em><\/p>\n<\/details>\n\n\n\n<div style=\"height:16px\" aria-hidden=\"true\" class=\"wp-block-spacer\"><\/div>\n\n\n\n<details class=\"wp-block-details has-corail-color has-text-color has-link-color has-medium-font-size wp-elements-bcf37bffa0ff3f1395c2fc0428a16227 is-layout-flow wp-block-details-is-layout-flow\"><summary><strong>Pri\u00e8re de l&rsquo;Ang\u00e9lus<\/strong><\/summary>\n<div data-wp-interactive=\"core\/file\" class=\"wp-block-file\"><object data-wp-bind--hidden=\"!state.hasPdfPreview\" hidden class=\"wp-block-file__embed\" data=\"https:\/\/ensemble-paroissial-reynies.fr\/wp-content\/uploads\/paroisse\/priere-angelus.pdf\" type=\"application\/pdf\" style=\"width:100%;height:500px\" aria-label=\"Contenu embarqu\u00e9 priere-angelus.\"><\/object><a id=\"wp-block-file--media-8d8947dc-ee3d-4431-a15a-c2b2267c1f6c\" href=\"https:\/\/ensemble-paroissial-reynies.fr\/wp-content\/uploads\/paroisse\/priere-angelus.pdf\">priere-angelus<\/a><a href=\"https:\/\/ensemble-paroissial-reynies.fr\/wp-content\/uploads\/paroisse\/priere-angelus.pdf\" class=\"wp-block-file__button wp-element-button\" download aria-describedby=\"wp-block-file--media-8d8947dc-ee3d-4431-a15a-c2b2267c1f6c\">T\u00e9l\u00e9charger<\/a><\/div>\n<\/details>\n\n\n\n<div style=\"height:16px\" aria-hidden=\"true\" class=\"wp-block-spacer\"><\/div>\n\n\n\n<details class=\"wp-block-details has-corail-color has-text-color has-link-color has-medium-font-size wp-elements-09a9cc0b32b152cfac61ff8feea41664 is-layout-flow wp-block-details-is-layout-flow\"><summary><strong>Prier et m\u00e9diter avec les textes du jour<\/strong><\/summary>\n<div style=\"height:16px\" aria-hidden=\"true\" class=\"wp-block-spacer\"><\/div>\n\n\n\n<p class=\"has-contrast-color has-text-color has-link-color wp-elements-85d89a679d4940900b1f7e2e76b6e04c\">Les textes de la Messe du jour :  cliquez <a href=\"https:\/\/eglise.catholique.fr\/textes-du-jour\/\">ICI<\/a><\/p>\n\n\n\n<p class=\"has-contrast-color has-text-color has-link-color wp-elements-8c12f0c3f88b11cf6486d98fd6be7444\">La parole du jour sur le site du Vatican :  cliquez <a href=\"https:\/\/www.vaticannews.va\/fr\/evangile-du-jour.html\">ICI<\/a><\/p>\n\n\n\n<p class=\"has-contrast-color has-text-color has-link-color wp-elements-825c9df261c4f656d0ece40710715892\">M\u00e9diation du jour (f\u00e9d\u00e9ration Regnum Christi)  :  cliquez <a href=\"https:\/\/www.regnumchristi.fr\/meditation-du-jour\/\">ICI<\/a><\/p>\n<\/details>\n\n\n\n<div style=\"height:16px\" aria-hidden=\"true\" class=\"wp-block-spacer\"><\/div>\n\n\n\n<details class=\"wp-block-details has-corail-color has-text-color has-link-color has-medium-font-size wp-elements-afb8fc0bebdb1b2ac1b7f3bc8c54f4fc is-layout-flow wp-block-details-is-layout-flow\"><summary><strong>Des applications mobiles pour vous soutenir dans la pri\u00e8re<\/strong><\/summary>\n<div style=\"height:16px\" aria-hidden=\"true\" class=\"wp-block-spacer\"><\/div>\n\n\n\n<div class=\"wp-block-group is-layout-flex wp-block-group-is-layout-flex\">\n<figure class=\"wp-block-image size-full is-resized\"><img loading=\"lazy\" decoding=\"async\" width=\"150\" height=\"150\" src=\"https:\/\/ensemble-paroissial-reynies.fr\/wp-content\/uploads\/images\/Icones_appli_mobiles\/AELF.jpg\" alt=\"\" class=\"wp-image-3496\" style=\"width:107px;height:auto\"\/><\/figure>\n\n\n\n<p class=\"has-contrast-color has-text-color has-link-color wp-elements-b132196434a6099c9c7295a5e0183a75\"><strong>AELF<\/strong> \u2013 Bible et lectures du jour : retrouvez l\u2019int\u00e9gralit\u00e9 de la Bible issue de la traduction liturgique, recherchez un passage \u00e0 m\u00e9diter, priez avec les textes de la messe et de la liturgie des heures. Disponible sur <a href=\"https:\/\/apps.apple.com\/fr\/app\/liturgie\/id991620025\">Apple Store<\/a> et <a href=\"https:\/\/play.google.com\/store\/apps\/details?id=co.epitre.aelf_lectures&amp;hl=fr\">Google Play<\/a><\/p>\n<\/div>\n\n\n\n<div class=\"wp-block-group is-layout-flex wp-block-group-is-layout-flex\">\n<figure class=\"wp-block-image size-full is-resized\"><img loading=\"lazy\" decoding=\"async\" width=\"150\" height=\"150\" src=\"https:\/\/ensemble-paroissial-reynies.fr\/wp-content\/uploads\/images\/Icones_appli_mobiles\/Retraite-dans-la-ville.jpg\" alt=\"\" class=\"wp-image-3499\" style=\"width:110px;height:auto\"\/><\/figure>\n\n\n\n<p class=\"has-contrast-color has-text-color has-link-color wp-elements-4f167c33793a231ed571ffa2fa7242f5\"><strong>Prier dans la ville<\/strong> &#8211; Tout en une seule application : chaque matin la louange avec les fr\u00e8res dominicains du couvent de Bordeaux, la m\u00e9ditation originale de l&rsquo;\u00e9vangile du jour par des Dominicains, la &lsquo;Bible en continu&rsquo; avec la lecture et les commentaires du fr\u00e8re Paul Adrien d&rsquo;Hardemare, des itin\u00e9raires spirituels pour cheminer plusieurs jours avec de grandes figures de saintet\u00e9, des tutos en vid\u00e9o pour l&rsquo;apprentissage facile de la pri\u00e8re&#8230;.. Disponible sur <a href=\"https:\/\/apps.apple.com\/fr\/app\/prier-dans-la-ville\/id652821351\">Apple Store<\/a> et <a href=\"https:\/\/www.retraitedanslaville.org\/applis\">Google Play<\/a><\/p>\n<\/div>\n\n\n\n<div class=\"wp-block-group is-layout-flex wp-block-group-is-layout-flex\">\n<figure class=\"wp-block-image size-full is-resized\"><img loading=\"lazy\" decoding=\"async\" width=\"150\" height=\"150\" src=\"https:\/\/ensemble-paroissial-reynies.fr\/wp-content\/uploads\/images\/Icones_appli_mobiles\/Click-to-Pray.jpg\" alt=\"\" class=\"wp-image-3500\" style=\"width:115px;height:auto\"\/><\/figure>\n\n\n\n<p class=\"has-contrast-color has-text-color has-link-color wp-elements-5f071227fa6625eed484b64931263033\"><strong>Click To Pray<\/strong>, l\u2019application officielle du <strong>R\u00e9seau Mondial de Pri\u00e8re du Pape<\/strong> (qui inclut le Mouvement Eucharistique des Jeunes, le MEJ). &nbsp;<br>chaque jour trois courts moments de pri\u00e8re qui invitent \u00e0 prendre un temps avec le Christ et \u00e0 prier pour les intentions du Saint-P\u00e8re. Disponible sur <a href=\"https:\/\/apps.apple.com\/ar\/app\/click-to-pray\/id934935942\">Apple Store<\/a> et <a href=\"https:\/\/play.google.com\/store\/apps\/details?id=com.lamachi.clicktopray&amp;pli=1\">Google Play<\/a><\/p>\n<\/div>\n\n\n\n<div class=\"wp-block-group is-layout-flex wp-block-group-is-layout-flex\">\n<figure class=\"wp-block-image size-full is-resized\"><img loading=\"lazy\" decoding=\"async\" width=\"150\" height=\"150\" src=\"https:\/\/ensemble-paroissial-reynies.fr\/wp-content\/uploads\/images\/Icones_appli_mobiles\/Prie-en-chemin.jpg\" alt=\"\" class=\"wp-image-3498\" style=\"width:119px;height:auto\"\/><\/figure>\n\n\n\n<p class=\"has-contrast-color has-text-color has-link-color wp-elements-6c65ed60ca556d6d9fb695a12ae4904e\"><strong>Prie en chemin<\/strong> &#8211; &nbsp;Chaque jour, par le biais du site ou de l\u2019application smartphone, les j\u00e9suites d\u2019Europe proposent la m\u00e9ditation guid\u00e9e d\u2019un des passages de la liturgie sous la forme d\u2019un podcast. La pri\u00e8re dure environ 12 mn selon la structure suivante : pr\u00e9sentation du jour et du saint f\u00eat\u00e9, musique introductive pour entrer en pri\u00e8re, l\u2019un des textes du jour de la parole de Dieu, pistes de pri\u00e8re, r\u00e9p\u00e9tition de la lecture, piste finale et invitation \u00e0 une pri\u00e8re personnelle. Disponible sur <a href=\"https:\/\/apps.apple.com\/fr\/app\/prie-en-chemin\/id1202145096\">Apple Store<\/a> et <a href=\"https:\/\/play.google.com\/store\/apps\/details?id=org.prieenchemin\">Google Play<\/a><\/p>\n<\/div>\n\n\n\n<div class=\"wp-block-group is-layout-flex wp-block-group-is-layout-flex\">\n<figure class=\"wp-block-image size-full is-resized\"><img loading=\"lazy\" decoding=\"async\" width=\"150\" height=\"150\" src=\"https:\/\/ensemble-paroissial-reynies.fr\/wp-content\/uploads\/images\/Icones_appli_mobiles\/Decouvrir-Dieu.jpg\" alt=\"\" class=\"wp-image-3497\" style=\"width:124px;height:auto\"\/><\/figure>\n\n\n\n<p class=\"has-contrast-color has-text-color has-link-color wp-elements-01766999fdb3005852f94a69a72abbf7\"><strong>D\u00e9couvrir Dieu<\/strong> &#8211; &nbsp;Une application de la Communaut\u00e9 de l&rsquo;Emmanuel pour rendre la pri\u00e8re quotidienne, simple, concr\u00e8te et joyeuse, qu\u2019elle soit personnelle ou familiale. Textes du jour, playlist des chants de la semaine ou encore carnet de notes pour archiver les paroles qui vous ont marqu\u00e9 ou vos commentaires pr\u00e9f\u00e9r\u00e9s. Chaque jour, une image \u00e0 partager pour transmettre les tr\u00e9sors de la foi chr\u00e9tienne.. Disponible sur <a href=\"https:\/\/apps.apple.com\/fr\/app\/d%C3%A9couvrir-dieu\/id1358427012\">Apple Store<\/a> et <a href=\"https:\/\/play.google.com\/store\/apps\/details?id=info.emmanuel.dana&amp;hl=fr\">Google Play<\/a><\/p>\n<\/div>\n\n\n\n<div style=\"height:16px\" aria-hidden=\"true\" class=\"wp-block-spacer\"><\/div>\n<\/details>\n","protected":false},"excerpt":{"rendered":"","protected":false},"author":1,"featured_media":0,"parent":419,"menu_order":40,"comment_status":"closed","ping_status":"closed","template":"","meta":{"_eb_attr":"","pgc_sgb_lightbox_settings":"","footnotes":""},"class_list":["post-1210","page","type-page","status-publish"],"yoast_head":"<!-- This site is optimized with the Yoast SEO plugin v27.5 - https:\/\/yoast.com\/product\/yoast-seo-wordpress\/ -->\n<title>Prier - Ensemble paroissial de Reyni\u00e8s<\/title>\n<meta name=\"description\" content=\"Ensemble paroissial de Reyni\u00e8s - Ensemble paroissial de Reyni\u00e8s\" \/>\n<meta name=\"robots\" content=\"index, follow, max-snippet:-1, max-image-preview:large, max-video-preview:-1\" \/>\n<link rel=\"canonical\" href=\"https:\/\/ensemble-paroissial-reynies.fr\/?page_id=1210\" \/>\n<meta property=\"og:locale\" content=\"fr_FR\" \/>\n<meta property=\"og:type\" content=\"article\" \/>\n<meta property=\"og:title\" content=\"Prier - Ensemble paroissial de Reyni\u00e8s\" \/>\n<meta property=\"og:description\" content=\"Ensemble paroissial de Reyni\u00e8s - Ensemble paroissial de Reyni\u00e8s\" \/>\n<meta property=\"og:url\" content=\"https:\/\/ensemble-paroissial-reynies.fr\/?page_id=1210\" \/>\n<meta property=\"og:site_name\" content=\"Ensemble paroissial de Reyni\u00e8s\" \/>\n<meta property=\"article:modified_time\" content=\"2025-10-12T16:53:34+00:00\" \/>\n<meta property=\"og:image\" content=\"https:\/\/ensemble-paroissial-reynies.fr\/wp-content\/uploads\/images\/icones\/Affiche_louangei.jpg\" \/>\n\t<meta property=\"og:image:width\" content=\"85\" \/>\n\t<meta property=\"og:image:height\" content=\"120\" \/>\n\t<meta property=\"og:image:type\" content=\"image\/jpeg\" \/>\n<meta name=\"twitter:card\" content=\"summary_large_image\" \/>\n<meta name=\"twitter:label1\" content=\"Dur\u00e9e de lecture estim\u00e9e\" \/>\n\t<meta name=\"twitter:data1\" content=\"4 minutes\" \/>\n<script type=\"application\/ld+json\" class=\"yoast-schema-graph\">{\"@context\":\"https:\\\/\\\/schema.org\",\"@graph\":[{\"@type\":\"WebPage\",\"@id\":\"https:\\\/\\\/ensemble-paroissial-reynies.fr\\\/?page_id=1210\",\"url\":\"https:\\\/\\\/ensemble-paroissial-reynies.fr\\\/?page_id=1210\",\"name\":\"Prier - Ensemble paroissial de Reyni\u00e8s\",\"isPartOf\":{\"@id\":\"https:\\\/\\\/ensemble-paroissial-reynies.fr\\\/#website\"},\"primaryImageOfPage\":{\"@id\":\"https:\\\/\\\/ensemble-paroissial-reynies.fr\\\/?page_id=1210#primaryimage\"},\"image\":{\"@id\":\"https:\\\/\\\/ensemble-paroissial-reynies.fr\\\/?page_id=1210#primaryimage\"},\"thumbnailUrl\":\"https:\\\/\\\/ensemble-paroissial-reynies.fr\\\/wp-content\\\/uploads\\\/images\\\/icones\\\/Affiche_louangei.jpg\",\"datePublished\":\"2024-09-19T22:14:14+00:00\",\"dateModified\":\"2025-10-12T16:53:34+00:00\",\"description\":\"Ensemble paroissial de Reyni\u00e8s - Ensemble paroissial de Reyni\u00e8s\",\"breadcrumb\":{\"@id\":\"https:\\\/\\\/ensemble-paroissial-reynies.fr\\\/?page_id=1210#breadcrumb\"},\"inLanguage\":\"fr-FR\",\"potentialAction\":[{\"@type\":\"ReadAction\",\"target\":[\"https:\\\/\\\/ensemble-paroissial-reynies.fr\\\/?page_id=1210\"]}]},{\"@type\":\"ImageObject\",\"inLanguage\":\"fr-FR\",\"@id\":\"https:\\\/\\\/ensemble-paroissial-reynies.fr\\\/?page_id=1210#primaryimage\",\"url\":\"https:\\\/\\\/ensemble-paroissial-reynies.fr\\\/wp-content\\\/uploads\\\/images\\\/icones\\\/Affiche_louangei.jpg\",\"contentUrl\":\"https:\\\/\\\/ensemble-paroissial-reynies.fr\\\/wp-content\\\/uploads\\\/images\\\/icones\\\/Affiche_louangei.jpg\",\"width\":85,\"height\":120},{\"@type\":\"BreadcrumbList\",\"@id\":\"https:\\\/\\\/ensemble-paroissial-reynies.fr\\\/?page_id=1210#breadcrumb\",\"itemListElement\":[{\"@type\":\"ListItem\",\"position\":1,\"name\":\"Home\",\"item\":\"https:\\\/\\\/ensemble-paroissial-reynies.fr\\\/\"},{\"@type\":\"ListItem\",\"position\":2,\"name\":\"Accueil\",\"item\":\"https:\\\/\\\/ensemble-paroissial-reynies.fr\\\/\"},{\"@type\":\"ListItem\",\"position\":3,\"name\":\"Vie chr\u00e9tienne\",\"item\":\"https:\\\/\\\/ensemble-paroissial-reynies.fr\\\/?page_id=419\"},{\"@type\":\"ListItem\",\"position\":4,\"name\":\"Prier\"}]},{\"@type\":\"WebSite\",\"@id\":\"https:\\\/\\\/ensemble-paroissial-reynies.fr\\\/#website\",\"url\":\"https:\\\/\\\/ensemble-paroissial-reynies.fr\\\/\",\"name\":\"Ensemble paroissial de Reyni\u00e8s\",\"description\":\"\",\"publisher\":{\"@id\":\"https:\\\/\\\/ensemble-paroissial-reynies.fr\\\/#organization\"},\"alternateName\":\"EPReyni\u00e8s\",\"potentialAction\":[{\"@type\":\"SearchAction\",\"target\":{\"@type\":\"EntryPoint\",\"urlTemplate\":\"https:\\\/\\\/ensemble-paroissial-reynies.fr\\\/?s={search_term_string}\"},\"query-input\":{\"@type\":\"PropertyValueSpecification\",\"valueRequired\":true,\"valueName\":\"search_term_string\"}}],\"inLanguage\":\"fr-FR\"},{\"@type\":\"Organization\",\"@id\":\"https:\\\/\\\/ensemble-paroissial-reynies.fr\\\/#organization\",\"name\":\"Ensemble paroissial de Reyni\u00e8s\",\"alternateName\":\"EPReyni\u00e8s\",\"url\":\"https:\\\/\\\/ensemble-paroissial-reynies.fr\\\/\",\"logo\":{\"@type\":\"ImageObject\",\"inLanguage\":\"fr-FR\",\"@id\":\"https:\\\/\\\/ensemble-paroissial-reynies.fr\\\/#\\\/schema\\\/logo\\\/image\\\/\",\"url\":\"https:\\\/\\\/ensemble-paroissial-reynies.fr\\\/wp-content\\\/uploads\\\/paroisse\\\/nouveau-logo-catechisme-paroisse-07-2023.jpg\",\"contentUrl\":\"https:\\\/\\\/ensemble-paroissial-reynies.fr\\\/wp-content\\\/uploads\\\/paroisse\\\/nouveau-logo-catechisme-paroisse-07-2023.jpg\",\"width\":666,\"height\":698,\"caption\":\"Ensemble paroissial de Reyni\u00e8s\"},\"image\":{\"@id\":\"https:\\\/\\\/ensemble-paroissial-reynies.fr\\\/#\\\/schema\\\/logo\\\/image\\\/\"}}]}<\/script>\n<!-- \/ Yoast SEO plugin. -->","yoast_head_json":{"title":"Prier - Ensemble paroissial de Reyni\u00e8s","description":"Ensemble paroissial de Reyni\u00e8s - Ensemble paroissial de Reyni\u00e8s","robots":{"index":"index","follow":"follow","max-snippet":"max-snippet:-1","max-image-preview":"max-image-preview:large","max-video-preview":"max-video-preview:-1"},"canonical":"https:\/\/ensemble-paroissial-reynies.fr\/?page_id=1210","og_locale":"fr_FR","og_type":"article","og_title":"Prier - Ensemble paroissial de Reyni\u00e8s","og_description":"Ensemble paroissial de Reyni\u00e8s - Ensemble paroissial de Reyni\u00e8s","og_url":"https:\/\/ensemble-paroissial-reynies.fr\/?page_id=1210","og_site_name":"Ensemble paroissial de Reyni\u00e8s","article_modified_time":"2025-10-12T16:53:34+00:00","og_image":[{"width":85,"height":120,"url":"https:\/\/ensemble-paroissial-reynies.fr\/wp-content\/uploads\/images\/icones\/Affiche_louangei.jpg","type":"image\/jpeg"}],"twitter_card":"summary_large_image","twitter_misc":{"Dur\u00e9e de lecture estim\u00e9e":"4 minutes"},"schema":{"@context":"https:\/\/schema.org","@graph":[{"@type":"WebPage","@id":"https:\/\/ensemble-paroissial-reynies.fr\/?page_id=1210","url":"https:\/\/ensemble-paroissial-reynies.fr\/?page_id=1210","name":"Prier - Ensemble paroissial de Reyni\u00e8s","isPartOf":{"@id":"https:\/\/ensemble-paroissial-reynies.fr\/#website"},"primaryImageOfPage":{"@id":"https:\/\/ensemble-paroissial-reynies.fr\/?page_id=1210#primaryimage"},"image":{"@id":"https:\/\/ensemble-paroissial-reynies.fr\/?page_id=1210#primaryimage"},"thumbnailUrl":"https:\/\/ensemble-paroissial-reynies.fr\/wp-content\/uploads\/images\/icones\/Affiche_louangei.jpg","datePublished":"2024-09-19T22:14:14+00:00","dateModified":"2025-10-12T16:53:34+00:00","description":"Ensemble paroissial de Reyni\u00e8s - Ensemble paroissial de Reyni\u00e8s","breadcrumb":{"@id":"https:\/\/ensemble-paroissial-reynies.fr\/?page_id=1210#breadcrumb"},"inLanguage":"fr-FR","potentialAction":[{"@type":"ReadAction","target":["https:\/\/ensemble-paroissial-reynies.fr\/?page_id=1210"]}]},{"@type":"ImageObject","inLanguage":"fr-FR","@id":"https:\/\/ensemble-paroissial-reynies.fr\/?page_id=1210#primaryimage","url":"https:\/\/ensemble-paroissial-reynies.fr\/wp-content\/uploads\/images\/icones\/Affiche_louangei.jpg","contentUrl":"https:\/\/ensemble-paroissial-reynies.fr\/wp-content\/uploads\/images\/icones\/Affiche_louangei.jpg","width":85,"height":120},{"@type":"BreadcrumbList","@id":"https:\/\/ensemble-paroissial-reynies.fr\/?page_id=1210#breadcrumb","itemListElement":[{"@type":"ListItem","position":1,"name":"Home","item":"https:\/\/ensemble-paroissial-reynies.fr\/"},{"@type":"ListItem","position":2,"name":"Accueil","item":"https:\/\/ensemble-paroissial-reynies.fr\/"},{"@type":"ListItem","position":3,"name":"Vie chr\u00e9tienne","item":"https:\/\/ensemble-paroissial-reynies.fr\/?page_id=419"},{"@type":"ListItem","position":4,"name":"Prier"}]},{"@type":"WebSite","@id":"https:\/\/ensemble-paroissial-reynies.fr\/#website","url":"https:\/\/ensemble-paroissial-reynies.fr\/","name":"Ensemble paroissial de Reyni\u00e8s","description":"","publisher":{"@id":"https:\/\/ensemble-paroissial-reynies.fr\/#organization"},"alternateName":"EPReyni\u00e8s","potentialAction":[{"@type":"SearchAction","target":{"@type":"EntryPoint","urlTemplate":"https:\/\/ensemble-paroissial-reynies.fr\/?s={search_term_string}"},"query-input":{"@type":"PropertyValueSpecification","valueRequired":true,"valueName":"search_term_string"}}],"inLanguage":"fr-FR"},{"@type":"Organization","@id":"https:\/\/ensemble-paroissial-reynies.fr\/#organization","name":"Ensemble paroissial de Reyni\u00e8s","alternateName":"EPReyni\u00e8s","url":"https:\/\/ensemble-paroissial-reynies.fr\/","logo":{"@type":"ImageObject","inLanguage":"fr-FR","@id":"https:\/\/ensemble-paroissial-reynies.fr\/#\/schema\/logo\/image\/","url":"https:\/\/ensemble-paroissial-reynies.fr\/wp-content\/uploads\/paroisse\/nouveau-logo-catechisme-paroisse-07-2023.jpg","contentUrl":"https:\/\/ensemble-paroissial-reynies.fr\/wp-content\/uploads\/paroisse\/nouveau-logo-catechisme-paroisse-07-2023.jpg","width":666,"height":698,"caption":"Ensemble paroissial de Reyni\u00e8s"},"image":{"@id":"https:\/\/ensemble-paroissial-reynies.fr\/#\/schema\/logo\/image\/"}}]}},"featured_image_src":null,"featured_image_src_square":null,"_links":{"self":[{"href":"https:\/\/ensemble-paroissial-reynies.fr\/index.php?rest_route=\/wp\/v2\/pages\/1210","targetHints":{"allow":["GET"]}}],"collection":[{"href":"https:\/\/ensemble-paroissial-reynies.fr\/index.php?rest_route=\/wp\/v2\/pages"}],"about":[{"href":"https:\/\/ensemble-paroissial-reynies.fr\/index.php?rest_route=\/wp\/v2\/types\/page"}],"author":[{"embeddable":true,"href":"https:\/\/ensemble-paroissial-reynies.fr\/index.php?rest_route=\/wp\/v2\/users\/1"}],"replies":[{"embeddable":true,"href":"https:\/\/ensemble-paroissial-reynies.fr\/index.php?rest_route=%2Fwp%2Fv2%2Fcomments&post=1210"}],"version-history":[{"count":0,"href":"https:\/\/ensemble-paroissial-reynies.fr\/index.php?rest_route=\/wp\/v2\/pages\/1210\/revisions"}],"up":[{"embeddable":true,"href":"https:\/\/ensemble-paroissial-reynies.fr\/index.php?rest_route=\/wp\/v2\/pages\/419"}],"wp:attachment":[{"href":"https:\/\/ensemble-paroissial-reynies.fr\/index.php?rest_route=%2Fwp%2Fv2%2Fmedia&parent=1210"}],"curies":[{"name":"wp","href":"https:\/\/api.w.org\/{rel}","templated":true}]}}