{"id":1206,"date":"2024-09-18T16:26:04","date_gmt":"2024-09-18T14:26:04","guid":{"rendered":"https:\/\/ensemble-paroissial-reynies.fr\/?page_id=1206"},"modified":"2024-09-18T16:26:05","modified_gmt":"2024-09-18T14:26:05","slug":"saint-jean-baptiste","status":"publish","type":"page","link":"https:\/\/ensemble-paroissial-reynies.fr\/?page_id=1206","title":{"rendered":"Saint Jean-Baptiste"},"content":{"rendered":"\n<p>L\u2019\u00e9glise de Brial est plac\u00e9e sous le vocable de saint Jean Baptiste.<\/p>\n\n\n\n<p>Deux f\u00eates lui sont consacr\u00e9es : le 24 juin qui comm\u00e9more sa naissance, fix\u00e9e six mois avant No\u00ebl pour se conformer au r\u00e9cit d&rsquo;enfance de l&rsquo;\u00c9vangile selon Luc (L&rsquo;ange Gabriel dit \u00e0 Marie au jour de l&rsquo;Annonciation: \u00ab\u00a0Voici qu&rsquo;\u00c9lisabeth, ta parente, en est \u00e0 son sixi\u00e8me mois.\u00a0\u00bb), et le 29 ao\u00fbt qui c\u00e9l\u00e8bre la m\u00e9moire de sa d\u00e9capitation.<\/p>\n\n\n\n<p>Except\u00e9 la Vierge Marie, Jean Baptiste est le seul saint dont la liturgie c\u00e9l\u00e8bre la naissance, il est le pr\u00e9curseur de J\u00e9sus et sa naissance est elle aussi prodigieuse.<\/p>\n\n\n\n<p>Jean Baptiste, ou Jean le Baptiste, est un personnage important du christianisme et de l&rsquo;islam.<br>Fils de Zacharie et d\u2019\u00c9lisabeth, une parente de Marie, une femme \u00e2g\u00e9e et st\u00e9rile. Pr\u00e9dicateur juif, pour les chr\u00e9tiens il est le dernier proph\u00e8te d\u2019Isra\u00ebl&nbsp;: par sa pr\u00e9dication et le bapt\u00eame qu\u2019il proposait aux foules, il a annonc\u00e9 et pr\u00e9par\u00e9 la venue de J\u00e9sus.<br>La rencontre de J\u00e9sus et de Jean Baptiste (Jean baptiste va baptiser J\u00e9sus dans le Jourdain) marque la fin de la pr\u00e9dication de Jean et le d\u00e9but de celle de J\u00e9sus.<\/p>\n\n\n\n<p>Jean-Baptiste sera emprisonn\u00e9 dans la prison de Macheronte (ou Machaerus, un palais fortifi\u00e9 situ\u00e9 en Jordanie) par le roi H\u00e9rode Antipas \u00e0 qui il avait dit qu\u2019il n\u2019avait pas le droit de vivre avec l\u2019\u00e9pouse de son fr\u00e8re. Le roi le fit d\u00e9capiter.<\/p>\n\n\n\n<p><em>Sources&nbsp;: martyrologue romain traduit en fran\u00e7ais 1823&nbsp;\u2013 m\u00e9moires pour servir \u00e0 l\u2019histoire eccl\u00e9siastique des six premiers si\u00e8cles&nbsp;&#8211; Grand livre des saints: culte et iconographie en Occident<\/em><\/p>\n","protected":false},"excerpt":{"rendered":"<p>L\u2019\u00e9glise de Brial est plac\u00e9e sous le vocable de saint Jean Baptiste. Deux f\u00eates lui sont consacr\u00e9es : le 24 juin qui comm\u00e9more sa naissance, fix\u00e9e six mois avant No\u00ebl pour se conformer au r\u00e9cit d&rsquo;enfance de l&rsquo;\u00c9vangile selon Luc (L&rsquo;ange Gabriel dit \u00e0 Marie au jour de l&rsquo;Annonciation: \u00ab\u00a0Voici qu&rsquo;\u00c9lisabeth, ta parente, en est &#8230; <a title=\"Saint Jean-Baptiste\" class=\"read-more\" href=\"https:\/\/ensemble-paroissial-reynies.fr\/?page_id=1206\" aria-label=\"En savoir plus sur Saint Jean-Baptiste\">Lire la suite<\/a><\/p>\n","protected":false},"author":1,"featured_media":0,"parent":1069,"menu_order":2,"comment_status":"closed","ping_status":"closed","template":"","meta":{"_eb_attr":"","pgc_sgb_lightbox_settings":"","footnotes":""},"class_list":["post-1206","page","type-page","status-publish"],"yoast_head":"<!-- This site is optimized with the Yoast SEO plugin v27.5 - https:\/\/yoast.com\/product\/yoast-seo-wordpress\/ -->\n<title>Saint Jean-Baptiste - Ensemble paroissial de Reyni\u00e8s<\/title>\n<meta name=\"description\" content=\"Ensemble paroissial de Reyni\u00e8s - Ensemble paroissial de Reyni\u00e8s\" \/>\n<meta name=\"robots\" content=\"index, follow, max-snippet:-1, max-image-preview:large, max-video-preview:-1\" \/>\n<link rel=\"canonical\" href=\"https:\/\/ensemble-paroissial-reynies.fr\/?page_id=1206\" \/>\n<meta property=\"og:locale\" content=\"fr_FR\" \/>\n<meta property=\"og:type\" content=\"article\" \/>\n<meta property=\"og:title\" content=\"Saint Jean-Baptiste - Ensemble paroissial de Reyni\u00e8s\" \/>\n<meta property=\"og:description\" content=\"Ensemble paroissial de Reyni\u00e8s - Ensemble paroissial de Reyni\u00e8s\" \/>\n<meta property=\"og:url\" content=\"https:\/\/ensemble-paroissial-reynies.fr\/?page_id=1206\" \/>\n<meta property=\"og:site_name\" content=\"Ensemble paroissial de Reyni\u00e8s\" \/>\n<meta property=\"article:modified_time\" content=\"2024-09-18T14:26:05+00:00\" \/>\n<meta name=\"twitter:card\" content=\"summary_large_image\" \/>\n<meta name=\"twitter:label1\" content=\"Dur\u00e9e de lecture estim\u00e9e\" \/>\n\t<meta name=\"twitter:data1\" content=\"2 minutes\" \/>\n<script type=\"application\/ld+json\" class=\"yoast-schema-graph\">{\"@context\":\"https:\\\/\\\/schema.org\",\"@graph\":[{\"@type\":\"WebPage\",\"@id\":\"https:\\\/\\\/ensemble-paroissial-reynies.fr\\\/?page_id=1206\",\"url\":\"https:\\\/\\\/ensemble-paroissial-reynies.fr\\\/?page_id=1206\",\"name\":\"Saint Jean-Baptiste - Ensemble paroissial de Reyni\u00e8s\",\"isPartOf\":{\"@id\":\"https:\\\/\\\/ensemble-paroissial-reynies.fr\\\/#website\"},\"datePublished\":\"2024-09-18T14:26:04+00:00\",\"dateModified\":\"2024-09-18T14:26:05+00:00\",\"description\":\"Ensemble paroissial de Reyni\u00e8s - Ensemble paroissial de Reyni\u00e8s\",\"breadcrumb\":{\"@id\":\"https:\\\/\\\/ensemble-paroissial-reynies.fr\\\/?page_id=1206#breadcrumb\"},\"inLanguage\":\"fr-FR\",\"potentialAction\":[{\"@type\":\"ReadAction\",\"target\":[\"https:\\\/\\\/ensemble-paroissial-reynies.fr\\\/?page_id=1206\"]}]},{\"@type\":\"BreadcrumbList\",\"@id\":\"https:\\\/\\\/ensemble-paroissial-reynies.fr\\\/?page_id=1206#breadcrumb\",\"itemListElement\":[{\"@type\":\"ListItem\",\"position\":1,\"name\":\"Home\",\"item\":\"https:\\\/\\\/ensemble-paroissial-reynies.fr\\\/\"},{\"@type\":\"ListItem\",\"position\":2,\"name\":\"Accueil\",\"item\":\"https:\\\/\\\/ensemble-paroissial-reynies.fr\\\/\"},{\"@type\":\"ListItem\",\"position\":3,\"name\":\"D\u00e9couvrir l&#8217;Ensemble Paroissial\",\"item\":\"https:\\\/\\\/ensemble-paroissial-reynies.fr\\\/?page_id=535\"},{\"@type\":\"ListItem\",\"position\":4,\"name\":\"Nos \u00c9glises et Chapelles\",\"item\":\"https:\\\/\\\/ensemble-paroissial-reynies.fr\\\/?page_id=2\"},{\"@type\":\"ListItem\",\"position\":5,\"name\":\"Brial &#8211; \u00c9glise Saint Jean-Baptiste\",\"item\":\"https:\\\/\\\/ensemble-paroissial-reynies.fr\\\/?page_id=1069\"},{\"@type\":\"ListItem\",\"position\":6,\"name\":\"Saint Jean-Baptiste\"}]},{\"@type\":\"WebSite\",\"@id\":\"https:\\\/\\\/ensemble-paroissial-reynies.fr\\\/#website\",\"url\":\"https:\\\/\\\/ensemble-paroissial-reynies.fr\\\/\",\"name\":\"Ensemble paroissial de Reyni\u00e8s\",\"description\":\"\",\"publisher\":{\"@id\":\"https:\\\/\\\/ensemble-paroissial-reynies.fr\\\/#organization\"},\"alternateName\":\"EPReyni\u00e8s\",\"potentialAction\":[{\"@type\":\"SearchAction\",\"target\":{\"@type\":\"EntryPoint\",\"urlTemplate\":\"https:\\\/\\\/ensemble-paroissial-reynies.fr\\\/?s={search_term_string}\"},\"query-input\":{\"@type\":\"PropertyValueSpecification\",\"valueRequired\":true,\"valueName\":\"search_term_string\"}}],\"inLanguage\":\"fr-FR\"},{\"@type\":\"Organization\",\"@id\":\"https:\\\/\\\/ensemble-paroissial-reynies.fr\\\/#organization\",\"name\":\"Ensemble paroissial de Reyni\u00e8s\",\"alternateName\":\"EPReyni\u00e8s\",\"url\":\"https:\\\/\\\/ensemble-paroissial-reynies.fr\\\/\",\"logo\":{\"@type\":\"ImageObject\",\"inLanguage\":\"fr-FR\",\"@id\":\"https:\\\/\\\/ensemble-paroissial-reynies.fr\\\/#\\\/schema\\\/logo\\\/image\\\/\",\"url\":\"https:\\\/\\\/ensemble-paroissial-reynies.fr\\\/wp-content\\\/uploads\\\/paroisse\\\/nouveau-logo-catechisme-paroisse-07-2023.jpg\",\"contentUrl\":\"https:\\\/\\\/ensemble-paroissial-reynies.fr\\\/wp-content\\\/uploads\\\/paroisse\\\/nouveau-logo-catechisme-paroisse-07-2023.jpg\",\"width\":666,\"height\":698,\"caption\":\"Ensemble paroissial de Reyni\u00e8s\"},\"image\":{\"@id\":\"https:\\\/\\\/ensemble-paroissial-reynies.fr\\\/#\\\/schema\\\/logo\\\/image\\\/\"}}]}<\/script>\n<!-- \/ Yoast SEO plugin. -->","yoast_head_json":{"title":"Saint Jean-Baptiste - Ensemble paroissial de Reyni\u00e8s","description":"Ensemble paroissial de Reyni\u00e8s - Ensemble paroissial de Reyni\u00e8s","robots":{"index":"index","follow":"follow","max-snippet":"max-snippet:-1","max-image-preview":"max-image-preview:large","max-video-preview":"max-video-preview:-1"},"canonical":"https:\/\/ensemble-paroissial-reynies.fr\/?page_id=1206","og_locale":"fr_FR","og_type":"article","og_title":"Saint Jean-Baptiste - Ensemble paroissial de Reyni\u00e8s","og_description":"Ensemble paroissial de Reyni\u00e8s - Ensemble paroissial de Reyni\u00e8s","og_url":"https:\/\/ensemble-paroissial-reynies.fr\/?page_id=1206","og_site_name":"Ensemble paroissial de Reyni\u00e8s","article_modified_time":"2024-09-18T14:26:05+00:00","twitter_card":"summary_large_image","twitter_misc":{"Dur\u00e9e de lecture estim\u00e9e":"2 minutes"},"schema":{"@context":"https:\/\/schema.org","@graph":[{"@type":"WebPage","@id":"https:\/\/ensemble-paroissial-reynies.fr\/?page_id=1206","url":"https:\/\/ensemble-paroissial-reynies.fr\/?page_id=1206","name":"Saint Jean-Baptiste - Ensemble paroissial de Reyni\u00e8s","isPartOf":{"@id":"https:\/\/ensemble-paroissial-reynies.fr\/#website"},"datePublished":"2024-09-18T14:26:04+00:00","dateModified":"2024-09-18T14:26:05+00:00","description":"Ensemble paroissial de Reyni\u00e8s - Ensemble paroissial de Reyni\u00e8s","breadcrumb":{"@id":"https:\/\/ensemble-paroissial-reynies.fr\/?page_id=1206#breadcrumb"},"inLanguage":"fr-FR","potentialAction":[{"@type":"ReadAction","target":["https:\/\/ensemble-paroissial-reynies.fr\/?page_id=1206"]}]},{"@type":"BreadcrumbList","@id":"https:\/\/ensemble-paroissial-reynies.fr\/?page_id=1206#breadcrumb","itemListElement":[{"@type":"ListItem","position":1,"name":"Home","item":"https:\/\/ensemble-paroissial-reynies.fr\/"},{"@type":"ListItem","position":2,"name":"Accueil","item":"https:\/\/ensemble-paroissial-reynies.fr\/"},{"@type":"ListItem","position":3,"name":"D\u00e9couvrir l&#8217;Ensemble Paroissial","item":"https:\/\/ensemble-paroissial-reynies.fr\/?page_id=535"},{"@type":"ListItem","position":4,"name":"Nos \u00c9glises et Chapelles","item":"https:\/\/ensemble-paroissial-reynies.fr\/?page_id=2"},{"@type":"ListItem","position":5,"name":"Brial &#8211; \u00c9glise Saint Jean-Baptiste","item":"https:\/\/ensemble-paroissial-reynies.fr\/?page_id=1069"},{"@type":"ListItem","position":6,"name":"Saint Jean-Baptiste"}]},{"@type":"WebSite","@id":"https:\/\/ensemble-paroissial-reynies.fr\/#website","url":"https:\/\/ensemble-paroissial-reynies.fr\/","name":"Ensemble paroissial de Reyni\u00e8s","description":"","publisher":{"@id":"https:\/\/ensemble-paroissial-reynies.fr\/#organization"},"alternateName":"EPReyni\u00e8s","potentialAction":[{"@type":"SearchAction","target":{"@type":"EntryPoint","urlTemplate":"https:\/\/ensemble-paroissial-reynies.fr\/?s={search_term_string}"},"query-input":{"@type":"PropertyValueSpecification","valueRequired":true,"valueName":"search_term_string"}}],"inLanguage":"fr-FR"},{"@type":"Organization","@id":"https:\/\/ensemble-paroissial-reynies.fr\/#organization","name":"Ensemble paroissial de Reyni\u00e8s","alternateName":"EPReyni\u00e8s","url":"https:\/\/ensemble-paroissial-reynies.fr\/","logo":{"@type":"ImageObject","inLanguage":"fr-FR","@id":"https:\/\/ensemble-paroissial-reynies.fr\/#\/schema\/logo\/image\/","url":"https:\/\/ensemble-paroissial-reynies.fr\/wp-content\/uploads\/paroisse\/nouveau-logo-catechisme-paroisse-07-2023.jpg","contentUrl":"https:\/\/ensemble-paroissial-reynies.fr\/wp-content\/uploads\/paroisse\/nouveau-logo-catechisme-paroisse-07-2023.jpg","width":666,"height":698,"caption":"Ensemble paroissial de Reyni\u00e8s"},"image":{"@id":"https:\/\/ensemble-paroissial-reynies.fr\/#\/schema\/logo\/image\/"}}]}},"featured_image_src":null,"featured_image_src_square":null,"_links":{"self":[{"href":"https:\/\/ensemble-paroissial-reynies.fr\/index.php?rest_route=\/wp\/v2\/pages\/1206","targetHints":{"allow":["GET"]}}],"collection":[{"href":"https:\/\/ensemble-paroissial-reynies.fr\/index.php?rest_route=\/wp\/v2\/pages"}],"about":[{"href":"https:\/\/ensemble-paroissial-reynies.fr\/index.php?rest_route=\/wp\/v2\/types\/page"}],"author":[{"embeddable":true,"href":"https:\/\/ensemble-paroissial-reynies.fr\/index.php?rest_route=\/wp\/v2\/users\/1"}],"replies":[{"embeddable":true,"href":"https:\/\/ensemble-paroissial-reynies.fr\/index.php?rest_route=%2Fwp%2Fv2%2Fcomments&post=1206"}],"version-history":[{"count":0,"href":"https:\/\/ensemble-paroissial-reynies.fr\/index.php?rest_route=\/wp\/v2\/pages\/1206\/revisions"}],"up":[{"embeddable":true,"href":"https:\/\/ensemble-paroissial-reynies.fr\/index.php?rest_route=\/wp\/v2\/pages\/1069"}],"wp:attachment":[{"href":"https:\/\/ensemble-paroissial-reynies.fr\/index.php?rest_route=%2Fwp%2Fv2%2Fmedia&parent=1206"}],"curies":[{"name":"wp","href":"https:\/\/api.w.org\/{rel}","templated":true}]}}