{"id":1202,"date":"2025-09-15T00:36:24","date_gmt":"2025-09-14T22:36:24","guid":{"rendered":"https:\/\/ensemble-paroissial-reynies.fr\/?page_id=1202"},"modified":"2025-09-15T00:45:07","modified_gmt":"2025-09-14T22:45:07","slug":"brial-photographies","status":"publish","type":"page","link":"https:\/\/ensemble-paroissial-reynies.fr\/?page_id=1202","title":{"rendered":"Brial &#8211; Photographies"},"content":{"rendered":"\n<details class=\"wp-block-details is-layout-flow wp-block-details-is-layout-flow\"><summary>Ext\u00e9rieur<\/summary>\n<p class=\"has-small-font-size\"><em>Cliquez sur les photos pour les agrandir et passer en mode diaporama<\/em><\/p>\n\n\n<div class=\"pgc-sgb-cb wp-block-pgcsimplygalleryblock-justified \" data-gallery-id=\"10733137\"><div class=\"sgb-preloader\" id=\"pr_10733137\">\n\t<div class=\"sgb-square\" style=\"background:#d4d4d4\"><\/div>\n\t<div class=\"sgb-square\" style=\"background:#d4d4d4\"><\/div>\n\t<div class=\"sgb-square\" style=\"background:#d4d4d4\"><\/div>\n\t<div class=\"sgb-square\" style=\"background:#d4d4d4\"><\/div><\/div><div class=\"simply-gallery-amp pgc_sgb_slider \"><noscript><div class=\"sgb-gallery\"><div class=\"sgb-item\"><a href=\"https:\/\/ensemble-paroissial-reynies.fr\/?attachment_id=1182\" target=\"_blank\"><img decoding=\"async\" alt=\"\" width=\"199\" height=\"300\" loading=\"lazy\" src=\"https:\/\/ensemble-paroissial-reynies.fr\/wp-content\/uploads\/eglise_brial\/image-22-199x300.jpeg\" srcset=\"https:\/\/ensemble-paroissial-reynies.fr\/wp-content\/uploads\/eglise_brial\/image-22-199x300.jpeg 199w,https:\/\/ensemble-paroissial-reynies.fr\/wp-content\/uploads\/eglise_brial\/image-22.jpeg 679w\" sizes=\"auto, 250px\"\/><\/a><div class=\"sgb-item-caption\"><em>Brial &#8211; \u00c9glise en 2010<\/em><\/div><\/div><div class=\"sgb-item\"><a href=\"https:\/\/ensemble-paroissial-reynies.fr\/?attachment_id=1178\" target=\"_blank\"><img decoding=\"async\" alt=\"\" width=\"169\" height=\"300\" loading=\"lazy\" src=\"https:\/\/ensemble-paroissial-reynies.fr\/wp-content\/uploads\/eglise_brial\/DSC04928-169x300.jpg\" srcset=\"https:\/\/ensemble-paroissial-reynies.fr\/wp-content\/uploads\/eglise_brial\/DSC04928-169x300.jpg 169w,https:\/\/ensemble-paroissial-reynies.fr\/wp-content\/uploads\/eglise_brial\/DSC04928-576x1024.jpg 576w,https:\/\/ensemble-paroissial-reynies.fr\/wp-content\/uploads\/eglise_brial\/DSC04928-rotated.jpg 1080w\" sizes=\"auto, 250px\"\/><\/a><div class=\"sgb-item-caption\"><em>Grande Croix Brial<\/em><\/div><\/div><div class=\"sgb-item\"><a href=\"https:\/\/ensemble-paroissial-reynies.fr\/?attachment_id=1200\" target=\"_blank\"><img decoding=\"async\" alt=\"\" width=\"300\" height=\"169\" loading=\"lazy\" src=\"https:\/\/ensemble-paroissial-reynies.fr\/wp-content\/uploads\/eglise_brial\/brial3-scaled-1-300x169.jpg\" srcset=\"https:\/\/ensemble-paroissial-reynies.fr\/wp-content\/uploads\/eglise_brial\/brial3-scaled-1-300x169.jpg 300w,https:\/\/ensemble-paroissial-reynies.fr\/wp-content\/uploads\/eglise_brial\/brial3-scaled-1-1024x576.jpg 1024w,https:\/\/ensemble-paroissial-reynies.fr\/wp-content\/uploads\/eglise_brial\/brial3-scaled-1.jpg 2560w\" sizes=\"auto, 250px\"\/><\/a><\/div><div class=\"sgb-item\"><a href=\"https:\/\/ensemble-paroissial-reynies.fr\/?attachment_id=1180\" target=\"_blank\"><img decoding=\"async\" alt=\"\" width=\"300\" height=\"225\" loading=\"lazy\" src=\"https:\/\/ensemble-paroissial-reynies.fr\/wp-content\/uploads\/eglise_brial\/DSC_0262-300x225.jpg\" srcset=\"https:\/\/ensemble-paroissial-reynies.fr\/wp-content\/uploads\/eglise_brial\/DSC_0262-300x225.jpg 300w,https:\/\/ensemble-paroissial-reynies.fr\/wp-content\/uploads\/eglise_brial\/DSC_0262-1024x768.jpg 1024w,https:\/\/ensemble-paroissial-reynies.fr\/wp-content\/uploads\/eglise_brial\/DSC_0262-scaled.jpg 2560w\" sizes=\"auto, 250px\"\/><\/a><div class=\"sgb-item-caption\"><em>1er septembre 2015, clocher abattu par la temp\u00eate de la veille <\/em><\/div><\/div><div class=\"sgb-item\"><a href=\"https:\/\/ensemble-paroissial-reynies.fr\/?attachment_id=1177\" target=\"_blank\"><img decoding=\"async\" alt=\"\" width=\"169\" height=\"300\" loading=\"lazy\" src=\"https:\/\/ensemble-paroissial-reynies.fr\/wp-content\/uploads\/eglise_brial\/DSC04929-brial-169x300.jpg\" srcset=\"https:\/\/ensemble-paroissial-reynies.fr\/wp-content\/uploads\/eglise_brial\/DSC04929-brial-169x300.jpg 169w,https:\/\/ensemble-paroissial-reynies.fr\/wp-content\/uploads\/eglise_brial\/DSC04929-brial-576x1024.jpg 576w,https:\/\/ensemble-paroissial-reynies.fr\/wp-content\/uploads\/eglise_brial\/DSC04929-brial-rotated.jpg 1080w\" sizes=\"auto, 250px\"\/><\/a><div class=\"sgb-item-caption\"><em>\u00c9glise de Brial<\/em><\/div><\/div><div class=\"sgb-item\"><a href=\"https:\/\/ensemble-paroissial-reynies.fr\/?attachment_id=1179\" target=\"_blank\"><img decoding=\"async\" alt=\"\" width=\"199\" height=\"300\" loading=\"lazy\" src=\"https:\/\/ensemble-paroissial-reynies.fr\/wp-content\/uploads\/eglise_brial\/DSC_0234_modifiee_3-199x300.jpg\" srcset=\"https:\/\/ensemble-paroissial-reynies.fr\/wp-content\/uploads\/eglise_brial\/DSC_0234_modifiee_3-199x300.jpg 199w,https:\/\/ensemble-paroissial-reynies.fr\/wp-content\/uploads\/eglise_brial\/DSC_0234_modifiee_3-680x1024.jpg 680w,https:\/\/ensemble-paroissial-reynies.fr\/wp-content\/uploads\/eglise_brial\/DSC_0234_modifiee_3-scaled.jpg 1700w\" sizes=\"auto, 250px\"\/><\/a><div class=\"sgb-item-caption\"><em>\u00c9glise de Brial<\/em><\/div><\/div><\/div><\/noscript><\/div><script type=\"application\/json\" class=\"sgb-data\">{\"captionHAlign\":\"bottom\",\"collectionthumbHoverTitleFontSize\":12,\"collectionThumbSubMenuDownload\":false,\"galleryType\":\"pgc_sgb_justified\",\"galleryId\":\"10733137\",\"images\":[{\"id\":1182,\"title\":\"Brial-2010\",\"url\":\"https:\/\/ensemble-paroissial-reynies.fr\/wp-content\/uploads\/eglise_brial\/image-22.jpeg\",\"link\":\"https:\/\/ensemble-paroissial-reynies.fr\/?attachment_id=1182\",\"alt\":\"\",\"description\":\"\",\"caption\":\"Brial - \u00c9glise en 2010\",\"mime\":\"image\/jpeg\",\"type\":\"image\",\"width\":679,\"height\":1024,\"sizes\":{\"thumbnail\":{\"height\":150,\"width\":150,\"url\":\"https:\/\/ensemble-paroissial-reynies.fr\/wp-content\/uploads\/eglise_brial\/image-22-150x150.jpeg\",\"orientation\":\"landscape\"},\"medium\":{\"height\":300,\"width\":199,\"url\":\"https:\/\/ensemble-paroissial-reynies.fr\/wp-content\/uploads\/eglise_brial\/image-22-199x300.jpeg\",\"orientation\":\"portrait\"},\"full\":{\"url\":\"https:\/\/ensemble-paroissial-reynies.fr\/wp-content\/uploads\/eglise_brial\/image-22.jpeg\",\"height\":1024,\"width\":679,\"orientation\":\"portrait\"}},\"imageMeta\":{\"aperture\":\"0\",\"credit\":\"\",\"camera\":\"\",\"caption\":\"\",\"created_timestamp\":\"0\",\"copyright\":\"\",\"focal_length\":\"0\",\"iso\":\"0\",\"shutter_speed\":\"0\",\"title\":\"\",\"orientation\":\"0\",\"keywords\":[]},\"meta\":false,\"postlink\":\"https:\/\/ensemble-paroissial-reynies.fr\/?attachment_id=1182\"},{\"id\":1178,\"title\":\"Brail-croix\",\"url\":\"https:\/\/ensemble-paroissial-reynies.fr\/wp-content\/uploads\/eglise_brial\/DSC04928-rotated.jpg\",\"link\":\"https:\/\/ensemble-paroissial-reynies.fr\/?attachment_id=1178\",\"alt\":\"\",\"description\":\"\",\"caption\":\"Grande Croix Brial\",\"mime\":\"image\/jpeg\",\"type\":\"image\",\"width\":1080,\"height\":1920,\"sizes\":{\"thumbnail\":{\"height\":150,\"width\":150,\"url\":\"https:\/\/ensemble-paroissial-reynies.fr\/wp-content\/uploads\/eglise_brial\/DSC04928-150x150.jpg\",\"orientation\":\"landscape\"},\"medium\":{\"height\":300,\"width\":169,\"url\":\"https:\/\/ensemble-paroissial-reynies.fr\/wp-content\/uploads\/eglise_brial\/DSC04928-169x300.jpg\",\"orientation\":\"portrait\"},\"large\":{\"height\":1024,\"width\":576,\"url\":\"https:\/\/ensemble-paroissial-reynies.fr\/wp-content\/uploads\/eglise_brial\/DSC04928-576x1024.jpg\",\"orientation\":\"portrait\"},\"full\":{\"url\":\"https:\/\/ensemble-paroissial-reynies.fr\/wp-content\/uploads\/eglise_brial\/DSC04928-rotated.jpg\",\"height\":1920,\"width\":1080,\"orientation\":\"portrait\"}},\"imageMeta\":{\"aperture\":\"9\",\"credit\":\"\",\"camera\":\"DSC-HX5V\",\"caption\":\"\",\"created_timestamp\":\"1549722678\",\"copyright\":\"\",\"focal_length\":\"6.77\",\"iso\":\"125\",\"shutter_speed\":\"0.003125\",\"title\":\"\",\"orientation\":1,\"keywords\":[]},\"meta\":false,\"postlink\":\"https:\/\/ensemble-paroissial-reynies.fr\/?attachment_id=1178\"},{\"id\":1200,\"title\":\"brial3-scaled-1\",\"url\":\"https:\/\/ensemble-paroissial-reynies.fr\/wp-content\/uploads\/eglise_brial\/brial3-scaled-1.jpg\",\"link\":\"https:\/\/ensemble-paroissial-reynies.fr\/?attachment_id=1200\",\"alt\":\"\",\"description\":\"\",\"caption\":\"\",\"mime\":\"image\/jpeg\",\"type\":\"image\",\"width\":2560,\"height\":1440,\"sizes\":{\"thumbnail\":{\"height\":150,\"width\":150,\"url\":\"https:\/\/ensemble-paroissial-reynies.fr\/wp-content\/uploads\/eglise_brial\/brial3-scaled-1-150x150.jpg\",\"orientation\":\"landscape\"},\"medium\":{\"height\":169,\"width\":300,\"url\":\"https:\/\/ensemble-paroissial-reynies.fr\/wp-content\/uploads\/eglise_brial\/brial3-scaled-1-300x169.jpg\",\"orientation\":\"landscape\"},\"large\":{\"height\":576,\"width\":1024,\"url\":\"https:\/\/ensemble-paroissial-reynies.fr\/wp-content\/uploads\/eglise_brial\/brial3-scaled-1-1024x576.jpg\",\"orientation\":\"landscape\"},\"full\":{\"url\":\"https:\/\/ensemble-paroissial-reynies.fr\/wp-content\/uploads\/eglise_brial\/brial3-scaled-1.jpg\",\"height\":1440,\"width\":2560,\"orientation\":\"landscape\"}},\"imageMeta\":{\"aperture\":\"1.7\",\"credit\":\"\",\"camera\":\"SM-J530F\",\"caption\":\"\",\"created_timestamp\":\"1516470941\",\"copyright\":\"\",\"focal_length\":\"3.71\",\"iso\":\"400\",\"shutter_speed\":\"0.04\",\"title\":\"\",\"orientation\":\"1\",\"keywords\":[]},\"meta\":false,\"postlink\":\"https:\/\/ensemble-paroissial-reynies.fr\/?attachment_id=1200\"},{\"id\":1180,\"title\":\"Brail-2015\",\"url\":\"https:\/\/ensemble-paroissial-reynies.fr\/wp-content\/uploads\/eglise_brial\/DSC_0262-scaled.jpg\",\"link\":\"https:\/\/ensemble-paroissial-reynies.fr\/?attachment_id=1180\",\"alt\":\"\",\"description\":\"\",\"caption\":\"1er septembre 2015, clocher abattu par la temp\u00eate de la veille \",\"mime\":\"image\/jpeg\",\"type\":\"image\",\"width\":2560,\"height\":1920,\"sizes\":{\"thumbnail\":{\"height\":150,\"width\":150,\"url\":\"https:\/\/ensemble-paroissial-reynies.fr\/wp-content\/uploads\/eglise_brial\/DSC_0262-150x150.jpg\",\"orientation\":\"landscape\"},\"medium\":{\"height\":225,\"width\":300,\"url\":\"https:\/\/ensemble-paroissial-reynies.fr\/wp-content\/uploads\/eglise_brial\/DSC_0262-300x225.jpg\",\"orientation\":\"landscape\"},\"large\":{\"height\":768,\"width\":1024,\"url\":\"https:\/\/ensemble-paroissial-reynies.fr\/wp-content\/uploads\/eglise_brial\/DSC_0262-1024x768.jpg\",\"orientation\":\"landscape\"},\"full\":{\"url\":\"https:\/\/ensemble-paroissial-reynies.fr\/wp-content\/uploads\/eglise_brial\/DSC_0262-scaled.jpg\",\"height\":1920,\"width\":2560,\"orientation\":\"landscape\"}},\"imageMeta\":{\"aperture\":\"2.4\",\"credit\":\"\",\"camera\":\"C5303\",\"caption\":\"\",\"created_timestamp\":\"1441095763\",\"copyright\":\"\",\"focal_length\":\"2.96\",\"iso\":\"50\",\"shutter_speed\":\"0.01\",\"title\":\"\",\"orientation\":\"1\",\"keywords\":[]},\"meta\":false,\"postlink\":\"https:\/\/ensemble-paroissial-reynies.fr\/?attachment_id=1180\"},{\"id\":1177,\"title\":\"Brial-1\",\"url\":\"https:\/\/ensemble-paroissial-reynies.fr\/wp-content\/uploads\/eglise_brial\/DSC04929-brial-rotated.jpg\",\"link\":\"https:\/\/ensemble-paroissial-reynies.fr\/?attachment_id=1177\",\"alt\":\"\",\"description\":\"\",\"caption\":\"\u00c9glise de Brial\",\"mime\":\"image\/jpeg\",\"type\":\"image\",\"width\":1080,\"height\":1920,\"sizes\":{\"thumbnail\":{\"height\":150,\"width\":150,\"url\":\"https:\/\/ensemble-paroissial-reynies.fr\/wp-content\/uploads\/eglise_brial\/DSC04929-brial-150x150.jpg\",\"orientation\":\"landscape\"},\"medium\":{\"height\":300,\"width\":169,\"url\":\"https:\/\/ensemble-paroissial-reynies.fr\/wp-content\/uploads\/eglise_brial\/DSC04929-brial-169x300.jpg\",\"orientation\":\"portrait\"},\"large\":{\"height\":1024,\"width\":576,\"url\":\"https:\/\/ensemble-paroissial-reynies.fr\/wp-content\/uploads\/eglise_brial\/DSC04929-brial-576x1024.jpg\",\"orientation\":\"portrait\"},\"full\":{\"url\":\"https:\/\/ensemble-paroissial-reynies.fr\/wp-content\/uploads\/eglise_brial\/DSC04929-brial-rotated.jpg\",\"height\":1920,\"width\":1080,\"orientation\":\"portrait\"}},\"imageMeta\":{\"aperture\":\"8\",\"credit\":\"\",\"camera\":\"DSC-HX5V\",\"caption\":\"\",\"created_timestamp\":\"1549722699\",\"copyright\":\"\",\"focal_length\":\"4.25\",\"iso\":\"125\",\"shutter_speed\":\"0.004\",\"title\":\"\",\"orientation\":1,\"keywords\":[]},\"meta\":false,\"postlink\":\"https:\/\/ensemble-paroissial-reynies.fr\/?attachment_id=1177\"},{\"id\":1179,\"title\":\"Brial\",\"url\":\"https:\/\/ensemble-paroissial-reynies.fr\/wp-content\/uploads\/eglise_brial\/DSC_0234_modifiee_3-scaled.jpg\",\"link\":\"https:\/\/ensemble-paroissial-reynies.fr\/?attachment_id=1179\",\"alt\":\"\",\"description\":\"\",\"caption\":\"\u00c9glise de Brial\",\"mime\":\"image\/jpeg\",\"type\":\"image\",\"width\":1700,\"height\":2560,\"sizes\":{\"thumbnail\":{\"height\":150,\"width\":150,\"url\":\"https:\/\/ensemble-paroissial-reynies.fr\/wp-content\/uploads\/eglise_brial\/DSC_0234_modifiee_3-150x150.jpg\",\"orientation\":\"landscape\"},\"medium\":{\"height\":300,\"width\":199,\"url\":\"https:\/\/ensemble-paroissial-reynies.fr\/wp-content\/uploads\/eglise_brial\/DSC_0234_modifiee_3-199x300.jpg\",\"orientation\":\"portrait\"},\"large\":{\"height\":1024,\"width\":680,\"url\":\"https:\/\/ensemble-paroissial-reynies.fr\/wp-content\/uploads\/eglise_brial\/DSC_0234_modifiee_3-680x1024.jpg\",\"orientation\":\"portrait\"},\"full\":{\"url\":\"https:\/\/ensemble-paroissial-reynies.fr\/wp-content\/uploads\/eglise_brial\/DSC_0234_modifiee_3-scaled.jpg\",\"height\":2560,\"width\":1700,\"orientation\":\"portrait\"}},\"imageMeta\":{\"aperture\":\"14\",\"credit\":\"\",\"camera\":\"NIKON D90\",\"caption\":\"\",\"created_timestamp\":\"1466932581\",\"copyright\":\"\",\"focal_length\":\"18\",\"iso\":\"200\",\"shutter_speed\":\"0.005\",\"title\":\"\",\"orientation\":\"1\",\"keywords\":[]},\"meta\":false,\"postlink\":\"https:\/\/ensemble-paroissial-reynies.fr\/?attachment_id=1179\"}],\"sliderItemTitleFontSize\":24,\"sliderSlideshowAutoStart\":true,\"sliderSlideshowDelay\":6,\"itemsMetaDataCollection\":[]}<\/script><script>(function(){if(window.PGC_SGB && window.PGC_SGB.searcher){window.PGC_SGB.searcher.initBlocks()}})()<\/script><\/div><\/details>\n\n\n\n<details class=\"wp-block-details is-layout-flow wp-block-details-is-layout-flow\"><summary>Int\u00e9rieur<\/summary>\n<p class=\"has-small-font-size\"><em>Cliquez sur les photos pour les agrandir et passer en mode diaporama<\/em><\/p>\n\n\n<div class=\"pgc-sgb-cb wp-block-pgcsimplygalleryblock-justified \" data-gallery-id=\"92655791\"><div class=\"sgb-preloader\" id=\"pr_92655791\">\n\t<div class=\"sgb-square\" style=\"background:#d4d4d4\"><\/div>\n\t<div class=\"sgb-square\" style=\"background:#d4d4d4\"><\/div>\n\t<div class=\"sgb-square\" style=\"background:#d4d4d4\"><\/div>\n\t<div class=\"sgb-square\" style=\"background:#d4d4d4\"><\/div><\/div><div class=\"simply-gallery-amp pgc_sgb_slider \"><noscript><div class=\"sgb-gallery\"><div class=\"sgb-item\"><a href=\"https:\/\/ensemble-paroissial-reynies.fr\/?attachment_id=3264\" target=\"_blank\"><img decoding=\"async\" alt=\"\" width=\"202\" height=\"300\" loading=\"lazy\" src=\"https:\/\/ensemble-paroissial-reynies.fr\/wp-content\/uploads\/eglise_brial\/P1000785m-202x300.jpg\" srcset=\"https:\/\/ensemble-paroissial-reynies.fr\/wp-content\/uploads\/eglise_brial\/P1000785m-202x300.jpg 202w,https:\/\/ensemble-paroissial-reynies.fr\/wp-content\/uploads\/eglise_brial\/P1000785m-689x1024.jpg 689w,https:\/\/ensemble-paroissial-reynies.fr\/wp-content\/uploads\/eglise_brial\/P1000785m-scaled.jpg 1722w\" sizes=\"auto, 250px\"\/><\/a><div class=\"sgb-item-caption\"><em>Chapelle de la Vierge<\/em><\/div><\/div><div class=\"sgb-item\"><a href=\"https:\/\/ensemble-paroissial-reynies.fr\/?attachment_id=3260\" target=\"_blank\"><img decoding=\"async\" alt=\"\" width=\"120\" height=\"300\" loading=\"lazy\" src=\"https:\/\/ensemble-paroissial-reynies.fr\/wp-content\/uploads\/eglise_brial\/P1000781m-120x300.jpg\" srcset=\"https:\/\/ensemble-paroissial-reynies.fr\/wp-content\/uploads\/eglise_brial\/P1000781m-120x300.jpg 120w,https:\/\/ensemble-paroissial-reynies.fr\/wp-content\/uploads\/eglise_brial\/P1000781m-411x1024.jpg 411w,https:\/\/ensemble-paroissial-reynies.fr\/wp-content\/uploads\/eglise_brial\/P1000781m-scaled.jpg 1028w\" sizes=\"auto, 250px\"\/><\/a><div class=\"sgb-item-caption\"><em>Enfant J\u00e9sus de Prague<\/em><\/div><\/div><div class=\"sgb-item\"><a href=\"https:\/\/ensemble-paroissial-reynies.fr\/?attachment_id=3262\" target=\"_blank\"><img decoding=\"async\" alt=\"\" width=\"97\" height=\"300\" loading=\"lazy\" src=\"https:\/\/ensemble-paroissial-reynies.fr\/wp-content\/uploads\/eglise_brial\/P1000783m-97x300.jpg\" srcset=\"https:\/\/ensemble-paroissial-reynies.fr\/wp-content\/uploads\/eglise_brial\/P1000783m-97x300.jpg 97w,https:\/\/ensemble-paroissial-reynies.fr\/wp-content\/uploads\/eglise_brial\/P1000783m-331x1024.jpg 331w,https:\/\/ensemble-paroissial-reynies.fr\/wp-content\/uploads\/eglise_brial\/P1000783m-scaled.jpg 829w\" sizes=\"auto, 250px\"\/><\/a><\/div><div class=\"sgb-item\"><a href=\"https:\/\/ensemble-paroissial-reynies.fr\/?attachment_id=3263\" target=\"_blank\"><img decoding=\"async\" alt=\"\" width=\"161\" height=\"300\" loading=\"lazy\" src=\"https:\/\/ensemble-paroissial-reynies.fr\/wp-content\/uploads\/eglise_brial\/P1000784m-161x300.jpg\" srcset=\"https:\/\/ensemble-paroissial-reynies.fr\/wp-content\/uploads\/eglise_brial\/P1000784m-161x300.jpg 161w,https:\/\/ensemble-paroissial-reynies.fr\/wp-content\/uploads\/eglise_brial\/P1000784m-551x1024.jpg 551w,https:\/\/ensemble-paroissial-reynies.fr\/wp-content\/uploads\/eglise_brial\/P1000784m.jpg 1124w\" sizes=\"auto, 250px\"\/><\/a><\/div><div class=\"sgb-item\"><a href=\"https:\/\/ensemble-paroissial-reynies.fr\/?attachment_id=3261\" target=\"_blank\"><img decoding=\"async\" alt=\"\" width=\"128\" height=\"300\" loading=\"lazy\" src=\"https:\/\/ensemble-paroissial-reynies.fr\/wp-content\/uploads\/eglise_brial\/P1000782m-128x300.jpg\" srcset=\"https:\/\/ensemble-paroissial-reynies.fr\/wp-content\/uploads\/eglise_brial\/P1000782m-128x300.jpg 128w,https:\/\/ensemble-paroissial-reynies.fr\/wp-content\/uploads\/eglise_brial\/P1000782m-439x1024.jpg 439w,https:\/\/ensemble-paroissial-reynies.fr\/wp-content\/uploads\/eglise_brial\/P1000782m-scaled.jpg 1096w\" sizes=\"auto, 250px\"\/><\/a><\/div><div class=\"sgb-item\"><a href=\"https:\/\/ensemble-paroissial-reynies.fr\/?attachment_id=3266\" target=\"_blank\"><img decoding=\"async\" alt=\"\" width=\"300\" height=\"227\" loading=\"lazy\" src=\"https:\/\/ensemble-paroissial-reynies.fr\/wp-content\/uploads\/eglise_brial\/P1000787m-300x227.jpg\" srcset=\"https:\/\/ensemble-paroissial-reynies.fr\/wp-content\/uploads\/eglise_brial\/P1000787m-300x227.jpg 300w,https:\/\/ensemble-paroissial-reynies.fr\/wp-content\/uploads\/eglise_brial\/P1000787m-1024x776.jpg 1024w,https:\/\/ensemble-paroissial-reynies.fr\/wp-content\/uploads\/eglise_brial\/P1000787m-scaled.jpg 2560w\" sizes=\"auto, 250px\"\/><\/a><\/div><div class=\"sgb-item\"><a href=\"https:\/\/ensemble-paroissial-reynies.fr\/?attachment_id=3265\" target=\"_blank\"><img decoding=\"async\" alt=\"\" width=\"207\" height=\"300\" loading=\"lazy\" src=\"https:\/\/ensemble-paroissial-reynies.fr\/wp-content\/uploads\/eglise_brial\/P1000786m-207x300.jpg\" srcset=\"https:\/\/ensemble-paroissial-reynies.fr\/wp-content\/uploads\/eglise_brial\/P1000786m-207x300.jpg 207w,https:\/\/ensemble-paroissial-reynies.fr\/wp-content\/uploads\/eglise_brial\/P1000786m-705x1024.jpg 705w,https:\/\/ensemble-paroissial-reynies.fr\/wp-content\/uploads\/eglise_brial\/P1000786m-scaled.jpg 1763w\" sizes=\"auto, 250px\"\/><\/a><div class=\"sgb-item-caption\"><em>Tabernacle &#8211; Grande Croix<\/em><\/div><\/div><div class=\"sgb-item\"><a href=\"https:\/\/ensemble-paroissial-reynies.fr\/?attachment_id=3267\" target=\"_blank\"><img decoding=\"async\" alt=\"\" width=\"102\" height=\"300\" loading=\"lazy\" src=\"https:\/\/ensemble-paroissial-reynies.fr\/wp-content\/uploads\/eglise_brial\/P1000788m-102x300.jpg\" srcset=\"https:\/\/ensemble-paroissial-reynies.fr\/wp-content\/uploads\/eglise_brial\/P1000788m-102x300.jpg 102w,https:\/\/ensemble-paroissial-reynies.fr\/wp-content\/uploads\/eglise_brial\/P1000788m-349x1024.jpg 349w,https:\/\/ensemble-paroissial-reynies.fr\/wp-content\/uploads\/eglise_brial\/P1000788m-scaled.jpg 872w\" sizes=\"auto, 250px\"\/><\/a><div class=\"sgb-item-caption\"><em>Saint Jean-Baptiste<\/em><\/div><\/div><div class=\"sgb-item\"><a href=\"https:\/\/ensemble-paroissial-reynies.fr\/?attachment_id=3259\" target=\"_blank\"><img decoding=\"async\" alt=\"\" width=\"116\" height=\"300\" loading=\"lazy\" src=\"https:\/\/ensemble-paroissial-reynies.fr\/wp-content\/uploads\/eglise_brial\/P1000780m-116x300.jpg\" srcset=\"https:\/\/ensemble-paroissial-reynies.fr\/wp-content\/uploads\/eglise_brial\/P1000780m-116x300.jpg 116w,https:\/\/ensemble-paroissial-reynies.fr\/wp-content\/uploads\/eglise_brial\/P1000780m-397x1024.jpg 397w,https:\/\/ensemble-paroissial-reynies.fr\/wp-content\/uploads\/eglise_brial\/P1000780m-scaled.jpg 992w\" sizes=\"auto, 250px\"\/><\/a><div class=\"sgb-item-caption\"><em>Saint Joseph<\/em><\/div><\/div><div class=\"sgb-item\"><a href=\"https:\/\/ensemble-paroissial-reynies.fr\/?attachment_id=3258\" target=\"_blank\"><img decoding=\"async\" alt=\"\" width=\"104\" height=\"300\" loading=\"lazy\" src=\"https:\/\/ensemble-paroissial-reynies.fr\/wp-content\/uploads\/eglise_brial\/P1000779m-104x300.jpg\" srcset=\"https:\/\/ensemble-paroissial-reynies.fr\/wp-content\/uploads\/eglise_brial\/P1000779m-104x300.jpg 104w,https:\/\/ensemble-paroissial-reynies.fr\/wp-content\/uploads\/eglise_brial\/P1000779m-355x1024.jpg 355w,https:\/\/ensemble-paroissial-reynies.fr\/wp-content\/uploads\/eglise_brial\/P1000779m-scaled.jpg 887w\" sizes=\"auto, 250px\"\/><\/a><div class=\"sgb-item-caption\"><em>Sacr\u00e9 Coeur de j\u00e9sus<\/em><\/div><\/div><div class=\"sgb-item\"><a href=\"https:\/\/ensemble-paroissial-reynies.fr\/?attachment_id=3257\" target=\"_blank\"><img decoding=\"async\" alt=\"\" width=\"84\" height=\"300\" loading=\"lazy\" src=\"https:\/\/ensemble-paroissial-reynies.fr\/wp-content\/uploads\/eglise_brial\/P1000776m-84x300.jpg\" srcset=\"https:\/\/ensemble-paroissial-reynies.fr\/wp-content\/uploads\/eglise_brial\/P1000776m-84x300.jpg 84w,https:\/\/ensemble-paroissial-reynies.fr\/wp-content\/uploads\/eglise_brial\/P1000776m-288x1024.jpg 288w,https:\/\/ensemble-paroissial-reynies.fr\/wp-content\/uploads\/eglise_brial\/P1000776m-scaled.jpg 720w\" sizes=\"auto, 250px\"\/><\/a><div class=\"sgb-item-caption\"><em>Sainte Jeanne d&rsquo;Arc<\/em><\/div><\/div><div class=\"sgb-item\"><a href=\"https:\/\/ensemble-paroissial-reynies.fr\/?attachment_id=3247\" target=\"_blank\"><img decoding=\"async\" alt=\"\" width=\"142\" height=\"300\" loading=\"lazy\" src=\"https:\/\/ensemble-paroissial-reynies.fr\/wp-content\/uploads\/eglise_brial\/P1000768m-142x300.jpg\" srcset=\"https:\/\/ensemble-paroissial-reynies.fr\/wp-content\/uploads\/eglise_brial\/P1000768m-142x300.jpg 142w,https:\/\/ensemble-paroissial-reynies.fr\/wp-content\/uploads\/eglise_brial\/P1000768m-485x1024.jpg 485w,https:\/\/ensemble-paroissial-reynies.fr\/wp-content\/uploads\/eglise_brial\/P1000768m-scaled.jpg 1212w\" sizes=\"auto, 250px\"\/><\/a><div class=\"sgb-item-caption\"><em>Archange saint Michel terrassant le dragon<\/em><\/div><\/div><div class=\"sgb-item\"><a href=\"https:\/\/ensemble-paroissial-reynies.fr\/?attachment_id=1192\" target=\"_blank\"><img decoding=\"async\" alt=\"\" width=\"225\" height=\"300\" loading=\"lazy\" src=\"https:\/\/ensemble-paroissial-reynies.fr\/wp-content\/uploads\/eglise_brial\/DSC01947-225x300.jpg\" srcset=\"https:\/\/ensemble-paroissial-reynies.fr\/wp-content\/uploads\/eglise_brial\/DSC01947-225x300.jpg 225w,https:\/\/ensemble-paroissial-reynies.fr\/wp-content\/uploads\/eglise_brial\/DSC01947-768x1024.jpg 768w,https:\/\/ensemble-paroissial-reynies.fr\/wp-content\/uploads\/eglise_brial\/DSC01947-scaled.jpg 1920w\" sizes=\"auto, 250px\"\/><\/a><div class=\"sgb-item-caption\"><em>Plaque comm\u00e9morative 1914-1918                       <\/em><\/div><\/div><\/div><\/noscript><\/div><script type=\"application\/json\" class=\"sgb-data\">{\"collectionThumbMiniScreenScale\":true,\"captionHAlign\":\"bottom\",\"collectionthumbHoverTitleFontSize\":12,\"collectionThumbSubMenuDownload\":false,\"galleryType\":\"pgc_sgb_justified\",\"galleryId\":\"92655791\",\"images\":[{\"id\":3264,\"title\":\"P1000785m\",\"url\":\"https:\/\/ensemble-paroissial-reynies.fr\/wp-content\/uploads\/eglise_brial\/P1000785m-scaled.jpg\",\"link\":\"https:\/\/ensemble-paroissial-reynies.fr\/?attachment_id=3264\",\"alt\":\"\",\"description\":\"\",\"caption\":\"Chapelle de la Vierge\",\"mime\":\"image\/jpeg\",\"type\":\"image\",\"width\":1722,\"height\":2560,\"sizes\":{\"thumbnail\":{\"height\":150,\"width\":150,\"url\":\"https:\/\/ensemble-paroissial-reynies.fr\/wp-content\/uploads\/eglise_brial\/P1000785m-150x150.jpg\",\"orientation\":\"landscape\"},\"medium\":{\"height\":300,\"width\":202,\"url\":\"https:\/\/ensemble-paroissial-reynies.fr\/wp-content\/uploads\/eglise_brial\/P1000785m-202x300.jpg\",\"orientation\":\"portrait\"},\"large\":{\"height\":1024,\"width\":689,\"url\":\"https:\/\/ensemble-paroissial-reynies.fr\/wp-content\/uploads\/eglise_brial\/P1000785m-689x1024.jpg\",\"orientation\":\"portrait\"},\"full\":{\"url\":\"https:\/\/ensemble-paroissial-reynies.fr\/wp-content\/uploads\/eglise_brial\/P1000785m-scaled.jpg\",\"height\":2560,\"width\":1722,\"orientation\":\"portrait\"}},\"imageMeta\":{\"aperture\":\"4.2\",\"credit\":\"\",\"camera\":\"DMC-G80\",\"caption\":\"\",\"created_timestamp\":\"1736020715\",\"copyright\":\"\",\"focal_length\":\"22\",\"iso\":\"800\",\"shutter_speed\":\"0.016666666666667\",\"title\":\"\",\"orientation\":\"0\",\"keywords\":[]},\"meta\":false,\"postlink\":\"https:\/\/ensemble-paroissial-reynies.fr\/?attachment_id=3264\"},{\"id\":3260,\"title\":\"P1000781m\",\"url\":\"https:\/\/ensemble-paroissial-reynies.fr\/wp-content\/uploads\/eglise_brial\/P1000781m-scaled.jpg\",\"link\":\"https:\/\/ensemble-paroissial-reynies.fr\/?attachment_id=3260\",\"alt\":\"\",\"description\":\"\",\"caption\":\"Enfant J\u00e9sus de Prague\",\"mime\":\"image\/jpeg\",\"type\":\"image\",\"width\":1028,\"height\":2560,\"sizes\":{\"thumbnail\":{\"height\":150,\"width\":150,\"url\":\"https:\/\/ensemble-paroissial-reynies.fr\/wp-content\/uploads\/eglise_brial\/P1000781m-150x150.jpg\",\"orientation\":\"landscape\"},\"medium\":{\"height\":300,\"width\":120,\"url\":\"https:\/\/ensemble-paroissial-reynies.fr\/wp-content\/uploads\/eglise_brial\/P1000781m-120x300.jpg\",\"orientation\":\"portrait\"},\"large\":{\"height\":1024,\"width\":411,\"url\":\"https:\/\/ensemble-paroissial-reynies.fr\/wp-content\/uploads\/eglise_brial\/P1000781m-411x1024.jpg\",\"orientation\":\"portrait\"},\"full\":{\"url\":\"https:\/\/ensemble-paroissial-reynies.fr\/wp-content\/uploads\/eglise_brial\/P1000781m-scaled.jpg\",\"height\":2560,\"width\":1028,\"orientation\":\"portrait\"}},\"imageMeta\":{\"aperture\":\"5.2\",\"credit\":\"\",\"camera\":\"DMC-G80\",\"caption\":\"\",\"created_timestamp\":\"1736020671\",\"copyright\":\"\",\"focal_length\":\"35\",\"iso\":\"1250\",\"shutter_speed\":\"0.125\",\"title\":\"\",\"orientation\":\"0\",\"keywords\":[]},\"meta\":false,\"postlink\":\"https:\/\/ensemble-paroissial-reynies.fr\/?attachment_id=3260\"},{\"id\":3262,\"title\":\"P1000783m\",\"url\":\"https:\/\/ensemble-paroissial-reynies.fr\/wp-content\/uploads\/eglise_brial\/P1000783m-scaled.jpg\",\"link\":\"https:\/\/ensemble-paroissial-reynies.fr\/?attachment_id=3262\",\"alt\":\"\",\"description\":\"\",\"caption\":\"\",\"mime\":\"image\/jpeg\",\"type\":\"image\",\"width\":829,\"height\":2560,\"sizes\":{\"thumbnail\":{\"height\":150,\"width\":150,\"url\":\"https:\/\/ensemble-paroissial-reynies.fr\/wp-content\/uploads\/eglise_brial\/P1000783m-150x150.jpg\",\"orientation\":\"landscape\"},\"medium\":{\"height\":300,\"width\":97,\"url\":\"https:\/\/ensemble-paroissial-reynies.fr\/wp-content\/uploads\/eglise_brial\/P1000783m-97x300.jpg\",\"orientation\":\"portrait\"},\"large\":{\"height\":1024,\"width\":331,\"url\":\"https:\/\/ensemble-paroissial-reynies.fr\/wp-content\/uploads\/eglise_brial\/P1000783m-331x1024.jpg\",\"orientation\":\"portrait\"},\"full\":{\"url\":\"https:\/\/ensemble-paroissial-reynies.fr\/wp-content\/uploads\/eglise_brial\/P1000783m-scaled.jpg\",\"height\":2560,\"width\":829,\"orientation\":\"portrait\"}},\"imageMeta\":{\"aperture\":\"5\",\"credit\":\"\",\"camera\":\"DMC-G80\",\"caption\":\"\",\"created_timestamp\":\"1736020696\",\"copyright\":\"\",\"focal_length\":\"32\",\"iso\":\"320\",\"shutter_speed\":\"0.016666666666667\",\"title\":\"\",\"orientation\":\"0\",\"keywords\":[]},\"meta\":false,\"postlink\":\"https:\/\/ensemble-paroissial-reynies.fr\/?attachment_id=3262\"},{\"id\":3263,\"title\":\"P1000784m\",\"url\":\"https:\/\/ensemble-paroissial-reynies.fr\/wp-content\/uploads\/eglise_brial\/P1000784m.jpg\",\"link\":\"https:\/\/ensemble-paroissial-reynies.fr\/?attachment_id=3263\",\"alt\":\"\",\"description\":\"\",\"caption\":\"\",\"mime\":\"image\/jpeg\",\"type\":\"image\",\"width\":1124,\"height\":2089,\"sizes\":{\"thumbnail\":{\"height\":150,\"width\":150,\"url\":\"https:\/\/ensemble-paroissial-reynies.fr\/wp-content\/uploads\/eglise_brial\/P1000784m-150x150.jpg\",\"orientation\":\"landscape\"},\"medium\":{\"height\":300,\"width\":161,\"url\":\"https:\/\/ensemble-paroissial-reynies.fr\/wp-content\/uploads\/eglise_brial\/P1000784m-161x300.jpg\",\"orientation\":\"portrait\"},\"large\":{\"height\":1024,\"width\":551,\"url\":\"https:\/\/ensemble-paroissial-reynies.fr\/wp-content\/uploads\/eglise_brial\/P1000784m-551x1024.jpg\",\"orientation\":\"portrait\"},\"full\":{\"url\":\"https:\/\/ensemble-paroissial-reynies.fr\/wp-content\/uploads\/eglise_brial\/P1000784m.jpg\",\"height\":2089,\"width\":1124,\"orientation\":\"portrait\"}},\"imageMeta\":{\"aperture\":\"4.7\",\"credit\":\"\",\"camera\":\"DMC-G80\",\"caption\":\"\",\"created_timestamp\":\"1736020704\",\"copyright\":\"\",\"focal_length\":\"28\",\"iso\":\"800\",\"shutter_speed\":\"0.016666666666667\",\"title\":\"\",\"orientation\":\"0\",\"keywords\":[]},\"meta\":false,\"postlink\":\"https:\/\/ensemble-paroissial-reynies.fr\/?attachment_id=3263\"},{\"id\":3261,\"title\":\"P1000782m\",\"url\":\"https:\/\/ensemble-paroissial-reynies.fr\/wp-content\/uploads\/eglise_brial\/P1000782m-scaled.jpg\",\"link\":\"https:\/\/ensemble-paroissial-reynies.fr\/?attachment_id=3261\",\"alt\":\"\",\"description\":\"\",\"caption\":\"\",\"mime\":\"image\/jpeg\",\"type\":\"image\",\"width\":1096,\"height\":2560,\"sizes\":{\"thumbnail\":{\"height\":150,\"width\":150,\"url\":\"https:\/\/ensemble-paroissial-reynies.fr\/wp-content\/uploads\/eglise_brial\/P1000782m-150x150.jpg\",\"orientation\":\"landscape\"},\"medium\":{\"height\":300,\"width\":128,\"url\":\"https:\/\/ensemble-paroissial-reynies.fr\/wp-content\/uploads\/eglise_brial\/P1000782m-128x300.jpg\",\"orientation\":\"portrait\"},\"large\":{\"height\":1024,\"width\":439,\"url\":\"https:\/\/ensemble-paroissial-reynies.fr\/wp-content\/uploads\/eglise_brial\/P1000782m-439x1024.jpg\",\"orientation\":\"portrait\"},\"full\":{\"url\":\"https:\/\/ensemble-paroissial-reynies.fr\/wp-content\/uploads\/eglise_brial\/P1000782m-scaled.jpg\",\"height\":2560,\"width\":1096,\"orientation\":\"portrait\"}},\"imageMeta\":{\"aperture\":\"3.9\",\"credit\":\"\",\"camera\":\"DMC-G80\",\"caption\":\"\",\"created_timestamp\":\"1736020682\",\"copyright\":\"\",\"focal_length\":\"18\",\"iso\":\"800\",\"shutter_speed\":\"0.016666666666667\",\"title\":\"\",\"orientation\":\"0\",\"keywords\":[]},\"meta\":false,\"postlink\":\"https:\/\/ensemble-paroissial-reynies.fr\/?attachment_id=3261\"},{\"id\":3266,\"title\":\"Brial autel\",\"url\":\"https:\/\/ensemble-paroissial-reynies.fr\/wp-content\/uploads\/eglise_brial\/P1000787m-scaled.jpg\",\"link\":\"https:\/\/ensemble-paroissial-reynies.fr\/?attachment_id=3266\",\"alt\":\"\",\"description\":\"\",\"caption\":\"\",\"mime\":\"image\/jpeg\",\"type\":\"image\",\"width\":2560,\"height\":1941,\"sizes\":{\"thumbnail\":{\"height\":150,\"width\":150,\"url\":\"https:\/\/ensemble-paroissial-reynies.fr\/wp-content\/uploads\/eglise_brial\/P1000787m-150x150.jpg\",\"orientation\":\"landscape\"},\"medium\":{\"height\":227,\"width\":300,\"url\":\"https:\/\/ensemble-paroissial-reynies.fr\/wp-content\/uploads\/eglise_brial\/P1000787m-300x227.jpg\",\"orientation\":\"landscape\"},\"large\":{\"height\":776,\"width\":1024,\"url\":\"https:\/\/ensemble-paroissial-reynies.fr\/wp-content\/uploads\/eglise_brial\/P1000787m-1024x776.jpg\",\"orientation\":\"landscape\"},\"full\":{\"url\":\"https:\/\/ensemble-paroissial-reynies.fr\/wp-content\/uploads\/eglise_brial\/P1000787m-scaled.jpg\",\"height\":1941,\"width\":2560,\"orientation\":\"landscape\"}},\"imageMeta\":{\"aperture\":\"3.8\",\"credit\":\"\",\"camera\":\"DMC-G80\",\"caption\":\"\",\"created_timestamp\":\"1736020739\",\"copyright\":\"\",\"focal_length\":\"17\",\"iso\":\"800\",\"shutter_speed\":\"0.016666666666667\",\"title\":\"\",\"orientation\":\"0\",\"keywords\":[]},\"meta\":false,\"postlink\":\"https:\/\/ensemble-paroissial-reynies.fr\/?attachment_id=3266\"},{\"id\":3265,\"title\":\"P1000786m\",\"url\":\"https:\/\/ensemble-paroissial-reynies.fr\/wp-content\/uploads\/eglise_brial\/P1000786m-scaled.jpg\",\"link\":\"https:\/\/ensemble-paroissial-reynies.fr\/?attachment_id=3265\",\"alt\":\"\",\"description\":\"\",\"caption\":\"Tabernacle - Grande Croix\",\"mime\":\"image\/jpeg\",\"type\":\"image\",\"width\":1763,\"height\":2560,\"sizes\":{\"thumbnail\":{\"height\":150,\"width\":150,\"url\":\"https:\/\/ensemble-paroissial-reynies.fr\/wp-content\/uploads\/eglise_brial\/P1000786m-150x150.jpg\",\"orientation\":\"landscape\"},\"medium\":{\"height\":300,\"width\":207,\"url\":\"https:\/\/ensemble-paroissial-reynies.fr\/wp-content\/uploads\/eglise_brial\/P1000786m-207x300.jpg\",\"orientation\":\"portrait\"},\"large\":{\"height\":1024,\"width\":705,\"url\":\"https:\/\/ensemble-paroissial-reynies.fr\/wp-content\/uploads\/eglise_brial\/P1000786m-705x1024.jpg\",\"orientation\":\"portrait\"},\"full\":{\"url\":\"https:\/\/ensemble-paroissial-reynies.fr\/wp-content\/uploads\/eglise_brial\/P1000786m-scaled.jpg\",\"height\":2560,\"width\":1763,\"orientation\":\"portrait\"}},\"imageMeta\":{\"aperture\":\"4.5\",\"credit\":\"\",\"camera\":\"DMC-G80\",\"caption\":\"\",\"created_timestamp\":\"1736020730\",\"copyright\":\"\",\"focal_length\":\"25\",\"iso\":\"800\",\"shutter_speed\":\"0.016666666666667\",\"title\":\"\",\"orientation\":\"0\",\"keywords\":[]},\"meta\":false,\"postlink\":\"https:\/\/ensemble-paroissial-reynies.fr\/?attachment_id=3265\"},{\"id\":3267,\"title\":\"P1000788m\",\"url\":\"https:\/\/ensemble-paroissial-reynies.fr\/wp-content\/uploads\/eglise_brial\/P1000788m-scaled.jpg\",\"link\":\"https:\/\/ensemble-paroissial-reynies.fr\/?attachment_id=3267\",\"alt\":\"\",\"description\":\"\",\"caption\":\"Saint Jean-Baptiste\",\"mime\":\"image\/jpeg\",\"type\":\"image\",\"width\":872,\"height\":2560,\"sizes\":{\"thumbnail\":{\"height\":150,\"width\":150,\"url\":\"https:\/\/ensemble-paroissial-reynies.fr\/wp-content\/uploads\/eglise_brial\/P1000788m-150x150.jpg\",\"orientation\":\"landscape\"},\"medium\":{\"height\":300,\"width\":102,\"url\":\"https:\/\/ensemble-paroissial-reynies.fr\/wp-content\/uploads\/eglise_brial\/P1000788m-102x300.jpg\",\"orientation\":\"portrait\"},\"large\":{\"height\":1024,\"width\":349,\"url\":\"https:\/\/ensemble-paroissial-reynies.fr\/wp-content\/uploads\/eglise_brial\/P1000788m-349x1024.jpg\",\"orientation\":\"portrait\"},\"full\":{\"url\":\"https:\/\/ensemble-paroissial-reynies.fr\/wp-content\/uploads\/eglise_brial\/P1000788m-scaled.jpg\",\"height\":2560,\"width\":872,\"orientation\":\"portrait\"}},\"imageMeta\":{\"aperture\":\"4.3\",\"credit\":\"\",\"camera\":\"DMC-G80\",\"caption\":\"\",\"created_timestamp\":\"1736020750\",\"copyright\":\"\",\"focal_length\":\"23\",\"iso\":\"800\",\"shutter_speed\":\"0.016666666666667\",\"title\":\"\",\"orientation\":\"0\",\"keywords\":[]},\"meta\":false,\"postlink\":\"https:\/\/ensemble-paroissial-reynies.fr\/?attachment_id=3267\"},{\"id\":3259,\"title\":\"P1000780m\",\"url\":\"https:\/\/ensemble-paroissial-reynies.fr\/wp-content\/uploads\/eglise_brial\/P1000780m-scaled.jpg\",\"link\":\"https:\/\/ensemble-paroissial-reynies.fr\/?attachment_id=3259\",\"alt\":\"\",\"description\":\"\",\"caption\":\"Saint Joseph\",\"mime\":\"image\/jpeg\",\"type\":\"image\",\"width\":992,\"height\":2560,\"sizes\":{\"thumbnail\":{\"height\":150,\"width\":150,\"url\":\"https:\/\/ensemble-paroissial-reynies.fr\/wp-content\/uploads\/eglise_brial\/P1000780m-150x150.jpg\",\"orientation\":\"landscape\"},\"medium\":{\"height\":300,\"width\":116,\"url\":\"https:\/\/ensemble-paroissial-reynies.fr\/wp-content\/uploads\/eglise_brial\/P1000780m-116x300.jpg\",\"orientation\":\"portrait\"},\"large\":{\"height\":1024,\"width\":397,\"url\":\"https:\/\/ensemble-paroissial-reynies.fr\/wp-content\/uploads\/eglise_brial\/P1000780m-397x1024.jpg\",\"orientation\":\"portrait\"},\"full\":{\"url\":\"https:\/\/ensemble-paroissial-reynies.fr\/wp-content\/uploads\/eglise_brial\/P1000780m-scaled.jpg\",\"height\":2560,\"width\":992,\"orientation\":\"portrait\"}},\"imageMeta\":{\"aperture\":\"3.5\",\"credit\":\"\",\"camera\":\"DMC-G80\",\"caption\":\"\",\"created_timestamp\":\"1736020632\",\"copyright\":\"\",\"focal_length\":\"13\",\"iso\":\"800\",\"shutter_speed\":\"0.016666666666667\",\"title\":\"\",\"orientation\":\"0\",\"keywords\":[]},\"meta\":false,\"postlink\":\"https:\/\/ensemble-paroissial-reynies.fr\/?attachment_id=3259\"},{\"id\":3258,\"title\":\"P1000779m\",\"url\":\"https:\/\/ensemble-paroissial-reynies.fr\/wp-content\/uploads\/eglise_brial\/P1000779m-scaled.jpg\",\"link\":\"https:\/\/ensemble-paroissial-reynies.fr\/?attachment_id=3258\",\"alt\":\"\",\"description\":\"\",\"caption\":\"Sacr\u00e9 Coeur de j\u00e9sus\",\"mime\":\"image\/jpeg\",\"type\":\"image\",\"width\":887,\"height\":2560,\"sizes\":{\"thumbnail\":{\"height\":150,\"width\":150,\"url\":\"https:\/\/ensemble-paroissial-reynies.fr\/wp-content\/uploads\/eglise_brial\/P1000779m-150x150.jpg\",\"orientation\":\"landscape\"},\"medium\":{\"height\":300,\"width\":104,\"url\":\"https:\/\/ensemble-paroissial-reynies.fr\/wp-content\/uploads\/eglise_brial\/P1000779m-104x300.jpg\",\"orientation\":\"portrait\"},\"large\":{\"height\":1024,\"width\":355,\"url\":\"https:\/\/ensemble-paroissial-reynies.fr\/wp-content\/uploads\/eglise_brial\/P1000779m-355x1024.jpg\",\"orientation\":\"portrait\"},\"full\":{\"url\":\"https:\/\/ensemble-paroissial-reynies.fr\/wp-content\/uploads\/eglise_brial\/P1000779m-scaled.jpg\",\"height\":2560,\"width\":887,\"orientation\":\"portrait\"}},\"imageMeta\":{\"aperture\":\"3.7\",\"credit\":\"\",\"camera\":\"DMC-G80\",\"caption\":\"\",\"created_timestamp\":\"1736020618\",\"copyright\":\"\",\"focal_length\":\"15\",\"iso\":\"200\",\"shutter_speed\":\"0.016666666666667\",\"title\":\"\",\"orientation\":\"0\",\"keywords\":[]},\"meta\":false,\"postlink\":\"https:\/\/ensemble-paroissial-reynies.fr\/?attachment_id=3258\"},{\"id\":3257,\"title\":\"P1000776m\",\"url\":\"https:\/\/ensemble-paroissial-reynies.fr\/wp-content\/uploads\/eglise_brial\/P1000776m-scaled.jpg\",\"link\":\"https:\/\/ensemble-paroissial-reynies.fr\/?attachment_id=3257\",\"alt\":\"\",\"description\":\"\",\"caption\":\"Sainte Jeanne d'Arc\",\"mime\":\"image\/jpeg\",\"type\":\"image\",\"width\":720,\"height\":2560,\"sizes\":{\"thumbnail\":{\"height\":150,\"width\":150,\"url\":\"https:\/\/ensemble-paroissial-reynies.fr\/wp-content\/uploads\/eglise_brial\/P1000776m-150x150.jpg\",\"orientation\":\"landscape\"},\"medium\":{\"height\":300,\"width\":84,\"url\":\"https:\/\/ensemble-paroissial-reynies.fr\/wp-content\/uploads\/eglise_brial\/P1000776m-84x300.jpg\",\"orientation\":\"portrait\"},\"large\":{\"height\":1024,\"width\":288,\"url\":\"https:\/\/ensemble-paroissial-reynies.fr\/wp-content\/uploads\/eglise_brial\/P1000776m-288x1024.jpg\",\"orientation\":\"portrait\"},\"full\":{\"url\":\"https:\/\/ensemble-paroissial-reynies.fr\/wp-content\/uploads\/eglise_brial\/P1000776m-scaled.jpg\",\"height\":2560,\"width\":720,\"orientation\":\"portrait\"}},\"imageMeta\":{\"aperture\":\"4.2\",\"credit\":\"\",\"camera\":\"DMC-G80\",\"caption\":\"\",\"created_timestamp\":\"1736016500\",\"copyright\":\"\",\"focal_length\":\"22\",\"iso\":\"800\",\"shutter_speed\":\"0.016666666666667\",\"title\":\"\",\"orientation\":\"0\",\"keywords\":[]},\"meta\":false,\"postlink\":\"https:\/\/ensemble-paroissial-reynies.fr\/?attachment_id=3257\"},{\"id\":3247,\"title\":\"P1000768m\",\"url\":\"https:\/\/ensemble-paroissial-reynies.fr\/wp-content\/uploads\/eglise_brial\/P1000768m-scaled.jpg\",\"link\":\"https:\/\/ensemble-paroissial-reynies.fr\/?attachment_id=3247\",\"alt\":\"\",\"description\":\"\",\"caption\":\"Archange saint Michel terrassant le dragon\",\"mime\":\"image\/jpeg\",\"type\":\"image\",\"width\":1212,\"height\":2560,\"sizes\":{\"thumbnail\":{\"height\":150,\"width\":150,\"url\":\"https:\/\/ensemble-paroissial-reynies.fr\/wp-content\/uploads\/eglise_brial\/P1000768m-150x150.jpg\",\"orientation\":\"landscape\"},\"medium\":{\"height\":300,\"width\":142,\"url\":\"https:\/\/ensemble-paroissial-reynies.fr\/wp-content\/uploads\/eglise_brial\/P1000768m-142x300.jpg\",\"orientation\":\"portrait\"},\"large\":{\"height\":1024,\"width\":485,\"url\":\"https:\/\/ensemble-paroissial-reynies.fr\/wp-content\/uploads\/eglise_brial\/P1000768m-485x1024.jpg\",\"orientation\":\"portrait\"},\"full\":{\"url\":\"https:\/\/ensemble-paroissial-reynies.fr\/wp-content\/uploads\/eglise_brial\/P1000768m-scaled.jpg\",\"height\":2560,\"width\":1212,\"orientation\":\"portrait\"}},\"imageMeta\":{\"aperture\":\"3.8\",\"credit\":\"\",\"camera\":\"DMC-G80\",\"caption\":\"\",\"created_timestamp\":\"1736016440\",\"copyright\":\"\",\"focal_length\":\"17\",\"iso\":\"800\",\"shutter_speed\":\"0.125\",\"title\":\"\",\"orientation\":\"0\",\"keywords\":[]},\"meta\":false,\"postlink\":\"https:\/\/ensemble-paroissial-reynies.fr\/?attachment_id=3247\"},{\"id\":1192,\"title\":\"Brial-plaque-morts\",\"url\":\"https:\/\/ensemble-paroissial-reynies.fr\/wp-content\/uploads\/eglise_brial\/DSC01947-scaled.jpg\",\"link\":\"https:\/\/ensemble-paroissial-reynies.fr\/?attachment_id=1192\",\"alt\":\"\",\"description\":\"\",\"caption\":\"Plaque comm\u00e9morative 1914-1918                       \",\"mime\":\"image\/jpeg\",\"type\":\"image\",\"width\":1920,\"height\":2560,\"sizes\":{\"thumbnail\":{\"height\":150,\"width\":150,\"url\":\"https:\/\/ensemble-paroissial-reynies.fr\/wp-content\/uploads\/eglise_brial\/DSC01947-150x150.jpg\",\"orientation\":\"landscape\"},\"medium\":{\"height\":300,\"width\":225,\"url\":\"https:\/\/ensemble-paroissial-reynies.fr\/wp-content\/uploads\/eglise_brial\/DSC01947-225x300.jpg\",\"orientation\":\"portrait\"},\"large\":{\"height\":1024,\"width\":768,\"url\":\"https:\/\/ensemble-paroissial-reynies.fr\/wp-content\/uploads\/eglise_brial\/DSC01947-768x1024.jpg\",\"orientation\":\"portrait\"},\"full\":{\"url\":\"https:\/\/ensemble-paroissial-reynies.fr\/wp-content\/uploads\/eglise_brial\/DSC01947-scaled.jpg\",\"height\":2560,\"width\":1920,\"orientation\":\"portrait\"}},\"imageMeta\":{\"aperture\":\"3.5\",\"credit\":\"\",\"camera\":\"DSC-HX5V\",\"caption\":\"\",\"created_timestamp\":\"1356888031\",\"copyright\":\"\",\"focal_length\":\"4.29\",\"iso\":\"400\",\"shutter_speed\":\"0.4\",\"title\":\"\",\"orientation\":\"1\",\"keywords\":[]},\"meta\":false,\"postlink\":\"https:\/\/ensemble-paroissial-reynies.fr\/?attachment_id=1192\"}],\"sliderItemTitleFontSize\":24,\"sliderSlideshowAutoStart\":true,\"sliderSlideshowDelay\":6,\"itemsMetaDataCollection\":[]}<\/script><script>(function(){if(window.PGC_SGB && window.PGC_SGB.searcher){window.PGC_SGB.searcher.initBlocks()}})()<\/script><\/div><\/details>\n\n\n\n<details class=\"wp-block-details is-layout-flow wp-block-details-is-layout-flow\"><summary>Chemin de Croix<\/summary>\n<p class=\"has-small-font-size\"><em>Cliquez sur les photos pour les agrandir et passer en mode diaporama<\/em><\/p>\n\n\n<div class=\"pgc-sgb-cb wp-block-pgcsimplygalleryblock-justified \" data-gallery-id=\"abf82632\"><div class=\"sgb-preloader\" id=\"pr_abf82632\">\n\t<div class=\"sgb-square\" style=\"background:#d4d4d4\"><\/div>\n\t<div class=\"sgb-square\" style=\"background:#d4d4d4\"><\/div>\n\t<div class=\"sgb-square\" style=\"background:#d4d4d4\"><\/div>\n\t<div class=\"sgb-square\" style=\"background:#d4d4d4\"><\/div><\/div><div class=\"simply-gallery-amp pgc_sgb_slider \"><noscript><div class=\"sgb-gallery\"><div class=\"sgb-item\"><a href=\"https:\/\/ensemble-paroissial-reynies.fr\/?attachment_id=3242\" target=\"_blank\"><img decoding=\"async\" alt=\"\" width=\"155\" height=\"300\" loading=\"lazy\" src=\"https:\/\/ensemble-paroissial-reynies.fr\/wp-content\/uploads\/eglise_brial\/P1000763m-155x300.jpg\" srcset=\"https:\/\/ensemble-paroissial-reynies.fr\/wp-content\/uploads\/eglise_brial\/P1000763m-155x300.jpg 155w,https:\/\/ensemble-paroissial-reynies.fr\/wp-content\/uploads\/eglise_brial\/P1000763m-530x1024.jpg 530w,https:\/\/ensemble-paroissial-reynies.fr\/wp-content\/uploads\/eglise_brial\/P1000763m-scaled.jpg 1324w\" sizes=\"auto, 250px\"\/><\/a><div class=\"sgb-item-caption\"><em>Station I &#8211; J\u00e9sus est condamn\u00e9 \u00e0 mort<\/em><\/div><\/div><div class=\"sgb-item\"><a href=\"https:\/\/ensemble-paroissial-reynies.fr\/?attachment_id=3243\" target=\"_blank\"><img decoding=\"async\" alt=\"\" width=\"140\" height=\"300\" loading=\"lazy\" src=\"https:\/\/ensemble-paroissial-reynies.fr\/wp-content\/uploads\/eglise_brial\/P1000764m-140x300.jpg\" srcset=\"https:\/\/ensemble-paroissial-reynies.fr\/wp-content\/uploads\/eglise_brial\/P1000764m-140x300.jpg 140w,https:\/\/ensemble-paroissial-reynies.fr\/wp-content\/uploads\/eglise_brial\/P1000764m-479x1024.jpg 479w,https:\/\/ensemble-paroissial-reynies.fr\/wp-content\/uploads\/eglise_brial\/P1000764m-scaled.jpg 1197w\" sizes=\"auto, 250px\"\/><\/a><div class=\"sgb-item-caption\"><em>Station II &#8211; J\u00e9sus est charg\u00e9 de la Croix<\/em><\/div><\/div><div class=\"sgb-item\"><a href=\"https:\/\/ensemble-paroissial-reynies.fr\/?attachment_id=3244\" target=\"_blank\"><img decoding=\"async\" alt=\"\" width=\"140\" height=\"300\" loading=\"lazy\" src=\"https:\/\/ensemble-paroissial-reynies.fr\/wp-content\/uploads\/eglise_brial\/P1000765m-140x300.jpg\" srcset=\"https:\/\/ensemble-paroissial-reynies.fr\/wp-content\/uploads\/eglise_brial\/P1000765m-140x300.jpg 140w,https:\/\/ensemble-paroissial-reynies.fr\/wp-content\/uploads\/eglise_brial\/P1000765m-479x1024.jpg 479w,https:\/\/ensemble-paroissial-reynies.fr\/wp-content\/uploads\/eglise_brial\/P1000765m-scaled.jpg 1198w\" sizes=\"auto, 250px\"\/><\/a><div class=\"sgb-item-caption\"><em>Station III &#8211; J\u00e9sus tombe pour la 1re fois<\/em><\/div><\/div><div class=\"sgb-item\"><a href=\"https:\/\/ensemble-paroissial-reynies.fr\/?attachment_id=3245\" target=\"_blank\"><img decoding=\"async\" alt=\"\" width=\"139\" height=\"300\" loading=\"lazy\" src=\"https:\/\/ensemble-paroissial-reynies.fr\/wp-content\/uploads\/eglise_brial\/P1000766m-139x300.jpg\" srcset=\"https:\/\/ensemble-paroissial-reynies.fr\/wp-content\/uploads\/eglise_brial\/P1000766m-139x300.jpg 139w,https:\/\/ensemble-paroissial-reynies.fr\/wp-content\/uploads\/eglise_brial\/P1000766m-475x1024.jpg 475w,https:\/\/ensemble-paroissial-reynies.fr\/wp-content\/uploads\/eglise_brial\/P1000766m-scaled.jpg 1187w\" sizes=\"auto, 250px\"\/><\/a><div class=\"sgb-item-caption\"><em>Station IV &#8211; J\u00e9sus rencontre sa m\u00e8re<\/em><\/div><\/div><div class=\"sgb-item\"><a href=\"https:\/\/ensemble-paroissial-reynies.fr\/?attachment_id=3246\" target=\"_blank\"><img decoding=\"async\" alt=\"\" width=\"135\" height=\"300\" loading=\"lazy\" src=\"https:\/\/ensemble-paroissial-reynies.fr\/wp-content\/uploads\/eglise_brial\/P1000767m-135x300.jpg\" srcset=\"https:\/\/ensemble-paroissial-reynies.fr\/wp-content\/uploads\/eglise_brial\/P1000767m-135x300.jpg 135w,https:\/\/ensemble-paroissial-reynies.fr\/wp-content\/uploads\/eglise_brial\/P1000767m-462x1024.jpg 462w,https:\/\/ensemble-paroissial-reynies.fr\/wp-content\/uploads\/eglise_brial\/P1000767m-scaled.jpg 1155w\" sizes=\"auto, 250px\"\/><\/a><div class=\"sgb-item-caption\"><em>Station V &#8211; J\u00e9sus re\u00e7oit l&rsquo;aie de Simon<\/em><\/div><\/div><div class=\"sgb-item\"><a href=\"https:\/\/ensemble-paroissial-reynies.fr\/?attachment_id=3248\" target=\"_blank\"><img decoding=\"async\" alt=\"\" width=\"143\" height=\"300\" loading=\"lazy\" src=\"https:\/\/ensemble-paroissial-reynies.fr\/wp-content\/uploads\/eglise_brial\/P1000769m-143x300.jpg\" srcset=\"https:\/\/ensemble-paroissial-reynies.fr\/wp-content\/uploads\/eglise_brial\/P1000769m-143x300.jpg 143w,https:\/\/ensemble-paroissial-reynies.fr\/wp-content\/uploads\/eglise_brial\/P1000769m-488x1024.jpg 488w,https:\/\/ensemble-paroissial-reynies.fr\/wp-content\/uploads\/eglise_brial\/P1000769m-scaled.jpg 1219w\" sizes=\"auto, 250px\"\/><\/a><div class=\"sgb-item-caption\"><em>Station VI &#8211; J\u00e9sus essuie sa Sainte face<\/em><\/div><\/div><div class=\"sgb-item\"><a href=\"https:\/\/ensemble-paroissial-reynies.fr\/?attachment_id=3249\" target=\"_blank\"><img decoding=\"async\" alt=\"\" width=\"138\" height=\"300\" loading=\"lazy\" src=\"https:\/\/ensemble-paroissial-reynies.fr\/wp-content\/uploads\/eglise_brial\/P1000770m-138x300.jpg\" srcset=\"https:\/\/ensemble-paroissial-reynies.fr\/wp-content\/uploads\/eglise_brial\/P1000770m-138x300.jpg 138w,https:\/\/ensemble-paroissial-reynies.fr\/wp-content\/uploads\/eglise_brial\/P1000770m-470x1024.jpg 470w,https:\/\/ensemble-paroissial-reynies.fr\/wp-content\/uploads\/eglise_brial\/P1000770m-scaled.jpg 1176w\" sizes=\"auto, 250px\"\/><\/a><div class=\"sgb-item-caption\"><em>Station VII &#8211; J\u00e9sus tombe pour la 2e fois<\/em><\/div><\/div><div class=\"sgb-item\"><a href=\"https:\/\/ensemble-paroissial-reynies.fr\/?attachment_id=3250\" target=\"_blank\"><img decoding=\"async\" alt=\"\" width=\"168\" height=\"300\" loading=\"lazy\" src=\"https:\/\/ensemble-paroissial-reynies.fr\/wp-content\/uploads\/eglise_brial\/P1000771m-168x300.jpg\" srcset=\"https:\/\/ensemble-paroissial-reynies.fr\/wp-content\/uploads\/eglise_brial\/P1000771m-168x300.jpg 168w,https:\/\/ensemble-paroissial-reynies.fr\/wp-content\/uploads\/eglise_brial\/P1000771m-573x1024.jpg 573w,https:\/\/ensemble-paroissial-reynies.fr\/wp-content\/uploads\/eglise_brial\/P1000771m.jpg 1206w\" sizes=\"auto, 250px\"\/><\/a><div class=\"sgb-item-caption\"><em>Station VIII &#8211; J\u00e9sus console les Saintes Filles<\/em><\/div><\/div><div class=\"sgb-item\"><a href=\"https:\/\/ensemble-paroissial-reynies.fr\/?attachment_id=3252\" target=\"_blank\"><img decoding=\"async\" alt=\"\" width=\"164\" height=\"300\" loading=\"lazy\" src=\"https:\/\/ensemble-paroissial-reynies.fr\/wp-content\/uploads\/eglise_brial\/P1000772m-164x300.jpg\" srcset=\"https:\/\/ensemble-paroissial-reynies.fr\/wp-content\/uploads\/eglise_brial\/P1000772m-164x300.jpg 164w,https:\/\/ensemble-paroissial-reynies.fr\/wp-content\/uploads\/eglise_brial\/P1000772m-561x1024.jpg 561w,https:\/\/ensemble-paroissial-reynies.fr\/wp-content\/uploads\/eglise_brial\/P1000772m-scaled.jpg 1403w\" sizes=\"auto, 250px\"\/><\/a><div class=\"sgb-item-caption\"><em>Station IX &#8211; J\u00e9sus tombe pour la 3e fois<\/em><\/div><\/div><div class=\"sgb-item\"><a href=\"https:\/\/ensemble-paroissial-reynies.fr\/?attachment_id=3253\" target=\"_blank\"><img decoding=\"async\" alt=\"\" width=\"140\" height=\"300\" loading=\"lazy\" src=\"https:\/\/ensemble-paroissial-reynies.fr\/wp-content\/uploads\/eglise_brial\/P1000773m-140x300.jpg\" srcset=\"https:\/\/ensemble-paroissial-reynies.fr\/wp-content\/uploads\/eglise_brial\/P1000773m-140x300.jpg 140w,https:\/\/ensemble-paroissial-reynies.fr\/wp-content\/uploads\/eglise_brial\/P1000773m-478x1024.jpg 478w,https:\/\/ensemble-paroissial-reynies.fr\/wp-content\/uploads\/eglise_brial\/P1000773m-scaled.jpg 1194w\" sizes=\"auto, 250px\"\/><\/a><div class=\"sgb-item-caption\"><em>Station X &#8211; J\u00e9sus est d\u00e9pouill\u00e9 de ses v\u00e9tements<\/em><\/div><\/div><div class=\"sgb-item\"><a href=\"https:\/\/ensemble-paroissial-reynies.fr\/?attachment_id=3251\" target=\"_blank\"><img decoding=\"async\" alt=\"\" width=\"146\" height=\"300\" loading=\"lazy\" src=\"https:\/\/ensemble-paroissial-reynies.fr\/wp-content\/uploads\/eglise_brial\/P1000774m-146x300.jpg\" srcset=\"https:\/\/ensemble-paroissial-reynies.fr\/wp-content\/uploads\/eglise_brial\/P1000774m-146x300.jpg 146w,https:\/\/ensemble-paroissial-reynies.fr\/wp-content\/uploads\/eglise_brial\/P1000774m-499x1024.jpg 499w,https:\/\/ensemble-paroissial-reynies.fr\/wp-content\/uploads\/eglise_brial\/P1000774m-scaled.jpg 1248w\" sizes=\"auto, 250px\"\/><\/a><div class=\"sgb-item-caption\"><em>Station XI- J\u00e9sus est clou\u00e9 sur la Croix<\/em><\/div><\/div><div class=\"sgb-item\"><a href=\"https:\/\/ensemble-paroissial-reynies.fr\/?attachment_id=3254\" target=\"_blank\"><img decoding=\"async\" alt=\"\" width=\"148\" height=\"300\" loading=\"lazy\" src=\"https:\/\/ensemble-paroissial-reynies.fr\/wp-content\/uploads\/eglise_brial\/P1000775m-148x300.jpg\" srcset=\"https:\/\/ensemble-paroissial-reynies.fr\/wp-content\/uploads\/eglise_brial\/P1000775m-148x300.jpg 148w,https:\/\/ensemble-paroissial-reynies.fr\/wp-content\/uploads\/eglise_brial\/P1000775m-504x1024.jpg 504w,https:\/\/ensemble-paroissial-reynies.fr\/wp-content\/uploads\/eglise_brial\/P1000775m-scaled.jpg 1259w\" sizes=\"auto, 250px\"\/><\/a><div class=\"sgb-item-caption\"><em>Station XII &#8211; J\u00e9sus meurt sur la Croix<\/em><\/div><\/div><div class=\"sgb-item\"><a href=\"https:\/\/ensemble-paroissial-reynies.fr\/?attachment_id=3255\" target=\"_blank\"><img decoding=\"async\" alt=\"\" width=\"142\" height=\"300\" loading=\"lazy\" src=\"https:\/\/ensemble-paroissial-reynies.fr\/wp-content\/uploads\/eglise_brial\/P1000777m-142x300.jpg\" srcset=\"https:\/\/ensemble-paroissial-reynies.fr\/wp-content\/uploads\/eglise_brial\/P1000777m-142x300.jpg 142w,https:\/\/ensemble-paroissial-reynies.fr\/wp-content\/uploads\/eglise_brial\/P1000777m-486x1024.jpg 486w,https:\/\/ensemble-paroissial-reynies.fr\/wp-content\/uploads\/eglise_brial\/P1000777m-scaled.jpg 1215w\" sizes=\"auto, 250px\"\/><\/a><div class=\"sgb-item-caption\"><em>Station XIII &#8211; J\u00e9sus est descendu de la Croix<\/em><\/div><\/div><div class=\"sgb-item\"><a href=\"https:\/\/ensemble-paroissial-reynies.fr\/?attachment_id=3256\" target=\"_blank\"><img decoding=\"async\" alt=\"\" width=\"172\" height=\"300\" loading=\"lazy\" src=\"https:\/\/ensemble-paroissial-reynies.fr\/wp-content\/uploads\/eglise_brial\/P1000778m-172x300.jpg\" srcset=\"https:\/\/ensemble-paroissial-reynies.fr\/wp-content\/uploads\/eglise_brial\/P1000778m-172x300.jpg 172w,https:\/\/ensemble-paroissial-reynies.fr\/wp-content\/uploads\/eglise_brial\/P1000778m-588x1024.jpg 588w,https:\/\/ensemble-paroissial-reynies.fr\/wp-content\/uploads\/eglise_brial\/P1000778m-scaled.jpg 1470w\" sizes=\"auto, 250px\"\/><\/a><div class=\"sgb-item-caption\"><em>Station XIV &#8211; J\u00e9sus est mis au tombeau<\/em><\/div><\/div><\/div><\/noscript><\/div><script type=\"application\/json\" class=\"sgb-data\">{\"collectionThumbRecomendedHeight\":300,\"collectionThumbMiniScreenScale\":true,\"externalLinkFontSize\":14,\"captionHAlign\":\"bottom\",\"collectionthumbHoverTitleFontSize\":12,\"collectionThumbSubMenuDownload\":false,\"galleryType\":\"pgc_sgb_justified\",\"galleryId\":\"abf82632\",\"images\":[{\"id\":3242,\"title\":\"P1000763m\",\"url\":\"https:\/\/ensemble-paroissial-reynies.fr\/wp-content\/uploads\/eglise_brial\/P1000763m-scaled.jpg\",\"link\":\"https:\/\/ensemble-paroissial-reynies.fr\/?attachment_id=3242\",\"alt\":\"\",\"description\":\"\",\"caption\":\"Station I - J\u00e9sus est condamn\u00e9 \u00e0 mort\",\"mime\":\"image\/jpeg\",\"type\":\"image\",\"width\":1324,\"height\":2560,\"sizes\":{\"thumbnail\":{\"height\":150,\"width\":150,\"url\":\"https:\/\/ensemble-paroissial-reynies.fr\/wp-content\/uploads\/eglise_brial\/P1000763m-150x150.jpg\",\"orientation\":\"landscape\"},\"medium\":{\"height\":300,\"width\":155,\"url\":\"https:\/\/ensemble-paroissial-reynies.fr\/wp-content\/uploads\/eglise_brial\/P1000763m-155x300.jpg\",\"orientation\":\"portrait\"},\"large\":{\"height\":1024,\"width\":530,\"url\":\"https:\/\/ensemble-paroissial-reynies.fr\/wp-content\/uploads\/eglise_brial\/P1000763m-530x1024.jpg\",\"orientation\":\"portrait\"},\"full\":{\"url\":\"https:\/\/ensemble-paroissial-reynies.fr\/wp-content\/uploads\/eglise_brial\/P1000763m-scaled.jpg\",\"height\":2560,\"width\":1324,\"orientation\":\"portrait\"}},\"imageMeta\":{\"aperture\":\"5.3\",\"credit\":\"\",\"camera\":\"DMC-G80\",\"caption\":\"\",\"created_timestamp\":\"1736016400\",\"copyright\":\"\",\"focal_length\":\"36\",\"iso\":\"3200\",\"shutter_speed\":\"0.076923076923077\",\"title\":\"\",\"orientation\":\"0\",\"keywords\":[]},\"meta\":false,\"postlink\":\"https:\/\/ensemble-paroissial-reynies.fr\/?attachment_id=3242\"},{\"id\":3243,\"title\":\"P1000764m\",\"url\":\"https:\/\/ensemble-paroissial-reynies.fr\/wp-content\/uploads\/eglise_brial\/P1000764m-scaled.jpg\",\"link\":\"https:\/\/ensemble-paroissial-reynies.fr\/?attachment_id=3243\",\"alt\":\"\",\"description\":\"\",\"caption\":\"Station II - J\u00e9sus est charg\u00e9 de la Croix\",\"mime\":\"image\/jpeg\",\"type\":\"image\",\"width\":1197,\"height\":2560,\"sizes\":{\"thumbnail\":{\"height\":150,\"width\":150,\"url\":\"https:\/\/ensemble-paroissial-reynies.fr\/wp-content\/uploads\/eglise_brial\/P1000764m-150x150.jpg\",\"orientation\":\"landscape\"},\"medium\":{\"height\":300,\"width\":140,\"url\":\"https:\/\/ensemble-paroissial-reynies.fr\/wp-content\/uploads\/eglise_brial\/P1000764m-140x300.jpg\",\"orientation\":\"portrait\"},\"large\":{\"height\":1024,\"width\":479,\"url\":\"https:\/\/ensemble-paroissial-reynies.fr\/wp-content\/uploads\/eglise_brial\/P1000764m-479x1024.jpg\",\"orientation\":\"portrait\"},\"full\":{\"url\":\"https:\/\/ensemble-paroissial-reynies.fr\/wp-content\/uploads\/eglise_brial\/P1000764m-scaled.jpg\",\"height\":2560,\"width\":1197,\"orientation\":\"portrait\"}},\"imageMeta\":{\"aperture\":\"5.6\",\"credit\":\"\",\"camera\":\"DMC-G80\",\"caption\":\"\",\"created_timestamp\":\"1736016413\",\"copyright\":\"\",\"focal_length\":\"50\",\"iso\":\"800\",\"shutter_speed\":\"0.016666666666667\",\"title\":\"\",\"orientation\":\"0\",\"keywords\":[]},\"meta\":false,\"postlink\":\"https:\/\/ensemble-paroissial-reynies.fr\/?attachment_id=3243\"},{\"id\":3244,\"title\":\"P1000765m\",\"url\":\"https:\/\/ensemble-paroissial-reynies.fr\/wp-content\/uploads\/eglise_brial\/P1000765m-scaled.jpg\",\"link\":\"https:\/\/ensemble-paroissial-reynies.fr\/?attachment_id=3244\",\"alt\":\"\",\"description\":\"\",\"caption\":\"Station III - J\u00e9sus tombe pour la 1re fois\",\"mime\":\"image\/jpeg\",\"type\":\"image\",\"width\":1198,\"height\":2560,\"sizes\":{\"thumbnail\":{\"height\":150,\"width\":150,\"url\":\"https:\/\/ensemble-paroissial-reynies.fr\/wp-content\/uploads\/eglise_brial\/P1000765m-150x150.jpg\",\"orientation\":\"landscape\"},\"medium\":{\"height\":300,\"width\":140,\"url\":\"https:\/\/ensemble-paroissial-reynies.fr\/wp-content\/uploads\/eglise_brial\/P1000765m-140x300.jpg\",\"orientation\":\"portrait\"},\"large\":{\"height\":1024,\"width\":479,\"url\":\"https:\/\/ensemble-paroissial-reynies.fr\/wp-content\/uploads\/eglise_brial\/P1000765m-479x1024.jpg\",\"orientation\":\"portrait\"},\"full\":{\"url\":\"https:\/\/ensemble-paroissial-reynies.fr\/wp-content\/uploads\/eglise_brial\/P1000765m-scaled.jpg\",\"height\":2560,\"width\":1198,\"orientation\":\"portrait\"}},\"imageMeta\":{\"aperture\":\"5.6\",\"credit\":\"\",\"camera\":\"DMC-G80\",\"caption\":\"\",\"created_timestamp\":\"1736016419\",\"copyright\":\"\",\"focal_length\":\"50\",\"iso\":\"800\",\"shutter_speed\":\"0.008\",\"title\":\"\",\"orientation\":\"0\",\"keywords\":[]},\"meta\":false,\"postlink\":\"https:\/\/ensemble-paroissial-reynies.fr\/?attachment_id=3244\"},{\"id\":3245,\"title\":\"P1000766m\",\"url\":\"https:\/\/ensemble-paroissial-reynies.fr\/wp-content\/uploads\/eglise_brial\/P1000766m-scaled.jpg\",\"link\":\"https:\/\/ensemble-paroissial-reynies.fr\/?attachment_id=3245\",\"alt\":\"\",\"description\":\"\",\"caption\":\"Station IV - J\u00e9sus rencontre sa m\u00e8re\",\"mime\":\"image\/jpeg\",\"type\":\"image\",\"width\":1187,\"height\":2560,\"sizes\":{\"thumbnail\":{\"height\":150,\"width\":150,\"url\":\"https:\/\/ensemble-paroissial-reynies.fr\/wp-content\/uploads\/eglise_brial\/P1000766m-150x150.jpg\",\"orientation\":\"landscape\"},\"medium\":{\"height\":300,\"width\":139,\"url\":\"https:\/\/ensemble-paroissial-reynies.fr\/wp-content\/uploads\/eglise_brial\/P1000766m-139x300.jpg\",\"orientation\":\"portrait\"},\"large\":{\"height\":1024,\"width\":475,\"url\":\"https:\/\/ensemble-paroissial-reynies.fr\/wp-content\/uploads\/eglise_brial\/P1000766m-475x1024.jpg\",\"orientation\":\"portrait\"},\"full\":{\"url\":\"https:\/\/ensemble-paroissial-reynies.fr\/wp-content\/uploads\/eglise_brial\/P1000766m-scaled.jpg\",\"height\":2560,\"width\":1187,\"orientation\":\"portrait\"}},\"imageMeta\":{\"aperture\":\"5.6\",\"credit\":\"\",\"camera\":\"DMC-G80\",\"caption\":\"\",\"created_timestamp\":\"1736016426\",\"copyright\":\"\",\"focal_length\":\"57\",\"iso\":\"800\",\"shutter_speed\":\"0.008\",\"title\":\"\",\"orientation\":\"0\",\"keywords\":[]},\"meta\":false,\"postlink\":\"https:\/\/ensemble-paroissial-reynies.fr\/?attachment_id=3245\"},{\"id\":3246,\"title\":\"P1000767m\",\"url\":\"https:\/\/ensemble-paroissial-reynies.fr\/wp-content\/uploads\/eglise_brial\/P1000767m-scaled.jpg\",\"link\":\"https:\/\/ensemble-paroissial-reynies.fr\/?attachment_id=3246\",\"alt\":\"\",\"description\":\"\",\"caption\":\"Station V - J\u00e9sus re\u00e7oit l'aie de Simon\",\"mime\":\"image\/jpeg\",\"type\":\"image\",\"width\":1155,\"height\":2560,\"sizes\":{\"thumbnail\":{\"height\":150,\"width\":150,\"url\":\"https:\/\/ensemble-paroissial-reynies.fr\/wp-content\/uploads\/eglise_brial\/P1000767m-150x150.jpg\",\"orientation\":\"landscape\"},\"medium\":{\"height\":300,\"width\":135,\"url\":\"https:\/\/ensemble-paroissial-reynies.fr\/wp-content\/uploads\/eglise_brial\/P1000767m-135x300.jpg\",\"orientation\":\"portrait\"},\"large\":{\"height\":1024,\"width\":462,\"url\":\"https:\/\/ensemble-paroissial-reynies.fr\/wp-content\/uploads\/eglise_brial\/P1000767m-462x1024.jpg\",\"orientation\":\"portrait\"},\"full\":{\"url\":\"https:\/\/ensemble-paroissial-reynies.fr\/wp-content\/uploads\/eglise_brial\/P1000767m-scaled.jpg\",\"height\":2560,\"width\":1155,\"orientation\":\"portrait\"}},\"imageMeta\":{\"aperture\":\"5.6\",\"credit\":\"\",\"camera\":\"DMC-G80\",\"caption\":\"\",\"created_timestamp\":\"1736016433\",\"copyright\":\"\",\"focal_length\":\"57\",\"iso\":\"800\",\"shutter_speed\":\"0.125\",\"title\":\"\",\"orientation\":\"0\",\"keywords\":[]},\"meta\":false,\"postlink\":\"https:\/\/ensemble-paroissial-reynies.fr\/?attachment_id=3246\"},{\"id\":3248,\"title\":\"P1000769m\",\"url\":\"https:\/\/ensemble-paroissial-reynies.fr\/wp-content\/uploads\/eglise_brial\/P1000769m-scaled.jpg\",\"link\":\"https:\/\/ensemble-paroissial-reynies.fr\/?attachment_id=3248\",\"alt\":\"\",\"description\":\"\",\"caption\":\"Station VI - J\u00e9sus essuie sa Sainte face\",\"mime\":\"image\/jpeg\",\"type\":\"image\",\"width\":1219,\"height\":2560,\"sizes\":{\"thumbnail\":{\"height\":150,\"width\":150,\"url\":\"https:\/\/ensemble-paroissial-reynies.fr\/wp-content\/uploads\/eglise_brial\/P1000769m-150x150.jpg\",\"orientation\":\"landscape\"},\"medium\":{\"height\":300,\"width\":143,\"url\":\"https:\/\/ensemble-paroissial-reynies.fr\/wp-content\/uploads\/eglise_brial\/P1000769m-143x300.jpg\",\"orientation\":\"portrait\"},\"large\":{\"height\":1024,\"width\":488,\"url\":\"https:\/\/ensemble-paroissial-reynies.fr\/wp-content\/uploads\/eglise_brial\/P1000769m-488x1024.jpg\",\"orientation\":\"portrait\"},\"full\":{\"url\":\"https:\/\/ensemble-paroissial-reynies.fr\/wp-content\/uploads\/eglise_brial\/P1000769m-scaled.jpg\",\"height\":2560,\"width\":1219,\"orientation\":\"portrait\"}},\"imageMeta\":{\"aperture\":\"5.5\",\"credit\":\"\",\"camera\":\"DMC-G80\",\"caption\":\"\",\"created_timestamp\":\"1736016448\",\"copyright\":\"\",\"focal_length\":\"40\",\"iso\":\"800\",\"shutter_speed\":\"0.125\",\"title\":\"\",\"orientation\":\"0\",\"keywords\":[]},\"meta\":false,\"postlink\":\"https:\/\/ensemble-paroissial-reynies.fr\/?attachment_id=3248\"},{\"id\":3249,\"title\":\"P1000770m\",\"url\":\"https:\/\/ensemble-paroissial-reynies.fr\/wp-content\/uploads\/eglise_brial\/P1000770m-scaled.jpg\",\"link\":\"https:\/\/ensemble-paroissial-reynies.fr\/?attachment_id=3249\",\"alt\":\"\",\"description\":\"\",\"caption\":\"Station VII - J\u00e9sus tombe pour la 2e fois\",\"mime\":\"image\/jpeg\",\"type\":\"image\",\"width\":1176,\"height\":2560,\"sizes\":{\"thumbnail\":{\"height\":150,\"width\":150,\"url\":\"https:\/\/ensemble-paroissial-reynies.fr\/wp-content\/uploads\/eglise_brial\/P1000770m-150x150.jpg\",\"orientation\":\"landscape\"},\"medium\":{\"height\":300,\"width\":138,\"url\":\"https:\/\/ensemble-paroissial-reynies.fr\/wp-content\/uploads\/eglise_brial\/P1000770m-138x300.jpg\",\"orientation\":\"portrait\"},\"large\":{\"height\":1024,\"width\":470,\"url\":\"https:\/\/ensemble-paroissial-reynies.fr\/wp-content\/uploads\/eglise_brial\/P1000770m-470x1024.jpg\",\"orientation\":\"portrait\"},\"full\":{\"url\":\"https:\/\/ensemble-paroissial-reynies.fr\/wp-content\/uploads\/eglise_brial\/P1000770m-scaled.jpg\",\"height\":2560,\"width\":1176,\"orientation\":\"portrait\"}},\"imageMeta\":{\"aperture\":\"5.6\",\"credit\":\"\",\"camera\":\"DMC-G80\",\"caption\":\"\",\"created_timestamp\":\"1736016456\",\"copyright\":\"\",\"focal_length\":\"46\",\"iso\":\"800\",\"shutter_speed\":\"0.125\",\"title\":\"\",\"orientation\":\"0\",\"keywords\":[]},\"meta\":false,\"postlink\":\"https:\/\/ensemble-paroissial-reynies.fr\/?attachment_id=3249\"},{\"id\":3250,\"title\":\"P1000771m\",\"url\":\"https:\/\/ensemble-paroissial-reynies.fr\/wp-content\/uploads\/eglise_brial\/P1000771m.jpg\",\"link\":\"https:\/\/ensemble-paroissial-reynies.fr\/?attachment_id=3250\",\"alt\":\"\",\"description\":\"\",\"caption\":\"Station VIII - J\u00e9sus console les Saintes Filles\",\"mime\":\"image\/jpeg\",\"type\":\"image\",\"width\":1206,\"height\":2155,\"sizes\":{\"thumbnail\":{\"height\":150,\"width\":150,\"url\":\"https:\/\/ensemble-paroissial-reynies.fr\/wp-content\/uploads\/eglise_brial\/P1000771m-150x150.jpg\",\"orientation\":\"landscape\"},\"medium\":{\"height\":300,\"width\":168,\"url\":\"https:\/\/ensemble-paroissial-reynies.fr\/wp-content\/uploads\/eglise_brial\/P1000771m-168x300.jpg\",\"orientation\":\"portrait\"},\"large\":{\"height\":1024,\"width\":573,\"url\":\"https:\/\/ensemble-paroissial-reynies.fr\/wp-content\/uploads\/eglise_brial\/P1000771m-573x1024.jpg\",\"orientation\":\"portrait\"},\"full\":{\"url\":\"https:\/\/ensemble-paroissial-reynies.fr\/wp-content\/uploads\/eglise_brial\/P1000771m.jpg\",\"height\":2155,\"width\":1206,\"orientation\":\"portrait\"}},\"imageMeta\":{\"aperture\":\"3.7\",\"credit\":\"\",\"camera\":\"DMC-G80\",\"caption\":\"\",\"created_timestamp\":\"1736016464\",\"copyright\":\"\",\"focal_length\":\"15\",\"iso\":\"800\",\"shutter_speed\":\"0.125\",\"title\":\"\",\"orientation\":\"0\",\"keywords\":[]},\"meta\":false,\"postlink\":\"https:\/\/ensemble-paroissial-reynies.fr\/?attachment_id=3250\"},{\"id\":3252,\"title\":\"P1000772m\",\"url\":\"https:\/\/ensemble-paroissial-reynies.fr\/wp-content\/uploads\/eglise_brial\/P1000772m-scaled.jpg\",\"link\":\"https:\/\/ensemble-paroissial-reynies.fr\/?attachment_id=3252\",\"alt\":\"\",\"description\":\"\",\"caption\":\"Station IX - J\u00e9sus tombe pour la 3e fois\",\"mime\":\"image\/jpeg\",\"type\":\"image\",\"width\":1403,\"height\":2560,\"sizes\":{\"thumbnail\":{\"height\":150,\"width\":150,\"url\":\"https:\/\/ensemble-paroissial-reynies.fr\/wp-content\/uploads\/eglise_brial\/P1000772m-150x150.jpg\",\"orientation\":\"landscape\"},\"medium\":{\"height\":300,\"width\":164,\"url\":\"https:\/\/ensemble-paroissial-reynies.fr\/wp-content\/uploads\/eglise_brial\/P1000772m-164x300.jpg\",\"orientation\":\"portrait\"},\"large\":{\"height\":1024,\"width\":561,\"url\":\"https:\/\/ensemble-paroissial-reynies.fr\/wp-content\/uploads\/eglise_brial\/P1000772m-561x1024.jpg\",\"orientation\":\"portrait\"},\"full\":{\"url\":\"https:\/\/ensemble-paroissial-reynies.fr\/wp-content\/uploads\/eglise_brial\/P1000772m-scaled.jpg\",\"height\":2560,\"width\":1403,\"orientation\":\"portrait\"}},\"imageMeta\":{\"aperture\":\"4.7\",\"credit\":\"\",\"camera\":\"DMC-G80\",\"caption\":\"\",\"created_timestamp\":\"1736016473\",\"copyright\":\"\",\"focal_length\":\"28\",\"iso\":\"800\",\"shutter_speed\":\"0.125\",\"title\":\"\",\"orientation\":\"0\",\"keywords\":[]},\"meta\":false,\"postlink\":\"https:\/\/ensemble-paroissial-reynies.fr\/?attachment_id=3252\"},{\"id\":3253,\"title\":\"P1000773m\",\"url\":\"https:\/\/ensemble-paroissial-reynies.fr\/wp-content\/uploads\/eglise_brial\/P1000773m-scaled.jpg\",\"link\":\"https:\/\/ensemble-paroissial-reynies.fr\/?attachment_id=3253\",\"alt\":\"\",\"description\":\"\",\"caption\":\"Station X - J\u00e9sus est d\u00e9pouill\u00e9 de ses v\u00e9tements\",\"mime\":\"image\/jpeg\",\"type\":\"image\",\"width\":1194,\"height\":2560,\"sizes\":{\"thumbnail\":{\"height\":150,\"width\":150,\"url\":\"https:\/\/ensemble-paroissial-reynies.fr\/wp-content\/uploads\/eglise_brial\/P1000773m-150x150.jpg\",\"orientation\":\"landscape\"},\"medium\":{\"height\":300,\"width\":140,\"url\":\"https:\/\/ensemble-paroissial-reynies.fr\/wp-content\/uploads\/eglise_brial\/P1000773m-140x300.jpg\",\"orientation\":\"portrait\"},\"large\":{\"height\":1024,\"width\":478,\"url\":\"https:\/\/ensemble-paroissial-reynies.fr\/wp-content\/uploads\/eglise_brial\/P1000773m-478x1024.jpg\",\"orientation\":\"portrait\"},\"full\":{\"url\":\"https:\/\/ensemble-paroissial-reynies.fr\/wp-content\/uploads\/eglise_brial\/P1000773m-scaled.jpg\",\"height\":2560,\"width\":1194,\"orientation\":\"portrait\"}},\"imageMeta\":{\"aperture\":\"5.6\",\"credit\":\"\",\"camera\":\"DMC-G80\",\"caption\":\"\",\"created_timestamp\":\"1736016481\",\"copyright\":\"\",\"focal_length\":\"53\",\"iso\":\"800\",\"shutter_speed\":\"0.125\",\"title\":\"\",\"orientation\":\"0\",\"keywords\":[]},\"meta\":false,\"postlink\":\"https:\/\/ensemble-paroissial-reynies.fr\/?attachment_id=3253\"},{\"id\":3251,\"title\":\"P1000774m\",\"url\":\"https:\/\/ensemble-paroissial-reynies.fr\/wp-content\/uploads\/eglise_brial\/P1000774m-scaled.jpg\",\"link\":\"https:\/\/ensemble-paroissial-reynies.fr\/?attachment_id=3251\",\"alt\":\"\",\"description\":\"\",\"caption\":\"Station XI- J\u00e9sus est clou\u00e9 sur la Croix\",\"mime\":\"image\/jpeg\",\"type\":\"image\",\"width\":1248,\"height\":2560,\"sizes\":{\"thumbnail\":{\"height\":150,\"width\":150,\"url\":\"https:\/\/ensemble-paroissial-reynies.fr\/wp-content\/uploads\/eglise_brial\/P1000774m-150x150.jpg\",\"orientation\":\"landscape\"},\"medium\":{\"height\":300,\"width\":146,\"url\":\"https:\/\/ensemble-paroissial-reynies.fr\/wp-content\/uploads\/eglise_brial\/P1000774m-146x300.jpg\",\"orientation\":\"portrait\"},\"large\":{\"height\":1024,\"width\":499,\"url\":\"https:\/\/ensemble-paroissial-reynies.fr\/wp-content\/uploads\/eglise_brial\/P1000774m-499x1024.jpg\",\"orientation\":\"portrait\"},\"full\":{\"url\":\"https:\/\/ensemble-paroissial-reynies.fr\/wp-content\/uploads\/eglise_brial\/P1000774m-scaled.jpg\",\"height\":2560,\"width\":1248,\"orientation\":\"portrait\"}},\"imageMeta\":{\"aperture\":\"5.5\",\"credit\":\"\",\"camera\":\"DMC-G80\",\"caption\":\"\",\"created_timestamp\":\"1736016487\",\"copyright\":\"\",\"focal_length\":\"42\",\"iso\":\"800\",\"shutter_speed\":\"0.016666666666667\",\"title\":\"\",\"orientation\":\"0\",\"keywords\":[]},\"meta\":false,\"postlink\":\"https:\/\/ensemble-paroissial-reynies.fr\/?attachment_id=3251\"},{\"id\":3254,\"title\":\"P1000775m\",\"url\":\"https:\/\/ensemble-paroissial-reynies.fr\/wp-content\/uploads\/eglise_brial\/P1000775m-scaled.jpg\",\"link\":\"https:\/\/ensemble-paroissial-reynies.fr\/?attachment_id=3254\",\"alt\":\"\",\"description\":\"\",\"caption\":\"Station XII - J\u00e9sus meurt sur la Croix\",\"mime\":\"image\/jpeg\",\"type\":\"image\",\"width\":1259,\"height\":2560,\"sizes\":{\"thumbnail\":{\"height\":150,\"width\":150,\"url\":\"https:\/\/ensemble-paroissial-reynies.fr\/wp-content\/uploads\/eglise_brial\/P1000775m-150x150.jpg\",\"orientation\":\"landscape\"},\"medium\":{\"height\":300,\"width\":148,\"url\":\"https:\/\/ensemble-paroissial-reynies.fr\/wp-content\/uploads\/eglise_brial\/P1000775m-148x300.jpg\",\"orientation\":\"portrait\"},\"large\":{\"height\":1024,\"width\":504,\"url\":\"https:\/\/ensemble-paroissial-reynies.fr\/wp-content\/uploads\/eglise_brial\/P1000775m-504x1024.jpg\",\"orientation\":\"portrait\"},\"full\":{\"url\":\"https:\/\/ensemble-paroissial-reynies.fr\/wp-content\/uploads\/eglise_brial\/P1000775m-scaled.jpg\",\"height\":2560,\"width\":1259,\"orientation\":\"portrait\"}},\"imageMeta\":{\"aperture\":\"5.5\",\"credit\":\"\",\"camera\":\"DMC-G80\",\"caption\":\"\",\"created_timestamp\":\"1736016495\",\"copyright\":\"\",\"focal_length\":\"42\",\"iso\":\"800\",\"shutter_speed\":\"0.016666666666667\",\"title\":\"\",\"orientation\":\"0\",\"keywords\":[]},\"meta\":false,\"postlink\":\"https:\/\/ensemble-paroissial-reynies.fr\/?attachment_id=3254\"},{\"id\":3255,\"title\":\"P1000777m\",\"url\":\"https:\/\/ensemble-paroissial-reynies.fr\/wp-content\/uploads\/eglise_brial\/P1000777m-scaled.jpg\",\"link\":\"https:\/\/ensemble-paroissial-reynies.fr\/?attachment_id=3255\",\"alt\":\"\",\"description\":\"\",\"caption\":\"Station XIII - J\u00e9sus est descendu de la Croix\",\"mime\":\"image\/jpeg\",\"type\":\"image\",\"width\":1215,\"height\":2560,\"sizes\":{\"thumbnail\":{\"height\":150,\"width\":150,\"url\":\"https:\/\/ensemble-paroissial-reynies.fr\/wp-content\/uploads\/eglise_brial\/P1000777m-150x150.jpg\",\"orientation\":\"landscape\"},\"medium\":{\"height\":300,\"width\":142,\"url\":\"https:\/\/ensemble-paroissial-reynies.fr\/wp-content\/uploads\/eglise_brial\/P1000777m-142x300.jpg\",\"orientation\":\"portrait\"},\"large\":{\"height\":1024,\"width\":486,\"url\":\"https:\/\/ensemble-paroissial-reynies.fr\/wp-content\/uploads\/eglise_brial\/P1000777m-486x1024.jpg\",\"orientation\":\"portrait\"},\"full\":{\"url\":\"https:\/\/ensemble-paroissial-reynies.fr\/wp-content\/uploads\/eglise_brial\/P1000777m-scaled.jpg\",\"height\":2560,\"width\":1215,\"orientation\":\"portrait\"}},\"imageMeta\":{\"aperture\":\"5.6\",\"credit\":\"\",\"camera\":\"DMC-G80\",\"caption\":\"\",\"created_timestamp\":\"1736016506\",\"copyright\":\"\",\"focal_length\":\"43\",\"iso\":\"800\",\"shutter_speed\":\"0.016666666666667\",\"title\":\"\",\"orientation\":\"0\",\"keywords\":[]},\"meta\":false,\"postlink\":\"https:\/\/ensemble-paroissial-reynies.fr\/?attachment_id=3255\"},{\"id\":3256,\"title\":\"P1000778m\",\"url\":\"https:\/\/ensemble-paroissial-reynies.fr\/wp-content\/uploads\/eglise_brial\/P1000778m-scaled.jpg\",\"link\":\"https:\/\/ensemble-paroissial-reynies.fr\/?attachment_id=3256\",\"alt\":\"\",\"description\":\"\",\"caption\":\"Station XIV - J\u00e9sus est mis au tombeau\",\"mime\":\"image\/jpeg\",\"type\":\"image\",\"width\":1470,\"height\":2560,\"sizes\":{\"thumbnail\":{\"height\":150,\"width\":150,\"url\":\"https:\/\/ensemble-paroissial-reynies.fr\/wp-content\/uploads\/eglise_brial\/P1000778m-150x150.jpg\",\"orientation\":\"landscape\"},\"medium\":{\"height\":300,\"width\":172,\"url\":\"https:\/\/ensemble-paroissial-reynies.fr\/wp-content\/uploads\/eglise_brial\/P1000778m-172x300.jpg\",\"orientation\":\"portrait\"},\"large\":{\"height\":1024,\"width\":588,\"url\":\"https:\/\/ensemble-paroissial-reynies.fr\/wp-content\/uploads\/eglise_brial\/P1000778m-588x1024.jpg\",\"orientation\":\"portrait\"},\"full\":{\"url\":\"https:\/\/ensemble-paroissial-reynies.fr\/wp-content\/uploads\/eglise_brial\/P1000778m-scaled.jpg\",\"height\":2560,\"width\":1470,\"orientation\":\"portrait\"}},\"imageMeta\":{\"aperture\":\"5.6\",\"credit\":\"\",\"camera\":\"DMC-G80\",\"caption\":\"\",\"created_timestamp\":\"1736016513\",\"copyright\":\"\",\"focal_length\":\"55\",\"iso\":\"1000\",\"shutter_speed\":\"0.016666666666667\",\"title\":\"\",\"orientation\":\"0\",\"keywords\":[]},\"meta\":false,\"postlink\":\"https:\/\/ensemble-paroissial-reynies.fr\/?attachment_id=3256\"}],\"sliderSlideshowAutoStart\":true,\"sliderSlideshowDelay\":6,\"itemsMetaDataCollection\":[]}<\/script><script>(function(){if(window.PGC_SGB && window.PGC_SGB.searcher){window.PGC_SGB.searcher.initBlocks()}})()<\/script><\/div><\/details>\n","protected":false},"excerpt":{"rendered":"","protected":false},"author":1,"featured_media":0,"parent":1069,"menu_order":3,"comment_status":"closed","ping_status":"closed","template":"","meta":{"_eb_attr":"","pgc_sgb_lightbox_settings":"","footnotes":""},"class_list":["post-1202","page","type-page","status-publish"],"yoast_head":"<!-- This site is optimized with the Yoast SEO plugin v27.5 - https:\/\/yoast.com\/product\/yoast-seo-wordpress\/ -->\n<title>Brial - Photographies - Ensemble paroissial de Reyni\u00e8s<\/title>\n<meta name=\"description\" content=\"Ensemble paroissial de Reyni\u00e8s - Ensemble paroissial de Reyni\u00e8s\" \/>\n<meta name=\"robots\" content=\"index, follow, max-snippet:-1, max-image-preview:large, max-video-preview:-1\" \/>\n<link rel=\"canonical\" href=\"https:\/\/ensemble-paroissial-reynies.fr\/?page_id=1202\" \/>\n<meta property=\"og:locale\" content=\"fr_FR\" \/>\n<meta property=\"og:type\" content=\"article\" \/>\n<meta property=\"og:title\" content=\"Brial - Photographies - Ensemble paroissial de Reyni\u00e8s\" \/>\n<meta property=\"og:description\" content=\"Ensemble paroissial de Reyni\u00e8s - Ensemble paroissial de Reyni\u00e8s\" \/>\n<meta property=\"og:url\" content=\"https:\/\/ensemble-paroissial-reynies.fr\/?page_id=1202\" \/>\n<meta property=\"og:site_name\" content=\"Ensemble paroissial de Reyni\u00e8s\" \/>\n<meta property=\"article:modified_time\" content=\"2025-09-14T22:45:07+00:00\" \/>\n<meta property=\"og:image\" content=\"https:\/\/ensemble-paroissial-reynies.fr\/wp-content\/uploads\/eglise_brial\/image-22.jpeg\" \/>\n<meta name=\"twitter:card\" content=\"summary_large_image\" \/>\n<meta name=\"twitter:label1\" content=\"Dur\u00e9e de lecture estim\u00e9e\" \/>\n\t<meta name=\"twitter:data1\" content=\"8 minutes\" \/>\n<script type=\"application\/ld+json\" class=\"yoast-schema-graph\">{\"@context\":\"https:\\\/\\\/schema.org\",\"@graph\":[{\"@type\":\"WebPage\",\"@id\":\"https:\\\/\\\/ensemble-paroissial-reynies.fr\\\/?page_id=1202\",\"url\":\"https:\\\/\\\/ensemble-paroissial-reynies.fr\\\/?page_id=1202\",\"name\":\"Brial - Photographies - Ensemble paroissial de Reyni\u00e8s\",\"isPartOf\":{\"@id\":\"https:\\\/\\\/ensemble-paroissial-reynies.fr\\\/#website\"},\"primaryImageOfPage\":{\"@id\":\"https:\\\/\\\/ensemble-paroissial-reynies.fr\\\/?page_id=1202#primaryimage\"},\"image\":{\"@id\":\"https:\\\/\\\/ensemble-paroissial-reynies.fr\\\/?page_id=1202#primaryimage\"},\"thumbnailUrl\":\"https:\\\/\\\/ensemble-paroissial-reynies.fr\\\/wp-content\\\/uploads\\\/eglise_brial\\\/image-22.jpeg\",\"datePublished\":\"2025-09-14T22:36:24+00:00\",\"dateModified\":\"2025-09-14T22:45:07+00:00\",\"description\":\"Ensemble paroissial de Reyni\u00e8s - Ensemble paroissial de Reyni\u00e8s\",\"breadcrumb\":{\"@id\":\"https:\\\/\\\/ensemble-paroissial-reynies.fr\\\/?page_id=1202#breadcrumb\"},\"inLanguage\":\"fr-FR\",\"potentialAction\":[{\"@type\":\"ReadAction\",\"target\":[\"https:\\\/\\\/ensemble-paroissial-reynies.fr\\\/?page_id=1202\"]}]},{\"@type\":\"ImageObject\",\"inLanguage\":\"fr-FR\",\"@id\":\"https:\\\/\\\/ensemble-paroissial-reynies.fr\\\/?page_id=1202#primaryimage\",\"url\":\"https:\\\/\\\/ensemble-paroissial-reynies.fr\\\/wp-content\\\/uploads\\\/eglise_brial\\\/image-22.jpeg\",\"contentUrl\":\"https:\\\/\\\/ensemble-paroissial-reynies.fr\\\/wp-content\\\/uploads\\\/eglise_brial\\\/image-22.jpeg\",\"width\":679,\"height\":1024,\"caption\":\"Brial - \u00c9glise en 2010\"},{\"@type\":\"BreadcrumbList\",\"@id\":\"https:\\\/\\\/ensemble-paroissial-reynies.fr\\\/?page_id=1202#breadcrumb\",\"itemListElement\":[{\"@type\":\"ListItem\",\"position\":1,\"name\":\"Home\",\"item\":\"https:\\\/\\\/ensemble-paroissial-reynies.fr\\\/\"},{\"@type\":\"ListItem\",\"position\":2,\"name\":\"Accueil\",\"item\":\"https:\\\/\\\/ensemble-paroissial-reynies.fr\\\/\"},{\"@type\":\"ListItem\",\"position\":3,\"name\":\"D\u00e9couvrir l&#8217;Ensemble Paroissial\",\"item\":\"https:\\\/\\\/ensemble-paroissial-reynies.fr\\\/?page_id=535\"},{\"@type\":\"ListItem\",\"position\":4,\"name\":\"Nos \u00c9glises et Chapelles\",\"item\":\"https:\\\/\\\/ensemble-paroissial-reynies.fr\\\/?page_id=2\"},{\"@type\":\"ListItem\",\"position\":5,\"name\":\"Brial &#8211; \u00c9glise Saint Jean-Baptiste\",\"item\":\"https:\\\/\\\/ensemble-paroissial-reynies.fr\\\/?page_id=1069\"},{\"@type\":\"ListItem\",\"position\":6,\"name\":\"Brial &#8211; Photographies\"}]},{\"@type\":\"WebSite\",\"@id\":\"https:\\\/\\\/ensemble-paroissial-reynies.fr\\\/#website\",\"url\":\"https:\\\/\\\/ensemble-paroissial-reynies.fr\\\/\",\"name\":\"Ensemble paroissial de Reyni\u00e8s\",\"description\":\"\",\"publisher\":{\"@id\":\"https:\\\/\\\/ensemble-paroissial-reynies.fr\\\/#organization\"},\"alternateName\":\"EPReyni\u00e8s\",\"potentialAction\":[{\"@type\":\"SearchAction\",\"target\":{\"@type\":\"EntryPoint\",\"urlTemplate\":\"https:\\\/\\\/ensemble-paroissial-reynies.fr\\\/?s={search_term_string}\"},\"query-input\":{\"@type\":\"PropertyValueSpecification\",\"valueRequired\":true,\"valueName\":\"search_term_string\"}}],\"inLanguage\":\"fr-FR\"},{\"@type\":\"Organization\",\"@id\":\"https:\\\/\\\/ensemble-paroissial-reynies.fr\\\/#organization\",\"name\":\"Ensemble paroissial de Reyni\u00e8s\",\"alternateName\":\"EPReyni\u00e8s\",\"url\":\"https:\\\/\\\/ensemble-paroissial-reynies.fr\\\/\",\"logo\":{\"@type\":\"ImageObject\",\"inLanguage\":\"fr-FR\",\"@id\":\"https:\\\/\\\/ensemble-paroissial-reynies.fr\\\/#\\\/schema\\\/logo\\\/image\\\/\",\"url\":\"https:\\\/\\\/ensemble-paroissial-reynies.fr\\\/wp-content\\\/uploads\\\/paroisse\\\/nouveau-logo-catechisme-paroisse-07-2023.jpg\",\"contentUrl\":\"https:\\\/\\\/ensemble-paroissial-reynies.fr\\\/wp-content\\\/uploads\\\/paroisse\\\/nouveau-logo-catechisme-paroisse-07-2023.jpg\",\"width\":666,\"height\":698,\"caption\":\"Ensemble paroissial de Reyni\u00e8s\"},\"image\":{\"@id\":\"https:\\\/\\\/ensemble-paroissial-reynies.fr\\\/#\\\/schema\\\/logo\\\/image\\\/\"}}]}<\/script>\n<!-- \/ Yoast SEO plugin. -->","yoast_head_json":{"title":"Brial - Photographies - Ensemble paroissial de Reyni\u00e8s","description":"Ensemble paroissial de Reyni\u00e8s - Ensemble paroissial de Reyni\u00e8s","robots":{"index":"index","follow":"follow","max-snippet":"max-snippet:-1","max-image-preview":"max-image-preview:large","max-video-preview":"max-video-preview:-1"},"canonical":"https:\/\/ensemble-paroissial-reynies.fr\/?page_id=1202","og_locale":"fr_FR","og_type":"article","og_title":"Brial - Photographies - Ensemble paroissial de Reyni\u00e8s","og_description":"Ensemble paroissial de Reyni\u00e8s - Ensemble paroissial de Reyni\u00e8s","og_url":"https:\/\/ensemble-paroissial-reynies.fr\/?page_id=1202","og_site_name":"Ensemble paroissial de Reyni\u00e8s","article_modified_time":"2025-09-14T22:45:07+00:00","og_image":[{"url":"https:\/\/ensemble-paroissial-reynies.fr\/wp-content\/uploads\/eglise_brial\/image-22.jpeg","type":"","width":"","height":""}],"twitter_card":"summary_large_image","twitter_misc":{"Dur\u00e9e de lecture estim\u00e9e":"8 minutes"},"schema":{"@context":"https:\/\/schema.org","@graph":[{"@type":"WebPage","@id":"https:\/\/ensemble-paroissial-reynies.fr\/?page_id=1202","url":"https:\/\/ensemble-paroissial-reynies.fr\/?page_id=1202","name":"Brial - Photographies - Ensemble paroissial de Reyni\u00e8s","isPartOf":{"@id":"https:\/\/ensemble-paroissial-reynies.fr\/#website"},"primaryImageOfPage":{"@id":"https:\/\/ensemble-paroissial-reynies.fr\/?page_id=1202#primaryimage"},"image":{"@id":"https:\/\/ensemble-paroissial-reynies.fr\/?page_id=1202#primaryimage"},"thumbnailUrl":"https:\/\/ensemble-paroissial-reynies.fr\/wp-content\/uploads\/eglise_brial\/image-22.jpeg","datePublished":"2025-09-14T22:36:24+00:00","dateModified":"2025-09-14T22:45:07+00:00","description":"Ensemble paroissial de Reyni\u00e8s - Ensemble paroissial de Reyni\u00e8s","breadcrumb":{"@id":"https:\/\/ensemble-paroissial-reynies.fr\/?page_id=1202#breadcrumb"},"inLanguage":"fr-FR","potentialAction":[{"@type":"ReadAction","target":["https:\/\/ensemble-paroissial-reynies.fr\/?page_id=1202"]}]},{"@type":"ImageObject","inLanguage":"fr-FR","@id":"https:\/\/ensemble-paroissial-reynies.fr\/?page_id=1202#primaryimage","url":"https:\/\/ensemble-paroissial-reynies.fr\/wp-content\/uploads\/eglise_brial\/image-22.jpeg","contentUrl":"https:\/\/ensemble-paroissial-reynies.fr\/wp-content\/uploads\/eglise_brial\/image-22.jpeg","width":679,"height":1024,"caption":"Brial - \u00c9glise en 2010"},{"@type":"BreadcrumbList","@id":"https:\/\/ensemble-paroissial-reynies.fr\/?page_id=1202#breadcrumb","itemListElement":[{"@type":"ListItem","position":1,"name":"Home","item":"https:\/\/ensemble-paroissial-reynies.fr\/"},{"@type":"ListItem","position":2,"name":"Accueil","item":"https:\/\/ensemble-paroissial-reynies.fr\/"},{"@type":"ListItem","position":3,"name":"D\u00e9couvrir l&#8217;Ensemble Paroissial","item":"https:\/\/ensemble-paroissial-reynies.fr\/?page_id=535"},{"@type":"ListItem","position":4,"name":"Nos \u00c9glises et Chapelles","item":"https:\/\/ensemble-paroissial-reynies.fr\/?page_id=2"},{"@type":"ListItem","position":5,"name":"Brial &#8211; \u00c9glise Saint Jean-Baptiste","item":"https:\/\/ensemble-paroissial-reynies.fr\/?page_id=1069"},{"@type":"ListItem","position":6,"name":"Brial &#8211; Photographies"}]},{"@type":"WebSite","@id":"https:\/\/ensemble-paroissial-reynies.fr\/#website","url":"https:\/\/ensemble-paroissial-reynies.fr\/","name":"Ensemble paroissial de Reyni\u00e8s","description":"","publisher":{"@id":"https:\/\/ensemble-paroissial-reynies.fr\/#organization"},"alternateName":"EPReyni\u00e8s","potentialAction":[{"@type":"SearchAction","target":{"@type":"EntryPoint","urlTemplate":"https:\/\/ensemble-paroissial-reynies.fr\/?s={search_term_string}"},"query-input":{"@type":"PropertyValueSpecification","valueRequired":true,"valueName":"search_term_string"}}],"inLanguage":"fr-FR"},{"@type":"Organization","@id":"https:\/\/ensemble-paroissial-reynies.fr\/#organization","name":"Ensemble paroissial de Reyni\u00e8s","alternateName":"EPReyni\u00e8s","url":"https:\/\/ensemble-paroissial-reynies.fr\/","logo":{"@type":"ImageObject","inLanguage":"fr-FR","@id":"https:\/\/ensemble-paroissial-reynies.fr\/#\/schema\/logo\/image\/","url":"https:\/\/ensemble-paroissial-reynies.fr\/wp-content\/uploads\/paroisse\/nouveau-logo-catechisme-paroisse-07-2023.jpg","contentUrl":"https:\/\/ensemble-paroissial-reynies.fr\/wp-content\/uploads\/paroisse\/nouveau-logo-catechisme-paroisse-07-2023.jpg","width":666,"height":698,"caption":"Ensemble paroissial de Reyni\u00e8s"},"image":{"@id":"https:\/\/ensemble-paroissial-reynies.fr\/#\/schema\/logo\/image\/"}}]}},"featured_image_src":null,"featured_image_src_square":null,"_links":{"self":[{"href":"https:\/\/ensemble-paroissial-reynies.fr\/index.php?rest_route=\/wp\/v2\/pages\/1202","targetHints":{"allow":["GET"]}}],"collection":[{"href":"https:\/\/ensemble-paroissial-reynies.fr\/index.php?rest_route=\/wp\/v2\/pages"}],"about":[{"href":"https:\/\/ensemble-paroissial-reynies.fr\/index.php?rest_route=\/wp\/v2\/types\/page"}],"author":[{"embeddable":true,"href":"https:\/\/ensemble-paroissial-reynies.fr\/index.php?rest_route=\/wp\/v2\/users\/1"}],"replies":[{"embeddable":true,"href":"https:\/\/ensemble-paroissial-reynies.fr\/index.php?rest_route=%2Fwp%2Fv2%2Fcomments&post=1202"}],"version-history":[{"count":0,"href":"https:\/\/ensemble-paroissial-reynies.fr\/index.php?rest_route=\/wp\/v2\/pages\/1202\/revisions"}],"up":[{"embeddable":true,"href":"https:\/\/ensemble-paroissial-reynies.fr\/index.php?rest_route=\/wp\/v2\/pages\/1069"}],"wp:attachment":[{"href":"https:\/\/ensemble-paroissial-reynies.fr\/index.php?rest_route=%2Fwp%2Fv2%2Fmedia&parent=1202"}],"curies":[{"name":"wp","href":"https:\/\/api.w.org\/{rel}","templated":true}]}}