{"id":1176,"date":"2024-09-18T14:15:07","date_gmt":"2024-09-18T12:15:07","guid":{"rendered":"https:\/\/ensemble-paroissial-reynies.fr\/?page_id=1176"},"modified":"2024-11-14T22:31:03","modified_gmt":"2024-11-14T21:31:03","slug":"brial-historique-eglise-saint-jean-baptiste","status":"publish","type":"page","link":"https:\/\/ensemble-paroissial-reynies.fr\/?page_id=1176","title":{"rendered":"Historique \u00e9glise Saint Jean-Baptiste"},"content":{"rendered":"\n<p class=\"has-small-font-size\"><em>Paru dans le \u00ab\u00a0Mot du P\u00e8re Fernand\u00a0\u00bb semaine 15 ann\u00e9e 2020<\/em><\/p>\n\n\n\n<p>Il semble que dans le pass\u00e9 l\u2019\u00e9glise de Brial se trouvait \u00e0 un kilom\u00e8tre de l\u2019emplacement actuel au lieu-dit Moulis. Il s\u2019agissait d\u2019une petite chapelle nomm\u00e9e Sanctus Johannus de Brialho. Cette chapelle \u00e9tait associ\u00e9e \u00e0 Saint-Martin de Bressols mais constituait une paroisse ind\u00e9pendante. C&rsquo;\u00e9tait une paroisse tr\u00e8s modeste. En effet Brial \u00e9tait habit\u00e9 principalement par des b\u00fbcherons qui exploitaient la for\u00eat de Montech. Un dicton disait m\u00eame&nbsp;: \u00ab&nbsp;d\u00e9sargent\u00e9 comme le calice de Brial&nbsp;\u00bb. Cette premi\u00e8re \u00e9glise aurait \u00e9t\u00e9 ras\u00e9e pour faire passer l\u2019actuelle nationale 20 et reconstruite \u00e0 l\u2019emplacement actuel<\/p>\n\n\n\n<p>En 1622, pendant le si\u00e8ge de Montauban (guerre de religion), l\u2019\u00e9glise de Brial fut tr\u00e8s ab\u00eem\u00e9e n\u00e9cessitant sa reconstruction.<\/p>\n\n\n\n<p>En 1801 la paroisse est supprim\u00e9e (concordat de 1801), elle sera r\u00e9tablie en 1855.&nbsp;<br>En 1858, tr\u00e8s d\u00e9labr\u00e9s, le clocher-mur et la fa\u00e7ade sont reconstruits. En 1876 une chapelle est ajout\u00e9 et de grosses r\u00e9parations sont effectu\u00e9es, r\u00e9parations n\u00e9cessaires car en 1865 les murs \u00e9taient si l\u00e9zard\u00e9s qu\u2019elle \u00e9tait consid\u00e9r\u00e9e comme l\u2019\u00e9glise \u00ab&nbsp;la plus d\u00e9sh\u00e9rit\u00e9 de la contr\u00e9e&nbsp;\u00bb.<\/p>\n\n\n\n<p>En janvier 1986 na\u00eet l\u2019association Tradition et Amiti\u00e9 Brialaise. Elle regroupe des brialais et des non brialais, des chr\u00e9tiens et des non chr\u00e9tiens, tr\u00e8s attach\u00e9s \u00e0 ce b\u00e2timent totalement insalubre et pas digne d\u2019un lieu de culte. Ces b\u00e9n\u00e9voles tr\u00e8s motiv\u00e9s, auxquels s\u2019ajoutent de g\u00e9n\u00e9reux donateurs, vont mener \u00e0 bien la r\u00e9novation de l\u2019int\u00e9rieur de l\u2019\u00e9glise. Les travaux dureront jusqu\u2019en l\u2019an 2000&nbsp;:<\/p>\n\n\n\n<ul class=\"wp-block-list\">\n<li>La restauration du ch\u0153ur :\n<ul class=\"wp-block-list\">\n<li>Remplacement de l\u2019ancien autel \u00ab dos-au-fid\u00e8les \u00bb par l\u2019autel-table, \u00ab face-aux-fid\u00e8les \u00bb : de l\u2019ancien autel il reste le tabernacle et les 4 pieds de l\u2019autel actuel. Le marbre a \u00e9t\u00e9 fourni par un marbrier de Montauban (Mr Gobbo) qui a \u00e9t\u00e9 le choisir dans les Pyr\u00e9n\u00e9es. (B\u00e9n\u00e9diction de l\u2019autel, le 8 f\u00e9vrier 1988)<\/li>\n\n\n\n<li>Mise en place de la croix du tabernacle<\/li>\n\n\n\n<li>Remplacement du lustre d\u2019autel et de la veilleuse<\/li>\n\n\n\n<li>Les colonnes en trompe l\u2019\u0153il ont \u00e9t\u00e9 volontairement conserv\u00e9es pour garder \u00e0 l\u2019\u00e9difice un peu de son caract\u00e8re d\u2019origine.<\/li>\n<\/ul>\n<\/li>\n\n\n\n<li>La restauration de la nef :\n<ul class=\"wp-block-list\">\n<li>Remplacement du carrelage : les anciens carreaux de brique tr\u00e8s d\u00e9t\u00e9rior\u00e9s ont \u00e9t\u00e9 remplac\u00e9s par des carreaux similaires en respectant la pose d\u2019origine<\/li>\n\n\n\n<li>La base des murs a \u00e9t\u00e9 trait\u00e9e contre l\u2019humidit\u00e9 et recouverte d\u2019une boiserie.<\/li>\n<\/ul>\n<\/li>\n\n\n\n<li>La restauration du mobilier :\n<ul class=\"wp-block-list\">\n<li>Les chaises et prie-Dieu ont \u00e9t\u00e9 remplac\u00e9s par des bancs fabriqu\u00e9s par un artisan local (Mr Ragonnaud de Bressols). Certains prie-Dieu ont \u00e9t\u00e9 restitu\u00e9s aux familles donatrices, les autres ont \u00e9t\u00e9 restaur\u00e9s b\u00e9n\u00e9volement par des dames du village.<\/li>\n\n\n\n<li>Restauration du fauteuil du pr\u00eatre, offert par une paroissienne<\/li>\n\n\n\n<li>Achat de colonnes d\u2019ornement<\/li>\n\n\n\n<li>La confection d\u2019un autel en bois pour la chapelle en remplacement de l\u2019ancien autel non r\u00e9cup\u00e9rable<\/li>\n<\/ul>\n<\/li>\n\n\n\n<li>La restauration des vitraux\n<ul class=\"wp-block-list\">\n<li>l\u2019\u00e9glise poss\u00e8de de beaux vitraux qu\u2019il \u00e9tait important de conserver et de prot\u00e9ger&nbsp;: r\u00e9fection du plomb et pose de grillage l\u2019ext\u00e9rieur. Les deux derniers vitraux, de la chapelle ont \u00e9t\u00e9 restaur\u00e9s par la mairie en 2017, et si tout va bien, ils sont repartis pour plus d\u2019un si\u00e8cle\u2026<\/li>\n<\/ul>\n<\/li>\n\n\n\n<li>La restauration des peintures et la pose des boiseries par un artiste local (Mr Lav\u00e9ron de Montech)<\/li>\n\n\n\n<li>La restauration de l\u2019\u00e9lectricit\u00e9<\/li>\n\n\n\n<li>L\u2019\u00e9lectrification des cloches (dont une provient des p\u00e9nitents-bleus de Castelsarrasin)<\/li>\n\n\n\n<li>Le changement des meubles de la sacristie et l\u2019achat d\u2019objets sacr\u00e9s et ornements n\u00e9cessaires au culte. Les tentures ont \u00e9t\u00e9 offertes par une couturi\u00e8re b\u00e9n\u00e9vole.<\/li>\n\n\n\n<li>La mise en place d\u2019une sonorisation<\/li>\n\n\n\n<li>La mise en place du chauffage \u00e9lectrique a \u00e9t\u00e9 le dernier chantier r\u00e9alis\u00e9 par l\u2019association.<\/li>\n<\/ul>\n\n\n<div class=\"wp-block-image\">\n<figure class=\"aligncenter size-full is-resized\"><img loading=\"lazy\" decoding=\"async\" width=\"679\" height=\"1024\" src=\"https:\/\/ensemble-paroissial-reynies.fr\/wp-content\/uploads\/eglise_brial\/image-22.jpeg\" alt=\"\" class=\"wp-image-1182\" style=\"width:333px;height:auto\" srcset=\"https:\/\/ensemble-paroissial-reynies.fr\/wp-content\/uploads\/eglise_brial\/image-22.jpeg 679w, https:\/\/ensemble-paroissial-reynies.fr\/wp-content\/uploads\/eglise_brial\/image-22-199x300.jpeg 199w\" sizes=\"auto, (max-width: 679px) 100vw, 679px\" \/><figcaption class=\"wp-element-caption\">\u00e9glise en 2010<\/figcaption><\/figure>\n<\/div>\n\n\n<p>En 2011 la fa\u00e7ade ext\u00e9rieure a \u00e9t\u00e9 restaur\u00e9e par la mairie. Son cr\u00e9pis ext\u00e9rieur a \u00e9t\u00e9 enlev\u00e9 pour laisser appara\u00eetre les briques rouges Pour lutter contre l\u2019humidit\u00e9, des goutti\u00e8res et descentes pluviales ont \u00e9t\u00e9 pos\u00e9es.<\/p>\n\n\n\n<p>Les derniers travaux conduits par la Mairie de Bressols concernent la r\u00e9fection totale de la toiture, le r\u00e9am\u00e9nagement du parvis et l\u2019enfouissement des divers fils des r\u00e9seaux ext\u00e9rieurs.<\/p>\n\n\n<div class=\"wp-block-image\">\n<figure class=\"aligncenter size-large is-resized\"><img loading=\"lazy\" decoding=\"async\" width=\"1024\" height=\"768\" src=\"https:\/\/ensemble-paroissial-reynies.fr\/wp-content\/uploads\/eglise_brial\/DSC_0262-1024x768.jpg\" alt=\"\" class=\"wp-image-1180\" style=\"width:480px;height:auto\" srcset=\"https:\/\/ensemble-paroissial-reynies.fr\/wp-content\/uploads\/eglise_brial\/DSC_0262-1024x768.jpg 1024w, https:\/\/ensemble-paroissial-reynies.fr\/wp-content\/uploads\/eglise_brial\/DSC_0262-300x225.jpg 300w, https:\/\/ensemble-paroissial-reynies.fr\/wp-content\/uploads\/eglise_brial\/DSC_0262-768x576.jpg 768w, https:\/\/ensemble-paroissial-reynies.fr\/wp-content\/uploads\/eglise_brial\/DSC_0262-1536x1152.jpg 1536w, https:\/\/ensemble-paroissial-reynies.fr\/wp-content\/uploads\/eglise_brial\/DSC_0262-2048x1536.jpg 2048w\" sizes=\"auto, (max-width: 1024px) 100vw, 1024px\" \/><figcaption class=\"wp-element-caption\">1er septembre 2015<\/figcaption><\/figure>\n<\/div>\n\n\n<p>Le 31 ao\u00fbt 2015, la temp\u00eate frappe durement le d\u00e9partement du Tarn-et-Garonne, une mini tornade abat le clocher de l\u2019\u00e9glise, privant les paroissiens de de leurs cloches. Le clocher-mur a \u00e9t\u00e9 reconstruit \u00e0 l\u2019identique gr\u00e2ce \u00e0 l\u2019effort de la municipalit\u00e9 de Bressols et un don de la chorale de Gospel de Kathy Boy\u00e9. Les contr\u00f4les de s\u00e9curit\u00e9 ont toutefois permis de poursuivre la c\u00e9l\u00e9bration des offices et des fun\u00e9railles au son de cloches \u2026 enregistr\u00e9es ! <\/p>\n\n\n\n<p>En juin 2016 lors de la f\u00eate du village, c\u2019est l\u2019abb\u00e9 d\u2019Aigremont, cur\u00e9 de l\u2019ensemble paroissial, qui a b\u00e9ni le clocher reconstruit en pr\u00e9sence des paroissiens et de nombreuses personnalit\u00e9s. Depuis, les cloches rythment \u00e0 nouveau la vie du village.<\/p>\n\n\n<div class=\"wp-block-image\">\n<figure class=\"aligncenter size-large is-resized\"><img loading=\"lazy\" decoding=\"async\" width=\"1024\" height=\"680\" src=\"https:\/\/ensemble-paroissial-reynies.fr\/wp-content\/uploads\/eglise_brial\/DSC_0295-1024x680.jpg\" alt=\"\" class=\"wp-image-1181\" style=\"width:553px;height:auto\" srcset=\"https:\/\/ensemble-paroissial-reynies.fr\/wp-content\/uploads\/eglise_brial\/DSC_0295-1024x680.jpg 1024w, https:\/\/ensemble-paroissial-reynies.fr\/wp-content\/uploads\/eglise_brial\/DSC_0295-300x199.jpg 300w, https:\/\/ensemble-paroissial-reynies.fr\/wp-content\/uploads\/eglise_brial\/DSC_0295-768x510.jpg 768w, https:\/\/ensemble-paroissial-reynies.fr\/wp-content\/uploads\/eglise_brial\/DSC_0295-1536x1020.jpg 1536w, https:\/\/ensemble-paroissial-reynies.fr\/wp-content\/uploads\/eglise_brial\/DSC_0295-2048x1360.jpg 2048w\" sizes=\"auto, (max-width: 1024px) 100vw, 1024px\" \/><figcaption class=\"wp-element-caption\">juin 2016<\/figcaption><\/figure>\n<\/div>\n\n\n<p>Le dernier cur\u00e9 r\u00e9sident de la paroisse de Brial est parti en 1926, transf\u00e9r\u00e9 \u00e0 Montricoux.<\/p>\n\n\n\n<p><em>Sources&nbsp;:&nbsp;<br>Dictionnaire des paroisses du dioc\u00e8se de Montauban (Chanoine Pierre GAYNE), recherches internet<\/em><\/p>\n\n\n\n<p><em>Un grand merci \u00e0 madame Bernadette SERIEYS qui a revu et compl\u00e9t\u00e9 les informations et fourni des photos<\/em><\/p>\n\n\n\n<hr class=\"wp-block-separator has-alpha-channel-opacity\"\/>\n","protected":false},"excerpt":{"rendered":"<p>Paru dans le \u00ab\u00a0Mot du P\u00e8re Fernand\u00a0\u00bb semaine 15 ann\u00e9e 2020 Il semble que dans le pass\u00e9 l\u2019\u00e9glise de Brial se trouvait \u00e0 un kilom\u00e8tre de l\u2019emplacement actuel au lieu-dit Moulis. Il s\u2019agissait d\u2019une petite chapelle nomm\u00e9e Sanctus Johannus de Brialho. Cette chapelle \u00e9tait associ\u00e9e \u00e0 Saint-Martin de Bressols mais constituait une paroisse ind\u00e9pendante. C&rsquo;\u00e9tait &#8230; <a title=\"Historique \u00e9glise Saint Jean-Baptiste\" class=\"read-more\" href=\"https:\/\/ensemble-paroissial-reynies.fr\/?page_id=1176\" aria-label=\"En savoir plus sur Historique \u00e9glise Saint Jean-Baptiste\">Lire la suite<\/a><\/p>\n","protected":false},"author":1,"featured_media":0,"parent":1069,"menu_order":1,"comment_status":"closed","ping_status":"closed","template":"","meta":{"_eb_attr":"","pgc_sgb_lightbox_settings":"","footnotes":""},"class_list":["post-1176","page","type-page","status-publish"],"yoast_head":"<!-- This site is optimized with the Yoast SEO plugin v27.5 - https:\/\/yoast.com\/product\/yoast-seo-wordpress\/ -->\n<title>Historique \u00e9glise Saint Jean-Baptiste - Ensemble paroissial de Reyni\u00e8s<\/title>\n<meta name=\"description\" content=\"Ensemble paroissial de Reyni\u00e8s - Ensemble paroissial de Reyni\u00e8s\" \/>\n<meta name=\"robots\" content=\"index, follow, max-snippet:-1, max-image-preview:large, max-video-preview:-1\" \/>\n<link rel=\"canonical\" href=\"https:\/\/ensemble-paroissial-reynies.fr\/?page_id=1176\" \/>\n<meta property=\"og:locale\" content=\"fr_FR\" \/>\n<meta property=\"og:type\" content=\"article\" \/>\n<meta property=\"og:title\" content=\"Historique \u00e9glise Saint Jean-Baptiste - Ensemble paroissial de Reyni\u00e8s\" \/>\n<meta property=\"og:description\" content=\"Ensemble paroissial de Reyni\u00e8s - Ensemble paroissial de Reyni\u00e8s\" \/>\n<meta property=\"og:url\" content=\"https:\/\/ensemble-paroissial-reynies.fr\/?page_id=1176\" \/>\n<meta property=\"og:site_name\" content=\"Ensemble paroissial de Reyni\u00e8s\" \/>\n<meta property=\"article:modified_time\" content=\"2024-11-14T21:31:03+00:00\" \/>\n<meta property=\"og:image\" content=\"https:\/\/ensemble-paroissial-reynies.fr\/wp-content\/uploads\/eglise_brial\/image-22.jpeg\" \/>\n<meta name=\"twitter:card\" content=\"summary_large_image\" \/>\n<meta name=\"twitter:label1\" content=\"Dur\u00e9e de lecture estim\u00e9e\" \/>\n\t<meta name=\"twitter:data1\" content=\"5 minutes\" \/>\n<script type=\"application\/ld+json\" class=\"yoast-schema-graph\">{\"@context\":\"https:\\\/\\\/schema.org\",\"@graph\":[{\"@type\":\"WebPage\",\"@id\":\"https:\\\/\\\/ensemble-paroissial-reynies.fr\\\/?page_id=1176\",\"url\":\"https:\\\/\\\/ensemble-paroissial-reynies.fr\\\/?page_id=1176\",\"name\":\"Historique \u00e9glise Saint Jean-Baptiste - Ensemble paroissial de Reyni\u00e8s\",\"isPartOf\":{\"@id\":\"https:\\\/\\\/ensemble-paroissial-reynies.fr\\\/#website\"},\"primaryImageOfPage\":{\"@id\":\"https:\\\/\\\/ensemble-paroissial-reynies.fr\\\/?page_id=1176#primaryimage\"},\"image\":{\"@id\":\"https:\\\/\\\/ensemble-paroissial-reynies.fr\\\/?page_id=1176#primaryimage\"},\"thumbnailUrl\":\"https:\\\/\\\/ensemble-paroissial-reynies.fr\\\/wp-content\\\/uploads\\\/eglise_brial\\\/image-22.jpeg\",\"datePublished\":\"2024-09-18T12:15:07+00:00\",\"dateModified\":\"2024-11-14T21:31:03+00:00\",\"description\":\"Ensemble paroissial de Reyni\u00e8s - Ensemble paroissial de Reyni\u00e8s\",\"breadcrumb\":{\"@id\":\"https:\\\/\\\/ensemble-paroissial-reynies.fr\\\/?page_id=1176#breadcrumb\"},\"inLanguage\":\"fr-FR\",\"potentialAction\":[{\"@type\":\"ReadAction\",\"target\":[\"https:\\\/\\\/ensemble-paroissial-reynies.fr\\\/?page_id=1176\"]}]},{\"@type\":\"ImageObject\",\"inLanguage\":\"fr-FR\",\"@id\":\"https:\\\/\\\/ensemble-paroissial-reynies.fr\\\/?page_id=1176#primaryimage\",\"url\":\"https:\\\/\\\/ensemble-paroissial-reynies.fr\\\/wp-content\\\/uploads\\\/eglise_brial\\\/image-22.jpeg\",\"contentUrl\":\"https:\\\/\\\/ensemble-paroissial-reynies.fr\\\/wp-content\\\/uploads\\\/eglise_brial\\\/image-22.jpeg\",\"width\":679,\"height\":1024,\"caption\":\"Brial - \u00c9glise en 2010\"},{\"@type\":\"BreadcrumbList\",\"@id\":\"https:\\\/\\\/ensemble-paroissial-reynies.fr\\\/?page_id=1176#breadcrumb\",\"itemListElement\":[{\"@type\":\"ListItem\",\"position\":1,\"name\":\"Home\",\"item\":\"https:\\\/\\\/ensemble-paroissial-reynies.fr\\\/\"},{\"@type\":\"ListItem\",\"position\":2,\"name\":\"Accueil\",\"item\":\"https:\\\/\\\/ensemble-paroissial-reynies.fr\\\/\"},{\"@type\":\"ListItem\",\"position\":3,\"name\":\"D\u00e9couvrir l&#8217;Ensemble Paroissial\",\"item\":\"https:\\\/\\\/ensemble-paroissial-reynies.fr\\\/?page_id=535\"},{\"@type\":\"ListItem\",\"position\":4,\"name\":\"Nos \u00c9glises et Chapelles\",\"item\":\"https:\\\/\\\/ensemble-paroissial-reynies.fr\\\/?page_id=2\"},{\"@type\":\"ListItem\",\"position\":5,\"name\":\"Brial &#8211; \u00c9glise Saint Jean-Baptiste\",\"item\":\"https:\\\/\\\/ensemble-paroissial-reynies.fr\\\/?page_id=1069\"},{\"@type\":\"ListItem\",\"position\":6,\"name\":\"Historique \u00e9glise Saint Jean-Baptiste\"}]},{\"@type\":\"WebSite\",\"@id\":\"https:\\\/\\\/ensemble-paroissial-reynies.fr\\\/#website\",\"url\":\"https:\\\/\\\/ensemble-paroissial-reynies.fr\\\/\",\"name\":\"Ensemble paroissial de Reyni\u00e8s\",\"description\":\"\",\"publisher\":{\"@id\":\"https:\\\/\\\/ensemble-paroissial-reynies.fr\\\/#organization\"},\"alternateName\":\"EPReyni\u00e8s\",\"potentialAction\":[{\"@type\":\"SearchAction\",\"target\":{\"@type\":\"EntryPoint\",\"urlTemplate\":\"https:\\\/\\\/ensemble-paroissial-reynies.fr\\\/?s={search_term_string}\"},\"query-input\":{\"@type\":\"PropertyValueSpecification\",\"valueRequired\":true,\"valueName\":\"search_term_string\"}}],\"inLanguage\":\"fr-FR\"},{\"@type\":\"Organization\",\"@id\":\"https:\\\/\\\/ensemble-paroissial-reynies.fr\\\/#organization\",\"name\":\"Ensemble paroissial de Reyni\u00e8s\",\"alternateName\":\"EPReyni\u00e8s\",\"url\":\"https:\\\/\\\/ensemble-paroissial-reynies.fr\\\/\",\"logo\":{\"@type\":\"ImageObject\",\"inLanguage\":\"fr-FR\",\"@id\":\"https:\\\/\\\/ensemble-paroissial-reynies.fr\\\/#\\\/schema\\\/logo\\\/image\\\/\",\"url\":\"https:\\\/\\\/ensemble-paroissial-reynies.fr\\\/wp-content\\\/uploads\\\/paroisse\\\/nouveau-logo-catechisme-paroisse-07-2023.jpg\",\"contentUrl\":\"https:\\\/\\\/ensemble-paroissial-reynies.fr\\\/wp-content\\\/uploads\\\/paroisse\\\/nouveau-logo-catechisme-paroisse-07-2023.jpg\",\"width\":666,\"height\":698,\"caption\":\"Ensemble paroissial de Reyni\u00e8s\"},\"image\":{\"@id\":\"https:\\\/\\\/ensemble-paroissial-reynies.fr\\\/#\\\/schema\\\/logo\\\/image\\\/\"}}]}<\/script>\n<!-- \/ Yoast SEO plugin. -->","yoast_head_json":{"title":"Historique \u00e9glise Saint Jean-Baptiste - Ensemble paroissial de Reyni\u00e8s","description":"Ensemble paroissial de Reyni\u00e8s - Ensemble paroissial de Reyni\u00e8s","robots":{"index":"index","follow":"follow","max-snippet":"max-snippet:-1","max-image-preview":"max-image-preview:large","max-video-preview":"max-video-preview:-1"},"canonical":"https:\/\/ensemble-paroissial-reynies.fr\/?page_id=1176","og_locale":"fr_FR","og_type":"article","og_title":"Historique \u00e9glise Saint Jean-Baptiste - Ensemble paroissial de Reyni\u00e8s","og_description":"Ensemble paroissial de Reyni\u00e8s - Ensemble paroissial de Reyni\u00e8s","og_url":"https:\/\/ensemble-paroissial-reynies.fr\/?page_id=1176","og_site_name":"Ensemble paroissial de Reyni\u00e8s","article_modified_time":"2024-11-14T21:31:03+00:00","og_image":[{"url":"https:\/\/ensemble-paroissial-reynies.fr\/wp-content\/uploads\/eglise_brial\/image-22.jpeg","type":"","width":"","height":""}],"twitter_card":"summary_large_image","twitter_misc":{"Dur\u00e9e de lecture estim\u00e9e":"5 minutes"},"schema":{"@context":"https:\/\/schema.org","@graph":[{"@type":"WebPage","@id":"https:\/\/ensemble-paroissial-reynies.fr\/?page_id=1176","url":"https:\/\/ensemble-paroissial-reynies.fr\/?page_id=1176","name":"Historique \u00e9glise Saint Jean-Baptiste - Ensemble paroissial de Reyni\u00e8s","isPartOf":{"@id":"https:\/\/ensemble-paroissial-reynies.fr\/#website"},"primaryImageOfPage":{"@id":"https:\/\/ensemble-paroissial-reynies.fr\/?page_id=1176#primaryimage"},"image":{"@id":"https:\/\/ensemble-paroissial-reynies.fr\/?page_id=1176#primaryimage"},"thumbnailUrl":"https:\/\/ensemble-paroissial-reynies.fr\/wp-content\/uploads\/eglise_brial\/image-22.jpeg","datePublished":"2024-09-18T12:15:07+00:00","dateModified":"2024-11-14T21:31:03+00:00","description":"Ensemble paroissial de Reyni\u00e8s - Ensemble paroissial de Reyni\u00e8s","breadcrumb":{"@id":"https:\/\/ensemble-paroissial-reynies.fr\/?page_id=1176#breadcrumb"},"inLanguage":"fr-FR","potentialAction":[{"@type":"ReadAction","target":["https:\/\/ensemble-paroissial-reynies.fr\/?page_id=1176"]}]},{"@type":"ImageObject","inLanguage":"fr-FR","@id":"https:\/\/ensemble-paroissial-reynies.fr\/?page_id=1176#primaryimage","url":"https:\/\/ensemble-paroissial-reynies.fr\/wp-content\/uploads\/eglise_brial\/image-22.jpeg","contentUrl":"https:\/\/ensemble-paroissial-reynies.fr\/wp-content\/uploads\/eglise_brial\/image-22.jpeg","width":679,"height":1024,"caption":"Brial - \u00c9glise en 2010"},{"@type":"BreadcrumbList","@id":"https:\/\/ensemble-paroissial-reynies.fr\/?page_id=1176#breadcrumb","itemListElement":[{"@type":"ListItem","position":1,"name":"Home","item":"https:\/\/ensemble-paroissial-reynies.fr\/"},{"@type":"ListItem","position":2,"name":"Accueil","item":"https:\/\/ensemble-paroissial-reynies.fr\/"},{"@type":"ListItem","position":3,"name":"D\u00e9couvrir l&#8217;Ensemble Paroissial","item":"https:\/\/ensemble-paroissial-reynies.fr\/?page_id=535"},{"@type":"ListItem","position":4,"name":"Nos \u00c9glises et Chapelles","item":"https:\/\/ensemble-paroissial-reynies.fr\/?page_id=2"},{"@type":"ListItem","position":5,"name":"Brial &#8211; \u00c9glise Saint Jean-Baptiste","item":"https:\/\/ensemble-paroissial-reynies.fr\/?page_id=1069"},{"@type":"ListItem","position":6,"name":"Historique \u00e9glise Saint Jean-Baptiste"}]},{"@type":"WebSite","@id":"https:\/\/ensemble-paroissial-reynies.fr\/#website","url":"https:\/\/ensemble-paroissial-reynies.fr\/","name":"Ensemble paroissial de Reyni\u00e8s","description":"","publisher":{"@id":"https:\/\/ensemble-paroissial-reynies.fr\/#organization"},"alternateName":"EPReyni\u00e8s","potentialAction":[{"@type":"SearchAction","target":{"@type":"EntryPoint","urlTemplate":"https:\/\/ensemble-paroissial-reynies.fr\/?s={search_term_string}"},"query-input":{"@type":"PropertyValueSpecification","valueRequired":true,"valueName":"search_term_string"}}],"inLanguage":"fr-FR"},{"@type":"Organization","@id":"https:\/\/ensemble-paroissial-reynies.fr\/#organization","name":"Ensemble paroissial de Reyni\u00e8s","alternateName":"EPReyni\u00e8s","url":"https:\/\/ensemble-paroissial-reynies.fr\/","logo":{"@type":"ImageObject","inLanguage":"fr-FR","@id":"https:\/\/ensemble-paroissial-reynies.fr\/#\/schema\/logo\/image\/","url":"https:\/\/ensemble-paroissial-reynies.fr\/wp-content\/uploads\/paroisse\/nouveau-logo-catechisme-paroisse-07-2023.jpg","contentUrl":"https:\/\/ensemble-paroissial-reynies.fr\/wp-content\/uploads\/paroisse\/nouveau-logo-catechisme-paroisse-07-2023.jpg","width":666,"height":698,"caption":"Ensemble paroissial de Reyni\u00e8s"},"image":{"@id":"https:\/\/ensemble-paroissial-reynies.fr\/#\/schema\/logo\/image\/"}}]}},"featured_image_src":null,"featured_image_src_square":null,"_links":{"self":[{"href":"https:\/\/ensemble-paroissial-reynies.fr\/index.php?rest_route=\/wp\/v2\/pages\/1176","targetHints":{"allow":["GET"]}}],"collection":[{"href":"https:\/\/ensemble-paroissial-reynies.fr\/index.php?rest_route=\/wp\/v2\/pages"}],"about":[{"href":"https:\/\/ensemble-paroissial-reynies.fr\/index.php?rest_route=\/wp\/v2\/types\/page"}],"author":[{"embeddable":true,"href":"https:\/\/ensemble-paroissial-reynies.fr\/index.php?rest_route=\/wp\/v2\/users\/1"}],"replies":[{"embeddable":true,"href":"https:\/\/ensemble-paroissial-reynies.fr\/index.php?rest_route=%2Fwp%2Fv2%2Fcomments&post=1176"}],"version-history":[{"count":0,"href":"https:\/\/ensemble-paroissial-reynies.fr\/index.php?rest_route=\/wp\/v2\/pages\/1176\/revisions"}],"up":[{"embeddable":true,"href":"https:\/\/ensemble-paroissial-reynies.fr\/index.php?rest_route=\/wp\/v2\/pages\/1069"}],"wp:attachment":[{"href":"https:\/\/ensemble-paroissial-reynies.fr\/index.php?rest_route=%2Fwp%2Fv2%2Fmedia&parent=1176"}],"curies":[{"name":"wp","href":"https:\/\/api.w.org\/{rel}","templated":true}]}}