{"id":1156,"date":"2024-12-31T14:35:10","date_gmt":"2024-12-31T13:35:10","guid":{"rendered":"https:\/\/ensemble-paroissial-reynies.fr\/?page_id=1156"},"modified":"2025-01-03T17:28:19","modified_gmt":"2025-01-03T16:28:19","slug":"bressols-photographies","status":"publish","type":"page","link":"https:\/\/ensemble-paroissial-reynies.fr\/?page_id=1156","title":{"rendered":"Bressols &#8211; Photographies"},"content":{"rendered":"\n<p class=\"has-small-font-size\"><em>Vous pouvez cliquer sur les photos pour les visualiser en totalit\u00e9<\/em><\/p>\n\n\n\n<details class=\"wp-block-details is-layout-flow wp-block-details-is-layout-flow\"><summary>L&rsquo;ext\u00e9rieur de l&rsquo;\u00e9glise<\/summary>\n<p>Sur le parking face \u00e0 l&rsquo;\u00e9glise se trouvent une statue de la vierge et une croix de chemin<\/p>\n\n\n\n<figure class=\"wp-block-gallery has-nested-images columns-5 is-cropped wp-block-gallery-1 is-layout-flex wp-block-gallery-is-layout-flex\">\n<figure class=\"wp-block-image size-full\"><a href=\"https:\/\/ensemble-paroissial-reynies.fr\/wp-content\/uploads\/eglise_bressols\/egbressols-2.jpg\"><img loading=\"lazy\" decoding=\"async\" width=\"800\" height=\"600\" data-id=\"839\" src=\"https:\/\/ensemble-paroissial-reynies.fr\/wp-content\/uploads\/eglise_bressols\/egbressols-2.jpg\" alt=\"\" class=\"wp-image-839\" srcset=\"https:\/\/ensemble-paroissial-reynies.fr\/wp-content\/uploads\/eglise_bressols\/egbressols-2.jpg 800w, https:\/\/ensemble-paroissial-reynies.fr\/wp-content\/uploads\/eglise_bressols\/egbressols-2-300x225.jpg 300w, https:\/\/ensemble-paroissial-reynies.fr\/wp-content\/uploads\/eglise_bressols\/egbressols-2-768x576.jpg 768w\" sizes=\"auto, (max-width: 800px) 100vw, 800px\" \/><\/a><figcaption class=\"wp-element-caption\">\u00c9glise de Bressols     <\/figcaption><\/figure>\n\n\n\n<figure class=\"wp-block-image size-full\"><a href=\"https:\/\/ensemble-paroissial-reynies.fr\/wp-content\/uploads\/eglise_bressols\/egbressols-1-1.jpg\"><img loading=\"lazy\" decoding=\"async\" width=\"800\" height=\"450\" data-id=\"837\" src=\"https:\/\/ensemble-paroissial-reynies.fr\/wp-content\/uploads\/eglise_bressols\/egbressols-1-1.jpg\" alt=\"\" class=\"wp-image-837\" srcset=\"https:\/\/ensemble-paroissial-reynies.fr\/wp-content\/uploads\/eglise_bressols\/egbressols-1-1.jpg 800w, https:\/\/ensemble-paroissial-reynies.fr\/wp-content\/uploads\/eglise_bressols\/egbressols-1-1-300x169.jpg 300w, https:\/\/ensemble-paroissial-reynies.fr\/wp-content\/uploads\/eglise_bressols\/egbressols-1-1-768x432.jpg 768w\" sizes=\"auto, (max-width: 800px) 100vw, 800px\" \/><\/a><figcaption class=\"wp-element-caption\">\u00c9glise de Bressols vue depuis le cimeti\u00e8re                      <\/figcaption><\/figure>\n\n\n\n<figure class=\"wp-block-image size-full\"><a href=\"https:\/\/ensemble-paroissial-reynies.fr\/wp-content\/uploads\/eglise_bressols\/bressols.jpg\"><img loading=\"lazy\" decoding=\"async\" width=\"1500\" height=\"844\" data-id=\"836\" src=\"https:\/\/ensemble-paroissial-reynies.fr\/wp-content\/uploads\/eglise_bressols\/bressols.jpg\" alt=\"\" class=\"wp-image-836\" srcset=\"https:\/\/ensemble-paroissial-reynies.fr\/wp-content\/uploads\/eglise_bressols\/bressols.jpg 1500w, https:\/\/ensemble-paroissial-reynies.fr\/wp-content\/uploads\/eglise_bressols\/bressols-300x169.jpg 300w, https:\/\/ensemble-paroissial-reynies.fr\/wp-content\/uploads\/eglise_bressols\/bressols-1024x576.jpg 1024w, https:\/\/ensemble-paroissial-reynies.fr\/wp-content\/uploads\/eglise_bressols\/bressols-768x432.jpg 768w\" sizes=\"auto, (max-width: 1500px) 100vw, 1500px\" \/><\/a><figcaption class=\"wp-element-caption\">\u00c9glise de Bressols<\/figcaption><\/figure>\n\n\n\n<figure class=\"wp-block-image size-full\"><a href=\"https:\/\/ensemble-paroissial-reynies.fr\/wp-content\/uploads\/eglise_bressols\/p1020203-scaled-1.jpg\"><img loading=\"lazy\" decoding=\"async\" width=\"1920\" height=\"2560\" data-id=\"848\" src=\"https:\/\/ensemble-paroissial-reynies.fr\/wp-content\/uploads\/eglise_bressols\/p1020203-scaled-1.jpg\" alt=\"\" class=\"wp-image-848\" srcset=\"https:\/\/ensemble-paroissial-reynies.fr\/wp-content\/uploads\/eglise_bressols\/p1020203-scaled-1.jpg 1920w, https:\/\/ensemble-paroissial-reynies.fr\/wp-content\/uploads\/eglise_bressols\/p1020203-scaled-1-225x300.jpg 225w, https:\/\/ensemble-paroissial-reynies.fr\/wp-content\/uploads\/eglise_bressols\/p1020203-scaled-1-768x1024.jpg 768w, https:\/\/ensemble-paroissial-reynies.fr\/wp-content\/uploads\/eglise_bressols\/p1020203-scaled-1-1152x1536.jpg 1152w, https:\/\/ensemble-paroissial-reynies.fr\/wp-content\/uploads\/eglise_bressols\/p1020203-scaled-1-1536x2048.jpg 1536w, https:\/\/ensemble-paroissial-reynies.fr\/wp-content\/uploads\/eglise_bressols\/p1020203-scaled-1-600x800.jpg 600w\" sizes=\"auto, (max-width: 1920px) 100vw, 1920px\" \/><\/a><figcaption class=\"wp-element-caption\">Statue de la Vierge &#8211; Bressols<\/figcaption><\/figure>\n\n\n\n<figure class=\"wp-block-image size-full\"><a href=\"https:\/\/ensemble-paroissial-reynies.fr\/wp-content\/uploads\/eglise_bressols\/croixbressols.jpg\"><img loading=\"lazy\" decoding=\"async\" width=\"345\" height=\"800\" data-id=\"838\" src=\"https:\/\/ensemble-paroissial-reynies.fr\/wp-content\/uploads\/eglise_bressols\/croixbressols.jpg\" alt=\"\" class=\"wp-image-838\" srcset=\"https:\/\/ensemble-paroissial-reynies.fr\/wp-content\/uploads\/eglise_bressols\/croixbressols.jpg 345w, https:\/\/ensemble-paroissial-reynies.fr\/wp-content\/uploads\/eglise_bressols\/croixbressols-129x300.jpg 129w\" sizes=\"auto, (max-width: 345px) 100vw, 345px\" \/><\/a><figcaption class=\"wp-element-caption\">Croix de chemin &#8211; Bressols                          <\/figcaption><\/figure>\n<\/figure>\n<\/details>\n\n\n\n<details class=\"wp-block-details is-layout-flow wp-block-details-is-layout-flow\"><summary>Le Ch\u0153ur<\/summary>\n<figure class=\"wp-block-gallery has-nested-images columns-4 is-cropped wp-block-gallery-2 is-layout-flex wp-block-gallery-is-layout-flex\">\n<figure class=\"wp-block-image size-full\"><a href=\"https:\/\/ensemble-paroissial-reynies.fr\/wp-content\/uploads\/eglise_bressols\/P1000651-scaled.jpg\"><img loading=\"lazy\" decoding=\"async\" width=\"2560\" height=\"1922\" data-id=\"3066\" src=\"https:\/\/ensemble-paroissial-reynies.fr\/wp-content\/uploads\/eglise_bressols\/P1000651-scaled.jpg\" alt=\"\" class=\"wp-image-3066\" srcset=\"https:\/\/ensemble-paroissial-reynies.fr\/wp-content\/uploads\/eglise_bressols\/P1000651-scaled.jpg 2560w, https:\/\/ensemble-paroissial-reynies.fr\/wp-content\/uploads\/eglise_bressols\/P1000651-300x225.jpg 300w, https:\/\/ensemble-paroissial-reynies.fr\/wp-content\/uploads\/eglise_bressols\/P1000651-1024x769.jpg 1024w, https:\/\/ensemble-paroissial-reynies.fr\/wp-content\/uploads\/eglise_bressols\/P1000651-768x577.jpg 768w, https:\/\/ensemble-paroissial-reynies.fr\/wp-content\/uploads\/eglise_bressols\/P1000651-1536x1153.jpg 1536w, https:\/\/ensemble-paroissial-reynies.fr\/wp-content\/uploads\/eglise_bressols\/P1000651-2048x1538.jpg 2048w\" sizes=\"auto, (max-width: 2560px) 100vw, 2560px\" \/><\/a><\/figure>\n\n\n\n<figure class=\"wp-block-image size-full\"><a href=\"https:\/\/ensemble-paroissial-reynies.fr\/wp-content\/uploads\/eglise_bressols\/P1000711m.jpg\"><img loading=\"lazy\" decoding=\"async\" width=\"1288\" height=\"1772\" data-id=\"3145\" src=\"https:\/\/ensemble-paroissial-reynies.fr\/wp-content\/uploads\/eglise_bressols\/P1000711m.jpg\" alt=\"\" class=\"wp-image-3145\" srcset=\"https:\/\/ensemble-paroissial-reynies.fr\/wp-content\/uploads\/eglise_bressols\/P1000711m.jpg 1288w, https:\/\/ensemble-paroissial-reynies.fr\/wp-content\/uploads\/eglise_bressols\/P1000711m-218x300.jpg 218w, https:\/\/ensemble-paroissial-reynies.fr\/wp-content\/uploads\/eglise_bressols\/P1000711m-744x1024.jpg 744w, https:\/\/ensemble-paroissial-reynies.fr\/wp-content\/uploads\/eglise_bressols\/P1000711m-768x1057.jpg 768w, https:\/\/ensemble-paroissial-reynies.fr\/wp-content\/uploads\/eglise_bressols\/P1000711m-1116x1536.jpg 1116w\" sizes=\"auto, (max-width: 1288px) 100vw, 1288px\" \/><\/a><figcaption class=\"wp-element-caption\">banni\u00e8re de la Confr\u00e9rie du St Rosaire<\/figcaption><\/figure>\n\n\n\n<figure class=\"wp-block-image size-full\"><a href=\"https:\/\/ensemble-paroissial-reynies.fr\/wp-content\/uploads\/eglise_bressols\/P1000665m-scaled.jpg\"><img loading=\"lazy\" decoding=\"async\" width=\"956\" height=\"2560\" data-id=\"3093\" src=\"https:\/\/ensemble-paroissial-reynies.fr\/wp-content\/uploads\/eglise_bressols\/P1000665m-scaled.jpg\" alt=\"\" class=\"wp-image-3093\" srcset=\"https:\/\/ensemble-paroissial-reynies.fr\/wp-content\/uploads\/eglise_bressols\/P1000665m-scaled.jpg 956w, https:\/\/ensemble-paroissial-reynies.fr\/wp-content\/uploads\/eglise_bressols\/P1000665m-112x300.jpg 112w, https:\/\/ensemble-paroissial-reynies.fr\/wp-content\/uploads\/eglise_bressols\/P1000665m-382x1024.jpg 382w, https:\/\/ensemble-paroissial-reynies.fr\/wp-content\/uploads\/eglise_bressols\/P1000665m-768x2056.jpg 768w, https:\/\/ensemble-paroissial-reynies.fr\/wp-content\/uploads\/eglise_bressols\/P1000665m-574x1536.jpg 574w, https:\/\/ensemble-paroissial-reynies.fr\/wp-content\/uploads\/eglise_bressols\/P1000665m-765x2048.jpg 765w\" sizes=\"auto, (max-width: 956px) 100vw, 956px\" \/><\/a><figcaption class=\"wp-element-caption\">Sacr\u00e9-Coeur de J\u00e9sus<\/figcaption><\/figure>\n\n\n\n<figure class=\"wp-block-image size-full\"><a href=\"https:\/\/ensemble-paroissial-reynies.fr\/wp-content\/uploads\/eglise_bressols\/dsc_1553-scaled-1.jpg\"><img loading=\"lazy\" decoding=\"async\" width=\"1440\" height=\"2560\" data-id=\"840\" src=\"https:\/\/ensemble-paroissial-reynies.fr\/wp-content\/uploads\/eglise_bressols\/dsc_1553-scaled-1.jpg\" alt=\"\" class=\"wp-image-840\" srcset=\"https:\/\/ensemble-paroissial-reynies.fr\/wp-content\/uploads\/eglise_bressols\/dsc_1553-scaled-1.jpg 1440w, https:\/\/ensemble-paroissial-reynies.fr\/wp-content\/uploads\/eglise_bressols\/dsc_1553-scaled-1-169x300.jpg 169w, https:\/\/ensemble-paroissial-reynies.fr\/wp-content\/uploads\/eglise_bressols\/dsc_1553-scaled-1-576x1024.jpg 576w, https:\/\/ensemble-paroissial-reynies.fr\/wp-content\/uploads\/eglise_bressols\/dsc_1553-scaled-1-768x1365.jpg 768w, https:\/\/ensemble-paroissial-reynies.fr\/wp-content\/uploads\/eglise_bressols\/dsc_1553-scaled-1-864x1536.jpg 864w, https:\/\/ensemble-paroissial-reynies.fr\/wp-content\/uploads\/eglise_bressols\/dsc_1553-scaled-1-1152x2048.jpg 1152w\" sizes=\"auto, (max-width: 1440px) 100vw, 1440px\" \/><\/a><figcaption class=\"wp-element-caption\">Tabernacle<\/figcaption><\/figure>\n\n\n\n<figure class=\"wp-block-image size-full\"><a href=\"https:\/\/ensemble-paroissial-reynies.fr\/wp-content\/uploads\/eglise_bressols\/dsc_15581-scaled-1.jpg\"><img loading=\"lazy\" decoding=\"async\" width=\"2560\" height=\"1440\" data-id=\"841\" src=\"https:\/\/ensemble-paroissial-reynies.fr\/wp-content\/uploads\/eglise_bressols\/dsc_15581-scaled-1.jpg\" alt=\"\" class=\"wp-image-841\" srcset=\"https:\/\/ensemble-paroissial-reynies.fr\/wp-content\/uploads\/eglise_bressols\/dsc_15581-scaled-1.jpg 2560w, https:\/\/ensemble-paroissial-reynies.fr\/wp-content\/uploads\/eglise_bressols\/dsc_15581-scaled-1-300x169.jpg 300w, https:\/\/ensemble-paroissial-reynies.fr\/wp-content\/uploads\/eglise_bressols\/dsc_15581-scaled-1-1024x576.jpg 1024w, https:\/\/ensemble-paroissial-reynies.fr\/wp-content\/uploads\/eglise_bressols\/dsc_15581-scaled-1-768x432.jpg 768w, https:\/\/ensemble-paroissial-reynies.fr\/wp-content\/uploads\/eglise_bressols\/dsc_15581-scaled-1-1536x864.jpg 1536w, https:\/\/ensemble-paroissial-reynies.fr\/wp-content\/uploads\/eglise_bressols\/dsc_15581-scaled-1-2048x1152.jpg 2048w\" sizes=\"auto, (max-width: 2560px) 100vw, 2560px\" \/><\/a><figcaption class=\"wp-element-caption\">tabernacle<\/figcaption><\/figure>\n\n\n\n<figure class=\"wp-block-image size-full\"><a href=\"https:\/\/ensemble-paroissial-reynies.fr\/wp-content\/uploads\/eglise_bressols\/p1020215-scaled-1.jpg\"><img loading=\"lazy\" decoding=\"async\" width=\"1920\" height=\"2560\" data-id=\"851\" src=\"https:\/\/ensemble-paroissial-reynies.fr\/wp-content\/uploads\/eglise_bressols\/p1020215-scaled-1.jpg\" alt=\"\" class=\"wp-image-851\" srcset=\"https:\/\/ensemble-paroissial-reynies.fr\/wp-content\/uploads\/eglise_bressols\/p1020215-scaled-1.jpg 1920w, https:\/\/ensemble-paroissial-reynies.fr\/wp-content\/uploads\/eglise_bressols\/p1020215-scaled-1-225x300.jpg 225w, https:\/\/ensemble-paroissial-reynies.fr\/wp-content\/uploads\/eglise_bressols\/p1020215-scaled-1-768x1024.jpg 768w, https:\/\/ensemble-paroissial-reynies.fr\/wp-content\/uploads\/eglise_bressols\/p1020215-scaled-1-1152x1536.jpg 1152w, https:\/\/ensemble-paroissial-reynies.fr\/wp-content\/uploads\/eglise_bressols\/p1020215-scaled-1-1536x2048.jpg 1536w, https:\/\/ensemble-paroissial-reynies.fr\/wp-content\/uploads\/eglise_bressols\/p1020215-scaled-1-600x800.jpg 600w\" sizes=\"auto, (max-width: 1920px) 100vw, 1920px\" \/><\/a><\/figure>\n\n\n\n<figure class=\"wp-block-image size-full\"><a href=\"https:\/\/ensemble-paroissial-reynies.fr\/wp-content\/uploads\/eglise_bressols\/p1020218-scaled-1.jpg\"><img loading=\"lazy\" decoding=\"async\" width=\"1920\" height=\"2560\" data-id=\"850\" src=\"https:\/\/ensemble-paroissial-reynies.fr\/wp-content\/uploads\/eglise_bressols\/p1020218-scaled-1.jpg\" alt=\"\" class=\"wp-image-850\" srcset=\"https:\/\/ensemble-paroissial-reynies.fr\/wp-content\/uploads\/eglise_bressols\/p1020218-scaled-1.jpg 1920w, https:\/\/ensemble-paroissial-reynies.fr\/wp-content\/uploads\/eglise_bressols\/p1020218-scaled-1-225x300.jpg 225w, https:\/\/ensemble-paroissial-reynies.fr\/wp-content\/uploads\/eglise_bressols\/p1020218-scaled-1-768x1024.jpg 768w, https:\/\/ensemble-paroissial-reynies.fr\/wp-content\/uploads\/eglise_bressols\/p1020218-scaled-1-1152x1536.jpg 1152w, https:\/\/ensemble-paroissial-reynies.fr\/wp-content\/uploads\/eglise_bressols\/p1020218-scaled-1-1536x2048.jpg 1536w, https:\/\/ensemble-paroissial-reynies.fr\/wp-content\/uploads\/eglise_bressols\/p1020218-scaled-1-600x800.jpg 600w\" sizes=\"auto, (max-width: 1920px) 100vw, 1920px\" \/><\/a><\/figure>\n\n\n\n<figure class=\"wp-block-image size-full\"><a href=\"https:\/\/ensemble-paroissial-reynies.fr\/wp-content\/uploads\/eglise_bressols\/P1000666m-scaled.jpg\"><img loading=\"lazy\" decoding=\"async\" width=\"795\" height=\"2560\" data-id=\"3094\" src=\"https:\/\/ensemble-paroissial-reynies.fr\/wp-content\/uploads\/eglise_bressols\/P1000666m-scaled.jpg\" alt=\"\" class=\"wp-image-3094\" srcset=\"https:\/\/ensemble-paroissial-reynies.fr\/wp-content\/uploads\/eglise_bressols\/P1000666m-scaled.jpg 795w, https:\/\/ensemble-paroissial-reynies.fr\/wp-content\/uploads\/eglise_bressols\/P1000666m-93x300.jpg 93w, https:\/\/ensemble-paroissial-reynies.fr\/wp-content\/uploads\/eglise_bressols\/P1000666m-318x1024.jpg 318w, https:\/\/ensemble-paroissial-reynies.fr\/wp-content\/uploads\/eglise_bressols\/P1000666m-768x2473.jpg 768w, https:\/\/ensemble-paroissial-reynies.fr\/wp-content\/uploads\/eglise_bressols\/P1000666m-477x1536.jpg 477w, https:\/\/ensemble-paroissial-reynies.fr\/wp-content\/uploads\/eglise_bressols\/P1000666m-636x2048.jpg 636w\" sizes=\"auto, (max-width: 795px) 100vw, 795px\" \/><\/a><figcaption class=\"wp-element-caption\">Saint Joseph<\/figcaption><\/figure>\n<\/figure>\n<\/details>\n\n\n\n<details class=\"wp-block-details is-layout-flow wp-block-details-is-layout-flow\"><summary>La nef<\/summary>\n<figure class=\"wp-block-gallery has-nested-images columns-6 is-cropped wp-block-gallery-3 is-layout-flex wp-block-gallery-is-layout-flex\">\n<figure class=\"wp-block-image size-full\"><a href=\"https:\/\/ensemble-paroissial-reynies.fr\/wp-content\/uploads\/eglise_bressols\/image-27.jpeg\"><img loading=\"lazy\" decoding=\"async\" width=\"1000\" height=\"563\" data-id=\"1131\" src=\"https:\/\/ensemble-paroissial-reynies.fr\/wp-content\/uploads\/eglise_bressols\/image-27.jpeg\" alt=\"\" class=\"wp-image-1131\" srcset=\"https:\/\/ensemble-paroissial-reynies.fr\/wp-content\/uploads\/eglise_bressols\/image-27.jpeg 1000w, https:\/\/ensemble-paroissial-reynies.fr\/wp-content\/uploads\/eglise_bressols\/image-27-300x169.jpeg 300w, https:\/\/ensemble-paroissial-reynies.fr\/wp-content\/uploads\/eglise_bressols\/image-27-768x432.jpeg 768w\" sizes=\"auto, (max-width: 1000px) 100vw, 1000px\" \/><\/a><\/figure>\n\n\n\n<figure class=\"wp-block-image size-full\"><a href=\"https:\/\/ensemble-paroissial-reynies.fr\/wp-content\/uploads\/eglise_bressols\/P1000680-scaled.jpg\"><img loading=\"lazy\" decoding=\"async\" width=\"2560\" height=\"1922\" data-id=\"3110\" src=\"https:\/\/ensemble-paroissial-reynies.fr\/wp-content\/uploads\/eglise_bressols\/P1000680-scaled.jpg\" alt=\"\" class=\"wp-image-3110\" srcset=\"https:\/\/ensemble-paroissial-reynies.fr\/wp-content\/uploads\/eglise_bressols\/P1000680-scaled.jpg 2560w, https:\/\/ensemble-paroissial-reynies.fr\/wp-content\/uploads\/eglise_bressols\/P1000680-300x225.jpg 300w, https:\/\/ensemble-paroissial-reynies.fr\/wp-content\/uploads\/eglise_bressols\/P1000680-1024x769.jpg 1024w, https:\/\/ensemble-paroissial-reynies.fr\/wp-content\/uploads\/eglise_bressols\/P1000680-768x577.jpg 768w, https:\/\/ensemble-paroissial-reynies.fr\/wp-content\/uploads\/eglise_bressols\/P1000680-1536x1153.jpg 1536w, https:\/\/ensemble-paroissial-reynies.fr\/wp-content\/uploads\/eglise_bressols\/P1000680-2048x1538.jpg 2048w\" sizes=\"auto, (max-width: 2560px) 100vw, 2560px\" \/><\/a><\/figure>\n\n\n\n<figure class=\"wp-block-image size-full\"><a href=\"https:\/\/ensemble-paroissial-reynies.fr\/wp-content\/uploads\/eglise_bressols\/fb_img_1586788258444.jpg\"><img loading=\"lazy\" decoding=\"async\" width=\"640\" height=\"1317\" data-id=\"845\" src=\"https:\/\/ensemble-paroissial-reynies.fr\/wp-content\/uploads\/eglise_bressols\/fb_img_1586788258444.jpg\" alt=\"\" class=\"wp-image-845\" srcset=\"https:\/\/ensemble-paroissial-reynies.fr\/wp-content\/uploads\/eglise_bressols\/fb_img_1586788258444.jpg 640w, https:\/\/ensemble-paroissial-reynies.fr\/wp-content\/uploads\/eglise_bressols\/fb_img_1586788258444-146x300.jpg 146w, https:\/\/ensemble-paroissial-reynies.fr\/wp-content\/uploads\/eglise_bressols\/fb_img_1586788258444-498x1024.jpg 498w\" sizes=\"auto, (max-width: 640px) 100vw, 640px\" \/><\/a><\/figure>\n\n\n\n<figure class=\"wp-block-image size-full\"><a href=\"https:\/\/ensemble-paroissial-reynies.fr\/wp-content\/uploads\/eglise_bressols\/P1000682-scaled.jpg\"><img loading=\"lazy\" decoding=\"async\" width=\"2560\" height=\"1922\" data-id=\"3112\" src=\"https:\/\/ensemble-paroissial-reynies.fr\/wp-content\/uploads\/eglise_bressols\/P1000682-scaled.jpg\" alt=\"\" class=\"wp-image-3112\" srcset=\"https:\/\/ensemble-paroissial-reynies.fr\/wp-content\/uploads\/eglise_bressols\/P1000682-scaled.jpg 2560w, https:\/\/ensemble-paroissial-reynies.fr\/wp-content\/uploads\/eglise_bressols\/P1000682-300x225.jpg 300w, https:\/\/ensemble-paroissial-reynies.fr\/wp-content\/uploads\/eglise_bressols\/P1000682-1024x769.jpg 1024w, https:\/\/ensemble-paroissial-reynies.fr\/wp-content\/uploads\/eglise_bressols\/P1000682-768x577.jpg 768w, https:\/\/ensemble-paroissial-reynies.fr\/wp-content\/uploads\/eglise_bressols\/P1000682-1536x1153.jpg 1536w, https:\/\/ensemble-paroissial-reynies.fr\/wp-content\/uploads\/eglise_bressols\/P1000682-2048x1538.jpg 2048w\" sizes=\"auto, (max-width: 2560px) 100vw, 2560px\" \/><\/a><\/figure>\n\n\n\n<figure class=\"wp-block-image size-full\"><a href=\"https:\/\/ensemble-paroissial-reynies.fr\/wp-content\/uploads\/eglise_bressols\/P1000681-scaled.jpg\"><img loading=\"lazy\" decoding=\"async\" width=\"2560\" height=\"1922\" data-id=\"3111\" src=\"https:\/\/ensemble-paroissial-reynies.fr\/wp-content\/uploads\/eglise_bressols\/P1000681-scaled.jpg\" alt=\"\" class=\"wp-image-3111\" srcset=\"https:\/\/ensemble-paroissial-reynies.fr\/wp-content\/uploads\/eglise_bressols\/P1000681-scaled.jpg 2560w, https:\/\/ensemble-paroissial-reynies.fr\/wp-content\/uploads\/eglise_bressols\/P1000681-300x225.jpg 300w, https:\/\/ensemble-paroissial-reynies.fr\/wp-content\/uploads\/eglise_bressols\/P1000681-1024x769.jpg 1024w, https:\/\/ensemble-paroissial-reynies.fr\/wp-content\/uploads\/eglise_bressols\/P1000681-768x577.jpg 768w, https:\/\/ensemble-paroissial-reynies.fr\/wp-content\/uploads\/eglise_bressols\/P1000681-1536x1153.jpg 1536w, https:\/\/ensemble-paroissial-reynies.fr\/wp-content\/uploads\/eglise_bressols\/P1000681-2048x1538.jpg 2048w\" sizes=\"auto, (max-width: 2560px) 100vw, 2560px\" \/><\/a><\/figure>\n\n\n\n<figure class=\"wp-block-image size-full\"><a href=\"https:\/\/ensemble-paroissial-reynies.fr\/wp-content\/uploads\/eglise_bressols\/P1000707-scaled.jpg\"><img loading=\"lazy\" decoding=\"async\" width=\"2560\" height=\"1922\" data-id=\"3154\" src=\"https:\/\/ensemble-paroissial-reynies.fr\/wp-content\/uploads\/eglise_bressols\/P1000707-scaled.jpg\" alt=\"\" class=\"wp-image-3154\" srcset=\"https:\/\/ensemble-paroissial-reynies.fr\/wp-content\/uploads\/eglise_bressols\/P1000707-scaled.jpg 2560w, https:\/\/ensemble-paroissial-reynies.fr\/wp-content\/uploads\/eglise_bressols\/P1000707-300x225.jpg 300w, https:\/\/ensemble-paroissial-reynies.fr\/wp-content\/uploads\/eglise_bressols\/P1000707-1024x769.jpg 1024w, https:\/\/ensemble-paroissial-reynies.fr\/wp-content\/uploads\/eglise_bressols\/P1000707-768x577.jpg 768w, https:\/\/ensemble-paroissial-reynies.fr\/wp-content\/uploads\/eglise_bressols\/P1000707-1536x1153.jpg 1536w, https:\/\/ensemble-paroissial-reynies.fr\/wp-content\/uploads\/eglise_bressols\/P1000707-2048x1538.jpg 2048w\" sizes=\"auto, (max-width: 2560px) 100vw, 2560px\" \/><\/a><\/figure>\n\n\n\n<figure class=\"wp-block-image size-full\"><a href=\"https:\/\/ensemble-paroissial-reynies.fr\/wp-content\/uploads\/eglise_bressols\/P1000652m.jpg\"><img loading=\"lazy\" decoding=\"async\" width=\"760\" height=\"2295\" data-id=\"3097\" src=\"https:\/\/ensemble-paroissial-reynies.fr\/wp-content\/uploads\/eglise_bressols\/P1000652m.jpg\" alt=\"\" class=\"wp-image-3097\" srcset=\"https:\/\/ensemble-paroissial-reynies.fr\/wp-content\/uploads\/eglise_bressols\/P1000652m.jpg 760w, https:\/\/ensemble-paroissial-reynies.fr\/wp-content\/uploads\/eglise_bressols\/P1000652m-99x300.jpg 99w, https:\/\/ensemble-paroissial-reynies.fr\/wp-content\/uploads\/eglise_bressols\/P1000652m-339x1024.jpg 339w, https:\/\/ensemble-paroissial-reynies.fr\/wp-content\/uploads\/eglise_bressols\/P1000652m-509x1536.jpg 509w, https:\/\/ensemble-paroissial-reynies.fr\/wp-content\/uploads\/eglise_bressols\/P1000652m-678x2048.jpg 678w\" sizes=\"auto, (max-width: 760px) 100vw, 760px\" \/><\/a><figcaption class=\"wp-element-caption\">Saint Antoine de Padoue<\/figcaption><\/figure>\n\n\n\n<figure class=\"wp-block-image size-full\"><a href=\"https:\/\/ensemble-paroissial-reynies.fr\/wp-content\/uploads\/eglise_bressols\/P1000656m-scaled.jpg\"><img loading=\"lazy\" decoding=\"async\" width=\"758\" height=\"2560\" data-id=\"3098\" src=\"https:\/\/ensemble-paroissial-reynies.fr\/wp-content\/uploads\/eglise_bressols\/P1000656m-scaled.jpg\" alt=\"\" class=\"wp-image-3098\" srcset=\"https:\/\/ensemble-paroissial-reynies.fr\/wp-content\/uploads\/eglise_bressols\/P1000656m-scaled.jpg 758w, https:\/\/ensemble-paroissial-reynies.fr\/wp-content\/uploads\/eglise_bressols\/P1000656m-89x300.jpg 89w, https:\/\/ensemble-paroissial-reynies.fr\/wp-content\/uploads\/eglise_bressols\/P1000656m-303x1024.jpg 303w, https:\/\/ensemble-paroissial-reynies.fr\/wp-content\/uploads\/eglise_bressols\/P1000656m-768x2594.jpg 768w, https:\/\/ensemble-paroissial-reynies.fr\/wp-content\/uploads\/eglise_bressols\/P1000656m-455x1536.jpg 455w, https:\/\/ensemble-paroissial-reynies.fr\/wp-content\/uploads\/eglise_bressols\/P1000656m-606x2048.jpg 606w\" sizes=\"auto, (max-width: 758px) 100vw, 758px\" \/><\/a><figcaption class=\"wp-element-caption\">Sainte Th\u00e9r\u00e8se<\/figcaption><\/figure>\n\n\n\n<figure class=\"wp-block-image size-full\"><a href=\"https:\/\/ensemble-paroissial-reynies.fr\/wp-content\/uploads\/eglise_bressols\/P1000657m-scaled.jpg\"><img loading=\"lazy\" decoding=\"async\" width=\"2560\" height=\"2163\" data-id=\"3100\" src=\"https:\/\/ensemble-paroissial-reynies.fr\/wp-content\/uploads\/eglise_bressols\/P1000657m-scaled.jpg\" alt=\"\" class=\"wp-image-3100\" srcset=\"https:\/\/ensemble-paroissial-reynies.fr\/wp-content\/uploads\/eglise_bressols\/P1000657m-scaled.jpg 2560w, https:\/\/ensemble-paroissial-reynies.fr\/wp-content\/uploads\/eglise_bressols\/P1000657m-300x253.jpg 300w, https:\/\/ensemble-paroissial-reynies.fr\/wp-content\/uploads\/eglise_bressols\/P1000657m-1024x865.jpg 1024w, https:\/\/ensemble-paroissial-reynies.fr\/wp-content\/uploads\/eglise_bressols\/P1000657m-768x649.jpg 768w, https:\/\/ensemble-paroissial-reynies.fr\/wp-content\/uploads\/eglise_bressols\/P1000657m-1536x1298.jpg 1536w, https:\/\/ensemble-paroissial-reynies.fr\/wp-content\/uploads\/eglise_bressols\/P1000657m-2048x1731.jpg 2048w\" sizes=\"auto, (max-width: 2560px) 100vw, 2560px\" \/><\/a><figcaption class=\"wp-element-caption\">La Sainte C\u00e8ne<\/figcaption><\/figure>\n\n\n\n<figure class=\"wp-block-image size-full\"><a href=\"https:\/\/ensemble-paroissial-reynies.fr\/wp-content\/uploads\/eglise_bressols\/P1000658m-scaled.jpg\"><img loading=\"lazy\" decoding=\"async\" width=\"790\" height=\"2560\" data-id=\"3099\" src=\"https:\/\/ensemble-paroissial-reynies.fr\/wp-content\/uploads\/eglise_bressols\/P1000658m-scaled.jpg\" alt=\"\" class=\"wp-image-3099\" srcset=\"https:\/\/ensemble-paroissial-reynies.fr\/wp-content\/uploads\/eglise_bressols\/P1000658m-scaled.jpg 790w, https:\/\/ensemble-paroissial-reynies.fr\/wp-content\/uploads\/eglise_bressols\/P1000658m-93x300.jpg 93w, https:\/\/ensemble-paroissial-reynies.fr\/wp-content\/uploads\/eglise_bressols\/P1000658m-316x1024.jpg 316w, https:\/\/ensemble-paroissial-reynies.fr\/wp-content\/uploads\/eglise_bressols\/P1000658m-768x2490.jpg 768w, https:\/\/ensemble-paroissial-reynies.fr\/wp-content\/uploads\/eglise_bressols\/P1000658m-474x1536.jpg 474w, https:\/\/ensemble-paroissial-reynies.fr\/wp-content\/uploads\/eglise_bressols\/P1000658m-632x2048.jpg 632w\" sizes=\"auto, (max-width: 790px) 100vw, 790px\" \/><\/a><figcaption class=\"wp-element-caption\">Sainte Bernadette<\/figcaption><\/figure>\n\n\n\n<figure class=\"wp-block-image size-full\"><a href=\"https:\/\/ensemble-paroissial-reynies.fr\/wp-content\/uploads\/eglise_bressols\/P1000660m-scaled.jpg\"><img loading=\"lazy\" decoding=\"async\" width=\"2142\" height=\"2560\" data-id=\"3103\" src=\"https:\/\/ensemble-paroissial-reynies.fr\/wp-content\/uploads\/eglise_bressols\/P1000660m-scaled.jpg\" alt=\"\" class=\"wp-image-3103\" srcset=\"https:\/\/ensemble-paroissial-reynies.fr\/wp-content\/uploads\/eglise_bressols\/P1000660m-scaled.jpg 2142w, https:\/\/ensemble-paroissial-reynies.fr\/wp-content\/uploads\/eglise_bressols\/P1000660m-251x300.jpg 251w, https:\/\/ensemble-paroissial-reynies.fr\/wp-content\/uploads\/eglise_bressols\/P1000660m-857x1024.jpg 857w, https:\/\/ensemble-paroissial-reynies.fr\/wp-content\/uploads\/eglise_bressols\/P1000660m-768x918.jpg 768w, https:\/\/ensemble-paroissial-reynies.fr\/wp-content\/uploads\/eglise_bressols\/P1000660m-1285x1536.jpg 1285w, https:\/\/ensemble-paroissial-reynies.fr\/wp-content\/uploads\/eglise_bressols\/P1000660m-1713x2048.jpg 1713w\" sizes=\"auto, (max-width: 2142px) 100vw, 2142px\" \/><\/a><\/figure>\n\n\n\n<figure class=\"wp-block-image size-full\"><a href=\"https:\/\/ensemble-paroissial-reynies.fr\/wp-content\/uploads\/eglise_bressols\/P1000663m-scaled.jpg\"><img loading=\"lazy\" decoding=\"async\" width=\"2051\" height=\"2560\" data-id=\"3102\" src=\"https:\/\/ensemble-paroissial-reynies.fr\/wp-content\/uploads\/eglise_bressols\/P1000663m-scaled.jpg\" alt=\"\" class=\"wp-image-3102\" srcset=\"https:\/\/ensemble-paroissial-reynies.fr\/wp-content\/uploads\/eglise_bressols\/P1000663m-scaled.jpg 2051w, https:\/\/ensemble-paroissial-reynies.fr\/wp-content\/uploads\/eglise_bressols\/P1000663m-240x300.jpg 240w, https:\/\/ensemble-paroissial-reynies.fr\/wp-content\/uploads\/eglise_bressols\/P1000663m-820x1024.jpg 820w, https:\/\/ensemble-paroissial-reynies.fr\/wp-content\/uploads\/eglise_bressols\/P1000663m-768x958.jpg 768w, https:\/\/ensemble-paroissial-reynies.fr\/wp-content\/uploads\/eglise_bressols\/P1000663m-1231x1536.jpg 1231w, https:\/\/ensemble-paroissial-reynies.fr\/wp-content\/uploads\/eglise_bressols\/P1000663m-1641x2048.jpg 1641w\" sizes=\"auto, (max-width: 2051px) 100vw, 2051px\" \/><\/a><\/figure>\n\n\n\n<figure class=\"wp-block-image size-full\"><a href=\"https:\/\/ensemble-paroissial-reynies.fr\/wp-content\/uploads\/eglise_bressols\/P1000664m-scaled.jpg\"><img loading=\"lazy\" decoding=\"async\" width=\"2111\" height=\"2560\" data-id=\"3101\" src=\"https:\/\/ensemble-paroissial-reynies.fr\/wp-content\/uploads\/eglise_bressols\/P1000664m-scaled.jpg\" alt=\"\" class=\"wp-image-3101\" srcset=\"https:\/\/ensemble-paroissial-reynies.fr\/wp-content\/uploads\/eglise_bressols\/P1000664m-scaled.jpg 2111w, https:\/\/ensemble-paroissial-reynies.fr\/wp-content\/uploads\/eglise_bressols\/P1000664m-247x300.jpg 247w, https:\/\/ensemble-paroissial-reynies.fr\/wp-content\/uploads\/eglise_bressols\/P1000664m-844x1024.jpg 844w, https:\/\/ensemble-paroissial-reynies.fr\/wp-content\/uploads\/eglise_bressols\/P1000664m-768x931.jpg 768w, https:\/\/ensemble-paroissial-reynies.fr\/wp-content\/uploads\/eglise_bressols\/P1000664m-1266x1536.jpg 1266w, https:\/\/ensemble-paroissial-reynies.fr\/wp-content\/uploads\/eglise_bressols\/P1000664m-1689x2048.jpg 1689w\" sizes=\"auto, (max-width: 2111px) 100vw, 2111px\" \/><\/a><figcaption class=\"wp-element-caption\">Sacr\u00e9-Coeur de j\u00e9sus<\/figcaption><\/figure>\n\n\n\n<figure class=\"wp-block-image size-full\"><a href=\"https:\/\/ensemble-paroissial-reynies.fr\/wp-content\/uploads\/eglise_bressols\/P1000667m-scaled.jpg\"><img loading=\"lazy\" decoding=\"async\" width=\"2160\" height=\"2560\" data-id=\"3106\" src=\"https:\/\/ensemble-paroissial-reynies.fr\/wp-content\/uploads\/eglise_bressols\/P1000667m-scaled.jpg\" alt=\"\" class=\"wp-image-3106\" srcset=\"https:\/\/ensemble-paroissial-reynies.fr\/wp-content\/uploads\/eglise_bressols\/P1000667m-scaled.jpg 2160w, https:\/\/ensemble-paroissial-reynies.fr\/wp-content\/uploads\/eglise_bressols\/P1000667m-253x300.jpg 253w, https:\/\/ensemble-paroissial-reynies.fr\/wp-content\/uploads\/eglise_bressols\/P1000667m-864x1024.jpg 864w, https:\/\/ensemble-paroissial-reynies.fr\/wp-content\/uploads\/eglise_bressols\/P1000667m-768x910.jpg 768w, https:\/\/ensemble-paroissial-reynies.fr\/wp-content\/uploads\/eglise_bressols\/P1000667m-1296x1536.jpg 1296w, https:\/\/ensemble-paroissial-reynies.fr\/wp-content\/uploads\/eglise_bressols\/P1000667m-1728x2048.jpg 1728w\" sizes=\"auto, (max-width: 2160px) 100vw, 2160px\" \/><\/a><\/figure>\n\n\n\n<figure class=\"wp-block-image size-full\"><a href=\"https:\/\/ensemble-paroissial-reynies.fr\/wp-content\/uploads\/eglise_bressols\/P1000673m-scaled.jpg\"><img loading=\"lazy\" decoding=\"async\" width=\"649\" height=\"2560\" data-id=\"3107\" src=\"https:\/\/ensemble-paroissial-reynies.fr\/wp-content\/uploads\/eglise_bressols\/P1000673m-scaled.jpg\" alt=\"\" class=\"wp-image-3107\" srcset=\"https:\/\/ensemble-paroissial-reynies.fr\/wp-content\/uploads\/eglise_bressols\/P1000673m-scaled.jpg 649w, https:\/\/ensemble-paroissial-reynies.fr\/wp-content\/uploads\/eglise_bressols\/P1000673m-76x300.jpg 76w, https:\/\/ensemble-paroissial-reynies.fr\/wp-content\/uploads\/eglise_bressols\/P1000673m-768x3029.jpg 768w, https:\/\/ensemble-paroissial-reynies.fr\/wp-content\/uploads\/eglise_bressols\/P1000673m-519x2048.jpg 519w\" sizes=\"auto, (max-width: 649px) 100vw, 649px\" \/><\/a><figcaption class=\"wp-element-caption\">Sainte Jeanne d&rsquo;Arc<\/figcaption><\/figure>\n\n\n\n<figure class=\"wp-block-image size-full\"><a href=\"https:\/\/ensemble-paroissial-reynies.fr\/wp-content\/uploads\/eglise_bressols\/P1000675m-scaled.jpg\"><img loading=\"lazy\" decoding=\"async\" width=\"2560\" height=\"2191\" data-id=\"3108\" src=\"https:\/\/ensemble-paroissial-reynies.fr\/wp-content\/uploads\/eglise_bressols\/P1000675m-scaled.jpg\" alt=\"\" class=\"wp-image-3108\" srcset=\"https:\/\/ensemble-paroissial-reynies.fr\/wp-content\/uploads\/eglise_bressols\/P1000675m-scaled.jpg 2560w, https:\/\/ensemble-paroissial-reynies.fr\/wp-content\/uploads\/eglise_bressols\/P1000675m-300x257.jpg 300w, https:\/\/ensemble-paroissial-reynies.fr\/wp-content\/uploads\/eglise_bressols\/P1000675m-1024x876.jpg 1024w, https:\/\/ensemble-paroissial-reynies.fr\/wp-content\/uploads\/eglise_bressols\/P1000675m-768x657.jpg 768w, https:\/\/ensemble-paroissial-reynies.fr\/wp-content\/uploads\/eglise_bressols\/P1000675m-1536x1314.jpg 1536w, https:\/\/ensemble-paroissial-reynies.fr\/wp-content\/uploads\/eglise_bressols\/P1000675m-2048x1753.jpg 2048w\" sizes=\"auto, (max-width: 2560px) 100vw, 2560px\" \/><\/a><\/figure>\n\n\n\n<figure class=\"wp-block-image size-full\"><a href=\"https:\/\/ensemble-paroissial-reynies.fr\/wp-content\/uploads\/eglise_bressols\/P1000677m-scaled.jpg\"><img loading=\"lazy\" decoding=\"async\" width=\"715\" height=\"2560\" data-id=\"3109\" src=\"https:\/\/ensemble-paroissial-reynies.fr\/wp-content\/uploads\/eglise_bressols\/P1000677m-scaled.jpg\" alt=\"\" class=\"wp-image-3109\" srcset=\"https:\/\/ensemble-paroissial-reynies.fr\/wp-content\/uploads\/eglise_bressols\/P1000677m-scaled.jpg 715w, https:\/\/ensemble-paroissial-reynies.fr\/wp-content\/uploads\/eglise_bressols\/P1000677m-84x300.jpg 84w, https:\/\/ensemble-paroissial-reynies.fr\/wp-content\/uploads\/eglise_bressols\/P1000677m-286x1024.jpg 286w, https:\/\/ensemble-paroissial-reynies.fr\/wp-content\/uploads\/eglise_bressols\/P1000677m-768x2749.jpg 768w, https:\/\/ensemble-paroissial-reynies.fr\/wp-content\/uploads\/eglise_bressols\/P1000677m-429x1536.jpg 429w, https:\/\/ensemble-paroissial-reynies.fr\/wp-content\/uploads\/eglise_bressols\/P1000677m-572x2048.jpg 572w\" sizes=\"auto, (max-width: 715px) 100vw, 715px\" \/><\/a><figcaption class=\"wp-element-caption\">Cur\u00e9 d&rsquo;Ars<\/figcaption><\/figure>\n<\/figure>\n<\/details>\n\n\n\n<details class=\"wp-block-details is-layout-flow wp-block-details-is-layout-flow\"><summary>Les chapelles<\/summary>\n<figure class=\"wp-block-gallery has-nested-images columns-5 is-cropped wp-block-gallery-4 is-layout-flex wp-block-gallery-is-layout-flex\">\n<figure class=\"wp-block-image size-full\"><a href=\"https:\/\/ensemble-paroissial-reynies.fr\/wp-content\/uploads\/eglise_bressols\/P1000708-scaled.jpg\"><img loading=\"lazy\" decoding=\"async\" width=\"1922\" height=\"2560\" data-id=\"3146\" src=\"https:\/\/ensemble-paroissial-reynies.fr\/wp-content\/uploads\/eglise_bressols\/P1000708-scaled.jpg\" alt=\"\" class=\"wp-image-3146\" srcset=\"https:\/\/ensemble-paroissial-reynies.fr\/wp-content\/uploads\/eglise_bressols\/P1000708-scaled.jpg 1922w, https:\/\/ensemble-paroissial-reynies.fr\/wp-content\/uploads\/eglise_bressols\/P1000708-225x300.jpg 225w, https:\/\/ensemble-paroissial-reynies.fr\/wp-content\/uploads\/eglise_bressols\/P1000708-769x1024.jpg 769w, https:\/\/ensemble-paroissial-reynies.fr\/wp-content\/uploads\/eglise_bressols\/P1000708-768x1023.jpg 768w, https:\/\/ensemble-paroissial-reynies.fr\/wp-content\/uploads\/eglise_bressols\/P1000708-1153x1536.jpg 1153w, https:\/\/ensemble-paroissial-reynies.fr\/wp-content\/uploads\/eglise_bressols\/P1000708-1538x2048.jpg 1538w\" sizes=\"auto, (max-width: 1922px) 100vw, 1922px\" \/><\/a><\/figure>\n\n\n\n<figure class=\"wp-block-image size-full\"><a href=\"https:\/\/ensemble-paroissial-reynies.fr\/wp-content\/uploads\/eglise_bressols\/P1000709m.jpg\"><img loading=\"lazy\" decoding=\"async\" width=\"2267\" height=\"2419\" data-id=\"3144\" src=\"https:\/\/ensemble-paroissial-reynies.fr\/wp-content\/uploads\/eglise_bressols\/P1000709m.jpg\" alt=\"\" class=\"wp-image-3144\" srcset=\"https:\/\/ensemble-paroissial-reynies.fr\/wp-content\/uploads\/eglise_bressols\/P1000709m.jpg 2267w, https:\/\/ensemble-paroissial-reynies.fr\/wp-content\/uploads\/eglise_bressols\/P1000709m-281x300.jpg 281w, https:\/\/ensemble-paroissial-reynies.fr\/wp-content\/uploads\/eglise_bressols\/P1000709m-960x1024.jpg 960w, https:\/\/ensemble-paroissial-reynies.fr\/wp-content\/uploads\/eglise_bressols\/P1000709m-768x819.jpg 768w, https:\/\/ensemble-paroissial-reynies.fr\/wp-content\/uploads\/eglise_bressols\/P1000709m-1439x1536.jpg 1439w, https:\/\/ensemble-paroissial-reynies.fr\/wp-content\/uploads\/eglise_bressols\/P1000709m-1919x2048.jpg 1919w\" sizes=\"auto, (max-width: 2267px) 100vw, 2267px\" \/><\/a><figcaption class=\"wp-element-caption\">Mission 1923<\/figcaption><\/figure>\n\n\n\n<figure class=\"wp-block-image size-full\"><a href=\"https:\/\/ensemble-paroissial-reynies.fr\/wp-content\/uploads\/eglise_bressols\/P1000710-scaled.jpg\"><img loading=\"lazy\" decoding=\"async\" width=\"1922\" height=\"2560\" data-id=\"3147\" src=\"https:\/\/ensemble-paroissial-reynies.fr\/wp-content\/uploads\/eglise_bressols\/P1000710-scaled.jpg\" alt=\"\" class=\"wp-image-3147\" srcset=\"https:\/\/ensemble-paroissial-reynies.fr\/wp-content\/uploads\/eglise_bressols\/P1000710-scaled.jpg 1922w, https:\/\/ensemble-paroissial-reynies.fr\/wp-content\/uploads\/eglise_bressols\/P1000710-225x300.jpg 225w, https:\/\/ensemble-paroissial-reynies.fr\/wp-content\/uploads\/eglise_bressols\/P1000710-769x1024.jpg 769w, https:\/\/ensemble-paroissial-reynies.fr\/wp-content\/uploads\/eglise_bressols\/P1000710-768x1023.jpg 768w, https:\/\/ensemble-paroissial-reynies.fr\/wp-content\/uploads\/eglise_bressols\/P1000710-1153x1536.jpg 1153w, https:\/\/ensemble-paroissial-reynies.fr\/wp-content\/uploads\/eglise_bressols\/P1000710-1538x2048.jpg 1538w\" sizes=\"auto, (max-width: 1922px) 100vw, 1922px\" \/><\/a><\/figure>\n\n\n\n<figure class=\"wp-block-image size-full\"><a href=\"https:\/\/ensemble-paroissial-reynies.fr\/wp-content\/uploads\/eglise_bressols\/P1000669m-scaled.jpg\"><img loading=\"lazy\" decoding=\"async\" width=\"2560\" height=\"2408\" data-id=\"3115\" src=\"https:\/\/ensemble-paroissial-reynies.fr\/wp-content\/uploads\/eglise_bressols\/P1000669m-scaled.jpg\" alt=\"\" class=\"wp-image-3115\" srcset=\"https:\/\/ensemble-paroissial-reynies.fr\/wp-content\/uploads\/eglise_bressols\/P1000669m-scaled.jpg 2560w, https:\/\/ensemble-paroissial-reynies.fr\/wp-content\/uploads\/eglise_bressols\/P1000669m-300x282.jpg 300w, https:\/\/ensemble-paroissial-reynies.fr\/wp-content\/uploads\/eglise_bressols\/P1000669m-1024x963.jpg 1024w, https:\/\/ensemble-paroissial-reynies.fr\/wp-content\/uploads\/eglise_bressols\/P1000669m-768x722.jpg 768w, https:\/\/ensemble-paroissial-reynies.fr\/wp-content\/uploads\/eglise_bressols\/P1000669m-1536x1445.jpg 1536w, https:\/\/ensemble-paroissial-reynies.fr\/wp-content\/uploads\/eglise_bressols\/P1000669m-2048x1926.jpg 2048w\" sizes=\"auto, (max-width: 2560px) 100vw, 2560px\" \/><\/a><\/figure>\n\n\n\n<figure class=\"wp-block-image size-full\"><a href=\"https:\/\/ensemble-paroissial-reynies.fr\/wp-content\/uploads\/eglise_bressols\/p1020221-scaled-1.jpg\"><img loading=\"lazy\" decoding=\"async\" width=\"1920\" height=\"2560\" data-id=\"849\" src=\"https:\/\/ensemble-paroissial-reynies.fr\/wp-content\/uploads\/eglise_bressols\/p1020221-scaled-1.jpg\" alt=\"\" class=\"wp-image-849\" srcset=\"https:\/\/ensemble-paroissial-reynies.fr\/wp-content\/uploads\/eglise_bressols\/p1020221-scaled-1.jpg 1920w, https:\/\/ensemble-paroissial-reynies.fr\/wp-content\/uploads\/eglise_bressols\/p1020221-scaled-1-225x300.jpg 225w, https:\/\/ensemble-paroissial-reynies.fr\/wp-content\/uploads\/eglise_bressols\/p1020221-scaled-1-768x1024.jpg 768w, https:\/\/ensemble-paroissial-reynies.fr\/wp-content\/uploads\/eglise_bressols\/p1020221-scaled-1-1152x1536.jpg 1152w, https:\/\/ensemble-paroissial-reynies.fr\/wp-content\/uploads\/eglise_bressols\/p1020221-scaled-1-1536x2048.jpg 1536w, https:\/\/ensemble-paroissial-reynies.fr\/wp-content\/uploads\/eglise_bressols\/p1020221-scaled-1-600x800.jpg 600w\" sizes=\"auto, (max-width: 1920px) 100vw, 1920px\" \/><\/a><\/figure>\n\n\n\n<figure class=\"wp-block-image size-full\"><a href=\"https:\/\/ensemble-paroissial-reynies.fr\/wp-content\/uploads\/eglise_bressols\/P1000671m-scaled.jpg\"><img loading=\"lazy\" decoding=\"async\" width=\"1922\" height=\"2560\" data-id=\"3117\" src=\"https:\/\/ensemble-paroissial-reynies.fr\/wp-content\/uploads\/eglise_bressols\/P1000671m-scaled.jpg\" alt=\"\" class=\"wp-image-3117\" srcset=\"https:\/\/ensemble-paroissial-reynies.fr\/wp-content\/uploads\/eglise_bressols\/P1000671m-scaled.jpg 1922w, https:\/\/ensemble-paroissial-reynies.fr\/wp-content\/uploads\/eglise_bressols\/P1000671m-225x300.jpg 225w, https:\/\/ensemble-paroissial-reynies.fr\/wp-content\/uploads\/eglise_bressols\/P1000671m-769x1024.jpg 769w, https:\/\/ensemble-paroissial-reynies.fr\/wp-content\/uploads\/eglise_bressols\/P1000671m-768x1023.jpg 768w, https:\/\/ensemble-paroissial-reynies.fr\/wp-content\/uploads\/eglise_bressols\/P1000671m-1153x1536.jpg 1153w, https:\/\/ensemble-paroissial-reynies.fr\/wp-content\/uploads\/eglise_bressols\/P1000671m-1538x2048.jpg 1538w\" sizes=\"auto, (max-width: 1922px) 100vw, 1922px\" \/><\/a><\/figure>\n\n\n\n<figure class=\"wp-block-image size-full\"><a href=\"https:\/\/ensemble-paroissial-reynies.fr\/wp-content\/uploads\/eglise_bressols\/P1000684-scaled.jpg\"><img loading=\"lazy\" decoding=\"async\" width=\"1922\" height=\"2560\" data-id=\"3119\" src=\"https:\/\/ensemble-paroissial-reynies.fr\/wp-content\/uploads\/eglise_bressols\/P1000684-scaled.jpg\" alt=\"\" class=\"wp-image-3119\" srcset=\"https:\/\/ensemble-paroissial-reynies.fr\/wp-content\/uploads\/eglise_bressols\/P1000684-scaled.jpg 1922w, https:\/\/ensemble-paroissial-reynies.fr\/wp-content\/uploads\/eglise_bressols\/P1000684-225x300.jpg 225w, https:\/\/ensemble-paroissial-reynies.fr\/wp-content\/uploads\/eglise_bressols\/P1000684-769x1024.jpg 769w, https:\/\/ensemble-paroissial-reynies.fr\/wp-content\/uploads\/eglise_bressols\/P1000684-768x1023.jpg 768w, https:\/\/ensemble-paroissial-reynies.fr\/wp-content\/uploads\/eglise_bressols\/P1000684-1153x1536.jpg 1153w, https:\/\/ensemble-paroissial-reynies.fr\/wp-content\/uploads\/eglise_bressols\/P1000684-1538x2048.jpg 1538w\" sizes=\"auto, (max-width: 1922px) 100vw, 1922px\" \/><\/a><\/figure>\n\n\n\n<figure class=\"wp-block-image size-full\"><a href=\"https:\/\/ensemble-paroissial-reynies.fr\/wp-content\/uploads\/eglise_bressols\/P1000685m-scaled.jpg\"><img loading=\"lazy\" decoding=\"async\" width=\"1983\" height=\"2560\" data-id=\"3121\" src=\"https:\/\/ensemble-paroissial-reynies.fr\/wp-content\/uploads\/eglise_bressols\/P1000685m-scaled.jpg\" alt=\"\" class=\"wp-image-3121\" srcset=\"https:\/\/ensemble-paroissial-reynies.fr\/wp-content\/uploads\/eglise_bressols\/P1000685m-scaled.jpg 1983w, https:\/\/ensemble-paroissial-reynies.fr\/wp-content\/uploads\/eglise_bressols\/P1000685m-232x300.jpg 232w, https:\/\/ensemble-paroissial-reynies.fr\/wp-content\/uploads\/eglise_bressols\/P1000685m-793x1024.jpg 793w, https:\/\/ensemble-paroissial-reynies.fr\/wp-content\/uploads\/eglise_bressols\/P1000685m-768x992.jpg 768w, https:\/\/ensemble-paroissial-reynies.fr\/wp-content\/uploads\/eglise_bressols\/P1000685m-1190x1536.jpg 1190w, https:\/\/ensemble-paroissial-reynies.fr\/wp-content\/uploads\/eglise_bressols\/P1000685m-1586x2048.jpg 1586w\" sizes=\"auto, (max-width: 1983px) 100vw, 1983px\" \/><\/a><\/figure>\n\n\n\n<figure class=\"wp-block-image size-full\"><a href=\"https:\/\/ensemble-paroissial-reynies.fr\/wp-content\/uploads\/eglise_bressols\/P1000683-scaled.jpg\"><img loading=\"lazy\" decoding=\"async\" width=\"1922\" height=\"2560\" data-id=\"3118\" src=\"https:\/\/ensemble-paroissial-reynies.fr\/wp-content\/uploads\/eglise_bressols\/P1000683-scaled.jpg\" alt=\"\" class=\"wp-image-3118\" srcset=\"https:\/\/ensemble-paroissial-reynies.fr\/wp-content\/uploads\/eglise_bressols\/P1000683-scaled.jpg 1922w, https:\/\/ensemble-paroissial-reynies.fr\/wp-content\/uploads\/eglise_bressols\/P1000683-225x300.jpg 225w, https:\/\/ensemble-paroissial-reynies.fr\/wp-content\/uploads\/eglise_bressols\/P1000683-769x1024.jpg 769w, https:\/\/ensemble-paroissial-reynies.fr\/wp-content\/uploads\/eglise_bressols\/P1000683-768x1023.jpg 768w, https:\/\/ensemble-paroissial-reynies.fr\/wp-content\/uploads\/eglise_bressols\/P1000683-1153x1536.jpg 1153w, https:\/\/ensemble-paroissial-reynies.fr\/wp-content\/uploads\/eglise_bressols\/P1000683-1538x2048.jpg 1538w\" sizes=\"auto, (max-width: 1922px) 100vw, 1922px\" \/><\/a><\/figure>\n\n\n\n<figure class=\"wp-block-image size-full\"><a href=\"https:\/\/ensemble-paroissial-reynies.fr\/wp-content\/uploads\/eglise_bressols\/fb_img_1586788161674.jpg\"><img loading=\"lazy\" decoding=\"async\" width=\"640\" height=\"1317\" data-id=\"844\" src=\"https:\/\/ensemble-paroissial-reynies.fr\/wp-content\/uploads\/eglise_bressols\/fb_img_1586788161674.jpg\" alt=\"\" class=\"wp-image-844\" srcset=\"https:\/\/ensemble-paroissial-reynies.fr\/wp-content\/uploads\/eglise_bressols\/fb_img_1586788161674.jpg 640w, https:\/\/ensemble-paroissial-reynies.fr\/wp-content\/uploads\/eglise_bressols\/fb_img_1586788161674-146x300.jpg 146w, https:\/\/ensemble-paroissial-reynies.fr\/wp-content\/uploads\/eglise_bressols\/fb_img_1586788161674-498x1024.jpg 498w\" sizes=\"auto, (max-width: 640px) 100vw, 640px\" \/><\/a><\/figure>\n<\/figure>\n<\/details>\n\n\n\n<details class=\"wp-block-details is-layout-flow wp-block-details-is-layout-flow\"><summary>Le Chemin de Croix<\/summary>\n<figure class=\"wp-block-gallery has-nested-images columns-7 is-cropped wp-block-gallery-5 is-layout-flex wp-block-gallery-is-layout-flex\">\n<figure class=\"wp-block-image size-full\"><a href=\"https:\/\/ensemble-paroissial-reynies.fr\/wp-content\/uploads\/eglise_bressols\/P1000662m-scaled.jpg\"><img loading=\"lazy\" decoding=\"async\" width=\"1691\" height=\"2560\" data-id=\"3081\" src=\"https:\/\/ensemble-paroissial-reynies.fr\/wp-content\/uploads\/eglise_bressols\/P1000662m-scaled.jpg\" alt=\"\" class=\"wp-image-3081\" srcset=\"https:\/\/ensemble-paroissial-reynies.fr\/wp-content\/uploads\/eglise_bressols\/P1000662m-scaled.jpg 1691w, https:\/\/ensemble-paroissial-reynies.fr\/wp-content\/uploads\/eglise_bressols\/P1000662m-198x300.jpg 198w, https:\/\/ensemble-paroissial-reynies.fr\/wp-content\/uploads\/eglise_bressols\/P1000662m-676x1024.jpg 676w, https:\/\/ensemble-paroissial-reynies.fr\/wp-content\/uploads\/eglise_bressols\/P1000662m-768x1163.jpg 768w, https:\/\/ensemble-paroissial-reynies.fr\/wp-content\/uploads\/eglise_bressols\/P1000662m-1014x1536.jpg 1014w, https:\/\/ensemble-paroissial-reynies.fr\/wp-content\/uploads\/eglise_bressols\/P1000662m-1353x2048.jpg 1353w\" sizes=\"auto, (max-width: 1691px) 100vw, 1691px\" \/><\/a><figcaption class=\"wp-element-caption\">Station I<\/figcaption><\/figure>\n\n\n\n<figure class=\"wp-block-image size-full\"><a href=\"https:\/\/ensemble-paroissial-reynies.fr\/wp-content\/uploads\/eglise_bressols\/P1000661m-scaled.jpg\"><img loading=\"lazy\" decoding=\"async\" width=\"1640\" height=\"2560\" data-id=\"3080\" src=\"https:\/\/ensemble-paroissial-reynies.fr\/wp-content\/uploads\/eglise_bressols\/P1000661m-scaled.jpg\" alt=\"\" class=\"wp-image-3080\" srcset=\"https:\/\/ensemble-paroissial-reynies.fr\/wp-content\/uploads\/eglise_bressols\/P1000661m-scaled.jpg 1640w, https:\/\/ensemble-paroissial-reynies.fr\/wp-content\/uploads\/eglise_bressols\/P1000661m-192x300.jpg 192w, https:\/\/ensemble-paroissial-reynies.fr\/wp-content\/uploads\/eglise_bressols\/P1000661m-656x1024.jpg 656w, https:\/\/ensemble-paroissial-reynies.fr\/wp-content\/uploads\/eglise_bressols\/P1000661m-768x1199.jpg 768w, https:\/\/ensemble-paroissial-reynies.fr\/wp-content\/uploads\/eglise_bressols\/P1000661m-984x1536.jpg 984w, https:\/\/ensemble-paroissial-reynies.fr\/wp-content\/uploads\/eglise_bressols\/P1000661m-1312x2048.jpg 1312w\" sizes=\"auto, (max-width: 1640px) 100vw, 1640px\" \/><\/a><figcaption class=\"wp-element-caption\">Station II<\/figcaption><\/figure>\n\n\n\n<figure class=\"wp-block-image size-full\"><a href=\"https:\/\/ensemble-paroissial-reynies.fr\/wp-content\/uploads\/eglise_bressols\/P1000659m-scaled.jpg\"><img loading=\"lazy\" decoding=\"async\" width=\"1665\" height=\"2560\" data-id=\"3079\" src=\"https:\/\/ensemble-paroissial-reynies.fr\/wp-content\/uploads\/eglise_bressols\/P1000659m-scaled.jpg\" alt=\"\" class=\"wp-image-3079\" srcset=\"https:\/\/ensemble-paroissial-reynies.fr\/wp-content\/uploads\/eglise_bressols\/P1000659m-scaled.jpg 1665w, https:\/\/ensemble-paroissial-reynies.fr\/wp-content\/uploads\/eglise_bressols\/P1000659m-195x300.jpg 195w, https:\/\/ensemble-paroissial-reynies.fr\/wp-content\/uploads\/eglise_bressols\/P1000659m-666x1024.jpg 666w, https:\/\/ensemble-paroissial-reynies.fr\/wp-content\/uploads\/eglise_bressols\/P1000659m-768x1181.jpg 768w, https:\/\/ensemble-paroissial-reynies.fr\/wp-content\/uploads\/eglise_bressols\/P1000659m-999x1536.jpg 999w, https:\/\/ensemble-paroissial-reynies.fr\/wp-content\/uploads\/eglise_bressols\/P1000659m-1332x2048.jpg 1332w\" sizes=\"auto, (max-width: 1665px) 100vw, 1665px\" \/><\/a><figcaption class=\"wp-element-caption\">Station III<\/figcaption><\/figure>\n\n\n\n<figure class=\"wp-block-image size-full\"><a href=\"https:\/\/ensemble-paroissial-reynies.fr\/wp-content\/uploads\/eglise_bressols\/P1000655m-scaled.jpg\"><img loading=\"lazy\" decoding=\"async\" width=\"1681\" height=\"2560\" data-id=\"3078\" src=\"https:\/\/ensemble-paroissial-reynies.fr\/wp-content\/uploads\/eglise_bressols\/P1000655m-scaled.jpg\" alt=\"\" class=\"wp-image-3078\" srcset=\"https:\/\/ensemble-paroissial-reynies.fr\/wp-content\/uploads\/eglise_bressols\/P1000655m-scaled.jpg 1681w, https:\/\/ensemble-paroissial-reynies.fr\/wp-content\/uploads\/eglise_bressols\/P1000655m-197x300.jpg 197w, https:\/\/ensemble-paroissial-reynies.fr\/wp-content\/uploads\/eglise_bressols\/P1000655m-672x1024.jpg 672w, https:\/\/ensemble-paroissial-reynies.fr\/wp-content\/uploads\/eglise_bressols\/P1000655m-768x1170.jpg 768w, https:\/\/ensemble-paroissial-reynies.fr\/wp-content\/uploads\/eglise_bressols\/P1000655m-1009x1536.jpg 1009w, https:\/\/ensemble-paroissial-reynies.fr\/wp-content\/uploads\/eglise_bressols\/P1000655m-1345x2048.jpg 1345w\" sizes=\"auto, (max-width: 1681px) 100vw, 1681px\" \/><\/a><figcaption class=\"wp-element-caption\">Station IV<\/figcaption><\/figure>\n\n\n\n<figure class=\"wp-block-image size-full\"><a href=\"https:\/\/ensemble-paroissial-reynies.fr\/wp-content\/uploads\/eglise_bressols\/P1000654m.jpg\"><img loading=\"lazy\" decoding=\"async\" width=\"1599\" height=\"2434\" data-id=\"3077\" src=\"https:\/\/ensemble-paroissial-reynies.fr\/wp-content\/uploads\/eglise_bressols\/P1000654m.jpg\" alt=\"\" class=\"wp-image-3077\" srcset=\"https:\/\/ensemble-paroissial-reynies.fr\/wp-content\/uploads\/eglise_bressols\/P1000654m.jpg 1599w, https:\/\/ensemble-paroissial-reynies.fr\/wp-content\/uploads\/eglise_bressols\/P1000654m-197x300.jpg 197w, https:\/\/ensemble-paroissial-reynies.fr\/wp-content\/uploads\/eglise_bressols\/P1000654m-673x1024.jpg 673w, https:\/\/ensemble-paroissial-reynies.fr\/wp-content\/uploads\/eglise_bressols\/P1000654m-768x1169.jpg 768w, https:\/\/ensemble-paroissial-reynies.fr\/wp-content\/uploads\/eglise_bressols\/P1000654m-1009x1536.jpg 1009w, https:\/\/ensemble-paroissial-reynies.fr\/wp-content\/uploads\/eglise_bressols\/P1000654m-1345x2048.jpg 1345w\" sizes=\"auto, (max-width: 1599px) 100vw, 1599px\" \/><\/a><figcaption class=\"wp-element-caption\">Station V<\/figcaption><\/figure>\n\n\n\n<figure class=\"wp-block-image size-full\"><a href=\"https:\/\/ensemble-paroissial-reynies.fr\/wp-content\/uploads\/eglise_bressols\/P1000653m.jpg\"><img loading=\"lazy\" decoding=\"async\" width=\"1596\" height=\"2006\" data-id=\"3076\" src=\"https:\/\/ensemble-paroissial-reynies.fr\/wp-content\/uploads\/eglise_bressols\/P1000653m.jpg\" alt=\"\" class=\"wp-image-3076\" srcset=\"https:\/\/ensemble-paroissial-reynies.fr\/wp-content\/uploads\/eglise_bressols\/P1000653m.jpg 1596w, https:\/\/ensemble-paroissial-reynies.fr\/wp-content\/uploads\/eglise_bressols\/P1000653m-239x300.jpg 239w, https:\/\/ensemble-paroissial-reynies.fr\/wp-content\/uploads\/eglise_bressols\/P1000653m-815x1024.jpg 815w, https:\/\/ensemble-paroissial-reynies.fr\/wp-content\/uploads\/eglise_bressols\/P1000653m-768x965.jpg 768w, https:\/\/ensemble-paroissial-reynies.fr\/wp-content\/uploads\/eglise_bressols\/P1000653m-1222x1536.jpg 1222w\" sizes=\"auto, (max-width: 1596px) 100vw, 1596px\" \/><\/a><figcaption class=\"wp-element-caption\">Station VI<\/figcaption><\/figure>\n\n\n\n<figure class=\"wp-block-image size-full\"><a href=\"https:\/\/ensemble-paroissial-reynies.fr\/wp-content\/uploads\/eglise_bressols\/P1000705m.jpg\"><img loading=\"lazy\" decoding=\"async\" width=\"1628\" height=\"2192\" data-id=\"3142\" src=\"https:\/\/ensemble-paroissial-reynies.fr\/wp-content\/uploads\/eglise_bressols\/P1000705m.jpg\" alt=\"\" class=\"wp-image-3142\" srcset=\"https:\/\/ensemble-paroissial-reynies.fr\/wp-content\/uploads\/eglise_bressols\/P1000705m.jpg 1628w, https:\/\/ensemble-paroissial-reynies.fr\/wp-content\/uploads\/eglise_bressols\/P1000705m-223x300.jpg 223w, https:\/\/ensemble-paroissial-reynies.fr\/wp-content\/uploads\/eglise_bressols\/P1000705m-761x1024.jpg 761w, https:\/\/ensemble-paroissial-reynies.fr\/wp-content\/uploads\/eglise_bressols\/P1000705m-768x1034.jpg 768w, https:\/\/ensemble-paroissial-reynies.fr\/wp-content\/uploads\/eglise_bressols\/P1000705m-1141x1536.jpg 1141w, https:\/\/ensemble-paroissial-reynies.fr\/wp-content\/uploads\/eglise_bressols\/P1000705m-1521x2048.jpg 1521w\" sizes=\"auto, (max-width: 1628px) 100vw, 1628px\" \/><\/a><figcaption class=\"wp-element-caption\">Station VII<\/figcaption><\/figure>\n\n\n\n<figure class=\"wp-block-image size-full\"><a href=\"https:\/\/ensemble-paroissial-reynies.fr\/wp-content\/uploads\/eglise_bressols\/P1000704m.jpg\"><img loading=\"lazy\" decoding=\"async\" width=\"1554\" height=\"2092\" data-id=\"3141\" src=\"https:\/\/ensemble-paroissial-reynies.fr\/wp-content\/uploads\/eglise_bressols\/P1000704m.jpg\" alt=\"\" class=\"wp-image-3141\" srcset=\"https:\/\/ensemble-paroissial-reynies.fr\/wp-content\/uploads\/eglise_bressols\/P1000704m.jpg 1554w, https:\/\/ensemble-paroissial-reynies.fr\/wp-content\/uploads\/eglise_bressols\/P1000704m-223x300.jpg 223w, https:\/\/ensemble-paroissial-reynies.fr\/wp-content\/uploads\/eglise_bressols\/P1000704m-761x1024.jpg 761w, https:\/\/ensemble-paroissial-reynies.fr\/wp-content\/uploads\/eglise_bressols\/P1000704m-768x1034.jpg 768w, https:\/\/ensemble-paroissial-reynies.fr\/wp-content\/uploads\/eglise_bressols\/P1000704m-1141x1536.jpg 1141w, https:\/\/ensemble-paroissial-reynies.fr\/wp-content\/uploads\/eglise_bressols\/P1000704m-1521x2048.jpg 1521w\" sizes=\"auto, (max-width: 1554px) 100vw, 1554px\" \/><\/a><figcaption class=\"wp-element-caption\">Station VIII<\/figcaption><\/figure>\n\n\n\n<figure class=\"wp-block-image size-full\"><a href=\"https:\/\/ensemble-paroissial-reynies.fr\/wp-content\/uploads\/eglise_bressols\/P1000679m-scaled.jpg\"><img loading=\"lazy\" decoding=\"async\" width=\"1707\" height=\"2560\" data-id=\"3087\" src=\"https:\/\/ensemble-paroissial-reynies.fr\/wp-content\/uploads\/eglise_bressols\/P1000679m-scaled.jpg\" alt=\"\" class=\"wp-image-3087\" srcset=\"https:\/\/ensemble-paroissial-reynies.fr\/wp-content\/uploads\/eglise_bressols\/P1000679m-scaled.jpg 1707w, https:\/\/ensemble-paroissial-reynies.fr\/wp-content\/uploads\/eglise_bressols\/P1000679m-200x300.jpg 200w, https:\/\/ensemble-paroissial-reynies.fr\/wp-content\/uploads\/eglise_bressols\/P1000679m-683x1024.jpg 683w, https:\/\/ensemble-paroissial-reynies.fr\/wp-content\/uploads\/eglise_bressols\/P1000679m-768x1152.jpg 768w, https:\/\/ensemble-paroissial-reynies.fr\/wp-content\/uploads\/eglise_bressols\/P1000679m-1024x1536.jpg 1024w, https:\/\/ensemble-paroissial-reynies.fr\/wp-content\/uploads\/eglise_bressols\/P1000679m-1365x2048.jpg 1365w\" sizes=\"auto, (max-width: 1707px) 100vw, 1707px\" \/><\/a><figcaption class=\"wp-element-caption\">Station IX<\/figcaption><\/figure>\n\n\n\n<figure class=\"wp-block-image size-full\"><a href=\"https:\/\/ensemble-paroissial-reynies.fr\/wp-content\/uploads\/eglise_bressols\/P1000678m-scaled.jpg\"><img loading=\"lazy\" decoding=\"async\" width=\"1684\" height=\"2560\" data-id=\"3086\" src=\"https:\/\/ensemble-paroissial-reynies.fr\/wp-content\/uploads\/eglise_bressols\/P1000678m-scaled.jpg\" alt=\"\" class=\"wp-image-3086\" srcset=\"https:\/\/ensemble-paroissial-reynies.fr\/wp-content\/uploads\/eglise_bressols\/P1000678m-scaled.jpg 1684w, https:\/\/ensemble-paroissial-reynies.fr\/wp-content\/uploads\/eglise_bressols\/P1000678m-197x300.jpg 197w, https:\/\/ensemble-paroissial-reynies.fr\/wp-content\/uploads\/eglise_bressols\/P1000678m-674x1024.jpg 674w, https:\/\/ensemble-paroissial-reynies.fr\/wp-content\/uploads\/eglise_bressols\/P1000678m-768x1167.jpg 768w, https:\/\/ensemble-paroissial-reynies.fr\/wp-content\/uploads\/eglise_bressols\/P1000678m-1011x1536.jpg 1011w, https:\/\/ensemble-paroissial-reynies.fr\/wp-content\/uploads\/eglise_bressols\/P1000678m-1348x2048.jpg 1348w\" sizes=\"auto, (max-width: 1684px) 100vw, 1684px\" \/><\/a><figcaption class=\"wp-element-caption\">Station X<\/figcaption><\/figure>\n\n\n\n<figure class=\"wp-block-image size-full\"><a href=\"https:\/\/ensemble-paroissial-reynies.fr\/wp-content\/uploads\/eglise_bressols\/P1000676m-scaled.jpg\"><img loading=\"lazy\" decoding=\"async\" width=\"1746\" height=\"2560\" data-id=\"3085\" src=\"https:\/\/ensemble-paroissial-reynies.fr\/wp-content\/uploads\/eglise_bressols\/P1000676m-scaled.jpg\" alt=\"\" class=\"wp-image-3085\" srcset=\"https:\/\/ensemble-paroissial-reynies.fr\/wp-content\/uploads\/eglise_bressols\/P1000676m-scaled.jpg 1746w, https:\/\/ensemble-paroissial-reynies.fr\/wp-content\/uploads\/eglise_bressols\/P1000676m-205x300.jpg 205w, https:\/\/ensemble-paroissial-reynies.fr\/wp-content\/uploads\/eglise_bressols\/P1000676m-698x1024.jpg 698w, https:\/\/ensemble-paroissial-reynies.fr\/wp-content\/uploads\/eglise_bressols\/P1000676m-768x1126.jpg 768w, https:\/\/ensemble-paroissial-reynies.fr\/wp-content\/uploads\/eglise_bressols\/P1000676m-1048x1536.jpg 1048w, https:\/\/ensemble-paroissial-reynies.fr\/wp-content\/uploads\/eglise_bressols\/P1000676m-1397x2048.jpg 1397w\" sizes=\"auto, (max-width: 1746px) 100vw, 1746px\" \/><\/a><figcaption class=\"wp-element-caption\">Station XI<\/figcaption><\/figure>\n\n\n\n<figure class=\"wp-block-image size-full\"><a href=\"https:\/\/ensemble-paroissial-reynies.fr\/wp-content\/uploads\/eglise_bressols\/P1000674m-scaled.jpg\"><img loading=\"lazy\" decoding=\"async\" width=\"1695\" height=\"2560\" data-id=\"3084\" src=\"https:\/\/ensemble-paroissial-reynies.fr\/wp-content\/uploads\/eglise_bressols\/P1000674m-scaled.jpg\" alt=\"\" class=\"wp-image-3084\" srcset=\"https:\/\/ensemble-paroissial-reynies.fr\/wp-content\/uploads\/eglise_bressols\/P1000674m-scaled.jpg 1695w, https:\/\/ensemble-paroissial-reynies.fr\/wp-content\/uploads\/eglise_bressols\/P1000674m-199x300.jpg 199w, https:\/\/ensemble-paroissial-reynies.fr\/wp-content\/uploads\/eglise_bressols\/P1000674m-678x1024.jpg 678w, https:\/\/ensemble-paroissial-reynies.fr\/wp-content\/uploads\/eglise_bressols\/P1000674m-768x1160.jpg 768w, https:\/\/ensemble-paroissial-reynies.fr\/wp-content\/uploads\/eglise_bressols\/P1000674m-1017x1536.jpg 1017w, https:\/\/ensemble-paroissial-reynies.fr\/wp-content\/uploads\/eglise_bressols\/P1000674m-1356x2048.jpg 1356w\" sizes=\"auto, (max-width: 1695px) 100vw, 1695px\" \/><\/a><figcaption class=\"wp-element-caption\">Station XII<\/figcaption><\/figure>\n\n\n\n<figure class=\"wp-block-image size-full\"><a href=\"https:\/\/ensemble-paroissial-reynies.fr\/wp-content\/uploads\/eglise_bressols\/P1000672m-scaled.jpg\"><img loading=\"lazy\" decoding=\"async\" width=\"1747\" height=\"2560\" data-id=\"3083\" src=\"https:\/\/ensemble-paroissial-reynies.fr\/wp-content\/uploads\/eglise_bressols\/P1000672m-scaled.jpg\" alt=\"\" class=\"wp-image-3083\" srcset=\"https:\/\/ensemble-paroissial-reynies.fr\/wp-content\/uploads\/eglise_bressols\/P1000672m-scaled.jpg 1747w, https:\/\/ensemble-paroissial-reynies.fr\/wp-content\/uploads\/eglise_bressols\/P1000672m-205x300.jpg 205w, https:\/\/ensemble-paroissial-reynies.fr\/wp-content\/uploads\/eglise_bressols\/P1000672m-699x1024.jpg 699w, https:\/\/ensemble-paroissial-reynies.fr\/wp-content\/uploads\/eglise_bressols\/P1000672m-768x1125.jpg 768w, https:\/\/ensemble-paroissial-reynies.fr\/wp-content\/uploads\/eglise_bressols\/P1000672m-1048x1536.jpg 1048w, https:\/\/ensemble-paroissial-reynies.fr\/wp-content\/uploads\/eglise_bressols\/P1000672m-1398x2048.jpg 1398w\" sizes=\"auto, (max-width: 1747px) 100vw, 1747px\" \/><\/a><figcaption class=\"wp-element-caption\">Station XIII<\/figcaption><\/figure>\n\n\n\n<figure class=\"wp-block-image size-full\"><a href=\"https:\/\/ensemble-paroissial-reynies.fr\/wp-content\/uploads\/eglise_bressols\/P1000668m-scaled.jpg\"><img loading=\"lazy\" decoding=\"async\" width=\"1693\" height=\"2560\" data-id=\"3082\" src=\"https:\/\/ensemble-paroissial-reynies.fr\/wp-content\/uploads\/eglise_bressols\/P1000668m-scaled.jpg\" alt=\"\" class=\"wp-image-3082\" srcset=\"https:\/\/ensemble-paroissial-reynies.fr\/wp-content\/uploads\/eglise_bressols\/P1000668m-scaled.jpg 1693w, https:\/\/ensemble-paroissial-reynies.fr\/wp-content\/uploads\/eglise_bressols\/P1000668m-198x300.jpg 198w, https:\/\/ensemble-paroissial-reynies.fr\/wp-content\/uploads\/eglise_bressols\/P1000668m-677x1024.jpg 677w, https:\/\/ensemble-paroissial-reynies.fr\/wp-content\/uploads\/eglise_bressols\/P1000668m-768x1161.jpg 768w, https:\/\/ensemble-paroissial-reynies.fr\/wp-content\/uploads\/eglise_bressols\/P1000668m-1016x1536.jpg 1016w, https:\/\/ensemble-paroissial-reynies.fr\/wp-content\/uploads\/eglise_bressols\/P1000668m-1354x2048.jpg 1354w\" sizes=\"auto, (max-width: 1693px) 100vw, 1693px\" \/><\/a><figcaption class=\"wp-element-caption\">Station XIV<\/figcaption><\/figure>\n<\/figure>\n<\/details>\n","protected":false},"excerpt":{"rendered":"<p>Vous pouvez cliquer sur les photos pour les visualiser en totalit\u00e9<\/p>\n","protected":false},"author":1,"featured_media":0,"parent":973,"menu_order":3,"comment_status":"closed","ping_status":"closed","template":"","meta":{"_eb_attr":"","pgc_sgb_lightbox_settings":"","footnotes":""},"class_list":["post-1156","page","type-page","status-publish"],"yoast_head":"<!-- This site is optimized with the Yoast SEO plugin v27.5 - https:\/\/yoast.com\/product\/yoast-seo-wordpress\/ -->\n<title>Bressols - Photographies - Ensemble paroissial de Reyni\u00e8s<\/title>\n<meta name=\"description\" content=\"Ensemble paroissial de Reyni\u00e8s - Ensemble paroissial de Reyni\u00e8s\" \/>\n<meta name=\"robots\" content=\"index, follow, max-snippet:-1, max-image-preview:large, max-video-preview:-1\" \/>\n<link rel=\"canonical\" href=\"https:\/\/ensemble-paroissial-reynies.fr\/?page_id=1156\" \/>\n<meta property=\"og:locale\" content=\"fr_FR\" \/>\n<meta property=\"og:type\" content=\"article\" \/>\n<meta property=\"og:title\" content=\"Bressols - Photographies - Ensemble paroissial de Reyni\u00e8s\" \/>\n<meta property=\"og:description\" content=\"Ensemble paroissial de Reyni\u00e8s - Ensemble paroissial de Reyni\u00e8s\" \/>\n<meta property=\"og:url\" content=\"https:\/\/ensemble-paroissial-reynies.fr\/?page_id=1156\" \/>\n<meta property=\"og:site_name\" content=\"Ensemble paroissial de Reyni\u00e8s\" \/>\n<meta property=\"article:modified_time\" content=\"2025-01-03T16:28:19+00:00\" \/>\n<meta property=\"og:image\" content=\"https:\/\/ensemble-paroissial-reynies.fr\/wp-content\/uploads\/eglise_bressols\/egbressols-2.jpg\" \/>\n\t<meta property=\"og:image:width\" content=\"800\" \/>\n\t<meta property=\"og:image:height\" content=\"600\" \/>\n\t<meta property=\"og:image:type\" content=\"image\/jpeg\" \/>\n<meta name=\"twitter:card\" content=\"summary_large_image\" \/>\n<meta name=\"twitter:label1\" content=\"Dur\u00e9e de lecture estim\u00e9e\" \/>\n\t<meta name=\"twitter:data1\" content=\"12 minutes\" \/>\n<script type=\"application\/ld+json\" class=\"yoast-schema-graph\">{\"@context\":\"https:\\\/\\\/schema.org\",\"@graph\":[{\"@type\":\"WebPage\",\"@id\":\"https:\\\/\\\/ensemble-paroissial-reynies.fr\\\/?page_id=1156\",\"url\":\"https:\\\/\\\/ensemble-paroissial-reynies.fr\\\/?page_id=1156\",\"name\":\"Bressols - Photographies - Ensemble paroissial de Reyni\u00e8s\",\"isPartOf\":{\"@id\":\"https:\\\/\\\/ensemble-paroissial-reynies.fr\\\/#website\"},\"primaryImageOfPage\":{\"@id\":\"https:\\\/\\\/ensemble-paroissial-reynies.fr\\\/?page_id=1156#primaryimage\"},\"image\":{\"@id\":\"https:\\\/\\\/ensemble-paroissial-reynies.fr\\\/?page_id=1156#primaryimage\"},\"thumbnailUrl\":\"https:\\\/\\\/ensemble-paroissial-reynies.fr\\\/wp-content\\\/uploads\\\/eglise_bressols\\\/egbressols-2.jpg\",\"datePublished\":\"2024-12-31T13:35:10+00:00\",\"dateModified\":\"2025-01-03T16:28:19+00:00\",\"description\":\"Ensemble paroissial de Reyni\u00e8s - Ensemble paroissial de Reyni\u00e8s\",\"breadcrumb\":{\"@id\":\"https:\\\/\\\/ensemble-paroissial-reynies.fr\\\/?page_id=1156#breadcrumb\"},\"inLanguage\":\"fr-FR\",\"potentialAction\":[{\"@type\":\"ReadAction\",\"target\":[\"https:\\\/\\\/ensemble-paroissial-reynies.fr\\\/?page_id=1156\"]}]},{\"@type\":\"ImageObject\",\"inLanguage\":\"fr-FR\",\"@id\":\"https:\\\/\\\/ensemble-paroissial-reynies.fr\\\/?page_id=1156#primaryimage\",\"url\":\"https:\\\/\\\/ensemble-paroissial-reynies.fr\\\/wp-content\\\/uploads\\\/eglise_bressols\\\/egbressols-2.jpg\",\"contentUrl\":\"https:\\\/\\\/ensemble-paroissial-reynies.fr\\\/wp-content\\\/uploads\\\/eglise_bressols\\\/egbressols-2.jpg\"},{\"@type\":\"BreadcrumbList\",\"@id\":\"https:\\\/\\\/ensemble-paroissial-reynies.fr\\\/?page_id=1156#breadcrumb\",\"itemListElement\":[{\"@type\":\"ListItem\",\"position\":1,\"name\":\"Home\",\"item\":\"https:\\\/\\\/ensemble-paroissial-reynies.fr\\\/\"},{\"@type\":\"ListItem\",\"position\":2,\"name\":\"Accueil\",\"item\":\"https:\\\/\\\/ensemble-paroissial-reynies.fr\\\/\"},{\"@type\":\"ListItem\",\"position\":3,\"name\":\"D\u00e9couvrir l&#8217;Ensemble Paroissial\",\"item\":\"https:\\\/\\\/ensemble-paroissial-reynies.fr\\\/?page_id=535\"},{\"@type\":\"ListItem\",\"position\":4,\"name\":\"Nos \u00c9glises et Chapelles\",\"item\":\"https:\\\/\\\/ensemble-paroissial-reynies.fr\\\/?page_id=2\"},{\"@type\":\"ListItem\",\"position\":5,\"name\":\"Bressols &#8211; \u00c9glise Notre-Dame de la nativit\u00e9\",\"item\":\"https:\\\/\\\/ensemble-paroissial-reynies.fr\\\/?page_id=973\"},{\"@type\":\"ListItem\",\"position\":6,\"name\":\"Bressols &#8211; Photographies\"}]},{\"@type\":\"WebSite\",\"@id\":\"https:\\\/\\\/ensemble-paroissial-reynies.fr\\\/#website\",\"url\":\"https:\\\/\\\/ensemble-paroissial-reynies.fr\\\/\",\"name\":\"Ensemble paroissial de Reyni\u00e8s\",\"description\":\"\",\"publisher\":{\"@id\":\"https:\\\/\\\/ensemble-paroissial-reynies.fr\\\/#organization\"},\"alternateName\":\"EPReyni\u00e8s\",\"potentialAction\":[{\"@type\":\"SearchAction\",\"target\":{\"@type\":\"EntryPoint\",\"urlTemplate\":\"https:\\\/\\\/ensemble-paroissial-reynies.fr\\\/?s={search_term_string}\"},\"query-input\":{\"@type\":\"PropertyValueSpecification\",\"valueRequired\":true,\"valueName\":\"search_term_string\"}}],\"inLanguage\":\"fr-FR\"},{\"@type\":\"Organization\",\"@id\":\"https:\\\/\\\/ensemble-paroissial-reynies.fr\\\/#organization\",\"name\":\"Ensemble paroissial de Reyni\u00e8s\",\"alternateName\":\"EPReyni\u00e8s\",\"url\":\"https:\\\/\\\/ensemble-paroissial-reynies.fr\\\/\",\"logo\":{\"@type\":\"ImageObject\",\"inLanguage\":\"fr-FR\",\"@id\":\"https:\\\/\\\/ensemble-paroissial-reynies.fr\\\/#\\\/schema\\\/logo\\\/image\\\/\",\"url\":\"https:\\\/\\\/ensemble-paroissial-reynies.fr\\\/wp-content\\\/uploads\\\/paroisse\\\/nouveau-logo-catechisme-paroisse-07-2023.jpg\",\"contentUrl\":\"https:\\\/\\\/ensemble-paroissial-reynies.fr\\\/wp-content\\\/uploads\\\/paroisse\\\/nouveau-logo-catechisme-paroisse-07-2023.jpg\",\"width\":666,\"height\":698,\"caption\":\"Ensemble paroissial de Reyni\u00e8s\"},\"image\":{\"@id\":\"https:\\\/\\\/ensemble-paroissial-reynies.fr\\\/#\\\/schema\\\/logo\\\/image\\\/\"}}]}<\/script>\n<!-- \/ Yoast SEO plugin. -->","yoast_head_json":{"title":"Bressols - Photographies - Ensemble paroissial de Reyni\u00e8s","description":"Ensemble paroissial de Reyni\u00e8s - Ensemble paroissial de Reyni\u00e8s","robots":{"index":"index","follow":"follow","max-snippet":"max-snippet:-1","max-image-preview":"max-image-preview:large","max-video-preview":"max-video-preview:-1"},"canonical":"https:\/\/ensemble-paroissial-reynies.fr\/?page_id=1156","og_locale":"fr_FR","og_type":"article","og_title":"Bressols - Photographies - Ensemble paroissial de Reyni\u00e8s","og_description":"Ensemble paroissial de Reyni\u00e8s - Ensemble paroissial de Reyni\u00e8s","og_url":"https:\/\/ensemble-paroissial-reynies.fr\/?page_id=1156","og_site_name":"Ensemble paroissial de Reyni\u00e8s","article_modified_time":"2025-01-03T16:28:19+00:00","og_image":[{"width":800,"height":600,"url":"https:\/\/ensemble-paroissial-reynies.fr\/wp-content\/uploads\/eglise_bressols\/egbressols-2.jpg","type":"image\/jpeg"}],"twitter_card":"summary_large_image","twitter_misc":{"Dur\u00e9e de lecture estim\u00e9e":"12 minutes"},"schema":{"@context":"https:\/\/schema.org","@graph":[{"@type":"WebPage","@id":"https:\/\/ensemble-paroissial-reynies.fr\/?page_id=1156","url":"https:\/\/ensemble-paroissial-reynies.fr\/?page_id=1156","name":"Bressols - Photographies - Ensemble paroissial de Reyni\u00e8s","isPartOf":{"@id":"https:\/\/ensemble-paroissial-reynies.fr\/#website"},"primaryImageOfPage":{"@id":"https:\/\/ensemble-paroissial-reynies.fr\/?page_id=1156#primaryimage"},"image":{"@id":"https:\/\/ensemble-paroissial-reynies.fr\/?page_id=1156#primaryimage"},"thumbnailUrl":"https:\/\/ensemble-paroissial-reynies.fr\/wp-content\/uploads\/eglise_bressols\/egbressols-2.jpg","datePublished":"2024-12-31T13:35:10+00:00","dateModified":"2025-01-03T16:28:19+00:00","description":"Ensemble paroissial de Reyni\u00e8s - Ensemble paroissial de Reyni\u00e8s","breadcrumb":{"@id":"https:\/\/ensemble-paroissial-reynies.fr\/?page_id=1156#breadcrumb"},"inLanguage":"fr-FR","potentialAction":[{"@type":"ReadAction","target":["https:\/\/ensemble-paroissial-reynies.fr\/?page_id=1156"]}]},{"@type":"ImageObject","inLanguage":"fr-FR","@id":"https:\/\/ensemble-paroissial-reynies.fr\/?page_id=1156#primaryimage","url":"https:\/\/ensemble-paroissial-reynies.fr\/wp-content\/uploads\/eglise_bressols\/egbressols-2.jpg","contentUrl":"https:\/\/ensemble-paroissial-reynies.fr\/wp-content\/uploads\/eglise_bressols\/egbressols-2.jpg"},{"@type":"BreadcrumbList","@id":"https:\/\/ensemble-paroissial-reynies.fr\/?page_id=1156#breadcrumb","itemListElement":[{"@type":"ListItem","position":1,"name":"Home","item":"https:\/\/ensemble-paroissial-reynies.fr\/"},{"@type":"ListItem","position":2,"name":"Accueil","item":"https:\/\/ensemble-paroissial-reynies.fr\/"},{"@type":"ListItem","position":3,"name":"D\u00e9couvrir l&#8217;Ensemble Paroissial","item":"https:\/\/ensemble-paroissial-reynies.fr\/?page_id=535"},{"@type":"ListItem","position":4,"name":"Nos \u00c9glises et Chapelles","item":"https:\/\/ensemble-paroissial-reynies.fr\/?page_id=2"},{"@type":"ListItem","position":5,"name":"Bressols &#8211; \u00c9glise Notre-Dame de la nativit\u00e9","item":"https:\/\/ensemble-paroissial-reynies.fr\/?page_id=973"},{"@type":"ListItem","position":6,"name":"Bressols &#8211; Photographies"}]},{"@type":"WebSite","@id":"https:\/\/ensemble-paroissial-reynies.fr\/#website","url":"https:\/\/ensemble-paroissial-reynies.fr\/","name":"Ensemble paroissial de Reyni\u00e8s","description":"","publisher":{"@id":"https:\/\/ensemble-paroissial-reynies.fr\/#organization"},"alternateName":"EPReyni\u00e8s","potentialAction":[{"@type":"SearchAction","target":{"@type":"EntryPoint","urlTemplate":"https:\/\/ensemble-paroissial-reynies.fr\/?s={search_term_string}"},"query-input":{"@type":"PropertyValueSpecification","valueRequired":true,"valueName":"search_term_string"}}],"inLanguage":"fr-FR"},{"@type":"Organization","@id":"https:\/\/ensemble-paroissial-reynies.fr\/#organization","name":"Ensemble paroissial de Reyni\u00e8s","alternateName":"EPReyni\u00e8s","url":"https:\/\/ensemble-paroissial-reynies.fr\/","logo":{"@type":"ImageObject","inLanguage":"fr-FR","@id":"https:\/\/ensemble-paroissial-reynies.fr\/#\/schema\/logo\/image\/","url":"https:\/\/ensemble-paroissial-reynies.fr\/wp-content\/uploads\/paroisse\/nouveau-logo-catechisme-paroisse-07-2023.jpg","contentUrl":"https:\/\/ensemble-paroissial-reynies.fr\/wp-content\/uploads\/paroisse\/nouveau-logo-catechisme-paroisse-07-2023.jpg","width":666,"height":698,"caption":"Ensemble paroissial de Reyni\u00e8s"},"image":{"@id":"https:\/\/ensemble-paroissial-reynies.fr\/#\/schema\/logo\/image\/"}}]}},"featured_image_src":null,"featured_image_src_square":null,"_links":{"self":[{"href":"https:\/\/ensemble-paroissial-reynies.fr\/index.php?rest_route=\/wp\/v2\/pages\/1156","targetHints":{"allow":["GET"]}}],"collection":[{"href":"https:\/\/ensemble-paroissial-reynies.fr\/index.php?rest_route=\/wp\/v2\/pages"}],"about":[{"href":"https:\/\/ensemble-paroissial-reynies.fr\/index.php?rest_route=\/wp\/v2\/types\/page"}],"author":[{"embeddable":true,"href":"https:\/\/ensemble-paroissial-reynies.fr\/index.php?rest_route=\/wp\/v2\/users\/1"}],"replies":[{"embeddable":true,"href":"https:\/\/ensemble-paroissial-reynies.fr\/index.php?rest_route=%2Fwp%2Fv2%2Fcomments&post=1156"}],"version-history":[{"count":0,"href":"https:\/\/ensemble-paroissial-reynies.fr\/index.php?rest_route=\/wp\/v2\/pages\/1156\/revisions"}],"up":[{"embeddable":true,"href":"https:\/\/ensemble-paroissial-reynies.fr\/index.php?rest_route=\/wp\/v2\/pages\/973"}],"wp:attachment":[{"href":"https:\/\/ensemble-paroissial-reynies.fr\/index.php?rest_route=%2Fwp%2Fv2%2Fmedia&parent=1156"}],"curies":[{"name":"wp","href":"https:\/\/api.w.org\/{rel}","templated":true}]}}