{"id":1125,"date":"2024-09-17T18:58:25","date_gmt":"2024-09-17T16:58:25","guid":{"rendered":"https:\/\/ensemble-paroissial-reynies.fr\/?page_id=1125"},"modified":"2024-10-08T13:44:52","modified_gmt":"2024-10-08T11:44:52","slug":"historique-eglise-notre-dame-de-la-nativite","status":"publish","type":"page","link":"https:\/\/ensemble-paroissial-reynies.fr\/?page_id=1125","title":{"rendered":"Historique \u00e9glise Notre-Dame de la Nativit\u00e9"},"content":{"rendered":"\n<p class=\"has-small-font-size\"><em>Paru dans le \u00ab\u00a0Mot du P\u00e8re Fernand\u00a0\u00bb semaine 16 ann\u00e9e 2020<\/em><\/p>\n\n\n\n<p>&nbsp;La premi\u00e8re \u00e9glise construite dans le village de Bressols \u00e9tait d\u00e9di\u00e9e \u00e0 Saint-Martin de Tours, on la retrouve dans des documents du 10e si\u00e8cle, elle est cit\u00e9e dans le Cartulaire de l\u2019Abbaye de Saint-Serin de Toulouse (844-1200).<\/p>\n\n\n\n<figure class=\"wp-block-gallery has-nested-images columns-default is-cropped wp-block-gallery-1 is-layout-flex wp-block-gallery-is-layout-flex\">\n<figure class=\"wp-block-image size-full\"><img loading=\"lazy\" decoding=\"async\" width=\"800\" height=\"600\" data-id=\"839\" src=\"https:\/\/ensemble-paroissial-reynies.fr\/wp-content\/uploads\/eglise_bressols\/egbressols-2.jpg\" alt=\"\" class=\"wp-image-839\" srcset=\"https:\/\/ensemble-paroissial-reynies.fr\/wp-content\/uploads\/eglise_bressols\/egbressols-2.jpg 800w, https:\/\/ensemble-paroissial-reynies.fr\/wp-content\/uploads\/eglise_bressols\/egbressols-2-300x225.jpg 300w, https:\/\/ensemble-paroissial-reynies.fr\/wp-content\/uploads\/eglise_bressols\/egbressols-2-768x576.jpg 768w\" sizes=\"auto, (max-width: 800px) 100vw, 800px\" \/><figcaption class=\"wp-element-caption\">                               <\/figcaption><\/figure>\n\n\n\n<figure class=\"wp-block-image size-full\"><img loading=\"lazy\" decoding=\"async\" width=\"800\" height=\"450\" data-id=\"837\" src=\"https:\/\/ensemble-paroissial-reynies.fr\/wp-content\/uploads\/eglise_bressols\/egbressols-1-1.jpg\" alt=\"\" class=\"wp-image-837\" srcset=\"https:\/\/ensemble-paroissial-reynies.fr\/wp-content\/uploads\/eglise_bressols\/egbressols-1-1.jpg 800w, https:\/\/ensemble-paroissial-reynies.fr\/wp-content\/uploads\/eglise_bressols\/egbressols-1-1-300x169.jpg 300w, https:\/\/ensemble-paroissial-reynies.fr\/wp-content\/uploads\/eglise_bressols\/egbressols-1-1-768x432.jpg 768w\" sizes=\"auto, (max-width: 800px) 100vw, 800px\" \/><figcaption class=\"wp-element-caption\">                               <\/figcaption><\/figure>\n<\/figure>\n\n\n\n<p>Elle fit partie des possessions de l\u2019abbaye de Montauriol. En 1318 une bulle du pape Jean XXIII l\u2019attribue au chapitre coll\u00e9gial de Saint-\u00c9tienne du Tescou. En 1610 la cure est transf\u00e9r\u00e9e au b\u00e9n\u00e9fice direct du chapitre cath\u00e9dral de Montauriol.<\/p>\n\n\n\n<p>Pendant le si\u00e8ge de Montauban (guerres de religion), en 1561, l\u2019\u00e9glise fut saccag\u00e9e, comme beaucoup d\u2019autres autour de Montauban. Il se dit que lors du saccage de l\u2019\u00e9glise, le cur\u00e9 de Bressols fut arrach\u00e9 de l\u2019autel o\u00f9 il c\u00e9l\u00e9brait la messe, mont\u00e9 \u00e0 contre-sens sur un \u00e2ne avec ses habits sacerdotaux et conduit \u00e0 Montauban sous les injures et les coups de b\u00e2tons.<\/p>\n\n\n\n<p>Reconstruite vers 1672, la nouvelle \u00e9glise est alors d\u00e9di\u00e9e \u00e0 Notre-Dame de la Nativit\u00e9 et elle a la forme actuelle&nbsp;: une nef rectangulaire \u00e0 chevet plat recouverte d\u2019un plafond \u00e0 cavet et un clocher mur.<\/p>\n\n\n\n<p>Au 19e si\u00e8cle trois chapelles lat\u00e9rales ont \u00e9t\u00e9 ajout\u00e9es.<\/p>\n\n\n\n<p>La grande-porte, situ\u00e9e sur la fa\u00e7ade nord, a \u00e9t\u00e9 mur\u00e9e pour permettre l\u2019agrandissement du cimeti\u00e8re ancien accol\u00e9 \u00e0 l\u2019\u00e9glise. Elle est remplac\u00e9e par la porte actuelle ouverte sur la grand-route qui traverse le village.<\/p>\n\n\n<div class=\"wp-block-image\">\n<figure class=\"aligncenter size-full\"><a href=\"https:\/\/ensemble-paroissial-reynies.fr\/wp-content\/uploads\/eglise_bressols\/image-27.jpeg\"><img loading=\"lazy\" decoding=\"async\" width=\"1000\" height=\"563\" src=\"https:\/\/ensemble-paroissial-reynies.fr\/wp-content\/uploads\/eglise_bressols\/image-27.jpeg\" alt=\"\" class=\"wp-image-1131\" srcset=\"https:\/\/ensemble-paroissial-reynies.fr\/wp-content\/uploads\/eglise_bressols\/image-27.jpeg 1000w, https:\/\/ensemble-paroissial-reynies.fr\/wp-content\/uploads\/eglise_bressols\/image-27-300x169.jpeg 300w, https:\/\/ensemble-paroissial-reynies.fr\/wp-content\/uploads\/eglise_bressols\/image-27-768x432.jpeg 768w\" sizes=\"auto, (max-width: 1000px) 100vw, 1000px\" \/><\/a><\/figure>\n<\/div>\n\n\n<p>Modeste ext\u00e9rieurement, l\u2019int\u00e9rieur de l\u2019\u00e9glise a fait l\u2019objet de plusieurs r\u00e9novations :<\/p>\n\n\n\n<ul class=\"wp-block-list\">\n<li>En mai 1988, Eric Gontaud cr\u00e9e l\u2019association \u00ab Amiti\u00e9 et r\u00e9novation du patrimoine de Bressols \u00bb avec pour premier objectif la restauration int\u00e9rieure de l\u2019\u00e9glise. La r\u00e9novation des peintures aux couleurs lumineuses est le point d\u2019orgue de ces travaux. Elle a \u00e9t\u00e9 r\u00e9alis\u00e9e sous la direction des peintres Didier Roussel et Olivier Lequeux. Les tableaux sur murs et plafond r\u00e9alis\u00e9s en 1938 par le peintre tarn-et-garonnais Ren\u00e9 Gaillard-Lala (1893-1974) ont \u00e9t\u00e9 soigneusement respect\u00e9s et mis en valeur. Au cours de l\u2019inauguration solennelle du 11 avril 2004 par l\u2019abb\u00e9 Gravoz, en pr\u00e9sence de Monsieur Alain Bonnomet, maire de Bressols et des membres de l\u2019\u00e9quipe pastorale, la municipalit\u00e9 a \u00e9t\u00e9 fortement remerci\u00e9e pour son soutien financier.<br>\u2022 La mise en place d\u2019une sonorisation, l\u2019achat de bancs compl\u00e9mentaires et de divers objet de culte ont compl\u00e9t\u00e9 les actions de l\u2019association.&nbsp;<br>\u2022 D\u2019autres travaux ont \u00e9t\u00e9 r\u00e9alis\u00e9s plus r\u00e9cemment par la mairie, notamment la r\u00e9fection de la cage d\u2019escalier donnant acc\u00e8s \u00e0 la tribune, l\u2019\u00e9lectrification des cloches, la mise aux normes du syst\u00e8me \u00e9lectrique, la mise \u00e0 nu des briques du clocher et de la fa\u00e7ade qui ont rendu \u00e0 l\u2019\u00e9difice sont aspect d\u2019origine. Les derniers travaux en date concernent la toiture totalement refaite en 2018.<\/li>\n<\/ul>\n\n\n<div class=\"wp-block-image\">\n<figure class=\"aligncenter size-full\"><img loading=\"lazy\" decoding=\"async\" width=\"1024\" height=\"576\" src=\"https:\/\/ensemble-paroissial-reynies.fr\/wp-content\/uploads\/eglise_bressols\/image-28.jpeg\" alt=\"\" class=\"wp-image-1132\" srcset=\"https:\/\/ensemble-paroissial-reynies.fr\/wp-content\/uploads\/eglise_bressols\/image-28.jpeg 1024w, https:\/\/ensemble-paroissial-reynies.fr\/wp-content\/uploads\/eglise_bressols\/image-28-300x169.jpeg 300w, https:\/\/ensemble-paroissial-reynies.fr\/wp-content\/uploads\/eglise_bressols\/image-28-768x432.jpeg 768w\" sizes=\"auto, (max-width: 1024px) 100vw, 1024px\" \/><figcaption class=\"wp-element-caption\">r\u00e9fection du toit, 2018<\/figcaption><\/figure>\n<\/div>\n\n\n<p class=\"has-small-font-size\"><em><strong>Sources&nbsp;:<\/strong>&nbsp;<br>Dictionnaire des paroisses du dioc\u00e8se de Montauban (Chanoine Pierre GAYNE), recherches internet<br>Histoires g\u00e9n\u00e9rales de la province de Quercy tome 4 (\u00e9dition 1883-1886)<br>Cartulaire de l&rsquo;abbaye de Saint-Sernin de Toulouse : 844-1200<\/em><\/p>\n\n\n\n<p><em>Un grand merci \u00e0 madame Bernadette SERIEYS qui a revu et compl\u00e9t\u00e9 les informations<\/em><\/p>\n","protected":false},"excerpt":{"rendered":"<p>Paru dans le \u00ab\u00a0Mot du P\u00e8re Fernand\u00a0\u00bb semaine 16 ann\u00e9e 2020 &nbsp;La premi\u00e8re \u00e9glise construite dans le village de Bressols \u00e9tait d\u00e9di\u00e9e \u00e0 Saint-Martin de Tours, on la retrouve dans des documents du 10e si\u00e8cle, elle est cit\u00e9e dans le Cartulaire de l\u2019Abbaye de Saint-Serin de Toulouse (844-1200). Elle fit partie des possessions de l\u2019abbaye &#8230; <a title=\"Historique \u00e9glise Notre-Dame de la Nativit\u00e9\" class=\"read-more\" href=\"https:\/\/ensemble-paroissial-reynies.fr\/?page_id=1125\" aria-label=\"En savoir plus sur Historique \u00e9glise Notre-Dame de la Nativit\u00e9\">Lire la suite<\/a><\/p>\n","protected":false},"author":1,"featured_media":0,"parent":973,"menu_order":1,"comment_status":"closed","ping_status":"closed","template":"","meta":{"_eb_attr":"","pgc_sgb_lightbox_settings":"","footnotes":""},"class_list":["post-1125","page","type-page","status-publish"],"yoast_head":"<!-- This site is optimized with the Yoast SEO plugin v27.5 - https:\/\/yoast.com\/product\/yoast-seo-wordpress\/ -->\n<title>Historique \u00e9glise Notre-Dame de la Nativit\u00e9 - Ensemble paroissial de Reyni\u00e8s<\/title>\n<meta name=\"description\" content=\"Ensemble paroissial de Reyni\u00e8s - Ensemble paroissial de Reyni\u00e8s\" \/>\n<meta name=\"robots\" content=\"index, follow, max-snippet:-1, max-image-preview:large, max-video-preview:-1\" \/>\n<link rel=\"canonical\" href=\"https:\/\/ensemble-paroissial-reynies.fr\/?page_id=1125\" \/>\n<meta property=\"og:locale\" content=\"fr_FR\" \/>\n<meta property=\"og:type\" content=\"article\" \/>\n<meta property=\"og:title\" content=\"Historique \u00e9glise Notre-Dame de la Nativit\u00e9 - Ensemble paroissial de Reyni\u00e8s\" \/>\n<meta property=\"og:description\" content=\"Ensemble paroissial de Reyni\u00e8s - Ensemble paroissial de Reyni\u00e8s\" \/>\n<meta property=\"og:url\" content=\"https:\/\/ensemble-paroissial-reynies.fr\/?page_id=1125\" \/>\n<meta property=\"og:site_name\" content=\"Ensemble paroissial de Reyni\u00e8s\" \/>\n<meta property=\"article:modified_time\" content=\"2024-10-08T11:44:52+00:00\" \/>\n<meta property=\"og:image\" content=\"https:\/\/ensemble-paroissial-reynies.fr\/wp-content\/uploads\/eglise_bressols\/egbressols-2.jpg\" \/>\n<meta name=\"twitter:card\" content=\"summary_large_image\" \/>\n<meta name=\"twitter:label1\" content=\"Dur\u00e9e de lecture estim\u00e9e\" \/>\n\t<meta name=\"twitter:data1\" content=\"3 minutes\" \/>\n<script type=\"application\/ld+json\" class=\"yoast-schema-graph\">{\"@context\":\"https:\\\/\\\/schema.org\",\"@graph\":[{\"@type\":\"WebPage\",\"@id\":\"https:\\\/\\\/ensemble-paroissial-reynies.fr\\\/?page_id=1125\",\"url\":\"https:\\\/\\\/ensemble-paroissial-reynies.fr\\\/?page_id=1125\",\"name\":\"Historique \u00e9glise Notre-Dame de la Nativit\u00e9 - Ensemble paroissial de Reyni\u00e8s\",\"isPartOf\":{\"@id\":\"https:\\\/\\\/ensemble-paroissial-reynies.fr\\\/#website\"},\"primaryImageOfPage\":{\"@id\":\"https:\\\/\\\/ensemble-paroissial-reynies.fr\\\/?page_id=1125#primaryimage\"},\"image\":{\"@id\":\"https:\\\/\\\/ensemble-paroissial-reynies.fr\\\/?page_id=1125#primaryimage\"},\"thumbnailUrl\":\"https:\\\/\\\/ensemble-paroissial-reynies.fr\\\/wp-content\\\/uploads\\\/eglise_bressols\\\/egbressols-2.jpg\",\"datePublished\":\"2024-09-17T16:58:25+00:00\",\"dateModified\":\"2024-10-08T11:44:52+00:00\",\"description\":\"Ensemble paroissial de Reyni\u00e8s - Ensemble paroissial de Reyni\u00e8s\",\"breadcrumb\":{\"@id\":\"https:\\\/\\\/ensemble-paroissial-reynies.fr\\\/?page_id=1125#breadcrumb\"},\"inLanguage\":\"fr-FR\",\"potentialAction\":[{\"@type\":\"ReadAction\",\"target\":[\"https:\\\/\\\/ensemble-paroissial-reynies.fr\\\/?page_id=1125\"]}]},{\"@type\":\"ImageObject\",\"inLanguage\":\"fr-FR\",\"@id\":\"https:\\\/\\\/ensemble-paroissial-reynies.fr\\\/?page_id=1125#primaryimage\",\"url\":\"https:\\\/\\\/ensemble-paroissial-reynies.fr\\\/wp-content\\\/uploads\\\/eglise_bressols\\\/egbressols-2.jpg\",\"contentUrl\":\"https:\\\/\\\/ensemble-paroissial-reynies.fr\\\/wp-content\\\/uploads\\\/eglise_bressols\\\/egbressols-2.jpg\"},{\"@type\":\"BreadcrumbList\",\"@id\":\"https:\\\/\\\/ensemble-paroissial-reynies.fr\\\/?page_id=1125#breadcrumb\",\"itemListElement\":[{\"@type\":\"ListItem\",\"position\":1,\"name\":\"Home\",\"item\":\"https:\\\/\\\/ensemble-paroissial-reynies.fr\\\/\"},{\"@type\":\"ListItem\",\"position\":2,\"name\":\"Accueil\",\"item\":\"https:\\\/\\\/ensemble-paroissial-reynies.fr\\\/\"},{\"@type\":\"ListItem\",\"position\":3,\"name\":\"D\u00e9couvrir l&#8217;Ensemble Paroissial\",\"item\":\"https:\\\/\\\/ensemble-paroissial-reynies.fr\\\/?page_id=535\"},{\"@type\":\"ListItem\",\"position\":4,\"name\":\"Nos \u00c9glises et Chapelles\",\"item\":\"https:\\\/\\\/ensemble-paroissial-reynies.fr\\\/?page_id=2\"},{\"@type\":\"ListItem\",\"position\":5,\"name\":\"Bressols &#8211; \u00c9glise Notre-Dame de la nativit\u00e9\",\"item\":\"https:\\\/\\\/ensemble-paroissial-reynies.fr\\\/?page_id=973\"},{\"@type\":\"ListItem\",\"position\":6,\"name\":\"Historique \u00e9glise Notre-Dame de la Nativit\u00e9\"}]},{\"@type\":\"WebSite\",\"@id\":\"https:\\\/\\\/ensemble-paroissial-reynies.fr\\\/#website\",\"url\":\"https:\\\/\\\/ensemble-paroissial-reynies.fr\\\/\",\"name\":\"Ensemble paroissial de Reyni\u00e8s\",\"description\":\"\",\"publisher\":{\"@id\":\"https:\\\/\\\/ensemble-paroissial-reynies.fr\\\/#organization\"},\"alternateName\":\"EPReyni\u00e8s\",\"potentialAction\":[{\"@type\":\"SearchAction\",\"target\":{\"@type\":\"EntryPoint\",\"urlTemplate\":\"https:\\\/\\\/ensemble-paroissial-reynies.fr\\\/?s={search_term_string}\"},\"query-input\":{\"@type\":\"PropertyValueSpecification\",\"valueRequired\":true,\"valueName\":\"search_term_string\"}}],\"inLanguage\":\"fr-FR\"},{\"@type\":\"Organization\",\"@id\":\"https:\\\/\\\/ensemble-paroissial-reynies.fr\\\/#organization\",\"name\":\"Ensemble paroissial de Reyni\u00e8s\",\"alternateName\":\"EPReyni\u00e8s\",\"url\":\"https:\\\/\\\/ensemble-paroissial-reynies.fr\\\/\",\"logo\":{\"@type\":\"ImageObject\",\"inLanguage\":\"fr-FR\",\"@id\":\"https:\\\/\\\/ensemble-paroissial-reynies.fr\\\/#\\\/schema\\\/logo\\\/image\\\/\",\"url\":\"https:\\\/\\\/ensemble-paroissial-reynies.fr\\\/wp-content\\\/uploads\\\/paroisse\\\/nouveau-logo-catechisme-paroisse-07-2023.jpg\",\"contentUrl\":\"https:\\\/\\\/ensemble-paroissial-reynies.fr\\\/wp-content\\\/uploads\\\/paroisse\\\/nouveau-logo-catechisme-paroisse-07-2023.jpg\",\"width\":666,\"height\":698,\"caption\":\"Ensemble paroissial de Reyni\u00e8s\"},\"image\":{\"@id\":\"https:\\\/\\\/ensemble-paroissial-reynies.fr\\\/#\\\/schema\\\/logo\\\/image\\\/\"}}]}<\/script>\n<!-- \/ Yoast SEO plugin. -->","yoast_head_json":{"title":"Historique \u00e9glise Notre-Dame de la Nativit\u00e9 - Ensemble paroissial de Reyni\u00e8s","description":"Ensemble paroissial de Reyni\u00e8s - Ensemble paroissial de Reyni\u00e8s","robots":{"index":"index","follow":"follow","max-snippet":"max-snippet:-1","max-image-preview":"max-image-preview:large","max-video-preview":"max-video-preview:-1"},"canonical":"https:\/\/ensemble-paroissial-reynies.fr\/?page_id=1125","og_locale":"fr_FR","og_type":"article","og_title":"Historique \u00e9glise Notre-Dame de la Nativit\u00e9 - Ensemble paroissial de Reyni\u00e8s","og_description":"Ensemble paroissial de Reyni\u00e8s - Ensemble paroissial de Reyni\u00e8s","og_url":"https:\/\/ensemble-paroissial-reynies.fr\/?page_id=1125","og_site_name":"Ensemble paroissial de Reyni\u00e8s","article_modified_time":"2024-10-08T11:44:52+00:00","og_image":[{"url":"https:\/\/ensemble-paroissial-reynies.fr\/wp-content\/uploads\/eglise_bressols\/egbressols-2.jpg","type":"","width":"","height":""}],"twitter_card":"summary_large_image","twitter_misc":{"Dur\u00e9e de lecture estim\u00e9e":"3 minutes"},"schema":{"@context":"https:\/\/schema.org","@graph":[{"@type":"WebPage","@id":"https:\/\/ensemble-paroissial-reynies.fr\/?page_id=1125","url":"https:\/\/ensemble-paroissial-reynies.fr\/?page_id=1125","name":"Historique \u00e9glise Notre-Dame de la Nativit\u00e9 - Ensemble paroissial de Reyni\u00e8s","isPartOf":{"@id":"https:\/\/ensemble-paroissial-reynies.fr\/#website"},"primaryImageOfPage":{"@id":"https:\/\/ensemble-paroissial-reynies.fr\/?page_id=1125#primaryimage"},"image":{"@id":"https:\/\/ensemble-paroissial-reynies.fr\/?page_id=1125#primaryimage"},"thumbnailUrl":"https:\/\/ensemble-paroissial-reynies.fr\/wp-content\/uploads\/eglise_bressols\/egbressols-2.jpg","datePublished":"2024-09-17T16:58:25+00:00","dateModified":"2024-10-08T11:44:52+00:00","description":"Ensemble paroissial de Reyni\u00e8s - Ensemble paroissial de Reyni\u00e8s","breadcrumb":{"@id":"https:\/\/ensemble-paroissial-reynies.fr\/?page_id=1125#breadcrumb"},"inLanguage":"fr-FR","potentialAction":[{"@type":"ReadAction","target":["https:\/\/ensemble-paroissial-reynies.fr\/?page_id=1125"]}]},{"@type":"ImageObject","inLanguage":"fr-FR","@id":"https:\/\/ensemble-paroissial-reynies.fr\/?page_id=1125#primaryimage","url":"https:\/\/ensemble-paroissial-reynies.fr\/wp-content\/uploads\/eglise_bressols\/egbressols-2.jpg","contentUrl":"https:\/\/ensemble-paroissial-reynies.fr\/wp-content\/uploads\/eglise_bressols\/egbressols-2.jpg"},{"@type":"BreadcrumbList","@id":"https:\/\/ensemble-paroissial-reynies.fr\/?page_id=1125#breadcrumb","itemListElement":[{"@type":"ListItem","position":1,"name":"Home","item":"https:\/\/ensemble-paroissial-reynies.fr\/"},{"@type":"ListItem","position":2,"name":"Accueil","item":"https:\/\/ensemble-paroissial-reynies.fr\/"},{"@type":"ListItem","position":3,"name":"D\u00e9couvrir l&#8217;Ensemble Paroissial","item":"https:\/\/ensemble-paroissial-reynies.fr\/?page_id=535"},{"@type":"ListItem","position":4,"name":"Nos \u00c9glises et Chapelles","item":"https:\/\/ensemble-paroissial-reynies.fr\/?page_id=2"},{"@type":"ListItem","position":5,"name":"Bressols &#8211; \u00c9glise Notre-Dame de la nativit\u00e9","item":"https:\/\/ensemble-paroissial-reynies.fr\/?page_id=973"},{"@type":"ListItem","position":6,"name":"Historique \u00e9glise Notre-Dame de la Nativit\u00e9"}]},{"@type":"WebSite","@id":"https:\/\/ensemble-paroissial-reynies.fr\/#website","url":"https:\/\/ensemble-paroissial-reynies.fr\/","name":"Ensemble paroissial de Reyni\u00e8s","description":"","publisher":{"@id":"https:\/\/ensemble-paroissial-reynies.fr\/#organization"},"alternateName":"EPReyni\u00e8s","potentialAction":[{"@type":"SearchAction","target":{"@type":"EntryPoint","urlTemplate":"https:\/\/ensemble-paroissial-reynies.fr\/?s={search_term_string}"},"query-input":{"@type":"PropertyValueSpecification","valueRequired":true,"valueName":"search_term_string"}}],"inLanguage":"fr-FR"},{"@type":"Organization","@id":"https:\/\/ensemble-paroissial-reynies.fr\/#organization","name":"Ensemble paroissial de Reyni\u00e8s","alternateName":"EPReyni\u00e8s","url":"https:\/\/ensemble-paroissial-reynies.fr\/","logo":{"@type":"ImageObject","inLanguage":"fr-FR","@id":"https:\/\/ensemble-paroissial-reynies.fr\/#\/schema\/logo\/image\/","url":"https:\/\/ensemble-paroissial-reynies.fr\/wp-content\/uploads\/paroisse\/nouveau-logo-catechisme-paroisse-07-2023.jpg","contentUrl":"https:\/\/ensemble-paroissial-reynies.fr\/wp-content\/uploads\/paroisse\/nouveau-logo-catechisme-paroisse-07-2023.jpg","width":666,"height":698,"caption":"Ensemble paroissial de Reyni\u00e8s"},"image":{"@id":"https:\/\/ensemble-paroissial-reynies.fr\/#\/schema\/logo\/image\/"}}]}},"featured_image_src":null,"featured_image_src_square":null,"_links":{"self":[{"href":"https:\/\/ensemble-paroissial-reynies.fr\/index.php?rest_route=\/wp\/v2\/pages\/1125","targetHints":{"allow":["GET"]}}],"collection":[{"href":"https:\/\/ensemble-paroissial-reynies.fr\/index.php?rest_route=\/wp\/v2\/pages"}],"about":[{"href":"https:\/\/ensemble-paroissial-reynies.fr\/index.php?rest_route=\/wp\/v2\/types\/page"}],"author":[{"embeddable":true,"href":"https:\/\/ensemble-paroissial-reynies.fr\/index.php?rest_route=\/wp\/v2\/users\/1"}],"replies":[{"embeddable":true,"href":"https:\/\/ensemble-paroissial-reynies.fr\/index.php?rest_route=%2Fwp%2Fv2%2Fcomments&post=1125"}],"version-history":[{"count":0,"href":"https:\/\/ensemble-paroissial-reynies.fr\/index.php?rest_route=\/wp\/v2\/pages\/1125\/revisions"}],"up":[{"embeddable":true,"href":"https:\/\/ensemble-paroissial-reynies.fr\/index.php?rest_route=\/wp\/v2\/pages\/973"}],"wp:attachment":[{"href":"https:\/\/ensemble-paroissial-reynies.fr\/index.php?rest_route=%2Fwp%2Fv2%2Fmedia&parent=1125"}],"curies":[{"name":"wp","href":"https:\/\/api.w.org\/{rel}","templated":true}]}}